{"id":2135,"date":"2022-05-02T17:16:29","date_gmt":"2022-05-02T17:16:29","guid":{"rendered":"https:\/\/blogs.uned.es\/spa\/?page_id=2135"},"modified":"2026-02-26T10:47:20","modified_gmt":"2026-02-26T10:47:20","slug":"historia","status":"publish","type":"page","link":"https:\/\/blogs.uned.es\/spa\/historia\/","title":{"rendered":"Historia"},"content":{"rendered":"[et_pb_section fb_built=\u00bb1&#8243; admin_label=\u00bbAbout Hero\u00bb _builder_version=\u00bb4.4.2&#8243; background_color=\u00bb#00533e\u00bb use_background_color_gradient=\u00bbon\u00bb background_color_gradient_start=\u00bbrgba(0,0,0,0)\u00bb background_color_gradient_end=\u00bb#00533e\u00bb background_color_gradient_direction=\u00bb90deg\u00bb background_color_gradient_start_position=\u00bb30%\u00bb background_color_gradient_overlays_image=\u00bbon\u00bb background_image=\u00bbhttps:\/\/blogs.uned.es\/spa\/wp-content\/uploads\/sites\/139\/2022\/05\/spa-bg.jpg\u00bb custom_padding=\u00bb100px|0px|100px|0px\u00bb animation_style=\u00bbslide\u00bb animation_direction=\u00bbtop\u00bb animation_intensity_slide=\u00bb2%\u00bb locked=\u00bboff\u00bb][et_pb_row column_structure=\u00bb1_2,1_2&#8243; _builder_version=\u00bb3.25&#8243; background_size=\u00bbinitial\u00bb background_position=\u00bbtop_left\u00bb background_repeat=\u00bbrepeat\u00bb custom_margin=\u00bb|||\u00bb custom_width_px=\u00bb1280px\u00bb][et_pb_column type=\u00bb1_2&#8243; _builder_version=\u00bb3.25&#8243; custom_padding=\u00bb|||\u00bb custom_padding__hover=\u00bb|||\u00bb][\/et_pb_column][et_pb_column type=\u00bb1_2&#8243; _builder_version=\u00bb3.25&#8243; custom_padding=\u00bb|||\u00bb custom_padding__hover=\u00bb|||\u00bb][et_pb_text admin_label=\u00bbTexto\u00bb _builder_version=\u00bb4.4.2&#8243; text_text_color=\u00bb#ffffff\u00bb header_text_color=\u00bb#ffffff\u00bb]\n<h1 style=\"text-align: right\">Qui\u00e9nes Somos<\/h1>\n[\/et_pb_text][\/et_pb_column][\/et_pb_row][\/et_pb_section][et_pb_section fb_built=\u00bb1&#8243; admin_label=\u00bbSnippet\u00bb _builder_version=\u00bb3.22&#8243; custom_padding=\u00bb100px|0px|100px|0px\u00bb][et_pb_row column_structure=\u00bb1_2,1_2&#8243; admin_label=\u00bbOnline Learning\u00bb _builder_version=\u00bb3.25&#8243; background_size=\u00bbinitial\u00bb background_position=\u00bbtop_left\u00bb background_repeat=\u00bbrepeat\u00bb custom_padding=\u00bb90px|0px|90px|0px\u00bb][et_pb_column type=\u00bb1_2&#8243; _builder_version=\u00bb3.25&#8243; custom_padding=\u00bb|||\u00bb custom_padding__hover=\u00bb|||\u00bb][et_pb_image src=\u00bbhttps:\/\/blogs.uned.es\/spa\/wp-content\/uploads\/sites\/139\/2022\/05\/6487.png\u00bb align_tablet=\u00bbcenter\u00bb align_phone=\u00bb\u00bb align_last_edited=\u00bbon|desktop\u00bb _builder_version=\u00bb4.4.2&#8243; max_width=\u00bb90%\u00bb module_alignment=\u00bbcenter\u00bb animation_style=\u00bbzoom\u00bb animation_direction=\u00bbright\u00bb animation_delay=\u00bb100ms\u00bb animation_intensity_zoom=\u00bb20%\u00bb][\/et_pb_image][\/et_pb_column][et_pb_column type=\u00bb1_2&#8243; _builder_version=\u00bb3.25&#8243; custom_padding=\u00bb|||\u00bb custom_padding__hover=\u00bb|||\u00bb][et_pb_divider color=\u00bb#09e1c0&#8243; divider_weight=\u00bb4px\u00bb disabled_on=\u00bbon|on|off\u00bb _builder_version=\u00bb3.19.3&#8243; background_size=\u00bbinitial\u00bb background_position=\u00bbtop_left\u00bb background_repeat=\u00bbrepeat\u00bb max_width=\u00bb40px\u00bb module_alignment=\u00bbleft\u00bb custom_margin=\u00bb||10px|\u00bb animation_style=\u00bbzoom\u00bb animation_direction=\u00bbleft\u00bb saved_tabs=\u00bball\u00bb locked=\u00bboff\u00bb][\/et_pb_divider][et_pb_text _builder_version=\u00bb4.4.2&#8243; text_text_color=\u00bb#000000&#8243; text_font_size=\u00bb16px\u00bb text_line_height=\u00bb1.9em\u00bb header_font=\u00bb||||||||\u00bb header_4_font=\u00bb|700|||||||\u00bb header_4_font_size=\u00bb16px\u00bb header_4_line_height=\u00bb1.9em\u00bb animation_style=\u00bbzoom\u00bb animation_intensity_zoom=\u00bb6%\u00bb locked=\u00bboff\u00bb]\n<p>\u00a0El Servicio de Psicolog\u00eda Aplicada de la Facultad de Psicolog\u00eda, perteneciente a la Universidad Nacional de Educaci\u00f3n a Distancia (UNED) est\u00e1 integrado por psic\u00f3logos sanitarios y cl\u00ednicos, por profesores de la Facultad de Psicolog\u00eda y por un equipo administrativo de apoyo.<\/p>\n[\/et_pb_text][\/et_pb_column][\/et_pb_row][\/et_pb_section][et_pb_section fb_built=\u00bb1&#8243; admin_label=\u00bbOrganigrama\u00bb module_id=\u00bborganigrama\u00bb _builder_version=\u00bb4.4.2&#8243; use_background_color_gradient=\u00bbon\u00bb background_color_gradient_start=\u00bb#427562&#8243; background_color_gradient_end=\u00bb#00533e\u00bb background_enable_image=\u00bboff\u00bb background_blend=\u00bboverlay\u00bb custom_padding=\u00bb100px|0px|100px|0px\u00bb][et_pb_row column_structure=\u00bb1_2,1_2&#8243; admin_label=\u00bbFila\u00bb _builder_version=\u00bb3.25&#8243; animation_style=\u00bbzoom\u00bb animation_direction=\u00bbbottom\u00bb animation_intensity_zoom=\u00bb6%\u00bb][et_pb_column type=\u00bb1_2&#8243; _builder_version=\u00bb3.25&#8243; custom_padding=\u00bb|||\u00bb custom_padding__hover=\u00bb|||\u00bb][et_pb_image src=\u00bbhttps:\/\/blogs.uned.es\/spa\/wp-content\/uploads\/sites\/139\/2022\/05\/64636-Convertido.png\u00bb align_tablet=\u00bbcenter\u00bb align_phone=\u00bb\u00bb align_last_edited=\u00bbon|desktop\u00bb _builder_version=\u00bb4.4.2&#8243; max_width=\u00bb90%\u00bb module_alignment=\u00bbcenter\u00bb animation_style=\u00bbzoom\u00bb animation_direction=\u00bbleft\u00bb animation_delay=\u00bb100ms\u00bb animation_intensity_zoom=\u00bb20%\u00bb][\/et_pb_image][\/et_pb_column][et_pb_column type=\u00bb1_2&#8243; _builder_version=\u00bb3.25&#8243; custom_padding=\u00bb60px|||\u00bb custom_padding__hover=\u00bb|||\u00bb][et_pb_text admin_label=\u00bbTexto\u00bb _builder_version=\u00bb4.4.2&#8243; text_font=\u00bb||||||||\u00bb header_font=\u00bb||||||||\u00bb header_2_font=\u00bb|700|||||||\u00bb header_2_font_size=\u00bb36px\u00bb header_2_line_height=\u00bb1.3em\u00bb background_size=\u00bbinitial\u00bb background_position=\u00bbtop_left\u00bb background_repeat=\u00bbrepeat\u00bb custom_margin=\u00bb||20px|\u00bb animation_style=\u00bbslide\u00bb animation_direction=\u00bbbottom\u00bb animation_intensity_slide=\u00bb10%\u00bb locked=\u00bboff\u00bb header_font_size__hover=\u00bb30px\u00bb header_font_size__hover_enabled=\u00bb30px\u00bb header_letter_spacing__hover=\u00bb0px\u00bb header_letter_spacing__hover_enabled=\u00bb0px\u00bb header_text_shadow_style__hover=\u00bbnone\u00bb header_text_shadow_style__hover_enabled=\u00bbnone\u00bb header_text_shadow_color__hover=\u00bbrgba(0,0,0,0.4)\u00bb header_text_shadow_color__hover_enabled=\u00bbrgba(0,0,0,0.4)\u00bb]\n<h2 style=\"text-align: left\">Conoce el equipo<\/h2>\n[\/et_pb_text][et_pb_divider color=\u00bb#09e1c0&#8243; divider_weight=\u00bb4px\u00bb disabled_on=\u00bbon|on|off\u00bb _builder_version=\u00bb3.2&#8243; background_size=\u00bbinitial\u00bb background_position=\u00bbtop_left\u00bb background_repeat=\u00bbrepeat\u00bb max_width=\u00bb40px\u00bb module_alignment=\u00bbleft\u00bb custom_margin=\u00bb||10px|\u00bb animation_style=\u00bbzoom\u00bb animation_direction=\u00bbleft\u00bb saved_tabs=\u00bball\u00bb locked=\u00bboff\u00bb][\/et_pb_divider][et_pb_text admin_label=\u00bbTexto\u00bb _builder_version=\u00bb4.4.2&#8243; text_text_color=\u00bb#d4ccff\u00bb text_font_size=\u00bb16px\u00bb text_line_height=\u00bb1.9em\u00bb animation_style=\u00bbzoom\u00bb animation_direction=\u00bbleft\u00bb animation_intensity_zoom=\u00bb6%\u00bb hover_enabled=\u00bb0&#8243; locked=\u00bboff\u00bb]\n<p style=\"text-align: left\"><span style=\"color: #ffffff\">Directora: <a style=\"color: #ffffff\" href=\"https:\/\/portal.uned.es\/portal\/page?_pageid=93,695405&amp;_dad=portal&amp;_schema=PORTAL\">Purificaci\u00f3n Sierra Garc\u00eda<\/a><\/span><\/p>\n<p style=\"text-align: left\"><span style=\"color: #ffffff\">Coordinadora: <a style=\"color: #ffffff\" href=\"https:\/\/www.uned.es\/universidad\/docentes\/psicologia\/maria-del-carmen-diaz-mardomingo.html\">Mar\u00eda del Carmen D\u00edaz Mardomingo<\/a><\/span><\/p>\n<p><span style=\"color: #ffffff\">\u00a0<\/span><\/p>\n<ul>\n<li style=\"text-align: left\"><span style=\"color: #ffffff\">Formaci\u00f3n: <a style=\"color: #ffffff\" href=\"https:\/\/portal.uned.es\/portal\/page?_pageid=93,70904932&amp;_dad=portal&amp;_schema=PORTAL\">Sandra Veras Ribeiro<\/a><\/span><\/li>\n<li style=\"text-align: left\"><span style=\"color: #ffffff\">Supervisi\u00f3n: <a style=\"color: #ffffff\" href=\"https:\/\/www.uned.es\/universidad\/docentes\/psicologia\/luis-angel-saul-gutierrez.html\">Luis \u00c1ngel Sa\u00fal Guti\u00e9rrez<\/a><\/span><\/li>\n<li style=\"text-align: left\"><span style=\"color: #ffffff\">Investigaci\u00f3n: <a style=\"color: #ffffff\" href=\"https:\/\/portal.uned.es\/portal\/page?_pageid=93,696715&amp;_dad=portal&amp;_schema=PORTAL\">Pablo Holgado Tello<\/a><\/span><\/li>\n<li style=\"text-align: left\"><span style=\"color: #ffffff\">Transferencia de Servicios, Formaci\u00f3n y Resultados de Investigaci\u00f3n: <a style=\"color: #ffffff\" href=\"https:\/\/blogs.uned.es\/spapruebas\/historia\/portal.uned.es\/portal\/page?_pageid=93,705259&amp;_dad=portal&amp;_schema=PORTAL\">Purificaci\u00f3n Sierra Garc\u00eda<\/a><\/span><\/li>\n<li style=\"text-align: left\"><span style=\"color: #ffffff\">Innovaci\u00f3n y Tecnolog\u00eda: <a style=\"color: #ffffff\" href=\"https:\/\/portal.uned.es\/portal\/page?_pageid=93,706768&amp;_dad=portal&amp;_schema=PORTAL\">Marcela Paz Gonz\u00e1lez Brignardello<\/a><\/span><\/li>\n<\/ul>\n<ul style=\"text-align: left\">\n<li style=\"list-style-type: none\">\n<ul style=\"text-align: left\">Terapeutas<\/ul>\n<\/li>\n<\/ul>\n<ul style=\"text-align: left\">\n<li style=\"text-align: left\"><span style=\"color: #ffffff\">Alarc\u00f3n Ballesteros, Marina<\/span><\/li>\n<li style=\"text-align: left\"><span style=\"color: #ffffff\">Garc\u00eda Hern\u00e1ndez, Eva<br \/><\/span><\/li>\n<li style=\"text-align: left\"><span style=\"color: #ffffff\">Olea Tejero, Teresa<\/span><\/li>\n<li style=\"text-align: left\"><span style=\"color: #ffffff\">Pa\u00f1ero Herranz, Clara\u00a0<\/span><\/li>\n<li><span style=\"color: #ffffff\">Pfeiffer Ayala, Mar\u00eda<br \/><\/span><\/li>\n<li><span style=\"color: #ffffff\">Salazar Rodr\u00edguez, Ana Mar\u00eda<br \/><\/span><\/li>\n<li><span style=\"color: #ffffff\">Sussana Fern\u00e1ndez, Carmen Mar\u00eda<\/span><\/li>\n<li><span style=\"color: #ffffff\">Trives Miranda, Richard<br \/><\/span><br \/>\u00a0 Secretar\u00eda\n<\/li>\n<li><span style=\"color: #ffffff\">Mej\u00edas Rodr\u00edguez, Amelia<\/span><\/li>\n<\/ul>\n[\/et_pb_text][\/et_pb_column][\/et_pb_row][\/et_pb_section][et_pb_section fb_built=\u00bb1&#8243; admin_label=\u00bbHistoria\u00bb module_id=\u00bbhistoria\u00bb _builder_version=\u00bb4.4.2&#8243; custom_padding=\u00bb100px|0px|100px|0px\u00bb][et_pb_row _builder_version=\u00bb4.4.2&#8243;][et_pb_column type=\u00bb4_4&#8243; _builder_version=\u00bb4.4.2&#8243;][et_pb_text content_last_edited=\u00bboff|tablet\u00bb _builder_version=\u00bb4.4.2&#8243; text_text_color=\u00bb#000000&#8243; text_font_size=\u00bb16px\u00bb text_orientation=\u00bbjustified\u00bb width=\u00bb%22263%22&#8243; height=\u00bb%22300%22&#8243;]\n<div id=\"attachment_1279\" style=\"width: 310px\" class=\"wp-caption alignright\"><img loading=\"lazy\" decoding=\"async\" aria-describedby=\"caption-attachment-1279\" class=\"wp-image-1279 size-medium aligncenter\" src=\"https:\/\/blogs.uned.es\/spa\/wp-content\/uploads\/sites\/139\/2022\/05\/Miguel-A\u0301ngel-Vallejo-300x200-1.jpeg\" alt=\"\" width=\"300\" height=\"200\" \/><p id=\"caption-attachment-1279\" class=\"wp-caption-text\">Miguel A\u0301ngel Vallejo Pareja<\/p><\/div>\n<p>Durante el decanato de la profesora do\u00f1a Araceli Maci\u00e1 Ant\u00f3n, en el a\u00f1o 1998, nace el Servicio de Psicolog\u00eda Aplicada de la UNED, SPA, bajo la direcci\u00f3n del profesor don Miguel \u00c1ngel Vallejo Pareja, a quien le corresponde la tarea de arrancar y poner en marcha esta unidad con el objetivo de prestar atenci\u00f3n psicol\u00f3gica \u2013preferentemente\u2013 al personal de la universidad y a sus estudiantes, sin por ello excluir la prestaci\u00f3n de servicios a personas ajenas a la instituci\u00f3n. Las tareas fundamentales para dotar al servicio de un modo de funcionamiento basado en la formaci\u00f3n, la atenci\u00f3n profesional bajo supervisi\u00f3n constante y la gesti\u00f3n econ\u00f3mica y administrativa se debe al trabajo de su director, as\u00ed como de su coordinadora inicial, la profesora Blanca Mas, quienes formaron un equipo directivo que puso su energ\u00eda en la tarea de implementar una unidad asistencial que no ha dejado de crecer y madurar desde entonces, hace ya m\u00e1s de 20 a\u00f1os.<\/p>\n<div id=\"attachment_1277\" style=\"width: 248px\" class=\"wp-caption alignright\"><img loading=\"lazy\" decoding=\"async\" aria-describedby=\"caption-attachment-1277\" class=\"wp-image-1277 size-medium aligncenter\" src=\"https:\/\/blogs.uned.es\/spa\/wp-content\/uploads\/sites\/139\/2022\/05\/Mari\u0301a-Victoria-del-Barrio-Ga\u0301ndara-238x300-1.png\" alt=\"\" width=\"238\" height=\"300\" \/><p id=\"caption-attachment-1277\" class=\"wp-caption-text\">Mari\u0301a Victoria del Barrio Ga\u0301ndara<\/p><\/div>\n<blockquote>\n<p>Despu\u00e9s del per\u00edodo de creaci\u00f3n y puesta en marcha, en el a\u00f1o 2000 el SPA se encuentra ya en completo funcionamiento. En junio de ese mismo a\u00f1o, el profesor Vallejo deja la direcci\u00f3n del servicio siendo su nueva directora, a partir de septiembre de 2000, la profesora do\u00f1a Victoria del Barrio G\u00e1ndara quien forma equipo, con la coordinadora, junto con la profesora Mas hasta el 2002, a\u00f1o en el cual asume la coordinaci\u00f3n del SPA el profesor don Miguel \u00c1ngel Carrasco. Durante la direcci\u00f3n de la profesora del Barrio, desde ese a\u00f1o hasta el 2004, el SPA se fortalece y consolida una forma de funcionar como unidad formativo-asistencial. Cada a\u00f1o se adjudican 4 becas de duraci\u00f3n bianual para terapeutas, formando un conjunto de 8 profesionales que realizan el programa durante dos a\u00f1os. El programa formativo consiste en la pr\u00e1ctica de la psicolog\u00eda aplicada bajo la supervisi\u00f3n de un conjunto de diferentes profesionales con pericia en diferentes campos, muchos de ellos profesores de la UNED y otros profesionales externos. Cada a\u00f1o se reciben en el SPA, tambi\u00e9n alumnos en pr\u00e1cticas del \u00faltimo curso de la Licenciatura, quienes desarrollan tareas de apoyo a la labor cl\u00ednica. Durante esta etapa se implementan programas de atenci\u00f3n a problemas espec\u00edficos, como el grupo de ansiedad ante ex\u00e1menes, grupo de tabaco y grupo de habilidades sociales, intervenci\u00f3n en memoria para personas que sufren Alzheimer, atenci\u00f3n a estudiantes con discapacidad, entre otros; a la vez que se dota, cada vez de m\u00e1s recursos materiales espec\u00edficos. La forma de funcionar como unidad formativa asistencial se caracteriza por las reuniones cl\u00ednicas semanales, la supervisi\u00f3n de cada caso, y la participaci\u00f3n de terapeutas en sesiones formativas. La atenci\u00f3n se centra preferentemente en el \u00e1mbito cl\u00ednico-sanitario a partir de la demanda que los usuarios realizan al servicio. Se realiza una labor importante de divulgaci\u00f3n y transferencia de las actividades y los conocimientos del SPA a trav\u00e9s de radio y TV UNED, y medios nacionales, as\u00ed como en participaci\u00f3n en encuentros cient\u00edfico-profesionales.<\/p>\n<\/blockquote>\n<p>&nbsp;<\/p>\n<p>&nbsp;<\/p>\n<p>&nbsp;<\/p>\n<p>&nbsp;<\/p>\n<p>&nbsp;<\/p>\n<p>&nbsp;<\/p>\n<p>&nbsp;<\/p>\n<p>Durante el a\u00f1o 2001 se produce la creaci\u00f3n de la revista Acci\u00f3n Psicol\u00f3gica y lanzamiento de su primer n\u00famero. La revista seguir\u00e1 su funcionamiento de manera regular, publicando actualmente, dos n\u00fameros cada a\u00f1o. En la revista se publican trabajos, en un primer momento, de terapeutas y supervisores con tem\u00e1ticas relacionadas con la atenci\u00f3n cl\u00ednica del servicio y, posteriormente, va tomando mayor fuerza como publicaci\u00f3n de la actividad investigadora en psicolog\u00eda dentro del \u00e1mbito nacional e internacional. En la actualidad, la revista Acci\u00f3n Psicol\u00f3gica se encuentra indexada en diferentes bases de datos nacionales e internacionales.<\/p>\n<div id=\"attachment_1489\" style=\"width: 281px\" class=\"wp-caption alignright\"><img loading=\"lazy\" decoding=\"async\" aria-describedby=\"caption-attachment-1489\" class=\"wp-image-1489 size-medium\" src=\"https:\/\/blogs.uned.es\/spa\/wp-content\/uploads\/sites\/139\/2022\/05\/Jose\u0301-Luis-Martorell-271x300-1.jpg\" alt=\"\" width=\"271\" height=\"300\" \/><p id=\"caption-attachment-1489\" class=\"wp-caption-text\">Jos\u00e9 Luis Martorell Ypi\u00e9ns<\/p><\/div>\n<p>El 2004 asume la direcci\u00f3n el profesor don Jos\u00e9 Luis Martorell Ypi\u00e9ns quien, junto con el anterior coordinador, el profesor don Miguel \u00c1ngel Carrasco forman un equipo directivo que se mantendr\u00e1 a la cabeza del servicio hasta 2019. Durante este extenso per\u00edodo el SPA ampl\u00eda el nivel de convenios y colaboraciones, evidenciando papel del SPA en la extensi\u00f3n de sus servicios a la comunidad: Fundaci\u00f3n ALPE Acondroplasia, Asociaci\u00f3n Espa\u00f1ola de Medicina Psicosom\u00e1tica y Psicoterapia (SEMPyP), Asociaci\u00f3n Espa\u00f1ola contra el C\u00e1ncer (AECC), entre muchos otros.\u00a0 Durante este per\u00edodo de vida del SPA se produce uno de los hechos que conmocionan enormemente la vida en Espa\u00f1a: los atentados del 11M del a\u00f1o 2004. Frente a esta situaci\u00f3n, el SPA presta sus servicios a los organismos organizadores de las primeras atenciones y posteriormente se consolida una atenci\u00f3n m\u00e1s prolongada a trav\u00e9s de la creaci\u00f3n de un convenio con la asociaci\u00f3n de v\u00edctimas del terrorismo que garantiza una atenci\u00f3n especializada gratuita.<\/p>\n<p>&nbsp;<\/p>\n<p>&nbsp;<\/p>\n<p>&nbsp;<\/p>\n<p>En el a\u00f1o 2010 se lanza la primera p\u00e1gina web del SPA que permite dar visibilidad al servicio tanto desde dentro de la instituci\u00f3n como hacia el p\u00fablico en general.<\/p>\n<p>&nbsp;<\/p>\n<p>&nbsp;<\/p>\n<p>&nbsp;<\/p>\n<p>El a\u00f1o 2013 se realiza una auditor\u00eda legal y externa que resuelve positivamente acerca de los sistemas de informaci\u00f3n e instalaciones para el cumplimiento de la Ley Org\u00e1nica de Protecci\u00f3n de Datos 15\/1999.<\/p>\n<p>&nbsp;<\/p>\n<p>&nbsp;<\/p>\n<p>&nbsp;<\/p>\n<p>&nbsp;<\/p>\n<div id=\"attachment_1281\" style=\"width: 273px\" class=\"wp-caption alignright\"><img loading=\"lazy\" decoding=\"async\" aria-describedby=\"caption-attachment-1281\" class=\"wp-image-1281 size-medium aligncenter\" src=\"https:\/\/blogs.uned.es\/spa\/wp-content\/uploads\/sites\/139\/2022\/05\/Miguel-A\u0301ngel-Carrasco-263x300-1.jpeg\" alt=\"\" width=\"263\" height=\"300\" \/><p id=\"caption-attachment-1281\" class=\"wp-caption-text\">Miguel A\u0301ngel Carrasco Ortiz<\/p><\/div>\n<p>En noviembre de 2014 el SPA obtiene la autorizaci\u00f3n como Centro Sanitario. En un proceso de constante actualizaci\u00f3n a los requerimientos legales, en 2016 se implementan tambi\u00e9n los procedimientos adecuados para el cumplimiento de la Garant\u00eda del sistema de protecci\u00f3n de la infancia y adolescencia.<\/p>\n<p>&nbsp;<\/p>\n<p>&nbsp;<\/p>\n<p>&nbsp;<\/p>\n<p>&nbsp;<\/p>\n<p>&nbsp;<\/p>\n<p>&nbsp;<\/p>\n<p>&nbsp;<\/p>\n<p>En el 2015 se comienza a implementar el servicio online del SPA (e-SPA), una unidad de atenci\u00f3n online del SPA. Se desarrollan protocolos de atenci\u00f3n y verificaciones de sistemas de seguridad. Se desarrollan protocolos y estrategias de apoyo a la intervenci\u00f3n online de manera que cumplan con los requisitos de calidad y seguridad que corresponde a la atenci\u00f3n psicol\u00f3gica no presencial. Al mismo tiempo, se implementa una atenci\u00f3n web automatizada y autoguiada cuyo objetivo es ayudar a los estudiantes UNED, preferentemente, a superar la procrastinaci\u00f3n acad\u00e9mica. Esta unidad terminar\u00e1 dando forma a la actual unidad de innovaci\u00f3n y tecnolog\u00eda del SPA.<\/p>\n<p>&nbsp;<\/p>\n<p>&nbsp;<\/p>\n<p>&nbsp;<\/p>\n<p>Tambi\u00e9n se consolida en esta etapa una de las funciones formativas del SPA al integrar cada a\u00f1o alumnos en pr\u00e1cticas proveniente, inicialmente, del Grado en Psicolog\u00eda de la UNED y, comenzar el a\u00f1o 2015 incorporando tambi\u00e9n estudiantes del M\u00e1ster Universitario en Psicolog\u00eda General Sanitaria de la UNED.<\/p>\n<p>&nbsp;<\/p>\n<p>&nbsp;<\/p>\n<p>&nbsp;<\/p>\n<p>En el. 2019 asume la direcci\u00f3n del servicio el profesor don Miguel \u00c1ngel Carrasco quien, junto a la profesora do\u00f1a Purificaci\u00f3n Sierra como coordinadora, crean un equipo de trabajo al que le corresponde adaptar la atenci\u00f3n e implementar servicios especializados ante la pandemia debida al COVID-19 en el a\u00f1o 2020. Antes, incluso, de la declaraci\u00f3n del estado de excepci\u00f3n, el SPA comenz\u00f3 a elaborar materiales especializados para ayudar a la comunidad universitaria y a la comunidad en general, al afrontamiento adaptativo de esa situaci\u00f3n de emergencia; los cuales se pusieron a disposici\u00f3n de toda persona que lo necesitase, a trav\u00e9s de esta p\u00e1gina web. Posteriormente, se public\u00f3 un libro que recopil\u00f3 este material.<\/p>\n<p>&nbsp;<\/p>\n<p>&nbsp;<\/p>\n<p>&nbsp;<\/p>\n<p>En enero del 2024, la profesora do\u00f1a Purificaci\u00f3n Sierra Garc\u00eda asume la direcci\u00f3n del servicio y, junto con la profesora do\u00f1a Virginia Fern\u00e1ndez Fern\u00e1ndez como coordinadora, se encuentran al frente de esta unidad asistencia y formativa dependiente de la Facultad de Psicolog\u00eda.<\/p>\n<p>&nbsp;<\/p>\n<p>&nbsp;<\/p>\n[\/et_pb_text][\/et_pb_column][\/et_pb_row][\/et_pb_section]\n","protected":false},"excerpt":{"rendered":"<p>[et_pb_section fb_built=\u00bb1&#8243; admin_label=\u00bbAbout Hero\u00bb _builder_version=\u00bb4.4.2&#8243; background_color=\u00bb#00533e\u00bb use_background_color_gradient=\u00bbon\u00bb background_color_gradient_start=\u00bbrgba(0,0,0,0)\u00bb background_color_gradient_end=\u00bb#00533e\u00bb background_color_gradient_direction=\u00bb90deg\u00bb background_color_gradient_start_position=\u00bb30%\u00bb background_color_gradient_overlays_image=\u00bbon\u00bb background_image=\u00bbhttps:\/\/blogs.uned.es\/spa\/wp-content\/uploads\/sites\/139\/2022\/05\/spa-bg.jpg\u00bb custom_padding=\u00bb100px|0px|100px|0px\u00bb animation_style=\u00bbslide\u00bb animation_direction=\u00bbtop\u00bb animation_intensity_slide=\u00bb2%\u00bb locked=\u00bboff\u00bb][et_pb_row column_structure=\u00bb1_2,1_2&#8243; _builder_version=\u00bb3.25&#8243; background_size=\u00bbinitial\u00bb background_position=\u00bbtop_left\u00bb background_repeat=\u00bbrepeat\u00bb custom_margin=\u00bb|||\u00bb custom_width_px=\u00bb1280px\u00bb][et_pb_column type=\u00bb1_2&#8243; _builder_version=\u00bb3.25&#8243; custom_padding=\u00bb|||\u00bb custom_padding__hover=\u00bb|||\u00bb][\/et_pb_column][et_pb_column type=\u00bb1_2&#8243; _builder_version=\u00bb3.25&#8243; custom_padding=\u00bb|||\u00bb custom_padding__hover=\u00bb|||\u00bb][et_pb_text admin_label=\u00bbTexto\u00bb _builder_version=\u00bb4.4.2&#8243; text_text_color=\u00bb#ffffff\u00bb header_text_color=\u00bb#ffffff\u00bb] Qui\u00e9nes Somos [\/et_pb_text][\/et_pb_column][\/et_pb_row][\/et_pb_section][et_pb_section fb_built=\u00bb1&#8243; admin_label=\u00bbSnippet\u00bb _builder_version=\u00bb3.22&#8243; custom_padding=\u00bb100px|0px|100px|0px\u00bb][et_pb_row column_structure=\u00bb1_2,1_2&#8243; admin_label=\u00bbOnline Learning\u00bb _builder_version=\u00bb3.25&#8243; background_size=\u00bbinitial\u00bb background_position=\u00bbtop_left\u00bb background_repeat=\u00bbrepeat\u00bb custom_padding=\u00bb90px|0px|90px|0px\u00bb][et_pb_column type=\u00bb1_2&#8243; _builder_version=\u00bb3.25&#8243; custom_padding=\u00bb|||\u00bb [&hellip;]<\/p>\n","protected":false},"author":7381,"featured_media":0,"parent":0,"menu_order":0,"comment_status":"closed","ping_status":"closed","template":"","meta":{"_et_pb_use_builder":"on","_et_pb_old_content":"","_et_gb_content_width":"","footnotes":""},"class_list":["post-2135","page","type-page","status-publish","hentry"],"_links":{"self":[{"href":"https:\/\/blogs.uned.es\/spa\/wp-json\/wp\/v2\/pages\/2135","targetHints":{"allow":["GET"]}}],"collection":[{"href":"https:\/\/blogs.uned.es\/spa\/wp-json\/wp\/v2\/pages"}],"about":[{"href":"https:\/\/blogs.uned.es\/spa\/wp-json\/wp\/v2\/types\/page"}],"author":[{"embeddable":true,"href":"https:\/\/blogs.uned.es\/spa\/wp-json\/wp\/v2\/users\/7381"}],"replies":[{"embeddable":true,"href":"https:\/\/blogs.uned.es\/spa\/wp-json\/wp\/v2\/comments?post=2135"}],"version-history":[{"count":29,"href":"https:\/\/blogs.uned.es\/spa\/wp-json\/wp\/v2\/pages\/2135\/revisions"}],"predecessor-version":[{"id":4465,"href":"https:\/\/blogs.uned.es\/spa\/wp-json\/wp\/v2\/pages\/2135\/revisions\/4465"}],"wp:attachment":[{"href":"https:\/\/blogs.uned.es\/spa\/wp-json\/wp\/v2\/media?parent=2135"}],"curies":[{"name":"wp","href":"https:\/\/api.w.org\/{rel}","templated":true}]}}