{"id":5613,"date":"2023-07-20T06:54:51","date_gmt":"2023-07-20T06:54:51","guid":{"rendered":"https:\/\/blogs.uned.es\/salidasprofesionales\/?page_id=5613"},"modified":"2023-07-20T06:54:51","modified_gmt":"2023-07-20T06:54:51","slug":"opciones-formativas-vinculadas-al-titulo","status":"publish","type":"page","link":"https:\/\/blogs.uned.es\/salidasprofesionales\/grados\/ciencias-sociales-y-juridicas\/grado-en-educacion-infantil\/opciones-formativas-vinculadas-al-titulo\/","title":{"rendered":"Opciones formativas vinculadas al t\u00edtulo"},"content":{"rendered":"<div class=\"wp-block-image\">\n<figure class=\"alignright size-full\"><img fetchpriority=\"high\" decoding=\"async\" width=\"294\" height=\"180\" src=\"https:\/\/blogs.uned.es\/salidasprofesionales\/wp-content\/uploads\/sites\/165\/2023\/07\/formacion-1.jpg\" alt=\"\" class=\"wp-image-5615\" \/><\/figure>\n<\/div>\n\n\n<p>La Facultad de Educaci\u00f3n de la UNED ofrece M\u00e1ster Oficiales que siguen un plan de estudios aprobado por el Ministerio competente. Estos M\u00e1steres tienen entre 60 y 120 cr\u00e9ditos ECTS y la mayor parte de ellos pueden cursarse con orientaci\u00f3n laboral o bien investigadora.<\/p>\n\n\n\n<p>Pueden consultar en: <a href=\"https:\/\/www.uned.es\/universidad\/facultades\/educacion\/bienvenida\/estudios.html\">https:\/\/www.uned.es\/universidad\/facultades\/educacion\/bienvenida\/estudios.html<\/a><\/p>\n\n\n\n<p>Algunos de ellos, m\u00e1s vinculados al Grado en Educaci\u00f3n Infantil son:<\/p>\n\n\n\n<p><strong>M\u00c1STER UNIVERSITARIO EN ESTRATEGIAS Y TECNOLOG\u00cdAS PARA LA FUNCI\u00d3N DOCENTE EN LA SOCIEDAD MULTICULTURAL<\/strong><\/p>\n\n\n\n<p>El M\u00e1ster ESTRATIC se enmarca en los t\u00edtulos oficiales de m\u00e1ster de investigaci\u00f3n del EEES. Abarca&nbsp;dos \u00e1mbitos:&nbsp;(1) Formaci\u00f3n del profesorado en la sociedad multicultural y (2)&nbsp;Estrategias y tecnolog\u00edas para la educaci\u00f3n y el conocimiento.<\/p>\n\n\n\n<ul class=\"wp-block-list\">\n<li><strong>Formaci\u00f3n del profesorado en la sociedad multicultural<\/strong><strong><\/strong><\/li>\n<\/ul>\n\n\n\n<p>Se centra en la importancia de la formaci\u00f3n especializada del profesorado y de los profesionales de la educaci\u00f3n en la funci\u00f3n docente-did\u00e1ctica en una sociedad multicultural. Se ha aprovechado e integrado la experiencia de un conjunto de cursos de doctorado que se han impartido en el Departamento de Did\u00e1ctica. Estos cursos han tenido una gran aceptaci\u00f3n de estudiantes, de tal manera que el Departamento de Did\u00e1ctica ha tenido el mayor n\u00famero de solicitudes para participar en los cursos que ahora se ofertan en este M\u00e1ster. Nuestro M\u00e1ster recoge esta experiencia y las l\u00edneas actuales de investigaci\u00f3n, que han fructificado en numerosas tesis doctorales.<\/p>\n\n\n\n<p>Algunas de las l\u00edneas de investigaci\u00f3n que se&nbsp;promueven est\u00e1n los Modelos, M\u00e9todos y Procesos de did\u00e1ctica general, Aplicaci\u00f3n de estrategias de Ense\u00f1anza-Aprendizaje, inteligencia emocional y gesti\u00f3n del conocimiento por parte del Profesional de la Educaci\u00f3n en entornos multiculturales.<\/p>\n\n\n\n<ul class=\"wp-block-list\">\n<li><strong>Estrategias y tecnolog\u00edas para la educaci\u00f3n y el conocimiento<\/strong><strong><\/strong><\/li>\n<\/ul>\n\n\n\n<p>Se centra en la importancia de la integraci\u00f3n de las Tecnolog\u00edas de la Informaci\u00f3n y la Comunicaci\u00f3n (TIC) en la formaci\u00f3n docente y de los profesionales de las instituciones educativas en el contexto de la sociedad del conocimiento. Entre las l\u00edneas de investigaci\u00f3n que se fomentan el dise\u00f1o, desarrollo y evaluaci\u00f3n de recursos tecnol\u00f3gicos que ofrezcan alternativas innovadoras para la mejora en la actividad docente e investigadora en entornos multiculturales.<\/p>\n\n\n\n<p><strong>M\u00c1STER UNIVERSITARIO EN INNOVACI\u00d3N E INVESTIGACI\u00d3N EN EDUCACI\u00d3N<\/strong><\/p>\n\n\n\n<p>El M\u00e1ster en Innovaci\u00f3n e Investigaci\u00f3n en Educaci\u00f3n ofrece a los estudiantes una visi\u00f3n panor\u00e1mica y comprensiva de los distintos m\u00e9todos para abordar el estudio de la realidad educativa. Asimismo, proporciona las competencias necesarias para realizar investigaciones educativas e implementar innovaciones que conduzcan a la mejora de la educaci\u00f3n. Los alumnos podr\u00e1n poner en pr\u00e1ctica sus conocimientos, seg\u00fan sus preferencias, eligiendo una de las l\u00edneas de investigaci\u00f3n de entre un completo conjunto de alternativas, sobre la que basar\u00e1n su Trabajo de Fin de M\u00e1ster.<\/p>\n\n\n\n<p>La orientaci\u00f3n fundamental del M\u00e1ster en I+Ie es proporcionar una formaci\u00f3n adecuada para el acceso a los estudios de tercer ciclo (Doctorado).<\/p>\n\n\n\n<p>Adem\u00e1s, se puede encontrar una amplia oferta formativa entre la ofertada a trav\u00e9s de la formaci\u00f3n permanente: <a href=\"https:\/\/formacionpermanente.uned.es\/\">https:\/\/formacionpermanente.uned.es\/<\/a><\/p>\n","protected":false},"excerpt":{"rendered":"<p>La Facultad de Educaci\u00f3n de la UNED ofrece M\u00e1ster Oficiales que siguen un plan de estudios aprobado por el Ministerio competente. Estos M\u00e1steres tienen entre 60 y 120 cr\u00e9ditos ECTS y la mayor parte de ellos pueden cursarse con orientaci\u00f3n laboral o bien investigadora. Pueden consultar en: https:\/\/www.uned.es\/universidad\/facultades\/educacion\/bienvenida\/estudios.html Algunos de ellos, m\u00e1s vinculados al Grado [&hellip;]<\/p>\n","protected":false},"author":5997,"featured_media":0,"parent":5585,"menu_order":0,"comment_status":"closed","ping_status":"closed","template":"","meta":{"footnotes":""},"class_list":["post-5613","page","type-page","status-publish","czr-hentry"],"_links":{"self":[{"href":"https:\/\/blogs.uned.es\/salidasprofesionales\/wp-json\/wp\/v2\/pages\/5613","targetHints":{"allow":["GET"]}}],"collection":[{"href":"https:\/\/blogs.uned.es\/salidasprofesionales\/wp-json\/wp\/v2\/pages"}],"about":[{"href":"https:\/\/blogs.uned.es\/salidasprofesionales\/wp-json\/wp\/v2\/types\/page"}],"author":[{"embeddable":true,"href":"https:\/\/blogs.uned.es\/salidasprofesionales\/wp-json\/wp\/v2\/users\/5997"}],"replies":[{"embeddable":true,"href":"https:\/\/blogs.uned.es\/salidasprofesionales\/wp-json\/wp\/v2\/comments?post=5613"}],"version-history":[{"count":1,"href":"https:\/\/blogs.uned.es\/salidasprofesionales\/wp-json\/wp\/v2\/pages\/5613\/revisions"}],"predecessor-version":[{"id":5617,"href":"https:\/\/blogs.uned.es\/salidasprofesionales\/wp-json\/wp\/v2\/pages\/5613\/revisions\/5617"}],"up":[{"embeddable":true,"href":"https:\/\/blogs.uned.es\/salidasprofesionales\/wp-json\/wp\/v2\/pages\/5585"}],"wp:attachment":[{"href":"https:\/\/blogs.uned.es\/salidasprofesionales\/wp-json\/wp\/v2\/media?parent=5613"}],"curies":[{"name":"wp","href":"https:\/\/api.w.org\/{rel}","templated":true}]}}