{"id":5203,"date":"2022-07-12T07:03:12","date_gmt":"2022-07-12T07:03:12","guid":{"rendered":"https:\/\/blogs.uned.es\/salidasprofesionales\/?page_id=5203"},"modified":"2022-07-12T07:03:13","modified_gmt":"2022-07-12T07:03:13","slug":"perspectivas-laborales","status":"publish","type":"page","link":"https:\/\/blogs.uned.es\/salidasprofesionales\/grados\/ciencias-de-la-salud\/grado-en-psicologia\/perspectivas-laborales\/","title":{"rendered":"Perspectivas Laborales"},"content":{"rendered":"\n<div class=\"wp-block-image\"><figure class=\"aligncenter size-full\"><img fetchpriority=\"high\" decoding=\"async\" width=\"343\" height=\"172\" src=\"https:\/\/blogs.uned.es\/salidasprofesionales\/wp-content\/uploads\/sites\/165\/2022\/07\/Perspectivas-laborales.jpg\" alt=\"\" class=\"wp-image-5205\" srcset=\"https:\/\/blogs.uned.es\/salidasprofesionales\/wp-content\/uploads\/sites\/165\/2022\/07\/Perspectivas-laborales.jpg 343w, https:\/\/blogs.uned.es\/salidasprofesionales\/wp-content\/uploads\/sites\/165\/2022\/07\/Perspectivas-laborales-300x150.jpg 300w\" sizes=\"(max-width: 343px) 100vw, 343px\" \/><figcaption>http:\/\/noticias.universia.es\/en-portada\/reportaje\/2019\/04\/08\/1164584\/4\/especial-orientacion-como-elegir-carrera-ideal\/perspectivas-laborales-deberia-tener-cuenta.html<\/figcaption><\/figure><\/div>\n\n\n\n<p>El profesional de la Psicolog\u00eda tiene un amplio campo de salidas profesionales y perspectivas laborales. Su \u00e1mbito de desarrollo profesional es muy extenso y variado. <\/p>\n\n\n\n<p>Desde la Psicolog\u00eda del Trabajo y las Organizaciones (a este respecto, recomendamos el siguiente <a href=\"https:\/\/canal.uned.es\/video\/5a6f8ddab1111fe57c8b4681\">programa de radio<\/a>), a la Psicolog\u00eda de la Intervenci\u00f3n Social, Jur\u00eddica y Forense, Deporte, Publicidad y M\u00e1rketing, Educativa o Cl\u00ednica, sin olvidar campos como la investigaci\u00f3n b\u00e1sica y aplicada en comportamiento animal y humano. Adem\u00e1s, cabe mencionar que, como consecuencia de la pandemia de COVID-19, la <a href=\"https:\/\/elpais.com\/extra\/elige-tu-carrera\/2022-06-19\/la-demanda-de-profesionales-de-la-salud-mental-se-potencia.html\">demanda<\/a> de profesionales de la salud mental no para de crecer. Esto tiene un reflejo en el paulatino ingreso de los profesionales de la Psicolog\u00eda en el sistema nacional de salud, tanto en la atenci\u00f3n hospitalaria, como, de manera algo m\u00e1s incipiente, en la atenci\u00f3n primaria. Como reflejo de la creciente demanda de graduados en Psicolog\u00eda cabe mencionar (aunque no es el caso de la UNED, en donde no existen las notas de corte) que, en las universidades presenciales, la nota de acceso al Grado en Psicolog\u00eda est\u00e1 experimentando un incremento generalizado, lo cual es reflejo de la creciente demanda de estos graduados.<\/p>\n","protected":false},"excerpt":{"rendered":"<p>El profesional de la Psicolog\u00eda tiene un amplio campo de salidas profesionales y perspectivas laborales. Su \u00e1mbito de desarrollo profesional es muy extenso y variado. Desde la Psicolog\u00eda del Trabajo y las Organizaciones (a este respecto, recomendamos el siguiente programa de radio), a la Psicolog\u00eda de la Intervenci\u00f3n Social, Jur\u00eddica y Forense, Deporte, Publicidad y [&hellip;]<\/p>\n","protected":false},"author":5997,"featured_media":0,"parent":175,"menu_order":0,"comment_status":"closed","ping_status":"closed","template":"","meta":{"footnotes":""},"class_list":["post-5203","page","type-page","status-publish","czr-hentry"],"_links":{"self":[{"href":"https:\/\/blogs.uned.es\/salidasprofesionales\/wp-json\/wp\/v2\/pages\/5203","targetHints":{"allow":["GET"]}}],"collection":[{"href":"https:\/\/blogs.uned.es\/salidasprofesionales\/wp-json\/wp\/v2\/pages"}],"about":[{"href":"https:\/\/blogs.uned.es\/salidasprofesionales\/wp-json\/wp\/v2\/types\/page"}],"author":[{"embeddable":true,"href":"https:\/\/blogs.uned.es\/salidasprofesionales\/wp-json\/wp\/v2\/users\/5997"}],"replies":[{"embeddable":true,"href":"https:\/\/blogs.uned.es\/salidasprofesionales\/wp-json\/wp\/v2\/comments?post=5203"}],"version-history":[{"count":2,"href":"https:\/\/blogs.uned.es\/salidasprofesionales\/wp-json\/wp\/v2\/pages\/5203\/revisions"}],"predecessor-version":[{"id":5209,"href":"https:\/\/blogs.uned.es\/salidasprofesionales\/wp-json\/wp\/v2\/pages\/5203\/revisions\/5209"}],"up":[{"embeddable":true,"href":"https:\/\/blogs.uned.es\/salidasprofesionales\/wp-json\/wp\/v2\/pages\/175"}],"wp:attachment":[{"href":"https:\/\/blogs.uned.es\/salidasprofesionales\/wp-json\/wp\/v2\/media?parent=5203"}],"curies":[{"name":"wp","href":"https:\/\/api.w.org\/{rel}","templated":true}]}}