{"id":4717,"date":"2021-06-29T18:01:35","date_gmt":"2021-06-29T18:01:35","guid":{"rendered":"https:\/\/blogs.uned.es\/salidasprofesionales\/?page_id=4717"},"modified":"2024-12-09T12:21:35","modified_gmt":"2024-12-09T12:21:35","slug":"empresas-organizaciones-y-portales-especificos-de-empleo","status":"publish","type":"page","link":"https:\/\/blogs.uned.es\/salidasprofesionales\/grado-en-estudios-ingleses-lengua-literatura-y-cultura\/empresas-organizaciones-y-portales-especificos-de-empleo\/","title":{"rendered":"Empresas, organizaciones y portales espec\u00edficos de empleo"},"content":{"rendered":"<div class=\"wp-block-image\">\n<figure class=\"aligncenter size-large\"><img fetchpriority=\"high\" decoding=\"async\" width=\"268\" height=\"188\" src=\"https:\/\/blogs.uned.es\/salidasprofesionales\/wp-content\/uploads\/sites\/165\/2021\/06\/empresas.jpg\" alt=\"\" class=\"wp-image-4719\" \/><\/figure>\n<\/div>\n\n\n<ul class=\"wp-block-list\">\n<li>AGENCIA PARA EL EMPLEO DE MADRID: <a href=\"https:\/\/www.madrid.es\/UnidadesDescentralizadas\/AgenciaParaElEmpleo\/Noticias%20y%20publicaciones\/ViajeEmpleo\/Documentos%20Maletas\/Maleta%202%20Viaje%20al%20Empleo-en%20proceso.pdf\">Maleta 2 Viaje al Empleo-en proceso.pdf (madrid.es)<\/a><\/li>\n\n\n\n<li>FUNDACI\u00d3N TELEF\u00d3NICA: <a href=\"https:\/\/mapadelempleo.fundaciontelefonica.com\/\">Descubre las novedades de empleo | Fundaci\u00f3n Telef\u00f3nica (fundaciontelefonica.com)<\/a><\/li>\n\n\n\n<li>BECAS: <a href=\"https:\/\/www.aecid.es\/ES\/becas-y-lectorados\">Portal Web AECID Becas Cooperaci\u00f3n Espa\u00f1ola MAEC-AECID<\/a><\/li>\n\n\n\n<li>\u00a0SEPE: <a href=\"https:\/\/www.sepe.es\/HomeSepe\/que-es-el-sepe\/que-es-observatorio\/informacion-titulaciones.html\">Informaci\u00f3n mensual\/anual de mercado de trabajo de personas tituladas | Servicio P\u00fablico de Empleo Estatal (sepe.es)<\/a><\/li>\n<\/ul>\n\n\n\n<p>EDUCACI\u00d3N:&nbsp; <a href=\"https:\/\/www.educacionyfp.gob.es\/en\/servicios-al-ciudadano\/catalogo\/empleo-publico\/oposiciones-y-ofertas-empleo-temporal\/ofertas-empleo-fijo\/funcionarios-docentes\/oposiciones-ministerio-profesores-secundaria.html\">Procedimientos selectivos para el ingreso a los cuerpos de funcionarios docentes que imparten ense\u00f1anza no universitaria, a excepci\u00f3n del Cuerpo de Maestros, para plazas del \u00e1mbito territorial del Ministerio | Ministerio de Educaci\u00f3n y Formaci\u00f3n Profesional (educacionyfp.gob.es)<\/a><strong><\/strong><\/p>\n\n\n\n<p>EMPRESAS DE COMUNICACI\u00d3N, LIBRER\u00cdAS, PRODUCTORAS<\/p>\n\n\n\n<div class=\"wp-block-group\"><div class=\"wp-block-group__inner-container is-layout-constrained wp-block-group-is-layout-constrained\">\n<div class=\"wp-block-group is-vertical is-layout-flex wp-container-core-group-is-layout-8cf370e7 wp-block-group-is-layout-flex\">\n<p>Alfaguara: <a href=\"https:\/\/www.penguinlibros.com\/es\/contactenos\" target=\"_blank\" rel=\"noreferrer noopener\">https:\/\/www.penguinlibros.com\/es\/contactenos<\/a>\u00a0<\/p>\n\n\n\n<p>Penguin Random House: <a href=\"https:\/\/www.penguinrandomhousegrupoeditorial.com\/unete-nuestro-equipo\/espana\/\" target=\"_blank\" rel=\"noreferrer noopener\">https:\/\/www.penguinrandomhousegrupoeditorial.com\/unete-nuestro-equipo\/espana\/<\/a>&nbsp;<\/p>\n\n\n\n<p>Grupo Planeta: <a href=\"https:\/\/jobs.planeta.es\/\" target=\"_blank\" rel=\"noreferrer noopener\">https:\/\/jobs.planeta.es\/<\/a>&nbsp;<\/p>\n\n\n\n<p>Casa del Libro: <a href=\"https:\/\/www.casadellibro.com\/nosotros\/trabajaNosotros\" target=\"_blank\" rel=\"noreferrer noopener\">https:\/\/www.casadellibro.com\/nosotros\/trabajaNosotros<\/a>&nbsp;<\/p>\n\n\n\n<p>Librerias La Central: <a href=\"https:\/\/www.lacentral.com\/contacto\/\" target=\"_blank\" rel=\"noreferrer noopener\">https:\/\/www.lacentral.com\/contacto\/<\/a>&nbsp;<\/p>\n\n\n\n<p>Transperfect: <a href=\"https:\/\/www.transperfect.com\/es\/about\/careers\" target=\"_blank\" rel=\"noreferrer noopener\">https:\/\/www.transperfect.com\/es\/about\/careers<\/a>&nbsp;<\/p>\n\n\n\n<p>UNESCO: <a href=\"https:\/\/careers.unesco.org\/go\/All-jobs-openings\/782502\/\" target=\"_blank\" rel=\"noreferrer noopener\">https:\/\/careers.unesco.org\/go\/All-jobs-openings\/782502\/<\/a>&nbsp;<\/p>\n\n\n\n<p>La f\u00e1brica de la Tele: <a href=\"https:\/\/lafabricadelatele.com\/trabaja-con-nosotros\/\" target=\"_blank\" rel=\"noreferrer noopener\">https:\/\/lafabricadelatele.com\/trabaja-con-nosotros\/<\/a>&nbsp;<\/p>\n\n\n\n<p>Cuarzo: <a href=\"https:\/\/www.cuarzotv.com\/es\/contacto\/\" target=\"_blank\" rel=\"noreferrer noopener\">https:\/\/www.cuarzotv.com\/es\/contacto\/<\/a>&nbsp;<\/p>\n\n\n\n<p>Warner Media: <a href=\"https:\/\/careers.wbd.com\/es\/es\/jointalentcommunity\" target=\"_blank\" rel=\"noreferrer noopener\">https:\/\/careers.wbd.com\/es\/es\/jointalentcommunity<\/a>&nbsp;<\/p>\n\n\n\n<p>Mandarina Productora: <a href=\"https:\/\/mandarina.com\/#\/contacto\" target=\"_blank\" rel=\"noreferrer noopener\">https:\/\/mandarina.com\/#\/contacto<\/a>&nbsp;<\/p>\n<\/div>\n<\/div><\/div>\n\n\n\n<p><\/p>\n\n\n\n<ul class=\"wp-block-list\">\n<li><\/li>\n<\/ul>\n\n\n\n<p><strong><em>Portales de empleo<\/em><\/strong><\/p>\n\n\n\n<p><strong>1-. Para profesionales de la ense\u00f1anza:<\/strong><\/p>\n\n\n\n<ul class=\"wp-block-list\">\n<li><a href=\"https:\/\/colegios.es\/empleoprofesores\/\" target=\"_blank\" rel=\"noreferrer noopener\">https:\/\/colegios.es\/empleoprofesores\/<\/a><\/li>\n\n\n\n<li><a href=\"http:\/\/www.educajob.com\/\" target=\"_blank\" rel=\"noreferrer noopener\">http:\/\/www.educajob.com<\/a>&nbsp;(Ofertas en educaci\u00f3n)<\/li>\n\n\n\n<li><a href=\"http:\/\/www.educaweb.com\/\" target=\"_blank\" rel=\"noreferrer noopener\">http:\/\/www.educaweb.com<\/a><\/li>\n\n\n\n<li><a href=\"http:\/\/www.colejobs.es\/\" target=\"_blank\" rel=\"noreferrer noopener\">http:\/\/www.colejobs.es<\/a>\u00a0(Ofertas de empleo educaci\u00f3n)<\/li>\n\n\n\n<li><a href=\"http:\/\/www.enclase.es\/empleo\/\" target=\"_blank\" rel=\"noreferrer noopener\">http:\/\/www.enclase.es<\/a><\/li>\n\n\n\n<li><a href=\"http:\/\/www.tusclasesparticulares.com\/\" target=\"_blank\" rel=\"noreferrer noopener\">http:\/\/www.tusclasesparticulares.com<\/a>&nbsp;(Portal para anunciarte y dar clases particulares, academias etc)<\/li>\n\n\n\n<li><a href=\"http:\/\/www.waece.org\/index.php\" target=\"_blank\" rel=\"noreferrer noopener\">http:\/\/www.waece.org<\/a>&nbsp;(Asosciaci\u00f3nmundial de educadores infantiles, con recursos muy variados)<\/li>\n\n\n\n<li><a href=\"http:\/\/www.fe.ccoo.es\/\" target=\"_blank\" rel=\"noreferrer noopener\">http:\/\/www.fe.ccoo.es<\/a>&nbsp; y Ense\u00f1anza Extremadura<\/li>\n\n\n\n<li><a href=\"http:\/\/www.stes.es\/\" target=\"_blank\" rel=\"noreferrer noopener\">http:\/\/www.stes.es<\/a>&nbsp;&nbsp;<a href=\"http:\/\/bolsasdocentes.wordpress.com\/\" target=\"_blank\" rel=\"noreferrer noopener\">http:\/\/bolsasdocentes.com<\/a><\/li>\n\n\n\n<li><a href=\"http:\/\/www.facebook.com\/didacta21\" target=\"_blank\" rel=\"noreferrer noopener\">http:\/\/www.facebook.com\/didacta21<\/a>&nbsp;(Noticias \u00e1mbito educacional)<\/li>\n\n\n\n<li><a href=\"https:\/\/x.com\/i\/flow\/login?redirect_after_login=%2FEducaSpain\" target=\"_blank\" rel=\"noreferrer noopener\">https:\/\/twitter.com\/EducaSpain<\/a>\u00a0(Informaci\u00f3n sobre becas, ayudas, ofertas de empleo, pr\u00e1cticas)<\/li>\n\n\n\n<li><a href=\"http:\/\/colegios.es\/\" target=\"_blank\" rel=\"noreferrer noopener\">http:\/\/colegios.es&nbsp;<\/a>(Directorio de centros educativos y servicios de empleo)<\/li>\n\n\n\n<li><a href=\"http:\/\/www.infoclases.es\/\" target=\"_blank\" rel=\"noreferrer noopener\">http:\/\/www.infoclases.es<\/a>&nbsp;(Trabjar dando clases particulares)<\/li>\n\n\n\n<li><a href=\"http:\/\/www.educador.eu\/\" target=\"_blank\" rel=\"noreferrer noopener\">http:\/\/www.educador.eu<\/a><\/li>\n\n\n\n<li><a href=\"http:\/\/www.rededuca.net\/\" target=\"_blank\" rel=\"noreferrer noopener\">http:\/\/www.rededuca.net<\/a><\/li>\n\n\n\n<li><a href=\"http:\/\/www.campuseducacion.com\/oposiciones\/category\/noticias\/bolsas-de-trabajo\/\" target=\"_blank\" rel=\"noreferrer noopener\">http:\/\/www.campuseducacion.com<\/a><\/li>\n\n\n\n<li><\/li>\n<\/ul>\n\n\n\n<p><strong>2-. Para profesionales de la cultura:<\/strong><\/p>\n\n\n\n<ul class=\"wp-block-list\">\n<li><a href=\"http:\/\/www.inqnable.es\/\">http:\/\/www.inqnable.es<\/a>&nbsp;Informaci\u00f3n sobre oposiciones para archiveros, bibliotecarios y documentalistas.<\/li>\n\n\n\n<li><a href=\"http:\/\/www.docuweb.es\/\" target=\"_blank\" rel=\"noreferrer noopener\">http:\/\/www.docuweb.es<\/a>\u00a0(Ofertas de empleo para documentalistas, archiveros etc) <\/li>\n\n\n\n<li><a href=\"http:\/\/eldocumentalistaudiovisual.wordpress.com\/2013\/03\/25\/documentalistas-en-redes-sociales-facebook\/\" target=\"_blank\" rel=\"noreferrer noopener\">http:\/\/eldocumentalistaudiovisual.wordpress.com<\/a><\/li>\n\n\n\n<li><a href=\"https:\/\/www.museologia.net\/\" target=\"_blank\" rel=\"noreferrer noopener\">http:\/\/www.museologia.net<\/a>&nbsp;(directorio de museos, formaci\u00f3n, noticias)<\/li>\n\n\n\n<li><a href=\"http:\/\/bibliojobs.net\/\" target=\"_blank\" rel=\"noreferrer noopener\">http:\/\/bibliojobs.net<\/a>&nbsp;(Portal de empleo en Informaci\u00f3n y Documentaci\u00f3n).<\/li>\n\n\n\n<li><a href=\"http:\/\/www.bibliopos.es\/\" target=\"_blank\" rel=\"noreferrer noopener\">http:\/\/www.bibliopos.es<\/a>&nbsp;(Informaci\u00f3n y recursos sobre biblioteconom\u00eda y documentaci\u00f3n)<\/li>\n\n\n\n<li><a href=\"http:\/\/canalbiblos.blogspot.com.es\/\" target=\"_blank\" rel=\"noreferrer noopener\">http:\/\/canalbiblos.es<\/a>&nbsp;(Blog con informaci\u00f3n Biblioteconom\u00eda y archivo)<\/li>\n\n\n\n<li><a href=\"http:\/\/www.ivcr.es\/\" target=\"_blank\" rel=\"noreferrer noopener\">http:\/\/www.ivcr.es<\/a>(Informaci\u00f3n becas, pr\u00e1cticas, cursos y posibilidad de insertar tu CV Restauradores)<\/li>\n\n\n\n<li><a href=\"http:\/\/www.auxiliardebiblioteca.com\/index.php?option=com_content&amp;view=article&amp;id=1455&amp;Itemid=93\" target=\"_blank\" rel=\"noreferrer noopener\">http:\/\/www.auxiliardebiblioteca.com<\/a>&nbsp;(Empleo, convocatorias, becas etc)<\/li>\n\n\n\n<li><a href=\"http:\/\/www.escritores.org\/ibuscas-empleo\" target=\"_blank\" rel=\"noreferrer noopener\">http:\/\/www.escritores.org<\/a><\/li>\n\n\n\n<li><a href=\"http:\/\/www.guia-editores.org\/index.php\/empleo\" target=\"_blank\" rel=\"noreferrer noopener\">http:\/\/www.guia-editores.org<\/a>&nbsp;(ofertas y demandas de empleo sector editorial)<\/li>\n<\/ul>\n\n\n\n<p><strong>3-. Para j\u00f3venes, estudiantes y universitarios<\/strong><\/p>\n\n\n\n<ul class=\"wp-block-list\">\n<li><a href=\"http:\/\/emhttps:\/\/www.universia.net\/es\/empleo\">http:\/\/emplea.universia.es<\/a>\u00a0(Ofertas de empleo, orientaci\u00f3n universitarios)<\/li>\n\n\n\n<li><a href=\"http:\/\/www.studentjob.es\/\" target=\"_blank\" rel=\"noreferrer noopener\">http:\/\/www.studentjob.es<\/a>&nbsp;(Ofertas, pr\u00e1cticas a nivel nacional para estudiantes y titulados)<\/li>\n\n\n\n<li><a href=\"http:\/\/primerempleo.com\/\" target=\"_blank\" rel=\"noreferrer noopener\">http:\/\/primerempleo.com<\/a><\/li>\n\n\n\n<li><a href=\"http:\/\/www.sinexperiencia.com\/\" target=\"_blank\" rel=\"noreferrer noopener\">http:\/\/www.sinexperiencia.com<\/a><\/li>\n\n\n\n<li><a href=\"http:\/\/recruitingerasmus.com\/\" target=\"_blank\" rel=\"noreferrer noopener\">http:\/\/recruitingerasmus.com<\/a><\/li>\n\n\n\n<li><a href=\"http:\/\/areaestudiantis.com\/\" target=\"_blank\" rel=\"noreferrer noopener\">http:\/\/areaestudiantis.com<\/a>\u00a0(Portal para estudiantes)<\/li>\n\n\n\n<li><a href=\"http:\/\/tyba.com\/\" target=\"_blank\" rel=\"noreferrer noopener\">http:\/\/tyba.com<\/a>\u00a0(Red social de empleo para j\u00f3venes)<\/li>\n<\/ul>\n\n\n\n<p><\/p>\n","protected":false},"excerpt":{"rendered":"<p>EDUCACI\u00d3N:&nbsp; Procedimientos selectivos para el ingreso a los cuerpos de funcionarios docentes que imparten ense\u00f1anza no universitaria, a excepci\u00f3n del Cuerpo de Maestros, para plazas del \u00e1mbito territorial del Ministerio | Ministerio de Educaci\u00f3n y Formaci\u00f3n Profesional (educacionyfp.gob.es) EMPRESAS DE COMUNICACI\u00d3N, LIBRER\u00cdAS, PRODUCTORAS Alfaguara: https:\/\/www.penguinlibros.com\/es\/contactenos\u00a0 Penguin Random House: https:\/\/www.penguinrandomhousegrupoeditorial.com\/unete-nuestro-equipo\/espana\/&nbsp; Grupo Planeta: https:\/\/jobs.planeta.es\/&nbsp; Casa del Libro: [&hellip;]<\/p>\n","protected":false},"author":5997,"featured_media":0,"parent":139,"menu_order":0,"comment_status":"closed","ping_status":"closed","template":"","meta":{"footnotes":""},"class_list":["post-4717","page","type-page","status-publish","czr-hentry"],"_links":{"self":[{"href":"https:\/\/blogs.uned.es\/salidasprofesionales\/wp-json\/wp\/v2\/pages\/4717","targetHints":{"allow":["GET"]}}],"collection":[{"href":"https:\/\/blogs.uned.es\/salidasprofesionales\/wp-json\/wp\/v2\/pages"}],"about":[{"href":"https:\/\/blogs.uned.es\/salidasprofesionales\/wp-json\/wp\/v2\/types\/page"}],"author":[{"embeddable":true,"href":"https:\/\/blogs.uned.es\/salidasprofesionales\/wp-json\/wp\/v2\/users\/5997"}],"replies":[{"embeddable":true,"href":"https:\/\/blogs.uned.es\/salidasprofesionales\/wp-json\/wp\/v2\/comments?post=4717"}],"version-history":[{"count":3,"href":"https:\/\/blogs.uned.es\/salidasprofesionales\/wp-json\/wp\/v2\/pages\/4717\/revisions"}],"predecessor-version":[{"id":6239,"href":"https:\/\/blogs.uned.es\/salidasprofesionales\/wp-json\/wp\/v2\/pages\/4717\/revisions\/6239"}],"up":[{"embeddable":true,"href":"https:\/\/blogs.uned.es\/salidasprofesionales\/wp-json\/wp\/v2\/pages\/139"}],"wp:attachment":[{"href":"https:\/\/blogs.uned.es\/salidasprofesionales\/wp-json\/wp\/v2\/media?parent=4717"}],"curies":[{"name":"wp","href":"https:\/\/api.w.org\/{rel}","templated":true}]}}