{"id":2367,"date":"2020-06-24T10:09:38","date_gmt":"2020-06-24T10:09:38","guid":{"rendered":"http:\/\/blogs.uned.es\/salidasprofesionales\/?page_id=2367"},"modified":"2020-06-30T09:02:02","modified_gmt":"2020-06-30T09:02:02","slug":"ambitos-profesionales-geografia-e-historia","status":"publish","type":"page","link":"https:\/\/blogs.uned.es\/salidasprofesionales\/grados\/arte-y-humanidades\/grado-en-geografia-e-historia\/ambitos-profesionales-geografia-e-historia\/","title":{"rendered":"\u00c1mbitos profesionales (Geograf\u00eda e Historia)"},"content":{"rendered":"<p><img decoding=\"async\" class=\"aligncenter size-full wp-image-2369\" src=\"http:\/\/blogs.uned.es\/salidasprofesionales\/wp-content\/uploads\/sites\/165\/2020\/06\/ambitos-profesionales.png\" alt=\"\" width=\"268\" height=\"180\" \/><\/p>\n<p><strong>Las salidas profesionales<\/strong> de este Grado est\u00e1n especialmente relacionadas con aquellos campos del mercado laboral con los que las disciplinas de la Geograf\u00eda y la Historia se encuentran m\u00e1s \u00edntimamente relacionadas, adem\u00e1s de aquellos puestos de trabajo que le son propios a cada una de ambas especialidades:<\/p>\n<ul>\n<li>Investigaci\u00f3n y Educaci\u00f3n.<\/li>\n<li>Tecnolog\u00edas de la Informaci\u00f3n Geogr\u00e1fica.<\/li>\n<li>Medio f\u00edsico, recursos naturales y medioambiente.<\/li>\n<li>Planificaci\u00f3n y gesti\u00f3n territorial.<\/li>\n<li>An\u00e1lisis territorial de la poblaci\u00f3n y demograf\u00eda.<\/li>\n<li>Desarrollo regional y local.<\/li>\n<li>Prospecci\u00f3n, excavaciones y estudios arqueol\u00f3gicos.<\/li>\n<li>Gesti\u00f3n de patrimonio hist\u00f3rico y cultural.<\/li>\n<li>Archivos, museos y bibliotecas.<\/li>\n<li>Gesti\u00f3n editorial.<\/li>\n<li>Documentaci\u00f3n hist\u00f3rica.<\/li>\n<\/ul>\n<p>&nbsp;<\/p>\n","protected":false},"excerpt":{"rendered":"<p>Las salidas profesionales de este Grado est\u00e1n especialmente relacionadas con aquellos campos del mercado laboral con los que las disciplinas de la Geograf\u00eda y la Historia se encuentran m\u00e1s \u00edntimamente relacionadas, adem\u00e1s de aquellos puestos de trabajo que le son propios a cada una de ambas especialidades: Investigaci\u00f3n y Educaci\u00f3n. Tecnolog\u00edas de la Informaci\u00f3n Geogr\u00e1fica. [&hellip;]<\/p>\n","protected":false},"author":5997,"featured_media":0,"parent":155,"menu_order":0,"comment_status":"closed","ping_status":"closed","template":"","meta":{"footnotes":""},"class_list":["post-2367","page","type-page","status-publish","czr-hentry"],"_links":{"self":[{"href":"https:\/\/blogs.uned.es\/salidasprofesionales\/wp-json\/wp\/v2\/pages\/2367","targetHints":{"allow":["GET"]}}],"collection":[{"href":"https:\/\/blogs.uned.es\/salidasprofesionales\/wp-json\/wp\/v2\/pages"}],"about":[{"href":"https:\/\/blogs.uned.es\/salidasprofesionales\/wp-json\/wp\/v2\/types\/page"}],"author":[{"embeddable":true,"href":"https:\/\/blogs.uned.es\/salidasprofesionales\/wp-json\/wp\/v2\/users\/5997"}],"replies":[{"embeddable":true,"href":"https:\/\/blogs.uned.es\/salidasprofesionales\/wp-json\/wp\/v2\/comments?post=2367"}],"version-history":[{"count":5,"href":"https:\/\/blogs.uned.es\/salidasprofesionales\/wp-json\/wp\/v2\/pages\/2367\/revisions"}],"predecessor-version":[{"id":2613,"href":"https:\/\/blogs.uned.es\/salidasprofesionales\/wp-json\/wp\/v2\/pages\/2367\/revisions\/2613"}],"up":[{"embeddable":true,"href":"https:\/\/blogs.uned.es\/salidasprofesionales\/wp-json\/wp\/v2\/pages\/155"}],"wp:attachment":[{"href":"https:\/\/blogs.uned.es\/salidasprofesionales\/wp-json\/wp\/v2\/media?parent=2367"}],"curies":[{"name":"wp","href":"https:\/\/api.w.org\/{rel}","templated":true}]}}