{"id":175,"date":"2016-09-09T14:06:00","date_gmt":"2016-09-09T14:06:00","guid":{"rendered":"http:\/\/blogs.uned.es\/prlcrue\/?page_id=175"},"modified":"2025-02-17T08:52:26","modified_gmt":"2025-02-17T06:52:26","slug":"universidad-catolica-de-valencia-san-vicente-martir","status":"publish","type":"page","link":"https:\/\/blogs.uned.es\/prlcrue\/servicios-prevencion\/universidad-catolica-de-valencia-san-vicente-martir\/","title":{"rendered":"UNIVERSIDAD CAT\u00d3LICA DE VALENCIA SAN VICENTE M\u00c1RTIR"},"content":{"rendered":"<p><img loading=\"lazy\" decoding=\"async\" class=\"alignnone size-full wp-image-369\" src=\"https:\/\/blogs.uned.es\/prlcrue\/wp-content\/uploads\/sites\/19\/2016\/09\/CATOLICA_VALENCIA_SAN_VICENTE_MARTIR.png\" alt=\"catolica_valencia_san_vicente_martir\" width=\"38\" height=\"38\" \/><\/p>\n<p><strong>SERVICIO DE PREVENCI\u00d3N DE RIESGOS LABORALES<\/strong><\/p>\n<p>Correo electr\u00f3nico: prevencion@ucv.es<br \/>\nWeb: <a href=\"https:\/\/www.ucv.es\/campus-life\/seguridad-y-salud-laboral\/servicio-de-prevencion-de-riesgos-laborales-sprl\">https:\/\/www.ucv.es\/campus-life\/seguridad-y-salud-laboral\/servicio-de-prevencion-de-riesgos-laborales-sprl<\/a><br \/>\nTel\u00e9fono: 96 363 74 12. Extensi\u00f3n de contacto: 5012<\/p>\n<p>Direcci\u00f3n postal: Plaza San Agust\u00edn 3, Esc. A Entresuelo 1. 46002 VALENCIA<\/p>\n<p><strong>PERSONAL DEL SERVICIO DE PREVENCI\u00d3N<\/strong><\/p>\n<p>FCO. JAVIER JULI\u00c1N FRONTERA<br \/>\nRESPONSABLE DEL SPRL<br \/>\nMail: <a href=\"mailto:jajufron@ucv.es\">jajufron@ucv.es<\/a><br \/>\nTel\u00e9fono: 96 363 74 12. Extensi\u00f3n de contacto: 4396<\/p>\n<p>CRISTINA SANTIAGO HERN\u00c1NDEZ<br \/>\nT\u00c9CNICO DE PREVENCI\u00d3N<\/p>\n<p>CARLOS BENGOCHEA LAJARA<br \/>\nT\u00c9CNICO DE PREVENCI\u00d3N<\/p>\n","protected":false},"excerpt":{"rendered":"<p>SERVICIO DE PREVENCI\u00d3N DE RIESGOS LABORALES Correo electr\u00f3nico: prevencion@ucv.es Web: https:\/\/www.ucv.es\/campus-life\/seguridad-y-salud-laboral\/servicio-de-prevencion-de-riesgos-laborales-sprl Tel\u00e9fono: 96 363 74 12. Extensi\u00f3n de contacto: 5012 Direcci\u00f3n postal: Plaza San Agust\u00edn 3, Esc. A Entresuelo 1. 46002 VALENCIA PERSONAL DEL SERVICIO DE PREVENCI\u00d3N FCO. JAVIER JULI\u00c1N FRONTERA RESPONSABLE DEL SPRL Mail: jajufron@ucv.es Tel\u00e9fono: 96 363 74 12. Extensi\u00f3n de contacto: 4396 &hellip; <a href=\"https:\/\/blogs.uned.es\/prlcrue\/servicios-prevencion\/universidad-catolica-de-valencia-san-vicente-martir\/\" class=\"more-link\">Seguir leyendo <span class=\"screen-reader-text\">UNIVERSIDAD CAT\u00d3LICA DE VALENCIA SAN VICENTE M\u00c1RTIR<\/span> <span class=\"meta-nav\">&rarr;<\/span><\/a><\/p>\n","protected":false},"author":23,"featured_media":0,"parent":55,"menu_order":0,"comment_status":"closed","ping_status":"closed","template":"","meta":{"footnotes":""},"class_list":["post-175","page","type-page","status-publish","hentry"],"_links":{"self":[{"href":"https:\/\/blogs.uned.es\/prlcrue\/wp-json\/wp\/v2\/pages\/175","targetHints":{"allow":["GET"]}}],"collection":[{"href":"https:\/\/blogs.uned.es\/prlcrue\/wp-json\/wp\/v2\/pages"}],"about":[{"href":"https:\/\/blogs.uned.es\/prlcrue\/wp-json\/wp\/v2\/types\/page"}],"author":[{"embeddable":true,"href":"https:\/\/blogs.uned.es\/prlcrue\/wp-json\/wp\/v2\/users\/23"}],"replies":[{"embeddable":true,"href":"https:\/\/blogs.uned.es\/prlcrue\/wp-json\/wp\/v2\/comments?post=175"}],"version-history":[{"count":6,"href":"https:\/\/blogs.uned.es\/prlcrue\/wp-json\/wp\/v2\/pages\/175\/revisions"}],"predecessor-version":[{"id":2631,"href":"https:\/\/blogs.uned.es\/prlcrue\/wp-json\/wp\/v2\/pages\/175\/revisions\/2631"}],"up":[{"embeddable":true,"href":"https:\/\/blogs.uned.es\/prlcrue\/wp-json\/wp\/v2\/pages\/55"}],"wp:attachment":[{"href":"https:\/\/blogs.uned.es\/prlcrue\/wp-json\/wp\/v2\/media?parent=175"}],"curies":[{"name":"wp","href":"https:\/\/api.w.org\/{rel}","templated":true}]}}