{"id":37,"date":"2021-03-28T11:10:09","date_gmt":"2021-03-28T11:10:09","guid":{"rendered":"https:\/\/blogs.uned.es\/politicaspublicasybienestarsocial\/?page_id=37"},"modified":"2026-02-03T12:03:47","modified_gmt":"2026-02-03T12:03:47","slug":"publicaciones-y-proyectos","status":"publish","type":"page","link":"https:\/\/blogs.uned.es\/politicaspublicasybienestarsocial\/publicaciones-y-proyectos\/","title":{"rendered":"PUBLICACIONES Y PROYECTOS"},"content":{"rendered":"\n<h2 class=\"wp-block-heading has-text-align-center has-text-color\" style=\"color:#03473a\"><strong>ART\u00cdCULOS DE INVESTIGACI\u00d3N<\/strong><\/h2>\n\n\n\n<p><strong>2026<\/strong><\/p>\n\n\n\n<ul class=\"wp-block-list\">\n<li><\/li>\n<\/ul>\n\n\n\n<p><strong>2025<\/strong><\/p>\n\n\n\n<ul class=\"wp-block-list\">\n<li>Herrero-Alcalde, A.; J. Mart\u00edn-Rom\u00e1n; e Ignacio Moral-Arce (2025): \u00abDoes decentralization affect the size of public intervention? Evidence from anti-COVID public policies\u00bb,\u00a0<em>Publius: The Journal of Federalism<\/em>, 1-32.\u00a0<a href=\"https:\/\/doi.org\/10.1093\/publius\/pjaf010\">https:\/\/doi.org\/10.1093\/publius\/pjaf010<\/a><\/li>\n\n\n\n<li>Gij\u00f3n, C., Fern\u00e1ndez-Bonilla, F., &amp; Ru\u00edz-R\u00faa, A. (2025). Different approaches to Spanish e-government: From use to impact.\u00a0<em>Telecommunications Policy<\/em>,\u00a0<em>49<\/em>(3), 102918. <a href=\"https:\/\/doi.org\/10.1016\/j.telpol.2025.102918\">https:\/\/doi.org\/10.1016\/j.telpol.2025.102918<\/a><\/li>\n\n\n\n<li>K\u00f6lling, M.; A. Herrero-Alcalde (2025): \u201cInter- regional Inequalities and Fiscal Equalisation in Spain\u201d, en Erkoreka (Ed), <em>Fiscal Federalism and Equalisation Transfers. Balancing Regional Autonomy and Solidarity<\/em>, pp. 229-245., Brill Nijhoff<\/li>\n\n\n\n<li>Lago-Pe\u00f1as, S.; M. Cadaval-Sampedro; A. Herrero-Alcalde; y X. Fern\u00e1ndez-Leiceaga (2025): \u00abUnderstanding citizens\u00b4 knowledge and preferences for fiscal equalization in decentralized countries\u00bb,\u00a0<em>Regional &amp; Federal Studies<\/em>, 1-28. <a href=\"https:\/\/doi.org\/10.1080\/13597566.2025.2551599\">https:\/\/doi.org\/10.1080\/13597566.2025.2551599<\/a><\/li>\n\n\n\n<li>Matey, I., Mart\u00ednez, R., Murillo, E. (2025). Un an\u00e1lisis de la situaci\u00f3n actual del sistema de cuidados de larga duraci\u00f3n en Espa\u00f1a: dependencia, precariedad, y g\u00e9nero. <em>Cuadernos de Trabajo Social<\/em>. 38(1), 13-24. e-ISSN: 1988-8295. <a href=\"https:\/\/doi.org\/10.5209\/cuts.93070\">https:\/\/doi.org\/10.5209\/cuts.93070<\/a><\/li>\n\n\n\n<li>Mart\u00ednez de Ibarreta, C. , Ru\u00edz-R\u00faa, A., Gij\u00f3n, C., &amp; Fern\u00e1ndez-Bonilla, F. (2025). Banking digitalization in Spain: How branch closures and digital barriers reshape financial inclusion.\u00a0<em>Digital Business<\/em>,\u00a0<em>5<\/em>(1), 100119. <a href=\"https:\/\/doi.org\/10.1016\/j.digbus.2025.100119\">https:\/\/doi.org\/10.1016\/j.digbus.2025.100119<\/a><\/li>\n<\/ul>\n\n\n\n<p><strong>2024<\/strong><\/p>\n\n\n\n<ul class=\"wp-block-list\">\n<li>Ayala, L. y Melnychuk, M. (2024): \u201cDifferential Effects of Expansions and Recessions on Social Assistance Duration: The Case of Regional Minimum Income Programmes in Spain\u201d,<em> Hacienda P\u00fablica Espa\u00f1ola \/ Review of Public Economics<\/em> 248-(1\/2024), 115-141.<\/li>\n\n\n\n<li>Ayala, L., Mart\u00edn-Rom\u00e1n, J. y Vicente Perdiz, J. (2024): \u201cWhat contributes to rising inequality in big cities?\u201d, con Javier. <em>Journal of Regional Science<\/em>, vol.64, 2024, 1760\u20131810.<\/li>\n\n\n\n<li>Campa\u00f1a, J.C., J.I. Gim\u00e9nez-Nadal, J.A. Molina and J. Velilla (2024). \u201cThe shifters of intrahousehold decision-making in European countries,\u201d&nbsp;<em>Empirical Economics<\/em>, 66(3),1055-1101.&nbsp;<a href=\"https:\/\/doi.org\/10.1007\/s00181-023-02494-8\">https:\/\/doi.org\/10.1007\/s00181-023-02494-8<\/a><\/li>\n\n\n\n<li>Campa\u00f1a, J. C., and Gimenez-Nadal, J. I. (2024). \u201cGender gaps in commuting time: evidence from Peru, Ecuador, Chile, and Colombia\u201d.&nbsp;<em>Journal of Family and Economic Issues<\/em>,&nbsp;45(3), 596-620.&nbsp;<a href=\"https:\/\/doi.org\/10.1007\/s10834-023-09921-z\">https:\/\/doi.org\/10.1007\/s10834-023-09921-z<\/a><\/li>\n\n\n\n<li>Campa\u00f1a, J.C., J.I. Gim\u00e9nez-Nadal and J. Velilla (2024). \u201cMeasuring gender gaps in work time in Latin American countries,\u201d&nbsp;<em>Applied Economic Letters<\/em>, 31(17), 1721-1725.&nbsp;<a href=\"https:\/\/doi.org\/10.1080\/13504851.2023.2206102\">https:\/\/doi.org\/10.1080\/13504851.2023.2206102<\/a><\/li>\n\n\n\n<li>Herrero-Alcalde, A.; J. Mart\u00edn-Rom\u00e1n; J.M. Tr\u00e1nchez-Mart\u00edn; I. Moral-Arce (2024): \u201cFiscal rules to the test: The impact of the Spanish expenditure rule\u201d, <em>European Journal of Political Economy<\/em>, <a href=\"https:\/\/doi.org\/10.1016\/j.ejpoleco.2024.102501\">https:\/\/doi.org\/10.1016\/j.ejpoleco.2024.102501<\/a><\/li>\n\n\n\n<li>Lago-Pe\u00f1as, S.; M. Cadaval-Sampedro; A. Herrero-Alcalde (2024): \u201cFiscal consolidation and voting: on the electoral costs of budgetary stability\u201d, <em>Fiscal Studies<\/em>, DOI: 10.1111\/1475-5890.12364<\/li>\n\n\n\n<li>Mart\u00edn-Rom\u00e1n, J. (2024). M\u00e9todos para evaluar pol\u00edticas e intervenciones p\u00fablicas.&nbsp;<em>GAPS, 3<\/em>(2).&nbsp;<a href=\"https:\/\/doi.org\/10.5944\/gaps.2024.00002\">https:\/\/doi.org\/10.5944\/gaps.2024.00002<\/a><\/li>\n\n\n\n<li>Petrov, D. and Romaguera-de-la-Cruz, M. (2024). \u00abMeasuring economic insecurity by combining income and wealth: an extended well-being approach\u00bb, <em>Review of Economics of the Household<\/em>, pp. 1-27. <a href=\"https:\/\/doi.org\/10.1007\/s11150-024-09700-1\">https:\/\/doi.org\/10.1007\/s11150-024-09700-1<\/a><\/li>\n\n\n\n<li>Pinto, F., Malo, M.A., &amp; Mart\u00ednez, R. (2024). Ethnical incomes\u2019 gap in Spain. The case of Roma. <em>Social Science Quarterly <\/em>105:1383\u20131395. <a href=\"https:\/\/doi.org\/10.1111\/ssqu.13397\">https:\/\/doi.org\/10.1111\/ssqu.13397<\/a><\/li>\n<\/ul>\n\n\n\n<p><strong>2023<\/strong><\/p>\n\n\n\n<ul class=\"wp-block-list\">\n<li>Ayala, L., Mart\u00edn, J. y Navarro, C. (2023): \u201cUnemployment Shocks and Material Deprivation in the European Union: A Synthetic Control Approach\u201d, <em>Economic Systems,<\/em> 47(1), 101053.<br><a href=\"https:\/\/doi.org\/10.1016\/j.ecosys.2022.101053\">https:\/\/doi.org\/10.1016\/j.ecosys.2022.101053<\/a><\/li>\n\n\n\n<li>Cadaval-Sampedro, M.; A. Herrero-Alcalde; S. Lago-Pe\u00f1as; J. Martinez-Vazquez (2023): \u201cExtreme events and the resilience of decentralised governance\u201d, <em>Regional Studies<\/em>, 59(1). https:\/\/doi.org\/10.1080\/00343404.2023.2255627<\/li>\n\n\n\n<li>Cant\u00f3, O., Garc\u00eda-P\u00e9rez, C. and Romaguera-de-la-Cruz, M. (2023). \u00abThe role of tax-benefit systems in shaping economic insecurity in the European Union\u00bb, <em>Hacienda P\u00fablica Espa\u00f1ola\/Public Economics Review<\/em>, 247-(4\/2023), pp. 7-36.<\/li>\n\n\n\n<li>Campa\u00f1a, J. C., Gimenez-Nadal, J. I., &amp; Velilla, J. (2023). \u00abMeasuring Gender Gaps in Time Allocation in Europe\u00bb,&nbsp;<em>Social Indicators Research<\/em>, 165(2), 519-553.&nbsp;<a href=\"https:\/\/doi.org\/10.1007\/s11205-022-03026-0\">https:\/\/doi.org\/10.1007\/s11205-022-03026-0<\/a><\/li>\n\n\n\n<li>Gij\u00f3n, C., Albarr\u00e1n Lozano, I., &amp; Molina, J. M. (2023). Perception of innovation in Spain.\u00a0<em>Digital Policy, Regulation and Governance<\/em>,\u00a0<em>25<\/em>(3), 185-205. <a href=\"https:\/\/doi.org\/10.1108\/DPRG-09-2021-0109\">https:\/\/doi.org\/10.1108\/DPRG-09-2021-0109<\/a><\/li>\n\n\n\n<li>Gij\u00f3n, C., Fern\u00e1ndez-Bonilla,  F., Cuadrado-Gallego, J.-J., &amp; Usero, L. (2023). Trust on Personalised Electronic Commerce. In Proceedings of the 27th International Database Engineered Applications Symposium (IDEAS &#8217;23). Association for Computing Machinery, New York, NY, USA, 119\u2013126. <a href=\"https:\/\/doi.org\/10.1145\/3589462.3589503\">https:\/\/doi.org\/10.1145\/3589462.3589503<\/a><\/li>\n\n\n\n<li>Pinto, F., Mart\u00ednez, R., Delgado, M.J., &amp; Murillo, E. (2023). The migrant pay gap in Spain: Where do the differences come from?, <em>The Economic and Labour Relations Review<\/em>, 34(3), 468-490. DOI:\u00a0<a href=\"https:\/\/doi.org\/10.1017\/elr.2023.37\" target=\"_blank\" rel=\"noreferrer noopener\">https:\/\/doi.org\/10.1017\/elr.2023.37<\/a><\/li>\n<\/ul>\n\n\n\n<div class=\"wp-block-group\"><div class=\"wp-block-group__inner-container is-layout-flow wp-block-group-is-layout-flow\">\n<p><strong>2022<\/strong><\/p>\n\n\n\n<ul class=\"wp-block-list\">\n<li>Ayala, L.; B\u00e1rcena, E. y Mart\u00ednez-V\u00e1zquez, J. (2022):<strong> <\/strong>\u201cDevolution in the U.S. Welfare Reform: Divergence and Degradation in State Benefits\u201d, <em>Journal of Economic Inequality <\/em>20, 701-726.<\/li>\n\n\n\n<li>Ayala, L.; P\u00e9rez, A. y Prieto-Alaiz, M. (2022):<strong> <\/strong>\u201cThe impact of different data sources on the level and structure of income inequality\u201d, <em>SERIEs &#8211; Journal of the Spanish Economic Association<\/em> 13, 583\u2013611.<\/li>\n\n\n\n<li>Ayala, L., B\u00e1rcena-Mart\u00edn, E., Cant\u00f3, O. y Navarro, C. (2022): \u201cCOVID-19 Lockdown and Housing Deprivation Across European Countries\u201d, <em>Social Science &amp; Medicine<\/em> 298, 114839.<\/li>\n\n\n\n<li>Ayala, L., Jurado, A. y P\u00e9rez-Mayo, J. (2022): \u201cEl Ingreso M\u00ednimo Vital: adecuaci\u00f3n y cobertura\u201d, <em>Papeles de Econom\u00eda Espa\u00f1ola <\/em>n\u00ba172, 155-169.<\/li>\n\n\n\n<li>Ayala, L. y Cant\u00f3, O. (2022): \u201cCrecimiento econ\u00f3mico y distribuci\u00f3n del bienestar en Espa\u00f1a en el \u00faltimo medio siglo\u201d, <em>Ekonomiaz,<\/em> 101, 185-199.<\/li>\n\n\n\n<li>Ayala, L., Delgado, M.J. y De Lucas, S. (2022): \u201cSynchronization and cyclicality of social spending in OECD countries\u201d, <em>Empirica<\/em>, vol. 49(4), 1153-1187.<\/li>\n\n\n\n<li>Campa\u00f1a, J.C., Gimenez-Nadal, J.I. &amp; Velilla, J. (2022). Measuring Gender Gaps in Time Allocation in Europe.&nbsp;<em>Soc Indic Res<\/em>. https:\/\/doi.org\/10.1007\/s11205-022-03026-0<\/li>\n\n\n\n<li>Fern\u00e1ndez-Bonilla, F., Gij\u00f3n, C., &amp; De la Vega, B. (2022). E-commerce in Spain: Determining factors and the importance of the e-trust. <em>Telecommunications Policy<\/em>. https:\/\/doi.org\/10.1016\/j.telpol.2021.102280<\/li>\n<\/ul>\n\n\n\n<p><strong>2021<\/strong><\/p>\n\n\n\n<ul class=\"wp-block-list\">\n<li>Albarr\u00e1n-Lozano, I.; Molina, J-M.; &amp; Gij\u00f3n, C. (2021). Perception of Artificial Intelligence in Spain. <em>Telematics and Informatics<\/em>. https:\/\/doi.org\/10.1016\/j.tele.2021.101672<\/li>\n\n\n\n<li>Ayala, L., Arranz, J.M., Garc\u00eda-Serrano, C. y Mart\u00ednez-Virto, L. (2021): \u201cTowards a Fundamental Reform of Minimum Income Benefits in Spain\u201d. <em>International Journal of Social Welfare.<\/em><\/li>\n\n\n\n<li>Ayala, L.; A. Herrero; y J. Mart\u00ednez-V\u00e1zquez (2021): \u201cWelfare Benefits in Highly Decentralized Fiscal Systems: Evidence on Interregional Mimicking\u201d, Papers in Regional Science, DOI: 10.1111\/pirs.12605<\/li>\n\n\n\n<li>Ayala, L., Jurado, A. y P\u00e9rez-Mayo, J. (2021): \u201cMultidimensional deprivation in heterogeneous rural areas: Spain after the economic crisis\u201d. <em>Regional Studies.<\/em><\/li>\n\n\n\n<li>Cant\u00f3, O., Figari, F., Fiorio, C.V., Kuypers, S., Marchal, S., Romaguera-de-la-Cruz, M., Tasseva, I.V. y Verbist, G. (2021) Welfare Resilience at the Onset of the COVID-19 Pandemic in a Selection of European Countries: Impact on Public Finance and Household Incomes, <em>Review of Income and Wealth<\/em>, 68, pp. 293-322.<\/li>\n\n\n\n<li>Cant\u00f3, O., Garc\u00eda-P\u00e9rez, C. y Romaguera-de-la-Cruz, M. (2021). \u00abMultidimensional measures of economic insecurity in Spain: the role of aggregation and weighting methods\u00bb, <em>Hacienda P\u00fablica Espa\u00f1ola\/Public Economics Review<\/em>, 238-(3\/2021), pp. 29-60.<\/li>\n\n\n\n<li>Campa\u00f1a, J. C., &amp; Ortega, R. (2021). \u201cDeterminants of internet use by the elderly in Spain: time dedicated to search and communications,\u201d Economics and Business Letters, 10(1), 16-26. https:\/\/doi.org\/10.17811\/ebl.10.1.2021.16-26<\/li>\n\n\n\n<li>Gimenez-Nadal, J. I., Campa\u00f1a, J. C., &amp; Molina, J. A.&nbsp; (2021). \u201cSex-ratios and work in Latin American households: Evidence from Mexico, Peru, Ecuador, Colombia, and Chile,\u201d Latin American Economic Review, Vol 30, No. 3, 1-25. https:\/\/doi.org\/10.47872\/laer-2021-30-3<\/li>\n<\/ul>\n\n\n\n<p><strong>2020<\/strong><\/p>\n\n\n\n<ul class=\"wp-block-list\">\n<li>Ayala, L. y B\u00e1rcena-Mart\u00edn, E. (2020): \u201cMeasuring Social Welfare Gains in Social Assistance Programs: An Application to European Countries\u201d. <em>Social Indicators Research <\/em>151, 205-229.<\/li>\n\n\n\n<li>Ayala, L., Mart\u00edn\u2010Rom\u00e1n, J. y Vicente, J. (2020): \u00abThe contribution of the spatial dimension to inequality: A counterfactual analysis for OECD countries\u00bb. Papers in Regional Science, 99(3), 447-477.<\/li>\n\n\n\n<li>Cant\u00f3, O., Garc\u00eda-P\u00e9rez, C. y Romaguera-de-la-Cruz, M. (2020) The dimension, nature and distribution of economic insecurity in European countries: A multidimensional approach, Economic Systems, 44.<\/li>\n\n\n\n<li>Cant\u00f3, O., Garc\u00eda-P\u00e9rez, C. y Romaguera-de-la-Cruz, M. (2020) Multidimensional measures of economic insecurity in Spain: the role of aggregation and weighting methods, Hacienda P\u00fablica Espa\u00f1ola\/Public Economics Review, 238-(3\/2021), pp. 29-60.<\/li>\n\n\n\n<li>Campa\u00f1a, J. C., Gimenez-Nadal, J. I., &amp; Molina, J. A.&nbsp; (2020). \u201cSelf-employed and employed mothers in Latin American families: Are there differences in paid work, unpaid work, and child care?\u201d Journal of Family and Economic Issues, Vol 41, No. 52-69. https:\/\/doi.org\/10.1007\/s10834-020-09660-5<\/li>\n\n\n\n<li>Romaguera-de-la-Cruz, M. (2020). Measuring Economic Insecurity Using a Counting Approach. An Application to Three EU Countries, Review of Income and Wealth, 66, pp. 558-583.<\/li>\n\n\n\n<li>Tamayo, P. A., Herrero, A., Mart\u00edn-Rom\u00e1n, J., Navarro, C. y Tr\u00e1nchez, J. M. (2020): \u00abDesign of a Chatbot as a Distance Learning Assistant\u00bb. Open Praxis, 12(1), 145-153.<\/li>\n<\/ul>\n\n\n\n<p><strong>2019<\/strong><\/p>\n\n\n\n<ul class=\"wp-block-list\">\n<li>Ayala, L., Mora, A., Bielza, R., Ata\u00falfo Gonz\u00e1lez, F. y Villegas, A. (2019): \u201cImproving safety in blood transfusion using failure mode and effect analysis\u201d. <em>Transfusion <\/em>59, 516-523.<\/li>\n\n\n\n<li>Ayala, L., y Paniagua, M. (2019): \u201cImpact of In-Work Benefits on Female Labor Supply and Income Distribution in Spain\u201d. <em>Review of the Economics of the Household <\/em>17, 1025-1048.<\/li>\n\n\n\n<li>Herrero, A.; J. Mart\u00edn; y J.M. Tr\u00e1nchez (2019): \u201cCondici\u00f3n Financiera y Fondos de Liquidez en Espa\u00f1a: Un Enfoque Regional\u201d, <em>Revista de Estudios Regionales<\/em> 114, &nbsp;91-117.<\/li>\n\n\n\n<li>Herrero, A. y R. Urbanos (2019): \u201cDiferencias Interregionales y Autonom\u00eda de Gasto\u201d, Presupuesto y Gasto P\u00fablico, 96\/2019, pp.125-145.<\/li>\n\n\n\n<li>L\u00e9rida-Navarro, C., Nombela, G. y Tranchez-Martin, M., (2019): <strong>\u201c<\/strong>European railways: Liberalization and productive efficiency\u00bb.&nbsp;<em>Transport Policy<\/em> 83, 57-67.<\/li>\n\n\n\n<li>Moral-Arce, I., Mart\u00edn-Rom\u00e1n, J., &amp; Mart\u00edn-Rom\u00e1n, A.L. (2019): \u201cCessation of Activity Benefit for Spanish Self-employed Workers: A Heterogeneous Impact Evaluation\u201d. <em>Hacienda P\u00fablica Espa\u00f1ola<\/em> 231, 41-79.<\/li>\n<\/ul>\n\n\n\n<p><strong>2018<\/strong><\/p>\n\n\n\n<ul class=\"wp-block-list\">\n<li>Ayala, L. y B\u00e1rcena-Mart\u00edn, E. (2018): \u201cA Social Welfare Approach for Measuring Welfare Protection\u201d. <em>Journal of Economic Inequality <\/em>16, 41-59.<\/li>\n\n\n\n<li>Ayala, L. y Cant\u00f3, O. (2018): \u201cThe Driving Forces of Rising Inequality in Spain\u201d. En Nolan, B. and Forster, M. (eds.): <em>Inequality and Inclusive Growth in Rich Countries<\/em>. Oxford University Press, 2018.<\/li>\n\n\n\n<li>Campa\u00f1a, J. C., Gimenez-Nadal, J. I., &amp; Molina, J. A.&nbsp; (2018). \u201cGender norms and the gendered distribution of total work in Latin-American families,\u201d Feminist Economics. Vol. 24, No.1,35\u201362. https:\/\/doi.org\/10.1080\/13545701.2017.1390320<\/li>\n\n\n\n<li>Casta\u00f1eda, J., A. Herrero, J.M. Tr\u00e1nchez y J. Vila (2018): \u201cStabilizing the Economy in a Multilevel Government: The Role of Spanish Regional Governments\u201d. <em>Revista de Econom\u00eda Aplicada<\/em> 77, 53-75.<\/li>\n\n\n\n<li>Herrero, A.; M. Goenaga; y J.M. Tr\u00e1nchez (2018): \u201cRevisiting Responsibility Attribution Within Multilevel Governments: The Role of Information\u201d, <em>Hacienda P\u00fablica Espa\u00f1ola<\/em> 226, 37-58.<\/li>\n\n\n\n<li>Mart\u00edn-Rom\u00e1n, \u00c1. L., Moral, A., Mart\u00edn-Rom\u00e1n, J. y Cu\u00e9llar-Mart\u00edn, J. (2018): \u00abUna evaluaci\u00f3n de impacto del segundo Plan Regional de Empleo de Castilla y Le\u00f3n\u00bb. Revista de Estudios Regionales, 112, 177-208.<\/li>\n\n\n\n<li>Mart\u00edn\u2010Rom\u00e1n, J. (2018): \u00abLa EPA como instrumento de aprendizaje en asignaturas de Introducci\u00f3n a la Macroeconom\u00eda\u00bb. e-p\u00fablica, N\u00ba 22, 1-40.<\/li>\n<\/ul>\n\n\n\n<p><strong>2017<\/strong><\/p>\n\n\n\n<ul class=\"wp-block-list\">\n<li>Ayala, L. y Triguero, A. (2017): \u201cEconomic Downturns, Endogenous Government Policy and Welfare Caseloads\u201d. <em>Hacienda P\u00fablica Espa\u00f1ola\/Review of Public Economics<\/em> 220-(1\/2017), 107-136.<\/li>\n\n\n\n<li>Ayala, L., Cant\u00f3, O. y Rodriguez, J.G. (2017): \u201cPoverty and the business cycle: The role of intra-household distribution of unemployment\u201d. <em>Journal of Economic Inequality<\/em> 15, 47-73.<\/li>\n\n\n\n<li>Campa\u00f1a, J. C., Gimenez-Nadal, J. I., &amp; Molina, J. A. (2017). \u201cIncreasing the human capital of children in Latin American countries,\u201d The Journal of Development Studies. Vol.53, 6, 805\u2013825. http:\/\/dx.doi.org\/10.1080\/00220388.2016.1208179<\/li>\n\n\n\n<li>Herrero, A. y J.M. Tr\u00e1nchez (2017): \u201cDemographic, Political, Institutional and Financial Determinants of Regional Social Expenditure: The Case of Spain\u201d, <em>Regional Studies <\/em>51, 920-932.<\/li>\n\n\n\n<li>Molina, J. A., Campa\u00f1a, J. C., &amp; Ortega, R. (2017). \u201cChildren\u2019s interaction with the Internet: time dedicated to communications and games,\u201d Applied Economics Letters. Vol. 24, 6, 359\u2013364. http:\/\/dx.doi.org\/10.1080\/13504851.2016.1192270<\/li>\n<\/ul>\n\n\n\n<p><strong>2016<\/strong><\/p>\n\n\n\n<ul class=\"wp-block-list\">\n<li>Campa\u00f1a, J. C., Gimenez-Nadal, J. I., &amp; Molina, J. A. (2016) \u201cThe satisfaction of university students: differences by field of study,\u201d Applied Economics Letters. Vol. 23, NO.7,506\u2013509. http:\/\/dx.doi.org\/10.1080\/13504851.2015.1083079<\/li>\n\n\n\n<li>Gar\u00edn-Mu\u00f1oz, T., P\u00e9rez-Amaral, T., Gij\u00f3n, C. y L\u00f3pez, R. (2016): \u201cConsumer complaint behaviour in telecommunications: The case of mobile phone users in Spain\u201d. <em>Telecommunications Policy<\/em> 40, 804-820.<\/li>\n\n\n\n<li>Mart\u00ednez, R. y Navarro, C. (2016): \u201cHas the Great Recession Changed the Deprivation Profile of Low Income Groups? Evidence from Spain\u201d. <em>Hacienda P\u00fablica Espa\u00f1ola <\/em>218, 79-104.<\/li>\n\n\n\n<li>Mart\u00ednez, R. and Navarro, C. (2016): \u201cPobreza y privaci\u00f3n material tras la crisis\u201d. Revista Espa\u00f1ola del Tercer Sector, 32, pp. 107-139.<\/li>\n\n\n\n<li>Molina, J. A., Campa\u00f1a, J. C., &amp; Ortega, R. (2016). \u201cWhat do you prefer for a relaxing time at home: reading, watching TV or listening to the radio?\u201d Applied Economics Letters. Vol. 23, 18,1278\u20131284. http:\/\/dx.doi.org\/10.1080\/13504851.2016.1150943<\/li>\n\n\n\n<li>Valarezo, U.A., P\u00e9rez-Amaral, T. y Gij\u00f3n, C. (2016): \u201cBig Data: Witnessing the Birth of a New Discipline\u201d. <em>Journal of Informatics and Data Mining<\/em> 7:6.<\/li>\n<\/ul>\n\n\n\n<p><\/p>\n\n\n\n<h2 class=\"wp-block-heading has-text-align-center has-white-background-color has-text-color has-background\" style=\"color:#03473a\"><strong>INFORMES<\/strong><\/h2>\n<\/div><\/div>\n\n\n\n<p><\/p>\n\n\n\n<div class=\"wp-block-group\"><div class=\"wp-block-group__inner-container is-layout-flow wp-block-group-is-layout-flow\">\n<div class=\"wp-block-group\"><div class=\"wp-block-group__inner-container is-layout-flow wp-block-group-is-layout-flow\">\n<div class=\"wp-block-group\"><div class=\"wp-block-group__inner-container is-layout-flow wp-block-group-is-layout-flow\">\n<div class=\"wp-block-group\"><div class=\"wp-block-group__inner-container is-layout-flow wp-block-group-is-layout-flow\">\n<ul class=\"wp-block-list\">\n<li>Ayala, L., Jurado, A. y P\u00e9rez Mayo, J. (2024): \u201cEl significado y el alcance de la desigualdad en el \u00e1mbito local\u201d. En Salido, O. y Ruiz-huerta, J. (dir.): <em>VI Informe sobre la Desigualdad en Espa\u00f1a<\/em>. Fundaci\u00f3n Alternativas, Madrid, 2024.<\/li>\n\n\n\n<li>Ayala, L., Navarro, C. (2023): \u201cHousing poverty\u201d, in Silber, J. (ed.): Research Handbook on Measuring Poverty and Deprivation. London: Edward Elgar.<br><a href=\"https:\/\/doi.org\/10.4337\/9781800883451.00036\">https:\/\/doi.org\/10.4337\/9781800883451.00036<\/a><\/li>\n\n\n\n<li>Cant\u00f3, O. and Romaguera-de-la-Cruz, M. (2023): \u201cEconomic insecurity and poverty\u201d, in Silber, J. (ed.): Research Handbook on Measuring Poverty and Deprivation. London: Edward Elgar. <a href=\"https:\/\/doi.org\/10.4337\/9781800883451.00066\" target=\"_blank\" rel=\"noreferrer noopener\">https:\/\/doi.org\/10.4337\/9781800883451.00066<\/a><\/li>\n\n\n\n<li>Ayala, L., Navarro, C. y Olea, S. (2022): \u201cEvoluci\u00f3n de las necesidades de vivienda y de la exclusi\u00f3n residencial. Impacto y limitaciones de las medidas de emergencia durante la pandemia\u201d, en Ayala, L., Laparra, M. y Rodr\u00edguez, G. (coords.): <em>Informe FOESSA 2022. Evoluci\u00f3n de la cohesi\u00f3n social y consecuencias de la COVID-19 en Espa\u00f1a<\/em>. Fundaci\u00f3n FOESSA: Madrid.<br><a href=\"https:\/\/www.caritas.es\/main-files\/uploads\/sites\/31\/2022\/01\/Informe-FOESSA-2022.pdf\">https:\/\/www.caritas.es\/main-files\/uploads\/sites\/31\/2022\/01\/Informe-FOESSA-2022.pdf<\/a><\/li>\n\n\n\n<li>Ayala, L. (coord.) (2022): <em>Desigualdad y pacto social<\/em> (coord.). Fundaci\u00f3n \u201cla Caixa\u201d, Palma de Mallorca.<\/li>\n\n\n\n<li>Barragu\u00e9, B., Carbonell, J., Kreiman, G., Le\u00f3n, B., Romaguera-de-la-Cruz, M. y Soria Esp\u00edn, J. (2022). Derribando el dique de la meritocracia, Future Policy Lab. <a href=\"https:\/\/www.futurepolicylab.com\/wp-content\/uploads\/2022\/05\/220518_FPL_Derribando-el-dique-de-la-meritocracia-1.pdf\">https:\/\/www.futurepolicylab.com\/wp-content\/uploads\/2022\/05\/220518_FPL_Derribando-el-dique-de-la-meritocracia-1.pdf<\/a><\/li>\n\n\n\n<li>Ruiz-Huerta, J., &amp; Mart\u00ednez, R. (2022). Introducci\u00f3n. En Mart\u00ednez, R. y Ruiz-Huerta, J. [dirs.]. <em>Quinto Informe sobre la Desigualdad en Espa\u00f1a<\/em>. Madrid: Fundaci\u00f3n Alternativas. <a href=\"https:\/\/fundacionalternativas.org\/publicaciones\/v-informe-sobre-la-desigualdad-en-espana-2022\/\"><strong>https:\/\/fundacionalternativas.org\/publicaciones\/v-informe-sobre-la-desigualdad-en-espana-2022\/<\/strong><\/a><\/li>\n\n\n\n<li>Sastre, M., &amp; Mart\u00ednez, R. (2022). Cap\u00edtulo 6. El sistema de Atenci\u00f3n a la Dependencia antes y despu\u00e9s de la pandemia. En Mart\u00ednez, R. y Ruiz-Huerta, J. [dirs.]. <em>Quinto Informe sobre la Desigualdad en Espa\u00f1a<\/em>. Madrid: Fundaci\u00f3n Alternativas. <a href=\"https:\/\/fundacionalternativas.org\/publicaciones\/v-informe-sobre-la-desigualdad-en-espana-2022\/\"><strong>https:\/\/fundacionalternativas.org\/publicaciones\/v-informe-sobre-la-desigualdad-en-espana-2022\/<\/strong><\/a><\/li>\n\n\n\n<li>D\u00edaz-M\u00e9ndez, C., Mart\u00ednez, R. &amp; Parrilla, J.M. (2022). Pobreza e inseguridad alimentaria antes y despu\u00e9s de la pandemia. En Mart\u00ednez, R. y Ruiz-Huerta, J. [dirs.]. <em>Quinto Informe sobre la Desigualdad en Espa\u00f1a<\/em>. Madrid: Fundaci\u00f3n Alternativas.<br><a href=\"https:\/\/fundacionalternativas.org\/publicaciones\/v-informe-sobre-la-desigualdad-en-espana-2022\/\"><strong>https:\/\/fundacionalternativas.org\/publicaciones\/v-informe-sobre-la-desigualdad-en-espana-2022\/<\/strong><\/a><\/li>\n\n\n\n<li>Mart\u00ednez, R., &amp; Rold\u00e1n, S. (2022). Cap\u00edtulo VI. Estudio estad\u00edstico de los tiempos de vida: tiempo de actividad laboral y trabajo de cuidados. En Molero Mara\u00f1\u00f3n, M.L. [dir.]. <em>Ser mujer en el mercado de trabajo: dificultades, oportunidades y retos<\/em> (pp. 259-295). Madrid, Thomson Reuters. Aranzadi. <a href=\"https:\/\/www.marcialpons.es\/libros\/ser-mujer-en-el-mercado-de-trabajo-dificultades-oportunidades-y-retos\/9788413911236\/\"><strong>https:\/\/www.marcialpons.es\/libros\/ser-mujer-en-el-mercado-de-trabajo-dificultades-oportunidades-y-retos\/9788413911236\/<\/strong><\/a><\/li>\n\n\n\n<li>Artola, M., Ayala, L., Bauluz, L., Brun, L., Cant\u00f3, O., Gil, C., Gonz\u00e1lez, I., Martinez-Toledano, C., Molero, R., Onrubia, J. y Salazar, L. (2021). \u201cReducir la pobreza y reactivar el ascensor social\u201d. Oficina Nacional de Prospectiva y Estrategia (2021): Espa\u00f1a 2050: Fundamentos y propuestas para una Estrategia Nacional de Largo Plazo. Madrid: Ministerio de la Presidencia.<\/li>\n\n\n\n<li>\u201c4\u00ba Informe sobre la desigualdad en Espa\u00f1a\u201d. Financiado por la Fundaci\u00f3n Alternativas (2020): <a href=\"https:\/\/www.fundacionalternativas.org\/laboratorio\/libros-e-informes\/desigualdad\/4o-informe-sobre-la-desigualdad-en-espana-una-perspectiva-territorial\"><strong>https:\/\/www.fundacionalternativas.org\/laboratorio\/libros-e-informes\/desigualdad\/4o-informe-sobre-la-desigualdad-en-espana-una-perspectiva-territorial<\/strong><\/a><\/li>\n\n\n\n<li>\u201cAn\u00e1lisis de las necesidades de la poblaci\u00f3n inmigrante\u201d. Financiado por la Fundaci\u00f3n La Caixa (2020): <a href=\"https:\/\/observatoriosociallacaixa.org\/es\/informe-necesidades-sociales-inmigrantes\"><strong>https:\/\/observatoriosociallacaixa.org\/es\/informe-necesidades-sociales-inmigrantes<\/strong><\/a><\/li>\n\n\n\n<li>\u201cAn\u00e1lisis de las necesidades sociales de hombres y mujeres\u201d. Financiado por la Fundaci\u00f3n La Caixa (2020): <a href=\"https:\/\/observatoriosociallacaixa.org\/es\/informe-necesidades-sociales-mujeres-y-hombres\"><strong>https:\/\/observatoriosociallacaixa.org\/es\/informe-necesidades-sociales-mujeres-y-hombres<\/strong><\/a><\/li>\n\n\n\n<li>\u201cAn\u00e1lisis de las necesidades sociales de la infancia\u201d. Financiado por la Fundaci\u00f3n La Caixa (2020): <a href=\"https:\/\/observatoriosociallacaixa.org\/es\/informe-necesidades-sociales-infancia\"><strong>https:\/\/observatoriosociallacaixa.org\/es\/informe-necesidades-sociales-infancia<\/strong><\/a><\/li>\n\n\n\n<li>\u201cAn\u00e1lisis de las necesidades sociales de la juventud\u201d. Financiado por la Fundaci\u00f3n La Caixa (2020): <a href=\"https:\/\/observatoriosociallacaixa.org\/es\/informe-necesidades-sociales-juventud\"><strong>https:\/\/observatoriosociallacaixa.org\/es\/informe-necesidades-sociales-juventud<\/strong><\/a><\/li>\n\n\n\n<li>\u201cAn\u00e1lisis de las necesidades sociales de las personas mayores\u201d. Financiado por la Fundaci\u00f3n La Caixa (2020): <a href=\"https:\/\/observatoriosociallacaixa.org\/es\/informe-necesidades-sociales-mayores\"><strong>https:\/\/observatoriosociallacaixa.org\/es\/informe-necesidades-sociales-mayores<\/strong><\/a><\/li>\n\n\n\n<li>\u201cEstudio sobre prestaciones de ingresos m\u00ednimos\u201d. Financiado por la Autoridad Independiente de Responsabilidad Fiscal (2018): <a href=\"https:\/\/www.airef.es\/wp-content\/uploads\/2018\/08\/2018-06-15-Plan-de-trabajo-AIReF-Renta-Minima.pdf\"><strong>https:\/\/www.airef.es\/wp-content\/uploads\/2018\/08\/2018-06-15-Plan-de-trabajo-AIReF-Renta-Minima.pdf<\/strong><\/a><\/li>\n\n\n\n<li>\u201cLos efectos redistributivos de las prestaciones sociales y los impuestos: un estado de la cuesti\u00f3n\u201d. Financiado por la Fundaci\u00f3n La Caixa (2020): <a href=\"https:\/\/observatoriosociallacaixa.org\/-\/los-efectos-redistributivos-de-las-prestaciones-sociales-y-los-impuestos-un-estado-de-la-cuesti%C3%B3n?_ga=2.204295639.638707701.1617877470-1682113064.1601463322\"><strong>https:\/\/observatoriosociallacaixa.org\/-\/los-efectos-redistributivos-de-las-prestaciones-sociales-y-los-impuestos-un-estado-de-la-cuesti%C3%B3n?_ga=2.204295639.638707701.1617877470-1682113064.1601463322<\/strong><\/a><\/li>\n\n\n\n<li>\u201cLos mayores de 55 a\u00f1os en el mercado de trabajo de Castilla y Le\u00f3n\u201d. Financiado por el Consejo Econ\u00f3mico y Social de Castilla y Le\u00f3n (2020). <a rel=\"noreferrer noopener\" href=\"https:\/\/www.cescyl.es\/es\/publicaciones\/informes-iniciativa-propia\/mayores-55-anos-mercado-trabajo-castilla-leon\" target=\"_blank\"><strong>https:\/\/www.cescyl.es\/es\/publicaciones\/informes-iniciativa-propia\/mayores-55-anos-mercado-trabajo-castilla-leon<\/strong><\/a><\/li>\n\n\n\n<li>\u201cNecesidades sociales en Educaci\u00f3n\u201d. Financiado por la Fundaci\u00f3n La Caixa (2020): <a href=\"https:\/\/observatoriosociallacaixa.org\/es\/informe-educacion\"><strong>https:\/\/observatoriosociallacaixa.org\/es\/informe-educacion<\/strong><\/a><\/li>\n\n\n\n<li>Ayala, L. y P\u00e9rez, B. (coords.); Albor, J., Arrondo, M., Ayala, L., Bogino-Larrambebere, V., Bosch, J., Damonti, P., Garc\u00eda, A., G\u00f3mez, B., Jurado, A., Mart\u00ednez, J.S., Mart\u00ednez, R., Mart\u00ednez, L., Navarro, C., P\u00e9rez, B., P\u00e9rez, J., S\u00e1nchez, E., Trujillo, M. y Zugasti, N.<br>(2019): \u201cLa evoluci\u00f3n de la exclusi\u00f3n en Espa\u00f1a\u201d, en FOESSA: <em>VIII Informe sobre exclusi\u00f3n y desarrollo social en Espa\u00f1a<\/em>. Fundaci\u00f3n FOESSA: Madrid.<br><a href=\"https:\/\/www.foessa.es\/main-files\/uploads\/sites\/16\/2019\/06\/Informe-FOESSA-2019_web-completo.pdf\">https:\/\/www.foessa.es\/main-files\/uploads\/sites\/16\/2019\/06\/Informe-FOESSA-2019_web-completo.pdf<\/a><\/li>\n\n\n\n<li>\u201cNecesidades sociales en el Mercado de trabajo\u201d. Financiado por la Fundaci\u00f3n La Caixa (2019): <a href=\"https:\/\/observatoriosociallacaixa.org\/mercado-trabajo?_ga=2.128607563.638707701.1617877470-1682113064.1601463322\"><strong>https:\/\/observatoriosociallacaixa.org\/mercado-trabajo?_ga=2.128607563.638707701.1617877470-1682113064.1601463322<\/strong><\/a><\/li>\n\n\n\n<li>\u201cNecesidades sociales en Salud\u201d. Financiado por la Fundaci\u00f3n La Caixa (2019): <a href=\"https:\/\/observatoriosociallacaixa.org\/es\/informe_salud?_ga=2.171722087.638707701.1617877470-1682113064.1601463322\"><strong>https:\/\/observatoriosociallacaixa.org\/es\/informe_salud?_ga=2.171722087.638707701.1617877470-1682113064.1601463322<\/strong><\/a><\/li>\n\n\n\n<li>\u201cNecesidades sociales en Vivienda\u201d. Financiado por la Fundaci\u00f3n La Caixa (2019): <a href=\"https:\/\/observatoriosociallacaixa.org\/informe_vivienda?_ga=2.128607563.638707701.1617877470-1682113064.1601463322\"><strong>https:\/\/observatoriosociallacaixa.org\/informe_vivienda?_ga=2.128607563.638707701.1617877470-1682113064.1601463322<\/strong><\/a><\/li>\n\n\n\n<li>\u201cVIII Informe FOESSA\u201d. Financiado por la Fundaci\u00f3n FOESSA (2019): <a href=\"https:\/\/www.foessa.es\/viii-informe\/\"><strong>https:\/\/www.foessa.es\/viii-informe\/<\/strong><\/a><\/li>\n\n\n\n<li>\u201cBienestar econ\u00f3mico y material\u201d. Financiado por la Fundaci\u00f3n La Caixa (2018): <a href=\"https:\/\/observatoriosociallacaixa.org\/bienestar-economico-material?_ga=2.171722087.638707701.1617877470-1682113064.1601463322\"><strong>https:\/\/observatoriosociallacaixa.org\/bienestar-economico-material?_ga=2.171722087.638707701.1617877470-1682113064.1601463322<\/strong><\/a><\/li>\n\n\n\n<li>\u201cRevisi\u00f3n de los sistemas de ingresos m\u00ednimos en Espa\u00f1a desde la perspectiva de su efectividad\u201d. Financiado por la Comisi\u00f3n Europea a trav\u00e9s del Programa para el Empleo y la Innovaci\u00f3n Social (2017): <a href=\"https:\/\/www.mscbs.gob.es\/ssi\/familiasInfancia\/ServiciosSociales\/EjeProgress.htm\"><strong>https:\/\/www.mscbs.gob.es\/ssi\/familiasInfancia\/ServiciosSociales\/EjeProgress.htm<\/strong><\/a><\/li>\n<\/ul>\n<\/div><\/div>\n<\/div><\/div>\n<\/div><\/div>\n<\/div><\/div>\n\n\n\n<h2 class=\"wp-block-heading has-text-align-center has-white-background-color has-text-color has-background\" style=\"color:#03473a\"><strong>PROYECTOS<\/strong><\/h2>\n\n\n\n<h3 class=\"wp-block-heading\">Competitivos<\/h3>\n\n\n\n<p><strong>2025-2027<\/strong><\/p>\n\n\n\n<ul class=\"wp-block-list\">\n<li>\u201cEl impacto de la Era Digital en el Trabajo de las Mujeres \/ The impact of the digital era on women\u2019s work\u201d. IPs M. Luisa Molero Mara\u00f1\u00f3n y M. Bego\u00f1a Garc\u00eda Gil. Proyectos de Generaci\u00f3n de Conocimiento 2023, Ministerio de Ciencia, Innovaci\u00f3n y Universidades, Ref. PID 2023-1464940B-100.<\/li>\n<\/ul>\n\n\n\n<p><strong>2024<\/strong><\/p>\n\n\n\n<ul class=\"wp-block-list\">\n<li>\u201cSer Mujer y Trabajo en la Era Digital\u201d. Proyecto puente de investigaci\u00f3n URJC 2023\/solcon-130825 IPs M. Luisa Molero Mara\u00f1\u00f3n y M. Bego\u00f1a Garc\u00eda Gil.<\/li>\n<\/ul>\n\n\n\n<p><strong>2023-2026<\/strong><\/p>\n\n\n\n<ul class=\"wp-block-list\">\n<li>\u00abPOBREZA ENERG\u00c9TICA Y PERCEPCI\u00d3N CIUDADANA DE LAS POL\u00cdTICAS DE ENERG\u00cdA SOSTENIBLES (EPSEP)\u00bb IP. Santiago Budr\u00eda. Proyectos de Generaci\u00f3n de Conocimiento 2022, Ministerio de Ciencia, Innovaci\u00f3n y Universidades\u00a0(REF. PID2022-143254OB-I00)<\/li>\n<\/ul>\n\n\n\n<p><strong>2022-2024<\/strong><\/p>\n\n\n\n<ul class=\"wp-block-list\">\n<li>\u00abEL RETO DE LA TRANSICI\u00d3N ECOL\u00d3GICA: POBREZA ENERG\u00c9TICA, BIENESTAR Y EL MERCADO DE LA ENERG\u00cdA EL\u00c9CTRICA\u00bb. IP. Santiago Budr\u00eda. Proyectos de Generaci\u00f3n de Conocimiento 2021, Ministerio de Ciencia, Innovaci\u00f3n y Universidades\u00a0(Ref. TED2021-132824B-I00).<\/li>\n<\/ul>\n\n\n\n<p><strong>2022-2023<\/strong><\/p>\n\n\n\n<ul class=\"wp-block-list\">\n<li>\u201cInnovative methodologies for the design and evaluation of inclusion policies in Spain\u201d. Financiado por la Organisation for Economic Co-operation and Development (OCDE). IP: Luis Ayala Ca\u00f1\u00f3n<\/li>\n<\/ul>\n\n\n\n<p><strong>2021-2025<\/strong><\/p>\n\n\n\n<ul class=\"wp-block-list\">\n<li>\u201cLos programas de garant\u00eda de ingresos: identificaci\u00f3n de nuevas demandas y evaluaci\u00f3n de su din\u00e1mica\u201d IP Luis Ayala Ca\u00f1\u00f3n. Proyectos de Generaci\u00f3n de Conocimiento 2021, Ministerio de Ciencia e Innovaci\u00f3n, Ref. PID2021-125710OB-C21.<\/li>\n<\/ul>\n\n\n\n<p><strong>2021-2022<\/strong><\/p>\n\n\n\n<ul class=\"wp-block-list\">\n<li>\u201cSer mujer en el mercado de trabajo\u201d. RTI2018-095398-B-100. Entidad financiadora: Ministerio de Econom\u00eda, Industria y Competitividad. IP: Mar\u00eda Luisa Molero Mara\u00f1\u00f3n.<\/li>\n<\/ul>\n\n\n\n<p><strong>2020-2023<\/strong><\/p>\n\n\n\n<ul class=\"wp-block-list\">\n<li>\u201cIgualdad de oportunidades, inclusi\u00f3n social y bienestar\u201d. OPINBI-CM (H2019\/HUM5793. Entidad financiadora: Comunidad Aut\u00f3noma de Madrid. IP: Mar\u00eda Jes\u00fas Delgado Rodr\u00edguez.<\/li>\n<\/ul>\n\n\n\n<p><\/p>\n\n\n\n<h3 class=\"wp-block-heading\"><strong>No competitivos (art. 60 LOSU)<\/strong><\/h3>\n\n\n\n<p><strong>2024<\/strong><\/p>\n\n\n\n<ul class=\"wp-block-list\">\n<li>Contrato para la elaboraci\u00f3n de un Informe sobre el r\u00e9gimen participaci\u00f3n de los usuarios en el coste de los servicios del sistema para la autonom\u00eda y atenci\u00f3n a la dependencia en el marco auton\u00f3mico y en la Comunidad de Madrid. Financiado por la Comunidad de Madrid (Direcci\u00f3n general de Atenci\u00f3n al Mayor y a la Dependencia. Consejer\u00eda de la Familia, Juventud y Asuntos Sociales. Presupuesto: 16.805,56 \u20ac. Equipo investigador: Rosa Mart\u00ednez L\u00f3pez (UNED), Mar\u00eda Jes\u00fas Delgado (IP, URJC), Fernando Pinto Hern\u00e1ndez (URJC), Isabel Rodr\u00edguez Iglesias (IP, URJC), Susana Rold\u00e1n Ayuso (URJC), Ana Mar\u00eda Moreno Adalid (URJC), Daniel Cid Moreno (Banco de Espa\u00f1a).<\/li>\n<\/ul>\n\n\n\n<p><\/p>\n","protected":false},"excerpt":{"rendered":"<p>ART\u00cdCULOS DE INVESTIGACI\u00d3N 2026 2025 2024 2023 2022 2021 2020 2019 2018 2017 2016 INFORMES PROYECTOS Competitivos 2025-2027 2024 2023-2026 2022-2024 2022-2023 2021-2025 2021-2022 2020-2023&hellip;<\/p>\n<p> <a class=\"more-link\" href=\"https:\/\/blogs.uned.es\/politicaspublicasybienestarsocial\/publicaciones-y-proyectos\/\">Leer m\u00e1s<\/a><\/p>\n","protected":false},"author":7439,"featured_media":39,"parent":0,"menu_order":0,"comment_status":"closed","ping_status":"closed","template":"","meta":{"footnotes":""},"class_list":["post-37","page","type-page","status-publish","has-post-thumbnail"],"_links":{"self":[{"href":"https:\/\/blogs.uned.es\/politicaspublicasybienestarsocial\/wp-json\/wp\/v2\/pages\/37","targetHints":{"allow":["GET"]}}],"collection":[{"href":"https:\/\/blogs.uned.es\/politicaspublicasybienestarsocial\/wp-json\/wp\/v2\/pages"}],"about":[{"href":"https:\/\/blogs.uned.es\/politicaspublicasybienestarsocial\/wp-json\/wp\/v2\/types\/page"}],"author":[{"embeddable":true,"href":"https:\/\/blogs.uned.es\/politicaspublicasybienestarsocial\/wp-json\/wp\/v2\/users\/7439"}],"replies":[{"embeddable":true,"href":"https:\/\/blogs.uned.es\/politicaspublicasybienestarsocial\/wp-json\/wp\/v2\/comments?post=37"}],"version-history":[{"count":26,"href":"https:\/\/blogs.uned.es\/politicaspublicasybienestarsocial\/wp-json\/wp\/v2\/pages\/37\/revisions"}],"predecessor-version":[{"id":761,"href":"https:\/\/blogs.uned.es\/politicaspublicasybienestarsocial\/wp-json\/wp\/v2\/pages\/37\/revisions\/761"}],"wp:featuredmedia":[{"embeddable":true,"href":"https:\/\/blogs.uned.es\/politicaspublicasybienestarsocial\/wp-json\/wp\/v2\/media\/39"}],"wp:attachment":[{"href":"https:\/\/blogs.uned.es\/politicaspublicasybienestarsocial\/wp-json\/wp\/v2\/media?parent=37"}],"curies":[{"name":"wp","href":"https:\/\/api.w.org\/{rel}","templated":true}]}}