{"id":293,"date":"2021-04-19T09:26:08","date_gmt":"2021-04-19T09:26:08","guid":{"rendered":"https:\/\/blogs.uned.es\/politicaspublicasybienestarsocial\/?page_id=293"},"modified":"2021-04-19T09:33:36","modified_gmt":"2021-04-19T09:33:36","slug":"jose-manuel-tranchez-martin","status":"publish","type":"page","link":"https:\/\/blogs.uned.es\/politicaspublicasybienestarsocial\/jose-manuel-tranchez-martin\/","title":{"rendered":"JOS\u00c9 MANUEL TRANCHEZ MARTIN"},"content":{"rendered":"\n<div class=\"wp-block-columns is-layout-flex wp-container-core-columns-is-layout-9d6595d7 wp-block-columns-is-layout-flex\">\n<div class=\"wp-block-column is-layout-flow wp-block-column-is-layout-flow\" style=\"flex-basis:130%\">\n<div class=\"wp-block-columns is-layout-flex wp-container-core-columns-is-layout-9d6595d7 wp-block-columns-is-layout-flex\">\n<div class=\"wp-block-column is-layout-flow wp-block-column-is-layout-flow\" style=\"flex-basis:33.33%\">\n<figure class=\"wp-block-image size-large\"><img loading=\"lazy\" decoding=\"async\" width=\"500\" height=\"500\" src=\"http:\/\/blogs.uned.es\/politicaspublicasybienestarsocial\/wp-content\/uploads\/sites\/295\/2021\/03\/Jose\u0301-Manuel-Tra\u0301nchez-Marti\u0301n.jpg\" alt=\"\" class=\"wp-image-189\" \/><\/figure>\n<\/div>\n\n\n\n<div class=\"wp-block-column is-layout-flow wp-block-column-is-layout-flow\" style=\"flex-basis:66.66%\">\n<p style=\"font-size:60px\"><strong>JOSE MANUEL TR\u00c1NCHEZ MART\u00cdN<\/strong><\/p>\n<\/div>\n<\/div>\n<\/div>\n<\/div>\n\n\n\n<p><strong>CURRICULUM VITAE<\/strong>&nbsp;<\/p>\n\n\n\n<p><strong>Diciembre 2020<\/strong><\/p>\n\n\n\n<p><strong>_____________________________________________________________________________<\/strong><\/p>\n\n\n\n<p><strong>INFORMACI\u00d3N DE CONTACTO<\/strong><\/p>\n\n\n\n<p>Universidad Nacional de Educaci\u00f3n a Distancia (UNED)&nbsp;&nbsp;&nbsp;&nbsp;&nbsp;&nbsp;&nbsp;&nbsp; &nbsp;&nbsp;&nbsp;&nbsp;&nbsp;&nbsp;&nbsp;&nbsp;&nbsp;&nbsp;<\/p>\n\n\n\n<p>Departamento de Econom\u00eda Aplicada y Gesti\u00f3n P\u00fablica&nbsp;&nbsp;&nbsp;&nbsp;&nbsp;&nbsp;&nbsp;&nbsp;&nbsp;&nbsp; &nbsp;&nbsp;&nbsp;&nbsp;&nbsp;<\/p>\n\n\n\n<p>Facultad de Derecho. C\/ Obispo Trejo, n\u00ba 2. Madrid 28040. Despacho 4.11.&nbsp;&nbsp;&nbsp;&nbsp;&nbsp;&nbsp;&nbsp;&nbsp;&nbsp;&nbsp;&nbsp;&nbsp;&nbsp;&nbsp;&nbsp;&nbsp;&nbsp;&nbsp;&nbsp;&nbsp;&nbsp;&nbsp;&nbsp;&nbsp;&nbsp;&nbsp;<\/p>\n\n\n\n<p>(M\u00f3vil): +(34) 630485793<\/p>\n\n\n\n<p>(Oficina) : + (34) 913986121<\/p>\n\n\n\n<p>e-mail:&nbsp; <a href=\"mailto:jtranchez@cee.uned.es\">jtranchez@cee.uned.es<\/a><\/p>\n\n\n\n<p>_____________________________________________________________________________<\/p>\n\n\n\n<p><strong>FORMACI\u00d3N<\/strong><\/p>\n\n\n\n<ul class=\"wp-block-list\"><li>Doctor en Econom\u00eda (2001). Universidad Nacional de Educaci\u00f3n a Distancia (UNED)Espa\u00f1a<\/li><li>Licenciado en Derecho (1991). Universidad Complutense de Madrid, Espa\u00f1a<\/li><li>Diplomado en CC. Empresariales (1998). Universidad Complutense de Madrid, Espa\u00f1a<\/li><li>Postgrado en \u201cMetodolog\u00eda de Investigaci\u00f3n Cuantitativa y T\u00e9cnicas Estad\u00edsticas\u201d (1999). Consejo Superior de Investigaciones Cient\u00edficas (CSIC) , Espa\u00f1a<\/li><\/ul>\n\n\n\n<p><strong>_____________________________________________________________________________<\/strong><\/p>\n\n\n\n<p><strong>EXPERIENCIA PROFESIONAL &nbsp;<\/strong><\/p>\n\n\n\n<ul class=\"wp-block-list\"><li>(Marzo 2002- Actualidad): Profesor Titular del Departamento de Econom\u00eda Aplicada y Gesti\u00f3n P\u00fablica. UNED.<\/li><li>(Abril 2011-Actualidad) Investigador externo del Instituto de Estudios Fiscales.<\/li><li>(Marzo 2005-Marzo 2011): Coordinador de \u00c1rea (Investigador). Subdirecci\u00f3n General de Estudios Tributarios. Instituto de Estudios Fiscales. Ministerio de Econom\u00eda y Hacienda.<\/li><li>&nbsp;(1993-2002): Profesor Ayudante y Profesor Asociado del Departamento de Econom\u00eda Aplicada e Historia Econ\u00f3mica de la UNED.<\/li><li>(1991- 1993): Becario de investigaci\u00f3n en Subdirecci\u00f3n General de Estudios de Gasto P\u00fablico. Instituto de Estudios Fiscales<\/li><\/ul>\n\n\n\n<p>____________________________________________________________________________<\/p>\n\n\n\n<p><strong>ACTIVIDAD DOCENTE &nbsp;<\/strong><\/p>\n\n\n\n<ul class=\"wp-block-list\"><li>Docencia en <em>Econom\u00eda Pol\u00edtica<\/em>. Licenciatura y Grado en Derecho. UNED. (1994-2004) Grado en CC Jur\u00eddicas de las AAPP (2011-Actualidad)<\/li><li>Docencia en <em>Hacienda P\u00fablica<\/em>. Licenciatura y Grado en Derecho. UNED. (1994-2004)<\/li><li>Profesor <em>M\u00e1ster Oficial en Direcci\u00f3n P\u00fablica, Pol\u00edticas P\u00fablicas y Tributaci\u00f3n<\/em> (UNED-Instituto de Estudios Fiscales). Docencia en <em>Federalismo Fiscal<\/em>.&nbsp; (2009-Actualidad). Secretario Acad\u00e9mico del M\u00e1ster.<\/li><li>Profesor <em>M\u00e1ster Oficial en Hacienda P\u00fablica y Administraci\u00f3n Financiera y Tributaria<\/em> (UNED-Instituto de Estudios Fiscales). Docencia en <em>Pol\u00edtica Fiscal<\/em>. (2001-Actualidad).<\/li><li>Profesor <em>M\u00e1ster en Direcci\u00f3n P\u00fablica (<\/em>Escuela de Organizaci\u00f3n Industrial- Instituto de Estudios Fiscales). Docencia en <em>Pol\u00edticas P\u00fablicas del Estado del Bienestar<\/em>. (2009-Actualidad)<\/li><li>Profesor del <em>Doctorado en Derecho y CC. Sociales <\/em>de la UNED. (2012-Actualidad).<\/li><li>Profesor del <em>Doctorado en Direcci\u00f3n y Administraci\u00f3n P\u00fablica<\/em> del Departamento de Econom\u00eda Aplicada y Gesti\u00f3n P\u00fablica de la UNED. (2001-2009).<\/li><\/ul>\n\n\n\n<p>_____________________________________________________________________________<\/p>\n\n\n\n<p><strong>ACTIVIDAD DE GESTI\u00d3N UNIVERSITARIA &nbsp;<\/strong><\/p>\n\n\n\n<ul class=\"wp-block-list\"><li>(Mayo 2019- Actualidad): Secretario Acad\u00e9mico del Departamento de Econom\u00eda Aplicada y Gesti\u00f3n P\u00fablica de la UNED<\/li><li>(Febrero 2011- Actualidad): Secretario Acad\u00e9mico M\u00e1ster Oficial en Direcci\u00f3n P\u00fablica, Pol\u00edticas P\u00fablicas y Tributaci\u00f3n (UNED-Instituto de Estudios Fiscales).<\/li><li>(Abril 2011- Abril 2019): Director del Departamento de Econom\u00eda Aplicada y Gesti\u00f3n P\u00fablica de la UNED.<\/li><\/ul>\n\n\n\n<p>_____________________________________________________________________________<\/p>\n\n\n\n<p><strong>PUBLICACIONES: REVISTAS&nbsp;<\/strong><\/p>\n\n\n\n<ul class=\"wp-block-list\"><li>Mart\u00ednez-Vazquez, J; Tr\u00e1nchez-Mart\u00edn, JM y Sanz-Arcega, E. (2021): \u201cEstructura territorial y reforma institucional del Estado Auton\u00f3mico\u201d, Papeles de Econom\u00eda Espa\u00f1ola n\u00ba 168. FUNCAS<\/li><li>Lerida-Navarro, C., Nombela-Merchan G. y Tranchez-Martin, JM (2019):\u201cEuropean railways: Liberalization and productive efficiency\u201d <em>Transport Policy<\/em> 83, pp 57-67, Elsevier. <a href=\"https:\/\/doi.org\/10.1016\/j.tranpol.2019.09.002\" target=\"_blank\" rel=\"noreferrer noopener\">https:\/\/doi.org\/10.1016\/j.tranpol.2019.09.002<\/a><\/li><\/ul>\n\n\n\n<ul class=\"wp-block-list\"><li>Mart\u00ednez-Vazquez, J; Tr\u00e1nchez-Mart\u00edn, JM y Sanz-Arcega, E. (2019) \u201cA prop\u00f3sito del Informe de la Comisi\u00f3n de Expertos para la revisi\u00f3n del modelo de financiaci\u00f3n auton\u00f3mica: oportunidades para un sistema m\u00e1s eficiente\u201d <em>Presupuesto y Gasto P\u00fablico<\/em> 96\/2019: 89-106. Secretar\u00eda de Estado de Presupuestos y Gastos. Ministerio de Hacienda<\/li><li>Herrero Alcalde, Ana; Javier Mart\u00edn Rom\u00e1n; y Jos\u00e9 Manuel Tr\u00e1nchez Mart\u00edn (2019): \u201cCondici\u00f3n Financiera y Fondos de Liquidez en Espa\u00f1a: Un Enfoque Regional\u201d, <em>Revista de Estudios Regionales<\/em>, n\u00ba 114, pp. 91-117.<\/li><li>Herrero Alcalde, Ana; Mar\u00eda Goenaga Ruiz de Zuazu; y Jos\u00e9 Manuel Tr\u00e1nchez Martin (2018): \u201cRevisiting Responsibility Attribution within Multilevel Governments: The Role of Information\u201d, <em>Hacienda P\u00fablica Espa\u00f1ola<\/em>, 226 (3\/2018), pp. 37-58.<\/li><li>Casta\u00f1eda-Fern\u00e1ndez, J.; Herrero-Alcalde, A, Tr\u00e1nchez-Mart\u00edn, JM ; y Vila-Vila, J. (2018): \u201cStabilizing the Economy in a Mutilevel Government: the Role of Spanish Governments\u201d, <em>Revista de Econom\u00eda Aplicada<\/em>, XXVI (77), pp. 53-75.<\/li><li>Herrero Alcalde, Ana y Jos\u00e9 Manuel Tr\u00e1nchez Mart\u00edn (2017): \u201cDemographic, Political, Institutional and Financial Determinants of Regional Social Expenditure: The Case of Spain\u201d, <em>Regional Studies<\/em>, Vol 51; Issue 6 , pp 920-932, Taylor &amp; Francis &nbsp;<a href=\"https:\/\/doi.org\/10.1080\/00343404.2016.1146822\">https:\/\/doi.org\/10.1080\/00343404.2016.1146<\/a><a href=\"https:\/\/doi.org\/10.1080\/00343404.2016.1146822\" target=\"_blank\" rel=\"noreferrer noopener\">822<\/a><\/li><li>L\u00e9rida, C. y Tr\u00e1nchez; JM (2014) \u201cSobre la relaci\u00f3n entre liberalizaci\u00f3n y eficiencia productiva en el sector ferroviario en Europa\u201d, <em>Estudios de Econom\u00eda Aplicada<\/em>, n\u00ba 32, pp. 813-840.<\/li><li>Herrero, A y Tr\u00e1nchez, JM (2011) \u201cEl desarrollo y evoluci\u00f3n del sistema de financiaci\u00f3n auton\u00f3mica\u201d; <em>Presupuesto y Gasto P\u00fablico<\/em>, n\u00ba 62, pp 21-32, Instituto de Estudios Fiscales.&nbsp;<\/li><li>Tranchez, JM , Garc\u00eda, MA y Herrero, A. (2009) : \u201cEl sistema de financiaci\u00f3n auton\u00f3mica de 2001: un diagn\u00f3stico de sus principales problemas\u201d, Presupuesto y Gasto P\u00fablico 55\/2009, pp. 77-101, Instituto de Estudios Fiscales. &nbsp;<\/li><li>Herrero, A, D\u00edaz de Sarralde, S, Loscos, J., Antiqueira, M, Tr\u00e1nchez, M (2007): \u201cLa reforma de la financiaci\u00f3n auton\u00f3mica: reflexiones y escenarios\u201d. <em>Informaci\u00f3n Comercial Espa\u00f1ola<\/em>, ICE: Revista de Econom\u00eda, N\u00ba 837, 2007, pags. 83-98, Ministerio de Econom\u00eda<\/li><li>D\u00edaz de Sarralde, S.; Tr\u00e1nchez, J.M.; y Torrej\u00f3n, L. (2006): \u201cLa capacidad normativa en los tributos cedidos a las comunidades aut\u00f3nomas: situaci\u00f3n actual y v\u00edas de reforma\u201d, <em>An\u00e1lisis Local<\/em>, 65, 47-60.<\/li><li>Tr\u00e1nchez, J.M (2001) \u201cLa heterogeneidad de la vivienda y el an\u00e1lisis de precios hed\u00f3nicos: una aproximaci\u00f3n\u201d Cuadernos de Informaci\u00f3n Econ\u00f3mica, 163, Julio-Agosto 2001, pp. 28-35; Fundaci\u00f3n de las Cajas de Ahorros Confederadas<\/li><\/ul>\n\n\n\n<p><a>____________________________________________________________________________<\/a><\/p>\n\n\n\n<p><strong>PUBLICACIONES: LIBROS y CAP\u00cdTULOS DE LIBROS<\/strong><\/p>\n\n\n\n<ul class=\"wp-block-list\"><li>Herrero, A, Tr\u00e1nchez, JM y Vilalta (2016) \u201cEl gasto auton\u00f3mico en los servicios esenciales del Estado del Bienestar: evoluci\u00f3n, disparidades y factores explicativos\u201d en Gallego, R. (Ed) <em>Descentralizaci\u00f3n y desigualdad en el Estado Auton\u00f3mico<\/em>, Cap 5, pp. 179-223, Ed. Tirant lo Blanch, Monograf\u00edas.<\/li><li>Herrero, A, Tr\u00e1nchez, JM y Vilalta (2015) \u201cEl Estado del Bienestar en el marco de los procesos de integraci\u00f3n y descentralizaci\u00f3n: principios orientativos\u201d en Ruiz-Huerta, J., Ayala, L. y Loscos, J. (eds) <em>Estado del Bienestar y Sistemas Fiscales en Europa<\/em>, Cap 8, pp. 249-268, Consejo Econ\u00f3mico y Social (CES), Colecci\u00f3n Estudios n\u00ba 132. Premio de investigaci\u00f3n del CES.<\/li><li>Herrero, A, Tr\u00e1nchez, JM y Vilalta (2015) \u201cLa integraci\u00f3n en la Uni\u00f3n Europea: implicaciones sobre los sistemas fiscales y el Estado del Bienestar\u201d en Ruiz-Huerta, J., Ayala, L. y Loscos, J. (eds) <em>Estado del Bienestar y Sistemas Fiscales en Europa<\/em>, Cap 9, pp. 273-303, Consejo Econ\u00f3mico y Social (CES), Colecci\u00f3n Estudios n\u00ba 132. Premio de investigaci\u00f3n del CES.<\/li><li>Herrero, A, Tr\u00e1nchez, JM y Vilalta (2015) \u201cDescentralizaci\u00f3n y Estado del Bienestar\u201d en Ruiz-Huerta, J., Ayala, L. y Loscos, J. (eds) <em>Estado del Bienestar y Sistemas Fiscales en Europa<\/em>, Cap 10, pp. 309-332, Consejo Econ\u00f3mico y Social (CES), Colecci\u00f3n Estudios n\u00ba 132 Premio de investigaci\u00f3n del CES.<\/li><li>Tr\u00e1nchez, JM, Mart\u00edn, J; Fern\u00e1ndez de Beaumont, I. (2014) \u201cCrisis financiera, refuerzo de la estabilidad presupuestaria y reforma de la administraci\u00f3n local\u201d en D\u00edaz Lema(ed.)<em> Sostenibilidad financiera y administraci\u00f3n local<\/em>, Cap 1, pp. 13-100. Ed. Tirant lo Blanch, Monograf\u00edas.<\/li><li>Tr\u00e1nchez, JM, Mart\u00edn, J; Fern\u00e1ndez de Beaumont, I; Rodriguez, A. y Alonso, D (2012) \u201cLos gastos por servicios no obligatorios en los municipios asturianos: un an\u00e1lisis comparado\u201d en Rodriguez Vigil y Fernandez Llera, R. (eds) \u201cCrisis de los ayuntamientos y crisis de la democracia: ideas para una reforma del r\u00e9gimen local en Asturias\u201d, Real Instituto de Estudios Asturianos RIDEA.<\/li><li>Ruiz-Huerta, J., D\u00edaz de Sarralde, S, Tr\u00e1nchez, J.M., Torrej\u00f3n, JL. (2007) \u201c\u00bfC\u00f3mo avanzar en la autonom\u00eda tributaria de las Comunidades Aut\u00f3nomas\u201d, en S. Lago (ed.) <em>La Financiaci\u00f3n del Estado de las Autonom\u00edas: Perspectivas de Futuro<\/em>, pp. 133-163, Instituto de Estudios Fiscales.<\/li><li>Tr\u00e1nchez, J.M. (2002) <em>\u201cDiferencias de precios por razones de localizaci\u00f3n en el mercado de vivienda de la Comunidad de Madrid. Una aplicaci\u00f3n del modelo de precios hed\u00f3nicos\u201d<\/em>. Premio Tesis Doctorales Consejer\u00eda de Econom\u00eda de la Comunidad de Madrid.<\/li><\/ul>\n\n\n\n<p>____________________________________________________________________________<\/p>\n\n\n\n<p><strong>PUBLICACIONES: DOCUMENTOS DE TRABAJO &nbsp;E INFORMES<\/strong><\/p>\n\n\n\n<ul class=\"wp-block-list\"><li>Herrero, A.; Tr\u00e1nchez, J y Ruiz-Huerta. (2020): \u201cLa financiaci\u00f3n de las regiones y las desigualdades territoriales\u201d en <em>4\u00ba Informe sobre la Desigualdad en Espa\u00f1a: Una perspectiva territorial<\/em> . Fundaci\u00f3n Alternativas,<\/li><li>Herrero, A.; Mart\u00edn , J. y Tr\u00e1nchez, J. (2016): \u201cFactores determinantes del Fondos de Liquidez auton\u00f3mica \u201d WP 5\/2016 RIFDE-Gen<\/li><li>Tr\u00e1nchez, JM, Mart\u00edn, J; Fern\u00e1ndez de Beaumont, I; Rodriguez, A. y Alonso, D (2011) \u201cLos gastos no obligatorios en los municipios de Madrid, Catalu\u00f1a y Andaluc\u00eda\u201d Documentos de Trabajo 25 \/11 Instituto de Estudios Fiscales.<\/li><li>Herrero, A., D\u00edaz de Sarralde, S., Loscos, J, Antiqueira, M, y Tr\u00e1nchez, JM (2006): \u201cFinanciaci\u00f3n Auton\u00f3mica: algunos escenarios de reforma de los espacios fiscales\u201d, <em>Papeles de Trabajo<\/em> 20 \/2006, Instituto de Estudios Fiscales.<\/li><\/ul>\n\n\n\n<p>____________________________________________________________________________<\/p>\n\n\n\n<p><strong>PROYECTOS DE INVESTIGACION<\/strong><\/p>\n\n\n\n<ul class=\"wp-block-list\"><li><em>\u201cVisibilidad y atribuci\u00f3n de responsabilidades en el Estado de Autonom\u00edas espa\u00f1ol\u201d<\/em> Financiado por el Instituto de Estudios Fiscales, junio 2015-junio 2016. Investigador Principal: Ana Herrero Alcalde (UNED)<\/li><li><em>\u201cDescentralizaci\u00f3n y desigualdad en el Estado Auton\u00f3mico: Ideolog\u00eda y partidos, opini\u00f3n p\u00fablica, financiaci\u00f3n territorial y pol\u00edticas p\u00fablicas\u201d. <\/em>Enero 2012-Diciembre 2014 (CSO2011-27547), Programa de I+D+i del Ministerio de Ciencia e Innovaci\u00f3n. Investigador Principal: Raquel Gallego (U. Barcelona).<\/li><li><em>Estado del Bienestar y Sistemas Fiscales en Europa<\/em>, Premio de investigaci\u00f3n del CES, 2014, Investigador Principal: Jesus Ruiz-Huerta (URJC) y Luis Ayala (URJC).<\/li><li>\u201c<em>La articulaci\u00f3n de las relaciones fiscales entre niveles de gobierno: diagn\u00f3stico y v\u00edas de reforma\u201d<\/em> Financiado por el Instituto de Estudios Fiscales, enero 2013-diciembre 2013. Investigador Principal: Jose Manuel Tr\u00e1nchez (UNED)<\/li><li><em>\u201cSostenibilidad financiera y administraci\u00f3n local\u201d<\/em>. Periodo: Enero 2011- Enero 2013. Programa de I+D+i del Ministerio de Econom\u00eda y Competitividad. Secretar\u00eda de Estado de Investigaci\u00f3n, Desarrollo e Innovaci\u00f3n. Investigador Principal: Jose Manuel D\u00edaz Lema (U. de Valladolid)<\/li><\/ul>\n\n\n\n<p>____________________________________________________________________________<\/p>\n\n\n\n<p><strong>COMUNICACIONES Y PONENCIAS EN CONGRESOS<\/strong><\/p>\n\n\n\n<ul class=\"wp-block-list\"><li>Castedo T., Herrero, A y Tr\u00e1nchez, JM (2019): \u201cLa Condici\u00f3n Financiera de las CCAA antes y despu\u00e9s de los mecanismos de liquidez\u201d XXVI Encuentro de investigadores en Econom\u00eda P\u00fablica, Universidad de Oviedo. Enero 2019.<\/li><li>Herrero, A; Mart\u00edn-Roman, J. M y Tr\u00e1nchez, JM (2017)<em> <\/em>\u201cDeterminantes del Fondo de liquidez auton\u00f3mico\u201d. XXIV Encuentro de investigadores en Econom\u00eda P\u00fablica, Universidad de Castilla La Mancha. Enero 2017.<\/li><li>Herrero, A; Mart\u00edn-Roman, J. M y Tr\u00e1nchez, JM (2016)\u201cThe main determinants of the Regional Liquidity Fund in Spain\u201d. XI Summer School in Public Economics. Septiembre 2016. Georgia State University. Atlanta. Georgia. USA<\/li><li>Herrero, A; Goenaga, M y Tr\u00e1nchez, JM (2016)\u201cInstitutional determinants of regional governments\u00b4 visibility\u201d. Regional Studies Association Annual Conference, Graz, Austria . Abril 2016<\/li><li>Herrero, A; Goenaga, M y Tr\u00e1nchez, JM (2016)<em> <\/em>\u201cVisibilidad y atribuci\u00f3n de responsabilidades en el Estado de Autonom\u00edas espa\u00f1ol\u201d. XXIII Encuentro de investigadores en Econom\u00eda P\u00fablica, Universidad de Vigo.<\/li><li>Herrero, A y Tr\u00e1nchez, JM (2015) \u201cDeterminantes del gasto social auton\u00f3mico\u201d. XXII Encuentro de investigadores en Econom\u00eda P\u00fablica, Universidad de Cantabria.<\/li><li>Herrero, A y Tr\u00e1nchez, JM (2015) \u201cOn the determinants of Regional Social Expenditure\u201d X Summer School in Public Economics. Septiembre 2015. Georgia State University. Atlanta. Georgia. USA<\/li><li>Tr\u00e1nchez, JM y Herrero, A (2014) \u201cConvergencia regional en el gasto social\u201d. XXI Encuentro de investigadores en Econom\u00eda P\u00fablica, Universidad de Girona<\/li><li>Casta\u00f1eda, J, Herrero, A, Tr\u00e1nchez, JM y Vila, J (2013) \u201cFiscal rules within a multilevel public sector: an application to the Spanish case\u201d IX Summer School in Public Economics. Georgia State University. Atlanta. Georgia. USA<\/li><li>Tr\u00e1nchez, JM; Mart\u00edn, J, Fern\u00e1ndez de Beaumont, I. Alonso, D. y Rodr\u00edguez A (2011) \u201cLos gastos no obligatorios en los municipios de Madrid, Catalu\u00f1a y Andaluc\u00eda\u201d XVIII Encuentro de investigadores en Econom\u00eda P\u00fablica, Universidad de M\u00e1laga.<\/li><li>Tr\u00e1nchez, JM; Mart\u00edn, J, Fern\u00e1ndez de Beaumont, I. Alonso, D. y Rodr\u00edguez A (2010) \u201cImproper expenditures in Spanish municipalities\u201d. VI Summer School in Public Economics. Georgia State University. Atlanta. Georgia. USA<\/li><li>Tr\u00e1nchez, JM (2008) \u201cEl proceso de descentralizaci\u00f3n financiera en Espa\u00f1a\u201d. Jornadas I Aniversario Agencia Recaudaci\u00f3n de la Provincia de Buenos Aires (ARBA)- ARBA-Embajadas de Espa\u00f1a y USA en Argentina. \u201cFederalismo, ciudadan\u00eda fiscal y sistema tributario\u201d Campus de la Universidad Austral. Buenos Aires. Argentina<\/li><\/ul>\n\n\n\n<p><strong>____________________________________________________________________________<\/strong><\/p>\n\n\n\n<p><strong>OTROS M\u00c9RITOS<\/strong><\/p>\n\n\n\n<ul class=\"wp-block-list\"><li>Premio Alexandre Pedr\u00f3s al mejor trabajo publicado en Hacienda P\u00fablica Espa\u00f1ola en 2018 por el trabajo: Herrero, A.; Goenaga, M. y Tr\u00e1nchez JM (2018): \u201cRevisiting Responsibility Attribution within Multilevel Governments: The Role of Information\u201d, <em>Hacienda P\u00fablica Espa\u00f1ola, 226 (3\/2018)<\/em>, pp. 37-58.<\/li><li>Premio de Investigaci\u00f3n del Consejo Econ\u00f3mico y Social 2014: <em>Estado del Bienestar y Sistemas Fiscales en Europa<\/em>\u201d. Investigador Principal: Jesus Ruiz-Huerta (URJC) y Luis Ayala (URJC). Coautor de la investigaci\u00f3n.<\/li><li>Premio Alexandre Pedr\u00f3s al mejor trabajo en el Encuentro de Econom\u00eda P\u00fablica por el trabajo: Tr\u00e1nchez JM, Fernandez, I, Mart\u00edn, J (2011): \u201cLos gastos impropios en los municipios espa\u00f1oles\u201d. XVII Encuentro de Econom\u00eda P\u00fablica. Universidad de M\u00e1laga 2011<\/li><li>Miembro de la Comisi\u00f3n nombrada por el Ministerio de Econom\u00eda y Hacienda para el estudio de la reforma del sistema de financiaci\u00f3n auton\u00f3mica, constituido en Abril de 2006.<\/li><li>IV Edici\u00f3n de Premios a Tesis Doctorales sobre Estudios de Econom\u00eda Regional. Consejer\u00eda de Econom\u00eda y Empleo de la Comunidad de Madrid. (2001) \u201cDiferencias de precios por razones de localizaci\u00f3n en el mercado de vivienda de la Comunidad de Madrid. Una aplicaci\u00f3n del modelo de precios hed\u00f3nicos\u201d<\/li><li>IV Edici\u00f3n de Premios de Investigaci\u00f3n del Consejo Econ\u00f3mico y Social de la Comunidad de Madrid. (2001) Trabajo: Tesis Doctoral: \u201cDiferencias de precios por razones de localizaci\u00f3n en el mercado de vivienda de la Comunidad de Madrid. Una aplicaci\u00f3n del modelo de precios hed\u00f3nicos\u201d<\/li><\/ul>\n","protected":false},"excerpt":{"rendered":"<p>JOSE MANUEL TR\u00c1NCHEZ MART\u00cdN CURRICULUM VITAE&nbsp; Diciembre 2020 _____________________________________________________________________________ INFORMACI\u00d3N DE CONTACTO Universidad Nacional de Educaci\u00f3n a Distancia (UNED)&nbsp;&nbsp;&nbsp;&nbsp;&nbsp;&nbsp;&nbsp;&nbsp; &nbsp;&nbsp;&nbsp;&nbsp;&nbsp;&nbsp;&nbsp;&nbsp;&nbsp;&nbsp; Departamento de Econom\u00eda Aplicada y&hellip;<\/p>\n<p> <a class=\"more-link\" href=\"https:\/\/blogs.uned.es\/politicaspublicasybienestarsocial\/jose-manuel-tranchez-martin\/\">Leer m\u00e1s<\/a><\/p>\n","protected":false},"author":7439,"featured_media":0,"parent":0,"menu_order":0,"comment_status":"closed","ping_status":"closed","template":"","meta":{"footnotes":""},"class_list":["post-293","page","type-page","status-publish"],"_links":{"self":[{"href":"https:\/\/blogs.uned.es\/politicaspublicasybienestarsocial\/wp-json\/wp\/v2\/pages\/293","targetHints":{"allow":["GET"]}}],"collection":[{"href":"https:\/\/blogs.uned.es\/politicaspublicasybienestarsocial\/wp-json\/wp\/v2\/pages"}],"about":[{"href":"https:\/\/blogs.uned.es\/politicaspublicasybienestarsocial\/wp-json\/wp\/v2\/types\/page"}],"author":[{"embeddable":true,"href":"https:\/\/blogs.uned.es\/politicaspublicasybienestarsocial\/wp-json\/wp\/v2\/users\/7439"}],"replies":[{"embeddable":true,"href":"https:\/\/blogs.uned.es\/politicaspublicasybienestarsocial\/wp-json\/wp\/v2\/comments?post=293"}],"version-history":[{"count":17,"href":"https:\/\/blogs.uned.es\/politicaspublicasybienestarsocial\/wp-json\/wp\/v2\/pages\/293\/revisions"}],"predecessor-version":[{"id":327,"href":"https:\/\/blogs.uned.es\/politicaspublicasybienestarsocial\/wp-json\/wp\/v2\/pages\/293\/revisions\/327"}],"wp:attachment":[{"href":"https:\/\/blogs.uned.es\/politicaspublicasybienestarsocial\/wp-json\/wp\/v2\/media?parent=293"}],"curies":[{"name":"wp","href":"https:\/\/api.w.org\/{rel}","templated":true}]}}