{"id":27,"date":"2021-03-28T10:58:08","date_gmt":"2021-03-28T10:58:08","guid":{"rendered":"https:\/\/blogs.uned.es\/politicaspublicasybienestarsocial\/?page_id=27"},"modified":"2026-04-22T17:47:48","modified_gmt":"2026-04-22T17:47:48","slug":"investigadores","status":"publish","type":"page","link":"https:\/\/blogs.uned.es\/politicaspublicasybienestarsocial\/investigadores\/","title":{"rendered":"INVESTIGADORES"},"content":{"rendered":"\n<div class=\"wp-block-columns is-layout-flex wp-container-core-columns-is-layout-9d6595d7 wp-block-columns-is-layout-flex\">\n<div class=\"wp-block-column is-layout-flow wp-block-column-is-layout-flow\">\n<figure class=\"wp-block-image size-large\"><img loading=\"lazy\" decoding=\"async\" width=\"366\" height=\"367\" src=\"https:\/\/blogs.uned.es\/politicaspublicasybienestarsocial\/wp-content\/uploads\/sites\/295\/2021\/03\/33196432-2.jpg\" alt=\"\" class=\"wp-image-179\" \/><\/figure>\n\n\n\n<p class=\"has-text-align-center\"><strong><a href=\"https:\/\/www.uned.es\/universidad\/docentes\/derecho\/luis-ayala-canon.html\" data-type=\"URL\" target=\"_blank\" rel=\"noreferrer noopener\">Luis Ayala Ca\u00f1\u00f3n<\/a><\/strong><\/p>\n\n\n\n<p class=\"has-text-align-center\">Catedr\u00e1tico. Investigador principal.<\/p>\n<\/div>\n\n\n\n<div class=\"wp-block-column is-layout-flow wp-block-column-is-layout-flow\">\n<figure class=\"wp-block-image size-large\"><img loading=\"lazy\" decoding=\"async\" width=\"500\" height=\"500\" src=\"https:\/\/blogs.uned.es\/politicaspublicasybienestarsocial\/wp-content\/uploads\/sites\/295\/2021\/03\/Pedro-Tamayo-Lorenzo.png\" alt=\"\" class=\"wp-image-187\" \/><\/figure>\n\n\n\n<p class=\"has-text-align-center\"><strong><a href=\"https:\/\/www.uned.es\/universidad\/docentes\/derecho\/pedro-antonio-tamayo-lorenzo.html\" target=\"_blank\" rel=\"noreferrer noopener\">Pedro A. Tamayo Lorenzo<\/a><\/strong><\/p>\n\n\n\n<p class=\"has-text-align-center\">Doctor. Profesor Titular.<\/p>\n<\/div>\n\n\n\n<div class=\"wp-block-column is-layout-flow wp-block-column-is-layout-flow\">\n<figure class=\"wp-block-image size-large\"><img loading=\"lazy\" decoding=\"async\" width=\"500\" height=\"500\" src=\"https:\/\/blogs.uned.es\/politicaspublicasybienestarsocial\/wp-content\/uploads\/sites\/295\/2021\/03\/Jose\u0301-Manuel-Tra\u0301nchez-Marti\u0301n.jpg\" alt=\"\" class=\"wp-image-189\" \/><\/figure>\n\n\n\n<p class=\"has-text-align-center\"><strong><a href=\"https:\/\/blogs.uned.es\/politicaspublicasybienestarsocial\/jose-manuel-tranchez-martin\/\" data-type=\"URL\" data-id=\"https:\/\/blogs.uned.es\/politicaspublicasybienestarsocial\/jose-manuel-tranchez-martin\/\" target=\"_blank\" rel=\"noreferrer noopener\">Jos\u00e9 Manuel Tr\u00e1nchez Mart\u00edn<\/a><\/strong><\/p>\n\n\n\n<p class=\"has-text-align-center\">Doctor. Profesor Titular.<\/p>\n<\/div>\n<\/div>\n\n\n\n<div class=\"wp-block-columns is-layout-flex wp-container-core-columns-is-layout-9d6595d7 wp-block-columns-is-layout-flex\">\n<div class=\"wp-block-column is-layout-flow wp-block-column-is-layout-flow\" style=\"flex-basis:100%\">\n<div class=\"wp-block-group\"><div class=\"wp-block-group__inner-container is-layout-flow wp-block-group-is-layout-flow\">\n<div class=\"wp-block-columns is-layout-flex wp-container-core-columns-is-layout-9d6595d7 wp-block-columns-is-layout-flex\">\n<div class=\"wp-block-column is-layout-flow wp-block-column-is-layout-flow\"><div class=\"wp-block-image\">\n<figure class=\"aligncenter size-full is-resized\"><img loading=\"lazy\" decoding=\"async\" width=\"397\" height=\"397\" src=\"https:\/\/blogs.uned.es\/politicaspublicasybienestarsocial\/wp-content\/uploads\/sites\/295\/2025\/03\/Foto_perfil_AH-edited.jpg\" alt=\"\" class=\"wp-image-597\" style=\"object-fit:cover;width:258px;height:auto\" srcset=\"https:\/\/blogs.uned.es\/politicaspublicasybienestarsocial\/wp-content\/uploads\/sites\/295\/2025\/03\/Foto_perfil_AH-edited.jpg 397w, https:\/\/blogs.uned.es\/politicaspublicasybienestarsocial\/wp-content\/uploads\/sites\/295\/2025\/03\/Foto_perfil_AH-edited-300x300.jpg 300w, https:\/\/blogs.uned.es\/politicaspublicasybienestarsocial\/wp-content\/uploads\/sites\/295\/2025\/03\/Foto_perfil_AH-edited-150x150.jpg 150w\" sizes=\"auto, (max-width: 397px) 100vw, 397px\" \/><\/figure>\n<\/div>\n\n\n<p class=\"has-text-align-center\"><strong><a href=\"https:\/\/www.uned.es\/universidad\/docentes\/derecho\/ana-herrero-alcalde.html\">Ana Herrero Alcalde<\/a><\/strong><\/p>\n\n\n\n<p class=\"has-text-align-center\">Doctora. Profesora Titular<\/p>\n<\/div>\n\n\n\n<div class=\"wp-block-column is-layout-flow wp-block-column-is-layout-flow\"><div class=\"wp-block-image\">\n<figure class=\"aligncenter size-full is-resized\"><img loading=\"lazy\" decoding=\"async\" width=\"1024\" height=\"768\" src=\"https:\/\/blogs.uned.es\/politicaspublicasybienestarsocial\/wp-content\/uploads\/sites\/295\/2026\/04\/ROSA-MARTINEZ-LOPEZ.jpg\" alt=\"\" class=\"wp-image-771\" style=\"aspect-ratio:1;object-fit:cover;width:261px;height:auto\" srcset=\"https:\/\/blogs.uned.es\/politicaspublicasybienestarsocial\/wp-content\/uploads\/sites\/295\/2026\/04\/ROSA-MARTINEZ-LOPEZ.jpg 1024w, https:\/\/blogs.uned.es\/politicaspublicasybienestarsocial\/wp-content\/uploads\/sites\/295\/2026\/04\/ROSA-MARTINEZ-LOPEZ-300x225.jpg 300w, https:\/\/blogs.uned.es\/politicaspublicasybienestarsocial\/wp-content\/uploads\/sites\/295\/2026\/04\/ROSA-MARTINEZ-LOPEZ-768x576.jpg 768w\" sizes=\"auto, (max-width: 1024px) 100vw, 1024px\" \/><\/figure>\n<\/div>\n\n\n<p class=\"has-text-align-center\"><a href=\"https:\/\/www.uned.es\/universidad\/docentes\/derecho\/rosa-maria-martinez-lopez.html\"><strong>Rosa<\/strong> <strong>Mar\u00eda Mart\u00ednez L\u00f3pez<\/strong><\/a><\/p>\n\n\n\n<p class=\"has-text-align-center\">Doctora. Profesora Titular<\/p>\n<\/div>\n\n\n\n<div class=\"wp-block-column is-layout-flow wp-block-column-is-layout-flow\"><div class=\"wp-block-image\">\n<figure class=\"aligncenter size-full\"><img loading=\"lazy\" decoding=\"async\" width=\"261\" height=\"261\" src=\"https:\/\/blogs.uned.es\/politicaspublicasybienestarsocial\/wp-content\/uploads\/sites\/295\/2026\/02\/Foto_carolina-navarro-ruiz_grupo-edited-1.jpg\" alt=\"\" class=\"wp-image-731\" style=\"aspect-ratio:1;object-fit:cover\" srcset=\"https:\/\/blogs.uned.es\/politicaspublicasybienestarsocial\/wp-content\/uploads\/sites\/295\/2026\/02\/Foto_carolina-navarro-ruiz_grupo-edited-1.jpg 261w, https:\/\/blogs.uned.es\/politicaspublicasybienestarsocial\/wp-content\/uploads\/sites\/295\/2026\/02\/Foto_carolina-navarro-ruiz_grupo-edited-1-150x150.jpg 150w\" sizes=\"auto, (max-width: 261px) 100vw, 261px\" \/><\/figure>\n<\/div>\n\n\n<p class=\"has-text-align-center\"><strong><a href=\"https:\/\/www.uned.es\/universidad\/docentes\/derecho\/carolina-navarro-ruiz.html\">Carolina Navarro Ruiz<\/a><\/strong><\/p>\n\n\n\n<p class=\"has-text-align-center\">Doctora. Profesora Contratada Doctora<\/p>\n<\/div>\n<\/div>\n<\/div><\/div>\n<\/div>\n<\/div>\n\n\n\n<div class=\"wp-block-columns is-layout-flex wp-container-core-columns-is-layout-9d6595d7 wp-block-columns-is-layout-flex\">\n<div class=\"wp-block-column is-layout-flow wp-block-column-is-layout-flow\"><div class=\"wp-block-image\">\n<figure class=\"aligncenter size-full\"><img loading=\"lazy\" decoding=\"async\" width=\"400\" height=\"400\" src=\"https:\/\/blogs.uned.es\/politicaspublicasybienestarsocial\/wp-content\/uploads\/sites\/295\/2026\/02\/javier-martin-roman-edited-1.jpg\" alt=\"\" class=\"wp-image-725\" srcset=\"https:\/\/blogs.uned.es\/politicaspublicasybienestarsocial\/wp-content\/uploads\/sites\/295\/2026\/02\/javier-martin-roman-edited-1.jpg 400w, https:\/\/blogs.uned.es\/politicaspublicasybienestarsocial\/wp-content\/uploads\/sites\/295\/2026\/02\/javier-martin-roman-edited-1-300x300.jpg 300w, https:\/\/blogs.uned.es\/politicaspublicasybienestarsocial\/wp-content\/uploads\/sites\/295\/2026\/02\/javier-martin-roman-edited-1-150x150.jpg 150w\" sizes=\"auto, (max-width: 400px) 100vw, 400px\" \/><\/figure>\n<\/div>\n\n\n<p class=\"has-text-align-center\"><strong><a rel=\"noreferrer noopener\" href=\"https:\/\/www.uned.es\/universidad\/docentes\/derecho\/javier-martin-roman.html\" target=\"_blank\">Javier Mart\u00edn Rom\u00e1n<\/a><\/strong><\/p>\n\n\n\n<p class=\"has-text-align-center\">Doctor. Profesor Permanente Laboral<\/p>\n<\/div>\n\n\n\n<div class=\"wp-block-column is-layout-flow wp-block-column-is-layout-flow\"><div class=\"wp-block-image\">\n<figure class=\"aligncenter size-full\"><img loading=\"lazy\" decoding=\"async\" width=\"768\" height=\"768\" src=\"https:\/\/blogs.uned.es\/politicaspublicasybienestarsocial\/wp-content\/uploads\/sites\/295\/2026\/02\/maria-covadonga-gijon-tascon-edited.jpg\" alt=\"\" class=\"wp-image-711\" srcset=\"https:\/\/blogs.uned.es\/politicaspublicasybienestarsocial\/wp-content\/uploads\/sites\/295\/2026\/02\/maria-covadonga-gijon-tascon-edited.jpg 768w, https:\/\/blogs.uned.es\/politicaspublicasybienestarsocial\/wp-content\/uploads\/sites\/295\/2026\/02\/maria-covadonga-gijon-tascon-edited-300x300.jpg 300w, https:\/\/blogs.uned.es\/politicaspublicasybienestarsocial\/wp-content\/uploads\/sites\/295\/2026\/02\/maria-covadonga-gijon-tascon-edited-150x150.jpg 150w\" sizes=\"auto, (max-width: 768px) 100vw, 768px\" \/><\/figure>\n<\/div>\n\n\n<p class=\"has-text-align-center\"><strong><a rel=\"noreferrer noopener\" href=\"https:\/\/www.uned.es\/universidad\/docentes\/derecho\/maria-covadonga-gijon-tascon.html\" target=\"_blank\">Covadonga Gij\u00f3n<\/a><\/strong><\/p>\n\n\n\n<p class=\"has-text-align-center\">Doctora. Profesor Contratado Doctor<\/p>\n<\/div>\n\n\n\n<div class=\"wp-block-column is-layout-flow wp-block-column-is-layout-flow\"><div class=\"wp-block-image\">\n<figure class=\"aligncenter size-full\"><img loading=\"lazy\" decoding=\"async\" width=\"768\" height=\"768\" src=\"https:\/\/blogs.uned.es\/politicaspublicasybienestarsocial\/wp-content\/uploads\/sites\/295\/2026\/02\/marina-romaguera-de-la-cruz-edited.jpg\" alt=\"\" class=\"wp-image-713\" srcset=\"https:\/\/blogs.uned.es\/politicaspublicasybienestarsocial\/wp-content\/uploads\/sites\/295\/2026\/02\/marina-romaguera-de-la-cruz-edited.jpg 768w, https:\/\/blogs.uned.es\/politicaspublicasybienestarsocial\/wp-content\/uploads\/sites\/295\/2026\/02\/marina-romaguera-de-la-cruz-edited-300x300.jpg 300w, https:\/\/blogs.uned.es\/politicaspublicasybienestarsocial\/wp-content\/uploads\/sites\/295\/2026\/02\/marina-romaguera-de-la-cruz-edited-150x150.jpg 150w\" sizes=\"auto, (max-width: 768px) 100vw, 768px\" \/><\/figure>\n<\/div>\n\n\n<p class=\"has-text-align-center\"><strong><a href=\"https:\/\/www.uned.es\/universidad\/docentes\/derecho\/marina-romaguera-de-la-cruz.html\" target=\"_blank\" rel=\"noreferrer noopener\">Marina Romaguera De la Cruz<\/a><\/strong><\/p>\n\n\n\n<p class=\"has-text-align-center\">Doctora. Profesora Permanente Laboral<\/p>\n<\/div>\n<\/div>\n\n\n\n<div class=\"wp-block-columns is-layout-flex wp-container-core-columns-is-layout-9d6595d7 wp-block-columns-is-layout-flex\">\n<div class=\"wp-block-column is-layout-flow wp-block-column-is-layout-flow\">\n<div class=\"wp-block-columns is-layout-flex wp-container-core-columns-is-layout-9d6595d7 wp-block-columns-is-layout-flex\">\n<div class=\"wp-block-column is-layout-flow wp-block-column-is-layout-flow\">\n<figure class=\"wp-block-image size-large\"><img loading=\"lazy\" decoding=\"async\" width=\"2560\" height=\"2560\" src=\"https:\/\/blogs.uned.es\/politicaspublicasybienestarsocial\/wp-content\/uploads\/sites\/295\/2026\/02\/juan-c-campana-naranjo-edited-scaled.jpg\" alt=\"\" class=\"wp-image-723\" style=\"aspect-ratio:1;object-fit:cover\" srcset=\"https:\/\/blogs.uned.es\/politicaspublicasybienestarsocial\/wp-content\/uploads\/sites\/295\/2026\/02\/juan-c-campana-naranjo-edited-scaled.jpg 2560w, https:\/\/blogs.uned.es\/politicaspublicasybienestarsocial\/wp-content\/uploads\/sites\/295\/2026\/02\/juan-c-campana-naranjo-edited-300x300.jpg 300w, https:\/\/blogs.uned.es\/politicaspublicasybienestarsocial\/wp-content\/uploads\/sites\/295\/2026\/02\/juan-c-campana-naranjo-edited-1024x1024.jpg 1024w, https:\/\/blogs.uned.es\/politicaspublicasybienestarsocial\/wp-content\/uploads\/sites\/295\/2026\/02\/juan-c-campana-naranjo-edited-150x150.jpg 150w, https:\/\/blogs.uned.es\/politicaspublicasybienestarsocial\/wp-content\/uploads\/sites\/295\/2026\/02\/juan-c-campana-naranjo-edited-768x768.jpg 768w, https:\/\/blogs.uned.es\/politicaspublicasybienestarsocial\/wp-content\/uploads\/sites\/295\/2026\/02\/juan-c-campana-naranjo-edited-1536x1536.jpg 1536w, https:\/\/blogs.uned.es\/politicaspublicasybienestarsocial\/wp-content\/uploads\/sites\/295\/2026\/02\/juan-c-campana-naranjo-edited-2048x2048.jpg 2048w\" sizes=\"auto, (max-width: 2560px) 100vw, 2560px\" \/><\/figure>\n\n\n\n<p><strong><a href=\"https:\/\/www.uned.es\/universidad\/docentes\/derecho\/juan-carlos-campana-naranjo.html\" target=\"_blank\" rel=\"noreferrer noopener\">Juan Carlos Campa\u00f1a Naranjo<\/a><\/strong><\/p>\n\n\n\n<p>Doctor. Profesor Permanente Laboral<\/p>\n<\/div>\n\n\n\n<div class=\"wp-block-column is-layout-flow wp-block-column-is-layout-flow\">\n<figure class=\"wp-block-image size-full is-resized\"><img loading=\"lazy\" decoding=\"async\" width=\"266\" height=\"266\" src=\"https:\/\/blogs.uned.es\/politicaspublicasybienestarsocial\/wp-content\/uploads\/sites\/295\/2021\/03\/LogoUnedPeq.jpg\" alt=\"\" class=\"wp-image-99\" style=\"aspect-ratio:1;object-fit:cover;width:260px;height:auto\" \/><\/figure>\n\n\n\n<p class=\"has-text-align-center\"><strong>Jos\u00e9 Espinoza Delgado<\/strong><\/p>\n\n\n\n<p>Doctor. Profesor Ayudante Doctor.<\/p>\n<\/div>\n\n\n\n<div class=\"wp-block-column is-layout-flow wp-block-column-is-layout-flow\">\n<figure class=\"wp-block-image size-full is-resized\"><img loading=\"lazy\" decoding=\"async\" width=\"684\" height=\"684\" src=\"https:\/\/blogs.uned.es\/politicaspublicasybienestarsocial\/wp-content\/uploads\/sites\/295\/2021\/03\/LogoUNED.jpg\" alt=\"\" class=\"wp-image-87\" style=\"aspect-ratio:1;object-fit:contain;width:259px;height:auto\" \/><\/figure>\n\n\n\n<p class=\"has-text-align-center\"><strong>Amaia Palencia Esteban<\/strong><\/p>\n\n\n\n<p>Doctor. Profesor Ayudante Doctor.<\/p>\n<\/div>\n<\/div>\n<\/div>\n<\/div>\n\n\n\n<h3 class=\"wp-block-heading has-text-align-center\">INVESTIGADORES DE OTROS ORGANISMOS<\/h3>\n\n\n\n<hr class=\"wp-block-separator has-css-opacity\" \/>\n\n\n\n<div class=\"wp-block-columns is-layout-flex wp-container-core-columns-is-layout-9d6595d7 wp-block-columns-is-layout-flex\">\n<div class=\"wp-block-column is-layout-flow wp-block-column-is-layout-flow\">\n<figure class=\"wp-block-image size-large\"><img loading=\"lazy\" decoding=\"async\" width=\"500\" height=\"500\" src=\"https:\/\/blogs.uned.es\/politicaspublicasybienestarsocial\/wp-content\/uploads\/sites\/295\/2021\/03\/Olga-Canto\u0301-Sa\u0301nchez.jpg\" alt=\"\" class=\"wp-image-199\" \/><\/figure>\n\n\n\n<p class=\"has-text-align-center\"><strong><a href=\"https:\/\/sites.google.com\/view\/olgacantosanchez\/about-me\" target=\"_blank\" rel=\"noreferrer noopener\">Olga Cant\u00f3 S\u00e1nchez<\/a><\/strong><\/p>\n<\/div>\n\n\n\n<div class=\"wp-block-column is-layout-flow wp-block-column-is-layout-flow\">\n<figure class=\"wp-block-image size-large is-resized\"><img loading=\"lazy\" decoding=\"async\" width=\"500\" height=\"499\" src=\"https:\/\/blogs.uned.es\/politicaspublicasybienestarsocial\/wp-content\/uploads\/sites\/295\/2021\/03\/foto_mariajesus.delgado.jpg\" alt=\"\" class=\"wp-image-201\" style=\"width:261px;height:260px\" \/><\/figure>\n\n\n\n<p class=\"has-text-align-center\"><strong><a href=\"https:\/\/scholar.google.es\/citations?user=6R4ajjW5hMsC&amp;hl=es\" target=\"_blank\" rel=\"noreferrer noopener\">M\u00aa Jes\u00fas Delgado Rodr\u00edguez<\/a><\/strong><\/p>\n<\/div>\n\n\n\n<div class=\"wp-block-column is-layout-flow wp-block-column-is-layout-flow\"><\/div>\n<\/div>\n\n\n\n<div class=\"wp-block-columns is-layout-flex wp-container-core-columns-is-layout-9d6595d7 wp-block-columns-is-layout-flex\">\n<div class=\"wp-block-column is-layout-flow wp-block-column-is-layout-flow\" style=\"flex-basis:100%\">\n<div class=\"wp-block-columns is-layout-flex wp-container-core-columns-is-layout-9d6595d7 wp-block-columns-is-layout-flex\">\n<div class=\"wp-block-column is-layout-flow wp-block-column-is-layout-flow\"><\/div>\n\n\n\n<div class=\"wp-block-column is-layout-flow wp-block-column-is-layout-flow\"><\/div>\n<\/div>\n<\/div>\n<\/div>\n\n\n\n<p><\/p>\n","protected":false},"excerpt":{"rendered":"<p>Luis Ayala Ca\u00f1\u00f3n Catedr\u00e1tico. Investigador principal. Pedro A. Tamayo Lorenzo Doctor. Profesor Titular. Jos\u00e9 Manuel Tr\u00e1nchez Mart\u00edn Doctor. Profesor Titular. Ana Herrero Alcalde Doctora. Profesora&hellip;<\/p>\n<p> <a class=\"more-link\" href=\"https:\/\/blogs.uned.es\/politicaspublicasybienestarsocial\/investigadores\/\">Leer m\u00e1s<\/a><\/p>\n","protected":false},"author":7439,"featured_media":31,"parent":0,"menu_order":0,"comment_status":"closed","ping_status":"closed","template":"","meta":{"footnotes":""},"class_list":["post-27","page","type-page","status-publish","has-post-thumbnail"],"_links":{"self":[{"href":"https:\/\/blogs.uned.es\/politicaspublicasybienestarsocial\/wp-json\/wp\/v2\/pages\/27","targetHints":{"allow":["GET"]}}],"collection":[{"href":"https:\/\/blogs.uned.es\/politicaspublicasybienestarsocial\/wp-json\/wp\/v2\/pages"}],"about":[{"href":"https:\/\/blogs.uned.es\/politicaspublicasybienestarsocial\/wp-json\/wp\/v2\/types\/page"}],"author":[{"embeddable":true,"href":"https:\/\/blogs.uned.es\/politicaspublicasybienestarsocial\/wp-json\/wp\/v2\/users\/7439"}],"replies":[{"embeddable":true,"href":"https:\/\/blogs.uned.es\/politicaspublicasybienestarsocial\/wp-json\/wp\/v2\/comments?post=27"}],"version-history":[{"count":40,"href":"https:\/\/blogs.uned.es\/politicaspublicasybienestarsocial\/wp-json\/wp\/v2\/pages\/27\/revisions"}],"predecessor-version":[{"id":805,"href":"https:\/\/blogs.uned.es\/politicaspublicasybienestarsocial\/wp-json\/wp\/v2\/pages\/27\/revisions\/805"}],"wp:featuredmedia":[{"embeddable":true,"href":"https:\/\/blogs.uned.es\/politicaspublicasybienestarsocial\/wp-json\/wp\/v2\/media\/31"}],"wp:attachment":[{"href":"https:\/\/blogs.uned.es\/politicaspublicasybienestarsocial\/wp-json\/wp\/v2\/media?parent=27"}],"curies":[{"name":"wp","href":"https:\/\/api.w.org\/{rel}","templated":true}]}}