{"id":13603,"date":"2025-02-17T17:57:03","date_gmt":"2025-02-17T17:57:03","guid":{"rendered":"https:\/\/blogs.uned.es\/metis\/?page_id=13603"},"modified":"2025-02-17T17:57:03","modified_gmt":"2025-02-17T17:57:03","slug":"turad-miguel-turad-lorenzo","status":"publish","type":"page","link":"https:\/\/blogs.uned.es\/metis\/turad-miguel-turad-lorenzo\/","title":{"rendered":"Turad Miguel Turad Lorenzo"},"content":{"rendered":"\n<p><strong>Turad Miguel Turad Lorenzo (UCM): \u00bfC\u00f3mo se relacionan los conceptos metaf\u00edsicos con las ciencias? El caso de la emergencia<\/strong><\/p>\n\n\n\n<p>Mi\u00e9rcoles 26 de febrero de 2025 @16:00 (CET)<br><a href=\"https:\/\/maps.app.goo.gl\/Vpn2WznNc6VnYpf47\">Sal<\/a><a href=\"https:\/\/maps.app.goo.gl\/Qjf6jvJJwuJuHbpS7\">a<\/a><a href=\"https:\/\/maps.app.goo.gl\/Vpn2WznNc6VnYpf47\">\u00a0de Formaci\u00f3n y Uso Docente, Edificio A, Facultad de Filosof\u00eda, UCM<\/a>\u00a0&amp;\u00a0<a href=\"https:\/\/meet.google.com\/ydm-nxej-zgx\">online<\/a><\/p>\n\n\n\n<p><em>Abstract<\/em><br>El concepto de emergencia ha sido empleado pr\u00e1cticamente en todas las disciplinas cient\u00edficas para caracterizar aquellas entidades y fen\u00f3menos que exhiben propiedades novedosas y distintas a las de sus constituyentes. Sin embargo, hay muy poco consenso acerca de c\u00f3mo definir adecuadamente el concepto. En el presente trabajo argumento que esta falta de acuerdo se debe, en parte, a una divergencia subyacente en la manera de comprender la relaci\u00f3n entre los conceptos metaf\u00edsicos, como la emergencia, y los resultados de las ciencias. Por un lado, estar\u00edan quienes consideran que la emergencia es un concepto metaf\u00edsico general que recoge ciertas caracter\u00edsticas comunes entre las distintas entidades que estudian las ciencias y que, por ende, refleja ciertos aspectos estructurales y fundamentales de la realidad. Por el otro, estar\u00edan quienes defienden que la emergencia es un concepto metaf\u00edsico espec\u00edfico que se utiliza de manera distinta en cada disciplina cient\u00edfica y que, por lo tanto, admite distintas caracterizaciones en funci\u00f3n de los objetivos particulares de cada una de ellas. Finalmente, utilizo el caso de la emergencia para replantear la relaci\u00f3n entre ciencia y metaf\u00edsica.<br><br><em>Bio<\/em><br>Turad Miguel Turad Lorenzo es investigador predoctoral en el Departamento de L\u00f3gica y Filosof\u00eda Te\u00f3rica de la UCM y miembro de BioKoinos, un grupo de investigaci\u00f3n en metaf\u00edsica y filosof\u00eda de la biolog\u00eda. Es contratado FPI dentro del proyecto &#8220;Metaf\u00edsica de la Biolog\u00eda: Procesos y Disposiciones&#8221; (PID2021-127184NB-I00). Su investigaci\u00f3n se centra en el debate ontol\u00f3gico entre las perspectivas reduccionistas y emergentistas en filosof\u00eda de la ciencia, con el objetivo de explorar nuevas v\u00edas para reorientar\u00a0esta\u00a0discusi\u00f3n.<\/p>\n","protected":false},"excerpt":{"rendered":"<p>Turad Miguel Turad Lorenzo (UCM): \u00bfC\u00f3mo se relacionan los conceptos metaf\u00edsicos con las ciencias? El caso de la emergencia Mi\u00e9rcoles 26 de febrero de 2025 @16:00 (CET)Sala\u00a0de Formaci\u00f3n y Uso Docente, Edificio A, Facultad de Filosof\u00eda, UCM\u00a0&amp;\u00a0online AbstractEl concepto de emergencia ha sido empleado pr\u00e1cticamente en todas las disciplinas cient\u00edficas para caracterizar aquellas entidades y [&hellip;]<\/p>\n","protected":false},"author":7965,"featured_media":0,"parent":0,"menu_order":0,"comment_status":"closed","ping_status":"closed","template":"","meta":{"footnotes":""},"class_list":["post-13603","page","type-page","status-publish","hentry"],"_links":{"self":[{"href":"https:\/\/blogs.uned.es\/metis\/wp-json\/wp\/v2\/pages\/13603","targetHints":{"allow":["GET"]}}],"collection":[{"href":"https:\/\/blogs.uned.es\/metis\/wp-json\/wp\/v2\/pages"}],"about":[{"href":"https:\/\/blogs.uned.es\/metis\/wp-json\/wp\/v2\/types\/page"}],"author":[{"embeddable":true,"href":"https:\/\/blogs.uned.es\/metis\/wp-json\/wp\/v2\/users\/7965"}],"replies":[{"embeddable":true,"href":"https:\/\/blogs.uned.es\/metis\/wp-json\/wp\/v2\/comments?post=13603"}],"version-history":[{"count":1,"href":"https:\/\/blogs.uned.es\/metis\/wp-json\/wp\/v2\/pages\/13603\/revisions"}],"predecessor-version":[{"id":13605,"href":"https:\/\/blogs.uned.es\/metis\/wp-json\/wp\/v2\/pages\/13603\/revisions\/13605"}],"wp:attachment":[{"href":"https:\/\/blogs.uned.es\/metis\/wp-json\/wp\/v2\/media?parent=13603"}],"curies":[{"name":"wp","href":"https:\/\/api.w.org\/{rel}","templated":true}]}}