{"id":12303,"date":"2023-09-25T07:24:09","date_gmt":"2023-09-25T07:24:09","guid":{"rendered":"https:\/\/blogs.uned.es\/metis\/?page_id=12303"},"modified":"2023-09-26T16:56:19","modified_gmt":"2023-09-26T16:56:19","slug":"12303-2","status":"publish","type":"page","link":"https:\/\/blogs.uned.es\/metis\/seminar\/12303-2\/","title":{"rendered":"Mar\u00eda Jim\u00e9nez-Buedo"},"content":{"rendered":"\n<p><strong>Mar\u00eda Jim\u00e9nez-Buedo: Los mecanismos en la sociolog\u00eda anal\u00edtica<\/strong> <strong>(con Sa\u00fal P\u00e9rez-Gonz\u00e1lez)<\/strong><\/p>\n\n\n\n<p>Tuesday October 31 2023 @12:00 (CEST)<br><a href=\"https:\/\/www.google.com\/maps\/place\/UNED+-+Humanidades\/@40.4366067,-3.7379162,17z\/data=!3m2!4b1!5s0xd4228238189d7b7:0x62044c79ae77dfac!4m6!3m5!1s0xd42295f507d8465:0xc8bff2c2c262c868!8m2!3d40.4366067!4d-3.7353359!16s%2Fg%2F11d_d4qny9?entry=ttu\">Sala B, Edificio de Humanidades, UNED<\/a> &amp; <a href=\"https:\/\/blogs.uned.es\/metis\/contact\/\" data-type=\"page\" data-id=\"11553\">online<\/a><\/p>\n\n\n\n<p><em>Abstract<\/em><br>Uno de los rasgos definitorios de la sociolog\u00eda anal\u00edtica actual es su \u00e9nfasis en la centralidad de los mecanismos en la ciencia social. Se considera que la explicaci\u00f3n de fen\u00f3menos sociales se logra principalmente a trav\u00e9s de la identificaci\u00f3n y descripci\u00f3n de los mecanismos sociales subyacentes. Estos mecanismos suelen agregar acciones individuales para formar macrofen\u00f3menos. Siguiendo esta idea, los fundadores de la sociolog\u00eda anal\u00edtica concibieron el futuro de la disciplina como uno en el que habr\u00eda una panoplia de esquemas de mecanismos que constituir\u00edan colectivamente un cat\u00e1logo de explicaciones disponibles para los fen\u00f3menos sociales. Este trabajo aborda la idea del cat\u00e1logo de mecanismos y examina las promesas, pero tambi\u00e9n las dificultades, que entra\u00f1a la idea y eval\u00faa hasta qu\u00e9 punto el cat\u00e1logo desempe\u00f1a actualmente el papel previsto por los primeros soci\u00f3logos anal\u00edticos.<\/p>\n\n\n\n<p><em>Bio<\/em><br><a href=\"https:\/\/www.uned.es\/universidad\/docentes\/filosofia\/maria-jimenez-buedo.html\">Mar\u00eda Jim\u00e9nez-Buedo<\/a> es profesora contratada doctora en el Departamento de L\u00f3gica, Historia y Filosof\u00eda de la Ciencia de la UNED y miembro del grupo de investigaci\u00f3n METIS. Trabaja en la Filosof\u00eda de las Ciencias Sociales y la Filosof\u00eda de la Experimentaci\u00f3n. Actualmente es IP de EviSoc, un proyecto de investigaci\u00f3n centrado en la noci\u00f3n de evidencia de mecanismos en las ciencias sociales.<\/p>\n","protected":false},"excerpt":{"rendered":"<p>Mar\u00eda Jim\u00e9nez-Buedo: Los mecanismos en la sociolog\u00eda anal\u00edtica (con Sa\u00fal P\u00e9rez-Gonz\u00e1lez) Tuesday October 31 2023 @12:00 (CEST)Sala B, Edificio de Humanidades, UNED &amp; online AbstractUno de los rasgos definitorios de la sociolog\u00eda anal\u00edtica actual es su \u00e9nfasis en la centralidad de los mecanismos en la ciencia social. Se considera que la explicaci\u00f3n de fen\u00f3menos sociales [&hellip;]<\/p>\n","protected":false},"author":7717,"featured_media":0,"parent":11563,"menu_order":0,"comment_status":"closed","ping_status":"closed","template":"","meta":{"footnotes":""},"class_list":["post-12303","page","type-page","status-publish","hentry"],"_links":{"self":[{"href":"https:\/\/blogs.uned.es\/metis\/wp-json\/wp\/v2\/pages\/12303","targetHints":{"allow":["GET"]}}],"collection":[{"href":"https:\/\/blogs.uned.es\/metis\/wp-json\/wp\/v2\/pages"}],"about":[{"href":"https:\/\/blogs.uned.es\/metis\/wp-json\/wp\/v2\/types\/page"}],"author":[{"embeddable":true,"href":"https:\/\/blogs.uned.es\/metis\/wp-json\/wp\/v2\/users\/7717"}],"replies":[{"embeddable":true,"href":"https:\/\/blogs.uned.es\/metis\/wp-json\/wp\/v2\/comments?post=12303"}],"version-history":[{"count":3,"href":"https:\/\/blogs.uned.es\/metis\/wp-json\/wp\/v2\/pages\/12303\/revisions"}],"predecessor-version":[{"id":12323,"href":"https:\/\/blogs.uned.es\/metis\/wp-json\/wp\/v2\/pages\/12303\/revisions\/12323"}],"up":[{"embeddable":true,"href":"https:\/\/blogs.uned.es\/metis\/wp-json\/wp\/v2\/pages\/11563"}],"wp:attachment":[{"href":"https:\/\/blogs.uned.es\/metis\/wp-json\/wp\/v2\/media?parent=12303"}],"curies":[{"name":"wp","href":"https:\/\/api.w.org\/{rel}","templated":true}]}}