{"id":31,"date":"2016-09-12T16:58:38","date_gmt":"2016-09-12T16:58:38","guid":{"rendered":"http:\/\/blogs.uned.es\/mbc\/?page_id=31"},"modified":"2026-06-29T08:34:12","modified_gmt":"2026-06-29T08:34:12","slug":"publicaciones","status":"publish","type":"page","link":"https:\/\/blogs.uned.es\/mbc\/publicaciones\/","title":{"rendered":"Art\u00edculos"},"content":{"rendered":"\t\t<div data-elementor-type=\"wp-page\" data-elementor-id=\"31\" class=\"elementor elementor-31\">\n\t\t\t\t\t\t<section class=\"elementor-section elementor-top-section elementor-element elementor-element-482966e7 elementor-section-boxed elementor-section-height-default elementor-section-height-default\" data-id=\"482966e7\" data-element_type=\"section\" data-e-type=\"section\">\n\t\t\t\t\t\t<div class=\"elementor-container elementor-column-gap-default\">\n\t\t\t\t\t<div class=\"elementor-column elementor-col-100 elementor-top-column elementor-element elementor-element-174f5eab\" data-id=\"174f5eab\" data-element_type=\"column\" data-e-type=\"column\">\n\t\t\t<div class=\"elementor-widget-wrap elementor-element-populated\">\n\t\t\t\t\t\t<div class=\"elementor-element elementor-element-27cb3c5 elementor-widget elementor-widget-accordion\" data-id=\"27cb3c5\" data-element_type=\"widget\" data-e-type=\"widget\" data-widget_type=\"accordion.default\">\n\t\t\t\t<div class=\"elementor-widget-container\">\n\t\t\t\t\t\t\t<div class=\"elementor-accordion\">\n\t\t\t\t\t\t\t<div class=\"elementor-accordion-item\">\n\t\t\t\t\t<div id=\"elementor-tab-title-4171\" class=\"elementor-tab-title\" data-tab=\"1\" role=\"button\" aria-controls=\"elementor-tab-content-4171\" aria-expanded=\"false\">\n\t\t\t\t\t\t\t\t\t\t\t\t\t<span class=\"elementor-accordion-icon elementor-accordion-icon-left\" aria-hidden=\"true\">\n\t\t\t\t\t\t\t\t\t\t\t\t\t\t\t<span class=\"elementor-accordion-icon-closed\"><i class=\"fas fa-plus\"><\/i><\/span>\n\t\t\t\t\t\t\t\t<span class=\"elementor-accordion-icon-opened\"><i class=\"fas fa-minus\"><\/i><\/span>\n\t\t\t\t\t\t\t\t\t\t\t\t\t\t<\/span>\n\t\t\t\t\t\t\t\t\t\t\t\t<a class=\"elementor-accordion-title\" tabindex=\"0\">2026<\/a>\n\t\t\t\t\t<\/div>\n\t\t\t\t\t<div id=\"elementor-tab-content-4171\" class=\"elementor-tab-content elementor-clearfix\" data-tab=\"1\" role=\"region\" aria-labelledby=\"elementor-tab-title-4171\"><p><span data-olk-copy-source=\"MessageBody\">Dom\u00ednguez-Salas, S., G\u00f3mez-G\u00f3mez, I., Rodr\u00edguez-Mu\u00f1oz, M. F., Rodr\u00edguez-Dom\u00ednguez, C., G\u00f3mez-Baya, D., &amp; Motrico, E. (2026).\u00a0<\/span><strong><i><span lang=\"en-US\">Psychometric properties of the Edinburgh Postnatal Depression Scale (EPDS) for use in digital perinatal mental health research: A longitudinal study among Spanish pregnant and postpartum women<\/span><\/i><\/strong><span lang=\"en-US\"><strong>.<\/strong>\u00a0<\/span><i>Human Behavior and Emerging Technologies, 2026<\/i>(1).\u00a0<a title=\"https:\/\/doi.org\/10.1155\/hbe2\/8792831\" href=\"https:\/\/doi.org\/10.1155\/hbe2\/8792831\" target=\"_blank\" rel=\"noopener noreferrer\" data-auth=\"NotApplicable\" data-linkindex=\"2\">https:\/\/doi.org\/10.1155\/hbe2\/8792831<\/a><\/p>\n<p><span lang=\"en-US\">Krupelnytska, L., Yatsenko, N., Chrzan-D\u0119tko\u015b, M., Murawska, N., Vavilova, A., Morozova-Larina, O., Garc\u00eda L\u00f3pez, H. S., &amp; Rodr\u00edguez-Mu\u00f1oz, M. F. (2026). <strong>Bravery of giving birth in the homeland: pregnant women&#8217;s and new mothers&#8217; decisions on staying in Ukraine during the war.<\/strong>\u00a0<i>BMC public health<\/i>, 10.1186\/s12889-026-28160-z. Advance online publication. https:\/\/doi.org\/10.1186\/s12889-026-28160-z<\/span><\/p>\n<p><span lang=\"en-US\" data-olk-copy-source=\"MessageBody\">Arg\u00fcello-Guti\u00e9rrez, C., Rodr\u00edguez-Mu\u00f1oz, M. F., Chrzan-D\u0119tko\u015b, M., Costa, R., Yatsenko, N., Murawska, N., Lockiewicz, M., Naki\u0107 Rado\u0161, S., Liakea, I., Garc\u00eda-L\u00f3pez, H. S., Provencio, M., Uka, A., &amp; Krupelnytska, L. (2026). <strong>Displacement and associated factors of childbirth-related posttraumatic stress disorder among Ukrainian perinatal women.\u00a0<\/strong><\/span><i>European journal of psychotraumatology<\/i>,\u00a0<i>17<\/i>(1), 2652816. https:\/\/doi.org\/10.1080\/20008066.2026.2652816<\/p>\n<p><span data-olk-copy-source=\"MessageBody\">Rodr\u00edguez-Mu\u00f1oz, M. F., Kovacheva, K., Provencio, M., L\u00f3pez-Salmer\u00f3n, M. D., Soto Balbuena, C., &amp; Fonseca, A. (2025). <strong>Propiedades psicom\u00e9tricas de las preguntas de Whooley y Arroll para el cribado de la depresi\u00f3n prenatal en poblaci\u00f3n espa\u00f1ola.\u00a0<\/strong><i>Revista Iberoamericana de Diagn\u00f3stico y Evaluaci\u00f3n \u2013 e Avalia\u00e7\u00e3o Psicol\u00f3gica (RIDEP)<\/i>, 78(4), 177\u2013186.\u00a0<\/span><a title=\"https:\/\/doi.org\/10.21865\/RIDEP78.4.13\" href=\"https:\/\/doi.org\/10.21865\/RIDEP78.4.13\" target=\"_blank\" rel=\"noopener noreferrer\" data-auth=\"NotApplicable\" data-linkindex=\"3\">https:\/\/doi.org\/10.21865\/RIDEP78.4.13<\/a><\/p>\n<p><span data-olk-copy-source=\"MessageBody\">Chrzan-D\u0119tko\u015b, M., Murawska, N., Krupelnytska, L., Moreira, H., Rodr\u00edguez-Mu\u00f1oz, M. F., Costa, R., Naki\u0107 Rado\u0161, S., Garc\u00eda-L\u00f3pez, H. S., Uka, A., Vavilova, A., Morozova-Larina, O., &amp; \u0141ockiewicz, M. (2026). <\/span><span lang=\"en-US\">Assessment of childbirth-related PTSD: <strong>Psychometric properties of the Ukrainian version of the City Birth Trauma Scale<\/strong>.\u00a0<i>Psychological trauma : theory, research, practice and policy<\/i>,\u00a0<i>18<\/i>(1), 57\u201369.\u00a0<\/span><a title=\"https:\/\/doi.org\/10.1037\/tra0001979\" href=\"https:\/\/doi.org\/10.1037\/tra0001979\" target=\"_blank\" rel=\"noopener noreferrer\" data-auth=\"NotApplicable\" data-linkindex=\"4\"><span lang=\"en-US\">https:\/\/doi.org\/10.1037\/tra0001979<\/span><\/a><\/p><\/div>\n\t\t\t\t<\/div>\n\t\t\t\t\t\t\t<div class=\"elementor-accordion-item\">\n\t\t\t\t\t<div id=\"elementor-tab-title-4172\" class=\"elementor-tab-title\" data-tab=\"2\" role=\"button\" aria-controls=\"elementor-tab-content-4172\" aria-expanded=\"false\">\n\t\t\t\t\t\t\t\t\t\t\t\t\t<span class=\"elementor-accordion-icon elementor-accordion-icon-left\" aria-hidden=\"true\">\n\t\t\t\t\t\t\t\t\t\t\t\t\t\t\t<span class=\"elementor-accordion-icon-closed\"><i class=\"fas fa-plus\"><\/i><\/span>\n\t\t\t\t\t\t\t\t<span class=\"elementor-accordion-icon-opened\"><i class=\"fas fa-minus\"><\/i><\/span>\n\t\t\t\t\t\t\t\t\t\t\t\t\t\t<\/span>\n\t\t\t\t\t\t\t\t\t\t\t\t<a class=\"elementor-accordion-title\" tabindex=\"0\">2025<\/a>\n\t\t\t\t\t<\/div>\n\t\t\t\t\t<div id=\"elementor-tab-content-4172\" class=\"elementor-tab-content elementor-clearfix\" data-tab=\"2\" role=\"region\" aria-labelledby=\"elementor-tab-title-4172\"><p><span data-olk-copy-source=\"MessageBody\">Provencio, M., Rodr\u00edguez-Mu\u00f1oz, M. F., Kovacheva, K., L\u00f3pez-Salmer\u00f3n, M. D., Fon<\/span>seca, A., Soto-Balbuena, C., &amp; Macayo-S\u00e1nchez, E. (2025).\u00a0<span lang=\"en-US\"><strong>Psychological Vulnerability to Perinatal Depression: A Longitudinal Mediation Model.\u00a0<\/strong><i>Journal of clinical psychology<\/i>, 10.1002\/jclp.70044.\u00a0<\/span>Advance online publication.\u00a0<a title=\"https:\/\/doi.org\/10.1002\/jclp.70044\" href=\"https:\/\/doi.org\/10.1002\/jclp.70044\" target=\"_blank\" rel=\"noopener noreferrer\" data-auth=\"NotApplicable\" data-linkindex=\"5\">https:\/\/doi.org\/10.1002\/jclp.70044<\/a><\/p>\n<p><span data-olk-copy-source=\"MessageBody\">Rodr\u00edguez-Mu\u00f1oz , M. F. ., Kovacheva, K., L\u00f3pez-Salmer\u00f3n, M. D., Provencio, M<\/span>., Soto-Balbuena , C., &amp; Mart\u00ednez-Marquinez , M. (2025). <strong>Estructura factorial del PHQ-9 en el periodo perinatal: Un estudio longitudinal.<\/strong>\u00a0<i>Terapia Psicol\u00f3gica<\/i>,\u00a0<i>43<\/i>(2), 263-279. Recuperado a partir de\u00a0<a title=\"https:\/\/www.teps.cl\/index.php\/teps\/article\/view\/711\" href=\"https:\/\/www.teps.cl\/index.php\/teps\/article\/view\/711\" target=\"_blank\" rel=\"noopener noreferrer\" data-auth=\"NotApplicable\" data-linkindex=\"6\">https:\/\/www.teps.cl\/index.php\/teps\/article\/view\/711<\/a><\/p>\n<p><span data-olk-copy-source=\"MessageBody\">L\u00f3pez-Salmer\u00f3n, M. D., Provencio-Ortega, M., Kovacheva, K., Men\u00e9ndez, E., &amp; Rodr\u00edguez-Mu\u00f1oz, M. F. (2025). <strong>Propiedades psicom\u00e9tricas del Cuestionario\u00a0<\/strong><\/span><strong>Psicosocial de Riesgo (PRQ) en mujeres embarazadas espa\u00f1olas para detecci\u00f3n de la depresi\u00f3n prenatal [Psychometric properties of the Psychosocial Risk Questionnaire (PRQ) in Spanish pregnant women for screening prenatal depression]<\/strong>.\u00a0<i>Revista Chilena de Obstetricia y Ginecolog\u00eda, 90<\/i>(3), 145\u2013150.\u00a0<a title=\"https:\/\/doi.org\/10.24875\/RECHOG.24000105\" href=\"https:\/\/doi.org\/10.24875\/RECHOG.24000105\" target=\"_blank\" rel=\"noopener noreferrer\" data-auth=\"NotApplicable\" data-linkindex=\"7\">https:\/\/doi.org\/10.24875\/RECHOG.24000105<\/a><\/p>\n<p><span data-olk-copy-source=\"MessageBody\">Caparros-Gonzalez, R. A., Ayers, S., Duman, E. A., Calleja, N., Calleja-Agius, J., Carone, N., Christoforou, A., Dikmen-Yildiz, P., Garcia-Pintor, S., Horsch, A., Kittel-Schneider<\/span>, S., Leno-Duran, E., Lynn, F., Oosterman, M., Prepu\u0161t, L., Rodriguez-Mu\u00f1oz, M. F., Zietlow, A. L., \u017duti\u0107, M., &amp; Ga<strong>rthus-Niegel, S. (2025).\u00a0<\/strong><span lang=\"en-US\"><strong>Maternal and infant (mental) health and development: our TREASURE &#8211; Introducing an EU COST Action on the impact of maternal perinatal stress.<\/strong>\u00a0<\/span><i>Journal of reproductive and infant psychology<\/i>,\u00a0<i>43<\/i>(3), 553\u2013556.\u00a0<a title=\"https:\/\/doi.org\/10.1080\/02646838.2025.2492976\" href=\"https:\/\/doi.org\/10.1080\/02646838.2025.2492976\" target=\"_blank\" rel=\"noopener noreferrer\" data-auth=\"NotApplicable\" data-linkindex=\"8\">https:\/\/doi.org\/10.1080\/02646838.2025.2492976<\/a><\/p>\n<p><span data-olk-copy-source=\"MessageBody\">Rodr\u00edguez-Mu\u00f1oz, M. F., &amp; Chrzan-D\u0119tko\u015b, M. (2025).\u00a0<\/span><span lang=\"en-US\"><strong>Refugee women and perinatal mental health: the experience of war.<\/strong>\u00a0<\/span><i>Archives of women&#8217;s mental health<\/i>,\u00a0<i>28<\/i>(2), 197\u2013199.\u00a0<a title=\"https:\/\/doi.org\/10.1007\/s00737-025-01576-z\" href=\"https:\/\/doi.org\/10.1007\/s00737-025-01576-z\" target=\"_blank\" rel=\"noopener noreferrer\" data-auth=\"NotApplicable\" data-linkindex=\"9\">https:\/\/doi.org\/10.1007\/s00737-025-01576-z<\/a><\/p>\n<p><span data-olk-copy-source=\"MessageBody\">Chrzan-D\u0119tko\u015b, M., Murawska, N., \u0141ockiewicz, M., &amp;\u00a0 Rodriguez Mu\u00f1oz, M. F. (2025).\u00a0<\/span><strong><span lang=\"en-US\">Self-<\/span><\/strong><span lang=\"en-US\"><strong>harm thoughts among postpartum women &#8211; associated factors.\u00a0<\/strong><i>Journal of reproductive and infant psychology<\/i>,\u00a0<i>43<\/i>(4), 997\u20131010.\u00a0<\/span><a title=\"https:\/\/doi.org\/10.1080\/02646838.2024.2313487\" href=\"https:\/\/doi.org\/10.1080\/02646838.2024.2313487\" target=\"_blank\" rel=\"noopener noreferrer\" data-auth=\"NotApplicable\" data-linkindex=\"10\"><span lang=\"en-US\">https:\/\/doi.org\/10.1080\/02646838.2024.2313487<\/span><\/a><\/p>\n<p><span lang=\"en-US\" data-olk-copy-source=\"MessageBody\">Rado\u0161, S. N., Ganho-\u00c1vila, A., Rodriguez-Mu\u00f1oz, M. F., Bina, R., Kittel-Schneider, S., Lambregtse-van den Berg, M. P., \u2026 Moura-Ramos, M. (2025). <strong>Evidence-based\u00a0<\/strong><\/span><span lang=\"en-US\"><strong>clinical practice guidelines for prevention, screening and treatment of peripartum depression.<\/strong>\u00a0<i>The British Journal of Psychiatry<\/i>,\u00a0<i>227<\/i>(5), 798\u2013809. doi:10.1192\/bjp.2025.43<\/span><\/p>\n<p><span data-olk-copy-source=\"MessageBody\">Rodriguez-Mu\u00f1oz, M. F., Chrzan-D\u0119tko\u015b, M., Uka, A., Garcia-L\u00f3pez, H. S., Bina, R., &amp; Le, H. N. (2025).\u00a0<\/span><strong><span lang=\"en-US\">A narrative review on emerging issues about war-related\u00a0<\/span><\/strong><span lang=\"en-US\"><strong>trauma in perinatal women: good practice for assessment, prevention, and treatment.<\/strong>\u00a0<i>Archives of women&#8217;s mental health<\/i>,\u00a0<i>28<\/i>(2), 201\u2013217.\u00a0<\/span><a title=\"https:\/\/doi.org\/10.1007\/s00737-024-01537-y\" href=\"https:\/\/doi.org\/10.1007\/s00737-024-01537-y\" target=\"_blank\" rel=\"noopener noreferrer\" data-auth=\"NotApplicable\" data-linkindex=\"11\"><span lang=\"en-US\">https:\/\/doi.org\/10.1007\/s00737-024-01537-y<\/span><\/a><\/p>\n<p><span lang=\"en-US\" data-olk-copy-source=\"MessageBody\">Krupelnytska, L., Vavilova, A., Yatsenko, N., Chrzan-D\u0119tko\u015b, M., Morozova-Larina, O.,\u00a0<\/span><span lang=\"en-US\">Uka, A., &amp; Rodr\u00edguez-Mu\u00f1oz, M. F. (2025). War in Ukraine vs. <strong>Motherhood: Mental health self-perceptions of relocated pregnant women and new mothers.<\/strong>\u00a0<\/span><i>BMC pregnancy and childbirth<\/i>,\u00a0<i>25<\/i>(1), 253.\u00a0<a title=\"https:\/\/doi.org\/10.1186\/s12884-025-07346-0\" href=\"https:\/\/doi.org\/10.1186\/s12884-025-07346-0\" target=\"_blank\" rel=\"noopener noreferrer\" data-auth=\"NotApplicable\" data-linkindex=\"12\">https:\/\/doi.org\/10.1186\/s12884-025-07346-0<\/a><\/p><\/div>\n\t\t\t\t<\/div>\n\t\t\t\t\t\t\t<div class=\"elementor-accordion-item\">\n\t\t\t\t\t<div id=\"elementor-tab-title-4173\" class=\"elementor-tab-title\" data-tab=\"3\" role=\"button\" aria-controls=\"elementor-tab-content-4173\" aria-expanded=\"false\">\n\t\t\t\t\t\t\t\t\t\t\t\t\t<span class=\"elementor-accordion-icon elementor-accordion-icon-left\" aria-hidden=\"true\">\n\t\t\t\t\t\t\t\t\t\t\t\t\t\t\t<span class=\"elementor-accordion-icon-closed\"><i class=\"fas fa-plus\"><\/i><\/span>\n\t\t\t\t\t\t\t\t<span class=\"elementor-accordion-icon-opened\"><i class=\"fas fa-minus\"><\/i><\/span>\n\t\t\t\t\t\t\t\t\t\t\t\t\t\t<\/span>\n\t\t\t\t\t\t\t\t\t\t\t\t<a class=\"elementor-accordion-title\" tabindex=\"0\">2024<\/a>\n\t\t\t\t\t<\/div>\n\t\t\t\t\t<div id=\"elementor-tab-content-4173\" class=\"elementor-tab-content elementor-clearfix\" data-tab=\"3\" role=\"region\" aria-labelledby=\"elementor-tab-title-4173\"><p><span data-olk-copy-source=\"MessageBody\">Mart\u00edn-Agudiez, N., y Rodr\u00edguez-Mu\u00f1oz, M. F. (2024). <strong>Revisi\u00f3n del tabaquismo en el embarazo: prevalencia, perfil sociodemogr\u00e1fico, depresi\u00f3n perinatal, variables psicol\u00f3gicas implicadas y tratamiento<\/strong> [Review about smoking in pregnancy: prevalence, sociodemographic profile, perinatal depression, psychological variables involved and treatment].\u00a0<i>Revista Espa\u00f1ola de Salud P\u00fablica<\/i>,\u00a0<i>98<\/i>, e202410055.<\/span><\/p>\n<p><span data-olk-copy-source=\"MessageBody\">G\u00f3mez-G\u00f3mez, I., Dom\u00ednguez-Salas, S., Rodr\u00edguez-Mu\u00f1oz, M. F., Rodr\u00edguez-Dom\u00ednguez, C., G\u00f3mez-Baya, D., y Motrico, E. (2024).\u00a0<\/span><span lang=\"en-US\">Psychometric Properties of the Online Version of the General Anxiety Disorder-7 (GAD-7):<strong> A Longitudinal Study in Pregnant and Postpartum Spanish Women.\u00a0<\/strong><\/span><i>Psicothema<\/i>,\u00a0<i>36<\/i>(3), 227\u2013235. <a title=\"https:\/\/doi.org\/10.7334\/psicothema2023.293\" href=\"https:\/\/doi.org\/10.7334\/psicothema2023.293\" target=\"_blank\" rel=\"noopener noreferrer\" data-auth=\"NotApplicable\" data-linkindex=\"13\">https:\/\/doi.org\/10.7334\/psicothema2023.293<\/a><\/p>\n<p>Rodr\u00edguez-Mu\u00f1oz, M. F., Mart\u00edn-Mart\u00edn, C., Kovacheva, K., Olivares, M. E., Izquierdo, N., P\u00e9rez-Romero, P., &amp; Garc\u00eda-R\u00edos, E. (2024).\u00a0<em><strong><span lang=\"EN-US\">Hygiene-based measures for the prevention of cytomegalovirus infection in pregnant women: a systematic review.\u00a0<\/span><\/strong><\/em><i>BMC pregnancy and childbirth<\/i>,\u00a0<i>24<\/i>(1), 172.\u00a0<a href=\"https:\/\/doi.org\/10.1186\/s12884-024-06367-5\" target=\"_blank\" rel=\"noopener noreferrer\" data-auth=\"NotApplicable\" data-linkindex=\"0\">https:\/\/doi.org\/10.1186\/s12884-024-06367-5<\/a><\/p>\n<p>Rodr\u00edguez-Mu\u00f1oz, M. F., Marcos-N\u00e1jera, R., Amezcua, M. D., Soto-Balbuena, C., Le, H. N., &amp; Al-Halab\u00ed, S. (2024).\u00a0<em><strong><span lang=\"EN-US\">\u00abSocial support and stressful life events: risk factors for antenatal depression in nulliparous and multiparous women\u00bb.\u00a0<\/span><\/strong><\/em><i>Women &amp; health<\/i>, 1\u20138.\u00a0<a href=\"https:\/\/doi.org\/10.1080\/03630242.2024.2308528\" target=\"_blank\" rel=\"noopener noreferrer\" data-auth=\"NotApplicable\" data-linkindex=\"1\">https:\/\/doi.org\/10.1080\/03630242.2024.2308528<\/a><\/p>\n<p><span lang=\"EN-US\">Chrzan-D\u0119tko\u015b, M., Murawska, N., \u0141ockiewicz, M., &amp; Rodriguez-Mu\u00f1oz, M. F. (2024). <em><strong>Self-harm thoughts among postpartum women &#8211; associated factors.\u00a0<\/strong><\/em><i>Journal of reproductive and infant psychology<\/i>, 1\u201314<\/span>.\u00a0<a href=\"https:\/\/doi.org\/10.1080\/02646838.2024.2313487\" target=\"_blank\" rel=\"noopener noreferrer\" data-auth=\"NotApplicable\" data-linkindex=\"2\">https:\/\/doi.org\/10.1080\/02646838.2024.2313487<\/a><\/p>\n<p>Rado\u0161, S. N., Akik, B. K., \u017duti\u0107, M., Rodriguez-Mu\u00f1oz, M. F., Uriko, K., Motrico, E., Moreno-Peral, P., Apter, G., &amp; den Berg, M. L. (2024).\u00a0<span lang=\"EN-US\"><em><strong>Diagnosis of peripartum depression disorder: A state-of-the-art approach from the COST Action Riseup-PPD.\u00a0<\/strong><\/em><i>Comprehensive psychiatry<\/i>,\u00a0<i>130<\/i>, 152456.\u00a0<\/span><a href=\"https:\/\/doi.org\/10.1016\/j.comppsych.2024.152456\" target=\"_blank\" rel=\"noopener noreferrer\" data-auth=\"NotApplicable\" data-linkindex=\"3\"><span lang=\"EN-US\">https:\/\/doi.org\/10.1016\/j.comppsych.2024.152456<\/span><\/a><\/p><\/div>\n\t\t\t\t<\/div>\n\t\t\t\t\t\t\t<div class=\"elementor-accordion-item\">\n\t\t\t\t\t<div id=\"elementor-tab-title-4174\" class=\"elementor-tab-title\" data-tab=\"4\" role=\"button\" aria-controls=\"elementor-tab-content-4174\" aria-expanded=\"false\">\n\t\t\t\t\t\t\t\t\t\t\t\t\t<span class=\"elementor-accordion-icon elementor-accordion-icon-left\" aria-hidden=\"true\">\n\t\t\t\t\t\t\t\t\t\t\t\t\t\t\t<span class=\"elementor-accordion-icon-closed\"><i class=\"fas fa-plus\"><\/i><\/span>\n\t\t\t\t\t\t\t\t<span class=\"elementor-accordion-icon-opened\"><i class=\"fas fa-minus\"><\/i><\/span>\n\t\t\t\t\t\t\t\t\t\t\t\t\t\t<\/span>\n\t\t\t\t\t\t\t\t\t\t\t\t<a class=\"elementor-accordion-title\" tabindex=\"0\">2023<\/a>\n\t\t\t\t\t<\/div>\n\t\t\t\t\t<div id=\"elementor-tab-content-4174\" class=\"elementor-tab-content elementor-clearfix\" data-tab=\"4\" role=\"region\" aria-labelledby=\"elementor-tab-title-4174\"><p>Kovacheva, K., Rodr\u00edguez-Mu\u00f1oz, M. F., G\u00f3mez-Baya, D., Dom\u00ednguez-Salas, S., &amp; Motrico, E. (2023).\u00a0<span lang=\"en-US\"><em><strong>The socio-demographic profile associated with perinatal depression during the COVID-19 era.<\/strong><\/em>\u00a0<\/span><i>BMC public health<\/i>,\u00a0<i>23<\/i>(1), 786.\u00a0<a href=\"https:\/\/doi.org\/10.1186\/s12889-023-15665-0\" target=\"_blank\" rel=\"noopener noreferrer\" data-auth=\"NotApplicable\" data-linkindex=\"0\">https:\/\/doi.org\/10.1186\/s12889-023-15665-0<\/a><\/p>\n<p>Rodr\u00edguez-Mu\u00f1oz, M. F., Chrzan-D\u0119tko\u015b, M., Uka, A., Garc\u00eda-L\u00f3pez, H. S., Krupelnytska, L., Morozova-Larina, O., Vavilova, A., Molotokas, A., Murawska, N., &amp; Le, H. N. (2023).\u00a0<span lang=\"en-US\"><em><strong>The impact of the war in Ukraine on the perinatal period: Perinatal mental health for refugee women (pmh-rw) protocol.<\/strong><\/em>\u00a0<i>Frontiers in psychology<\/i>,\u00a0<i>14<\/i>, 1152478<\/span><span lang=\"en-US\">.\u00a0<\/span><a href=\"https:\/\/doi.org\/10.3389\/fpsyg.2023.1152478\" target=\"_blank\" rel=\"noopener noreferrer\" data-auth=\"NotApplicable\" data-linkindex=\"1\"><span lang=\"en-US\">https:\/\/doi.org\/10.3389\/fpsyg.2023.1152478<\/span><\/a><\/p>\n<p>Motrico, E., Bina, R., Kassianos, A. P., Le, H. N., Mateus, V., Oztekin, D., Rodriguez-Mu\u00f1oz, M. F., Moreno-Peral, P., &amp; Conejo-Cer\u00f3n, S. (2023).\u00a0<span lang=\"en-US\"><em><strong>Effectiveness of interventions to prevent perinatal depression: An umbrella review of systematic reviews and meta-analysis.<\/strong><\/em>\u00a0<\/span><i>General Hospital Psychiatry<\/i>, \u00a0<i>82<\/i>, 47\u201361.\u00a0<a href=\"https:\/\/doi.org\/10.1016\/j.genhosppsych.2023.03.007\" target=\"_blank\" rel=\"noopener noreferrer\" data-auth=\"NotApplicable\" data-linkindex=\"2\">https:\/\/doi.org\/10.1016\/j.genhosppsych.2023.03.007<\/a><u><\/u><\/p>\n<p>Rodriguez-Mu\u00f1oz, M. F., Rado\u0161, S. N., Uka, A., Marques, M., Maia, B. R., Matos, M., Branquinho, M., Ayd\u0131n, R., Mahmoodi, V., Chrzan-D\u0119tko\u015b, M., Walczak-Koz\u0142owska, T., &amp; Liakea, I. (2023).\u00a0<span lang=\"EN-US\"><em><strong>Effectiveness of the third wave cognitive behavior therapy for peripartum depression treatment-A systematic review.<\/strong><\/em>\u00a0<i>Midwifery<\/i>,\u00a0<i>127<\/i>, 103865.\u00a0<\/span><a href=\"https:\/\/doi.org\/10.1016\/j.midw.2023.103865\" target=\"_blank\" rel=\"noopener noreferrer\" data-auth=\"NotApplicable\" data-linkindex=\"4\"><span lang=\"EN-US\">https:\/\/doi.org\/10.1016\/j.midw.2023.103865<\/span><\/a><\/p>\n<p>Rodriguez-Mu\u00f1oz, M. F., Kovacheva, K., Garc\u00eda-L\u00f3pez, H. S., Le, H. N., Ruiz, N., Olivares, M. E., Izquierdo Mendez, N., &amp; Coronado, P. (2023).\u00a0<strong><span lang=\"EN-US\"><em>The healthy moms and babies app to prevent postpartum depression: analysis of user-profiles and dropout cases.<\/em>\u00a0<\/span><\/strong><i>Frontiers in public health<\/i>,\u00a0<i>11<\/i>, 1186963.\u00a0<a href=\"https:\/\/doi.org\/10.3389\/fpubh.2023.1186963\" target=\"_blank\" rel=\"noopener noreferrer\" data-auth=\"NotApplicable\" data-linkindex=\"5\">https:\/\/doi.org\/10.3389\/fpubh.2023.1186963<\/a><span class=\"x_MsoHyperlink\">.<\/span><\/p>\n<p>Rodr\u00edguez-Mu\u00f1oz, M. F., Motrico, E., Miguez, M. C., Chaves, C., Suso-Ribera, C., Duque, A., Garc\u00eda Salinas, M., Caparr\u00f3s-Gonz\u00e1lez, R. A., Martin-Agudiez, N., Kovacheva, K., Garc\u00eda-L\u00f3pez, H., Vazquez-Bat\u00e1n, P., Pe\u00f1acoba, C., &amp; Osma, J. (2023).\u00a0<span lang=\"EN-US\"><em><strong>Perinatal depression in the spanish context: Consensus report from the general council of psychology of Spain.<\/strong><\/em>\u00a0<\/span><i>Cl\u00ednica y Salud, 34<\/i>(2), 51-63.\u00a0<a href=\"https:\/\/doi.org\/10.5093\/clysa2023a15\" target=\"_blank\" rel=\"noopener noreferrer\" data-auth=\"NotApplicable\" data-linkindex=\"6\">https:\/\/doi.org\/10.5093\/clysa2023a15<\/a><span class=\"x_MsoHyperlink\">.<\/span><\/p>\n<p>Kovacheva, K., Rodr\u00edguez-Mu\u00f1oz, M F. , G\u00f3mez-Baya, D., Dom\u00ednguez-Salas, S., &amp; Motrico, E. (2023). <span lang=\"EN-US\"><em><strong>Relationship between social support and perinatal depression during the COVID-19 pandemic.<\/strong><\/em>\u00a0<i>Journal of reproductive and infant psychology, 1\u2013<\/i>14.\u00a0<\/span><a href=\"https:\/\/doi.org\/10.1080\/02646838.2023.2230585\" target=\"_blank\" rel=\"noopener noreferrer\" data-auth=\"NotApplicable\" data-linkindex=\"7\"><span lang=\"EN-US\">https:\/\/doi.org\/10.1080\/02646838.2023.2230585<\/span><\/a><span class=\"x_MsoHyperlink\"><span lang=\"EN-US\">.<\/span><\/span><\/p>\n<p><span lang=\"en-US\">\u00a0<\/span><\/p><\/div>\n\t\t\t\t<\/div>\n\t\t\t\t\t\t\t<div class=\"elementor-accordion-item\">\n\t\t\t\t\t<div id=\"elementor-tab-title-4175\" class=\"elementor-tab-title\" data-tab=\"5\" role=\"button\" aria-controls=\"elementor-tab-content-4175\" aria-expanded=\"false\">\n\t\t\t\t\t\t\t\t\t\t\t\t\t<span class=\"elementor-accordion-icon elementor-accordion-icon-left\" aria-hidden=\"true\">\n\t\t\t\t\t\t\t\t\t\t\t\t\t\t\t<span class=\"elementor-accordion-icon-closed\"><i class=\"fas fa-plus\"><\/i><\/span>\n\t\t\t\t\t\t\t\t<span class=\"elementor-accordion-icon-opened\"><i class=\"fas fa-minus\"><\/i><\/span>\n\t\t\t\t\t\t\t\t\t\t\t\t\t\t<\/span>\n\t\t\t\t\t\t\t\t\t\t\t\t<a class=\"elementor-accordion-title\" tabindex=\"0\">2022<\/a>\n\t\t\t\t\t<\/div>\n\t\t\t\t\t<div id=\"elementor-tab-content-4175\" class=\"elementor-tab-content elementor-clearfix\" data-tab=\"5\" role=\"region\" aria-labelledby=\"elementor-tab-title-4175\"><p>Kocacheva, K.\u00a0Rodriguez-Mu\u00f1oz, M. F. (2022). <strong>El tratamiento psicol\u00f3gico del insomnio durante la infancia: Una revisi\u00f3n paraguas.<\/strong> Revista de Psicolog\u00eda Cl\u00ednica con Ni\u00f1os y Adolescentes, 10 (1), 42-52\u00a0<a href=\"https:\/\/doi: 10.21134\/rpcna.2023.10.1.4\" data-wplink-url-error=\"true\"><span class=\"x_MsoHyperlink\">https:\/\/doi: 10.21134\/rpcna.2023.10.1.4<\/span><\/a><\/p>\n<p>Asare, S. F., &amp; Rodriguez-Mu\u00f1oz, M. F. (2022).\u00a0<span lang=\"EN-US\"><strong>Understanding Healthcare Professionals&#8217; Knowledge on Perinatal Depression among Women in a Tertiary Hospital in Ghana: A Qualitative Study.<\/strong>\u00a0<i>International journal of environmental research and public health<\/i>,\u00a0<i>19<\/i>(23), 15960. <a href=\"https:\/\/doi.org\/10.3390\/ijerph192315960\">https:\/\/doi.org\/10.3390\/ijerph192315960<\/a><\/span><\/p>\n<p>Chrzan-D\u0119tko\u015b, M., Rodr\u00edguez-Mu\u00f1oz, M. F., Krupelnytska, L., Morozova-Larina, O., Vavilova, A., L\u00f3pez, H. G., Murawaska, N., and Rado\u0161, S. N. (2022).<span lang=\"EN-US\"><strong> Good Practices in Perinatal Mental Health for Women during Wars and Migrations: A Narrative Synthesis from the COST Action Riseup-PPD in the Context of the War in Ukraine<\/strong>.<\/span><i>Cl\u00ednica y Salud, 33<\/i>(3), 127 &#8211; 135.\u00a0<a href=\"https:\/\/doi.org\/10.5093\/clysa2022a14\" target=\"_blank\" rel=\"noopener noreferrer\" data-auth=\"NotApplicable\" data-safelink=\"true\" data-linkindex=\"2\"><span lang=\"EN-US\">https:\/\/doi.org\/10.5093\/clysa2022a14<\/span><\/a><\/p>\n<p>Mart\u00ednez Herreros, M. C., Rodr\u00edguez Mu\u00f1oz, M. F., Izquierdo M\u00e9ndez, N., &amp; Olivares Crespo, M. E. (2022). <strong>Psychological, Psychosocial and Obstetric Differences between Spanish and Immigrant Mothers: Retrospective Observational Study.<\/strong> International journal of environmental research and public health, 19(18), 11782. <a href=\"https:\/\/doi.org\/10.3390\/ijerph191811782\">https:\/\/doi.org\/10.3390\/ijerph191811782<\/a><\/p>\n<p>Kovacheva, K., Rodr\u00edguez-Mu\u00f1oz, M. F., G\u00f3mez Baya, D., Dom\u00ednguez Salas, S., &amp; Motrico Mart\u00ednez, E. (2022). <strong>The relationship between healthcare experience and perinatal depression during COVID-19 pandemic.<\/strong> Cl\u00ednica y Salud. Ahead of print.\u00a0<a href=\"https:\/\/doi.org\/10.5093\/clysa2022a13\"> https:\/\/doi.org\/10.5093\/clysa2022a13<\/a><\/p>\n<p>Motrico, E., Moreno-Peral, P., Uriko, K., Hancheva, C., An\u0111elinovi\u0107, M., Ajaz, E., Apter, G., Bramante, A., Cer\u00f3n, S. C., Christoforou, A., Dikmen-Yildiz, P., Evagorou, O., Fonseca, A., Lupatteli, A., Rado\u0161, S. N., Al Maach, N., Rodriguez-Mu\u00f1oz, M. F., \u017duti\u0107, M., &amp; Lambregtse-van den Berg, M. P. (2022). <strong>Clinical practice guidelines with recommendations for peripartum depression: A European systematic review.<\/strong> Acta psychiatrica Scandinavica, 10.1111\/acps.13478. Advance online publication. \u00a0<a href=\"https:\/\/doi.org\/10.1111\/acps.13478\">https:\/\/doi.org\/10.1111\/acps.13478<\/a> (JIF=7.734; Q1)<\/p>\n<p>Castelao, P., Rodr\u00edguez-Mu\u00f1oz, M. F., Olivares-Crespo, M. E., &amp; Izquierdo-M\u00e9ndez, N. (2022). <strong>Review of suicidal ideation during pregnancy: risk factors, prevalence, assessment instruments and consequences.<\/strong> Psychology: Research and Review, 35(1), 13. <a href=\"https:\/\/doi.org\/10.1186\/s41155-022-00220-4\"> https:\/\/doi.org\/10.1186\/s41155-022-00220-4 \u00a0<\/a>(JIF= 1.429; Q3)<\/p>\n<p>Motrico, E., Dom\u00ednguez-Salas, S., Rodr\u00edguez-Dom\u00ednguez, C., G\u00f3mez-G\u00f3mez, I., Rodr\u00edguez-Mu\u00f1oz, M. F., &amp; G\u00f3mez-Baya, D. (2022). The Impact of the COVID-19 Pandemic on Perinatal Depression and Anxiety: A Large Cross-sectional Study in Spain. Psicothema, 34(2), 200\u2013208. <a href=\"https:\/\/doi.org\/10.7334\/psicothema2021.380\">https:\/\/doi.org\/10.7334\/psicothema2021.380<\/a><\/p>\n<p>Castelao, P., Rodriguez-Mu\u00f1oz, M.F<b>.<\/b>,\u00a0Le, H-N., Olivares, M.E., Izquierdo, N\u00a0.\u00a0 <strong>Suicidal ideation: prevalence and risk factors during pregnancy<\/strong>.\u00a0<i>Midwifery, 106<\/i>, 103226.\u00a0<a href=\"https:\/\/doi.org\/10.1016\/j.midw.2021.103226\">https:\/\/doi.org\/10.1016\/j.midw.2021.103226<\/a>\u00a0<\/p><\/div>\n\t\t\t\t<\/div>\n\t\t\t\t\t\t\t<div class=\"elementor-accordion-item\">\n\t\t\t\t\t<div id=\"elementor-tab-title-4176\" class=\"elementor-tab-title\" data-tab=\"6\" role=\"button\" aria-controls=\"elementor-tab-content-4176\" aria-expanded=\"false\">\n\t\t\t\t\t\t\t\t\t\t\t\t\t<span class=\"elementor-accordion-icon elementor-accordion-icon-left\" aria-hidden=\"true\">\n\t\t\t\t\t\t\t\t\t\t\t\t\t\t\t<span class=\"elementor-accordion-icon-closed\"><i class=\"fas fa-plus\"><\/i><\/span>\n\t\t\t\t\t\t\t\t<span class=\"elementor-accordion-icon-opened\"><i class=\"fas fa-minus\"><\/i><\/span>\n\t\t\t\t\t\t\t\t\t\t\t\t\t\t<\/span>\n\t\t\t\t\t\t\t\t\t\t\t\t<a class=\"elementor-accordion-title\" tabindex=\"0\">2021<\/a>\n\t\t\t\t\t<\/div>\n\t\t\t\t\t<div id=\"elementor-tab-content-4176\" class=\"elementor-tab-content elementor-clearfix\" data-tab=\"6\" role=\"region\" aria-labelledby=\"elementor-tab-title-4176\"><p class=\"x_MsoNormal\">Ruiz-Segovia, N., Rodriguez-Mu\u00f1oz, M.F., Olivares, M.E., Izquierdo, N,, Coronado, P., Le, H-N.\u00a0<span lang=\"EN-US\">(2021).<strong> Healthy Moms and Babies Preventive Psychological Intervention Application: A Study Protocol<\/strong>.\u00a0<i>International Journal of Environmental Research and Public Health<\/i>, 18(23):12485.\u00a0<\/span><a href=\"https:\/\/doi.org\/10.3390\/ijerph182312485\" target=\"_blank\" rel=\"noopener noreferrer\" data-auth=\"NotApplicable\" data-linkindex=\"1\"><span lang=\"EN-US\">https:\/\/doi.org\/10.3390\/ijerph182312485,<\/span><\/a><span lang=\"EN-US\">\u00a0 <\/span><span lang=\"EN-US\"><a href=\"https:\/\/www.mdpi.com\/1660-4601\/18\/23\/12485\"><span style=\"text-decoration: underline\">ENLACE &gt;&gt;<\/span><\/a>\u00a0 \u00a0<\/span><\/p>\n<p class=\"x_MsoNormal\">Ramiro-Cortijo, D., Soto-Balbuena, C., Rodriguez-Mu\u00f1oz, M.F., (2021).\u00a0<span lang=\"EN-US\"><strong>Early Association Factors for Depression Symptoms in Pregnancy: A Comparison between Spanish Women Spontaneously Gestation and with Assisted Reproduction Techniques<\/strong><i>.\u00a0Journal of Clinical Medicine.,<\/i>10(23):5672.\u00a0<\/span><a href=\"https:\/\/doi.org\/10.3390\/jcm10235672\" target=\"_blank\" rel=\"noopener noreferrer\" data-auth=\"NotApplicable\" data-linkindex=\"4\"><span lang=\"EN-US\">https:\/\/doi.org\/10.3390\/jcm10235672<\/span><\/a><span lang=\"EN-US\"> ,\u00a0<\/span><a href=\"https:\/\/www.mdpi.com\/2077-0383\/10\/23\/5672\"><span style=\"text-decoration: underline\"><span lang=\"EN-US\">ENLACE &gt;&gt;<\/span><\/span><\/a><\/p>\n<p>Al-Halab\u00ed, S., Garc\u00eda-Haro, J.,\u00a0<b>Rodr\u00edguez-Mu\u00f1oz, M. F<\/b>., y Fonseca-Pedrero, E., (2021).<strong>\u00a0<\/strong><i><span lang=\"EN-US\"><strong>Suicidal behavior and the perinatal period: taboo and misunderstanding<\/strong>.<\/span><\/i><span lang=\"EN-US\"><a href=\"http:\/\/www.papelesdelpsicologo.es\/pub\/2\/\"> Papeles del Psic\u00f3logo 42(3)<\/a>, 161-169. <a href=\"https:\/\/doi.org\/10.23923\/pap.psicol.2963\">ENLACE &gt;&gt;<\/a><\/span><\/p>\n<p>Branquinho, M., Rodriguez-Mu\u00f1oz, M. F., Maia, B. R., Marques, M., Matos, M., Osma, J., Moreno-Peral, P., Conejo-Cer\u00f3n, S., Fonseca, A., &amp; Vousoura, E. (2021).\u00a0<span lang=\"EN-US\"><strong>Effectiveness of psychological interventions in the treatment of perinatal depression: A systematic review of systematic reviews and meta-analyses<\/strong>.\u00a0<\/span><i>Journal of affective disorders,\u00a0291<\/i>, 294\u2013306. <a href=\"https:\/\/doi.org\/10.1016\/j.jad.2021.05.010\">ENLACE &gt;&gt;<\/a><\/p>\n<p class=\"x_MsoNormal\">Fonseca Pedrero, E., P\u00e9rez-\u00c1lvarez, M., Al-Halab\u00ed, S., Inchausti, F., Mu\u00f1iz, J., L\u00f3pez-Navarro, E., P\u00e9rez de Alb\u00e9niz, A., Lucas Molina, B., Debban\u00e9, M., Bobes-Bascar\u00e1n, M. T., Gimeno-Pe\u00f3n, A., Prado-Abril, J., Fern\u00e1ndez-\u00c1lvarez, J., Rodr\u00edguez-Testal, J. F., Gonz\u00e1lez Pando, D., D\u00edez-G\u00f3mez, A., Garc\u00eda Montes, J. M., Garc\u00eda-Cerd\u00e1n, L., Osma, J., Peris Baquero, \u00d3.,<b>\u00a0<\/b>Rodr\u00edguez-Mu\u00f1oz, M. F\u00a0\u2026\u00a0<span lang=\"EN-US\">Marrero, R. J. (2021).\u00a0<b>Evidence-Based Psychological Treatments for Adults: A Selective Review.<\/b>\u00a0<\/span><i>Psicothema,\u00a033(2),<\/i> 188\u2013197. <a href=\"https:\/\/doi.org\/10.7334\/psicothema2020.426\">ENLACE &gt;&gt;<\/a><\/p>\n<p>Soto-Balbuena, C., Rodr\u00edguez-Mu\u00f1oz, M. F. y Le, H. N., (2021).<strong>\u00a0The psychometric properties and factor structure of generalized anxiety disorder- 7 among Spanish pregnant women<\/strong>.\u00a0<em>Psicothema, 33<\/em>(1), 164-170. <a href=\"https:\/\/doi: 10.7334\/psicothema2020.167\">ENLACE &gt;&gt;<\/a><\/p>\n<p>Motrico, E., Bina, R., Dom\u00ednguez-Salas, S., Mateus, V., Contreras-Garc\u00eda, Y., Carrasco-Porti\u00f1o, M., Ajaz, E., Apter, G., Christoforou, A., Dikmen-Yildiz, P., Felice, E., Hancheva, C., Vousura, E., Wilson, C., Buhagiar, R., Cardaso, C., Costa, R.,\u00a0Devouche, E., Gahno, A., G\u00f3mez-Baya, D., \u2026\u00a0Rodr\u00edguez-Mu\u00f1oz, M. F. \u2026\u00a0Mesquita, A.,\u00a0(2021). <strong>Impact of Covid-19 Pandemic on Perinatal Mental Health (Riseup-PPD-COVID-19): Protocol for an International Prospective Cohort Study<\/strong>.\u00a0<em>BMC public health<\/em>,\u00a021(1), 368<a>.\u00a0<\/a><a href=\"https:\/\/doi.org\/10.1186\/s12889-021-10330-w\" target=\"_blank\" rel=\"noreferrer noopener\">ENLACE &gt;&gt;<\/a><\/p><\/div>\n\t\t\t\t<\/div>\n\t\t\t\t\t\t\t<div class=\"elementor-accordion-item\">\n\t\t\t\t\t<div id=\"elementor-tab-title-4177\" class=\"elementor-tab-title\" data-tab=\"7\" role=\"button\" aria-controls=\"elementor-tab-content-4177\" aria-expanded=\"false\">\n\t\t\t\t\t\t\t\t\t\t\t\t\t<span class=\"elementor-accordion-icon elementor-accordion-icon-left\" aria-hidden=\"true\">\n\t\t\t\t\t\t\t\t\t\t\t\t\t\t\t<span class=\"elementor-accordion-icon-closed\"><i class=\"fas fa-plus\"><\/i><\/span>\n\t\t\t\t\t\t\t\t<span class=\"elementor-accordion-icon-opened\"><i class=\"fas fa-minus\"><\/i><\/span>\n\t\t\t\t\t\t\t\t\t\t\t\t\t\t<\/span>\n\t\t\t\t\t\t\t\t\t\t\t\t<a class=\"elementor-accordion-title\" tabindex=\"0\">2020<\/a>\n\t\t\t\t\t<\/div>\n\t\t\t\t\t<div id=\"elementor-tab-content-4177\" class=\"elementor-tab-content elementor-clearfix\" data-tab=\"7\" role=\"region\" aria-labelledby=\"elementor-tab-title-4177\"><p>Rodr\u00edguez-Mu\u00f1oz, M. F. y Al-Halab\u00ed, S. (2020). <strong>A Pathway to Excellence<\/strong>.\u00a0<em>Cl\u00ednica y Salud, 31<\/em>(3), 125 &#8211; 126.\u00a0<a href=\"https:\/\/doi.org\/10.5093\/clysa2020a31\" target=\"_blank\" rel=\"noreferrer noopener\">ENLACE&gt;&gt;<\/a><\/p>\n<p><!-- \/wp:paragraph --><!-- wp:paragraph --><\/p>\n<p>Fonseca, A., Ganho-\u00c1vila, A., Lambregtse-van den Berg, M., Lupatelli, A., Rodriguez-Mu\u00f1oz, M. F., Ferreira, P., Rado\u0161, S. N., y Bina, R. (2020).\u00a0<strong>Emerging issues and questions on peripartum depression prevention, diagnosis and treatment: A consensus report from the COST Action RISEUP-PPD<\/strong>.\u00a0<em>Journal of Affective Disorders, 274,<\/em>\u00a0167\u2013173.<a href=\"https:\/\/doi.org\/10.1016\/j.jad.2020.05.112\" target=\"_blank\" rel=\"noreferrer noopener\"> ENLACE&gt;&gt;<\/a><\/p>\n<p><!-- \/wp:paragraph --><!-- wp:paragraph --><\/p>\n<p>Caparr\u00f3s-Gonz\u00e1lez, R.A. y Rodr\u00edguez Mu\u00f1oz, M.F. (2020). <strong>Depresi\u00f3n posparto paterna: visibilidad e influencia en la salud infantil<\/strong>.\u00a0<em>Cl\u00ednica y Salud, 31(<\/em>3), 161-163.\u00a0<a href=\"https:\/\/doi.org\/10.5093\/clysa2020a10\" target=\"_blank\" rel=\"noreferrer noopener\">ENLACE&gt;&gt;<\/a><\/p>\n<p><!-- \/wp:paragraph --><!-- wp:paragraph --><\/p>\n<p>Marcos-N\u00e1jera, R., Rodr\u00edguez-Mu\u00f1oz, M. F., Lara, M. A., Navarrete, L., y Le, H. N. (2020).\u00a0<strong>A Cross-Cultural Analysis of the Prevalence and Risk Factors for Prenatal Depression in Spain and Mexico<\/strong>.\u00a0<em>Culture, Medicine and Psychiatry<\/em>, 10.1007\/s11013-020-09691-5. Advance online publication.<\/p>\n<p><!-- \/wp:paragraph --><!-- wp:paragraph --><\/p>\n<p>Rodr\u00edguez-Mu\u00f1oz, M. F., Ruiz-Segovia, N., Soto-Balbuena, C., Le, H. N., Olivares-Crespo, M. E., e Izquierdo-M\u00e9ndez, N. (2020).\u00a0<strong>The Psychometric Properties of the Patient Health Questionnaire-4 for Pregnant Women<\/strong>.\u00a0<em>International Journal of Environmental Research and Public Health<\/em>,\u00a0<em>17<\/em>(20), 7583.\u00a0<a href=\"https:\/\/doi.org\/10.3390\/ijerph17207583\" target=\"_blank\" rel=\"noreferrer noopener\">ENLACE&gt;&gt;<\/a><\/p>\n<p><!-- \/wp:paragraph --><!-- wp:paragraph --><\/p>\n<p>Marcos-N\u00e1jera, R., Rodr\u00edguez-Mu\u00f1oz, M. F., Soto Balbuena, C., Olivares Crespo, M. E., Izquierdo M\u00e9ndez, N., Le, H. N., y Escudero Gomis, A. (2020).\u00a0<strong>The Prevalence and Risk Factors for Antenatal Depression Among Pregnant Immigrant and Native Women in Spain<\/strong>.\u00a0<em>Journal of Transcultural Nursing, 31<\/em>(6), 564\u2013575.\u00a0<a href=\"https:\/\/doi.org\/10.1177\/1043659619891234\" target=\"_blank\" rel=\"noreferrer noopener\">ENLACE&gt;&gt;<\/a><\/p>\n<p><!-- \/wp:paragraph --><!-- wp:paragraph --><\/p>\n<p>Le, H. N., Rodr\u00edguez-Mu\u00f1oz, M. F., Soto-Balbuena, C., Olivares Crespo, M. E., Izquierdo M\u00e9ndez, N., y Marcos-N\u00e1jera, R. (2020).\u00a0<strong>Preventing perinatal depression in Spain: a pilot evaluation of\u00a0<em>Mam\u00e1s y Beb\u00e9s<\/em><\/strong>.\u00a0<em>Journal of Reproductive and Infant Psychology<\/em>,\u00a0<em>38<\/em>(5), 546\u2013559.\u00a0<a href=\"https:\/\/doi.org\/10.1080\/02646838.2019.1687859\" target=\"_blank\" rel=\"noreferrer noopener\">ENLACE&gt;&gt;<\/a><\/p><\/div>\n\t\t\t\t<\/div>\n\t\t\t\t\t\t\t<div class=\"elementor-accordion-item\">\n\t\t\t\t\t<div id=\"elementor-tab-title-4178\" class=\"elementor-tab-title\" data-tab=\"8\" role=\"button\" aria-controls=\"elementor-tab-content-4178\" aria-expanded=\"false\">\n\t\t\t\t\t\t\t\t\t\t\t\t\t<span class=\"elementor-accordion-icon elementor-accordion-icon-left\" aria-hidden=\"true\">\n\t\t\t\t\t\t\t\t\t\t\t\t\t\t\t<span class=\"elementor-accordion-icon-closed\"><i class=\"fas fa-plus\"><\/i><\/span>\n\t\t\t\t\t\t\t\t<span class=\"elementor-accordion-icon-opened\"><i class=\"fas fa-minus\"><\/i><\/span>\n\t\t\t\t\t\t\t\t\t\t\t\t\t\t<\/span>\n\t\t\t\t\t\t\t\t\t\t\t\t<a class=\"elementor-accordion-title\" tabindex=\"0\">2018<\/a>\n\t\t\t\t\t<\/div>\n\t\t\t\t\t<div id=\"elementor-tab-content-4178\" class=\"elementor-tab-content elementor-clearfix\" data-tab=\"8\" role=\"region\" aria-labelledby=\"elementor-tab-title-4178\"><p class=\"x_MsoListParagraph\">Rodr\u00edguez-Mu\u00f1oz, M.F., Izquierdo-M\u00e9ndez, N., Olivares-Crespo, M.E., Picos, M.C., Rodr\u00edguez, M.I., Herr\u00e1iz. M.A., Le, H.N. y Fonseca, J. (2018).<em><strong> \u00bfEs posible el uso de la Postpartum Depression Scale-SF en la depresi\u00f3n antenatal?<\/strong><\/em>.\u00a0Cl\u00ednica y Salud, \u00a029(3) 147-150.\u00a0<a href=\"http:\/\/journals.copmadrid.org\/clysa\/archivos\/articulo20181102114836.pdf\">ENLACE&gt;&gt;<\/a><\/p>\n<p><!-- \/wp:paragraph --><!-- wp:paragraph {\"className\":\"x_MsoListParagraph\"} --><\/p>\n<p class=\"x_MsoListParagraph\">Marcos-N\u00e1jera, R., Le, H.N., Rodriguez Mu\u00f1oz, M.F., Olivares, M.E. y Izquierdo, N. (2018).\u00a0<span lang=\"EN-US\"><em><strong>The structure of the patient health questionnaire-9 in pregnant women in Spain.\u00a0<\/strong><\/em><i><strong>Midwifery<\/strong>, 62;<\/i>\u00a036-41.\u00a0<\/span><span lang=\"EN-US\">doi: 10.1016\/j.midw.2018.03.011. <a href=\"https:\/\/www.ncbi.nlm.nih.gov\/pubmed\/29653416\">ENLACE&gt;&gt;<\/a><\/span><\/p>\n<p><!-- \/wp:paragraph --><!-- wp:paragraph {\"className\":\"x_MsoListParagraph\"} --><\/p>\n<p class=\"x_MsoListParagraph\">Soto Balbuena C, Rodriguez Mu\u00f1oz, M.F., Escudero, A., Ferrer, FJ, Grupo PMBH.\u00a0<span lang=\"EN-US\">(2018). <em><strong>Incidence, prevalence and risk factors related to anxiety symptoms during pregnancy<\/strong><\/em>.\u00a0\u00a0<i>Psicothema,\u00a0<\/i><\/span><i><span lang=\"EN-US\">30 (3),<\/span><\/i><span lang=\"EN-US\">\u00a0257-263 doi: 10.7334\/psicothema2017.379. <a href=\"http:\/\/www.psicothema.com\/pdf\/4479.pdf\">ENLACE&gt;&gt;<\/a><\/span><\/p><\/div>\n\t\t\t\t<\/div>\n\t\t\t\t\t\t\t<div class=\"elementor-accordion-item\">\n\t\t\t\t\t<div id=\"elementor-tab-title-4179\" class=\"elementor-tab-title\" data-tab=\"9\" role=\"button\" aria-controls=\"elementor-tab-content-4179\" aria-expanded=\"false\">\n\t\t\t\t\t\t\t\t\t\t\t\t\t<span class=\"elementor-accordion-icon elementor-accordion-icon-left\" aria-hidden=\"true\">\n\t\t\t\t\t\t\t\t\t\t\t\t\t\t\t<span class=\"elementor-accordion-icon-closed\"><i class=\"fas fa-plus\"><\/i><\/span>\n\t\t\t\t\t\t\t\t<span class=\"elementor-accordion-icon-opened\"><i class=\"fas fa-minus\"><\/i><\/span>\n\t\t\t\t\t\t\t\t\t\t\t\t\t\t<\/span>\n\t\t\t\t\t\t\t\t\t\t\t\t<a class=\"elementor-accordion-title\" tabindex=\"0\">2017<\/a>\n\t\t\t\t\t<\/div>\n\t\t\t\t\t<div id=\"elementor-tab-content-4179\" class=\"elementor-tab-content elementor-clearfix\" data-tab=\"9\" role=\"region\" aria-labelledby=\"elementor-tab-title-4179\"><p>Rodr\u00edguez-Mu\u00f1oz MF, Vallejo Slocker L, Olivares Crespo ME, Izquierdo M\u00e9ndez N, Soto C, Huynh-Nhu Le. (2017) <strong>Propiedades psicom\u00e9tricas del postpartum depression predictors inventory- revised- versi\u00f3n prenatal en una muestra espa\u00f1ola de mujeres embarazadas<\/strong>. Revista Espa\u00f1ola de Salud P\u00fablica, 91:15 de diciembre e201712047.\u00a0\u00a0<a href=\"http:\/\/www.msssi.gob.es\/biblioPublic\/publicaciones\/recursos_propios\/resp\/revista_cdrom\/VOL91\/ORIGINALES\/RS91C_201712047.pdf\"><span style=\"color: #008080\">ENLACE<\/span> &gt;&gt;<\/a><\/p>\n<p><!-- \/wp:paragraph --><!-- wp:paragraph --><\/p>\n<p>Marcos-N\u00e1jera, R. Rodriguez-Mu\u00f1oz, M.F., Olivares, M.E., Soto Balbuena C. (2017). <strong>Depresi\u00f3n perinatal: rentabilidad y expectativas de la intervenci\u00f3n preventiva<\/strong>. <em>Cl\u00ednica y Salud, (28), 49-52<\/em>. \u00a0<a href=\"http:\/\/clysa.elsevier.es\/es\/depresion-perinatal-rentabilidad-expectativas-intervencion\/articulo\/S113052741730018X\/#.WW2pAoTyjIU\"><span style=\"color: #008080\">ENLACE&gt;&gt;<\/span><\/a><\/p>\n<p><!-- \/wp:paragraph --><!-- wp:paragraph --><\/p>\n<p>Rodriguez Mu\u00f1oz, M.F., Le, H.N. Olivares, M.E., Izquierdo, N.\u00a0 <strong>Feasibility of screening and prevalence of prenatal depression in an obstetric setting in Spain<\/strong>. (2017). <em>European Journal of Obstetrics &amp; Gynecology and Reproductive Biology 215,<\/em> 101\u2013105. \u00a0 <a href=\"http:\/\/www.ejog.org\/article\/S0301-2115(17)30283-X\/fulltext\"><span style=\"color: #008080\">ENLACE<\/span> &gt;&gt;<\/a><\/p>\n<p><!-- \/wp:paragraph --><!-- wp:paragraph --><\/p>\n<p>Rodr\u00edguez-Mu\u00f1oz MF, Castelao Legazpi PC, Olivares Crespo ME, Soto Balbuena C, Izquierdo M\u00e9ndez N, Ferrer Barrientos FJ, Huynh-Nhu L. (2017). <strong>PHQ-2 como primer instrumento de cribado de la depresi\u00f3n prenatal<\/strong>. <em>Revista Espa\u00f1ola de Salud Publica <\/em>;91:30. \u00a0 <span style=\"color: #008080\">\u00a0<a style=\"color: #008080\" href=\"http:\/\/www.msssi.gob.es\/biblioPublic\/publicaciones\/recursos_propios\/resp\/revista_cdrom\/VOL91\/ORIGINALES\/RS91C_MFRM.pdf\" target=\"_blank\" rel=\"noopener noreferrer\">ENLACE &gt;&gt;<\/a><\/span><\/p><\/div>\n\t\t\t\t<\/div>\n\t\t\t\t\t\t\t<div class=\"elementor-accordion-item\">\n\t\t\t\t\t<div id=\"elementor-tab-title-41710\" class=\"elementor-tab-title\" data-tab=\"10\" role=\"button\" aria-controls=\"elementor-tab-content-41710\" aria-expanded=\"false\">\n\t\t\t\t\t\t\t\t\t\t\t\t\t<span class=\"elementor-accordion-icon elementor-accordion-icon-left\" aria-hidden=\"true\">\n\t\t\t\t\t\t\t\t\t\t\t\t\t\t\t<span class=\"elementor-accordion-icon-closed\"><i class=\"fas fa-plus\"><\/i><\/span>\n\t\t\t\t\t\t\t\t<span class=\"elementor-accordion-icon-opened\"><i class=\"fas fa-minus\"><\/i><\/span>\n\t\t\t\t\t\t\t\t\t\t\t\t\t\t<\/span>\n\t\t\t\t\t\t\t\t\t\t\t\t<a class=\"elementor-accordion-title\" tabindex=\"0\">2016<\/a>\n\t\t\t\t\t<\/div>\n\t\t\t\t\t<div id=\"elementor-tab-content-41710\" class=\"elementor-tab-content elementor-clearfix\" data-tab=\"10\" role=\"region\" aria-labelledby=\"elementor-tab-title-41710\"><p>Rodr\u00edguez-Mu\u00f1oz, M. F., Olivares, M.E., Izquierdo, N., Soto, C. y Nuynh-Nuh, Le. (2016). <strong>Prevenci\u00f3n de la depresi\u00f3n perinatal<\/strong><em>.\u00a0<\/em><em>Cl\u00ednica y Salud, (27), 97-99<\/em>.<br \/>dos: 10.1016\/j.clysa.2016.10.001 \u00a0 <span style=\"color: #008080\"><a style=\"color: #008080\" href=\"http:\/\/www.sciencedirect.com\/science\/article\/pii\/S1130527416300433\" target=\"_blank\" rel=\"noopener noreferrer\">ENLACE\u00a0<\/a><\/span><\/p><\/div>\n\t\t\t\t<\/div>\n\t\t\t\t\t\t\t<div class=\"elementor-accordion-item\">\n\t\t\t\t\t<div id=\"elementor-tab-title-41711\" class=\"elementor-tab-title\" data-tab=\"11\" role=\"button\" aria-controls=\"elementor-tab-content-41711\" aria-expanded=\"false\">\n\t\t\t\t\t\t\t\t\t\t\t\t\t<span class=\"elementor-accordion-icon elementor-accordion-icon-left\" aria-hidden=\"true\">\n\t\t\t\t\t\t\t\t\t\t\t\t\t\t\t<span class=\"elementor-accordion-icon-closed\"><i class=\"fas fa-plus\"><\/i><\/span>\n\t\t\t\t\t\t\t\t<span class=\"elementor-accordion-icon-opened\"><i class=\"fas fa-minus\"><\/i><\/span>\n\t\t\t\t\t\t\t\t\t\t\t\t\t\t<\/span>\n\t\t\t\t\t\t\t\t\t\t\t\t<a class=\"elementor-accordion-title\" tabindex=\"0\">2013<\/a>\n\t\t\t\t\t<\/div>\n\t\t\t\t\t<div id=\"elementor-tab-content-41711\" class=\"elementor-tab-content elementor-clearfix\" data-tab=\"11\" role=\"region\" aria-labelledby=\"elementor-tab-title-41711\"><p>Alexander, L., Rodriguez Mu\u00f1oz, M.F., Perry, D. y Le, N. (2013). <strong>The Latent Symptom Structure of the Beck Depression Inventory: Second Edition in Latina Pregnant Women<\/strong>. <em>Maternal and Child Health Journal. 18(5),<\/em> 1132-41. doi: 10.1007\/s10995-013-1343-5\u00a0 \u00a0<span style=\"color: #008080\"><a style=\"color: #008080\" href=\"http:\/\/link.springer.com\/article\/10.1007%2Fs10995-013-1343-5\" target=\"_blank\" rel=\"noopener noreferrer\">ENLACE<\/a><\/span><\/p><\/div>\n\t\t\t\t<\/div>\n\t\t\t\t\t\t\t\t\t\t<script type=\"application\/ld+json\">{\"@context\":\"https:\\\/\\\/schema.org\",\"@type\":\"FAQPage\",\"mainEntity\":[{\"@type\":\"Question\",\"name\":\"2026\",\"acceptedAnswer\":{\"@type\":\"Answer\",\"text\":\"<p><span data-olk-copy-source=\\\"MessageBody\\\">Dom\\u00ednguez-Salas, S., G\\u00f3mez-G\\u00f3mez, I., Rodr\\u00edguez-Mu\\u00f1oz, M. F., Rodr\\u00edguez-Dom\\u00ednguez, C., G\\u00f3mez-Baya, D., &amp; Motrico, E. (2026).\\u00a0<\\\/span><strong><i><span lang=\\\"en-US\\\">Psychometric properties of the Edinburgh Postnatal Depression Scale (EPDS) for use in digital perinatal mental health research: A longitudinal study among Spanish pregnant and postpartum women<\\\/span><\\\/i><\\\/strong><span lang=\\\"en-US\\\"><strong>.<\\\/strong>\\u00a0<\\\/span><i>Human Behavior and Emerging Technologies, 2026<\\\/i>(1).\\u00a0<a title=\\\"https:\\\/\\\/doi.org\\\/10.1155\\\/hbe2\\\/8792831\\\" href=\\\"https:\\\/\\\/doi.org\\\/10.1155\\\/hbe2\\\/8792831\\\" target=\\\"_blank\\\" rel=\\\"noopener noreferrer\\\" data-auth=\\\"NotApplicable\\\" data-linkindex=\\\"2\\\">https:\\\/\\\/doi.org\\\/10.1155\\\/hbe2\\\/8792831<\\\/a><\\\/p>\\n<p><span lang=\\\"en-US\\\">Krupelnytska, L., Yatsenko, N., Chrzan-D\\u0119tko\\u015b, M., Murawska, N., Vavilova, A., Morozova-Larina, O., Garc\\u00eda L\\u00f3pez, H. S., &amp; Rodr\\u00edguez-Mu\\u00f1oz, M. F. (2026). <strong>Bravery of giving birth in the homeland: pregnant women&#8217;s and new mothers&#8217; decisions on staying in Ukraine during the war.<\\\/strong>\\u00a0<i>BMC public health<\\\/i>, 10.1186\\\/s12889-026-28160-z. Advance online publication. https:\\\/\\\/doi.org\\\/10.1186\\\/s12889-026-28160-z<\\\/span><\\\/p>\\n<p><span lang=\\\"en-US\\\" data-olk-copy-source=\\\"MessageBody\\\">Arg\\u00fcello-Guti\\u00e9rrez, C., Rodr\\u00edguez-Mu\\u00f1oz, M. F., Chrzan-D\\u0119tko\\u015b, M., Costa, R., Yatsenko, N., Murawska, N., Lockiewicz, M., Naki\\u0107 Rado\\u0161, S., Liakea, I., Garc\\u00eda-L\\u00f3pez, H. S., Provencio, M., Uka, A., &amp; Krupelnytska, L. (2026). <strong>Displacement and associated factors of childbirth-related posttraumatic stress disorder among Ukrainian perinatal women.\\u00a0<\\\/strong><\\\/span><i>European journal of psychotraumatology<\\\/i>,\\u00a0<i>17<\\\/i>(1), 2652816. https:\\\/\\\/doi.org\\\/10.1080\\\/20008066.2026.2652816<\\\/p>\\n<p><span data-olk-copy-source=\\\"MessageBody\\\">Rodr\\u00edguez-Mu\\u00f1oz, M. F., Kovacheva, K., Provencio, M., L\\u00f3pez-Salmer\\u00f3n, M. D., Soto Balbuena, C., &amp; Fonseca, A. (2025). <strong>Propiedades psicom\\u00e9tricas de las preguntas de Whooley y Arroll para el cribado de la depresi\\u00f3n prenatal en poblaci\\u00f3n espa\\u00f1ola.\\u00a0<\\\/strong><i>Revista Iberoamericana de Diagn\\u00f3stico y Evaluaci\\u00f3n \\u2013 e Avalia\\u00e7\\u00e3o Psicol\\u00f3gica (RIDEP)<\\\/i>, 78(4), 177\\u2013186.\\u00a0<\\\/span><a title=\\\"https:\\\/\\\/doi.org\\\/10.21865\\\/RIDEP78.4.13\\\" href=\\\"https:\\\/\\\/doi.org\\\/10.21865\\\/RIDEP78.4.13\\\" target=\\\"_blank\\\" rel=\\\"noopener noreferrer\\\" data-auth=\\\"NotApplicable\\\" data-linkindex=\\\"3\\\">https:\\\/\\\/doi.org\\\/10.21865\\\/RIDEP78.4.13<\\\/a><\\\/p>\\n<p><span data-olk-copy-source=\\\"MessageBody\\\">Chrzan-D\\u0119tko\\u015b, M., Murawska, N., Krupelnytska, L., Moreira, H., Rodr\\u00edguez-Mu\\u00f1oz, M. F., Costa, R., Naki\\u0107 Rado\\u0161, S., Garc\\u00eda-L\\u00f3pez, H. S., Uka, A., Vavilova, A., Morozova-Larina, O., &amp; \\u0141ockiewicz, M. (2026). <\\\/span><span lang=\\\"en-US\\\">Assessment of childbirth-related PTSD: <strong>Psychometric properties of the Ukrainian version of the City Birth Trauma Scale<\\\/strong>.\\u00a0<i>Psychological trauma : theory, research, practice and policy<\\\/i>,\\u00a0<i>18<\\\/i>(1), 57\\u201369.\\u00a0<\\\/span><a title=\\\"https:\\\/\\\/doi.org\\\/10.1037\\\/tra0001979\\\" href=\\\"https:\\\/\\\/doi.org\\\/10.1037\\\/tra0001979\\\" target=\\\"_blank\\\" rel=\\\"noopener noreferrer\\\" data-auth=\\\"NotApplicable\\\" data-linkindex=\\\"4\\\"><span lang=\\\"en-US\\\">https:\\\/\\\/doi.org\\\/10.1037\\\/tra0001979<\\\/span><\\\/a><\\\/p>\"}},{\"@type\":\"Question\",\"name\":\"2025\",\"acceptedAnswer\":{\"@type\":\"Answer\",\"text\":\"<p><span data-olk-copy-source=\\\"MessageBody\\\">Provencio, M., Rodr\\u00edguez-Mu\\u00f1oz, M. F., Kovacheva, K., L\\u00f3pez-Salmer\\u00f3n, M. D., Fon<\\\/span>seca, A., Soto-Balbuena, C., &amp; Macayo-S\\u00e1nchez, E. (2025).\\u00a0<span lang=\\\"en-US\\\"><strong>Psychological Vulnerability to Perinatal Depression: A Longitudinal Mediation Model.\\u00a0<\\\/strong><i>Journal of clinical psychology<\\\/i>, 10.1002\\\/jclp.70044.\\u00a0<\\\/span>Advance online publication.\\u00a0<a title=\\\"https:\\\/\\\/doi.org\\\/10.1002\\\/jclp.70044\\\" href=\\\"https:\\\/\\\/doi.org\\\/10.1002\\\/jclp.70044\\\" target=\\\"_blank\\\" rel=\\\"noopener noreferrer\\\" data-auth=\\\"NotApplicable\\\" data-linkindex=\\\"5\\\">https:\\\/\\\/doi.org\\\/10.1002\\\/jclp.70044<\\\/a><\\\/p>\\n<p><span data-olk-copy-source=\\\"MessageBody\\\">Rodr\\u00edguez-Mu\\u00f1oz , M. F. ., Kovacheva, K., L\\u00f3pez-Salmer\\u00f3n, M. D., Provencio, M<\\\/span>., Soto-Balbuena , C., &amp; Mart\\u00ednez-Marquinez , M. (2025). <strong>Estructura factorial del PHQ-9 en el periodo perinatal: Un estudio longitudinal.<\\\/strong>\\u00a0<i>Terapia Psicol\\u00f3gica<\\\/i>,\\u00a0<i>43<\\\/i>(2), 263-279. Recuperado a partir de\\u00a0<a title=\\\"https:\\\/\\\/www.teps.cl\\\/index.php\\\/teps\\\/article\\\/view\\\/711\\\" href=\\\"https:\\\/\\\/www.teps.cl\\\/index.php\\\/teps\\\/article\\\/view\\\/711\\\" target=\\\"_blank\\\" rel=\\\"noopener noreferrer\\\" data-auth=\\\"NotApplicable\\\" data-linkindex=\\\"6\\\">https:\\\/\\\/www.teps.cl\\\/index.php\\\/teps\\\/article\\\/view\\\/711<\\\/a><\\\/p>\\n<p><span data-olk-copy-source=\\\"MessageBody\\\">L\\u00f3pez-Salmer\\u00f3n, M. D., Provencio-Ortega, M., Kovacheva, K., Men\\u00e9ndez, E., &amp; Rodr\\u00edguez-Mu\\u00f1oz, M. F. (2025). <strong>Propiedades psicom\\u00e9tricas del Cuestionario\\u00a0<\\\/strong><\\\/span><strong>Psicosocial de Riesgo (PRQ) en mujeres embarazadas espa\\u00f1olas para detecci\\u00f3n de la depresi\\u00f3n prenatal [Psychometric properties of the Psychosocial Risk Questionnaire (PRQ) in Spanish pregnant women for screening prenatal depression]<\\\/strong>.\\u00a0<i>Revista Chilena de Obstetricia y Ginecolog\\u00eda, 90<\\\/i>(3), 145\\u2013150.\\u00a0<a title=\\\"https:\\\/\\\/doi.org\\\/10.24875\\\/RECHOG.24000105\\\" href=\\\"https:\\\/\\\/doi.org\\\/10.24875\\\/RECHOG.24000105\\\" target=\\\"_blank\\\" rel=\\\"noopener noreferrer\\\" data-auth=\\\"NotApplicable\\\" data-linkindex=\\\"7\\\">https:\\\/\\\/doi.org\\\/10.24875\\\/RECHOG.24000105<\\\/a><\\\/p>\\n<p><span data-olk-copy-source=\\\"MessageBody\\\">Caparros-Gonzalez, R. A., Ayers, S., Duman, E. A., Calleja, N., Calleja-Agius, J., Carone, N., Christoforou, A., Dikmen-Yildiz, P., Garcia-Pintor, S., Horsch, A., Kittel-Schneider<\\\/span>, S., Leno-Duran, E., Lynn, F., Oosterman, M., Prepu\\u0161t, L., Rodriguez-Mu\\u00f1oz, M. F., Zietlow, A. L., \\u017duti\\u0107, M., &amp; Ga<strong>rthus-Niegel, S. (2025).\\u00a0<\\\/strong><span lang=\\\"en-US\\\"><strong>Maternal and infant (mental) health and development: our TREASURE &#8211; Introducing an EU COST Action on the impact of maternal perinatal stress.<\\\/strong>\\u00a0<\\\/span><i>Journal of reproductive and infant psychology<\\\/i>,\\u00a0<i>43<\\\/i>(3), 553\\u2013556.\\u00a0<a title=\\\"https:\\\/\\\/doi.org\\\/10.1080\\\/02646838.2025.2492976\\\" href=\\\"https:\\\/\\\/doi.org\\\/10.1080\\\/02646838.2025.2492976\\\" target=\\\"_blank\\\" rel=\\\"noopener noreferrer\\\" data-auth=\\\"NotApplicable\\\" data-linkindex=\\\"8\\\">https:\\\/\\\/doi.org\\\/10.1080\\\/02646838.2025.2492976<\\\/a><\\\/p>\\n<p><span data-olk-copy-source=\\\"MessageBody\\\">Rodr\\u00edguez-Mu\\u00f1oz, M. F., &amp; Chrzan-D\\u0119tko\\u015b, M. (2025).\\u00a0<\\\/span><span lang=\\\"en-US\\\"><strong>Refugee women and perinatal mental health: the experience of war.<\\\/strong>\\u00a0<\\\/span><i>Archives of women&#8217;s mental health<\\\/i>,\\u00a0<i>28<\\\/i>(2), 197\\u2013199.\\u00a0<a title=\\\"https:\\\/\\\/doi.org\\\/10.1007\\\/s00737-025-01576-z\\\" href=\\\"https:\\\/\\\/doi.org\\\/10.1007\\\/s00737-025-01576-z\\\" target=\\\"_blank\\\" rel=\\\"noopener noreferrer\\\" data-auth=\\\"NotApplicable\\\" data-linkindex=\\\"9\\\">https:\\\/\\\/doi.org\\\/10.1007\\\/s00737-025-01576-z<\\\/a><\\\/p>\\n<p><span data-olk-copy-source=\\\"MessageBody\\\">Chrzan-D\\u0119tko\\u015b, M., Murawska, N., \\u0141ockiewicz, M., &amp;\\u00a0 Rodriguez Mu\\u00f1oz, M. F. (2025).\\u00a0<\\\/span><strong><span lang=\\\"en-US\\\">Self-<\\\/span><\\\/strong><span lang=\\\"en-US\\\"><strong>harm thoughts among postpartum women &#8211; associated factors.\\u00a0<\\\/strong><i>Journal of reproductive and infant psychology<\\\/i>,\\u00a0<i>43<\\\/i>(4), 997\\u20131010.\\u00a0<\\\/span><a title=\\\"https:\\\/\\\/doi.org\\\/10.1080\\\/02646838.2024.2313487\\\" href=\\\"https:\\\/\\\/doi.org\\\/10.1080\\\/02646838.2024.2313487\\\" target=\\\"_blank\\\" rel=\\\"noopener noreferrer\\\" data-auth=\\\"NotApplicable\\\" data-linkindex=\\\"10\\\"><span lang=\\\"en-US\\\">https:\\\/\\\/doi.org\\\/10.1080\\\/02646838.2024.2313487<\\\/span><\\\/a><\\\/p>\\n<p><span lang=\\\"en-US\\\" data-olk-copy-source=\\\"MessageBody\\\">Rado\\u0161, S. N., Ganho-\\u00c1vila, A., Rodriguez-Mu\\u00f1oz, M. F., Bina, R., Kittel-Schneider, S., Lambregtse-van den Berg, M. P., \\u2026 Moura-Ramos, M. (2025). <strong>Evidence-based\\u00a0<\\\/strong><\\\/span><span lang=\\\"en-US\\\"><strong>clinical practice guidelines for prevention, screening and treatment of peripartum depression.<\\\/strong>\\u00a0<i>The British Journal of Psychiatry<\\\/i>,\\u00a0<i>227<\\\/i>(5), 798\\u2013809. doi:10.1192\\\/bjp.2025.43<\\\/span><\\\/p>\\n<p><span data-olk-copy-source=\\\"MessageBody\\\">Rodriguez-Mu\\u00f1oz, M. F., Chrzan-D\\u0119tko\\u015b, M., Uka, A., Garcia-L\\u00f3pez, H. S., Bina, R., &amp; Le, H. N. (2025).\\u00a0<\\\/span><strong><span lang=\\\"en-US\\\">A narrative review on emerging issues about war-related\\u00a0<\\\/span><\\\/strong><span lang=\\\"en-US\\\"><strong>trauma in perinatal women: good practice for assessment, prevention, and treatment.<\\\/strong>\\u00a0<i>Archives of women&#8217;s mental health<\\\/i>,\\u00a0<i>28<\\\/i>(2), 201\\u2013217.\\u00a0<\\\/span><a title=\\\"https:\\\/\\\/doi.org\\\/10.1007\\\/s00737-024-01537-y\\\" href=\\\"https:\\\/\\\/doi.org\\\/10.1007\\\/s00737-024-01537-y\\\" target=\\\"_blank\\\" rel=\\\"noopener noreferrer\\\" data-auth=\\\"NotApplicable\\\" data-linkindex=\\\"11\\\"><span lang=\\\"en-US\\\">https:\\\/\\\/doi.org\\\/10.1007\\\/s00737-024-01537-y<\\\/span><\\\/a><\\\/p>\\n<p><span lang=\\\"en-US\\\" data-olk-copy-source=\\\"MessageBody\\\">Krupelnytska, L., Vavilova, A., Yatsenko, N., Chrzan-D\\u0119tko\\u015b, M., Morozova-Larina, O.,\\u00a0<\\\/span><span lang=\\\"en-US\\\">Uka, A., &amp; Rodr\\u00edguez-Mu\\u00f1oz, M. F. (2025). War in Ukraine vs. <strong>Motherhood: Mental health self-perceptions of relocated pregnant women and new mothers.<\\\/strong>\\u00a0<\\\/span><i>BMC pregnancy and childbirth<\\\/i>,\\u00a0<i>25<\\\/i>(1), 253.\\u00a0<a title=\\\"https:\\\/\\\/doi.org\\\/10.1186\\\/s12884-025-07346-0\\\" href=\\\"https:\\\/\\\/doi.org\\\/10.1186\\\/s12884-025-07346-0\\\" target=\\\"_blank\\\" rel=\\\"noopener noreferrer\\\" data-auth=\\\"NotApplicable\\\" data-linkindex=\\\"12\\\">https:\\\/\\\/doi.org\\\/10.1186\\\/s12884-025-07346-0<\\\/a><\\\/p>\"}},{\"@type\":\"Question\",\"name\":\"2024\",\"acceptedAnswer\":{\"@type\":\"Answer\",\"text\":\"<p><span data-olk-copy-source=\\\"MessageBody\\\">Mart\\u00edn-Agudiez, N., y Rodr\\u00edguez-Mu\\u00f1oz, M. F. (2024). <strong>Revisi\\u00f3n del tabaquismo en el embarazo: prevalencia, perfil sociodemogr\\u00e1fico, depresi\\u00f3n perinatal, variables psicol\\u00f3gicas implicadas y tratamiento<\\\/strong> [Review about smoking in pregnancy: prevalence, sociodemographic profile, perinatal depression, psychological variables involved and treatment].\\u00a0<i>Revista Espa\\u00f1ola de Salud P\\u00fablica<\\\/i>,\\u00a0<i>98<\\\/i>, e202410055.<\\\/span><\\\/p>\\n<p><span data-olk-copy-source=\\\"MessageBody\\\">G\\u00f3mez-G\\u00f3mez, I., Dom\\u00ednguez-Salas, S., Rodr\\u00edguez-Mu\\u00f1oz, M. F., Rodr\\u00edguez-Dom\\u00ednguez, C., G\\u00f3mez-Baya, D., y Motrico, E. (2024).\\u00a0<\\\/span><span lang=\\\"en-US\\\">Psychometric Properties of the Online Version of the General Anxiety Disorder-7 (GAD-7):<strong> A Longitudinal Study in Pregnant and Postpartum Spanish Women.\\u00a0<\\\/strong><\\\/span><i>Psicothema<\\\/i>,\\u00a0<i>36<\\\/i>(3), 227\\u2013235. <a title=\\\"https:\\\/\\\/doi.org\\\/10.7334\\\/psicothema2023.293\\\" href=\\\"https:\\\/\\\/doi.org\\\/10.7334\\\/psicothema2023.293\\\" target=\\\"_blank\\\" rel=\\\"noopener noreferrer\\\" data-auth=\\\"NotApplicable\\\" data-linkindex=\\\"13\\\">https:\\\/\\\/doi.org\\\/10.7334\\\/psicothema2023.293<\\\/a><\\\/p>\\n<p>Rodr\\u00edguez-Mu\\u00f1oz, M. F., Mart\\u00edn-Mart\\u00edn, C., Kovacheva, K., Olivares, M. E., Izquierdo, N., P\\u00e9rez-Romero, P., &amp; Garc\\u00eda-R\\u00edos, E. (2024).\\u00a0<em><strong><span lang=\\\"EN-US\\\">Hygiene-based measures for the prevention of cytomegalovirus infection in pregnant women: a systematic review.\\u00a0<\\\/span><\\\/strong><\\\/em><i>BMC pregnancy and childbirth<\\\/i>,\\u00a0<i>24<\\\/i>(1), 172.\\u00a0<a href=\\\"https:\\\/\\\/doi.org\\\/10.1186\\\/s12884-024-06367-5\\\" target=\\\"_blank\\\" rel=\\\"noopener noreferrer\\\" data-auth=\\\"NotApplicable\\\" data-linkindex=\\\"0\\\">https:\\\/\\\/doi.org\\\/10.1186\\\/s12884-024-06367-5<\\\/a><\\\/p>\\n<p>Rodr\\u00edguez-Mu\\u00f1oz, M. F., Marcos-N\\u00e1jera, R., Amezcua, M. D., Soto-Balbuena, C., Le, H. N., &amp; Al-Halab\\u00ed, S. (2024).\\u00a0<em><strong><span lang=\\\"EN-US\\\">\\u00abSocial support and stressful life events: risk factors for antenatal depression in nulliparous and multiparous women\\u00bb.\\u00a0<\\\/span><\\\/strong><\\\/em><i>Women &amp; health<\\\/i>, 1\\u20138.\\u00a0<a href=\\\"https:\\\/\\\/doi.org\\\/10.1080\\\/03630242.2024.2308528\\\" target=\\\"_blank\\\" rel=\\\"noopener noreferrer\\\" data-auth=\\\"NotApplicable\\\" data-linkindex=\\\"1\\\">https:\\\/\\\/doi.org\\\/10.1080\\\/03630242.2024.2308528<\\\/a><\\\/p>\\n<p><span lang=\\\"EN-US\\\">Chrzan-D\\u0119tko\\u015b, M., Murawska, N., \\u0141ockiewicz, M., &amp; Rodriguez-Mu\\u00f1oz, M. F. (2024). <em><strong>Self-harm thoughts among postpartum women &#8211; associated factors.\\u00a0<\\\/strong><\\\/em><i>Journal of reproductive and infant psychology<\\\/i>, 1\\u201314<\\\/span>.\\u00a0<a href=\\\"https:\\\/\\\/doi.org\\\/10.1080\\\/02646838.2024.2313487\\\" target=\\\"_blank\\\" rel=\\\"noopener noreferrer\\\" data-auth=\\\"NotApplicable\\\" data-linkindex=\\\"2\\\">https:\\\/\\\/doi.org\\\/10.1080\\\/02646838.2024.2313487<\\\/a><\\\/p>\\n<p>Rado\\u0161, S. N., Akik, B. K., \\u017duti\\u0107, M., Rodriguez-Mu\\u00f1oz, M. F., Uriko, K., Motrico, E., Moreno-Peral, P., Apter, G., &amp; den Berg, M. L. (2024).\\u00a0<span lang=\\\"EN-US\\\"><em><strong>Diagnosis of peripartum depression disorder: A state-of-the-art approach from the COST Action Riseup-PPD.\\u00a0<\\\/strong><\\\/em><i>Comprehensive psychiatry<\\\/i>,\\u00a0<i>130<\\\/i>, 152456.\\u00a0<\\\/span><a href=\\\"https:\\\/\\\/doi.org\\\/10.1016\\\/j.comppsych.2024.152456\\\" target=\\\"_blank\\\" rel=\\\"noopener noreferrer\\\" data-auth=\\\"NotApplicable\\\" data-linkindex=\\\"3\\\"><span lang=\\\"EN-US\\\">https:\\\/\\\/doi.org\\\/10.1016\\\/j.comppsych.2024.152456<\\\/span><\\\/a><\\\/p>\"}},{\"@type\":\"Question\",\"name\":\"2023\",\"acceptedAnswer\":{\"@type\":\"Answer\",\"text\":\"<p>Kovacheva, K., Rodr\\u00edguez-Mu\\u00f1oz, M. F., G\\u00f3mez-Baya, D., Dom\\u00ednguez-Salas, S., &amp; Motrico, E. (2023).\\u00a0<span lang=\\\"en-US\\\"><em><strong>The socio-demographic profile associated with perinatal depression during the COVID-19 era.<\\\/strong><\\\/em>\\u00a0<\\\/span><i>BMC public health<\\\/i>,\\u00a0<i>23<\\\/i>(1), 786.\\u00a0<a href=\\\"https:\\\/\\\/doi.org\\\/10.1186\\\/s12889-023-15665-0\\\" target=\\\"_blank\\\" rel=\\\"noopener noreferrer\\\" data-auth=\\\"NotApplicable\\\" data-linkindex=\\\"0\\\">https:\\\/\\\/doi.org\\\/10.1186\\\/s12889-023-15665-0<\\\/a><\\\/p>\\n<p>Rodr\\u00edguez-Mu\\u00f1oz, M. F., Chrzan-D\\u0119tko\\u015b, M., Uka, A., Garc\\u00eda-L\\u00f3pez, H. S., Krupelnytska, L., Morozova-Larina, O., Vavilova, A., Molotokas, A., Murawska, N., &amp; Le, H. N. (2023).\\u00a0<span lang=\\\"en-US\\\"><em><strong>The impact of the war in Ukraine on the perinatal period: Perinatal mental health for refugee women (pmh-rw) protocol.<\\\/strong><\\\/em>\\u00a0<i>Frontiers in psychology<\\\/i>,\\u00a0<i>14<\\\/i>, 1152478<\\\/span><span lang=\\\"en-US\\\">.\\u00a0<\\\/span><a href=\\\"https:\\\/\\\/doi.org\\\/10.3389\\\/fpsyg.2023.1152478\\\" target=\\\"_blank\\\" rel=\\\"noopener noreferrer\\\" data-auth=\\\"NotApplicable\\\" data-linkindex=\\\"1\\\"><span lang=\\\"en-US\\\">https:\\\/\\\/doi.org\\\/10.3389\\\/fpsyg.2023.1152478<\\\/span><\\\/a><\\\/p>\\n<p>Motrico, E., Bina, R., Kassianos, A. P., Le, H. N., Mateus, V., Oztekin, D., Rodriguez-Mu\\u00f1oz, M. F., Moreno-Peral, P., &amp; Conejo-Cer\\u00f3n, S. (2023).\\u00a0<span lang=\\\"en-US\\\"><em><strong>Effectiveness of interventions to prevent perinatal depression: An umbrella review of systematic reviews and meta-analysis.<\\\/strong><\\\/em>\\u00a0<\\\/span><i>General Hospital Psychiatry<\\\/i>, \\u00a0<i>82<\\\/i>, 47\\u201361.\\u00a0<a href=\\\"https:\\\/\\\/doi.org\\\/10.1016\\\/j.genhosppsych.2023.03.007\\\" target=\\\"_blank\\\" rel=\\\"noopener noreferrer\\\" data-auth=\\\"NotApplicable\\\" data-linkindex=\\\"2\\\">https:\\\/\\\/doi.org\\\/10.1016\\\/j.genhosppsych.2023.03.007<\\\/a><u><\\\/u><\\\/p>\\n<p>Rodriguez-Mu\\u00f1oz, M. F., Rado\\u0161, S. N., Uka, A., Marques, M., Maia, B. R., Matos, M., Branquinho, M., Ayd\\u0131n, R., Mahmoodi, V., Chrzan-D\\u0119tko\\u015b, M., Walczak-Koz\\u0142owska, T., &amp; Liakea, I. (2023).\\u00a0<span lang=\\\"EN-US\\\"><em><strong>Effectiveness of the third wave cognitive behavior therapy for peripartum depression treatment-A systematic review.<\\\/strong><\\\/em>\\u00a0<i>Midwifery<\\\/i>,\\u00a0<i>127<\\\/i>, 103865.\\u00a0<\\\/span><a href=\\\"https:\\\/\\\/doi.org\\\/10.1016\\\/j.midw.2023.103865\\\" target=\\\"_blank\\\" rel=\\\"noopener noreferrer\\\" data-auth=\\\"NotApplicable\\\" data-linkindex=\\\"4\\\"><span lang=\\\"EN-US\\\">https:\\\/\\\/doi.org\\\/10.1016\\\/j.midw.2023.103865<\\\/span><\\\/a><\\\/p>\\n<p>Rodriguez-Mu\\u00f1oz, M. F., Kovacheva, K., Garc\\u00eda-L\\u00f3pez, H. S., Le, H. N., Ruiz, N., Olivares, M. E., Izquierdo Mendez, N., &amp; Coronado, P. (2023).\\u00a0<strong><span lang=\\\"EN-US\\\"><em>The healthy moms and babies app to prevent postpartum depression: analysis of user-profiles and dropout cases.<\\\/em>\\u00a0<\\\/span><\\\/strong><i>Frontiers in public health<\\\/i>,\\u00a0<i>11<\\\/i>, 1186963.\\u00a0<a href=\\\"https:\\\/\\\/doi.org\\\/10.3389\\\/fpubh.2023.1186963\\\" target=\\\"_blank\\\" rel=\\\"noopener noreferrer\\\" data-auth=\\\"NotApplicable\\\" data-linkindex=\\\"5\\\">https:\\\/\\\/doi.org\\\/10.3389\\\/fpubh.2023.1186963<\\\/a><span class=\\\"x_MsoHyperlink\\\">.<\\\/span><\\\/p>\\n<p>Rodr\\u00edguez-Mu\\u00f1oz, M. F., Motrico, E., Miguez, M. C., Chaves, C., Suso-Ribera, C., Duque, A., Garc\\u00eda Salinas, M., Caparr\\u00f3s-Gonz\\u00e1lez, R. A., Martin-Agudiez, N., Kovacheva, K., Garc\\u00eda-L\\u00f3pez, H., Vazquez-Bat\\u00e1n, P., Pe\\u00f1acoba, C., &amp; Osma, J. (2023).\\u00a0<span lang=\\\"EN-US\\\"><em><strong>Perinatal depression in the spanish context: Consensus report from the general council of psychology of Spain.<\\\/strong><\\\/em>\\u00a0<\\\/span><i>Cl\\u00ednica y Salud, 34<\\\/i>(2), 51-63.\\u00a0<a href=\\\"https:\\\/\\\/doi.org\\\/10.5093\\\/clysa2023a15\\\" target=\\\"_blank\\\" rel=\\\"noopener noreferrer\\\" data-auth=\\\"NotApplicable\\\" data-linkindex=\\\"6\\\">https:\\\/\\\/doi.org\\\/10.5093\\\/clysa2023a15<\\\/a><span class=\\\"x_MsoHyperlink\\\">.<\\\/span><\\\/p>\\n<p>Kovacheva, K., Rodr\\u00edguez-Mu\\u00f1oz, M F. , G\\u00f3mez-Baya, D., Dom\\u00ednguez-Salas, S., &amp; Motrico, E. (2023). <span lang=\\\"EN-US\\\"><em><strong>Relationship between social support and perinatal depression during the COVID-19 pandemic.<\\\/strong><\\\/em>\\u00a0<i>Journal of reproductive and infant psychology, 1\\u2013<\\\/i>14.\\u00a0<\\\/span><a href=\\\"https:\\\/\\\/doi.org\\\/10.1080\\\/02646838.2023.2230585\\\" target=\\\"_blank\\\" rel=\\\"noopener noreferrer\\\" data-auth=\\\"NotApplicable\\\" data-linkindex=\\\"7\\\"><span lang=\\\"EN-US\\\">https:\\\/\\\/doi.org\\\/10.1080\\\/02646838.2023.2230585<\\\/span><\\\/a><span class=\\\"x_MsoHyperlink\\\"><span lang=\\\"EN-US\\\">.<\\\/span><\\\/span><\\\/p>\\n<p><span lang=\\\"en-US\\\">\\u00a0<\\\/span><\\\/p>\"}},{\"@type\":\"Question\",\"name\":\"2022\",\"acceptedAnswer\":{\"@type\":\"Answer\",\"text\":\"<p>Kocacheva, K.\\u00a0Rodriguez-Mu\\u00f1oz, M. F. (2022). <strong>El tratamiento psicol\\u00f3gico del insomnio durante la infancia: Una revisi\\u00f3n paraguas.<\\\/strong> Revista de Psicolog\\u00eda Cl\\u00ednica con Ni\\u00f1os y Adolescentes, 10 (1), 42-52\\u00a0<a href=\\\"https:\\\/\\\/doi: 10.21134\\\/rpcna.2023.10.1.4\\\" data-wplink-url-error=\\\"true\\\"><span class=\\\"x_MsoHyperlink\\\">https:\\\/\\\/doi: 10.21134\\\/rpcna.2023.10.1.4<\\\/span><\\\/a><\\\/p>\\n<p>Asare, S. F., &amp; Rodriguez-Mu\\u00f1oz, M. F. (2022).\\u00a0<span lang=\\\"EN-US\\\"><strong>Understanding Healthcare Professionals&#8217; Knowledge on Perinatal Depression among Women in a Tertiary Hospital in Ghana: A Qualitative Study.<\\\/strong>\\u00a0<i>International journal of environmental research and public health<\\\/i>,\\u00a0<i>19<\\\/i>(23), 15960. <a href=\\\"https:\\\/\\\/doi.org\\\/10.3390\\\/ijerph192315960\\\">https:\\\/\\\/doi.org\\\/10.3390\\\/ijerph192315960<\\\/a><\\\/span><\\\/p>\\n<p>Chrzan-D\\u0119tko\\u015b, M., Rodr\\u00edguez-Mu\\u00f1oz, M. F., Krupelnytska, L., Morozova-Larina, O., Vavilova, A., L\\u00f3pez, H. G., Murawaska, N., and Rado\\u0161, S. N. (2022).<span lang=\\\"EN-US\\\"><strong> Good Practices in Perinatal Mental Health for Women during Wars and Migrations: A Narrative Synthesis from the COST Action Riseup-PPD in the Context of the War in Ukraine<\\\/strong>.<\\\/span><i>Cl\\u00ednica y Salud, 33<\\\/i>(3), 127 &#8211; 135.\\u00a0<a href=\\\"https:\\\/\\\/doi.org\\\/10.5093\\\/clysa2022a14\\\" target=\\\"_blank\\\" rel=\\\"noopener noreferrer\\\" data-auth=\\\"NotApplicable\\\" data-safelink=\\\"true\\\" data-linkindex=\\\"2\\\"><span lang=\\\"EN-US\\\">https:\\\/\\\/doi.org\\\/10.5093\\\/clysa2022a14<\\\/span><\\\/a><\\\/p>\\n<p>Mart\\u00ednez Herreros, M. C., Rodr\\u00edguez Mu\\u00f1oz, M. F., Izquierdo M\\u00e9ndez, N., &amp; Olivares Crespo, M. E. (2022). <strong>Psychological, Psychosocial and Obstetric Differences between Spanish and Immigrant Mothers: Retrospective Observational Study.<\\\/strong> International journal of environmental research and public health, 19(18), 11782. <a href=\\\"https:\\\/\\\/doi.org\\\/10.3390\\\/ijerph191811782\\\">https:\\\/\\\/doi.org\\\/10.3390\\\/ijerph191811782<\\\/a><\\\/p>\\n<p>Kovacheva, K., Rodr\\u00edguez-Mu\\u00f1oz, M. F., G\\u00f3mez Baya, D., Dom\\u00ednguez Salas, S., &amp; Motrico Mart\\u00ednez, E. (2022). <strong>The relationship between healthcare experience and perinatal depression during COVID-19 pandemic.<\\\/strong> Cl\\u00ednica y Salud. Ahead of print.\\u00a0<a href=\\\"https:\\\/\\\/doi.org\\\/10.5093\\\/clysa2022a13\\\"> https:\\\/\\\/doi.org\\\/10.5093\\\/clysa2022a13<\\\/a><\\\/p>\\n<p>Motrico, E., Moreno-Peral, P., Uriko, K., Hancheva, C., An\\u0111elinovi\\u0107, M., Ajaz, E., Apter, G., Bramante, A., Cer\\u00f3n, S. C., Christoforou, A., Dikmen-Yildiz, P., Evagorou, O., Fonseca, A., Lupatteli, A., Rado\\u0161, S. N., Al Maach, N., Rodriguez-Mu\\u00f1oz, M. F., \\u017duti\\u0107, M., &amp; Lambregtse-van den Berg, M. P. (2022). <strong>Clinical practice guidelines with recommendations for peripartum depression: A European systematic review.<\\\/strong> Acta psychiatrica Scandinavica, 10.1111\\\/acps.13478. Advance online publication. \\u00a0<a href=\\\"https:\\\/\\\/doi.org\\\/10.1111\\\/acps.13478\\\">https:\\\/\\\/doi.org\\\/10.1111\\\/acps.13478<\\\/a> (JIF=7.734; Q1)<\\\/p>\\n<p>Castelao, P., Rodr\\u00edguez-Mu\\u00f1oz, M. F., Olivares-Crespo, M. E., &amp; Izquierdo-M\\u00e9ndez, N. (2022). <strong>Review of suicidal ideation during pregnancy: risk factors, prevalence, assessment instruments and consequences.<\\\/strong> Psychology: Research and Review, 35(1), 13. <a href=\\\"https:\\\/\\\/doi.org\\\/10.1186\\\/s41155-022-00220-4\\\"> https:\\\/\\\/doi.org\\\/10.1186\\\/s41155-022-00220-4 \\u00a0<\\\/a>(JIF= 1.429; Q3)<\\\/p>\\n<p>Motrico, E., Dom\\u00ednguez-Salas, S., Rodr\\u00edguez-Dom\\u00ednguez, C., G\\u00f3mez-G\\u00f3mez, I., Rodr\\u00edguez-Mu\\u00f1oz, M. F., &amp; G\\u00f3mez-Baya, D. (2022). The Impact of the COVID-19 Pandemic on Perinatal Depression and Anxiety: A Large Cross-sectional Study in Spain. Psicothema, 34(2), 200\\u2013208. <a href=\\\"https:\\\/\\\/doi.org\\\/10.7334\\\/psicothema2021.380\\\">https:\\\/\\\/doi.org\\\/10.7334\\\/psicothema2021.380<\\\/a><\\\/p>\\n<p>Castelao, P., Rodriguez-Mu\\u00f1oz, M.F<b>.<\\\/b>,\\u00a0Le, H-N., Olivares, M.E., Izquierdo, N\\u00a0.\\u00a0 <strong>Suicidal ideation: prevalence and risk factors during pregnancy<\\\/strong>.\\u00a0<i>Midwifery, 106<\\\/i>, 103226.\\u00a0<a href=\\\"https:\\\/\\\/doi.org\\\/10.1016\\\/j.midw.2021.103226\\\">https:\\\/\\\/doi.org\\\/10.1016\\\/j.midw.2021.103226<\\\/a>\\u00a0<\\\/p>\"}},{\"@type\":\"Question\",\"name\":\"2021\",\"acceptedAnswer\":{\"@type\":\"Answer\",\"text\":\"<p class=\\\"x_MsoNormal\\\">Ruiz-Segovia, N., Rodriguez-Mu\\u00f1oz, M.F., Olivares, M.E., Izquierdo, N,, Coronado, P., Le, H-N.\\u00a0<span lang=\\\"EN-US\\\">(2021).<strong> Healthy Moms and Babies Preventive Psychological Intervention Application: A Study Protocol<\\\/strong>.\\u00a0<i>International Journal of Environmental Research and Public Health<\\\/i>, 18(23):12485.\\u00a0<\\\/span><a href=\\\"https:\\\/\\\/doi.org\\\/10.3390\\\/ijerph182312485\\\" target=\\\"_blank\\\" rel=\\\"noopener noreferrer\\\" data-auth=\\\"NotApplicable\\\" data-linkindex=\\\"1\\\"><span lang=\\\"EN-US\\\">https:\\\/\\\/doi.org\\\/10.3390\\\/ijerph182312485,<\\\/span><\\\/a><span lang=\\\"EN-US\\\">\\u00a0 <\\\/span><span lang=\\\"EN-US\\\"><a href=\\\"https:\\\/\\\/www.mdpi.com\\\/1660-4601\\\/18\\\/23\\\/12485\\\"><span style=\\\"text-decoration: underline\\\">ENLACE &gt;&gt;<\\\/span><\\\/a>\\u00a0 \\u00a0<\\\/span><\\\/p>\\n<p class=\\\"x_MsoNormal\\\">Ramiro-Cortijo, D., Soto-Balbuena, C., Rodriguez-Mu\\u00f1oz, M.F., (2021).\\u00a0<span lang=\\\"EN-US\\\"><strong>Early Association Factors for Depression Symptoms in Pregnancy: A Comparison between Spanish Women Spontaneously Gestation and with Assisted Reproduction Techniques<\\\/strong><i>.\\u00a0Journal of Clinical Medicine.,<\\\/i>10(23):5672.\\u00a0<\\\/span><a href=\\\"https:\\\/\\\/doi.org\\\/10.3390\\\/jcm10235672\\\" target=\\\"_blank\\\" rel=\\\"noopener noreferrer\\\" data-auth=\\\"NotApplicable\\\" data-linkindex=\\\"4\\\"><span lang=\\\"EN-US\\\">https:\\\/\\\/doi.org\\\/10.3390\\\/jcm10235672<\\\/span><\\\/a><span lang=\\\"EN-US\\\"> ,\\u00a0<\\\/span><a href=\\\"https:\\\/\\\/www.mdpi.com\\\/2077-0383\\\/10\\\/23\\\/5672\\\"><span style=\\\"text-decoration: underline\\\"><span lang=\\\"EN-US\\\">ENLACE &gt;&gt;<\\\/span><\\\/span><\\\/a><\\\/p>\\n<p>Al-Halab\\u00ed, S., Garc\\u00eda-Haro, J.,\\u00a0<b>Rodr\\u00edguez-Mu\\u00f1oz, M. F<\\\/b>., y Fonseca-Pedrero, E., (2021).<strong>\\u00a0<\\\/strong><i><span lang=\\\"EN-US\\\"><strong>Suicidal behavior and the perinatal period: taboo and misunderstanding<\\\/strong>.<\\\/span><\\\/i><span lang=\\\"EN-US\\\"><a href=\\\"http:\\\/\\\/www.papelesdelpsicologo.es\\\/pub\\\/2\\\/\\\"> Papeles del Psic\\u00f3logo 42(3)<\\\/a>, 161-169. <a href=\\\"https:\\\/\\\/doi.org\\\/10.23923\\\/pap.psicol.2963\\\">ENLACE &gt;&gt;<\\\/a><\\\/span><\\\/p>\\n<p>Branquinho, M., Rodriguez-Mu\\u00f1oz, M. F., Maia, B. R., Marques, M., Matos, M., Osma, J., Moreno-Peral, P., Conejo-Cer\\u00f3n, S., Fonseca, A., &amp; Vousoura, E. (2021).\\u00a0<span lang=\\\"EN-US\\\"><strong>Effectiveness of psychological interventions in the treatment of perinatal depression: A systematic review of systematic reviews and meta-analyses<\\\/strong>.\\u00a0<\\\/span><i>Journal of affective disorders,\\u00a0291<\\\/i>, 294\\u2013306. <a href=\\\"https:\\\/\\\/doi.org\\\/10.1016\\\/j.jad.2021.05.010\\\">ENLACE &gt;&gt;<\\\/a><\\\/p>\\n<p class=\\\"x_MsoNormal\\\">Fonseca Pedrero, E., P\\u00e9rez-\\u00c1lvarez, M., Al-Halab\\u00ed, S., Inchausti, F., Mu\\u00f1iz, J., L\\u00f3pez-Navarro, E., P\\u00e9rez de Alb\\u00e9niz, A., Lucas Molina, B., Debban\\u00e9, M., Bobes-Bascar\\u00e1n, M. T., Gimeno-Pe\\u00f3n, A., Prado-Abril, J., Fern\\u00e1ndez-\\u00c1lvarez, J., Rodr\\u00edguez-Testal, J. F., Gonz\\u00e1lez Pando, D., D\\u00edez-G\\u00f3mez, A., Garc\\u00eda Montes, J. M., Garc\\u00eda-Cerd\\u00e1n, L., Osma, J., Peris Baquero, \\u00d3.,<b>\\u00a0<\\\/b>Rodr\\u00edguez-Mu\\u00f1oz, M. F\\u00a0\\u2026\\u00a0<span lang=\\\"EN-US\\\">Marrero, R. J. (2021).\\u00a0<b>Evidence-Based Psychological Treatments for Adults: A Selective Review.<\\\/b>\\u00a0<\\\/span><i>Psicothema,\\u00a033(2),<\\\/i> 188\\u2013197. <a href=\\\"https:\\\/\\\/doi.org\\\/10.7334\\\/psicothema2020.426\\\">ENLACE &gt;&gt;<\\\/a><\\\/p>\\n<p>Soto-Balbuena, C., Rodr\\u00edguez-Mu\\u00f1oz, M. F. y Le, H. N., (2021).<strong>\\u00a0The psychometric properties and factor structure of generalized anxiety disorder- 7 among Spanish pregnant women<\\\/strong>.\\u00a0<em>Psicothema, 33<\\\/em>(1), 164-170. <a href=\\\"https:\\\/\\\/doi: 10.7334\\\/psicothema2020.167\\\">ENLACE &gt;&gt;<\\\/a><\\\/p>\\n<p>Motrico, E., Bina, R., Dom\\u00ednguez-Salas, S., Mateus, V., Contreras-Garc\\u00eda, Y., Carrasco-Porti\\u00f1o, M., Ajaz, E., Apter, G., Christoforou, A., Dikmen-Yildiz, P., Felice, E., Hancheva, C., Vousura, E., Wilson, C., Buhagiar, R., Cardaso, C., Costa, R.,\\u00a0Devouche, E., Gahno, A., G\\u00f3mez-Baya, D., \\u2026\\u00a0Rodr\\u00edguez-Mu\\u00f1oz, M. F. \\u2026\\u00a0Mesquita, A.,\\u00a0(2021). <strong>Impact of Covid-19 Pandemic on Perinatal Mental Health (Riseup-PPD-COVID-19): Protocol for an International Prospective Cohort Study<\\\/strong>.\\u00a0<em>BMC public health<\\\/em>,\\u00a021(1), 368<a>.\\u00a0<\\\/a><a href=\\\"https:\\\/\\\/doi.org\\\/10.1186\\\/s12889-021-10330-w\\\" target=\\\"_blank\\\" rel=\\\"noreferrer noopener\\\">ENLACE &gt;&gt;<\\\/a><\\\/p>\"}},{\"@type\":\"Question\",\"name\":\"2020\",\"acceptedAnswer\":{\"@type\":\"Answer\",\"text\":\"<p>Rodr\\u00edguez-Mu\\u00f1oz, M. F. y Al-Halab\\u00ed, S. (2020). <strong>A Pathway to Excellence<\\\/strong>.\\u00a0<em>Cl\\u00ednica y Salud, 31<\\\/em>(3), 125 &#8211; 126.\\u00a0<a href=\\\"https:\\\/\\\/doi.org\\\/10.5093\\\/clysa2020a31\\\" target=\\\"_blank\\\" rel=\\\"noreferrer noopener\\\">ENLACE&gt;&gt;<\\\/a><\\\/p>\\n<p><!-- \\\/wp:paragraph --><!-- wp:paragraph --><\\\/p>\\n<p>Fonseca, A., Ganho-\\u00c1vila, A., Lambregtse-van den Berg, M., Lupatelli, A., Rodriguez-Mu\\u00f1oz, M. F., Ferreira, P., Rado\\u0161, S. N., y Bina, R. (2020).\\u00a0<strong>Emerging issues and questions on peripartum depression prevention, diagnosis and treatment: A consensus report from the COST Action RISEUP-PPD<\\\/strong>.\\u00a0<em>Journal of Affective Disorders, 274,<\\\/em>\\u00a0167\\u2013173.<a href=\\\"https:\\\/\\\/doi.org\\\/10.1016\\\/j.jad.2020.05.112\\\" target=\\\"_blank\\\" rel=\\\"noreferrer noopener\\\"> ENLACE&gt;&gt;<\\\/a><\\\/p>\\n<p><!-- \\\/wp:paragraph --><!-- wp:paragraph --><\\\/p>\\n<p>Caparr\\u00f3s-Gonz\\u00e1lez, R.A. y Rodr\\u00edguez Mu\\u00f1oz, M.F. (2020). <strong>Depresi\\u00f3n posparto paterna: visibilidad e influencia en la salud infantil<\\\/strong>.\\u00a0<em>Cl\\u00ednica y Salud, 31(<\\\/em>3), 161-163.\\u00a0<a href=\\\"https:\\\/\\\/doi.org\\\/10.5093\\\/clysa2020a10\\\" target=\\\"_blank\\\" rel=\\\"noreferrer noopener\\\">ENLACE&gt;&gt;<\\\/a><\\\/p>\\n<p><!-- \\\/wp:paragraph --><!-- wp:paragraph --><\\\/p>\\n<p>Marcos-N\\u00e1jera, R., Rodr\\u00edguez-Mu\\u00f1oz, M. F., Lara, M. A., Navarrete, L., y Le, H. N. (2020).\\u00a0<strong>A Cross-Cultural Analysis of the Prevalence and Risk Factors for Prenatal Depression in Spain and Mexico<\\\/strong>.\\u00a0<em>Culture, Medicine and Psychiatry<\\\/em>, 10.1007\\\/s11013-020-09691-5. Advance online publication.<\\\/p>\\n<p><!-- \\\/wp:paragraph --><!-- wp:paragraph --><\\\/p>\\n<p>Rodr\\u00edguez-Mu\\u00f1oz, M. F., Ruiz-Segovia, N., Soto-Balbuena, C., Le, H. N., Olivares-Crespo, M. E., e Izquierdo-M\\u00e9ndez, N. (2020).\\u00a0<strong>The Psychometric Properties of the Patient Health Questionnaire-4 for Pregnant Women<\\\/strong>.\\u00a0<em>International Journal of Environmental Research and Public Health<\\\/em>,\\u00a0<em>17<\\\/em>(20), 7583.\\u00a0<a href=\\\"https:\\\/\\\/doi.org\\\/10.3390\\\/ijerph17207583\\\" target=\\\"_blank\\\" rel=\\\"noreferrer noopener\\\">ENLACE&gt;&gt;<\\\/a><\\\/p>\\n<p><!-- \\\/wp:paragraph --><!-- wp:paragraph --><\\\/p>\\n<p>Marcos-N\\u00e1jera, R., Rodr\\u00edguez-Mu\\u00f1oz, M. F., Soto Balbuena, C., Olivares Crespo, M. E., Izquierdo M\\u00e9ndez, N., Le, H. N., y Escudero Gomis, A. (2020).\\u00a0<strong>The Prevalence and Risk Factors for Antenatal Depression Among Pregnant Immigrant and Native Women in Spain<\\\/strong>.\\u00a0<em>Journal of Transcultural Nursing, 31<\\\/em>(6), 564\\u2013575.\\u00a0<a href=\\\"https:\\\/\\\/doi.org\\\/10.1177\\\/1043659619891234\\\" target=\\\"_blank\\\" rel=\\\"noreferrer noopener\\\">ENLACE&gt;&gt;<\\\/a><\\\/p>\\n<p><!-- \\\/wp:paragraph --><!-- wp:paragraph --><\\\/p>\\n<p>Le, H. N., Rodr\\u00edguez-Mu\\u00f1oz, M. F., Soto-Balbuena, C., Olivares Crespo, M. E., Izquierdo M\\u00e9ndez, N., y Marcos-N\\u00e1jera, R. (2020).\\u00a0<strong>Preventing perinatal depression in Spain: a pilot evaluation of\\u00a0<em>Mam\\u00e1s y Beb\\u00e9s<\\\/em><\\\/strong>.\\u00a0<em>Journal of Reproductive and Infant Psychology<\\\/em>,\\u00a0<em>38<\\\/em>(5), 546\\u2013559.\\u00a0<a href=\\\"https:\\\/\\\/doi.org\\\/10.1080\\\/02646838.2019.1687859\\\" target=\\\"_blank\\\" rel=\\\"noreferrer noopener\\\">ENLACE&gt;&gt;<\\\/a><\\\/p>\"}},{\"@type\":\"Question\",\"name\":\"2018\",\"acceptedAnswer\":{\"@type\":\"Answer\",\"text\":\"<p class=\\\"x_MsoListParagraph\\\">Rodr\\u00edguez-Mu\\u00f1oz, M.F., Izquierdo-M\\u00e9ndez, N., Olivares-Crespo, M.E., Picos, M.C., Rodr\\u00edguez, M.I., Herr\\u00e1iz. M.A., Le, H.N. y Fonseca, J. (2018).<em><strong> \\u00bfEs posible el uso de la Postpartum Depression Scale-SF en la depresi\\u00f3n antenatal?<\\\/strong><\\\/em>.\\u00a0Cl\\u00ednica y Salud, \\u00a029(3) 147-150.\\u00a0<a href=\\\"http:\\\/\\\/journals.copmadrid.org\\\/clysa\\\/archivos\\\/articulo20181102114836.pdf\\\">ENLACE&gt;&gt;<\\\/a><\\\/p>\\n<p><!-- \\\/wp:paragraph --><!-- wp:paragraph {\\\"className\\\":\\\"x_MsoListParagraph\\\"} --><\\\/p>\\n<p class=\\\"x_MsoListParagraph\\\">Marcos-N\\u00e1jera, R., Le, H.N., Rodriguez Mu\\u00f1oz, M.F., Olivares, M.E. y Izquierdo, N. (2018).\\u00a0<span lang=\\\"EN-US\\\"><em><strong>The structure of the patient health questionnaire-9 in pregnant women in Spain.\\u00a0<\\\/strong><\\\/em><i><strong>Midwifery<\\\/strong>, 62;<\\\/i>\\u00a036-41.\\u00a0<\\\/span><span lang=\\\"EN-US\\\">doi: 10.1016\\\/j.midw.2018.03.011. <a href=\\\"https:\\\/\\\/www.ncbi.nlm.nih.gov\\\/pubmed\\\/29653416\\\">ENLACE&gt;&gt;<\\\/a><\\\/span><\\\/p>\\n<p><!-- \\\/wp:paragraph --><!-- wp:paragraph {\\\"className\\\":\\\"x_MsoListParagraph\\\"} --><\\\/p>\\n<p class=\\\"x_MsoListParagraph\\\">Soto Balbuena C, Rodriguez Mu\\u00f1oz, M.F., Escudero, A., Ferrer, FJ, Grupo PMBH.\\u00a0<span lang=\\\"EN-US\\\">(2018). <em><strong>Incidence, prevalence and risk factors related to anxiety symptoms during pregnancy<\\\/strong><\\\/em>.\\u00a0\\u00a0<i>Psicothema,\\u00a0<\\\/i><\\\/span><i><span lang=\\\"EN-US\\\">30 (3),<\\\/span><\\\/i><span lang=\\\"EN-US\\\">\\u00a0257-263 doi: 10.7334\\\/psicothema2017.379. <a href=\\\"http:\\\/\\\/www.psicothema.com\\\/pdf\\\/4479.pdf\\\">ENLACE&gt;&gt;<\\\/a><\\\/span><\\\/p>\"}},{\"@type\":\"Question\",\"name\":\"2017\",\"acceptedAnswer\":{\"@type\":\"Answer\",\"text\":\"<p>Rodr\\u00edguez-Mu\\u00f1oz MF, Vallejo Slocker L, Olivares Crespo ME, Izquierdo M\\u00e9ndez N, Soto C, Huynh-Nhu Le. (2017) <strong>Propiedades psicom\\u00e9tricas del postpartum depression predictors inventory- revised- versi\\u00f3n prenatal en una muestra espa\\u00f1ola de mujeres embarazadas<\\\/strong>. Revista Espa\\u00f1ola de Salud P\\u00fablica, 91:15 de diciembre e201712047.\\u00a0\\u00a0<a href=\\\"http:\\\/\\\/www.msssi.gob.es\\\/biblioPublic\\\/publicaciones\\\/recursos_propios\\\/resp\\\/revista_cdrom\\\/VOL91\\\/ORIGINALES\\\/RS91C_201712047.pdf\\\"><span style=\\\"color: #008080\\\">ENLACE<\\\/span> &gt;&gt;<\\\/a><\\\/p>\\n<p><!-- \\\/wp:paragraph --><!-- wp:paragraph --><\\\/p>\\n<p>Marcos-N\\u00e1jera, R. Rodriguez-Mu\\u00f1oz, M.F., Olivares, M.E., Soto Balbuena C. (2017). <strong>Depresi\\u00f3n perinatal: rentabilidad y expectativas de la intervenci\\u00f3n preventiva<\\\/strong>. <em>Cl\\u00ednica y Salud, (28), 49-52<\\\/em>. \\u00a0<a href=\\\"http:\\\/\\\/clysa.elsevier.es\\\/es\\\/depresion-perinatal-rentabilidad-expectativas-intervencion\\\/articulo\\\/S113052741730018X\\\/#.WW2pAoTyjIU\\\"><span style=\\\"color: #008080\\\">ENLACE&gt;&gt;<\\\/span><\\\/a><\\\/p>\\n<p><!-- \\\/wp:paragraph --><!-- wp:paragraph --><\\\/p>\\n<p>Rodriguez Mu\\u00f1oz, M.F., Le, H.N. Olivares, M.E., Izquierdo, N.\\u00a0 <strong>Feasibility of screening and prevalence of prenatal depression in an obstetric setting in Spain<\\\/strong>. (2017). <em>European Journal of Obstetrics &amp; Gynecology and Reproductive Biology 215,<\\\/em> 101\\u2013105. \\u00a0 <a href=\\\"http:\\\/\\\/www.ejog.org\\\/article\\\/S0301-2115(17)30283-X\\\/fulltext\\\"><span style=\\\"color: #008080\\\">ENLACE<\\\/span> &gt;&gt;<\\\/a><\\\/p>\\n<p><!-- \\\/wp:paragraph --><!-- wp:paragraph --><\\\/p>\\n<p>Rodr\\u00edguez-Mu\\u00f1oz MF, Castelao Legazpi PC, Olivares Crespo ME, Soto Balbuena C, Izquierdo M\\u00e9ndez N, Ferrer Barrientos FJ, Huynh-Nhu L. (2017). <strong>PHQ-2 como primer instrumento de cribado de la depresi\\u00f3n prenatal<\\\/strong>. <em>Revista Espa\\u00f1ola de Salud Publica <\\\/em>;91:30. \\u00a0 <span style=\\\"color: #008080\\\">\\u00a0<a style=\\\"color: #008080\\\" href=\\\"http:\\\/\\\/www.msssi.gob.es\\\/biblioPublic\\\/publicaciones\\\/recursos_propios\\\/resp\\\/revista_cdrom\\\/VOL91\\\/ORIGINALES\\\/RS91C_MFRM.pdf\\\" target=\\\"_blank\\\" rel=\\\"noopener noreferrer\\\">ENLACE &gt;&gt;<\\\/a><\\\/span><\\\/p>\"}},{\"@type\":\"Question\",\"name\":\"2016\",\"acceptedAnswer\":{\"@type\":\"Answer\",\"text\":\"<p>Rodr\\u00edguez-Mu\\u00f1oz, M. F., Olivares, M.E., Izquierdo, N., Soto, C. y Nuynh-Nuh, Le. (2016). <strong>Prevenci\\u00f3n de la depresi\\u00f3n perinatal<\\\/strong><em>.\\u00a0<\\\/em><em>Cl\\u00ednica y Salud, (27), 97-99<\\\/em>.<br \\\/>dos: 10.1016\\\/j.clysa.2016.10.001 \\u00a0 <span style=\\\"color: #008080\\\"><a style=\\\"color: #008080\\\" href=\\\"http:\\\/\\\/www.sciencedirect.com\\\/science\\\/article\\\/pii\\\/S1130527416300433\\\" target=\\\"_blank\\\" rel=\\\"noopener noreferrer\\\">ENLACE\\u00a0<\\\/a><\\\/span><\\\/p>\"}},{\"@type\":\"Question\",\"name\":\"2013\",\"acceptedAnswer\":{\"@type\":\"Answer\",\"text\":\"<p>Alexander, L., Rodriguez Mu\\u00f1oz, M.F., Perry, D. y Le, N. (2013). <strong>The Latent Symptom Structure of the Beck Depression Inventory: Second Edition in Latina Pregnant Women<\\\/strong>. <em>Maternal and Child Health Journal. 18(5),<\\\/em> 1132-41. doi: 10.1007\\\/s10995-013-1343-5\\u00a0 \\u00a0<span style=\\\"color: #008080\\\"><a style=\\\"color: #008080\\\" href=\\\"http:\\\/\\\/link.springer.com\\\/article\\\/10.1007%2Fs10995-013-1343-5\\\" target=\\\"_blank\\\" rel=\\\"noopener noreferrer\\\">ENLACE<\\\/a><\\\/span><\\\/p>\"}}]}<\/script>\n\t\t\t\t\t<\/div>\n\t\t\t\t\t\t<\/div>\n\t\t\t\t<\/div>\n\t\t\t\t\t<\/div>\n\t\t<\/div>\n\t\t\t\t\t<\/div>\n\t\t<\/section>\n\t\t\t\t<\/div>\n\t\t","protected":false},"excerpt":{"rendered":"<p>2026 Dom\u00ednguez-Salas, S., G\u00f3mez-G\u00f3mez, I., Rodr\u00edguez-Mu\u00f1oz, M. F., Rodr\u00edguez-Dom\u00ednguez, C., G\u00f3mez-Baya, D., &amp; Motrico, E. (2026).\u00a0Psychometric properties of the Edinburgh Postnatal Depression Scale (EPDS) for use in digital perinatal mental health research: A longitudinal study among Spanish pregnant and postpartum women.\u00a0Human Behavior and Emerging Technologies, 2026(1).\u00a0https:\/\/doi.org\/10.1155\/hbe2\/8792831 Krupelnytska, L., Yatsenko, N., Chrzan-D\u0119tko\u015b, M., Murawska, N., Vavilova, [&hellip;]<\/p>\n","protected":false},"author":49,"featured_media":0,"parent":0,"menu_order":0,"comment_status":"closed","ping_status":"closed","template":"","meta":{"footnotes":""},"class_list":["post-31","page","type-page","status-publish","czr-hentry"],"_links":{"self":[{"href":"https:\/\/blogs.uned.es\/mbc\/wp-json\/wp\/v2\/pages\/31","targetHints":{"allow":["GET"]}}],"collection":[{"href":"https:\/\/blogs.uned.es\/mbc\/wp-json\/wp\/v2\/pages"}],"about":[{"href":"https:\/\/blogs.uned.es\/mbc\/wp-json\/wp\/v2\/types\/page"}],"author":[{"embeddable":true,"href":"https:\/\/blogs.uned.es\/mbc\/wp-json\/wp\/v2\/users\/49"}],"replies":[{"embeddable":true,"href":"https:\/\/blogs.uned.es\/mbc\/wp-json\/wp\/v2\/comments?post=31"}],"version-history":[{"count":171,"href":"https:\/\/blogs.uned.es\/mbc\/wp-json\/wp\/v2\/pages\/31\/revisions"}],"predecessor-version":[{"id":4179,"href":"https:\/\/blogs.uned.es\/mbc\/wp-json\/wp\/v2\/pages\/31\/revisions\/4179"}],"wp:attachment":[{"href":"https:\/\/blogs.uned.es\/mbc\/wp-json\/wp\/v2\/media?parent=31"}],"curies":[{"name":"wp","href":"https:\/\/api.w.org\/{rel}","templated":true}]}}