{"id":593,"date":"2021-07-16T12:14:42","date_gmt":"2021-07-16T10:14:42","guid":{"rendered":"https:\/\/blogs.uned.es\/koinonia\/?page_id=593"},"modified":"2022-03-16T14:10:45","modified_gmt":"2022-03-16T13:10:45","slug":"resultados","status":"publish","type":"page","link":"https:\/\/blogs.uned.es\/koinonia\/resultados\/","title":{"rendered":"Publicaciones"},"content":{"rendered":"\t\t<div data-elementor-type=\"wp-page\" data-elementor-id=\"593\" class=\"elementor elementor-593\">\n\t\t\t\t\t\t<section class=\"elementor-section elementor-top-section elementor-element elementor-element-5f0dec8 elementor-section-boxed elementor-section-height-default elementor-section-height-default\" data-id=\"5f0dec8\" data-element_type=\"section\" data-e-type=\"section\">\n\t\t\t\t\t\t<div class=\"elementor-container elementor-column-gap-default\">\n\t\t\t\t\t<div class=\"elementor-column elementor-col-100 elementor-top-column elementor-element elementor-element-cbcf7f4\" data-id=\"cbcf7f4\" data-element_type=\"column\" data-e-type=\"column\">\n\t\t\t<div class=\"elementor-widget-wrap elementor-element-populated\">\n\t\t\t\t\t\t<div class=\"elementor-element elementor-element-5178a9f elementor-widget elementor-widget-heading\" data-id=\"5178a9f\" data-element_type=\"widget\" data-e-type=\"widget\" data-widget_type=\"heading.default\">\n\t\t\t\t<div class=\"elementor-widget-container\">\n\t\t\t\t\t<h2 class=\"elementor-heading-title elementor-size-default\">PUBLICACIONES<br><\/h2>\t\t\t\t<\/div>\n\t\t\t\t<\/div>\n\t\t\t\t\t<\/div>\n\t\t<\/div>\n\t\t\t\t\t<\/div>\n\t\t<\/section>\n\t\t\t\t<section class=\"elementor-section elementor-top-section elementor-element elementor-element-2a0e090 elementor-section-boxed elementor-section-height-default elementor-section-height-default\" data-id=\"2a0e090\" data-element_type=\"section\" data-e-type=\"section\">\n\t\t\t\t\t\t<div class=\"elementor-container elementor-column-gap-default\">\n\t\t\t\t\t<div class=\"elementor-column elementor-col-33 elementor-top-column elementor-element elementor-element-8cfad75\" data-id=\"8cfad75\" data-element_type=\"column\" data-e-type=\"column\">\n\t\t\t<div class=\"elementor-widget-wrap elementor-element-populated\">\n\t\t\t\t\t\t<div class=\"elementor-element elementor-element-0ad2bd8 elementor-position-top elementor-widget elementor-widget-image-box\" data-id=\"0ad2bd8\" data-element_type=\"widget\" data-e-type=\"widget\" data-widget_type=\"image-box.default\">\n\t\t\t\t<div class=\"elementor-widget-container\">\n\t\t\t\t\t<div class=\"elementor-image-box-wrapper\"><figure class=\"elementor-image-box-img\"><a href=\"https:\/\/blogs.uned.es\/koinonia\/articulo-01\/\" tabindex=\"-1\"><img fetchpriority=\"high\" decoding=\"async\" width=\"2048\" height=\"1536\" src=\"https:\/\/blogs.uned.es\/koinonia\/wp-content\/uploads\/sites\/315\/2021\/07\/523b562d-149b-430f-8a31-46ca3760cef0.jpg\" class=\"attachment-full size-full wp-image-947\" alt=\"\" \/><\/a><\/figure><div class=\"elementor-image-box-content\"><h3 class=\"elementor-image-box-title\"><a href=\"https:\/\/blogs.uned.es\/koinonia\/articulo-01\/\">Art\u00edculo 01<\/a><\/h3><p class=\"elementor-image-box-description\">Superdiversity and social policies in a complex society: Social challenges in the 21st century<\/p><\/div><\/div>\t\t\t\t<\/div>\n\t\t\t\t<\/div>\n\t\t\t\t\t<\/div>\n\t\t<\/div>\n\t\t\t\t<div class=\"elementor-column elementor-col-33 elementor-top-column elementor-element elementor-element-b2c43e1\" data-id=\"b2c43e1\" data-element_type=\"column\" data-e-type=\"column\">\n\t\t\t<div class=\"elementor-widget-wrap elementor-element-populated\">\n\t\t\t\t\t\t<div class=\"elementor-element elementor-element-1728843 elementor-position-top elementor-widget elementor-widget-image-box\" data-id=\"1728843\" data-element_type=\"widget\" data-e-type=\"widget\" data-widget_type=\"image-box.default\">\n\t\t\t\t<div class=\"elementor-widget-container\">\n\t\t\t\t\t<div class=\"elementor-image-box-wrapper\"><figure class=\"elementor-image-box-img\"><a href=\"https:\/\/blogs.uned.es\/koinonia\/articulo-02\/\" tabindex=\"-1\"><img decoding=\"async\" width=\"2048\" height=\"1152\" src=\"https:\/\/blogs.uned.es\/koinonia\/wp-content\/uploads\/sites\/315\/2021\/07\/1ad0c9c7-7d5f-466b-9dbe-dc3739b6ff0c.jpg\" class=\"attachment-full size-full wp-image-829\" alt=\"\" \/><\/a><\/figure><div class=\"elementor-image-box-content\"><h3 class=\"elementor-image-box-title\"><a href=\"https:\/\/blogs.uned.es\/koinonia\/articulo-02\/\">Art\u00edculo 02<\/a><\/h3><p class=\"elementor-image-box-description\">Social Networking Sites and Youth Transition: The Use of Facebook and Personal Well-Being of Social Work Young Graduates<\/p><\/div><\/div>\t\t\t\t<\/div>\n\t\t\t\t<\/div>\n\t\t\t\t\t<\/div>\n\t\t<\/div>\n\t\t\t\t<div class=\"elementor-column elementor-col-33 elementor-top-column elementor-element elementor-element-f1dced7\" data-id=\"f1dced7\" data-element_type=\"column\" data-e-type=\"column\">\n\t\t\t<div class=\"elementor-widget-wrap elementor-element-populated\">\n\t\t\t\t\t\t<div class=\"elementor-element elementor-element-e3a4d5d elementor-position-top elementor-widget elementor-widget-image-box\" data-id=\"e3a4d5d\" data-element_type=\"widget\" data-e-type=\"widget\" data-widget_type=\"image-box.default\">\n\t\t\t\t<div class=\"elementor-widget-container\">\n\t\t\t\t\t<div class=\"elementor-image-box-wrapper\"><figure class=\"elementor-image-box-img\"><a href=\"https:\/\/blogs.uned.es\/koinonia\/articulo-03\/\" tabindex=\"-1\"><img decoding=\"async\" width=\"2048\" height=\"1536\" src=\"https:\/\/blogs.uned.es\/koinonia\/wp-content\/uploads\/sites\/315\/2021\/07\/427762ed-7a30-466e-9134-016e4305a77a.jpg\" class=\"attachment-full size-full wp-image-893\" alt=\"\" \/><\/a><\/figure><div class=\"elementor-image-box-content\"><h3 class=\"elementor-image-box-title\"><a href=\"https:\/\/blogs.uned.es\/koinonia\/articulo-03\/\">Art\u00edculo 03<\/a><\/h3><p class=\"elementor-image-box-description\">Social Networking Sites and Youth Transition: The Use of Facebook and Personal Well-Being of Social Work Young Graduates<\/p><\/div><\/div>\t\t\t\t<\/div>\n\t\t\t\t<\/div>\n\t\t\t\t\t<\/div>\n\t\t<\/div>\n\t\t\t\t\t<\/div>\n\t\t<\/section>\n\t\t\t\t<section class=\"elementor-section elementor-top-section elementor-element elementor-element-afeedce elementor-section-boxed elementor-section-height-default elementor-section-height-default\" data-id=\"afeedce\" data-element_type=\"section\" data-e-type=\"section\">\n\t\t\t\t\t\t<div class=\"elementor-container elementor-column-gap-default\">\n\t\t\t\t\t<div class=\"elementor-column elementor-col-33 elementor-top-column elementor-element elementor-element-ff2c7ce\" data-id=\"ff2c7ce\" data-element_type=\"column\" data-e-type=\"column\">\n\t\t\t<div class=\"elementor-widget-wrap elementor-element-populated\">\n\t\t\t\t\t\t<div class=\"elementor-element elementor-element-9c9c5b8 elementor-position-top elementor-widget elementor-widget-image-box\" data-id=\"9c9c5b8\" data-element_type=\"widget\" data-e-type=\"widget\" data-widget_type=\"image-box.default\">\n\t\t\t\t<div class=\"elementor-widget-container\">\n\t\t\t\t\t<div class=\"elementor-image-box-wrapper\"><figure class=\"elementor-image-box-img\"><a href=\"https:\/\/blogs.uned.es\/koinonia\/articulo-04\/\" tabindex=\"-1\"><img loading=\"lazy\" decoding=\"async\" width=\"2048\" height=\"1152\" src=\"https:\/\/blogs.uned.es\/koinonia\/wp-content\/uploads\/sites\/315\/2021\/07\/b0297ff6-3034-463b-a67a-a79b5dd07806.jpg\" class=\"attachment-full size-full wp-image-931\" alt=\"\" \/><\/a><\/figure><div class=\"elementor-image-box-content\"><h3 class=\"elementor-image-box-title\"><a href=\"https:\/\/blogs.uned.es\/koinonia\/articulo-04\/\">Art\u00edculo 04<\/a><\/h3><p class=\"elementor-image-box-description\">e-Social work: building a new field of specialization in social work?<\/p><\/div><\/div>\t\t\t\t<\/div>\n\t\t\t\t<\/div>\n\t\t\t\t\t<\/div>\n\t\t<\/div>\n\t\t\t\t<div class=\"elementor-column elementor-col-33 elementor-top-column elementor-element elementor-element-c5b7ee7\" data-id=\"c5b7ee7\" data-element_type=\"column\" data-e-type=\"column\">\n\t\t\t<div class=\"elementor-widget-wrap elementor-element-populated\">\n\t\t\t\t\t\t<div class=\"elementor-element elementor-element-449e302 elementor-position-top elementor-widget elementor-widget-image-box\" data-id=\"449e302\" data-element_type=\"widget\" data-e-type=\"widget\" data-widget_type=\"image-box.default\">\n\t\t\t\t<div class=\"elementor-widget-container\">\n\t\t\t\t\t<div class=\"elementor-image-box-wrapper\"><figure class=\"elementor-image-box-img\"><a href=\"https:\/\/blogs.uned.es\/koinonia\/articulo-05\/\" tabindex=\"-1\"><img loading=\"lazy\" decoding=\"async\" width=\"2048\" height=\"1536\" src=\"https:\/\/blogs.uned.es\/koinonia\/wp-content\/uploads\/sites\/315\/2021\/07\/4ef82a31-b830-4b76-ad67-89b72a41f8cc.jpg\" class=\"attachment-full size-full wp-image-891\" alt=\"\" \/><\/a><\/figure><div class=\"elementor-image-box-content\"><h3 class=\"elementor-image-box-title\"><a href=\"https:\/\/blogs.uned.es\/koinonia\/articulo-05\/\">Art\u00edculo 05<\/a><\/h3><p class=\"elementor-image-box-description\">e-Social work and digital society: reconceptualizing approaches, practices and technologies<\/p><\/div><\/div>\t\t\t\t<\/div>\n\t\t\t\t<\/div>\n\t\t\t\t\t<\/div>\n\t\t<\/div>\n\t\t\t\t<div class=\"elementor-column elementor-col-33 elementor-top-column elementor-element elementor-element-5001e66\" data-id=\"5001e66\" data-element_type=\"column\" data-e-type=\"column\">\n\t\t\t<div class=\"elementor-widget-wrap elementor-element-populated\">\n\t\t\t\t\t\t<div class=\"elementor-element elementor-element-f5edc19 elementor-position-top elementor-widget elementor-widget-image-box\" data-id=\"f5edc19\" data-element_type=\"widget\" data-e-type=\"widget\" data-widget_type=\"image-box.default\">\n\t\t\t\t<div class=\"elementor-widget-container\">\n\t\t\t\t\t<div class=\"elementor-image-box-wrapper\"><figure class=\"elementor-image-box-img\"><a href=\"https:\/\/blogs.uned.es\/koinonia\/articulo-06\/\" tabindex=\"-1\"><img loading=\"lazy\" decoding=\"async\" width=\"2048\" height=\"1536\" src=\"https:\/\/blogs.uned.es\/koinonia\/wp-content\/uploads\/sites\/315\/2021\/07\/19a2bb63-4cf3-4837-8629-6843f969ea59.jpg\" class=\"attachment-full size-full wp-image-935\" alt=\"\" \/><\/a><\/figure><div class=\"elementor-image-box-content\"><h3 class=\"elementor-image-box-title\"><a href=\"https:\/\/blogs.uned.es\/koinonia\/articulo-06\/\">Art\u00edculo 06<\/a><\/h3><p class=\"elementor-image-box-description\">Is there anyone on the other side? About the opportunity of build educational social work focused on youth<\/p><\/div><\/div>\t\t\t\t<\/div>\n\t\t\t\t<\/div>\n\t\t\t\t\t<\/div>\n\t\t<\/div>\n\t\t\t\t\t<\/div>\n\t\t<\/section>\n\t\t\t\t<section class=\"elementor-section elementor-top-section elementor-element elementor-element-f0124c1 elementor-section-boxed elementor-section-height-default elementor-section-height-default\" data-id=\"f0124c1\" data-element_type=\"section\" data-e-type=\"section\">\n\t\t\t\t\t\t<div class=\"elementor-container elementor-column-gap-default\">\n\t\t\t\t\t<div class=\"elementor-column elementor-col-33 elementor-top-column elementor-element elementor-element-0218c38\" data-id=\"0218c38\" data-element_type=\"column\" data-e-type=\"column\">\n\t\t\t<div class=\"elementor-widget-wrap elementor-element-populated\">\n\t\t\t\t\t\t<div class=\"elementor-element elementor-element-8850388 elementor-position-top elementor-widget elementor-widget-image-box\" data-id=\"8850388\" data-element_type=\"widget\" data-e-type=\"widget\" data-widget_type=\"image-box.default\">\n\t\t\t\t<div class=\"elementor-widget-container\">\n\t\t\t\t\t<div class=\"elementor-image-box-wrapper\"><figure class=\"elementor-image-box-img\"><a href=\"https:\/\/blogs.uned.es\/koinonia\/articulo-07\/\" tabindex=\"-1\"><img loading=\"lazy\" decoding=\"async\" width=\"2048\" height=\"1536\" src=\"https:\/\/blogs.uned.es\/koinonia\/wp-content\/uploads\/sites\/315\/2021\/07\/8c8cd22d-45df-499f-a63f-0fce7e727213.jpg\" class=\"attachment-full size-full wp-image-921\" alt=\"\" \/><\/a><\/figure><div class=\"elementor-image-box-content\"><h3 class=\"elementor-image-box-title\"><a href=\"https:\/\/blogs.uned.es\/koinonia\/articulo-07\/\">Art\u00edculo 07<\/a><\/h3><p class=\"elementor-image-box-description\">Young people, social workers and social workeducation: the role of digital skills<\/p><\/div><\/div>\t\t\t\t<\/div>\n\t\t\t\t<\/div>\n\t\t\t\t\t<\/div>\n\t\t<\/div>\n\t\t\t\t<div class=\"elementor-column elementor-col-33 elementor-top-column elementor-element elementor-element-c4b6d77\" data-id=\"c4b6d77\" data-element_type=\"column\" data-e-type=\"column\">\n\t\t\t<div class=\"elementor-widget-wrap elementor-element-populated\">\n\t\t\t\t\t\t<div class=\"elementor-element elementor-element-82300e5 elementor-position-top elementor-widget elementor-widget-image-box\" data-id=\"82300e5\" data-element_type=\"widget\" data-e-type=\"widget\" data-widget_type=\"image-box.default\">\n\t\t\t\t<div class=\"elementor-widget-container\">\n\t\t\t\t\t<div class=\"elementor-image-box-wrapper\"><figure class=\"elementor-image-box-img\"><a href=\"https:\/\/blogs.uned.es\/koinonia\/articulo-08\/\" tabindex=\"-1\"><img loading=\"lazy\" decoding=\"async\" width=\"2048\" height=\"1152\" src=\"https:\/\/blogs.uned.es\/koinonia\/wp-content\/uploads\/sites\/315\/2021\/07\/b46c9ad4-8367-4d8c-83fc-f365e2ece4ba.jpg\" class=\"attachment-full size-full wp-image-895\" alt=\"\" \/><\/a><\/figure><div class=\"elementor-image-box-content\"><h3 class=\"elementor-image-box-title\"><a href=\"https:\/\/blogs.uned.es\/koinonia\/articulo-08\/\">Art\u00edculo 08<\/a><\/h3><p class=\"elementor-image-box-description\">Methodological pathways to portray superdiversity: A few concluding thoughts <\/p><\/div><\/div>\t\t\t\t<\/div>\n\t\t\t\t<\/div>\n\t\t\t\t\t<\/div>\n\t\t<\/div>\n\t\t\t\t<div class=\"elementor-column elementor-col-33 elementor-top-column elementor-element elementor-element-89a84f3\" data-id=\"89a84f3\" data-element_type=\"column\" data-e-type=\"column\">\n\t\t\t<div class=\"elementor-widget-wrap elementor-element-populated\">\n\t\t\t\t\t\t<div class=\"elementor-element elementor-element-38cbe2e elementor-position-top elementor-widget elementor-widget-image-box\" data-id=\"38cbe2e\" data-element_type=\"widget\" data-e-type=\"widget\" data-widget_type=\"image-box.default\">\n\t\t\t\t<div class=\"elementor-widget-container\">\n\t\t\t\t\t<div class=\"elementor-image-box-wrapper\"><figure class=\"elementor-image-box-img\"><a href=\"https:\/\/blogs.uned.es\/koinonia\/articulo-09\/\" tabindex=\"-1\"><img loading=\"lazy\" decoding=\"async\" width=\"2048\" height=\"1536\" src=\"https:\/\/blogs.uned.es\/koinonia\/wp-content\/uploads\/sites\/315\/2021\/07\/cee4642f-e859-4f79-b205-fcc0d5512d62.jpg\" class=\"attachment-full size-full wp-image-879\" alt=\"\" \/><\/a><\/figure><div class=\"elementor-image-box-content\"><h3 class=\"elementor-image-box-title\"><a href=\"https:\/\/blogs.uned.es\/koinonia\/articulo-09\/\">Art\u00edculo 09<\/a><\/h3><p class=\"elementor-image-box-description\">The more you know, the less you fear: Reflexive social work practices in times of COVID-19<\/p><\/div><\/div>\t\t\t\t<\/div>\n\t\t\t\t<\/div>\n\t\t\t\t\t<\/div>\n\t\t<\/div>\n\t\t\t\t\t<\/div>\n\t\t<\/section>\n\t\t\t\t<section class=\"elementor-section elementor-top-section elementor-element elementor-element-3de4edb elementor-section-boxed elementor-section-height-default elementor-section-height-default\" data-id=\"3de4edb\" data-element_type=\"section\" data-e-type=\"section\">\n\t\t\t\t\t\t<div class=\"elementor-container elementor-column-gap-default\">\n\t\t\t\t\t<div class=\"elementor-column elementor-col-33 elementor-top-column elementor-element elementor-element-3b37b21\" data-id=\"3b37b21\" data-element_type=\"column\" data-e-type=\"column\">\n\t\t\t<div class=\"elementor-widget-wrap elementor-element-populated\">\n\t\t\t\t\t\t<div class=\"elementor-element elementor-element-0422789 elementor-position-top elementor-widget elementor-widget-image-box\" data-id=\"0422789\" data-element_type=\"widget\" data-e-type=\"widget\" data-widget_type=\"image-box.default\">\n\t\t\t\t<div class=\"elementor-widget-container\">\n\t\t\t\t\t<div class=\"elementor-image-box-wrapper\"><figure class=\"elementor-image-box-img\"><a href=\"https:\/\/blogs.uned.es\/koinonia\/articulo-10\/\" tabindex=\"-1\"><img loading=\"lazy\" decoding=\"async\" width=\"2048\" height=\"1152\" src=\"https:\/\/blogs.uned.es\/koinonia\/wp-content\/uploads\/sites\/315\/2021\/07\/cb108b12-2028-41e9-b852-07ca807fcf6a.jpg\" class=\"attachment-full size-full wp-image-877\" alt=\"\" \/><\/a><\/figure><div class=\"elementor-image-box-content\"><h3 class=\"elementor-image-box-title\"><a href=\"https:\/\/blogs.uned.es\/koinonia\/articulo-10\/\">Art\u00edculo 10<\/a><\/h3><p class=\"elementor-image-box-description\">Superdiversity: New paths for social sciences in the upcoming future<\/p><\/div><\/div>\t\t\t\t<\/div>\n\t\t\t\t<\/div>\n\t\t\t\t\t<\/div>\n\t\t<\/div>\n\t\t\t\t<div class=\"elementor-column elementor-col-33 elementor-top-column elementor-element elementor-element-d959870\" data-id=\"d959870\" data-element_type=\"column\" data-e-type=\"column\">\n\t\t\t<div class=\"elementor-widget-wrap elementor-element-populated\">\n\t\t\t\t\t\t<div class=\"elementor-element elementor-element-c2687d9 elementor-position-top elementor-widget elementor-widget-image-box\" data-id=\"c2687d9\" data-element_type=\"widget\" data-e-type=\"widget\" data-widget_type=\"image-box.default\">\n\t\t\t\t<div class=\"elementor-widget-container\">\n\t\t\t\t\t<div class=\"elementor-image-box-wrapper\"><figure class=\"elementor-image-box-img\"><a href=\"https:\/\/blogs.uned.es\/koinonia\/articulo-11\/\" tabindex=\"-1\"><img loading=\"lazy\" decoding=\"async\" width=\"2048\" height=\"1536\" src=\"https:\/\/blogs.uned.es\/koinonia\/wp-content\/uploads\/sites\/315\/2021\/07\/3b8f0de6-f7a4-4665-9810-91cebe645798-1.jpg\" class=\"attachment-full size-full wp-image-1295\" alt=\"\" \/><\/a><\/figure><div class=\"elementor-image-box-content\"><h3 class=\"elementor-image-box-title\"><a href=\"https:\/\/blogs.uned.es\/koinonia\/articulo-11\/\">Art\u00edculo 11<\/a><\/h3><p class=\"elementor-image-box-description\">What can co-design contribute to social work with groups?<\/p><\/div><\/div>\t\t\t\t<\/div>\n\t\t\t\t<\/div>\n\t\t\t\t\t<\/div>\n\t\t<\/div>\n\t\t\t\t<div class=\"elementor-column elementor-col-33 elementor-top-column elementor-element elementor-element-7fce9d0\" data-id=\"7fce9d0\" data-element_type=\"column\" data-e-type=\"column\">\n\t\t\t<div class=\"elementor-widget-wrap elementor-element-populated\">\n\t\t\t\t\t\t<div class=\"elementor-element elementor-element-5eee1b9 elementor-position-top elementor-widget elementor-widget-image-box\" data-id=\"5eee1b9\" data-element_type=\"widget\" data-e-type=\"widget\" data-widget_type=\"image-box.default\">\n\t\t\t\t<div class=\"elementor-widget-container\">\n\t\t\t\t\t<div class=\"elementor-image-box-wrapper\"><figure class=\"elementor-image-box-img\"><a href=\"https:\/\/blogs.uned.es\/koinonia\/articulo-12\/\" tabindex=\"-1\"><img loading=\"lazy\" decoding=\"async\" width=\"2048\" height=\"1536\" src=\"https:\/\/blogs.uned.es\/koinonia\/wp-content\/uploads\/sites\/315\/2021\/07\/2c47f9f9-319f-4e60-b032-c760ffdae29d.jpg\" class=\"attachment-full size-full wp-image-897\" alt=\"\" \/><\/a><\/figure><div class=\"elementor-image-box-content\"><h3 class=\"elementor-image-box-title\"><a href=\"https:\/\/blogs.uned.es\/koinonia\/articulo-12\/\">Art\u00edculo 12<\/a><\/h3><p class=\"elementor-image-box-description\">Digital social work practice through groupwork on social networking sites: <br>\n\nA case study with users of Social Services Community Centre from Malaga (Spain) on Facebook<\/p><\/div><\/div>\t\t\t\t<\/div>\n\t\t\t\t<\/div>\n\t\t\t\t\t<\/div>\n\t\t<\/div>\n\t\t\t\t\t<\/div>\n\t\t<\/section>\n\t\t\t\t<section class=\"elementor-section elementor-top-section elementor-element elementor-element-398d817 elementor-section-boxed elementor-section-height-default elementor-section-height-default\" data-id=\"398d817\" data-element_type=\"section\" data-e-type=\"section\">\n\t\t\t\t\t\t<div class=\"elementor-container elementor-column-gap-default\">\n\t\t\t\t\t<div class=\"elementor-column elementor-col-33 elementor-top-column elementor-element elementor-element-372119c\" data-id=\"372119c\" data-element_type=\"column\" data-e-type=\"column\">\n\t\t\t<div class=\"elementor-widget-wrap elementor-element-populated\">\n\t\t\t\t\t\t<div class=\"elementor-element elementor-element-56a4429 elementor-position-top elementor-widget elementor-widget-image-box\" data-id=\"56a4429\" data-element_type=\"widget\" data-e-type=\"widget\" data-widget_type=\"image-box.default\">\n\t\t\t\t<div class=\"elementor-widget-container\">\n\t\t\t\t\t<div class=\"elementor-image-box-wrapper\"><figure class=\"elementor-image-box-img\"><a href=\"https:\/\/blogs.uned.es\/koinonia\/articulo-13\/\" tabindex=\"-1\"><img loading=\"lazy\" decoding=\"async\" width=\"2048\" height=\"1536\" src=\"https:\/\/blogs.uned.es\/koinonia\/wp-content\/uploads\/sites\/315\/2021\/07\/1284977b-0a34-4c30-8fd8-8733eaee2e84.jpg\" class=\"attachment-full size-full wp-image-911\" alt=\"\" \/><\/a><\/figure><div class=\"elementor-image-box-content\"><h3 class=\"elementor-image-box-title\"><a href=\"https:\/\/blogs.uned.es\/koinonia\/articulo-13\/\">Art\u00edculo 13<\/a><\/h3><p class=\"elementor-image-box-description\"><b>Working in the 21st Century. The Coronavirus Crisis: A Driver of Digitalisation, Teleworking, and  Innovation, with Unintended Social Consequences<\/b><\/p><\/div><\/div>\t\t\t\t<\/div>\n\t\t\t\t<\/div>\n\t\t\t\t\t<\/div>\n\t\t<\/div>\n\t\t\t\t<div class=\"elementor-column elementor-col-33 elementor-top-column elementor-element elementor-element-5b4deee\" data-id=\"5b4deee\" data-element_type=\"column\" data-e-type=\"column\">\n\t\t\t<div class=\"elementor-widget-wrap elementor-element-populated\">\n\t\t\t\t\t\t<div class=\"elementor-element elementor-element-b8a27bb elementor-position-top elementor-widget elementor-widget-image-box\" data-id=\"b8a27bb\" data-element_type=\"widget\" data-e-type=\"widget\" data-widget_type=\"image-box.default\">\n\t\t\t\t<div class=\"elementor-widget-container\">\n\t\t\t\t\t<div class=\"elementor-image-box-wrapper\"><figure class=\"elementor-image-box-img\"><a href=\"https:\/\/blogs.uned.es\/koinonia\/wp-content\/uploads\/sites\/315\/2022\/03\/articulo-Antonio-Lopez-REIS-2022-1.pdf\" tabindex=\"-1\"><img loading=\"lazy\" decoding=\"async\" width=\"2560\" height=\"1857\" src=\"https:\/\/blogs.uned.es\/koinonia\/wp-content\/uploads\/sites\/315\/2022\/03\/pexels-pixabay-267350-1-scaled.jpg\" class=\"attachment-full size-full wp-image-2013\" alt=\"\" srcset=\"https:\/\/blogs.uned.es\/koinonia\/wp-content\/uploads\/sites\/315\/2022\/03\/pexels-pixabay-267350-1-scaled.jpg 2560w, https:\/\/blogs.uned.es\/koinonia\/wp-content\/uploads\/sites\/315\/2022\/03\/pexels-pixabay-267350-1-300x218.jpg 300w, https:\/\/blogs.uned.es\/koinonia\/wp-content\/uploads\/sites\/315\/2022\/03\/pexels-pixabay-267350-1-1024x743.jpg 1024w, https:\/\/blogs.uned.es\/koinonia\/wp-content\/uploads\/sites\/315\/2022\/03\/pexels-pixabay-267350-1-768x557.jpg 768w, https:\/\/blogs.uned.es\/koinonia\/wp-content\/uploads\/sites\/315\/2022\/03\/pexels-pixabay-267350-1-1536x1114.jpg 1536w, https:\/\/blogs.uned.es\/koinonia\/wp-content\/uploads\/sites\/315\/2022\/03\/pexels-pixabay-267350-1-2048x1486.jpg 2048w\" sizes=\"(max-width: 2560px) 100vw, 2560px\" \/><\/a><\/figure><div class=\"elementor-image-box-content\"><h3 class=\"elementor-image-box-title\"><a href=\"https:\/\/blogs.uned.es\/koinonia\/wp-content\/uploads\/sites\/315\/2022\/03\/articulo-Antonio-Lopez-REIS-2022-1.pdf\">Art\u00edculo 14<\/a><\/h3><p class=\"elementor-image-box-description\"><b>Comunicaci\u00f3n digital de los Colegios de Trabajo Social en Espa\u00f1a en las redes sociales online: \u00bfcoalici\u00f3n, jerarquizaci\u00f3n o aislamiento?<\/b><\/p><\/div><\/div>\t\t\t\t<\/div>\n\t\t\t\t<\/div>\n\t\t\t\t\t<\/div>\n\t\t<\/div>\n\t\t\t\t<div class=\"elementor-column elementor-col-33 elementor-top-column elementor-element elementor-element-aa779e2\" data-id=\"aa779e2\" data-element_type=\"column\" data-e-type=\"column\">\n\t\t\t<div class=\"elementor-widget-wrap\">\n\t\t\t\t\t\t\t<\/div>\n\t\t<\/div>\n\t\t\t\t\t<\/div>\n\t\t<\/section>\n\t\t\t\t<\/div>\n\t\t","protected":false},"excerpt":{"rendered":"<p>PUBLICACIONES Art\u00edculo 01 Superdiversity and social policies in a complex society: Social challenges in the 21st century Art\u00edculo 02 Social Networking Sites and Youth Transition: The Use of Facebook and Personal Well-Being of Social Work Young Graduates Art\u00edculo 03 Social Networking Sites and Youth Transition: The Use of Facebook and Personal Well-Being of Social Work Young Graduates Art\u00edculo 04 e-Social work: building a new field of specialization in social work? Art\u00edculo 05 e-Social work and digital society: reconceptualizing approaches, practices and technologies Art\u00edculo 06 Is there anyone on the other side? About the opportunity of build educational social work focused on youth Art\u00edculo 07 Young people, social workers and social workeducation: the role of digital skills Art\u00edculo 08 Methodological pathways to portray superdiversity: A few concluding thoughts Art\u00edculo 09 The more you know, the less you fear: Reflexive social work practices in times of COVID-19 Art\u00edculo 10 Superdiversity: New paths&hellip;<\/p>\n<p> <a class=\"more-link\" href=\"https:\/\/blogs.uned.es\/koinonia\/resultados\/\">Leer m\u00e1s<\/a><\/p>\n","protected":false},"author":7479,"featured_media":917,"parent":0,"menu_order":0,"comment_status":"closed","ping_status":"closed","template":"","meta":{"footnotes":""},"class_list":["post-593","page","type-page","status-publish","has-post-thumbnail"],"_links":{"self":[{"href":"https:\/\/blogs.uned.es\/koinonia\/wp-json\/wp\/v2\/pages\/593","targetHints":{"allow":["GET"]}}],"collection":[{"href":"https:\/\/blogs.uned.es\/koinonia\/wp-json\/wp\/v2\/pages"}],"about":[{"href":"https:\/\/blogs.uned.es\/koinonia\/wp-json\/wp\/v2\/types\/page"}],"author":[{"embeddable":true,"href":"https:\/\/blogs.uned.es\/koinonia\/wp-json\/wp\/v2\/users\/7479"}],"replies":[{"embeddable":true,"href":"https:\/\/blogs.uned.es\/koinonia\/wp-json\/wp\/v2\/comments?post=593"}],"version-history":[{"count":62,"href":"https:\/\/blogs.uned.es\/koinonia\/wp-json\/wp\/v2\/pages\/593\/revisions"}],"predecessor-version":[{"id":2029,"href":"https:\/\/blogs.uned.es\/koinonia\/wp-json\/wp\/v2\/pages\/593\/revisions\/2029"}],"wp:featuredmedia":[{"embeddable":true,"href":"https:\/\/blogs.uned.es\/koinonia\/wp-json\/wp\/v2\/media\/917"}],"wp:attachment":[{"href":"https:\/\/blogs.uned.es\/koinonia\/wp-json\/wp\/v2\/media?parent=593"}],"curies":[{"name":"wp","href":"https:\/\/api.w.org\/{rel}","templated":true}]}}