{"id":1531,"date":"2021-07-24T09:20:19","date_gmt":"2021-07-24T07:20:19","guid":{"rendered":"https:\/\/blogs.uned.es\/koinonia\/?page_id=1531"},"modified":"2021-07-24T10:56:45","modified_gmt":"2021-07-24T08:56:45","slug":"cursos-de-verano","status":"publish","type":"page","link":"https:\/\/blogs.uned.es\/koinonia\/cursos-de-verano\/","title":{"rendered":"Cursos de verano"},"content":{"rendered":"\t\t<div data-elementor-type=\"wp-page\" data-elementor-id=\"1531\" class=\"elementor elementor-1531\">\n\t\t\t\t\t\t<section class=\"elementor-section elementor-top-section elementor-element elementor-element-6bbc37b elementor-section-boxed elementor-section-height-default elementor-section-height-default\" data-id=\"6bbc37b\" data-element_type=\"section\" data-e-type=\"section\">\n\t\t\t\t\t\t<div class=\"elementor-container elementor-column-gap-default\">\n\t\t\t\t\t<div class=\"elementor-column elementor-col-33 elementor-top-column elementor-element elementor-element-b79c169\" data-id=\"b79c169\" data-element_type=\"column\" data-e-type=\"column\">\n\t\t\t<div class=\"elementor-widget-wrap elementor-element-populated\">\n\t\t\t\t\t\t<div class=\"elementor-element elementor-element-a50920b elementor-position-top elementor-widget elementor-widget-image-box\" data-id=\"a50920b\" data-element_type=\"widget\" data-e-type=\"widget\" data-widget_type=\"image-box.default\">\n\t\t\t\t<div class=\"elementor-widget-container\">\n\t\t\t\t\t<div class=\"elementor-image-box-wrapper\"><figure class=\"elementor-image-box-img\"><a href=\"https:\/\/extension.uned.es\/actividad\/idactividad\/24287\" tabindex=\"-1\"><img fetchpriority=\"high\" decoding=\"async\" width=\"1088\" height=\"696\" src=\"https:\/\/blogs.uned.es\/koinonia\/wp-content\/uploads\/sites\/315\/2021\/07\/cursus_verano.jpg\" class=\"attachment-full size-full wp-image-1539\" alt=\"\" \/><\/a><\/figure><div class=\"elementor-image-box-content\"><h3 class=\"elementor-image-box-title\"><a href=\"https:\/\/extension.uned.es\/actividad\/idactividad\/24287\">Objetivos de Desarrollo Sostenible y Agenda Urbana Espa\u00f1ola: estrategias de participaci\u00f3n y buenas pr\u00e1cticas. Illes Balears - 5 al 7 de julio de 2021<\/a><\/h3><p class=\"elementor-image-box-description\">La Agenda 2030, a trav\u00e9s del  Objetivo del Desarrollo Sostenible (ODS) n\u00famero 17, nos reta a \"fortalecer la Alianza Mundial para el Desarrollo Sostenible, complementada por alianzas entre m\u00faltiples interesados que movilicen y promuevan el intercambio de conocimientos, capacidad t\u00e9cnica, tecnolog\u00eda y recursos financieros, a fin de apoyar el logro de los Objetivos de Desarrollo Sostenible\u201d. <\/p><\/div><\/div>\t\t\t\t<\/div>\n\t\t\t\t<\/div>\n\t\t\t\t\t<\/div>\n\t\t<\/div>\n\t\t\t\t<div class=\"elementor-column elementor-col-33 elementor-top-column elementor-element elementor-element-6471fa3\" data-id=\"6471fa3\" data-element_type=\"column\" data-e-type=\"column\">\n\t\t\t<div class=\"elementor-widget-wrap elementor-element-populated\">\n\t\t\t\t\t\t<div class=\"elementor-element elementor-element-f42b5eb elementor-position-top elementor-widget elementor-widget-image-box\" data-id=\"f42b5eb\" data-element_type=\"widget\" data-e-type=\"widget\" data-widget_type=\"image-box.default\">\n\t\t\t\t<div class=\"elementor-widget-container\">\n\t\t\t\t\t<div class=\"elementor-image-box-wrapper\"><figure class=\"elementor-image-box-img\"><a href=\"https:\/\/www.fundacion.uned.es\/actividad\/idactividad\/24701\" tabindex=\"-1\"><img decoding=\"async\" width=\"3264\" height=\"2448\" src=\"https:\/\/blogs.uned.es\/koinonia\/wp-content\/uploads\/sites\/315\/2021\/07\/IMG_0271.jpg\" class=\"attachment-full size-full wp-image-1547\" alt=\"\" \/><\/a><\/figure><div class=\"elementor-image-box-content\"><h3 class=\"elementor-image-box-title\"><a href=\"https:\/\/www.fundacion.uned.es\/actividad\/idactividad\/24701\">\"Objetivos de Desarrollo Sostenible (ODS) y Agenda Urbana Espa\u00f1ola (AUE) en la administraci\u00f3n local. Estrategia municipal de Segovia 2030\" - 31 de mayo de 2021<\/a><\/h3><p class=\"elementor-image-box-description\">Se trata de un programa de formaci\u00f3n sobre ODS y AUE, propuesto por el grupo de innovaci\u00f3n docente DIPASO.<br>\nLa Agenda 2030 expresada en la consecuci\u00f3n de los Objetivos del Desarrollo Sostenible (ODS), incita a trav\u00e9s del ODS 17 a \u201cFortalecer la Alianza Mundial para el Desarrollo Sostenible, complementada por alianzas entre m\u00faltiples interesados que movilicen y promuevan el intercambio de conocimientos, capacidad t\u00e9cnica, tecnolog\u00eda y recursos financieros, a fin de apoyar el logro de los Objetivos de Desarrollo Sostenible\u201d<\/p><\/div><\/div>\t\t\t\t<\/div>\n\t\t\t\t<\/div>\n\t\t\t\t\t<\/div>\n\t\t<\/div>\n\t\t\t\t<div class=\"elementor-column elementor-col-33 elementor-top-column elementor-element elementor-element-fb2144c\" data-id=\"fb2144c\" data-element_type=\"column\" data-e-type=\"column\">\n\t\t\t<div class=\"elementor-widget-wrap elementor-element-populated\">\n\t\t\t\t\t\t<div class=\"elementor-element elementor-element-379da92 elementor-position-top elementor-widget elementor-widget-image-box\" data-id=\"379da92\" data-element_type=\"widget\" data-e-type=\"widget\" data-widget_type=\"image-box.default\">\n\t\t\t\t<div class=\"elementor-widget-container\">\n\t\t\t\t\t<div class=\"elementor-image-box-wrapper\"><figure class=\"elementor-image-box-img\"><a href=\"https:\/\/extension.uned.es\/actividad\/idactividad\/24409\" tabindex=\"-1\"><img fetchpriority=\"high\" decoding=\"async\" width=\"1088\" height=\"696\" src=\"https:\/\/blogs.uned.es\/koinonia\/wp-content\/uploads\/sites\/315\/2021\/07\/cursus_verano.jpg\" class=\"attachment-full size-full wp-image-1539\" alt=\"\" \/><\/a><\/figure><div class=\"elementor-image-box-content\"><h3 class=\"elementor-image-box-title\"><a href=\"https:\/\/extension.uned.es\/actividad\/idactividad\/24409\">\u00bfPuedo decir lo que me d\u00e9 la gana? \/ La libertad de expresi\u00f3n y sus l\u00edmites. Illes Balears - 5 al 7 de julio de 2021<\/a><\/h3><p class=\"elementor-image-box-description\">\n\nEl debate sobre la libertad de expresi\u00f3n y sus l\u00edmites ha estado siempre presente en las sociedades democr\u00e1ticas. En nuestro contexto actual, caracterizado por los procesos de desinformaci\u00f3n, la polarizaci\u00f3n social y pol\u00edtica, y las redes sociales digitales, se reformula el debate sobre la libertad de expresi\u00f3n.\u00a0<br>\n\n\u00a0Programa<\/p><\/div><\/div>\t\t\t\t<\/div>\n\t\t\t\t<\/div>\n\t\t\t\t\t<\/div>\n\t\t<\/div>\n\t\t\t\t\t<\/div>\n\t\t<\/section>\n\t\t\t\t<\/div>\n\t\t","protected":false},"excerpt":{"rendered":"<p>Objetivos de Desarrollo Sostenible y Agenda Urbana Espa\u00f1ola: estrategias de participaci\u00f3n y buenas pr\u00e1cticas. Illes Balears &#8211; 5 al 7 de julio de 2021 La Agenda 2030, a trav\u00e9s del Objetivo del Desarrollo Sostenible (ODS) n\u00famero 17, nos reta a \u00abfortalecer la Alianza Mundial para el Desarrollo Sostenible, complementada por alianzas entre m\u00faltiples interesados que movilicen y promuevan el intercambio de conocimientos, capacidad t\u00e9cnica, tecnolog\u00eda y recursos financieros, a fin de apoyar el logro de los Objetivos de Desarrollo Sostenible\u201d. \u00abObjetivos de Desarrollo Sostenible (ODS) y Agenda Urbana Espa\u00f1ola (AUE) en la administraci\u00f3n local. Estrategia municipal de Segovia 2030\u00bb &#8211; 31 de mayo de 2021 Se trata de un programa de formaci\u00f3n sobre ODS y AUE, propuesto por el grupo de innovaci\u00f3n docente DIPASO. La Agenda 2030 expresada en la consecuci\u00f3n de los Objetivos del Desarrollo Sostenible (ODS), incita a trav\u00e9s del ODS 17 a \u201cFortalecer la Alianza Mundial para&hellip;<\/p>\n<p> <a class=\"more-link\" href=\"https:\/\/blogs.uned.es\/koinonia\/cursos-de-verano\/\">Leer m\u00e1s<\/a><\/p>\n","protected":false},"author":7479,"featured_media":895,"parent":0,"menu_order":0,"comment_status":"closed","ping_status":"closed","template":"","meta":{"footnotes":""},"class_list":["post-1531","page","type-page","status-publish","has-post-thumbnail"],"_links":{"self":[{"href":"https:\/\/blogs.uned.es\/koinonia\/wp-json\/wp\/v2\/pages\/1531","targetHints":{"allow":["GET"]}}],"collection":[{"href":"https:\/\/blogs.uned.es\/koinonia\/wp-json\/wp\/v2\/pages"}],"about":[{"href":"https:\/\/blogs.uned.es\/koinonia\/wp-json\/wp\/v2\/types\/page"}],"author":[{"embeddable":true,"href":"https:\/\/blogs.uned.es\/koinonia\/wp-json\/wp\/v2\/users\/7479"}],"replies":[{"embeddable":true,"href":"https:\/\/blogs.uned.es\/koinonia\/wp-json\/wp\/v2\/comments?post=1531"}],"version-history":[{"count":10,"href":"https:\/\/blogs.uned.es\/koinonia\/wp-json\/wp\/v2\/pages\/1531\/revisions"}],"predecessor-version":[{"id":1633,"href":"https:\/\/blogs.uned.es\/koinonia\/wp-json\/wp\/v2\/pages\/1531\/revisions\/1633"}],"wp:featuredmedia":[{"embeddable":true,"href":"https:\/\/blogs.uned.es\/koinonia\/wp-json\/wp\/v2\/media\/895"}],"wp:attachment":[{"href":"https:\/\/blogs.uned.es\/koinonia\/wp-json\/wp\/v2\/media?parent=1531"}],"curies":[{"name":"wp","href":"https:\/\/api.w.org\/{rel}","templated":true}]}}