{"id":5071,"date":"2024-10-24T09:04:16","date_gmt":"2024-10-24T07:04:16","guid":{"rendered":"https:\/\/blogs.uned.es\/idenfusion\/?page_id=5071"},"modified":"2026-03-24T11:23:10","modified_gmt":"2026-03-24T10:23:10","slug":"posts","status":"publish","type":"page","link":"https:\/\/blogs.uned.es\/idenfusion\/?page_id=5071&lang=en","title":{"rendered":"Publications"},"content":{"rendered":"\t\t<div data-elementor-type=\"wp-page\" data-elementor-id=\"5071\" class=\"elementor elementor-5071\">\n\t\t\t\t\t\t<section class=\"elementor-section elementor-top-section elementor-element elementor-element-2fd3db2 elementor-section-stretched elementor-section-full_width elementor-section-height-min-height elementor-section-height-default elementor-section-items-middle\" data-id=\"2fd3db2\" data-element_type=\"section\" data-e-type=\"section\" data-settings=\"{&quot;stretch_section&quot;:&quot;section-stretched&quot;,&quot;background_background&quot;:&quot;classic&quot;}\">\n\t\t\t\t\t\t<div class=\"elementor-container elementor-column-gap-default\">\n\t\t\t\t\t<div class=\"elementor-column elementor-col-100 elementor-top-column elementor-element elementor-element-9cf456b\" data-id=\"9cf456b\" data-element_type=\"column\" data-e-type=\"column\">\n\t\t\t<div class=\"elementor-widget-wrap elementor-element-populated\">\n\t\t\t\t\t\t<section class=\"elementor-section elementor-inner-section elementor-element elementor-element-fc0d28e elementor-section-boxed elementor-section-height-default elementor-section-height-default\" data-id=\"fc0d28e\" data-element_type=\"section\" data-e-type=\"section\">\n\t\t\t\t\t\t<div class=\"elementor-container elementor-column-gap-default\">\n\t\t\t\t\t<div class=\"elementor-column elementor-col-50 elementor-inner-column elementor-element elementor-element-7730391\" data-id=\"7730391\" data-element_type=\"column\" data-e-type=\"column\">\n\t\t\t<div class=\"elementor-widget-wrap\">\n\t\t\t\t\t\t\t<\/div>\n\t\t<\/div>\n\t\t\t\t<div class=\"elementor-column elementor-col-50 elementor-inner-column elementor-element elementor-element-f1a30af\" data-id=\"f1a30af\" data-element_type=\"column\" data-e-type=\"column\">\n\t\t\t<div class=\"elementor-widget-wrap elementor-element-populated\">\n\t\t\t\t\t\t<div class=\"elementor-element elementor-element-248f853 elementor-widget elementor-widget-menu-anchor\" data-id=\"248f853\" data-element_type=\"widget\" data-e-type=\"widget\" data-widget_type=\"menu-anchor.default\">\n\t\t\t\t<div class=\"elementor-widget-container\">\n\t\t\t\t\t\t\t<div class=\"elementor-menu-anchor\" id=\"Inicio\"><\/div>\n\t\t\t\t\t\t<\/div>\n\t\t\t\t<\/div>\n\t\t\t\t<div class=\"elementor-element elementor-element-8ea7321 elementor-widget elementor-widget-heading\" data-id=\"8ea7321\" data-element_type=\"widget\" data-e-type=\"widget\" data-widget_type=\"heading.default\">\n\t\t\t\t<div class=\"elementor-widget-container\">\n\t\t\t\t\t<h2 class=\"elementor-heading-title elementor-size-default\">Publications<\/h2>\t\t\t\t<\/div>\n\t\t\t\t<\/div>\n\t\t\t\t\t<\/div>\n\t\t<\/div>\n\t\t\t\t\t<\/div>\n\t\t<\/section>\n\t\t\t\t\t<\/div>\n\t\t<\/div>\n\t\t\t\t\t<\/div>\n\t\t<\/section>\n\t\t\t\t<section class=\"elementor-section elementor-top-section elementor-element elementor-element-7de0e41 elementor-section-boxed elementor-section-height-default elementor-section-height-default\" data-id=\"7de0e41\" data-element_type=\"section\" data-e-type=\"section\">\n\t\t\t\t\t\t<div class=\"elementor-container elementor-column-gap-default\">\n\t\t\t\t\t<div class=\"elementor-column elementor-col-100 elementor-top-column elementor-element elementor-element-6efff8a\" data-id=\"6efff8a\" data-element_type=\"column\" data-e-type=\"column\">\n\t\t\t<div class=\"elementor-widget-wrap elementor-element-populated\">\n\t\t\t\t\t\t<div class=\"elementor-element elementor-element-79b2daf elementor-widget elementor-widget-text-editor\" data-id=\"79b2daf\" data-element_type=\"widget\" data-e-type=\"widget\" data-widget_type=\"text-editor.default\">\n\t\t\t\t<div class=\"elementor-widget-container\">\n\t\t\t\t\t\t\t\t\t<p><em>Electronic versions of the articles are provided as a professional courtesy to ensure timely dissemination of academic work for individual and non-commercial purposes. Copyrights reside with their respective holders, as indicated in each document. These files may not be republished without permission.<\/em><\/p>\t\t\t\t\t\t\t\t<\/div>\n\t\t\t\t<\/div>\n\t\t\t\t\t<\/div>\n\t\t<\/div>\n\t\t\t\t\t<\/div>\n\t\t<\/section>\n\t\t\t\t<section class=\"elementor-section elementor-top-section elementor-element elementor-element-4ebd686 elementor-section-boxed elementor-section-height-default elementor-section-height-default\" data-id=\"4ebd686\" data-element_type=\"section\" data-e-type=\"section\">\n\t\t\t\t\t\t<div class=\"elementor-container elementor-column-gap-narrow\">\n\t\t\t\t\t<div class=\"elementor-column elementor-col-20 elementor-top-column elementor-element elementor-element-bd51c0a\" data-id=\"bd51c0a\" data-element_type=\"column\" data-e-type=\"column\">\n\t\t\t<div class=\"elementor-widget-wrap elementor-element-populated\">\n\t\t\t\t\t\t<section class=\"elementor-section elementor-inner-section elementor-element elementor-element-08be7ae elementor-section-boxed elementor-section-height-default elementor-section-height-default\" data-id=\"08be7ae\" data-element_type=\"section\" data-e-type=\"section\">\n\t\t\t\t\t\t<div class=\"elementor-container elementor-column-gap-default\">\n\t\t\t\t\t<div class=\"elementor-column elementor-col-50 elementor-inner-column elementor-element elementor-element-3a3de1d\" data-id=\"3a3de1d\" data-element_type=\"column\" data-e-type=\"column\">\n\t\t\t<div class=\"elementor-widget-wrap elementor-element-populated\">\n\t\t\t\t\t\t<div class=\"elementor-element elementor-element-db192be elementor-button-info elementor-widget elementor-widget-button\" data-id=\"db192be\" data-element_type=\"widget\" data-e-type=\"widget\" data-widget_type=\"button.default\">\n\t\t\t\t<div class=\"elementor-widget-container\">\n\t\t\t\t\t\t\t\t\t<div class=\"elementor-button-wrapper\">\n\t\t\t\t\t<a class=\"elementor-button elementor-button-link elementor-size-xs elementor-animation-grow\" href=\"#2026\" target=\"_blank\">\n\t\t\t\t\t\t<span class=\"elementor-button-content-wrapper\">\n\t\t\t\t\t\t\t\t\t<span class=\"elementor-button-text\">2026<\/span>\n\t\t\t\t\t<\/span>\n\t\t\t\t\t<\/a>\n\t\t\t\t<\/div>\n\t\t\t\t\t\t\t\t<\/div>\n\t\t\t\t<\/div>\n\t\t\t\t\t<\/div>\n\t\t<\/div>\n\t\t\t\t<div class=\"elementor-column elementor-col-50 elementor-inner-column elementor-element elementor-element-41d191f\" data-id=\"41d191f\" data-element_type=\"column\" data-e-type=\"column\">\n\t\t\t<div class=\"elementor-widget-wrap elementor-element-populated\">\n\t\t\t\t\t\t<div class=\"elementor-element elementor-element-f4a8652 elementor-button-info elementor-widget elementor-widget-button\" data-id=\"f4a8652\" data-element_type=\"widget\" data-e-type=\"widget\" data-widget_type=\"button.default\">\n\t\t\t\t<div class=\"elementor-widget-container\">\n\t\t\t\t\t\t\t\t\t<div class=\"elementor-button-wrapper\">\n\t\t\t\t\t<a class=\"elementor-button elementor-button-link elementor-size-xs elementor-animation-grow\" href=\"#2025\" target=\"_blank\">\n\t\t\t\t\t\t<span class=\"elementor-button-content-wrapper\">\n\t\t\t\t\t\t\t\t\t<span class=\"elementor-button-text\">2025<\/span>\n\t\t\t\t\t<\/span>\n\t\t\t\t\t<\/a>\n\t\t\t\t<\/div>\n\t\t\t\t\t\t\t\t<\/div>\n\t\t\t\t<\/div>\n\t\t\t\t\t<\/div>\n\t\t<\/div>\n\t\t\t\t\t<\/div>\n\t\t<\/section>\n\t\t\t\t<section class=\"elementor-section elementor-inner-section elementor-element elementor-element-4d49a53 elementor-section-boxed elementor-section-height-default elementor-section-height-default\" data-id=\"4d49a53\" data-element_type=\"section\" data-e-type=\"section\">\n\t\t\t\t\t\t<div class=\"elementor-container elementor-column-gap-default\">\n\t\t\t\t\t<div class=\"elementor-column elementor-col-50 elementor-inner-column elementor-element elementor-element-91709d7\" data-id=\"91709d7\" data-element_type=\"column\" data-e-type=\"column\">\n\t\t\t<div class=\"elementor-widget-wrap elementor-element-populated\">\n\t\t\t\t\t\t<div class=\"elementor-element elementor-element-ab34101 elementor-button-info elementor-widget elementor-widget-button\" data-id=\"ab34101\" data-element_type=\"widget\" data-e-type=\"widget\" data-widget_type=\"button.default\">\n\t\t\t\t<div class=\"elementor-widget-container\">\n\t\t\t\t\t\t\t\t\t<div class=\"elementor-button-wrapper\">\n\t\t\t\t\t<a class=\"elementor-button elementor-button-link elementor-size-xs elementor-animation-grow\" href=\"https:\/\/blogs.uned.es\/idenfusion\/?page_id=7913&#038;lang=en#2016\" target=\"_blank\">\n\t\t\t\t\t\t<span class=\"elementor-button-content-wrapper\">\n\t\t\t\t\t\t\t\t\t<span class=\"elementor-button-text\">2016<\/span>\n\t\t\t\t\t<\/span>\n\t\t\t\t\t<\/a>\n\t\t\t\t<\/div>\n\t\t\t\t\t\t\t\t<\/div>\n\t\t\t\t<\/div>\n\t\t\t\t\t<\/div>\n\t\t<\/div>\n\t\t\t\t<div class=\"elementor-column elementor-col-50 elementor-inner-column elementor-element elementor-element-d953af5\" data-id=\"d953af5\" data-element_type=\"column\" data-e-type=\"column\">\n\t\t\t<div class=\"elementor-widget-wrap elementor-element-populated\">\n\t\t\t\t\t\t<div class=\"elementor-element elementor-element-3cd23cd elementor-button-info elementor-widget elementor-widget-button\" data-id=\"3cd23cd\" data-element_type=\"widget\" data-e-type=\"widget\" data-widget_type=\"button.default\">\n\t\t\t\t<div class=\"elementor-widget-container\">\n\t\t\t\t\t\t\t\t\t<div class=\"elementor-button-wrapper\">\n\t\t\t\t\t<a class=\"elementor-button elementor-button-link elementor-size-xs elementor-animation-grow\" href=\"https:\/\/blogs.uned.es\/idenfusion\/?page_id=7913&#038;lang=en#2015\" target=\"_blank\">\n\t\t\t\t\t\t<span class=\"elementor-button-content-wrapper\">\n\t\t\t\t\t\t\t\t\t<span class=\"elementor-button-text\">2015<\/span>\n\t\t\t\t\t<\/span>\n\t\t\t\t\t<\/a>\n\t\t\t\t<\/div>\n\t\t\t\t\t\t\t\t<\/div>\n\t\t\t\t<\/div>\n\t\t\t\t\t<\/div>\n\t\t<\/div>\n\t\t\t\t\t<\/div>\n\t\t<\/section>\n\t\t\t\t\t<\/div>\n\t\t<\/div>\n\t\t\t\t<div class=\"elementor-column elementor-col-20 elementor-top-column elementor-element elementor-element-ba45ee8\" data-id=\"ba45ee8\" data-element_type=\"column\" data-e-type=\"column\">\n\t\t\t<div class=\"elementor-widget-wrap elementor-element-populated\">\n\t\t\t\t\t\t<section class=\"elementor-section elementor-inner-section elementor-element elementor-element-4ad0a84 elementor-section-boxed elementor-section-height-default elementor-section-height-default\" data-id=\"4ad0a84\" data-element_type=\"section\" data-e-type=\"section\">\n\t\t\t\t\t\t<div class=\"elementor-container elementor-column-gap-default\">\n\t\t\t\t\t<div class=\"elementor-column elementor-col-50 elementor-inner-column elementor-element elementor-element-c61beef\" data-id=\"c61beef\" data-element_type=\"column\" data-e-type=\"column\">\n\t\t\t<div class=\"elementor-widget-wrap elementor-element-populated\">\n\t\t\t\t\t\t<div class=\"elementor-element elementor-element-8eb8cdf elementor-button-info elementor-widget elementor-widget-button\" data-id=\"8eb8cdf\" data-element_type=\"widget\" data-e-type=\"widget\" data-widget_type=\"button.default\">\n\t\t\t\t<div class=\"elementor-widget-container\">\n\t\t\t\t\t\t\t\t\t<div class=\"elementor-button-wrapper\">\n\t\t\t\t\t<a class=\"elementor-button elementor-button-link elementor-size-xs elementor-animation-grow\" href=\"#2024\" target=\"_blank\">\n\t\t\t\t\t\t<span class=\"elementor-button-content-wrapper\">\n\t\t\t\t\t\t\t\t\t<span class=\"elementor-button-text\">2024<\/span>\n\t\t\t\t\t<\/span>\n\t\t\t\t\t<\/a>\n\t\t\t\t<\/div>\n\t\t\t\t\t\t\t\t<\/div>\n\t\t\t\t<\/div>\n\t\t\t\t\t<\/div>\n\t\t<\/div>\n\t\t\t\t<div class=\"elementor-column elementor-col-50 elementor-inner-column elementor-element elementor-element-e05f9f1\" data-id=\"e05f9f1\" data-element_type=\"column\" data-e-type=\"column\">\n\t\t\t<div class=\"elementor-widget-wrap elementor-element-populated\">\n\t\t\t\t\t\t<div class=\"elementor-element elementor-element-ebde3a9 elementor-button-info elementor-widget elementor-widget-button\" data-id=\"ebde3a9\" data-element_type=\"widget\" data-e-type=\"widget\" data-widget_type=\"button.default\">\n\t\t\t\t<div class=\"elementor-widget-container\">\n\t\t\t\t\t\t\t\t\t<div class=\"elementor-button-wrapper\">\n\t\t\t\t\t<a class=\"elementor-button elementor-button-link elementor-size-xs elementor-animation-grow\" href=\"#2023\" target=\"_blank\">\n\t\t\t\t\t\t<span class=\"elementor-button-content-wrapper\">\n\t\t\t\t\t\t\t\t\t<span class=\"elementor-button-text\">2023<\/span>\n\t\t\t\t\t<\/span>\n\t\t\t\t\t<\/a>\n\t\t\t\t<\/div>\n\t\t\t\t\t\t\t\t<\/div>\n\t\t\t\t<\/div>\n\t\t\t\t\t<\/div>\n\t\t<\/div>\n\t\t\t\t\t<\/div>\n\t\t<\/section>\n\t\t\t\t<section class=\"elementor-section elementor-inner-section elementor-element elementor-element-47dc1bf elementor-section-boxed elementor-section-height-default elementor-section-height-default\" data-id=\"47dc1bf\" data-element_type=\"section\" data-e-type=\"section\">\n\t\t\t\t\t\t<div class=\"elementor-container elementor-column-gap-default\">\n\t\t\t\t\t<div class=\"elementor-column elementor-col-50 elementor-inner-column elementor-element elementor-element-0776816\" data-id=\"0776816\" data-element_type=\"column\" data-e-type=\"column\">\n\t\t\t<div class=\"elementor-widget-wrap elementor-element-populated\">\n\t\t\t\t\t\t<div class=\"elementor-element elementor-element-b6be212 elementor-button-info elementor-widget elementor-widget-button\" data-id=\"b6be212\" data-element_type=\"widget\" data-e-type=\"widget\" data-widget_type=\"button.default\">\n\t\t\t\t<div class=\"elementor-widget-container\">\n\t\t\t\t\t\t\t\t\t<div class=\"elementor-button-wrapper\">\n\t\t\t\t\t<a class=\"elementor-button elementor-button-link elementor-size-xs elementor-animation-grow\" href=\"https:\/\/blogs.uned.es\/idenfusion\/?page_id=7913&#038;lang=en#2014\" target=\"_blank\">\n\t\t\t\t\t\t<span class=\"elementor-button-content-wrapper\">\n\t\t\t\t\t\t\t\t\t<span class=\"elementor-button-text\">2014<\/span>\n\t\t\t\t\t<\/span>\n\t\t\t\t\t<\/a>\n\t\t\t\t<\/div>\n\t\t\t\t\t\t\t\t<\/div>\n\t\t\t\t<\/div>\n\t\t\t\t\t<\/div>\n\t\t<\/div>\n\t\t\t\t<div class=\"elementor-column elementor-col-50 elementor-inner-column elementor-element elementor-element-66be869\" data-id=\"66be869\" data-element_type=\"column\" data-e-type=\"column\">\n\t\t\t<div class=\"elementor-widget-wrap elementor-element-populated\">\n\t\t\t\t\t\t<div class=\"elementor-element elementor-element-3c50843 elementor-button-info elementor-widget elementor-widget-button\" data-id=\"3c50843\" data-element_type=\"widget\" data-e-type=\"widget\" data-widget_type=\"button.default\">\n\t\t\t\t<div class=\"elementor-widget-container\">\n\t\t\t\t\t\t\t\t\t<div class=\"elementor-button-wrapper\">\n\t\t\t\t\t<a class=\"elementor-button elementor-button-link elementor-size-xs elementor-animation-grow\" href=\"https:\/\/blogs.uned.es\/idenfusion\/?page_id=7913&#038;lang=en#2013\" target=\"_blank\">\n\t\t\t\t\t\t<span class=\"elementor-button-content-wrapper\">\n\t\t\t\t\t\t\t\t\t<span class=\"elementor-button-text\">2013<\/span>\n\t\t\t\t\t<\/span>\n\t\t\t\t\t<\/a>\n\t\t\t\t<\/div>\n\t\t\t\t\t\t\t\t<\/div>\n\t\t\t\t<\/div>\n\t\t\t\t\t<\/div>\n\t\t<\/div>\n\t\t\t\t\t<\/div>\n\t\t<\/section>\n\t\t\t\t\t<\/div>\n\t\t<\/div>\n\t\t\t\t<div class=\"elementor-column elementor-col-20 elementor-top-column elementor-element elementor-element-2e45fce\" data-id=\"2e45fce\" data-element_type=\"column\" data-e-type=\"column\">\n\t\t\t<div class=\"elementor-widget-wrap elementor-element-populated\">\n\t\t\t\t\t\t<section class=\"elementor-section elementor-inner-section elementor-element elementor-element-f20f2cb elementor-section-boxed elementor-section-height-default elementor-section-height-default\" data-id=\"f20f2cb\" data-element_type=\"section\" data-e-type=\"section\">\n\t\t\t\t\t\t<div class=\"elementor-container elementor-column-gap-default\">\n\t\t\t\t\t<div class=\"elementor-column elementor-col-50 elementor-inner-column elementor-element elementor-element-39561ec\" data-id=\"39561ec\" data-element_type=\"column\" data-e-type=\"column\">\n\t\t\t<div class=\"elementor-widget-wrap elementor-element-populated\">\n\t\t\t\t\t\t<div class=\"elementor-element elementor-element-8670fb1 elementor-button-info elementor-widget elementor-widget-button\" data-id=\"8670fb1\" data-element_type=\"widget\" data-e-type=\"widget\" data-widget_type=\"button.default\">\n\t\t\t\t<div class=\"elementor-widget-container\">\n\t\t\t\t\t\t\t\t\t<div class=\"elementor-button-wrapper\">\n\t\t\t\t\t<a class=\"elementor-button elementor-button-link elementor-size-xs elementor-animation-grow\" href=\"#2022\" target=\"_blank\">\n\t\t\t\t\t\t<span class=\"elementor-button-content-wrapper\">\n\t\t\t\t\t\t\t\t\t<span class=\"elementor-button-text\">2022<\/span>\n\t\t\t\t\t<\/span>\n\t\t\t\t\t<\/a>\n\t\t\t\t<\/div>\n\t\t\t\t\t\t\t\t<\/div>\n\t\t\t\t<\/div>\n\t\t\t\t\t<\/div>\n\t\t<\/div>\n\t\t\t\t<div class=\"elementor-column elementor-col-50 elementor-inner-column elementor-element elementor-element-022a970\" data-id=\"022a970\" data-element_type=\"column\" data-e-type=\"column\">\n\t\t\t<div class=\"elementor-widget-wrap elementor-element-populated\">\n\t\t\t\t\t\t<div class=\"elementor-element elementor-element-f8358d4 elementor-button-info elementor-widget elementor-widget-button\" data-id=\"f8358d4\" data-element_type=\"widget\" data-e-type=\"widget\" data-widget_type=\"button.default\">\n\t\t\t\t<div class=\"elementor-widget-container\">\n\t\t\t\t\t\t\t\t\t<div class=\"elementor-button-wrapper\">\n\t\t\t\t\t<a class=\"elementor-button elementor-button-link elementor-size-xs elementor-animation-grow\" href=\"#2021\" target=\"_blank\">\n\t\t\t\t\t\t<span class=\"elementor-button-content-wrapper\">\n\t\t\t\t\t\t\t\t\t<span class=\"elementor-button-text\">2021<\/span>\n\t\t\t\t\t<\/span>\n\t\t\t\t\t<\/a>\n\t\t\t\t<\/div>\n\t\t\t\t\t\t\t\t<\/div>\n\t\t\t\t<\/div>\n\t\t\t\t\t<\/div>\n\t\t<\/div>\n\t\t\t\t\t<\/div>\n\t\t<\/section>\n\t\t\t\t<section class=\"elementor-section elementor-inner-section elementor-element elementor-element-3b2d60e elementor-section-boxed elementor-section-height-default elementor-section-height-default\" data-id=\"3b2d60e\" data-element_type=\"section\" data-e-type=\"section\">\n\t\t\t\t\t\t<div class=\"elementor-container elementor-column-gap-default\">\n\t\t\t\t\t<div class=\"elementor-column elementor-col-50 elementor-inner-column elementor-element elementor-element-98c7a14\" data-id=\"98c7a14\" data-element_type=\"column\" data-e-type=\"column\">\n\t\t\t<div class=\"elementor-widget-wrap elementor-element-populated\">\n\t\t\t\t\t\t<div class=\"elementor-element elementor-element-ee4be81 elementor-button-info elementor-widget elementor-widget-button\" data-id=\"ee4be81\" data-element_type=\"widget\" data-e-type=\"widget\" data-widget_type=\"button.default\">\n\t\t\t\t<div class=\"elementor-widget-container\">\n\t\t\t\t\t\t\t\t\t<div class=\"elementor-button-wrapper\">\n\t\t\t\t\t<a class=\"elementor-button elementor-button-link elementor-size-xs elementor-animation-grow\" href=\"https:\/\/blogs.uned.es\/idenfusion\/?page_id=7913&#038;lang=en#2012\" target=\"_blank\">\n\t\t\t\t\t\t<span class=\"elementor-button-content-wrapper\">\n\t\t\t\t\t\t\t\t\t<span class=\"elementor-button-text\">2012<\/span>\n\t\t\t\t\t<\/span>\n\t\t\t\t\t<\/a>\n\t\t\t\t<\/div>\n\t\t\t\t\t\t\t\t<\/div>\n\t\t\t\t<\/div>\n\t\t\t\t\t<\/div>\n\t\t<\/div>\n\t\t\t\t<div class=\"elementor-column elementor-col-50 elementor-inner-column elementor-element elementor-element-6fa7b06\" data-id=\"6fa7b06\" data-element_type=\"column\" data-e-type=\"column\">\n\t\t\t<div class=\"elementor-widget-wrap elementor-element-populated\">\n\t\t\t\t\t\t<div class=\"elementor-element elementor-element-742ca70 elementor-button-info elementor-widget elementor-widget-button\" data-id=\"742ca70\" data-element_type=\"widget\" data-e-type=\"widget\" data-widget_type=\"button.default\">\n\t\t\t\t<div class=\"elementor-widget-container\">\n\t\t\t\t\t\t\t\t\t<div class=\"elementor-button-wrapper\">\n\t\t\t\t\t<a class=\"elementor-button elementor-button-link elementor-size-xs elementor-animation-grow\" href=\"https:\/\/blogs.uned.es\/idenfusion\/?page_id=7913&#038;lang=en#2011\" target=\"_blank\">\n\t\t\t\t\t\t<span class=\"elementor-button-content-wrapper\">\n\t\t\t\t\t\t\t\t\t<span class=\"elementor-button-text\">2011<\/span>\n\t\t\t\t\t<\/span>\n\t\t\t\t\t<\/a>\n\t\t\t\t<\/div>\n\t\t\t\t\t\t\t\t<\/div>\n\t\t\t\t<\/div>\n\t\t\t\t\t<\/div>\n\t\t<\/div>\n\t\t\t\t\t<\/div>\n\t\t<\/section>\n\t\t\t\t\t<\/div>\n\t\t<\/div>\n\t\t\t\t<div class=\"elementor-column elementor-col-20 elementor-top-column elementor-element elementor-element-af16864\" data-id=\"af16864\" data-element_type=\"column\" data-e-type=\"column\">\n\t\t\t<div class=\"elementor-widget-wrap elementor-element-populated\">\n\t\t\t\t\t\t<section class=\"elementor-section elementor-inner-section elementor-element elementor-element-fd09f77 elementor-section-boxed elementor-section-height-default elementor-section-height-default\" data-id=\"fd09f77\" data-element_type=\"section\" data-e-type=\"section\">\n\t\t\t\t\t\t<div class=\"elementor-container elementor-column-gap-default\">\n\t\t\t\t\t<div class=\"elementor-column elementor-col-50 elementor-inner-column elementor-element elementor-element-9844c17\" data-id=\"9844c17\" data-element_type=\"column\" data-e-type=\"column\">\n\t\t\t<div class=\"elementor-widget-wrap elementor-element-populated\">\n\t\t\t\t\t\t<div class=\"elementor-element elementor-element-2558851 elementor-button-info elementor-widget elementor-widget-button\" data-id=\"2558851\" data-element_type=\"widget\" data-e-type=\"widget\" data-widget_type=\"button.default\">\n\t\t\t\t<div class=\"elementor-widget-container\">\n\t\t\t\t\t\t\t\t\t<div class=\"elementor-button-wrapper\">\n\t\t\t\t\t<a class=\"elementor-button elementor-button-link elementor-size-xs elementor-animation-grow\" href=\"https:\/\/blogs.uned.es\/idenfusion\/?page_id=7913&#038;lang=en#2020\" target=\"_blank\">\n\t\t\t\t\t\t<span class=\"elementor-button-content-wrapper\">\n\t\t\t\t\t\t\t\t\t<span class=\"elementor-button-text\">2020<\/span>\n\t\t\t\t\t<\/span>\n\t\t\t\t\t<\/a>\n\t\t\t\t<\/div>\n\t\t\t\t\t\t\t\t<\/div>\n\t\t\t\t<\/div>\n\t\t\t\t\t<\/div>\n\t\t<\/div>\n\t\t\t\t<div class=\"elementor-column elementor-col-50 elementor-inner-column elementor-element elementor-element-d744617\" data-id=\"d744617\" data-element_type=\"column\" data-e-type=\"column\">\n\t\t\t<div class=\"elementor-widget-wrap elementor-element-populated\">\n\t\t\t\t\t\t<div class=\"elementor-element elementor-element-714f8e1 elementor-button-info elementor-widget elementor-widget-button\" data-id=\"714f8e1\" data-element_type=\"widget\" data-e-type=\"widget\" data-widget_type=\"button.default\">\n\t\t\t\t<div class=\"elementor-widget-container\">\n\t\t\t\t\t\t\t\t\t<div class=\"elementor-button-wrapper\">\n\t\t\t\t\t<a class=\"elementor-button elementor-button-link elementor-size-xs elementor-animation-grow\" href=\"https:\/\/blogs.uned.es\/idenfusion\/?page_id=7913&#038;lang=en#2019\" target=\"_blank\">\n\t\t\t\t\t\t<span class=\"elementor-button-content-wrapper\">\n\t\t\t\t\t\t\t\t\t<span class=\"elementor-button-text\">2019<\/span>\n\t\t\t\t\t<\/span>\n\t\t\t\t\t<\/a>\n\t\t\t\t<\/div>\n\t\t\t\t\t\t\t\t<\/div>\n\t\t\t\t<\/div>\n\t\t\t\t\t<\/div>\n\t\t<\/div>\n\t\t\t\t\t<\/div>\n\t\t<\/section>\n\t\t\t\t<section class=\"elementor-section elementor-inner-section elementor-element elementor-element-7d36b33 elementor-section-boxed elementor-section-height-default elementor-section-height-default\" data-id=\"7d36b33\" data-element_type=\"section\" data-e-type=\"section\">\n\t\t\t\t\t\t<div class=\"elementor-container elementor-column-gap-default\">\n\t\t\t\t\t<div class=\"elementor-column elementor-col-50 elementor-inner-column elementor-element elementor-element-50f38ef\" data-id=\"50f38ef\" data-element_type=\"column\" data-e-type=\"column\">\n\t\t\t<div class=\"elementor-widget-wrap elementor-element-populated\">\n\t\t\t\t\t\t<div class=\"elementor-element elementor-element-580ee49 elementor-button-info elementor-widget elementor-widget-button\" data-id=\"580ee49\" data-element_type=\"widget\" data-e-type=\"widget\" data-widget_type=\"button.default\">\n\t\t\t\t<div class=\"elementor-widget-container\">\n\t\t\t\t\t\t\t\t\t<div class=\"elementor-button-wrapper\">\n\t\t\t\t\t<a class=\"elementor-button elementor-button-link elementor-size-xs elementor-animation-grow\" href=\"https:\/\/blogs.uned.es\/idenfusion\/?page_id=7913&#038;lang=en#2010\" target=\"_blank\">\n\t\t\t\t\t\t<span class=\"elementor-button-content-wrapper\">\n\t\t\t\t\t\t\t\t\t<span class=\"elementor-button-text\">2010<\/span>\n\t\t\t\t\t<\/span>\n\t\t\t\t\t<\/a>\n\t\t\t\t<\/div>\n\t\t\t\t\t\t\t\t<\/div>\n\t\t\t\t<\/div>\n\t\t\t\t\t<\/div>\n\t\t<\/div>\n\t\t\t\t<div class=\"elementor-column elementor-col-50 elementor-inner-column elementor-element elementor-element-851c3dd\" data-id=\"851c3dd\" data-element_type=\"column\" data-e-type=\"column\">\n\t\t\t<div class=\"elementor-widget-wrap elementor-element-populated\">\n\t\t\t\t\t\t<div class=\"elementor-element elementor-element-c147e2d elementor-button-info elementor-widget elementor-widget-button\" data-id=\"c147e2d\" data-element_type=\"widget\" data-e-type=\"widget\" data-widget_type=\"button.default\">\n\t\t\t\t<div class=\"elementor-widget-container\">\n\t\t\t\t\t\t\t\t\t<div class=\"elementor-button-wrapper\">\n\t\t\t\t\t<a class=\"elementor-button elementor-button-link elementor-size-xs elementor-animation-grow\" href=\"https:\/\/blogs.uned.es\/idenfusion\/?page_id=7913&#038;lang=en#2009\" target=\"_blank\">\n\t\t\t\t\t\t<span class=\"elementor-button-content-wrapper\">\n\t\t\t\t\t\t\t\t\t<span class=\"elementor-button-text\">2009<\/span>\n\t\t\t\t\t<\/span>\n\t\t\t\t\t<\/a>\n\t\t\t\t<\/div>\n\t\t\t\t\t\t\t\t<\/div>\n\t\t\t\t<\/div>\n\t\t\t\t\t<\/div>\n\t\t<\/div>\n\t\t\t\t\t<\/div>\n\t\t<\/section>\n\t\t\t\t\t<\/div>\n\t\t<\/div>\n\t\t\t\t<div class=\"elementor-column elementor-col-20 elementor-top-column elementor-element elementor-element-ea36ab5\" data-id=\"ea36ab5\" data-element_type=\"column\" data-e-type=\"column\">\n\t\t\t<div class=\"elementor-widget-wrap elementor-element-populated\">\n\t\t\t\t\t\t<section class=\"elementor-section elementor-inner-section elementor-element elementor-element-6558da5 elementor-section-boxed elementor-section-height-default elementor-section-height-default\" data-id=\"6558da5\" data-element_type=\"section\" data-e-type=\"section\">\n\t\t\t\t\t\t<div class=\"elementor-container elementor-column-gap-default\">\n\t\t\t\t\t<div class=\"elementor-column elementor-col-50 elementor-inner-column elementor-element elementor-element-e0bd676\" data-id=\"e0bd676\" data-element_type=\"column\" data-e-type=\"column\">\n\t\t\t<div class=\"elementor-widget-wrap elementor-element-populated\">\n\t\t\t\t\t\t<div class=\"elementor-element elementor-element-d5b8a6b elementor-button-info elementor-widget elementor-widget-button\" data-id=\"d5b8a6b\" data-element_type=\"widget\" data-e-type=\"widget\" data-widget_type=\"button.default\">\n\t\t\t\t<div class=\"elementor-widget-container\">\n\t\t\t\t\t\t\t\t\t<div class=\"elementor-button-wrapper\">\n\t\t\t\t\t<a class=\"elementor-button elementor-button-link elementor-size-xs elementor-animation-grow\" href=\"https:\/\/blogs.uned.es\/idenfusion\/?page_id=7913&#038;lang=en#2018\" target=\"_blank\">\n\t\t\t\t\t\t<span class=\"elementor-button-content-wrapper\">\n\t\t\t\t\t\t\t\t\t<span class=\"elementor-button-text\">2018<\/span>\n\t\t\t\t\t<\/span>\n\t\t\t\t\t<\/a>\n\t\t\t\t<\/div>\n\t\t\t\t\t\t\t\t<\/div>\n\t\t\t\t<\/div>\n\t\t\t\t\t<\/div>\n\t\t<\/div>\n\t\t\t\t<div class=\"elementor-column elementor-col-50 elementor-inner-column elementor-element elementor-element-24af843\" data-id=\"24af843\" data-element_type=\"column\" data-e-type=\"column\">\n\t\t\t<div class=\"elementor-widget-wrap elementor-element-populated\">\n\t\t\t\t\t\t<div class=\"elementor-element elementor-element-f1f352c elementor-button-info elementor-widget elementor-widget-button\" data-id=\"f1f352c\" data-element_type=\"widget\" data-e-type=\"widget\" data-widget_type=\"button.default\">\n\t\t\t\t<div class=\"elementor-widget-container\">\n\t\t\t\t\t\t\t\t\t<div class=\"elementor-button-wrapper\">\n\t\t\t\t\t<a class=\"elementor-button elementor-button-link elementor-size-xs elementor-animation-grow\" href=\"https:\/\/blogs.uned.es\/idenfusion\/?page_id=7913&#038;lang=en#2017\" target=\"_blank\">\n\t\t\t\t\t\t<span class=\"elementor-button-content-wrapper\">\n\t\t\t\t\t\t\t\t\t<span class=\"elementor-button-text\">2017<\/span>\n\t\t\t\t\t<\/span>\n\t\t\t\t\t<\/a>\n\t\t\t\t<\/div>\n\t\t\t\t\t\t\t\t<\/div>\n\t\t\t\t<\/div>\n\t\t\t\t\t<\/div>\n\t\t<\/div>\n\t\t\t\t\t<\/div>\n\t\t<\/section>\n\t\t\t\t<section class=\"elementor-section elementor-inner-section elementor-element elementor-element-b789bc6 elementor-section-boxed elementor-section-height-default elementor-section-height-default\" data-id=\"b789bc6\" data-element_type=\"section\" data-e-type=\"section\">\n\t\t\t\t\t\t<div class=\"elementor-container elementor-column-gap-default\">\n\t\t\t\t\t<div class=\"elementor-column elementor-col-50 elementor-inner-column elementor-element elementor-element-768f338\" data-id=\"768f338\" data-element_type=\"column\" data-e-type=\"column\">\n\t\t\t<div class=\"elementor-widget-wrap elementor-element-populated\">\n\t\t\t\t\t\t<div class=\"elementor-element elementor-element-78b1613 elementor-button-info elementor-widget elementor-widget-button\" data-id=\"78b1613\" data-element_type=\"widget\" data-e-type=\"widget\" data-widget_type=\"button.default\">\n\t\t\t\t<div class=\"elementor-widget-container\">\n\t\t\t\t\t\t\t\t\t<div class=\"elementor-button-wrapper\">\n\t\t\t\t\t<a class=\"elementor-button elementor-button-link elementor-size-xs elementor-animation-grow\" href=\"https:\/\/blogs.uned.es\/idenfusion\/?page_id=7913&#038;lang=en#2008\" target=\"_blank\">\n\t\t\t\t\t\t<span class=\"elementor-button-content-wrapper\">\n\t\t\t\t\t\t\t\t\t<span class=\"elementor-button-text\">2008<\/span>\n\t\t\t\t\t<\/span>\n\t\t\t\t\t<\/a>\n\t\t\t\t<\/div>\n\t\t\t\t\t\t\t\t<\/div>\n\t\t\t\t<\/div>\n\t\t\t\t\t<\/div>\n\t\t<\/div>\n\t\t\t\t<div class=\"elementor-column elementor-col-50 elementor-inner-column elementor-element elementor-element-3e89af5\" data-id=\"3e89af5\" data-element_type=\"column\" data-e-type=\"column\">\n\t\t\t<div class=\"elementor-widget-wrap elementor-element-populated\">\n\t\t\t\t\t\t<div class=\"elementor-element elementor-element-2fe0313 elementor-button-info elementor-widget elementor-widget-button\" data-id=\"2fe0313\" data-element_type=\"widget\" data-e-type=\"widget\" data-widget_type=\"button.default\">\n\t\t\t\t<div class=\"elementor-widget-container\">\n\t\t\t\t\t\t\t\t\t<div class=\"elementor-button-wrapper\">\n\t\t\t\t\t<a class=\"elementor-button elementor-button-link elementor-size-xs elementor-animation-grow\" href=\"https:\/\/blogs.uned.es\/idenfusion\/?page_id=7913&#038;lang=en#2007\" target=\"_blank\">\n\t\t\t\t\t\t<span class=\"elementor-button-content-wrapper\">\n\t\t\t\t\t\t\t\t\t<span class=\"elementor-button-text\">2007<\/span>\n\t\t\t\t\t<\/span>\n\t\t\t\t\t<\/a>\n\t\t\t\t<\/div>\n\t\t\t\t\t\t\t\t<\/div>\n\t\t\t\t<\/div>\n\t\t\t\t\t<\/div>\n\t\t<\/div>\n\t\t\t\t\t<\/div>\n\t\t<\/section>\n\t\t\t\t\t<\/div>\n\t\t<\/div>\n\t\t\t\t\t<\/div>\n\t\t<\/section>\n\t\t\t\t<section class=\"elementor-section elementor-top-section elementor-element elementor-element-3765482 elementor-section-boxed elementor-section-height-default elementor-section-height-default\" data-id=\"3765482\" data-element_type=\"section\" data-e-type=\"section\">\n\t\t\t\t\t\t<div class=\"elementor-container elementor-column-gap-default\">\n\t\t\t\t\t<div class=\"elementor-column elementor-col-100 elementor-top-column elementor-element elementor-element-b976abf\" data-id=\"b976abf\" data-element_type=\"column\" data-e-type=\"column\">\n\t\t\t<div class=\"elementor-widget-wrap elementor-element-populated\">\n\t\t\t\t\t\t<div class=\"elementor-element elementor-element-52b01eb elementor-widget elementor-widget-menu-anchor\" data-id=\"52b01eb\" data-element_type=\"widget\" data-e-type=\"widget\" data-widget_type=\"menu-anchor.default\">\n\t\t\t\t<div class=\"elementor-widget-container\">\n\t\t\t\t\t\t\t<div class=\"elementor-menu-anchor\" id=\"2026\"><\/div>\n\t\t\t\t\t\t<\/div>\n\t\t\t\t<\/div>\n\t\t\t\t\t<\/div>\n\t\t<\/div>\n\t\t\t\t\t<\/div>\n\t\t<\/section>\n\t\t\t\t<section class=\"elementor-section elementor-top-section elementor-element elementor-element-68c2c1d elementor-section-boxed elementor-section-height-default elementor-section-height-default\" data-id=\"68c2c1d\" data-element_type=\"section\" data-e-type=\"section\">\n\t\t\t\t\t\t<div class=\"elementor-container elementor-column-gap-default\">\n\t\t\t\t\t<div class=\"elementor-column elementor-col-100 elementor-top-column elementor-element elementor-element-d739fc3\" data-id=\"d739fc3\" data-element_type=\"column\" data-e-type=\"column\">\n\t\t\t<div class=\"elementor-widget-wrap elementor-element-populated\">\n\t\t\t\t\t\t<div class=\"elementor-element elementor-element-a29e3a7 elementor-widget elementor-widget-heading\" data-id=\"a29e3a7\" data-element_type=\"widget\" data-e-type=\"widget\" data-widget_type=\"heading.default\">\n\t\t\t\t<div class=\"elementor-widget-container\">\n\t\t\t\t\t<h2 class=\"elementor-heading-title elementor-size-default\">2026<\/h2>\t\t\t\t<\/div>\n\t\t\t\t<\/div>\n\t\t\t\t\t<\/div>\n\t\t<\/div>\n\t\t\t\t\t<\/div>\n\t\t<\/section>\n\t\t\t\t<section class=\"elementor-section elementor-top-section elementor-element elementor-element-5c0d9c2 elementor-section-boxed elementor-section-height-default elementor-section-height-default\" data-id=\"5c0d9c2\" data-element_type=\"section\" data-e-type=\"section\">\n\t\t\t\t\t\t<div class=\"elementor-container elementor-column-gap-default\">\n\t\t\t\t\t<div class=\"elementor-column elementor-col-100 elementor-top-column elementor-element elementor-element-6288123\" data-id=\"6288123\" data-element_type=\"column\" data-e-type=\"column\">\n\t\t\t<div class=\"elementor-widget-wrap elementor-element-populated\">\n\t\t\t\t\t\t<div class=\"elementor-element elementor-element-b5d8535 elementor-widget elementor-widget-text-editor\" data-id=\"b5d8535\" data-element_type=\"widget\" data-e-type=\"widget\" data-widget_type=\"text-editor.default\">\n\t\t\t\t<div class=\"elementor-widget-container\">\n\t\t\t\t\t\t\t\t\t<p class=\"MsoNormal\" style=\"margin-left: 35.45pt;text-align: justify;text-indent: -35.45pt;line-height: normal\"><span style=\"color: #000000\">Lobato, R. M., Chiclana, S., Blanco, L., Gonz\u00e1lez-\u00c1lvarez, J. L., &amp; G\u00f3mez, \u00c1. (2026). Assessing the risk of violent extremism in prisons: A comparison between VERA-2R and DRAVY-3. <em>Anuario de Psicolog\u00eda Jur\u00eddica, 36, <\/em>Article e260475, 1-11. <span style=\"color: #0000ff\"><a style=\"color: #0000ff\" href=\"https:\/\/doi.org\/10.5093\/apj2026a8\">https:\/\/doi.org\/10.5093\/apj2026a8<\/a>.\u00a0<\/span><\/span><!-- [if gte mso 9]&gt;-->\n \n  \n  \n \n<!-- [if gte mso 9]&gt;-->\n \n  Normal\n  0\n  false\n  \n  21\n  \n  \n  false\n  false\n  false\n  \n  ES-TRAD\n  JA\n  SI-LK\n  \n   \n   \n   \n   \n   \n   \n   \n   \n   \n   \n  \n  \n  \n   \n   \n   \n   \n   \n   \n   \n   \n   \n   \n   \n  \n<!-- [if gte mso 9]&gt;-->\n \n  \n  \n  \n  \n  \n  \n  \n  \n  \n  \n  \n  \n  \n  \n  \n  \n  \n  \n  \n  \n  \n  \n  \n  \n  \n  \n  \n  \n  \n  \n  \n  \n  \n  \n  \n  \n  \n  \n  \n  \n  \n  \n  \n  \n  \n  \n  \n  \n  \n  \n  \n  \n  \n  \n  \n  \n  \n  \n  \n  \n  \n  \n  \n  \n  \n  \n  \n  \n  \n  \n  \n  \n  \n  \n  \n  \n  \n  \n  \n  \n  \n  \n  \n  \n  \n  \n  \n  \n  \n  \n  \n  \n  \n  \n  \n  \n  \n  \n  \n  \n  \n  \n  \n  \n  \n  \n  \n  \n  \n  \n  \n  \n  \n  \n  \n  \n  \n  \n  \n  \n  \n  \n  \n  \n  \n  \n  \n  \n  \n  \n  \n  \n  \n  \n  \n  \n  \n  \n  \n  \n  \n  \n  \n  \n  \n  \n  \n  \n  \n  \n  \n  \n  \n  \n  \n  \n  \n  \n  \n  \n  \n  \n  \n  \n  \n  \n  \n  \n  \n  \n  \n  \n  \n  \n  \n  \n  \n  \n  \n  \n  \n  \n  \n  \n  \n  \n  \n  \n  \n  \n  \n  \n  \n  \n  \n  \n  \n  \n  \n  \n  \n  \n  \n  \n  \n  \n  \n  \n  \n  \n  \n  \n  \n  \n  \n  \n  \n  \n  \n  \n  \n  \n  \n  \n  \n  \n  \n  \n  \n  \n  \n  \n  \n  \n  \n  \n  \n  \n  \n  \n  \n  \n  \n  \n  \n  \n  \n  \n  \n  \n  \n  \n  \n  \n  \n  \n  \n  \n  \n  \n  \n  \n  \n  \n  \n  \n  \n  \n  \n  \n  \n  \n  \n  \n  \n  \n  \n  \n  \n  \n  \n  \n  \n  \n  \n  \n  \n  \n  \n  \n  \n  \n  \n  \n  \n  \n  \n  \n  \n  \n  \n  \n  \n  \n  \n  \n  \n  \n  \n  \n  \n  \n  \n  \n  \n  \n  \n  \n  \n  \n  \n  \n  \n  \n  \n  \n  \n  \n  \n  \n  \n  \n  \n  \n  \n  \n  \n  \n  \n  \n  \n  \n  \n  \n  \n  \n  \n  \n  \n  \n  \n  \n  \n  \n  \n  \n  \n  \n  \n  \n  \n  \n  \n  \n  \n  \n  \n  \n  \n  \n  \n  \n  \n  \n  \n  \n \n<!-- [if gte mso 10]&gt;-->\n\n \/* Style Definitions *\/\n table.MsoNormalTable\n\t{mso-style-name:\u00bbTabla normal\u00bb;\n\tmso-tstyle-rowband-size:0;\n\tmso-tstyle-colband-size:0;\n\tmso-style-noshow:yes;\n\tmso-style-priority:99;\n\tmso-style-parent:\u00bb\u00bb;\n\tmso-padding-alt:0cm 5.4pt 0cm 5.4pt;\n\tmso-para-margin:0cm;\n\tmso-pagination:widow-orphan;\n\tfont-size:12.0pt;\n\tfont-family:\u00bbCambria\u00bb,serif;\n\tmso-ascii-font-family:Cambria;\n\tmso-ascii-theme-font:minor-latin;\n\tmso-hansi-font-family:Cambria;\n\tmso-hansi-theme-font:minor-latin;\n\tmso-ansi-language:ES-TRAD;\n\tmso-bidi-language:AR-SA;}\n\n<span style=\"font-size: 12.0pt;font-family: 'Times New Roman',serif\"><a href=\"https:\/\/blogs.uned.es\/idenfusion\/wp-content\/uploads\/sites\/553\/2026\/03\/Lobato-et-al.-2026_Assessing-the-Risk-of-Violent-Extremism-in-Prisons.-A-Comparison.pdf\" target=\"_blank\" rel=\"noopener\"><span style=\"font-size: 11.0pt;font-family: 'Arial',sans-serif\"><strong><span style=\"color: #800080\">PDF<\/span><\/strong><\/span><\/a><\/span><\/p><p class=\"MsoNormal\" style=\"margin-left: 35.45pt;text-align: justify;text-indent: -35.45pt;line-height: normal\"><span style=\"color: #000000\">Feigin, B., G\u00f3mez, \u00c1., Chinchilla, J., &amp; Halperin, E. (2026). When the target matters: A cross-cultural comparison of the generalizability and specificity of identity fusion effects. <em>International Journal of Intercultural Relations, 113<\/em>, 102392.<\/span>\u00a0<span style=\"color: #0000ff\"><a style=\"color: #0000ff\" href=\"https:\/\/doi.org\/10.1016\/j.ijintrel.2026.102392\" target=\"_blank\" rel=\"noopener\">https:\/\/doi.org\/10.1016\/j.ijintrel.2026.102392.<\/a>\u00a0<\/span><span style=\"color: #800080\"><strong><a style=\"color: #800080\" href=\"https:\/\/blogs.uned.es\/idenfusion\/wp-content\/uploads\/sites\/553\/2026\/03\/Feigin-Gomez-Chinchilla-Halperin-2026_-When-the-target-matters.pdf\" target=\"_blank\" rel=\"noopener\">PDF<\/a><\/strong><\/span><\/p>\t\t\t\t\t\t\t\t<\/div>\n\t\t\t\t<\/div>\n\t\t\t\t\t<\/div>\n\t\t<\/div>\n\t\t\t\t\t<\/div>\n\t\t<\/section>\n\t\t\t\t<section class=\"elementor-section elementor-top-section elementor-element elementor-element-1ec7636 elementor-section-boxed elementor-section-height-default elementor-section-height-default\" data-id=\"1ec7636\" data-element_type=\"section\" data-e-type=\"section\">\n\t\t\t\t\t\t<div class=\"elementor-container elementor-column-gap-default\">\n\t\t\t\t\t<div class=\"elementor-column elementor-col-100 elementor-top-column elementor-element elementor-element-480f215\" data-id=\"480f215\" data-element_type=\"column\" data-e-type=\"column\">\n\t\t\t<div class=\"elementor-widget-wrap elementor-element-populated\">\n\t\t\t\t\t\t<div class=\"elementor-element elementor-element-770eab8 elementor-widget elementor-widget-menu-anchor\" data-id=\"770eab8\" data-element_type=\"widget\" data-e-type=\"widget\" data-widget_type=\"menu-anchor.default\">\n\t\t\t\t<div class=\"elementor-widget-container\">\n\t\t\t\t\t\t\t<div class=\"elementor-menu-anchor\" id=\"2025\"><\/div>\n\t\t\t\t\t\t<\/div>\n\t\t\t\t<\/div>\n\t\t\t\t<div class=\"elementor-element elementor-element-3766fd5 elementor-widget elementor-widget-heading\" data-id=\"3766fd5\" data-element_type=\"widget\" data-e-type=\"widget\" data-widget_type=\"heading.default\">\n\t\t\t\t<div class=\"elementor-widget-container\">\n\t\t\t\t\t<h2 class=\"elementor-heading-title elementor-size-default\">2025<\/h2>\t\t\t\t<\/div>\n\t\t\t\t<\/div>\n\t\t\t\t\t<\/div>\n\t\t<\/div>\n\t\t\t\t\t<\/div>\n\t\t<\/section>\n\t\t\t\t<section class=\"elementor-section elementor-top-section elementor-element elementor-element-86326d9 elementor-section-boxed elementor-section-height-default elementor-section-height-default\" data-id=\"86326d9\" data-element_type=\"section\" data-e-type=\"section\">\n\t\t\t\t\t\t<div class=\"elementor-container elementor-column-gap-default\">\n\t\t\t\t\t<div class=\"elementor-column elementor-col-100 elementor-top-column elementor-element elementor-element-8c6f01b\" data-id=\"8c6f01b\" data-element_type=\"column\" data-e-type=\"column\">\n\t\t\t<div class=\"elementor-widget-wrap elementor-element-populated\">\n\t\t\t\t\t\t<div class=\"elementor-element elementor-element-a3002ab elementor-widget elementor-widget-text-editor\" data-id=\"a3002ab\" data-element_type=\"widget\" data-e-type=\"widget\" data-widget_type=\"text-editor.default\">\n\t\t\t\t<div class=\"elementor-widget-container\">\n\t\t\t\t\t\t\t\t\t<p class=\"MsoNormal\" style=\"margin-left: 35.45pt;text-indent: -35.45pt;line-height: normal;text-align: left\"><span style=\"color: #000000\">Atran, S., Rodriguez-G\u00f3mez, L., Yilmaz, K., &amp; G\u00f3mez, \u00c1. (2025). How Gaza Sees the 2023-2025 War and the Future of the Israel-Palestine Conflict.<em> New England Journal of Public Policy, 37<\/em>:1, Art. 11.<span style=\"color: #800080\">\u00a0<\/span><strong><a style=\"color: #000000\" href=\"https:\/\/blogs.uned.es\/idenfusion\/wp-content\/uploads\/sites\/553\/2025\/07\/Atran-Rodriguez-Gomez-Yilmaz-Gomez-2025.-How-Gaza-Sees-the-2023-2025-War-and-the-Future-of-the-Israel-Palestine.pdf\"><span style=\"color: #800080\">PDF\u00a0<\/span><\/a><\/strong><\/span><\/p><p class=\"MsoNormal\" style=\"margin-left: 35.45pt;text-indent: -35.45pt;line-height: normal;text-align: left\"><span style=\"color: #000000\">Bautista, H., Fregenal, S., V\u00e1zquez, A., G\u00f3mez, \u00c1. &amp; Mart\u00ednez, M. (2025).\u00a0 Shared dysphoric experiences activate identity fusion, but not forever. <em>British Journal of Social Psychology. <\/em><span style=\"color: #0000ff\">https:\/\/doi.org\/10.1111\/bjso.70026\u00a0<\/span><\/span><\/p><p class=\"MsoNormal\" style=\"margin-left: 35.45pt;text-indent: -35.45pt;line-height: normal;text-align: left\"><span style=\"color: #000000\">Bautista, H., Moyano, M. &amp; G\u00f3mez, \u00c1. (2025). Religious discrimination leads to loss of personal significance through social exclusion. The case of Syrian and Afghan refugees. <em><a style=\"color: #000000\" href=\"https:\/\/www.sciencedirect.com\/journal\/international-journal-of-intercultural-relations\">International Journal of Intercultural Relations<\/a> <a style=\"color: #000000\" href=\"https:\/\/www.sciencedirect.com\/journal\/international-journal-of-intercultural-relations\/vol\/107\/suppl\/C\">Volume 107<\/a><\/em>, 10219.<span style=\"color: #0000ff\"> <a style=\"color: #0000ff\" href=\"https:\/\/doi.org\/10.1016\/j.ijintrel.2025.102197\" target=\"_blank\" rel=\"noopener\">https:\/\/doi.org\/10.1016\/j.ijintrel.2025.102197<\/a>.\u00a0<\/span><\/span><\/p><p class=\"MsoNormal\" style=\"margin-left: 35.45pt;text-indent: -35.45pt;line-height: normal;text-align: left\"><span style=\"color: #000000\">Chinchilla, J., &amp; G\u00f3mez, A. (2025). Spiritual formidability predicts the will to fight through collective narcissism. <em>Personality and Social Psychology Bulletin.<\/em><span style=\"color: #0000ff\">\u00a0<a style=\"color: #0000ff\" href=\"https:\/\/doi.org\/10.1177\/01461672251394485\">https:\/\/doi.org\/10.1177\/01461672251394485<\/a><em>.<\/em> <\/span><\/span><strong><span style=\"color: #800080\"><a style=\"color: #800080\" href=\"https:\/\/blogs.uned.es\/idenfusion\/wp-content\/uploads\/sites\/553\/2025\/12\/Chinchilla_Gomez-2025-PSPB_Accepted-version.pdf\">PDF\u00a0<\/a><\/span><\/strong><\/p><p class=\"MsoNormal\" style=\"margin-left: 35.45pt;text-indent: -35.45pt;line-height: normal;text-align: left\"><span style=\"color: #000000\">G\u00f3mez, \u00c1., V\u00e1zquez, A., Blanco, L., &amp; Chinchilla, J. (in press). <span lang=\"EN-US\">The role of identity fusion in violent extremism. In J. Kunst and M. Obaidi (Eds.), <i>Cambridge Handbook of the Psychology of Violent Extremism. <\/i><\/span>Cambridge University Press.\u00a0<\/span><\/p><p class=\"MsoNormal\" style=\"margin-left: 35.45pt;text-indent: -35.45pt;line-height: normal;text-align: left\"><span style=\"color: #000000\">Lobato, R. M., Chiclana, S., Blanco, L., Gonz\u00e1lez-\u00c1lvarez, J. L., &amp; G\u00f3mez, \u00c1. (in press). Assessing the risk of violent extremism in prisons: A comparison between VERA-2R and DRAVY-3. <em>Anuario de Psicolog\u00eda Jur\u00eddica<\/em>.\u00a0<\/span><\/p><p class=\"MsoNormal\" style=\"margin-left: 35.45pt;text-indent: -35.45pt;line-height: normal;text-align: left\"><span style=\"color: #000000\">Moreno, I. R., Comes-Fayos, J., Soldino, V., Santos-Hermoso, J., Chiclana, S., &amp; Gonz\u00e1lez-\u00c1lvarez, J. L. (2025). Intimate Partner Violence Against Women Perpetrators in Spanish Prisons: A Typological Approach. <i>Psychology of violence. <\/i>Advance online publication.<\/span> <span style=\"color: #0000ff\"><a style=\"color: #0000ff\" title=\"https:\/\/doi.org\/10.1037\/vio0000644\" href=\"https:\/\/doi.org\/10.1037\/vio0000644\" target=\"_blank\" rel=\"noopener noreferrer\" data-auth=\"NotApplicable\" data-linkindex=\"1\">https:\/\/doi.org\/10.1037\/vio0000644.<\/a><\/span><\/p><p class=\"MsoNormal\" style=\"margin-left: 35.45pt;text-align: justify;text-indent: -35.45pt;line-height: normal\"><span style=\"color: #000000\">Wollast, R., L\u00fcders, A., Nugier, A., Guimond, S., Phillips, J. B., Sutton, R. M., Douglas, K. M., Sengupta, N. K., Lemay, E. P., Zand, S., Van Lissa, C. J., B\u00e9langer, J. J., Abakoumkin, G., Abdul Khaiyom, J. H., Agostini, M., Ahmedi, V., Almenara, C. A., Atta, M., Bagci, S. C., \u2026 Leander, N. P. (2025). Gender inequality and cultural values in explaining gender differences in positive and negative emotions: A comparison of 24 countries during the COVID-19 pandemic. <em>Current Psychology<\/em>. <span style=\"color: #0000ff\"><a style=\"color: #0000ff\" href=\"https:\/\/doi.org\/10.1007\/s12144-024-06989-0\" target=\"_blank\" rel=\"noopener\">https:\/\/doi.org\/10.1007\/s12144-024-06989-0<\/a>. <strong><span style=\"color: #800080\"><a style=\"color: #800080\" href=\"https:\/\/blogs.uned.es\/idenfusion\/wp-content\/uploads\/sites\/553\/2025\/02\/Wollast-et-al-2025_Gender-inequality.pdf\" target=\"_blank\" rel=\"noopener\">PDF<\/a><\/span><\/strong><\/span><\/span><\/p>\t\t\t\t\t\t\t\t<\/div>\n\t\t\t\t<\/div>\n\t\t\t\t\t<\/div>\n\t\t<\/div>\n\t\t\t\t\t<\/div>\n\t\t<\/section>\n\t\t\t\t<section class=\"elementor-section elementor-top-section elementor-element elementor-element-2e38fcb elementor-section-boxed elementor-section-height-default elementor-section-height-default\" data-id=\"2e38fcb\" data-element_type=\"section\" data-e-type=\"section\">\n\t\t\t\t\t\t<div class=\"elementor-container elementor-column-gap-default\">\n\t\t\t\t\t<div class=\"elementor-column elementor-col-100 elementor-top-column elementor-element elementor-element-45c740a\" data-id=\"45c740a\" data-element_type=\"column\" data-e-type=\"column\">\n\t\t\t<div class=\"elementor-widget-wrap elementor-element-populated\">\n\t\t\t\t\t\t<div class=\"elementor-element elementor-element-cd64d0e elementor-widget elementor-widget-menu-anchor\" data-id=\"cd64d0e\" data-element_type=\"widget\" data-e-type=\"widget\" data-widget_type=\"menu-anchor.default\">\n\t\t\t\t<div class=\"elementor-widget-container\">\n\t\t\t\t\t\t\t<div class=\"elementor-menu-anchor\" id=\"2024\"><\/div>\n\t\t\t\t\t\t<\/div>\n\t\t\t\t<\/div>\n\t\t\t\t<div class=\"elementor-element elementor-element-e65090c elementor-widget elementor-widget-heading\" data-id=\"e65090c\" data-element_type=\"widget\" data-e-type=\"widget\" data-widget_type=\"heading.default\">\n\t\t\t\t<div class=\"elementor-widget-container\">\n\t\t\t\t\t<h2 class=\"elementor-heading-title elementor-size-default\">2024<\/h2>\t\t\t\t<\/div>\n\t\t\t\t<\/div>\n\t\t\t\t\t<\/div>\n\t\t<\/div>\n\t\t\t\t\t<\/div>\n\t\t<\/section>\n\t\t\t\t<section class=\"elementor-section elementor-top-section elementor-element elementor-element-56cbf5d elementor-section-boxed elementor-section-height-default elementor-section-height-default\" data-id=\"56cbf5d\" data-element_type=\"section\" data-e-type=\"section\">\n\t\t\t\t\t\t<div class=\"elementor-container elementor-column-gap-default\">\n\t\t\t\t\t<div class=\"elementor-column elementor-col-100 elementor-top-column elementor-element elementor-element-e5347f9\" data-id=\"e5347f9\" data-element_type=\"column\" data-e-type=\"column\">\n\t\t\t<div class=\"elementor-widget-wrap elementor-element-populated\">\n\t\t\t\t\t\t<div class=\"elementor-element elementor-element-3c4df9c elementor-widget elementor-widget-text-editor\" data-id=\"3c4df9c\" data-element_type=\"widget\" data-e-type=\"widget\" data-widget_type=\"text-editor.default\">\n\t\t\t\t<div class=\"elementor-widget-container\">\n\t\t\t\t\t\t\t\t\t<p class=\"MsoNormal\" style=\"margin-left: 35.45pt;text-align: justify;text-indent: -35.45pt;line-height: normal\"><span style=\"color: #000000\">Arg\u00fcello-Guti\u00e9rrez, C., L\u00f3pez-Rodr\u00edguez, L., &amp; V\u00e1zquez, A. (2024). The effect of moral foundations on intergroup relations: The salience of fairness promotes the acceptance of minority groups. <em>Social Psychological and Personality Science, 15<\/em>(1).<span style=\"color: #0000ff\"> <a style=\"color: #0000ff\" href=\"https:\/\/doi.org\/10.1177\/19485506231162161\">https:\/\/doi.org\/10.1177\/19485506231162161<\/a>. <\/span><span style=\"color: #800080\"><strong><a style=\"color: #800080\" href=\"https:\/\/blogs.uned.es\/idenfusion\/wp-content\/uploads\/sites\/553\/2024\/12\/Arguello-et-al-2024_-The_Effect_of_Moral_Foundations_on_Intergroup_Relations_Version-enviada.pdf\">PDF<\/a><\/strong><\/span><\/span><\/p><p class=\"MsoNormal\" style=\"margin-left: 35.45pt;text-align: justify;text-indent: -35.45pt;line-height: normal\"><span style=\"color: #000000\">Besta, T., Jurek, P., Olech, M., Wlodarczyk, A., Kosakowska-Berezecka, N., Bosson, J., Bender, M., Vandello, J., Abuhamdeh, S., Agyemang, C., Akba\u015f, G., Albayrak-Aydemir, N., Ammirati, S., Anderson, J., Anjum, G., Ariyanto, A., Aruta, J. J. B., Ashraf, M., Bakaityt\u0117, A., \u2026 &amp; Zadkowska, M. (2024). Measuring Collective Action Intention Toward Gender Equality Across Cultures. <em>European Journal of Psychological Assessment <\/em><a href=\"https:\/\/doi.org\/10.1027\/1015-5759\/a000857\" target=\"_blank\" rel=\"noopener\">https:\/\/doi.org\/10.1027\/1015-5759\/a000857<\/a>. <strong><a href=\"https:\/\/blogs.uned.es\/idenfusion\/wp-content\/uploads\/sites\/553\/2024\/10\/Besta-et-al.-2024_Measuring-collective-actoin.pdf\" target=\"_blank\" rel=\"noopener\">PDF\u00a0<\/a><\/strong>Blanco, L., Lobato, R. M., Alba, B., V\u00e1zquez, A., Gonz\u00e1lez-\u00c1lvarez, J. L., Chiclana, S., Chinchilla, J., &amp; G\u00f3mez, A. (2024). \u201cWhat Made Me Change\u201d: Transformative Experiences in the Jihadist Radicalization Process.\u00a0<i>Terrorism and Political Violence<\/i>, 1\u201319.\u00a0<span style=\"color: #0000ff\"><a style=\"color: #0000ff\" title=\"https:\/\/doi.org\/10.1080\/09546553.2024.2437048\" href=\"https:\/\/doi.org\/10.1080\/09546553.2024.2437048\" target=\"_blank\" rel=\"noopener noreferrer\" data-auth=\"NotApplicable\" data-linkindex=\"0\">https:\/\/doi.org\/10.1080\/09546553.2024.2437048<\/a>. <strong><span style=\"color: #800080\"><a style=\"color: #800080\" href=\"https:\/\/blogs.uned.es\/idenfusion\/wp-content\/uploads\/sites\/553\/2025\/01\/AM_What_Made_Me_Change.pdf\" target=\"_blank\" rel=\"noopener\">PDF\u00a0<\/a><\/span><\/strong><\/span><\/span><\/p><p class=\"MsoNormal\" style=\"margin-left: 35.45pt;text-align: justify;text-indent: -35.45pt;line-height: normal\"><span style=\"color: #000000\"><span lang=\"EN-US\" style=\"font-size: 11.0pt;font-family: 'Arial',sans-serif\">Chinchilla, J., &amp; G\u00f3mez, \u00c1. (2024). The potential role of psychological time in the study of violent radicalisation, deradicalisation, and disengagement. <i>European Review of Social Psychology.<\/i><\/span> <span style=\"color: #0000ff\"><span style=\"font-size: 11.0pt;font-family: 'Arial',sans-serif\"><a style=\"color: #0000ff\" href=\"https:\/\/doi.org\/10.1080\/10463283.2024.2429329\" target=\"_blank\" rel=\"noopener\"><span lang=\"EN-US\">https:\/\/doi.org\/10.1080\/10463283.2024.2429329<\/span><\/a><\/span><i><span lang=\"EN-US\" style=\"font-size: 11.0pt;font-family: 'Arial',sans-serif\">. <\/span><\/i><span style=\"color: #800080\"><strong><span lang=\"EN-US\" style=\"font-size: 11.0pt;font-family: 'Arial',sans-serif\"><a style=\"color: #800080\" href=\"https:\/\/blogs.uned.es\/idenfusion\/wp-content\/uploads\/sites\/553\/2025\/01\/Chinchilla.Gomez2024_The-potential-role-of-psychological-time.pdf\" target=\"_blank\" rel=\"noopener\">PDF<\/a><\/span><\/strong><\/span><i><span lang=\"EN-US\" style=\"font-size: 11.0pt;font-family: 'Arial',sans-serif\"><br \/><\/span><\/i><\/span><\/span><\/p><p class=\"MsoNormal\" style=\"margin-left: 35.45pt;text-align: justify;text-indent: -35.45pt;line-height: normal\"><span style=\"color: #000000\"><span lang=\"EN-US\">Chinchilla<\/span>, J., &amp; G\u00f3mez, \u00c1. (2024). <span lang=\"EN-US\">The exclusion-extremism link in non-WEIRD populations. In M. Pfundmair, A. H. Hales, and K. D. Williams, <i>Exclusion and Extremism: A Psychological Perspective. <\/i>Cambridge University Press.<\/span><\/span><\/p><p class=\"MsoNormal\" style=\"margin-left: 35.45pt;text-align: justify;text-indent: -35.45pt;line-height: normal\"><span style=\"color: #000000\">Fisher, A. N., Ryan, M. K., Liao, Y.-H., Miko\u0142ajczak, G., Riedijk, L., Leander, N. P., Abakoumkin, G., Abdul Khaiyom, J. H., Ahmedi, V., Agostini, M., Atta, M., Bagci, S. C., B\u00e9langer, J. J., Berisha Kida, E., Bernardo, A. B. I., Chobthamkit, P., Choi, H.-S., Cristea, M., Damnjanovic, K., &#8230; &amp; Z\u00fa\u00f1iga, C. (2024). The precarity of progress: Implications of a shifting gendered division of labor for r<span lang=\"EN-US\">elationships and well\u2011being as a function of country-level gender equality. <\/span><i>Sex Roles<\/i>, 88, 111-129.<\/span> <span style=\"color: #0000ff\"><a style=\"color: #0000ff\" href=\"https:\/\/doi.org\/10.1007\/s11199-024-01453-6\" target=\"_blank\" rel=\"noopener\">https:\/\/doi.org\/10.1007\/s11199-024-01453-6<\/a>.<\/span> <span style=\"color: #800080\"><strong><a style=\"color: #800080\" href=\"https:\/\/blogs.uned.es\/idenfusion\/wp-content\/uploads\/sites\/553\/2024\/09\/Fisher-et-al-2024_Precarity-of-progress.pdf\" target=\"_blank\" rel=\"noopener\">PDF<\/a><\/strong><\/span><\/p><p class=\"MsoNormal\" style=\"margin-left: 35.45pt;text-align: justify;text-indent: -35.45pt;line-height: normal\"><span style=\"color: #000000\"><span style=\"font-size: 11.0pt;line-height: 115%;font-family: 'Arial',sans-serif\">G\u00f3mez, \u00c1., V\u00e1zquez, A., Blanco, L., &amp; Chinchilla, J. (2024). <\/span><span lang=\"EN-US\" style=\"font-size: 11.0pt;line-height: 115%;font-family: 'Arial',sans-serif\">The role of identity fusion in violent extremism. In J. Kunst and M. Obaidi (Eds.), <i>Cambridge Handbook of the Psychology of Violent Extremism. <\/i><\/span><span style=\"font-size: 11.0pt;line-height: 115%;font-family: 'Arial',sans-serif\">Cambridge University Press.<\/span><\/span><\/p><p class=\"MsoNormal\" style=\"margin-left: 35.45pt;text-align: justify;text-indent: -35.45pt;line-height: normal\"><span style=\"color: #000000\"><span style=\"font-size: 11.0pt;line-height: 115%;font-family: 'Arial',sans-serif\">G\u00f3mez, A., V\u00e1zquez, A., Alba, B., Blanco, L., Chinchilla, J., Chiclana, S., &amp; Swann, W. B., Jr. <\/span><span lang=\"EN-US\" style=\"font-size: 11.0pt;line-height: 115%;font-family: 'Arial',sans-serif\">(2024). Feeling understood fosters identity fusion. <i>Journal of Personality and Social Psychology.<\/i> Advance online publication. <\/span><\/span><span style=\"color: #0000ff\"><a style=\"color: #0000ff\" href=\"https:\/\/dx.doi.org\/10.1037\/pspi0000464\" target=\"_blank\" rel=\"noopener\"><span lang=\"EN-US\" style=\"font-size: 11.0pt;line-height: 115%;font-family: 'Arial',sans-serif\">https:\/\/dx.doi.org\/10.1037\/pspi0000464<\/span><\/a><\/span><span lang=\"EN-US\" style=\"font-size: 11.0pt;line-height: 115%;font-family: 'Arial',sans-serif\"><span style=\"color: #0000ff\">.<\/span> <\/span><strong><span style=\"color: #800080\"><a style=\"color: #800080\" href=\"https:\/\/blogs.uned.es\/idenfusion\/wp-content\/uploads\/sites\/553\/2024\/09\/Gomez-2024_Feeling-Understood-fosters-identity-fusion.pdf\" target=\"_blank\" rel=\"noopener\"><span lang=\"EN-US\" style=\"font-size: 11.0pt;line-height: 115%;font-family: 'Arial',sans-serif\">PDF<\/span><\/a><\/span><\/strong><\/p><p class=\"MsoNormal\" style=\"margin-left: 35.45pt;text-align: justify;text-indent: -35.45pt;line-height: normal\"><span style=\"color: #000000\"><span lang=\"EN-US\" style=\"font-size: 11.0pt;line-height: 115%;font-family: 'Arial',sans-serif\">Kirkland, K., Van Lange, P. A. M., Gorenz, D., Blake, K., Amiot, C. E., Ausmees, L., Baguma, P., Barry, O., Becker, M., Bilewicz, M., Boonyasiriwat, W., Booth, R. W., Castelain, T., Costantini, G., Dimdins, G., Espinosa, A., Finchilescu, G., Fischer, R., &amp; &#8230; Bastian, B. (2024). High economic inequality is linked to greater moralization. <\/span><i><span lang=\"DE\" style=\"font-size: 11.0pt;line-height: 115%;font-family: 'Arial',sans-serif\">PNAS Nexus, 3(<\/span><\/i><\/span><span lang=\"DE\" style=\"font-size: 11.0pt;line-height: 115%;font-family: 'Arial',sans-serif\"><span style=\"color: #000000\">7), 221.<\/span> <\/span><span style=\"color: #0000ff\"><a style=\"color: #0000ff\" href=\"https:\/\/doi.org\/10.1093\/pnasnexus\/pgae221\" target=\"_blank\" rel=\"noopener\"><span lang=\"DE\" style=\"font-size: 11.0pt;line-height: 115%;font-family: 'Arial',sans-serif\">https:\/\/doi.org\/10.1093\/pnasnexus\/pgae221<\/span><\/a><\/span><span lang=\"DE\" style=\"font-size: 11.0pt;line-height: 115%;font-family: 'Arial',sans-serif\"><span style=\"color: #0000ff\">.<\/span> <\/span><strong><span style=\"color: #800080\"><a style=\"color: #800080\" href=\"https:\/\/blogs.uned.es\/idenfusion\/wp-content\/uploads\/sites\/553\/2024\/09\/Kirkland-2024_High-economic-inequality-is-linked-to-greater-moralization.pdf\" target=\"_blank\" rel=\"noopener\"><span lang=\"DE\" style=\"font-size: 11.0pt;line-height: 115%;font-family: 'Arial',sans-serif\">PDF\u00a0<\/span><\/a><\/span><\/strong><\/p><p class=\"MsoNormal\" style=\"margin-left: 35.45pt;text-align: justify;text-indent: -35.45pt;line-height: normal\"><span style=\"color: #000000\">Larzabal-Fernandez, A., Castrechini, A., Moreta-Herrera, R., &amp; V\u00e1zquez, A. (2024). Climate change scepticism questionnaire: Structure and factor invariance with respect to gender in a group of Spanish adults. <em>Psyecology, 15<\/em>(2). \u00a0<a style=\"color: #000000\" href=\"https:\/\/doi.org\/10.1177\/21711976241259319\">https:\/\/<span style=\"color: #0000ff\">doi.org\/10.1177\/21711976241259319<\/span><\/a><span style=\"color: #0000ff\">.<\/span> <strong><span style=\"color: #800080\"><a style=\"color: #800080\" href=\"https:\/\/blogs.uned.es\/idenfusion\/wp-content\/uploads\/sites\/553\/2024\/12\/Larzabal-et-al-2024_-Climate-change-scepticism.pdf\">PDF\u00a0<\/a><\/span><\/strong><\/span><\/p><p class=\"MsoNormal\" style=\"margin-left: 35.45pt;text-align: justify;text-indent: -35.45pt;line-height: normal\"><span style=\"color: #000000\">L\u00f3pez-Rodr\u00edguez, L., Constantin, A. A., V\u00e1zquez, A., Gonz\u00e1lez-Mart\u00edn, B., V\u00e1zquez-Flores, E., &amp; Cuadrado, I. (2024). Voices and experiences of Moroccan-heritage women and men in Spain: Understanding affective reactions to injustice through mixed-methods. <em>Cultural Diversity and Ethnic Minority Psychology<\/em>. <span style=\"color: #0000ff\"><a style=\"color: #0000ff\" href=\"https:\/\/doi.org\/10.1037\/cdp0000710\">https:\/\/doi.org\/10.1037\/cdp0000710<\/a>.<\/span><\/span><\/p><p class=\"MsoNormal\" style=\"margin-left: 35.45pt;text-align: justify;text-indent: -35.45pt;line-height: normal\"><span lang=\"DE\" style=\"font-size: 11pt;line-height: 115%;font-family: 'Arial', sans-serif;color: #000000\">Swann, W. B., Klein, J. W., &amp; G\u00f3mez, \u00c1. (2024). <\/span><span lang=\"EN-US\" style=\"font-size: 11.0pt;line-height: 115%;font-family: 'Arial',sans-serif\"><span style=\"color: #000000\">Comprehensive Identity fusion theory (CIFT): New insights and a revised theory.\u00a0 <i>Advances in Experimental Social Psychology,\u00a070<\/i>.<\/span> <\/span><span style=\"color: #0000ff\"><a style=\"color: #0000ff\" href=\"https:\/\/doi.org\/10.1016\/bs.aesp.2024.03.003\" target=\"_blank\" rel=\"noopener\"><span lang=\"EN-US\" style=\"font-size: 11.0pt;line-height: 115%;font-family: 'Arial',sans-serif\">https:\/\/doi.org\/10.1016\/bs.aesp.2024.03.003<\/span><\/a><\/span><span lang=\"EN-US\" style=\"font-size: 11.0pt;line-height: 115%;font-family: 'Arial',sans-serif\"><span style=\"color: #0000ff\">.<\/span> <\/span><strong><span style=\"color: #800080\"><a style=\"color: #800080\" href=\"https:\/\/blogs.uned.es\/idenfusion\/wp-content\/uploads\/sites\/553\/2024\/09\/Swann-et-al.-2024_CIFT_AdvancesChapter-in-press.pdf\" target=\"_blank\" rel=\"noopener\"><span style=\"font-size: 11.0pt;line-height: 115%;font-family: 'Arial',sans-serif\">PDF\u00a0<\/span><\/a><\/span><\/strong><\/p><p class=\"MsoNormal\" style=\"margin-left: 35.45pt;text-align: justify;text-indent: -35.45pt;line-height: normal\"><span style=\"color: #000000\"><span style=\"font-size: 11.0pt;line-height: 115%;font-family: 'Arial',sans-serif\">Syropoulos, S., Leidner, B., Mercado, E., Li, M., Cros, S., G\u00f3mez, A., Baka, A., <\/span><span style=\"font-size: 11.0pt;line-height: 115%;font-family: 'Arial',sans-serif\">Chekroun<\/span><span style=\"font-size: 11.0pt;line-height: 115%;font-family: 'Arial',sans-serif\">, P., &amp; Rottman, J. (2024). <\/span><\/span><span lang=\"EN-US\" style=\"font-size: 11.0pt;line-height: 115%;font-family: 'Arial',sans-serif\"><span style=\"color: #000000\">How safe are we? Introducing the multidimensional model of perceived personal safety. <i>Personality and Individual Differences<\/i>, 224, 112640<\/span>. <\/span><span style=\"color: #0000ff\"><a style=\"color: #0000ff\" title=\"Persistent link using digital object identifier\" href=\"https:\/\/doi.org\/10.1016\/j.paid.2024.112640\" target=\"_blank\" rel=\"noopener\"><span lang=\"EN-US\" style=\"font-size: 11.0pt;line-height: 115%;font-family: 'Arial',sans-serif\">https:\/\/doi.org\/10.1016\/j.paid.2024.112640<\/span><\/a><\/span><span lang=\"EN-US\" style=\"font-size: 11.0pt;line-height: 115%;font-family: 'Arial',sans-serif\"><span style=\"color: #0000ff\">.<\/span> <\/span><strong><span style=\"color: #800080\"><a style=\"color: #800080\" href=\"https:\/\/blogs.uned.es\/idenfusion\/wp-content\/uploads\/sites\/553\/2024\/09\/Syropoulos2024.-How-Safe-are-we.pdf\" target=\"_blank\" rel=\"noopener\"><span lang=\"EN-US\" style=\"font-size: 11.0pt;line-height: 115%;font-family: 'Arial',sans-serif\">PDF<\/span><\/a><br \/><\/span><\/strong><\/p><p class=\"MsoNormal\" style=\"margin-left: 35.45pt;text-align: justify;text-indent: -35.45pt;line-height: normal\"><span style=\"color: #000000\">V\u00e1zquez, A., Alba, B., Lois, D., Garc\u00eda-Ael, C., &amp; Bustillos, A. (2024). The role of subjective socioeconomic status in predicting academic performance: Exploring the mediating influence of sense of belonging among students in a distance learning university. <\/span><em><span style=\"color: #000000\">The Spanish Journal of Psychology, 27.<\/span> <\/em><span style=\"color: #0000ff\"><a style=\"color: #0000ff\" href=\"https:\/\/doi.org\/10.1017\/SJP.2024.9\">https:\/\/doi.org\/10.1017\/SJP.2024.9<\/a>.<\/span> <strong><span style=\"color: #800080\"><a style=\"color: #800080\" href=\"https:\/\/blogs.uned.es\/idenfusion\/wp-content\/uploads\/sites\/553\/2024\/12\/Vazquez-et-al-2024.-the-role-of-subjective-socioeconomic-status-in-predicting-academic-performance-exploring-the-mediating-influence-of-se.pdf\" target=\"_blank\" rel=\"noopener\">PDF<\/a><\/span><\/strong><\/p><p class=\"MsoNormal\" style=\"margin-left: 35.45pt;text-align: justify;text-indent: -35.45pt;line-height: normal\"><span style=\"color: #000000\">V\u00e1zquez, A., L\u00f3pez-Rodr\u00edguez, L., &amp; Brambilla, M. (2024). Acknowledging that men are moral and harmed by gender stereotypes increases men\u2019s willingness to engage in collective action on behalf of women. <em>Sex Roles, 90<\/em>(3). <span style=\"color: #0000ff\"><a style=\"color: #0000ff\" href=\"https:\/\/doi.org\/10.1007\/s11199-024-01467-9\">https:\/\/doi.org\/10.1007\/s11199-024-01467-9<\/a>. <\/span><strong><span style=\"color: #800080\"><a style=\"color: #800080\" href=\"https:\/\/blogs.uned.es\/idenfusion\/wp-content\/uploads\/sites\/553\/2024\/12\/Vazquez-et-al-2024.-Acknowledging.pdf\">PDF\u00a0<\/a><\/span><\/strong><\/span><\/p><p class=\"MsoNormal\" style=\"margin-left: 35.45pt;text-align: justify;text-indent: -35.45pt;line-height: normal\"><span style=\"color: #000000\">V\u00e1zquez-Flores, E., Navas, M., L\u00f3pez-Rodr\u00edguez, L., &amp; V\u00e1zquez, A. (2024). Minorities in Mexico: Stereotypes, threat, discrimination, and contact toward indigenous Mexicans, US immigrants, and Honduran immigrants. <em>Current Psychology, 43<\/em>(10). <a style=\"color: #000000\" href=\"https:\/\/doi.org\/10.1007\/s12144-023-05059-1\"><span style=\"color: #0000ff\">https:\/\/doi.org\/10.1007\/s12144-023-05059-1<\/span><\/a><span style=\"color: #0000ff\">.<\/span> <strong><span style=\"color: #800080\"><a style=\"color: #800080\" href=\"https:\/\/blogs.uned.es\/idenfusion\/wp-content\/uploads\/sites\/553\/2024\/12\/Vazquez_FLores-et-al-2024_Minorities-in-Mexico.pdf\">PDF\u00a0<\/a><\/span><\/strong><\/span><\/p><p class=\"MsoNormal\" style=\"margin-left: 35.45pt;text-align: justify;text-indent: -35.45pt;line-height: normal\"><span style=\"color: #000000\">Zabala, J., V\u00e1zquez, A., Conejero, S., &amp; Pascual, A. (2024). Exploring the origins of identity fusion: Shared emotional experience activates fusion with the group over time. <em>British Journal of Social Psychology, 63<\/em>(3).<span style=\"color: #0000ff\"><a style=\"color: #0000ff\" href=\"\/doi.org\/10.1111\/bjso.12345\"> https:\/\/doi.org\/10.1111\/bjso.12345<\/a>. <\/span><\/span><span style=\"color: #800080\"><strong><a style=\"color: #800080\" href=\"https:\/\/blogs.uned.es\/idenfusion\/wp-content\/uploads\/sites\/553\/2024\/12\/Zabala-et-al-2024_Exploring-the-origins-of-identity-fusion.pdf\">PDF<\/a><\/strong><\/span><\/p><p class=\"MsoNormal\" style=\"margin-left: 35.45pt;text-align: justify;text-indent: -35.45pt;line-height: normal\"><span lang=\"EN-US\" style=\"color: #000000\">Z\u00fa\u00f1iga, C., Agostini, M., Louis, W. R., Lemay Jr., E. P., B\u00e9langer, J. J., G\u00fctzkow, B.,\u00a0Jeronimus, B. F., Kreienkamp, J., vanDellen, M. R., Abakoumkin, G., Khaiyom, J., H. A., Ahmedi, V.,\u00a0Akkas, H., Almenara, C. A., Atta, M., Bagci, S. C., Basel, S., Berishka Kida, E., Bernardo, A. B. I., &#8230; &amp; Leander, N. P. (2024). Prosociality during COVID-19:\u00a0Pathways through affect, financial stress, well-being, and collective disempowerment across 39 countries. <em>Universitas Psychologica, 23,<\/em> 1-21.<\/span> <a href=\"https:\/\/doi.org\/10.11144\/Javeriana.upsy23.pdcp\" target=\"_blank\" rel=\"noopener\"><span style=\"color: #0000ff\">https:\/\/doi.org\/10.11144\/Javeriana.upsy23.pdcp<\/span><\/a><span style=\"color: #0000ff\">. <span style=\"color: #800080\"><a style=\"color: #800080\" href=\"https:\/\/blogs.uned.es\/idenfusion\/wp-content\/uploads\/sites\/553\/2025\/03\/Zuniga-et-al.-2025_Prosociality-During-COVID-19.pdf\" target=\"_blank\" rel=\"noopener\"><strong>PDF<\/strong><\/a><\/span><\/span><\/p>\t\t\t\t\t\t\t\t<\/div>\n\t\t\t\t<\/div>\n\t\t\t\t\t<\/div>\n\t\t<\/div>\n\t\t\t\t\t<\/div>\n\t\t<\/section>\n\t\t\t\t<section class=\"elementor-section elementor-top-section elementor-element elementor-element-c3ed300 elementor-section-boxed elementor-section-height-default elementor-section-height-default\" data-id=\"c3ed300\" data-element_type=\"section\" data-e-type=\"section\">\n\t\t\t\t\t\t<div class=\"elementor-container elementor-column-gap-default\">\n\t\t\t\t\t<div class=\"elementor-column elementor-col-100 elementor-top-column elementor-element elementor-element-3a8b590\" data-id=\"3a8b590\" data-element_type=\"column\" data-e-type=\"column\">\n\t\t\t<div class=\"elementor-widget-wrap elementor-element-populated\">\n\t\t\t\t\t\t<div class=\"elementor-element elementor-element-eefef4e elementor-widget elementor-widget-menu-anchor\" data-id=\"eefef4e\" data-element_type=\"widget\" data-e-type=\"widget\" data-widget_type=\"menu-anchor.default\">\n\t\t\t\t<div class=\"elementor-widget-container\">\n\t\t\t\t\t\t\t<div class=\"elementor-menu-anchor\" id=\"2023\"><\/div>\n\t\t\t\t\t\t<\/div>\n\t\t\t\t<\/div>\n\t\t\t\t<div class=\"elementor-element elementor-element-2b65788 elementor-widget elementor-widget-heading\" data-id=\"2b65788\" data-element_type=\"widget\" data-e-type=\"widget\" data-widget_type=\"heading.default\">\n\t\t\t\t<div class=\"elementor-widget-container\">\n\t\t\t\t\t<h2 class=\"elementor-heading-title elementor-size-default\">2023<\/h2>\t\t\t\t<\/div>\n\t\t\t\t<\/div>\n\t\t\t\t\t<\/div>\n\t\t<\/div>\n\t\t\t\t\t<\/div>\n\t\t<\/section>\n\t\t\t\t<section class=\"elementor-section elementor-top-section elementor-element elementor-element-557aed2 elementor-section-boxed elementor-section-height-default elementor-section-height-default\" data-id=\"557aed2\" data-element_type=\"section\" data-e-type=\"section\">\n\t\t\t\t\t\t<div class=\"elementor-container elementor-column-gap-default\">\n\t\t\t\t\t<div class=\"elementor-column elementor-col-100 elementor-top-column elementor-element elementor-element-b773f31\" data-id=\"b773f31\" data-element_type=\"column\" data-e-type=\"column\">\n\t\t\t<div class=\"elementor-widget-wrap elementor-element-populated\">\n\t\t\t\t\t\t<div class=\"elementor-element elementor-element-7b8e0c9 elementor-widget elementor-widget-text-editor\" data-id=\"7b8e0c9\" data-element_type=\"widget\" data-e-type=\"widget\" data-widget_type=\"text-editor.default\">\n\t\t\t\t<div class=\"elementor-widget-container\">\n\t\t\t\t\t\t\t\t\t<p style=\"margin-left: 35.45pt;text-align: justify;text-indent: -35.45pt;line-height: normal\"><span style=\"color: #000000\">Abakoumkin, G., Tseliou, E., McCabe, K. O., Lemay Jr., E. P., Stroebe, W., Agostini, M., B\u00e9langer, J. J., G\u00fctzkow, B., Kreienkamp, J., Kutlaca, M., VanDellen, M. R., Abdul Khaiyom, J. H., Ahmedi, V., Akkas, H., Almenara, C. A., Atta, M., Bagci, S. C., Basel, S., Berisha Kida, E., \u2026, &amp; Leander, N. P. (2023). <span lang=\"EN-US\">Conceptual replication and extension of health behavior theories&#8217; predictions in the context of COVID-19: Evidence across countries and over time. <i>Social and Personality Psychology. <\/i><\/span><span style=\"color: #0000ff\"><a style=\"color: #0000ff\" href=\"https:\/\/doi.org\/10.1111\/spc3.12909.\" target=\"_blank\" rel=\"noopener\"><span lang=\"EN-US\">https:\/\/doi.org\/10.1111\/spc3.12909.<\/span><\/a><\/span> <strong><a style=\"color: #000000\" href=\"https:\/\/blogs.uned.es\/idenfusion\/wp-content\/uploads\/sites\/553\/2024\/09\/Abakoumkin-2023_Conceptual-replication-and-extension-of-health-behavior-theories.pdf\" target=\"_blank\" rel=\"noopener\"><span lang=\"EN-US\"><span style=\"color: #800080\">PDF<\/span><\/span><\/a><\/strong><\/span><\/p><p style=\"margin-left: 35.45pt;text-align: justify;text-indent: -35.45pt;line-height: normal\"><span style=\"color: #000000\"><span lang=\"EN-US\">Bain, P., Bongiorno, R., Tinson, K. &amp; Heanue, A., G\u00f3mez, A., Guan, Y., Lebedeva, N., Kashima, E., Gonz\u00e1lez, R., Chen, S., Blumen, S. &amp; Kashima, Y. (2023). Worldviews about change: Their structure and their implications for understanding responses to sustainability, technology, and political change. <i>Asian Journal of Social Psychology<\/i>. <\/span><span style=\"color: #0000ff\"><a style=\"color: #0000ff\" href=\"https:\/\/doi.org\/10.1111\/ajsp.12574\" target=\"_blank\" rel=\"noopener\"><span lang=\"EN-US\">https:\/\/doi.org\/10.1111\/ajsp.12574<\/span><\/a><\/span><span lang=\"EN-US\"><span style=\"color: #0000ff\">.<\/span> <\/span><strong><a style=\"color: #000000\" href=\"https:\/\/blogs.uned.es\/idenfusion\/wp-content\/uploads\/sites\/553\/2024\/09\/Bain-2023_Asian-Journal.pdf\" target=\"_blank\" rel=\"noopener\"><span lang=\"EN-US\"><span style=\"color: #800080\">PDF<\/span>\u00a0<\/span><\/a><\/strong><\/span><\/p><p style=\"margin-left: 35.45pt;text-align: justify;text-indent: -35.45pt;line-height: normal\"><span style=\"color: #000000\"><span lang=\"EN-US\">Chen<\/span><span lang=\"EN-US\">-Xia, X. J., Betancor, V., Rodr\u00edguez-G\u00f3mez, L., &amp; Rodr\u00edguez-P\u00e9rez, A. (2023). Cultural variations in perceptions and reactions to social norm transgressions: a comparative study. <i>Frontiers in Psychology<\/i>, <i>14, <\/i>1243955. <\/span><span style=\"color: #0000ff\"><a style=\"color: #0000ff\" href=\"https:\/\/doi.org\/10.3389%2Ffpsyg.2023.1243955\" target=\"_blank\" rel=\"noopener\"><span lang=\"EN-US\">https:\/\/doi.org\/10.3389%2Ffpsyg.2023.1243955<\/span><\/a><u><span lang=\"EN-US\">.<\/span><\/u><\/span> <span lang=\"EN-US\"><span style=\"color: #800080\"><strong><a style=\"color: #800080\" href=\"https:\/\/blogs.uned.es\/idenfusion\/wp-content\/uploads\/sites\/553\/2024\/09\/Chen-Xia-2023_Cultural-variations.pdf\" target=\"_blank\" rel=\"noopener\">PDF<\/a><\/strong><\/span><\/span><\/span><\/p><p style=\"margin-left: 35.45pt;text-align: justify;text-indent: -35.45pt;line-height: normal\"><span style=\"color: #000000\">Chiclana, S., &amp; G\u00f3mez, \u00c1. (2023). Los delitos de odio desde la perspectiva de la psicolog\u00eda social: La intervenci\u00f3n psicosocial en instituciones penitenciarias. In A. M. Vinagre Gonz\u00e1lez, M. M. Aguilar C\u00e1rceles, y J. E. Soto Castro (Eds.), <em>Delitos de odio: Un abordaje multidisciplinar\u00a0<\/em>(1.\u00aa ed.). J. M. Bosch. <a style=\"color: #000000\" href=\"https:\/\/doi.org\/10.2307\/jj.11786265.9\" target=\"_blank\" rel=\"noopener\"><span style=\"color: #0000ff\">https:\/\/doi.org\/10.2307\/jj.11786265.9.\u00a0<\/span><\/a><\/span><\/p><p style=\"margin-left: 35.45pt;text-align: justify;text-indent: -35.45pt;line-height: normal\"><span style=\"color: #000000\"><span lang=\"EN-US\">Chvaja<\/span><span lang=\"EN-US\">, R., Chinchilla, J., G\u00f3mez, A., &amp; Lang, M. (2023). Religious costly signal induces more trustworthiness than secular costly signal: A study of pilgrimage to Santiago de Compostela. <i>European Journal of Social Psychology<\/i>, 1\u201315. <\/span><span style=\"color: #0000ff\"><a style=\"color: #0000ff\" href=\"https:\/\/doi.org\/10.1002\/ejsp.297\" target=\"_blank\" rel=\"noopener\"><span lang=\"EN-US\">https:\/\/doi.org\/10.1002\/ejsp.297.<\/span><\/a><\/span> <\/span><span style=\"color: #800080\"><strong><a style=\"color: #800080\" title=\"Religious costly signal induces more trustworthiness than secular costly signal: A study of pilgrimage to Santiago de Compostela\" href=\"https:\/\/blogs.uned.es\/idenfusion\/wp-content\/uploads\/sites\/553\/2024\/09\/Chvaja-2023_Religious-costly-signal.pdf\" target=\"_blank\" rel=\"noopener\"><span lang=\"EN-US\">PDF\u00a0<\/span><\/a><\/strong><\/span><\/p><p style=\"margin-left: 35.45pt;text-align: justify;text-indent: -35.45pt;line-height: normal\"><span lang=\"EN-US\" style=\"color: #000000\">Delgado, N., Mattavelli, S., Brambilla, M., Rodr\u00edguez-G\u00f3mez, L., &amp; Harris, L. T. (2023). Humanity at first sight: Exploring the relationship between others&#8217; pupil size and ascriptions of humanity. <i>Journal of Experimental Social Psychology<\/i>, <i>106<\/i>, 104455. <\/span><a title=\"Persistent link using digital object identifier\" href=\"https:\/\/blogs.uned.es\/idenfusion\/wp-content\/uploads\/sites\/553\/2024\/10\/Delgadoetal2023-Pupils.pdf\" target=\"_blank\" rel=\"noopener\"><span lang=\"EN-US\"><span style=\"color: #0000ff\">https:\/\/doi.org\/10.1016\/j.jesp.2023.104455. <\/span><\/span><\/a><strong><span style=\"color: #800080\"><a style=\"color: #800080\" href=\"https:\/\/blogs.uned.es\/idenfusion\/wp-content\/uploads\/sites\/553\/2024\/10\/Delgadoetal2023-Pupils.pdf\" target=\"_blank\" rel=\"noopener\">PDF<\/a><\/span><\/strong><\/p><p style=\"margin-left: 35.45pt;text-align: justify;text-indent: -35.45pt;line-height: normal\"><span style=\"color: #000000\"><span lang=\"EN-US\" style=\"font-size: 11.0pt;line-height: 115%;font-family: 'Arial',sans-serif\">Douglas<\/span><span lang=\"EN-US\" style=\"font-size: 11.0pt;line-height: 115%;font-family: 'Arial',sans-serif\">, K. M., Sutton, R. M., van Lissa, C. J., Stroebe, W., Kreienkamp, J., Agostini, M., B\u00e9langer, J. J., G\u00fctzkow, B., Abakoumkin, G., Khaiyom, J. H. A., Ahmedi, V., Akkas, H., Almenara, C. A., Atta, M., Bagci, S. C., Basel, S., Kida, E. B., Bernardo, A. B. I., Buttrick, N. R., &#8230;, &amp; Leander, N. P. (2023). Identifying important individual and country-level predictors of conspiracy theorizing: A machine learning analysis. <i>European Journal of Social Psychology<\/i>. <\/span><span style=\"color: #0000ff\"><span style=\"font-size: 11.0pt;line-height: 115%;font-family: 'Arial',sans-serif\"><a style=\"color: #0000ff\" href=\"https:\/\/doi.org\/10.1002\/ejsp.2968\" target=\"_blank\" rel=\"noopener\"><span lang=\"EN-US\">https:\/\/doi.org\/10.1002\/ejsp.2968<\/span><\/a><\/span><span lang=\"EN-US\" style=\"font-size: 11.0pt;line-height: 115%;font-family: 'Arial',sans-serif\">. <\/span><\/span><strong><span style=\"font-size: 11pt;line-height: 115%;font-family: 'Arial', sans-serif;color: #800080\"><a style=\"color: #800080\" href=\"https:\/\/blogs.uned.es\/idenfusion\/wp-content\/uploads\/sites\/553\/2024\/09\/Douglas-2023_Identifying.pdf\" target=\"_blank\" rel=\"noopener\"><span lang=\"EN-US\">PDF\u00a0<\/span><\/a><\/span><\/strong><\/span><\/p><p style=\"margin-left: 35.45pt;text-align: justify;text-indent: -35.45pt;line-height: normal\"><span style=\"color: #000000\"><span lang=\"EN-US\" style=\"font-size: 11.0pt;line-height: 115%;font-family: 'Arial',sans-serif\">G\u00f3mez<\/span><span lang=\"EN-US\" style=\"font-size: 11.0pt;line-height: 115%;font-family: 'Arial',sans-serif\">, A., Blanco, L., et al. <\/span><span style=\"font-size: 11.0pt;line-height: 115%;font-family: 'Arial',sans-serif\">(2023). Proyecto de investigaci\u00f3n sobre procesos de radicalizaci\u00f3n violenta. Fase II. <i>Documentos penitenciarios, 34. <\/i>Ministerio del Interior, Secretar\u00eda General T\u00e9cnica. <\/span><span style=\"color: #800080\"><strong><span style=\"font-size: 11.0pt;line-height: 115%;font-family: 'Arial',sans-serif\"><a style=\"color: #800080\" title=\"Proyecto de investigaci\u00c3\u0083\u00c2\u0083\u00c3\u0082\u00c2\u0083\u00c3\u0083\u00c2\u0082\u00c3\u0082\u00c2\u00b3n sobre procesos de radicalizaci\u00c3\u0083\u00c2\u0083\u00c3\u0082\u00c2\u0083\u00c3\u0083\u00c2\u0082\u00c3\u0082\u00c2\u00b3n violenta\" href=\"https:\/\/blogs.uned.es\/idenfusion\/wp-content\/uploads\/sites\/553\/2024\/09\/Gomez2023_Proyecto_de_investigacion_sobre_procesos_de_radicalizacion_violenta_FaseII_DP34_126231196.pdf\" target=\"_blank\" rel=\"noopener\"><span lang=\"EN-US\">PDF\u00a0<\/span><\/a><\/span><\/strong><\/span><\/span><\/p><p style=\"margin-left: 35.45pt;text-align: justify;text-indent: -35.45pt;line-height: normal\"><span style=\"color: #000000\"><span lang=\"EN-US\" style=\"font-size: 11.0pt;line-height: 115%;font-family: 'Arial',sans-serif\">G\u00f3mez<\/span><span lang=\"EN-US\" style=\"font-size: 11.0pt;line-height: 115%;font-family: 'Arial',sans-serif\">, A., V\u00e1zquez, A. &amp; Atran, S. (2023). Transcultural pathways to the will to fight. <\/span><i><span style=\"font-size: 11.0pt;line-height: 115%;font-family: 'Arial',sans-serif\">PNAS, 120<\/span><\/i><span style=\"font-size: 11.0pt;line-height: 115%;font-family: 'Arial',sans-serif\">(24):e2303614120. <\/span><span style=\"font-size: 11.0pt;line-height: 115%;font-family: 'Arial',sans-serif\"><a style=\"color: #000000\" href=\"https:\/\/doi.org\/10.1073\/pnas.2303614120\" target=\"_blank\" rel=\"noopener\"><span style=\"color: #0000ff\">https:\/\/doi.org\/10.1073\/pnas.2303614120<\/span><\/a><\/span><span style=\"font-size: 11pt;line-height: 115%;font-family: 'Arial', sans-serif;color: #0000ff\">. <\/span><strong><span style=\"font-size: 11pt;line-height: 115%;font-family: 'Arial', sans-serif;color: #800080\"><a style=\"color: #800080\" href=\"https:\/\/blogs.uned.es\/idenfusion\/wp-content\/uploads\/sites\/553\/2024\/10\/Gomez_PNAS2023.pdf\" target=\"_blank\" rel=\"noopener\">PDF\u00a0<\/a><\/span><\/strong><\/span><\/p><p style=\"margin-left: 35.45pt;text-align: justify;text-indent: -35.45pt;line-height: normal\"><span style=\"color: #000000\"><span style=\"font-size: 11.0pt;line-height: 115%;font-family: 'Arial',sans-serif\">G\u00f3mez<\/span><span style=\"font-size: 11.0pt;line-height: 115%;font-family: 'Arial',sans-serif\">, \u00c1., V\u00e1zquez, A., Chinchilla, J., Blanco, L., Alba, B., Chiclana, S., &amp; Gonz\u00e1lez-\u00c1lvarez, J. L. (2023). <\/span><span lang=\"EN-US\" style=\"font-size: 11.0pt;line-height: 115%;font-family: 'Arial',sans-serif\">Why is it so difficult to investigate violent radicalization? <i>The Spanish Journal of Psychology<\/i>, 26, e7. <\/span><span style=\"font-size: 11.0pt;line-height: 115%;font-family: 'Arial',sans-serif\"><a style=\"color: #000000\" href=\"https:\/\/doi.org\/10.1017\/SJP.2023.2\" target=\"_blank\" rel=\"noopener\"><span style=\"color: #0000ff\">https:\/\/doi.org\/10.1017\/SJP.2023.2<\/span><\/a><\/span><span style=\"font-size: 11pt;line-height: 115%;font-family: 'Arial', sans-serif;color: #0000ff\">. <\/span><strong><span style=\"font-size: 11pt;line-height: 115%;font-family: 'Arial', sans-serif;color: #800080\"><a style=\"color: #800080\" href=\"https:\/\/blogs.uned.es\/idenfusion\/wp-content\/uploads\/sites\/553\/2024\/09\/Gomez-et-al.2023_Why-is-it-so-difficult.pdf\" target=\"_blank\" rel=\"noopener\">PDF\u00a0<\/a><\/span><\/strong><\/span><\/p><p style=\"margin-left: 35.45pt;text-align: justify;text-indent: -35.45pt;line-height: normal\"><span style=\"color: #000000\"><span style=\"font-size: 11.0pt;line-height: 115%;font-family: 'Arial',sans-serif\">Kirkland<\/span><span style=\"font-size: 11.0pt;line-height: 115%;font-family: 'Arial',sans-serif\">, K., van Lange, P., Gorenz, A., Blake, K., Amiot, C., Ausmees, L., Baguma, P., Barry, O., Becker, M., Bilewicz, M., Boonyasiriwat, W., Booth, R.W., Castelain, T., Constantini, G., Dimdins, G., Espinosa, A., Finchilescu, G., Fischer, R., Friese, M., \u2026, &amp; Bastian, B. (2023). <\/span><span lang=\"EN-US\" style=\"font-size: 11.0pt;line-height: 115%;font-family: 'Arial',sans-serif\">High economic inequality is linked to moralistic thinking. Social Psychological and Personality Science. <\/span><span style=\"font-size: 11pt;line-height: 115%;font-family: 'Arial', sans-serif;color: #0000ff\"><a style=\"color: #0000ff\" href=\"https:\/\/doi.org\/10.31234\/osf.io\/5dnt8\" target=\"_blank\" rel=\"noopener\">https:\/\/doi.org\/10.31234\/osf.io\/5dnt8<\/a><\/span><span style=\"font-size: 11.0pt;line-height: 115%;font-family: 'Arial',sans-serif\">. <\/span><span style=\"color: #800080\"><strong><span style=\"font-size: 11pt;line-height: 115%;font-family: 'Arial', sans-serif\"><a style=\"color: #800080\" href=\"https:\/\/blogs.uned.es\/idenfusion\/wp-content\/uploads\/sites\/553\/2024\/09\/Kirkland-2024_High-economic-inequality-is-linked-to-greater-moralization-1.pdf\" target=\"_blank\" rel=\"noopener\">PDF\u00a0<\/a><\/span><\/strong><\/span><\/span><\/p><p style=\"margin-left: 35.45pt;text-align: justify;text-indent: -35.45pt;line-height: normal\"><span style=\"color: #000000\"><span lang=\"EN-US\" style=\"font-size: 11.0pt;font-family: 'Arial',sans-serif\">McLamore, Q., Syropoulos, B., Hirschberger, G., van Bezouw, M.J., Rovenpor, D., Paladino, M.P., Baumert, A., Bilewicz, M., Bilgen, A., Chatard, A., Chekroun, P., Chinchilla, J., Choi, H.S., Euh, H., G\u00f3mez, \u00c1., Kardos, P., Khoo, Y.H., Li, M., L\u00e9gal, J.-B., \u2026, &amp; Zein, R.A. (2023). The distinct associations of ingroup attachment and glorification with responses to the coronavirus pandemic: Evidence from a multilevel investigation in 21 countries. <i>British Journal of Social Psychology 62<\/i>(2). <\/span><span style=\"color: #0000ff\"><span style=\"font-size: 11.0pt;font-family: 'Arial',sans-serif\"><a style=\"color: #0000ff\" href=\"https:\/\/doi.org\/10.1111\/bjso.12614\" target=\"_blank\" rel=\"noopener\"><span lang=\"EN-US\">https:\/\/doi.org\/10.1111\/bjso.12614<\/span><\/a><\/span><span lang=\"EN-US\" style=\"font-size: 11.0pt;font-family: 'Arial',sans-serif\">. <\/span><\/span><span style=\"color: #800080\"><strong><span style=\"font-size: 11pt;font-family: 'Arial', sans-serif\"><a style=\"color: #800080\" href=\"https:\/\/blogs.uned.es\/idenfusion\/wp-content\/uploads\/sites\/553\/2024\/09\/McLamore-et-al.-2023.pdf\" target=\"_blank\" rel=\"noopener\"><span lang=\"EN-US\">PDF<\/span><\/a><\/span><\/strong><\/span><\/span><\/p><p style=\"margin-left: 35.45pt;text-indent: -35.45pt;line-height: normal;text-align: left\"><span style=\"color: #000000\">Sainz, M., &amp; V\u00e1zquez, A. (2023). Not all ballots should be considered equal: How education-based dehumanization undermines the democratic social contract. <em>Britis<\/em><em>h Journal of Social Psychology, 63<\/em>(2)<\/span>. <span style=\"color: #0000ff\"><a style=\"color: #0000ff\" href=\"https:\/\/doi.org\/10.1111\/bjso.12344\">https:\/\/doi.org\/10.1111\/bjso.12344<\/a>.<\/span> <strong><span style=\"color: #800080\"><a style=\"color: #800080\" href=\"https:\/\/blogs.uned.es\/idenfusion\/wp-content\/uploads\/sites\/553\/2024\/12\/Sainz_Vazquez-2023-Ballots.pdf\" target=\"_blank\" rel=\"noopener\">PDF<\/a><\/span><\/strong><\/p><p style=\"margin-left: 35.45pt;text-align: justify;text-indent: -35.45pt;line-height: normal\"><span style=\"color: #000000\"><span style=\"font-size: 11.0pt;font-family: 'Arial',sans-serif\">Serrano-Montilla, C., Lozano, L. M., Alonso-Ferres, M., Valor-Segura, I., &amp; Padilla, J.L. (2023). <\/span><span lang=\"EN-US\" style=\"font-size: 11.0pt;font-family: 'Arial',sans-serif\">Understanding the components and determinants of police attitudes toward intervention in intimate partner violence against women: A systematic review. <\/span><i><span style=\"font-size: 11.0pt;font-family: 'Arial',sans-serif\">Trauma, Violence, &amp; Abuse, 24<\/span><\/i><span style=\"font-size: 11.0pt;font-family: 'Arial',sans-serif\">(1), 245\u2013260. <\/span><span style=\"font-size: 11.0pt;font-family: 'Arial',sans-serif\"><a style=\"color: #000000\" href=\"https:\/\/doi.org\/10.1177\/15248380211029398\" target=\"_blank\" rel=\"noopener\"><span style=\"color: #0000ff\">https:\/\/doi.org\/10.1177\/15248380211029398.<\/span><\/a><\/span> <span style=\"color: #800080\"><strong><span style=\"font-size: 11pt;font-family: 'Arial', sans-serif\"><a style=\"color: #800080\" title=\"Understanding the components and determinants of police attitudes toward intervention in intimate partner violence against women: A systematic review\" href=\"https:\/\/blogs.uned.es\/idenfusion\/wp-content\/uploads\/sites\/553\/2024\/09\/Serrano-Montilla-et-al._2023_Trauma-Violence-Abuse.pdf\" target=\"_blank\" rel=\"noopener\">PDF<\/a><\/span><\/strong><\/span><\/span><\/p><p style=\"margin-left: 35.45pt;text-align: justify;text-indent: -35.45pt;line-height: normal\"><span style=\"color: #000000\"><span style=\"font-size: 11.0pt;font-family: 'Arial',sans-serif\">Suarez-Martinez, A., M\u00e9ndez-Lorenzo, R. C., P\u00e9rez-Ram\u00edrez, M. &amp; Chiclana, S. (2023). El odio y la violencia hacia el exogrupo. An\u00e1lisis psicosocial de una muestra de personas condenadas por delitos de odio. <i>Anuario de Psicolog\u00eda Jur\u00eddica, 33,<\/i> 125- 133. <\/span><span style=\"font-size: 11pt;font-family: 'Arial', sans-serif;color: #0000ff\"><a style=\"color: #0000ff\" href=\"https:\/\/doi.org\/10.5093\/apj2023a4\" target=\"_blank\" rel=\"noopener\">https:\/\/doi.org\/10.5093\/apj2023a4<\/a><\/span><span style=\"font-size: 11.0pt;font-family: 'Arial',sans-serif\"><span style=\"color: #0000ff\">.<\/span> <\/span><span style=\"font-size: 11pt;font-family: 'Arial', sans-serif;color: #800080\"><a style=\"color: #800080\" title=\"El odio y la violencia hacia el exogrupo. Ann de los medios\" href=\"https:\/\/blogs.uned.es\/idenfusion\/wp-content\/uploads\/sites\/553\/2024\/09\/Suarez-Martinezatal_2023HateCrimes.pdf\" target=\"_blank\" rel=\"noopener\"><span style=\"color: #800080\"><strong>PDF<\/strong><\/span><\/a><\/span><\/span><\/p><p style=\"margin-left: 35.45pt;text-align: justify;text-indent: -35.45pt;line-height: normal\"><span style=\"color: #000000\"><span style=\"font-size: 11.0pt;font-family: 'Arial',sans-serif\">Varmann, A. H., Kruse, L., Bierwiaczonek, K., G\u00f3mez, A., V\u00e1zquez, A., &amp; Kunst, J. R. (2023). <\/span><span lang=\"EN-US\" style=\"font-size: 11.0pt;font-family: 'Arial',sans-serif\">How Identity Fusion Predicts Extreme Pro-Group Orientations: A Meta-Analysis. <i>European Review of Social Psychology.<\/i> <a href=\"https:\/\/doi.org\/10.1080\/10463283.2023.2190267.\" target=\"_blank\" rel=\"noopener\"><span style=\"color: #0000ff\">https:\/\/doi.org\/10.1080\/10463283.2023.2190267. <\/span><\/a><\/span><span style=\"color: #800080\"><strong><span style=\"font-size: 11pt;font-family: 'Arial', sans-serif\"><a style=\"color: #800080\" href=\"https:\/\/blogs.uned.es\/idenfusion\/wp-content\/uploads\/sites\/553\/2024\/09\/Varmann-et-al.-2023_How-identity-fusion.pdf\" target=\"_blank\" rel=\"noopener\"><span lang=\"EN-US\">PDF<\/span><\/a><\/span><\/strong><\/span><\/span><\/p><p style=\"margin-left: 35.45pt;text-align: justify;text-indent: -35.45pt;line-height: normal\"><span style=\"color: #000000\"><span lang=\"EN-US\" style=\"font-size: 11.0pt;font-family: 'Arial',sans-serif\">V\u00e1zquez, A., Dovidio, J. F., &amp; G\u00f3mez, \u00c1. (2023). Does the union always make the force? Group status and recategorization influence the perceived physical formidability of potential coalition groups. <em>British Journal of Social Psychology<\/em>. <\/span><span style=\"font-size: 11pt;font-family: 'Arial', sans-serif;color: #0000ff\"><a style=\"color: #0000ff\" href=\"https:\/\/doi.org\/10.1111\/bjso.12668\" target=\"_blank\" rel=\"noopener\"><span lang=\"EN-US\">https:\/\/doi.org\/10.1111\/bjso.12668<\/span><\/a><\/span><span lang=\"EN-US\" style=\"font-size: 11.0pt;font-family: 'Arial',sans-serif\"><span style=\"color: #0000ff\">.<\/span> <span style=\"color: #800080\"><strong><a style=\"color: #800080\" href=\"https:\/\/blogs.uned.es\/idenfusion\/wp-content\/uploads\/sites\/553\/2024\/09\/Vazquez2023_Does-the-union.pdf\" target=\"_blank\" rel=\"noopener\">PDF<\/a><\/strong><\/span><\/span><\/span><\/p><p style=\"margin-left: 35.45pt;text-align: justify;text-indent: -35.45pt;line-height: normal\"><span style=\"color: #000000\"><span lang=\"EN-US\" style=\"font-size: 11.0pt;font-family: 'Arial',sans-serif\">V\u00e1zquez, A., G\u00f3mez, \u00c1., L\u00f3pez-Rodr\u00edguez, L. &amp; Swann, W. B. (2023). Can identity fusion foster social harmony? Strongly fused individuals embrace familiar outgroup members unless threatened. <i>Journal of Experimental Social Psychology 107,<\/i> 104462. <\/span><span style=\"font-size: 11.0pt;font-family: 'Arial',sans-serif\"><a style=\"color: #000000\" href=\"https:\/\/doi.org\/10.1016\/j.jesp.2023.104462\" target=\"_blank\" rel=\"noopener\"><span lang=\"EN-US\"><span style=\"color: #0000ff\">https:\/\/doi.org\/10.1016\/j.jesp.2023.104462<\/span><\/span><\/a><\/span><span lang=\"EN-US\" style=\"font-size: 11pt;font-family: 'Arial', sans-serif;color: #0000ff\">. <\/span><span style=\"font-size: 11.0pt;font-family: 'Arial',sans-serif\"><span style=\"color: #800080\"><strong><a style=\"color: #800080\" title=\"Can identity fusion foster social harmony?\" href=\"https:\/\/blogs.uned.es\/idenfusion\/wp-content\/uploads\/sites\/553\/2024\/09\/Vazquez-et-al-2023_Can-identity-fusion.pdf\" target=\"_blank\" rel=\"noopener\"><span lang=\"EN-US\">PDF<\/span><\/a><\/strong><\/span><br \/><\/span><\/span><\/p><p style=\"margin-left: 35.45pt;text-align: justify;text-indent: -35.45pt;line-height: normal\"><span lang=\"EN-US\" style=\"font-size: 11.0pt;line-height: 115%;font-family: 'Arial',sans-serif\"><span style=\"color: #000000\">Westgate, E., Buttrick, N., Lin, Y., El Helou, G., Agostini, M., Belanger, J., Gutzkow, B., \u2026 &amp; Leander, N. P. (2023). Pandemic boredom: Little evidence that lockdown-related boredom affects risky public health behaviors across 116 countries. <\/span><\/span><span style=\"color: #000000\"><i><span style=\"font-size: 11.0pt;line-height: 115%;font-family: 'Arial',sans-serif\">Emotion. <\/span><\/i><span style=\"font-size: 11pt;line-height: 115%;font-family: 'Arial', sans-serif;color: #0000ff\"><a style=\"color: #0000ff\" href=\"https:\/\/doi.org\/10.1037\/emo0001118\" target=\"_blank\" rel=\"noopener\">https:\/\/doi.org\/10.1037\/emo0001118<\/a><\/span><span style=\"font-size: 11.0pt;line-height: 115%;font-family: 'Arial',sans-serif\"><span style=\"color: #0000ff\">.<\/span> <\/span><span style=\"color: #800080\"><strong><span style=\"font-size: 11pt;line-height: 115%;font-family: 'Arial', sans-serif\"><a style=\"color: #800080\" href=\"https:\/\/blogs.uned.es\/idenfusion\/wp-content\/uploads\/sites\/553\/2024\/09\/Westgate_pandemic-boredom_2023.pdf\" target=\"_blank\" rel=\"noopener\">PDF<\/a><\/span><\/strong><\/span><\/span><\/p>\t\t\t\t\t\t\t\t<\/div>\n\t\t\t\t<\/div>\n\t\t\t\t\t<\/div>\n\t\t<\/div>\n\t\t\t\t\t<\/div>\n\t\t<\/section>\n\t\t\t\t<section class=\"elementor-section elementor-top-section elementor-element elementor-element-0d6efe1 elementor-section-boxed elementor-section-height-default elementor-section-height-default\" data-id=\"0d6efe1\" data-element_type=\"section\" data-e-type=\"section\">\n\t\t\t\t\t\t<div class=\"elementor-container elementor-column-gap-default\">\n\t\t\t\t\t<div class=\"elementor-column elementor-col-100 elementor-top-column elementor-element elementor-element-8a3c258\" data-id=\"8a3c258\" data-element_type=\"column\" data-e-type=\"column\">\n\t\t\t<div class=\"elementor-widget-wrap elementor-element-populated\">\n\t\t\t\t\t\t<div class=\"elementor-element elementor-element-158b162 elementor-widget elementor-widget-menu-anchor\" data-id=\"158b162\" data-element_type=\"widget\" data-e-type=\"widget\" data-widget_type=\"menu-anchor.default\">\n\t\t\t\t<div class=\"elementor-widget-container\">\n\t\t\t\t\t\t\t<div class=\"elementor-menu-anchor\" id=\"2022\"><\/div>\n\t\t\t\t\t\t<\/div>\n\t\t\t\t<\/div>\n\t\t\t\t<div class=\"elementor-element elementor-element-b6aac19 elementor-widget elementor-widget-heading\" data-id=\"b6aac19\" data-element_type=\"widget\" data-e-type=\"widget\" data-widget_type=\"heading.default\">\n\t\t\t\t<div class=\"elementor-widget-container\">\n\t\t\t\t\t<h2 class=\"elementor-heading-title elementor-size-default\">2022<\/h2>\t\t\t\t<\/div>\n\t\t\t\t<\/div>\n\t\t\t\t\t<\/div>\n\t\t<\/div>\n\t\t\t\t\t<\/div>\n\t\t<\/section>\n\t\t\t\t<section class=\"elementor-section elementor-top-section elementor-element elementor-element-aa2fd7f elementor-section-boxed elementor-section-height-default elementor-section-height-default\" data-id=\"aa2fd7f\" data-element_type=\"section\" data-e-type=\"section\">\n\t\t\t\t\t\t<div class=\"elementor-container elementor-column-gap-default\">\n\t\t\t\t\t<div class=\"elementor-column elementor-col-100 elementor-top-column elementor-element elementor-element-8ec5328\" data-id=\"8ec5328\" data-element_type=\"column\" data-e-type=\"column\">\n\t\t\t<div class=\"elementor-widget-wrap elementor-element-populated\">\n\t\t\t\t\t\t<div class=\"elementor-element elementor-element-0997f58 elementor-widget elementor-widget-text-editor\" data-id=\"0997f58\" data-element_type=\"widget\" data-e-type=\"widget\" data-widget_type=\"text-editor.default\">\n\t\t\t\t<div class=\"elementor-widget-container\">\n\t\t\t\t\t\t\t\t\t<p style=\"margin-left: 35.45pt;text-align: justify;text-indent: -35.45pt;line-height: normal\"><span style=\"color: #000000\"><span lang=\"EN-US\" style=\"font-size: 11.0pt;font-family: 'Arial',sans-serif\">Alonso<\/span><span style=\"font-size: 11.0pt;font-family: 'Arial',sans-serif\">-Ferres, M., Serrano-Montilla, C., Valor-Segura, I., &amp; Exp\u00f3sito. <\/span><span lang=\"EN-US\" style=\"font-size: 11.0pt;font-family: 'Arial',sans-serif\">F. (2022). The Spanish Adaptation of the Relationship Power Inventory. <em><span style=\"font-family: 'Arial',sans-serif\">Current psychology.<\/span><\/em> <\/span><span style=\"font-size: 11.0pt;font-family: 'Arial',sans-serif\"><span style=\"color: #0000ff\"><a style=\"color: #0000ff\" href=\"https:\/\/doi.org\/10.1007\/s12144-022-03072-4\" target=\"_blank\" rel=\"noopener\">https:\/\/doi.org\/10.1007\/s12144-022-03072-4.<\/a> <\/span><a style=\"color: #000000\" title=\"The Spanish Adaptation of the Relationship Power Inventory\" href=\"https:\/\/blogs.uned.es\/idenfusion\/wp-content\/uploads\/sites\/553\/2024\/09\/Alonso-Ferrer-et-al._2022_Current-psychology.pdf\" target=\"_blank\" rel=\"noopener\"><strong><span style=\"color: #800080\">PDF<\/span><\/strong><\/a><\/span><\/span><\/p><p style=\"margin-left: 35.45pt;text-align: justify;text-indent: -35.45pt;line-height: normal\"><span style=\"color: #000000\"><span style=\"font-size: 11.0pt;font-family: 'Arial',sans-serif\">Carrasco-S\u00e1nchez, N., Bar\u00f3n-Picazo, I., L\u00f3pez-Ossorio, J.J., Mu\u00f1oz-Vicente, J.M., &amp; D\u00edaz-Rom\u00e1n, A. (2022). Caracter\u00edsticas de los varones filicidas de menores de edad: una revisi\u00f3n sistem\u00e1tica. <em><span style=\"font-family: 'Arial',sans-serif\">Anuario de Psicolog\u00eda Jur\u00eddica, 33, <\/span><\/em>41-48.<span style=\"color: #0000ff\"> <a style=\"color: #0000ff\" href=\"https:\/\/doi.org\/10.5093\/apj2022a5\" target=\"_blank\" rel=\"noopener\">https:\/\/doi.org\/10.5093\/apj2022a5.<\/a>\u00a0<\/span><\/span><strong><span style=\"color: #800080\"><span style=\"font-size: 11.0pt;font-family: 'Arial',sans-serif\"><a style=\"color: #800080\" title=\"Caracter\u00c3\u0083\u00c2\u0083\u00c3\u0082\u00c2\u0083\u00c3\u0083\u00c2\u0082\u00c3\u0082\u00c2\u0083\u00c3\u0083\u00c2\u0083\u00c3\u0082\u00c2\u0082\u00c3\u0083\u00c2\u0082\u00c3\u0082\u00c2\u0083\u00c3\u0083\u00c2\u0083\u00c3\u0082\u00c2\u0083\u00c3\u0083\u00c2\u0082\u00c3\u0082\u00c2\u0082\u00c3\u0083\u00c2\u0083\u00c3\u0082\u00c2\u0082\u00c3\u0083\u00c2\u0082\u00c3\u0082\u00c2\u0083\u00c3\u0083\u00c2\u0083\u00c3\u0082\u00c2\u0083\u00c3\u0083\u00c2\u0082\u00c3\u0082\u00c2\u0083\u00c3\u0083\u00c2\u0083\u00c3\u0082\u00c2\u0082\u00c3\u0083\u00c2\u0082\u00c3\u0082\u00c2\u0082\u00c3\u0083\u00c2\u0083\u00c3\u0082\u00c2\u0083\u00c3\u0083\u00c2\u0082\u00c3\u0082\u00c2\u0082\u00c3\u0083\u00c2\u0083\u00c3\u0082\u00c2\u0082\u00c3\u0083\u00c2\u0082\u00c3\u0082\u00c2\u0083\u00c3\u0083\u00c2\u0083\u00c3\u0082\u00c2\u0083\u00c3\u0083\u00c2\u0082\u00c3\u0082\u00c2\u0083\u00c3\u0083\u00c2\u0083\u00c3\u0082\u00c2\u0082\u00c3\u0083\u00c2\u0082\u00c3\u0082\u00c2\u0083\u00c3\u0083\u00c2\u0083\u00c3\u0082\u00c2\u0083\u00c3\u0083\u00c2\u0082\u00c3\u0082\u00c2\u0082\u00c3\u0083\u00c2\u0083\u00c3\u0082\u00c2\u0082\u00c3\u0083\u00c2\u0082\u00c3\u0082\u00c2\u0082\u00c3\u0083\u00c2\u0083\u00c3\u0082\u00c2\u0083\u00c3\u0083\u00c2\u0082\u00c3\u0082\u00c2\u0083\u00c3\u0083\u00c2\u0083\u00c3\u0082\u00c2\u0082\u00c3\u0083\u00c2\u0082\u00c3\u0082\u00c2\u0082\u00c3\u0083\u00c2\u0083\u00c3\u0082\u00c2\u0083\u00c3\u0083\u00c2\u0082\u00c3\u0082\u00c2\u0082\u00c3\u0083\u00c2\u0083\u00c3\u0082\u00c2\" href=\"https:\/\/blogs.uned.es\/idenfusion\/wp-content\/uploads\/sites\/553\/2024\/09\/Carrasco-Baron-2022_Caracteristicas-de-los-Varones-Filicidas-de-Menores-de-Edad.pdf\" target=\"_blank\" rel=\"noopener\">PDF<\/a><\/span><\/span><\/strong><\/span><\/p><p style=\"margin-left: 35.45pt;text-align: justify;text-indent: -35.45pt;line-height: normal\"><span style=\"color: #000000\"><span style=\"font-size: 11.0pt;font-family: 'Arial',sans-serif\">Celikkol, G., M\u00e4h\u00f6nen, T., Sortheix, F., Jasinskaja-Lahti, I., Jetten, J., Ariyanto, A., Autin, F., Ayub, N., Badea, C., Besta, T., Butera, F., Costa-Lopes, R., Cui, L., Carole, F., Finchilescu, G., Gaertner, L., Gollwitzer, M., G\u00f3mez, \u00c1., Gonzalez, R., \u2026 <\/span><span lang=\"EN-US\" style=\"font-size: 11.0pt;font-family: 'Arial',sans-serif\">&amp; Wohl, M. (2022). Individual, Group, and Temporal Perspectives on the Link between Wealth and Realistic Threat. <em><span style=\"font-family: 'Arial',sans-serif\">Current Research in Ecological and Social Psychology,<\/span><\/em> <em><span style=\"font-family: 'Arial',sans-serif\">3. <\/span><\/em><\/span><span style=\"font-size: 11pt;font-family: 'Arial', sans-serif;color: #0000ff\"><a style=\"color: #0000ff\" href=\"https:\/\/doi.org\/10.1016\/j.cresp.2022.100054\" target=\"_blank\" rel=\"noopener\"><span lang=\"EN-US\">https:\/\/doi.org\/10.1016\/j.cresp.2022.100054<\/span><\/a><\/span><span lang=\"EN-US\" style=\"font-size: 11.0pt;font-family: 'Arial',sans-serif\"><span style=\"color: #0000ff\">.<\/span> <\/span><strong><span style=\"color: #800080\"><span style=\"font-size: 11.0pt;font-family: 'Arial',sans-serif\"><a style=\"color: #800080\" title=\"Individual, Group, and Temporal Perspectives on the Link between Wealth and Realistic Threat\" href=\"https:\/\/blogs.uned.es\/idenfusion\/wp-content\/uploads\/sites\/553\/2025\/02\/Celikkol-et-al.-2022.pdf\" target=\"_blank\" rel=\"noopener\">PDF<\/a><\/span><\/span><\/strong><\/span><\/p><p style=\"margin-left: 35.45pt;text-align: justify;text-indent: -35.45pt;line-height: normal\"><span style=\"color: #000000\"><span lang=\"EN-US\" style=\"font-size: 11.0pt;font-family: 'Arial',sans-serif\">Chinchilla, J., V\u00e1zquez, A. &amp; G\u00f3mez, \u00c1. (2022). Strongly fused individuals feel viscerally responsible to self-sacrifice. <em><span style=\"font-family: 'Arial',sans-serif\">British Journal of Social Psychology<\/span><\/em>. https:\/\/doi.org\/<span class=\"identifier doi\"><a class=\"id-link\" href=\"https:\/\/doi.org\/10.1111\/bjso.12526\" target=\"_blank\" rel=\"noopener\" data-ga-category=\"full_text\" data-ga-action=\"DOI\">10.1111\/bjso.12526 <\/a><\/span> <\/span><span style=\"color: #800080\"><strong><span style=\"font-size: 11.0pt;font-family: 'Arial',sans-serif\"><a style=\"color: #800080\" href=\"https:\/\/blogs.uned.es\/idenfusion\/wp-content\/uploads\/sites\/553\/2024\/09\/Chinchilla2022-Strongly-fused-individuals-feel-viscerally-responsible-to-self\u2010sacrifice.pdf\" target=\"_blank\" rel=\"noopener\"><span lang=\"EN-US\">PDF<\/span><\/a><\/span><\/strong><\/span><\/span><\/p><p style=\"margin-left: 35.45pt;text-align: justify;text-indent: -35.45pt;line-height: normal\"><span style=\"color: #000000\"><span lang=\"EN-US\" style=\"font-size: 11.0pt;font-family: 'Arial',sans-serif\">Constantin<\/span><span style=\"font-size: 11.0pt;font-family: 'Arial',sans-serif\">, A., Cuadrado, I. &amp; L\u00f3pez-Rodr\u00edguez, L. (2022). <\/span><span lang=\"EN-US\" style=\"font-size: 11.0pt;font-family: 'Arial',sans-serif\">The Effect of the Valence of Imagined Contact with Immigrants onAdolescents\u2019 Stereotype Content: The Importance of Perceived Typicality. <\/span><em><span style=\"font-size: 11.0pt;font-family: 'Arial',sans-serif\">Anales de Psicolog\u00eda, 38, <\/span><\/em><span style=\"font-size: 11.0pt;font-family: 'Arial',sans-serif\">316-326. <a style=\"color: #000000\" href=\"https:\/\/doi.org\/10.6018\/analesps.439041\" target=\"_blank\" rel=\"noopener\"><span style=\"color: #0000ff\">https:\/\/doi.org\/10.6018\/analesps.439041<\/span><\/a><span style=\"color: #0000ff\">. <\/span><\/span><strong><span style=\"color: #800080\"><span style=\"font-size: 11.0pt;font-family: 'Arial',sans-serif\"><a style=\"color: #800080\" title=\"El efecto de la valencia del contacto imaginado con inmigrantes sobre el contenido de los estereotipos de los adolescentes: la importancia de la tipicidad percibida. Anales de Psicolog\u00c3\u0083\u00c2\u0083\u00c3\u0082\u00c2\u0083\u00c3\u0083\u00c2\u0082\u00c3\u0082\u00c2\u0083\u00c3\u0083\u00c2\u0083\u00c3\u0082\u00c2\u0082\u00c3\u0083\u00c2\u0082\u00c3\u0082\u00c2\u0083\u00c3\u0083\u00c2\u0083\u00c3\u0082\u00c2\u0083\u00c3\u0083\u00c2\u0082\u00c3\u0082\u00c2\u0082\u00c3\u0083\u00c2\u0083\u00c3\u0082\u00c2\u0082\u00c3\u0083\u00c2\u0082\u00c3\u0082\u00c2\u0083\u00c3\u0083\u00c2\u0083\u00c3\u0082\u00c2\" href=\"https:\/\/blogs.uned.es\/idenfusion\/wp-content\/uploads\/sites\/553\/2024\/09\/Constantin-Cuadrado-Lopez-Rodriguez-2022-Effect-of-Valence.pdf\" target=\"_blank\" rel=\"noopener\">PDF<\/a><\/span><\/span><\/strong><\/span><\/p><p style=\"margin-left: 35.45pt;text-align: justify;text-indent: -35.45pt;line-height: normal\"><span style=\"color: #000000\">Dejonckheere, E., Rhee, J. J., Baguma, P. K., Barry, O., Becker, M., Bilewicz, M., Castelain, T., Constantini, G., Dimdins, G., Espinosa, A., Finchilescu, G., Friese, M., Gastardo-Conaco, M. C., G\u00f3mez, \u00c1., Gonz\u00e1lez, R., Goto, N., Halama, P., Hurtado-Parrado, C., Jiga-Boy, G. M., \u2026 &amp; Bastian, B. (2022). Perceiving societal pressure to be happy is linked to poor well-being, especially in happy nations.<em> Scientific Reports, 12<\/em>, 1514. <span style=\"color: #0000ff\"><a style=\"color: #0000ff\" href=\"https:\/\/doi.org\/10.1038\/s41598-021-04262-z\" target=\"_blank\" rel=\"noopener\">https:\/\/doi.org\/10.1038\/s41598-021-04262-z<\/a>.<\/span> <strong><span style=\"color: #800080\"><a style=\"color: #800080\" href=\"https:\/\/blogs.uned.es\/idenfusion\/wp-content\/uploads\/sites\/553\/2024\/09\/Dejonckheere-et-al2022_Perceiving-societal-pressure.pdf\" target=\"_blank\" rel=\"noopener\">PDF<\/a><\/span><\/strong><\/span><\/p><p style=\"margin-left: 35.45pt;text-align: justify;text-indent: -35.45pt;line-height: normal\"><span style=\"color: #000000\"><span lang=\"EN-US\" style=\"font-size: 11.0pt;font-family: 'Arial',sans-serif\">Cuadrado<\/span><span style=\"font-size: 11.0pt;font-family: 'Arial',sans-serif\">, I., Estevan, L., L\u00f3pez-Rodr\u00edguez, L., &amp; Constantin, A. (2022). <\/span><span lang=\"EN-US\" style=\"font-size: 11.0pt;font-family: 'Arial',sans-serif\">To be or not to be egalitarian, that is the question: Understanding the complexity of ethnic prejudice in the workplace. <em><span style=\"font-family: 'Arial',sans-serif\">Current Psychology<\/span><\/em>. <\/span><span style=\"font-size: 11pt;font-family: 'Arial', sans-serif;color: #0000ff\"><a style=\"color: #0000ff\" href=\"https:\/\/doi.org\/10.1007\/s12144-022-02872-y\" target=\"_blank\" rel=\"noopener\"><span lang=\"EN-US\">https:\/\/doi.org\/10.1007\/s12144-022-02872-y<\/span><\/a><\/span> <span style=\"color: #800080\"><strong><span style=\"font-size: 11.0pt;font-family: 'Arial',sans-serif\"><a style=\"color: #800080\" title=\"To be or not to be egalitarian, that is the question: Understanding the complexity of ethnic prejudice in the workplace. Current Psychology\" href=\"https:\/\/blogs.uned.es\/idenfusion\/wp-content\/uploads\/sites\/553\/2024\/09\/Cuadrado-2022_To-be-or-not-to-be.pdf\" target=\"_blank\" rel=\"noopener\">PDF<\/a><\/span><\/strong><\/span><\/span><\/p><p style=\"margin-left: 35.45pt;text-align: justify;text-indent: -35.45pt;line-height: normal\"><span style=\"color: #000000\"><span lang=\"EN-US\" style=\"font-size: 11.0pt;font-family: 'Arial',sans-serif\">Enea<\/span><span lang=\"EN-US\" style=\"font-size: 11.0pt;font-family: 'Arial',sans-serif\">, V., Eisenbeck, N., Carreno, D. F., Douglas, K. M., Sutton, R. M., Agostini, M., B\u00e9langer, J. J., G\u00fctzkow, B., Kreienkamp, J., Abakoumin, G., Khaiyom, J. H. A., Ahmedi, V., Akkas, H., Almenara, C. A., Atta, M., Bagci, S. C., Basel, S., Kida, E. B., Bernardo, A. B. I., Buttrick, N. R.,\u2026 Leander, P. N. (2022). Intentions to be vaccinated against COVID-19: The role of prosociality and conspiracy beliefs across 20 countries. <em><span style=\"font-family: 'Arial',sans-serif\">Health Communication.<\/span><\/em><\/span><span style=\"font-size: 11.0pt;font-family: 'Arial',sans-serif\"><a style=\"color: #000000\" href=\"https:\/\/doi.org\/10.1080\/10410236.2021.2018179\" target=\"_blank\" rel=\"noopener\"><span lang=\"EN-US\"><span style=\"color: #0000ff\"> https:\/\/doi.org\/10.1080\/10410236.2021.2018179<\/span><\/span><\/a><\/span><span lang=\"EN-US\" style=\"font-size: 11.0pt;font-family: 'Arial',sans-serif\">. <\/span><strong><span style=\"color: #800080\"><span style=\"font-size: 11.0pt;font-family: 'Arial',sans-serif\"><a style=\"color: #800080\" title=\"Intentions to be Vaccinated Against COVID-19: The Role of Prosociality and Conspiracy Beliefs across 20 Countries.\" href=\"https:\/\/blogs.uned.es\/idenfusion\/wp-content\/uploads\/sites\/553\/2024\/09\/Enea-et-al-2022.pdf\" target=\"_blank\" rel=\"noopener\">PDF<\/a><\/span><\/span><\/strong><\/span><\/p><p style=\"margin-left: 35.45pt;text-align: justify;text-indent: -35.45pt;line-height: normal\"><span style=\"color: #000000\"><span lang=\"EN-US\" style=\"font-size: 11.0pt;font-family: 'Arial',sans-serif\">Espinosa<\/span><span lang=\"EN-US\" style=\"font-size: 11.0pt;font-family: 'Arial',sans-serif\">, R., Valiente, C., Contreras, A., Trucharte, A., Paredes, B., &amp; Peinado, V. (2022).\u00a0Assessing changes associated to wellbeing after a psychological intervention for people with paranoid tendencies: An ESM application in clinical practice. <\/span><em><span style=\"font-size: 11.0pt;font-family: 'Arial',sans-serif\">Current Psychology<\/span><\/em><span style=\"font-size: 11.0pt;font-family: 'Arial',sans-serif\">.<span style=\"color: #0000ff\"> <a style=\"color: #0000ff\" href=\"https:\/\/doi.org\/10.1007\/s12144-021-02625-3\" target=\"_blank\" rel=\"noopener\">https:\/\/doi.org\/10.1007\/s12144-021-02625-3<\/a><\/span><em><span style=\"font-family: 'Arial',sans-serif\"><span style=\"color: #0000ff\">.<\/span> <\/span><\/em><\/span><span style=\"color: #800080\"><strong><span style=\"font-size: 11.0pt;font-family: 'Arial',sans-serif\"><a style=\"color: #800080\" title=\"Assessing changes associated to wellbeing after a psychological intervention for people with paranoid tendencies: An ESM application in clinical practice. Current Psychology.\" href=\"https:\/\/blogs.uned.es\/idenfusion\/wp-content\/uploads\/sites\/553\/2024\/09\/Espinosa-et-al-2022.pdf\" target=\"_blank\" rel=\"noopener\">PDF<\/a><\/span><\/strong><\/span><\/span><\/p><p style=\"margin-left: 35.45pt;text-align: justify;text-indent: -35.45pt;line-height: normal\"><span style=\"color: #000000\"><span lang=\"EN-US\" style=\"font-size: 11.0pt;font-family: 'Arial',sans-serif\">Garrido<\/span><span style=\"font-size: 11.0pt;font-family: 'Arial',sans-serif\">-Mac\u00edas, M., S\u00e1ez, G., Alonso-Ferres, M., Ru\u00edz, M.J., Serrano-Montilla, C., &amp; Exp\u00f3sito, F. (2022). <\/span><span lang=\"EN-US\" style=\"font-size: 11.0pt;font-family: 'Arial',sans-serif\">Assessing Self-Care in Psychologists: A Spanish Adaptation of the SCAP Scale. <\/span><em><span style=\"font-size: 11.0pt;font-family: 'Arial',sans-serif\">Psicothema, 2<\/span><\/em><span style=\"font-size: 11.0pt;font-family: 'Arial',sans-serif\">(1), 143-150. <span style=\"color: #0000ff\"><a style=\"color: #0000ff\" href=\"https:\/\/doi.org\/10.7334\/psicothema2021.250\" target=\"_blank\" rel=\"noopener\">https:\/\/doi.org\/10.7334\/psicothema2021.250.<\/a> <\/span><\/span><span style=\"color: #800080\"><strong><span style=\"font-size: 11.0pt;font-family: 'Arial',sans-serif\"><a style=\"color: #800080\" title=\"Assessing Self-Care in Psychologists: A Spanish Adaptation of the SCAP Scale\" href=\"https:\/\/blogs.uned.es\/idenfusion\/wp-content\/uploads\/sites\/553\/2024\/09\/Garrido-Maci\u0301as-et-al._2022_Psicothema.pdf\" target=\"_blank\" rel=\"noopener\">PDF<\/a><\/span><\/strong><\/span><\/span><\/p><p style=\"margin-left: 35.45pt;text-align: justify;text-indent: -35.45pt;line-height: normal\"><span style=\"color: #000000\"><span style=\"font-size: 11.0pt;font-family: 'Arial',sans-serif\">G\u00f3mez, A., Atran, S., Chinchilla, J., et al. <\/span><span lang=\"EN-US\" style=\"font-size: 11.0pt;font-family: 'Arial',sans-serif\">(2022). Willingness to sacrifice among convicted Islamist\u00a0terrorists versus violent gang members and other criminals. <\/span><em><span style=\"font-size: 11.0pt;font-family: 'Arial',sans-serif\">Scientific Reports, 12<\/span><\/em><strong><i><span style=\"font-size: 11.0pt;font-family: 'Arial',sans-serif\">, <\/span><\/i><\/strong><span style=\"font-size: 11.0pt;font-family: 'Arial',sans-serif\">2596.\u00a0<span style=\"color: #0000ff\"><a href=\"https:\/\/doi.org\/10.1038\/s41598-022-06590-0\" target=\"_blank\" rel=\"noopener\">https:\/\/doi.org\/10.1038\/s41598-022-06590-0<\/a>.<\/span> <\/span><strong><span style=\"color: #800080\"><span style=\"font-size: 11.0pt;font-family: 'Arial',sans-serif\"><a style=\"color: #800080\" href=\"https:\/\/blogs.uned.es\/idenfusion\/wp-content\/uploads\/sites\/553\/2024\/09\/Gomez-et-al-2022_Willingness-to-sacrifice.pdf\" target=\"_blank\" rel=\"noopener\">PDF<\/a><\/span><\/span><\/strong><\/span><\/p><p style=\"margin-left: 35.45pt;text-align: justify;text-indent: -35.45pt;line-height: normal\"><span style=\"color: #000000\"><span lang=\"EN-US\" style=\"font-size: 11.0pt;font-family: 'Arial',sans-serif\">G\u00f3mez<\/span><span style=\"font-size: 11.0pt;font-family: 'Arial',sans-serif\">, A., Chiclana, S., Chinchilla, J., Blanco, L., Alba, B., Bautista, H. &amp; Pozuelo-Rubio, F. (2022). <\/span><span lang=\"EN-US\" style=\"font-size: 11.0pt;font-family: 'Arial',sans-serif\">The mirage of the jihad. Disenchantment as the pathway to disengagement of female jihadists. A case study about radicalization in Spanish prisons. <em><span style=\"font-family: 'Arial',sans-serif\">International Journal of Social Psychology.<\/span><\/em> <\/span><span style=\"font-size: 11.0pt;font-family: 'Arial',sans-serif\"><a style=\"color: #000000\" href=\"https:\/\/doi.org\/10.1080\/02134748.2022.2096254\" target=\"_blank\" rel=\"noopener\"><span style=\"color: #0000ff\">https:\/\/doi.org\/10.1080\/02134748.2022.2096254<\/span>.<\/a> <\/span><strong><span style=\"color: #800080\"><span style=\"font-size: 11.0pt;font-family: 'Arial',sans-serif\"><a style=\"color: #800080\" title=\"The mirage of the jihad. Disenchantment as the pathway to disengagement of female jihadists.\" href=\"https:\/\/blogs.uned.es\/idenfusion\/wp-content\/uploads\/sites\/553\/2024\/09\/Go\u0301mez-et-al-2022_The-mirage.pdf\" target=\"_blank\" rel=\"noopener\">PDF<\/a><\/span><\/span><\/strong><\/span><\/p><p style=\"margin-left: 35.45pt;text-align: justify;text-indent: -35.45pt;line-height: normal\"><span style=\"color: #000000\"><span lang=\"EN-US\" style=\"font-size: 11.0pt;font-family: 'Arial',sans-serif\">Gonz\u00e1lez<\/span><span style=\"font-size: 11.0pt;font-family: 'Arial',sans-serif\">-\u00c1lvarez, J. L. Santos-Hermoso, J., G\u00f3mez, A., L\u00f3pez-Novo, J. L., Buquer\u00edn, S., Pozuelo, F., Fern\u00e1ndez, C. &amp; Chiclana, S. (2022). <\/span><span lang=\"EN-US\" style=\"font-size: 11.0pt;font-family: 'Arial',sans-serif\">A theoretical, empirical and methodologically based instrument to assess the risk of violent radicalization in prisons: The DRAVY-3. <\/span><em><span style=\"font-size: 11.0pt;font-family: 'Arial',sans-serif\">Terrorism and Political Violence<\/span><\/em><span style=\"font-size: 11.0pt;font-family: 'Arial',sans-serif\">. <a style=\"color: #000000\" href=\"https:\/\/doi.org\/10.1080\/09546553.2022.2145194\" target=\"_blank\" rel=\"noopener\"><span style=\"color: #0000ff\">https:\/\/doi.org\/10.1080\/09546553.2022.2145194<\/span>.<\/a> <\/span><span style=\"color: #800080\"><strong><span style=\"font-size: 11.0pt;font-family: 'Arial',sans-serif\"><a style=\"color: #800080\" title=\"A theoretical, empirical and methodologically based instrument to assess the risk of violent jihadist radicalization in prisons: The DRAVY-3.\" href=\"https:\/\/blogs.uned.es\/idenfusion\/wp-content\/uploads\/sites\/553\/2024\/09\/Gonzalez-Alvarez-et-al.-2022_-DRAVY-3.pdf\" target=\"_blank\" rel=\"noopener\">PDF<\/a><\/span><\/strong><\/span><\/span><\/p><p style=\"margin-left: 35.45pt;text-align: justify;text-indent: -35.45pt;line-height: normal\"><span style=\"color: #000000\"><span lang=\"EN-US\" style=\"font-size: 11.0pt;font-family: 'Arial',sans-serif\">Horcajo, J., Bri\u00f1ol, P., Petty, R. E., See, Y. H. M., DeMarree, K. G., &amp; Paredes, B. (2022).\u00a0Polarization of attitudes as a function of mortality salience: A meta-cognitive analysis. <em><span style=\"font-family: 'Arial',sans-serif\">Psicothema, 34<\/span><\/em> (2), 226-232. <\/span><span style=\"font-size: 11pt;font-family: 'Arial', sans-serif;color: #0000ff\"><a style=\"color: #0000ff\" href=\"https:\/\/doi.org\/10.7334\/psicothema2021.334\" target=\"_blank\" rel=\"noopener\"><span lang=\"EN-US\">https:\/\/doi.org\/10.7334\/psicothema2021.334.<\/span><\/a> <\/span><span style=\"color: #800080\"><strong><span style=\"font-size: 11.0pt;font-family: 'Arial',sans-serif\"><a style=\"color: #800080\" title=\"Polarization of attitudes as a function of mortality salience: A meta-cognitive analysis\" href=\"https:\/\/blogs.uned.es\/idenfusion\/wp-content\/uploads\/sites\/553\/2024\/09\/Horcajo-BrinolPetty-See-DeMarreeParedes-B.-2022Attitude-polarization.pdf\" target=\"_blank\" rel=\"noopener\">PDF<\/a><\/span><\/strong><\/span><\/span><\/p><p style=\"margin-left: 35.45pt;text-align: justify;text-indent: -35.45pt;line-height: normal\"><span style=\"color: #000000\"><span lang=\"EN-US\" style=\"font-size: 11.0pt;font-family: 'Arial',sans-serif\">Hornsey,\u00a0M.J., Pearson, S., Kang, J., Sassenberg, K., Jetten, J., Van Lange, P.A.M., Medina, L.G., Amiot, C.E., Ausmees, L., Baruma, P., Barry, O., Becker, M., <\/span><span lang=\"EN-US\" style=\"font-size: 11.0pt;font-family: 'Arial',sans-serif\">Bilewicz<\/span><span lang=\"EN-US\" style=\"font-size: 11.0pt;font-family: 'Arial',sans-serif\">, M., Castelain, T., Costantini, Gl, Dimdins, G., Espinosa, A., Finchilescu, G., Friese, M., \u2026 Bastian, B. (2022). Multinational data show that conspiracy beliefs are associated with the perception (and reality) of poor national economic performance.\u00a0<em><span style=\"font-family: 'Arial',sans-serif\">European Journal of Social Psychology,\u00a000<\/span><\/em>,\u00a01\u2013\u00a012.\u00a0<\/span><span style=\"font-size: 11.0pt;font-family: 'Arial',sans-serif\"><a style=\"color: #000000\" href=\"https:\/\/doi.org\/10.1002\/ejsp.2888\" target=\"_blank\" rel=\"noopener\"><span lang=\"EN-US\"><span style=\"color: #0000ff\">https:\/\/doi.org\/10.1002\/ejsp.2888<\/span>.<\/span><\/a><\/span> <span style=\"font-size: 11.0pt;font-family: 'Arial',sans-serif\"><a style=\"color: #000000\" title=\"Multinational data show that conspiracy beliefs are associated with the perception (and reality) of poor national economic performance\" href=\"https:\/\/blogs.uned.es\/idenfusion\/wp-content\/uploads\/sites\/553\/2024\/09\/Hornsey2022-Multinational-data-show-that-conspiracy-beliefs-are-associated-with-the-perception-copia.pdf\" target=\"_blank\" rel=\"noopener\"><span style=\"color: #800080\"><strong>PDF<\/strong><\/span><\/a><\/span><\/span><\/p><p style=\"margin-left: 35.45pt;text-align: justify;text-indent: -35.45pt;line-height: normal\"><span style=\"color: #000000\"><span lang=\"EN-US\" style=\"font-size: 11.0pt;font-family: 'Arial',sans-serif\">Keng<\/span><span lang=\"EN-US\" style=\"font-size: 11.0pt;font-family: 'Arial',sans-serif\">, S. L., Stanton, M. V., Haskins, L. B., Almenara, C. A., Jones, A., Grigsby-Toussaint, D., &#8230; &amp; Leander, P. (2022). COVID-19 stressors and health behaviors. A multilevel longitudinal study across 86 countries.\u00a0<em><span style=\"font-family: 'Arial',sans-serif\">Preventive Medicine Reports,\u00a027<\/span><\/em>:101764. <span style=\"color: #0000ff\"><a style=\"color: #0000ff\" href=\"https:\/\/doi.org\/10.1016\/j.pmedr.2022.101764\" target=\"_blank\" rel=\"noopener\">https:\/\/doi.org\/10.1016\/j.pmedr.2022.101764<\/a>.<\/span> <\/span><span style=\"color: #800080\"><strong><span style=\"font-size: 11.0pt;font-family: 'Arial',sans-serif\"><a style=\"color: #800080\" href=\"https:\/\/blogs.uned.es\/idenfusion\/wp-content\/uploads\/sites\/553\/2024\/09\/Keng-et-al-2022-COVID-19-stressors.pdf\" target=\"_blank\" rel=\"noopener\">PDF<\/a><\/span><span lang=\"EN-US\" style=\"font-size: 11.0pt;font-family: 'Arial',sans-serif\">\u00a0<\/span><\/strong><\/span><\/span><\/p><p style=\"margin-left: 35.45pt;text-align: justify;text-indent: -35.45pt;line-height: normal\"><span style=\"color: #000000\"><span lang=\"EN-US\" style=\"font-size: 11.0pt;font-family: 'Arial',sans-serif\">Kirkland<\/span><span lang=\"EN-US\" style=\"font-size: 11.0pt;font-family: 'Arial',sans-serif\">, K., Crimston, C., Jetten, J., Amiot, C., Baguma, P., Barry, O., Becker, M., Bilewicz, M., Boonyasiriwat, W., Castelain, T., Costantini, G., Dimdins, G., Espinosa, A., Finchilescu, G., Fischer, R., Frische, M., Gastardo-Conaco, M., Gonzalez, R., Goto, N., \u2026 Bastian, B. (2022). Moral Expansiveness Around the World: The Role of Societal Factors Across 36 Countries.<em><span style=\"font-family: 'Arial',sans-serif\"> Social Psychological and Personality Science.<\/span><\/em> <\/span><span style=\"font-size: 11.0pt;font-family: 'Arial',sans-serif\"><a style=\"color: #000000\" href=\"https:\/\/doi.org\/10.1177\/19485506221101767\" target=\"_blank\" rel=\"noopener\"><span lang=\"EN-US\"><span style=\"color: #0000ff\">https:\/\/doi.org\/10.1177\/19485506221101767.<\/span><\/span><\/a><\/span> <span style=\"color: #800080\"><strong><span style=\"font-size: 11.0pt;font-family: 'Arial',sans-serif\"><a style=\"color: #800080\" title=\"Moral expansiveness around the world: The role of societal factors across 36 countries.\" href=\"https:\/\/blogs.uned.es\/idenfusion\/wp-content\/uploads\/sites\/553\/2024\/09\/Kirkland-et-al.-SPPS-2022_Moral-Expansiveness.pdf\" target=\"_blank\" rel=\"noopener\">PDF\u00a0 <\/a><\/span><\/strong><\/span><\/span><\/p><p style=\"margin-left: 35.45pt;text-align: justify;text-indent: -35.45pt;line-height: normal\"><span style=\"color: #000000\"><span style=\"font-size: 11.0pt;font-family: 'Arial',sans-serif\"><a style=\"color: #000000\" title=\"Moral expansiveness around the world: The role of societal factors across 36 countries.\" href=\"https:\/\/blogs.uned.es\/idenfusion\/wp-content\/uploads\/sites\/553\/2024\/09\/Kirkland-et-al.-SPPS-2022_Moral-Expansiveness.pdf\" target=\"_blank\" rel=\"noopener\">K<\/a><\/span>irkland, K., Van Lange, P.A.M., Van Doesum, N.J., Acevedo-Triana, C., Amiot, C.E., Ausmees, L., Baguma, P., Barry, O., Becker, M., Bilewicz, M., Boonyasiriwat, W., Castelain, T., Constantini, G., \u2026, Bastian, B. (2022). Social mindfulness predicts concern for nature and immigrants across 36 nations. <em>Scientific Reports, 12<\/em>, 22102.<\/span> <span style=\"color: #0000ff\"><a style=\"color: #0000ff\" href=\"https:\/\/doi.org\/10.1038\/s41598-022-25538-y\">https:\/\/doi.org\/10.1038\/s41598-022-25538-y<\/a>.<\/span> <strong><span style=\"color: #800080\"><a style=\"color: #800080\" href=\"https:\/\/blogs.uned.es\/idenfusion\/wp-content\/uploads\/sites\/553\/2025\/02\/Kirkland-2022_Social-mindfulness-predicts-concern-for-nature.pdf\" target=\"_blank\" rel=\"noopener\">PDF<\/a><\/span><\/strong><\/p><p style=\"margin-left: 35.45pt;text-align: justify;text-indent: -35.45pt;line-height: normal\"><span style=\"color: #000000\"><span lang=\"EN-US\" style=\"font-size: 11.0pt;font-family: 'Arial',sans-serif\">Kosakowska<\/span><span style=\"font-size: 11.0pt;font-family: 'Arial',sans-serif\">-Berezecka, N., Bosson, J. K., Jurek, P., Besta, T., Olech, M., Vandello, J. A., Bender, M., Dandy, J., Hoorens, V., Jasinskaja-Lahti, I., Mankowski, E., Ven\u00e4l\u00e4inen, S., Abuhamdeh, S., Agyemang, C. B., Akbas, G., Albayrak-Aydemir, N., Ammirati, S., Anderson, J., Anjum, G., \u2026 <\/span><span lang=\"EN-US\" style=\"font-size: 11.0pt;font-family: 'Arial',sans-serif\">Zadkowska, M. (2022). Gendered Self-Views across 62 Countries: A Test of Competing Models. <em><span style=\"font-family: 'Arial',sans-serif\">Social Psychological and Personality Science<\/span><\/em>. <\/span><span style=\"color: #0000ff\"><span style=\"font-size: 11pt;font-family: 'Arial', sans-serif\"><a style=\"color: #0000ff\" href=\"https:\/\/doi.org\/10.1177\/19485506221129687\" target=\"_blank\" rel=\"noopener\"><span lang=\"EN-US\">https:\/\/doi.org\/10.1177\/19485506221129687<\/span><\/a><\/span><span lang=\"EN-US\" style=\"font-size: 11.0pt;font-family: 'Arial',sans-serif\">. <\/span><\/span><span style=\"color: #800080\"><strong><span style=\"font-size: 11.0pt;font-family: 'Arial',sans-serif\"><a style=\"color: #800080\" title=\"Gendered Self-Views across 62 Countries: A Test of Competing Models.\" href=\"https:\/\/blogs.uned.es\/idenfusion\/wp-content\/uploads\/sites\/553\/2024\/09\/Kosakowska_Bosson_et-al-2022_Gendered-self-views.pdf\" target=\"_blank\" rel=\"noopener\">PDF<\/a><\/span><\/strong><\/span><\/span><\/p><p style=\"margin-left: 35.45pt;text-align: justify;text-indent: -35.45pt;line-height: normal\"><span style=\"color: #000000\"><span lang=\"EN-US\" style=\"font-size: 11.0pt;font-family: 'Arial',sans-serif\">L\u00f3pez<\/span><span lang=\"EN-US\" style=\"font-size: 11.0pt;font-family: 'Arial',sans-serif\">&#8211;<\/span><span lang=\"EN-US\" style=\"font-size: 11.0pt;font-family: 'Arial',sans-serif\">Rodr\u00edguez<\/span><span lang=\"EN-US\" style=\"font-size: 11.0pt;font-family: 'Arial',sans-serif\">, L., V\u00e1zquez, A., Constantin, A. A., Bonafonte, M., &amp; Zagefka, H. (2022). The values we share: A multi-method approach to understanding how perceived outgroup values are related to attitudes towards immigrants. <em><span style=\"font-family: 'Arial',sans-serif\">British Journal of Social Psychology<\/span><\/em>. <\/span><span style=\"font-size: 11pt;font-family: 'Arial', sans-serif;color: #0000ff\"><a style=\"color: #0000ff\" href=\"https:\/\/doi.org\/10.1111\/bjso.12583\" target=\"_blank\" rel=\"noopener\"><span lang=\"EN-US\">https:\/\/doi.org\/10.1111\/bjso.12583<\/span><\/a><\/span><span lang=\"EN-US\" style=\"font-size: 11.0pt;font-family: 'Arial',sans-serif\"><span style=\"color: #0000ff\">.<\/span>\u00a0<\/span><span style=\"color: #800080\"><strong><span style=\"font-size: 11.0pt;font-family: 'Arial',sans-serif\"><a style=\"color: #800080\" title=\"The values we share: A multi\u00c3\u0083\u00c2\u0083\u00c3\u0082\u00c2\u0083\u00c3\u0083\u00c2\u0082\u00c3\u0082\u00c2\u0083\u00c3\u0083\u00c2\u0083\u00c3\u0082\u00c2\u0082\u00c3\u0083\u00c2\u0082\u00c3\u0082\u00c2\u0083\u00c3\u0083\u00c2\u0083\u00c3\u0082\u00c2\u0083\u00c3\u0083\u00c2\u0082\u00c3\u0082\u00c2\u0082\u00c3\u0083\u00c2\u0083\u00c3\u0082\u00c2\u0082\u00c3\u0083\u00c2\u0082\u00c3\u0082\u00c2\u0083\u00c3\u0083\u00c2\u0083\u00c3\u0082\u00c2\u0083\u00c3\u0083\u00c2\u0082\u00c3\u0082\u00c2\u0083\u00c3\u0083\u00c2\u0083\u00c3\u0082\u00c2\u0082\u00c3\u0083\u00c2\u0082\u00c3\u0082\u00c2\u0082\u00c3\u0083\u00c2\u0083\u00c3\u0082\u00c2\u0083\u00c3\u0083\u00c2\u0082\u00c3\u0082\u00c2\u0082\u00c3\u0083\u00c2\u0083\u00c3\u0082\u00c2\u0082\u00c3\u0083\u00c2\u0082\u00c3\u0082\u00c2\u0083\u00c3\u0083\u00c2\u0083\u00c3\u0082\u00c2\u0083\u00c3\u0083\u00c2\u0082\u00c3\u0082\u00c2\u0083\u00c3\u0083\u00c2\u0083\u00c3\u0082\u00c2\u0082\u00c3\u0083\u00c2\u0082\u00c3\u0082\u00c2\u0083\u00c3\u0083\u00c2\u0083\u00c3\u0082\u00c2\u0083\u00c3\u0083\u00c2\u0082\u00c3\u0082\u00c2\u0082\u00c3\u0083\u00c2\u0083\u00c3\u0082\u00c2\u0082\u00c3\u0083\u00c2\u0082\u00c3\u0082\u00c2\u0082\u00c3\u0083\u00c2\u0083\u00c3\u0082\u00c2\u0083\u00c3\u0083\u00c2\u0082\u00c3\u0082\u00c2\u0083\u00c3\u0083\u00c2\u0083\u00c3\u0082\u00c2\u0082\u00c3\u0083\u00c2\u0082\u00c3\u0082\u00c2\u0082\u00c3\u0083\u00c2\" href=\"https:\/\/blogs.uned.es\/idenfusion\/wp-content\/uploads\/sites\/553\/2024\/09\/Lopez-Rodriguez-2022-The-values-we-share-A-multi\u2010method-approach-to-understanding-how-copia.pdf\" target=\"_blank\" rel=\"noopener\">PDF<\/a><\/span><\/strong><\/span><\/span><\/p><p style=\"margin-left: 35.45pt;text-align: justify;text-indent: -35.45pt;line-height: normal\"><span style=\"color: #000000\"><span lang=\"EN-US\" style=\"font-size: 11.0pt;font-family: 'Arial',sans-serif\">McLamore<\/span><span lang=\"EN-US\" style=\"font-size: 11.0pt;font-family: 'Arial',sans-serif\">, Q., Syropoulos, S., Leidner, B., et al. (2022). Trust in scientific information mediates associations between conservatism and coronavirus responses in the U.S., but few other nations<em><span style=\"font-family: 'Arial',sans-serif\">. Scientific Reports, 8<\/span><\/em>;12(1): 3724.\u00a0<span style=\"color: #0000ff\"><a style=\"color: #0000ff\" href=\"https:\/\/doi.org\/10.1038\/s41598-022-07508-6\" target=\"_blank\" rel=\"noopener\">https:\/\/doi.org\/10.1038\/s41598-022-07508-6<\/a>.<\/span> <\/span><strong><span style=\"color: #800080\"><span style=\"font-size: 11.0pt;font-family: 'Arial',sans-serif\"><a style=\"color: #800080\" href=\"https:\/\/blogs.uned.es\/idenfusion\/wp-content\/uploads\/sites\/553\/2024\/09\/McLamore-et-al.-2022_-Trust-in-scientific-information.pdf\" target=\"_blank\" rel=\"noopener\">PDF<\/a><\/span><\/span><\/strong><\/span><\/p><p style=\"margin-left: 35.45pt;text-align: justify;text-indent: -35.45pt;line-height: normal\"><span style=\"color: #000000\"><span lang=\"EN-US\" style=\"font-size: 11.0pt;font-family: 'Arial',sans-serif\">Moftizadeh, N., Zagefka, H., L\u00f3pez-Rodr\u00edguez, L., V\u00e1zquez, A. &amp; Barn, R. (2022). <\/span><span lang=\"EN-US\" style=\"font-size: 11.0pt;font-family: 'Arial',sans-serif\">Exploring<\/span><span lang=\"EN-US\" style=\"font-size: 11.0pt;font-family: 'Arial',sans-serif\"> the intergroup consequences of majority members&#8217; perceptions that minority members want majority members to adopt the minority culture<em><span style=\"font-family: 'Arial',sans-serif\">. International Journal of Psychology<\/span><\/em>, <em><span style=\"font-family: 'Arial',sans-serif\">57<\/span><\/em>(4), 483\u2013490. <\/span><span style=\"font-size: 11.0pt;font-family: 'Arial',sans-serif\"><a style=\"color: #000000\" href=\"https:\/\/doi.org\/10.1002\/ijop.12756\" target=\"_blank\" rel=\"noopener\"><span lang=\"EN-US\"><span style=\"color: #0000ff\">https:\/\/doi.org\/10.1002\/ijop.12756.<\/span><\/span><\/a><\/span>\u00a0<strong><span style=\"color: #800080\"><span style=\"font-size: 11.0pt;font-family: 'Arial',sans-serif\"><a style=\"color: #800080\" title=\"Exploring the intergroup consequences of majority members\u00c3\u0083\u00c2\u0083\u00c3\u0082\u00c2\u0083\u00c3\u0083\u00c2\u0082\u00c3\u0082\u00c2\u0083\u00c3\u0083\u00c2\u0083\u00c3\u0082\u00c2\u0082\u00c3\u0083\u00c2\u0082\u00c3\u0082\u00c2\u0083\u00c3\u0083\u00c2\u0083\u00c3\u0082\u00c2\u0083\u00c3\u0083\u00c2\u0082\u00c3\u0082\u00c2\u0082\u00c3\u0083\u00c2\u0083\u00c3\u0082\u00c2\u0082\u00c3\u0083\u00c2\u0082\u00c3\u0082\u00c2\u0083\u00c3\u0083\u00c2\u0083\u00c3\u0082\u00c2\u0083\u00c3\u0083\u00c2\u0082\u00c3\u0082\u00c2\u0083\u00c3\u0083\u00c2\u0083\u00c3\u0082\u00c2\u0082\u00c3\u0083\u00c2\u0082\u00c3\u0082\u00c2\u0082\u00c3\u0083\u00c2\u0083\u00c3\u0082\u00c2\u0083\u00c3\u0083\u00c2\u0082\u00c3\u0082\u00c2\u0082\u00c3\u0083\u00c2\u0083\u00c3\u0082\u00c2\u0082\u00c3\u0083\u00c2\u0082\u00c3\u0082\u00c2\u0083\u00c3\u0083\u00c2\u0083\u00c3\u0082\u00c2\u0083\u00c3\u0083\u00c2\u0082\u00c3\u0082\u00c2\u0083\u00c3\u0083\u00c2\u0083\u00c3\u0082\u00c2\u0082\u00c3\u0083\u00c2\u0082\u00c3\u0082\u00c2\u0083\u00c3\u0083\u00c2\u0083\u00c3\u0082\u00c2\u0083\u00c3\u0083\u00c2\u0082\u00c3\u0082\u00c2\u0082\u00c3\u0083\u00c2\u0083\u00c3\u0082\u00c2\u0082\u00c3\u0083\u00c2\u0082\u00c3\u0082\u00c2\u0082\u00c3\u0083\u00c2\u0083\u00c3\u0082\" href=\"https:\/\/blogs.uned.es\/idenfusion\/wp-content\/uploads\/sites\/553\/2024\/09\/Moftizadeh-et-al.-2022_Exploring-the-intergroup-consequences.pdf\" target=\"_blank\" rel=\"noopener\">PDF<\/a><\/span><\/span><\/strong><\/span><\/p><p style=\"margin-left: 35.45pt;text-align: justify;text-indent: -35.45pt;line-height: normal\"><span style=\"color: #000000\"><span lang=\"EN-US\" style=\"font-size: 11.0pt;font-family: 'Arial',sans-serif\">Mula, S., Di Santo, D., Resta, E., Bakhtiari, F., Baldner, C., Molinario, E., Pierro, A., Gelfand, M.J., Denison, E., Agostini, M., B\u00e9langer, J.J., G\u00fczkow, B., Kreienkamp, J., Abakoumin, G., Khaiyom, J.H.A., Ahmedi, V., Akkas, H., Almenara, C. A., Atta, M., Bagci, S.C.,&#8230; Leander, N. P. (2022). Concern with COVID-19 pandemic threat and attitudes towards migrants: The mediating effect of the desire for tightness. <em><span style=\"font-family: 'Arial',sans-serif;border: none windowtext 1.0pt;padding: 0cm\">Current Research in Ecological and Social Psychology, 3<\/span><\/em>. <\/span><span lang=\"ES-TRAD\" style=\"color: #0000ff\"><a style=\"color: #0000ff\" href=\"https:\/\/doi.org\/10.1016\/j.cresp.2021.100028\" target=\"_blank\" rel=\"noopener\"><span lang=\"EN-US\" style=\"font-size: 11pt;font-family: 'Arial', sans-serif;border: 1pt windowtext;padding: 0cm\">https:\/\/doi.org\/10.1016\/j.cresp.2021.100028<\/span><\/a><\/span><span lang=\"EN-US\" style=\"font-size: 11.0pt;font-family: 'Arial',sans-serif\"><span style=\"color: #0000ff\">.<\/span> <\/span><strong><span lang=\"ES-TRAD\" style=\"color: #800080\"><a style=\"color: #800080\" href=\"https:\/\/blogs.uned.es\/idenfusion\/wp-content\/uploads\/sites\/553\/2024\/09\/Mula-et-al-2021.pdf\" target=\"_blank\" rel=\"noopener\"><span style=\"font-size: 11.0pt;font-family: 'Arial',sans-serif\">PDF<\/span><\/a><\/span><\/strong><\/span><span lang=\"ES-TRAD\" style=\"font-size: 11.0pt;font-family: 'Arial',sans-serif\"><span style=\"color: #000000\">\u00a0<\/span> <br \/><\/span><\/p><p style=\"margin-left: 35.45pt;text-align: justify;text-indent: -35.45pt;line-height: normal\"><span style=\"color: #000000\"><span lang=\"EN-US\" style=\"font-size: 11.0pt;font-family: 'Arial',sans-serif\">P\u00e9rez<\/span><span style=\"font-size: 11.0pt;font-family: 'Arial',sans-serif\">-Ramirez, M., Chiclana, S., M\u00e9ndez, R.C. &amp; Suarez, A. (2022). <\/span><span lang=\"EN-US\" style=\"font-size: 11.0pt;font-family: 'Arial',sans-serif\">Sociodemographic and psycho social Differences Between Hate Crime Offenders and Other Non-Bias-Motivated Criminals: Implications for Prison Rehabilitation Programs. <em><span style=\"font-family: 'Arial',sans-serif\">International Journal of Offender Therapy and Comparative Criminology, 0(0).<\/span><\/em> <\/span><span style=\"font-size: 11pt;font-family: 'Arial', sans-serif;color: #0000ff\"><a style=\"color: #0000ff\" href=\"https:\/\/doi.org\/10.1177\/0306624X221132235\" target=\"_blank\" rel=\"noopener\"><span lang=\"EN-US\">https:\/\/doi.org\/10.1177\/0306624X221132235<\/span><\/a><\/span><span lang=\"EN-US\" style=\"font-size: 11.0pt;font-family: 'Arial',sans-serif\"><span style=\"color: #0000ff\">.<\/span> <\/span><strong><span style=\"color: #800080\"><span style=\"font-size: 11.0pt;font-family: 'Arial',sans-serif\"><a style=\"color: #800080\" title=\"Sociodemographic and psycho social Differences Between Hate Crime Offenders and Other Non-Bias-Motivated Criminals: Implications for Prison Rehabilitation Programs\" href=\"https:\/\/blogs.uned.es\/idenfusion\/wp-content\/uploads\/sites\/553\/2024\/09\/Perez-Ramirezetal2022.pdf\" target=\"_blank\" rel=\"noopener\">PDF <\/a><\/span><\/span><\/strong><\/span><\/p><p style=\"margin-left: 35.45pt;text-align: justify;text-indent: -35.45pt;line-height: normal\"><span style=\"color: #000000\"><span style=\"font-size: 11pt;font-family: 'Arial', sans-serif;background: white\">Rodr\u00edguez-G\u00f3mez, L., Delgado, N., Rodr\u00edguez-P\u00e9rez, A., Rodr\u00edguez-Torres, R., &amp; Betancor, V. (2022). <\/span><span lang=\"EN-US\" style=\"font-size: 11pt;font-family: 'Arial', sans-serif;background: white\">Dehumanization as a response to uncivil and immoral behaviors.\u00a0<i>European Journal of Investigation in Health, Psychology and Education<\/i>,\u00a0<i>12<\/i>(9), 1415-1426. <\/span><span style=\"font-size: 11pt;font-family: 'Arial', sans-serif;color: #0000ff\"><a style=\"color: #0000ff\" href=\"https:\/\/doi.org\/10.3390\/ejihpe12090098\" target=\"_blank\" rel=\"noopener\"><span style=\"background: white\">https:\/\/doi.org\/10.3390\/ejihpe12090098<\/span><\/a><\/span><span style=\"font-size: 11.0pt;font-family: 'Arial',sans-serif;background: white\"><span style=\"color: #0000ff\">.<\/span> <strong><span style=\"color: #800080\"><a style=\"color: #800080\" href=\"https:\/\/blogs.uned.es\/idenfusion\/wp-content\/uploads\/sites\/553\/2024\/09\/Rodriguez-Gomez-2022_Dehumanization.pdf\" target=\"_blank\" rel=\"noopener\">PDF<\/a><\/span><\/strong><\/span><\/span><\/p><p style=\"margin-left: 35.45pt;text-align: justify;text-indent: -35.45pt;line-height: normal\"><span style=\"color: #000000\"><span lang=\"EN-US\" style=\"font-size: 11.0pt;font-family: 'Arial',sans-serif\">Rodr\u00edguez<\/span><span style=\"font-size: 11pt;font-family: 'Arial', sans-serif;background: white\">-P\u00e9rez, A., Rodr\u00edguez-Torres, R., Betancor, V., Chen-Xia, X. J., &amp; Rodr\u00edguez-G\u00f3mez, L. (2022). <\/span><span lang=\"EN-US\" style=\"font-size: 11pt;font-family: 'Arial', sans-serif;background: white\">Are Civility Norms Morality Norms\u2019 Little Sister? The Truth Value That Lay Thinking Associates with Civility and Morality Social Norms.\u00a0<\/span><i><span style=\"font-size: 11pt;font-family: 'Arial', sans-serif;background: white\">Social Sciences<\/span><\/i><span style=\"font-size: 11pt;font-family: 'Arial', sans-serif;background: white\">,\u00a0<i>11<\/i>(12), 568. <\/span><span style=\"font-size: 11pt;font-family: 'Arial', sans-serif;color: #0000ff\"><a style=\"color: #0000ff\" href=\"https:\/\/doi.org\/10.3390\/socsci11120568\" target=\"_blank\" rel=\"noopener\"><span style=\"background: white\">https:\/\/doi.org\/10.3390\/socsci11120568<\/span><\/a><\/span><span style=\"font-size: 11.0pt;font-family: 'Arial',sans-serif;background: white\"><span style=\"color: #0000ff\">.<\/span> <strong><span style=\"color: #800080\"><a style=\"color: #800080\" href=\"https:\/\/blogs.uned.es\/idenfusion\/wp-content\/uploads\/sites\/553\/2024\/09\/Rodriguez-Perez2022_Are-civility.pdf\" target=\"_blank\" rel=\"noopener\">PDF<\/a><\/span><\/strong><\/span><\/span><\/p><p style=\"margin-left: 35.45pt;text-align: justify;text-indent: -35.45pt;line-height: normal\"><span style=\"color: #000000\"><span lang=\"PT-BR\" style=\"font-size: 11.0pt;font-family: 'Arial',sans-serif\">Santos, D., Paredes, B., Bri\u00f1ol, P., &amp; Petty, R. E. (2022). <\/span><span lang=\"EN-US\" style=\"font-size: 11.0pt;font-family: 'Arial',sans-serif\">Trait Aggressiveness and Aggressive Behavior: The Simultaneous Influence of Contextual Variables. <\/span><em><span lang=\"FR\" style=\"font-size: 11.0pt;font-family: 'Arial',sans-serif\">Psychology of Violence, 12<\/span><\/em><span lang=\"FR\" style=\"font-size: 11.0pt;font-family: 'Arial',sans-serif\">(6), 438\u2013449. <\/span><span style=\"font-size: 11pt;font-family: 'Arial', sans-serif;color: #0000ff\"><a style=\"color: #0000ff\" href=\"https:\/\/blogs.uned.es\/idenfusion\/2024\/04\/18\/elementor-615\/\" target=\"_blank\" rel=\"noopener\"><span lang=\"FR\">https:\/\/doi.org\/10.1037\/vio0000446.<\/span><\/a><\/span> <strong><span style=\"font-size: 11pt;font-family: 'Arial', sans-serif;color: #800080\"><a style=\"color: #800080\" title=\"Trait Aggressiveness and Aggressive Behavior: The Simultaneous Influence of Contextual Variables.\" href=\"https:\/\/blogs.uned.es\/idenfusion\/wp-content\/uploads\/sites\/553\/2024\/09\/Santos-et-al-2022.pdf\" target=\"_blank\" rel=\"noopener\"><span lang=\"FR\">PDF<\/span><\/a><\/span><\/strong><\/span><\/p><p style=\"margin-left: 35.45pt;text-align: justify;text-indent: -35.45pt;line-height: normal\"><span style=\"color: #000000\"><span lang=\"FR\" style=\"font-size: 11.0pt;font-family: 'Arial',sans-serif\">Schumpe, B.M., Van Lissa, C.J., B\u00e9langer, J.J., et al.\u00a0<\/span><span lang=\"EN-US\" style=\"font-size: 11.0pt;font-family: 'Arial',sans-serif\">(2022). Predictors of adherence to public health behaviors for fighting COVID-19 derived from longitudinal data.\u00a0<\/span><em><span style=\"font-size: 11.0pt;font-family: 'Arial',sans-serif\">Scientific Reports,12(1):<\/span><\/em><span style=\"font-size: 11.0pt;font-family: 'Arial',sans-serif\">3824. <span style=\"color: #0000ff\"><a style=\"color: #0000ff\" href=\"https:\/\/doi.org\/10.1038\/s41598-021-04703-9\" target=\"_blank\" rel=\"noopener\">https:\/\/doi.org\/10.1038\/s41598-021-04703-9<\/a>.<\/span> <\/span><strong><span style=\"color: #800080\"><span style=\"font-size: 11.0pt;font-family: 'Arial',sans-serif\"><a style=\"color: #800080\" href=\"https:\/\/blogs.uned.es\/idenfusion\/wp-content\/uploads\/sites\/553\/2024\/09\/Schumpe-et-al.2022.pdf\" target=\"_blank\" rel=\"noopener\">PDF<\/a><\/span><\/span><\/strong><\/span><\/p><p style=\"margin-left: 35.45pt;text-align: justify;text-indent: -35.45pt;line-height: normal\"><span style=\"color: #000000\"><span lang=\"EN-US\" style=\"font-size: 11.0pt;font-family: 'Arial',sans-serif\">Stavraki<\/span><span style=\"font-size: 11.0pt;font-family: 'Arial',sans-serif\">, M., Garc\u00eda-M\u00e1rquez, R., Bajo, M., Callejas-Albi\u00f1ana, A.I., Paredes, B., &amp; D\u00edaz, D. (2022). <\/span><span lang=\"EN-US\" style=\"font-size: 11.0pt;font-family: 'Arial',sans-serif\">Brief Version of the Ryff Psychological Well-Being Scales for Children and Adolescents: Evidence of Validity. <em><span style=\"font-family: 'Arial',sans-serif\">Psicothema, 34<\/span><\/em>(2),316-322. <\/span><span style=\"font-size: 11pt;font-family: 'Arial', sans-serif;color: #0000ff\"><a style=\"color: #0000ff\" href=\"https:\/\/doi.org\/10.7334\/psicothema2021.235\" target=\"_blank\" rel=\"noopener\"><span lang=\"EN-US\">https:\/\/doi.org\/10.7334\/psicothema2021.235.<\/span><\/a><\/span> <strong><span style=\"color: #800080\"><span style=\"font-size: 11.0pt;font-family: 'Arial',sans-serif\"><a style=\"color: #800080\" title=\"Brief Version of the Ryff Psychological Well-Being Scales for Children and Adolescents: Evidence of Validity\" href=\"https:\/\/blogs.uned.es\/idenfusion\/wp-content\/uploads\/sites\/553\/2024\/09\/Stavraki-2022_Brief-Version-of-the-Ryff.pdf\" target=\"_blank\" rel=\"noopener\">PDF<\/a><\/span><\/span><\/strong><\/span><\/p><p style=\"margin-left: 35.45pt;text-align: justify;text-indent: -35.45pt;line-height: normal\"><span style=\"color: #000000\"><span lang=\"EN-US\" style=\"font-size: 11.0pt;font-family: 'Arial',sans-serif\">Tanjitpiyanond<\/span><span style=\"font-size: 11.0pt;font-family: 'Arial',sans-serif\">, P., Jetten, J., Peters, K., Ashokkumar, A., Barry, O., Billet, M., Becker, M., Booth, R.W., Castro, D., Chinchilla, J., Costantini, G., Dejonckheere, E., Dimdins, G., Erbas, Y., Espinosa, A., Finchilescu, G., G\u00f3mez, \u00c1., Gonz\u00e1lez, R., Goto, N.,&#8230;Yeung, V.W.-L. (2022). <\/span><span lang=\"EN-US\" style=\"font-size: 11.0pt;font-family: 'Arial',sans-serif\">A 32-society investigation of the influence of perceived economic inequality on social class stereotyping. <\/span><em><span lang=\"FR\" style=\"font-size: 11.0pt;font-family: 'Arial',sans-serif\">European Journal of Social Psychology<\/span><\/em><span lang=\"FR\" style=\"font-size: 11.0pt;font-family: 'Arial',sans-serif\">, 1-6. <\/span><span style=\"font-size: 11pt;font-family: 'Arial', sans-serif;color: #0000ff\"><a style=\"color: #0000ff\" href=\"https:\/\/doi.org\/10.1002\/ejsp.2908\" target=\"_blank\" rel=\"noopener\"><span lang=\"FR\">https:\/\/doi.org\/10.1002\/ejsp.2908.<\/span><\/a><\/span> <span style=\"color: #800080\"><strong><span style=\"font-size: 11.0pt;font-family: 'Arial',sans-serif\"><a style=\"color: #800080\" title=\"A 32-society investigation of the influence of perceived economic inequality on social class stereotyping\" href=\"https:\/\/blogs.uned.es\/idenfusion\/2019\/10\/09\/ejemplo4\/\" target=\"_blank\" rel=\"noopener\">PDF<\/a><\/span><\/strong><\/span><\/span><\/p><p style=\"margin-left: 35.45pt;text-align: justify;text-indent: -35.45pt;line-height: normal\"><span style=\"color: #000000\"><span lang=\"FR\" style=\"font-size: 11.0pt;font-family: 'Arial',sans-serif\">Tossell, C., G\u00f3mez, \u00c1., de Visser, E., \u2026 &amp; Atran, S. (2022). <\/span><span lang=\"EN-US\" style=\"font-size: 11.0pt;font-family: 'Arial',sans-serif\">Spiritual over physical formidability determines willingness to fight and sacrifice through loyalty in cross-cultural populations. <\/span><em><span lang=\"FR\" style=\"font-size: 11.0pt;font-family: 'Arial',sans-serif\">PNAS.<\/span><\/em><span lang=\"FR\" style=\"font-size: 11.0pt;font-family: 'Arial',sans-serif\">\u00a0<span style=\"color: #0000ff\"><a style=\"color: #0000ff\" href=\"https:\/\/doi.org\/10.1073\/pnas.2113076119\" target=\"_blank\" rel=\"noopener\">https:\/\/doi.org\/10.1073\/pnas.2113076119<\/a>.<\/span> <\/span><span style=\"color: #800080\"><strong><span style=\"font-size: 11.0pt;font-family: 'Arial',sans-serif\"><a style=\"color: #800080\" href=\"https:\/\/blogs.uned.es\/idenfusion\/wp-content\/uploads\/sites\/553\/2024\/09\/Tossell-et-al-2022_Spiritual-over-physical-formability.pdf\" target=\"_blank\" rel=\"noopener\">PDF\u00a0<\/a><\/span><\/strong><\/span><\/span><\/p><p style=\"margin-left: 35.45pt;text-align: justify;text-indent: -35.45pt;line-height: normal\"><span style=\"color: #000000\"><span lang=\"FR\" style=\"font-size: 11.0pt;line-height: 115%;font-family: 'Arial',sans-serif\">V<\/span><span lang=\"FR\" style=\"font-size: 11.0pt;line-height: 115%;font-family: 'Arial',sans-serif\">an Lissa, C. J., Stroebe, W., vanDellen, M. R., Leander, N. P., Agostini, M., Draws, T., Grygoryshin, A., G\u00fctzgow, B., Kreienkamp, J., Vetter, C. S., Abakoumin, G., Khaiyom J. H. A., Ahmedi, V., Akkas, H., Almenara, C. A., Atta, M., Bagci, S. C., Basel, S., Kida, E. B., \u2026 &amp; <\/span><span lang=\"EN-US\" style=\"font-size: 11.0pt;line-height: 115%;font-family: 'Arial',sans-serif\">B\u00e9langer, J. J. (2022)<\/span><span lang=\"EN-US\" style=\"font-size: 11.0pt;font-family: 'Arial',sans-serif\"><span style=\"color: #000000\">. Using ma<\/span>chine learning to identify important predictors of COVID-19 infection prevention behaviors. <\/span><em><span style=\"font-size: 11.0pt;font-family: 'Arial',sans-serif\">Patterns<\/span><\/em><span style=\"font-size: 11.0pt;font-family: 'Arial',sans-serif\">, <em><span style=\"font-family: 'Arial',sans-serif\">3<\/span><\/em>, 100482. <span style=\"color: #0000ff\"><a style=\"color: #0000ff\" href=\"https:\/\/blogs.uned.es\/idenfusion\/publicaciones-2\/\" target=\"_blank\" rel=\"noopener\">https:\/\/doi.org\/10.1016\/j.patter.2022.100482<\/a>.<\/span> <\/span><span style=\"color: #800080\"><strong><span style=\"font-size: 11.0pt;font-family: 'Arial',sans-serif\"><a style=\"color: #800080\" href=\"https:\/\/blogs.uned.es\/idenfusion\/wp-content\/uploads\/sites\/553\/2024\/09\/Van-Lissa-et-al.-2022_-Using-machine-learning-for-COVID-19.pdf\" target=\"_blank\" rel=\"noopener\">PDF<\/a><br \/><\/span><\/strong><\/span><\/span><\/p><p style=\"margin-left: 35.45pt;text-align: justify;text-indent: -35.45pt;line-height: normal\"><span style=\"color: #000000\"><span lang=\"EN-US\" style=\"font-size: 11.0pt;font-family: 'Arial',sans-serif\">V\u00e1zquez<\/span><span style=\"font-size: 11.0pt;font-family: 'Arial',sans-serif\">, A., L\u00f3pez-Rodr\u00edguez, L., G\u00f3mez, \u00c1., &amp; Brambilla, M. (2022). <\/span><span lang=\"EN-US\" style=\"font-size: 11.0pt;font-family: 'Arial',sans-serif\">Verification of ingroup morality promotes willingness to participate in collective action for immigrants\u2019 rights. <em><span style=\"font-family: 'Arial',sans-serif\">Group Processes &amp; Intergroup Relations, 25<\/span><\/em>(1), 174\u2013192. <\/span><span style=\"font-size: 11pt;font-family: 'Arial', sans-serif;color: #0000ff\"><a style=\"color: #0000ff\" href=\"https:\/\/doi.org\/10.1177\/1368430220963820\" target=\"_blank\" rel=\"noopener\"><span lang=\"EN-US\">https:\/\/doi.org\/10.1177\/1368430220963820.<\/span><\/a><\/span> <span style=\"color: #800080\"><strong><span style=\"font-size: 11.0pt;font-family: 'Arial',sans-serif\"><a style=\"color: #800080\" title=\"Verification of ingroup morality promotes willingness to participate in collective action for immigrants\u00c3\u0083\u00c2\u0083\u00c3\u0082\u00c2\u0083\u00c3\u0083\u00c2\u0082\u00c3\u0082\u00c2\u0083\u00c3\u0083\u00c2\u0083\u00c3\u0082\u00c2\u0082\u00c3\u0083\u00c2\u0082\u00c3\u0082\u00c2\u0083\u00c3\u0083\u00c2\u0083\u00c3\u0082\u00c2\u0083\u00c3\u0083\u00c2\u0082\u00c3\u0082\u00c2\u0082\u00c3\u0083\u00c2\u0083\u00c3\u0082\u00c2\u0082\u00c3\u0083\u00c2\u0082\u00c3\u0082\u00c2\u0083\u00c3\u0083\u00c2\u0083\u00c3\u0082\u00c2\u0083\u00c3\u0083\u00c2\u0082\u00c3\u0082\u00c2\u0083\u00c3\u0083\u00c2\u0083\u00c3\u0082\u00c2\u0082\u00c3\u0083\u00c2\u0082\u00c3\u0082\u00c2\u0082\u00c3\u0083\u00c2\u0083\u00c3\u0082\u00c2\u0083\u00c3\u0083\u00c2\u0082\u00c3\u0082\u00c2\u0082\u00c3\u0083\u00c2\u0083\u00c3\u0082\u00c2\u0082\u00c3\u0083\u00c2\u0082\u00c3\u0082\u00c2\u0083\u00c3\u0083\u00c2\u0083\u00c3\u0082\u00c2\u0083\u00c3\u0083\u00c2\u0082\u00c3\u0082\u00c2\u0083\u00c3\u0083\u00c2\u0083\u00c3\u0082\u00c2\" href=\"https:\/\/blogs.uned.es\/idenfusion\/wp-content\/uploads\/sites\/553\/2024\/09\/Vazquez-et-al.-Verification-of-ingroup-morality_2022.pdf\" target=\"_blank\" rel=\"noopener\">PDF<\/a><\/span><\/strong><\/span><\/span><\/p><p style=\"margin-left: 35.45pt;text-align: justify;text-indent: -35.45pt;line-height: normal\"><span style=\"color: #000000\"><span style=\"font-size: 11.0pt;font-family: 'Arial',sans-serif\">V\u00e1zquez, A., Sayans, P., L\u00f3pez-Rodr\u00edguez, L., &amp; Zagefka, H. (2022). <\/span><span lang=\"EN-US\" style=\"font-size: 11.0pt;font-family: 'Arial',sans-serif\">Positive Contact with Working Class People Reduces Personal Contribution to Inequality. <em><span style=\"font-family: 'Arial',sans-serif\">Group Processes &amp; Intergroup Relations<\/span><\/em>. <\/span><span style=\"font-size: 11pt;font-family: 'Arial', sans-serif;color: #0000ff\"><a style=\"color: #0000ff\" href=\"https:\/\/doi.org\/10.1177\/13684302221108936\" target=\"_blank\" rel=\"noopener\"><span lang=\"EN-US\">https:\/\/doi.org\/10.1177\/13684302221108936.<\/span><\/a><\/span> <span style=\"color: #800080\"><strong><span style=\"font-size: 11.0pt;font-family: 'Arial',sans-serif\"><a style=\"color: #800080\" title=\"Positive Contact with Working Class People Reduces Personal Contribution to Inequality.\" href=\"https:\/\/blogs.uned.es\/idenfusion\/wp-content\/uploads\/sites\/553\/2024\/09\/Vazquez-et-al-2022-Positive-contact-with-working-class.pdf\" target=\"_blank\" rel=\"noopener\">PDF<\/a><\/span><\/strong><\/span><\/span><\/p><p style=\"margin-left: 35.45pt;text-align: justify;text-indent: -35.45pt;line-height: normal\"><span style=\"color: #000000\"><span lang=\"EN-US\" style=\"font-size: 11.0pt;font-family: 'Arial',sans-serif\">Zagefka<\/span><span lang=\"EN-US\" style=\"font-size: 11.0pt;font-family: 'Arial',sans-serif\">, H., Moftizadeh, N., Lefringhausen, K., L\u00f3pez-Rodr\u00edguez, L., Urbiola, A., &amp; V\u00e1zquez, A. (2022). Blindspots in Acculturation Research: An Agenda for Studying Majority Culture Change. <\/span><em><span style=\"font-size: 11.0pt;font-family: 'Arial',sans-serif\">European Review of Social Psychology<\/span><\/em><span style=\"font-size: 11.0pt;font-family: 'Arial',sans-serif\">. <a href=\"https:\/\/doi.org\/10.1080\/10463283.2022.2079813.\" target=\"_blank\" rel=\"noopener\"><span style=\"color: #0000ff\">https:\/\/doi.org\/10.1080\/10463283.2022.2079813.<\/span> <\/a><\/span><strong><span style=\"color: #800080\"><span style=\"font-size: 11.0pt;font-family: 'Arial',sans-serif\"><a style=\"color: #800080\" title=\"Blindspots in Acculturation Research: An Agenda for Studying Majority Culture Change.\" href=\"https:\/\/blogs.uned.es\/idenfusion\/wp-content\/uploads\/sites\/553\/2024\/09\/Zagefka-et-al.-Blindspots-in-acculturation-research-An-agenda-for-studying-majority-culture-change_2022.pdf\" target=\"_blank\" rel=\"noopener\">PDF<\/a><\/span><\/span><\/strong><\/span><\/p>\t\t\t\t\t\t\t\t<\/div>\n\t\t\t\t<\/div>\n\t\t\t\t\t<\/div>\n\t\t<\/div>\n\t\t\t\t\t<\/div>\n\t\t<\/section>\n\t\t\t\t<section class=\"elementor-section elementor-top-section elementor-element elementor-element-a3e2e89 elementor-section-boxed elementor-section-height-default elementor-section-height-default\" data-id=\"a3e2e89\" data-element_type=\"section\" data-e-type=\"section\">\n\t\t\t\t\t\t<div class=\"elementor-container elementor-column-gap-default\">\n\t\t\t\t\t<div class=\"elementor-column elementor-col-100 elementor-top-column elementor-element elementor-element-e1605a1\" data-id=\"e1605a1\" data-element_type=\"column\" data-e-type=\"column\">\n\t\t\t<div class=\"elementor-widget-wrap elementor-element-populated\">\n\t\t\t\t\t\t<div class=\"elementor-element elementor-element-bcd1dae elementor-widget elementor-widget-menu-anchor\" data-id=\"bcd1dae\" data-element_type=\"widget\" data-e-type=\"widget\" data-widget_type=\"menu-anchor.default\">\n\t\t\t\t<div class=\"elementor-widget-container\">\n\t\t\t\t\t\t\t<div class=\"elementor-menu-anchor\" id=\"2021\"><\/div>\n\t\t\t\t\t\t<\/div>\n\t\t\t\t<\/div>\n\t\t\t\t<div class=\"elementor-element elementor-element-124e722 elementor-widget elementor-widget-heading\" data-id=\"124e722\" data-element_type=\"widget\" data-e-type=\"widget\" data-widget_type=\"heading.default\">\n\t\t\t\t<div class=\"elementor-widget-container\">\n\t\t\t\t\t<h2 class=\"elementor-heading-title elementor-size-default\">2021<\/h2>\t\t\t\t<\/div>\n\t\t\t\t<\/div>\n\t\t\t\t\t<\/div>\n\t\t<\/div>\n\t\t\t\t\t<\/div>\n\t\t<\/section>\n\t\t\t\t<section class=\"elementor-section elementor-top-section elementor-element elementor-element-ab14517 elementor-section-boxed elementor-section-height-default elementor-section-height-default\" data-id=\"ab14517\" data-element_type=\"section\" data-e-type=\"section\">\n\t\t\t\t\t\t<div class=\"elementor-container elementor-column-gap-default\">\n\t\t\t\t\t<div class=\"elementor-column elementor-col-100 elementor-top-column elementor-element elementor-element-ea7b527\" data-id=\"ea7b527\" data-element_type=\"column\" data-e-type=\"column\">\n\t\t\t<div class=\"elementor-widget-wrap elementor-element-populated\">\n\t\t\t\t\t\t<div class=\"elementor-element elementor-element-2ce84cc elementor-widget elementor-widget-text-editor\" data-id=\"2ce84cc\" data-element_type=\"widget\" data-e-type=\"widget\" data-widget_type=\"text-editor.default\">\n\t\t\t\t<div class=\"elementor-widget-container\">\n\t\t\t\t\t\t\t\t\t<p style=\"margin-left: 35.45pt;text-align: justify;text-indent: -35.45pt;line-height: normal\"><span style=\"color: #000000\"><span style=\"font-size: 11.0pt;font-family: 'Arial',sans-serif\">Bar\u00f3n, I., Carrasco, N., Santos, J., L\u00f3pez, J. J., &amp; Gonz\u00e1lez, J. L.(2021). <\/span><span style=\"font-size: 11.0pt;font-family: 'Arial',sans-serif\">El filicidio en Espa\u00f1a. Situaci\u00f3n y limitaciones para su estudio. <em><span style=\"font-family: 'Arial',sans-serif\">Behavior &amp; Law Journal, 7<\/span><\/em>(1), 13-22. <\/span><span style=\"color: #0000ff\"><a style=\"color: #0000ff\" href=\"https:\/\/doi.org\/10.47442\/blj.v7.i1.86\" target=\"_blank\" rel=\"noopener\"><span lang=\"DE\" style=\"font-size: 11.0pt;font-family: 'Arial',sans-serif\">https:\/\/doi.org\/10.47442\/blj.v7.i1.86.<\/span><\/a><\/span> <strong><span style=\"color: #800080\"><a style=\"color: #800080\" title=\"Filicide in Spain. Situation and limitations for its study.\" href=\"https:\/\/blogs.uned.es\/idenfusion\/wp-content\/uploads\/sites\/553\/2024\/10\/Baron-et-al.-2021-_-El-filicidio-en-Espana.pdf\" target=\"_blank\" rel=\"noopener\"><span lang=\"DE\" style=\"font-size: 11.0pt;font-family: 'Arial',sans-serif\">PDF<\/span><\/a><\/span><\/strong><\/span><\/p><p style=\"margin-left: 35.45pt;text-align: justify;text-indent: -35.45pt;line-height: normal\"><span style=\"color: #000000\"><span lang=\"DE\" style=\"font-size: 11.0pt;font-family: 'Arial',sans-serif\">Bosson<\/span><span lang=\"DE\" style=\"font-size: 11.0pt;font-family: 'Arial',sans-serif\">, J. <\/span><span lang=\"DE\" style=\"font-size: 11.0pt;font-family: 'Arial',sans-serif\">K<\/span><span lang=\"DE\" style=\"font-size: 11.0pt;font-family: 'Arial',sans-serif\">., Jurek, P., Vandello, J. A., Kosakowska-Berezecka, N., Olech, M., Besta, T., &#8230; <\/span><span lang=\"EN-US\" style=\"font-size: 11.0pt;font-family: 'Arial',sans-serif\">&amp; Van Laar, C. (2021). Psychometric Properties and Correlates of Precarious Manhood Beliefs in 62 Nations.\u00a0<em><span style=\"font-family: 'Arial',sans-serif\">Journal of Cross-Cultural Psychology<\/span><\/em>. <span style=\"color: #0000ff\"><a href=\"https:\/\/doi.org\/10.1177\/0022022121997997\" target=\"_blank\" rel=\"noopener\">https:\/\/doi.org\/10.1177\/0022022121997997<\/a>.<\/span>\u00a0<\/span><strong><span style=\"color: #800080\"><a style=\"color: #800080\" href=\"https:\/\/blogs.uned.es\/idenfusion\/wp-content\/uploads\/sites\/553\/2024\/10\/Bosson-et-al-2021-Psychometric-Properties.pdf\" target=\"_blank\" rel=\"noopener\"><span lang=\"EN-US\" style=\"font-size: 11.0pt;font-family: 'Arial',sans-serif\">PDF<\/span><\/a><\/span><\/strong><span lang=\"EN-US\" style=\"font-size: 11.0pt;font-family: 'Arial',sans-serif\">\u00a0<\/span><\/span><\/p><p style=\"margin-left: 35.45pt;text-align: justify;text-indent: -35.45pt;line-height: normal\"><span style=\"color: #000000\"><span lang=\"EN-US\" style=\"font-size: 11.0pt;font-family: 'Arial',sans-serif\">Chiclana<\/span><span lang=\"EN-US\" style=\"font-size: 11.0pt;font-family: 'Arial',sans-serif\">, S., Gal\u00e1n, D., Garc\u00eda-Vita, M.M &amp; de Juanas, A. (2021). <\/span><span style=\"font-size: 11.0pt;font-family: 'Arial',sans-serif\">Ocio y tiempo libre en prisi\u00f3n. Los m\u00f3dulos de respeto como espacios que generan bienestar en tiempos de pandemia. <em><span style=\"font-family: 'Arial',sans-serif\">Edetania 60<\/span><\/em>, 165-186. <\/span><span style=\"color: #0000ff\"><a style=\"color: #0000ff\" href=\"https:\/\/doi.org\/10.46583\/edetania_2021.60.906\" target=\"_blank\" rel=\"noopener\"><span style=\"font-size: 11.0pt;font-family: 'Arial',sans-serif\">https:\/\/doi.org\/10.46583\/edetania_2021.60.906<\/span><\/a><\/span><span style=\"font-size: 11.0pt;font-family: 'Arial',sans-serif\"><span style=\"color: #0000ff\">.<\/span> <\/span><a style=\"color: #000000\" title=\"Ocio y tiempo libre en prisi\u00c3\u0083\u00c2\u0083\u00c3\u0082\u00c2\u0083\u00c3\u0083\u00c2\u0082\u00c3\u0082\u00c2\u0083\u00c3\u0083\u00c2\u0083\u00c3\u0082\u00c2\u0082\u00c3\u0083\u00c2\u0082\u00c3\u0082\u00c2\u00b3n. Los m\u00c3\u0083\u00c2\u0083\u00c3\u0082\u00c2\u0083\u00c3\u0083\u00c2\u0082\u00c3\u0082\u00c2\u0083\u00c3\u0083\u00c2\u0083\u00c3\u0082\u00c2\u0082\u00c3\u0083\u00c2\u0082\u00c3\u0082\u00c2\u00b3dulos de respeto como espacios que generan bienestar en tiempos de pandemia.\u00c3\u0083\u00c2\u0083\u00c3\u0082\u00c2\u0083\u00c3\u0083\u00c2\u0082\u00c3\u0082\u00c2\u00af\u00c3\u0083\u00c2\u0083\u00c3\u0082\u00c2\u0082\u00c3\u0083\u00c2\u0082\u00c3\u0082\u00c2\u00bf\u00c3\u0083\u00c2\u0083\u00c3\u0082\u00c2\u0082\u00c3\u0083\u00c2\u0082\u00c3\u0082\u00c2\u00bf\" href=\"https:\/\/blogs.uned.es\/idenfusion\/wp-content\/uploads\/sites\/553\/2024\/10\/Chiclana-et-al-2021_Ocio-y-tiempo-libre-en-prision.pdf\" target=\"_blank\" rel=\"noopener\"><span style=\"font-size: 11.0pt;font-family: 'Arial',sans-serif\"><span style=\"color: #800080\"><strong>PDF<\/strong><\/span><\/span><\/a><\/span><\/p><p style=\"margin-left: 35.45pt;text-align: justify;text-indent: -35.45pt;line-height: normal\"><span style=\"color: #000000\"><span style=\"font-size: 11.0pt;font-family: 'Arial',sans-serif\">Chinchilla, J., V\u00e1zquez, A. &amp; G\u00f3mez, \u00c1. (2021). <\/span><span lang=\"EN-US\" style=\"font-size: 11.0pt;font-family: 'Arial',sans-serif\">Identity fusion predicts violent pro-<\/span><span lang=\"EN-US\" style=\"font-size: 11.0pt;font-family: 'Arial',sans-serif\">group<\/span> <span lang=\"EN-US\" style=\"font-size: 11.0pt;font-family: 'Arial',sans-serif\">behavior<\/span><span lang=\"EN-US\" style=\"font-size: 11.0pt;font-family: 'Arial',sans-serif\"> when it is morally justifiable. <em><span style=\"font-family: 'Arial',sans-serif\">The Journal of Social Psychology.<\/span><\/em>\u00a0<span style=\"color: #0000ff\"><a href=\"https:\/\/doi.org\/10.1080\/00224545.2021.1948813\" target=\"_blank\" rel=\"noopener\">https:\/\/doi.org\/10.1080\/00224545.2021.1948813<\/a>.<\/span>\u00a0<\/span><strong><span style=\"color: #800080\"><a style=\"color: #800080\" href=\"https:\/\/blogs.uned.es\/idenfusion\/wp-content\/uploads\/sites\/553\/2024\/10\/Chinchilla-et-al-2021-Identity-fusion-predicts.pdf\" target=\"_blank\" rel=\"noopener\"><span lang=\"EN-US\" style=\"font-size: 11.0pt;font-family: 'Arial',sans-serif\">PDF<\/span><\/a><\/span><\/strong><\/span><\/p><p style=\"margin-left: 35.45pt;text-align: justify;text-indent: -35.45pt;line-height: normal\"><span style=\"color: #000000\"><span lang=\"EN-US\" style=\"font-size: 11.0pt;font-family: 'Arial',sans-serif\">Cuadrado<\/span><span lang=\"EN-US\" style=\"font-size: 11.0pt;font-family: 'Arial',sans-serif\">, I., Brambilla, M., &amp; L\u00f3pez-Rodr\u00edguez, L. (2021). Unpacking negative attitudes towards Moroccans: The interactive effect of ethnicity and gender on perceived morality. <\/span><em><span style=\"font-size: 11.0pt;font-family: 'Arial',sans-serif\">International journal of psychology<\/span><\/em><span style=\"font-size: 11.0pt;font-family: 'Arial',sans-serif\">, <em><span style=\"font-family: 'Arial',sans-serif\">56<\/span><\/em>(6), 961\u2013966. <\/span><span style=\"color: #0000ff\"><a style=\"color: #0000ff\" href=\"https:\/\/doi.org\/10.1002\/ijop.12794\" target=\"_blank\" rel=\"noopener\"><span style=\"font-size: 11.0pt;font-family: 'Arial',sans-serif\">https:\/\/doi.org\/10.1002\/ijop.12794.<\/span><\/a><\/span> <strong><span style=\"color: #800080\"><a style=\"color: #800080\" title=\"Unpacking negative attitudes towards Moroccans: The interactive effect of ethnicity and gender on perceived morality\" href=\"https:\/\/blogs.uned.es\/idenfusion\/wp-content\/uploads\/sites\/553\/2024\/10\/Cuadrado-et-al.-2021_-Unpacking-negative-attitudes.pdf\" target=\"_blank\" rel=\"noopener\"><span style=\"font-size: 11.0pt;font-family: 'Arial',sans-serif\">PDF<\/span><\/a><\/span><\/strong><\/span><\/p><p style=\"margin-left: 35.45pt;text-align: justify;text-indent: -35.45pt;line-height: normal\"><span style=\"color: #000000\"><span style=\"font-size: 11.0pt;font-family: 'Arial',sans-serif\">Cuadrado<\/span><span style=\"font-size: 11.0pt;font-family: 'Arial',sans-serif\">, I., L\u00f3pez-Rodr\u00edguez, L., Brambilla, M., &amp; Ordo\u00f1ez-Carrasco, J. (2021). <\/span><span lang=\"EN-US\" style=\"font-size: 11.0pt;font-family: 'Arial',sans-serif\">Active and passive facilitation tendencies at work towards sexy and professional women: The role of stereotypes and emotions. <\/span><em><span style=\"font-size: 11.0pt;font-family: 'Arial',sans-serif\">Psychological Reports<\/span><\/em><span style=\"font-size: 11.0pt;font-family: 'Arial',sans-serif\">. <\/span><span style=\"color: #0000ff\"><a style=\"color: #0000ff\" href=\"https:\/\/doi.org\/10.1177\/00332941211058149\" target=\"_blank\" rel=\"noopener\"><span style=\"font-size: 11.0pt;font-family: 'Arial',sans-serif\">https:\/\/doi.org\/10.1177\/00332941211058149.<\/span><\/a><\/span> <strong><span style=\"color: #800080\"><a style=\"color: #800080\" title=\"Active and passive facilitation tendencies at work towards sexy and professional women: The role of stereotypes and emotions.\" href=\"https:\/\/blogs.uned.es\/idenfusion\/wp-content\/uploads\/sites\/553\/2024\/10\/Cuadrado.-Lopez-Rodriguez-2021_Tendencies-at-work-towards-sexy-and-professional-women.pdf\" target=\"_blank\" rel=\"noopener\"><span style=\"font-size: 11.0pt;font-family: 'Arial',sans-serif\">PDF<\/span><\/a><\/span><\/strong><\/span><\/p><p style=\"margin-left: 35.45pt;text-align: justify;text-indent: -35.45pt;line-height: normal\"><span style=\"color: #000000\"><span style=\"font-size: 11.0pt;font-family: 'Arial',sans-serif\">Cuadrado<\/span><span style=\"font-size: 11.0pt;font-family: 'Arial',sans-serif\">, I., Ord\u00f3\u00f1ez-Carrasco, J.,\u00a0L\u00f3pez-Rodr\u00edguez, L., V\u00e1zquez, A., Brambilla, M. (2021).\u00a0<\/span><span lang=\"EN-US\" style=\"font-size: 11.0pt;font-family: 'Arial',sans-serif\">Tolerance towards\u00a0difference: Adaptation and psychometric properties of the Spanish version of a new measure of tolerance and\u00a0sex-moderated relations with prejudice. <em><span style=\"font-family: 'Arial',sans-serif\">International Journal of Intercultural Relations,\u00a084<\/span><\/em>, 220-232.\u00a0<span style=\"color: #0000ff\"><a style=\"color: #0000ff\" href=\"https:\/\/doi.org\/10.1016\/j.ijintrel.2021.08.005\" target=\"_blank\" rel=\"noopener\">https:\/\/doi.org\/10.1016\/j.ijintrel.2021.08.005<\/a>.<\/span> <\/span><strong><span style=\"color: #800080\"><a style=\"color: #800080\" href=\"https:\/\/blogs.uned.es\/idenfusion\/wp-content\/uploads\/sites\/553\/2024\/10\/Cuadrado-I.-et-al-2021_Tolerance-towards-difference.pdf\" target=\"_blank\" rel=\"noopener\"><span style=\"font-size: 11.0pt;font-family: 'Arial',sans-serif\">PDF<\/span><\/a><\/span><\/strong><\/span><\/p><p style=\"margin-left: 35.45pt;text-align: justify;text-indent: -35.45pt;line-height: normal\"><span style=\"color: #000000\"><span style=\"font-size: 11.0pt;font-family: 'Arial',sans-serif\">G\u00f3mez<\/span><span style=\"font-size: 11.0pt;font-family: 'Arial',sans-serif\">, \u00c1., B\u00e9langer, J. J., Chinchilla, J., V\u00e1zquez, A., Schumpe, B. M., Nisa, C. F.\u00a0&amp; Chiclana, S. (2021). <\/span><span lang=\"EN-US\" style=\"font-size: 11.0pt;font-family: 'Arial',sans-serif\">Admiration for Islamist groups encourages self-sacrifice through identity fusion. <em><span style=\"font-family: 'Arial',sans-serif\">Humanities and Social Sciences Communications,\u00a08<\/span><\/em>, 54<em><span style=\"font-family: 'Arial',sans-serif\">.\u00a0<\/span><\/em><span style=\"color: #0000ff\"><a style=\"color: #0000ff\" href=\"https:\/\/doi.org\/10.1057\/s41599-021-00734-9\" target=\"_blank\" rel=\"noopener\">https:\/\/doi.org\/10.1057\/s41599-021-00734-9<\/a>.<\/span> <\/span><strong><span style=\"color: #800080\"><a style=\"color: #800080\" href=\"https:\/\/blogs.uned.es\/idenfusion\/wp-content\/uploads\/sites\/553\/2024\/10\/Gomez-et-al-2021_Admiration-for-islamist-groups.pdf\" target=\"_blank\" rel=\"noopener\"><span lang=\"EN-US\" style=\"font-size: 11.0pt;font-family: 'Arial',sans-serif\">PDF<\/span><\/a><\/span><\/strong><\/span><\/p><p style=\"margin-left: 35.45pt;text-align: justify;text-indent: -35.45pt;line-height: normal\"><span style=\"color: #000000\"><span lang=\"EN-US\" style=\"font-size: 11.0pt;font-family: 'Arial',sans-serif\">G\u00f3mez, \u00c1., Mart\u00ednez, M., Martel, F. A.,\u00a0L\u00f3pez-Rodr\u00edguez, L., V\u00e1zquez, A., Chinchilla, J., Paredes, B., Hettiarachchi, M., Hamid, N.\u00a0&amp; Swann, W.B. Jr. (2021). Why people enter and embrace violent groups. <em><span style=\"font-family: 'Arial',sans-serif\">Frontiers.\u00a0<\/span><\/em><span style=\"color: #0000ff\"><a style=\"color: #0000ff\" href=\"https:\/\/doi.org\/10.3389\/fpsyg.2020.614657\" target=\"_blank\" rel=\"noopener\">https:\/\/doi.org\/10.3389\/fpsyg.2020.614657<\/a>.<\/span> <\/span><strong><span style=\"color: #800080\"><a style=\"color: #800080\" href=\"https:\/\/blogs.uned.es\/idenfusion\/wp-content\/uploads\/sites\/553\/2024\/10\/Gomez-et-al-2021-Why-people-enter-and-embrace.pdf\" target=\"_blank\" rel=\"noopener\"><span style=\"font-size: 11.0pt;font-family: 'Arial',sans-serif\">PDF<\/span><\/a><\/span><\/strong><span style=\"font-size: 11.0pt;font-family: 'Arial',sans-serif\">\u00a0<\/span><\/span><\/p><p style=\"margin-left: 35.45pt;text-align: justify;text-indent: -35.45pt;line-height: normal\"><span style=\"color: #000000\"><span style=\"font-size: 11.0pt;font-family: 'Arial',sans-serif\">Han<\/span><span style=\"font-size: 11.0pt;font-family: 'Arial',sans-serif\">, Q<\/span><span style=\"font-size: 11.0pt;font-family: 'Arial',sans-serif\">.,<\/span><span style=\"font-size: 11.0pt;font-family: 'Arial',sans-serif\"> Zheng, B., Agostini, M., B\u00e9langer, J. J., G\u00fctzkow, B., Kreienkamp, J., Reitsema, A. M., van Breen, J. A., Psycorona Collaboration\u00a0&amp; Leander, N. P. (2021). <\/span><span lang=\"EN-US\" style=\"font-size: 11.0pt;font-family: 'Arial',sans-serif\">Associations of risk perception of COVID-19 with emotion and mental health during the pandemic. <em><span style=\"font-family: 'Arial',sans-serif\">Journal of Affective Disorders, 284<\/span><\/em>, 247-255.<em><span style=\"font-family: 'Arial',sans-serif\">\u00a0<\/span><\/em><span style=\"color: #0000ff\"><a style=\"color: #0000ff\" href=\"https:\/\/doi.org\/10.1016\/j.jad.2021.01.049\" target=\"_blank\" rel=\"noopener\">https:\/\/doi.org\/10.1016\/j.jad.2021.01.049<\/a>.<\/span> <\/span><strong><span style=\"color: #800080\"><a style=\"color: #800080\" href=\"https:\/\/blogs.uned.es\/idenfusion\/wp-content\/uploads\/sites\/553\/2024\/10\/Han-et-al-2021_Risk-perception-of-COVID-19.pdf\" target=\"_blank\" rel=\"noopener\"><span lang=\"EN-US\" style=\"font-size: 11.0pt;font-family: 'Arial',sans-serif\">PDF<\/span><\/a><\/span><\/strong><\/span><\/p><p style=\"margin-left: 35.45pt;text-align: justify;text-indent: -35.45pt;line-height: normal\"><span style=\"color: #000000\"><span lang=\"EN-US\" style=\"font-size: 11.0pt;font-family: 'Arial',sans-serif\">Han<\/span><span lang=\"EN-US\" style=\"font-size: 11.0pt;font-family: 'Arial',sans-serif\"> Q.,\u00a0<\/span><span lang=\"EN-US\" style=\"font-size: 11.0pt;font-family: 'Arial',sans-serif\">et<\/span><span lang=\"EN-US\" style=\"font-size: 11.0pt;font-family: 'Arial',sans-serif\">\u00a0al. (2021). Trust in government regarding COVID-19 and its associations with preventive health behaviour and prosocial behaviour during the pandemic: a cross-sectional and longitudinal study. <\/span><em><span lang=\"FR\" style=\"font-size: 11.0pt;font-family: 'Arial',sans-serif\">Psychological Medicine, <\/span><\/em><span lang=\"FR\" style=\"font-size: 11.0pt;font-family: 'Arial',sans-serif\">1\u201311.\u00a0<span style=\"color: #0000ff\"><a style=\"color: #0000ff\" href=\"https:\/\/doi.org\/10.1017\/S0033291721001306\" target=\"_blank\" rel=\"noopener\">https:\/\/doi.org\/10.1017\/S0033291721001306<\/a>.<\/span> <\/span><strong><span style=\"color: #800080\"><a style=\"color: #800080\" href=\"https:\/\/blogs.uned.es\/idenfusion\/wp-content\/uploads\/sites\/553\/2024\/10\/Han-et-al-2021_Trust-in-Government.pdf\" target=\"_blank\" rel=\"noopener\"><span lang=\"FR\" style=\"font-size: 11.0pt;font-family: 'Arial',sans-serif\">PDF<\/span><\/a><\/span><\/strong><\/span><\/p><p style=\"margin-left: 35.45pt;text-align: justify;text-indent: -35.45pt;line-height: normal\"><span style=\"color: #000000\"><span lang=\"EN-US\" style=\"font-size: 11.0pt;font-family: 'Arial',sans-serif\">Jin, S., Balliet, D., Romano, A., Spadaro, G., van Lissa, C. J., Agostini, M., B\u00e9langer, J. J., G\u00fczkow, B., Kreienkamp, J., &amp; PsyCorona Collaboration (2021). Intergenerational conflicts of interest and prosocial behavior during the COVID-19 pandemic. <em><span style=\"font-family: 'Arial',sans-serif\">Personality and Individual Differences.\u00a0<\/span><\/em><span style=\"color: #0000ff\"><a style=\"color: #0000ff\" href=\"https:\/\/doi.org\/10.1016\/j.paid.2020.110535\" target=\"_blank\" rel=\"noopener\">https:\/\/doi.org\/10.1016\/j.paid.2020.110535<\/a>.<\/span> <\/span><strong><span style=\"color: #800080\"><a style=\"color: #800080\" href=\"https:\/\/blogs.uned.es\/idenfusion\/wp-content\/uploads\/sites\/553\/2024\/10\/Jin-et-al.-2021.pdf\" target=\"_blank\" rel=\"noopener\"><span lang=\"EN-US\" style=\"font-size: 11.0pt;font-family: 'Arial',sans-serif\">PDF<\/span><\/a><\/span><\/strong><\/span><\/p><p style=\"margin-left: 35.45pt;text-align: justify;text-indent: -35.45pt;line-height: normal\"><span style=\"color: #000000\"><span lang=\"EN-US\" style=\"font-size: 11.0pt;font-family: 'Arial',sans-serif\">Lang<\/span><span lang=\"EN-US\" style=\"font-size: 11.0pt;font-family: 'Arial',sans-serif\">, M., Xygalatas, D., Kavanagh, C.M., Boccardi, N., Halberstadt, J., Jackson, Ch., Mart\u00ednez, M., Reddish, P., Tong, E. M. W., V\u00e1zquez, A., Whitehouse, H., Yamamoto, M. E., Yuki, M.\u00a0&amp; G\u00f3mez, \u00c1. (2021). Outgroup Threat and the Emergence of Cohesive Groups: A Cross-Cultural Examination.\u00a0<\/span><em><span lang=\"FR\" style=\"font-size: 11.0pt;font-family: 'Arial',sans-serif\">Group Processes &amp; Intergroup Relations<\/span><\/em><span lang=\"FR\" style=\"font-size: 11.0pt;font-family: 'Arial',sans-serif\">. <span style=\"color: #0000ff\"><a style=\"color: #0000ff\" href=\"https:\/\/doi.org\/10.1177\/13684302211016961\" target=\"_blank\" rel=\"noopener\">https:\/\/doi.org\/10.1177\/13684302211016961<\/a>.<\/span> <\/span><strong><span style=\"color: #800080\"><a style=\"color: #800080\" href=\"https:\/\/blogs.uned.es\/idenfusion\/wp-content\/uploads\/sites\/553\/2024\/10\/Lang-et-al-2021.pdf\" target=\"_blank\" rel=\"noopener\"><span lang=\"FR\" style=\"font-size: 11.0pt;font-family: 'Arial',sans-serif\">PDF<\/span><\/a><\/span><\/strong><span lang=\"FR\" style=\"font-size: 11.0pt;font-family: 'Arial',sans-serif\">\u00a0<\/span><\/span><\/p><p style=\"margin-left: 35.45pt;text-align: justify;text-indent: -35.45pt;line-height: normal\"><span style=\"color: #000000\"><span lang=\"FR\" style=\"font-size: 11.0pt;font-family: 'Arial',sans-serif\"> Lima, M. E. O., de Franca, D. X., Jetten, J., Pereira, C. R., Wohl, M. J. A., Jasinskaja-Lahti, I., Hong, Y., Torres, A. R., Costa-Lopes, R., Ariyanto, A., Autin, F., Ayub, N., Badea, C., Besta, T., Butera, F., Fantini-Hauwel, C., Finchilescu, G., Gaertner, L., Golwitzer, M.,\u2026 van der Bles, A. M.<\/span><span lang=\"EN-US\" style=\"font-size: 11.0pt;font-family: 'Arial',sans-serif\">(2021). Materialist and post-materialist concerns and the wish for a strong leader in 27 countries. <em><span style=\"font-family: 'Arial',sans-serif\">Journal of Social and Political Psychology,\u00a09<\/span><\/em>(1), 207\u2013220. <span style=\"color: #0000ff\"><a style=\"color: #0000ff\" href=\"https:\/\/doi.org\/10.5964\/jspp.6213\" target=\"_blank\" rel=\"noopener\">https:\/\/doi.org\/10.5964\/jspp.6213<\/a>.<\/span> <\/span><strong><span style=\"color: #800080\"><a style=\"color: #800080\" href=\"https:\/\/blogs.uned.es\/idenfusion\/wp-content\/uploads\/sites\/553\/2024\/10\/Lima-et-al-2021.pdf\" target=\"_blank\" rel=\"noopener\"><span style=\"font-size: 11.0pt;font-family: 'Arial',sans-serif\">PDF<\/span><\/a><\/span><\/strong><\/span><\/p><p style=\"margin-left: 35.45pt;text-align: justify;text-indent: -35.45pt;line-height: normal\"><span style=\"color: #000000\"><span style=\"font-size: 11.0pt;font-family: 'Arial',sans-serif\">L\u00f3pez<\/span><span style=\"font-size: 11.0pt;font-family: 'Arial',sans-serif\">&#8211;<\/span><span style=\"font-size: 11.0pt;font-family: 'Arial',sans-serif\">Rodr\u00edguez<\/span><span style=\"font-size: 11.0pt;font-family: 'Arial',sans-serif\">, L., Halperin, E., V\u00e1zquez, A., Cuadrado. I., Navas, M.\u00a0&amp; G\u00f3mez, A. (2021). <\/span><span lang=\"EN-US\" style=\"font-size: 11.0pt;font-family: 'Arial',sans-serif\">Awareness of the psychological bias on Na\u00efve realism can increase acceptance of cultural differences. <em><span style=\"font-family: 'Arial',sans-serif\">Personality and Social Psychology Bulletin<\/span><\/em>. <span style=\"color: #0000ff\"><a style=\"color: #0000ff\" href=\"https:\/\/doi.org\/10.1177\/01461672211027034\" target=\"_blank\" rel=\"noopener\">https:\/\/doi.org\/10.1177\/01461672211027034<\/a>.<\/span> <\/span><strong><span style=\"color: #800080\"><a style=\"color: #800080\" href=\"https:\/\/blogs.uned.es\/idenfusion\/wp-content\/uploads\/sites\/553\/2024\/10\/Lopez-Rodriguez-et-al-2021_Awareness.pdf\" target=\"_blank\" rel=\"noopener\"><span lang=\"EN-US\" style=\"font-size: 11.0pt;font-family: 'Arial',sans-serif\">PDF<\/span><\/a><\/span><\/strong><\/span><\/p><p style=\"margin-left: 35.45pt;text-align: justify;text-indent: -35.45pt;line-height: normal\"><span style=\"color: #000000\"><span lang=\"EN-US\" style=\"font-size: 11.0pt;font-family: 'Arial',sans-serif\">Martel<\/span><span lang=\"EN-US\" style=\"font-size: 11.0pt;font-family: 'Arial',sans-serif\">, F. A., Buhrmester, M., G\u00f3mez, \u00c1.,\u00a0V\u00e1zquez, A. and Swann, W. B. Jr. (2021). Why True Believers Make the Ultimate Sacrifice: Sacred Values, Moral Convictions, or Identity Fusion? <\/span><em><span lang=\"FR\" style=\"font-size: 11.0pt;font-family: 'Arial',sans-serif\">Frontiers in\u00a0Psychology, 12<\/span><\/em><span lang=\"FR\" style=\"font-size: 11.0pt;font-family: 'Arial',sans-serif\">. <span style=\"color: #0000ff\"><a style=\"color: #0000ff\" href=\"https:\/\/doi.org\/10.3389\/fpsyg.2021.779120\" target=\"_blank\" rel=\"noopener\">https:\/\/doi.org\/10.3389\/fpsyg.2021.779120<\/a>.<\/span> <\/span><strong><span style=\"color: #800080\"><a style=\"color: #800080\" href=\"https:\/\/blogs.uned.es\/idenfusion\/wp-content\/uploads\/sites\/553\/2024\/10\/Martel-et-al-2021.pdf\" target=\"_blank\" rel=\"noopener\"><span lang=\"FR\" style=\"font-size: 11.0pt;font-family: 'Arial',sans-serif\">PDF<\/span><\/a><\/span><\/strong><\/span><\/p><p style=\"margin-left: 35.45pt;text-align: justify;text-indent: -35.45pt;line-height: normal\"><span style=\"color: #000000\"><span lang=\"EN-US\" style=\"font-size: 11.0pt;font-family: 'Arial',sans-serif\">Mendez<\/span><span lang=\"FR\" style=\"font-size: 11.0pt;font-family: 'Arial',sans-serif\">, D., Lois, D. &amp; V\u00e1zquez, A. (2021).\u00a0<\/span><span style=\"font-size: 11.0pt;font-family: 'Arial',sans-serif\">Los Efectos del Sexo y del Autoritarismo en la Legitimaci\u00f3n de los Abusos Policiales. <em><span style=\"font-family: 'Arial',sans-serif\">Anuario de Psicolog\u00eda Jur\u00eddica,\u00a032<\/span><\/em>, 71-77. <span style=\"color: #0000ff\"><a style=\"color: #0000ff\" href=\"https:\/\/doi.org\/10.5093\/apj2021a18\" target=\"_blank\" rel=\"noopener\">https:\/\/doi.org\/10.5093\/apj2021a18<\/a>.<\/span> <\/span><strong><span style=\"color: #800080\"><a style=\"color: #800080\" href=\"https:\/\/blogs.uned.es\/idenfusion\/wp-content\/uploads\/sites\/553\/2024\/10\/Mendez-Lois-Vazquez-2021.pdf\" target=\"_blank\" rel=\"noopener\"><span style=\"font-size: 11.0pt;font-family: 'Arial',sans-serif\">PDF<\/span><\/a><\/span><\/strong><\/span><\/p><p style=\"margin-left: 35.45pt;text-align: justify;text-indent: -35.45pt;line-height: normal\"><span style=\"color: #000000\"><span style=\"font-size: 11.0pt;font-family: 'Arial',sans-serif\">Migliucci<\/span><span style=\"font-size: 11.0pt;font-family: 'Arial',sans-serif\">, D. &amp; L\u00f3pez-Rodr\u00edguez, L. (Eds.) (2021). <em><span style=\"font-family: 'Arial',sans-serif\">El conflicto humano. Or\u00edgenes, din\u00e1micas, secuelas y resoluci\u00f3n de los conflictos contempor\u00e1neos<\/span><\/em>. Sanz y Torres.<\/span><\/span><\/p><p style=\"margin-left: 35.45pt;text-align: justify;text-indent: -35.45pt;line-height: normal\"><span style=\"color: #000000\"><span style=\"font-size: 11.0pt;font-family: 'Arial',sans-serif\">Moftizadeh, N.,\u00a0Zagefka, H.,\u00a0L\u00f3pez-Rodr\u00edguez, L.,\u00a0V\u00e1zquez, A. &amp;\u00a0Barn, R. (2021). <\/span><span lang=\"EN-US\" style=\"font-size: 11.0pt;font-family: 'Arial',sans-serif\">Exploring the intergroup consequences\u00a0of majority members&#8217; perceptions that minority members want majority members to adopt the minority culture. <em><span style=\"font-family: 'Arial',sans-serif\">International Journal of Psychology.\u00a0<\/span><\/em><span style=\"color: #0000ff\"><a style=\"color: #0000ff\" href=\"https:\/\/doi.org\/10.1002\/ijop.12756\" target=\"_blank\" rel=\"noopener\">https:\/\/doi.org\/10.1002\/ijop.12756<\/a>.<\/span> <\/span><strong><span style=\"color: #800080\"><a style=\"color: #800080\" href=\"https:\/\/blogs.uned.es\/idenfusion\/wp-content\/uploads\/sites\/553\/2024\/10\/Moftizadeh-et-al.-2021_Exploring-the-intergroup-consequences.pdf\" target=\"_blank\" rel=\"noopener\"><span lang=\"EN-US\" style=\"font-size: 11.0pt;font-family: 'Arial',sans-serif\">PDF<\/span><\/a><\/span><\/strong><\/span><\/p><p style=\"margin-left: 35.45pt;text-align: justify;text-indent: -35.45pt;line-height: normal\"><span style=\"color: #000000\"><span lang=\"EN-US\" style=\"font-size: 11.0pt;font-family: 'Arial',sans-serif\">Moreno, L., Requero, B., Santos, D., Paredes, B., Bri\u00f1ol, P., &amp; Petty, R. E. (2021).\u00a0Attitudes and attitude certainty guiding pro-social behavior as a function of perceived elaboration. <em><span style=\"font-family: 'Arial',sans-serif\">European Journal of Social Psychology<\/span><\/em>. <\/span><span style=\"color: #0000ff\"><a style=\"color: #0000ff\" href=\"https:\/\/doi.org\/10.1002\/ejsp.2798\" target=\"_blank\" rel=\"noopener\"><span lang=\"EN-US\" style=\"font-size: 11.0pt;font-family: 'Arial',sans-serif\">https:\/\/doi.org\/10.1002\/ejsp.2798.<\/span><\/a><\/span> <span style=\"color: #800080\"><strong><a style=\"color: #800080\" title=\"Attitudes and attitude certainty guiding pro-social behavior as a function of perceived elaboration.\" href=\"https:\/\/blogs.uned.es\/idenfusion\/wp-content\/uploads\/sites\/553\/2024\/10\/Moreno-et-al-2021_-Attitudes-and-attitude-certainty-guiding-pro\u2010social-behaviour.pdf\" target=\"_blank\" rel=\"noopener\"><span lang=\"EN-US\" style=\"font-size: 11.0pt;font-family: 'Arial',sans-serif\">PDF<\/span><\/a><\/strong><\/span><\/span><\/p><p style=\"margin-left: 35.45pt;text-align: justify;text-indent: -35.45pt;line-height: normal\"><span style=\"color: #000000\"><span style=\"font-size: 11.0pt;font-family: 'Arial',sans-serif\">Nisa<\/span><span style=\"font-size: 11.0pt;font-family: 'Arial',sans-serif\">, C.F., B\u00e9langer, J.J., Faller, D.G.,\u00a0et al.\u00a0<\/span><span lang=\"EN-US\" style=\"font-size: 11.0pt;font-family: 'Arial',sans-serif\">(2021). Lives versus Livelihoods? Perceived economic risk has a stronger association with support for COVID-19 preventive measures than perceived health risk. <em><span style=\"font-family: 'Arial',sans-serif\">Scientific Reports,\u00a011<\/span><\/em>, 9669<em><span style=\"font-family: 'Arial',sans-serif\">.\u00a0<\/span><\/em><span style=\"color: #0000ff\"><a style=\"color: #0000ff\" href=\"https:\/\/doi.org\/10.1038\/s41598-021-88314-4\" target=\"_blank\" rel=\"noopener\">https:\/\/doi.org\/10.1038\/s41598-021-88314-4<\/a>.<\/span> <\/span><strong><span style=\"color: #800080\"><a style=\"color: #800080\" href=\"https:\/\/blogs.uned.es\/idenfusion\/wp-content\/uploads\/sites\/553\/2024\/10\/Nisa-et-al-2021.pdf\" target=\"_blank\" rel=\"noopener\"><span lang=\"EN-US\" style=\"font-size: 11.0pt;font-family: 'Arial',sans-serif\">PDF<\/span><\/a><\/span><\/strong><\/span><\/p><p style=\"margin-left: 35.45pt;text-align: justify;text-indent: -35.45pt;line-height: normal\"><span style=\"color: #000000\"><span lang=\"EN-US\" style=\"font-size: 11.0pt;font-family: 'Arial',sans-serif\">Paolini<\/span><span lang=\"EN-US\" style=\"font-size: 11.0pt;font-family: 'Arial',sans-serif\">, S., White, F., Tropp, L., Turner, R., Page-Gould, L., Barlow, F.K.\u00a0&amp; G\u00f3mez, A. (2021). Intergroup contact research in the 21st century: Lessons learnt and forward progress if we remain open and vigilant.\u00a0<em><span style=\"font-family: 'Arial',sans-serif\">Journal of Social Issues<\/span><\/em>. <span style=\"color: #0000ff\"><a style=\"color: #0000ff\" href=\"https:\/\/doi.org\/10.1111\/josi.12427\" target=\"_blank\" rel=\"noopener\">https:\/\/doi.org\/10.1111\/josi.12427<\/a>.<\/span> <\/span><strong><span style=\"color: #800080\"><a style=\"color: #800080\" href=\"https:\/\/blogs.uned.es\/idenfusion\/wp-content\/uploads\/sites\/553\/2024\/10\/Paolini-et-al-2021.pdf\" target=\"_blank\" rel=\"noopener\"><span lang=\"EN-US\" style=\"font-size: 11.0pt;font-family: 'Arial',sans-serif\">PDF<\/span><\/a><\/span><\/strong><\/span><\/p><p style=\"margin-left: 35.45pt;text-align: justify;text-indent: -35.45pt;line-height: normal\"><span style=\"color: #000000\"><span lang=\"EN-US\" style=\"font-size: 11.0pt;font-family: 'Arial',sans-serif\">Paredes, B., C\u00e1rdaba, M. \u00c1., Cuesta, U., &amp; Martinez, L. (2021).\u00a0Validity of the <\/span><span lang=\"EN-US\" style=\"font-size: 11.0pt;font-family: 'Arial',sans-serif\">Spanish<\/span><span lang=\"EN-US\" style=\"font-size: 11.0pt;font-family: 'Arial',sans-serif\"> Version of the Vaccination Attitudes Examination Scale.\u00a0<\/span><em><span style=\"font-size: 11.0pt;font-family: 'Arial',sans-serif\">Vaccines, 9<\/span><\/em><span style=\"font-size: 11.0pt;font-family: 'Arial',sans-serif\">(11), 1237. <\/span><span style=\"color: #0000ff\"><a style=\"color: #0000ff\" href=\"https:\/\/doi.org\/10.3390\/vaccines9111237\" target=\"_blank\" rel=\"noopener\"><span style=\"font-size: 11.0pt;font-family: 'Arial',sans-serif\">https:\/\/doi.org\/10.3390\/vaccines9111237.<\/span><\/a><\/span> <strong><span style=\"color: #800080\"><a style=\"color: #800080\" title=\"Validity of the Spanish Version of the Vaccination Attitudes Examination Scale\" href=\"https:\/\/blogs.uned.es\/idenfusion\/wp-content\/uploads\/sites\/553\/2024\/10\/Paredes-et-al.-2021_Validity-of-the-Spanish-Version-of-the-Vaccination-Attitudes.pdf\" target=\"_blank\" rel=\"noopener\"><span style=\"font-size: 11.0pt;font-family: 'Arial',sans-serif\">PDF<\/span><\/a><\/span><\/strong><\/span><\/p><p style=\"margin-left: 35.45pt;text-align: justify;text-indent: -35.45pt;line-height: normal\"><span style=\"color: #000000\"><span style=\"font-size: 11.0pt;font-family: 'Arial',sans-serif\">Paredes<\/span><span style=\"font-size: 11.0pt;font-family: 'Arial',sans-serif\">, B., Mart\u00ednez, L., Cuesta, U., Bri\u00f1ol, P., Moreno, L.\u00a0&amp; Petty, R. E., (2021). <\/span><span lang=\"EN-US\" style=\"font-size: 11.0pt;font-family: 'Arial',sans-serif\">The Role of Meta-Cognitive Certainty on Pornography Consumption. <em><span style=\"font-family: 'Arial',sans-serif\">Psicothema<\/span><\/em>,\u00a0<em><span style=\"font-family: 'Arial',sans-serif\">33<\/span><\/em>(3), 442-448. <span style=\"color: #0000ff\"><a style=\"color: #0000ff\" href=\"https:\/\/doi.org\/10.7334\/psicothema2021.8\" target=\"_blank\" rel=\"noopener\">https:\/\/doi.org\/10.7334\/psicothema2021.8<\/a>.<\/span> <\/span><strong><span style=\"color: #800080\"><a style=\"color: #800080\" href=\"https:\/\/blogs.uned.es\/idenfusion\/wp-content\/uploads\/sites\/553\/2024\/10\/Paredes-et-al.-2021_-The-Role-of-Meta-Cognitive-Certainty-on-Pornography-Consumption.pdf\" target=\"_blank\" rel=\"noopener\"><span style=\"font-size: 11.0pt;font-family: 'Arial',sans-serif\">PDF<\/span><\/a><\/span><\/strong><\/span><\/p><p style=\"margin-left: 35.45pt;text-align: justify;text-indent: -35.45pt;line-height: normal\"><span style=\"color: #000000\"><span style=\"font-size: 11.0pt;font-family: 'Arial',sans-serif\">Resta<\/span><span style=\"font-size: 11.0pt;font-family: 'Arial',sans-serif\">, E., Mula, S., Baldner, C., Di Santo, D., Agostini, M., B\u00e9langer, J. J., G\u00fctzkow, B., Kreienkamp, J., Abakoumkin, G., Khaiyom, J. H. A., Ahmedi, V., Akkas, H., Almenara, C. A., Atta, M., Bagci, S. C., Basel, S., Kida, E. B., Bernardo, A. B. I., Buttrick, N. R., \u2026 <\/span><span lang=\"EN-US\" style=\"font-size: 11.0pt;font-family: 'Arial',sans-serif\">Leander, N. P. (2021). \u2018We are all in the same boat\u2019: How societal discontent affects intention to help during the COVID-19 pandemic. <em><span style=\"font-family: 'Arial',sans-serif\">Journal of Community &amp; Applied Social Psychology<\/span><\/em>, 1\u201316.\u00a0<span style=\"color: #0000ff\"><a style=\"color: #0000ff\" href=\"https:\/\/doi.org\/10.1002\/casp.2572\" target=\"_blank\" rel=\"noopener\">https:\/\/doi.org\/10.1002\/casp.2572<\/a>.<\/span> <\/span><span style=\"color: #800080\"><strong><a style=\"color: #800080\" href=\"https:\/\/blogs.uned.es\/idenfusion\/wp-content\/uploads\/sites\/553\/2024\/10\/Resta-et-al-2021.pdf\" target=\"_blank\" rel=\"noopener\"><span style=\"font-size: 11.0pt;font-family: 'Arial',sans-serif\">PDF<\/span><\/a><\/strong><\/span><span style=\"font-size: 11.0pt;font-family: 'Arial',sans-serif\">\u00a0<\/span><\/span><\/p><p style=\"margin-left: 35.45pt;text-align: justify;text-indent: -35.45pt;line-height: normal\"><span style=\"color: #000000\"><span style=\"font-size: 11pt;font-family: 'Arial', sans-serif;background: white\">Rodr\u00edguez-G\u00f3mez, L., Delgado, N., Betancor, V., Chen-Xia, X. J., &amp; Rodr\u00edguez-P\u00e9rez, A. (2021). <\/span><span lang=\"EN-US\" style=\"font-size: 11pt;font-family: 'Arial', sans-serif;background: white\">Humanness is not always positive: Automatic associations between incivilities and human symbols.\u00a0<i>International Journal of Environmental Research and Public Health<\/i>,\u00a0<i>18<\/i>(8), 4353.<\/span> <span style=\"color: #0000ff\"><a style=\"color: #0000ff\" href=\"https:\/\/doi.org\/10.3390\/ijerph18084353\" target=\"_blank\" rel=\"noopener\"><span lang=\"EN-US\" style=\"font-size: 11.0pt;font-family: 'Arial',sans-serif;background: white\">https:\/\/doi.org\/10.3390\/ijerph18084353<\/span><\/a><span lang=\"EN-US\" style=\"font-size: 11.0pt;font-family: 'Arial',sans-serif;background: white\">.<\/span><\/span> <strong><span style=\"color: #800080\"><span lang=\"EN-US\" style=\"font-size: 11.0pt;font-family: 'Arial',sans-serif;background: white\"><a style=\"color: #800080\" href=\"https:\/\/blogs.uned.es\/idenfusion\/wp-content\/uploads\/sites\/553\/2024\/10\/Rodriguez-Gomez2021_Humanness-is-not-always.pdf\" target=\"_blank\" rel=\"noopener\">PDF<\/a><\/span><\/span><\/strong><\/span><\/p><p style=\"margin-left: 35.45pt;text-align: justify;text-indent: -35.45pt;line-height: normal\"><span style=\"color: #000000\"><span style=\"font-size: 11pt;font-family: 'Arial', sans-serif;background: white\">Rodr\u00edguez-G\u00f3mez, L., Delgado, N., Betancor, V., &amp; Rodr\u00edguez-P\u00e9rez, A. (2021). <\/span><span lang=\"EN-US\" style=\"font-size: 11pt;font-family: 'Arial', sans-serif;background: white\">Incivilities and dehumanization: The role of the physical environment.\u00a0<i>Deviant Behavior<\/i>,\u00a0<i>43<\/i>(10), 1209-1224. <\/span><span style=\"color: #0000ff\"><a style=\"color: #0000ff\" href=\"https:\/\/doi.org\/10.1080\/01639625.2021.1969219\" target=\"_blank\" rel=\"noopener\"><span style=\"font-size: 11.0pt;font-family: 'Arial',sans-serif;background: white\">https:\/\/doi.org\/10.1080\/01639625.2021.1969219<\/span><\/a><\/span><\/span><\/p><p style=\"margin-left: 35.45pt;text-align: justify;text-indent: -35.45pt;line-height: normal\"><span style=\"color: #000000\"><span style=\"font-size: 11.0pt;font-family: 'Arial',sans-serif\">Rodr\u00edguez<\/span><span style=\"font-size: 11pt;font-family: 'Arial', sans-serif;background: white\">-P\u00e9rez, A., Brambilla, M., Betancor, V., Delgado, N., &amp; Rodr\u00edguez-G\u00f3mez, L. (2021). <\/span><span lang=\"EN-US\" style=\"font-size: 11pt;font-family: 'Arial', sans-serif;background: white\">Stereotypes and dehumanization: The relationship between the dual models of dehumanization and stereotype content.\u00a0<i>Social Psychology<\/i>,\u00a0<i>52<\/i>(5), 265-274. <\/span><span style=\"color: #0000ff\"><a style=\"color: #0000ff\" href=\"https:\/\/psycnet.apa.org\/doi\/10.1027\/1864-9335\/a000454\" target=\"_blank\" rel=\"noopener\"><span lang=\"EN-US\" style=\"font-size: 11.0pt;font-family: 'Arial',sans-serif;background: white\">https:\/\/doi.org\/10.1027\/1864-9335\/a000454<\/span><\/a><\/span><\/span><\/p><p style=\"margin-left: 35.45pt;text-align: justify;text-indent: -35.45pt;line-height: normal\"><span style=\"color: #000000\"><span lang=\"EN-US\" style=\"font-size: 11.0pt;font-family: 'Arial',sans-serif\">Romano<\/span><span lang=\"EN-US\" style=\"font-size: 11.0pt;font-family: 'Arial',sans-serif\">, A., Spadaro, G., Balliet, D., Joireman, J., van Lissa, C.J., Jin, S., Agostini, M., B\u00e9langer, J.J., G\u00fctzkow, B., Kreienkamp, J., Cristea, M., Leander, P. &amp; PsyCorona Team (2021). Cooperation and Trust Across Societies During the COVID-19 Pandemic. <em><span style=\"font-family: 'Arial',sans-serif\">Journal of Cross-Cultural Psychology<\/span><\/em>,\u00a0<em><span style=\"font-family: 'Arial',sans-serif\">52<\/span><\/em>(7), 622-642. <span style=\"color: #0000ff\"><a style=\"color: #0000ff\" href=\"https:\/\/doi.org\/10.1177\/0022022120988913\" target=\"_blank\" rel=\"noopener\">https:\/\/doi.org\/10.1177\/0022022120988913<\/a>.<\/span> <\/span><strong><span style=\"color: #800080\"><a style=\"color: #800080\" href=\"https:\/\/blogs.uned.es\/idenfusion\/wp-content\/uploads\/sites\/553\/2024\/10\/Romano-et-al-2021.pdf\" target=\"_blank\" rel=\"noopener\"><span lang=\"EN-US\" style=\"font-size: 11.0pt;font-family: 'Arial',sans-serif\">PDF<\/span><\/a><\/span><\/strong><\/span><\/p><p style=\"margin-left: 35.45pt;text-align: justify;text-indent: -35.45pt;line-height: normal\"><span style=\"color: #000000\"><span style=\"font-size: 11.0pt;font-family: 'Arial',sans-serif\">Santos<\/span><span style=\"font-size: 11.0pt;font-family: 'Arial',sans-serif\">-Hermoso, J., Gonz\u00e1lez-\u00c1lvarez, J. L., Mac\u00eda-V\u00e1zquez, A., Pozuelo-Rubio, F., &amp; Chiclana, S. (2021). <\/span><span lang=\"EN-US\" style=\"font-size: 11.0pt;font-family: 'Arial',sans-serif\">Jihadist Extremism in Spanish Prisons. Characterisation of the Inmates Linked to Jihadist Radicalisation and Analysis of Their Behaviour in Prison. <\/span><em><span style=\"font-size: 11.0pt;font-family: 'Arial',sans-serif\">Terrorism and Political Violence, 1-<\/span><\/em><span style=\"font-size: 11.0pt;font-family: 'Arial',sans-serif\">21. <\/span><span style=\"color: #0000ff\"><a style=\"color: #0000ff\" href=\"https:\/\/doi.org\/10.1080\/09546553.2021.1972978\" target=\"_blank\" rel=\"noopener\"><span style=\"font-size: 11.0pt;font-family: 'Arial',sans-serif\">https:\/\/doi.org\/10.1080\/09546553.2021.1972978<\/span><\/a><\/span><span style=\"font-size: 11.0pt;font-family: 'Arial',sans-serif\"><span style=\"color: #0000ff\">.<\/span> <\/span><a style=\"color: #000000\" title=\"Jihadist Extremism in Spanish Prisons. Characterisation of the Inmates Linked to Jihadist Radicalisation and Analysis of Their Behaviour in Prison.\" href=\"https:\/\/blogs.uned.es\/idenfusion\/wp-content\/uploads\/sites\/553\/2024\/10\/Santos-Hermoso-et-al.-2021_Jihadist-Extremism-in-Spanish-Prisons.pdf\" target=\"_blank\" rel=\"noopener\"><span style=\"font-size: 11.0pt;font-family: 'Arial',sans-serif\"><span style=\"color: #800080\"><strong>PDF<\/strong><\/span> <\/span><\/a><\/span><\/p><p style=\"margin-left: 35.45pt;text-align: justify;text-indent: -35.45pt;line-height: normal\"><span style=\"color: #000000\"><span style=\"font-size: 11.0pt;font-family: 'Arial',sans-serif\">Serrano<\/span><span style=\"font-size: 11.0pt;font-family: 'Arial',sans-serif\">-Montilla, C., Alonso-Ferres, M., Navarro-Carrillo, G., Lozano, L.M., &amp; Valor-Segura, I. (2021). <\/span><span lang=\"EN-US\" style=\"font-size: 11.0pt;font-family: 'Arial',sans-serif\">Assessment of the effects of health and financial threat on prosocial and antisocial responses during the COVID-19 pandemic: The mediating role of empathic concern. <em><span style=\"font-family: 'Arial',sans-serif\">Personality and Individual Differences,<\/span><\/em> <em><span style=\"font-family: 'Arial',sans-serif\">178<\/span><\/em>, 110855. <\/span><span style=\"color: #0000ff\"><a style=\"color: #0000ff\" href=\"https:\/\/doi.org\/10.1016\/j.paid.2021.110855\" target=\"_blank\" rel=\"noopener\"><span lang=\"EN-US\" style=\"font-size: 11.0pt;font-family: 'Arial',sans-serif\">https:\/\/doi.org\/10.1016\/j.paid.2021.110855<\/span><\/a><\/span><span lang=\"EN-US\" style=\"font-size: 11.0pt;font-family: 'Arial',sans-serif\"><span style=\"color: #0000ff\">.<\/span> <\/span><strong><span style=\"color: #800080\"><a style=\"color: #800080\" title=\"Assessment of the effects of health and financial threat on prosocial and antisocial responses during the COVID-19 pandemic: The mediating role of empathic concern\" href=\"https:\/\/blogs.uned.es\/idenfusion\/wp-content\/uploads\/sites\/553\/2024\/10\/Serrano-Montilla-et-al._2021_Assessment-of-the-effects-of-health-and-financial-threat.pdf\" target=\"_blank\" rel=\"noopener\"><span lang=\"EN-US\" style=\"font-size: 11.0pt;font-family: 'Arial',sans-serif\">PDF<\/span><\/a><\/span><\/strong><\/span><\/p><p style=\"margin-left: 35.45pt;text-align: justify;text-indent: -35.45pt;line-height: normal\"><span style=\"color: #000000\"><span lang=\"EN-US\" style=\"font-size: 11.0pt;font-family: 'Arial',sans-serif\">Stroebe<\/span><span lang=\"EN-US\" style=\"font-size: 11.0pt;font-family: 'Arial',sans-serif\">, W., vanDellen, M.R., Abakoumkin, G., Lemay, E.P. Jr., Schiavone, W.M., Agostini, M.,\u00a0et al. (2021). Politicization of COVID-19 health-protective behaviors in the United States: Longitudinal and cross-national evidence. <\/span><em><span style=\"font-size: 11.0pt;font-family: 'Arial',sans-serif\">PLoS ONE, 16(<\/span><\/em><span style=\"font-size: 11.0pt;font-family: 'Arial',sans-serif\">10): e0256740. <\/span><a href=\"https:\/\/doi.org\/10.1371\/journal.pone.0256740.\" target=\"_blank\" rel=\"noopener\"><span style=\"color: #0000ff\">https:\/\/doi.org\/10.1371\/journal.pone.0256740.<\/span><\/a> <strong><span style=\"color: #800080\"><a style=\"color: #800080\" href=\"https:\/\/blogs.uned.es\/idenfusion\/wp-content\/uploads\/sites\/553\/2024\/10\/Stroebe-et-al-2021.pdf\" target=\"_blank\" rel=\"noopener\"><span style=\"font-size: 11.0pt;font-family: 'Arial',sans-serif\">PDF<\/span><\/a><\/span><\/strong><\/span><\/p><p style=\"margin-left: 35.45pt;text-align: justify;text-indent: -35.45pt;line-height: normal\"><span style=\"color: #000000\"><span style=\"font-size: 11.0pt;font-family: 'Arial',sans-serif\">Urbiola<\/span><span style=\"font-size: 11.0pt;font-family: 'Arial',sans-serif\">, A., L\u00f3pez-Rodr\u00edguez, L., S\u00e1nchez, M., Navas, MS.\u00a0<\/span><span lang=\"EN-US\" style=\"font-size: 11.0pt;font-family: 'Arial',sans-serif\">&amp; Cuadrado, I. (2021). The way we see others in intercultural relations: The role of stereotypes in the acculturation preferences of Spanish and Moroccan-origin adolescents. <em><span style=\"font-family: 'Arial',sans-serif\">Frontiers in Psychology<\/span><\/em>, <em><span style=\"font-family: 'Arial',sans-serif\">11<\/span><\/em>, 610644. <span style=\"color: #0000ff\"><a style=\"color: #0000ff\" href=\"https:\/\/doi.org\/10.3389\/fpsyg.2020.610644\" target=\"_blank\" rel=\"noopener\">https:\/\/doi.org\/10.3389\/fpsyg.2020.610644<\/a>.<\/span> <\/span><strong><span style=\"color: #800080\"><a style=\"color: #800080\" href=\"https:\/\/blogs.uned.es\/idenfusion\/wp-content\/uploads\/sites\/553\/2024\/10\/Urbiola-et-al.-2021_The-way-we-see-others.pdf\" target=\"_blank\" rel=\"noopener\"><span lang=\"EN-US\" style=\"font-size: 11.0pt;font-family: 'Arial',sans-serif\">PDF<\/span><\/a><\/span><\/strong><\/span><\/p><p style=\"margin-left: 35.45pt;text-align: justify;text-indent: -35.45pt;line-height: normal\"><span style=\"color: #000000\"><span lang=\"EN-US\" style=\"font-size: 11.0pt;font-family: 'Arial',sans-serif\">van Breen, J.A.,\u00a0et al. (2021). Lockdown Lives: A Longitudinal Study of Inter-Relationships Among Feelings of Loneliness, Social Contacts, and Solidarity During the COVID-19 Lockdown in Early 2020. <em><span style=\"font-family: 'Arial',sans-serif\">Personality and Social Psychology Bulletin<\/span><\/em>.\u00a0<span style=\"color: #0000ff\"><a style=\"color: #0000ff\" href=\"https:\/\/doi.org\/10.1177\/01461672211036602\" target=\"_blank\" rel=\"noopener\">https:\/\/doi.org\/10.1177\/01461672211036602<\/a>.<\/span> <\/span><span style=\"color: #800080\"><strong><a style=\"color: #800080\" href=\"https:\/\/blogs.uned.es\/idenfusion\/wp-content\/uploads\/sites\/553\/2024\/10\/van-Breen-et-al.-2021_-Lockdown-lives.pdf\" target=\"_blank\" rel=\"noopener\"><span lang=\"EN-US\" style=\"font-size: 11.0pt;font-family: 'Arial',sans-serif\">PDF<\/span><\/a><\/strong><\/span><\/span><\/p><p style=\"margin-left: 35.45pt;text-align: justify;text-indent: -35.45pt;line-height: normal\"><span style=\"color: #000000\"><span lang=\"EN-US\" style=\"font-size: 11.0pt;font-family: 'Arial',sans-serif\">V\u00e1zquez<\/span><span lang=\"EN-US\" style=\"font-size: 11.0pt;font-family: 'Arial',sans-serif\">, A., Larzabal-Fern\u00e1ndez, A., Lois, D. (2021). Situational materialism increases climate change scepticism in men\u00a0compared to women. <em><span style=\"font-family: 'Arial',sans-serif\">Journal of Experimental Social Psychology, 96.<\/span><\/em>\u00a0<span style=\"color: #0000ff\"><a style=\"color: #0000ff\" href=\"https:\/\/doi.org\/10.1016\/j.jesp.2021.104163\" target=\"_blank\" rel=\"noopener\">https:\/\/doi.org\/10.1016\/j.jesp.2021.104163<\/a>.<\/span> <\/span><a style=\"color: #000000\" href=\"https:\/\/blogs.uned.es\/idenfusion\/wp-content\/uploads\/sites\/553\/2024\/10\/Vazquez_Larzabal-Fernandez_Lois-2021_Situational-materialism.pdf\" target=\"_blank\" rel=\"noopener\"><span style=\"font-size: 11.0pt;font-family: 'Arial',sans-serif\"><strong><span style=\"color: #800080\">PDF<\/span><\/strong><\/span><\/a><\/span><\/p>\t\t\t\t\t\t\t\t<\/div>\n\t\t\t\t<\/div>\n\t\t\t\t\t<\/div>\n\t\t<\/div>\n\t\t\t\t\t<\/div>\n\t\t<\/section>\n\t\t\t\t<section class=\"elementor-section elementor-top-section elementor-element elementor-element-1a65c7f elementor-section-boxed elementor-section-height-default elementor-section-height-default\" data-id=\"1a65c7f\" data-element_type=\"section\" data-e-type=\"section\">\n\t\t\t\t\t\t<div class=\"elementor-container elementor-column-gap-default\">\n\t\t\t\t\t<div class=\"elementor-column elementor-col-100 elementor-top-column elementor-element elementor-element-34b952c\" data-id=\"34b952c\" data-element_type=\"column\" data-e-type=\"column\">\n\t\t\t<div class=\"elementor-widget-wrap elementor-element-populated\">\n\t\t\t\t\t\t<div class=\"elementor-element elementor-element-4b01fb9 elementor-align-center elementor-widget elementor-widget-button\" data-id=\"4b01fb9\" data-element_type=\"widget\" data-e-type=\"widget\" data-widget_type=\"button.default\">\n\t\t\t\t<div class=\"elementor-widget-container\">\n\t\t\t\t\t\t\t\t\t<div class=\"elementor-button-wrapper\">\n\t\t\t\t\t<a class=\"elementor-button elementor-button-link elementor-size-md elementor-animation-grow\" href=\"https:\/\/blogs.uned.es\/idenfusion\/?page_id=7913&#038;lang=en\">\n\t\t\t\t\t\t<span class=\"elementor-button-content-wrapper\">\n\t\t\t\t\t\t\t\t\t<span class=\"elementor-button-text\">See more ...<\/span>\n\t\t\t\t\t<\/span>\n\t\t\t\t\t<\/a>\n\t\t\t\t<\/div>\n\t\t\t\t\t\t\t\t<\/div>\n\t\t\t\t<\/div>\n\t\t\t\t\t<\/div>\n\t\t<\/div>\n\t\t\t\t\t<\/div>\n\t\t<\/section>\n\t\t\t\t<\/div>\n\t\t","protected":false},"excerpt":{"rendered":"<p>Publications Electronic versions of the articles are provided as a professional courtesy to ensure timely dissemination of academic work for individual and non-commercial purposes. Copyrights reside with their respective holders, as indicated in each document. These files may not be republished without permission. 2026 2025 2016 2015 2024 2023 2014 2013 2022 2021 2012 2011 2020 2019 2010 2009 2018 2017 2008 2007 2026 Lobato, R. M., Chiclana, S., Blanco, L., Gonz\u00e1lez-\u00c1lvarez, J. L., &amp; G\u00f3mez, \u00c1. (2026). Assessing the risk of violent extremism in prisons: A comparison between VERA-2R and DRAVY-3. Anuario de Psicolog\u00eda Jur\u00eddica, 36, Article e260475, 1-11. https:\/\/doi.org\/10.5093\/apj2026a8.\u00a0 Normal 0 false 21 false false false ES-TRAD JA SI-LK \/* Style Definitions *\/ table.MsoNormalTable {mso-style-name:\u00bbTabla normal\u00bb; mso-tstyle-rowband-size:0; mso-tstyle-colband-size:0; mso-style-noshow:yes; mso-style-priority:99; mso-style-parent:\u00bb\u00bb; mso-padding-alt:0cm 5.4pt 0cm 5.4pt; mso-para-margin:0cm; mso-pagination:widow-orphan; font-size:12.0pt; font-family:\u00bbCambria\u00bb,serif; mso-ascii-font-family:Cambria; mso-ascii-theme-font:minor-latin; mso-hansi-font-family:Cambria; mso-hansi-theme-font:minor-latin; mso-ansi-language:ES-TRAD; mso-bidi-language:AR-SA;} PDF Feigin, B., G\u00f3mez, \u00c1., Chinchilla, J., &amp; Halperin, E. (2026). When the&hellip;<\/p>\n<p> <a class=\"more-link\" href=\"https:\/\/blogs.uned.es\/idenfusion\/?page_id=5071&#038;lang=en\">Leer m\u00e1s<\/a><\/p>\n","protected":false},"author":1,"featured_media":0,"parent":0,"menu_order":0,"comment_status":"closed","ping_status":"closed","template":"","meta":{"footnotes":""},"class_list":["post-5071","page","type-page","status-publish"],"_links":{"self":[{"href":"https:\/\/blogs.uned.es\/idenfusion\/index.php?rest_route=\/wp\/v2\/pages\/5071","targetHints":{"allow":["GET"]}}],"collection":[{"href":"https:\/\/blogs.uned.es\/idenfusion\/index.php?rest_route=\/wp\/v2\/pages"}],"about":[{"href":"https:\/\/blogs.uned.es\/idenfusion\/index.php?rest_route=\/wp\/v2\/types\/page"}],"author":[{"embeddable":true,"href":"https:\/\/blogs.uned.es\/idenfusion\/index.php?rest_route=\/wp\/v2\/users\/1"}],"replies":[{"embeddable":true,"href":"https:\/\/blogs.uned.es\/idenfusion\/index.php?rest_route=%2Fwp%2Fv2%2Fcomments&post=5071"}],"version-history":[{"count":184,"href":"https:\/\/blogs.uned.es\/idenfusion\/index.php?rest_route=\/wp\/v2\/pages\/5071\/revisions"}],"predecessor-version":[{"id":8339,"href":"https:\/\/blogs.uned.es\/idenfusion\/index.php?rest_route=\/wp\/v2\/pages\/5071\/revisions\/8339"}],"wp:attachment":[{"href":"https:\/\/blogs.uned.es\/idenfusion\/index.php?rest_route=%2Fwp%2Fv2%2Fmedia&parent=5071"}],"curies":[{"name":"wp","href":"https:\/\/api.w.org\/{rel}","templated":true}]}}