{"id":1751,"date":"2024-09-20T09:29:29","date_gmt":"2024-09-20T07:29:29","guid":{"rendered":"https:\/\/blogs.uned.es\/idenfusion\/?page_id=1751"},"modified":"2026-04-07T13:25:47","modified_gmt":"2026-04-07T11:25:47","slug":"noticias-y-prensa","status":"publish","type":"page","link":"https:\/\/blogs.uned.es\/idenfusion\/?page_id=1751","title":{"rendered":"Noticias y prensa"},"content":{"rendered":"\t\t<div data-elementor-type=\"wp-page\" data-elementor-id=\"1751\" class=\"elementor elementor-1751\">\n\t\t\t\t\t\t<section class=\"elementor-section elementor-top-section elementor-element elementor-element-2fd3db2 elementor-section-stretched elementor-section-full_width elementor-section-height-min-height elementor-section-height-default elementor-section-items-middle\" data-id=\"2fd3db2\" data-element_type=\"section\" data-e-type=\"section\" data-settings=\"{&quot;stretch_section&quot;:&quot;section-stretched&quot;,&quot;background_background&quot;:&quot;classic&quot;}\">\n\t\t\t\t\t\t<div class=\"elementor-container elementor-column-gap-default\">\n\t\t\t\t\t<div class=\"elementor-column elementor-col-100 elementor-top-column elementor-element elementor-element-9cf456b\" data-id=\"9cf456b\" data-element_type=\"column\" data-e-type=\"column\">\n\t\t\t<div class=\"elementor-widget-wrap elementor-element-populated\">\n\t\t\t\t\t\t<section class=\"elementor-section elementor-inner-section elementor-element elementor-element-fc0d28e elementor-section-boxed elementor-section-height-default elementor-section-height-default\" data-id=\"fc0d28e\" data-element_type=\"section\" data-e-type=\"section\">\n\t\t\t\t\t\t<div class=\"elementor-container elementor-column-gap-default\">\n\t\t\t\t\t<div class=\"elementor-column elementor-col-50 elementor-inner-column elementor-element elementor-element-7730391\" data-id=\"7730391\" data-element_type=\"column\" data-e-type=\"column\">\n\t\t\t<div class=\"elementor-widget-wrap\">\n\t\t\t\t\t\t\t<\/div>\n\t\t<\/div>\n\t\t\t\t<div class=\"elementor-column elementor-col-50 elementor-inner-column elementor-element elementor-element-f1a30af\" data-id=\"f1a30af\" data-element_type=\"column\" data-e-type=\"column\">\n\t\t\t<div class=\"elementor-widget-wrap elementor-element-populated\">\n\t\t\t\t\t\t<div class=\"elementor-element elementor-element-8ea7321 elementor-widget elementor-widget-heading\" data-id=\"8ea7321\" data-element_type=\"widget\" data-e-type=\"widget\" data-widget_type=\"heading.default\">\n\t\t\t\t<div class=\"elementor-widget-container\">\n\t\t\t\t\t<h2 class=\"elementor-heading-title elementor-size-default\">Noticias y prensa<\/h2>\t\t\t\t<\/div>\n\t\t\t\t<\/div>\n\t\t\t\t\t<\/div>\n\t\t<\/div>\n\t\t\t\t\t<\/div>\n\t\t<\/section>\n\t\t\t\t\t<\/div>\n\t\t<\/div>\n\t\t\t\t\t<\/div>\n\t\t<\/section>\n\t\t\t\t<section class=\"elementor-section elementor-inner-section elementor-element elementor-element-02dc255 elementor-section-boxed elementor-section-height-default elementor-section-height-default\" data-id=\"02dc255\" data-element_type=\"section\" data-e-type=\"section\">\n\t\t\t\t\t\t<div class=\"elementor-container elementor-column-gap-default\">\n\t\t\t\t\t<div class=\"elementor-column elementor-col-33 elementor-inner-column elementor-element elementor-element-d2dd218\" data-id=\"d2dd218\" data-element_type=\"column\" data-e-type=\"column\">\n\t\t\t<div class=\"elementor-widget-wrap elementor-element-populated\">\n\t\t\t\t\t\t<div class=\"elementor-element elementor-element-d03ca74 elementor-button-info elementor-align-right elementor-widget elementor-widget-button\" data-id=\"d03ca74\" data-element_type=\"widget\" data-e-type=\"widget\" data-widget_type=\"button.default\">\n\t\t\t\t<div class=\"elementor-widget-container\">\n\t\t\t\t\t\t\t\t\t<div class=\"elementor-button-wrapper\">\n\t\t\t\t\t<a class=\"elementor-button elementor-button-link elementor-size-sm elementor-animation-grow\" href=\"#Audio\">\n\t\t\t\t\t\t<span class=\"elementor-button-content-wrapper\">\n\t\t\t\t\t\t\t\t\t<span class=\"elementor-button-text\">Audio<\/span>\n\t\t\t\t\t<\/span>\n\t\t\t\t\t<\/a>\n\t\t\t\t<\/div>\n\t\t\t\t\t\t\t\t<\/div>\n\t\t\t\t<\/div>\n\t\t\t\t\t<\/div>\n\t\t<\/div>\n\t\t\t\t<div class=\"elementor-column elementor-col-33 elementor-inner-column elementor-element elementor-element-f0484d8\" data-id=\"f0484d8\" data-element_type=\"column\" data-e-type=\"column\">\n\t\t\t<div class=\"elementor-widget-wrap elementor-element-populated\">\n\t\t\t\t\t\t<div class=\"elementor-element elementor-element-bfcba34 elementor-button-info elementor-align-center elementor-widget elementor-widget-button\" data-id=\"bfcba34\" data-element_type=\"widget\" data-e-type=\"widget\" data-widget_type=\"button.default\">\n\t\t\t\t<div class=\"elementor-widget-container\">\n\t\t\t\t\t\t\t\t\t<div class=\"elementor-button-wrapper\">\n\t\t\t\t\t<a class=\"elementor-button elementor-button-link elementor-size-sm elementor-animation-grow\" href=\"#Video\">\n\t\t\t\t\t\t<span class=\"elementor-button-content-wrapper\">\n\t\t\t\t\t\t\t\t\t<span class=\"elementor-button-text\">V\u00eddeo<\/span>\n\t\t\t\t\t<\/span>\n\t\t\t\t\t<\/a>\n\t\t\t\t<\/div>\n\t\t\t\t\t\t\t\t<\/div>\n\t\t\t\t<\/div>\n\t\t\t\t\t<\/div>\n\t\t<\/div>\n\t\t\t\t<div class=\"elementor-column elementor-col-33 elementor-inner-column elementor-element elementor-element-8715160\" data-id=\"8715160\" data-element_type=\"column\" data-e-type=\"column\">\n\t\t\t<div class=\"elementor-widget-wrap elementor-element-populated\">\n\t\t\t\t\t\t<div class=\"elementor-element elementor-element-7405ca1 elementor-button-info elementor-align-left elementor-widget elementor-widget-button\" data-id=\"7405ca1\" data-element_type=\"widget\" data-e-type=\"widget\" data-widget_type=\"button.default\">\n\t\t\t\t<div class=\"elementor-widget-container\">\n\t\t\t\t\t\t\t\t\t<div class=\"elementor-button-wrapper\">\n\t\t\t\t\t<a class=\"elementor-button elementor-button-link elementor-size-sm elementor-animation-grow\" href=\"#Prensa\">\n\t\t\t\t\t\t<span class=\"elementor-button-content-wrapper\">\n\t\t\t\t\t\t\t\t\t<span class=\"elementor-button-text\">Prensa<\/span>\n\t\t\t\t\t<\/span>\n\t\t\t\t\t<\/a>\n\t\t\t\t<\/div>\n\t\t\t\t\t\t\t\t<\/div>\n\t\t\t\t<\/div>\n\t\t\t\t\t<\/div>\n\t\t<\/div>\n\t\t\t\t\t<\/div>\n\t\t<\/section>\n\t\t\t\t<section class=\"elementor-section elementor-top-section elementor-element elementor-element-d696d83 elementor-section-boxed elementor-section-height-default elementor-section-height-default\" data-id=\"d696d83\" data-element_type=\"section\" data-e-type=\"section\">\n\t\t\t\t\t\t<div class=\"elementor-container elementor-column-gap-default\">\n\t\t\t\t\t<div class=\"elementor-column elementor-col-100 elementor-top-column elementor-element elementor-element-4cc38ac\" data-id=\"4cc38ac\" data-element_type=\"column\" data-e-type=\"column\">\n\t\t\t<div class=\"elementor-widget-wrap elementor-element-populated\">\n\t\t\t\t\t\t<div class=\"elementor-element elementor-element-2e4ea87 elementor-widget elementor-widget-menu-anchor\" data-id=\"2e4ea87\" data-element_type=\"widget\" data-e-type=\"widget\" data-widget_type=\"menu-anchor.default\">\n\t\t\t\t<div class=\"elementor-widget-container\">\n\t\t\t\t\t\t\t<div class=\"elementor-menu-anchor\" id=\"Audio\"><\/div>\n\t\t\t\t\t\t<\/div>\n\t\t\t\t<\/div>\n\t\t\t\t<div class=\"elementor-element elementor-element-d6bff48 elementor-widget elementor-widget-heading\" data-id=\"d6bff48\" data-element_type=\"widget\" data-e-type=\"widget\" data-widget_type=\"heading.default\">\n\t\t\t\t<div class=\"elementor-widget-container\">\n\t\t\t\t\t<h2 class=\"elementor-heading-title elementor-size-default\">Audio<\/h2>\t\t\t\t<\/div>\n\t\t\t\t<\/div>\n\t\t\t\t\t<\/div>\n\t\t<\/div>\n\t\t\t\t\t<\/div>\n\t\t<\/section>\n\t\t\t\t<section class=\"elementor-section elementor-inner-section elementor-element elementor-element-48b1a1f elementor-section-boxed elementor-section-height-default elementor-section-height-default\" data-id=\"48b1a1f\" data-element_type=\"section\" data-e-type=\"section\">\n\t\t\t\t\t\t<div class=\"elementor-container elementor-column-gap-default\">\n\t\t\t\t\t<div class=\"elementor-column elementor-col-50 elementor-inner-column elementor-element elementor-element-812e3ec\" data-id=\"812e3ec\" data-element_type=\"column\" data-e-type=\"column\">\n\t\t\t<div class=\"elementor-widget-wrap elementor-element-populated\">\n\t\t\t\t\t\t<div class=\"elementor-element elementor-element-363f9ad elementor-widget elementor-widget-image\" data-id=\"363f9ad\" data-element_type=\"widget\" data-e-type=\"widget\" data-widget_type=\"image.default\">\n\t\t\t\t<div class=\"elementor-widget-container\">\n\t\t\t\t\t\t\t\t\t\t\t\t\t\t\t<img fetchpriority=\"high\" decoding=\"async\" width=\"650\" height=\"422\" src=\"https:\/\/blogs.uned.es\/idenfusion\/wp-content\/uploads\/sites\/553\/2026\/04\/BBC-Podcast.jpg\" class=\"attachment-large size-large wp-image-8361\" alt=\"\" srcset=\"https:\/\/blogs.uned.es\/idenfusion\/wp-content\/uploads\/sites\/553\/2026\/04\/BBC-Podcast.jpg 650w, https:\/\/blogs.uned.es\/idenfusion\/wp-content\/uploads\/sites\/553\/2026\/04\/BBC-Podcast-300x195.jpg 300w\" sizes=\"(max-width: 650px) 100vw, 650px\" \/>\t\t\t\t\t\t\t\t\t\t\t\t\t\t\t<\/div>\n\t\t\t\t<\/div>\n\t\t\t\t\t<\/div>\n\t\t<\/div>\n\t\t\t\t<div class=\"elementor-column elementor-col-50 elementor-inner-column elementor-element elementor-element-d332092\" data-id=\"d332092\" data-element_type=\"column\" data-e-type=\"column\">\n\t\t\t<div class=\"elementor-widget-wrap elementor-element-populated\">\n\t\t\t\t\t\t<div class=\"elementor-element elementor-element-0e1513f elementor-widget elementor-widget-text-editor\" data-id=\"0e1513f\" data-element_type=\"widget\" data-e-type=\"widget\" data-widget_type=\"text-editor.default\">\n\t\t\t\t<div class=\"elementor-widget-container\">\n\t\t\t\t\t\t\t\t\t<p style=\"text-align: left\">07\/04\/2026<br \/><span style=\"color: #000000\">Participaci\u00f3n de \u00c1ngel G\u00f3mez en el podcast: CURRENTLY de BBC Radio:<\/span><br \/><span style=\"color: #000000\"><strong>\u00abC\u00f3mo no matar a un pol\u00edtico\u00bb<br \/><\/strong>BBC Radio 4.\u00a0<\/span><a href=\"https:\/\/www.bbc.co.uk\/programmes\/m002tbhk\" target=\"_blank\" rel=\"noopener\"><span style=\"color: #0000ff\">Enlace a p\u00e1gina web de BBC Radio<\/span><\/a><\/p>\t\t\t\t\t\t\t\t<\/div>\n\t\t\t\t<\/div>\n\t\t\t\t<div class=\"elementor-element elementor-element-dd16c03 elementor-view-default elementor-widget elementor-widget-icon\" data-id=\"dd16c03\" data-element_type=\"widget\" data-e-type=\"widget\" data-widget_type=\"icon.default\">\n\t\t\t\t<div class=\"elementor-widget-container\">\n\t\t\t\t\t\t\t<div class=\"elementor-icon-wrapper\">\n\t\t\t<a class=\"elementor-icon elementor-animation-grow\" href=\"https:\/\/blogs.uned.es\/idenfusion\/wp-content\/uploads\/sites\/553\/2026\/04\/Currently-20260329-HowNotToKillAPolitician2.mp3\" target=\"_blank\">\n\t\t\t<i aria-hidden=\"true\" class=\"fas fa-headphones\"><\/i>\t\t\t<\/a>\n\t\t<\/div>\n\t\t\t\t\t\t<\/div>\n\t\t\t\t<\/div>\n\t\t\t\t\t<\/div>\n\t\t<\/div>\n\t\t\t\t\t<\/div>\n\t\t<\/section>\n\t\t\t\t<section class=\"elementor-section elementor-inner-section elementor-element elementor-element-e716c95 elementor-section-boxed elementor-section-height-default elementor-section-height-default\" data-id=\"e716c95\" data-element_type=\"section\" data-e-type=\"section\">\n\t\t\t\t\t\t<div class=\"elementor-container elementor-column-gap-default\">\n\t\t\t\t\t<div class=\"elementor-column elementor-col-50 elementor-inner-column elementor-element elementor-element-104a6a5\" data-id=\"104a6a5\" data-element_type=\"column\" data-e-type=\"column\">\n\t\t\t<div class=\"elementor-widget-wrap elementor-element-populated\">\n\t\t\t\t\t\t<div class=\"elementor-element elementor-element-5d4ddca elementor-widget elementor-widget-image\" data-id=\"5d4ddca\" data-element_type=\"widget\" data-e-type=\"widget\" data-widget_type=\"image.default\">\n\t\t\t\t<div class=\"elementor-widget-container\">\n\t\t\t\t\t\t\t\t\t\t\t\t\t\t\t<img decoding=\"async\" width=\"604\" height=\"379\" src=\"https:\/\/blogs.uned.es\/idenfusion\/wp-content\/uploads\/sites\/553\/2025\/05\/Hablando-con-el-enemigo-1.jpg\" class=\"attachment-large size-large wp-image-7369\" alt=\"\" srcset=\"https:\/\/blogs.uned.es\/idenfusion\/wp-content\/uploads\/sites\/553\/2025\/05\/Hablando-con-el-enemigo-1.jpg 604w, https:\/\/blogs.uned.es\/idenfusion\/wp-content\/uploads\/sites\/553\/2025\/05\/Hablando-con-el-enemigo-1-300x188.jpg 300w\" sizes=\"(max-width: 604px) 100vw, 604px\" \/>\t\t\t\t\t\t\t\t\t\t\t\t\t\t\t<\/div>\n\t\t\t\t<\/div>\n\t\t\t\t\t<\/div>\n\t\t<\/div>\n\t\t\t\t<div class=\"elementor-column elementor-col-50 elementor-inner-column elementor-element elementor-element-79ba3ba\" data-id=\"79ba3ba\" data-element_type=\"column\" data-e-type=\"column\">\n\t\t\t<div class=\"elementor-widget-wrap elementor-element-populated\">\n\t\t\t\t\t\t<div class=\"elementor-element elementor-element-abfc64a elementor-widget elementor-widget-text-editor\" data-id=\"abfc64a\" data-element_type=\"widget\" data-e-type=\"widget\" data-widget_type=\"text-editor.default\">\n\t\t\t\t<div class=\"elementor-widget-container\">\n\t\t\t\t\t\t\t\t\t<p style=\"text-align: left\">08\/06\/2025<br \/><span style=\"color: #000000\">Entrevista a \u00c1ngel G\u00f3mez:<br \/><strong>\u00ab&#8217;Hablando&#8217; con el enemigo\u00bb<br \/><\/strong>Psicolog\u00eda en Radio 3, Canal UNED.<\/span><\/p>\t\t\t\t\t\t\t\t<\/div>\n\t\t\t\t<\/div>\n\t\t\t\t<div class=\"elementor-element elementor-element-5a578c4 elementor-view-default elementor-widget elementor-widget-icon\" data-id=\"5a578c4\" data-element_type=\"widget\" data-e-type=\"widget\" data-widget_type=\"icon.default\">\n\t\t\t\t<div class=\"elementor-widget-container\">\n\t\t\t\t\t\t\t<div class=\"elementor-icon-wrapper\">\n\t\t\t<a class=\"elementor-icon elementor-animation-grow\" href=\"https:\/\/canal.uned.es\/video\/682c6be3072aba156305fdd8\" target=\"_blank\">\n\t\t\t<i aria-hidden=\"true\" class=\"fas fa-headphones\"><\/i>\t\t\t<\/a>\n\t\t<\/div>\n\t\t\t\t\t\t<\/div>\n\t\t\t\t<\/div>\n\t\t\t\t\t<\/div>\n\t\t<\/div>\n\t\t\t\t\t<\/div>\n\t\t<\/section>\n\t\t\t\t<section class=\"elementor-section elementor-inner-section elementor-element elementor-element-cda0a49 elementor-section-boxed elementor-section-height-default elementor-section-height-default\" data-id=\"cda0a49\" data-element_type=\"section\" data-e-type=\"section\">\n\t\t\t\t\t\t<div class=\"elementor-container elementor-column-gap-default\">\n\t\t\t\t\t<div class=\"elementor-column elementor-col-50 elementor-inner-column elementor-element elementor-element-0f396da\" data-id=\"0f396da\" data-element_type=\"column\" data-e-type=\"column\">\n\t\t\t<div class=\"elementor-widget-wrap elementor-element-populated\">\n\t\t\t\t\t\t<div class=\"elementor-element elementor-element-17ba2e3 elementor-widget elementor-widget-image\" data-id=\"17ba2e3\" data-element_type=\"widget\" data-e-type=\"widget\" data-widget_type=\"image.default\">\n\t\t\t\t<div class=\"elementor-widget-container\">\n\t\t\t\t\t\t\t\t\t\t\t\t\t\t\t<img decoding=\"async\" width=\"555\" height=\"305\" src=\"https:\/\/blogs.uned.es\/idenfusion\/wp-content\/uploads\/sites\/553\/2025\/03\/Deshumanization.png\" class=\"attachment-large size-large wp-image-7313\" alt=\"\" srcset=\"https:\/\/blogs.uned.es\/idenfusion\/wp-content\/uploads\/sites\/553\/2025\/03\/Deshumanization.png 555w, https:\/\/blogs.uned.es\/idenfusion\/wp-content\/uploads\/sites\/553\/2025\/03\/Deshumanization-300x165.png 300w\" sizes=\"(max-width: 555px) 100vw, 555px\" \/>\t\t\t\t\t\t\t\t\t\t\t\t\t\t\t<\/div>\n\t\t\t\t<\/div>\n\t\t\t\t\t<\/div>\n\t\t<\/div>\n\t\t\t\t<div class=\"elementor-column elementor-col-50 elementor-inner-column elementor-element elementor-element-213ea71\" data-id=\"213ea71\" data-element_type=\"column\" data-e-type=\"column\">\n\t\t\t<div class=\"elementor-widget-wrap elementor-element-populated\">\n\t\t\t\t\t\t<div class=\"elementor-element elementor-element-2725422 elementor-widget elementor-widget-text-editor\" data-id=\"2725422\" data-element_type=\"widget\" data-e-type=\"widget\" data-widget_type=\"text-editor.default\">\n\t\t\t\t<div class=\"elementor-widget-container\">\n\t\t\t\t\t\t\t\t\t<p style=\"text-align: left\">16\/03\/2025<br><span style=\"color: #000000\">Entrevista a Laura Rodr\u00edguez G\u00f3mez:<br><strong>\u00abEl papel de la deshumanizaci\u00f3n en el comportamiento extremo\u00bb<br><\/strong>Psicolog\u00eda en Radio 3, Canal UNED.<\/span><\/p>\t\t\t\t\t\t\t\t<\/div>\n\t\t\t\t<\/div>\n\t\t\t\t<div class=\"elementor-element elementor-element-8fef03e elementor-view-default elementor-widget elementor-widget-icon\" data-id=\"8fef03e\" data-element_type=\"widget\" data-e-type=\"widget\" data-widget_type=\"icon.default\">\n\t\t\t\t<div class=\"elementor-widget-container\">\n\t\t\t\t\t\t\t<div class=\"elementor-icon-wrapper\">\n\t\t\t<a class=\"elementor-icon elementor-animation-grow\" href=\"https:\/\/canal.uned.es\/video\/67d18fd25f201cc4c9085b42%20\" target=\"_blank\">\n\t\t\t<i aria-hidden=\"true\" class=\"fas fa-headphones\"><\/i>\t\t\t<\/a>\n\t\t<\/div>\n\t\t\t\t\t\t<\/div>\n\t\t\t\t<\/div>\n\t\t\t\t\t<\/div>\n\t\t<\/div>\n\t\t\t\t\t<\/div>\n\t\t<\/section>\n\t\t\t\t<section class=\"elementor-section elementor-inner-section elementor-element elementor-element-434fdee elementor-section-boxed elementor-section-height-default elementor-section-height-default\" data-id=\"434fdee\" data-element_type=\"section\" data-e-type=\"section\">\n\t\t\t\t\t\t<div class=\"elementor-container elementor-column-gap-default\">\n\t\t\t\t\t<div class=\"elementor-column elementor-col-50 elementor-inner-column elementor-element elementor-element-7dacf0d\" data-id=\"7dacf0d\" data-element_type=\"column\" data-e-type=\"column\">\n\t\t\t<div class=\"elementor-widget-wrap elementor-element-populated\">\n\t\t\t\t\t\t<div class=\"elementor-element elementor-element-c76fc4a elementor-widget elementor-widget-image\" data-id=\"c76fc4a\" data-element_type=\"widget\" data-e-type=\"widget\" data-widget_type=\"image.default\">\n\t\t\t\t<div class=\"elementor-widget-container\">\n\t\t\t\t\t\t\t\t\t\t\t\t\t\t\t<img loading=\"lazy\" decoding=\"async\" width=\"796\" height=\"459\" src=\"https:\/\/blogs.uned.es\/idenfusion\/wp-content\/uploads\/sites\/553\/2025\/02\/CESEDEN-youtube.jpg\" class=\"attachment-large size-large wp-image-7023\" alt=\"\" srcset=\"https:\/\/blogs.uned.es\/idenfusion\/wp-content\/uploads\/sites\/553\/2025\/02\/CESEDEN-youtube.jpg 796w, https:\/\/blogs.uned.es\/idenfusion\/wp-content\/uploads\/sites\/553\/2025\/02\/CESEDEN-youtube-300x173.jpg 300w, https:\/\/blogs.uned.es\/idenfusion\/wp-content\/uploads\/sites\/553\/2025\/02\/CESEDEN-youtube-768x443.jpg 768w\" sizes=\"(max-width: 796px) 100vw, 796px\" \/>\t\t\t\t\t\t\t\t\t\t\t\t\t\t\t<\/div>\n\t\t\t\t<\/div>\n\t\t\t\t\t<\/div>\n\t\t<\/div>\n\t\t\t\t<div class=\"elementor-column elementor-col-50 elementor-inner-column elementor-element elementor-element-bd4dfcc\" data-id=\"bd4dfcc\" data-element_type=\"column\" data-e-type=\"column\">\n\t\t\t<div class=\"elementor-widget-wrap elementor-element-populated\">\n\t\t\t\t\t\t<div class=\"elementor-element elementor-element-20e5e8b elementor-widget elementor-widget-text-editor\" data-id=\"20e5e8b\" data-element_type=\"widget\" data-e-type=\"widget\" data-widget_type=\"text-editor.default\">\n\t\t\t\t<div class=\"elementor-widget-container\">\n\t\t\t\t\t\t\t\t\t<p><!-- [if gte mso 9]&gt;--><\/p><p style=\"text-align: left\">09\/01\/2025<br \/><span style=\"color: #000000\">Participaci\u00f3n de Laura Blanco en el podcast: <br \/><\/span><span style=\"color: #000000\">QUE DE QU\u00c9 habla el CESEDEN: <\/span><span style=\"color: #000000\"><strong>\u00abCap\u00edtulo 2. Entrevista. La radicalizaci\u00f3n yihadista de los j\u00f3venes en Europa a trav\u00e9s de TikTok\u00bb<br \/><\/strong><\/span><span style=\"color: #000000\">Spotify.<\/span><\/p>\t\t\t\t\t\t\t\t<\/div>\n\t\t\t\t<\/div>\n\t\t\t\t<div class=\"elementor-element elementor-element-b915fa2 elementor-view-default elementor-widget elementor-widget-icon\" data-id=\"b915fa2\" data-element_type=\"widget\" data-e-type=\"widget\" data-widget_type=\"icon.default\">\n\t\t\t\t<div class=\"elementor-widget-container\">\n\t\t\t\t\t\t\t<div class=\"elementor-icon-wrapper\">\n\t\t\t<a class=\"elementor-icon elementor-animation-grow\" href=\"https:\/\/open.spotify.com\/episode\/4T3UbDSa1eCmi70yOWuhTi?si=d5596e4698094333\" target=\"_blank\">\n\t\t\t<i aria-hidden=\"true\" class=\"fas fa-headphones\"><\/i>\t\t\t<\/a>\n\t\t<\/div>\n\t\t\t\t\t\t<\/div>\n\t\t\t\t<\/div>\n\t\t\t\t\t<\/div>\n\t\t<\/div>\n\t\t\t\t\t<\/div>\n\t\t<\/section>\n\t\t\t\t<section class=\"elementor-section elementor-inner-section elementor-element elementor-element-bbbc4f4 elementor-section-boxed elementor-section-height-default elementor-section-height-default\" data-id=\"bbbc4f4\" data-element_type=\"section\" data-e-type=\"section\">\n\t\t\t\t\t\t<div class=\"elementor-container elementor-column-gap-default\">\n\t\t\t\t\t<div class=\"elementor-column elementor-col-50 elementor-inner-column elementor-element elementor-element-4b5d6ff\" data-id=\"4b5d6ff\" data-element_type=\"column\" data-e-type=\"column\">\n\t\t\t<div class=\"elementor-widget-wrap elementor-element-populated\">\n\t\t\t\t\t\t<div class=\"elementor-element elementor-element-4337b03 elementor-widget elementor-widget-image\" data-id=\"4337b03\" data-element_type=\"widget\" data-e-type=\"widget\" data-widget_type=\"image.default\">\n\t\t\t\t<div class=\"elementor-widget-container\">\n\t\t\t\t\t\t\t\t\t\t\t\t\t\t\t<img loading=\"lazy\" decoding=\"async\" width=\"720\" height=\"720\" src=\"https:\/\/blogs.uned.es\/idenfusion\/wp-content\/uploads\/sites\/553\/2024\/10\/Las-entrevistas-de-Aimar-Cadena-SER.jpg\" class=\"attachment-large size-large wp-image-3511\" alt=\"Las entrevistas de Aimar\" srcset=\"https:\/\/blogs.uned.es\/idenfusion\/wp-content\/uploads\/sites\/553\/2024\/10\/Las-entrevistas-de-Aimar-Cadena-SER.jpg 720w, https:\/\/blogs.uned.es\/idenfusion\/wp-content\/uploads\/sites\/553\/2024\/10\/Las-entrevistas-de-Aimar-Cadena-SER-300x300.jpg 300w, https:\/\/blogs.uned.es\/idenfusion\/wp-content\/uploads\/sites\/553\/2024\/10\/Las-entrevistas-de-Aimar-Cadena-SER-150x150.jpg 150w\" sizes=\"(max-width: 720px) 100vw, 720px\" \/>\t\t\t\t\t\t\t\t\t\t\t\t\t\t\t<\/div>\n\t\t\t\t<\/div>\n\t\t\t\t\t<\/div>\n\t\t<\/div>\n\t\t\t\t<div class=\"elementor-column elementor-col-50 elementor-inner-column elementor-element elementor-element-ed8558d\" data-id=\"ed8558d\" data-element_type=\"column\" data-e-type=\"column\">\n\t\t\t<div class=\"elementor-widget-wrap elementor-element-populated\">\n\t\t\t\t\t\t<div class=\"elementor-element elementor-element-d24d52c elementor-widget elementor-widget-text-editor\" data-id=\"d24d52c\" data-element_type=\"widget\" data-e-type=\"widget\" data-widget_type=\"text-editor.default\">\n\t\t\t\t<div class=\"elementor-widget-container\">\n\t\t\t\t\t\t\t\t\t<p><!-- [if gte mso 9]&gt;--><\/p><p><!-- [if gte mso 9]&gt;--><\/p><p style=\"text-align: left\">14\/05\/2024<br \/><span style=\"color: #000000\">Participaci\u00f3n de \u00c1ngel G\u00f3mez en el podcast:<br \/>LAS ENTREVISTAS DE AIMAR:\u00a0 <\/span><strong><span style=\"color: #000000\">\u00ab\u00c1ngel G\u00f3mez, catedr\u00e1tico de psicolog\u00eda social y experto en radicalizaci\u00f3n\u00bb<br \/><\/span><\/strong><span style=\"color: #000000\">Cadena SER. <\/span><\/p>\t\t\t\t\t\t\t\t<\/div>\n\t\t\t\t<\/div>\n\t\t\t\t<div class=\"elementor-element elementor-element-1a30128 elementor-view-default elementor-widget elementor-widget-icon\" data-id=\"1a30128\" data-element_type=\"widget\" data-e-type=\"widget\" data-widget_type=\"icon.default\">\n\t\t\t\t<div class=\"elementor-widget-container\">\n\t\t\t\t\t\t\t<div class=\"elementor-icon-wrapper\">\n\t\t\t<a class=\"elementor-icon elementor-animation-grow\" href=\"https:\/\/cadenaser.com\/audio\/1715714669723\" target=\"_blank\">\n\t\t\t<i aria-hidden=\"true\" class=\"fas fa-headphones\"><\/i>\t\t\t<\/a>\n\t\t<\/div>\n\t\t\t\t\t\t<\/div>\n\t\t\t\t<\/div>\n\t\t\t\t\t<\/div>\n\t\t<\/div>\n\t\t\t\t\t<\/div>\n\t\t<\/section>\n\t\t\t\t<section class=\"elementor-section elementor-inner-section elementor-element elementor-element-e0fa125 elementor-section-boxed elementor-section-height-default elementor-section-height-default\" data-id=\"e0fa125\" data-element_type=\"section\" data-e-type=\"section\">\n\t\t\t\t\t\t<div class=\"elementor-container elementor-column-gap-default\">\n\t\t\t\t\t<div class=\"elementor-column elementor-col-50 elementor-inner-column elementor-element elementor-element-8fe1ba7\" data-id=\"8fe1ba7\" data-element_type=\"column\" data-e-type=\"column\">\n\t\t\t<div class=\"elementor-widget-wrap elementor-element-populated\">\n\t\t\t\t\t\t<div class=\"elementor-element elementor-element-ccc9689 elementor-widget elementor-widget-image\" data-id=\"ccc9689\" data-element_type=\"widget\" data-e-type=\"widget\" data-widget_type=\"image.default\">\n\t\t\t\t<div class=\"elementor-widget-container\">\n\t\t\t\t\t\t\t\t\t\t\t\t\t\t\t<img loading=\"lazy\" decoding=\"async\" width=\"720\" height=\"720\" src=\"https:\/\/blogs.uned.es\/idenfusion\/wp-content\/uploads\/sites\/553\/2024\/10\/A-vista-de-lobo_podcast.png\" class=\"attachment-large size-large wp-image-3527\" alt=\"A vista de lobo podcast\" srcset=\"https:\/\/blogs.uned.es\/idenfusion\/wp-content\/uploads\/sites\/553\/2024\/10\/A-vista-de-lobo_podcast.png 720w, https:\/\/blogs.uned.es\/idenfusion\/wp-content\/uploads\/sites\/553\/2024\/10\/A-vista-de-lobo_podcast-300x300.png 300w, https:\/\/blogs.uned.es\/idenfusion\/wp-content\/uploads\/sites\/553\/2024\/10\/A-vista-de-lobo_podcast-150x150.png 150w\" sizes=\"(max-width: 720px) 100vw, 720px\" \/>\t\t\t\t\t\t\t\t\t\t\t\t\t\t\t<\/div>\n\t\t\t\t<\/div>\n\t\t\t\t\t<\/div>\n\t\t<\/div>\n\t\t\t\t<div class=\"elementor-column elementor-col-50 elementor-inner-column elementor-element elementor-element-0e15971\" data-id=\"0e15971\" data-element_type=\"column\" data-e-type=\"column\">\n\t\t\t<div class=\"elementor-widget-wrap elementor-element-populated\">\n\t\t\t\t\t\t<div class=\"elementor-element elementor-element-8e1ac34 elementor-widget elementor-widget-text-editor\" data-id=\"8e1ac34\" data-element_type=\"widget\" data-e-type=\"widget\" data-widget_type=\"text-editor.default\">\n\t\t\t\t<div class=\"elementor-widget-container\">\n\t\t\t\t\t\t\t\t\t<p style=\"text-align: left\">15\/10\/2023<br \/><span style=\"color: #000000\">Participaci\u00f3n de \u00c1ngel G\u00f3mez en el podcast:<br \/><\/span><span style=\"color: #000000\">A VISTA DE LOBO: <\/span><span style=\"color: #000000\"><b>\u00abPalestina, Nagorno Karabaj y la voluntad de luchar en un conflicto\u00bb <br \/><\/b>Cadena SER.<b><br \/><\/b><\/span><\/p>\t\t\t\t\t\t\t\t<\/div>\n\t\t\t\t<\/div>\n\t\t\t\t<div class=\"elementor-element elementor-element-0dbf185 elementor-view-default elementor-widget elementor-widget-icon\" data-id=\"0dbf185\" data-element_type=\"widget\" data-e-type=\"widget\" data-widget_type=\"icon.default\">\n\t\t\t\t<div class=\"elementor-widget-container\">\n\t\t\t\t\t\t\t<div class=\"elementor-icon-wrapper\">\n\t\t\t<a class=\"elementor-icon elementor-animation-grow\" href=\"https:\/\/cadenaser.com\/audio\/1697354541632\/\" target=\"_blank\">\n\t\t\t<i aria-hidden=\"true\" class=\"fas fa-headphones\"><\/i>\t\t\t<\/a>\n\t\t<\/div>\n\t\t\t\t\t\t<\/div>\n\t\t\t\t<\/div>\n\t\t\t\t\t<\/div>\n\t\t<\/div>\n\t\t\t\t\t<\/div>\n\t\t<\/section>\n\t\t\t\t<section class=\"elementor-section elementor-inner-section elementor-element elementor-element-07605cc elementor-section-boxed elementor-section-height-default elementor-section-height-default\" data-id=\"07605cc\" data-element_type=\"section\" data-e-type=\"section\">\n\t\t\t\t\t\t<div class=\"elementor-container elementor-column-gap-default\">\n\t\t\t\t\t<div class=\"elementor-column elementor-col-50 elementor-inner-column elementor-element elementor-element-7730886\" data-id=\"7730886\" data-element_type=\"column\" data-e-type=\"column\">\n\t\t\t<div class=\"elementor-widget-wrap elementor-element-populated\">\n\t\t\t\t\t\t<div class=\"elementor-element elementor-element-108422e elementor-widget elementor-widget-image\" data-id=\"108422e\" data-element_type=\"widget\" data-e-type=\"widget\" data-widget_type=\"image.default\">\n\t\t\t\t<div class=\"elementor-widget-container\">\n\t\t\t\t\t\t\t\t\t\t\t\t\t\t\t<img loading=\"lazy\" decoding=\"async\" width=\"300\" height=\"265\" src=\"https:\/\/blogs.uned.es\/idenfusion\/wp-content\/uploads\/sites\/553\/2024\/10\/Cadena-SER-Josep-Cuni-300x265.jpg\" class=\"attachment-medium size-medium wp-image-3539\" alt=\"\" srcset=\"https:\/\/blogs.uned.es\/idenfusion\/wp-content\/uploads\/sites\/553\/2024\/10\/Cadena-SER-Josep-Cuni-300x265.jpg 300w, https:\/\/blogs.uned.es\/idenfusion\/wp-content\/uploads\/sites\/553\/2024\/10\/Cadena-SER-Josep-Cuni.jpg 538w\" sizes=\"(max-width: 300px) 100vw, 300px\" \/>\t\t\t\t\t\t\t\t\t\t\t\t\t\t\t<\/div>\n\t\t\t\t<\/div>\n\t\t\t\t\t<\/div>\n\t\t<\/div>\n\t\t\t\t<div class=\"elementor-column elementor-col-50 elementor-inner-column elementor-element elementor-element-4946583\" data-id=\"4946583\" data-element_type=\"column\" data-e-type=\"column\">\n\t\t\t<div class=\"elementor-widget-wrap elementor-element-populated\">\n\t\t\t\t\t\t<div class=\"elementor-element elementor-element-ca07124 elementor-widget elementor-widget-text-editor\" data-id=\"ca07124\" data-element_type=\"widget\" data-e-type=\"widget\" data-widget_type=\"text-editor.default\">\n\t\t\t\t<div class=\"elementor-widget-container\">\n\t\t\t\t\t\t\t\t\t<p><!-- [if gte mso 9]&gt;--><\/p><p><!-- [if gte mso 9]&gt;--><\/p><p style=\"text-align: left\">26\/07\/2021<br \/><span style=\"color: #000000\">Participaci\u00f3n de \u00c1ngel G\u00f3mez en el podcast:<br \/><\/span><span style=\"color: #000000\">AQU\u00cd, AMB JOSEP CUN\u00cd: <\/span><span style=\"color: #000000\"><b>\u00abENTREVISTA Angel G\u00f3mez\u00bb <br \/><\/b>Cadena SER Catalu\u00f1a.<b><br \/><\/b><\/span><\/p>\t\t\t\t\t\t\t\t<\/div>\n\t\t\t\t<\/div>\n\t\t\t\t<div class=\"elementor-element elementor-element-dffda32 elementor-view-default elementor-widget elementor-widget-icon\" data-id=\"dffda32\" data-element_type=\"widget\" data-e-type=\"widget\" data-widget_type=\"icon.default\">\n\t\t\t\t<div class=\"elementor-widget-container\">\n\t\t\t\t\t\t\t<div class=\"elementor-icon-wrapper\">\n\t\t\t<a class=\"elementor-icon elementor-animation-grow\" href=\"https:\/\/podcastera.es\/episodos\/aqui-amb-josep-cuni\/entrevista-angel-gomez-catedratic-psicologia-social-de-la-uned-becat-pel-consell-europeu-per-estudiar-i-prevenir-lislamisme-radical-U_avq6JfKF\" target=\"_blank\">\n\t\t\t<i aria-hidden=\"true\" class=\"fas fa-headphones\"><\/i>\t\t\t<\/a>\n\t\t<\/div>\n\t\t\t\t\t\t<\/div>\n\t\t\t\t<\/div>\n\t\t\t\t\t<\/div>\n\t\t<\/div>\n\t\t\t\t\t<\/div>\n\t\t<\/section>\n\t\t\t\t<section class=\"elementor-section elementor-inner-section elementor-element elementor-element-5c84761 elementor-section-boxed elementor-section-height-default elementor-section-height-default\" data-id=\"5c84761\" data-element_type=\"section\" data-e-type=\"section\">\n\t\t\t\t\t\t<div class=\"elementor-container elementor-column-gap-default\">\n\t\t\t\t\t<div class=\"elementor-column elementor-col-50 elementor-inner-column elementor-element elementor-element-21a7a48\" data-id=\"21a7a48\" data-element_type=\"column\" data-e-type=\"column\">\n\t\t\t<div class=\"elementor-widget-wrap elementor-element-populated\">\n\t\t\t\t\t\t<div class=\"elementor-element elementor-element-bf36df0 elementor-widget elementor-widget-image\" data-id=\"bf36df0\" data-element_type=\"widget\" data-e-type=\"widget\" data-widget_type=\"image.default\">\n\t\t\t\t<div class=\"elementor-widget-container\">\n\t\t\t\t\t\t\t\t\t\t\t\t\t\t\t<img loading=\"lazy\" decoding=\"async\" width=\"292\" height=\"300\" src=\"https:\/\/blogs.uned.es\/idenfusion\/wp-content\/uploads\/sites\/553\/2024\/10\/violence-292x300.jpg\" class=\"attachment-medium size-medium wp-image-4787\" alt=\"\" srcset=\"https:\/\/blogs.uned.es\/idenfusion\/wp-content\/uploads\/sites\/553\/2024\/10\/violence-292x300.jpg 292w, https:\/\/blogs.uned.es\/idenfusion\/wp-content\/uploads\/sites\/553\/2024\/10\/violence.jpg 640w\" sizes=\"(max-width: 292px) 100vw, 292px\" \/>\t\t\t\t\t\t\t\t\t\t\t\t\t\t\t<\/div>\n\t\t\t\t<\/div>\n\t\t\t\t\t<\/div>\n\t\t<\/div>\n\t\t\t\t<div class=\"elementor-column elementor-col-50 elementor-inner-column elementor-element elementor-element-d61756d\" data-id=\"d61756d\" data-element_type=\"column\" data-e-type=\"column\">\n\t\t\t<div class=\"elementor-widget-wrap elementor-element-populated\">\n\t\t\t\t\t\t<div class=\"elementor-element elementor-element-9938bbb elementor-widget elementor-widget-text-editor\" data-id=\"9938bbb\" data-element_type=\"widget\" data-e-type=\"widget\" data-widget_type=\"text-editor.default\">\n\t\t\t\t<div class=\"elementor-widget-container\">\n\t\t\t\t\t\t\t\t\t<p><!-- [if gte mso 9]&gt;--><\/p><p><!-- [if gte mso 9]&gt;--><\/p><p style=\"text-align: left\">2021<span style=\"color: #000000\"><br \/><b>Entrevista a \u00c1ngel G\u00f3mez sobre radicalizaci\u00f3n violenta<br \/><\/b>Cadena SER.<b><br \/><\/b><\/span><\/p>\t\t\t\t\t\t\t\t<\/div>\n\t\t\t\t<\/div>\n\t\t\t\t<div class=\"elementor-element elementor-element-8b46f2b elementor-view-default elementor-widget elementor-widget-icon\" data-id=\"8b46f2b\" data-element_type=\"widget\" data-e-type=\"widget\" data-widget_type=\"icon.default\">\n\t\t\t\t<div class=\"elementor-widget-container\">\n\t\t\t\t\t\t\t<div class=\"elementor-icon-wrapper\">\n\t\t\t<a class=\"elementor-icon elementor-animation-grow\" href=\"https:\/\/blogs.uned.es\/idenfusion\/wp-content\/uploads\/sites\/553\/2024\/10\/cadenaser_AG.mp3\" target=\"_blank\">\n\t\t\t<i aria-hidden=\"true\" class=\"fas fa-headphones\"><\/i>\t\t\t<\/a>\n\t\t<\/div>\n\t\t\t\t\t\t<\/div>\n\t\t\t\t<\/div>\n\t\t\t\t\t<\/div>\n\t\t<\/div>\n\t\t\t\t\t<\/div>\n\t\t<\/section>\n\t\t\t\t<section class=\"elementor-section elementor-inner-section elementor-element elementor-element-873d85b elementor-section-boxed elementor-section-height-default elementor-section-height-default\" data-id=\"873d85b\" data-element_type=\"section\" data-e-type=\"section\">\n\t\t\t\t\t\t<div class=\"elementor-container elementor-column-gap-default\">\n\t\t\t\t\t<div class=\"elementor-column elementor-col-50 elementor-inner-column elementor-element elementor-element-0757cb4\" data-id=\"0757cb4\" data-element_type=\"column\" data-e-type=\"column\">\n\t\t\t<div class=\"elementor-widget-wrap elementor-element-populated\">\n\t\t\t\t\t\t<div class=\"elementor-element elementor-element-97cb276 elementor-widget elementor-widget-image\" data-id=\"97cb276\" data-element_type=\"widget\" data-e-type=\"widget\" data-widget_type=\"image.default\">\n\t\t\t\t<div class=\"elementor-widget-container\">\n\t\t\t\t\t\t\t\t\t\t\t\t\t\t\t<img loading=\"lazy\" decoding=\"async\" width=\"300\" height=\"252\" src=\"https:\/\/blogs.uned.es\/idenfusion\/wp-content\/uploads\/sites\/553\/2025\/06\/death-300x252.jpg\" class=\"attachment-medium size-medium wp-image-7393\" alt=\"\" srcset=\"https:\/\/blogs.uned.es\/idenfusion\/wp-content\/uploads\/sites\/553\/2025\/06\/death-300x252.jpg 300w, https:\/\/blogs.uned.es\/idenfusion\/wp-content\/uploads\/sites\/553\/2025\/06\/death-1024x859.jpg 1024w, https:\/\/blogs.uned.es\/idenfusion\/wp-content\/uploads\/sites\/553\/2025\/06\/death-768x644.jpg 768w, https:\/\/blogs.uned.es\/idenfusion\/wp-content\/uploads\/sites\/553\/2025\/06\/death-1536x1289.jpg 1536w, https:\/\/blogs.uned.es\/idenfusion\/wp-content\/uploads\/sites\/553\/2025\/06\/death-2048x1719.jpg 2048w\" sizes=\"(max-width: 300px) 100vw, 300px\" \/>\t\t\t\t\t\t\t\t\t\t\t\t\t\t\t<\/div>\n\t\t\t\t<\/div>\n\t\t\t\t\t<\/div>\n\t\t<\/div>\n\t\t\t\t<div class=\"elementor-column elementor-col-50 elementor-inner-column elementor-element elementor-element-2a0dca8\" data-id=\"2a0dca8\" data-element_type=\"column\" data-e-type=\"column\">\n\t\t\t<div class=\"elementor-widget-wrap elementor-element-populated\">\n\t\t\t\t\t\t<div class=\"elementor-element elementor-element-0719d2d elementor-widget elementor-widget-text-editor\" data-id=\"0719d2d\" data-element_type=\"widget\" data-e-type=\"widget\" data-widget_type=\"text-editor.default\">\n\t\t\t\t<div class=\"elementor-widget-container\">\n\t\t\t\t\t\t\t\t\t<p><!-- [if gte mso 9]&gt;--><\/p><p>01\/02\/2018<br \/><span style=\"color: #000000\">\u00c1ngel G\u00f3mez, Jos\u00e9 Luis Gonz\u00e1lez y <a style=\"color: #000000\" href=\"http:\/\/www.canaluned.com\/\">Mar\u00eda Teresa P\u00e9rez Alb\u00e9niz Mart\u00ednez<\/a> en<\/span><br \/><span style=\"color: #000000\">PSICOLOG\u00cdA EN RADIO 3: <strong>\u00abHomicidios de pareja en Espa\u00f1a: aportaciones de una revisi\u00f3n pormenorizada de cada caso\u00bb<br \/><\/strong>Radio 3, Canal UNED.<b> <br \/><\/b><\/span><\/p>\t\t\t\t\t\t\t\t<\/div>\n\t\t\t\t<\/div>\n\t\t\t\t<div class=\"elementor-element elementor-element-9a319f6 elementor-view-default elementor-widget elementor-widget-icon\" data-id=\"9a319f6\" data-element_type=\"widget\" data-e-type=\"widget\" data-widget_type=\"icon.default\">\n\t\t\t\t<div class=\"elementor-widget-container\">\n\t\t\t\t\t\t\t<div class=\"elementor-icon-wrapper\">\n\t\t\t<a class=\"elementor-icon elementor-animation-grow\" href=\"https:\/\/canal.uned.es\/video\/5a71934eb1111f8d718b456e?track_id=5a7193ceb1111f60728b4567\" target=\"_blank\">\n\t\t\t<i aria-hidden=\"true\" class=\"fas fa-headphones\"><\/i>\t\t\t<\/a>\n\t\t<\/div>\n\t\t\t\t\t\t<\/div>\n\t\t\t\t<\/div>\n\t\t\t\t\t<\/div>\n\t\t<\/div>\n\t\t\t\t\t<\/div>\n\t\t<\/section>\n\t\t\t\t<section class=\"elementor-section elementor-inner-section elementor-element elementor-element-58b89a8 elementor-section-boxed elementor-section-height-default elementor-section-height-default\" data-id=\"58b89a8\" data-element_type=\"section\" data-e-type=\"section\">\n\t\t\t\t\t\t<div class=\"elementor-container elementor-column-gap-default\">\n\t\t\t\t\t<div class=\"elementor-column elementor-col-50 elementor-inner-column elementor-element elementor-element-d3e4c05\" data-id=\"d3e4c05\" data-element_type=\"column\" data-e-type=\"column\">\n\t\t\t<div class=\"elementor-widget-wrap elementor-element-populated\">\n\t\t\t\t\t\t<div class=\"elementor-element elementor-element-cfb5ed5 elementor-widget elementor-widget-image\" data-id=\"cfb5ed5\" data-element_type=\"widget\" data-e-type=\"widget\" data-widget_type=\"image.default\">\n\t\t\t\t<div class=\"elementor-widget-container\">\n\t\t\t\t\t\t\t\t\t\t\t\t\t\t\t<img loading=\"lazy\" decoding=\"async\" width=\"300\" height=\"213\" src=\"https:\/\/blogs.uned.es\/idenfusion\/wp-content\/uploads\/sites\/553\/2025\/06\/Hands-300x213.jpg\" class=\"attachment-medium size-medium wp-image-7397\" alt=\"\" srcset=\"https:\/\/blogs.uned.es\/idenfusion\/wp-content\/uploads\/sites\/553\/2025\/06\/Hands-300x213.jpg 300w, https:\/\/blogs.uned.es\/idenfusion\/wp-content\/uploads\/sites\/553\/2025\/06\/Hands.jpg 612w\" sizes=\"(max-width: 300px) 100vw, 300px\" \/>\t\t\t\t\t\t\t\t\t\t\t\t\t\t\t<\/div>\n\t\t\t\t<\/div>\n\t\t\t\t\t<\/div>\n\t\t<\/div>\n\t\t\t\t<div class=\"elementor-column elementor-col-50 elementor-inner-column elementor-element elementor-element-33fd439\" data-id=\"33fd439\" data-element_type=\"column\" data-e-type=\"column\">\n\t\t\t<div class=\"elementor-widget-wrap elementor-element-populated\">\n\t\t\t\t\t\t<div class=\"elementor-element elementor-element-09024b5 elementor-widget elementor-widget-text-editor\" data-id=\"09024b5\" data-element_type=\"widget\" data-e-type=\"widget\" data-widget_type=\"text-editor.default\">\n\t\t\t\t<div class=\"elementor-widget-container\">\n\t\t\t\t\t\t\t\t\t<p><!-- [if gte mso 9]&gt;--><\/p><p><!-- [if gte mso 9]&gt;--><\/p><p>21\/12\/2017<br \/><span style=\"color: #000000\">\u00c1ngel G\u00f3mez, Jos\u00e9 Soto Castro, Mar\u00eda Teresa P\u00e9rez Alb\u00e9niz en <br \/><\/span><span style=\"color: #000000\">PSICOLOG\u00cdA EN RADIO 3: <strong>\u00abEl an\u00e1lisis de la conducta criminal: m\u00e1s all\u00e1 de la escena del delito\u00bb<br \/><\/strong><\/span><span style=\"color: #000000\">Radio 3, Canal UNED.<b> <br \/><\/b><\/span><\/p>\t\t\t\t\t\t\t\t<\/div>\n\t\t\t\t<\/div>\n\t\t\t\t<div class=\"elementor-element elementor-element-a286598 elementor-view-default elementor-widget elementor-widget-icon\" data-id=\"a286598\" data-element_type=\"widget\" data-e-type=\"widget\" data-widget_type=\"icon.default\">\n\t\t\t\t<div class=\"elementor-widget-container\">\n\t\t\t\t\t\t\t<div class=\"elementor-icon-wrapper\">\n\t\t\t<a class=\"elementor-icon elementor-animation-grow\" href=\"https:\/\/canal.uned.es\/video\/5a6f265db1111f0f4e8b4584?\" target=\"_blank\">\n\t\t\t<i aria-hidden=\"true\" class=\"fas fa-headphones\"><\/i>\t\t\t<\/a>\n\t\t<\/div>\n\t\t\t\t\t\t<\/div>\n\t\t\t\t<\/div>\n\t\t\t\t\t<\/div>\n\t\t<\/div>\n\t\t\t\t\t<\/div>\n\t\t<\/section>\n\t\t\t\t<section class=\"elementor-section elementor-top-section elementor-element elementor-element-f375abd elementor-section-boxed elementor-section-height-default elementor-section-height-default\" data-id=\"f375abd\" data-element_type=\"section\" data-e-type=\"section\">\n\t\t\t\t\t\t<div class=\"elementor-container elementor-column-gap-no\">\n\t\t\t\t\t<div class=\"elementor-column elementor-col-100 elementor-top-column elementor-element elementor-element-8d25197\" data-id=\"8d25197\" data-element_type=\"column\" data-e-type=\"column\">\n\t\t\t<div class=\"elementor-widget-wrap elementor-element-populated\">\n\t\t\t\t\t\t<section class=\"elementor-section elementor-inner-section elementor-element elementor-element-2093fde elementor-section-height-min-height elementor-section-boxed elementor-section-height-default\" data-id=\"2093fde\" data-element_type=\"section\" data-e-type=\"section\">\n\t\t\t\t\t\t<div class=\"elementor-container elementor-column-gap-no\">\n\t\t\t\t\t<div class=\"elementor-column elementor-col-33 elementor-inner-column elementor-element elementor-element-03e354f\" data-id=\"03e354f\" data-element_type=\"column\" data-e-type=\"column\">\n\t\t\t<div class=\"elementor-widget-wrap elementor-element-populated\">\n\t\t\t\t\t\t<div class=\"elementor-element elementor-element-3d35e03 elementor-button-info elementor-align-right elementor-widget elementor-widget-button\" data-id=\"3d35e03\" data-element_type=\"widget\" data-e-type=\"widget\" data-widget_type=\"button.default\">\n\t\t\t\t<div class=\"elementor-widget-container\">\n\t\t\t\t\t\t\t\t\t<div class=\"elementor-button-wrapper\">\n\t\t\t\t\t<a class=\"elementor-button elementor-button-link elementor-size-xs elementor-animation-grow\" href=\"#Audio\">\n\t\t\t\t\t\t<span class=\"elementor-button-content-wrapper\">\n\t\t\t\t\t\t\t\t\t<span class=\"elementor-button-text\">Audio<\/span>\n\t\t\t\t\t<\/span>\n\t\t\t\t\t<\/a>\n\t\t\t\t<\/div>\n\t\t\t\t\t\t\t\t<\/div>\n\t\t\t\t<\/div>\n\t\t\t\t\t<\/div>\n\t\t<\/div>\n\t\t\t\t<div class=\"elementor-column elementor-col-33 elementor-inner-column elementor-element elementor-element-9e691d4\" data-id=\"9e691d4\" data-element_type=\"column\" data-e-type=\"column\">\n\t\t\t<div class=\"elementor-widget-wrap elementor-element-populated\">\n\t\t\t\t\t\t<div class=\"elementor-element elementor-element-b3175c2 elementor-button-info elementor-align-center elementor-widget elementor-widget-button\" data-id=\"b3175c2\" data-element_type=\"widget\" data-e-type=\"widget\" data-widget_type=\"button.default\">\n\t\t\t\t<div class=\"elementor-widget-container\">\n\t\t\t\t\t\t\t\t\t<div class=\"elementor-button-wrapper\">\n\t\t\t\t\t<a class=\"elementor-button elementor-button-link elementor-size-xs elementor-animation-grow\" href=\"#Video\">\n\t\t\t\t\t\t<span class=\"elementor-button-content-wrapper\">\n\t\t\t\t\t\t\t\t\t<span class=\"elementor-button-text\">V\u00eddeo<\/span>\n\t\t\t\t\t<\/span>\n\t\t\t\t\t<\/a>\n\t\t\t\t<\/div>\n\t\t\t\t\t\t\t\t<\/div>\n\t\t\t\t<\/div>\n\t\t\t\t\t<\/div>\n\t\t<\/div>\n\t\t\t\t<div class=\"elementor-column elementor-col-33 elementor-inner-column elementor-element elementor-element-495ac6c\" data-id=\"495ac6c\" data-element_type=\"column\" data-e-type=\"column\">\n\t\t\t<div class=\"elementor-widget-wrap elementor-element-populated\">\n\t\t\t\t\t\t<div class=\"elementor-element elementor-element-00f7e9f elementor-button-info elementor-align-left elementor-widget elementor-widget-button\" data-id=\"00f7e9f\" data-element_type=\"widget\" data-e-type=\"widget\" data-widget_type=\"button.default\">\n\t\t\t\t<div class=\"elementor-widget-container\">\n\t\t\t\t\t\t\t\t\t<div class=\"elementor-button-wrapper\">\n\t\t\t\t\t<a class=\"elementor-button elementor-button-link elementor-size-xs elementor-animation-grow\" href=\"#Prensa\">\n\t\t\t\t\t\t<span class=\"elementor-button-content-wrapper\">\n\t\t\t\t\t\t\t\t\t<span class=\"elementor-button-text\">Prensa<\/span>\n\t\t\t\t\t<\/span>\n\t\t\t\t\t<\/a>\n\t\t\t\t<\/div>\n\t\t\t\t\t\t\t\t<\/div>\n\t\t\t\t<\/div>\n\t\t\t\t\t<\/div>\n\t\t<\/div>\n\t\t\t\t\t<\/div>\n\t\t<\/section>\n\t\t\t\t\t<\/div>\n\t\t<\/div>\n\t\t\t\t\t<\/div>\n\t\t<\/section>\n\t\t\t\t<section class=\"elementor-section elementor-top-section elementor-element elementor-element-bc54ffd elementor-section-boxed elementor-section-height-default elementor-section-height-default\" data-id=\"bc54ffd\" data-element_type=\"section\" data-e-type=\"section\">\n\t\t\t\t\t\t<div class=\"elementor-container elementor-column-gap-default\">\n\t\t\t\t\t<div class=\"elementor-column elementor-col-100 elementor-top-column elementor-element elementor-element-2289d93\" data-id=\"2289d93\" data-element_type=\"column\" data-e-type=\"column\">\n\t\t\t<div class=\"elementor-widget-wrap elementor-element-populated\">\n\t\t\t\t\t\t<div class=\"elementor-element elementor-element-558724d elementor-widget elementor-widget-menu-anchor\" data-id=\"558724d\" data-element_type=\"widget\" data-e-type=\"widget\" data-widget_type=\"menu-anchor.default\">\n\t\t\t\t<div class=\"elementor-widget-container\">\n\t\t\t\t\t\t\t<div class=\"elementor-menu-anchor\" id=\"Video\"><\/div>\n\t\t\t\t\t\t<\/div>\n\t\t\t\t<\/div>\n\t\t\t\t<div class=\"elementor-element elementor-element-4ddcd69 elementor-widget elementor-widget-heading\" data-id=\"4ddcd69\" data-element_type=\"widget\" data-e-type=\"widget\" data-widget_type=\"heading.default\">\n\t\t\t\t<div class=\"elementor-widget-container\">\n\t\t\t\t\t<h2 class=\"elementor-heading-title elementor-size-default\">V\u00eddeo<\/h2>\t\t\t\t<\/div>\n\t\t\t\t<\/div>\n\t\t\t\t<section class=\"elementor-section elementor-inner-section elementor-element elementor-element-a8b3106 elementor-section-boxed elementor-section-height-default elementor-section-height-default\" data-id=\"a8b3106\" data-element_type=\"section\" data-e-type=\"section\">\n\t\t\t\t\t\t<div class=\"elementor-container elementor-column-gap-default\">\n\t\t\t\t\t<div class=\"elementor-column elementor-col-50 elementor-inner-column elementor-element elementor-element-7f3f1e0\" data-id=\"7f3f1e0\" data-element_type=\"column\" data-e-type=\"column\">\n\t\t\t<div class=\"elementor-widget-wrap elementor-element-populated\">\n\t\t\t\t\t\t<div class=\"elementor-element elementor-element-a2975eb elementor-widget elementor-widget-image\" data-id=\"a2975eb\" data-element_type=\"widget\" data-e-type=\"widget\" data-widget_type=\"image.default\">\n\t\t\t\t<div class=\"elementor-widget-container\">\n\t\t\t\t\t\t\t\t\t\t\t\t\t\t\t<img loading=\"lazy\" decoding=\"async\" width=\"796\" height=\"459\" src=\"https:\/\/blogs.uned.es\/idenfusion\/wp-content\/uploads\/sites\/553\/2025\/02\/CESEDEN-youtube.jpg\" class=\"attachment-large size-large wp-image-7023\" alt=\"\" srcset=\"https:\/\/blogs.uned.es\/idenfusion\/wp-content\/uploads\/sites\/553\/2025\/02\/CESEDEN-youtube.jpg 796w, https:\/\/blogs.uned.es\/idenfusion\/wp-content\/uploads\/sites\/553\/2025\/02\/CESEDEN-youtube-300x173.jpg 300w, https:\/\/blogs.uned.es\/idenfusion\/wp-content\/uploads\/sites\/553\/2025\/02\/CESEDEN-youtube-768x443.jpg 768w\" sizes=\"(max-width: 796px) 100vw, 796px\" \/>\t\t\t\t\t\t\t\t\t\t\t\t\t\t\t<\/div>\n\t\t\t\t<\/div>\n\t\t\t\t\t<\/div>\n\t\t<\/div>\n\t\t\t\t<div class=\"elementor-column elementor-col-50 elementor-inner-column elementor-element elementor-element-21d7a3c\" data-id=\"21d7a3c\" data-element_type=\"column\" data-e-type=\"column\">\n\t\t\t<div class=\"elementor-widget-wrap elementor-element-populated\">\n\t\t\t\t\t\t<div class=\"elementor-element elementor-element-aa78e8c elementor-widget elementor-widget-text-editor\" data-id=\"aa78e8c\" data-element_type=\"widget\" data-e-type=\"widget\" data-widget_type=\"text-editor.default\">\n\t\t\t\t<div class=\"elementor-widget-container\">\n\t\t\t\t\t\t\t\t\t<p style=\"text-align: left\">22\/01\/2025<br \/><span style=\"color: #000000\">Participaci\u00f3n de Laura Blanco en el podcast:<\/span><br \/><span style=\"color: #000000\"><strong>\u00abLa radicalizaci\u00f3n yihadista de los j\u00f3venes en Europa a trav\u00e9s de TIk Tok\u00bb <br \/><\/strong>CESEDEN, YouTube.<\/span><\/p>\t\t\t\t\t\t\t\t<\/div>\n\t\t\t\t<\/div>\n\t\t\t\t<div class=\"elementor-element elementor-element-28618d1 elementor-view-default elementor-widget elementor-widget-icon\" data-id=\"28618d1\" data-element_type=\"widget\" data-e-type=\"widget\" data-widget_type=\"icon.default\">\n\t\t\t\t<div class=\"elementor-widget-container\">\n\t\t\t\t\t\t\t<div class=\"elementor-icon-wrapper\">\n\t\t\t<a class=\"elementor-icon elementor-animation-grow\" href=\"https:\/\/www.youtube.com\/watch?v=oZ5zZoySYJ8\" target=\"_blank\">\n\t\t\t<i aria-hidden=\"true\" class=\"fas fa-video\"><\/i>\t\t\t<\/a>\n\t\t<\/div>\n\t\t\t\t\t\t<\/div>\n\t\t\t\t<\/div>\n\t\t\t\t\t<\/div>\n\t\t<\/div>\n\t\t\t\t\t<\/div>\n\t\t<\/section>\n\t\t\t\t<section class=\"elementor-section elementor-inner-section elementor-element elementor-element-a64b472 elementor-section-boxed elementor-section-height-default elementor-section-height-default\" data-id=\"a64b472\" data-element_type=\"section\" data-e-type=\"section\">\n\t\t\t\t\t\t<div class=\"elementor-container elementor-column-gap-default\">\n\t\t\t\t\t<div class=\"elementor-column elementor-col-50 elementor-inner-column elementor-element elementor-element-7e3f1f3\" data-id=\"7e3f1f3\" data-element_type=\"column\" data-e-type=\"column\">\n\t\t\t<div class=\"elementor-widget-wrap elementor-element-populated\">\n\t\t\t\t\t\t<div class=\"elementor-element elementor-element-4d57ccd elementor-widget elementor-widget-image\" data-id=\"4d57ccd\" data-element_type=\"widget\" data-e-type=\"widget\" data-widget_type=\"image.default\">\n\t\t\t\t<div class=\"elementor-widget-container\">\n\t\t\t\t\t\t\t\t\t\t\t\t\t\t\t<img loading=\"lazy\" decoding=\"async\" width=\"800\" height=\"495\" src=\"https:\/\/blogs.uned.es\/idenfusion\/wp-content\/uploads\/sites\/553\/2025\/01\/RTVE_Fusion-1024x634.jpg\" class=\"attachment-large size-large wp-image-6545\" alt=\"RTVE Play - UNED 10\/01\/25. La fusi\u00f3n de identidad\" srcset=\"https:\/\/blogs.uned.es\/idenfusion\/wp-content\/uploads\/sites\/553\/2025\/01\/RTVE_Fusion-1024x634.jpg 1024w, https:\/\/blogs.uned.es\/idenfusion\/wp-content\/uploads\/sites\/553\/2025\/01\/RTVE_Fusion-300x186.jpg 300w, https:\/\/blogs.uned.es\/idenfusion\/wp-content\/uploads\/sites\/553\/2025\/01\/RTVE_Fusion-768x476.jpg 768w, https:\/\/blogs.uned.es\/idenfusion\/wp-content\/uploads\/sites\/553\/2025\/01\/RTVE_Fusion.jpg 1285w\" sizes=\"(max-width: 800px) 100vw, 800px\" \/>\t\t\t\t\t\t\t\t\t\t\t\t\t\t\t<\/div>\n\t\t\t\t<\/div>\n\t\t\t\t\t<\/div>\n\t\t<\/div>\n\t\t\t\t<div class=\"elementor-column elementor-col-50 elementor-inner-column elementor-element elementor-element-6fb24e0\" data-id=\"6fb24e0\" data-element_type=\"column\" data-e-type=\"column\">\n\t\t\t<div class=\"elementor-widget-wrap elementor-element-populated\">\n\t\t\t\t\t\t<div class=\"elementor-element elementor-element-ba33182 elementor-widget elementor-widget-text-editor\" data-id=\"ba33182\" data-element_type=\"widget\" data-e-type=\"widget\" data-widget_type=\"text-editor.default\">\n\t\t\t\t<div class=\"elementor-widget-container\">\n\t\t\t\t\t\t\t\t\t<p>10\/01\/2025 <br \/><span style=\"color: #000000\">Programa de televisi\u00f3n de UNED y RTVE Play:<\/span><br \/><span style=\"color: #000000\">\u00ab<strong>UNED \u2013 10\/01\/25. La fusi\u00f3n de identidad. Una teor\u00eda para desentra\u00f1ar los mecanismos de la radicalizaci\u00f3n violenta\u00bb<br \/><\/strong>UNED, RTVE Play.<\/span><\/p>\t\t\t\t\t\t\t\t<\/div>\n\t\t\t\t<\/div>\n\t\t\t\t<div class=\"elementor-element elementor-element-4cc3818 elementor-view-default elementor-widget elementor-widget-icon\" data-id=\"4cc3818\" data-element_type=\"widget\" data-e-type=\"widget\" data-widget_type=\"icon.default\">\n\t\t\t\t<div class=\"elementor-widget-container\">\n\t\t\t\t\t\t\t<div class=\"elementor-icon-wrapper\">\n\t\t\t<a class=\"elementor-icon elementor-animation-grow\" href=\"https:\/\/www.rtve.es\/play\/videos\/uned\/10-01-25\/16401779\/%20\" target=\"_blank\">\n\t\t\t<i aria-hidden=\"true\" class=\"fas fa-video\"><\/i>\t\t\t<\/a>\n\t\t<\/div>\n\t\t\t\t\t\t<\/div>\n\t\t\t\t<\/div>\n\t\t\t\t\t<\/div>\n\t\t<\/div>\n\t\t\t\t\t<\/div>\n\t\t<\/section>\n\t\t\t\t\t<\/div>\n\t\t<\/div>\n\t\t\t\t\t<\/div>\n\t\t<\/section>\n\t\t\t\t<section class=\"elementor-section elementor-inner-section elementor-element elementor-element-0defa07 elementor-section-boxed elementor-section-height-default elementor-section-height-default\" data-id=\"0defa07\" data-element_type=\"section\" data-e-type=\"section\">\n\t\t\t\t\t\t<div class=\"elementor-container elementor-column-gap-default\">\n\t\t\t\t\t<div class=\"elementor-column elementor-col-50 elementor-inner-column elementor-element elementor-element-54f0015\" data-id=\"54f0015\" data-element_type=\"column\" data-e-type=\"column\">\n\t\t\t<div class=\"elementor-widget-wrap elementor-element-populated\">\n\t\t\t\t\t\t<div class=\"elementor-element elementor-element-07a9fed elementor-widget elementor-widget-image\" data-id=\"07a9fed\" data-element_type=\"widget\" data-e-type=\"widget\" data-widget_type=\"image.default\">\n\t\t\t\t<div class=\"elementor-widget-container\">\n\t\t\t\t\t\t\t\t\t\t\t\t\t\t\t<img loading=\"lazy\" decoding=\"async\" width=\"796\" height=\"504\" src=\"https:\/\/blogs.uned.es\/idenfusion\/wp-content\/uploads\/sites\/553\/2025\/01\/FB_La-2_programa-de-fusion-1.jpg\" class=\"attachment-large size-large wp-image-6525\" alt=\"\" srcset=\"https:\/\/blogs.uned.es\/idenfusion\/wp-content\/uploads\/sites\/553\/2025\/01\/FB_La-2_programa-de-fusion-1.jpg 796w, https:\/\/blogs.uned.es\/idenfusion\/wp-content\/uploads\/sites\/553\/2025\/01\/FB_La-2_programa-de-fusion-1-300x190.jpg 300w, https:\/\/blogs.uned.es\/idenfusion\/wp-content\/uploads\/sites\/553\/2025\/01\/FB_La-2_programa-de-fusion-1-768x486.jpg 768w\" sizes=\"(max-width: 796px) 100vw, 796px\" \/>\t\t\t\t\t\t\t\t\t\t\t\t\t\t\t<\/div>\n\t\t\t\t<\/div>\n\t\t\t\t\t<\/div>\n\t\t<\/div>\n\t\t\t\t<div class=\"elementor-column elementor-col-50 elementor-inner-column elementor-element elementor-element-1a23bf1\" data-id=\"1a23bf1\" data-element_type=\"column\" data-e-type=\"column\">\n\t\t\t<div class=\"elementor-widget-wrap elementor-element-populated\">\n\t\t\t\t\t\t<div class=\"elementor-element elementor-element-b7c1037 elementor-widget elementor-widget-text-editor\" data-id=\"b7c1037\" data-element_type=\"widget\" data-e-type=\"widget\" data-widget_type=\"text-editor.default\">\n\t\t\t\t<div class=\"elementor-widget-container\">\n\t\t\t\t\t\t\t\t\t<p>09\/01\/2025 <br \/><span style=\"color: #000000\"><strong>\u201cLa Teor\u00eda de la Fusi\u00f3n de Identidad en el Programa de la UNED\u201d<br \/><\/strong>La 2 de TVE, publicaci\u00f3n en Facebook.<\/span><\/p>\t\t\t\t\t\t\t\t<\/div>\n\t\t\t\t<\/div>\n\t\t\t\t<div class=\"elementor-element elementor-element-2a21388 elementor-view-default elementor-widget elementor-widget-icon\" data-id=\"2a21388\" data-element_type=\"widget\" data-e-type=\"widget\" data-widget_type=\"icon.default\">\n\t\t\t\t<div class=\"elementor-widget-container\">\n\t\t\t\t\t\t\t<div class=\"elementor-icon-wrapper\">\n\t\t\t<a class=\"elementor-icon elementor-animation-grow\" href=\"https:\/\/fb.watch\/xgwVoMEwoM\/%20\" target=\"_blank\">\n\t\t\t<i aria-hidden=\"true\" class=\"fas fa-video\"><\/i>\t\t\t<\/a>\n\t\t<\/div>\n\t\t\t\t\t\t<\/div>\n\t\t\t\t<\/div>\n\t\t\t\t\t<\/div>\n\t\t<\/div>\n\t\t\t\t\t<\/div>\n\t\t<\/section>\n\t\t\t\t<section class=\"elementor-section elementor-inner-section elementor-element elementor-element-5cae1d2 elementor-section-boxed elementor-section-height-default elementor-section-height-default\" data-id=\"5cae1d2\" data-element_type=\"section\" data-e-type=\"section\">\n\t\t\t\t\t\t<div class=\"elementor-container elementor-column-gap-default\">\n\t\t\t\t\t<div class=\"elementor-column elementor-col-50 elementor-inner-column elementor-element elementor-element-b7dce75\" data-id=\"b7dce75\" data-element_type=\"column\" data-e-type=\"column\">\n\t\t\t<div class=\"elementor-widget-wrap elementor-element-populated\">\n\t\t\t\t\t\t<div class=\"elementor-element elementor-element-da227d5 elementor-widget elementor-widget-image\" data-id=\"da227d5\" data-element_type=\"widget\" data-e-type=\"widget\" data-widget_type=\"image.default\">\n\t\t\t\t<div class=\"elementor-widget-container\">\n\t\t\t\t\t\t\t\t\t\t\t\t\t\t\t<img loading=\"lazy\" decoding=\"async\" width=\"800\" height=\"534\" src=\"https:\/\/blogs.uned.es\/idenfusion\/wp-content\/uploads\/sites\/553\/2024\/12\/Premio-Consejo-Social-24-1024x683.jpg\" class=\"attachment-large size-large wp-image-6145\" alt=\"Premio Consejo Social UNED 24\" srcset=\"https:\/\/blogs.uned.es\/idenfusion\/wp-content\/uploads\/sites\/553\/2024\/12\/Premio-Consejo-Social-24-1024x683.jpg 1024w, https:\/\/blogs.uned.es\/idenfusion\/wp-content\/uploads\/sites\/553\/2024\/12\/Premio-Consejo-Social-24-300x200.jpg 300w, https:\/\/blogs.uned.es\/idenfusion\/wp-content\/uploads\/sites\/553\/2024\/12\/Premio-Consejo-Social-24-768x512.jpg 768w, https:\/\/blogs.uned.es\/idenfusion\/wp-content\/uploads\/sites\/553\/2024\/12\/Premio-Consejo-Social-24-1536x1024.jpg 1536w, https:\/\/blogs.uned.es\/idenfusion\/wp-content\/uploads\/sites\/553\/2024\/12\/Premio-Consejo-Social-24-2048x1365.jpg 2048w\" sizes=\"(max-width: 800px) 100vw, 800px\" \/>\t\t\t\t\t\t\t\t\t\t\t\t\t\t\t<\/div>\n\t\t\t\t<\/div>\n\t\t\t\t\t<\/div>\n\t\t<\/div>\n\t\t\t\t<div class=\"elementor-column elementor-col-50 elementor-inner-column elementor-element elementor-element-528c4c5\" data-id=\"528c4c5\" data-element_type=\"column\" data-e-type=\"column\">\n\t\t\t<div class=\"elementor-widget-wrap elementor-element-populated\">\n\t\t\t\t\t\t<div class=\"elementor-element elementor-element-e2a1c60 elementor-widget elementor-widget-text-editor\" data-id=\"e2a1c60\" data-element_type=\"widget\" data-e-type=\"widget\" data-widget_type=\"text-editor.default\">\n\t\t\t\t<div class=\"elementor-widget-container\">\n\t\t\t\t\t\t\t\t\t<p>19\/12\/2024<br \/><span style=\"color: #000000\"><strong>Entrega de premios del Consejo Social de la UNED 2024 <br \/><\/strong>Premio a las Buenas Pr\u00e1cticas del Personal Docente e Investigador y Personal T\u00e9cnico, de Gesti\u00f3n y de Administraci\u00f3n y Servicios al proyecto \u201cLa Fusi\u00f3n de Identidad\u201d.<\/span><\/p><hr \/><p><span style=\"color: #000080\">Miembros premiados: <br \/><\/span><span style=\"color: #000080\">\u00c1ngel G\u00f3mez, Beatriz Alba, Irene Bar\u00f3n, Montserrat Bautista, Laura Blanco, Pablo Bragado Blanchart, Naroa Carrasco, Ra\u00fal Garc\u00eda Garc\u00eda, Mercedes Mart\u00ednez D\u00edaz, Yolanda Moreno Tirado, Borja Paredes, Yolanda Prieto Ramos, Juan Manuel Segura Reyes, Alexandra V\u00e1zquez.<\/span><\/p><p><i><span style=\"color: #333333\">Grabaci\u00f3n de todo el evento (a partir del minuto 35:20)<\/span><\/i><\/p>\t\t\t\t\t\t\t\t<\/div>\n\t\t\t\t<\/div>\n\t\t\t\t<div class=\"elementor-element elementor-element-9288a34 elementor-view-default elementor-widget elementor-widget-icon\" data-id=\"9288a34\" data-element_type=\"widget\" data-e-type=\"widget\" data-widget_type=\"icon.default\">\n\t\t\t\t<div class=\"elementor-widget-container\">\n\t\t\t\t\t\t\t<div class=\"elementor-icon-wrapper\">\n\t\t\t<a class=\"elementor-icon elementor-animation-grow\" href=\"https:\/\/canal.uned.es\/video\/676442bbf872ec48ea0e2542\" target=\"_blank\">\n\t\t\t<i aria-hidden=\"true\" class=\"fas fa-video\"><\/i>\t\t\t<\/a>\n\t\t<\/div>\n\t\t\t\t\t\t<\/div>\n\t\t\t\t<\/div>\n\t\t\t\t\t<\/div>\n\t\t<\/div>\n\t\t\t\t\t<\/div>\n\t\t<\/section>\n\t\t\t\t<section class=\"elementor-section elementor-inner-section elementor-element elementor-element-aab84bc elementor-section-boxed elementor-section-height-default elementor-section-height-default\" data-id=\"aab84bc\" data-element_type=\"section\" data-e-type=\"section\">\n\t\t\t\t\t\t<div class=\"elementor-container elementor-column-gap-default\">\n\t\t\t\t\t<div class=\"elementor-column elementor-col-50 elementor-inner-column elementor-element elementor-element-b028ad9\" data-id=\"b028ad9\" data-element_type=\"column\" data-e-type=\"column\">\n\t\t\t<div class=\"elementor-widget-wrap elementor-element-populated\">\n\t\t\t\t\t\t<div class=\"elementor-element elementor-element-e43635b elementor-widget elementor-widget-image\" data-id=\"e43635b\" data-element_type=\"widget\" data-e-type=\"widget\" data-widget_type=\"image.default\">\n\t\t\t\t<div class=\"elementor-widget-container\">\n\t\t\t\t\t\t\t\t\t\t\t\t\t\t\t<img loading=\"lazy\" decoding=\"async\" width=\"800\" height=\"479\" src=\"https:\/\/blogs.uned.es\/idenfusion\/wp-content\/uploads\/sites\/553\/2025\/01\/Canal-UNED-Video2-1024x613.jpg\" class=\"attachment-large size-large wp-image-6559\" alt=\"Canal UNED. La fusi\u00f3n de identidad\" srcset=\"https:\/\/blogs.uned.es\/idenfusion\/wp-content\/uploads\/sites\/553\/2025\/01\/Canal-UNED-Video2-1024x613.jpg 1024w, https:\/\/blogs.uned.es\/idenfusion\/wp-content\/uploads\/sites\/553\/2025\/01\/Canal-UNED-Video2-300x180.jpg 300w, https:\/\/blogs.uned.es\/idenfusion\/wp-content\/uploads\/sites\/553\/2025\/01\/Canal-UNED-Video2-768x460.jpg 768w, https:\/\/blogs.uned.es\/idenfusion\/wp-content\/uploads\/sites\/553\/2025\/01\/Canal-UNED-Video2.jpg 1200w\" sizes=\"(max-width: 800px) 100vw, 800px\" \/>\t\t\t\t\t\t\t\t\t\t\t\t\t\t\t<\/div>\n\t\t\t\t<\/div>\n\t\t\t\t\t<\/div>\n\t\t<\/div>\n\t\t\t\t<div class=\"elementor-column elementor-col-50 elementor-inner-column elementor-element elementor-element-6d995d2\" data-id=\"6d995d2\" data-element_type=\"column\" data-e-type=\"column\">\n\t\t\t<div class=\"elementor-widget-wrap elementor-element-populated\">\n\t\t\t\t\t\t<div class=\"elementor-element elementor-element-e0243e9 elementor-widget elementor-widget-text-editor\" data-id=\"e0243e9\" data-element_type=\"widget\" data-e-type=\"widget\" data-widget_type=\"text-editor.default\">\n\t\t\t\t<div class=\"elementor-widget-container\">\n\t\t\t\t\t\t\t\t\t<p>18\/12\/2024<br \/><span style=\"color: #000000\"><strong>\u201cRESUMEN DE REDES &#8211; La Fusi\u00f3n de Identidad. Una teor\u00eda para desentra\u00f1ar los mecanismos de la radicalizaci\u00f3n violenta\u201d<br \/><\/strong><em>V\u00eddeo corto sobre la fusi\u00f3n de identidad con \u00c1ngel G\u00f3mez, Laura Blanco, Beatriz Alba, Hend Bautista and Alexandra V\u00e1zquez. <br \/><\/em>Canal UNED.<\/span><\/p>\t\t\t\t\t\t\t\t<\/div>\n\t\t\t\t<\/div>\n\t\t\t\t<div class=\"elementor-element elementor-element-de0a28a elementor-view-default elementor-widget elementor-widget-icon\" data-id=\"de0a28a\" data-element_type=\"widget\" data-e-type=\"widget\" data-widget_type=\"icon.default\">\n\t\t\t\t<div class=\"elementor-widget-container\">\n\t\t\t\t\t\t\t<div class=\"elementor-icon-wrapper\">\n\t\t\t<a class=\"elementor-icon elementor-animation-grow\" href=\"https:\/\/canal.uned.es\/video\/6762c73aff763388ab075bf6\" target=\"_blank\">\n\t\t\t<i aria-hidden=\"true\" class=\"fas fa-video\"><\/i>\t\t\t<\/a>\n\t\t<\/div>\n\t\t\t\t\t\t<\/div>\n\t\t\t\t<\/div>\n\t\t\t\t\t<\/div>\n\t\t<\/div>\n\t\t\t\t\t<\/div>\n\t\t<\/section>\n\t\t\t\t<section class=\"elementor-section elementor-inner-section elementor-element elementor-element-fbcc8d7 elementor-section-boxed elementor-section-height-default elementor-section-height-default\" data-id=\"fbcc8d7\" data-element_type=\"section\" data-e-type=\"section\">\n\t\t\t\t\t\t<div class=\"elementor-container elementor-column-gap-default\">\n\t\t\t\t\t<div class=\"elementor-column elementor-col-50 elementor-inner-column elementor-element elementor-element-7468da9\" data-id=\"7468da9\" data-element_type=\"column\" data-e-type=\"column\">\n\t\t\t<div class=\"elementor-widget-wrap elementor-element-populated\">\n\t\t\t\t\t\t<div class=\"elementor-element elementor-element-a3cb3c7 elementor-widget elementor-widget-image\" data-id=\"a3cb3c7\" data-element_type=\"widget\" data-e-type=\"widget\" data-widget_type=\"image.default\">\n\t\t\t\t<div class=\"elementor-widget-container\">\n\t\t\t\t\t\t\t\t\t\t\t\t\t\t\t<img loading=\"lazy\" decoding=\"async\" width=\"800\" height=\"545\" src=\"https:\/\/blogs.uned.es\/idenfusion\/wp-content\/uploads\/sites\/553\/2025\/01\/Video-Fusion-1024x698.jpg\" class=\"attachment-large size-large wp-image-6595\" alt=\"\" srcset=\"https:\/\/blogs.uned.es\/idenfusion\/wp-content\/uploads\/sites\/553\/2025\/01\/Video-Fusion-1024x698.jpg 1024w, https:\/\/blogs.uned.es\/idenfusion\/wp-content\/uploads\/sites\/553\/2025\/01\/Video-Fusion-300x205.jpg 300w, https:\/\/blogs.uned.es\/idenfusion\/wp-content\/uploads\/sites\/553\/2025\/01\/Video-Fusion-768x524.jpg 768w, https:\/\/blogs.uned.es\/idenfusion\/wp-content\/uploads\/sites\/553\/2025\/01\/Video-Fusion.jpg 1198w\" sizes=\"(max-width: 800px) 100vw, 800px\" \/>\t\t\t\t\t\t\t\t\t\t\t\t\t\t\t<\/div>\n\t\t\t\t<\/div>\n\t\t\t\t\t<\/div>\n\t\t<\/div>\n\t\t\t\t<div class=\"elementor-column elementor-col-50 elementor-inner-column elementor-element elementor-element-66c6213\" data-id=\"66c6213\" data-element_type=\"column\" data-e-type=\"column\">\n\t\t\t<div class=\"elementor-widget-wrap elementor-element-populated\">\n\t\t\t\t\t\t<div class=\"elementor-element elementor-element-879c239 elementor-widget elementor-widget-text-editor\" data-id=\"879c239\" data-element_type=\"widget\" data-e-type=\"widget\" data-widget_type=\"text-editor.default\">\n\t\t\t\t<div class=\"elementor-widget-container\">\n\t\t\t\t\t\t\t\t\t<p>31\/07\/2024<br \/><span style=\"color: #000000\"><strong>\u201cV\u00eddeo-presentaci\u00f3n del documental \u00abLa Fusi\u00f3n de Identidad\u00bb Premios del Consejo Social 2024\u201d<br \/><\/strong>Canal UNED.<\/span><\/p>\t\t\t\t\t\t\t\t<\/div>\n\t\t\t\t<\/div>\n\t\t\t\t<div class=\"elementor-element elementor-element-3ff5671 elementor-view-default elementor-widget elementor-widget-icon\" data-id=\"3ff5671\" data-element_type=\"widget\" data-e-type=\"widget\" data-widget_type=\"icon.default\">\n\t\t\t\t<div class=\"elementor-widget-container\">\n\t\t\t\t\t\t\t<div class=\"elementor-icon-wrapper\">\n\t\t\t<a class=\"elementor-icon elementor-animation-grow\" href=\"https:\/\/canal.uned.es\/video\/66a9eccbc45c42519b394982\" target=\"_blank\">\n\t\t\t<i aria-hidden=\"true\" class=\"fas fa-video\"><\/i>\t\t\t<\/a>\n\t\t<\/div>\n\t\t\t\t\t\t<\/div>\n\t\t\t\t<\/div>\n\t\t\t\t\t<\/div>\n\t\t<\/div>\n\t\t\t\t\t<\/div>\n\t\t<\/section>\n\t\t\t\t<section class=\"elementor-section elementor-inner-section elementor-element elementor-element-6d16983 elementor-section-boxed elementor-section-height-default elementor-section-height-default\" data-id=\"6d16983\" data-element_type=\"section\" data-e-type=\"section\">\n\t\t\t\t\t\t<div class=\"elementor-container elementor-column-gap-default\">\n\t\t\t\t\t<div class=\"elementor-column elementor-col-50 elementor-inner-column elementor-element elementor-element-747f29b\" data-id=\"747f29b\" data-element_type=\"column\" data-e-type=\"column\">\n\t\t\t<div class=\"elementor-widget-wrap elementor-element-populated\">\n\t\t\t\t\t\t<div class=\"elementor-element elementor-element-e2e6a4e elementor-widget elementor-widget-image\" data-id=\"e2e6a4e\" data-element_type=\"widget\" data-e-type=\"widget\" data-widget_type=\"image.default\">\n\t\t\t\t<div class=\"elementor-widget-container\">\n\t\t\t\t\t\t\t\t\t\t\t\t\t\t\t<img loading=\"lazy\" decoding=\"async\" width=\"729\" height=\"481\" src=\"https:\/\/blogs.uned.es\/idenfusion\/wp-content\/uploads\/sites\/553\/2024\/10\/Liderazgo.jpg\" class=\"attachment-large size-large wp-image-3599\" alt=\"\" srcset=\"https:\/\/blogs.uned.es\/idenfusion\/wp-content\/uploads\/sites\/553\/2024\/10\/Liderazgo.jpg 729w, https:\/\/blogs.uned.es\/idenfusion\/wp-content\/uploads\/sites\/553\/2024\/10\/Liderazgo-300x198.jpg 300w\" sizes=\"(max-width: 729px) 100vw, 729px\" \/>\t\t\t\t\t\t\t\t\t\t\t\t\t\t\t<\/div>\n\t\t\t\t<\/div>\n\t\t\t\t\t<\/div>\n\t\t<\/div>\n\t\t\t\t<div class=\"elementor-column elementor-col-50 elementor-inner-column elementor-element elementor-element-8ecf147\" data-id=\"8ecf147\" data-element_type=\"column\" data-e-type=\"column\">\n\t\t\t<div class=\"elementor-widget-wrap elementor-element-populated\">\n\t\t\t\t\t\t<div class=\"elementor-element elementor-element-16456f7 elementor-widget elementor-widget-text-editor\" data-id=\"16456f7\" data-element_type=\"widget\" data-e-type=\"widget\" data-widget_type=\"text-editor.default\">\n\t\t\t\t<div class=\"elementor-widget-container\">\n\t\t\t\t\t\t\t\t\t<p>22\/11\/2023<br \/><span style=\"color: #000000\"><span style=\"font-size: 11.0pt;line-height: 115%;font-family: 'Arial',sans-serif\">Presentaci\u00f3n de \u00c1ngel G\u00f3mez:<br \/><strong>\u00abLiderazgo cient\u00edfico\u00bb<\/strong><\/span><span style=\"font-size: 11.0pt;line-height: 115%;font-family: 'Arial',sans-serif\"><br \/>II Curso de la Carrera Investigadora, Academia Joven de Espa\u00f1a and Consejo Superior de Investigaciones Cient\u00edficas.<\/span><\/span><\/p>\t\t\t\t\t\t\t\t<\/div>\n\t\t\t\t<\/div>\n\t\t\t\t<div class=\"elementor-element elementor-element-ba9a148 elementor-view-default elementor-widget elementor-widget-icon\" data-id=\"ba9a148\" data-element_type=\"widget\" data-e-type=\"widget\" data-widget_type=\"icon.default\">\n\t\t\t\t<div class=\"elementor-widget-container\">\n\t\t\t\t\t\t\t<div class=\"elementor-icon-wrapper\">\n\t\t\t<a class=\"elementor-icon elementor-animation-grow\" href=\"https:\/\/www.youtube.com\/watch?v=LYro0sZrNdQ\" target=\"_blank\">\n\t\t\t<i aria-hidden=\"true\" class=\"fas fa-video\"><\/i>\t\t\t<\/a>\n\t\t<\/div>\n\t\t\t\t\t\t<\/div>\n\t\t\t\t<\/div>\n\t\t\t\t\t<\/div>\n\t\t<\/div>\n\t\t\t\t\t<\/div>\n\t\t<\/section>\n\t\t\t\t<section class=\"elementor-section elementor-inner-section elementor-element elementor-element-abb15e0 elementor-section-boxed elementor-section-height-default elementor-section-height-default\" data-id=\"abb15e0\" data-element_type=\"section\" data-e-type=\"section\">\n\t\t\t\t\t\t<div class=\"elementor-container elementor-column-gap-default\">\n\t\t\t\t\t<div class=\"elementor-column elementor-col-50 elementor-inner-column elementor-element elementor-element-f2a803c\" data-id=\"f2a803c\" data-element_type=\"column\" data-e-type=\"column\">\n\t\t\t<div class=\"elementor-widget-wrap elementor-element-populated\">\n\t\t\t\t\t\t<div class=\"elementor-element elementor-element-9db90fd elementor-widget elementor-widget-image\" data-id=\"9db90fd\" data-element_type=\"widget\" data-e-type=\"widget\" data-widget_type=\"image.default\">\n\t\t\t\t<div class=\"elementor-widget-container\">\n\t\t\t\t\t\t\t\t\t\t\t\t\t\t\t<img loading=\"lazy\" decoding=\"async\" width=\"619\" height=\"614\" src=\"https:\/\/blogs.uned.es\/idenfusion\/wp-content\/uploads\/sites\/553\/2024\/10\/Apertura-de-curso-2023-24.jpg\" class=\"attachment-large size-large wp-image-3607\" alt=\"\" srcset=\"https:\/\/blogs.uned.es\/idenfusion\/wp-content\/uploads\/sites\/553\/2024\/10\/Apertura-de-curso-2023-24.jpg 619w, https:\/\/blogs.uned.es\/idenfusion\/wp-content\/uploads\/sites\/553\/2024\/10\/Apertura-de-curso-2023-24-300x298.jpg 300w, https:\/\/blogs.uned.es\/idenfusion\/wp-content\/uploads\/sites\/553\/2024\/10\/Apertura-de-curso-2023-24-150x150.jpg 150w\" sizes=\"(max-width: 619px) 100vw, 619px\" \/>\t\t\t\t\t\t\t\t\t\t\t\t\t\t\t<\/div>\n\t\t\t\t<\/div>\n\t\t\t\t\t<\/div>\n\t\t<\/div>\n\t\t\t\t<div class=\"elementor-column elementor-col-50 elementor-inner-column elementor-element elementor-element-be1463b\" data-id=\"be1463b\" data-element_type=\"column\" data-e-type=\"column\">\n\t\t\t<div class=\"elementor-widget-wrap elementor-element-populated\">\n\t\t\t\t\t\t<div class=\"elementor-element elementor-element-5911039 elementor-widget elementor-widget-text-editor\" data-id=\"5911039\" data-element_type=\"widget\" data-e-type=\"widget\" data-widget_type=\"text-editor.default\">\n\t\t\t\t<div class=\"elementor-widget-container\">\n\t\t\t\t\t\t\t\t\t<p>02\/10\/2023<br \/><span style=\"color: #000000\"><span style=\"font-size: 11.0pt;line-height: 115%;font-family: 'Arial',sans-serif\">Presentaci\u00f3n de \u00c1ngel G\u00f3mez:<br \/><\/span><\/span><b><span style=\"font-size: 11.0pt;line-height: 115%;font-family: 'Arial',sans-serif\"><span style=\"color: #000000\">\u00abApertura del curso acad\u00e9mico 2023-2024\u00bb<\/span><br \/><\/span><\/b><span style=\"color: #000000\"><span style=\"font-size: 11.0pt;line-height: 115%;font-family: 'Arial',sans-serif\">UNED.<br \/><\/span><\/span><\/p>\t\t\t\t\t\t\t\t<\/div>\n\t\t\t\t<\/div>\n\t\t\t\t<div class=\"elementor-element elementor-element-5606a85 elementor-view-default elementor-widget elementor-widget-icon\" data-id=\"5606a85\" data-element_type=\"widget\" data-e-type=\"widget\" data-widget_type=\"icon.default\">\n\t\t\t\t<div class=\"elementor-widget-container\">\n\t\t\t\t\t\t\t<div class=\"elementor-icon-wrapper\">\n\t\t\t<a class=\"elementor-icon elementor-animation-grow\" href=\"https:\/\/canal.uned.es\/video\/651a8a0b32e2ca676f49b122\" target=\"_blank\">\n\t\t\t<i aria-hidden=\"true\" class=\"fas fa-video\"><\/i>\t\t\t<\/a>\n\t\t<\/div>\n\t\t\t\t\t\t<\/div>\n\t\t\t\t<\/div>\n\t\t\t\t\t<\/div>\n\t\t<\/div>\n\t\t\t\t\t<\/div>\n\t\t<\/section>\n\t\t\t\t<section class=\"elementor-section elementor-inner-section elementor-element elementor-element-de9b4a4 elementor-section-boxed elementor-section-height-default elementor-section-height-default\" data-id=\"de9b4a4\" data-element_type=\"section\" data-e-type=\"section\">\n\t\t\t\t\t\t<div class=\"elementor-container elementor-column-gap-default\">\n\t\t\t\t\t<div class=\"elementor-column elementor-col-50 elementor-inner-column elementor-element elementor-element-80f67d0\" data-id=\"80f67d0\" data-element_type=\"column\" data-e-type=\"column\">\n\t\t\t<div class=\"elementor-widget-wrap elementor-element-populated\">\n\t\t\t\t\t\t<div class=\"elementor-element elementor-element-7736c25 elementor-widget elementor-widget-image\" data-id=\"7736c25\" data-element_type=\"widget\" data-e-type=\"widget\" data-widget_type=\"image.default\">\n\t\t\t\t<div class=\"elementor-widget-container\">\n\t\t\t\t\t\t\t\t\t\t\t\t\t\t\t<img loading=\"lazy\" decoding=\"async\" width=\"447\" height=\"379\" src=\"https:\/\/blogs.uned.es\/idenfusion\/wp-content\/uploads\/sites\/553\/2024\/10\/Canal-UNED-.png\" class=\"attachment-large size-large wp-image-3629\" alt=\"\" srcset=\"https:\/\/blogs.uned.es\/idenfusion\/wp-content\/uploads\/sites\/553\/2024\/10\/Canal-UNED-.png 447w, https:\/\/blogs.uned.es\/idenfusion\/wp-content\/uploads\/sites\/553\/2024\/10\/Canal-UNED--300x254.png 300w\" sizes=\"(max-width: 447px) 100vw, 447px\" \/>\t\t\t\t\t\t\t\t\t\t\t\t\t\t\t<\/div>\n\t\t\t\t<\/div>\n\t\t\t\t\t<\/div>\n\t\t<\/div>\n\t\t\t\t<div class=\"elementor-column elementor-col-50 elementor-inner-column elementor-element elementor-element-d5bcae4\" data-id=\"d5bcae4\" data-element_type=\"column\" data-e-type=\"column\">\n\t\t\t<div class=\"elementor-widget-wrap elementor-element-populated\">\n\t\t\t\t\t\t<div class=\"elementor-element elementor-element-4795c1c elementor-widget elementor-widget-text-editor\" data-id=\"4795c1c\" data-element_type=\"widget\" data-e-type=\"widget\" data-widget_type=\"text-editor.default\">\n\t\t\t\t<div class=\"elementor-widget-container\">\n\t\t\t\t\t\t\t\t\t<p>29\/09\/2023<br \/><span style=\"color: #000000;font-family: Arial, sans-serif;font-size: 14.6667px\">Programa de televisi\u00f3n:<\/span><br style=\"color: #000000;font-family: Arial, sans-serif;font-size: 14.6667px\" \/><b><span style=\"font-size: 11.0pt;line-height: 115%;font-family: 'Arial',sans-serif\"><span style=\"color: #000000\">\u00ab<\/span><\/span><\/b><span style=\"font-weight: bold;color: #000000\"><span style=\"font-size: 11pt;line-height: 16.8667px;font-family: Arial, sans-serif\">UNED \u2013 29\/09\/23. La fusi\u00f3n de identidad. Una teor\u00eda para desentra\u00f1ar los mecanismos de la radicalizaci\u00f3n violenta\u00bb<\/span><\/span><span style=\"color: #000000\"><span style=\"font-size: 11.0pt;line-height: 115%;font-family: 'Arial',sans-serif\"><br \/>UNED, RTVE Play.<br \/><\/span><\/span><\/p>\t\t\t\t\t\t\t\t<\/div>\n\t\t\t\t<\/div>\n\t\t\t\t<div class=\"elementor-element elementor-element-9e496a1 elementor-view-default elementor-widget elementor-widget-icon\" data-id=\"9e496a1\" data-element_type=\"widget\" data-e-type=\"widget\" data-widget_type=\"icon.default\">\n\t\t\t\t<div class=\"elementor-widget-container\">\n\t\t\t\t\t\t\t<div class=\"elementor-icon-wrapper\">\n\t\t\t<a class=\"elementor-icon elementor-animation-grow\" href=\"https:\/\/www.rtve.es\/play\/videos\/uned\/29-09-23\/6978369\/\" target=\"_blank\">\n\t\t\t<i aria-hidden=\"true\" class=\"fas fa-video\"><\/i>\t\t\t<\/a>\n\t\t<\/div>\n\t\t\t\t\t\t<\/div>\n\t\t\t\t<\/div>\n\t\t\t\t\t<\/div>\n\t\t<\/div>\n\t\t\t\t\t<\/div>\n\t\t<\/section>\n\t\t\t\t<section class=\"elementor-section elementor-inner-section elementor-element elementor-element-4da4e47 elementor-section-boxed elementor-section-height-default elementor-section-height-default\" data-id=\"4da4e47\" data-element_type=\"section\" data-e-type=\"section\">\n\t\t\t\t\t\t<div class=\"elementor-container elementor-column-gap-default\">\n\t\t\t\t\t<div class=\"elementor-column elementor-col-50 elementor-inner-column elementor-element elementor-element-9a748f3\" data-id=\"9a748f3\" data-element_type=\"column\" data-e-type=\"column\">\n\t\t\t<div class=\"elementor-widget-wrap elementor-element-populated\">\n\t\t\t\t\t\t<div class=\"elementor-element elementor-element-de3a961 elementor-widget elementor-widget-image\" data-id=\"de3a961\" data-element_type=\"widget\" data-e-type=\"widget\" data-widget_type=\"image.default\">\n\t\t\t\t<div class=\"elementor-widget-container\">\n\t\t\t\t\t\t\t\t\t\t\t\t\t\t\t<img loading=\"lazy\" decoding=\"async\" width=\"782\" height=\"472\" src=\"https:\/\/blogs.uned.es\/idenfusion\/wp-content\/uploads\/sites\/553\/2024\/10\/Interview-UI.jpg\" class=\"attachment-large size-large wp-image-4493\" alt=\"\" srcset=\"https:\/\/blogs.uned.es\/idenfusion\/wp-content\/uploads\/sites\/553\/2024\/10\/Interview-UI.jpg 782w, https:\/\/blogs.uned.es\/idenfusion\/wp-content\/uploads\/sites\/553\/2024\/10\/Interview-UI-300x181.jpg 300w, https:\/\/blogs.uned.es\/idenfusion\/wp-content\/uploads\/sites\/553\/2024\/10\/Interview-UI-768x464.jpg 768w\" sizes=\"(max-width: 782px) 100vw, 782px\" \/>\t\t\t\t\t\t\t\t\t\t\t\t\t\t\t<\/div>\n\t\t\t\t<\/div>\n\t\t\t\t\t<\/div>\n\t\t<\/div>\n\t\t\t\t<div class=\"elementor-column elementor-col-50 elementor-inner-column elementor-element elementor-element-ebf7335\" data-id=\"ebf7335\" data-element_type=\"column\" data-e-type=\"column\">\n\t\t\t<div class=\"elementor-widget-wrap elementor-element-populated\">\n\t\t\t\t\t\t<div class=\"elementor-element elementor-element-a6b1632 elementor-widget elementor-widget-text-editor\" data-id=\"a6b1632\" data-element_type=\"widget\" data-e-type=\"widget\" data-widget_type=\"text-editor.default\">\n\t\t\t\t<div class=\"elementor-widget-container\">\n\t\t\t\t\t\t\t\t\t<p>06\/08\/2023<br \/><span style=\"color: #000000\"><span style=\"font-family: Arial, sans-serif;font-size: 14.6667px\">Programa <\/span>de Fakultas Psikologi, Universitas Indonesia:<\/span><br \/><span style=\"color: #000000\"><span style=\"font-family: Arial, sans-serif;font-size: 14.6667px\"><strong>\u00abInterview with Prof. \u00c1ngel G\u00f3mez and Dr. Mirra Noor Milla\u00bb<\/strong><\/span><br \/><\/span><\/p>\t\t\t\t\t\t\t\t<\/div>\n\t\t\t\t<\/div>\n\t\t\t\t<div class=\"elementor-element elementor-element-0c26f28 elementor-view-default elementor-widget elementor-widget-icon\" data-id=\"0c26f28\" data-element_type=\"widget\" data-e-type=\"widget\" data-widget_type=\"icon.default\">\n\t\t\t\t<div class=\"elementor-widget-container\">\n\t\t\t\t\t\t\t<div class=\"elementor-icon-wrapper\">\n\t\t\t<a class=\"elementor-icon elementor-animation-grow\" href=\"https:\/\/www.youtube.com\/watch?v=TH8CQ_POhmo\" target=\"_blank\">\n\t\t\t<i aria-hidden=\"true\" class=\"fas fa-video\"><\/i>\t\t\t<\/a>\n\t\t<\/div>\n\t\t\t\t\t\t<\/div>\n\t\t\t\t<\/div>\n\t\t\t\t\t<\/div>\n\t\t<\/div>\n\t\t\t\t\t<\/div>\n\t\t<\/section>\n\t\t\t\t<section class=\"elementor-section elementor-inner-section elementor-element elementor-element-ad08b34 elementor-section-boxed elementor-section-height-default elementor-section-height-default\" data-id=\"ad08b34\" data-element_type=\"section\" data-e-type=\"section\">\n\t\t\t\t\t\t<div class=\"elementor-container elementor-column-gap-default\">\n\t\t\t\t\t<div class=\"elementor-column elementor-col-50 elementor-inner-column elementor-element elementor-element-bf7306f\" data-id=\"bf7306f\" data-element_type=\"column\" data-e-type=\"column\">\n\t\t\t<div class=\"elementor-widget-wrap elementor-element-populated\">\n\t\t\t\t\t\t<div class=\"elementor-element elementor-element-463558a elementor-widget elementor-widget-image\" data-id=\"463558a\" data-element_type=\"widget\" data-e-type=\"widget\" data-widget_type=\"image.default\">\n\t\t\t\t<div class=\"elementor-widget-container\">\n\t\t\t\t\t\t\t\t\t\t\t\t\t\t\t<img loading=\"lazy\" decoding=\"async\" width=\"800\" height=\"525\" src=\"https:\/\/blogs.uned.es\/idenfusion\/wp-content\/uploads\/sites\/553\/2024\/10\/Disentangling-1.jpg\" class=\"attachment-large size-large wp-image-4505\" alt=\"\" srcset=\"https:\/\/blogs.uned.es\/idenfusion\/wp-content\/uploads\/sites\/553\/2024\/10\/Disentangling-1.jpg 998w, https:\/\/blogs.uned.es\/idenfusion\/wp-content\/uploads\/sites\/553\/2024\/10\/Disentangling-1-300x197.jpg 300w, https:\/\/blogs.uned.es\/idenfusion\/wp-content\/uploads\/sites\/553\/2024\/10\/Disentangling-1-768x504.jpg 768w\" sizes=\"(max-width: 800px) 100vw, 800px\" \/>\t\t\t\t\t\t\t\t\t\t\t\t\t\t\t<\/div>\n\t\t\t\t<\/div>\n\t\t\t\t\t<\/div>\n\t\t<\/div>\n\t\t\t\t<div class=\"elementor-column elementor-col-50 elementor-inner-column elementor-element elementor-element-dc3f0c4\" data-id=\"dc3f0c4\" data-element_type=\"column\" data-e-type=\"column\">\n\t\t\t<div class=\"elementor-widget-wrap elementor-element-populated\">\n\t\t\t\t\t\t<div class=\"elementor-element elementor-element-ee8006e elementor-widget elementor-widget-text-editor\" data-id=\"ee8006e\" data-element_type=\"widget\" data-e-type=\"widget\" data-widget_type=\"text-editor.default\">\n\t\t\t\t<div class=\"elementor-widget-container\">\n\t\t\t\t\t\t\t\t\t<p>19\/04\/2023<br \/><span style=\"color: #000000\">Presentaci\u00f3n de \u00c1ngel G\u00f3mez<\/span><br \/><span style=\"color: #000000\"><span style=\"font-weight: bold\">\u00abDisentangling the underlying mechanisms for the will to fight\u00bb<br \/><\/span>Conferencia \u201cPsychology and Neuroscience. Viceversa\u201d<\/span><br \/><span style=\"color: #000000\">Canal UNED.<\/span><\/p>\t\t\t\t\t\t\t\t<\/div>\n\t\t\t\t<\/div>\n\t\t\t\t<div class=\"elementor-element elementor-element-8f51137 elementor-view-default elementor-widget elementor-widget-icon\" data-id=\"8f51137\" data-element_type=\"widget\" data-e-type=\"widget\" data-widget_type=\"icon.default\">\n\t\t\t\t<div class=\"elementor-widget-container\">\n\t\t\t\t\t\t\t<div class=\"elementor-icon-wrapper\">\n\t\t\t<a class=\"elementor-icon elementor-animation-grow\" href=\"https:\/\/canal.uned.es\/video\/644112673056d5439b72b6b6\" target=\"_blank\">\n\t\t\t<i aria-hidden=\"true\" class=\"fas fa-video\"><\/i>\t\t\t<\/a>\n\t\t<\/div>\n\t\t\t\t\t\t<\/div>\n\t\t\t\t<\/div>\n\t\t\t\t\t<\/div>\n\t\t<\/div>\n\t\t\t\t\t<\/div>\n\t\t<\/section>\n\t\t\t\t<section class=\"elementor-section elementor-inner-section elementor-element elementor-element-12975ad elementor-section-boxed elementor-section-height-default elementor-section-height-default\" data-id=\"12975ad\" data-element_type=\"section\" data-e-type=\"section\">\n\t\t\t\t\t\t<div class=\"elementor-container elementor-column-gap-default\">\n\t\t\t\t\t<div class=\"elementor-column elementor-col-50 elementor-inner-column elementor-element elementor-element-b0be992\" data-id=\"b0be992\" data-element_type=\"column\" data-e-type=\"column\">\n\t\t\t<div class=\"elementor-widget-wrap elementor-element-populated\">\n\t\t\t\t\t\t<div class=\"elementor-element elementor-element-3ff6153 elementor-widget elementor-widget-image\" data-id=\"3ff6153\" data-element_type=\"widget\" data-e-type=\"widget\" data-widget_type=\"image.default\">\n\t\t\t\t<div class=\"elementor-widget-container\">\n\t\t\t\t\t\t\t\t\t\t\t\t\t\t\t<img loading=\"lazy\" decoding=\"async\" width=\"800\" height=\"537\" src=\"https:\/\/blogs.uned.es\/idenfusion\/wp-content\/uploads\/sites\/553\/2024\/10\/Round-table.jpg\" class=\"attachment-large size-large wp-image-4521\" alt=\"\" srcset=\"https:\/\/blogs.uned.es\/idenfusion\/wp-content\/uploads\/sites\/553\/2024\/10\/Round-table.jpg 898w, https:\/\/blogs.uned.es\/idenfusion\/wp-content\/uploads\/sites\/553\/2024\/10\/Round-table-300x201.jpg 300w, https:\/\/blogs.uned.es\/idenfusion\/wp-content\/uploads\/sites\/553\/2024\/10\/Round-table-768x516.jpg 768w\" sizes=\"(max-width: 800px) 100vw, 800px\" \/>\t\t\t\t\t\t\t\t\t\t\t\t\t\t\t<\/div>\n\t\t\t\t<\/div>\n\t\t\t\t\t<\/div>\n\t\t<\/div>\n\t\t\t\t<div class=\"elementor-column elementor-col-50 elementor-inner-column elementor-element elementor-element-a2cf0e5\" data-id=\"a2cf0e5\" data-element_type=\"column\" data-e-type=\"column\">\n\t\t\t<div class=\"elementor-widget-wrap elementor-element-populated\">\n\t\t\t\t\t\t<div class=\"elementor-element elementor-element-0cbfc32 elementor-widget elementor-widget-text-editor\" data-id=\"0cbfc32\" data-element_type=\"widget\" data-e-type=\"widget\" data-widget_type=\"text-editor.default\">\n\t\t\t\t<div class=\"elementor-widget-container\">\n\t\t\t\t\t\t\t\t\t<p style=\"text-align: start;text-indent: 0px\"><span style=\"color: var( --e-global-color-text );text-indent: -35.45pt;text-align: justify\"><span style=\"font-weight: var( --e-global-typography-text-font-weight );background-color: #ffffff\">19\/04\/2023<\/span><span style=\"background-color: #ffffff\"><br \/><\/span><\/span><span style=\"color: #000000\"><span style=\"text-align: justify;text-indent: -35.45pt\"><span lang=\"EN-US\" style=\"line-height: 115%;background-image: initial;background-position: initial;background-size: initial;background-repeat: initial;background-attachment: initial;background-color: #ffffff\">Mesa redonda<br \/><\/span><\/span><b style=\"text-align: justify;text-indent: -35.45pt;font-family: var( --e-global-typography-text-font-family ), Sans-serif\"><span lang=\"EN-US\" style=\"font-size: 11.0pt;line-height: 115%;font-family: 'Arial',sans-serif\">\u00abRound table: Psychology and Neuroscience: An obligated confluence\u00bb<br \/><\/span><\/b><span lang=\"EN-US\" style=\"font-size: 11.0pt;line-height: 115%;font-family: 'Arial',sans-serif\">Conferencia \u201cPsychology and Neuroscience. Viceversa\u201d<br \/>Canal UNED.<\/span><\/span><\/p>\t\t\t\t\t\t\t\t<\/div>\n\t\t\t\t<\/div>\n\t\t\t\t<div class=\"elementor-element elementor-element-5daf61e elementor-view-default elementor-widget elementor-widget-icon\" data-id=\"5daf61e\" data-element_type=\"widget\" data-e-type=\"widget\" data-widget_type=\"icon.default\">\n\t\t\t\t<div class=\"elementor-widget-container\">\n\t\t\t\t\t\t\t<div class=\"elementor-icon-wrapper\">\n\t\t\t<a class=\"elementor-icon elementor-animation-grow\" href=\"https:\/\/canal.uned.es\/video\/6441137b3056d543a6218102?track_id=64412e873056d545c441d0e2\" target=\"_blank\">\n\t\t\t<i aria-hidden=\"true\" class=\"fas fa-video\"><\/i>\t\t\t<\/a>\n\t\t<\/div>\n\t\t\t\t\t\t<\/div>\n\t\t\t\t<\/div>\n\t\t\t\t\t<\/div>\n\t\t<\/div>\n\t\t\t\t\t<\/div>\n\t\t<\/section>\n\t\t\t\t<section class=\"elementor-section elementor-inner-section elementor-element elementor-element-df2f78d elementor-section-boxed elementor-section-height-default elementor-section-height-default\" data-id=\"df2f78d\" data-element_type=\"section\" data-e-type=\"section\">\n\t\t\t\t\t\t<div class=\"elementor-container elementor-column-gap-default\">\n\t\t\t\t\t<div class=\"elementor-column elementor-col-50 elementor-inner-column elementor-element elementor-element-ae88421\" data-id=\"ae88421\" data-element_type=\"column\" data-e-type=\"column\">\n\t\t\t<div class=\"elementor-widget-wrap elementor-element-populated\">\n\t\t\t\t\t\t<div class=\"elementor-element elementor-element-ff97050 elementor-widget elementor-widget-image\" data-id=\"ff97050\" data-element_type=\"widget\" data-e-type=\"widget\" data-widget_type=\"image.default\">\n\t\t\t\t<div class=\"elementor-widget-container\">\n\t\t\t\t\t\t\t\t\t\t\t\t\t\t\t<img loading=\"lazy\" decoding=\"async\" width=\"800\" height=\"527\" src=\"https:\/\/blogs.uned.es\/idenfusion\/wp-content\/uploads\/sites\/553\/2024\/10\/Jocelyn.jpg\" class=\"attachment-large size-large wp-image-4915\" alt=\"\" srcset=\"https:\/\/blogs.uned.es\/idenfusion\/wp-content\/uploads\/sites\/553\/2024\/10\/Jocelyn.jpg 917w, https:\/\/blogs.uned.es\/idenfusion\/wp-content\/uploads\/sites\/553\/2024\/10\/Jocelyn-300x198.jpg 300w, https:\/\/blogs.uned.es\/idenfusion\/wp-content\/uploads\/sites\/553\/2024\/10\/Jocelyn-768x506.jpg 768w\" sizes=\"(max-width: 800px) 100vw, 800px\" \/>\t\t\t\t\t\t\t\t\t\t\t\t\t\t\t<\/div>\n\t\t\t\t<\/div>\n\t\t\t\t\t<\/div>\n\t\t<\/div>\n\t\t\t\t<div class=\"elementor-column elementor-col-50 elementor-inner-column elementor-element elementor-element-4a6b3fb\" data-id=\"4a6b3fb\" data-element_type=\"column\" data-e-type=\"column\">\n\t\t\t<div class=\"elementor-widget-wrap elementor-element-populated\">\n\t\t\t\t\t\t<div class=\"elementor-element elementor-element-c784d71 elementor-widget elementor-widget-text-editor\" data-id=\"c784d71\" data-element_type=\"widget\" data-e-type=\"widget\" data-widget_type=\"text-editor.default\">\n\t\t\t\t<div class=\"elementor-widget-container\">\n\t\t\t\t\t\t\t\t\t<p>29\/11\/2022<br \/><span style=\"color: #000000\">Conferencia invitada de Jocelyn J. B\u00e9langer, dentro del proyecto \u201cMULTIPREV\u201d<br \/><\/span><span style=\"color: #000000\"><strong><span lang=\"EN-US\">\u201cIdeological obsession as the driver of violent extremism: Origins, transformations, and manifestations\u201d<br \/><\/span><\/strong><\/span><span lang=\"EN-US\" style=\"color: #000000\">Canal UNED.<\/span><\/p>\t\t\t\t\t\t\t\t<\/div>\n\t\t\t\t<\/div>\n\t\t\t\t<div class=\"elementor-element elementor-element-355897f elementor-view-default elementor-widget elementor-widget-icon\" data-id=\"355897f\" data-element_type=\"widget\" data-e-type=\"widget\" data-widget_type=\"icon.default\">\n\t\t\t\t<div class=\"elementor-widget-container\">\n\t\t\t\t\t\t\t<div class=\"elementor-icon-wrapper\">\n\t\t\t<a class=\"elementor-icon elementor-animation-grow\" href=\"https:\/\/canal.uned.es\/video\/638714ceb9130f300a528fc2\" target=\"_blank\">\n\t\t\t<i aria-hidden=\"true\" class=\"fas fa-video\"><\/i>\t\t\t<\/a>\n\t\t<\/div>\n\t\t\t\t\t\t<\/div>\n\t\t\t\t<\/div>\n\t\t\t\t\t<\/div>\n\t\t<\/div>\n\t\t\t\t\t<\/div>\n\t\t<\/section>\n\t\t\t\t<section class=\"elementor-section elementor-inner-section elementor-element elementor-element-4f65926 elementor-section-boxed elementor-section-height-default elementor-section-height-default\" data-id=\"4f65926\" data-element_type=\"section\" data-e-type=\"section\">\n\t\t\t\t\t\t<div class=\"elementor-container elementor-column-gap-default\">\n\t\t\t\t\t<div class=\"elementor-column elementor-col-50 elementor-inner-column elementor-element elementor-element-6c4f7eb\" data-id=\"6c4f7eb\" data-element_type=\"column\" data-e-type=\"column\">\n\t\t\t<div class=\"elementor-widget-wrap elementor-element-populated\">\n\t\t\t\t\t\t<div class=\"elementor-element elementor-element-e203a1a elementor-widget elementor-widget-image\" data-id=\"e203a1a\" data-element_type=\"widget\" data-e-type=\"widget\" data-widget_type=\"image.default\">\n\t\t\t\t<div class=\"elementor-widget-container\">\n\t\t\t\t\t\t\t\t\t\t\t\t\t\t\t<img loading=\"lazy\" decoding=\"async\" width=\"800\" height=\"514\" src=\"https:\/\/blogs.uned.es\/idenfusion\/wp-content\/uploads\/sites\/553\/2024\/10\/Ponencia-1024x658.jpg\" class=\"attachment-large size-large wp-image-4547\" alt=\"\" srcset=\"https:\/\/blogs.uned.es\/idenfusion\/wp-content\/uploads\/sites\/553\/2024\/10\/Ponencia-1024x658.jpg 1024w, https:\/\/blogs.uned.es\/idenfusion\/wp-content\/uploads\/sites\/553\/2024\/10\/Ponencia-300x193.jpg 300w, https:\/\/blogs.uned.es\/idenfusion\/wp-content\/uploads\/sites\/553\/2024\/10\/Ponencia-768x493.jpg 768w, https:\/\/blogs.uned.es\/idenfusion\/wp-content\/uploads\/sites\/553\/2024\/10\/Ponencia.jpg 1029w\" sizes=\"(max-width: 800px) 100vw, 800px\" \/>\t\t\t\t\t\t\t\t\t\t\t\t\t\t\t<\/div>\n\t\t\t\t<\/div>\n\t\t\t\t\t<\/div>\n\t\t<\/div>\n\t\t\t\t<div class=\"elementor-column elementor-col-50 elementor-inner-column elementor-element elementor-element-566641a\" data-id=\"566641a\" data-element_type=\"column\" data-e-type=\"column\">\n\t\t\t<div class=\"elementor-widget-wrap elementor-element-populated\">\n\t\t\t\t\t\t<div class=\"elementor-element elementor-element-ff550aa elementor-widget elementor-widget-text-editor\" data-id=\"ff550aa\" data-element_type=\"widget\" data-e-type=\"widget\" data-widget_type=\"text-editor.default\">\n\t\t\t\t<div class=\"elementor-widget-container\">\n\t\t\t\t\t\t\t\t\t<p style=\"text-align: start;text-indent: 0px\"><span style=\"color: var( --e-global-color-text );text-indent: -35.45pt;text-align: justify\">29\/06\/2022<br \/><\/span><span style=\"color: #000000\">Conferencia invitada de \u00c1ngel G\u00f3mez<\/span><br \/><span style=\"color: #000000\"><b style=\"text-align: justify;text-indent: -35.45pt;font-family: var( --e-global-typography-text-font-family ), Sans-serif\"><span lang=\"EN-US\" style=\"font-size: 11.0pt;line-height: 115%;font-family: 'Arial',sans-serif\">\u00ab<\/span><\/b><\/span><span style=\"color: #000000\"><strong>Teor\u00edas y m\u00e9todos para prevenir y reducir la radicalizaci\u00f3n violenta\u00bb<\/strong><\/span><br \/><span style=\"color: #000000\">Congreso \u201cLa Ejecuci\u00f3n de la Pena por Delitos de Terrorismo\u201d<\/span><br \/><span style=\"color: #000000\">Canal UNED.<\/span><\/p>\t\t\t\t\t\t\t\t<\/div>\n\t\t\t\t<\/div>\n\t\t\t\t<div class=\"elementor-element elementor-element-cf83dcd elementor-view-default elementor-widget elementor-widget-icon\" data-id=\"cf83dcd\" data-element_type=\"widget\" data-e-type=\"widget\" data-widget_type=\"icon.default\">\n\t\t\t\t<div class=\"elementor-widget-container\">\n\t\t\t\t\t\t\t<div class=\"elementor-icon-wrapper\">\n\t\t\t<a class=\"elementor-icon elementor-animation-grow\" href=\"https:\/\/canal.uned.es\/video\/62bd6fc66f3c0042d166b33c\" target=\"_blank\">\n\t\t\t<i aria-hidden=\"true\" class=\"fas fa-video\"><\/i>\t\t\t<\/a>\n\t\t<\/div>\n\t\t\t\t\t\t<\/div>\n\t\t\t\t<\/div>\n\t\t\t\t\t<\/div>\n\t\t<\/div>\n\t\t\t\t\t<\/div>\n\t\t<\/section>\n\t\t\t\t<section class=\"elementor-section elementor-inner-section elementor-element elementor-element-f2d47fd elementor-section-boxed elementor-section-height-default elementor-section-height-default\" data-id=\"f2d47fd\" data-element_type=\"section\" data-e-type=\"section\">\n\t\t\t\t\t\t<div class=\"elementor-container elementor-column-gap-default\">\n\t\t\t\t\t<div class=\"elementor-column elementor-col-50 elementor-inner-column elementor-element elementor-element-abd81f5\" data-id=\"abd81f5\" data-element_type=\"column\" data-e-type=\"column\">\n\t\t\t<div class=\"elementor-widget-wrap elementor-element-populated\">\n\t\t\t\t\t\t<div class=\"elementor-element elementor-element-bf430c9 elementor-widget elementor-widget-image\" data-id=\"bf430c9\" data-element_type=\"widget\" data-e-type=\"widget\" data-widget_type=\"image.default\">\n\t\t\t\t<div class=\"elementor-widget-container\">\n\t\t\t\t\t\t\t\t\t\t\t\t\t\t\t<img loading=\"lazy\" decoding=\"async\" width=\"800\" height=\"531\" src=\"https:\/\/blogs.uned.es\/idenfusion\/wp-content\/uploads\/sites\/553\/2024\/10\/Lo-que-aprendi-en-prision-1024x680.jpg\" class=\"attachment-large size-large wp-image-4815\" alt=\"\" srcset=\"https:\/\/blogs.uned.es\/idenfusion\/wp-content\/uploads\/sites\/553\/2024\/10\/Lo-que-aprendi-en-prision-1024x680.jpg 1024w, https:\/\/blogs.uned.es\/idenfusion\/wp-content\/uploads\/sites\/553\/2024\/10\/Lo-que-aprendi-en-prision-300x199.jpg 300w, https:\/\/blogs.uned.es\/idenfusion\/wp-content\/uploads\/sites\/553\/2024\/10\/Lo-que-aprendi-en-prision-768x510.jpg 768w, https:\/\/blogs.uned.es\/idenfusion\/wp-content\/uploads\/sites\/553\/2024\/10\/Lo-que-aprendi-en-prision.jpg 1027w\" sizes=\"(max-width: 800px) 100vw, 800px\" \/>\t\t\t\t\t\t\t\t\t\t\t\t\t\t\t<\/div>\n\t\t\t\t<\/div>\n\t\t\t\t\t<\/div>\n\t\t<\/div>\n\t\t\t\t<div class=\"elementor-column elementor-col-50 elementor-inner-column elementor-element elementor-element-e62be5b\" data-id=\"e62be5b\" data-element_type=\"column\" data-e-type=\"column\">\n\t\t\t<div class=\"elementor-widget-wrap elementor-element-populated\">\n\t\t\t\t\t\t<div class=\"elementor-element elementor-element-f074959 elementor-widget elementor-widget-text-editor\" data-id=\"f074959\" data-element_type=\"widget\" data-e-type=\"widget\" data-widget_type=\"text-editor.default\">\n\t\t\t\t<div class=\"elementor-widget-container\">\n\t\t\t\t\t\t\t\t\t<p style=\"text-align: start;text-indent: 0px\"><span style=\"color: var( --e-global-color-text );text-indent: -35.45pt;text-align: justify\">24\/02\/2022<br \/><\/span><span style=\"color: #000000\">Conferencia de \u00c1ngel G\u00f3mez<br \/><\/span><span style=\"color: #000000\"><b style=\"text-align: justify;text-indent: -35.45pt;font-family: var( --e-global-typography-text-font-family ), Sans-serif\"><span lang=\"EN-US\" style=\"font-size: 11.0pt;line-height: 115%;font-family: 'Arial',sans-serif\">\u00ab<strong>Lo que aprend\u00ed\/mos en prisi\u00f3n<\/strong><\/span><\/b><\/span><strong><span style=\"color: #000000\">\u00ab<\/span><\/strong><br \/><span style=\"color: #000000\">Acto Patr\u00f3n de la Facultad de Psicolog\u00eda 2022<\/span><br \/><span style=\"color: #000000\">Canal UNED.<\/span>\u00a0<\/p>\t\t\t\t\t\t\t\t<\/div>\n\t\t\t\t<\/div>\n\t\t\t\t<div class=\"elementor-element elementor-element-4db9acb elementor-view-default elementor-widget elementor-widget-icon\" data-id=\"4db9acb\" data-element_type=\"widget\" data-e-type=\"widget\" data-widget_type=\"icon.default\">\n\t\t\t\t<div class=\"elementor-widget-container\">\n\t\t\t\t\t\t\t<div class=\"elementor-icon-wrapper\">\n\t\t\t<a class=\"elementor-icon elementor-animation-grow\" href=\"https:\/\/canal.uned.es\/video\/621877dfb609230e076bede2\" target=\"_blank\">\n\t\t\t<i aria-hidden=\"true\" class=\"fas fa-video\"><\/i>\t\t\t<\/a>\n\t\t<\/div>\n\t\t\t\t\t\t<\/div>\n\t\t\t\t<\/div>\n\t\t\t\t\t<\/div>\n\t\t<\/div>\n\t\t\t\t\t<\/div>\n\t\t<\/section>\n\t\t\t\t<section class=\"elementor-section elementor-inner-section elementor-element elementor-element-a657dc0 elementor-section-boxed elementor-section-height-default elementor-section-height-default\" data-id=\"a657dc0\" data-element_type=\"section\" data-e-type=\"section\">\n\t\t\t\t\t\t<div class=\"elementor-container elementor-column-gap-default\">\n\t\t\t\t\t<div class=\"elementor-column elementor-col-50 elementor-inner-column elementor-element elementor-element-c1771b2\" data-id=\"c1771b2\" data-element_type=\"column\" data-e-type=\"column\">\n\t\t\t<div class=\"elementor-widget-wrap elementor-element-populated\">\n\t\t\t\t\t\t<div class=\"elementor-element elementor-element-127e0d0 elementor-widget elementor-widget-image\" data-id=\"127e0d0\" data-element_type=\"widget\" data-e-type=\"widget\" data-widget_type=\"image.default\">\n\t\t\t\t<div class=\"elementor-widget-container\">\n\t\t\t\t\t\t\t\t\t\t\t\t\t\t\t<img loading=\"lazy\" decoding=\"async\" width=\"800\" height=\"546\" src=\"https:\/\/blogs.uned.es\/idenfusion\/wp-content\/uploads\/sites\/553\/2024\/10\/Gema-Castellanos.jpg\" class=\"attachment-large size-large wp-image-4805\" alt=\"\" srcset=\"https:\/\/blogs.uned.es\/idenfusion\/wp-content\/uploads\/sites\/553\/2024\/10\/Gema-Castellanos.jpg 939w, https:\/\/blogs.uned.es\/idenfusion\/wp-content\/uploads\/sites\/553\/2024\/10\/Gema-Castellanos-300x205.jpg 300w, https:\/\/blogs.uned.es\/idenfusion\/wp-content\/uploads\/sites\/553\/2024\/10\/Gema-Castellanos-768x524.jpg 768w\" sizes=\"(max-width: 800px) 100vw, 800px\" \/>\t\t\t\t\t\t\t\t\t\t\t\t\t\t\t<\/div>\n\t\t\t\t<\/div>\n\t\t\t\t\t<\/div>\n\t\t<\/div>\n\t\t\t\t<div class=\"elementor-column elementor-col-50 elementor-inner-column elementor-element elementor-element-bc38e0b\" data-id=\"bc38e0b\" data-element_type=\"column\" data-e-type=\"column\">\n\t\t\t<div class=\"elementor-widget-wrap elementor-element-populated\">\n\t\t\t\t\t\t<div class=\"elementor-element elementor-element-323e724 elementor-widget elementor-widget-text-editor\" data-id=\"323e724\" data-element_type=\"widget\" data-e-type=\"widget\" data-widget_type=\"text-editor.default\">\n\t\t\t\t<div class=\"elementor-widget-container\">\n\t\t\t\t\t\t\t\t\t<p style=\"text-align: start;text-indent: 0px\">21\/07\/2021<br \/><b><span style=\"color: #000000\">Entrevista de Gema Castellano a \u00c1ngel G\u00f3mez Jim\u00e9nez, experto en comportamiento grupal<\/span><\/b><br \/><span style=\"color: #000000\">Informativos.net.<\/span><\/p>\t\t\t\t\t\t\t\t<\/div>\n\t\t\t\t<\/div>\n\t\t\t\t<div class=\"elementor-element elementor-element-e3c50f2 elementor-view-default elementor-widget elementor-widget-icon\" data-id=\"e3c50f2\" data-element_type=\"widget\" data-e-type=\"widget\" data-widget_type=\"icon.default\">\n\t\t\t\t<div class=\"elementor-widget-container\">\n\t\t\t\t\t\t\t<div class=\"elementor-icon-wrapper\">\n\t\t\t<a class=\"elementor-icon elementor-animation-grow\" href=\"https:\/\/www.youtube.com\/watch?v=tLLHnvTaurU\" target=\"_blank\">\n\t\t\t<i aria-hidden=\"true\" class=\"fas fa-video\"><\/i>\t\t\t<\/a>\n\t\t<\/div>\n\t\t\t\t\t\t<\/div>\n\t\t\t\t<\/div>\n\t\t\t\t\t<\/div>\n\t\t<\/div>\n\t\t\t\t\t<\/div>\n\t\t<\/section>\n\t\t\t\t<section class=\"elementor-section elementor-top-section elementor-element elementor-element-757447e elementor-section-boxed elementor-section-height-default elementor-section-height-default\" data-id=\"757447e\" data-element_type=\"section\" data-e-type=\"section\">\n\t\t\t\t\t\t<div class=\"elementor-container elementor-column-gap-default\">\n\t\t\t\t\t<div class=\"elementor-column elementor-col-33 elementor-top-column elementor-element elementor-element-71dea71\" data-id=\"71dea71\" data-element_type=\"column\" data-e-type=\"column\">\n\t\t\t<div class=\"elementor-widget-wrap elementor-element-populated\">\n\t\t\t\t\t\t<div class=\"elementor-element elementor-element-e7b8d65 elementor-widget elementor-widget-image\" data-id=\"e7b8d65\" data-element_type=\"widget\" data-e-type=\"widget\" data-widget_type=\"image.default\">\n\t\t\t\t<div class=\"elementor-widget-container\">\n\t\t\t\t\t\t\t\t\t\t\t\t\t\t\t<img loading=\"lazy\" decoding=\"async\" width=\"800\" height=\"640\" src=\"https:\/\/blogs.uned.es\/idenfusion\/wp-content\/uploads\/sites\/553\/2024\/10\/Comercio.jpg\" class=\"attachment-large size-large wp-image-4859\" alt=\"\" srcset=\"https:\/\/blogs.uned.es\/idenfusion\/wp-content\/uploads\/sites\/553\/2024\/10\/Comercio.jpg 809w, https:\/\/blogs.uned.es\/idenfusion\/wp-content\/uploads\/sites\/553\/2024\/10\/Comercio-300x240.jpg 300w, https:\/\/blogs.uned.es\/idenfusion\/wp-content\/uploads\/sites\/553\/2024\/10\/Comercio-768x614.jpg 768w\" sizes=\"(max-width: 800px) 100vw, 800px\" \/>\t\t\t\t\t\t\t\t\t\t\t\t\t\t\t<\/div>\n\t\t\t\t<\/div>\n\t\t\t\t\t<\/div>\n\t\t<\/div>\n\t\t\t\t<div class=\"elementor-column elementor-col-66 elementor-top-column elementor-element elementor-element-0c44b7f\" data-id=\"0c44b7f\" data-element_type=\"column\" data-e-type=\"column\">\n\t\t\t<div class=\"elementor-widget-wrap elementor-element-populated\">\n\t\t\t\t\t\t<div class=\"elementor-element elementor-element-16910bc elementor-widget elementor-widget-text-editor\" data-id=\"16910bc\" data-element_type=\"widget\" data-e-type=\"widget\" data-widget_type=\"text-editor.default\">\n\t\t\t\t<div class=\"elementor-widget-container\">\n\t\t\t\t\t\t\t\t\t<p>23\/11\/2017<br \/><strong><span style=\"color: #000000\">\u00abUn porcentaje importante de los yihadistas del Daesh retornados vuelve para atentar\u00bb<\/span><\/strong><br \/><span style=\"color: #000000\">V\u00eddeo en El Comercio<\/span><strong><span style=\"color: #000000\">.<br \/><\/span><\/strong><\/p>\t\t\t\t\t\t\t\t<\/div>\n\t\t\t\t<\/div>\n\t\t\t\t<div class=\"elementor-element elementor-element-2facdd5 elementor-view-default elementor-widget elementor-widget-icon\" data-id=\"2facdd5\" data-element_type=\"widget\" data-e-type=\"widget\" data-widget_type=\"icon.default\">\n\t\t\t\t<div class=\"elementor-widget-container\">\n\t\t\t\t\t\t\t<div class=\"elementor-icon-wrapper\">\n\t\t\t<a class=\"elementor-icon elementor-animation-grow\" href=\"https:\/\/www.elcomercio.es\/politica\/porcentaje-yihadistas-retornados-atentar-experto-20171123235921-ntrc.html\" target=\"_blank\">\n\t\t\t<i aria-hidden=\"true\" class=\"fas fa-video\"><\/i>\t\t\t<\/a>\n\t\t<\/div>\n\t\t\t\t\t\t<\/div>\n\t\t\t\t<\/div>\n\t\t\t\t\t<\/div>\n\t\t<\/div>\n\t\t\t\t\t<\/div>\n\t\t<\/section>\n\t\t\t\t<section class=\"elementor-section elementor-inner-section elementor-element elementor-element-eb2b508 elementor-section-boxed elementor-section-height-default elementor-section-height-default\" data-id=\"eb2b508\" data-element_type=\"section\" data-e-type=\"section\">\n\t\t\t\t\t\t<div class=\"elementor-container elementor-column-gap-default\">\n\t\t\t\t\t<div class=\"elementor-column elementor-col-50 elementor-inner-column elementor-element elementor-element-9bb8231\" data-id=\"9bb8231\" data-element_type=\"column\" data-e-type=\"column\">\n\t\t\t<div class=\"elementor-widget-wrap elementor-element-populated\">\n\t\t\t\t\t\t<div class=\"elementor-element elementor-element-71efc21 elementor-widget elementor-widget-image\" data-id=\"71efc21\" data-element_type=\"widget\" data-e-type=\"widget\" data-widget_type=\"image.default\">\n\t\t\t\t<div class=\"elementor-widget-container\">\n\t\t\t\t\t\t\t\t\t\t\t\t\t\t\t<img loading=\"lazy\" decoding=\"async\" width=\"300\" height=\"207\" src=\"https:\/\/blogs.uned.es\/idenfusion\/wp-content\/uploads\/sites\/553\/2024\/10\/Canal-UNED-Fusion-300x207.jpg\" class=\"attachment-medium size-medium wp-image-4825\" alt=\"\" srcset=\"https:\/\/blogs.uned.es\/idenfusion\/wp-content\/uploads\/sites\/553\/2024\/10\/Canal-UNED-Fusion-300x207.jpg 300w, https:\/\/blogs.uned.es\/idenfusion\/wp-content\/uploads\/sites\/553\/2024\/10\/Canal-UNED-Fusion.jpg 418w\" sizes=\"(max-width: 300px) 100vw, 300px\" \/>\t\t\t\t\t\t\t\t\t\t\t\t\t\t\t<\/div>\n\t\t\t\t<\/div>\n\t\t\t\t\t<\/div>\n\t\t<\/div>\n\t\t\t\t<div class=\"elementor-column elementor-col-50 elementor-inner-column elementor-element elementor-element-282074a\" data-id=\"282074a\" data-element_type=\"column\" data-e-type=\"column\">\n\t\t\t<div class=\"elementor-widget-wrap elementor-element-populated\">\n\t\t\t\t\t\t<div class=\"elementor-element elementor-element-074ee35 elementor-widget elementor-widget-text-editor\" data-id=\"074ee35\" data-element_type=\"widget\" data-e-type=\"widget\" data-widget_type=\"text-editor.default\">\n\t\t\t\t<div class=\"elementor-widget-container\">\n\t\t\t\t\t\t\t\t\t<p style=\"text-align: start;text-indent: 0px\">Desde 2015<br \/><span style=\"color: #000000\">Diferentes v\u00eddeos sobre la tem\u00e1tica<\/span><br \/><strong><span style=\"color: #000000\">\u201cFusi\u00f3n de identidad y extremismo\u201d<\/span><\/strong><br \/><span style=\"color: #000000\">Canal UNED.<\/span><\/p>\t\t\t\t\t\t\t\t<\/div>\n\t\t\t\t<\/div>\n\t\t\t\t<div class=\"elementor-element elementor-element-2d21da4 elementor-view-default elementor-widget elementor-widget-icon\" data-id=\"2d21da4\" data-element_type=\"widget\" data-e-type=\"widget\" data-widget_type=\"icon.default\">\n\t\t\t\t<div class=\"elementor-widget-container\">\n\t\t\t\t\t\t\t<div class=\"elementor-icon-wrapper\">\n\t\t\t<a class=\"elementor-icon elementor-animation-grow\" href=\"https:\/\/canal.uned.es\/series\/5a6f4007b1111f90648b4569\" target=\"_blank\">\n\t\t\t<i aria-hidden=\"true\" class=\"fas fa-video\"><\/i>\t\t\t<\/a>\n\t\t<\/div>\n\t\t\t\t\t\t<\/div>\n\t\t\t\t<\/div>\n\t\t\t\t\t<\/div>\n\t\t<\/div>\n\t\t\t\t\t<\/div>\n\t\t<\/section>\n\t\t\t\t<section class=\"elementor-section elementor-inner-section elementor-element elementor-element-1db4338 elementor-section-boxed elementor-section-height-default elementor-section-height-default\" data-id=\"1db4338\" data-element_type=\"section\" data-e-type=\"section\">\n\t\t\t\t\t\t<div class=\"elementor-container elementor-column-gap-default\">\n\t\t\t\t\t<div class=\"elementor-column elementor-col-50 elementor-inner-column elementor-element elementor-element-c47903c\" data-id=\"c47903c\" data-element_type=\"column\" data-e-type=\"column\">\n\t\t\t<div class=\"elementor-widget-wrap elementor-element-populated\">\n\t\t\t\t\t\t<div class=\"elementor-element elementor-element-6dde949 elementor-widget elementor-widget-image\" data-id=\"6dde949\" data-element_type=\"widget\" data-e-type=\"widget\" data-widget_type=\"image.default\">\n\t\t\t\t<div class=\"elementor-widget-container\">\n\t\t\t\t\t\t\t\t\t\t\t\t\t\t\t<img loading=\"lazy\" decoding=\"async\" width=\"300\" height=\"217\" src=\"https:\/\/blogs.uned.es\/idenfusion\/wp-content\/uploads\/sites\/553\/2024\/10\/together-300x217.jpg\" class=\"attachment-medium size-medium wp-image-4843\" alt=\"\" srcset=\"https:\/\/blogs.uned.es\/idenfusion\/wp-content\/uploads\/sites\/553\/2024\/10\/together-300x217.jpg 300w, https:\/\/blogs.uned.es\/idenfusion\/wp-content\/uploads\/sites\/553\/2024\/10\/together-1024x739.jpg 1024w, https:\/\/blogs.uned.es\/idenfusion\/wp-content\/uploads\/sites\/553\/2024\/10\/together-768x555.jpg 768w, https:\/\/blogs.uned.es\/idenfusion\/wp-content\/uploads\/sites\/553\/2024\/10\/together-1536x1109.jpg 1536w, https:\/\/blogs.uned.es\/idenfusion\/wp-content\/uploads\/sites\/553\/2024\/10\/together-2048x1479.jpg 2048w\" sizes=\"(max-width: 300px) 100vw, 300px\" \/>\t\t\t\t\t\t\t\t\t\t\t\t\t\t\t<\/div>\n\t\t\t\t<\/div>\n\t\t\t\t\t<\/div>\n\t\t<\/div>\n\t\t\t\t<div class=\"elementor-column elementor-col-50 elementor-inner-column elementor-element elementor-element-8f8bfd9\" data-id=\"8f8bfd9\" data-element_type=\"column\" data-e-type=\"column\">\n\t\t\t<div class=\"elementor-widget-wrap elementor-element-populated\">\n\t\t\t\t\t\t<div class=\"elementor-element elementor-element-ef42d39 elementor-widget elementor-widget-text-editor\" data-id=\"ef42d39\" data-element_type=\"widget\" data-e-type=\"widget\" data-widget_type=\"text-editor.default\">\n\t\t\t\t<div class=\"elementor-widget-container\">\n\t\t\t\t\t\t\t\t\t<p style=\"text-align: start;text-indent: 0px\">24\/05\/2013<br \/><span style=\"color: #000000\">V\u00eddeo explicativo de Alexandra V\u00e1zquez y \u00c1ngel G\u00f3mez<\/span><br \/><span style=\"color: #000000\"><strong>\u201cPsicolog\u00eda Social de las relaciones intra e intergrupales y de la identidad social\u201d<br \/><\/strong>Canal UNED.<\/span><\/p>\t\t\t\t\t\t\t\t<\/div>\n\t\t\t\t<\/div>\n\t\t\t\t<div class=\"elementor-element elementor-element-8ff3338 elementor-view-default elementor-widget elementor-widget-icon\" data-id=\"8ff3338\" data-element_type=\"widget\" data-e-type=\"widget\" data-widget_type=\"icon.default\">\n\t\t\t\t<div class=\"elementor-widget-container\">\n\t\t\t\t\t\t\t<div class=\"elementor-icon-wrapper\">\n\t\t\t<a class=\"elementor-icon elementor-animation-grow\" href=\"https:\/\/canal.uned.es\/video\/5a6f3e49b1111f3a5c8b456a\" target=\"_blank\">\n\t\t\t<i aria-hidden=\"true\" class=\"fas fa-video\"><\/i>\t\t\t<\/a>\n\t\t<\/div>\n\t\t\t\t\t\t<\/div>\n\t\t\t\t<\/div>\n\t\t\t\t\t<\/div>\n\t\t<\/div>\n\t\t\t\t\t<\/div>\n\t\t<\/section>\n\t\t\t\t<section class=\"elementor-section elementor-top-section elementor-element elementor-element-54ad7b1 elementor-section-boxed elementor-section-height-default elementor-section-height-default\" data-id=\"54ad7b1\" data-element_type=\"section\" data-e-type=\"section\">\n\t\t\t\t\t\t<div class=\"elementor-container elementor-column-gap-no\">\n\t\t\t\t\t<div class=\"elementor-column elementor-col-100 elementor-top-column elementor-element elementor-element-42a8ed9\" data-id=\"42a8ed9\" data-element_type=\"column\" data-e-type=\"column\">\n\t\t\t<div class=\"elementor-widget-wrap elementor-element-populated\">\n\t\t\t\t\t\t<section class=\"elementor-section elementor-inner-section elementor-element elementor-element-ee474bf elementor-section-height-min-height elementor-section-boxed elementor-section-height-default\" data-id=\"ee474bf\" data-element_type=\"section\" data-e-type=\"section\">\n\t\t\t\t\t\t<div class=\"elementor-container elementor-column-gap-no\">\n\t\t\t\t\t<div class=\"elementor-column elementor-col-33 elementor-inner-column elementor-element elementor-element-de6a84e\" data-id=\"de6a84e\" data-element_type=\"column\" data-e-type=\"column\">\n\t\t\t<div class=\"elementor-widget-wrap elementor-element-populated\">\n\t\t\t\t\t\t<div class=\"elementor-element elementor-element-282a683 elementor-button-info elementor-align-right elementor-widget elementor-widget-button\" data-id=\"282a683\" data-element_type=\"widget\" data-e-type=\"widget\" data-widget_type=\"button.default\">\n\t\t\t\t<div class=\"elementor-widget-container\">\n\t\t\t\t\t\t\t\t\t<div class=\"elementor-button-wrapper\">\n\t\t\t\t\t<a class=\"elementor-button elementor-button-link elementor-size-xs elementor-animation-grow\" href=\"#Audio\">\n\t\t\t\t\t\t<span class=\"elementor-button-content-wrapper\">\n\t\t\t\t\t\t\t\t\t<span class=\"elementor-button-text\">Audio<\/span>\n\t\t\t\t\t<\/span>\n\t\t\t\t\t<\/a>\n\t\t\t\t<\/div>\n\t\t\t\t\t\t\t\t<\/div>\n\t\t\t\t<\/div>\n\t\t\t\t\t<\/div>\n\t\t<\/div>\n\t\t\t\t<div class=\"elementor-column elementor-col-33 elementor-inner-column elementor-element elementor-element-80ccaee\" data-id=\"80ccaee\" data-element_type=\"column\" data-e-type=\"column\">\n\t\t\t<div class=\"elementor-widget-wrap elementor-element-populated\">\n\t\t\t\t\t\t<div class=\"elementor-element elementor-element-c7fb62d elementor-button-info elementor-align-center elementor-widget elementor-widget-button\" data-id=\"c7fb62d\" data-element_type=\"widget\" data-e-type=\"widget\" data-widget_type=\"button.default\">\n\t\t\t\t<div class=\"elementor-widget-container\">\n\t\t\t\t\t\t\t\t\t<div class=\"elementor-button-wrapper\">\n\t\t\t\t\t<a class=\"elementor-button elementor-button-link elementor-size-xs elementor-animation-grow\" href=\"#Video\">\n\t\t\t\t\t\t<span class=\"elementor-button-content-wrapper\">\n\t\t\t\t\t\t\t\t\t<span class=\"elementor-button-text\">V\u00eddeo<\/span>\n\t\t\t\t\t<\/span>\n\t\t\t\t\t<\/a>\n\t\t\t\t<\/div>\n\t\t\t\t\t\t\t\t<\/div>\n\t\t\t\t<\/div>\n\t\t\t\t\t<\/div>\n\t\t<\/div>\n\t\t\t\t<div class=\"elementor-column elementor-col-33 elementor-inner-column elementor-element elementor-element-2214ecc\" data-id=\"2214ecc\" data-element_type=\"column\" data-e-type=\"column\">\n\t\t\t<div class=\"elementor-widget-wrap elementor-element-populated\">\n\t\t\t\t\t\t<div class=\"elementor-element elementor-element-bd80e8b elementor-button-info elementor-align-left elementor-widget elementor-widget-button\" data-id=\"bd80e8b\" data-element_type=\"widget\" data-e-type=\"widget\" data-widget_type=\"button.default\">\n\t\t\t\t<div class=\"elementor-widget-container\">\n\t\t\t\t\t\t\t\t\t<div class=\"elementor-button-wrapper\">\n\t\t\t\t\t<a class=\"elementor-button elementor-button-link elementor-size-xs elementor-animation-grow\" href=\"#Prensa\">\n\t\t\t\t\t\t<span class=\"elementor-button-content-wrapper\">\n\t\t\t\t\t\t\t\t\t<span class=\"elementor-button-text\">Prensa<\/span>\n\t\t\t\t\t<\/span>\n\t\t\t\t\t<\/a>\n\t\t\t\t<\/div>\n\t\t\t\t\t\t\t\t<\/div>\n\t\t\t\t<\/div>\n\t\t\t\t\t<\/div>\n\t\t<\/div>\n\t\t\t\t\t<\/div>\n\t\t<\/section>\n\t\t\t\t\t<\/div>\n\t\t<\/div>\n\t\t\t\t\t<\/div>\n\t\t<\/section>\n\t\t\t\t<section class=\"elementor-section elementor-top-section elementor-element elementor-element-2fca440 elementor-section-boxed elementor-section-height-default elementor-section-height-default\" data-id=\"2fca440\" data-element_type=\"section\" data-e-type=\"section\">\n\t\t\t\t\t\t<div class=\"elementor-container elementor-column-gap-default\">\n\t\t\t\t\t<div class=\"elementor-column elementor-col-100 elementor-top-column elementor-element elementor-element-67644be\" data-id=\"67644be\" data-element_type=\"column\" data-e-type=\"column\">\n\t\t\t<div class=\"elementor-widget-wrap elementor-element-populated\">\n\t\t\t\t\t\t<div class=\"elementor-element elementor-element-1eea168 elementor-widget elementor-widget-heading\" data-id=\"1eea168\" data-element_type=\"widget\" data-e-type=\"widget\" data-widget_type=\"heading.default\">\n\t\t\t\t<div class=\"elementor-widget-container\">\n\t\t\t\t\t<h2 class=\"elementor-heading-title elementor-size-default\">Prensa<\/h2>\t\t\t\t<\/div>\n\t\t\t\t<\/div>\n\t\t\t\t<div class=\"elementor-element elementor-element-b8de44a elementor-widget elementor-widget-menu-anchor\" data-id=\"b8de44a\" data-element_type=\"widget\" data-e-type=\"widget\" data-widget_type=\"menu-anchor.default\">\n\t\t\t\t<div class=\"elementor-widget-container\">\n\t\t\t\t\t\t\t<div class=\"elementor-menu-anchor\" id=\"Prensa\"><\/div>\n\t\t\t\t\t\t<\/div>\n\t\t\t\t<\/div>\n\t\t\t\t\t<\/div>\n\t\t<\/div>\n\t\t\t\t\t<\/div>\n\t\t<\/section>\n\t\t\t\t<section class=\"elementor-section elementor-top-section elementor-element elementor-element-44bcdb4 elementor-section-boxed elementor-section-height-default elementor-section-height-default\" data-id=\"44bcdb4\" data-element_type=\"section\" data-e-type=\"section\">\n\t\t\t\t\t\t<div class=\"elementor-container elementor-column-gap-default\">\n\t\t\t\t\t<div class=\"elementor-column elementor-col-33 elementor-top-column elementor-element elementor-element-f9280c9\" data-id=\"f9280c9\" data-element_type=\"column\" data-e-type=\"column\">\n\t\t\t<div class=\"elementor-widget-wrap elementor-element-populated\">\n\t\t\t\t\t\t<div class=\"elementor-element elementor-element-3abee54 elementor-widget elementor-widget-image\" data-id=\"3abee54\" data-element_type=\"widget\" data-e-type=\"widget\" data-widget_type=\"image.default\">\n\t\t\t\t<div class=\"elementor-widget-container\">\n\t\t\t\t\t\t\t\t\t\t\t\t\t\t\t<img loading=\"lazy\" decoding=\"async\" width=\"212\" height=\"300\" src=\"https:\/\/blogs.uned.es\/idenfusion\/wp-content\/uploads\/sites\/553\/2026\/01\/csm_Poster_12.12.2025_Guest_Lecture_Radicalization_8596d5bf92-1-212x300.jpg\" class=\"attachment-medium size-medium wp-image-8125\" alt=\"\" srcset=\"https:\/\/blogs.uned.es\/idenfusion\/wp-content\/uploads\/sites\/553\/2026\/01\/csm_Poster_12.12.2025_Guest_Lecture_Radicalization_8596d5bf92-1-212x300.jpg 212w, https:\/\/blogs.uned.es\/idenfusion\/wp-content\/uploads\/sites\/553\/2026\/01\/csm_Poster_12.12.2025_Guest_Lecture_Radicalization_8596d5bf92-1-724x1024.jpg 724w, https:\/\/blogs.uned.es\/idenfusion\/wp-content\/uploads\/sites\/553\/2026\/01\/csm_Poster_12.12.2025_Guest_Lecture_Radicalization_8596d5bf92-1-768x1086.jpg 768w, https:\/\/blogs.uned.es\/idenfusion\/wp-content\/uploads\/sites\/553\/2026\/01\/csm_Poster_12.12.2025_Guest_Lecture_Radicalization_8596d5bf92-1.jpg 800w\" sizes=\"(max-width: 212px) 100vw, 212px\" \/>\t\t\t\t\t\t\t\t\t\t\t\t\t\t\t<\/div>\n\t\t\t\t<\/div>\n\t\t\t\t\t<\/div>\n\t\t<\/div>\n\t\t\t\t<div class=\"elementor-column elementor-col-66 elementor-top-column elementor-element elementor-element-3f75ab0\" data-id=\"3f75ab0\" data-element_type=\"column\" data-e-type=\"column\">\n\t\t\t<div class=\"elementor-widget-wrap elementor-element-populated\">\n\t\t\t\t\t\t<div class=\"elementor-element elementor-element-4d9c4d3 elementor-widget elementor-widget-text-editor\" data-id=\"4d9c4d3\" data-element_type=\"widget\" data-e-type=\"widget\" data-widget_type=\"text-editor.default\">\n\t\t\t\t<div class=\"elementor-widget-container\">\n\t\t\t\t\t\t\t\t\t<p>05\/01\/26<br \/><span style=\"color: #000000\"><strong>\u00abRegionaltreffen &amp; Gastvortrag Studying Radicalization up Close &#8211; Talking to the \u2018Enemy\u2019? <\/strong><strong>Insights from Prison Encounters\u00bb<\/strong><\/span><\/p><p><span style=\"color: #000000\">Hochschulgruppe Erfurt, BSH<\/span><\/p>\t\t\t\t\t\t\t\t<\/div>\n\t\t\t\t<\/div>\n\t\t\t\t<div class=\"elementor-element elementor-element-3acb4ac elementor-view-default elementor-widget elementor-widget-icon\" data-id=\"3acb4ac\" data-element_type=\"widget\" data-e-type=\"widget\" data-widget_type=\"icon.default\">\n\t\t\t\t<div class=\"elementor-widget-container\">\n\t\t\t\t\t\t\t<div class=\"elementor-icon-wrapper\">\n\t\t\t<a class=\"elementor-icon elementor-animation-grow\" href=\"https:\/\/www.sicherheitspolitik.de\/aktuelles\/detailansicht\/regionaltreffen-gastvortrag-studying-radicalization-up-close-talking-to-the-enemy-insights-from-prison-encounters\" target=\"_blank\">\n\t\t\t<i aria-hidden=\"true\" class=\"fab fa-readme\"><\/i>\t\t\t<\/a>\n\t\t<\/div>\n\t\t\t\t\t\t<\/div>\n\t\t\t\t<\/div>\n\t\t\t\t\t<\/div>\n\t\t<\/div>\n\t\t\t\t\t<\/div>\n\t\t<\/section>\n\t\t\t\t<section class=\"elementor-section elementor-top-section elementor-element elementor-element-d1fbcf8 elementor-section-boxed elementor-section-height-default elementor-section-height-default\" data-id=\"d1fbcf8\" data-element_type=\"section\" data-e-type=\"section\">\n\t\t\t\t\t\t<div class=\"elementor-container elementor-column-gap-default\">\n\t\t\t\t\t<div class=\"elementor-column elementor-col-33 elementor-top-column elementor-element elementor-element-bc7f1c1\" data-id=\"bc7f1c1\" data-element_type=\"column\" data-e-type=\"column\">\n\t\t\t<div class=\"elementor-widget-wrap elementor-element-populated\">\n\t\t\t\t\t\t<div class=\"elementor-element elementor-element-e2c2451 elementor-widget elementor-widget-image\" data-id=\"e2c2451\" data-element_type=\"widget\" data-e-type=\"widget\" data-widget_type=\"image.default\">\n\t\t\t\t<div class=\"elementor-widget-container\">\n\t\t\t\t\t\t\t\t\t\t\t\t\t\t\t<img loading=\"lazy\" decoding=\"async\" width=\"300\" height=\"161\" src=\"https:\/\/blogs.uned.es\/idenfusion\/wp-content\/uploads\/sites\/553\/2026\/02\/terrorist-PsyPost-300x161.jpg\" class=\"attachment-medium size-medium wp-image-8171\" alt=\"\" srcset=\"https:\/\/blogs.uned.es\/idenfusion\/wp-content\/uploads\/sites\/553\/2026\/02\/terrorist-PsyPost-300x161.jpg 300w, https:\/\/blogs.uned.es\/idenfusion\/wp-content\/uploads\/sites\/553\/2026\/02\/terrorist-PsyPost-768x412.jpg 768w, https:\/\/blogs.uned.es\/idenfusion\/wp-content\/uploads\/sites\/553\/2026\/02\/terrorist-PsyPost.jpg 1021w\" sizes=\"(max-width: 300px) 100vw, 300px\" \/>\t\t\t\t\t\t\t\t\t\t\t\t\t\t\t<\/div>\n\t\t\t\t<\/div>\n\t\t\t\t\t<\/div>\n\t\t<\/div>\n\t\t\t\t<div class=\"elementor-column elementor-col-66 elementor-top-column elementor-element elementor-element-d877a10\" data-id=\"d877a10\" data-element_type=\"column\" data-e-type=\"column\">\n\t\t\t<div class=\"elementor-widget-wrap elementor-element-populated\">\n\t\t\t\t\t\t<div class=\"elementor-element elementor-element-eec225a elementor-widget elementor-widget-text-editor\" data-id=\"eec225a\" data-element_type=\"widget\" data-e-type=\"widget\" data-widget_type=\"text-editor.default\">\n\t\t\t\t<div class=\"elementor-widget-container\">\n\t\t\t\t\t\t\t\t\t<p>25\/12\/25<br \/><span style=\"color: #000000\"><strong><b>\u00ab<\/b>La fuerza espiritual percibida de un grupo impulsa un sacrificio extremo a trav\u00e9s del narcisismo colectivo\u00bb<br \/><\/strong>PsyPost.<\/span><\/p><p><span style=\"color: #000000\">Por Eric W. Dolan<\/span><\/p>\t\t\t\t\t\t\t\t<\/div>\n\t\t\t\t<\/div>\n\t\t\t\t<div class=\"elementor-element elementor-element-d11661c elementor-view-default elementor-widget elementor-widget-icon\" data-id=\"d11661c\" data-element_type=\"widget\" data-e-type=\"widget\" data-widget_type=\"icon.default\">\n\t\t\t\t<div class=\"elementor-widget-container\">\n\t\t\t\t\t\t\t<div class=\"elementor-icon-wrapper\">\n\t\t\t<a class=\"elementor-icon elementor-animation-grow\" href=\"https:\/\/www.psypost.org\/perceived-spiritual-strength-of-a-group-drives-extreme-self-sacrifice-through-collective-narcissism\/\" target=\"_blank\">\n\t\t\t<i aria-hidden=\"true\" class=\"fab fa-readme\"><\/i>\t\t\t<\/a>\n\t\t<\/div>\n\t\t\t\t\t\t<\/div>\n\t\t\t\t<\/div>\n\t\t\t\t\t<\/div>\n\t\t<\/div>\n\t\t\t\t\t<\/div>\n\t\t<\/section>\n\t\t\t\t<section class=\"elementor-section elementor-top-section elementor-element elementor-element-0e75e50 elementor-section-boxed elementor-section-height-default elementor-section-height-default\" data-id=\"0e75e50\" data-element_type=\"section\" data-e-type=\"section\">\n\t\t\t\t\t\t<div class=\"elementor-container elementor-column-gap-default\">\n\t\t\t\t\t<div class=\"elementor-column elementor-col-33 elementor-top-column elementor-element elementor-element-f51dbde\" data-id=\"f51dbde\" data-element_type=\"column\" data-e-type=\"column\">\n\t\t\t<div class=\"elementor-widget-wrap elementor-element-populated\">\n\t\t\t\t\t\t<div class=\"elementor-element elementor-element-5c27681 elementor-widget elementor-widget-image\" data-id=\"5c27681\" data-element_type=\"widget\" data-e-type=\"widget\" data-widget_type=\"image.default\">\n\t\t\t\t<div class=\"elementor-widget-container\">\n\t\t\t\t\t\t\t\t\t\t\t\t\t\t\t<img loading=\"lazy\" decoding=\"async\" width=\"300\" height=\"159\" src=\"https:\/\/blogs.uned.es\/idenfusion\/wp-content\/uploads\/sites\/553\/2025\/11\/Uni-Erfurt-Blog2-300x159.jpg\" class=\"attachment-medium size-medium wp-image-7707\" alt=\"\" srcset=\"https:\/\/blogs.uned.es\/idenfusion\/wp-content\/uploads\/sites\/553\/2025\/11\/Uni-Erfurt-Blog2-300x159.jpg 300w, https:\/\/blogs.uned.es\/idenfusion\/wp-content\/uploads\/sites\/553\/2025\/11\/Uni-Erfurt-Blog2-768x407.jpg 768w, https:\/\/blogs.uned.es\/idenfusion\/wp-content\/uploads\/sites\/553\/2025\/11\/Uni-Erfurt-Blog2.jpg 920w\" sizes=\"(max-width: 300px) 100vw, 300px\" \/>\t\t\t\t\t\t\t\t\t\t\t\t\t\t\t<\/div>\n\t\t\t\t<\/div>\n\t\t\t\t\t<\/div>\n\t\t<\/div>\n\t\t\t\t<div class=\"elementor-column elementor-col-66 elementor-top-column elementor-element elementor-element-79e9ced\" data-id=\"79e9ced\" data-element_type=\"column\" data-e-type=\"column\">\n\t\t\t<div class=\"elementor-widget-wrap elementor-element-populated\">\n\t\t\t\t\t\t<div class=\"elementor-element elementor-element-0eefbfa elementor-widget elementor-widget-text-editor\" data-id=\"0eefbfa\" data-element_type=\"widget\" data-e-type=\"widget\" data-widget_type=\"text-editor.default\">\n\t\t\t\t<div class=\"elementor-widget-container\">\n\t\t\t\t\t\t\t\t\t<p>27\/11\/25<br \/><span style=\"color: #000000\"><b>\u00abUniendo la investigaci\u00f3n con la pr\u00e1ctica: mi viaje al sector de seguridad colombiano\u00bb<br \/><\/b><span lang=\"EN-US\">The Bulletin Blog, Willy Brandt School of Public Policy, Universidad de Erfurt.<br \/><br \/>Por Alejandra Ortiz-Ayala<\/span><\/span><\/p>\t\t\t\t\t\t\t\t<\/div>\n\t\t\t\t<\/div>\n\t\t\t\t<div class=\"elementor-element elementor-element-05b960d elementor-view-default elementor-widget elementor-widget-icon\" data-id=\"05b960d\" data-element_type=\"widget\" data-e-type=\"widget\" data-widget_type=\"icon.default\">\n\t\t\t\t<div class=\"elementor-widget-container\">\n\t\t\t\t\t\t\t<div class=\"elementor-icon-wrapper\">\n\t\t\t<a class=\"elementor-icon elementor-animation-grow\" href=\"https:\/\/thebulletin.brandtschool.de\/bridging-research-and-practice-my-journey-into-colombias-security-sector\" target=\"_blank\">\n\t\t\t<i aria-hidden=\"true\" class=\"fab fa-readme\"><\/i>\t\t\t<\/a>\n\t\t<\/div>\n\t\t\t\t\t\t<\/div>\n\t\t\t\t<\/div>\n\t\t\t\t\t<\/div>\n\t\t<\/div>\n\t\t\t\t\t<\/div>\n\t\t<\/section>\n\t\t\t\t<section class=\"elementor-section elementor-top-section elementor-element elementor-element-156491f elementor-section-boxed elementor-section-height-default elementor-section-height-default\" data-id=\"156491f\" data-element_type=\"section\" data-e-type=\"section\">\n\t\t\t\t\t\t<div class=\"elementor-container elementor-column-gap-default\">\n\t\t\t\t\t<div class=\"elementor-column elementor-col-33 elementor-top-column elementor-element elementor-element-55bed33\" data-id=\"55bed33\" data-element_type=\"column\" data-e-type=\"column\">\n\t\t\t<div class=\"elementor-widget-wrap elementor-element-populated\">\n\t\t\t\t\t\t<div class=\"elementor-element elementor-element-4d1a063 elementor-widget elementor-widget-image\" data-id=\"4d1a063\" data-element_type=\"widget\" data-e-type=\"widget\" data-widget_type=\"image.default\">\n\t\t\t\t<div class=\"elementor-widget-container\">\n\t\t\t\t\t\t\t\t\t\t\t\t\t\t\t<img loading=\"lazy\" decoding=\"async\" width=\"265\" height=\"140\" src=\"https:\/\/blogs.uned.es\/idenfusion\/wp-content\/uploads\/sites\/553\/2025\/10\/IMG_20250703_174115-1.jpg\" class=\"attachment-medium size-medium wp-image-7593\" alt=\"Colombia\" \/>\t\t\t\t\t\t\t\t\t\t\t\t\t\t\t<\/div>\n\t\t\t\t<\/div>\n\t\t\t\t\t<\/div>\n\t\t<\/div>\n\t\t\t\t<div class=\"elementor-column elementor-col-66 elementor-top-column elementor-element elementor-element-502ba44\" data-id=\"502ba44\" data-element_type=\"column\" data-e-type=\"column\">\n\t\t\t<div class=\"elementor-widget-wrap elementor-element-populated\">\n\t\t\t\t\t\t<div class=\"elementor-element elementor-element-2da1fa1 elementor-widget elementor-widget-text-editor\" data-id=\"2da1fa1\" data-element_type=\"widget\" data-e-type=\"widget\" data-widget_type=\"text-editor.default\">\n\t\t\t\t<div class=\"elementor-widget-container\">\n\t\t\t\t\t\t\t\t\t<p class=\"MsoNormal\"><span style=\"color: #000000\"><span style=\"color: #808080\">02\/10\/2025<br \/><\/span><\/span><strong><span style=\"color: #000000\">\u00abLa UNED estudia c\u00f3mo la fusi\u00f3n de identidad refuerza el sacrificio y el bienestar dentro de la Polic\u00eda colombiana\u00bb<\/span><br \/><\/strong><span style=\"color: #000000\">Comunicaci\u00f3n UNED.<br \/><\/span><\/p>\t\t\t\t\t\t\t\t<\/div>\n\t\t\t\t<\/div>\n\t\t\t\t<div class=\"elementor-element elementor-element-c1779fd elementor-view-default elementor-widget elementor-widget-icon\" data-id=\"c1779fd\" data-element_type=\"widget\" data-e-type=\"widget\" data-widget_type=\"icon.default\">\n\t\t\t\t<div class=\"elementor-widget-container\">\n\t\t\t\t\t\t\t<div class=\"elementor-icon-wrapper\">\n\t\t\t<a class=\"elementor-icon elementor-animation-grow\" href=\"https:\/\/www.uned.es\/universidad\/inicio\/noticias\/mostrarnoticia?noticia=la-uned-estudia-como-la-fusion-de-identidad-refuerza-el-sacrificio-y-el-bienestar-dentro-de-la-policia-colombiana\" target=\"_blank\">\n\t\t\t<i aria-hidden=\"true\" class=\"fab fa-readme\"><\/i>\t\t\t<\/a>\n\t\t<\/div>\n\t\t\t\t\t\t<\/div>\n\t\t\t\t<\/div>\n\t\t\t\t\t<\/div>\n\t\t<\/div>\n\t\t\t\t\t<\/div>\n\t\t<\/section>\n\t\t\t\t<section class=\"elementor-section elementor-top-section elementor-element elementor-element-3e74c29 elementor-section-boxed elementor-section-height-default elementor-section-height-default\" data-id=\"3e74c29\" data-element_type=\"section\" data-e-type=\"section\">\n\t\t\t\t\t\t<div class=\"elementor-container elementor-column-gap-default\">\n\t\t\t\t\t<div class=\"elementor-column elementor-col-33 elementor-top-column elementor-element elementor-element-72405c9\" data-id=\"72405c9\" data-element_type=\"column\" data-e-type=\"column\">\n\t\t\t<div class=\"elementor-widget-wrap elementor-element-populated\">\n\t\t\t\t\t\t<div class=\"elementor-element elementor-element-7e6f555 elementor-widget elementor-widget-image\" data-id=\"7e6f555\" data-element_type=\"widget\" data-e-type=\"widget\" data-widget_type=\"image.default\">\n\t\t\t\t<div class=\"elementor-widget-container\">\n\t\t\t\t\t\t\t\t\t\t\t\t\t\t\t<img loading=\"lazy\" decoding=\"async\" width=\"300\" height=\"148\" src=\"https:\/\/blogs.uned.es\/idenfusion\/wp-content\/uploads\/sites\/553\/2025\/09\/Gaza.avif\" class=\"attachment-medium size-medium wp-image-7469\" alt=\"Guerra en Gaza\" \/>\t\t\t\t\t\t\t\t\t\t\t\t\t\t\t<\/div>\n\t\t\t\t<\/div>\n\t\t\t\t\t<\/div>\n\t\t<\/div>\n\t\t\t\t<div class=\"elementor-column elementor-col-66 elementor-top-column elementor-element elementor-element-bb55f06\" data-id=\"bb55f06\" data-element_type=\"column\" data-e-type=\"column\">\n\t\t\t<div class=\"elementor-widget-wrap elementor-element-populated\">\n\t\t\t\t\t\t<div class=\"elementor-element elementor-element-17b4b5f elementor-widget elementor-widget-text-editor\" data-id=\"17b4b5f\" data-element_type=\"widget\" data-e-type=\"widget\" data-widget_type=\"text-editor.default\">\n\t\t\t\t<div class=\"elementor-widget-container\">\n\t\t\t\t\t\t\t\t\t<p class=\"MsoNormal\"><span style=\"color: #000000\"><span style=\"color: #808080\">20\/08\/2025<\/span><br \/><b>\u00abUna encuesta en Gaza revela que a\u00fan hay gazat\u00edes que creen en la paz\u00bb<br \/><\/b>The Conversation.<\/span><\/p>\t\t\t\t\t\t\t\t<\/div>\n\t\t\t\t<\/div>\n\t\t\t\t<div class=\"elementor-element elementor-element-e789122 elementor-view-default elementor-widget elementor-widget-icon\" data-id=\"e789122\" data-element_type=\"widget\" data-e-type=\"widget\" data-widget_type=\"icon.default\">\n\t\t\t\t<div class=\"elementor-widget-container\">\n\t\t\t\t\t\t\t<div class=\"elementor-icon-wrapper\">\n\t\t\t<a class=\"elementor-icon elementor-animation-grow\" href=\"https:\/\/theconversation.com\/una-encuesta-en-gaza-revela-que-aun-hay-gazaties-que-creen-en-la-paz-262258\" target=\"_blank\">\n\t\t\t<i aria-hidden=\"true\" class=\"fab fa-readme\"><\/i>\t\t\t<\/a>\n\t\t<\/div>\n\t\t\t\t\t\t<\/div>\n\t\t\t\t<\/div>\n\t\t\t\t\t<\/div>\n\t\t<\/div>\n\t\t\t\t\t<\/div>\n\t\t<\/section>\n\t\t\t\t<section class=\"elementor-section elementor-top-section elementor-element elementor-element-f108f82 elementor-section-boxed elementor-section-height-default elementor-section-height-default\" data-id=\"f108f82\" data-element_type=\"section\" data-e-type=\"section\">\n\t\t\t\t\t\t<div class=\"elementor-container elementor-column-gap-default\">\n\t\t\t\t\t<div class=\"elementor-column elementor-col-33 elementor-top-column elementor-element elementor-element-ef34a2e\" data-id=\"ef34a2e\" data-element_type=\"column\" data-e-type=\"column\">\n\t\t\t<div class=\"elementor-widget-wrap elementor-element-populated\">\n\t\t\t\t\t\t<div class=\"elementor-element elementor-element-0cd6538 elementor-widget elementor-widget-image\" data-id=\"0cd6538\" data-element_type=\"widget\" data-e-type=\"widget\" data-widget_type=\"image.default\">\n\t\t\t\t<div class=\"elementor-widget-container\">\n\t\t\t\t\t\t\t\t\t\t\t\t\t\t\t<img loading=\"lazy\" decoding=\"async\" width=\"912\" height=\"510\" src=\"https:\/\/blogs.uned.es\/idenfusion\/wp-content\/uploads\/sites\/553\/2025\/04\/Philippines_UNED.jpg\" class=\"attachment-full size-full wp-image-7335\" alt=\"\" srcset=\"https:\/\/blogs.uned.es\/idenfusion\/wp-content\/uploads\/sites\/553\/2025\/04\/Philippines_UNED.jpg 912w, https:\/\/blogs.uned.es\/idenfusion\/wp-content\/uploads\/sites\/553\/2025\/04\/Philippines_UNED-300x168.jpg 300w, https:\/\/blogs.uned.es\/idenfusion\/wp-content\/uploads\/sites\/553\/2025\/04\/Philippines_UNED-768x429.jpg 768w\" sizes=\"(max-width: 912px) 100vw, 912px\" \/>\t\t\t\t\t\t\t\t\t\t\t\t\t\t\t<\/div>\n\t\t\t\t<\/div>\n\t\t\t\t\t<\/div>\n\t\t<\/div>\n\t\t\t\t<div class=\"elementor-column elementor-col-66 elementor-top-column elementor-element elementor-element-c73c6c7\" data-id=\"c73c6c7\" data-element_type=\"column\" data-e-type=\"column\">\n\t\t\t<div class=\"elementor-widget-wrap elementor-element-populated\">\n\t\t\t\t\t\t<div class=\"elementor-element elementor-element-7f95e3e elementor-widget elementor-widget-text-editor\" data-id=\"7f95e3e\" data-element_type=\"widget\" data-e-type=\"widget\" data-widget_type=\"text-editor.default\">\n\t\t\t\t<div class=\"elementor-widget-container\">\n\t\t\t\t\t\t\t\t\t<p><!-- [if gte mso 9]&gt;--><\/p><p><!-- [if gte mso 10]&gt;--><\/p><p class=\"MsoNormal\">03\/04\/2025<br \/><span style=\"color: #000000\"><b>\u00abPrevenci\u00f3n de la radicalizaci\u00f3n: la UNED asesora a Filipinas\u00bb<br \/><\/b><span style=\"font-size: 12.0pt;line-height: 115%;font-family: 'Aptos',sans-serif\">Comunicaci\u00f3n UNED.<\/span><\/span><\/p>\t\t\t\t\t\t\t\t<\/div>\n\t\t\t\t<\/div>\n\t\t\t\t<div class=\"elementor-element elementor-element-823d557 elementor-view-default elementor-widget elementor-widget-icon\" data-id=\"823d557\" data-element_type=\"widget\" data-e-type=\"widget\" data-widget_type=\"icon.default\">\n\t\t\t\t<div class=\"elementor-widget-container\">\n\t\t\t\t\t\t\t<div class=\"elementor-icon-wrapper\">\n\t\t\t<a class=\"elementor-icon elementor-animation-grow\" href=\"https:\/\/www.uned.es\/universidad\/inicio\/noticias\/mostrarnoticia?noticia=prevencion-de-la-radicalizacion-la-uned-asesora-a-filipinas%20\" target=\"_blank\">\n\t\t\t<i aria-hidden=\"true\" class=\"fab fa-readme\"><\/i>\t\t\t<\/a>\n\t\t<\/div>\n\t\t\t\t\t\t<\/div>\n\t\t\t\t<\/div>\n\t\t\t\t\t<\/div>\n\t\t<\/div>\n\t\t\t\t\t<\/div>\n\t\t<\/section>\n\t\t\t\t<section class=\"elementor-section elementor-top-section elementor-element elementor-element-cd1b95b elementor-section-boxed elementor-section-height-default elementor-section-height-default\" data-id=\"cd1b95b\" data-element_type=\"section\" data-e-type=\"section\">\n\t\t\t\t\t\t<div class=\"elementor-container elementor-column-gap-default\">\n\t\t\t\t\t<div class=\"elementor-column elementor-col-33 elementor-top-column elementor-element elementor-element-ac0d753\" data-id=\"ac0d753\" data-element_type=\"column\" data-e-type=\"column\">\n\t\t\t<div class=\"elementor-widget-wrap elementor-element-populated\">\n\t\t\t\t\t\t<div class=\"elementor-element elementor-element-3856e91 elementor-widget elementor-widget-image\" data-id=\"3856e91\" data-element_type=\"widget\" data-e-type=\"widget\" data-widget_type=\"image.default\">\n\t\t\t\t<div class=\"elementor-widget-container\">\n\t\t\t\t\t\t\t\t\t\t\t\t\t\t\t<img loading=\"lazy\" decoding=\"async\" width=\"483\" height=\"400\" src=\"https:\/\/blogs.uned.es\/idenfusion\/wp-content\/uploads\/sites\/553\/2025\/02\/laura-blanco-iglesias.jpg\" class=\"attachment-full size-full wp-image-7177\" alt=\"Laura Blanco, investigadora de psicolog\u00eda de la UNED\" srcset=\"https:\/\/blogs.uned.es\/idenfusion\/wp-content\/uploads\/sites\/553\/2025\/02\/laura-blanco-iglesias.jpg 483w, https:\/\/blogs.uned.es\/idenfusion\/wp-content\/uploads\/sites\/553\/2025\/02\/laura-blanco-iglesias-300x248.jpg 300w\" sizes=\"(max-width: 483px) 100vw, 483px\" \/>\t\t\t\t\t\t\t\t\t\t\t\t\t\t\t<\/div>\n\t\t\t\t<\/div>\n\t\t\t\t\t<\/div>\n\t\t<\/div>\n\t\t\t\t<div class=\"elementor-column elementor-col-66 elementor-top-column elementor-element elementor-element-3087264\" data-id=\"3087264\" data-element_type=\"column\" data-e-type=\"column\">\n\t\t\t<div class=\"elementor-widget-wrap elementor-element-populated\">\n\t\t\t\t\t\t<div class=\"elementor-element elementor-element-8ef52e5 elementor-widget elementor-widget-text-editor\" data-id=\"8ef52e5\" data-element_type=\"widget\" data-e-type=\"widget\" data-widget_type=\"text-editor.default\">\n\t\t\t\t<div class=\"elementor-widget-container\">\n\t\t\t\t\t\t\t\t\t<p>08\/02\/2025<br \/><span style=\"color: #000000\"><strong>\u00abEs importante prestar atenci\u00f3n a las trayectorias vitales de los individuos que se radicalizan si queremos entender por qu\u00e9 lo han hecho\u00bb<br \/><\/strong>La Voz de Galicia.<\/span><br \/><span style=\"color: #000000\">Art\u00edculo online en <a href=\"https:\/\/www.lavozdegalicia.es\/noticia\/galicia\/2025\/02\/08\/trayectoria-vital-puede-explicar-persona-radicaliza\/0003_202502G8P10992.htm\" target=\"_blank\" rel=\"noopener\"><span style=\"color: #0000ff\">La Voz de Galicia<\/span><\/a> (solo para suscritores)\u00a0<\/span><\/p><p><span style=\"color: #000000\">o para decargar en pdf:<\/span><\/p>\t\t\t\t\t\t\t\t<\/div>\n\t\t\t\t<\/div>\n\t\t\t\t<div class=\"elementor-element elementor-element-40f1cf6 elementor-view-default elementor-widget elementor-widget-icon\" data-id=\"40f1cf6\" data-element_type=\"widget\" data-e-type=\"widget\" data-widget_type=\"icon.default\">\n\t\t\t\t<div class=\"elementor-widget-container\">\n\t\t\t\t\t\t\t<div class=\"elementor-icon-wrapper\">\n\t\t\t<a class=\"elementor-icon elementor-animation-grow\" href=\"https:\/\/blogs.uned.es\/idenfusion\/wp-content\/uploads\/sites\/553\/2025\/02\/Laura-Blanco_-Voz-de-Galicia_feb-25.pdf\" target=\"_blank\">\n\t\t\t<i aria-hidden=\"true\" class=\"fab fa-readme\"><\/i>\t\t\t<\/a>\n\t\t<\/div>\n\t\t\t\t\t\t<\/div>\n\t\t\t\t<\/div>\n\t\t\t\t\t<\/div>\n\t\t<\/div>\n\t\t\t\t\t<\/div>\n\t\t<\/section>\n\t\t\t\t<section class=\"elementor-section elementor-top-section elementor-element elementor-element-34b6b5d elementor-section-boxed elementor-section-height-default elementor-section-height-default\" data-id=\"34b6b5d\" data-element_type=\"section\" data-e-type=\"section\">\n\t\t\t\t\t\t<div class=\"elementor-container elementor-column-gap-default\">\n\t\t\t\t\t<div class=\"elementor-column elementor-col-33 elementor-top-column elementor-element elementor-element-79f37e6\" data-id=\"79f37e6\" data-element_type=\"column\" data-e-type=\"column\">\n\t\t\t<div class=\"elementor-widget-wrap elementor-element-populated\">\n\t\t\t\t\t\t<div class=\"elementor-element elementor-element-5506d46 elementor-widget elementor-widget-image\" data-id=\"5506d46\" data-element_type=\"widget\" data-e-type=\"widget\" data-widget_type=\"image.default\">\n\t\t\t\t<div class=\"elementor-widget-container\">\n\t\t\t\t\t\t\t\t\t\t\t\t\t\t\t<img loading=\"lazy\" decoding=\"async\" width=\"800\" height=\"450\" src=\"https:\/\/blogs.uned.es\/idenfusion\/wp-content\/uploads\/sites\/553\/2025\/02\/IIPP_Albolote.jpg\" class=\"attachment-large size-large wp-image-6995\" alt=\"Centro penitenciario Albolote\" srcset=\"https:\/\/blogs.uned.es\/idenfusion\/wp-content\/uploads\/sites\/553\/2025\/02\/IIPP_Albolote.jpg 912w, https:\/\/blogs.uned.es\/idenfusion\/wp-content\/uploads\/sites\/553\/2025\/02\/IIPP_Albolote-300x169.jpg 300w, https:\/\/blogs.uned.es\/idenfusion\/wp-content\/uploads\/sites\/553\/2025\/02\/IIPP_Albolote-768x432.jpg 768w\" sizes=\"(max-width: 800px) 100vw, 800px\" \/>\t\t\t\t\t\t\t\t\t\t\t\t\t\t\t<\/div>\n\t\t\t\t<\/div>\n\t\t\t\t\t<\/div>\n\t\t<\/div>\n\t\t\t\t<div class=\"elementor-column elementor-col-66 elementor-top-column elementor-element elementor-element-957d485\" data-id=\"957d485\" data-element_type=\"column\" data-e-type=\"column\">\n\t\t\t<div class=\"elementor-widget-wrap elementor-element-populated\">\n\t\t\t\t\t\t<div class=\"elementor-element elementor-element-8ec08a1 elementor-widget elementor-widget-text-editor\" data-id=\"8ec08a1\" data-element_type=\"widget\" data-e-type=\"widget\" data-widget_type=\"text-editor.default\">\n\t\t\t\t<div class=\"elementor-widget-container\">\n\t\t\t\t\t\t\t\t\t<p>04\/02\/2025<br \/><span style=\"color: #000000\"><strong>\u00ab\u00bfQu\u00e9 hace que un individuo se radicalice?\u00bb<br \/><\/strong>Comunicaci\u00f3n Noticias <span style=\"font-family: var( --e-global-typography-text-font-family ), Sans-serif;font-weight: var( --e-global-typography-text-font-weight )\">UNED.<\/span><\/span><\/p>\t\t\t\t\t\t\t\t<\/div>\n\t\t\t\t<\/div>\n\t\t\t\t<div class=\"elementor-element elementor-element-d132516 elementor-view-default elementor-widget elementor-widget-icon\" data-id=\"d132516\" data-element_type=\"widget\" data-e-type=\"widget\" data-widget_type=\"icon.default\">\n\t\t\t\t<div class=\"elementor-widget-container\">\n\t\t\t\t\t\t\t<div class=\"elementor-icon-wrapper\">\n\t\t\t<a class=\"elementor-icon elementor-animation-grow\" href=\"https:\/\/www.uned.es\/universidad\/inicio\/noticias\/mostrarnoticia?noticia=%C2%BFque-hace-que-un-individuo-se-radicalice-%C2%A0\" target=\"_blank\">\n\t\t\t<i aria-hidden=\"true\" class=\"fab fa-readme\"><\/i>\t\t\t<\/a>\n\t\t<\/div>\n\t\t\t\t\t\t<\/div>\n\t\t\t\t<\/div>\n\t\t\t\t\t<\/div>\n\t\t<\/div>\n\t\t\t\t\t<\/div>\n\t\t<\/section>\n\t\t\t\t<section class=\"elementor-section elementor-top-section elementor-element elementor-element-b7c3e73 elementor-section-boxed elementor-section-height-default elementor-section-height-default\" data-id=\"b7c3e73\" data-element_type=\"section\" data-e-type=\"section\">\n\t\t\t\t\t\t<div class=\"elementor-container elementor-column-gap-default\">\n\t\t\t\t\t<div class=\"elementor-column elementor-col-33 elementor-top-column elementor-element elementor-element-1375ad0\" data-id=\"1375ad0\" data-element_type=\"column\" data-e-type=\"column\">\n\t\t\t<div class=\"elementor-widget-wrap elementor-element-populated\">\n\t\t\t\t\t\t<div class=\"elementor-element elementor-element-f4abb46 elementor-widget elementor-widget-image\" data-id=\"f4abb46\" data-element_type=\"widget\" data-e-type=\"widget\" data-widget_type=\"image.default\">\n\t\t\t\t<div class=\"elementor-widget-container\">\n\t\t\t\t\t\t\t\t\t\t\t\t\t\t\t<img loading=\"lazy\" decoding=\"async\" width=\"800\" height=\"471\" src=\"https:\/\/blogs.uned.es\/idenfusion\/wp-content\/uploads\/sites\/553\/2026\/02\/Nova-Ciencia.-Articulo.jpg\" class=\"attachment-large size-large wp-image-8181\" alt=\"\" srcset=\"https:\/\/blogs.uned.es\/idenfusion\/wp-content\/uploads\/sites\/553\/2026\/02\/Nova-Ciencia.-Articulo.jpg 804w, https:\/\/blogs.uned.es\/idenfusion\/wp-content\/uploads\/sites\/553\/2026\/02\/Nova-Ciencia.-Articulo-300x176.jpg 300w, https:\/\/blogs.uned.es\/idenfusion\/wp-content\/uploads\/sites\/553\/2026\/02\/Nova-Ciencia.-Articulo-768x452.jpg 768w\" sizes=\"(max-width: 800px) 100vw, 800px\" \/>\t\t\t\t\t\t\t\t\t\t\t\t\t\t\t<\/div>\n\t\t\t\t<\/div>\n\t\t\t\t\t<\/div>\n\t\t<\/div>\n\t\t\t\t<div class=\"elementor-column elementor-col-66 elementor-top-column elementor-element elementor-element-6090c86\" data-id=\"6090c86\" data-element_type=\"column\" data-e-type=\"column\">\n\t\t\t<div class=\"elementor-widget-wrap elementor-element-populated\">\n\t\t\t\t\t\t<div class=\"elementor-element elementor-element-3438b2a elementor-widget elementor-widget-text-editor\" data-id=\"3438b2a\" data-element_type=\"widget\" data-e-type=\"widget\" data-widget_type=\"text-editor.default\">\n\t\t\t\t<div class=\"elementor-widget-container\">\n\t\t\t\t\t\t\t\t\t<p>16\/01\/2025<br \/><span style=\"color: #000000\"><strong>\u00abUna perspectiva nueva para entender la radicalizaci\u00f3n violenta: la percepci\u00f3n del tiempo psicol\u00f3gico<\/strong><strong>\u00bb<br \/><\/strong>NovaCiencia.<\/span><\/p><p><span style=\"color: #000000\">Por Alberto Cerdera<\/span><\/p>\t\t\t\t\t\t\t\t<\/div>\n\t\t\t\t<\/div>\n\t\t\t\t<div class=\"elementor-element elementor-element-c58c6bf elementor-view-default elementor-widget elementor-widget-icon\" data-id=\"c58c6bf\" data-element_type=\"widget\" data-e-type=\"widget\" data-widget_type=\"icon.default\">\n\t\t\t\t<div class=\"elementor-widget-container\">\n\t\t\t\t\t\t\t<div class=\"elementor-icon-wrapper\">\n\t\t\t<a class=\"elementor-icon elementor-animation-grow\" href=\"https:\/\/novaciencia.es\/una-perspectiva-nueva-para-entender-la-radicalizacion-violenta-la-percepcion-del-tiempo-psicologico\/\" target=\"_blank\">\n\t\t\t<i aria-hidden=\"true\" class=\"fab fa-readme\"><\/i>\t\t\t<\/a>\n\t\t<\/div>\n\t\t\t\t\t\t<\/div>\n\t\t\t\t<\/div>\n\t\t\t\t\t<\/div>\n\t\t<\/div>\n\t\t\t\t\t<\/div>\n\t\t<\/section>\n\t\t\t\t<section class=\"elementor-section elementor-top-section elementor-element elementor-element-c5d00eb elementor-section-boxed elementor-section-height-default elementor-section-height-default\" data-id=\"c5d00eb\" data-element_type=\"section\" data-e-type=\"section\">\n\t\t\t\t\t\t<div class=\"elementor-container elementor-column-gap-default\">\n\t\t\t\t\t<div class=\"elementor-column elementor-col-33 elementor-top-column elementor-element elementor-element-862c6a9\" data-id=\"862c6a9\" data-element_type=\"column\" data-e-type=\"column\">\n\t\t\t<div class=\"elementor-widget-wrap elementor-element-populated\">\n\t\t\t\t\t\t<div class=\"elementor-element elementor-element-62e4040 elementor-widget elementor-widget-image\" data-id=\"62e4040\" data-element_type=\"widget\" data-e-type=\"widget\" data-widget_type=\"image.default\">\n\t\t\t\t<div class=\"elementor-widget-container\">\n\t\t\t\t\t\t\t\t\t\t\t\t\t\t\t<img loading=\"lazy\" decoding=\"async\" width=\"800\" height=\"959\" src=\"https:\/\/blogs.uned.es\/idenfusion\/wp-content\/uploads\/sites\/553\/2025\/02\/Sri-Lanka-campo-854x1024.jpg\" class=\"attachment-large size-large wp-image-7093\" alt=\"\" srcset=\"https:\/\/blogs.uned.es\/idenfusion\/wp-content\/uploads\/sites\/553\/2025\/02\/Sri-Lanka-campo-854x1024.jpg 854w, https:\/\/blogs.uned.es\/idenfusion\/wp-content\/uploads\/sites\/553\/2025\/02\/Sri-Lanka-campo-250x300.jpg 250w, https:\/\/blogs.uned.es\/idenfusion\/wp-content\/uploads\/sites\/553\/2025\/02\/Sri-Lanka-campo-768x920.jpg 768w, https:\/\/blogs.uned.es\/idenfusion\/wp-content\/uploads\/sites\/553\/2025\/02\/Sri-Lanka-campo.jpg 912w\" sizes=\"(max-width: 800px) 100vw, 800px\" \/>\t\t\t\t\t\t\t\t\t\t\t\t\t\t\t<\/div>\n\t\t\t\t<\/div>\n\t\t\t\t\t<\/div>\n\t\t<\/div>\n\t\t\t\t<div class=\"elementor-column elementor-col-66 elementor-top-column elementor-element elementor-element-4d6ea9f\" data-id=\"4d6ea9f\" data-element_type=\"column\" data-e-type=\"column\">\n\t\t\t<div class=\"elementor-widget-wrap elementor-element-populated\">\n\t\t\t\t\t\t<div class=\"elementor-element elementor-element-eac6009 elementor-widget elementor-widget-text-editor\" data-id=\"eac6009\" data-element_type=\"widget\" data-e-type=\"widget\" data-widget_type=\"text-editor.default\">\n\t\t\t\t<div class=\"elementor-widget-container\">\n\t\t\t\t\t\t\t\t\t<p>15\/01\/2025<span style=\"color: #000000\"><strong><br \/>\u201cLa percepcion del tiempo psicologico clave para entender la radicalizacion violenta\u201d<br \/><\/strong>Unidad de Cultura Cient\u00edfica, UNED.<strong><br \/><\/strong><\/span><\/p>\t\t\t\t\t\t\t\t<\/div>\n\t\t\t\t<\/div>\n\t\t\t\t<div class=\"elementor-element elementor-element-fbceae0 elementor-view-default elementor-widget elementor-widget-icon\" data-id=\"fbceae0\" data-element_type=\"widget\" data-e-type=\"widget\" data-widget_type=\"icon.default\">\n\t\t\t\t<div class=\"elementor-widget-container\">\n\t\t\t\t\t\t\t<div class=\"elementor-icon-wrapper\">\n\t\t\t<a class=\"elementor-icon elementor-animation-grow\" href=\"https:\/\/www.uned.es\/universidad\/inicio\/unidad\/unidad-cultura-cientifica\/noticias-cient%C3%ADficas\/repositorio-noticias-cientificas\/mostrarnoticia?noticia=La-percepcion-del-tiempo-psicologico-clave-para-entender-la-radicalizacion-violenta\" target=\"_blank\">\n\t\t\t<i aria-hidden=\"true\" class=\"fab fa-readme\"><\/i>\t\t\t<\/a>\n\t\t<\/div>\n\t\t\t\t\t\t<\/div>\n\t\t\t\t<\/div>\n\t\t\t\t\t<\/div>\n\t\t<\/div>\n\t\t\t\t\t<\/div>\n\t\t<\/section>\n\t\t\t\t<section class=\"elementor-section elementor-top-section elementor-element elementor-element-9a2bebc elementor-section-boxed elementor-section-height-default elementor-section-height-default\" data-id=\"9a2bebc\" data-element_type=\"section\" data-e-type=\"section\">\n\t\t\t\t\t\t<div class=\"elementor-container elementor-column-gap-default\">\n\t\t\t\t\t<div class=\"elementor-column elementor-col-33 elementor-top-column elementor-element elementor-element-fc2e154\" data-id=\"fc2e154\" data-element_type=\"column\" data-e-type=\"column\">\n\t\t\t<div class=\"elementor-widget-wrap elementor-element-populated\">\n\t\t\t\t\t\t<div class=\"elementor-element elementor-element-8232e8c elementor-widget elementor-widget-image\" data-id=\"8232e8c\" data-element_type=\"widget\" data-e-type=\"widget\" data-widget_type=\"image.default\">\n\t\t\t\t<div class=\"elementor-widget-container\">\n\t\t\t\t\t\t\t\t\t\t\t\t\t\t\t<img loading=\"lazy\" decoding=\"async\" width=\"800\" height=\"534\" src=\"https:\/\/blogs.uned.es\/idenfusion\/wp-content\/uploads\/sites\/553\/2024\/12\/Premio-Consejo-Social-24-1024x683.jpg\" class=\"attachment-large size-large wp-image-6145\" alt=\"Premio Consejo Social UNED 24\" srcset=\"https:\/\/blogs.uned.es\/idenfusion\/wp-content\/uploads\/sites\/553\/2024\/12\/Premio-Consejo-Social-24-1024x683.jpg 1024w, https:\/\/blogs.uned.es\/idenfusion\/wp-content\/uploads\/sites\/553\/2024\/12\/Premio-Consejo-Social-24-300x200.jpg 300w, https:\/\/blogs.uned.es\/idenfusion\/wp-content\/uploads\/sites\/553\/2024\/12\/Premio-Consejo-Social-24-768x512.jpg 768w, https:\/\/blogs.uned.es\/idenfusion\/wp-content\/uploads\/sites\/553\/2024\/12\/Premio-Consejo-Social-24-1536x1024.jpg 1536w, https:\/\/blogs.uned.es\/idenfusion\/wp-content\/uploads\/sites\/553\/2024\/12\/Premio-Consejo-Social-24-2048x1365.jpg 2048w\" sizes=\"(max-width: 800px) 100vw, 800px\" \/>\t\t\t\t\t\t\t\t\t\t\t\t\t\t\t<\/div>\n\t\t\t\t<\/div>\n\t\t\t\t\t<\/div>\n\t\t<\/div>\n\t\t\t\t<div class=\"elementor-column elementor-col-66 elementor-top-column elementor-element elementor-element-e4ca74e\" data-id=\"e4ca74e\" data-element_type=\"column\" data-e-type=\"column\">\n\t\t\t<div class=\"elementor-widget-wrap elementor-element-populated\">\n\t\t\t\t\t\t<div class=\"elementor-element elementor-element-cdc00bd elementor-widget elementor-widget-text-editor\" data-id=\"cdc00bd\" data-element_type=\"widget\" data-e-type=\"widget\" data-widget_type=\"text-editor.default\">\n\t\t\t\t<div class=\"elementor-widget-container\">\n\t\t\t\t\t\t\t\t\t<p>19\/12\/2024<br \/><b><\/b><span style=\"color: #000000\"><strong>\u201cPremio a las Buenas Pr\u00e1cticas del Personal Docente e Investigador y Personal T\u00e9cnico, de Gesti\u00f3n y de Administraci\u00f3n y Servicios\u201d <br \/><\/strong><em>Entrega de premio al proyecto \u201cLa Fusi\u00f3n de Identidad\u201d.<br \/><\/em>Comunicaci\u00f3n Noticias <span style=\"font-family: var( --e-global-typography-text-font-family ), Sans-serif;font-weight: var( --e-global-typography-text-font-weight )\">UNED.<\/span><\/span><\/p>\t\t\t\t\t\t\t\t<\/div>\n\t\t\t\t<\/div>\n\t\t\t\t<div class=\"elementor-element elementor-element-8cbb974 elementor-view-default elementor-widget elementor-widget-icon\" data-id=\"8cbb974\" data-element_type=\"widget\" data-e-type=\"widget\" data-widget_type=\"icon.default\">\n\t\t\t\t<div class=\"elementor-widget-container\">\n\t\t\t\t\t\t\t<div class=\"elementor-icon-wrapper\">\n\t\t\t<a class=\"elementor-icon elementor-animation-grow\" href=\"https:\/\/www.uned.es\/universidad\/inicio\/noticias\/mostrarnoticia.html?noticia=premio-a-las-buenas-practicas-del-personal-docente-e-investigador-y-personal-tecnico-de-gestion-y-de-administracion-y-servicios\" target=\"_blank\">\n\t\t\t<i aria-hidden=\"true\" class=\"fab fa-readme\"><\/i>\t\t\t<\/a>\n\t\t<\/div>\n\t\t\t\t\t\t<\/div>\n\t\t\t\t<\/div>\n\t\t\t\t\t<\/div>\n\t\t<\/div>\n\t\t\t\t\t<\/div>\n\t\t<\/section>\n\t\t\t\t<section class=\"elementor-section elementor-top-section elementor-element elementor-element-0710436 elementor-section-boxed elementor-section-height-default elementor-section-height-default\" data-id=\"0710436\" data-element_type=\"section\" data-e-type=\"section\">\n\t\t\t\t\t\t<div class=\"elementor-container elementor-column-gap-default\">\n\t\t\t\t\t<div class=\"elementor-column elementor-col-33 elementor-top-column elementor-element elementor-element-6f9dc72\" data-id=\"6f9dc72\" data-element_type=\"column\" data-e-type=\"column\">\n\t\t\t<div class=\"elementor-widget-wrap elementor-element-populated\">\n\t\t\t\t\t\t<div class=\"elementor-element elementor-element-1a5ee1f elementor-widget elementor-widget-image\" data-id=\"1a5ee1f\" data-element_type=\"widget\" data-e-type=\"widget\" data-widget_type=\"image.default\">\n\t\t\t\t<div class=\"elementor-widget-container\">\n\t\t\t\t\t\t\t\t\t\t\t\t\t\t\t<img loading=\"lazy\" decoding=\"async\" width=\"800\" height=\"534\" src=\"https:\/\/blogs.uned.es\/idenfusion\/wp-content\/uploads\/sites\/553\/2025\/01\/Premio-Consejo-Social-6-1024x683.jpg\" class=\"attachment-large size-large wp-image-6611\" alt=\"\" srcset=\"https:\/\/blogs.uned.es\/idenfusion\/wp-content\/uploads\/sites\/553\/2025\/01\/Premio-Consejo-Social-6-1024x683.jpg 1024w, https:\/\/blogs.uned.es\/idenfusion\/wp-content\/uploads\/sites\/553\/2025\/01\/Premio-Consejo-Social-6-300x200.jpg 300w, https:\/\/blogs.uned.es\/idenfusion\/wp-content\/uploads\/sites\/553\/2025\/01\/Premio-Consejo-Social-6-768x512.jpg 768w, https:\/\/blogs.uned.es\/idenfusion\/wp-content\/uploads\/sites\/553\/2025\/01\/Premio-Consejo-Social-6-1536x1024.jpg 1536w, https:\/\/blogs.uned.es\/idenfusion\/wp-content\/uploads\/sites\/553\/2025\/01\/Premio-Consejo-Social-6.jpg 2047w\" sizes=\"(max-width: 800px) 100vw, 800px\" \/>\t\t\t\t\t\t\t\t\t\t\t\t\t\t\t<\/div>\n\t\t\t\t<\/div>\n\t\t\t\t\t<\/div>\n\t\t<\/div>\n\t\t\t\t<div class=\"elementor-column elementor-col-66 elementor-top-column elementor-element elementor-element-fe5b276\" data-id=\"fe5b276\" data-element_type=\"column\" data-e-type=\"column\">\n\t\t\t<div class=\"elementor-widget-wrap elementor-element-populated\">\n\t\t\t\t\t\t<div class=\"elementor-element elementor-element-e0dc22f elementor-widget elementor-widget-text-editor\" data-id=\"e0dc22f\" data-element_type=\"widget\" data-e-type=\"widget\" data-widget_type=\"text-editor.default\">\n\t\t\t\t<div class=\"elementor-widget-container\">\n\t\t\t\t\t\t\t\t\t<p style=\"text-align: left\">19\/12\/2024<br \/><!-- [if gte mso 9]&gt;--><span style=\"color: #000000\"><b>\u201cPremios del Consejo Social 2024: Promover la innovaci\u00f3n metodol\u00f3gica y la excelencia cient\u00edfica y acad\u00e9mica para amplificar el impacto social de la universidad\u201d<\/b><\/span><\/p><p><!-- [if gte mso 9]&gt;--><\/p><p><span style=\"color: #000000\">Comunicaci\u00f3n Noticias UNED.<\/span><\/p>\t\t\t\t\t\t\t\t<\/div>\n\t\t\t\t<\/div>\n\t\t\t\t<div class=\"elementor-element elementor-element-ea5bfef elementor-view-default elementor-widget elementor-widget-icon\" data-id=\"ea5bfef\" data-element_type=\"widget\" data-e-type=\"widget\" data-widget_type=\"icon.default\">\n\t\t\t\t<div class=\"elementor-widget-container\">\n\t\t\t\t\t\t\t<div class=\"elementor-icon-wrapper\">\n\t\t\t<a class=\"elementor-icon elementor-animation-grow\" href=\"https:\/\/www.uned.es\/universidad\/inicio\/noticias\/mostrarnoticia?noticia=premios-del-consejo-social-2024-promover-la-innovacion-metodologica-y-la-excelencia-cientifica-y-academica-para-amplificar-el-impacto-social-de-la-universidad\" target=\"_blank\">\n\t\t\t<i aria-hidden=\"true\" class=\"fab fa-readme\"><\/i>\t\t\t<\/a>\n\t\t<\/div>\n\t\t\t\t\t\t<\/div>\n\t\t\t\t<\/div>\n\t\t\t\t\t<\/div>\n\t\t<\/div>\n\t\t\t\t\t<\/div>\n\t\t<\/section>\n\t\t\t\t<section class=\"elementor-section elementor-top-section elementor-element elementor-element-c37b9c1 elementor-section-boxed elementor-section-height-default elementor-section-height-default\" data-id=\"c37b9c1\" data-element_type=\"section\" data-e-type=\"section\">\n\t\t\t\t\t\t<div class=\"elementor-container elementor-column-gap-default\">\n\t\t\t\t\t<div class=\"elementor-column elementor-col-33 elementor-top-column elementor-element elementor-element-010680c\" data-id=\"010680c\" data-element_type=\"column\" data-e-type=\"column\">\n\t\t\t<div class=\"elementor-widget-wrap elementor-element-populated\">\n\t\t\t\t\t\t<div class=\"elementor-element elementor-element-2e88c07 elementor-widget elementor-widget-image\" data-id=\"2e88c07\" data-element_type=\"widget\" data-e-type=\"widget\" data-widget_type=\"image.default\">\n\t\t\t\t<div class=\"elementor-widget-container\">\n\t\t\t\t\t\t\t\t\t\t\t\t\t\t\t<img loading=\"lazy\" decoding=\"async\" width=\"800\" height=\"453\" src=\"https:\/\/blogs.uned.es\/idenfusion\/wp-content\/uploads\/sites\/553\/2025\/01\/Philippines12.jpg\" class=\"attachment-large size-large wp-image-6339\" alt=\"Firma de MoU con BJMP\" srcset=\"https:\/\/blogs.uned.es\/idenfusion\/wp-content\/uploads\/sites\/553\/2025\/01\/Philippines12.jpg 960w, https:\/\/blogs.uned.es\/idenfusion\/wp-content\/uploads\/sites\/553\/2025\/01\/Philippines12-300x170.jpg 300w, https:\/\/blogs.uned.es\/idenfusion\/wp-content\/uploads\/sites\/553\/2025\/01\/Philippines12-768x435.jpg 768w\" sizes=\"(max-width: 800px) 100vw, 800px\" \/>\t\t\t\t\t\t\t\t\t\t\t\t\t\t\t<\/div>\n\t\t\t\t<\/div>\n\t\t\t\t\t<\/div>\n\t\t<\/div>\n\t\t\t\t<div class=\"elementor-column elementor-col-66 elementor-top-column elementor-element elementor-element-4d18445\" data-id=\"4d18445\" data-element_type=\"column\" data-e-type=\"column\">\n\t\t\t<div class=\"elementor-widget-wrap elementor-element-populated\">\n\t\t\t\t\t\t<div class=\"elementor-element elementor-element-e336213 elementor-widget elementor-widget-text-editor\" data-id=\"e336213\" data-element_type=\"widget\" data-e-type=\"widget\" data-widget_type=\"text-editor.default\">\n\t\t\t\t<div class=\"elementor-widget-container\">\n\t\t\t\t\t\t\t\t\t<p>24\/11\/2024<br \/><b><\/b><span style=\"color: #000000\"><strong>\u00abBJMP y universidad espa\u00f1ola se unen para impulsar el programa de desarrollo para personas privadas de libertad<\/strong><\/span><span style=\"font-weight: bold;color: #000000\">\u00ab<\/span><span style=\"color: #000000\"><strong><br \/><\/strong><\/span><span style=\"color: #000000\"><i>La Direcci\u00f3n de Gesti\u00f3n Penitenciaria y Penolog\u00eda de Filipinas (BJMP) firma un Memorando de Entendimiento (MOU) con la Universidad Nacional de Educaci\u00f3n a Distancia (UNED) para ampliar los programas de desarrollo en Filipinas en beneficio de las personas privadas de libertad.<\/i><\/span><\/p><p><span style=\"color: #000000\">Manila Bulletin, Filipinas.<\/span><span style=\"color: #000000;font-family: var( --e-global-typography-text-font-family ), Sans-serif;font-weight: var( --e-global-typography-text-font-weight )\">\u00a0<\/span><\/p>\t\t\t\t\t\t\t\t<\/div>\n\t\t\t\t<\/div>\n\t\t\t\t<div class=\"elementor-element elementor-element-2ae36ae elementor-view-default elementor-widget elementor-widget-icon\" data-id=\"2ae36ae\" data-element_type=\"widget\" data-e-type=\"widget\" data-widget_type=\"icon.default\">\n\t\t\t\t<div class=\"elementor-widget-container\">\n\t\t\t\t\t\t\t<div class=\"elementor-icon-wrapper\">\n\t\t\t<a class=\"elementor-icon elementor-animation-grow\" href=\"https:\/\/mb.com.ph\/2024\/11\/23\/bjmp-spanish-university-boost-pdl-program\" target=\"_blank\">\n\t\t\t<i aria-hidden=\"true\" class=\"fab fa-readme\"><\/i>\t\t\t<\/a>\n\t\t<\/div>\n\t\t\t\t\t\t<\/div>\n\t\t\t\t<\/div>\n\t\t\t\t\t<\/div>\n\t\t<\/div>\n\t\t\t\t\t<\/div>\n\t\t<\/section>\n\t\t\t\t<section class=\"elementor-section elementor-top-section elementor-element elementor-element-c8dc57a elementor-section-boxed elementor-section-height-default elementor-section-height-default\" data-id=\"c8dc57a\" data-element_type=\"section\" data-e-type=\"section\">\n\t\t\t\t\t\t<div class=\"elementor-container elementor-column-gap-default\">\n\t\t\t\t\t<div class=\"elementor-column elementor-col-33 elementor-top-column elementor-element elementor-element-99d4167\" data-id=\"99d4167\" data-element_type=\"column\" data-e-type=\"column\">\n\t\t\t<div class=\"elementor-widget-wrap elementor-element-populated\">\n\t\t\t\t\t\t<div class=\"elementor-element elementor-element-a00ab7e elementor-widget elementor-widget-image\" data-id=\"a00ab7e\" data-element_type=\"widget\" data-e-type=\"widget\" data-widget_type=\"image.default\">\n\t\t\t\t<div class=\"elementor-widget-container\">\n\t\t\t\t\t\t\t\t\t\t\t\t\t\t\t<img loading=\"lazy\" decoding=\"async\" width=\"720\" height=\"419\" src=\"https:\/\/blogs.uned.es\/idenfusion\/wp-content\/uploads\/sites\/553\/2025\/01\/Philippines-111.jpg\" class=\"attachment-large size-large wp-image-6399\" alt=\"Firma MoU Filipinas\" srcset=\"https:\/\/blogs.uned.es\/idenfusion\/wp-content\/uploads\/sites\/553\/2025\/01\/Philippines-111.jpg 720w, https:\/\/blogs.uned.es\/idenfusion\/wp-content\/uploads\/sites\/553\/2025\/01\/Philippines-111-300x175.jpg 300w\" sizes=\"(max-width: 720px) 100vw, 720px\" \/>\t\t\t\t\t\t\t\t\t\t\t\t\t\t\t<\/div>\n\t\t\t\t<\/div>\n\t\t\t\t\t<\/div>\n\t\t<\/div>\n\t\t\t\t<div class=\"elementor-column elementor-col-66 elementor-top-column elementor-element elementor-element-faca018\" data-id=\"faca018\" data-element_type=\"column\" data-e-type=\"column\">\n\t\t\t<div class=\"elementor-widget-wrap elementor-element-populated\">\n\t\t\t\t\t\t<div class=\"elementor-element elementor-element-a5f377f elementor-widget elementor-widget-text-editor\" data-id=\"a5f377f\" data-element_type=\"widget\" data-e-type=\"widget\" data-widget_type=\"text-editor.default\">\n\t\t\t\t<div class=\"elementor-widget-container\">\n\t\t\t\t\t\t\t\t\t<p>13\/11\/2024<br \/><span style=\"font-weight: bold;color: #000000\">\u00ab<\/span><strong><span style=\"color: #000000\">Ceremonia de firma del Memorando de Entendimiento entre la UNED y BJMP, Filipinas<\/span><\/strong><span style=\"font-weight: bold;color: #000000\">\u00ab<\/span><br \/><span style=\"color: #000000\">Publicaciones en redes sociales.<\/span><\/p>\t\t\t\t\t\t\t\t<\/div>\n\t\t\t\t<\/div>\n\t\t\t\t<div class=\"elementor-element elementor-element-787ad44 elementor-view-default elementor-widget elementor-widget-icon\" data-id=\"787ad44\" data-element_type=\"widget\" data-e-type=\"widget\" data-widget_type=\"icon.default\">\n\t\t\t\t<div class=\"elementor-widget-container\">\n\t\t\t\t\t\t\t<div class=\"elementor-icon-wrapper\">\n\t\t\t<a class=\"elementor-icon elementor-animation-grow\" href=\"https:\/\/www.linkedin.com\/posts\/marie-louise-engracial-58281294_spain-philippines-eu-activity-7262323488961568768-KTmt\" target=\"_blank\">\n\t\t\t<i aria-hidden=\"true\" class=\"fab fa-readme\"><\/i>\t\t\t<\/a>\n\t\t<\/div>\n\t\t\t\t\t\t<\/div>\n\t\t\t\t<\/div>\n\t\t\t\t<div class=\"elementor-element elementor-element-578b21e elementor-view-default elementor-widget elementor-widget-icon\" data-id=\"578b21e\" data-element_type=\"widget\" data-e-type=\"widget\" data-widget_type=\"icon.default\">\n\t\t\t\t<div class=\"elementor-widget-container\">\n\t\t\t\t\t\t\t<div class=\"elementor-icon-wrapper\">\n\t\t\t<a class=\"elementor-icon elementor-animation-grow\" href=\"https:\/\/shorturl.at\/N7258\" target=\"_blank\">\n\t\t\t<i aria-hidden=\"true\" class=\"fab fa-readme\"><\/i>\t\t\t<\/a>\n\t\t<\/div>\n\t\t\t\t\t\t<\/div>\n\t\t\t\t<\/div>\n\t\t\t\t\t<\/div>\n\t\t<\/div>\n\t\t\t\t\t<\/div>\n\t\t<\/section>\n\t\t\t\t<section class=\"elementor-section elementor-top-section elementor-element elementor-element-a793010 elementor-section-boxed elementor-section-height-default elementor-section-height-default\" data-id=\"a793010\" data-element_type=\"section\" data-e-type=\"section\">\n\t\t\t\t\t\t<div class=\"elementor-container elementor-column-gap-default\">\n\t\t\t\t\t<div class=\"elementor-column elementor-col-33 elementor-top-column elementor-element elementor-element-a87cea5\" data-id=\"a87cea5\" data-element_type=\"column\" data-e-type=\"column\">\n\t\t\t<div class=\"elementor-widget-wrap elementor-element-populated\">\n\t\t\t\t\t\t<div class=\"elementor-element elementor-element-d29a2db elementor-widget elementor-widget-image\" data-id=\"d29a2db\" data-element_type=\"widget\" data-e-type=\"widget\" data-widget_type=\"image.default\">\n\t\t\t\t<div class=\"elementor-widget-container\">\n\t\t\t\t\t\t\t\t\t\t\t\t\t\t\t<img loading=\"lazy\" decoding=\"async\" width=\"800\" height=\"450\" src=\"https:\/\/blogs.uned.es\/idenfusion\/wp-content\/uploads\/sites\/553\/2025\/01\/Guardia-Civil-Acuerdo-1024x576.jpg\" class=\"attachment-large size-large wp-image-6325\" alt=\"Firma de convenio entre la UNED y la Guardia Civil\" srcset=\"https:\/\/blogs.uned.es\/idenfusion\/wp-content\/uploads\/sites\/553\/2025\/01\/Guardia-Civil-Acuerdo-1024x576.jpg 1024w, https:\/\/blogs.uned.es\/idenfusion\/wp-content\/uploads\/sites\/553\/2025\/01\/Guardia-Civil-Acuerdo-300x169.jpg 300w, https:\/\/blogs.uned.es\/idenfusion\/wp-content\/uploads\/sites\/553\/2025\/01\/Guardia-Civil-Acuerdo-768x432.jpg 768w, https:\/\/blogs.uned.es\/idenfusion\/wp-content\/uploads\/sites\/553\/2025\/01\/Guardia-Civil-Acuerdo-1536x864.jpg 1536w, https:\/\/blogs.uned.es\/idenfusion\/wp-content\/uploads\/sites\/553\/2025\/01\/Guardia-Civil-Acuerdo.jpg 1920w\" sizes=\"(max-width: 800px) 100vw, 800px\" \/>\t\t\t\t\t\t\t\t\t\t\t\t\t\t\t<\/div>\n\t\t\t\t<\/div>\n\t\t\t\t\t<\/div>\n\t\t<\/div>\n\t\t\t\t<div class=\"elementor-column elementor-col-66 elementor-top-column elementor-element elementor-element-6a42202\" data-id=\"6a42202\" data-element_type=\"column\" data-e-type=\"column\">\n\t\t\t<div class=\"elementor-widget-wrap elementor-element-populated\">\n\t\t\t\t\t\t<div class=\"elementor-element elementor-element-3348751 elementor-widget elementor-widget-text-editor\" data-id=\"3348751\" data-element_type=\"widget\" data-e-type=\"widget\" data-widget_type=\"text-editor.default\">\n\t\t\t\t<div class=\"elementor-widget-container\">\n\t\t\t\t\t\t\t\t\t<p><span style=\"line-height: 115%;background-image: initial;background-position: initial;background-size: initial;background-repeat: initial;background-attachment: initial\"><span style=\"background-color: #ffffff\">19\/07\/2024<br \/><\/span><\/span><span style=\"font-weight: bold;color: #000000\">\u00ab<\/span><span style=\"color: #000000\"><strong>Acuerdo de colaboraci\u00f3n acad\u00e9mica entre el Centro Universitario de la Guardia Civil y la UNED &#8211; Universidad Nacional de Educaci\u00f3n a Distancia<\/strong><\/span><span style=\"font-weight: bold;color: #000000\">\u00ab<\/span><span style=\"color: #000000\"><strong><br \/><\/strong><\/span><span style=\"color: #000000\">Noticias de Actualidad, Centro Universitario de la Guardia Civil.<\/span><\/p>\t\t\t\t\t\t\t\t<\/div>\n\t\t\t\t<\/div>\n\t\t\t\t<div class=\"elementor-element elementor-element-1b03a68 elementor-view-default elementor-widget elementor-widget-icon\" data-id=\"1b03a68\" data-element_type=\"widget\" data-e-type=\"widget\" data-widget_type=\"icon.default\">\n\t\t\t\t<div class=\"elementor-widget-container\">\n\t\t\t\t\t\t\t<div class=\"elementor-icon-wrapper\">\n\t\t\t<a class=\"elementor-icon elementor-animation-grow\" href=\"https:\/\/www.cugc.es\/noticias\/noticias-por-categoria\/actualidad\/item\/690-acuerdo-de-colaboracion-academica-entre-el-centro-universitario-de-la-guardia-civil-y-la-uned-universidad-nacional-de-educacion-a-distancia-spain.html\" target=\"_blank\">\n\t\t\t<i aria-hidden=\"true\" class=\"fab fa-readme\"><\/i>\t\t\t<\/a>\n\t\t<\/div>\n\t\t\t\t\t\t<\/div>\n\t\t\t\t<\/div>\n\t\t\t\t\t<\/div>\n\t\t<\/div>\n\t\t\t\t\t<\/div>\n\t\t<\/section>\n\t\t\t\t<section class=\"elementor-section elementor-top-section elementor-element elementor-element-899032f elementor-section-boxed elementor-section-height-default elementor-section-height-default\" data-id=\"899032f\" data-element_type=\"section\" data-e-type=\"section\">\n\t\t\t\t\t\t<div class=\"elementor-container elementor-column-gap-default\">\n\t\t\t\t\t<div class=\"elementor-column elementor-col-33 elementor-top-column elementor-element elementor-element-3f9784e\" data-id=\"3f9784e\" data-element_type=\"column\" data-e-type=\"column\">\n\t\t\t<div class=\"elementor-widget-wrap elementor-element-populated\">\n\t\t\t\t\t\t<div class=\"elementor-element elementor-element-16e1e53 elementor-widget elementor-widget-image\" data-id=\"16e1e53\" data-element_type=\"widget\" data-e-type=\"widget\" data-widget_type=\"image.default\">\n\t\t\t\t<div class=\"elementor-widget-container\">\n\t\t\t\t\t\t\t\t\t\t\t\t\t\t\t<img loading=\"lazy\" decoding=\"async\" width=\"800\" height=\"534\" src=\"https:\/\/blogs.uned.es\/idenfusion\/wp-content\/uploads\/sites\/553\/2025\/01\/Guardia-Civil-Acuerdo-UNED.jpe\" class=\"attachment-large size-large wp-image-6323\" alt=\"Firma de convenio entre la UNED y la Guardia Civil\" srcset=\"https:\/\/blogs.uned.es\/idenfusion\/wp-content\/uploads\/sites\/553\/2025\/01\/Guardia-Civil-Acuerdo-UNED.jpe 920w, https:\/\/blogs.uned.es\/idenfusion\/wp-content\/uploads\/sites\/553\/2025\/01\/Guardia-Civil-Acuerdo-UNED-300x200.jpe 300w, https:\/\/blogs.uned.es\/idenfusion\/wp-content\/uploads\/sites\/553\/2025\/01\/Guardia-Civil-Acuerdo-UNED-768x513.jpe 768w\" sizes=\"(max-width: 800px) 100vw, 800px\" \/>\t\t\t\t\t\t\t\t\t\t\t\t\t\t\t<\/div>\n\t\t\t\t<\/div>\n\t\t\t\t\t<\/div>\n\t\t<\/div>\n\t\t\t\t<div class=\"elementor-column elementor-col-66 elementor-top-column elementor-element elementor-element-e0910c3\" data-id=\"e0910c3\" data-element_type=\"column\" data-e-type=\"column\">\n\t\t\t<div class=\"elementor-widget-wrap elementor-element-populated\">\n\t\t\t\t\t\t<div class=\"elementor-element elementor-element-5797ab4 elementor-widget elementor-widget-text-editor\" data-id=\"5797ab4\" data-element_type=\"widget\" data-e-type=\"widget\" data-widget_type=\"text-editor.default\">\n\t\t\t\t<div class=\"elementor-widget-container\">\n\t\t\t\t\t\t\t\t\t<p><span style=\"line-height: 115%;background-image: initial;background-position: initial;background-size: initial;background-repeat: initial;background-attachment: initial\"><span style=\"background-color: #ffffff\">19\/07\/2024<br \/><\/span><\/span><span style=\"font-weight: bold;color: #000000\">\u00ab<\/span><strong><span style=\"color: #000000\">La UNED y la Guardia Civil firman un convenio de formaci\u00f3n, investigaci\u00f3n y promoci\u00f3n del Doctorado<\/span><\/strong><span style=\"font-weight: bold;color: #000000\">\u00ab<\/span><strong><span style=\"color: #000000\"><br \/><\/span><\/strong><span style=\"color: #000000\">Comunicaci\u00f3n Noticias UNED.<\/span><\/p>\t\t\t\t\t\t\t\t<\/div>\n\t\t\t\t<\/div>\n\t\t\t\t<div class=\"elementor-element elementor-element-2b7a413 elementor-view-default elementor-widget elementor-widget-icon\" data-id=\"2b7a413\" data-element_type=\"widget\" data-e-type=\"widget\" data-widget_type=\"icon.default\">\n\t\t\t\t<div class=\"elementor-widget-container\">\n\t\t\t\t\t\t\t<div class=\"elementor-icon-wrapper\">\n\t\t\t<a class=\"elementor-icon elementor-animation-grow\" href=\"https:\/\/comunicacion.uned.es\/news\/show\/119895\/la-uned-y-la-guardia-civil-firman-un-convenio-de-formacion-investigacion-y-promocion-del-doctorado.html\" target=\"_blank\">\n\t\t\t<i aria-hidden=\"true\" class=\"fab fa-readme\"><\/i>\t\t\t<\/a>\n\t\t<\/div>\n\t\t\t\t\t\t<\/div>\n\t\t\t\t<\/div>\n\t\t\t\t\t<\/div>\n\t\t<\/div>\n\t\t\t\t\t<\/div>\n\t\t<\/section>\n\t\t\t\t<section class=\"elementor-section elementor-top-section elementor-element elementor-element-78e2378 elementor-section-boxed elementor-section-height-default elementor-section-height-default\" data-id=\"78e2378\" data-element_type=\"section\" data-e-type=\"section\">\n\t\t\t\t\t\t<div class=\"elementor-container elementor-column-gap-default\">\n\t\t\t\t\t<div class=\"elementor-column elementor-col-33 elementor-top-column elementor-element elementor-element-c96878d\" data-id=\"c96878d\" data-element_type=\"column\" data-e-type=\"column\">\n\t\t\t<div class=\"elementor-widget-wrap elementor-element-populated\">\n\t\t\t\t\t\t<div class=\"elementor-element elementor-element-fffdc29 elementor-widget elementor-widget-image\" data-id=\"fffdc29\" data-element_type=\"widget\" data-e-type=\"widget\" data-widget_type=\"image.default\">\n\t\t\t\t<div class=\"elementor-widget-container\">\n\t\t\t\t\t\t\t\t\t\t\t\t\t\t\t<img loading=\"lazy\" decoding=\"async\" width=\"768\" height=\"1024\" src=\"https:\/\/blogs.uned.es\/idenfusion\/wp-content\/uploads\/sites\/553\/2025\/02\/Filipinas_carcel-768x1024.jpg\" class=\"attachment-large size-large wp-image-6975\" alt=\"\" srcset=\"https:\/\/blogs.uned.es\/idenfusion\/wp-content\/uploads\/sites\/553\/2025\/02\/Filipinas_carcel-768x1024.jpg 768w, https:\/\/blogs.uned.es\/idenfusion\/wp-content\/uploads\/sites\/553\/2025\/02\/Filipinas_carcel-225x300.jpg 225w, https:\/\/blogs.uned.es\/idenfusion\/wp-content\/uploads\/sites\/553\/2025\/02\/Filipinas_carcel-1152x1536.jpg 1152w, https:\/\/blogs.uned.es\/idenfusion\/wp-content\/uploads\/sites\/553\/2025\/02\/Filipinas_carcel.jpg 1440w\" sizes=\"(max-width: 768px) 100vw, 768px\" \/>\t\t\t\t\t\t\t\t\t\t\t\t\t\t\t<\/div>\n\t\t\t\t<\/div>\n\t\t\t\t\t<\/div>\n\t\t<\/div>\n\t\t\t\t<div class=\"elementor-column elementor-col-66 elementor-top-column elementor-element elementor-element-a4ca492\" data-id=\"a4ca492\" data-element_type=\"column\" data-e-type=\"column\">\n\t\t\t<div class=\"elementor-widget-wrap elementor-element-populated\">\n\t\t\t\t\t\t<div class=\"elementor-element elementor-element-0b8310a elementor-widget elementor-widget-text-editor\" data-id=\"0b8310a\" data-element_type=\"widget\" data-e-type=\"widget\" data-widget_type=\"text-editor.default\">\n\t\t\t\t<div class=\"elementor-widget-container\">\n\t\t\t\t\t\t\t\t\t<p style=\"text-align: left\">16\/07\/2024<br \/><strong><span style=\"color: #000000\">\u201cReducir la fusi\u00f3n de identidad con las bandas organizadas de sus miembros puede evitar la violencia en las c\u00e1rceles\u201d<\/span><\/strong><br \/><span style=\"line-height: 115%;background-image: initial;background-position: initial;background-size: initial;background-repeat: initial;background-attachment: initial\"><span style=\"color: #000000\">Comunicaci\u00f3n Noticias UNED.<\/span><br \/><\/span><\/p>\t\t\t\t\t\t\t\t<\/div>\n\t\t\t\t<\/div>\n\t\t\t\t<div class=\"elementor-element elementor-element-9c01fa6 elementor-view-default elementor-widget elementor-widget-icon\" data-id=\"9c01fa6\" data-element_type=\"widget\" data-e-type=\"widget\" data-widget_type=\"icon.default\">\n\t\t\t\t<div class=\"elementor-widget-container\">\n\t\t\t\t\t\t\t<div class=\"elementor-icon-wrapper\">\n\t\t\t<a class=\"elementor-icon elementor-animation-grow\" href=\"https:\/\/www.uned.es\/universidad\/inicio\/noticias\/mostrarnoticia?noticia=reducir-la-fusion-de-identidad-con-las-bandas-organizadas-de-sus-miembros-puede-evitar-la-violencia-en-las-carceles\" target=\"_blank\">\n\t\t\t<i aria-hidden=\"true\" class=\"fab fa-readme\"><\/i>\t\t\t<\/a>\n\t\t<\/div>\n\t\t\t\t\t\t<\/div>\n\t\t\t\t<\/div>\n\t\t\t\t\t<\/div>\n\t\t<\/div>\n\t\t\t\t\t<\/div>\n\t\t<\/section>\n\t\t\t\t<section class=\"elementor-section elementor-top-section elementor-element elementor-element-e40ed85 elementor-section-boxed elementor-section-height-default elementor-section-height-default\" data-id=\"e40ed85\" data-element_type=\"section\" data-e-type=\"section\">\n\t\t\t\t\t\t<div class=\"elementor-container elementor-column-gap-default\">\n\t\t\t\t\t<div class=\"elementor-column elementor-col-33 elementor-top-column elementor-element elementor-element-2e35957\" data-id=\"2e35957\" data-element_type=\"column\" data-e-type=\"column\">\n\t\t\t<div class=\"elementor-widget-wrap elementor-element-populated\">\n\t\t\t\t\t\t<div class=\"elementor-element elementor-element-8278074 elementor-widget elementor-widget-image\" data-id=\"8278074\" data-element_type=\"widget\" data-e-type=\"widget\" data-widget_type=\"image.default\">\n\t\t\t\t<div class=\"elementor-widget-container\">\n\t\t\t\t\t\t\t\t\t\t\t\t\t\t\t<img loading=\"lazy\" decoding=\"async\" width=\"478\" height=\"259\" src=\"https:\/\/blogs.uned.es\/idenfusion\/wp-content\/uploads\/sites\/553\/2025\/11\/Uni-Erfurt.jpg\" class=\"attachment-large size-large wp-image-7737\" alt=\"\" srcset=\"https:\/\/blogs.uned.es\/idenfusion\/wp-content\/uploads\/sites\/553\/2025\/11\/Uni-Erfurt.jpg 478w, https:\/\/blogs.uned.es\/idenfusion\/wp-content\/uploads\/sites\/553\/2025\/11\/Uni-Erfurt-300x163.jpg 300w\" sizes=\"(max-width: 478px) 100vw, 478px\" \/>\t\t\t\t\t\t\t\t\t\t\t\t\t\t\t<\/div>\n\t\t\t\t<\/div>\n\t\t\t\t\t<\/div>\n\t\t<\/div>\n\t\t\t\t<div class=\"elementor-column elementor-col-66 elementor-top-column elementor-element elementor-element-9cded33\" data-id=\"9cded33\" data-element_type=\"column\" data-e-type=\"column\">\n\t\t\t<div class=\"elementor-widget-wrap elementor-element-populated\">\n\t\t\t\t\t\t<div class=\"elementor-element elementor-element-3df7d8f elementor-widget elementor-widget-text-editor\" data-id=\"3df7d8f\" data-element_type=\"widget\" data-e-type=\"widget\" data-widget_type=\"text-editor.default\">\n\t\t\t\t<div class=\"elementor-widget-container\">\n\t\t\t\t\t\t\t\t\t<p>15\/04\/2024<br \/><span style=\"color: #000000\"><strong>\u00abPreviniendo la radicalizaci\u00f3n y la violencia: Investigaci\u00f3n de campo en Colombia\u00bb<br \/><\/strong>Willy Brandt School of Public Policy, Conflict Studies and Management, Universidad de Erfurt.<\/span><\/p><p><span style=\"line-height: 115%;background-image: initial;background-position: initial;background-size: initial;background-repeat: initial;background-attachment: initial\"><span style=\"background-color: #ffffff\">\u00a0<\/span><\/span><\/p>\t\t\t\t\t\t\t\t<\/div>\n\t\t\t\t<\/div>\n\t\t\t\t<div class=\"elementor-element elementor-element-7a0913c elementor-view-default elementor-widget elementor-widget-icon\" data-id=\"7a0913c\" data-element_type=\"widget\" data-e-type=\"widget\" data-widget_type=\"icon.default\">\n\t\t\t\t<div class=\"elementor-widget-container\">\n\t\t\t\t\t\t\t<div class=\"elementor-icon-wrapper\">\n\t\t\t<a class=\"elementor-icon elementor-animation-grow\" href=\"https:\/\/www.uni-erfurt.de\/en\/brandtschool\/media-events\/media\/news\/newsdetail\/praevention-von-radikalisierung-und-gewalt-feldforschung-in-kolumbien\" target=\"_blank\">\n\t\t\t<i aria-hidden=\"true\" class=\"fab fa-readme\"><\/i>\t\t\t<\/a>\n\t\t<\/div>\n\t\t\t\t\t\t<\/div>\n\t\t\t\t<\/div>\n\t\t\t\t\t<\/div>\n\t\t<\/div>\n\t\t\t\t\t<\/div>\n\t\t<\/section>\n\t\t\t\t<section class=\"elementor-section elementor-top-section elementor-element elementor-element-cc570de elementor-section-boxed elementor-section-height-default elementor-section-height-default\" data-id=\"cc570de\" data-element_type=\"section\" data-e-type=\"section\">\n\t\t\t\t\t\t<div class=\"elementor-container elementor-column-gap-default\">\n\t\t\t\t\t<div class=\"elementor-column elementor-col-33 elementor-top-column elementor-element elementor-element-48fd51c\" data-id=\"48fd51c\" data-element_type=\"column\" data-e-type=\"column\">\n\t\t\t<div class=\"elementor-widget-wrap elementor-element-populated\">\n\t\t\t\t\t\t<div class=\"elementor-element elementor-element-79f9da9 elementor-widget elementor-widget-image\" data-id=\"79f9da9\" data-element_type=\"widget\" data-e-type=\"widget\" data-widget_type=\"image.default\">\n\t\t\t\t<div class=\"elementor-widget-container\">\n\t\t\t\t\t\t\t\t\t\t\t\t\t\t\t<img loading=\"lazy\" decoding=\"async\" width=\"800\" height=\"451\" src=\"https:\/\/blogs.uned.es\/idenfusion\/wp-content\/uploads\/sites\/553\/2024\/10\/UNED-e-IIPP.jpg\" class=\"attachment-large size-large wp-image-4315\" alt=\"Instituciones Penitenciarias\" srcset=\"https:\/\/blogs.uned.es\/idenfusion\/wp-content\/uploads\/sites\/553\/2024\/10\/UNED-e-IIPP.jpg 1024w, https:\/\/blogs.uned.es\/idenfusion\/wp-content\/uploads\/sites\/553\/2024\/10\/UNED-e-IIPP-300x169.jpg 300w, https:\/\/blogs.uned.es\/idenfusion\/wp-content\/uploads\/sites\/553\/2024\/10\/UNED-e-IIPP-768x433.jpg 768w\" sizes=\"(max-width: 800px) 100vw, 800px\" \/>\t\t\t\t\t\t\t\t\t\t\t\t\t\t\t<\/div>\n\t\t\t\t<\/div>\n\t\t\t\t\t<\/div>\n\t\t<\/div>\n\t\t\t\t<div class=\"elementor-column elementor-col-66 elementor-top-column elementor-element elementor-element-3be381c\" data-id=\"3be381c\" data-element_type=\"column\" data-e-type=\"column\">\n\t\t\t<div class=\"elementor-widget-wrap elementor-element-populated\">\n\t\t\t\t\t\t<div class=\"elementor-element elementor-element-ed7c430 elementor-widget elementor-widget-text-editor\" data-id=\"ed7c430\" data-element_type=\"widget\" data-e-type=\"widget\" data-widget_type=\"text-editor.default\">\n\t\t\t\t<div class=\"elementor-widget-container\">\n\t\t\t\t\t\t\t\t\t<p><span style=\"line-height: 115%;background-image: initial;background-position: initial;background-size: initial;background-repeat: initial;background-attachment: initial\"><span style=\"background-color: #ffffff\">31\/01\/2024<\/span><br style=\"font-family: Roboto, sans-serif;font-size: 15px;background-color: #ffffff\" \/><span style=\"color: #000000\"><span style=\"font-family: Roboto, sans-serif;font-size: 15px;background-color: #ffffff;font-weight: bold\"><span style=\"font-size: 11pt;line-height: 16.8667px;font-family: Arial, sans-serif\">\u00ab<\/span><\/span><span style=\"font-weight: bold;font-family: Arial, sans-serif;font-size: 14.6667px\">La UNED e Instituciones Penitenciarias a\u00fanan esfuerzos en la lucha contra la radicalizaci\u00f3n violenta\u00bb<\/span><span style=\"font-family: Roboto, sans-serif;font-size: 15px;background-color: #ffffff;font-weight: bold\"><span style=\"font-size: 11pt;line-height: 16.8667px;font-family: Arial, sans-serif\"><br \/><\/span><\/span><span style=\"font-family: Roboto, sans-serif;font-size: 15px;background-color: #ffffff\"><span style=\"font-size: 11pt;line-height: 16.8667px;font-family: Arial, sans-serif\">Comunicaci\u00f3n Noticias UNED.<\/span><\/span><\/span><\/span><\/p>\t\t\t\t\t\t\t\t<\/div>\n\t\t\t\t<\/div>\n\t\t\t\t<div class=\"elementor-element elementor-element-cdc3b01 elementor-view-default elementor-widget elementor-widget-icon\" data-id=\"cdc3b01\" data-element_type=\"widget\" data-e-type=\"widget\" data-widget_type=\"icon.default\">\n\t\t\t\t<div class=\"elementor-widget-container\">\n\t\t\t\t\t\t\t<div class=\"elementor-icon-wrapper\">\n\t\t\t<a class=\"elementor-icon elementor-animation-grow\" href=\"https:\/\/comunicacion.uned.es\/news\/show\/110743\/la-uned-e-instituciones-penitenci\u00acarias-aunan-esfuerzos-en-la-lucha-contra-la-radicalizacion-violent%20\" target=\"_blank\">\n\t\t\t<i aria-hidden=\"true\" class=\"fab fa-readme\"><\/i>\t\t\t<\/a>\n\t\t<\/div>\n\t\t\t\t\t\t<\/div>\n\t\t\t\t<\/div>\n\t\t\t\t\t<\/div>\n\t\t<\/div>\n\t\t\t\t\t<\/div>\n\t\t<\/section>\n\t\t\t\t<section class=\"elementor-section elementor-top-section elementor-element elementor-element-3c7757b elementor-section-boxed elementor-section-height-default elementor-section-height-default\" data-id=\"3c7757b\" data-element_type=\"section\" data-e-type=\"section\">\n\t\t\t\t\t\t<div class=\"elementor-container elementor-column-gap-default\">\n\t\t\t\t\t<div class=\"elementor-column elementor-col-33 elementor-top-column elementor-element elementor-element-14e08be\" data-id=\"14e08be\" data-element_type=\"column\" data-e-type=\"column\">\n\t\t\t<div class=\"elementor-widget-wrap elementor-element-populated\">\n\t\t\t\t\t\t<div class=\"elementor-element elementor-element-1281be7 elementor-widget elementor-widget-image\" data-id=\"1281be7\" data-element_type=\"widget\" data-e-type=\"widget\" data-widget_type=\"image.default\">\n\t\t\t\t<div class=\"elementor-widget-container\">\n\t\t\t\t\t\t\t\t\t\t\t\t\t\t\t<img loading=\"lazy\" decoding=\"async\" width=\"800\" height=\"534\" src=\"https:\/\/blogs.uned.es\/idenfusion\/wp-content\/uploads\/sites\/553\/2024\/10\/inauguracion-curso.jpg\" class=\"attachment-large size-large wp-image-4341\" alt=\"\" srcset=\"https:\/\/blogs.uned.es\/idenfusion\/wp-content\/uploads\/sites\/553\/2024\/10\/inauguracion-curso.jpg 920w, https:\/\/blogs.uned.es\/idenfusion\/wp-content\/uploads\/sites\/553\/2024\/10\/inauguracion-curso-300x200.jpg 300w, https:\/\/blogs.uned.es\/idenfusion\/wp-content\/uploads\/sites\/553\/2024\/10\/inauguracion-curso-768x513.jpg 768w\" sizes=\"(max-width: 800px) 100vw, 800px\" \/>\t\t\t\t\t\t\t\t\t\t\t\t\t\t\t<\/div>\n\t\t\t\t<\/div>\n\t\t\t\t\t<\/div>\n\t\t<\/div>\n\t\t\t\t<div class=\"elementor-column elementor-col-66 elementor-top-column elementor-element elementor-element-05133e0\" data-id=\"05133e0\" data-element_type=\"column\" data-e-type=\"column\">\n\t\t\t<div class=\"elementor-widget-wrap elementor-element-populated\">\n\t\t\t\t\t\t<div class=\"elementor-element elementor-element-14083c0 elementor-widget elementor-widget-text-editor\" data-id=\"14083c0\" data-element_type=\"widget\" data-e-type=\"widget\" data-widget_type=\"text-editor.default\">\n\t\t\t\t<div class=\"elementor-widget-container\">\n\t\t\t\t\t\t\t\t\t<p><span style=\"line-height: 115%;background-image: initial;background-position: initial;background-size: initial;background-repeat: initial;background-attachment: initial\">02\/10\/2023<br style=\"font-family: Roboto, sans-serif;font-size: 15px;background-color: #ffffff\" \/><span style=\"color: #000000\"><span style=\"font-family: Roboto, sans-serif;font-size: 15px;background-color: #ffffff\"><span style=\"font-size: 11pt;line-height: 16.8667px;font-family: Arial, sans-serif\"><b>\u00abEl rector, Ricardo Mairal, inaugura el curso acad\u00e9mico 2023-24\u00bb<br \/><\/b><\/span><\/span><\/span><\/span><span style=\"color: #000000;font-family: Arial, sans-serif;font-size: 11pt;font-weight: var( --e-global-typography-text-font-weight )\">Comunicaci\u00f3n Noticias UNED.<\/span><\/p>\t\t\t\t\t\t\t\t<\/div>\n\t\t\t\t<\/div>\n\t\t\t\t<div class=\"elementor-element elementor-element-37e9504 elementor-view-default elementor-widget elementor-widget-icon\" data-id=\"37e9504\" data-element_type=\"widget\" data-e-type=\"widget\" data-widget_type=\"icon.default\">\n\t\t\t\t<div class=\"elementor-widget-container\">\n\t\t\t\t\t\t\t<div class=\"elementor-icon-wrapper\">\n\t\t\t<a class=\"elementor-icon elementor-animation-grow\" href=\"https:\/\/comunicacion.uned.es\/news\/show\/104501\/el-rector-ricardo-mairal-inaugura-el-curso-academico-2023-24.html\" target=\"_blank\">\n\t\t\t<i aria-hidden=\"true\" class=\"fab fa-readme\"><\/i>\t\t\t<\/a>\n\t\t<\/div>\n\t\t\t\t\t\t<\/div>\n\t\t\t\t<\/div>\n\t\t\t\t\t<\/div>\n\t\t<\/div>\n\t\t\t\t\t<\/div>\n\t\t<\/section>\n\t\t\t\t<section class=\"elementor-section elementor-top-section elementor-element elementor-element-f52343f elementor-section-boxed elementor-section-height-default elementor-section-height-default\" data-id=\"f52343f\" data-element_type=\"section\" data-e-type=\"section\">\n\t\t\t\t\t\t<div class=\"elementor-container elementor-column-gap-default\">\n\t\t\t\t\t<div class=\"elementor-column elementor-col-33 elementor-top-column elementor-element elementor-element-a4c5202\" data-id=\"a4c5202\" data-element_type=\"column\" data-e-type=\"column\">\n\t\t\t<div class=\"elementor-widget-wrap elementor-element-populated\">\n\t\t\t\t\t\t<div class=\"elementor-element elementor-element-e232576 elementor-widget elementor-widget-image\" data-id=\"e232576\" data-element_type=\"widget\" data-e-type=\"widget\" data-widget_type=\"image.default\">\n\t\t\t\t<div class=\"elementor-widget-container\">\n\t\t\t\t\t\t\t\t\t\t\t\t\t\t\t<img loading=\"lazy\" decoding=\"async\" width=\"800\" height=\"533\" src=\"https:\/\/blogs.uned.es\/idenfusion\/wp-content\/uploads\/sites\/553\/2025\/02\/Indonesia-research-trip-23.jpg\" class=\"attachment-large size-large wp-image-6959\" alt=\"foto de grupo en Indonesia\" srcset=\"https:\/\/blogs.uned.es\/idenfusion\/wp-content\/uploads\/sites\/553\/2025\/02\/Indonesia-research-trip-23.jpg 912w, https:\/\/blogs.uned.es\/idenfusion\/wp-content\/uploads\/sites\/553\/2025\/02\/Indonesia-research-trip-23-300x200.jpg 300w, https:\/\/blogs.uned.es\/idenfusion\/wp-content\/uploads\/sites\/553\/2025\/02\/Indonesia-research-trip-23-768x512.jpg 768w\" sizes=\"(max-width: 800px) 100vw, 800px\" \/>\t\t\t\t\t\t\t\t\t\t\t\t\t\t\t<\/div>\n\t\t\t\t<\/div>\n\t\t\t\t\t<\/div>\n\t\t<\/div>\n\t\t\t\t<div class=\"elementor-column elementor-col-66 elementor-top-column elementor-element elementor-element-02013c8\" data-id=\"02013c8\" data-element_type=\"column\" data-e-type=\"column\">\n\t\t\t<div class=\"elementor-widget-wrap elementor-element-populated\">\n\t\t\t\t\t\t<div class=\"elementor-element elementor-element-4ccbf55 elementor-widget elementor-widget-text-editor\" data-id=\"4ccbf55\" data-element_type=\"widget\" data-e-type=\"widget\" data-widget_type=\"text-editor.default\">\n\t\t\t\t<div class=\"elementor-widget-container\">\n\t\t\t\t\t\t\t\t\t<p><span style=\"line-height: 115%;background-image: initial;background-position: initial;background-size: initial;background-repeat: initial;background-attachment: initial\"><span style=\"background-color: #ffffff\">15\/09\/2023<\/span><br style=\"font-family: Roboto, sans-serif;font-size: 15px;background-color: #ffffff\" \/><strong><span style=\"color: #000000\"><span style=\"font-family: Roboto, sans-serif;font-size: 15px;background-color: #ffffff\"><span style=\"font-size: 11pt;line-height: 16.8667px;font-family: Arial, sans-serif\">\u00ab<\/span><\/span><\/span><\/strong><\/span><span style=\"color: #000000\"><span style=\"font-weight: bold;font-size: 11pt;line-height: 115%;font-family: Arial, sans-serif\">Descifrando la &#8216;voluntad de luchar&#8217;: clave para entender los conflictos mundiales\u00bb\u00a0<\/span><b><br \/><\/b><\/span><span style=\"color: #000000;font-family: Arial, sans-serif;font-size: 11pt;font-weight: var( --e-global-typography-text-font-weight )\">Comunicaci\u00f3n Noticias UNED.<\/span><\/p>\t\t\t\t\t\t\t\t<\/div>\n\t\t\t\t<\/div>\n\t\t\t\t<div class=\"elementor-element elementor-element-971d3fb elementor-view-default elementor-widget elementor-widget-icon\" data-id=\"971d3fb\" data-element_type=\"widget\" data-e-type=\"widget\" data-widget_type=\"icon.default\">\n\t\t\t\t<div class=\"elementor-widget-container\">\n\t\t\t\t\t\t\t<div class=\"elementor-icon-wrapper\">\n\t\t\t<a class=\"elementor-icon elementor-animation-grow\" href=\"https:\/\/www.uned.es\/universidad\/inicio\/noticias\/mostrarnoticia?noticia=descifrando-la-voluntad-de-luchar-clave-para-entender-los-conflictos-mundiales\" target=\"_blank\">\n\t\t\t<i aria-hidden=\"true\" class=\"fab fa-readme\"><\/i>\t\t\t<\/a>\n\t\t<\/div>\n\t\t\t\t\t\t<\/div>\n\t\t\t\t<\/div>\n\t\t\t\t\t<\/div>\n\t\t<\/div>\n\t\t\t\t\t<\/div>\n\t\t<\/section>\n\t\t\t\t<section class=\"elementor-section elementor-top-section elementor-element elementor-element-8af9e12 elementor-section-boxed elementor-section-height-default elementor-section-height-default\" data-id=\"8af9e12\" data-element_type=\"section\" data-e-type=\"section\">\n\t\t\t\t\t\t<div class=\"elementor-container elementor-column-gap-default\">\n\t\t\t\t\t<div class=\"elementor-column elementor-col-33 elementor-top-column elementor-element elementor-element-633ff29\" data-id=\"633ff29\" data-element_type=\"column\" data-e-type=\"column\">\n\t\t\t<div class=\"elementor-widget-wrap elementor-element-populated\">\n\t\t\t\t\t\t<div class=\"elementor-element elementor-element-88f0f4c elementor-widget elementor-widget-image\" data-id=\"88f0f4c\" data-element_type=\"widget\" data-e-type=\"widget\" data-widget_type=\"image.default\">\n\t\t\t\t<div class=\"elementor-widget-container\">\n\t\t\t\t\t\t\t\t\t\t\t\t\t\t\t<img loading=\"lazy\" decoding=\"async\" width=\"800\" height=\"539\" src=\"https:\/\/blogs.uned.es\/idenfusion\/wp-content\/uploads\/sites\/553\/2024\/10\/Premio.png\" class=\"attachment-large size-large wp-image-4359\" alt=\"\" srcset=\"https:\/\/blogs.uned.es\/idenfusion\/wp-content\/uploads\/sites\/553\/2024\/10\/Premio.png 920w, https:\/\/blogs.uned.es\/idenfusion\/wp-content\/uploads\/sites\/553\/2024\/10\/Premio-300x202.png 300w, https:\/\/blogs.uned.es\/idenfusion\/wp-content\/uploads\/sites\/553\/2024\/10\/Premio-768x518.png 768w\" sizes=\"(max-width: 800px) 100vw, 800px\" \/>\t\t\t\t\t\t\t\t\t\t\t\t\t\t\t<\/div>\n\t\t\t\t<\/div>\n\t\t\t\t\t<\/div>\n\t\t<\/div>\n\t\t\t\t<div class=\"elementor-column elementor-col-66 elementor-top-column elementor-element elementor-element-49fd6d4\" data-id=\"49fd6d4\" data-element_type=\"column\" data-e-type=\"column\">\n\t\t\t<div class=\"elementor-widget-wrap elementor-element-populated\">\n\t\t\t\t\t\t<div class=\"elementor-element elementor-element-6725dd4 elementor-widget elementor-widget-text-editor\" data-id=\"6725dd4\" data-element_type=\"widget\" data-e-type=\"widget\" data-widget_type=\"text-editor.default\">\n\t\t\t\t<div class=\"elementor-widget-container\">\n\t\t\t\t\t\t\t\t\t<p><span style=\"line-height: 115%;background-image: initial;background-position: initial;background-size: initial;background-repeat: initial;background-attachment: initial\"><span style=\"background-color: #ffffff\">27\/07\/2023<\/span><br style=\"font-family: Roboto, sans-serif;font-size: 15px;background-color: #ffffff\" \/><span style=\"color: #000000\"><strong><span style=\"font-family: Roboto, sans-serif;font-size: 15px;background-color: #ffffff\"><span style=\"font-size: 11pt;line-height: 16.8667px;font-family: Arial, sans-serif\">\u00ab<\/span><\/span><\/strong><\/span><\/span><span style=\"color: #000000\"><span style=\"font-weight: bold;font-family: Arial, sans-serif;font-size: 11pt\">\u00c1ngel G\u00f3mez Jim\u00e9nez, premiado por la Asociaci\u00f3n Europea de Psicolog\u00eda Social\u00bb<\/span><span style=\"font-family: Arial, sans-serif;font-size: 11pt\"><b><br \/><\/b><\/span><\/span><span style=\"color: #000000;font-family: Arial, sans-serif;font-size: 11pt;font-weight: var( --e-global-typography-text-font-weight )\">Comunicaci\u00f3n UNED.<\/span><\/p>\t\t\t\t\t\t\t\t<\/div>\n\t\t\t\t<\/div>\n\t\t\t\t<div class=\"elementor-element elementor-element-b345b93 elementor-view-default elementor-widget elementor-widget-icon\" data-id=\"b345b93\" data-element_type=\"widget\" data-e-type=\"widget\" data-widget_type=\"icon.default\">\n\t\t\t\t<div class=\"elementor-widget-container\">\n\t\t\t\t\t\t\t<div class=\"elementor-icon-wrapper\">\n\t\t\t<a class=\"elementor-icon elementor-animation-grow\" href=\"https:\/\/comunicacion.uned.es\/news\/show\/102172\/angel-gomez-jimenez-premiado-por-la-asociacion-europea-de-psicologia-social.html\" target=\"_blank\">\n\t\t\t<i aria-hidden=\"true\" class=\"fab fa-readme\"><\/i>\t\t\t<\/a>\n\t\t<\/div>\n\t\t\t\t\t\t<\/div>\n\t\t\t\t<\/div>\n\t\t\t\t\t<\/div>\n\t\t<\/div>\n\t\t\t\t\t<\/div>\n\t\t<\/section>\n\t\t\t\t<section class=\"elementor-section elementor-top-section elementor-element elementor-element-e252e40 elementor-section-boxed elementor-section-height-default elementor-section-height-default\" data-id=\"e252e40\" data-element_type=\"section\" data-e-type=\"section\">\n\t\t\t\t\t\t<div class=\"elementor-container elementor-column-gap-default\">\n\t\t\t\t\t<div class=\"elementor-column elementor-col-33 elementor-top-column elementor-element elementor-element-82c6f69\" data-id=\"82c6f69\" data-element_type=\"column\" data-e-type=\"column\">\n\t\t\t<div class=\"elementor-widget-wrap elementor-element-populated\">\n\t\t\t\t\t\t<div class=\"elementor-element elementor-element-da51f37 elementor-widget elementor-widget-image\" data-id=\"da51f37\" data-element_type=\"widget\" data-e-type=\"widget\" data-widget_type=\"image.default\">\n\t\t\t\t<div class=\"elementor-widget-container\">\n\t\t\t\t\t\t\t\t\t\t\t\t\t\t\t<img loading=\"lazy\" decoding=\"async\" width=\"750\" height=\"536\" src=\"https:\/\/blogs.uned.es\/idenfusion\/wp-content\/uploads\/sites\/553\/2024\/10\/Kalteng.jpg\" class=\"attachment-large size-large wp-image-4367\" alt=\"\" srcset=\"https:\/\/blogs.uned.es\/idenfusion\/wp-content\/uploads\/sites\/553\/2024\/10\/Kalteng.jpg 750w, https:\/\/blogs.uned.es\/idenfusion\/wp-content\/uploads\/sites\/553\/2024\/10\/Kalteng-300x214.jpg 300w\" sizes=\"(max-width: 750px) 100vw, 750px\" \/>\t\t\t\t\t\t\t\t\t\t\t\t\t\t\t<\/div>\n\t\t\t\t<\/div>\n\t\t\t\t\t<\/div>\n\t\t<\/div>\n\t\t\t\t<div class=\"elementor-column elementor-col-66 elementor-top-column elementor-element elementor-element-f0d5875\" data-id=\"f0d5875\" data-element_type=\"column\" data-e-type=\"column\">\n\t\t\t<div class=\"elementor-widget-wrap elementor-element-populated\">\n\t\t\t\t\t\t<div class=\"elementor-element elementor-element-37a4383 elementor-widget elementor-widget-text-editor\" data-id=\"37a4383\" data-element_type=\"widget\" data-e-type=\"widget\" data-widget_type=\"text-editor.default\">\n\t\t\t\t<div class=\"elementor-widget-container\">\n\t\t\t\t\t\t\t\t\t<p><span style=\"line-height: 115%;background-image: initial;background-position: initial;background-size: initial;background-repeat: initial;background-attachment: initial\"><span style=\"background-color: #ffffff\">07\/2023<\/span><br style=\"font-family: Roboto, sans-serif;font-size: 15px;background-color: #ffffff\" \/><strong><span style=\"color: #000000\"><span style=\"font-family: Roboto, sans-serif;font-size: 15px;background-color: #ffffff\"><span style=\"font-size: 11pt;line-height: 16.8667px;font-family: Arial, sans-serif\">\u00abPreviniendo el extremismo en varios pa\u00edses, UI implementa una colaboraci\u00f3n de investigaci\u00f3n con la UNED, Espa\u00f1a\u00bb<\/span><\/span><\/span><\/strong><\/span><span style=\"color: #000000\"><span style=\"font-family: Arial, sans-serif;font-size: 11pt\"><b><br \/><\/b><\/span><\/span><span style=\"color: #000000;font-family: Arial, sans-serif;font-size: 11pt;font-weight: var( --e-global-typography-text-font-weight )\">Art\u00edculo en el Kalteng Times, Indonesia.<\/span><\/p>\t\t\t\t\t\t\t\t<\/div>\n\t\t\t\t<\/div>\n\t\t\t\t<div class=\"elementor-element elementor-element-013a9b8 elementor-view-default elementor-widget elementor-widget-icon\" data-id=\"013a9b8\" data-element_type=\"widget\" data-e-type=\"widget\" data-widget_type=\"icon.default\">\n\t\t\t\t<div class=\"elementor-widget-container\">\n\t\t\t\t\t\t\t<div class=\"elementor-icon-wrapper\">\n\t\t\t<a class=\"elementor-icon elementor-animation-grow\" href=\"https:\/\/www.kaltengtimes.co.id\/berita-31462\/cegah-ekstremisme-di-berbagai-negara-ui-jalankan-kolaborasi-riset-dengan-uned-spanyol\" target=\"_blank\">\n\t\t\t<i aria-hidden=\"true\" class=\"fab fa-readme\"><\/i>\t\t\t<\/a>\n\t\t<\/div>\n\t\t\t\t\t\t<\/div>\n\t\t\t\t<\/div>\n\t\t\t\t\t<\/div>\n\t\t<\/div>\n\t\t\t\t\t<\/div>\n\t\t<\/section>\n\t\t\t\t<section class=\"elementor-section elementor-top-section elementor-element elementor-element-dbe1b92 elementor-section-boxed elementor-section-height-default elementor-section-height-default\" data-id=\"dbe1b92\" data-element_type=\"section\" data-e-type=\"section\">\n\t\t\t\t\t\t<div class=\"elementor-container elementor-column-gap-default\">\n\t\t\t\t\t<div class=\"elementor-column elementor-col-33 elementor-top-column elementor-element elementor-element-ca858a5\" data-id=\"ca858a5\" data-element_type=\"column\" data-e-type=\"column\">\n\t\t\t<div class=\"elementor-widget-wrap elementor-element-populated\">\n\t\t\t\t\t\t<div class=\"elementor-element elementor-element-c59927a elementor-widget elementor-widget-image\" data-id=\"c59927a\" data-element_type=\"widget\" data-e-type=\"widget\" data-widget_type=\"image.default\">\n\t\t\t\t<div class=\"elementor-widget-container\">\n\t\t\t\t\t\t\t\t\t\t\t\t\t\t\t<img loading=\"lazy\" decoding=\"async\" width=\"800\" height=\"600\" src=\"https:\/\/blogs.uned.es\/idenfusion\/wp-content\/uploads\/sites\/553\/2024\/10\/Okezone.jpg\" class=\"attachment-large size-large wp-image-4389\" alt=\"\" srcset=\"https:\/\/blogs.uned.es\/idenfusion\/wp-content\/uploads\/sites\/553\/2024\/10\/Okezone.jpg 975w, https:\/\/blogs.uned.es\/idenfusion\/wp-content\/uploads\/sites\/553\/2024\/10\/Okezone-300x225.jpg 300w, https:\/\/blogs.uned.es\/idenfusion\/wp-content\/uploads\/sites\/553\/2024\/10\/Okezone-768x576.jpg 768w\" sizes=\"(max-width: 800px) 100vw, 800px\" \/>\t\t\t\t\t\t\t\t\t\t\t\t\t\t\t<\/div>\n\t\t\t\t<\/div>\n\t\t\t\t\t<\/div>\n\t\t<\/div>\n\t\t\t\t<div class=\"elementor-column elementor-col-66 elementor-top-column elementor-element elementor-element-11cd7e6\" data-id=\"11cd7e6\" data-element_type=\"column\" data-e-type=\"column\">\n\t\t\t<div class=\"elementor-widget-wrap elementor-element-populated\">\n\t\t\t\t\t\t<div class=\"elementor-element elementor-element-35a5fc6 elementor-widget elementor-widget-text-editor\" data-id=\"35a5fc6\" data-element_type=\"widget\" data-e-type=\"widget\" data-widget_type=\"text-editor.default\">\n\t\t\t\t<div class=\"elementor-widget-container\">\n\t\t\t\t\t\t\t\t\t<p><span style=\"line-height: 115%;background-image: initial;background-position: initial;background-size: initial;background-repeat: initial;background-attachment: initial\"><span style=\"background-color: #ffffff\">10\/07\/2023<\/span><br style=\"font-family: Roboto, sans-serif;font-size: 15px;background-color: #ffffff\" \/><span style=\"color: #000000\"><strong>\u00abUI realiza una colaboraci\u00f3n de investigaci\u00f3n con la UNED Espa\u00f1a para prevenir el extremismo en varios pa\u00edses\u00bb<\/strong><\/span><\/span><span style=\"color: #000000\"><span style=\"font-family: Arial, sans-serif;font-size: 11pt\"><b><br \/><\/b><\/span><\/span><span style=\"color: #000000;font-family: Arial, sans-serif;font-size: 11pt;font-weight: var( --e-global-typography-text-font-weight )\">Art\u00edculo en Okezone, Indonesia.<\/span><\/p>\t\t\t\t\t\t\t\t<\/div>\n\t\t\t\t<\/div>\n\t\t\t\t<div class=\"elementor-element elementor-element-6c5be49 elementor-view-default elementor-widget elementor-widget-icon\" data-id=\"6c5be49\" data-element_type=\"widget\" data-e-type=\"widget\" data-widget_type=\"icon.default\">\n\t\t\t\t<div class=\"elementor-widget-container\">\n\t\t\t\t\t\t\t<div class=\"elementor-icon-wrapper\">\n\t\t\t<a class=\"elementor-icon elementor-animation-grow\" href=\"https:\/\/edukasi.okezone.com\/read\/2023\/07\/10\/65\/2844231\/ui-jalankan-kolaborasi-riset-dengan-uned-spanyol-cegah-ekstremisme-di-berbagai-negara\" target=\"_blank\">\n\t\t\t<i aria-hidden=\"true\" class=\"fab fa-readme\"><\/i>\t\t\t<\/a>\n\t\t<\/div>\n\t\t\t\t\t\t<\/div>\n\t\t\t\t<\/div>\n\t\t\t\t\t<\/div>\n\t\t<\/div>\n\t\t\t\t\t<\/div>\n\t\t<\/section>\n\t\t\t\t<section class=\"elementor-section elementor-top-section elementor-element elementor-element-b502ccf elementor-section-boxed elementor-section-height-default elementor-section-height-default\" data-id=\"b502ccf\" data-element_type=\"section\" data-e-type=\"section\">\n\t\t\t\t\t\t<div class=\"elementor-container elementor-column-gap-default\">\n\t\t\t\t\t<div class=\"elementor-column elementor-col-33 elementor-top-column elementor-element elementor-element-043ddf1\" data-id=\"043ddf1\" data-element_type=\"column\" data-e-type=\"column\">\n\t\t\t<div class=\"elementor-widget-wrap elementor-element-populated\">\n\t\t\t\t\t\t<div class=\"elementor-element elementor-element-c36a70e elementor-widget elementor-widget-image\" data-id=\"c36a70e\" data-element_type=\"widget\" data-e-type=\"widget\" data-widget_type=\"image.default\">\n\t\t\t\t<div class=\"elementor-widget-container\">\n\t\t\t\t\t\t\t\t\t\t\t\t\t\t\t<img loading=\"lazy\" decoding=\"async\" width=\"800\" height=\"600\" src=\"https:\/\/blogs.uned.es\/idenfusion\/wp-content\/uploads\/sites\/553\/2024\/10\/Fakultas-1024x768.jpeg\" class=\"attachment-large size-large wp-image-4399\" alt=\"\" srcset=\"https:\/\/blogs.uned.es\/idenfusion\/wp-content\/uploads\/sites\/553\/2024\/10\/Fakultas-1024x768.jpeg 1024w, https:\/\/blogs.uned.es\/idenfusion\/wp-content\/uploads\/sites\/553\/2024\/10\/Fakultas-300x225.jpeg 300w, https:\/\/blogs.uned.es\/idenfusion\/wp-content\/uploads\/sites\/553\/2024\/10\/Fakultas-768x576.jpeg 768w, https:\/\/blogs.uned.es\/idenfusion\/wp-content\/uploads\/sites\/553\/2024\/10\/Fakultas-1536x1152.jpeg 1536w, https:\/\/blogs.uned.es\/idenfusion\/wp-content\/uploads\/sites\/553\/2024\/10\/Fakultas.jpeg 1600w\" sizes=\"(max-width: 800px) 100vw, 800px\" \/>\t\t\t\t\t\t\t\t\t\t\t\t\t\t\t<\/div>\n\t\t\t\t<\/div>\n\t\t\t\t\t<\/div>\n\t\t<\/div>\n\t\t\t\t<div class=\"elementor-column elementor-col-66 elementor-top-column elementor-element elementor-element-a60524c\" data-id=\"a60524c\" data-element_type=\"column\" data-e-type=\"column\">\n\t\t\t<div class=\"elementor-widget-wrap elementor-element-populated\">\n\t\t\t\t\t\t<div class=\"elementor-element elementor-element-ea8fbf1 elementor-widget elementor-widget-text-editor\" data-id=\"ea8fbf1\" data-element_type=\"widget\" data-e-type=\"widget\" data-widget_type=\"text-editor.default\">\n\t\t\t\t<div class=\"elementor-widget-container\">\n\t\t\t\t\t\t\t\t\t<p><span style=\"line-height: 115%;background-image: initial;background-position: initial;background-size: initial;background-repeat: initial;background-attachment: initial\"><span style=\"background-color: #ffffff\">26\/06\/2023<\/span><br style=\"font-family: Roboto, sans-serif;font-size: 15px;background-color: #ffffff\" \/><strong><span style=\"color: #000000\">\u00ab<\/span><\/strong><\/span><strong><span class=\"Y2IQFc\" lang=\"es\" style=\"color: #000000\">Labsipol Fakultas Psicolog\u00eda UI establece una colaboraci\u00f3n de investigaci\u00f3n con la Universidad de Educaci\u00f3n a Distancia de Espa\u00f1a (UNED)\u00bb<\/span><\/strong><span style=\"color: #000000\"><span style=\"font-family: Arial, sans-serif;font-size: 11pt\"><b><br \/><\/b><\/span><\/span><span style=\"color: #000000;font-family: Arial, sans-serif;font-size: 11pt;font-weight: var( --e-global-typography-text-font-weight )\">Universitas Indonesia.<\/span><\/p>\t\t\t\t\t\t\t\t<\/div>\n\t\t\t\t<\/div>\n\t\t\t\t<div class=\"elementor-element elementor-element-bf6893e elementor-view-default elementor-widget elementor-widget-icon\" data-id=\"bf6893e\" data-element_type=\"widget\" data-e-type=\"widget\" data-widget_type=\"icon.default\">\n\t\t\t\t<div class=\"elementor-widget-container\">\n\t\t\t\t\t\t\t<div class=\"elementor-icon-wrapper\">\n\t\t\t<a class=\"elementor-icon elementor-animation-grow\" href=\"https:\/\/psikologi.ui.ac.id\/2023\/06\/26\/labpsipol-f-psikologi-ui-jalin-kerjasama-riset-dengan-university-of-distance-education-spain-uned\/\" target=\"_blank\">\n\t\t\t<i aria-hidden=\"true\" class=\"fab fa-readme\"><\/i>\t\t\t<\/a>\n\t\t<\/div>\n\t\t\t\t\t\t<\/div>\n\t\t\t\t<\/div>\n\t\t\t\t\t<\/div>\n\t\t<\/div>\n\t\t\t\t\t<\/div>\n\t\t<\/section>\n\t\t\t\t<section class=\"elementor-section elementor-top-section elementor-element elementor-element-7d2f463 elementor-section-boxed elementor-section-height-default elementor-section-height-default\" data-id=\"7d2f463\" data-element_type=\"section\" data-e-type=\"section\">\n\t\t\t\t\t\t<div class=\"elementor-container elementor-column-gap-default\">\n\t\t\t\t\t<div class=\"elementor-column elementor-col-33 elementor-top-column elementor-element elementor-element-4383bad\" data-id=\"4383bad\" data-element_type=\"column\" data-e-type=\"column\">\n\t\t\t<div class=\"elementor-widget-wrap elementor-element-populated\">\n\t\t\t\t\t\t<div class=\"elementor-element elementor-element-c9a4cbe elementor-widget elementor-widget-image\" data-id=\"c9a4cbe\" data-element_type=\"widget\" data-e-type=\"widget\" data-widget_type=\"image.default\">\n\t\t\t\t<div class=\"elementor-widget-container\">\n\t\t\t\t\t\t\t\t\t\t\t\t\t\t\t<img loading=\"lazy\" decoding=\"async\" width=\"612\" height=\"408\" src=\"https:\/\/blogs.uned.es\/idenfusion\/wp-content\/uploads\/sites\/553\/2024\/10\/Anger.jpg\" class=\"attachment-large size-large wp-image-4413\" alt=\"\" srcset=\"https:\/\/blogs.uned.es\/idenfusion\/wp-content\/uploads\/sites\/553\/2024\/10\/Anger.jpg 612w, https:\/\/blogs.uned.es\/idenfusion\/wp-content\/uploads\/sites\/553\/2024\/10\/Anger-300x200.jpg 300w\" sizes=\"(max-width: 612px) 100vw, 612px\" \/>\t\t\t\t\t\t\t\t\t\t\t\t\t\t\t<\/div>\n\t\t\t\t<\/div>\n\t\t\t\t\t<\/div>\n\t\t<\/div>\n\t\t\t\t<div class=\"elementor-column elementor-col-66 elementor-top-column elementor-element elementor-element-cccaf28\" data-id=\"cccaf28\" data-element_type=\"column\" data-e-type=\"column\">\n\t\t\t<div class=\"elementor-widget-wrap elementor-element-populated\">\n\t\t\t\t\t\t<div class=\"elementor-element elementor-element-4c5a729 elementor-widget elementor-widget-text-editor\" data-id=\"4c5a729\" data-element_type=\"widget\" data-e-type=\"widget\" data-widget_type=\"text-editor.default\">\n\t\t\t\t<div class=\"elementor-widget-container\">\n\t\t\t\t\t\t\t\t\t<p><span style=\"line-height: 115%;background-image: initial;background-position: initial;background-size: initial;background-repeat: initial;background-attachment: initial\">12\/2022<br \/><\/span><strong><span style=\"color: var( --e-global-color-text );font-family: var( --e-global-typography-text-font-family ), Sans-serif;background-image: initial;background-position: initial;background-size: initial;background-repeat: initial;background-attachment: initial;line-height: 115%\"><span style=\"color: #000000\">\u00ab<\/span><\/span><span style=\"color: #000000\">\u00bfPor qu\u00e9 mujeres\u00a0espa\u00f1olas se\u00a0<span style=\"font-family: var( --e-global-typography-text-font-family ), Sans-serif;line-height: 115%;background-image: initial;background-position: initial;background-size: initial;background-repeat: initial;background-attachment: initial\">alistan en la yihad?\u00bb<\/span><span class=\"Y2IQFc\" lang=\"es\"><br \/><\/span><\/span><\/strong><span style=\"color: #000000;font-family: Arial, sans-serif;font-size: 11pt;font-weight: var( --e-global-typography-text-font-weight )\">Art\u00edculo en Novaciencia, n\u00ba 186.<\/span><\/p>\t\t\t\t\t\t\t\t<\/div>\n\t\t\t\t<\/div>\n\t\t\t\t<div class=\"elementor-element elementor-element-e2b190c elementor-view-default elementor-widget elementor-widget-icon\" data-id=\"e2b190c\" data-element_type=\"widget\" data-e-type=\"widget\" data-widget_type=\"icon.default\">\n\t\t\t\t<div class=\"elementor-widget-container\">\n\t\t\t\t\t\t\t<div class=\"elementor-icon-wrapper\">\n\t\t\t<a class=\"elementor-icon elementor-animation-grow\" href=\"https:\/\/novaciencia.es\/wp-content\/uploads\/2022\/12\/Nova-Ciencia-diciembre-Enero-23-mujeres-espanolas-yihad-cabio-climatico-agricultura-sonidos-de-marte-barcos-hibridos-1.pdf%20\" target=\"_blank\">\n\t\t\t<i aria-hidden=\"true\" class=\"fab fa-readme\"><\/i>\t\t\t<\/a>\n\t\t<\/div>\n\t\t\t\t\t\t<\/div>\n\t\t\t\t<\/div>\n\t\t\t\t\t<\/div>\n\t\t<\/div>\n\t\t\t\t\t<\/div>\n\t\t<\/section>\n\t\t\t\t<section class=\"elementor-section elementor-top-section elementor-element elementor-element-c18f051 elementor-section-boxed elementor-section-height-default elementor-section-height-default\" data-id=\"c18f051\" data-element_type=\"section\" data-e-type=\"section\">\n\t\t\t\t\t\t<div class=\"elementor-container elementor-column-gap-default\">\n\t\t\t\t\t<div class=\"elementor-column elementor-col-33 elementor-top-column elementor-element elementor-element-50cb2cf\" data-id=\"50cb2cf\" data-element_type=\"column\" data-e-type=\"column\">\n\t\t\t<div class=\"elementor-widget-wrap elementor-element-populated\">\n\t\t\t\t\t\t<div class=\"elementor-element elementor-element-c79ba2a elementor-widget elementor-widget-image\" data-id=\"c79ba2a\" data-element_type=\"widget\" data-e-type=\"widget\" data-widget_type=\"image.default\">\n\t\t\t\t<div class=\"elementor-widget-container\">\n\t\t\t\t\t\t\t\t\t\t\t\t\t\t\t<img loading=\"lazy\" decoding=\"async\" width=\"800\" height=\"534\" src=\"https:\/\/blogs.uned.es\/idenfusion\/wp-content\/uploads\/sites\/553\/2024\/10\/Mujer-de-espaldas-1024x683.jpg\" class=\"attachment-large size-large wp-image-4429\" alt=\"\" srcset=\"https:\/\/blogs.uned.es\/idenfusion\/wp-content\/uploads\/sites\/553\/2024\/10\/Mujer-de-espaldas-1024x683.jpg 1024w, https:\/\/blogs.uned.es\/idenfusion\/wp-content\/uploads\/sites\/553\/2024\/10\/Mujer-de-espaldas-300x200.jpg 300w, https:\/\/blogs.uned.es\/idenfusion\/wp-content\/uploads\/sites\/553\/2024\/10\/Mujer-de-espaldas-768x512.jpg 768w, https:\/\/blogs.uned.es\/idenfusion\/wp-content\/uploads\/sites\/553\/2024\/10\/Mujer-de-espaldas-1536x1024.jpg 1536w, https:\/\/blogs.uned.es\/idenfusion\/wp-content\/uploads\/sites\/553\/2024\/10\/Mujer-de-espaldas-2048x1365.jpg 2048w\" sizes=\"(max-width: 800px) 100vw, 800px\" \/>\t\t\t\t\t\t\t\t\t\t\t\t\t\t\t<\/div>\n\t\t\t\t<\/div>\n\t\t\t\t\t<\/div>\n\t\t<\/div>\n\t\t\t\t<div class=\"elementor-column elementor-col-66 elementor-top-column elementor-element elementor-element-a916427\" data-id=\"a916427\" data-element_type=\"column\" data-e-type=\"column\">\n\t\t\t<div class=\"elementor-widget-wrap elementor-element-populated\">\n\t\t\t\t\t\t<div class=\"elementor-element elementor-element-0533b4d elementor-widget elementor-widget-text-editor\" data-id=\"0533b4d\" data-element_type=\"widget\" data-e-type=\"widget\" data-widget_type=\"text-editor.default\">\n\t\t\t\t<div class=\"elementor-widget-container\">\n\t\t\t\t\t\t\t\t\t<p><span style=\"line-height: 115%;background-image: initial;background-position: initial;background-size: initial;background-repeat: initial;background-attachment: initial\">08\/11\/2022<br \/><\/span><strong><span style=\"color: var( --e-global-color-text );font-family: var( --e-global-typography-text-font-family ), Sans-serif;background-image: initial;background-position: initial;background-size: initial;background-repeat: initial;background-attachment: initial;line-height: 115%\"><span style=\"color: #000000\">\u00ab<\/span><\/span><span style=\"color: #000000\">Razones para unirse y dejar la yihad, una perspectiva de g\u00e9nero\u00bb<br \/><\/span><\/strong><span style=\"color: #000000;font-family: Arial, sans-serif;font-size: 11pt;font-weight: var( --e-global-typography-text-font-weight )\">Comunicaci\u00f3n UNED.<\/span><\/p>\t\t\t\t\t\t\t\t<\/div>\n\t\t\t\t<\/div>\n\t\t\t\t<div class=\"elementor-element elementor-element-dad91ce elementor-view-default elementor-widget elementor-widget-icon\" data-id=\"dad91ce\" data-element_type=\"widget\" data-e-type=\"widget\" data-widget_type=\"icon.default\">\n\t\t\t\t<div class=\"elementor-widget-container\">\n\t\t\t\t\t\t\t<div class=\"elementor-icon-wrapper\">\n\t\t\t<a class=\"elementor-icon elementor-animation-grow\" href=\"https:\/\/comunicacion.uned.es\/news\/show\/90975\/razones-para-unirse-y-dejar-la-yihad-una-perspectiva-de-genero.html\" target=\"_blank\">\n\t\t\t<i aria-hidden=\"true\" class=\"fab fa-readme\"><\/i>\t\t\t<\/a>\n\t\t<\/div>\n\t\t\t\t\t\t<\/div>\n\t\t\t\t<\/div>\n\t\t\t\t\t<\/div>\n\t\t<\/div>\n\t\t\t\t\t<\/div>\n\t\t<\/section>\n\t\t\t\t<section class=\"elementor-section elementor-top-section elementor-element elementor-element-5cbb4ad elementor-section-boxed elementor-section-height-default elementor-section-height-default\" data-id=\"5cbb4ad\" data-element_type=\"section\" data-e-type=\"section\">\n\t\t\t\t\t\t<div class=\"elementor-container elementor-column-gap-default\">\n\t\t\t\t\t<div class=\"elementor-column elementor-col-33 elementor-top-column elementor-element elementor-element-8fdc92b\" data-id=\"8fdc92b\" data-element_type=\"column\" data-e-type=\"column\">\n\t\t\t<div class=\"elementor-widget-wrap elementor-element-populated\">\n\t\t\t\t\t\t<div class=\"elementor-element elementor-element-1f16bb9 elementor-widget elementor-widget-image\" data-id=\"1f16bb9\" data-element_type=\"widget\" data-e-type=\"widget\" data-widget_type=\"image.default\">\n\t\t\t\t<div class=\"elementor-widget-container\">\n\t\t\t\t\t\t\t\t\t\t\t\t\t\t\t<img loading=\"lazy\" decoding=\"async\" width=\"800\" height=\"533\" src=\"https:\/\/blogs.uned.es\/idenfusion\/wp-content\/uploads\/sites\/553\/2024\/10\/Burgos.jpeg\" class=\"attachment-large size-large wp-image-4449\" alt=\"\" srcset=\"https:\/\/blogs.uned.es\/idenfusion\/wp-content\/uploads\/sites\/553\/2024\/10\/Burgos.jpeg 990w, https:\/\/blogs.uned.es\/idenfusion\/wp-content\/uploads\/sites\/553\/2024\/10\/Burgos-300x200.jpeg 300w, https:\/\/blogs.uned.es\/idenfusion\/wp-content\/uploads\/sites\/553\/2024\/10\/Burgos-768x512.jpeg 768w\" sizes=\"(max-width: 800px) 100vw, 800px\" \/>\t\t\t\t\t\t\t\t\t\t\t\t\t\t\t<\/div>\n\t\t\t\t<\/div>\n\t\t\t\t\t<\/div>\n\t\t<\/div>\n\t\t\t\t<div class=\"elementor-column elementor-col-66 elementor-top-column elementor-element elementor-element-db738a9\" data-id=\"db738a9\" data-element_type=\"column\" data-e-type=\"column\">\n\t\t\t<div class=\"elementor-widget-wrap elementor-element-populated\">\n\t\t\t\t\t\t<div class=\"elementor-element elementor-element-4f39411 elementor-widget elementor-widget-text-editor\" data-id=\"4f39411\" data-element_type=\"widget\" data-e-type=\"widget\" data-widget_type=\"text-editor.default\">\n\t\t\t\t<div class=\"elementor-widget-container\">\n\t\t\t\t\t\t\t\t\t<p><span style=\"line-height: 115%;background-image: initial;background-position: initial;background-size: initial;background-repeat: initial;background-attachment: initial\">09\/10\/2022<br \/><\/span><strong><span style=\"color: var( --e-global-color-text );font-family: var( --e-global-typography-text-font-family ), Sans-serif;background-image: initial;background-position: initial;background-size: initial;background-repeat: initial;background-attachment: initial;line-height: 115%\"><span style=\"color: #000000\">\u00abViaje a las entra\u00f1as del terrorismo para conocerlo, prevenir y reinsertar\u00bb<\/span><\/span><span style=\"color: #000000\"><br \/><\/span><\/strong><span style=\"color: #000000;font-family: Arial, sans-serif;font-size: 11pt;font-weight: var( --e-global-typography-text-font-weight )\">Art\u00edculo en El Correo de Burgos.<\/span><\/p>\t\t\t\t\t\t\t\t<\/div>\n\t\t\t\t<\/div>\n\t\t\t\t<div class=\"elementor-element elementor-element-53ffbd8 elementor-view-default elementor-widget elementor-widget-icon\" data-id=\"53ffbd8\" data-element_type=\"widget\" data-e-type=\"widget\" data-widget_type=\"icon.default\">\n\t\t\t\t<div class=\"elementor-widget-container\">\n\t\t\t\t\t\t\t<div class=\"elementor-icon-wrapper\">\n\t\t\t<a class=\"elementor-icon elementor-animation-grow\" href=\"https:\/\/www.elcorreodeburgos.com\/burgos\/221009\/101255\/viaje-entranas-terrorismo-conocerlo-prevenir-reinsertar.html\" target=\"_blank\">\n\t\t\t<i aria-hidden=\"true\" class=\"fab fa-readme\"><\/i>\t\t\t<\/a>\n\t\t<\/div>\n\t\t\t\t\t\t<\/div>\n\t\t\t\t<\/div>\n\t\t\t\t\t<\/div>\n\t\t<\/div>\n\t\t\t\t\t<\/div>\n\t\t<\/section>\n\t\t\t\t<section class=\"elementor-section elementor-top-section elementor-element elementor-element-47b63f6 elementor-section-boxed elementor-section-height-default elementor-section-height-default\" data-id=\"47b63f6\" data-element_type=\"section\" data-e-type=\"section\">\n\t\t\t\t\t\t<div class=\"elementor-container elementor-column-gap-default\">\n\t\t\t\t\t<div class=\"elementor-column elementor-col-33 elementor-top-column elementor-element elementor-element-a053b5e\" data-id=\"a053b5e\" data-element_type=\"column\" data-e-type=\"column\">\n\t\t\t<div class=\"elementor-widget-wrap elementor-element-populated\">\n\t\t\t\t\t\t<div class=\"elementor-element elementor-element-cf69f9f elementor-widget elementor-widget-image\" data-id=\"cf69f9f\" data-element_type=\"widget\" data-e-type=\"widget\" data-widget_type=\"image.default\">\n\t\t\t\t<div class=\"elementor-widget-container\">\n\t\t\t\t\t\t\t\t\t\t\t\t\t\t\t<img loading=\"lazy\" decoding=\"async\" width=\"612\" height=\"332\" src=\"https:\/\/blogs.uned.es\/idenfusion\/wp-content\/uploads\/sites\/553\/2024\/10\/Prison.jpg\" class=\"attachment-large size-large wp-image-4457\" alt=\"\" srcset=\"https:\/\/blogs.uned.es\/idenfusion\/wp-content\/uploads\/sites\/553\/2024\/10\/Prison.jpg 612w, https:\/\/blogs.uned.es\/idenfusion\/wp-content\/uploads\/sites\/553\/2024\/10\/Prison-300x163.jpg 300w\" sizes=\"(max-width: 612px) 100vw, 612px\" \/>\t\t\t\t\t\t\t\t\t\t\t\t\t\t\t<\/div>\n\t\t\t\t<\/div>\n\t\t\t\t\t<\/div>\n\t\t<\/div>\n\t\t\t\t<div class=\"elementor-column elementor-col-66 elementor-top-column elementor-element elementor-element-cb9ecba\" data-id=\"cb9ecba\" data-element_type=\"column\" data-e-type=\"column\">\n\t\t\t<div class=\"elementor-widget-wrap elementor-element-populated\">\n\t\t\t\t\t\t<div class=\"elementor-element elementor-element-51fad0a elementor-widget elementor-widget-text-editor\" data-id=\"51fad0a\" data-element_type=\"widget\" data-e-type=\"widget\" data-widget_type=\"text-editor.default\">\n\t\t\t\t<div class=\"elementor-widget-container\">\n\t\t\t\t\t\t\t\t\t<p><span style=\"line-height: 115%;background-image: initial;background-position: initial;background-size: initial;background-repeat: initial;background-attachment: initial\">10\/05\/2022<br \/><\/span><strong><span style=\"color: #000000\"><span style=\"font-family: var( --e-global-typography-text-font-family ), Sans-serif;background-image: initial;background-position: initial;background-size: initial;background-repeat: initial;background-attachment: initial;line-height: 115%\">\u00ab<\/span>\u00c1ngel G\u00f3mez estudia las principales causas de la radicalizaci\u00f3n\u00a0violenta y el camino para prevenirlas\u00bb<br \/><\/span><\/strong><span style=\"color: #000000;font-family: Arial, sans-serif;font-size: 11pt;font-weight: var( --e-global-typography-text-font-weight )\">Comunicaci\u00f3n y Marketing UNED.<\/span><\/p>\t\t\t\t\t\t\t\t<\/div>\n\t\t\t\t<\/div>\n\t\t\t\t<div class=\"elementor-element elementor-element-20359b7 elementor-view-default elementor-widget elementor-widget-icon\" data-id=\"20359b7\" data-element_type=\"widget\" data-e-type=\"widget\" data-widget_type=\"icon.default\">\n\t\t\t\t<div class=\"elementor-widget-container\">\n\t\t\t\t\t\t\t<div class=\"elementor-icon-wrapper\">\n\t\t\t<a class=\"elementor-icon elementor-animation-grow\" href=\"http:\/\/portal.uned.es\/Comunicacion\/GenerarPDFNoticia?id_noticia=2264\" target=\"_blank\">\n\t\t\t<i aria-hidden=\"true\" class=\"fab fa-readme\"><\/i>\t\t\t<\/a>\n\t\t<\/div>\n\t\t\t\t\t\t<\/div>\n\t\t\t\t<\/div>\n\t\t\t\t\t<\/div>\n\t\t<\/div>\n\t\t\t\t\t<\/div>\n\t\t<\/section>\n\t\t\t\t<section class=\"elementor-section elementor-top-section elementor-element elementor-element-e2e7224 elementor-section-boxed elementor-section-height-default elementor-section-height-default\" data-id=\"e2e7224\" data-element_type=\"section\" data-e-type=\"section\">\n\t\t\t\t\t\t<div class=\"elementor-container elementor-column-gap-default\">\n\t\t\t\t\t<div class=\"elementor-column elementor-col-33 elementor-top-column elementor-element elementor-element-d32e434\" data-id=\"d32e434\" data-element_type=\"column\" data-e-type=\"column\">\n\t\t\t<div class=\"elementor-widget-wrap elementor-element-populated\">\n\t\t\t\t\t\t<div class=\"elementor-element elementor-element-b01efd3 elementor-widget elementor-widget-image\" data-id=\"b01efd3\" data-element_type=\"widget\" data-e-type=\"widget\" data-widget_type=\"image.default\">\n\t\t\t\t<div class=\"elementor-widget-container\">\n\t\t\t\t\t\t\t\t\t\t\t\t\t\t\t<img loading=\"lazy\" decoding=\"async\" width=\"450\" height=\"338\" src=\"https:\/\/blogs.uned.es\/idenfusion\/wp-content\/uploads\/sites\/553\/2024\/10\/Dia-de-la-facultad.jpeg\" class=\"attachment-large size-large wp-image-4477\" alt=\"\" srcset=\"https:\/\/blogs.uned.es\/idenfusion\/wp-content\/uploads\/sites\/553\/2024\/10\/Dia-de-la-facultad.jpeg 450w, https:\/\/blogs.uned.es\/idenfusion\/wp-content\/uploads\/sites\/553\/2024\/10\/Dia-de-la-facultad-300x225.jpeg 300w\" sizes=\"(max-width: 450px) 100vw, 450px\" \/>\t\t\t\t\t\t\t\t\t\t\t\t\t\t\t<\/div>\n\t\t\t\t<\/div>\n\t\t\t\t\t<\/div>\n\t\t<\/div>\n\t\t\t\t<div class=\"elementor-column elementor-col-66 elementor-top-column elementor-element elementor-element-061cf4e\" data-id=\"061cf4e\" data-element_type=\"column\" data-e-type=\"column\">\n\t\t\t<div class=\"elementor-widget-wrap elementor-element-populated\">\n\t\t\t\t\t\t<div class=\"elementor-element elementor-element-1cf4f15 elementor-widget elementor-widget-text-editor\" data-id=\"1cf4f15\" data-element_type=\"widget\" data-e-type=\"widget\" data-widget_type=\"text-editor.default\">\n\t\t\t\t<div class=\"elementor-widget-container\">\n\t\t\t\t\t\t\t\t\t<p><span style=\"line-height: 115%;background-image: initial;background-position: initial;background-size: initial;background-repeat: initial;background-attachment: initial\">24\/02\/2022<br \/><\/span><strong><span style=\"color: #000000\"><span style=\"font-family: var( --e-global-typography-text-font-family ), Sans-serif;background-image: initial;background-position: initial;background-size: initial;background-repeat: initial;background-attachment: initial;line-height: 115%\">\u00abLa UNED celebra el d\u00eda de la Facultad de Psicolog\u00eda con una conferencia sobre la prevenci\u00f3n de la radicalizaci\u00f3n violenta\u00bb<\/span><br \/><\/span><\/strong><span style=\"color: #000000;font-family: Arial, sans-serif;font-size: 11pt;font-weight: var( --e-global-typography-text-font-weight )\">Comunicaci\u00f3n UNED.<\/span><\/p>\t\t\t\t\t\t\t\t<\/div>\n\t\t\t\t<\/div>\n\t\t\t\t<div class=\"elementor-element elementor-element-7b06a2c elementor-view-default elementor-widget elementor-widget-icon\" data-id=\"7b06a2c\" data-element_type=\"widget\" data-e-type=\"widget\" data-widget_type=\"icon.default\">\n\t\t\t\t<div class=\"elementor-widget-container\">\n\t\t\t\t\t\t\t<div class=\"elementor-icon-wrapper\">\n\t\t\t<a class=\"elementor-icon elementor-animation-grow\" href=\"http:\/\/portal.uned.es\/portal\/page?_pageid=93,71535262&#038;_%20dad=portal&#038;_schema=PORTAL\" target=\"_blank\">\n\t\t\t<i aria-hidden=\"true\" class=\"fab fa-readme\"><\/i>\t\t\t<\/a>\n\t\t<\/div>\n\t\t\t\t\t\t<\/div>\n\t\t\t\t<\/div>\n\t\t\t\t\t<\/div>\n\t\t<\/div>\n\t\t\t\t\t<\/div>\n\t\t<\/section>\n\t\t\t\t<section class=\"elementor-section elementor-top-section elementor-element elementor-element-1d0b8bc elementor-section-boxed elementor-section-height-default elementor-section-height-default\" data-id=\"1d0b8bc\" data-element_type=\"section\" data-e-type=\"section\">\n\t\t\t\t\t\t<div class=\"elementor-container elementor-column-gap-default\">\n\t\t\t\t\t<div class=\"elementor-column elementor-col-33 elementor-top-column elementor-element elementor-element-b242a3f\" data-id=\"b242a3f\" data-element_type=\"column\" data-e-type=\"column\">\n\t\t\t<div class=\"elementor-widget-wrap elementor-element-populated\">\n\t\t\t\t\t\t<div class=\"elementor-element elementor-element-926f7dc elementor-widget elementor-widget-image\" data-id=\"926f7dc\" data-element_type=\"widget\" data-e-type=\"widget\" data-widget_type=\"image.default\">\n\t\t\t\t<div class=\"elementor-widget-container\">\n\t\t\t\t\t\t\t\t\t\t\t\t\t\t\t<img loading=\"lazy\" decoding=\"async\" width=\"800\" height=\"671\" src=\"https:\/\/blogs.uned.es\/idenfusion\/wp-content\/uploads\/sites\/553\/2024\/10\/death-1024x859.jpg\" class=\"attachment-large size-large wp-image-4879\" alt=\"\" srcset=\"https:\/\/blogs.uned.es\/idenfusion\/wp-content\/uploads\/sites\/553\/2024\/10\/death-1024x859.jpg 1024w, https:\/\/blogs.uned.es\/idenfusion\/wp-content\/uploads\/sites\/553\/2024\/10\/death-300x252.jpg 300w, https:\/\/blogs.uned.es\/idenfusion\/wp-content\/uploads\/sites\/553\/2024\/10\/death-768x644.jpg 768w, https:\/\/blogs.uned.es\/idenfusion\/wp-content\/uploads\/sites\/553\/2024\/10\/death-1536x1289.jpg 1536w, https:\/\/blogs.uned.es\/idenfusion\/wp-content\/uploads\/sites\/553\/2024\/10\/death-2048x1719.jpg 2048w\" sizes=\"(max-width: 800px) 100vw, 800px\" \/>\t\t\t\t\t\t\t\t\t\t\t\t\t\t\t<\/div>\n\t\t\t\t<\/div>\n\t\t\t\t\t<\/div>\n\t\t<\/div>\n\t\t\t\t<div class=\"elementor-column elementor-col-66 elementor-top-column elementor-element elementor-element-e62cd38\" data-id=\"e62cd38\" data-element_type=\"column\" data-e-type=\"column\">\n\t\t\t<div class=\"elementor-widget-wrap elementor-element-populated\">\n\t\t\t\t\t\t<div class=\"elementor-element elementor-element-29a1671 elementor-widget elementor-widget-text-editor\" data-id=\"29a1671\" data-element_type=\"widget\" data-e-type=\"widget\" data-widget_type=\"text-editor.default\">\n\t\t\t\t<div class=\"elementor-widget-container\">\n\t\t\t\t\t\t\t\t\t<p>10\/05\/2021<br \/><span style=\"color: #000000\"><strong>\u201c\u00bfPor qu\u00e9 y qui\u00e9nes est\u00e1n dispuestos a morir?\u201d<br \/><\/strong>Art\u00edculo en El Pa\u00eds.<\/span><\/p>\t\t\t\t\t\t\t\t<\/div>\n\t\t\t\t<\/div>\n\t\t\t\t<div class=\"elementor-element elementor-element-90fd3c4 elementor-view-default elementor-widget elementor-widget-icon\" data-id=\"90fd3c4\" data-element_type=\"widget\" data-e-type=\"widget\" data-widget_type=\"icon.default\">\n\t\t\t\t<div class=\"elementor-widget-container\">\n\t\t\t\t\t\t\t<div class=\"elementor-icon-wrapper\">\n\t\t\t<a class=\"elementor-icon elementor-animation-grow\" href=\"https:\/\/elpais.com\/espana\/2021-05-10\/por-que-y-quienes-estan-dispuestos-a-morir.html\" target=\"_blank\">\n\t\t\t<i aria-hidden=\"true\" class=\"fab fa-readme\"><\/i>\t\t\t<\/a>\n\t\t<\/div>\n\t\t\t\t\t\t<\/div>\n\t\t\t\t<\/div>\n\t\t\t\t\t<\/div>\n\t\t<\/div>\n\t\t\t\t\t<\/div>\n\t\t<\/section>\n\t\t\t\t<section class=\"elementor-section elementor-top-section elementor-element elementor-element-8b172b7 elementor-section-boxed elementor-section-height-default elementor-section-height-default\" data-id=\"8b172b7\" data-element_type=\"section\" data-e-type=\"section\">\n\t\t\t\t\t\t<div class=\"elementor-container elementor-column-gap-default\">\n\t\t\t\t\t<div class=\"elementor-column elementor-col-33 elementor-top-column elementor-element elementor-element-4fea1d3\" data-id=\"4fea1d3\" data-element_type=\"column\" data-e-type=\"column\">\n\t\t\t<div class=\"elementor-widget-wrap elementor-element-populated\">\n\t\t\t\t\t\t<div class=\"elementor-element elementor-element-a82e521 elementor-widget elementor-widget-image\" data-id=\"a82e521\" data-element_type=\"widget\" data-e-type=\"widget\" data-widget_type=\"image.default\">\n\t\t\t\t<div class=\"elementor-widget-container\">\n\t\t\t\t\t\t\t\t\t\t\t\t\t\t\t<img loading=\"lazy\" decoding=\"async\" width=\"800\" height=\"640\" src=\"https:\/\/blogs.uned.es\/idenfusion\/wp-content\/uploads\/sites\/553\/2024\/10\/Comercio.jpg\" class=\"attachment-large size-large wp-image-4859\" alt=\"\" srcset=\"https:\/\/blogs.uned.es\/idenfusion\/wp-content\/uploads\/sites\/553\/2024\/10\/Comercio.jpg 809w, https:\/\/blogs.uned.es\/idenfusion\/wp-content\/uploads\/sites\/553\/2024\/10\/Comercio-300x240.jpg 300w, https:\/\/blogs.uned.es\/idenfusion\/wp-content\/uploads\/sites\/553\/2024\/10\/Comercio-768x614.jpg 768w\" sizes=\"(max-width: 800px) 100vw, 800px\" \/>\t\t\t\t\t\t\t\t\t\t\t\t\t\t\t<\/div>\n\t\t\t\t<\/div>\n\t\t\t\t\t<\/div>\n\t\t<\/div>\n\t\t\t\t<div class=\"elementor-column elementor-col-66 elementor-top-column elementor-element elementor-element-eb92ebb\" data-id=\"eb92ebb\" data-element_type=\"column\" data-e-type=\"column\">\n\t\t\t<div class=\"elementor-widget-wrap elementor-element-populated\">\n\t\t\t\t\t\t<div class=\"elementor-element elementor-element-51c52a1 elementor-widget elementor-widget-text-editor\" data-id=\"51c52a1\" data-element_type=\"widget\" data-e-type=\"widget\" data-widget_type=\"text-editor.default\">\n\t\t\t\t<div class=\"elementor-widget-container\">\n\t\t\t\t\t\t\t\t\t<p>23\/11\/2017<br \/><span style=\"font-weight: bold;color: #000000\">\u00ab<\/span><strong><span style=\"color: #000000\">Un porcentaje importante de los yihadistas del Daesh retornados vuelve para atentar<\/span><\/strong><span style=\"font-weight: bold;color: #000000\">\u00ab<\/span><br \/><span style=\"color: #000000\">Art\u00edculo en El Comercio.<\/span><\/p>\t\t\t\t\t\t\t\t<\/div>\n\t\t\t\t<\/div>\n\t\t\t\t<div class=\"elementor-element elementor-element-83d57ca elementor-view-default elementor-widget elementor-widget-icon\" data-id=\"83d57ca\" data-element_type=\"widget\" data-e-type=\"widget\" data-widget_type=\"icon.default\">\n\t\t\t\t<div class=\"elementor-widget-container\">\n\t\t\t\t\t\t\t<div class=\"elementor-icon-wrapper\">\n\t\t\t<a class=\"elementor-icon elementor-animation-grow\" href=\"https:\/\/www.elcomercio.es\/politica\/porcentaje-yihadistas-retornados-atentar-experto-20171123235921-ntrc.html\" target=\"_blank\">\n\t\t\t<i aria-hidden=\"true\" class=\"fab fa-readme\"><\/i>\t\t\t<\/a>\n\t\t<\/div>\n\t\t\t\t\t\t<\/div>\n\t\t\t\t<\/div>\n\t\t\t\t\t<\/div>\n\t\t<\/div>\n\t\t\t\t\t<\/div>\n\t\t<\/section>\n\t\t\t\t<section class=\"elementor-section elementor-top-section elementor-element elementor-element-5b49a74 elementor-section-boxed elementor-section-height-default elementor-section-height-default\" data-id=\"5b49a74\" data-element_type=\"section\" data-e-type=\"section\">\n\t\t\t\t\t\t<div class=\"elementor-container elementor-column-gap-default\">\n\t\t\t\t\t<div class=\"elementor-column elementor-col-33 elementor-top-column elementor-element elementor-element-cacf65c\" data-id=\"cacf65c\" data-element_type=\"column\" data-e-type=\"column\">\n\t\t\t<div class=\"elementor-widget-wrap elementor-element-populated\">\n\t\t\t\t\t\t<div class=\"elementor-element elementor-element-5495fcd elementor-widget elementor-widget-image\" data-id=\"5495fcd\" data-element_type=\"widget\" data-e-type=\"widget\" data-widget_type=\"image.default\">\n\t\t\t\t<div class=\"elementor-widget-container\">\n\t\t\t\t\t\t\t\t\t\t\t\t\t\t\t<img loading=\"lazy\" decoding=\"async\" width=\"800\" height=\"566\" src=\"https:\/\/blogs.uned.es\/idenfusion\/wp-content\/uploads\/sites\/553\/2024\/10\/El-pais-1024x725.jpg\" class=\"attachment-large size-large wp-image-4893\" alt=\"\" srcset=\"https:\/\/blogs.uned.es\/idenfusion\/wp-content\/uploads\/sites\/553\/2024\/10\/El-pais-1024x725.jpg 1024w, https:\/\/blogs.uned.es\/idenfusion\/wp-content\/uploads\/sites\/553\/2024\/10\/El-pais-300x212.jpg 300w, https:\/\/blogs.uned.es\/idenfusion\/wp-content\/uploads\/sites\/553\/2024\/10\/El-pais-768x544.jpg 768w, https:\/\/blogs.uned.es\/idenfusion\/wp-content\/uploads\/sites\/553\/2024\/10\/El-pais.jpg 1090w\" sizes=\"(max-width: 800px) 100vw, 800px\" \/>\t\t\t\t\t\t\t\t\t\t\t\t\t\t\t<\/div>\n\t\t\t\t<\/div>\n\t\t\t\t\t<\/div>\n\t\t<\/div>\n\t\t\t\t<div class=\"elementor-column elementor-col-66 elementor-top-column elementor-element elementor-element-ac8a957\" data-id=\"ac8a957\" data-element_type=\"column\" data-e-type=\"column\">\n\t\t\t<div class=\"elementor-widget-wrap elementor-element-populated\">\n\t\t\t\t\t\t<div class=\"elementor-element elementor-element-c810dc0 elementor-widget elementor-widget-text-editor\" data-id=\"c810dc0\" data-element_type=\"widget\" data-e-type=\"widget\" data-widget_type=\"text-editor.default\">\n\t\t\t\t<div class=\"elementor-widget-container\">\n\t\t\t\t\t\t\t\t\t<p>26\/08\/2017<br \/><span style=\"color: #000000\"><strong>\u201cEn la mente de los radicales\u201d<br \/><\/strong>Art\u00edculo en El Pa\u00eds.<\/span><\/p>\t\t\t\t\t\t\t\t<\/div>\n\t\t\t\t<\/div>\n\t\t\t\t<div class=\"elementor-element elementor-element-de68fe2 elementor-view-default elementor-widget elementor-widget-icon\" data-id=\"de68fe2\" data-element_type=\"widget\" data-e-type=\"widget\" data-widget_type=\"icon.default\">\n\t\t\t\t<div class=\"elementor-widget-container\">\n\t\t\t\t\t\t\t<div class=\"elementor-icon-wrapper\">\n\t\t\t<a class=\"elementor-icon elementor-animation-grow\" href=\"https:\/\/elpais.com\/politica\/2017\/08\/25\/actualidad\/1503675922_121601.html\" target=\"_blank\">\n\t\t\t<i aria-hidden=\"true\" class=\"fab fa-readme\"><\/i>\t\t\t<\/a>\n\t\t<\/div>\n\t\t\t\t\t\t<\/div>\n\t\t\t\t<\/div>\n\t\t\t\t\t<\/div>\n\t\t<\/div>\n\t\t\t\t\t<\/div>\n\t\t<\/section>\n\t\t\t\t<section class=\"elementor-section elementor-top-section elementor-element elementor-element-0537b59 elementor-section-boxed elementor-section-height-default elementor-section-height-default\" data-id=\"0537b59\" data-element_type=\"section\" data-e-type=\"section\">\n\t\t\t\t\t\t<div class=\"elementor-container elementor-column-gap-no\">\n\t\t\t\t\t<div class=\"elementor-column elementor-col-100 elementor-top-column elementor-element elementor-element-f07c647\" data-id=\"f07c647\" data-element_type=\"column\" data-e-type=\"column\">\n\t\t\t<div class=\"elementor-widget-wrap elementor-element-populated\">\n\t\t\t\t\t\t<section class=\"elementor-section elementor-inner-section elementor-element elementor-element-5ae7f95 elementor-section-height-min-height elementor-section-boxed elementor-section-height-default\" data-id=\"5ae7f95\" data-element_type=\"section\" data-e-type=\"section\">\n\t\t\t\t\t\t<div class=\"elementor-container elementor-column-gap-no\">\n\t\t\t\t\t<div class=\"elementor-column elementor-col-33 elementor-inner-column elementor-element elementor-element-161b477\" data-id=\"161b477\" data-element_type=\"column\" data-e-type=\"column\">\n\t\t\t<div class=\"elementor-widget-wrap elementor-element-populated\">\n\t\t\t\t\t\t<div class=\"elementor-element elementor-element-3306baf elementor-button-info elementor-align-right elementor-widget elementor-widget-button\" data-id=\"3306baf\" data-element_type=\"widget\" data-e-type=\"widget\" data-widget_type=\"button.default\">\n\t\t\t\t<div class=\"elementor-widget-container\">\n\t\t\t\t\t\t\t\t\t<div class=\"elementor-button-wrapper\">\n\t\t\t\t\t<a class=\"elementor-button elementor-button-link elementor-size-xs elementor-animation-grow\" href=\"#Audio\">\n\t\t\t\t\t\t<span class=\"elementor-button-content-wrapper\">\n\t\t\t\t\t\t\t\t\t<span class=\"elementor-button-text\">Audio<\/span>\n\t\t\t\t\t<\/span>\n\t\t\t\t\t<\/a>\n\t\t\t\t<\/div>\n\t\t\t\t\t\t\t\t<\/div>\n\t\t\t\t<\/div>\n\t\t\t\t\t<\/div>\n\t\t<\/div>\n\t\t\t\t<div class=\"elementor-column elementor-col-33 elementor-inner-column elementor-element elementor-element-40d054c\" data-id=\"40d054c\" data-element_type=\"column\" data-e-type=\"column\">\n\t\t\t<div class=\"elementor-widget-wrap elementor-element-populated\">\n\t\t\t\t\t\t<div class=\"elementor-element elementor-element-8870b7f elementor-button-info elementor-align-center elementor-widget elementor-widget-button\" data-id=\"8870b7f\" data-element_type=\"widget\" data-e-type=\"widget\" data-widget_type=\"button.default\">\n\t\t\t\t<div class=\"elementor-widget-container\">\n\t\t\t\t\t\t\t\t\t<div class=\"elementor-button-wrapper\">\n\t\t\t\t\t<a class=\"elementor-button elementor-button-link elementor-size-xs elementor-animation-grow\" href=\"#Video\">\n\t\t\t\t\t\t<span class=\"elementor-button-content-wrapper\">\n\t\t\t\t\t\t\t\t\t<span class=\"elementor-button-text\">V\u00eddeo<\/span>\n\t\t\t\t\t<\/span>\n\t\t\t\t\t<\/a>\n\t\t\t\t<\/div>\n\t\t\t\t\t\t\t\t<\/div>\n\t\t\t\t<\/div>\n\t\t\t\t\t<\/div>\n\t\t<\/div>\n\t\t\t\t<div class=\"elementor-column elementor-col-33 elementor-inner-column elementor-element elementor-element-3a05d9e\" data-id=\"3a05d9e\" data-element_type=\"column\" data-e-type=\"column\">\n\t\t\t<div class=\"elementor-widget-wrap elementor-element-populated\">\n\t\t\t\t\t\t<div class=\"elementor-element elementor-element-3563bb0 elementor-button-info elementor-align-left elementor-widget elementor-widget-button\" data-id=\"3563bb0\" data-element_type=\"widget\" data-e-type=\"widget\" data-widget_type=\"button.default\">\n\t\t\t\t<div class=\"elementor-widget-container\">\n\t\t\t\t\t\t\t\t\t<div class=\"elementor-button-wrapper\">\n\t\t\t\t\t<a class=\"elementor-button elementor-button-link elementor-size-xs elementor-animation-grow\" href=\"#Prensa\">\n\t\t\t\t\t\t<span class=\"elementor-button-content-wrapper\">\n\t\t\t\t\t\t\t\t\t<span class=\"elementor-button-text\">Prensa<\/span>\n\t\t\t\t\t<\/span>\n\t\t\t\t\t<\/a>\n\t\t\t\t<\/div>\n\t\t\t\t\t\t\t\t<\/div>\n\t\t\t\t<\/div>\n\t\t\t\t\t<\/div>\n\t\t<\/div>\n\t\t\t\t\t<\/div>\n\t\t<\/section>\n\t\t\t\t\t<\/div>\n\t\t<\/div>\n\t\t\t\t\t<\/div>\n\t\t<\/section>\n\t\t\t\t<section class=\"elementor-section elementor-top-section elementor-element elementor-element-a496267 elementor-section-boxed elementor-section-height-default elementor-section-height-default\" data-id=\"a496267\" data-element_type=\"section\" data-e-type=\"section\">\n\t\t\t\t\t\t<div class=\"elementor-container elementor-column-gap-default\">\n\t\t\t\t\t<div class=\"elementor-column elementor-col-100 elementor-top-column elementor-element elementor-element-06f0663\" data-id=\"06f0663\" data-element_type=\"column\" data-e-type=\"column\">\n\t\t\t<div class=\"elementor-widget-wrap\">\n\t\t\t\t\t\t\t<\/div>\n\t\t<\/div>\n\t\t\t\t\t<\/div>\n\t\t<\/section>\n\t\t\t\t<\/div>\n\t\t","protected":false},"excerpt":{"rendered":"<p>Noticias y prensa Audio V\u00eddeo Prensa Audio 07\/04\/2026Participaci\u00f3n de \u00c1ngel G\u00f3mez en el podcast: CURRENTLY de BBC Radio:\u00abC\u00f3mo no matar a un pol\u00edtico\u00bbBBC Radio 4.\u00a0Enlace a p\u00e1gina web de BBC Radio 08\/06\/2025Entrevista a \u00c1ngel G\u00f3mez:\u00ab&#8217;Hablando&#8217; con el enemigo\u00bbPsicolog\u00eda en Radio 3, Canal UNED. 16\/03\/2025Entrevista a Laura Rodr\u00edguez G\u00f3mez:\u00abEl papel de la deshumanizaci\u00f3n en el comportamiento extremo\u00bbPsicolog\u00eda en Radio 3, Canal UNED. 09\/01\/2025Participaci\u00f3n de Laura Blanco en el podcast: QUE DE QU\u00c9 habla el CESEDEN: \u00abCap\u00edtulo 2. Entrevista. La radicalizaci\u00f3n yihadista de los j\u00f3venes en Europa a trav\u00e9s de TikTok\u00bbSpotify. 14\/05\/2024Participaci\u00f3n de \u00c1ngel G\u00f3mez en el podcast:LAS ENTREVISTAS DE AIMAR:\u00a0 \u00ab\u00c1ngel G\u00f3mez, catedr\u00e1tico de psicolog\u00eda social y experto en radicalizaci\u00f3n\u00bbCadena SER. 15\/10\/2023Participaci\u00f3n de \u00c1ngel G\u00f3mez en el podcast:A VISTA DE LOBO: \u00abPalestina, Nagorno Karabaj y la voluntad de luchar en un conflicto\u00bb Cadena SER. 26\/07\/2021Participaci\u00f3n de \u00c1ngel G\u00f3mez en el podcast:AQU\u00cd, AMB JOSEP CUN\u00cd: \u00abENTREVISTA Angel G\u00f3mez\u00bb Cadena SER Catalu\u00f1a. 2021Entrevista&hellip;<\/p>\n<p> <a class=\"more-link\" href=\"https:\/\/blogs.uned.es\/idenfusion\/?page_id=1751\">Leer m\u00e1s<\/a><\/p>\n","protected":false},"author":7907,"featured_media":0,"parent":0,"menu_order":0,"comment_status":"closed","ping_status":"closed","template":"","meta":{"footnotes":""},"class_list":["post-1751","page","type-page","status-publish"],"_links":{"self":[{"href":"https:\/\/blogs.uned.es\/idenfusion\/index.php?rest_route=\/wp\/v2\/pages\/1751","targetHints":{"allow":["GET"]}}],"collection":[{"href":"https:\/\/blogs.uned.es\/idenfusion\/index.php?rest_route=\/wp\/v2\/pages"}],"about":[{"href":"https:\/\/blogs.uned.es\/idenfusion\/index.php?rest_route=\/wp\/v2\/types\/page"}],"author":[{"embeddable":true,"href":"https:\/\/blogs.uned.es\/idenfusion\/index.php?rest_route=\/wp\/v2\/users\/7907"}],"replies":[{"embeddable":true,"href":"https:\/\/blogs.uned.es\/idenfusion\/index.php?rest_route=%2Fwp%2Fv2%2Fcomments&post=1751"}],"version-history":[{"count":529,"href":"https:\/\/blogs.uned.es\/idenfusion\/index.php?rest_route=\/wp\/v2\/pages\/1751\/revisions"}],"predecessor-version":[{"id":8379,"href":"https:\/\/blogs.uned.es\/idenfusion\/index.php?rest_route=\/wp\/v2\/pages\/1751\/revisions\/8379"}],"wp:attachment":[{"href":"https:\/\/blogs.uned.es\/idenfusion\/index.php?rest_route=%2Fwp%2Fv2%2Fmedia&parent=1751"}],"curies":[{"name":"wp","href":"https:\/\/api.w.org\/{rel}","templated":true}]}}