{"id":563,"date":"2019-10-22T13:52:37","date_gmt":"2019-10-22T11:52:37","guid":{"rendered":"http:\/\/blogs.uned.es\/hermeneuticaiuris\/?page_id=563"},"modified":"2022-10-14T21:02:15","modified_gmt":"2022-10-14T19:02:15","slug":"noticias-news","status":"publish","type":"page","link":"https:\/\/blogs.uned.es\/hermeneuticaiuris\/noticias-news\/","title":{"rendered":"Noticias &#8211; News"},"content":{"rendered":"\t\t<div data-elementor-type=\"wp-page\" data-elementor-id=\"563\" class=\"elementor elementor-563\">\n\t\t\t\t\t\t<section class=\"elementor-section elementor-top-section elementor-element elementor-element-9dcc794 elementor-section-boxed elementor-section-height-default elementor-section-height-default\" data-id=\"9dcc794\" data-element_type=\"section\" data-e-type=\"section\">\n\t\t\t\t\t\t<div class=\"elementor-container elementor-column-gap-default\">\n\t\t\t\t\t<div class=\"elementor-column elementor-col-100 elementor-top-column elementor-element elementor-element-5a4968c\" data-id=\"5a4968c\" data-element_type=\"column\" data-e-type=\"column\">\n\t\t\t<div class=\"elementor-widget-wrap elementor-element-populated\">\n\t\t\t\t\t\t<div class=\"elementor-element elementor-element-5467f4c elementor-widget elementor-widget-text-editor\" data-id=\"5467f4c\" data-element_type=\"widget\" data-e-type=\"widget\" data-widget_type=\"text-editor.default\">\n\t\t\t\t<div class=\"elementor-widget-container\">\n\t\t\t\t\t\t\t\t\t<h2><span style=\"color: #006400\">NOVEDADES<\/span><\/h2><div><p>Manuel L\u00e1zaro Pulido, intervendr\u00e1 en la <em>Encyclopedia of Contemporary Constitutionalism<\/em>, editada por la Editorial Springer, con un estudio titulado \u00ab<em>Constitutional Hermeneutic Principles and Constitutional Interpretation<\/em>\u00ab. Esta obra est\u00e1 adem\u00e1s dirigida por nuestra compa\u00f1era Cristina Hermida del Llano.<\/p><p>Juan Antonio G\u00f3mez Garc\u00eda y Manuel L\u00e1zaro Pulido participan en el XXVII Congreso sobre Derecho y Cine, organizada por la Red Iberoamericana de Cine y Derecho, y el Poder Judicial de Per\u00fa, tendr\u00e1 lugar del 28 de septiembre al 3 de octubre de 2020, por modalidad on-line.<\/p><p>Se ha publicado el libro <em>La pandemia del miedo: p\u00e1nico, poder y derecho durante la crisis del Covid-19<\/em>, en la Colecci\u00f3n de Ciencias Jur\u00eddicas de la Editorial Sind\u00e9resis, y en coedici\u00f3n con la Universidad Bernardo O\u00b4Higgins de Chile. El libro responde a la investigaci\u00f3n dentro del Grupo, y ha sido por Manuel L\u00e1zaro Pulido, Juan Antonio G\u00f3mez y Ra\u00fal C. Cancio. En \u00e9l intervienen, adem\u00e1s de los editores, diversos profesores, entre ellos, algunos miembros del GI: Antoni Bordoy, Vicente Llamas, Esteban Anch\u00fastegui, Oscar El\u00eda y Jos\u00e9 Luis Mu\u00f1oz de Baena.<\/p><\/div><div>\u00a0<\/div><p><img decoding=\"async\" class=\"size-medium wp-image-823 alignleft\" src=\"http:\/\/blogs.uned.es\/hermeneuticaiuris\/wp-content\/uploads\/sites\/195\/2020\/04\/Portada-DERECHO-2019-copia-211x300.jpg\" alt=\"\" width=\"151\" height=\"210\" \/>Se ha publicado el volumen 35 de la\u00a0 Revista\u00a0<em>Anuario de la Facultad de Derecho<\/em>\u00a0de la Universidad de Extremadura que dedica su Parte Monogr\u00e1fica a la <strong>Hermen\u00e9utica Jur\u00eddica<\/strong>. Editado por Manuel L\u00e1zaro (UNED) y Juan Antonio G\u00f3mez (UNED)\u00a0 cuenta con la colaboraci\u00f3n entre otros de Mauricio Beuchot (UNAM), Napole\u00f3n Conde (Escuela Superior de Turismo, Instituto Polit\u00e9cnico Nacional, M\u00e9xico), Ra\u00fal C. Cancio (Tribunal Supremo de Espa\u00f1a); \u00c1ngel Cubo (Direcci\u00f3 General de la Inspecci\u00f3 de Treball). Pod\u00e9is entrar en el siguiente enlace:\u00a0<a href=\"https:\/\/publicaciones.unex.es\/index.php\/AFD\/issue\/view\/1\">AQU\u00cd<\/a>2<\/p>\t\t\t\t\t\t\t\t<\/div>\n\t\t\t\t<\/div>\n\t\t\t\t\t<\/div>\n\t\t<\/div>\n\t\t\t\t\t<\/div>\n\t\t<\/section>\n\t\t\t\t<section class=\"elementor-section elementor-top-section elementor-element elementor-element-71648a5 elementor-section-boxed elementor-section-height-default elementor-section-height-default\" data-id=\"71648a5\" data-element_type=\"section\" data-e-type=\"section\">\n\t\t\t\t\t\t<div class=\"elementor-container elementor-column-gap-default\">\n\t\t\t\t\t<div class=\"elementor-column elementor-col-50 elementor-top-column elementor-element elementor-element-b45eeeb\" data-id=\"b45eeeb\" data-element_type=\"column\" data-e-type=\"column\">\n\t\t\t<div class=\"elementor-widget-wrap elementor-element-populated\">\n\t\t\t\t\t\t<div class=\"elementor-element elementor-element-83d1419 elementor-widget elementor-widget-text-editor\" data-id=\"83d1419\" data-element_type=\"widget\" data-e-type=\"widget\" data-widget_type=\"text-editor.default\">\n\t\t\t\t<div class=\"elementor-widget-container\">\n\t\t\t\t\t\t\t\t\t<p>El Grupo de Investigaci\u00f3n participa como colaboraci\u00f3n en el Ier Encuentro de Filosof\u00eda Jur\u00eddica \u00abLos fundamentos filos\u00f3ficos y jur\u00eddicos de los Derechos Humanos\u00bb organizado por el Seminario de Estudios: Filosof\u00eda Jur\u00eddica de la Real Academia de Jurisprudencia y Legislaci\u00f3n de Extremadura. Tanto el Encuentro como el Seminario son coordinados por Manuel L\u00e1zaro Pulido.<\/p><p>Tendr\u00e1 lugar los d\u00edas 3 y 4 de noviembre de 2022, en la Facultad Derecho de la Universidad de Extremadura, en la ciudad de C\u00e1ceres.<\/p>\t\t\t\t\t\t\t\t<\/div>\n\t\t\t\t<\/div>\n\t\t\t\t\t<\/div>\n\t\t<\/div>\n\t\t\t\t<div class=\"elementor-column elementor-col-50 elementor-top-column elementor-element elementor-element-7c09f0e\" data-id=\"7c09f0e\" data-element_type=\"column\" data-e-type=\"column\">\n\t\t\t<div class=\"elementor-widget-wrap\">\n\t\t\t\t\t\t\t<\/div>\n\t\t<\/div>\n\t\t\t\t\t<\/div>\n\t\t<\/section>\n\t\t\t\t<section class=\"elementor-section elementor-top-section elementor-element elementor-element-47e0601 elementor-section-boxed elementor-section-height-default elementor-section-height-default\" data-id=\"47e0601\" data-element_type=\"section\" data-e-type=\"section\">\n\t\t\t\t\t\t<div class=\"elementor-container elementor-column-gap-default\">\n\t\t\t\t\t<div class=\"elementor-column elementor-col-100 elementor-top-column elementor-element elementor-element-1f5460e\" data-id=\"1f5460e\" data-element_type=\"column\" data-e-type=\"column\">\n\t\t\t<div class=\"elementor-widget-wrap elementor-element-populated\">\n\t\t\t\t\t\t<div class=\"elementor-element elementor-element-c847d87 elementor-widget elementor-widget-text-editor\" data-id=\"c847d87\" data-element_type=\"widget\" data-e-type=\"widget\" data-widget_type=\"text-editor.default\">\n\t\t\t\t<div class=\"elementor-widget-container\">\n\t\t\t\t\t\t\t\t\t<h2><img fetchpriority=\"high\" decoding=\"async\" class=\"alignnone size-full wp-image-761\" src=\"http:\/\/blogs.uned.es\/hermeneuticaiuris\/wp-content\/uploads\/sites\/195\/2019\/11\/PHOTO-2019-11-05-18-16-11.jpg\" alt=\"\" width=\"1984\" height=\"1120\" srcset=\"https:\/\/blogs.uned.es\/hermeneuticaiuris\/wp-content\/uploads\/sites\/195\/2019\/11\/PHOTO-2019-11-05-18-16-11.jpg 1984w, https:\/\/blogs.uned.es\/hermeneuticaiuris\/wp-content\/uploads\/sites\/195\/2019\/11\/PHOTO-2019-11-05-18-16-11-300x169.jpg 300w, https:\/\/blogs.uned.es\/hermeneuticaiuris\/wp-content\/uploads\/sites\/195\/2019\/11\/PHOTO-2019-11-05-18-16-11-768x434.jpg 768w, https:\/\/blogs.uned.es\/hermeneuticaiuris\/wp-content\/uploads\/sites\/195\/2019\/11\/PHOTO-2019-11-05-18-16-11-1024x578.jpg 1024w\" sizes=\"(max-width: 1984px) 100vw, 1984px\" \/>L\u00ednea de Investigaci\u00f3n: Estudios culturales del Derecho<\/h2><p>El d\u00eda 5 de noviembre tuvo lugar en la Filmoteca Nacional &#8211; Cine Dor\u00e9 a las 17:30 \u00b7 Sala 1 \u00b7 <u>Sesi\u00f3n especial: <\/u><\/p><p><strong>Los sobornados (The Big Heat, Fritz Lang, 1953)<\/strong>. Int.: Glenn Ford, Gloria Grahame, Jocelyn Brando, Lee Marvin, Willis Bouchey. EEUU. 35 mm. VOSE. 89\u2019.<\/p><p>Con la Presentaci\u00f3n del libro <strong>&#8216;Poner el dedo en la llaga\u2026 Moral, pol\u00edtica y derecho en el cine de Fritz Lang&#8217;<\/strong> a cargo Manuel L\u00e1zaro Pulido, director de contenidos de la editorial Sind\u00e9resis; Jos\u00e9 Luis Mu\u00f1oz de Baena, profesor de la Facultad de Derecho de la UNED; y el autor y profesor de Filosof\u00eda Jur\u00eddica, <strong>Juan Antonio G\u00f3mez<\/strong>. Se trata de una actividad del Grupo de Investigaci\u00f3n.<\/p><p><img decoding=\"async\" class=\"alignnone size-full wp-image-765\" src=\"http:\/\/blogs.uned.es\/hermeneuticaiuris\/wp-content\/uploads\/sites\/195\/2019\/11\/PHOTO-2019-11-05-18-16-09.jpg\" alt=\"\" width=\"1984\" height=\"1120\" srcset=\"https:\/\/blogs.uned.es\/hermeneuticaiuris\/wp-content\/uploads\/sites\/195\/2019\/11\/PHOTO-2019-11-05-18-16-09.jpg 1984w, https:\/\/blogs.uned.es\/hermeneuticaiuris\/wp-content\/uploads\/sites\/195\/2019\/11\/PHOTO-2019-11-05-18-16-09-300x169.jpg 300w, https:\/\/blogs.uned.es\/hermeneuticaiuris\/wp-content\/uploads\/sites\/195\/2019\/11\/PHOTO-2019-11-05-18-16-09-768x434.jpg 768w, https:\/\/blogs.uned.es\/hermeneuticaiuris\/wp-content\/uploads\/sites\/195\/2019\/11\/PHOTO-2019-11-05-18-16-09-1024x578.jpg 1024w\" sizes=\"(max-width: 1984px) 100vw, 1984px\" \/><\/p><p>En la foto: Jos\u00e9 Luis Mu\u00f1oz de Baena, Juan Antonio G\u00f3mez Garc\u00eda y Manuel L\u00e1zaro Pulido<\/p><p><img loading=\"lazy\" decoding=\"async\" class=\"alignnone size-full wp-image-753\" src=\"http:\/\/blogs.uned.es\/hermeneuticaiuris\/wp-content\/uploads\/sites\/195\/2019\/11\/IMG_7848-e1573294239725.jpg\" alt=\"\" width=\"2448\" height=\"3264\" srcset=\"https:\/\/blogs.uned.es\/hermeneuticaiuris\/wp-content\/uploads\/sites\/195\/2019\/11\/IMG_7848-e1573294239725.jpg 2448w, https:\/\/blogs.uned.es\/hermeneuticaiuris\/wp-content\/uploads\/sites\/195\/2019\/11\/IMG_7848-e1573294239725-225x300.jpg 225w, https:\/\/blogs.uned.es\/hermeneuticaiuris\/wp-content\/uploads\/sites\/195\/2019\/11\/IMG_7848-e1573294239725-768x1024.jpg 768w\" sizes=\"(max-width: 2448px) 100vw, 2448px\" \/><\/p><p><img loading=\"lazy\" decoding=\"async\" class=\"alignnone size-full wp-image-763\" src=\"http:\/\/blogs.uned.es\/hermeneuticaiuris\/wp-content\/uploads\/sites\/195\/2019\/11\/PHOTO-2019-11-05-18-16-10.jpg\" alt=\"\" width=\"1984\" height=\"1120\" srcset=\"https:\/\/blogs.uned.es\/hermeneuticaiuris\/wp-content\/uploads\/sites\/195\/2019\/11\/PHOTO-2019-11-05-18-16-10.jpg 1984w, https:\/\/blogs.uned.es\/hermeneuticaiuris\/wp-content\/uploads\/sites\/195\/2019\/11\/PHOTO-2019-11-05-18-16-10-300x169.jpg 300w, https:\/\/blogs.uned.es\/hermeneuticaiuris\/wp-content\/uploads\/sites\/195\/2019\/11\/PHOTO-2019-11-05-18-16-10-768x434.jpg 768w, https:\/\/blogs.uned.es\/hermeneuticaiuris\/wp-content\/uploads\/sites\/195\/2019\/11\/PHOTO-2019-11-05-18-16-10-1024x578.jpg 1024w\" sizes=\"(max-width: 1984px) 100vw, 1984px\" \/><\/p><p><img loading=\"lazy\" decoding=\"async\" class=\"alignnone size-full wp-image-767\" src=\"http:\/\/blogs.uned.es\/hermeneuticaiuris\/wp-content\/uploads\/sites\/195\/2019\/11\/PHOTO-2019-11-05-18-16-08_2.jpg\" alt=\"\" width=\"1984\" height=\"1120\" srcset=\"https:\/\/blogs.uned.es\/hermeneuticaiuris\/wp-content\/uploads\/sites\/195\/2019\/11\/PHOTO-2019-11-05-18-16-08_2.jpg 1984w, https:\/\/blogs.uned.es\/hermeneuticaiuris\/wp-content\/uploads\/sites\/195\/2019\/11\/PHOTO-2019-11-05-18-16-08_2-300x169.jpg 300w, https:\/\/blogs.uned.es\/hermeneuticaiuris\/wp-content\/uploads\/sites\/195\/2019\/11\/PHOTO-2019-11-05-18-16-08_2-768x434.jpg 768w, https:\/\/blogs.uned.es\/hermeneuticaiuris\/wp-content\/uploads\/sites\/195\/2019\/11\/PHOTO-2019-11-05-18-16-08_2-1024x578.jpg 1024w\" sizes=\"(max-width: 1984px) 100vw, 1984px\" \/><\/p><p><img loading=\"lazy\" decoding=\"async\" class=\"alignnone size-full wp-image-757\" src=\"http:\/\/blogs.uned.es\/hermeneuticaiuris\/wp-content\/uploads\/sites\/195\/2019\/11\/PHOTO-2019-11-05-18-16-12.jpg\" alt=\"\" width=\"1984\" height=\"1120\" srcset=\"https:\/\/blogs.uned.es\/hermeneuticaiuris\/wp-content\/uploads\/sites\/195\/2019\/11\/PHOTO-2019-11-05-18-16-12.jpg 1984w, https:\/\/blogs.uned.es\/hermeneuticaiuris\/wp-content\/uploads\/sites\/195\/2019\/11\/PHOTO-2019-11-05-18-16-12-300x169.jpg 300w, https:\/\/blogs.uned.es\/hermeneuticaiuris\/wp-content\/uploads\/sites\/195\/2019\/11\/PHOTO-2019-11-05-18-16-12-768x434.jpg 768w, https:\/\/blogs.uned.es\/hermeneuticaiuris\/wp-content\/uploads\/sites\/195\/2019\/11\/PHOTO-2019-11-05-18-16-12-1024x578.jpg 1024w\" sizes=\"(max-width: 1984px) 100vw, 1984px\" \/><\/p>\t\t\t\t\t\t\t\t<\/div>\n\t\t\t\t<\/div>\n\t\t\t\t\t<\/div>\n\t\t<\/div>\n\t\t\t\t\t<\/div>\n\t\t<\/section>\n\t\t\t\t<section class=\"elementor-section elementor-top-section elementor-element elementor-element-812a5b7 elementor-section-boxed elementor-section-height-default elementor-section-height-default\" data-id=\"812a5b7\" data-element_type=\"section\" data-e-type=\"section\">\n\t\t\t\t\t\t<div class=\"elementor-container elementor-column-gap-default\">\n\t\t\t\t\t<div class=\"elementor-column elementor-col-100 elementor-top-column elementor-element elementor-element-d820cfd\" data-id=\"d820cfd\" data-element_type=\"column\" data-e-type=\"column\">\n\t\t\t<div class=\"elementor-widget-wrap elementor-element-populated\">\n\t\t\t\t\t\t<div class=\"elementor-element elementor-element-9584f1a elementor-widget elementor-widget-text-editor\" data-id=\"9584f1a\" data-element_type=\"widget\" data-e-type=\"widget\" data-widget_type=\"text-editor.default\">\n\t\t\t\t<div class=\"elementor-widget-container\">\n\t\t\t\t\t\t\t\t\t<p>Tambi\u00e9n ha sido publicada la entrevista: \u00abPoner el dedo en la llaga. Moral, pol\u00edtica y derecho en el cine de Fritz Lang\u00bb, en Radio 3 y Radio UNED.<\/p><p class=\"qa-player-description description\">A trav\u00e9s de las p\u00e1ginas de este libro, su autor, Juan Antonio G\u00f3mez Garc\u00eda, analiza desde la perspectiva de las Ciencias Sociales, la \u00e9poca en la que vivi\u00f3 el cineasta austriaco Fritz Lang (1890-1976). Pel\u00edculas como <i>M, el vampiro de D\u00fcseldorf<\/i>,\u00a0 <i>Metr\u00f3polis<\/i> o <i>Furia<\/i>, dan paso al an\u00e1lisis del conflicto social, la desobediencia civil, y las relaciones entre psicoan\u00e1lisis y crimen, entre otros muchos temas.<\/p><div class=\"qa-player-series\"><strong>Serie:<\/strong> <a href=\"https:\/\/canal.uned.es\/series\/5a6faddfb1111f50318b4569\"> Derecho en Radio 3 <\/a><\/div><div class=\"qa-player-series\"><div class=\"persons\"><p><span class=\"person\"> <strong> Juan Antonio G\u00f3mez Garc\u00eda <\/strong> <\/span> <small style=\"color: #666\">profesor de Filosof\u00eda Jur\u00eddica, UNED<\/small><\/p><p><span class=\"person\"> <strong> Manuel L\u00e1zaro Pulido <\/strong> <\/span> <small style=\"color: #666\">profesor de Filosof\u00eda, UNED<\/small><\/p><\/div><\/div><h5><a style=\"font-family: -webkit-standard;font-style: normal;font-weight: normal;letter-spacing: normal;text-align: start;text-indent: 0px\" title=\"https:\/\/canal.uned.es\/video\/5dae9d41a3eeb0810d8b456d\" href=\"https:\/\/canal.uned.es\/video\/5dae9d41a3eeb0810d8b456d\">Enlace: https:\/\/canal.uned.es\/video\/5dae9d41a3eeb0810d8b456<\/a><\/h5><div><div class=\"col-xs-12\"><div class=\"material\"><a href=\"https:\/\/canal.uned.es\/trackfile\/5dae9de2a3eeb0680e8b4567.m4a?forcedl=1\"> Descargar este audio <span class=\"pull-right\">26.86MB<\/span> <\/a><\/div><\/div><\/div>\t\t\t\t\t\t\t\t<\/div>\n\t\t\t\t<\/div>\n\t\t\t\t\t<\/div>\n\t\t<\/div>\n\t\t\t\t\t<\/div>\n\t\t<\/section>\n\t\t\t\t<section class=\"elementor-section elementor-top-section elementor-element elementor-element-3210893 elementor-section-boxed elementor-section-height-default elementor-section-height-default\" data-id=\"3210893\" data-element_type=\"section\" data-e-type=\"section\">\n\t\t\t\t\t\t<div class=\"elementor-container elementor-column-gap-default\">\n\t\t\t\t\t<div class=\"elementor-column elementor-col-100 elementor-top-column elementor-element elementor-element-77ae59c\" data-id=\"77ae59c\" data-element_type=\"column\" data-e-type=\"column\">\n\t\t\t<div class=\"elementor-widget-wrap elementor-element-populated\">\n\t\t\t\t\t\t<div class=\"elementor-element elementor-element-99fc560 elementor-widget elementor-widget-text-editor\" data-id=\"99fc560\" data-element_type=\"widget\" data-e-type=\"widget\" data-widget_type=\"text-editor.default\">\n\t\t\t\t<div class=\"elementor-widget-container\">\n\t\t\t\t\t\t\t\t\t<h3>Cowboys de Medianoche<\/h3><p>Tambi\u00e9n ha tenido lugar una presentaci\u00f3n del libro en el programa de radio de cine <i>Cowboys de Medianoche,<\/i> de EsRadio, por parte del autor, con Luis Alberto de Cuenca, Eduardo Torres-Dulce, Jos\u00e9 Luis Garci y Luis Herrero.<\/p><p>Pod\u00e9is o\u00edrlo en el siguiente enlace: <a href=\"https:\/\/esradio.libertaddigital.com\/fonoteca\/2019-11-15\/cowboys-de-medianoche-la-filmografia-de-fritz-lang-143167.html\">https:\/\/esradio.libertaddigital.com\/fonoteca\/2019-11-15\/cowboys-de-medianoche-la-filmografia-de-fritz-lang-143167.html<\/a><\/p><p><img loading=\"lazy\" decoding=\"async\" class=\"alignnone size-full wp-image-781\" src=\"http:\/\/blogs.uned.es\/hermeneuticaiuris\/wp-content\/uploads\/sites\/195\/2019\/11\/Cowboys.jpg\" alt=\"\" width=\"1984\" height=\"1120\" srcset=\"https:\/\/blogs.uned.es\/hermeneuticaiuris\/wp-content\/uploads\/sites\/195\/2019\/11\/Cowboys.jpg 1984w, https:\/\/blogs.uned.es\/hermeneuticaiuris\/wp-content\/uploads\/sites\/195\/2019\/11\/Cowboys-300x169.jpg 300w, https:\/\/blogs.uned.es\/hermeneuticaiuris\/wp-content\/uploads\/sites\/195\/2019\/11\/Cowboys-768x434.jpg 768w, https:\/\/blogs.uned.es\/hermeneuticaiuris\/wp-content\/uploads\/sites\/195\/2019\/11\/Cowboys-1024x578.jpg 1024w\" sizes=\"(max-width: 1984px) 100vw, 1984px\" \/><\/p><p>En la foto: Luis Alberto de Cuenca, Juan Antonio G\u00f3mez, Eduardo Torres-Dulce, Jos\u00e9 Luis Garci y Luis Herrero.<\/p>\t\t\t\t\t\t\t\t<\/div>\n\t\t\t\t<\/div>\n\t\t\t\t\t<\/div>\n\t\t<\/div>\n\t\t\t\t\t<\/div>\n\t\t<\/section>\n\t\t\t\t<\/div>\n\t\t","protected":false},"excerpt":{"rendered":"<p>NOVEDADES Manuel L\u00e1zaro Pulido, intervendr\u00e1 en la Encyclopedia of Contemporary Constitutionalism, editada por la Editorial Springer, con un estudio titulado \u00abConstitutional Hermeneutic Principles and Constitutional Interpretation\u00ab. Esta obra est\u00e1 adem\u00e1s dirigida por nuestra compa\u00f1era Cristina Hermida del Llano. Juan Antonio G\u00f3mez Garc\u00eda y Manuel L\u00e1zaro Pulido participan en el XXVII Congreso sobre Derecho y Cine, organizada por la Red Iberoamericana de Cine y Derecho, y el Poder Judicial de Per\u00fa, tendr\u00e1 lugar del 28 de septiembre al 3 de octubre de 2020, por modalidad on-line. Se ha publicado el libro La pandemia del miedo: p\u00e1nico, poder y derecho durante la crisis del Covid-19, en la Colecci\u00f3n de Ciencias Jur\u00eddicas de la Editorial Sind\u00e9resis, y en coedici\u00f3n con la Universidad Bernardo O\u00b4Higgins de Chile. El libro responde a la investigaci\u00f3n dentro del Grupo, y ha sido por Manuel L\u00e1zaro Pulido, Juan Antonio G\u00f3mez y Ra\u00fal C. Cancio. En \u00e9l intervienen, adem\u00e1s&hellip;<\/p>\n<p> <a class=\"more-link\" href=\"https:\/\/blogs.uned.es\/hermeneuticaiuris\/noticias-news\/\">Leer m\u00e1s<\/a><\/p>\n","protected":false},"author":7131,"featured_media":0,"parent":0,"menu_order":0,"comment_status":"closed","ping_status":"closed","template":"","meta":{"footnotes":""},"class_list":["post-563","page","type-page","status-publish"],"_links":{"self":[{"href":"https:\/\/blogs.uned.es\/hermeneuticaiuris\/wp-json\/wp\/v2\/pages\/563","targetHints":{"allow":["GET"]}}],"collection":[{"href":"https:\/\/blogs.uned.es\/hermeneuticaiuris\/wp-json\/wp\/v2\/pages"}],"about":[{"href":"https:\/\/blogs.uned.es\/hermeneuticaiuris\/wp-json\/wp\/v2\/types\/page"}],"author":[{"embeddable":true,"href":"https:\/\/blogs.uned.es\/hermeneuticaiuris\/wp-json\/wp\/v2\/users\/7131"}],"replies":[{"embeddable":true,"href":"https:\/\/blogs.uned.es\/hermeneuticaiuris\/wp-json\/wp\/v2\/comments?post=563"}],"version-history":[{"count":21,"href":"https:\/\/blogs.uned.es\/hermeneuticaiuris\/wp-json\/wp\/v2\/pages\/563\/revisions"}],"predecessor-version":[{"id":919,"href":"https:\/\/blogs.uned.es\/hermeneuticaiuris\/wp-json\/wp\/v2\/pages\/563\/revisions\/919"}],"wp:attachment":[{"href":"https:\/\/blogs.uned.es\/hermeneuticaiuris\/wp-json\/wp\/v2\/media?parent=563"}],"curies":[{"name":"wp","href":"https:\/\/api.w.org\/{rel}","templated":true}]}}