{"id":6257,"date":"2026-02-24T06:50:19","date_gmt":"2026-02-24T05:50:19","guid":{"rendered":"https:\/\/blogs.uned.es\/grupointer\/?page_id=6257"},"modified":"2026-02-24T06:50:19","modified_gmt":"2026-02-24T05:50:19","slug":"adolescentes-discursos","status":"publish","type":"page","link":"https:\/\/blogs.uned.es\/grupointer\/adolescentes-discursos\/","title":{"rendered":"Adolescentes frente a los discursos de odio"},"content":{"rendered":"\t\t<div data-elementor-type=\"wp-post\" data-elementor-id=\"6257\" class=\"elementor elementor-6257\">\n\t\t\t\t\t\t<section class=\"elementor-section elementor-top-section elementor-element elementor-element-57e38158 elementor-section-content-middle elementor-section-boxed elementor-section-height-default elementor-section-height-default\" data-id=\"57e38158\" data-element_type=\"section\" data-e-type=\"section\">\n\t\t\t\t\t\t<div class=\"elementor-container elementor-column-gap-no\">\n\t\t\t\t\t<div class=\"elementor-column elementor-col-50 elementor-top-column elementor-element elementor-element-82c660\" data-id=\"82c660\" data-element_type=\"column\" data-e-type=\"column\">\n\t\t\t<div class=\"elementor-widget-wrap elementor-element-populated\">\n\t\t\t\t\t\t<div class=\"elementor-element elementor-element-571ddb8a elementor-widget-divider--view-line elementor-widget elementor-widget-divider\" data-id=\"571ddb8a\" data-element_type=\"widget\" data-e-type=\"widget\" data-widget_type=\"divider.default\">\n\t\t\t\t<div class=\"elementor-widget-container\">\n\t\t\t\t\t\t\t<div class=\"elementor-divider\">\n\t\t\t<span class=\"elementor-divider-separator\">\n\t\t\t\t\t\t<\/span>\n\t\t<\/div>\n\t\t\t\t\t\t<\/div>\n\t\t\t\t<\/div>\n\t\t\t\t\t<\/div>\n\t\t<\/div>\n\t\t\t\t<div class=\"elementor-column elementor-col-50 elementor-top-column elementor-element elementor-element-6d44821\" data-id=\"6d44821\" data-element_type=\"column\" data-e-type=\"column\">\n\t\t\t<div class=\"elementor-widget-wrap elementor-element-populated\">\n\t\t\t\t\t\t<div class=\"elementor-element elementor-element-4ee13c0c elementor-widget elementor-widget-heading\" data-id=\"4ee13c0c\" data-element_type=\"widget\" data-e-type=\"widget\" data-widget_type=\"heading.default\">\n\t\t\t\t<div class=\"elementor-widget-container\">\n\t\t\t\t\t<h4 class=\"elementor-heading-title elementor-size-default\">ADOLESCENTES FRENTE A LOS DISCURSOS DE ODIO. <\/br> Una investigaci\u00f3n participativa para identificar escenarios, agentes y estrategias para afrontarlos  <\/br> (2020 -2021)<\/h4>\t\t\t\t<\/div>\n\t\t\t\t<\/div>\n\t\t\t\t<div class=\"elementor-element elementor-element-1915312 elementor-widget elementor-widget-text-editor\" data-id=\"1915312\" data-element_type=\"widget\" data-e-type=\"widget\" data-widget_type=\"text-editor.default\">\n\t\t\t\t<div class=\"elementor-widget-container\">\n\t\t\t\t\t\t\t\t\t<div id=\"feature_box_right\"><p><b>CENTRO REINA SOF\u00cdA SOBRE ADOLESCENCIA Y<\/b> <strong>JUVENTUD<\/strong>, FUNDACI\u00d3N DE AYUDA CONTRA LA DROGADICCI\u00d3N (FAD). Convocatoria \u201cAyudas a la Investigaci\u00f3n 2019\u201d<\/p><p><b>Coordinadora<\/b>: Teresa Aguado<\/p><p><strong>Duraci\u00f3n<\/strong>: Febrero 2020 \u2013 Julio 2021<\/p><\/div>\t\t\t\t\t\t\t\t<\/div>\n\t\t\t\t<\/div>\n\t\t\t\t\t<\/div>\n\t\t<\/div>\n\t\t\t\t\t<\/div>\n\t\t<\/section>\n\t\t\t\t<section class=\"elementor-section elementor-top-section elementor-element elementor-element-4636a0e elementor-section-boxed elementor-section-height-default elementor-section-height-default\" data-id=\"4636a0e\" data-element_type=\"section\" data-e-type=\"section\">\n\t\t\t\t\t\t<div class=\"elementor-container elementor-column-gap-default\">\n\t\t\t\t\t<div class=\"elementor-column elementor-col-100 elementor-top-column elementor-element elementor-element-1a77095\" data-id=\"1a77095\" data-element_type=\"column\" data-e-type=\"column\">\n\t\t\t<div class=\"elementor-widget-wrap elementor-element-populated\">\n\t\t\t\t\t\t<div class=\"elementor-element elementor-element-ee40f78 elementor-widget elementor-widget-text-editor\" data-id=\"ee40f78\" data-element_type=\"widget\" data-e-type=\"widget\" data-widget_type=\"text-editor.default\">\n\t\t\t\t<div class=\"elementor-widget-container\">\n\t\t\t\t\t\t\t\t\t<p><b>OBJETIVOS<\/b><\/p>\n<p>El objetivo principal de este proyecto de investigaci\u00f3n es comprender el significado que otorgan los\/as adolescentes a los discursos del odio para, en un segundo momento, con su participaci\u00f3n y en di\u00e1logo con ellos y ellas, elaborar materiales y recursos formativos que promuevan una educaci\u00f3n cr\u00edtica.<\/p>\n<p>De manera m\u00e1s espec\u00edfica, se pretende:<\/p>\n<ul>\n<li>Conocer y analizar cu\u00e1les son los principales escenarios y agentes sociales en los que identifican tales discursos;<\/li>\n<li>Indagar en las estrategias o actitudes que adoptan frente a ellos desde sus cotidianidades;<\/li>\n<li>Enunciar propuestas para responder de manera creativa y cr\u00edtica a los discursos del odio.<\/li>\n<\/ul>\n<p><b>PARTICIPANTES<\/b><\/p>\n<p><b>Coordinadora:<\/b><\/p>\n<p>Teresa Aguado Odina (UNED)<\/p>\n<p><b>Equipo de investigaci\u00f3n:<\/b><\/p>\n<p>UNED: Alba Quir\u00f3s Guindal, Noemi Laforgue Bullido, Alberto Izquierdo Montero, Patricia Mata Benito, Beatriz Malik Li\u00e9vano, H\u00e9ctor Melero, In\u00e9s Gil-Jaurena, Bel\u00e9n Ballesteros Vel\u00e1zquez, Javier Morentin Encina, \u00cd\u00f1igo Lor\u00f3n Diaz<\/p>\n<p>Universidad de Barcelona: Valeria de Ormaechea Otalora<\/p>\n<p>Universidad de Islas Baleares Coru\u00f1a: David Abril Herv\u00e1s<\/p>\n<p><b>RESULTADOS<\/b><\/p>\n<p><b>Art\u00edculo de contexto<br><\/b><\/p>\n<ul>\n<li>Izquierdo-Montero, A. y Aguado-Odina, T. (2020). Discursos de odio: una investigaci\u00f3n para hablar de ello en centros educativos. <i>Profesorado. Revista de Curr\u00edculum y Formaci\u00f3n de Profesorado, 24<\/i>(3), 175-195. <a href=\"https:\/\/doi.org\/10.30827\/profesorado.v24i3.15385\">https:\/\/doi.org\/10.30827\/profesorado.v24i3.15385<\/a><\/li>\n<\/ul>\n<p><b>Material audiovisual<\/b><\/p>\t\t\t\t\t\t\t\t<\/div>\n\t\t\t\t<\/div>\n\t\t\t\t<div class=\"elementor-element elementor-element-d483c3e elementor-widget elementor-widget-video\" data-id=\"d483c3e\" data-element_type=\"widget\" data-e-type=\"widget\" data-settings=\"{&quot;youtube_url&quot;:&quot;https:\\\/\\\/www.youtube.com\\\/watch?v=4sR6LZGRQ7k&quot;,&quot;video_type&quot;:&quot;youtube&quot;,&quot;controls&quot;:&quot;yes&quot;}\" data-widget_type=\"video.default\">\n\t\t\t\t<div class=\"elementor-widget-container\">\n\t\t\t\t\t\t\t<div class=\"elementor-wrapper elementor-open-inline\">\n\t\t\t<div class=\"elementor-video\"><\/div>\t\t<\/div>\n\t\t\t\t\t\t<\/div>\n\t\t\t\t<\/div>\n\t\t\t\t<div class=\"elementor-element elementor-element-f78c294 elementor-widget elementor-widget-video\" data-id=\"f78c294\" data-element_type=\"widget\" data-e-type=\"widget\" data-settings=\"{&quot;youtube_url&quot;:&quot;https:\\\/\\\/www.youtube.com\\\/watch?v=ewq2Gb8Pg_A&quot;,&quot;video_type&quot;:&quot;youtube&quot;,&quot;controls&quot;:&quot;yes&quot;}\" data-widget_type=\"video.default\">\n\t\t\t\t<div class=\"elementor-widget-container\">\n\t\t\t\t\t\t\t<div class=\"elementor-wrapper elementor-open-inline\">\n\t\t\t<div class=\"elementor-video\"><\/div>\t\t<\/div>\n\t\t\t\t\t\t<\/div>\n\t\t\t\t<\/div>\n\t\t\t\t\t<\/div>\n\t\t<\/div>\n\t\t\t\t\t<\/div>\n\t\t<\/section>\n\t\t\t\t<\/div>\n\t\t","protected":false},"excerpt":{"rendered":"<p>ADOLESCENTES FRENTE A LOS DISCURSOS DE ODIO. Una investigaci\u00f3n participativa para identificar escenarios, agentes y estrategias para afrontarlos (2020 -2021) CENTRO REINA SOF\u00cdA SOBRE ADOLESCENCIA Y JUVENTUD, FUNDACI\u00d3N DE AYUDA CONTRA LA DROGADICCI\u00d3N (FAD). Convocatoria \u201cAyudas a la Investigaci\u00f3n 2019\u201d Coordinadora: Teresa Aguado Duraci\u00f3n: Febrero 2020 \u2013 Julio 2021 OBJETIVOS El objetivo principal de este [&hellip;]<\/p>\n","protected":false},"author":7641,"featured_media":0,"parent":0,"menu_order":0,"comment_status":"closed","ping_status":"closed","template":"","meta":{"footnotes":""},"class_list":["post-6257","page","type-page","status-publish","czr-hentry"],"_links":{"self":[{"href":"https:\/\/blogs.uned.es\/grupointer\/wp-json\/wp\/v2\/pages\/6257","targetHints":{"allow":["GET"]}}],"collection":[{"href":"https:\/\/blogs.uned.es\/grupointer\/wp-json\/wp\/v2\/pages"}],"about":[{"href":"https:\/\/blogs.uned.es\/grupointer\/wp-json\/wp\/v2\/types\/page"}],"author":[{"embeddable":true,"href":"https:\/\/blogs.uned.es\/grupointer\/wp-json\/wp\/v2\/users\/7641"}],"replies":[{"embeddable":true,"href":"https:\/\/blogs.uned.es\/grupointer\/wp-json\/wp\/v2\/comments?post=6257"}],"version-history":[{"count":1,"href":"https:\/\/blogs.uned.es\/grupointer\/wp-json\/wp\/v2\/pages\/6257\/revisions"}],"predecessor-version":[{"id":6287,"href":"https:\/\/blogs.uned.es\/grupointer\/wp-json\/wp\/v2\/pages\/6257\/revisions\/6287"}],"wp:attachment":[{"href":"https:\/\/blogs.uned.es\/grupointer\/wp-json\/wp\/v2\/media?parent=6257"}],"curies":[{"name":"wp","href":"https:\/\/api.w.org\/{rel}","templated":true}]}}