{"id":2753,"date":"2023-03-18T23:47:41","date_gmt":"2023-03-18T22:47:41","guid":{"rendered":"https:\/\/blogs.uned.es\/grupointer\/?page_id=2753"},"modified":"2023-03-18T23:50:24","modified_gmt":"2023-03-18T22:50:24","slug":"racismo-adolescencia-e-inmigracion","status":"publish","type":"page","link":"https:\/\/blogs.uned.es\/grupointer\/racismo-adolescencia-e-inmigracion\/","title":{"rendered":"Racismo, Adolescencia e Inmigraci\u00f3n"},"content":{"rendered":"\t\t<div data-elementor-type=\"wp-post\" data-elementor-id=\"2753\" class=\"elementor elementor-2753\">\n\t\t\t\t\t\t<section class=\"elementor-section elementor-top-section elementor-element elementor-element-57e38158 elementor-section-content-middle elementor-section-boxed elementor-section-height-default elementor-section-height-default\" data-id=\"57e38158\" data-element_type=\"section\" data-e-type=\"section\">\n\t\t\t\t\t\t<div class=\"elementor-container elementor-column-gap-no\">\n\t\t\t\t\t<div class=\"elementor-column elementor-col-50 elementor-top-column elementor-element elementor-element-82c660\" data-id=\"82c660\" data-element_type=\"column\" data-e-type=\"column\">\n\t\t\t<div class=\"elementor-widget-wrap elementor-element-populated\">\n\t\t\t\t\t\t<div class=\"elementor-element elementor-element-571ddb8a elementor-widget-divider--view-line elementor-widget elementor-widget-divider\" data-id=\"571ddb8a\" data-element_type=\"widget\" data-e-type=\"widget\" data-widget_type=\"divider.default\">\n\t\t\t\t<div class=\"elementor-widget-container\">\n\t\t\t\t\t\t\t<div class=\"elementor-divider\">\n\t\t\t<span class=\"elementor-divider-separator\">\n\t\t\t\t\t\t<\/span>\n\t\t<\/div>\n\t\t\t\t\t\t<\/div>\n\t\t\t\t<\/div>\n\t\t\t\t\t<\/div>\n\t\t<\/div>\n\t\t\t\t<div class=\"elementor-column elementor-col-50 elementor-top-column elementor-element elementor-element-6d44821\" data-id=\"6d44821\" data-element_type=\"column\" data-e-type=\"column\">\n\t\t\t<div class=\"elementor-widget-wrap elementor-element-populated\">\n\t\t\t\t\t\t<div class=\"elementor-element elementor-element-4ee13c0c elementor-widget elementor-widget-heading\" data-id=\"4ee13c0c\" data-element_type=\"widget\" data-e-type=\"widget\" data-widget_type=\"heading.default\">\n\t\t\t\t<div class=\"elementor-widget-container\">\n\t\t\t\t\t<h4 class=\"elementor-heading-title elementor-size-default\">RACISMO, ADOLESCENCIA E INMIGRACI\u00d3N. IM\u00c1GENES Y EXPERIENCIAS DEL RACISMO EN ADOLESCENTES Y J\u00d3VENES (2005)<\/h4>\t\t\t\t<\/div>\n\t\t\t\t<\/div>\n\t\t\t\t<div class=\"elementor-element elementor-element-36ef16d elementor-widget elementor-widget-text-editor\" data-id=\"36ef16d\" data-element_type=\"widget\" data-e-type=\"widget\" data-widget_type=\"text-editor.default\">\n\t\t\t\t<div class=\"elementor-widget-container\">\n\t\t\t\t\t\t\t\t\t<p>Un proyecto de FETE-UGT para la Red de Menores Extranjeros Escolarizados del IMSERSO<\/p><p><strong>Financiado<\/strong> <strong>por<\/strong> RED DE MENORES. DIRECCION GENERAL DE INMIGRACION. MINISTERIO DE TRABAJO Y ASUNTOS SOCIALES.<\/p><p><b>Coordinadora<\/b>: Teresa Aguado<\/p><p><strong>Fechas<\/strong>: 2005<\/p>\t\t\t\t\t\t\t\t<\/div>\n\t\t\t\t<\/div>\n\t\t\t\t\t<\/div>\n\t\t<\/div>\n\t\t\t\t\t<\/div>\n\t\t<\/section>\n\t\t\t\t<section class=\"elementor-section elementor-top-section elementor-element elementor-element-d6106f8 elementor-section-boxed elementor-section-height-default elementor-section-height-default\" data-id=\"d6106f8\" data-element_type=\"section\" data-e-type=\"section\">\n\t\t\t\t\t\t<div class=\"elementor-container elementor-column-gap-default\">\n\t\t\t\t\t<div class=\"elementor-column elementor-col-100 elementor-top-column elementor-element elementor-element-5dec3b4\" data-id=\"5dec3b4\" data-element_type=\"column\" data-e-type=\"column\">\n\t\t\t<div class=\"elementor-widget-wrap elementor-element-populated\">\n\t\t\t\t\t\t<div class=\"elementor-element elementor-element-cc40e5a elementor-widget elementor-widget-text-editor\" data-id=\"cc40e5a\" data-element_type=\"widget\" data-e-type=\"widget\" data-widget_type=\"text-editor.default\">\n\t\t\t\t<div class=\"elementor-widget-container\">\n\t\t\t\t\t\t\t\t\t<p><b>INTRODUCCI\u00d3N<\/b><\/p><p>A mediados de junio de 2005 llega a los miembros del Centro INTER una propuesta de colaboraci\u00f3n por parte de FETE-UGT2, para realizar un breve estudio exploratorio sobre las percepciones y vivencias que j\u00f3venes y adolescentes, principalmente inmigrantes, tienen sobre las posibles experiencias de discriminaci\u00f3n y racismo en su entorno inmediato.<\/p><p>La concreci\u00f3n inicial del proyecto nos llev\u00f3 a plantearnos una serie de objetivos iniciales. Estos, y simplemente por la propia din\u00e1mica del proceso de investigaci\u00f3n, se vieron ampliados, lleg\u00e1ndose a detectar nuevos n\u00facleos de atenci\u00f3n y din\u00e1micas sociales, educativas y personales, que pueden condicionar en cierta medida las experiencias que los y las adolescentes inmigrantes viven.<\/p><p>El trabajo inicialmente ha consistido en la realizaci\u00f3n de una serie de entrevistas a adolescentes de entre 12 y 18 a\u00f1os. En total se han realizado 20 entrevistas, siendo alguna de ellas grupales. Este enfoque de trabajo, aunque positivo, lo consideramos limitado, pensando que habr\u00eda sido necesario ampliar la muestra y atender a otras personas del entorno social y familiar de los chavales (familiares, amigos, compa\u00f1eros de clase, profesores, y por supuesto siendo todas ellas de diferentes procedencias, incluido el pa\u00eds de acogida).<\/p><p>Esta amplitud que los propios adolescentes nos han mostrado nos ha servido para evidenciar lo limitado y sesgado de nuestros pensamientos, de nuestras representaciones sociales, de las de todos, incluidos los miembros del grupo de investigaci\u00f3n, llegando a justificar conceptualizaciones excesivamente generales y estereotipadas. Se proponen a partir de este an\u00e1lisis algunas conclusiones y sugerencias que pueden ayudar a facilitar el proceso de adaptaci\u00f3n y convivencia de todos. Este proyecto, esperamos que sea s\u00f3lo el punto de arranque para el grupo de forma que nos permita profundizar en estas realidades de manera m\u00e1s directa, y que cubra algunos de los objetivos propuestos y alguna de las ilusiones puestas por los propios chicos y chicas participantes en el proceso de investigaci\u00f3n, estas son algunas de sus opiniones sobre la posible utilidad de este trabajo.<\/p><p><b>OBJETIVOS Y TAREAS<\/b><\/p><p>El presente proyecto se inscribe en la necesidad de realizar un tipo de an\u00e1lisis basado en la percepci\u00f3n de las personas afectadas, que trate de dar una respuesta a interrogantes relacionados con las formas sutiles o expl\u00edcitas en que se manifiesta el racismo as\u00ed como sus implicaciones y consecuencias (discriminaci\u00f3n, exclusi\u00f3n, violencia). La investigaci\u00f3n se centrar\u00e1 en la franja de edad comprendida entre 12 y 18 a\u00f1os. La finalidad del estudio es proporcionar a educadores y otros profesionales informaci\u00f3n relevante para reconocer, comprender, interpretar y manejar este tipo de situaciones.<\/p><p>Los objetivos iniciales que nos planteamos son los siguientes:<\/p><ol><li>Conocer la percepci\u00f3n de los j\u00f3venes en relaci\u00f3n con experiencias\/situaciones de racismo.<\/li><li>Reconocer el racismo impl\u00edcito en situaciones cotidianas, dentro y fuera del \u00e1mbito educativo.<\/li><li>Apreciar las dificultades con las que se encuentran j\u00f3venes de diversos or\u00edgenes en su vida fuera y dentro del medio escolar.<\/li><\/ol><p><b>PARTICIPANTES<\/b><\/p><p><b>Universidad Nacional de Educaci\u00f3n a Distancia. Facultad de Educaci\u00f3n<\/b><\/p><p>Teresa Aguado Odina <br \/>Bel\u00e9n Ballesteros Vel\u00e1zquez <br \/>In\u00e9s Gil Jaurena <br \/>Rosario Jim\u00e9nez Fr\u00edas <br \/>Catalina Luque Donoso <br \/>Beatriz Malik Li\u00e9vano <br \/>Patricia Mata Benito <br \/>Jos\u00e9 Antonio T\u00e9llez Mu\u00f1oz<\/p><p><b>Universidad Complutense. Facultad de Educaci\u00f3n<\/b><\/p><p>Caridad Hern\u00e1ndez S\u00e1nchez<\/p><p><b>CSIC<\/b><\/p><p>Margarita del Olmo Pintado<br \/>Jennifer Lucko<\/p><p><b>RESULTADOS<\/b><\/p><p><a href=\"http:\/\/www.uned.es\/centrointer\/Informe%20Racismo.pdf\">Informe del proyecto<\/a><\/p><p><b>Publicaciones relacionadas con el proyecto<\/b><\/p><ul><li>Grupo Inter. (2007). Racism: A Teenagers&#8217; Perspective. Results of Preliminary Research from Madrid [Racismo, adolescencia e inmigraci\u00f3n. Im\u00e1genes y experiencia del racismo en adolescentes y j\u00f3venes]. Viena: Navreme. ISBN: 9989-50-051-7. Descargar <a href=\"https:\/\/www2.uned.es\/grupointer\/vol6_racism_teenagers_perspective.pdf\">libro en pdf<\/a><\/li><\/ul><ul><li>Ballesteros, Bel\u00e9n y Mata, Patricia. (2008). El racismo desde la perspectiva de los adolescentes: significado y experiencias, en Revue Europ\u00e9ene d&#8217;Ethnographie de l&#8217;Education, n\u00ba. 5. Pp. 125.139. <span class=\"articlesubtitle\">ISSN 1645-8669.<\/span><\/li><\/ul><ul><li>Grupo Inter. (2007). Racismo, adolescencia e inmigraci\u00f3n: reconocer y afrontar el racismo desde una perspectiva educativa, Emigra Working Papers, n\u00ba 78. Pp. 1-19. ISSN: 2013-3804. Descargar <a href=\"https:\/\/www2.uned.es\/grupointer\/Emigra%20Working%20Papers%20,%2078_%20Mata%20et%20alt.pdf\">art\u00edculo en pdf<\/a>\u00a0<\/li><\/ul><ul><li>Mata, Patricia y Ballesteros, Bel\u00e9n. (2011). La experiencia del racismo en j\u00f3venes inmigrantes: c\u00f3mo se vive, c\u00f3mo se afronta. En F. J. Garc\u00eda Casta\u00f1o y N. Kressova (coords.) Actas del I Congreso Internacional sobre Migraciones en Andaluc\u00eda (pp. 979-985). 16-18 Febrero 2011. Granada: Instituto de Migraciones. ISBN: 978-84-921390-3-3. Descargar <a href=\"http:\/\/migraciones.ugr.es\/congreso2011\/docs\/I_CIMA_Resumenes.pdf\">libro de res\u00famenes en pdf<\/a>. Descargar <a href=\"http:\/\/migraciones.ugr.es\/congreso2011\/libroacta\/Mesa10\/002_MataBallesteros.pdf\">publicaci\u00f3n en pdf<\/a><\/li><\/ul>\t\t\t\t\t\t\t\t<\/div>\n\t\t\t\t<\/div>\n\t\t\t\t\t<\/div>\n\t\t<\/div>\n\t\t\t\t\t<\/div>\n\t\t<\/section>\n\t\t\t\t<\/div>\n\t\t","protected":false},"excerpt":{"rendered":"<p>RACISMO, ADOLESCENCIA E INMIGRACI\u00d3N. IM\u00c1GENES Y EXPERIENCIAS DEL RACISMO EN ADOLESCENTES Y J\u00d3VENES (2005) Un proyecto de FETE-UGT para la Red de Menores Extranjeros Escolarizados del IMSERSO Financiado por RED DE MENORES. DIRECCION GENERAL DE INMIGRACION. MINISTERIO DE TRABAJO Y ASUNTOS SOCIALES. Coordinadora: Teresa Aguado Fechas: 2005 INTRODUCCI\u00d3N A mediados de junio de 2005 llega [&hellip;]<\/p>\n","protected":false},"author":7641,"featured_media":0,"parent":0,"menu_order":0,"comment_status":"closed","ping_status":"closed","template":"","meta":{"footnotes":""},"class_list":["post-2753","page","type-page","status-publish","czr-hentry"],"_links":{"self":[{"href":"https:\/\/blogs.uned.es\/grupointer\/wp-json\/wp\/v2\/pages\/2753","targetHints":{"allow":["GET"]}}],"collection":[{"href":"https:\/\/blogs.uned.es\/grupointer\/wp-json\/wp\/v2\/pages"}],"about":[{"href":"https:\/\/blogs.uned.es\/grupointer\/wp-json\/wp\/v2\/types\/page"}],"author":[{"embeddable":true,"href":"https:\/\/blogs.uned.es\/grupointer\/wp-json\/wp\/v2\/users\/7641"}],"replies":[{"embeddable":true,"href":"https:\/\/blogs.uned.es\/grupointer\/wp-json\/wp\/v2\/comments?post=2753"}],"version-history":[{"count":3,"href":"https:\/\/blogs.uned.es\/grupointer\/wp-json\/wp\/v2\/pages\/2753\/revisions"}],"predecessor-version":[{"id":2761,"href":"https:\/\/blogs.uned.es\/grupointer\/wp-json\/wp\/v2\/pages\/2753\/revisions\/2761"}],"wp:attachment":[{"href":"https:\/\/blogs.uned.es\/grupointer\/wp-json\/wp\/v2\/media?parent=2753"}],"curies":[{"name":"wp","href":"https:\/\/api.w.org\/{rel}","templated":true}]}}