{"id":2281,"date":"2023-03-05T16:20:25","date_gmt":"2023-03-05T15:20:25","guid":{"rendered":"https:\/\/blogs.uned.es\/grupointer\/?page_id=2281"},"modified":"2023-03-05T16:31:32","modified_gmt":"2023-03-05T15:31:32","slug":"contribuciones-a-congresos","status":"publish","type":"page","link":"https:\/\/blogs.uned.es\/grupointer\/contribuciones-a-congresos\/","title":{"rendered":"Contribuciones a congresos"},"content":{"rendered":"\t\t<div data-elementor-type=\"wp-page\" data-elementor-id=\"2281\" class=\"elementor elementor-2281\">\n\t\t\t\t\t\t<section class=\"elementor-section elementor-top-section elementor-element elementor-element-d9d7593 elementor-section-boxed elementor-section-height-default elementor-section-height-default\" data-id=\"d9d7593\" data-element_type=\"section\" data-e-type=\"section\">\n\t\t\t\t\t\t<div class=\"elementor-container elementor-column-gap-default\">\n\t\t\t\t\t<div class=\"elementor-column elementor-col-100 elementor-top-column elementor-element elementor-element-a235549\" data-id=\"a235549\" data-element_type=\"column\" data-e-type=\"column\">\n\t\t\t<div class=\"elementor-widget-wrap elementor-element-populated\">\n\t\t\t\t\t\t<div class=\"elementor-element elementor-element-fce708f elementor-widget elementor-widget-heading\" data-id=\"fce708f\" data-element_type=\"widget\" data-e-type=\"widget\" data-widget_type=\"heading.default\">\n\t\t\t\t<div class=\"elementor-widget-container\">\n\t\t\t\t\t<h2 class=\"elementor-heading-title elementor-size-default\">CONTRIBUCIONES A CONGRESOS<\/h2>\t\t\t\t<\/div>\n\t\t\t\t<\/div>\n\t\t\t\t<div class=\"elementor-element elementor-element-a455151 elementor-widget elementor-widget-text-editor\" data-id=\"a455151\" data-element_type=\"widget\" data-e-type=\"widget\" data-widget_type=\"text-editor.default\">\n\t\t\t\t<div class=\"elementor-widget-container\">\n\t\t\t\t\t\t\t\t\t<p><span style=\"color: #000000\"><big>Congresos organizados por el Grupo INTER<\/big>\u00a0\u00a0<\/span> \/ <a href=\"https:\/\/www2.uned.es\/grupointer\/congresos.html#Otras_contribuciones_a_Congresos\">Otras contribuciones a congresos<\/a><\/p><p><strong><span style=\"color: #000000\">A\u00f1o 2019<\/span><\/strong> (<a href=\"https:\/\/aidipe2019.aidipe.org\/\">Congreso AIDIPE<\/a>, coorganizado por el Grupo INTER dela UNED)<\/p><p>\u00abInvestigaci\u00f3n comprometida para la transformaci\u00f3n social\u00bb<\/p><p>Universidad Aut\u00f3noma de Madrid, 19-21 junio 2019<\/p><p>Contribuciones a este simposio vinculadas a proyectos del Grupo INTER:<\/p><ul><li>Aguado, Teresa; Ballesteros, Bel\u00e9n y Mata, Patricia. (2019). La Escuela Democr\u00e1tica: Un Espacio para la Pr\u00e1ctica de la Participaci\u00f3n.<i> <a href=\"https:\/\/aidipe2019.aidipe.org\/files\/2019\/06\/Actas_AIDIPE2019_Vol_I.pdf\">Actas del XIX Congreso Internacional de Investigaci\u00f3n Educativa (Vol. I)<\/a>, <\/i>pp. 779-785.\u00a0<\/li><\/ul><ul><li>Laforgue, Noemi. (2019). El rap como herramienta para trabajar cuestiones de g\u00e9nero. Una experiencia con poblaci\u00f3n adolescente. <i><a href=\"https:\/\/aidipe2019.aidipe.org\/files\/2019\/07\/Actas_AIDIPE2019_Vol_V.pdf\">Actas del XIX Congreso Internacional de Investigaci\u00f3n Educativa (Vol. V)<\/a>, <\/i>pp. 341-346.<\/li><\/ul><ul><li>Morentin, Javier. (2019). Estudio Bibliogr\u00e1fico sobre el Abandono Educativo Temprano: Propuestas de Mejora Educativa<i>. <a href=\"https:\/\/aidipe2019.aidipe.org\/files\/2019\/06\/Actas_AIDIPE2019_Vol_II.pdf\">Actas del XIX Congreso Internacional de Investigaci\u00f3n Educativa (Vol. II)<\/a>, <\/i>pp. 122-129.<\/li><\/ul><p><span style=\"color: #000000\"><strong>A\u00f1o 2013<\/strong><\/span> (<a href=\"http:\/\/cieye.wordpress.com\">CIEYE<\/a>, coorganizado por la UNED)<\/p><p>Mata, Patricia; Gil Jaurena, In\u00e9s y Ballesteros, Bel\u00e9n. (2013). Simposio sobre aprendizaje de la ciudadan\u00eda y la participaci\u00f3n. <i>III Congreso Internacional de Etnograf\u00eda y Educaci\u00f3n<\/i><i>: contextos m\u00faltiples de socializaci\u00f3n y aprendizaje.<\/i> CSIC, Madrid, 3-5 julio 2013.<\/p><p>Descargar <a href=\"http:\/\/cieye.files.wordpress.com\/2013\/05\/ciudadania.pdf\">res\u00famenes en pdf<\/a><\/p><p>Descargar <a href=\"https:\/\/www2.uned.es\/grupointer\/aprendizaje_ciudadania_y_participacion_14.pdf\">libro en pdf<\/a><\/p><p>Contribuciones a este simposio vinculadas a proyectos del Grupo INTER:<\/p><ul><li>Abril, David. (2013). <i>Ciudadan\u00eda activa y educaci\u00f3n: propuestas educativas emergentes a partir de historias de vida. <\/i><\/li><li>Arraiz, Ana; Azpillaga, Ver\u00f3nica y Sabir\u00f3n, Fernando. (2013). <i>En busca de la compresi\u00f3n etnogr\u00e1fica de la ciudadan\u00eda activa desde cuatro historias de vida. <\/i><\/li><li>S\u00e1nchez-Melero, H\u00e9ctor. (2013). <i>Ciudadan\u00eda en relaci\u00f3n. Implicaciones educativas de pr\u00e1cticas que cuestionan el ideal de ciudadano aut\u00f3nomo.\u00a0<\/i><\/li><li>L\u00f3pez Ronda, Sergio y Pineda, Carmen. (2013). <i>El Presupuesto Participativo como escuela de ciudadan\u00eda: la experiencia de Elche (Alicante).<br \/><\/i><\/li><\/ul><p>Osuna, Carmen y Mata, Patricia. (2013). Simposio sobre gesti\u00f3n del acceso al campo y devoluci\u00f3n de los resultados. <i>III Congreso Internacional de Etnograf\u00eda y Educaci\u00f3n<\/i><i>: contextos m\u00faltiples de socializaci\u00f3n y aprendizaje.<\/i> CSIC, Madrid, 3-5 julio 2013.<\/p><p>Descargar <a href=\"https:\/\/www2.uned.es\/grupointer\/acceso_campo_devolucion_14.pdf\">libro en pdf<\/a><\/p><p><span style=\"color: #000000\"><strong>A\u00f1o 2010<\/strong><\/span> (III INTER Network Conference)<\/p><p>Mata, Patricia (coord.). (2010). Intercultural education as a project for social transformation. Linking theory and practice towards equity and social justice. Inter Network Malta Conference Proceedings. Malta, 16-18 septiembre 2010. Publicaci\u00f3n electr\u00f3nica, ISBN: 978-84-614-2326-2.<\/p><p>Descargar <a href=\"https:\/\/www2.uned.es\/grupointer\/revision_malta_inter_network_conference_proceedings_sept_2010.pdf\">publicaci\u00f3n en pdf<\/a><\/p><p><strong><span style=\"color: #000000\">A\u00f1o 2009<\/span><\/strong> (II INTER Network Conference)<\/p><p>Gil Jaurena, In\u00e9s (coord). (2009). Diversity, inclusion and the values of democracy: building teachers&#8217; competences for intercultural education. Inter Network Ljubljana Conference Proceedings. Ljubljana (Eslovenia), 28-30 septiembre 2009. Publicaci\u00f3n electr\u00f3nica, ISBN: 978-84-613-9500-2.<\/p><p><a href=\"http:\/\/www.safecreative.org\/work\/1011157859624\" rel=\"cc:license\"><img decoding=\"async\" src=\"http:\/\/resources.safecreative.org\/work\/1011157859624\/label\/logo-72\" alt=\"Safe Creative #1011157859624\" \/><\/a><\/p><p>Descargar <a href=\"https:\/\/www2.uned.es\/grupointer\/ljubljana_inter_network_conference_proceedings_sept_2009.pdf\">publicaci\u00f3n en pdf<\/a><\/p><p><span style=\"color: #000000\"><b>A\u00f1o 2008<\/b> <\/span>(I INTER Network Conference)<\/p><p>Grupo INTER (2008). Celebrating the European year of intercultural dialogue. Theory and practice in intercultural education. Inter Network Warsaw Conference Proceedings. Varsovia (Polonia), 30 junio &#8211; 3 julio 2008. Publicaci\u00f3n CD-Rom, ISBN: 978-3-200-01762-7.<\/p><p>Descargar <a href=\"https:\/\/www2.uned.es\/grupointer\/warsaw_inter_network_conference_proceedings_jul_2008.pdf\">publicaci\u00f3n en pdf<\/a><\/p><p><span style=\"color: #000000\"><strong>A\u00f1o 2006<\/strong><\/span> (Organizado por la UNED)<\/p><p>Congreso Internacional de Educaci\u00f3n Intercultural. Formaci\u00f3n del profesorado y pr\u00e1ctica escolar. UNED, Madrid, 15 a 17 de marzo de 2006. Actas publicadas en CD-Rom, Madrid: UNED. ISBN: <span class=\"cabTitulo\">978-84-362-5329-0.<\/span><\/p><p>Enlace a la <a href=\"http:\/\/www.uned.es\/congreso-inter-educacion-intercultural\">p\u00e1gina web del congreso<\/a><\/p><p>Las ponencias, comunicaciones, posters, conclusiones pueden descargarse desde la web del congreso.<\/p><hr \/><p><big><a name=\"Otras_contribuciones_a_Congresos\"><\/a><span style=\"color: #000000\"><strong>Otras contribuciones a Congresos<\/strong><\/span><\/big><\/p><p><span style=\"color: #000000\"><strong>A\u00f1o 2022<\/strong><\/span><\/p><ul><li>Ballesteros Vel\u00e1zquez, Belen; Merodio, Guiomar; Malik Li\u00e9vano, Beatriz; Aguado Odina, Teresa; del Olmo Pintado, Margarita y Alonso Su\u00e1rez, Claudia. (2022). 25 A\u00f1os de Investigaci\u00f3n Cualitativa desde la Diversidad. Comunicaci\u00f3n en <i>18th International Congress of Qualitative Inquiry (QI2022)<\/i>, online, 18-22 mayo 2022. <a href=\"https:\/\/icqi.org\/wp-content\/uploads\/2022\/05\/QI2022-Official-Program-05172022.pdf\">https:\/\/icqi.org\/wp-content\/uploads\/2022\/05\/QI2022-Official-Program-05172022.pdf<\/a><\/li><\/ul><ul><li>Gil Jaurena, I. (2022). Mesa: El compromiso de la acci\u00f3n socioeducativa con la infancia: experiencias y retos. Moderaci\u00f3n de la mesa en <i>VIII Congreso Estatal de Educaci\u00f3n Social<\/i>, UNED, Madrid, 31 de marzo de 2022. Ver grabaci\u00f3n en <a href=\"https:\/\/canal.uned.es\/series\/618e2be7b6092353483f61e9\">https:\/\/canal.uned.es\/series\/618e2be7b6092353483f61e9<\/a><\/li><\/ul><p><strong><span style=\"color: #000000\">A\u00f1o 2021<\/span><\/strong><\/p><ul><li>Gil Jaurena, I. (2021). Inter\u00e9s de la infancia como sujeto de estudio. Ponencia invitada en la <i>Jornada: Derecho a la participaci\u00f3n. La infancia, ciudadana de pleno derecho<\/i>. Velilla de San Antonio, 17 de Noviembre de 2021.<\/li><\/ul><ul><li>Laforgue Bullido, Noemi; Lor\u00f3n D\u00edaz, \u00cd\u00f1igo; Quir\u00f3s Guindal, Alba e Izquierdo Montero, Alberto. (2021). \u00bfQu\u00e9 es eso de los discursos de odio?\u2019 Reflexiones desde una investigaci\u00f3n participativa junto a adolescentes. Comunicaci\u00f3n en <i>Congreso Internacional de la SIPS 2021-XXXIII Seminario lnteruniversitario de Pedagog\u00eda Social y la Sociedad Iberoamericana de Pedagog\u00eda Social (SIPS)<\/i>, online, 28-29 de octubre y 4-5 de noviembre de 2021. Ver resumen en <a href=\"https:\/\/sips2020.sepa.gal\/docs\/sala-4_educacion-e-inclusion-social-colectivos-y-ambitos-de-accion\/qu-es-eso-de-los-discursos-de-odio_reflexiones-desde-una-investigaci-n-participativa-junto-a-adolescentes_4.pdf\">https:\/\/sips2020.sepa.gal\/docs\/sala-4_educacion-e-inclusion-social-colectivos-y-ambitos-de-accion\/qu-es-eso-de-los-discursos-de-odio_reflexiones-desde-una-investigaci-n-participativa-junto-a-adolescentes_4.pdf<\/a><\/li><\/ul><ul><li>Gil Jaurena, I. y L\u00f3pez Gonz\u00e1lez, A. (2021). Learning to participate: social and community geographies in the lives of active citizens. Ponencia en simposio \u00abEcology of child and adolescent participation. Diverse geographies for a collective construction\u00bb. <i>WERA 2021 Virtual Focal Meeting: \u00abNetworking education. Diverse realities, common horizons\u00bb<\/i>. Santiago de Compostela, 7 a 9 de julio 2021, online.<\/li><\/ul><ul><li>L\u00f3pez Gonz\u00e1lez, A. y Gil Jaurena, I. (2021). Itinerario educativo para la participaci\u00f3n infantil y adolescente en la ciudad de Madrid. Ponencia en simposio \u00abLa participaci\u00f3n de la infancia y la adolescencia. Buenas pr\u00e1cticas que promueven una ciudadan\u00eda activa, inclusiva y conectada\u00bb. <i>XVII Congreso Nacional y IX Iberoamericano de Pedagog\u00eda: \u00abLa educaci\u00f3n en Red. Realidades diversas, horizontes comunes\u00bb<\/i>. Santiago de Compostela, 7 a 9 de julio 2021, online. Ver <a href=\"https:\/\/xviicongresopedagogia.tufabricadeventos.com\/go2.cfm?link=C4Rdt51blP2wZ\">libro de res\u00famenes<\/a> (pp. 905-906). <a href=\"https:\/\/dx.doi.org\/10.15304\/cc.2021.1393\">https:\/\/dx.doi.org\/10.15304\/cc.2021.1393<\/a><\/li><\/ul><p><strong><span style=\"color: #000000\">A\u00f1o 2020<\/span><\/strong><\/p><ul><li>Izquierdo-Montero, A. y Abril Herv\u00e1s, D. (2020). Las representaciones sociales sobre los y las j\u00f3venes en los medios de comunicaci\u00f3n espa\u00f1oles durante la pandemia. <i>III Jornadas sobre Estudios de Juventud: \u201c\u00bfHacia una segunda crisis en la juventud? Socialidades juveniles en tiempos de pandemia\u201d<\/i>. 12 y 13 de noviembre de 2020 y organizada por el Departament de Comunicaci\u00f3 de la Universitat Pompeu Fabra y la Red de Estudios sobre Juventud (REJS). <a href=\"https:\/\/www.upf.edu\/web\/rejs\/iii-jornadas-de-investigacion-de-estudios-de-juventud\">https:\/\/www.upf.edu\/web\/rejs\/iii-jornadas-de-investigacion-de-estudios-de-juventud<\/a><\/li><\/ul><ul><li>Izquierdo-Montero, A. (2020). Algunos apuntes para abordar reflexivamente los discursos de odio desde los espacios educativos. <i>VI Congreso Internacional AIBR \u201cHumanidades en emergencia, salud y reconstrucci\u00f3n social\u201d<\/i>. 28 al 31 de julio de 2020, online. <a href=\"http:\/\/2020.aibr.org\/es\/\">http:\/\/2020.aibr.org\/es\/<\/a><\/li><\/ul><p><strong><span style=\"color: #000000\">A\u00f1o 2019<\/span><\/strong><\/p><ul><li>L\u00f3pez Ronda, Sergio y Gil Jaurena, In\u00e9s. (2019). \u00ab\u00bfQu\u00e9 aprendemos participando en el presupuesto participativo? Un estudio cualitativo longitudinal en el municipio de Elche\u00bb. <i>Jornadas de Participaci\u00f3n REDEM: Participaci\u00f3n: continuidades y rupturas<\/i>. Bilbao, 28-29 noviembre 2019.<\/li><\/ul><ul><li>Izquierdo Montero, Alberto y Aguado, Teresa. (2019). \u00abSobre radicalizaci\u00f3n y espacio educativo. Maneras de recoger los discursos que nos vienen dados\u00bb. <i>V Congreso Internacional de Antropologia &#8211; AIBR<\/i>, Universidad Aut\u00f3noma de Madrid, 9\u201312 julio 2019. P. 90. Ver <a href=\"http:\/\/2019.aibr.org\/es\/programa\/libro-de-resumenes\">libro de res\u00famenes<\/a>.<\/li><\/ul><ul><li>Mata-Benito, Patricia y del Olmo, Margarita. (2019). \u00abHablando de sue\u00f1os en el contexto de un programa de prevenci\u00f3n del abandono escolar\u00bb. <i>Simposium: Antropologia Aplicada del V Congreso Internacional de\u00a0 <br \/>Antropologia &#8211; AIBR<\/i>, Universidad Aut\u00f3noma de Madrid, 9\u201312 julio 2019. P. 109. Ver <a href=\"http:\/\/2019.aibr.org\/es\/programa\/libro-de-resumenes\">libro de res\u00famenes<\/a>.\u00a0<\/li><\/ul><ul><li>Morentin, Javier. (2019). \u00abAportaciones de los estudios etnogr\u00e1ficos a la comprensi\u00f3n del abandono educativo temprano: resultados de una revisi\u00f3n sistem\u00e1tica\u00bb. <i>V Congreso Internacional de Antropologia &#8211; AIBR<\/i>, Universidad Aut\u00f3noma de Madrid, 9\u201312 julio 2019. P. 122. Ver <a href=\"http:\/\/2019.aibr.org\/es\/programa\/libro-de-resumenes\">libro de res\u00famenes<\/a>.<\/li><\/ul><ul><li>Osuna, Carmen. (2019). \u00ab\u201cYo, como la Beyonc\u00e9\u201d: narrativas de mujeres encarceladas sobre su vida en prisi\u00f3n\u00bb. <i>V Congreso Internacional de Antropologia &#8211; AIBR<\/i>, Universidad Aut\u00f3noma de Madrid, 9\u201312 julio 2019. P. 132. Ver <a href=\"http:\/\/2019.aibr.org\/es\/programa\/libro-de-resumenes\">libro de res\u00famenes<\/a>.<\/li><\/ul><ul><li>Izquierdo-Montero, A. (2019). Discursos sobre \u201cradicalizaci\u00f3n\u201d en el marco europeo. Implicaciones educativas y propuestas desde un enfoque intercultural cr\u00edtico. <i>II Encuentro de Doctorandos\/as e Investigadores\/as Noveles en XIX Congreso Internacional de Investigaci\u00f3n Educativa \u201cInvestigaci\u00f3n comprometida para la transformaci\u00f3n social\u201d<\/i>. 19, 20 y 21 de junio de 2019 en la Universidad Aut\u00f3noma de Madrid.<\/li><\/ul><p><strong><span style=\"color: #000000\">A\u00f1o 2018<\/span><\/strong><\/p><ul><li>Melero, H\u00e9ctor S. y Gil-Jaurena, In\u00e9s. (2018). \u201cDe lo etnogr\u00e1fico a lo participativo en la investigaci\u00f3n en educaci\u00f3n social\u201d. <i>Congreso Internacional \u2013 XXXI Seminario Interuniversitario de Pedagog\u00eda Social: Pedagog\u00eda social, investigaci\u00f3n y familias<\/i>, Palma de Mallorca, 21\u201323 noviembre 2018. Pp. 321-323. Ver <a href=\"http:\/\/www.sips2018.com\/_files\/_event\/_15235\/_editorFiles\/file\/Libro_resumenes_CongresoSIPS2018.pdf\">libro de res\u00famenes en pdf<\/a>.<\/li><\/ul><ul><li>Izquierdo, Alberto; Gil-Jaurena, In\u00e9s y Melero, H\u00e9ctor S. (2018). \u201cThe \u201cCommunity of Inquiry\u201d model as a framework for intercultural distance education\u201d. <i>2018 EUCEN Autumn Seminar: Embracing Cultural Diversity in University Lifelong Learning (ULLL)<\/i>, Barcelona, 15\u201316 noviembre 2018.<\/li><\/ul><ul><li>Gil Jaurena, In\u00e9s. (2018). \u00abInterculturalidad como desaf\u00edo docente\u00bb. <i>VI Encuentro de estudiantes de zonas fronterizas EZOFRON<\/i>. Arica, Chile, 7-9 noviembre 2018.<\/li><\/ul><ul><li>Gil-Jaurena, In\u00e9s. (2018). \u00abAcci\u00f3n comunitaria desde las Bibliotecas: el caso de Melbourne\u00bb. VII Congreso Iberoamericano de Animaci\u00f3n Sociocultural, Cuenca, 24-26 octubre 2018. A. Castellano (coord.). <i>Libro de res\u00famenes VII Congreso Iberoamericano de Animaci\u00f3n Sociocultural<\/i>. Valencia: Auca, projectes educatius, SL. ISBN 978-0-244-38937-8. P. 18.<\/li><\/ul><ul><li>Melero, H\u00e9ctor S. (2018). \u00abAprendizaje de la participaci\u00f3n: propuestas para la formaci\u00f3n\u00bb. VII Congreso Iberoamericano de Animaci\u00f3n Sociocultural, Cuenca, 24-26 octubre 2018. A. Castellano (coord.). <i>Libro de res\u00famenes VII Congreso Iberoamericano de Animaci\u00f3n Sociocultural<\/i>. Valencia: Auca, projectes educatius, SL. ISBN 978-0-244-38937-8. P. 37.<\/li><\/ul><ul><li>Aguado, Teresa. (2018). \u00abEducaci\u00f3n intercultural para la equidad y la justicia social. L\u00edmites, retos y oportunidades\u00bb. Conferencia de clausura en el <i>VIII Congreso Internacional de Educaci\u00f3n intercultural y I Congreso Internacional de Salud transcultural: El valor de la educaci\u00f3n y la salud en un mundo global y transcultural<\/i><i>. <\/i>Universidad de Almer\u00eda, 20-22 junio 2018.<\/li><\/ul><ul><li>Abril, David. (2018). \u00abEl 15M como escuela de ciudadan\u00eda\u00bb. <i>II Congreso Internacional sobre Liderazgo y Mejora de la Educaci\u00f3n (CILME)<\/i>. Universidad Aut\u00f3noma de Madrid, 28-30 mayo 2018. Ver <a href=\"http:\/\/www.uam.es\/personal_pdi\/stmaria\/jmurillo\/Avances_en_Democracia_y_Liderazgo_Distribuido.pdf\">actas completas en la web del congreso<\/a>.<\/li><\/ul><ul><li>Izquierdo, Alberto. (2018). \u00abExperiencias migratorias en Reino Unido. Una oportunidad para repensar el liderazgo en el ejercicio de la ciudadan\u00eda y sus implicaciones educativas\u00bb. <i>II Congreso Internacional sobre Liderazgo y Mejora de la Educaci\u00f3n (CILME)<\/i>. Universidad Aut\u00f3noma de Madrid, 28-30 mayo 2018. Ver <a href=\"http:\/\/www.uam.es\/personal_pdi\/stmaria\/jmurillo\/Avances_en_Democracia_y_Liderazgo_Distribuido.pdf\">actas completas en la web del congreso<\/a>. \u00a0<\/li><\/ul><ul><li>Melero, H\u00e9ctor S. (2018). \u00abAprendiendo de los espacios de participaci\u00f3n ciudadana \u00bfQu\u00e9 tiene que ense\u00f1arnos sobre modelos de liderazgo para el aprendizaje democr\u00e1tico?\u00bb. <i>II Congreso Internacional sobre Liderazgo y Mejora de la Educaci\u00f3n (CILME)<\/i>. Universidad Aut\u00f3noma de Madrid, 28-30 mayo 2018. Ver <a href=\"http:\/\/www.uam.es\/personal_pdi\/stmaria\/jmurillo\/Avances_en_Democracia_y_Liderazgo_Distribuido.pdf\">actas completas en la web del congreso<\/a>. \u00a0<\/li><\/ul><ul><li>Morentin, Javier y Ballesteros, Bel\u00e9n. (2018). \u00abLa falsa medida del abandono escolar. Bases para la investigaci\u00f3n y mejora educativa\u00bb. <i>II Congreso Internacional sobre Liderazgo y Mejora de la Educaci\u00f3n (CILME)<\/i>. Universidad Aut\u00f3noma de Madrid, 28-30 mayo 2018. Ver <a href=\"http:\/\/www.uam.es\/personal_pdi\/stmaria\/jmurillo\/Avances_en_Democracia_y_Liderazgo_Distribuido.pdf\">actas completas en la web del congreso<\/a>. \u00a0<\/li><\/ul><ul><li>Sales Ciges, Auxiliadora; Traver Mart\u00ed, Joan Andr\u00e9s; Lozano Estivalis, Mar\u00eda; Aguado Odina, Teresa; Ballesteros Vel\u00e1zquez, Bel\u00e9n y Mata, Patricia. (2018). \u00abEl liderazgo distribuido en procesos de mejora desde la investigaci\u00f3n acci\u00f3n participativa\u00bb. <i>II Congreso Internacional sobre Liderazgo y Mejora de la Educaci\u00f3n (CILME)<\/i>. Universidad Aut\u00f3noma de Madrid, 28-30 mayo 2018. Ver <a href=\"http:\/\/www.uam.es\/personal_pdi\/stmaria\/jmurillo\/Avances_en_Democracia_y_Liderazgo_Distribuido.pdf\">actas completas en la web del congreso<\/a>. \u00a0<\/li><\/ul><ul><li>Gil-Jaurena, In\u00e9s. (2018). <span class=\"inplacedisplayid1siteid0\">\u00abPublic Libraries as Multicultural Places for Lifelong Learning: the Case of Melbourne\u00bb. <em>KAME International Conference 2018. Working together for a better multicultural society<\/em>. Seoul National University, Se\u00fal (Corea del Sur), 23-25 mayo 2018<\/span>.<\/li><\/ul><p><strong><span style=\"color: #000000\">A\u00f1o 2017<\/span><\/strong><\/p><ul><li>Mata, Patricia y del Olmo, Margarita. (2017). \u00abCrisis econ\u00f3mica y abandono escolar en Madrid\u00bb. CIEYE 2017: IV Congreso Internacional de Etnograf\u00eda y Educaci\u00f3n. <i>Libro de actas IV Congreso internacional etnograf\u00eda y educaci\u00f3n. EMIGRA Working Papers, 136<\/i>, pp. 94-95. Barcelona, 11-14 julio 2017. ISSN 2013-3804. Ver <a href=\"https:\/\/drive.google.com\/file\/d\/0B3x12ezEinBjZnhUZWYyWWVSU1k\/view\">texto completo<\/a><\/li><\/ul><ul><li>Melero, H\u00e9ctor S. (2017). \u00abInvestigaci\u00f3n etnogr\u00e1fica de espacios de participaci\u00f3n como escuelas de ciudadan\u00eda en la ciudad de Madrid\u00bb. CIEYE 2017: IV Congreso Internacional de Etnograf\u00eda y Educaci\u00f3n. <i>Libro de actas IV Congreso internacional etnograf\u00eda y educaci\u00f3n. EMIGRA Working Papers, 136<\/i>, pp. 157-158. Barcelona, 11-14 julio 2017. ISSN 2013-3804. Ver <a href=\"https:\/\/drive.google.com\/file\/d\/0B3x12ezEinBjZnhUZWYyWWVSU1k\/view\">texto completo<\/a><\/li><\/ul><ul><li>Gil Jaurena, In\u00e9s. (2017). \u00abThe Development of Intercultural Competences in Online Environments\u00bb. <em>ICOIE 2017: International Conference on Open and Innovative Education.<\/em> Kam Cheong Li &amp; Eva Tsang (eds.). <i>ICOIE 2017 Proceedings<\/i>, pp. 319-327. The Open University of Hong Kong, Hong Kong SAR, 12-14 julio 2017. ISBN: 978-988-8439-58-4. Ver <a href=\"http:\/\/icoie2017.ouhk.edu.hk\/abs\/079.html\">resumen en la web del congreso<\/a><\/li><\/ul><ul><li>Ballesteros Vel\u00e1zquez, Bel\u00e9n y Morentin Encina, Javier. (2017). \u00abCuestiones cr\u00edticas en la ense\u00f1anza y aprendizaje de la investigaci\u00f3n cualitativa\u00bb. <i>Actas 6\u00ba Congreso Iberoamericano de Investigaci\u00f3n Cualitativa-CIAIQ 2017, Investigaci\u00f3n cualitativa en educaci\u00f3n, Vol. 1, <\/i><i><\/i> pp. 337-342. ISBN: 978-972-8914-75-2. Salamanca, 12-14 julio 2017. Ver <a href=\"http:\/\/proceedings.ciaiq.org\/index.php\/ciaiq2017\/article\/view\/1351\/1309\">texto completo en la web del congreso<\/a><\/li><\/ul><ul><li>Osuna Nevado, Carmen y Mata Benito, Patricia. (2017). \u00abNarrativas sobre el abandono universitario. Explorando motivos de permanencia y abandono en el M\u00e1ster Euro-Latinoamericano en Educaci\u00f3n Intercultural\u00bb. <em>IX Jornadas de Redes de Investigaci\u00f3n en Innovaci\u00f3n Docente.<\/em> UNED, Madrid, 28-30 junio 2017. ISBN: 978-84-09-02666-1. Pp. 63-66. Ver <a href=\"http:\/\/congresos.uned.es\/w13757\/archivos_publicos\/qweb_paginas\/15280\/librodeactasdelasixjornadasderedes.pdf\">libro de actas en pdf<\/a>. Ver <a href=\"https:\/\/canal.uned.es\/mmobj\/iframe\/id\/57499\">video en Canal UNED<\/a><\/li><\/ul><ul><li>Gil Jaurena, In\u00e9s; y Melero, H\u00e9ctor S; de Ormaechea Otalora, Ana Valeria; Ballesteros Vel\u00e1zquez, Bel\u00e9n; Malik Li\u00e9vano, Beatriz; L\u00f3pez Ronda, Sergio y Rodr\u00edguez, Tania Patricia. (2017). \u00abIncorporaci\u00f3n de recursos tecnol\u00f3gicos y contenidos complementarios en el M\u00e1ster Euro-latinoamericano en Educaci\u00f3n Intercultural\u00bb. <em>IX Jornadas de Redes de Investigaci\u00f3n en Innovaci\u00f3n Docente.\u00a0<\/em>UNED, Madrid, 28-30 junio 2017. ISBN: 978-84-09-02666-1. Pp. 289-295. Ver <a href=\"http:\/\/congresos.uned.es\/w13757\/archivos_publicos\/qweb_paginas\/15280\/librodeactasdelasixjornadasderedes.pdf\">libro de actas en pdf<\/a>. Ver <a href=\"https:\/\/canal.uned.es\/mmobj\/iframe\/id\/57513\">video en Canal UNED<br \/><\/a><\/li><\/ul><ul><li>Morentin Encina, Javier y Ballesteros Vel\u00e1zquez, Bel\u00e9n. (2017). Repensar la Educaci\u00f3n. Una Mirada desde \u201cFuera\u201d de la Escuela. <i>Avances en Liderazgo y Mejora de la Educaci\u00f3n. Actas del I Congreso Internacional de Liderazgo y Mejora de la Educaci\u00f3n<\/i> (pp. 117-121). ISBN 978-84-697-3649-4. Universidad Aut\u00f3noma de Madrid, 31 mayo y 1-2 junio 2017. Ver <a href=\"https:\/\/www2.uned.es\/grupointer\/Avances_en_Liderazgo_y_Mejora.pdf\">texto completo<\/a>.<\/li><\/ul><ul><li>Gil Jaurena, In\u00e9s. (2017). \u00abMerging Research and Social Action in the Supervision of Master Thesis: Experiences that Combine Learning and Social Transformation\u00bb. <em>1st International Conference of European and Asian Researchers and Educators on Lifelong Learning for Sustainable Development (I-CEARE 2017): \u201cUniversities and Communities in Asia and Europe: Creating Meaning for Sustainable Development\u201d<\/em>. Boracay Island, Philippines, 12-14 mayo 2017.<\/li><\/ul><p><strong><span style=\"color: #000000\">A\u00f1o 2016<\/span><\/strong><\/p><ul><li>Gil Jaurena, In\u00e9s. (2016). \u00abDerechos Humanos, convivencia y prevenci\u00f3n de la violencia desde la educaci\u00f3n\u00bb (Mesa redonda). <em>Jornada Formativa anual Nuevas violencias y nuevos contextos de intervenci\u00f3n socioeducativa<\/em>. Universidad de Castilla la Mancha, Talavera de la Reina, 22 noviembre 2016.<\/li><\/ul><ul><li>Gil-Jaurena, In\u00e9s; L\u00f3pez-Ronda, Sergio y S. Melero, H\u00e9ctor. (2016). \u00bb Reflexiones en torno a espacios de aprendizaje de la ciudadan\u00eda y transformaci\u00f3n social\u00bb. <i>Congreso Internacional XXIX Seminario Interuniversitario de Pedagog\u00eda Social: Pedagog\u00eda Social, juventud y trasnformaciones sociales<\/i>, Girona, 14-16 septiembre 2016. Pere Soler, Jaume Bellera i Anna Planas (eds.). <i>Libro de res\u00famenes del congreso<\/i>. Girona: Universitat de Girona. ISBN: 978-84-8458-471-1. P. 76. Libro completo <a href=\"http:\/\/eventum.upf.edu\/file_manager\/getFile\/8168.html\">disponible en pdf<\/a>.<\/li><\/ul><ul><li>Ballesteros, Bel\u00e9n y Mata, Patricia. (2016). \u00abInvestigaci\u00f3n sobre el aprendizaje de la ciudadan\u00eda: aspectos conceptuales y metodol\u00f3gicos\u00bb. <i>5\u00ba Congreso Internacional Multidisciplinar de Investigaci\u00f3n Educativa &#8211; <\/i> <i>CIMIE 2016: Investigaci\u00f3n educativa con impacto social<\/i>, Universidad de Sevilla, 30 junio-1 julio 2016.<\/li><\/ul><ul><li>Gil-Jaurena, In\u00e9s; S. Melero, H\u00e9ctor y Aguado, Teresa. (2016). \u00abAprendizaje de la ciudadan\u00eda desde los espacios y pr\u00e1cticas ciudadanas. Estudio de caso en curso\u00bb. <i>XVI Congreso Nacional y VII Congreso Iberoamericano de Pedagog\u00eda: Democracia y Educaci\u00f3n en el siglo XXI<\/i>, Universidad Complutense de Madrid, 28-30 junio 2016.<\/li><\/ul><ul><li>\u00c1vila Z\u00e1rate, Adriana y Mata, Patricia. (2016). \u00abDistintos modos de hacer y aprender ciudadan\u00eda: narrativas y metanarrativas en la pr\u00e1ctica de la participaci\u00f3n ciudadana\u00bb. <i>XVI Congreso Nacional y VII Congreso Iberoamericano de Pedagog\u00eda: Democracia y Educaci\u00f3n en el siglo XXI<\/i>, Universidad Complutense de Madrid, 28-30 junio 2016.<\/li><\/ul><ul><li>Gil-Jaurena, In\u00e9s. (2016). <span class=\"inplacedisplayid1siteid0\">\u00abActive citizenship learning. Findings from an intercultural approach\u00bb. <em>KAME International Conference 2016. Envisioning new possibilities for Multicultural Education<\/em>. Seoul National University, Se\u00fal (Corea del Sur), 17-19 mayo 2016<\/span>.<\/li><\/ul><p><strong><span style=\"color: #000000\">A\u00f1o 2015<\/span><\/strong><\/p><ul><li>Gil Jaurena, In\u00e9s; Ballesteros, Bel\u00e9n y S\u00e1nchez Melero, H\u00e9ctor. (2015). \u00ab<span class=\"inplacedisplayid1siteid0\">L\u00f3gicas de la investigaci\u00f3n y la intervenci\u00f3n: hacia la superaci\u00f3n de dicotom\u00edas desde la docencia universitaria<\/span>\u00ab.<i> <\/i><i>III Jornada de Pedagog\u00eda Social<\/i>. <i>Pedagog\u00eda Social, Universidad y Sociedad<\/i>, UNED, Madrid, 18 septiembre 2015.<\/li><\/ul><ul><li>Aguado Odina, Teresa. \u00abMovilizar la educaci\u00f3n intercultural para la equidad y la justicia social. Pr\u00e1ctica educativa y formaci\u00f3n de profesores\u00bb. <i>I Congreso internacional Mestizajes y globalizaci\u00f3n. Jap\u00f3n: identidades que se cruzan<\/i>, Universidad de Estudios Extranjeros de Tokio, Jap\u00f3n, 29-31 mayo 2015.<\/li><\/ul><ul><li><span class=\"inplacedisplayid1siteid0\">Gil Jaurena, In\u00e9s. \u00abDemandas diversas y retos plurales en la construcci\u00f3n curricular intercultural\u00bb. <em>Seminario de Educaci\u00f3n Intercultural,<\/em> UNED, Madrid, 26-27 marzo 2015. Ponencia en di\u00e1logo con Yolanda Jim\u00e9nez. <br \/><\/span><\/li><\/ul><p><strong><span style=\"color: #000000\">A\u00f1o 2014<\/span><\/strong><\/p><ul><li>Gil Jaurena, In\u00e9s; S\u00e1nchez Melero, H\u00e9ctor y Ballesteros, Bel\u00e9n. (2014). \u00abAprendizaje y pr\u00e1ctica de la ciudadan\u00eda: propuestas desde la investigaci\u00f3n\u00bb.<i> <\/i><i>IV Congreso de Educaci\u00f3n para el Desarrollo<\/i>:<i> cambiar la educaci\u00f3n para cambiar el mundo&#8230; \u00a1Por una acci\u00f3n educativa emancipadora!<\/i> <i> <\/i>Vitoria, 9-11 octubre 2014. Comunicaci\u00f3n. <span class=\"inplacedisplayid1siteid0\">ISBN 978-84-89916-98-2. Pp. 208-213. Descargar <a href=\"https:\/\/www2.uned.es\/grupointer\/Cap_Cambiar_la_educacion.pdf\">publicaci\u00f3n en pdf<\/a><\/span>Gil Jaurena, In\u00e9s y S\u00e1nchez Melero, H\u00e9ctor. (2014). \u00abInvestigaci\u00f3n sobre espacios de participaci\u00f3n desde una perspectiva educativa\u00bb. <i>XXVII Semin\u00e1rio Interuniversit\u00e1rio de Pedagogia Social:<\/i><i> Pedagogia \/ Educa\u00e7\u00e3o Social &#8211; Teorias &amp; Pr\u00e1ticas. Espa\u00e7os de investiga\u00e7\u00e3o, forma\u00e7\u00e3o e a\u00e7\u00e3o<\/i>. Porto, 17-19 septiembre 2014. Comunicaci\u00f3n. <span class=\"inplacedisplayid1siteid0\">ISBN 978-972-8969-06-6. Pp. 335-339. <\/span><span class=\"inplacedisplayid1siteid0\">Descargar <a href=\"https:\/\/www2.uned.es\/grupointer\/Cap_Livro_pedagogia_social.pdf\">publicaci\u00f3n en pdf<\/a> <br \/><\/span><\/li><li><span class=\"inplacedisplayid1siteid0\">Gil Jaurena, In\u00e9s y S\u00e1nchez Melero, H\u00e9ctor. (2014). \u00abInvestigaci\u00f3n participativa para el an\u00e1lisis de espacios de participaci\u00f3n ciudadana\u00bb. <\/span><span class=\"inplacedisplayid1siteid0\"> <i>Seminario de Educaci\u00f3n Intercultural<\/i><\/span><span class=\"inplacedisplayid1siteid0\">, UNED, Madrid, 13-15 marzo 2014. Comunicaci\u00f3n.<\/span><\/li><\/ul><ul><li><span class=\"inplacedisplayid1siteid0\">S\u00e1nchez Melero, H\u00e9ctor. (2014). \u00abAproximaci\u00f3n a la participaci\u00f3n ciudadana con perspectiva de g\u00e9nero<\/span><span class=\"inplacedisplayid1siteid0\">\u00ab. <\/span><span class=\"inplacedisplayid1siteid0\"> <i>Seminario de Educaci\u00f3n Intercultural<\/i><\/span><span class=\"inplacedisplayid1siteid0\">, UNED, Madrid, 13-15 marzo 2014. Comunicaci\u00f3n.<\/span><\/li><\/ul><p><span style=\"color: #000000\"><strong>A\u00f1o 2013<\/strong><\/span><\/p><ul><li><span class=\"inplacedisplayid1siteid0\">Gil Jaurena, In\u00e9s y S\u00e1nchez Melero, H\u00e9ctor. (2013). \u00abEspacios de participaci\u00f3n. Espacios de aprendizaje\u00bb. <\/span><span class=\"inplacedisplayid1siteid0\"> <i>IV Col\u00f3quio Internacional de Doutorandos\/as do CES. <em>Coimbra C: Dialogar com os Tempos e os Lugares do(s) Mundo(s)<\/em><\/i><\/span><span class=\"inplacedisplayid1siteid0\">, Coimbra (Portugal), 6-7 diciembre 2013. Comunicaci\u00f3n. <br \/><\/span><\/li><\/ul><ul><li>S\u00e1nchez Melero, H\u00e9ctor. (2013).\u00a0<span class=\"inplacedisplayid1siteid0\">\u00abPr\u00e1ctica ciudadana situada. Cuestionando la divisi\u00f3n de espacios y otros ideales ciudadanos\u00bb. <i>IV Col\u00f3quio Internacional de Doutorandos\/as do CES. <em>Coimbra C: Dialogar com os Tempos e os Lugares do(s) Mundo(s)<\/em><\/i><\/span><span class=\"inplacedisplayid1siteid0\">, Coimbra (Portugal), 6-7 diciembre 2013. Comunicaci\u00f3n. <\/span><\/li><\/ul><ul><li>Gil Jaurena, In\u00e9s; S\u00e1nchez Melero, H\u00e9ctor y L\u00f3pez Ronda, Sergio. (2013). \u00ab<span class=\"inplacedisplayid1siteid0\">La participaci\u00f3n como clave en la investigaci\u00f3n de espacios de aprendizaje de la ciudadan\u00eda\u00bb. <i>Congreso Internacional de Pedagog\u00eda Social. XXVI Seminario Interuniversitario de Pedagog\u00eda Social<\/i><em>: Crisis social y Estado del Bienestar: las respuestas de la Pedagog\u00eda Social<\/em>, Oviedo, 7-8 Noviembre 2013. Comunicaci\u00f3n. En Susana Tor\u00edo <em>et al.<\/em> (coords.). <em>Crisis social y Estado del Bienestar: las respuestas de la Pedagog\u00eda Social<\/em>. Oviedo: Universidad de Oviedo. ISBN: 978-84-16046-01-0. Pp. 84-88. <\/span><span class=\"inplacedisplayid1siteid0\">Descargar <a href=\"https:\/\/www2.uned.es\/grupointer\/cap_oviedo_13.pdf\">publicaci\u00f3n en pdf<\/a>\u00a0\u00a0 <\/span><\/li><\/ul><ul><li>L\u00f3pez Ronda, Sergio. (2013). \u00abEl valor educativo de los procesos de participaci\u00f3n ciudadana e innovaci\u00f3n democr\u00e1tica local: el caso de los presupuestos participativos en Espa\u00f1a\u00bb<span class=\"inplacedisplayid1siteid0\">. <i>Congreso Internacional de Pedagog\u00eda Social. XXVI Seminario Interuniversitario de Pedagog\u00eda Social<\/i><em>: Crisis social y Estado del Bienestar: las respuestas de la Pedagog\u00eda Social<\/em>, Oviedo, 7-8 Noviembre 2013. Comunicaci\u00f3n. <\/span><\/li><\/ul><ul><li>Gil Jaurena, In\u00e9s; L\u00f3pez Ronda, Sergio y S\u00e1nchez Melero, H\u00e9ctor. (2013). <span class=\"inplacedisplayid1siteid0\">\u00abInvestigaci\u00f3n sobre espacios de participaci\u00f3n ciudadana: an\u00e1lisis y propuestas desde una perspectiva educativa\u00bb. <em>6\u00ba Colloque R\u00e9seau Internationale de l&#8217;Animation (RIA): Animation socioculturelle et intervention sociale: pour quels projets de soci\u00e9t\u00e9?,<\/em> Par\u00eds, 29-31 Octubre 2013. Comunicaci\u00f3n. <br \/><\/span><\/li><\/ul><ul><li>Ballesteros, Bel\u00e9n y Mata, Patricia. (2013). <span class=\"inplacedisplayid1siteid0\">\u00abCiudadan\u00edas: video-investigaci\u00f3n participativa en torno al aprendizaje y la pr\u00e1ctica de una ciudadan\u00eda cr\u00edtica y transformadora\u00bb. <em>6\u00ba Colloque R\u00e9seau Internationale de l&#8217;Animation (RIA): Animation socioculturelle et intervention sociale: pour quels projets de soci\u00e9t\u00e9?,<\/em> Par\u00eds, 29-31 Octubre 2013. Comunicaci\u00f3n. <\/span><\/li><\/ul><ul><li>Aguado, Teresa; Ballesteros, Bel\u00e9n; Mata, Patricia y S\u00e1nchez-Melero, H\u00e9ctor. (2013). \u00abAprendizaje de la ciudadan\u00eda activa: propuestas educativas\u00bb. <i>Actas del XVI Congreso Nacional y II Internacional de Modelos de Investigaci\u00f3n Educativa de AIDIPE<\/i>, Alicante, 4-6 septiembre 2013. <span class=\"inplacedisplayid1siteid0\">Pp. 35-42. ISBN: 978-84-695-8363-0. <\/span> Comunicaci\u00f3n. Descargar <a href=\"https:\/\/www2.uned.es\/grupointer\/texto_ciudadania_propuestas_educativas_aidipe_2013.pdf\">publicaci\u00f3n en pdf<\/a>\u00a0\u00a0<\/li><\/ul><ul><li>Gil Jaurena, In\u00e9s y L\u00f3pez Ronda, Sergio. (2013). \u00ab<span class=\"inplacedisplayid1siteid0\">Investigaci\u00f3n participativa para la elaboraci\u00f3n de un mapa de espacios de participaci\u00f3n ciudadana\u00bb<\/span>. <i>Actas del XVI Congreso Nacional y II Internacional de Modelos de Investigaci\u00f3n Educativa de AIDIPE<\/i>, Alicante, 4-6 septiembre 2013. <span class=\"inplacedisplayid1siteid0\">Pp. 61-66. ISBN: 978-84-695-8363-0. <\/span> Comunicaci\u00f3n. Descargar <a href=\"https:\/\/www2.uned.es\/grupointer\/texto_investig_participativa_mapa_aidipe_2013.pdf\">publicaci\u00f3n en pdf<\/a><\/li><\/ul><ul><li>S\u00e1nchez-Melero, H\u00e9ctor. (2013). \u00abCiudadan\u00eda, \u00e9tica del cuidado y pol\u00edtica feminista\u00bb, <i> <\/i><i>XI Congreso Espa\u00f1ol de Sociolog\u00eda: <\/i> <i>Crisis y cambio: propuestas desde la sociolog\u00eda<\/i>, Madrid, 10-12 julio 2013. Comunicaci\u00f3n. Ver <a href=\"http:\/\/www.fes-web.org\/congresos\/11\/ponencias\/1016\/\">resumen en web del congreso<\/a><\/li><\/ul><ul><li>S\u00e1nchez-Melero, H\u00e9ctor. (2013). \u00abCiudadan\u00eda en relaci\u00f3n. Pr\u00e1cticas que cuestionan el ideal de ciudadano aut\u00f3nomo\u00bb, <i> <\/i><i>XI Congreso Espa\u00f1ol de Sociolog\u00eda: <\/i><i>Crisis y cambio: propuestas desde la sociolog\u00eda<\/i>, Madrid, 10-12 julio 2013. Comunicaci\u00f3n. Ver <a href=\"http:\/\/www.fes-web.org\/congresos\/11\/ponencias\/968\/\">resumen en web del congreso<\/a><\/li><\/ul><ul><li>L\u00f3pez-Ronda, Sergio y Pineda, Carmen. (2013). \u00abExperiencias de presupuestos participativos en el Pa\u00eds Valenciano: an\u00e1lisis de variables que intervienen en su paralizaci\u00f3n\u00bb, <i> <\/i><i>XI Congreso Espa\u00f1ol de Sociolog\u00eda: <\/i><i>Crisis y cambio: propuestas desde la sociolog\u00eda<\/i>, Madrid, 10-12 julio 2013. Comunicaci\u00f3n. Ver <a href=\"http:\/\/www.fes-web.org\/congresos\/11\/ponencias\/292\/\">resumen en web del congreso<\/a><\/li><\/ul><ul><li>Osuna, Carmen y Mata, Patricia. (2013). \u00abOtra forma de mirar: percepciones de los estudiantes del M\u00e1ster Euro-latinoamericano en Educaci\u00f3n Intercultural sobre la justicia social\u00bb,<i> Actas de Conferencia Internacional UNED-ICDE 2013<\/i>, Madrid (Espa\u00f1a), 7-9 marzo 2013. Pp. 688-699. ISBN: <span class=\"inplacedisplayid1siteid0\">978-84-695-8748-5. <\/span>Comunicaci\u00f3n. Descargar <a href=\"https:\/\/www2.uned.es\/grupointer\/Percepciones_de_los_estudiantes_sobre_el_concepto_de_justicia_social_en_el_Master_Euro-Latinoamericano_de_Educacion_Intercultural-.pdf\">presentaci\u00f3n<\/a>. Descargar <a href=\"https:\/\/www2.uned.es\/grupointer\/UNED-ICDE2013InternationalConferenceproceedings_osuna_mata.pdf\">texto de la comunicaci\u00f3n<\/a>.<\/li><\/ul><p><strong><span style=\"color: #000000\">A\u00f1o 2012<\/span><\/strong><\/p><ul><li>Gil Jaurena, In\u00e9s. (2012). \u00ab<span class=\"inplacedisplayid1siteid0\">Aprendizaje de la ciudadan\u00eda y la participaci\u00f3n. Aproximaci\u00f3n a su estudio<\/span>\u00ab, XXV Seminario Interuniversitario de Pedagog\u00eda Social. La Pedagog\u00eda Social <span class=\"inplacedisplayid1siteid0\">en la Universidad. Investigaci\u00f3n, formaci\u00f3n y compromiso social<\/span>, Talavera de la Reina (Espa\u00f1a), 29-30 noviembre 2012. Comunicaci\u00f3n. Descargar <a href=\"https:\/\/www2.uned.es\/grupointer\/aprendizaje_ciudadania_inesgj_12.pdf\">publicaci\u00f3n en pdf<\/a><\/li><\/ul><p><strong><span style=\"color: #000000\">A\u00f1o 2011<\/span><\/strong><\/p><ul><li>Gil Jaurena, In\u00e9s; Aguado, Teresa; Mata, Patricia; Ballesteros, Bel\u00e9n. (2011). \u00ab<span class=\"inplacedisplayid1siteid0\">Investigaci\u00f3n sobre aprendizaje de la ciudadan\u00eda activa<\/span>\u00ab, 5\u00ba Coloquio Internacional de Animaci\u00f3n Sociocultural, Zaragoza (Espa\u00f1a), 26-28 octubre 2011. Comunicaci\u00f3n. Descargar <a href=\"https:\/\/www2.uned.es\/grupointer\/8.8-I.-Gil.-Investig.-Aprendizaje-Ciudadania.pdf\">publicaci\u00f3n en pdf<\/a><\/li><\/ul><ul><li>Mata, Patricia y Ballesteros, Bel\u00e9n. (2011). \u00abCiudadan\u00eda&#8230;, \u00bfc\u00f3mo se aprende? Una investigaci\u00f3n sobre discursos y experiencias de participaci\u00f3n y transformaci\u00f3n social\u00bb, Congreso Mejora educativa y ciudadan\u00eda cr\u00edtica, Castell\u00f3n (Espa\u00f1a), octubre 2011. Comunicaci\u00f3n. Publicaci\u00f3n: Revista Quaderns Digitals n\u00ba 69, <a href=\"http:\/\/www.quadernsdigitals.net\/index.php?accionMenu=hemeroteca.VisualizaArticuloIU.visualiza&amp;articulo_id=11050&amp;PHPSESSID=2d79999838a38f990f8a4d470cc88189\">actas del congreso<\/a>. Descargar <a href=\"https:\/\/www2.uned.es\/grupointer\/ciudadania_como_se_aprende_patri_belen_oct11.pdf\">publicaci\u00f3n en pdf<\/a><\/li><\/ul><ul><li>Ballesteros, Bel\u00e9n; Gil Jaurena, In\u00e9s; Hern\u00e1ndez, Caridad; Mata, Patricia; del Olmo, Margarita y Osuna, Carmen. (2011). \u00abTrabajo en red: an\u00e1lisis de proyectos internacionales del Grupo INTER\u00bb. XV Congreso Nacional y I Internacional de Modelos de Investigaci\u00f3n Educativa. Investigaci\u00f3n y Educaci\u00f3n en un mundo en red, Madrid, 21-23 septiembre 2011. Simposio. Publicaci\u00f3n: UNED, CD-Rom, ISBN: 978-84-694-9839-2. Descargar<strong><a href=\"https:\/\/www2.uned.es\/grupointer\/simposio_aidipe_11.pdf\">publicaci\u00f3n en pdf<\/a><\/strong><\/li><\/ul><ul><li>Mata, Patricia y Ballesteros, Bel\u00e9n. (2011). La experiencia del racismo en j\u00f3venes inmigrantes: c\u00f3mo se vive, c\u00f3mo se afronta. En F. J. Garc\u00eda Casta\u00f1o y N. Kressova (coords.) Actas del I Congreso Internacional sobre Migraciones en Andaluc\u00eda (pp. 979-985). 16-18 Febrero 2011. Granada: Instituto de Migraciones. ISBN: 978-84-921390-3-3. Descargar <a href=\"http:\/\/migraciones.ugr.es\/congreso2011\/docs\/I_CIMA_Resumenes.pdf\">libro de res\u00famenes en pdf<\/a>. Descargar <a href=\"http:\/\/migraciones.ugr.es\/congreso2011\/libroacta\/Mesa10\/002_MataBallesteros.pdf\">publicaci\u00f3n en pdf<\/a><\/li><\/ul><ul><li>Cucal\u00f3n, Pilar y del Olmo, Margarita. (2011).<span class=\"titulo\"> Narrar historias de los\/as alumnos\/as de las aulas de enlace. \u00abetnograf\u00eda\u00bb, \u00abrelaci\u00f3n de voces\u00bb y \u00abexperiencias de los\/as escolares migrantes\u00bb<\/span> . En F. J. Garc\u00eda Casta\u00f1o y N. Kressova (coords.) Actas del I Congreso Internacional sobre Migraciones en Andaluc\u00eda (pp. 523-528). 16-18 Febrero 2011. Granada: Instituto de Migraciones. ISBN: 978-84-921390-3-3. Descargar <a href=\"http:\/\/migraciones.ugr.es\/congreso2011\/docs\/I_CIMA_Resumenes.pdf\">libro de res\u00famenes en pdf<\/a>. Descargar <a href=\"http:\/\/migraciones.ugr.es\/congreso2011\/libroacta\/Mesa10\/002_MataBallesteros.pdf\">publicaci\u00f3n en pdf<\/a><\/li><\/ul><p><span style=\"color: #000000\"><strong>A\u00f1o 2010<\/strong><\/span><\/p><ul><li>Gil Jaurena, In\u00e9s. (2010). \u00ab<span class=\"inplacedisplayid1siteid0\">Enfoque intercultural y formaci\u00f3n del profesorado. Opiniones de maestros\/as y propuestas para la formaci\u00f3n<\/span>\u00ab, I Congreso Virtual de Formaci\u00f3n del Profesorado, 9-11 diciembre 2010. Comunicaci\u00f3n. Publicaci\u00f3n electr\u00f3nica, J. Maquill\u00f3n et al. (coords.). Cambios educativos y formativos para el desarrollo humano y sostenible. Murcia: EDIT.UM &#8211; Ediciones Universidad de Murcia. ISBN: <span class=\"inplacedisplayid1siteid0\">978-84-694-2843-6<\/span>. Pp. 313-321. Descargar <a href=\"http:\/\/www.um.es\/publicaciones\/digital\/pdfs\/9788469428436.pdf\">publicaci\u00f3n completa en pdf<\/a><\/li><\/ul><ul><li>Gil Jaurena, In\u00e9s y Malik Li\u00e9vano, Beatriz. (2010). \u00ab<span class=\"inplacedisplayid1siteid0\">Proyecto de cooperaci\u00f3n acad\u00e9mica Inter-Alfa: Postgrado Euro-Latinoamericano en Educaci\u00f3n Intercultural<\/span>\u00ab, <span class=\"inplacedisplayid1siteid0\">XIII Encuentro Iberoamericano de Educaci\u00f3n Superior a Distancia. Redes universitarias, postgrados y complementariedad curricular<\/span>,\u00a0<span class=\"inplacedisplayid1siteid0\">Lisboa (Portugal), septiembre 2009<\/span>. Comunicaci\u00f3n. Publicaci\u00f3n: <span class=\"inplacedisplayid1siteid0\">Universidade Aberta, CD-Rom<\/span>, ISBN: <span class=\"inplacedisplayid1siteid0\">978-972-674-689-8<\/span>.<\/li><\/ul><p><span style=\"color: #000000\"><strong>A\u00f1o 2009<\/strong><\/span><\/p><ul><li>Gil Jaurena, In\u00e9s. (2009). \u00abEnfoque intercultural y animaci\u00f3n sociocultural: apuntes para la reflexi\u00f3n\u00bb, 4\u00ba Coloquio Internacional en Animaci\u00f3n. La creatividad en animaci\u00f3n: desaf\u00edos organizacionales, identitarios y ciudadanos, Montreal (Canad\u00e1), 28-30 octubre 2009. Comunicaci\u00f3n.<\/li><\/ul><ul><li>Gil Jaurena, In\u00e9s. (2009). \u00abIntercultural education and school practice in Madrid: &#8216;best&#8217; and &#8216;worst&#8217; scenarios\u00bb, Congreso Internacional de la IAIE: intercultural education: paideia, polity, demoi, Atenas (Grecia), junio 2009. Comunicaci\u00f3n. Publicaci\u00f3n: CD-Rom, ISBN: 978-960-98897-0-4.<\/li><\/ul><ul><li>Mata Benito, Patricia. (2009). \u00abPerceptions and experiences around Active Intercultural Citizenship meaning and practice\u00bb, Congreso Internacional de la IAIE: intercultural education: paideia, polity, demoi, Atenas (Grecia), junio 2009. Comunicaci\u00f3n. Publicaci\u00f3n: CD-Rom, ISBN: 978-960-98897-0-4.<\/li><\/ul><ul><li>Ballesteros, Bel\u00e9n; Gil Jaurena, In\u00e9s y Mata, Patricia. (2009). \u00abDiversidad cultural y eficacia de la escuela: planteamiento de la investigaci\u00f3n y avance de resultados\u00bb, XIV Congreso nacional de modelos de investigaci\u00f3n educativa: educaci\u00f3n, investigaci\u00f3n y desarrollo social, Huelva (Espa\u00f1a), junio 2009. Comunicaci\u00f3n. Publicaci\u00f3n: CD-Rom, ISBN: 978-84-95944245. Pp. 1015-1021. Libro de actas disponible en <a href=\"http:\/\/www.uv.es\/aidipe\/congresos\/XIV_Congreso.pdf\">http:\/\/www.uv.es\/aidipe\/congresos\/XIV_Congreso.pdf<\/a><\/li><\/ul><ul><li>Hern\u00e1ndez S\u00e1nchez, Caridad. (2009). \u00abRacismo y educaci\u00f3n para la ciudadan\u00eda: una relaci\u00f3n necesaria de abordar\u00bb, en Avila et al. (coord). Actas del XX Simposio Internacional de Did\u00e1ctica de las Ciencias Sociales \/ I Convegno Internazionale Italo-Spagnolo di Didattica delle Scienze Sociali: L&#8217;educazione alla cittadananza europea e la formazione degli insegnanti. Un progetto educativo per la \u00abStrategia di Lisbona\u00bb=La educaci\u00f3n de la ciudadan\u00eda europea y la formaci\u00f3n del profesorado. Un proyecto educativo para la \u00abEstrategia de Lisboa\u00bb, Bolonia (Italia), 31 marzo-3 abril 2009. ISBN: 978-88-555-3022-4. Pp. 499-506.<\/li><\/ul><p><span style=\"color: #000000\"><strong>A\u00f1o 2008<\/strong><\/span><\/p><ul><li>Aguado, Teresa; Mata, Patricia y Gil Jaurena, In\u00e9s. (2008). \u00abCultural diversity and schooling achievement of the students in compulsary education. What is happening in the schools\u00bb, European Conference on Educational Research (ECER) 2008: from teaching to learning?, Goteborg (Suecia), 8-12 septiembre 2008. Comunicaci\u00f3n.<\/li><\/ul><p><span style=\"color: #000000\"><b>A\u00f1o 2007<\/b><\/span><\/p><ul><li>T\u00e9llez, Jos\u00e9 Antonio; Aguado, Teresa; Ballesteros, Bel\u00e9n; Gil Jaurena, In\u00e9s; Malik, Beatriz; Hern\u00e1ndez, Caridad; Mata, Patricia y Del Olmo, Margarita. (2007). \u00abRacismo y adolescentes: una perspectiva educativa\u00bb, XIII Congreso nacional de modelos de investigaci\u00f3n educativa: convivencia, equidad, calidad. San Sebasti\u00e1n (Espa\u00f1a), junio 2007. Comunicaci\u00f3n. Publicaci\u00f3n: ISBN: 978-84-9746-382-9. Pp. 543-548. Libro de actas disponible en <a href=\"http:\/\/www.uv.es\/aidipe\/congresos\/XIII_Congreso.pdf\">http:\/\/www.uv.es\/aidipe\/congresos\/XIII_Congreso.pdf<\/a><\/li><\/ul><p><strong><span style=\"color: #000000\">A\u00f1o 2005<\/span><\/strong><\/p><ul><li>Gil Jaurena, In\u00e9s. (2005). \u00abDiversidad, diferencia y desigualdad\u00bb, <span class=\"inplacedisplayid1siteid0\">I Congreso Virtual de Educaci\u00f3n en Valores, organizado por la Universidad de Zaragoza (Espa\u00f1a) y celebrado en internet, 24 a 27 de mayo de 2005. Comunicaci\u00f3n. <\/span>Publicaci\u00f3n: CD-Rom, ISBN: 84934236-X.<\/li><\/ul><ul><li>Gil Jaurena, In\u00e9s. (2005). \u00abFormaci\u00f3n de profesorado en educaci\u00f3n intercultural: Proyecto Inter\u00bb, <span class=\"inplacedisplayid1siteid0\">I Congreso Virtual de Educaci\u00f3n en Valores, organizado por la Universidad de Zaragoza (Espa\u00f1a) y celebrado en internet, 24 a 27 de mayo de 2005. Comunicaci\u00f3n. <\/span>Publicaci\u00f3n: CD-Rom, ISBN: 84934236-X.<\/li><\/ul><p><span style=\"color: #000000\"><strong>A\u00f1o 2003<\/strong><\/span><\/p><ul><li>Gil Jaurena, In\u00e9s. (2003). \u00abEducaci\u00f3n intercultural y calidad de la educaci\u00f3n\u00bb, <span class=\"inplacedisplayid1siteid0\">XI Congreso Nacional de Modelos de Investigaci\u00f3n Educativa \u201cInvestigaci\u00f3n y Sociedad\u201d, organizado por AIDIPE y celebrado en Granada, 25 a 27 de septiembre de 2003. Poster. Publicaci\u00f3n: Actas del Congreso en CD. <\/span><span class=\"inplacedisplayid1siteid0\"> ISBN: 84-8491-299-X. <\/span><span class=\"inplacedisplayid1siteid0\">Pp. 1249-1251. Libro de actas disponible en <a href=\"http:\/\/www.uv.es\/aidipe\/congresos\/XI_Congreso.pdf\">http:\/\/www.uv.es\/aidipe\/congresos\/XI_Congreso.pdf<\/a><br \/><\/span><\/li><\/ul><ul><li>Gil Jaurena, In\u00e9s. (2003). \u00abValoraci\u00f3n de una experiencia de formaci\u00f3n del profesorado en ejercicio: el curso Educaci\u00f3n Multicultural de la UNED\u00bb, <span class=\"inplacedisplayid1siteid0\">Congreso Internacional sobre Interculturalidad, Formaci\u00f3n del Profesorado y Educaci\u00f3n, Madrid, UNED, 28 a 30 de abril de 2003. Comunicaci\u00f3n. Publicaci\u00f3n: Actas en CD en el libro de Medina, Antonio (coord.) (2006). Interculturalidad, formaci\u00f3n de profesorado y educaci\u00f3n. Madrid: Pearson.<br \/><\/span><\/li><\/ul><ul><li>Gil Jaurena, In\u00e9s. (2003). \u00abLa educaci\u00f3n intercultural: una propuesta para la nueva alfabetizaci\u00f3n\u00bb, <span class=\"inplacedisplayid1siteid0\">Congreso Internacional Virtual La nueva alfabetizaci\u00f3n: un reto para la educaci\u00f3n del siglo XXI, organizado por el CES Don Bosco (Madrid, Espa\u00f1a) y celebrado en internet, 3 de marzo a 11 de abril de 2003. Comunicaci\u00f3n. <\/span>Descargar <a href=\"https:\/\/www2.uned.es\/grupointer\/V-4_Interculturalidad_UNED.pdf\">publicaci\u00f3n en pdf<\/a><span class=\"inplacedisplayid1siteid0\">\u00a0<\/span><\/li><\/ul>\t\t\t\t\t\t\t\t<\/div>\n\t\t\t\t<\/div>\n\t\t\t\t\t<\/div>\n\t\t<\/div>\n\t\t\t\t\t<\/div>\n\t\t<\/section>\n\t\t\t\t<section class=\"elementor-section elementor-top-section elementor-element elementor-element-86c7ef3 elementor-section-boxed elementor-section-height-default elementor-section-height-default\" data-id=\"86c7ef3\" data-element_type=\"section\" data-e-type=\"section\">\n\t\t\t\t\t\t<div class=\"elementor-container elementor-column-gap-default\">\n\t\t\t\t\t<div class=\"elementor-column elementor-col-100 elementor-top-column elementor-element elementor-element-bd73903\" data-id=\"bd73903\" data-element_type=\"column\" data-e-type=\"column\">\n\t\t\t<div class=\"elementor-widget-wrap\">\n\t\t\t\t\t\t\t<\/div>\n\t\t<\/div>\n\t\t\t\t\t<\/div>\n\t\t<\/section>\n\t\t\t\t<\/div>\n\t\t","protected":false},"excerpt":{"rendered":"<p>CONTRIBUCIONES A CONGRESOS Congresos organizados por el Grupo INTER\u00a0\u00a0 \/ Otras contribuciones a congresos A\u00f1o 2019 (Congreso AIDIPE, coorganizado por el Grupo INTER dela UNED) \u00abInvestigaci\u00f3n comprometida para la transformaci\u00f3n social\u00bb Universidad Aut\u00f3noma de Madrid, 19-21 junio 2019 Contribuciones a este simposio vinculadas a proyectos del Grupo INTER: Aguado, Teresa; Ballesteros, Bel\u00e9n y Mata, Patricia. [&hellip;]<\/p>\n","protected":false},"author":7641,"featured_media":0,"parent":0,"menu_order":0,"comment_status":"closed","ping_status":"closed","template":"","meta":{"footnotes":""},"class_list":["post-2281","page","type-page","status-publish","czr-hentry"],"_links":{"self":[{"href":"https:\/\/blogs.uned.es\/grupointer\/wp-json\/wp\/v2\/pages\/2281","targetHints":{"allow":["GET"]}}],"collection":[{"href":"https:\/\/blogs.uned.es\/grupointer\/wp-json\/wp\/v2\/pages"}],"about":[{"href":"https:\/\/blogs.uned.es\/grupointer\/wp-json\/wp\/v2\/types\/page"}],"author":[{"embeddable":true,"href":"https:\/\/blogs.uned.es\/grupointer\/wp-json\/wp\/v2\/users\/7641"}],"replies":[{"embeddable":true,"href":"https:\/\/blogs.uned.es\/grupointer\/wp-json\/wp\/v2\/comments?post=2281"}],"version-history":[{"count":13,"href":"https:\/\/blogs.uned.es\/grupointer\/wp-json\/wp\/v2\/pages\/2281\/revisions"}],"predecessor-version":[{"id":2309,"href":"https:\/\/blogs.uned.es\/grupointer\/wp-json\/wp\/v2\/pages\/2281\/revisions\/2309"}],"wp:attachment":[{"href":"https:\/\/blogs.uned.es\/grupointer\/wp-json\/wp\/v2\/media?parent=2281"}],"curies":[{"name":"wp","href":"https:\/\/api.w.org\/{rel}","templated":true}]}}