{"id":1523,"date":"2023-01-07T13:18:53","date_gmt":"2023-01-07T12:18:53","guid":{"rendered":"https:\/\/blogs.uned.es\/grupointer\/?page_id=1523"},"modified":"2023-03-18T22:05:41","modified_gmt":"2023-03-18T21:05:41","slug":"prevencion-racismo","status":"publish","type":"page","link":"https:\/\/blogs.uned.es\/grupointer\/prevencion-racismo\/","title":{"rendered":"Prevenci\u00f3n del Racismo en la Escuela II"},"content":{"rendered":"\t\t<div data-elementor-type=\"wp-post\" data-elementor-id=\"1523\" class=\"elementor elementor-1523\">\n\t\t\t\t\t\t<section class=\"elementor-section elementor-top-section elementor-element elementor-element-57e38158 elementor-section-content-middle elementor-section-boxed elementor-section-height-default elementor-section-height-default\" data-id=\"57e38158\" data-element_type=\"section\" data-e-type=\"section\">\n\t\t\t\t\t\t<div class=\"elementor-container elementor-column-gap-no\">\n\t\t\t\t\t<div class=\"elementor-column elementor-col-50 elementor-top-column elementor-element elementor-element-82c660\" data-id=\"82c660\" data-element_type=\"column\" data-e-type=\"column\">\n\t\t\t<div class=\"elementor-widget-wrap elementor-element-populated\">\n\t\t\t\t\t\t<div class=\"elementor-element elementor-element-571ddb8a elementor-widget-divider--view-line elementor-widget elementor-widget-divider\" data-id=\"571ddb8a\" data-element_type=\"widget\" data-e-type=\"widget\" data-widget_type=\"divider.default\">\n\t\t\t\t<div class=\"elementor-widget-container\">\n\t\t\t\t\t\t\t<div class=\"elementor-divider\">\n\t\t\t<span class=\"elementor-divider-separator\">\n\t\t\t\t\t\t<\/span>\n\t\t<\/div>\n\t\t\t\t\t\t<\/div>\n\t\t\t\t<\/div>\n\t\t\t\t\t<\/div>\n\t\t<\/div>\n\t\t\t\t<div class=\"elementor-column elementor-col-50 elementor-top-column elementor-element elementor-element-6d44821\" data-id=\"6d44821\" data-element_type=\"column\" data-e-type=\"column\">\n\t\t\t<div class=\"elementor-widget-wrap elementor-element-populated\">\n\t\t\t\t\t\t<div class=\"elementor-element elementor-element-4ee13c0c elementor-widget elementor-widget-heading\" data-id=\"4ee13c0c\" data-element_type=\"widget\" data-e-type=\"widget\" data-widget_type=\"heading.default\">\n\t\t\t\t<div class=\"elementor-widget-container\">\n\t\t\t\t\t<h4 class=\"elementor-heading-title elementor-size-default\">ESTRATEGIAS DE PARTICIPACI\u00d3N SOCIAL Y PREVENCI\u00d3N DEL RACISMO EN LAS ESCUELAS (II)<\/h4>\t\t\t\t<\/div>\n\t\t\t\t<\/div>\n\t\t\t\t<div class=\"elementor-element elementor-element-faa5c5d elementor-widget elementor-widget-text-editor\" data-id=\"faa5c5d\" data-element_type=\"widget\" data-e-type=\"widget\" data-widget_type=\"text-editor.default\">\n\t\t\t\t<div class=\"elementor-widget-container\">\n\t\t\t\t\t\t\t\t\t<div id=\"feature_box_right\"><p><b>Coordinadora:<\/b> Margarita del Olmo Pintado<\/p><p><strong>Programa<\/strong>: Promoci\u00f3n General del Conocimiento, Plan Nacional de I+D+I del Ministerio de Ciencia e Innovaci\u00f3n<\/p><p><strong>Referencia<\/strong>: FFI2009-08762<\/p><p><strong>Duraci\u00f3n<\/strong>: 2009-2012<\/p><\/div>\t\t\t\t\t\t\t\t<\/div>\n\t\t\t\t<\/div>\n\t\t\t\t\t<\/div>\n\t\t<\/div>\n\t\t\t\t\t<\/div>\n\t\t<\/section>\n\t\t\t\t<section class=\"elementor-section elementor-top-section elementor-element elementor-element-6dbd182 elementor-section-boxed elementor-section-height-default elementor-section-height-default\" data-id=\"6dbd182\" data-element_type=\"section\" data-e-type=\"section\">\n\t\t\t\t\t\t<div class=\"elementor-container elementor-column-gap-default\">\n\t\t\t\t\t<div class=\"elementor-column elementor-col-100 elementor-top-column elementor-element elementor-element-a1fafff\" data-id=\"a1fafff\" data-element_type=\"column\" data-e-type=\"column\">\n\t\t\t<div class=\"elementor-widget-wrap elementor-element-populated\">\n\t\t\t\t\t\t<div class=\"elementor-element elementor-element-2404a45 elementor-widget elementor-widget-text-editor\" data-id=\"2404a45\" data-element_type=\"widget\" data-e-type=\"widget\" data-widget_type=\"text-editor.default\">\n\t\t\t\t<div class=\"elementor-widget-container\">\n\t\t\t\t\t\t\t\t\t<p><b>RESUMEN:<\/b><\/p><p>Los objetivos del proyecto son: <br \/>a) analizar el proceso de participaci\u00f3n de los alumnos en el sistema escolar<br \/>b) identificar los obst\u00e1culos que impiden una participaci\u00f3n equitativa de todos los alumnos<br \/>c) hacer propuestas para superarlos<br \/>d) valorar la producci\u00f3n cient\u00edfica y los recursos para la ense\u00f1anza\/aprendizaje que ya existen<\/p><p>Nos proponemos analizar la pr\u00e1ctica escolar diaria en algunas escuelas seleccionadas como casos de estudio en distintos lugares del mundo (Espa\u00f1a, Estados Unidos, Per\u00fa, Austria y Bolivia) para tener un marco de referencia amplio y poder comparar pr\u00e1cticas desde una perspectiva antropol\u00f3gica.<\/p><p><b>PARTICIPANTES<\/b><\/p><p><b>CSIC<\/b><br \/>Margarita del Olmo Pintado (coord.)<br \/>Matilde Fern\u00e1ndez Montes<br \/>Ceferina Anta Cabreros<br \/>Pilar Cucal\u00f3n Tirado<br \/>Carmen Osuna Nevado<br \/>Mariacaterina La Barbera<\/p><p><b>Universidad Complutense. Facultad de Educaci\u00f3n<\/b><br \/>Caridad Hern\u00e1ndez S\u00e1nchez<\/p><p><b>UNED. Facultad de Filosof\u00eda. Dpto. Antropolog\u00eda Social y Cultural<\/b><br \/>Waltraud M\u00fcllauer-Seichter<\/p><p><b>University of North Texas (Estados Unidos)<\/b><br \/>Alicia Re Cruz<\/p><p><strong>Universidad Dominicana de California (Estados Unidos)<\/strong><br \/>Jennifer Lucko<\/p><p><strong>Navreme (Austria)<\/strong><b><br \/><\/b>Luisa Lobo<br \/>Lis S\u00e1nchez<\/p><p><strong>Universidad de Salamanca<\/strong><br \/>Rachid El Hour<\/p><p><strong>Escuelas de la FUHEM<\/strong><br \/>Charo D\u00edaz Yubero<\/p><div class=\"notranslate\">\u00a0<\/div><div>\u00a0<\/div><div>\u00a0<\/div>\t\t\t\t\t\t\t\t<\/div>\n\t\t\t\t<\/div>\n\t\t\t\t\t<\/div>\n\t\t<\/div>\n\t\t\t\t\t<\/div>\n\t\t<\/section>\n\t\t\t\t<\/div>\n\t\t","protected":false},"excerpt":{"rendered":"<p>ESTRATEGIAS DE PARTICIPACI\u00d3N SOCIAL Y PREVENCI\u00d3N DEL RACISMO EN LAS ESCUELAS (II) Coordinadora: Margarita del Olmo Pintado Programa: Promoci\u00f3n General del Conocimiento, Plan Nacional de I+D+I del Ministerio de Ciencia e Innovaci\u00f3n Referencia: FFI2009-08762 Duraci\u00f3n: 2009-2012 RESUMEN: Los objetivos del proyecto son: a) analizar el proceso de participaci\u00f3n de los alumnos en el sistema escolarb) [&hellip;]<\/p>\n","protected":false},"author":7641,"featured_media":0,"parent":0,"menu_order":0,"comment_status":"closed","ping_status":"closed","template":"","meta":{"footnotes":""},"class_list":["post-1523","page","type-page","status-publish","czr-hentry"],"_links":{"self":[{"href":"https:\/\/blogs.uned.es\/grupointer\/wp-json\/wp\/v2\/pages\/1523","targetHints":{"allow":["GET"]}}],"collection":[{"href":"https:\/\/blogs.uned.es\/grupointer\/wp-json\/wp\/v2\/pages"}],"about":[{"href":"https:\/\/blogs.uned.es\/grupointer\/wp-json\/wp\/v2\/types\/page"}],"author":[{"embeddable":true,"href":"https:\/\/blogs.uned.es\/grupointer\/wp-json\/wp\/v2\/users\/7641"}],"replies":[{"embeddable":true,"href":"https:\/\/blogs.uned.es\/grupointer\/wp-json\/wp\/v2\/comments?post=1523"}],"version-history":[{"count":19,"href":"https:\/\/blogs.uned.es\/grupointer\/wp-json\/wp\/v2\/pages\/1523\/revisions"}],"predecessor-version":[{"id":2615,"href":"https:\/\/blogs.uned.es\/grupointer\/wp-json\/wp\/v2\/pages\/1523\/revisions\/2615"}],"wp:attachment":[{"href":"https:\/\/blogs.uned.es\/grupointer\/wp-json\/wp\/v2\/media?parent=1523"}],"curies":[{"name":"wp","href":"https:\/\/api.w.org\/{rel}","templated":true}]}}