{"id":11911,"date":"2024-03-03T18:58:12","date_gmt":"2024-03-03T18:58:12","guid":{"rendered":"https:\/\/blogs.uned.es\/govredig\/?page_id=11911"},"modified":"2024-05-18T14:46:32","modified_gmt":"2024-05-18T14:46:32","slug":"experto-profesional-era-digital","status":"publish","type":"page","link":"https:\/\/blogs.uned.es\/govredig\/experto-profesional-era-digital\/","title":{"rendered":"Experto Profesional Era Digital"},"content":{"rendered":"\n<p>Pr\u00f3ximamente&#8230; <\/p>\n\n\n\n<p><strong>PROPUESTA DE T\u00cdTULO PROPIO<\/strong><\/p>\n\n\n\n<p><strong>EXPERTO PROFESIONAL EN \u201cDIRECCI\u00d3N, GESTI\u00d3N, \u00c9TICA Y DERECHO DE LA INVESTIGACI\u00d3N Y LA INNOVACI\u00d3N CIENT\u00cdFICA EN LA ERA DIGITAL.\u201d<\/strong><\/p>\n\n\n\n<p>PROGRAMA DE DESARROLLO PROFESIONAL Y PERSONAL<br>Curso 2024\/2025<\/p>\n\n\n\n<p>El Programa de Desarrollo Profesional y Personal acoge cursos que dan derecho a la obtenci\u00f3n de un T\u00edtulo Propio por la UNED. Cada curso se impartir\u00e1 en una de las siguientes categor\u00edas: Experto\/a Profesional, Ense\u00f1anza Abierta, Actualizaci\u00f3n Profesional y atienden una demanda de formaci\u00f3n en respuesta a las necesidades e intereses del mundo del trabajo. Sus cursos estar\u00e1n promovidos por la UNED o entidades sociales y econ\u00f3micas que busquen el apoyo acad\u00e9mico de la Universidad para la mejor calidad de sus acciones de formaci\u00f3n y promoci\u00f3n de sus colectivos laborales y profesionales.<\/p>\n\n\n\n<p>Requisitos de acceso: no hay requisitos m\u00ednimos de acceso, salvo los espec\u00edficos de cada curso establecidos por su director.<\/p>\n\n\n\n<p>Destinatarios<\/p>\n\n\n\n<p>El curso desarrolla a nivel de experto profesional aquellas materias que son necesarias para desarrollar con \u00e9xito una actividad profesional en el \u00e1mbito de la investigaci\u00f3n cient\u00edfica (Personal Docente e Investigador, Personal Investigador, Personal T\u00e9cnico, de Gesti\u00f3n y de Administraci\u00f3n y Servicios, Personal T\u00e9cnico vinculado a proyectos de investigaci\u00f3n, Oficinas o Unidades de Transferencia de Tecnolog\u00eda, etc.; personas en general interesadas en el proceso y proyectos de investigaci\u00f3n cient\u00edfica).<\/p>\n\n\n\n<p>Este curso no tiene condiciones espec\u00edficas de acceso distintas de las establecidas por la UNED.<\/p>\n\n\n\n<p>No obstante, aunque no es indispensable, se recomienda el conocimiento de la lengua inglesa para la lectura y estudio de diversos documentos, y para la asistencia a algunos webinarios y visionado de video-clases impartidas en ingl\u00e9s.<\/p>\n\n\n\n<p>1. Presentaci\u00f3n y objetivos<\/p>\n\n\n\n<p>El <strong>Departamento de Derecho Constitucional<\/strong>, en colaboraci\u00f3n con <strong>la C\u00e1tedra Jean Monnet Gobernanza y Regulaci\u00f3n en la Era Digital<\/strong> (<strong><em>GovReDig<\/em><\/strong>), y la <strong>C\u00e1tedra ISAAC. Derechos individuales, investigaci\u00f3n cient\u00edfica y cooperaci\u00f3n, &nbsp;<\/strong>ofrece este curso de formaci\u00f3n b\u00e1sica y especializaci\u00f3n en direcci\u00f3n, gesti\u00f3n, \u00e9tica y derecho de la investigaci\u00f3n y la innovaci\u00f3n cient\u00edfica en la era digital.<\/p>\n\n\n\n<p>La <strong>C\u00e1tedra Jean Monnet Gobernanza y Regulaci\u00f3n en la Era Digital<\/strong> (<strong><em>GovReDig<\/em><\/strong>), proyecto -Proyecto 101127331 GovReDig, ERASMUS-JMO-2023-HEI-TCH-RSCH, financiada por la Uni\u00f3n Europea, tiene como objetivo la formaci\u00f3n, investigaci\u00f3n, as\u00ed como la divulgaci\u00f3n sobre cuestiones de pol\u00edticas europeas y Derecho de la Uni\u00f3n Europea, en relaci\u00f3n con los retos de la gobernanza y regulaci\u00f3n en la sociedad y era digital en la que estamos viviendo.<\/p>\n\n\n\n<p>La <strong>C\u00e1tedra ISAAC. Derechos individuales, investigaci\u00f3n cient\u00edfica y cooperaci\u00f3n<\/strong> establecida en la Facultad de Derecho de la UNED y creada por un Convenio entre la UNED y el Instituto de F\u00edsica Aplicada \u201cNello Carrara\u201d del Consiglio Nazionale della Ricerca italiano (CNR-IFAC) tiene como objetivo la promoci\u00f3n de la investigaci\u00f3n y la formaci\u00f3n en cuestiones \u00e9ticas y jur\u00eddicas de la investigaci\u00f3n cient\u00edfica en el contexto europeo e internacional, estudiando y analizando las principales cuestiones legales y \u00e9ticas relacionadas con la investigaci\u00f3n, incluyendo la construcci\u00f3n del Espacio Europeo de la Investigaci\u00f3n, la libertad acad\u00e9mica y cient\u00edfica, los principios \u00e9ticos de la ciencia, los derechos y deberes de los investigadores, la movilidad europea de investigadores, el espacio europeo de investigaci\u00f3n, as\u00ed como tambi\u00e9n los temas relacionados con la obtenci\u00f3n y el uso de datos en la investigaci\u00f3n, las publicaciones cient\u00edficas, la ciencia ciudadana, y los desaf\u00edos que las innovaciones tecnol\u00f3gicas plantean para la Investigaci\u00f3n.<\/p>\n\n\n\n<p>Dado el proceso de transformaci\u00f3n digital que estamos viviendo, la investigaci\u00f3n cient\u00edfica se hace cada vez m\u00e1s compleja, y es esencial que se aborde, desde una perspectiva \u00e9tica y jur\u00eddica, una formaci\u00f3n especializada para el personal investigador y, en general, para los profesionales vinculados al \u00e1mbito y sectores de la investigaci\u00f3n cient\u00edfica, de forma que adquieran habilidades y competencias espec\u00edficas para el desarrollo de la investigaci\u00f3n cient\u00edfica. Este es el objetivo del curso que, desde una aproximaci\u00f3n b\u00e1sica, y a la vez especializada, permitir\u00e1 adquirir unos conocimientos y unas habilidades, para poder desempe\u00f1ar con \u00e9xito la investigaci\u00f3n cient\u00edfica, desde la idea de investigaci\u00f3n, la elaboraci\u00f3n y preparaci\u00f3n de un proyecto de investigaci\u00f3n, su presentaci\u00f3n a una convocatoria, hasta su ejecuci\u00f3n, y la divulgaci\u00f3n y transferencia de los resultados de investigaci\u00f3n cient\u00edfica.<\/p>\n\n\n\n<ul class=\"wp-block-list\">\n<li>Proporcionar una formaci\u00f3n especializada, tanto te\u00f3rica como pr\u00e1ctica, a todos los participantes, a nivel de experto profesional, de los aspectos \u00e9ticos y jur\u00eddicos de la direcci\u00f3n y gesti\u00f3n de la investigaci\u00f3n e innovaci\u00f3n cient\u00edfica.&nbsp;<\/li>\n\n\n\n<li>Asegurar que los participantes comprendan y asimilen todos los conocimientos, tanto te\u00f3ricos como pr\u00e1cticos, que constituyen el contenido acad\u00e9mico del programa del curso.<\/li>\n\n\n\n<li>Proporcionar a todos los participantes una documentaci\u00f3n completa y actualizada, a nivel de experto profesional, y en lo referente a la direcci\u00f3n y gesti\u00f3n de proyectos de investigaci\u00f3n e innovaci\u00f3n cient\u00edfica.<\/li>\n\n\n\n<li>Dar a los participantes la oportunidad de formular consultas especializadas en lo referente a todas y cada una de las materias que son objeto del contenido del programa del curso.<\/li>\n\n\n\n<li>Proporcionar materiales de apoyo, recursos y bibliograf\u00eda de inter\u00e9s en relaci\u00f3n con los diferentes temas tratados, y que permitir\u00e1n a los participantes continuar ampliando y actualizando los conocimientos adquiridos, una vez finalizado el curso.<\/li>\n\n\n\n<li>Conseguir, mediante las evaluaciones, que los participantes han adquirido el nivel de conocimiento correspondiente a experto profesional en todas y cada una de las materias objeto del curso.<\/li>\n\n\n\n<li>Proporcionar a los participantes que superen el curso la correspondiente acreditaci\u00f3n expedida por la Universidad Nacional de Educaci\u00f3n a Distancia.<\/li>\n\n\n\n<li><\/li>\n<\/ul>\n\n\n\n<p><strong>Presentaci\u00f3n sobre El uso de los algoritmos <\/strong><\/p>\n\n\n\n<div data-wp-interactive=\"core\/file\" class=\"wp-block-file\"><object data-wp-bind--hidden=\"!state.hasPdfPreview\" hidden class=\"wp-block-file__embed\" data=\"https:\/\/blogs.uned.es\/govredig\/wp-content\/uploads\/sites\/485\/2024\/05\/El-uso-de-algoritmos-en-la-Administracion-Publica-y-la-actividad-profesional.pdf\" type=\"application\/pdf\" style=\"width:100%;height:240px\" aria-label=\"Incrustado de El-uso-de-algoritmos-en-la-Administracion-Publica-y-la-actividad-profesional.\"><\/object><a id=\"wp-block-file--media-fa67c14b-9b08-47b1-be23-0e8071273d55\" href=\"https:\/\/blogs.uned.es\/govredig\/wp-content\/uploads\/sites\/485\/2024\/05\/El-uso-de-algoritmos-en-la-Administracion-Publica-y-la-actividad-profesional.pdf\">El-uso-de-algoritmos-en-la-Administracion-Publica-y-la-actividad-profesional<\/a><a href=\"https:\/\/blogs.uned.es\/govredig\/wp-content\/uploads\/sites\/485\/2024\/05\/El-uso-de-algoritmos-en-la-Administracion-Publica-y-la-actividad-profesional.pdf\" class=\"wp-block-file__button wp-element-button\" download aria-describedby=\"wp-block-file--media-fa67c14b-9b08-47b1-be23-0e8071273d55\">Descarga<\/a><\/div>\n","protected":false},"excerpt":{"rendered":"<p>Pr\u00f3ximamente&#8230; PROPUESTA DE T\u00cdTULO PROPIO EXPERTO PROFESIONAL EN \u201cDIRECCI\u00d3N, GESTI\u00d3N, \u00c9TICA Y DERECHO DE LA INVESTIGACI\u00d3N Y LA INNOVACI\u00d3N CIENT\u00cdFICA EN LA ERA DIGITAL.\u201d PROGRAMA DE DESARROLLO PROFESIONAL Y PERSONALCurso 2024\/2025 El Programa de Desarrollo Profesional y Personal acoge cursos <a class=\"more-link\" href=\"https:\/\/blogs.uned.es\/govredig\/experto-profesional-era-digital\/\">Seguir leyendo <span class=\"meta-nav\">&rarr;<\/span><\/a><\/p>\n","protected":false},"author":7377,"featured_media":0,"parent":0,"menu_order":0,"comment_status":"closed","ping_status":"closed","template":"","meta":{"footnotes":""},"class_list":["post-11911","page","type-page","status-publish","hentry"],"_links":{"self":[{"href":"https:\/\/blogs.uned.es\/govredig\/wp-json\/wp\/v2\/pages\/11911","targetHints":{"allow":["GET"]}}],"collection":[{"href":"https:\/\/blogs.uned.es\/govredig\/wp-json\/wp\/v2\/pages"}],"about":[{"href":"https:\/\/blogs.uned.es\/govredig\/wp-json\/wp\/v2\/types\/page"}],"author":[{"embeddable":true,"href":"https:\/\/blogs.uned.es\/govredig\/wp-json\/wp\/v2\/users\/7377"}],"replies":[{"embeddable":true,"href":"https:\/\/blogs.uned.es\/govredig\/wp-json\/wp\/v2\/comments?post=11911"}],"version-history":[{"count":2,"href":"https:\/\/blogs.uned.es\/govredig\/wp-json\/wp\/v2\/pages\/11911\/revisions"}],"predecessor-version":[{"id":12165,"href":"https:\/\/blogs.uned.es\/govredig\/wp-json\/wp\/v2\/pages\/11911\/revisions\/12165"}],"wp:attachment":[{"href":"https:\/\/blogs.uned.es\/govredig\/wp-json\/wp\/v2\/media?parent=11911"}],"curies":[{"name":"wp","href":"https:\/\/api.w.org\/{rel}","templated":true}]}}