{"id":56,"date":"2016-06-23T13:54:37","date_gmt":"2016-06-23T13:54:37","guid":{"rendered":"http:\/\/blogs.uned.es\/gesp\/?page_id=56"},"modified":"2022-05-08T10:15:16","modified_gmt":"2022-05-08T10:15:16","slug":"actividades","status":"publish","type":"page","link":"https:\/\/blogs.uned.es\/gesp\/actividades\/","title":{"rendered":"Actividades"},"content":{"rendered":"<div class=\"sc-toggle\"><div class=\"sc-toggle-title\"><a href=\"#\">Actividades GESP<\/a><\/div><div class=\"sc-toggle-content\">\n<h1>2022<\/h1>\n<p>ACTIVIDADES DE INVESTIGACI\u00d3N<\/p>\n<ul>\n<li>\n<h2><strong>SEMINARIO TEM\u00c1TICO: EMOCIONES Y POL\u00cdTICA<\/strong><\/h2>\n<p><strong>D\u00eda 4 de Mayo a las 10:00 h<\/strong>. Sesi\u00f3n <em>online<\/em> a trav\u00e9s de <em>Microsoft Teams <\/em>y presencial en Sala 5.19, 5\u00aa planta, Faculta de Ciencias Pol\u00edticas y Sociolog\u00eda (UNED) C\/ Obispo Trejo s\/n, 28040, Madrid<em><br \/>\n<\/em><\/p>\n<p><strong>10:00 &#8211; 10:20<\/strong>: <strong>Introducci\u00f3n<\/strong> del seminario por parte de las coordinadoras y<br \/>\nPresentaci\u00f3n de <strong>Alberto Mart\u00edn P\u00e9rez<\/strong>: <em>Breve introducci\u00f3n al estudio de las emociones y lo pol\u00edtico desde la Sociolog\u00eda<\/em>.<br \/>\nPresentaci\u00f3n de los conferenciantes.<br \/>\n<strong>10:20 &#8211; 11:10<\/strong>: Conferencia de <strong>Jonathan Heaney<\/strong> (Queen\u2019s University Belfast)<br \/>\nT\u00edtulo: <em>Emotions, Power &amp; Populism: Exploring the Strange Case of Ireland from the Political Sociology of Emotions<\/em><br \/>\n<strong>11:10 &#8211; 11:45<\/strong>: Debate sobre ambas presentaciones<br \/>\n<strong>11:45 &#8211; 12:15<\/strong> Descanso<br \/>\n<strong>12:15 &#8211; 13:00<\/strong> Conferencia de <strong>Nina Margies<\/strong> (Humboldt Universit\u00e4t Berlin)<br \/>\nT\u00edtulo: <em>Collective emotions in post-crisis Spain<\/em><br \/>\n<strong>13:00 &#8211; 13:30: <\/strong>Debate<\/p>\n<p>Sesi\u00f3n para miembros del GESP<br \/>\n<strong>13:30 &#8211; 14:00<\/strong> H. Puesta al d\u00eda por parte de las coordinadoras de cuestiones de inter\u00e9s del GESP, novedades de los miembros del grupo. Propuesta del siguiente seminario y acuerdo sobre fecha.<\/li>\n<\/ul>\n<h1>2021<\/h1>\n<p>ACTIVIDADES DE INVESTIGACI\u00d3N<\/p>\n<ul>\n<li>\n<h2><strong>SEMINARIO TEM\u00c1TICO: DEMOCRACIA Y AUTORITARISMO EN EL MUNDO (POST)COVID <\/strong><\/h2>\n<p><strong>PRIMERA SESI\u00d3N: <\/strong><strong>\u00bfDEMOCRACIAS EN PELIGRO? REFLEXI\u00d3N SOBRE LA DIVERSIDAD DE LOS RIESGOS DESDE UN PUNTO DE VISTA CONCEPTUAL<\/strong><\/p>\n<p>D\u00eda 4 de Marzo a las 10:00 h. Sesi\u00f3n <em>online<\/em> a trav\u00e9s de <em>Microsoft Teams<\/em><\/p>\n<p>Para m\u00e1s detalles de la sesiones y lecturas consultar el documento\u00a0<a href=\"http:\/\/blogs.uned.es\/gesp\/wp-content\/uploads\/sites\/21\/2021\/03\/PRIMER-SEMINARIO-DEMOCRACIA-AUTORITARISMOS-EN-EL-MUNDO-POSTCOVID-MARZO-2021.pdf\">PRIMER SEMINARIO DEMOCRACIA Y AUTORITARISMOS EN EL MUNDO (POST)COVID MARZO 2021<\/a><\/p>\n<p><strong>SEGUNDA SESI\u00d3N: LOS MOVIMIENTOS ANTIDEMOCR\u00c1TICOS<\/strong><\/li>\n<\/ul>\n<p style=\"padding-left: 40px\">D\u00eda 20 de Mayo a las 10:00 h. Sesi\u00f3n <em>online<\/em> a trav\u00e9s de <em>Microsoft Teams<\/em><\/p>\n<p style=\"padding-left: 40px\">Para m\u00e1s detalles de la sesi\u00f3n y las lecturas, consultar el documento <a href=\"http:\/\/blogs.uned.es\/gesp\/wp-content\/uploads\/sites\/21\/2021\/07\/Segunda-Sesion-Seminario-Democracia-y-Autoritarismos-en-el-mundo-post-COVID.pdf\">Segunda Sesi\u00f3n Seminario Democracia y Autoritarismos en el mundo post-COVID<\/a><\/p>\n<p style=\"padding-left: 40px\"><strong>TERCERA SESI\u00d3N: DEMOCRACIA Y AUTORITARISMOS EN EL MUNDO (POST)COVID<\/strong><\/p>\n<p style=\"padding-left: 40px\">D\u00eda 18 de Octubre a las 9:30 h. Sesi\u00f3n presencial y <em>online<\/em> a trav\u00e9s de <em>Microsoft Teams.<\/em><\/p>\n<p style=\"padding-left: 40px\">Lugar: Facultad de Ciencias Pol\u00edticas y Sociolog\u00eda de la UNED, C\/ Obispo Trejo s\/n. Sala 5.19, quinta planta.<\/p>\n<p style=\"padding-left: 40px\">Para m\u00e1s detalles de la sesi\u00f3n y las lecturas, consultar el documento\u00a0<a href=\"https:\/\/blogs.uned.es\/gesp\/wp-content\/uploads\/sites\/21\/2021\/10\/Tercera-sesion-del-seminario-Democracia-y-Autoritarismos-en-el-mundo-postCOVID.docx\">Tercera sesi\u00f3n del seminario \u00abDemocracia y autoritarismos en el mundo (post)COVID\u00bb<\/a><\/p>\n<h1>2019\/2020<\/h1>\n<p>ACTIVIDADES DE INVESTIGACI\u00d3N<\/p>\n<ul>\n<li><span style=\"color: #ff0000\">Jornada \u00abCiudadan\u00eda, seguridad y resistencias\u00bb el 26 de septiembre de 2019<\/span><\/li>\n<\/ul>\n<p style=\"padding-left: 30px\">Como parte de los seminarios de investigaci\u00f3n 2018-2019 alrededor de la tem\u00e1tica\u00a0<strong>seguridad, pol\u00edtica y sociedad, <\/strong>organizamos unas jornadas el d\u00eda 26 de septiembre.<\/p>\n<p><img loading=\"lazy\" decoding=\"async\" class=\"alignnone wp-image-1291 size-large\" src=\"http:\/\/blogs.uned.es\/gesp\/wp-content\/uploads\/sites\/21\/2019\/09\/Cartel-definitivo-Jornada-GESP-724x1024.png\" alt=\"\" width=\"702\" height=\"993\" srcset=\"https:\/\/blogs.uned.es\/gesp\/wp-content\/uploads\/sites\/21\/2019\/09\/Cartel-definitivo-Jornada-GESP-724x1024.png 724w, https:\/\/blogs.uned.es\/gesp\/wp-content\/uploads\/sites\/21\/2019\/09\/Cartel-definitivo-Jornada-GESP-212x300.png 212w, https:\/\/blogs.uned.es\/gesp\/wp-content\/uploads\/sites\/21\/2019\/09\/Cartel-definitivo-Jornada-GESP-1086x1536.png 1086w, https:\/\/blogs.uned.es\/gesp\/wp-content\/uploads\/sites\/21\/2019\/09\/Cartel-definitivo-Jornada-GESP.png 1190w\" sizes=\"auto, (max-width: 702px) 100vw, 702px\" \/><\/p>\n<h1>2018\/2019<\/h1>\n<p>ACTIVIDADES DE INVESTIGACI\u00d3N<\/p>\n<ul>\n<li><strong><span style=\"color: #ff0000\">Seminario Tem\u00e1tico de Investigaci\u00f3n (GESP) SEGURIDAD, POL\u00cdTICA Y SOCIEDAD<\/span><\/strong><\/li>\n<\/ul>\n<p style=\"padding-left: 30px\">Durante el curso acad\u00e9mico 2018-19, en el GESP hemos desarrollado un nuevo m\u00e9todo de trabajo, un seminario tem\u00e1tico impulsado por el inter\u00e9s com\u00fan en profundizar en un tema sobre la base de lecturas organizadas y sesiones de debate en el grupo. En esta ocasi\u00f3n, el tema elegido fue el de\u00a0<strong>seguridad, pol\u00edtica y sociedad\u00a0<\/strong>y el foco del an\u00e1lisis estuvo guiado por tres cuestiones principales: el\u00a0<strong>concepto<\/strong>\u00a0de seguridad, sus\u00a0<strong>pol\u00edticas<\/strong>\u00a0y sus\u00a0<strong>din\u00e1micas sociales<\/strong>.<\/p>\n<p style=\"padding-left: 30px\">Para el desarrollo de las sesiones establecimos cuatro ejes principales de an\u00e1lisis, derivados de los puntos de intersecci\u00f3n del tema propuesto con nuestras diversas \u00e1reas de especializaci\u00f3n, todas englobadas en una visi\u00f3n multidisciplinar desde la sociolog\u00eda pol\u00edtica. Para empezar, inevitablemente, analizamos los conceptos de seguridad, revisando las diversas aristas de un concepto poli\u00e9drico, su evoluci\u00f3n conceptual en el tiempo y en las pol\u00edticas. A continuaci\u00f3n, nos centramos en la revisi\u00f3n de materiales que ahondan en los<strong>\u00a0discursos y las pr\u00e1cticas<\/strong>\u00a0de la seguridad (seguridad \u00bfde qui\u00e9n y para qui\u00e9n? \u00bfqui\u00e9nes la producen?), lo que nos dirigi\u00f3 hacia un eje fundamental en nuestra perspectiva de sociolog\u00eda pol\u00edtica, situando el foco en la\u00a0<strong>ciudadan\u00eda y los modelos de ciudadan\u00eda<\/strong>\u00a0derivados de las pol\u00edticas de seguridad aplicadas y de las resistencias que generan. Por \u00faltimo, delimitamos el \u00e1rea de las resistencias, esto es, de los\u00a0<strong>discursos y de las pr\u00e1cticas contrahegem\u00f3nicas<\/strong>.<\/p>\n<p style=\"padding-left: 30px\">SESI\u00d3N 1. Conceptos de seguridad: de qu\u00e9 se habla cuando se habla de seguridad.<br \/>\nSESI\u00d3N 2. Discursos y pr\u00e1cticas de seguridad: \u00bfla seguridad de qui\u00e9n? \u00bfDesde d\u00f3nde?<br \/>\nSESI\u00d3N 3. Resistencias: discursos y pr\u00e1cticas &#8216;contrahegem\u00f3nicas&#8217;<br \/>\nSESI\u00d3N 4. Ciudadan\u00eda y seguridad: qu\u00e9 modelos de ciudadan\u00eda se prescribe.<\/p>\n<p style=\"padding-left: 30px\">Para m\u00e1s detalles de la sesiones y lecturas consultar el documento\u00a0<a href=\"http:\/\/blogs.uned.es\/gesp\/wp-content\/uploads\/sites\/21\/2018\/11\/Seminario-sobre-Seguridad-Pol\u00edtica-y-Sociedad.pdf\">Seminario sobre Seguridad, Pol\u00edtica y Sociedad<\/a>. Para un resumen de las conclusiones y aprendizajes consultar esta <a href=\"https:\/\/blogs.uned.es\/gesp\/seguridad-politica-y-sociedad\/\">entrada<\/a> de nuestro blog.<\/p>\n<h1>2017\/2018<\/h1>\n<p>ACTIVIDADES DE INVESTIGACI\u00d3N<\/p>\n<ul>\n<li><strong><span style=\"color: #ff0000\">Seminario Permanente de Investigaci\u00f3n (GESP). Junio de 2018<\/span><\/strong><\/li>\n<\/ul>\n<p style=\"padding-left: 30px\">El 26 de junio de 2018 tuvo lugar el seminario permanente de investigaci\u00f3n donde se trataron temas internos de gesti\u00f3n del grupo de investigaci\u00f3n, propuestas para el pr\u00f3ximo curso y una serie de proyectos de investigaci\u00f3n. Para m\u00e1s detalles consultar el documento\u00a0<a href=\"http:\/\/blogs.uned.es\/gesp\/wp-content\/uploads\/sites\/21\/2018\/11\/Seminario-permanente-de-investigaci\u00f3n-junio-2018.pdf\">Seminario permanente de investigaci\u00f3n junio 2018<\/a><\/p>\n<h1>2016\/2017<\/h1>\n<p>ACTIVIDADES DE INVESTIGACI\u00d3N<\/p>\n<ul>\n<li><strong><span style=\"color: #ff0000\">Seminario Permanente de Investigaci\u00f3n (GESP). Octubre de 2016<\/span><\/strong><\/li>\n<\/ul>\n<p style=\"padding-left: 30px\"><em>Lugar de encuentro<\/em>: Universidad a Distancia de Madrid, UDIMA. Sala Luisa Medrano<\/p>\n<p style=\"padding-left: 30px\"><em>Horario<\/em>:<br \/>\n<em>16:00<\/em>: Sesi\u00f3n I: Marisa Revilla Blanco y Carlos Molina (UCM): \u00abExplaining Electoral Reorganization in Spain (2010- 2015): 15M, mareas and the uprising of new parties\u00bb.<\/p>\n<p style=\"padding-left: 30px\"><em>17:00<\/em>: Sesi\u00f3n II: Gomer Betancor Nuez: \u201cActivismo juvenil de una nueva generaci\u00f3n. An\u00e1lisis de las trayectorias activistas juveniles tras el 15M\u201d.<\/p>\n<p>PUBLICACI\u00d3N<\/p>\n<ul>\n<li><span style=\"color: #ff0000\"><strong><a href=\"https:\/\/rowman.com\/ISBN\/9780761867845\/Regarding-Tilly-Conflict-Power-and-Collective-Action\">Regarding Tilly: Conflict, Power and Collective Action<\/a><br \/>\n<\/strong><\/span>Mar\u00eda Jes\u00fas Funes (ed.) &#8211; GESP<br \/>\nUniversity Press of America, New York, 2016.<\/li>\n<\/ul>\n<p style=\"padding-left: 30px\"><img loading=\"lazy\" decoding=\"async\" class=\"size-medium wp-image-935 alignright\" src=\"http:\/\/blogs.uned.es\/gesp\/wp-content\/uploads\/sites\/21\/2018\/10\/RegardingTilly-200x300.jpg\" alt=\"\" width=\"200\" height=\"300\" srcset=\"https:\/\/blogs.uned.es\/gesp\/wp-content\/uploads\/sites\/21\/2018\/10\/RegardingTilly-200x300.jpg 200w, https:\/\/blogs.uned.es\/gesp\/wp-content\/uploads\/sites\/21\/2018\/10\/RegardingTilly.jpg 315w\" sizes=\"auto, (max-width: 200px) 100vw, 200px\" \/>Studying Charles Tilly (1929\u20132008), American sociologist, historian and political scientist, is essential for understanding political change and social conflict. His research focuses on how grassroots populations, through different forms of collective action, influence historical events by trying to improve the conditions of people&#8217;s lives. This book is not only an homage to Tilly, but is also aimed at understanding and applying his thought. In each chapter, the authors, experts on Tilly&#8217;s work, examine his concepts, theories, and methodological contributions, providing a richer understanding of them. In addition, this book is very contemporary. From the beginning of this century, mainly from 2011, important popular mobilizations, such as the Arab Spring and 15-M or \u201clos indignados\u201d (the indignant movement in Spain), gradually spread to other countries (the US, Yemen, Israel, etc.) in successive \u201cOccupy\u201d movements. The political mobilization of the grassroots movements are undergoing a resurgence, a process that Tilly would have wanted to study. This book can be a good guide for analyzing and understanding these movements.<\/p>\n<h1>2015\/2016<\/h1>\n<p>ACTIVIDADES DE INVESTIGACI\u00d3N<\/p>\n<ul>\n<li><strong><span style=\"color: #ff0000\">Seminario Permanente de Investigaci\u00f3n. Abril de 2016<\/span><\/strong><\/li>\n<\/ul>\n<p style=\"padding-left: 30px\">10:30 Sesi\u00f3n I: An\u00e1lisis Sociopol\u00edtico de temas en los que interseccionan lo Global y lo Local<\/p>\n<p style=\"padding-left: 30px\">11:30 Sesi\u00f3n II:\u00a0Comunicaci\u00f3n pol\u00edtica, Enmarques, Debate p\u00fablico<\/p>\n<p style=\"padding-left: 30px\">12: 00 Sesi\u00f3n III: Ciudadan\u00eda y participaci\u00f3n en los nuevos entornos digitales \/nueva pol\u00edtica<\/p>\n<p style=\"padding-left: 30px\">Para m\u00e1s detalles de la sesiones y lecturas consultar el\u00a0<i>documento\u00a0<a href=\"http:\/\/blogs.uned.es\/gesp\/wp-content\/uploads\/sites\/21\/2018\/11\/SEMINARIO-PERMANENTE-DE-INVESTIGACI\u00d3N-ABRIL-2016.pdf\">SEMINARIO PERMANENTE DE INVESTIGACI\u00d3N &#8211; ABRIL 2016<\/a><\/i><\/p>\n<ul>\n<li><strong><span style=\"color: #ff0000\">Seminario Permanente de Investigaci\u00f3n. Junio de 2016<\/span><\/strong><\/li>\n<\/ul>\n<p style=\"padding-left: 30px\"><em>Lugar de encuentro<\/em>: Universidad Nacional de Educaci\u00f3n a Distancia, Facultad de Ciencias Pol\u00edticas y Sociolog\u00eda, Planta 2\u00aa, Sala 2.21.<\/p>\n<p style=\"padding-left: 30px\"><em>Horario<\/em>:<br \/>\n<em>10:30-11:30<\/em>: Primera Presentaci\u00f3n: Laura Fern\u00e1ndez Mosteyr\u00edn y Pedro Lim\u00f3n:<br \/>\nPrevenir \u00abtodo lo que sucede antes de que estalle la bomba\u00bb: una aproximaci\u00f3n al Plan Estrat\u00e9gico Nacional de Prevenci\u00f3n de la Radicalizaci\u00f3n Violenta (PEN PRV).<\/p>\n<p style=\"padding-left: 30px\"><em>12:00-13:00<\/em>: Segunda Presentaci\u00f3n: Javier Andr\u00e9s Gil:<br \/>\n\u00abNi consumidores, ni productores: prosumidores. Una primera tipolog\u00eda prosumidora\u00bb.<\/p>\n<p style=\"padding-left: 30px\"><em>13:00-13:30<\/em>: Preparaci\u00f3n del siguiente seminario, informaciones de inter\u00e9s, planes para el GESP.<\/p>\n<h1>2012\/2013<\/h1>\n<p>PUBLICACI\u00d3N<\/p>\n<ul>\n<li><strong><a href=\"http:\/\/www.catarata.org\/libro\/mostrar\/id\/821\">Actores y demandas en Espa\u00f1a. An\u00e1lisis de un inicio de siglo convulso<\/a><br \/>\n<\/strong>Maria Luz Mor\u00e1n (coord.) &#8211; GESP<br \/>\nEditorial Los Libros de La Catarata, Madrid 2013.<\/li>\n<\/ul>\n<p style=\"padding-left: 60px\"><img loading=\"lazy\" decoding=\"async\" class=\"size-medium wp-image-871 alignright\" src=\"http:\/\/blogs.uned.es\/gesp\/wp-content\/uploads\/sites\/21\/2018\/10\/PortadaActoresDemandas-193x300.jpg\" alt=\"\" width=\"193\" height=\"300\" srcset=\"https:\/\/blogs.uned.es\/gesp\/wp-content\/uploads\/sites\/21\/2018\/10\/PortadaActoresDemandas-193x300.jpg 193w, https:\/\/blogs.uned.es\/gesp\/wp-content\/uploads\/sites\/21\/2018\/10\/PortadaActoresDemandas.jpg 198w\" sizes=\"auto, (max-width: 193px) 100vw, 193px\" \/>La primera d\u00e9cada del siglo XXI arranc\u00f3 con los atentados contra las torres del World Trade Center y finaliz\u00f3 en medio de una crisis econ\u00f3mica global cuyo fin es a\u00fan incierto y cuyas consecuencias todav\u00eda no se pueden prever. Por lo que se refiere a Espa\u00f1a, sorprende la extraordinaria concentraci\u00f3n de cambios y acontecimientos entre los que destacan el s\u00fabito final de un periodo de gran bonanza econ\u00f3mica y la constituci\u00f3n de la \u201cEspa\u00f1a inmigrante\u201d. Todos estos hechos dibujan un panorama convulso que sirve de contexto para los textos contenidos en este volumen. A partir del an\u00e1lisis de diferentes dimensiones de la realidad sociopol\u00edtica espa\u00f1ola, los autores profundizan en las continuidades y transformaciones de los escenarios de nuestra vida social y pol\u00edtica, as\u00ed como en el complejo juego entre actores, demandas y espacios que caracteriza hoy la pol\u00edtica espa\u00f1ola.<\/p>\n<h1>2011\/2012<\/h1>\n<h1><span style=\"font-size: 14px;color: #606569;font-weight: normal\">ACTIVIDADES DE INVESTIGACI\u00d3N<\/span><\/h1>\n<ul>\n<li><strong><a href=\"http:\/\/www2.uned.es\/gesp\/documentos\/cartel_jornadafutbol.pdf\">Jornada tem\u00e1tica de investigaci\u00f3n (GESP). F\u00daTBOL, IDENTIDADES SOCIALES Y DISCURSOS POL\u00cdTICOS<\/a><br \/>\n<\/strong>Jueves 10 de noviembre 2011<br \/>\nSal\u00f3n de Actos Facultad de Ciencias Pol\u00edticas y Sociolog\u00eda de la UCM<\/li>\n<\/ul>\n<p style=\"padding-left: 30px\">Para m\u00e1s detalles ver el documento\u00a0<a href=\"http:\/\/blogs.uned.es\/gesp\/wp-content\/uploads\/sites\/21\/2018\/11\/JORNADA-INVESTIGACI\u00d3N-F\u00daTBOL-2011.pdf\">JORNADA INVESTIGACI\u00d3N F\u00daTBOL 2011<\/a><\/p>\n<h1><\/h1>\n<h1>2010\/2011<\/h1>\n<p>PUBLICACI\u00d3N<\/p>\n<ul>\n<li><strong><a href=\"http:\/\/www2.uned.es\/gesp\/documentos\/actividades_grupo\/a_proposito_de_tilly_indice_final.pdf\">A prop\u00f3sito de Tilly: conflicto, poder y acci\u00f3n colectiva<\/a><\/strong><br \/>\nMar\u00eda Jes\u00fas Funes (Editora) &#8211; GESP<br \/>\nMadrid: Centro de Investigaciones Sociol\u00f3gicas<br \/>\nColecci\u00f3n Academia<\/li>\n<\/ul>\n<p style=\"padding-left: 30px\"><img loading=\"lazy\" decoding=\"async\" class=\"size-full wp-image-947 alignright\" src=\"http:\/\/blogs.uned.es\/gesp\/wp-content\/uploads\/sites\/21\/2018\/10\/LibroTilly2.jpg\" alt=\"\" width=\"147\" height=\"204\" \/>Charles Tilly (1929-2008), soci\u00f3logo, historiador y polit\u00f3logo norteamericano, es un autor imprescindible para la comprensi\u00f3n de la contienda pol\u00edtica y el conflicto social. Sus investigaciones muestran c\u00f3mo las bases sociales organizadas en diversas formas de acci\u00f3n colectiva pueden influir y condicionar la marcha de la historia. Sus estudios sobre las revoluciones, la formaci\u00f3n y evoluci\u00f3n de los Estados y su teor\u00eda de la acci\u00f3n colectiva giran en torno a su gran preocupaci\u00f3n: la defensa de derechos ciudadanos y la b\u00fasqueda de sistemas pol\u00edticos atentos a las condiciones de vida de los m\u00e1s d\u00e9biles.<\/p>\n<p style=\"padding-left: 30px\">Esta obra presenta la mayor recopilaci\u00f3n de reflexiones sobre su trabajo publicada hasta la fecha. Cada cap\u00edtulo analiza sus textos, sus teor\u00edas y dise\u00f1os metodol\u00f3gicos, y algunos a\u00f1aden investigaci\u00f3n de casos. Este libro ayuda a comprender un tiempo marcado por intensas movilizaciones populares, algunas con consecuencias muy relevantes, como las protestas que se extienden en 2011 desde T\u00fanez a Egipto, Yemen, Libia, Siria, etc.,la llamada \u00abprimavera \u00e1rabe\u00bb y distintas movilizaciones en el occidente democr\u00e1tico reclamando m\u00e1s atenci\u00f3n a las demandas ciudadanas, como el Movimiento 15 de Mayo (15 M) en Espa\u00f1a replicado en otros pa\u00edses, las protestas en Grecia, Reino Unido, etc.<\/p>\n<h1>2009\/2010<\/h1>\n<p>ACTIVIDADES DE INVESTIGACI\u00d3N<\/p>\n<ul>\n<li><strong><a href=\"http:\/\/www.construyendomundos.org\/\">Congreso Internacional \u00abJ\u00f3venes Construyendo Mundos\u00bb<\/a><\/strong><\/li>\n<\/ul>\n<h1><\/h1>\n<h1>2008\/2009<\/h1>\n<p>ACTIVIDADES DE INVESTIGACI\u00d3N<\/p>\n<ul>\n<li><strong><a href=\"http:\/\/www2.uned.es\/gesp\/2008_2009\/charles_tilly\/homenaje%20_charles_tilly.html\">Jornadas Internacionales: \u00abHomenaje a Charles Tilly\u00bb. Conflicto, poder y acci\u00f3n colectiva<\/a><\/strong><\/li>\n<\/ul>\n<h1><\/h1>\n<h1>2007\/2008<\/h1>\n<p>ACTIVIDADES DE INVESTIGACI\u00d3N<\/p>\n<ul>\n<li><strong><a href=\"http:\/\/www2.uned.es\/gesp\/documentos\/seminario_comunicacion_politica_gi.pdf\">Seminario de Comunicaci\u00f3n Pol\u00edtica &#8211; GI<\/a><\/strong><\/li>\n<\/ul>\n<\/div><\/div>\n\n<div class=\"sc-toggle\"><div class=\"sc-toggle-title\"><a href=\"#\">Actividades de miembros del grupo<\/a><\/div><div class=\"sc-toggle-content\">\n<ul>\n<li><strong>Celia Fern\u00e1ndez Carro<\/strong><\/li>\n<\/ul>\n<p style=\"padding-left: 40px\">\u00bfQui\u00e9nes, c\u00f3mo y por qu\u00e9? Cambios y continuidades en el cuidado informal a personas en edades avanzadas.<\/p>\n<p style=\"padding-left: 40px\">Curso: El modelo de cuidados a las personas mayores: \u00bfqu\u00e9 nos ha ense\u00f1ado la crisis del COVID-19?. Organizado por la Universidad P\u00fablica de Navarra. Pamplona, 3 septiembre 2020.<\/p>\n<ul>\n<li><strong><span style=\"color: #000000\">Gomer Betancor Nuez<\/span><\/strong><\/li>\n<\/ul>\n<p style=\"padding-left: 40px\">Coordinaci\u00f3n del \u201cSeminario de Investigaci\u00f3n en Movimientos Sociales\u201d del Comit\u00e9 de Movimientos Sociales de la Federaci\u00f3n Espa\u00f1ola de Sociolog\u00eda. Presidente del Comit\u00e9 de Movimientos Sociales, Acci\u00f3n Colectiva y Cambio Social, de la Federaci\u00f3n Espa\u00f1ola de Sociolog\u00eda.<\/p>\n<p style=\"padding-left: 40px\">Co-edici\u00f3n junto a Rub\u00e9n D\u00edez del libro \u201cMovimientos sociales, acci\u00f3n colectiva y cambio social en perspectiva. Continuidades y cambios en el estudio de los movimientos sociales\u201d. Abadi\u00f1o: Betiko.<\/p>\n<p style=\"padding-left: 40px\">Participaci\u00f3n en el Proyecto \u201cDiagn\u00f3stico de la poblaci\u00f3n juvenil de Las Palmas de Gran Canaria: situaci\u00f3n y demandas de actuaci\u00f3n\u201d, dirigido por el Investigador Principal Josu\u00e9 Guti\u00e9rrez Barroso (ULL), 2019.<\/p>\n<ul>\n<li><strong>Rub\u00e9n D\u00edez Garc\u00eda<\/strong><\/li>\n<\/ul>\n<p style=\"padding-left: 40px\">Organizaci\u00f3n del Curso Precongresual de la FES \u201cCurso Sociolog\u00eda, Organizaciones Reflexivas y Movimientos Sociales. Entre el cambio y la organizaci\u00f3n social\u201d, julio de 2019<\/p>\n<ul>\n<li><span style=\"color: #000000\"><strong>Seminario: An\u00e1lisis de Problemas Sociales de nuestro tiempo (UNED)<\/strong><\/span><\/li>\n<\/ul>\n<p style=\"padding-left: 30px\">ORGANIZAN: M\u00c1STER EN PROBLEMAS SOCIALES; DEPARTAMENTO DE SOCIOLOG\u00cdA III Y PROGRAMA DE DOCTORADO DE PROBLEMAS SOCIALES<\/p>\n<p style=\"padding-left: 30px\"><strong>VIERNES 26 DE ABRIL<\/strong><br \/>\n<strong>9.00\/9.30. PRESENTACI\u00d3N DE LAS JORNADAS<\/strong>: JOS\u00c9 ANTONIO D\u00cdAZ MARTINEZ, VER\u00d3NICA D\u00cdAZ MORENO Y JULIO BORDAS.<br \/>\n9.30\/10.30: PONENCIA ROBERT FISHMAN: \u201cPr\u00e1cticas democr\u00e1ticas en perspectiva comparada: Espa\u00f1a y Portugal, dos maneras de afrontar la crisis econ\u00f3mica y pol\u00edtica\u201d. (Profesor CONEX-Marie Curie de Ciencia Pol\u00edtica y Sociolog\u00eda Universidad Carlos III)<\/p>\n<p style=\"padding-left: 30px\"><strong>10.30 14.00: PRIMERA MESA REDONDA: AFRONTAR LOS PROBLEMAS DESDE LA POL\u00cdTICA.<\/strong><br \/>\nMODERADORA: MAR\u00cdA JES\u00daS FUNES<br \/>\nMAR\u00cdA JES\u00daS FUNES: Las relaciones entre los ciudadanos y la pol\u00edtica (Profesora Titular de Sociolog\u00eda UNED).<br \/>\nEDUARDO ROMANOS: Afrontar los problemas desde los movimientos sociales: la pol\u00edtica de la concienciaci\u00f3n y la protesta. (Profesor Contratado Doctor de Sociolog\u00eda Universidad Complutense de Madrid).<br \/>\nOSCAR IGLESIAS: Afrontar los problemas desde el poder central: Democracia, ciudadan\u00eda y parlamento. (Profesor Asociado de Sociolog\u00eda UNED)<br \/>\nTOM\u00c1S ALBERICH: Afrontar los problemas desde la pol\u00edtica local y la participaci\u00f3n no institucional (Profesor Titular de Sociolog\u00eda UNED)<br \/>\n12.30: 12.45. Descanso<br \/>\n12.45- 14.00. Debate<\/p>\n<p style=\"padding-left: 30px\"><strong>15:30-19.00: SEGUNDA MESA REDONDA: PROBLEMAS SOCIALES ACTUALES<\/strong><br \/>\nMODERADORA: VER\u00d3NICA D\u00cdAZ MORENO<br \/>\nOSCAR JAIME: \u201cDelincuencia y crisis\u201d. (Profesor Titular de Sociolog\u00eda UNED).<br \/>\nVER\u00d3NICA D\u00cdAZ MORENO: El problema del suicidio juvenil en Espa\u00f1a (Profesora Contratada Doctora de Sociolog\u00eda UNED)<br \/>\nVIOLANTE MARTINEZ Y MARIA MARTINEZ Violencia de G\u00e9nero desde la perspectiva feminista y sociol\u00f3gica. (Profesora Titular de Sociolog\u00eda UNED y Profesora Ayudante Doctora de Sociolog\u00eda UNED)<br \/>\nHILDE SANCHEZ MORALES: Discapacidad y exclusi\u00f3n social (Catedr\u00e1tica de Sociolog\u00eda UNED)<br \/>\n17.45-18.00: DESCANSO<br \/>\n18.00 A 19.00: DEBATE.<\/p>\n<p style=\"padding-left: 30px\"><strong>S\u00c1BADO 27 de abril<\/strong><br \/>\n<strong>10.00-13.30. TERCERA MESA REDONDA: TRABAJO Y MIGRACIONES<\/strong><br \/>\nMODERADOR: Julio Bordas<br \/>\nJULIO BORDAS: \u00bfTrabajo decente o trabajo indecente? (coordinador del Programa de Doctorado An\u00e1lisis de los problemas sociales UNED)<br \/>\nJOS\u00c9 ANTONIO D\u00cdAZ: Innovaci\u00f3n tecnol\u00f3gica y desempleo (Director del Departamento de Sociolog\u00eda III (Tendencias Sociales) UNED)<\/p>\n<p style=\"padding-left: 30px\">JAVIER PINILLA y PILAR NOVA: Crisis laboral y seguridad y salud en el trabajo. (Director del Instituto Nacional de Seguridad e Higiene en el Trabajo y Directora del Centro de Formaci\u00f3n Avanzada en Relaciones Laborales y Estudios Sindicales (UNED)<br \/>\nSERGIO BARCIELA: Situaci\u00f3n laboral de las personas migrantes en la agricultura, hosteler\u00eda y servicio dom\u00e9stic (Equipo de migraciones de C\u00e1ritas Espa\u00f1ola: Universidad de Comillas)<br \/>\nROSA SORIANO: La situaci\u00f3n laboral de los marroqu\u00edes en Espa\u00f1a (I.P. del proyecto relocalizaci\u00f3n industrial y migraci\u00f3n de la Universidad de Granada)<\/p>\n<p style=\"padding-left: 30px\">Para m\u00e1s detalles de la sesiones y lecturas consultar el documento\u00a0<a href=\"http:\/\/blogs.uned.es\/gesp\/wp-content\/uploads\/sites\/21\/2019\/04\/Jornadas-departamento-Sociolog\u00eda-III-2019.pdf\">Jornadas departamento Sociolog\u00eda III (2019)<\/a><\/p>\n<ul>\n<li><span style=\"color: #000000\"><strong>Jorge Benedicto, Mar\u00eda Jes\u00fas Funes, Jorge Resina\u00a0<\/strong><\/span><\/li>\n<\/ul>\n<p style=\"padding-left: 30px\">Jornadas de Estudios (EHESS &#8211; CISP) : \u00ab<em style=\"font-size: 14px\">Sociolog\u00eda de las experiencias democr\u00e1ticas en Espa\u00f1a y Am\u00e9rica Latina. La consolidaci\u00f3n democr\u00e1tica en cuesti\u00f3n<\/em><span style=\"font-size: 14px\">\u00ab. Paris, junio 2011<\/span><\/p>\n<ul>\n<li><span style=\"color: #000000\"><strong>Maria Luisa Revilla<\/strong><\/span><br \/>\nCoordinaci\u00f3n del seminario \u00abInfancia, juventud y migraciones\u00bb . Madrid, mayo 2011.<img loading=\"lazy\" decoding=\"async\" class=\"alignnone size-full wp-image-975\" src=\"http:\/\/blogs.uned.es\/gesp\/wp-content\/uploads\/sites\/21\/2018\/10\/Marisa-Infancia.jpg\" alt=\"\" width=\"152\" height=\"296\" \/><\/li>\n<li><span style=\"color: #000000\"><strong>Pedro Lim\u00f3n<\/strong><\/span><\/li>\n<\/ul>\n<p style=\"padding-left: 30px\">Ponente 1\u00aa Jornadas de Investigaci\u00f3n Social. Ciencias Pol\u00edticas y Sociolog\u00eda, UCM. Madrid, mayo 2011.<\/p>\n<p style=\"padding-left: 30px\"><img loading=\"lazy\" decoding=\"async\" class=\"alignnone size-medium wp-image-977\" src=\"http:\/\/blogs.uned.es\/gesp\/wp-content\/uploads\/sites\/21\/2018\/10\/Lim\u00f3n-Jornadas-300x230.jpg\" alt=\"\" width=\"300\" height=\"230\" srcset=\"https:\/\/blogs.uned.es\/gesp\/wp-content\/uploads\/sites\/21\/2018\/10\/Lim\u00f3n-Jornadas-300x230.jpg 300w, https:\/\/blogs.uned.es\/gesp\/wp-content\/uploads\/sites\/21\/2018\/10\/Lim\u00f3n-Jornadas.jpg 400w\" sizes=\"auto, (max-width: 300px) 100vw, 300px\" \/><\/p>\n<ul>\n<li><span style=\"color: #000000\"><strong>Raquel Osborne<\/strong><\/span><\/li>\n<\/ul>\n<p style=\"padding-left: 30px\">Direcci\u00f3n del Seminario internacional: \u00abMemoria y sexualidad de las mujeres bajo el franquismo\u00bb. Madrid junio 2010<\/p>\n<p style=\"padding-left: 30px\"><img loading=\"lazy\" decoding=\"async\" class=\"alignnone size-medium wp-image-979\" src=\"http:\/\/blogs.uned.es\/gesp\/wp-content\/uploads\/sites\/21\/2018\/10\/Osborne-Franquismo-216x300.jpg\" alt=\"\" width=\"216\" height=\"300\" srcset=\"https:\/\/blogs.uned.es\/gesp\/wp-content\/uploads\/sites\/21\/2018\/10\/Osborne-Franquismo-216x300.jpg 216w, https:\/\/blogs.uned.es\/gesp\/wp-content\/uploads\/sites\/21\/2018\/10\/Osborne-Franquismo.jpg 300w\" sizes=\"auto, (max-width: 216px) 100vw, 216px\" \/><\/p>\n<\/div><\/div>\n\n","protected":false},"excerpt":{"rendered":"","protected":false},"author":29,"featured_media":0,"parent":0,"menu_order":3,"comment_status":"open","ping_status":"open","template":"","meta":{"footnotes":""},"class_list":["post-56","page","type-page","status-publish"],"yoast_head":"<!-- This site is optimized with the Yoast SEO plugin v27.2 - https:\/\/yoast.com\/product\/yoast-seo-wordpress\/ -->\n<title>Actividades - Grupo de Estudios sobre Sociedad y Pol\u00edtica<\/title>\n<meta name=\"robots\" content=\"index, follow, max-snippet:-1, max-image-preview:large, max-video-preview:-1\" \/>\n<link rel=\"canonical\" href=\"https:\/\/blogs.uned.es\/gesp\/actividades\/\" \/>\n<meta property=\"og:locale\" content=\"es_ES\" \/>\n<meta property=\"og:type\" content=\"article\" \/>\n<meta property=\"og:title\" content=\"Actividades - Grupo de Estudios sobre Sociedad y Pol\u00edtica\" \/>\n<meta property=\"og:url\" content=\"https:\/\/blogs.uned.es\/gesp\/actividades\/\" \/>\n<meta property=\"og:site_name\" content=\"Grupo de Estudios sobre Sociedad y Pol\u00edtica\" \/>\n<meta property=\"article:modified_time\" content=\"2022-05-08T10:15:16+00:00\" \/>\n<meta property=\"og:image\" content=\"https:\/\/blogs.uned.es\/gesp\/wp-content\/uploads\/sites\/21\/2019\/09\/Cartel-definitivo-Jornada-GESP.png\" \/>\n\t<meta property=\"og:image:width\" content=\"1190\" \/>\n\t<meta property=\"og:image:height\" content=\"1683\" \/>\n\t<meta property=\"og:image:type\" content=\"image\/png\" \/>\n<meta name=\"twitter:card\" content=\"summary_large_image\" \/>\n<meta name=\"twitter:label1\" content=\"Tiempo de lectura\" \/>\n\t<meta name=\"twitter:data1\" content=\"13 minutos\" \/>\n<script type=\"application\/ld+json\" class=\"yoast-schema-graph\">{\"@context\":\"https:\/\/schema.org\",\"@graph\":[{\"@type\":\"WebPage\",\"@id\":\"https:\/\/blogs.uned.es\/gesp\/actividades\/\",\"url\":\"https:\/\/blogs.uned.es\/gesp\/actividades\/\",\"name\":\"Actividades - Grupo de Estudios sobre Sociedad y Pol\u00edtica\",\"isPartOf\":{\"@id\":\"https:\/\/blogs.uned.es\/gesp\/#website\"},\"primaryImageOfPage\":{\"@id\":\"https:\/\/blogs.uned.es\/gesp\/actividades\/#primaryimage\"},\"image\":{\"@id\":\"https:\/\/blogs.uned.es\/gesp\/actividades\/#primaryimage\"},\"thumbnailUrl\":\"http:\/\/blogs.uned.es\/gesp\/wp-content\/uploads\/sites\/21\/2019\/09\/Cartel-definitivo-Jornada-GESP-724x1024.png\",\"datePublished\":\"2016-06-23T13:54:37+00:00\",\"dateModified\":\"2022-05-08T10:15:16+00:00\",\"breadcrumb\":{\"@id\":\"https:\/\/blogs.uned.es\/gesp\/actividades\/#breadcrumb\"},\"inLanguage\":\"es\",\"potentialAction\":[{\"@type\":\"ReadAction\",\"target\":[\"https:\/\/blogs.uned.es\/gesp\/actividades\/\"]}]},{\"@type\":\"ImageObject\",\"inLanguage\":\"es\",\"@id\":\"https:\/\/blogs.uned.es\/gesp\/actividades\/#primaryimage\",\"url\":\"https:\/\/blogs.uned.es\/gesp\/wp-content\/uploads\/sites\/21\/2019\/09\/Cartel-definitivo-Jornada-GESP.png\",\"contentUrl\":\"https:\/\/blogs.uned.es\/gesp\/wp-content\/uploads\/sites\/21\/2019\/09\/Cartel-definitivo-Jornada-GESP.png\",\"width\":1190,\"height\":1683},{\"@type\":\"BreadcrumbList\",\"@id\":\"https:\/\/blogs.uned.es\/gesp\/actividades\/#breadcrumb\",\"itemListElement\":[{\"@type\":\"ListItem\",\"position\":1,\"name\":\"Portada\",\"item\":\"https:\/\/blogs.uned.es\/gesp\/\"},{\"@type\":\"ListItem\",\"position\":2,\"name\":\"Actividades\"}]},{\"@type\":\"WebSite\",\"@id\":\"https:\/\/blogs.uned.es\/gesp\/#website\",\"url\":\"https:\/\/blogs.uned.es\/gesp\/\",\"name\":\"Grupo de Estudios sobre Sociedad y Pol\u00edtica\",\"description\":\"P\u00e1gina web del Grupo de Estudios sobre Sociedad y Pol\u00edtica (GESP)\",\"potentialAction\":[{\"@type\":\"SearchAction\",\"target\":{\"@type\":\"EntryPoint\",\"urlTemplate\":\"https:\/\/blogs.uned.es\/gesp\/?s={search_term_string}\"},\"query-input\":{\"@type\":\"PropertyValueSpecification\",\"valueRequired\":true,\"valueName\":\"search_term_string\"}}],\"inLanguage\":\"es\"}]}<\/script>\n<!-- \/ Yoast SEO plugin. -->","yoast_head_json":{"title":"Actividades - Grupo de Estudios sobre Sociedad y Pol\u00edtica","robots":{"index":"index","follow":"follow","max-snippet":"max-snippet:-1","max-image-preview":"max-image-preview:large","max-video-preview":"max-video-preview:-1"},"canonical":"https:\/\/blogs.uned.es\/gesp\/actividades\/","og_locale":"es_ES","og_type":"article","og_title":"Actividades - Grupo de Estudios sobre Sociedad y Pol\u00edtica","og_url":"https:\/\/blogs.uned.es\/gesp\/actividades\/","og_site_name":"Grupo de Estudios sobre Sociedad y Pol\u00edtica","article_modified_time":"2022-05-08T10:15:16+00:00","og_image":[{"width":1190,"height":1683,"url":"https:\/\/blogs.uned.es\/gesp\/wp-content\/uploads\/sites\/21\/2019\/09\/Cartel-definitivo-Jornada-GESP.png","type":"image\/png"}],"twitter_card":"summary_large_image","twitter_misc":{"Tiempo de lectura":"13 minutos"},"schema":{"@context":"https:\/\/schema.org","@graph":[{"@type":"WebPage","@id":"https:\/\/blogs.uned.es\/gesp\/actividades\/","url":"https:\/\/blogs.uned.es\/gesp\/actividades\/","name":"Actividades - Grupo de Estudios sobre Sociedad y Pol\u00edtica","isPartOf":{"@id":"https:\/\/blogs.uned.es\/gesp\/#website"},"primaryImageOfPage":{"@id":"https:\/\/blogs.uned.es\/gesp\/actividades\/#primaryimage"},"image":{"@id":"https:\/\/blogs.uned.es\/gesp\/actividades\/#primaryimage"},"thumbnailUrl":"http:\/\/blogs.uned.es\/gesp\/wp-content\/uploads\/sites\/21\/2019\/09\/Cartel-definitivo-Jornada-GESP-724x1024.png","datePublished":"2016-06-23T13:54:37+00:00","dateModified":"2022-05-08T10:15:16+00:00","breadcrumb":{"@id":"https:\/\/blogs.uned.es\/gesp\/actividades\/#breadcrumb"},"inLanguage":"es","potentialAction":[{"@type":"ReadAction","target":["https:\/\/blogs.uned.es\/gesp\/actividades\/"]}]},{"@type":"ImageObject","inLanguage":"es","@id":"https:\/\/blogs.uned.es\/gesp\/actividades\/#primaryimage","url":"https:\/\/blogs.uned.es\/gesp\/wp-content\/uploads\/sites\/21\/2019\/09\/Cartel-definitivo-Jornada-GESP.png","contentUrl":"https:\/\/blogs.uned.es\/gesp\/wp-content\/uploads\/sites\/21\/2019\/09\/Cartel-definitivo-Jornada-GESP.png","width":1190,"height":1683},{"@type":"BreadcrumbList","@id":"https:\/\/blogs.uned.es\/gesp\/actividades\/#breadcrumb","itemListElement":[{"@type":"ListItem","position":1,"name":"Portada","item":"https:\/\/blogs.uned.es\/gesp\/"},{"@type":"ListItem","position":2,"name":"Actividades"}]},{"@type":"WebSite","@id":"https:\/\/blogs.uned.es\/gesp\/#website","url":"https:\/\/blogs.uned.es\/gesp\/","name":"Grupo de Estudios sobre Sociedad y Pol\u00edtica","description":"P\u00e1gina web del Grupo de Estudios sobre Sociedad y Pol\u00edtica (GESP)","potentialAction":[{"@type":"SearchAction","target":{"@type":"EntryPoint","urlTemplate":"https:\/\/blogs.uned.es\/gesp\/?s={search_term_string}"},"query-input":{"@type":"PropertyValueSpecification","valueRequired":true,"valueName":"search_term_string"}}],"inLanguage":"es"}]}},"_links":{"self":[{"href":"https:\/\/blogs.uned.es\/gesp\/wp-json\/wp\/v2\/pages\/56","targetHints":{"allow":["GET"]}}],"collection":[{"href":"https:\/\/blogs.uned.es\/gesp\/wp-json\/wp\/v2\/pages"}],"about":[{"href":"https:\/\/blogs.uned.es\/gesp\/wp-json\/wp\/v2\/types\/page"}],"author":[{"embeddable":true,"href":"https:\/\/blogs.uned.es\/gesp\/wp-json\/wp\/v2\/users\/29"}],"replies":[{"embeddable":true,"href":"https:\/\/blogs.uned.es\/gesp\/wp-json\/wp\/v2\/comments?post=56"}],"version-history":[{"count":46,"href":"https:\/\/blogs.uned.es\/gesp\/wp-json\/wp\/v2\/pages\/56\/revisions"}],"predecessor-version":[{"id":2209,"href":"https:\/\/blogs.uned.es\/gesp\/wp-json\/wp\/v2\/pages\/56\/revisions\/2209"}],"wp:attachment":[{"href":"https:\/\/blogs.uned.es\/gesp\/wp-json\/wp\/v2\/media?parent=56"}],"curies":[{"name":"wp","href":"https:\/\/api.w.org\/{rel}","templated":true}]}}