{"id":133,"date":"2017-01-24T10:57:35","date_gmt":"2017-01-24T10:57:35","guid":{"rendered":"http:\/\/blogs.uned.es\/gesp\/?page_id=133"},"modified":"2022-05-18T14:22:47","modified_gmt":"2022-05-18T14:22:47","slug":"publicaciones","status":"publish","type":"page","link":"https:\/\/blogs.uned.es\/gesp\/publicaciones\/","title":{"rendered":"Publicaciones"},"content":{"rendered":"<p><em>En esta p\u00e1gina se incluir\u00e1 una selecci\u00f3n de las publicaciones m\u00e1s relevantes de los miembros del grupo de investigaci\u00f3n, ordenadas por a\u00f1o de publicaci\u00f3n y la l\u00ednea de investigaci\u00f3n en la que se engloban.<\/em><\/p>\n<p>&#8211; Vista alternativa: <a href=\"http:\/\/blogs.uned.es\/gesp\/publicaciones-por-linea-de-investigacion\/\">Publicaciones por l\u00ednea de investigaci\u00f3n\u00a0\u00bb<\/a><\/p>\n<div class=\"sc-toggle\"><div class=\"sc-toggle-title\"><a href=\"#\">2022<\/a><\/div><div class=\"sc-toggle-content\">\n<p>Aguilar-Criado, E., Amaya-Corchuelo, S. y Lozano-Cabedo, C. (2022). Importancia de la producci\u00f3n alimentaria con calidad diferenciada en el desarrollo de los territorios rurales. Moyano Estrada, E. (Coord.). <em>La Espa\u00f1a rural: retos y oportunidades de futuro<\/em>. Cajamar Caja Rural.<\/p>\n<p>D\u00edez Garc\u00eda, R. (2022). Cultura c\u00edvica y polarizaci\u00f3n en tiempo de pandemia: complementariedad y lances de dos comunidades c\u00edvicas. En Olga Salido y Matilde Mass\u00f3, (ed.). <em>Sociolog\u00eda en tiempos de pandemia. Impactos y desaf\u00edos sociales de la crisis del COVID-19<\/em>. Madrid, FES-Marcia Pons.<\/p>\n<p>Fern\u00e1ndez-Carro, Celia y Gum\u00e0 Lao, Jordi (2022) A life-course approach to the relationship between education, family trajectory and late-life loneliness among older women in Europe. <em>Social Indicators Research<\/em>. https:\/\/doi.org\/10.1007\/s11205-022-02885-x<\/p>\n<p>Martini, A. (2022). <em>CTS and the far-right. Critical Studies on Terrorism<\/em>. 10.1080\/17539153.2022.2032549<\/p>\n<\/div><\/div>\n\n<div class=\"sc-toggle\"><div class=\"sc-toggle-title\"><a href=\"#\">2021<\/a><\/div><div class=\"sc-toggle-content\">\n<p>Ajates, R. 2021. Reducing the risk of co-optation in alternative food networks: Multi-stakeholder agricultural cooperatives, social capital, and third spaces of cooperation. <em>Sustainability<\/em>, 13, 11219. https:\/\/doi.org\/10.3390\/su132011219<\/p>\n<p>Alexander, J.; D\u00edez Garc\u00eda, R. (2021). Ep\u00edlogo. A prop\u00f3sito de \u2018Frontlash\/Backlash: The Crisis of Solidarity and the Threat to Civil Institutions\u2019, de Jeffrey Alexander. En defensa de la democracia liberal: la superposici\u00f3n del binomio \u201cacci\u00f3n-reacci\u00f3n\u201d y la politizaci\u00f3n de la vida social como amenazas a la democracia. <em>Pol\u00edtica y Sociedad<\/em>, 58(2), e74514.https:\/\/dx.doi.org\/10.5209\/poso.745141<\/p>\n<p>Avenda\u00f1o, O., &amp; Osorio Rauld, N. A. (2021). Propuestas de cambio y debilidad institucional en Chile: De la revuelta social (2019) al inicio del funcionamiento de la Convenci\u00f3n Constitucional. <em>Revista de Ciencias Sociales Ambos Mundos<\/em> 2, pp.7-18<\/p>\n<p>Benedicto, J. (2021) Los impactos de la pandemia en la vida de los j\u00f3venes. En O. Salido y M. Mass\u00f3 (eds.) <em>Sociologia en tiempos de pandemia. Impactos y desafios sociales de la crisis de la COVID-19<\/em>, FES-Marcial Pons, pp. 129-138<\/p>\n<p>Betancor, G., Razquin, A. (Eds.) (2021). <em>Diez a\u00f1os construyendo ciudadan\u00eda en movimiento(s). El 15M y otras luchas hermanas<\/em>. Barcelona: Bellaterra. ISBN 978-84-18684-84-5.<\/p>\n<p>Betancor, G. (2021). \u201cDifusi\u00f3n de la protesta e interrelaciones entre movimientos sociales en Madrid. La relevancia de movimientos sociales previos al 15M (2000-2011)\u201d, en Betancor, G. y Razquin, A. <em>Diez a\u00f1os construyendo ciudadan\u00eda en movimiento(s). El 15M y otras luchas hermanas<\/em>. Barcelona: Bellaterra. ISBN 978-84-18684-84-5.<\/p>\n<p>Cabezas G., Almudena (2021) Los feminismos ante la nueva extrema derecha: pr\u00e1cticas de acuerpe y sororidades estrat\u00e9gicas para la construcci\u00f3n de un horizonte de equidad e igualdad, <em>Encrucijadas<\/em> 21: 2, reflexiones<\/p>\n<p>Cabezas G., Almudena y Medina G., Paula (2021) <em>Mapeo de actores y repertorios de odio: g\u00e9nero y migraci\u00f3n en el epicentro de las pol\u00edticas anti-derechos<\/em>. AIETI, Madrid https:\/\/aieti.es\/wp-content\/uploads\/2021\/02\/Mapeo_de_actores_Version-Final.pdf<\/p>\n<p>Campillo, I. (2021): \u201cPor una fraternidad interdependiente: De la fantas\u00eda de la individualidad a la pol\u00edtica de los cuidados\u201d, <em>Pensamiento al margen<\/em>, n \u00ba 14, Fraternidad(es), p. 19-27.<\/p>\n<p>Campillo, I. (2021): \u201cG\u00e9nero, clase y emancipaci\u00f3n: una lectura feminista de Erik Olin Wright\u201d, <em>Revista Espa\u00f1ola de Sociolog\u00eda<\/em>, 30 (2), a41. https:\/\/doi.org\/10.22325\/fes\/res.2021.41 (SJR: Q2, Sociolog\u00eda)<\/p>\n<p>Carbajo, Diego, Mart\u00ednez, Mar\u00eda, y Tejerina, Benjam\u00edn (2021). Youth lonjas phenomenon in the Basque Country: New Forms of Collectivity in Precarious Times. En V. Cuzzocrea, B. Cook, y B. Schiermer (Eds.), <em>Forms of collective engagement in Youth transitions. A global perspective<\/em> (pp. 93-114). Leiden\/Boston: Brill<\/p>\n<p>Casado-Neira, David, Gatti, Gabriel, Irazuzta, Ignacio, y Mart\u00ednez, Mar\u00eda (Eds.) (2021). La desaparici\u00f3n social: l\u00edmites y posibilidades de una herramienta para entender vidas que no cuentan. Leioa: EhuPress<\/p>\n<p>D\u00edez Garc\u00eda, R.; Sribman, A. y Merig\u00f3 , G. (2021). Daniel Bell y los despose\u00eddos en la sociedad norteamericana de mediados del siglo XX. Apuntes y reflexiones a la luz del resurgimiento de la derecha radical. Encrucijadas. <em>Revista Cr\u00edtica de Ciencias Sociales<\/em>, 21(2), tc2104.<\/p>\n<p>Fern\u00e1ndez-Trujillo, F., &amp; Gil Garc\u00eda, J. (2021). Mecanismos y din\u00e1micas del trabajo en las plataformas digitales: los casos de Airbnb y de las plataformas de reparto. <em>Empiria. Revista De metodolog\u00eda De Ciencias Sociales<\/em>, (52). https:\/\/doi.org\/10.5944\/empiria.52.2021.31369<\/p>\n<p>Fern\u00e1ndez-Trujillo, F. (2021) CoopCycle, una alternativa a las grandes plataformas digitales. Entrevista a Colin Lienart. <em>Papeles 153: La Escuela. Educaci\u00f3n p\u00fablica, titularidad y conciertos<\/em>.<\/p>\n<p>Fern\u00e1ndez-Trujillo, F. (2021) La conflictividad laboral y el 15M. Diez a\u00f1os de renovaci\u00f3n en el sindicalismo. Betancor, G and Razquin, A. (2021). <em>Diez a\u00f1os construyendo ciudadan\u00eda en movimiento(s). El 15M y otras luchas hermanas<\/em>. Barcelona: Bellaterra.<\/p>\n<p>Garrido Ortol\u00e1, A. (2021). An\u00e1lisis de g\u00e9nero en los contextos de violencia organizada. Una mirada sociol\u00f3gica. <em>Estudios Pol\u00edticos<\/em>, No. 62, pp. 80-104.<\/p>\n<p>Garrido Ortol\u00e1, A. (2021). La construcci\u00f3n de paz en Colombia: sin mujeres, no hay paz posible. <em>Cuadernos de Gobierno y Administraci\u00f3n P\u00fablica<\/em>, Vol. 8, No. 2, pp. 71-81.<\/p>\n<p>Gum\u00e0 Lao, Jordi y FERN\u00c1NDEZ-CARRO, Celia. (2021) Life goes on: The influence of the perceived quality of social relations on older women\u2019s mental health after the loss of a partner in Europe. <em>Aging &amp; Mental Health<\/em>, 25 (1), pp- 53-60. https:\/\/doi.org\/10.1080\/13607863.2019.1675141.<\/p>\n<p>Hager, G., Gold, M., Wehn, U., Ajates, R., See, L., Woods, M., Tsiakos, V., Mas\u00f3, J., Fraisl, D., Moorthy, I., Domian, D., &amp; Fritz, S., 2021.\u00a0Onto new horizons: Insights from the WeObserve project to strengthen the awareness, acceptability and sustainability of Citizen Observatories in Europe.\u00a0<em>JCOM: Journal of Science Communication<\/em>,\u00a020(6), [A01].\u00a0https:\/\/doi.org\/10.22323\/2.20060201<\/p>\n<div class=\"ewa-rteLine\">Herrera Cuesta, D. (2021) El acceso de los hijos de inmigrantes a la Educaci\u00f3n Superior en Espa\u00f1a: \u00bfuna cuesti\u00f3n de origen \u00e9tnico o de origen social? <em>Revista de Sociolog\u00eda de la Educaci\u00f3n-RASE<\/em>. Universitat de Val\u00e8ncia. 14-3. ISSN 2605-1923 https:\/\/doi.org\/10.7203\/RASE.14.3.21217<\/div>\n<div><\/div>\n<div>Herrera Cuesta, D. (2021) \u201cLos antecedentes migratorios en la Dimensi\u00f3n Social Educativa (DOE). El caso de las segundas generaciones en Espa\u00f1a\u00bb <em>Internacional Journal of Sociology of Education (RISE)<\/em> Editorial. Hipatia Press. https:\/\/doi.org\/10.17583\/rise.2020.5957<\/div>\n<p>Jim\u00e9nez, M., \u00c1lvarez, R. y Betancor, G. (2021). \u201cLa movilizaci\u00f3n de los pensionistas en Espa\u00f1a como proceso de construcci\u00f3n y aprendizaje de una nueva identidad colectiva\u201d, <em>Empiria. Revista de metodolog\u00eda de ciencias sociales<\/em>, 52, pp. 97-124.<\/p>\n<p>Lozano-Cabedo, C., y Novo, A. (2021). La dimensi\u00f3n pol\u00edtica de la alimentaci\u00f3n. \u00bfconsumidores, activistas o ciudadanos? En C. D\u00edaz-M\u00e9ndez e I. Garc\u00eda-Espejo (Coords.), <em>El descontento con la alimentaci\u00f3n. Los problemas del consumo alimentario en las sociedades contempor\u00e1neas<\/em> (pp. 71-84). Gij\u00f3n: Ed. Trea.<\/p>\n<p>Mart\u00ednez, Mar\u00eda (2021). Del impacto a la redefinici\u00f3n de lo pol\u00edtico: una propuesta desde los feminismos. En P. Ibarra, S. Mart\u00ed i Puig, y A. Sribman Mittleman (Eds.), <em>Impactos. \u00bfQu\u00e9 consiguen los movimientos sociales?<\/em> (pp. 117-120). Barcelona: Bellaterra.<\/p>\n<p>MART\u00cdNEZ, Mar\u00eda (2021). Feminismos en Espa\u00f1a en tiempos de pandemia: entre continuidades y mutaciones. <em>Anuario de Movimientos Sociales 2020 de la Fundaci\u00f3n Betiko<\/em>.<\/p>\n<p>Martini, A., y Fern\u00e1ndez de Mosteyr\u00edn, L. Del terrorismo al extremismo a trav\u00e9s de las pol\u00edticas de prevenci\u00f3n P\/CVE Revista CIDOB d\u2019Afers International, n\u00famero especial. 128 (septiembre 2021): <em>Prevenir el extremismo violento en Europa: aproximaciones, m\u00e9todos y estrategias<\/em><\/p>\n<p>Martini, A.; (2021). <em>The UN and Counter-terrorism. Global hegemonies, power and identities<\/em>. Abingdon: Routledge<\/p>\n<p>Mazorra, A. (2021): Rese\u00f1a de Sequera, J. (2020): Gentrificaci\u00f3n: Capitalismo cool, turismo y control del espacio urbano, <em>REIS<\/em>, 174, 178-182. (SJR-Q2)<\/p>\n<p>Osorio Rauld, N. A., &amp; Reyes Palacios, V. (2021). Among Uncertainty, Fear and Reluctance to Change: The basis of the &#8216;Rejection&#8217; to the New Constitution in Chile&#8217;s Big Business Before the Social Outbreak of 2019. <em>Journal of Applied Business and Economics<\/em> 23(6), pp.171-183;<\/p>\n<p>Osorio Rauld, N. A., &amp; Flores, M. M. (2021). Problemas y desaf\u00edos de la participaci\u00f3n pol\u00edtica: La mirada de la \u00e9lite empresarial sobre el abstencionismo electoral en Chile. <em>Asian Journal of Latin American Studies<\/em> 34(2), pp.55-89;<\/p>\n<p>Pope, H., de Frece, A., Wells, R., Ajates, R., Arnall, A., Blake, L. J., Hasnain, S., Ingram, J., Reed, K., Sykes, R., Whatford, L., White, R., Collier, R., &amp; H\u00e4sler, B. (2021).\u00a0Developing a functional food systems literacy for interdisciplinary dynamic learning networks.\u00a0<em>Frontiers in Sustainable Food Systems<\/em>,\u00a05, [747627].\u00a0https:\/\/doi.org\/10.3389\/fsufs.2021.747627<\/p>\n<p>PUGA, Dolores, FERN\u00c1NDEZ-CARRO, Celia y FERN\u00c1NDEZ-ABASCAL, Hermenegildo. (2021) Multimorbidity, social networks and health related wellbeing at the end of the life course. En: G. Fern\u00e1ndez-Mayoralas y F. Rojo (eds.). <em>Handbook of Active Ageing and Quality of Life &#8211; From Concepts to Applications<\/em>. Springer: The Netherlands.<\/p>\n<p>Ruiz Ramas, R. (2021): \u00abTransnational Organized Crime and Foreign Direct Investment in Spain. What Could the Government-Supported Chinese FDI Learn from the Russian Precedent?\u00bb, en S. Rowley, ed., <em>European Perceptions of China and Perspectives on the Belt and Road Initiative<\/em>, Boston, Brill Publishers, pp. 120-149. DOI: https:\/\/doi.org\/10.1163\/9789004469846_008<\/p>\n<p>Ruiz Ramas, R, y Morales, J. (2021): \u00abUzbekistan&#8217;s Neopatrimonial State and Authoritarian Regime: From Karimov to Mirziyoyev\u00bb, en F. Izquierdo, y F. Serra, eds., <em>Political Regimes and Neopatrimonialism in Central Asia. A Sociology of Power Perspective<\/em>, Singapore, Palgrave McMillan, pp. 115-158. DOI: https:\/\/doi.org\/10.1007\/978-981-15-9093-1_4<\/p>\n<p>Wehn, U., Ajates, R., Fraisl, D., Gharesifard, M., Gold, M., Hager, G., Oliver, J., See, L., Shanley, L., Ferri, M., Howitt, C., Monego, M., Pfeiffer, E., &amp; Wood, C., 2021.\u00a0Capturing and communicating impact of citizen science for policy: A storytelling approach.\u00a0<em>Journal of Environmental Management<\/em>,\u00a0295, [113082].\u00a0https:\/\/doi.org\/10.1016\/j.jenvman.2021.113082<\/p>\n<p>Wehn, U.; Gharesifard, M.; Ceccaroni, L.; Joyce, H.; Ajates, R. et al. 2021. Impact Assessment of Citizen Science: State of the Art and Guiding Principles for a Consolidated Approach. Sustain Sci (2021). https:\/\/doi.org\/10.1007\/s11625-021-00959-2.<\/p>\n<\/div><\/div>\n\n<div class=\"sc-toggle\"><div class=\"sc-toggle-title\"><a href=\"#\">2020<\/a><\/div><div class=\"sc-toggle-content\">\n<p>Arribas, J. M. y Fern\u00e1ndez-Trujillo, F. (2020) Consumo e incorporaci\u00f3n de inmigrantes latinoamericanos. En Alonso, L. E.; Fern\u00e1ndez, C. J.; Ib\u00e1\u00f1ez, R. (2020) <em>Estudios sociales sobre el consumo<\/em>. Madrid: Centro de Investigaciones Sociol\u00f3gicas (CIS).<\/p>\n<p>Benedicto, J., Echaves, A., Jurado, T., Ramos, M., Tejerina, B. (2020). La juventud que sale de la crisis. Revista Espa\u00f1ola de Sociolog\u00eda 29 (3, supl. 2), 131-147. https:\/\/doi.org\/10.22325\/fes\/res.2020.78<\/p>\n<p>Betancor, G. (2020): \u201cRedes de movimientos sociales, procesos de difusi\u00f3n y legados activistas. La influencia de los movimientos sociales previos al 15M\u201d, en \u00c1lvarez-Benavides, Fern\u00e1ndez-Trujillo, Sribman y Castillo. <em>Acci\u00f3n colectiva, movilizaci\u00f3n y resistencias en el siglo XXI<\/em>. Vol. 2. Genealog\u00edas. Abadi\u00f1o: Fundaci\u00f3n Betiko.<\/p>\n<p>Betancor, G. y Guti\u00e9rrez, J. (2020): \u201cLa Sociolog\u00eda de las juventudes en Canarias. Un estado de la cuesti\u00f3n (1998-2019)\u201d, en Guti\u00e9rrez y B\u00e1ez (Eds.). <em>La Sociolog\u00eda en Canarias (1999-2019)<\/em>. Madrid: La Catarata.<\/p>\n<p>Cabezas G., Almudena y Revilla-Blanco, Marisa (2020) Women`s Movements, in Nancy Naples ed. <em>Companion to Women and Gender Studies<\/em>. Wiley, pp. 409-426.<\/p>\n<p>Campillo, I. y Sola, J. (2020): \u201cLa teor\u00eda de los recursos de poder. Una revisi\u00f3n cr\u00edtica\u201d, <em>Revista Espa\u00f1ola de Investigaciones Sociol\u00f3gicas<\/em>, 170, abril-junio, pp. 19-34. (JCR: Q3, Sociolog\u00eda)<\/p>\n<p>Casado-Neira, D., Irazuzta, I., &amp; Mart\u00ednez, M. (2020). Buscar y contar la desaparici\u00f3n: t\u00e9cnicas y m\u00e9todos. <em>Sociolog\u00eda y Tecnociencia<\/em>, 10(1). Coordinaci\u00f3n de n\u00famero monogr\u00e1fico de revista.<\/p>\n<p>D\u00edaz-M\u00e9ndez, C., y Lozano-Cabedo, C. (2020). Food governance and healthy diet. An analysis of the conflictive relationships among the actors of the agri-food system. Trends in <em>Food Science &amp; Technology<\/em>, (105), 449-453. https:\/\/doi.org\/10.1016\/j.tifs.2019.08.025.<\/p>\n<p>Farr\u00e9 Ribes, M., Lozano-Cabedo, C., y Aguilar Criado, E. (2020). La \u201cnueva cultura del aceite\u201d como eje de transformaci\u00f3n en los territorios olivareros andaluces. <em>AIBR-Revista de Antropolog\u00eda Iberoamericana<\/em>, 15(1), 79-104. https:\/\/doi.org\/10.11156\/aibr.150105.<\/p>\n<p>Fern\u00e1ndez-Trujillo Moares, F. (2020). Precariedad e inestabilidad: contradicciones en el trabajo en las plataformas de reparto de comida. <em>T<\/em><i>eknokultura. Revista De Cultura Digital Y Movimientos Sociales, 17(1),<\/i>\u00a035-40.\u00a0<a id=\"m_-3957118501728865484LPlnk738562\" href=\"https:\/\/doi.org\/10.5209\/tekn.65189\" target=\"_blank\" rel=\"noopener\">https:\/\/doi.org\/10.5209\/tekn.65189<\/a><\/p>\n<p>Fern\u00e1ndez-Trujillo, F. (2020) Conflicto y resistencias en las plataformas digitales: el caso de las cooperativas de reparto de comida y mensajer\u00eda. En \u00c1lvarez-Benavides, A.; Fern\u00e1ndez-Trujillo, F.; Sribman, A.; Castillo, A.E. (2020) <em>Acci\u00f3n Colectiva, Movilizaci\u00f3n Y Resistencias En El Siglo XXI<\/em>, Vol:1, Bizkaia: Fundaci\u00f3n Betiko.<\/p>\n<p>Fern\u00e1ndez de Mosteyr\u00edn, L. (2020). Communication as legitimation in Spanish CVE: Bringing lessons from the past. in A. Martini, K. Ford, and R. Jackson (eds), Encountering Extremism: A Critical Examination of Theoretical Issues and Local Challenges Manchester: Manchester University Press.<\/p>\n<p>Funes Rivas, Mar\u00eda Jes\u00fas; Ganuza, Ernesto y Garc\u00eda-Esp\u00edn, Patricia (2020) El descontento movilizador. Cultura y discursos sobre la pol\u00edtica en un marco de crisis (2011-2013). Madrid: Consejo Superior de Investigaciones Cient\u00edficas.<\/p>\n<p>Ernesto Ganuza, Mar\u00eda Jes\u00fas Funes y Patricia Garc\u00eda-Esp\u00edn (2020) \u201cConversando sobre pol\u00edtica en tiempos de crisis: atrevernos a escuchar\u201d en Funes Rivas, Mar\u00eda Jes\u00fas; Ganuza, Ernesto; Garc\u00eda Esp\u00edn, Patricia (2020) (Eds.) El descontento movilizador: Cultura y discursos sobre la pol\u00edtica en un marco de crisis (2011-2013). Consejo Superior de Investigaciones Cient\u00edficas.<\/p>\n<p>Funes Rivas, Mar\u00eda Jes\u00fas y C\u00e1mara, Mar\u00eda Jes\u00fas (2020) \u201cLos fundamentos culturales de la pol\u00edtica\u201d en Funes Rivas, Mar\u00eda Jes\u00fas; Ganuza, Ernesto; Garc\u00eda Esp\u00edn, Patricia (Eds.) <em>El descontento movilizador: Cultura y discursos sobre la pol\u00edtica en un marco de crisis (2011-2013)<\/em>. Consejo Superior de Investigaciones Cient\u00edficas.<\/p>\n<p>Funes Rivas, Mar\u00eda Jes\u00fas y Lagoma, Cristina (2020) \u201c\u00bfQu\u00e9 sienten los ciudadanos cuando se les propone hablar de pol\u00edtica\u201d en Funes Rivas, Mar\u00eda Jes\u00fas; Ganuza, Ernesto; Garc\u00eda Esp\u00edn, Patricia (Eds.) <em>El descontento movilizador: Cultura y discursos sobre la pol\u00edtica en un marco de crisis (2011-2013)<\/em>. Consejo Superior de Investigaciones Cient\u00edficas.<\/p>\n<p>Funes Rivas, Mar\u00eda Jes\u00fas y C\u00e1mara, Mar\u00eda Jes\u00fas (2020) \u201cQu\u00e9 piensan los ciudadanos cuando se les propone hablar de pol\u00edtica\u201d en Funes Rivas, Mar\u00eda Jes\u00fas; Ganuza, Ernesto; Garc\u00eda Esp\u00edn, Patricia (Eds.) <em>El descontento movilizador: Cultura y discursos sobre la pol\u00edtica en un marco de crisis (2011-2013)<\/em>. Consejo Superior de Investigaciones Cient\u00edficas.<\/p>\n<p>Funes Rivas, Mar\u00eda Jes\u00fas y Lagoma, Cristina (2020) \u201cHay alguien ah\u00ed\u00bf El sujeto pol\u00edtico: cuesti\u00f3n de agencia\u201d en Funes Rivas, Mar\u00eda Jes\u00fas; Ganuza, Ernesto; Garc\u00eda Esp\u00edn, Patricia (Eds.) <em>El descontento movilizador: Cultura y discursos sobre la pol\u00edtica en un marco de crisis (2011-2013)<\/em>. Consejo Superior de Investigaciones Cient\u00edficas.<\/p>\n<p>Garrido, A. (2020). El papel de las mujeres en los acuerdos de paz en Colombia. <em>Revista Pol\u00edtica y Sociedad<\/em>. Vol. 57, N\u00fam. 1 de 2020.<\/p>\n<p>Gatti, G., &amp; Mart\u00ednez, M. (2020). Dead in Life: Lives Pierced by Death. <em>Death Studies<\/em>, 44(11). Coordinaci\u00f3n de n\u00famero monogr\u00e1fico de revista.<\/p>\n<p>Gatti, G., y Mart\u00ednez, M. (2020). La desaparici\u00f3n social. La vida incierta en el Antropoceno. En R. Ramos y F.J. Garc\u00eda Selgas (Eds.), <em>Incertidumbres en las sociedades contempor\u00e1neas<\/em> (pp. 93-110). Madrid: CIS<\/p>\n<p>Gatti, G., Irazuzta, I., y Mart\u00ednez, M. (2020). Inverted exception. Ideas for thinking about the new disappearance through two case studies. <em>Journal of Latin American Cultural Studies<\/em>.<\/p>\n<p>Heath-Kelly, C, and Fern\u00e1ndez de Mosteyr\u00edn, L. 2020.The political use of victimhood: Spanish collective memory of ETA through the war on terror paradigm. Review of International Studies. Review of International Studies, 47(1), 1-18<\/p>\n<p>Fernandez de Mosteyr\u00edn, L. 2020. Communication as legitimation in Spanish CVE: Bringing lessons from the past. in A. Martini, K. Ford, and R. Jackson (eds),<em> Encountering Extremism: A Critical Examination of Theoretical Issues and Local Challenges<\/em>. Manchester: Manchester University Press.<\/p>\n<p>Mart\u00ednez, M., &amp; Gatti, G. (2020). La desaparici\u00f3n desbordada. <em>Athenea Digital<\/em>, 20(3). Coordinaci\u00f3n de tema especial de revista.<\/p>\n<p>Mart\u00ednez, M. (2020). Living Dead: Suspended Lives during\/after Gender Violence. <em>Death Studies<\/em>, 44(11), 718-726.<\/p>\n<p>Mart\u00ednez, M. (2020). Un mouvement \u00e0 contre courant: tensions et exp\u00e9riences f\u00e9ministes face \u00e0 la dichotomie public\/priv\u00e9 dans l\u2019Espagne de l\u2019apr\u00e8s-dictature. MCV: M\u00e9langes de la Casa de Velazquez, 50(1).<\/p>\n<p>Mart\u00ednez, M. (2020). Nombrando lo que no tiene nombre: pensando la \u201cdesaparici\u00f3n\u201d de migrantes en la frontera mexicano-estadounidense. <em>Athenea Digita<\/em>l, 20(3), 1-15.<\/p>\n<p>Mart\u00ednez, M. (2020). Cuentas, registros y rescates: pr\u00e1cticas de conteo (y b\u00fasqueda) de v\u00edctimas de trata con fines de explotaci\u00f3n sexual. <em>Sociolog\u00eda y Tecnociencia<\/em>, 10(1), 25-45.<\/p>\n<p>Mart\u00ednez, M. (2020). Collective action and organization against gender violence in Spain: when victims became activists. En M.J. G\u00e1mez Fuentes, S. N\u00fa\u00f1ez Puente &amp; E. G\u00f3mez Nicolau (Eds.), <em>Re-writing Women as Victims: From Theory to Practice<\/em> (pp. 98-111). London &amp; New York: Routledge<\/p>\n<p>Mart\u00ednez, M. (2020). La desaparici\u00f3n social. La vida incierta en el Antropoceno. En R. Ramos y F.J. Garc\u00eda Selgas (Eds.), <em>Incertidumbres en las sociedades contempor\u00e1neas<\/em> (pp. 93-110). Madrid: CIS<\/p>\n<p>Mart\u00ednez, M. (2020). Human Trafficking: Unaccounted for, on the edge of life. En E. Schindel y G. Gatti (Eds.), <em>Social Disappearance. Explorations between Latin America and Eastern Europe<\/em>. Berlin: Forum Transregionale Forum.<\/p>\n<p>Polo-Artal, A. (2020). Rese\u00f1a de\u00bb Las cartas de Elena Francis. Una educaci\u00f3n sentimental bajo el franquismo\u00bb. Aspark\u00eda. Investigaci\u00f3 feminista, (37), 169-173.<\/p>\n<p>Ruiz-Ramas, R. (2020). Las relaciones China &#8211; Rusia en la era de la Iniciativa de la Franja y la Ruta: la mutua adaptaci\u00f3n a la asimetr\u00eda. <em>Estudos Internacionais: Revista De rela\u00e7\u00f5es Internacionais Da PUC Minas<\/em>, 8(3), 28-47. https:\/\/doi.org\/10.5752\/P.2317-773X.2020v8n3p28-47<\/p>\n<p>Schulz, Ros\u00e1ngela y Cabezas G., Almudena (2020): O jovem feminismo em Madrid: um debate sobre a quest\u00e3o (inter)geracional, <em>Revista Brasileira de Ci\u00eancia Politica<\/em> 32, http:\/\/dx.doi.org\/10.1590\/<\/p>\n<p>Schulz, Ros\u00e1ngela y Cabezas G., Almudena (2020): O ativismo das jovens feministas em Madri p\u00f3s-15M; <em>Cadernos PAGU<\/em> 58, http:\/\/dx.doi.org\/10.1590\/18094449202000580001<\/p>\n<p>Smagacz-Poziemska M., G\u00f3mez M.V., Pereira P., Guarino L., Kurtenbach S., Villal\u00f3n J.J. (2020) Cities as the Strategic Terrain of Research on Contemporary Inequalities and Uncertainty. En: Smagacz-Poziemska M., G\u00f3mez M., Pereira P., Guarino L., Kurtenbach S., Villal\u00f3n J. (eds) Inequality and Uncertainty. Palgrave Macmillan, Singapore. https:\/\/doi.org\/10.1007\/978-981-32-9162-1_1<\/p>\n<\/div><\/div>\n\n<p><span style=\"font-family: 'Open Sans', Arial, sans-serif;font-size: 14px\"><div class=\"sc-toggle\"><div class=\"sc-toggle-title\"><a href=\"#\">2019<\/a><\/div><div class=\"sc-toggle-content\"><\/span><\/p>\n<p>Betancor, G. y D\u00edez, R. (2019). Las consecuencias de los movimientos sociales: capacidad de agencia y organizaci\u00f3n social, razones para un debate.\u00a0<i>Revista Espa\u00f1ola de Sociolog\u00eda<\/i>, 28(1), 135-139 [<a href=\"https:\/\/recyt.fecyt.es\/index.php\/res\/article\/download\/66434\/42066\" target=\"_blank\" rel=\"noopener\">pdf<\/a>]<\/p>\n<p>Campillo, I. (2019): \u201cIf we stop, the world stops\u201d. The 2018 Feminist Strike in Spain\u00bb, <em>Social Movements Studies<\/em>, 18(2), pp. 252-258. DOI: 10.1080\/14742837.2018.1556092<\/p>\n<p>D\u00edez, R. y Betancor, G. (2019).\u00a0<i>Movimientos sociales, acci\u00f3n colectiva y cambio social en perspectiva: continuidades y cambios en el estudio de los movimientos sociales<\/i>. Abadi\u00f1o: Betiko Fundazioa. [<a href=\"https:\/\/recyt.fecyt.es\/index.php\/res\/article\/download\/66434\/42066\" target=\"_blank\" rel=\"noopener\">pdf<\/a>]<\/p>\n<p>Escobar-L\u00f3pez, F.Y., Espinoza-Ortega, A., Lozano-Cabedo, C., Aguilar Criado, E., y Amaya-Corchuelo, A. (2019). Motivations to consume ecological foods in Alternative Food Networks (AFNs) in southern Spain. <em>British Food Journal<\/em>, 121(11), 2565-2577. https:\/\/doi.org\/ 10.3390\/su11154029. (JCR-Q2).<\/p>\n<p>Farr\u00e9 Ribes, M., Lozano-Cabedo, C., y Aguilar Criado, E. (2019), The role of knowledge in constructing the quality of olive oil in Spain. <em>Sustainability<\/em>, 11(15), 4029. https:\/\/doi.org\/ 10.3390\/su11154029.<\/p>\n<p style=\"font-weight: 400\"><span style=\"font-weight: 400\">FERN\u00c1NDEZ-CARRO, C., G\u00d3MEZ-REDONDO, R., y C\u00c1MARA-IZQUIERDO, N.\u00a0(2019). <\/span><a href=\"https:\/\/doi.org\/10.1332\/239788219X15488381886380\"><span style=\"font-weight: 400\">The Availability of Carers for Older Disabled People in Spain: Demographic Insights and Policy Implications<\/span><\/a><span style=\"font-weight: 400\">.\u00a0<\/span><i><span style=\"font-weight: 400\">International Journal of Care and Caring\u00a0<\/span><\/i><span style=\"font-weight: 400\">3 (3), pp.323-337.\u00a0<\/span><\/p>\n<p style=\"font-weight: 400\"><span style=\"font-weight: 400\">FERN\u00c1NDEZ-CARRO, C.\u00a0y VLACHANTONI, A. (2019). <\/span><a href=\"https:\/\/doi.org\/10.1111\/hsc.12711\"><span style=\"font-weight: 400\">The role of social networks in using home care by older people across Continental Europe<\/span><\/a><span style=\"font-weight: 400\">.\u00a0<\/span><i><span style=\"font-weight: 400\">Health &amp; Social Care in the Community<\/span><\/i><span style=\"font-weight: 400\">\u00a027 (4), pp. 936-952.\u00a0<\/span><\/p>\n<p>Fern\u00e1ndez-Trujillo, F. (2019). Delivery Cooperatives. An Alternative to the Great Platforms of the Digital Economy. En Benjam\u00edn Tejerina et al. (eds.)\u00a0Sharing Society: the impact of collaborative collective actions in the transformation of contemporary societies,\u00a0pp. 162-171. Bilbao: Universidad del Pa\u00eds Vasco \/ Euskal Herriko Unibertsitatea.<\/p>\n<p>Fern\u00e1ndez-Trujillo, F. (2019). Transformaciones en el trabajo y nuevas respuestas en el \u00e1mbito laboral. En D\u00edez, R. y Betancor, G. (Eds.).\u00a0Movimientos sociales, acci\u00f3n colectiva y cambio social en perspectiva. Continuidades y cambios en el estudio de los movimientos sociales,\u00a0pp. 103-116. Betiko: Abadi\u00f1o.<\/p>\n<p>Fern\u00e1ndez-Trujillo, F. (2019) Sindicalismo y movilizaciones laborales en 2018. <em>Anuario de Movimientos Sociales 2018<\/em>. Fundaci\u00f3n Betiko: Mendiola <span style=\"font-size: 14px\">[<\/span><a style=\"font-size: 14px\" href=\"http:\/\/fundacionbetiko.org\/wp-content\/uploads\/2019\/04\/fernandez-trujillo.pdf\">pdf<\/a><span style=\"font-size: 14px\">]<\/span><\/p>\n<p>Garrido, A. (2019). Narrativas de resistencia: an\u00e1lisis de tres organizaciones de mujeres en Colombia. <em>Revista Pol\u00edtica y Sociedad<\/em>. Vol. 56, N\u00fam. 1 de 2019.<\/p>\n<p>Gatti, G., Irazuzta, I., &amp; Mart\u00ednez, M. (2019). La desaparici\u00f3n forzada de personas: circulaci\u00f3n transnacional y usos sociales de una categor\u00eda del derecho humanitario. <em>O\u00f1ati Socio-legal series<\/em>, 9(2). Coordinaci\u00f3n de n\u00famero monogr\u00e1fico de revista.<\/p>\n<p>Gatti, G., Mart\u00ednez, M., &amp; Pe\u00f1aranda, M.C. (2019). La t\u00e9cnica de la desaparici\u00f3n. <em>O\u00f1ati Socio-legal series<\/em>, 9(2), 252-266.<\/p>\n<p><span style=\"font-weight: 400\">GUM\u00c0 LAO, J. y FERN\u00c1NDEZ-CARRO, C. (2019).\u00a0<\/span><a style=\"font-weight: 400\" href=\"https:\/\/doi.org\/10.1080\/13607863.2019.1675141\"><span style=\"font-weight: 400\">Life goes on: The influence of the perceived quality of social relations on older women\u2019s mental health after the loss of a partner in Europe<\/span><\/a><span style=\"font-weight: 400\">.\u00a0<\/span><i><span style=\"font-weight: 400\">Aging &amp; Mental Health<\/span><\/i><span style=\"font-weight: 400\">, latest articles.<\/span><\/p>\n<p>Irazuzta, I., Mart\u00ednez, M., &amp; Schindel, E. (2019). Desaparici\u00f3n. La vida en sus l\u00edmites. <em>O\u00f1ati Socio-legal series<\/em>, 9(2), 222-236.<\/p>\n<p>Mart\u00ednez, M. (2019). <em>Identidades en proceso. Una propuesta a partir del an\u00e1lisis de las movilizaciones feministas contempor\u00e1neas<\/em>. Madrid: Centro de Investigaciones Sociol\u00f3gicas (CIS), Monograf\u00edas.<\/p>\n<p>Mart\u00ednez, M. (2019). Agencias desde la vulnerabilidad. <em>Papeles del CEIC<\/em>, 2019\/1. Coordinaci\u00f3n de n\u00famero monogr\u00e1fico de revista.<\/p>\n<p>Mart\u00ednez, M. (2019). Una (breve y no muy sistem\u00e1tica) aproximaci\u00f3n a la noci\u00f3n de agencia desde la vulnerabilidad. <em>Papeles del CEIC<\/em>, 2019\/1(presentaci\u00f3n).<\/p>\n<p>Ruiz-Ramas, Rub\u00e9n, De Andr\u00e9s, Jes\u00fas y Morales, Javier (eds.),<em> La Uni\u00f3n Europea y Rusia cara a cara: relaciones, conflictos e interdependencias<\/em>. 2019, Tirant lo Blanch, 268 p\u00e1ginas. Accesible en: https:\/\/editorial.tirant.com\/es\/libro\/la-union-europea-y-rusia-cara-a-cara-ruben-ruiz-ramas-9788413138268<\/p>\n<p>Ruiz-Ramas, Rub\u00e9n; \u00abDel Greater Europe al Greater Eurasia: El Pivot to Asia de Rusia tras la crisis de Ucrania\u00bb en Ruiz-Ramas, Rub\u00e9n, De Andr\u00e9s, Jes\u00fas y Morales, Javier (eds.),<em> La Uni\u00f3n Europea y Rusia cara a cara: relaciones, conflictos e interdependencias<\/em>. 2019, Tirant lo Blanch; pp. 165-191.<\/p>\n<p>Villal\u00f3n Og\u00e1yar, Juan Jos\u00e9 (2019) <em>Lugares vulnerables, violencias y delincuencia<\/em>. Editorial UNED, Universidad Nacional de Educaci\u00f3n a Distancia. ISBN 9788436275384<\/p>\n<\/div><\/div>\n\n<div class=\"sc-toggle\"><div class=\"sc-toggle-title\"><a href=\"#\">2018<\/a><\/div><div class=\"sc-toggle-content\">\n<p>Betancor, G. y Prieto, D. (2018). El 15M y las juventudes: entrada y salida en los espacios activistas e impactos biogr\u00e1ficos del activismo.\u00a0<i>Pensamiento al margen: revista digital sobre las ideas pol\u00edticas<\/i>, 8, 161-190. [<a href=\"https:\/\/digitum.um.es\/digitum\/bitstream\/10201\/58714\/1\/n8-8-el-15m-y-las-juventudes.pdf\" target=\"_blank\" rel=\"noopener\">pdf<\/a>]<\/p>\n<p><span style=\"font-weight: 400\">Benedicto, Jorge y Ramos, Maria (2018): \u201cYoung People\u2019s Critical Politicization in Spain in the Great Recession: A Generational Reconfiguration? Societies<\/span><b>,<\/b><span style=\"font-weight: 400\"> 8, 89; doi:10.3390\/soc8030089<\/span><\/p>\n<p><span style=\"font-weight: 400\">FERN\u00c1NDEZ-CARRO, C. (2018).\u00a0<\/span><a style=\"font-weight: 400\" href=\"http:\/\/dx.doi.org\/10.5477\/cis\/reis.164.57\"><span style=\"font-weight: 400\">\u00bfHacia la \u2018desfamiliarizaci\u00f3n\u2019 del cuidado predilecto? Un an\u00e1lisis del contexto espa\u00f1ol (1997-2009<\/span><\/a><span style=\"font-weight: 400\">).\u00a0<\/span><i><span style=\"font-weight: 400\">Revista Espa\u00f1ola de Investigaciones Sociol\u00f3gicas<\/span><\/i><span style=\"font-weight: 400\">\u00a0164 (octubre-diciembre), pp. 57-76.<\/span><\/p>\n<p>Fern\u00e1ndez de Mosteyr\u00edn, L and Lim\u00f3n, P. 2018. Controlling dissent through security in Spain in <em>Governing Youth Politics in the Age of Surveillance<\/em>, Edited by Maria Grasso. London: Routledge.<\/p>\n<p>Ferro L., Smagacz-Poziemska M., G\u00f3mez M., Kurtenbach S., Pereira P., Villal\u00f3n J. (eds) (2018) <em>Moving Cities \u2013 Contested Views on Urban Life<\/em>. Springer VS, Wiesbaden. ISBN: 9783658184612<\/p>\n<p>Funes Rivas, Mar\u00eda Jes\u00fas (2018) \u201cErving Goffman: su perfil y su obra\u201d\u00a0<i>Tendencias Sociales: Revista de Sociolog\u00eda<\/i>\u00a0n\u00ba 2; p\u00e1gs.: 5-22 [<a href=\"http:\/\/revistas.uned.es\/index.php\/Tendencias\/article\/download\/22313\/18219\">pdf<\/a>]<\/p>\n<p>Martinez, M. (2018). From the Subjected Subject to the Vulnerable Subject: An Unfinished Discussion in Contemporary Spanish Feminism. Signs. <em>Journal of Women in Culture and Society<\/em>, 43(2), 327-351.<\/p>\n<p>Mart\u00ednez, M. (2018). Reiteraciones relacionales y activaciones emocionales (en las movilizaciones feministas): hacia una radicalizaci\u00f3n de la procesualidad de las identidades colectivas. <em>Athenea Digital<\/em>. Revista de Pensamiento e Investigaci\u00f3n Social, 18(1), 293-317.<\/p>\n<p>Mart\u00ednez, M. (2018). \u2018La revoluci\u00f3n ser\u00e1 feminista, o no ser\u00e1\u2019. Reflections on feminisms and the 15M. En B. Tejerina &amp; I. Perugorr\u00eda (Eds.), <em>Crisis and social mobilizations in contemporary Spain<\/em> (73-94). London &amp; New York: Routledge.<\/p>\n<p>Mart\u00ednez, M. (2018). \u2018La familia lo es todo\u2019 en la violencia de g\u00e9nero: transmisiones generacionales, familias desgarradas y parentescos bizarros. En G. Gatti &amp; K. Mahlke (Eds.), <em>Sangre y filiaci\u00f3n en los relatos del dolor<\/em> (pp. 87-103). Berlin: Iberoamericana Editorial Vervuert.<\/p>\n<p>Rub\u00e9n Ruiz Ramas. 2018. Kazajst\u00e1n: sucesi\u00f3n presidencial e inestabilidad pol\u00edtica en un Estado neopatrimonial. <em>Revista de Estudios en Seguridad Internacional<\/em> 2 (4): 81-98. DOI: http:\/\/dx.doi.org\/10.18847\/1.8.6<\/p>\n<p>Ruiz Ramas, Rub\u00e9n, Ucrania como Estado frontera, Estado multicultural y Estado naci\u00f3n-unitario: La reforma constitucional de 1996 y sus consecuencias, en <em>Fern\u00e1ndez Sola, Natividad, Fronteras del siglo XXI \u00bfobst\u00e1culos o puentes?<\/em>. 2018, Tirant Lo Blanch, 197-209.<\/p>\n<p>Ruiz Ramas, Rub\u00e9n y Morales, Javier, Competici\u00f3n por el poder en Uzbekist\u00e1n: Neopatrimonialismo y Autoritarismo durante y despu\u00e9s Karimov, en Izquierdo, Ferr\u00e1n, and Serra, Francesc. 2018, <em>Reg\u00edmenes pol\u00edticos en Asia Central. Barcelona<\/em>: Bellaterra, 137-176.<\/p>\n<p>Vommaro, P. y Betancor, G. (2018). Emergencias juveniles en Am\u00e9rica Latina y Europa: cambios y persistencias en sus pr\u00e1cticas, discursos y sentidos (presentaci\u00f3n del monogr\u00e1fico).<i>\u00a0Encrucijadas: Revista Cr\u00edtica de Ciencias Sociales<\/i>,15. [<a href=\"http:\/\/www.encrucijadas.org\/index.php\/ojs\/article\/download\/440\/293\" target=\"_blank\" rel=\"noopener\">pdf<\/a>]<\/p>\n<\/div><\/div>\n\n<div class=\"sc-toggle\"><div class=\"sc-toggle-title\"><a href=\"#\">2017<\/a><\/div><div class=\"sc-toggle-content\">\n<p>Alonso, L.E., y Betancor, G. (2017). Nuevos movimientos sociales y radicalismo de clases medias: una revisi\u00f3n. <em>T\u00e9mpora. Revista de Sociolog\u00eda de la Educaci\u00f3n<\/em>, 19 (2\u00ba \u00e9poca), 163-179.<\/p>\n<p>Benedicto, J. (dir.) (2017). Informe Juventud en Espa\u00f1a 2016. Madrid: INJUVE<\/p>\n<p style=\"padding-left: 30px\">Archivado en: Ciudadan\u00eda, culturas y socializaci\u00f3n \/ G\u00e9nero y desigualdades \/ Acci\u00f3n colectiva, movimientos sociales y participaci\u00f3n ciudadana<\/p>\n<p>Benedicto, J. (2017). Los j\u00f3venes ante la sociedad en la que viven: valores colectivos e implicaci\u00f3n sociopol\u00edtica. En J. Benedicto (dir.) Informe Juventud en Espa\u00f1a 2016 (421-550). Madrid: INJUVE<\/p>\n<p style=\"padding-left: 30px\">Archivado en: Ciudadan\u00eda, culturas y socializaci\u00f3n \/ Acci\u00f3n colectiva, movimientos sociales y participaci\u00f3n ciudadana<\/p>\n<p>Cotarelo, R. y Gil, J. (Coords.) (2017). \u201c<em>Ciberpol\u00edtica: gobierno abierto, redes, deliberaci\u00f3n, democracia<\/em>\u201d. Madrid: Instituto Nacional de Administraci\u00f3n P\u00fablica.<\/p>\n<p>Fern\u00e1ndez de Mosteyr\u00edn, L. y Lim\u00f3n, P. 2017. Paradigmas y Pol\u00edticas de Seguridad: una aproximaci\u00f3n al Plan Estrat\u00e9gico Nacional de Lucha contra la Radicalizaci\u00f3n Violenta (PEN-LCRV 2015). <em>Pol\u00edtica y Sociedad, <\/em>54 (3) noviembre-diciembre [en prensa].<\/p>\n<p>Fern\u00e1ndez de Mosteyr\u00edn, L. y Mor\u00e1n, M. L. 2017. Buscando un lugar en el mundo: los imaginarios juveniles de futuro en tiempos de crisis. <em>M\u00e9langes de la Casa de Vel\u00e1zquez.<\/em> 47 (2) noviembre. [en prensa]\n<p>Gatti, G., &amp; Mart\u00ednez, M. (2017). Los ciudadanos-v\u00edctima. Problematizaci\u00f3n te\u00f3rica y revisi\u00f3n cr\u00edtica de una identidad transnacionalizada. <em>Revista de Estudios Sociales<\/em>, 59 (enero-marzo). Coordinaci\u00f3n de n\u00famero monogr\u00e1fico de revista.<\/p>\n<p>Gatti, G., &amp; Mart\u00ednez, M. (2017). El ciudadano-v\u00edctima. Notas para iniciar un debate. <em>Revista de Estudios Sociales<\/em>, 59, Enero-Marzo, 8-13.<\/p>\n<p>Gatti, G., Mart\u00ednez, M., &amp; Revet, S. (2017). Ce que la loi fait aux victimes. Construction de la figure de la \u201cfemme-victime\u201d par la loi contre les violences de genre en Espagne. <em>Pens\u00e9e Plurielle<\/em>, 2017\/2(45), 125-138.<\/p>\n<p>Gatti, G., Irazuzta, I., &amp; Mart\u00ednez, M. (2017). When School Meets the \u2018Other.\u2019 Intercultural Policies in the Basque Inclusive School. <em>Patterns of Prejudice<\/em>, 51(1), 89-110.<\/p>\n<p>Gatti, G., &amp; Mart\u00ednez, M. (2017). El campo de las v\u00edctimas. Disensos, consensos e imaginarios compartidos en el nacimiento del ciudadano-v\u00edctima. En G. Gatti (Ed.), <em>Un mundo de v\u00edctima<\/em>s (pp. 73-90). Barcelona: Anthropos-Siglo XXI.<\/p>\n<p>Casado-Neira, D., &amp; Mart\u00ednez, M. (2017). V\u00edctimas de violencia de g\u00e9nero (las v\u00edctimas habladas). En G. Gatti (Ed.), <em>Un mundo de v\u00edctimas<\/em> (pp. 112-129). Barcelona: Anthropos-Siglo XXI.<\/p>\n<p>Gatti, G., Mart\u00ednez, M., &amp; Revet, S. (2017). La v\u00edctima en escena: una etnograf\u00eda en los juzgados de violencia contra la mujer. En G. Gatti (Ed.), <em>Un mundo de v\u00edctimas<\/em> (pp. 281-295). Barcelona: Anthropos-Siglo XXI<\/p>\n<p>Mor\u00e1n, M.L y Fern\u00e1ndez de Mosteyr\u00edn, L. 2017. Imagining the Future in a Difficult Present: Storylines from Spanish Youth, <em>Contemporary Social Science<\/em>, Special number, 12 (1-2).\u00a0 2017.<\/p>\n<p>Gil, J. (2017). \u201cEconom\u00edas colaborativas y crisis del capitalismo: un an\u00e1lisis a trav\u00e9s de la prosumici\u00f3n\u201d, en: Cotarelo, R. y Gil, J. (Coords.) (2017). \u201c<em>Ciberpol\u00edtica: gobierno abierto, redes, deliberaci\u00f3n, democracia<\/em>\u201d. Madrid: Instituto Nacional de Administraci\u00f3n P\u00fablica.<\/p>\n<p>Mart\u00ednez, M. (2017). Troisi\u00e8me vague, transf\u00e9minismes et la question g\u00e9n\u00e9rationnelle: reconfigurations des f\u00e9minismes dans l\u2019Espagne contemporaine. En K. Berg\u00e8s, A. Guyard-Nedelec &amp; F. Binard (Coords.), <em>F\u00e9minismes du XXIe si\u00e8cle: une troisi\u00e8me vague?<\/em> (pp. 75-85). Rennes: Presses Universitaires de Rennes, PUR.<\/p>\n<p>Resina, J. (2017). Desarrollo (Evoluci\u00f3n Internacional). <em>Eunom\u00eda. Revista en Cultura de la Legalidad<\/em>, 13, 235-250.<\/p>\n<p>Lendo, T. y Resina, J. (2017). Parlamento Abierto: un an\u00e1lisis comparado de los Congresos de Chile, Espa\u00f1a, Estados Unidos y M\u00e9xico. En C. Mart\u00ednez, R. M. Mir\u00f3n y P. J. Zepeda (Coords.), La nueva actividad legislativa en el Senado de la Rep\u00fablica: Hacia un Parlamento Abierto (107-129). Ciudad de M\u00e9xico: AMEP, Senado de la Rep\u00fablica, Instituto Belisario Dom\u00ednguez.<\/p>\n<p>Resina, J. (2017). Clases medias en Ecuador. Entre la ilusi\u00f3n del Buen Vivir y el mito del desarrollismo. En C. G\u00fcemes y L. Paramio (Eds.), Clases Medias en Am\u00e9rica Latina. De la expansi\u00f3n a la incertidumbre (pp. 159-186). Madrid: Centro de Estudios Pol\u00edticos y Constitucionales (CEPC).<\/p>\n<p>Revilla, M. (2017).\u00a0 Am\u00e9rica Latina y los movimientos sociales: el presente de la \u201crebeli\u00f3n del coro\u201d. En: <em>Pensamiento social espa\u00f1ol sobre Am\u00e9rica Latina <\/em>(p\u00e1ginas 297-311). Buenos Aires: CLACSO. Colecci\u00f3n Antolog\u00edas del Pensamiento Social Latinoamericano y Caribe\u00f1o. Serie: Miradas Lejanas.<\/p>\n<p>Rub\u00e9n Ruiz Ramas, \u00abTurkmenist\u00e1n del sultanismo al neopatrimonialismo: persistencia de su vulnerabilidad ante el golpe palaciego\u00bb, Revista UNISCI (antes UNISCI Discussion Papers), n\u00ba45, 2017 (octubre), 163-194.<\/p>\n<p>Rub\u00e9n Ruiz, \u201cInformal Local Networks and Voting Support in the 2010 Kyrgyzstani Parliamentarian Election: Do They Still Matter?\u201d, en Morrison, Alexander, Saxena, S.S., Morrison, A.; Auezova, Z.; Abusseitova, M. (eds.), <em>Cambridge Central Asia Reviews, ESCAS Proceedings Issue<\/em>. 2017, Cambridge Scientific Publications, 287-312.<\/p>\n<\/div><\/div>\n\n<div class=\"sc-toggle\"><div class=\"sc-toggle-title\"><a href=\"#\">2016<\/a><\/div><div class=\"sc-toggle-content\">\n<p>Abril, P., Amigot, P., Bot\u00eda-Morillas, C. Dom\u00ednguez-Folgueras, M., Gonz\u00e1lez, M. J., Jurado-Guerrero, T., Lapuerta, I., Mart\u00edn-Garc\u00eda, T., Monferrer, J.M. y Seiz, M. (2016). The transition to parenthood in Spain: Adaptations to ideals. En D. Grunow y M. Evertsson (eds). <em>Couples&#8217; Transitions to Parenthood. Analysing Gender and Work in Europe<\/em> (cap.9). London (UK): Edward Elgar Publishing Ltd.<\/p>\n<p>Casado-Neira, D., &amp; Mart\u00ednez, M. (2016). La v\u00edctima simulada: identidades forzadas en la violencia de g\u00e9nero. <em>Pol\u00edtica y Sociedad<\/em>, 53(3), 879-896<\/p>\n<p>Garc\u00eda, M.C., Fern\u00e1ndez, C. (coords.), del Hoyo, M., Monferrer, J.M. y del Olmo, J. (2016). <em>Si lo vives lo compartes. C\u00f3mo se comunican los j\u00f3venes en un mundo digital<\/em>. Madrid: Ariel-Fundaci\u00f3n Telef\u00f3nica.Mor\u00e1n, M.L. y Benedicto, J. (2016). Los j\u00f3venes espa\u00f1oles entre la indignaci\u00f3n y la desafecci\u00f3n pol\u00edtica: una interpretaci\u00f3n desde las identidades ciudadanas <em>\u00daltima d\u00e9cada<\/em>, n\u00ba 44, 11-38<\/p>\n<p style=\"padding-left: 30px\">Archivado en: Ciudadan\u00eda, culturas y socializaci\u00f3n \/ Acci\u00f3n colectiva, movimientos sociales y participaci\u00f3n ciudadana<\/p>\n<p>Gatti, G., &amp; Mart\u00ednez, M. (2016). Les victimes peuvent-elles parler et agir? Deux paradoxes \u00e0 l\u2019\u00e8re des citoyens-victimes. <em>Pens\u00e9e Plurielle<\/em>, 2016\/3(43), 155-167.<\/p>\n<p>Benedicto, J. (2016). La ciudadan\u00eda juvenil: Un enfoque basado en las experiencias vitales de los j\u00f3venes. <em>Revista Latinoamericana de Ciencias Sociales, Ni\u00f1ez y Juventud<\/em>, 14 (2), 925-938.<\/p>\n<p style=\"padding-left: 30px\">Archivado en: Ciudadan\u00eda, culturas y socializaci\u00f3n<\/p>\n<p>Benedicto, J. (2016). Youth participation as meaningful citizenship experience: a challenge to improve democratic life. En European Commission\u2019s Directorate-General for Education and Culture (ed.), <em>Youth work and non-formal learning in Europe&#8217;s education landscape: EU cooperation in the field of youth 1988-2013<\/em> (217-229). Luxemburgo: Publications Office of the European Union<\/p>\n<p style=\"padding-left: 30px\">Archivado en: Ciudadan\u00eda, culturas y socializaci\u00f3n \/ Acci\u00f3n colectiva, movimientos sociales y participaci\u00f3n ciudadana<\/p>\n<p>Benedicto, J. y Mor\u00e1n, M.L (2016). Les chemins complexes de la politisation. Frustration, impuissance et engagement civique chez les jeunes Espagnols d\u00e9savantag\u00e9s. En S. Garneau et N. Gallant (dir.), <em>Les jeunes et l\u2019action politique. Participation, contestation, r\u00e9sistance<\/em> (167-188). Qu\u00e9bec, Presses de l\u2019Universit\u00e9 Laval<\/p>\n<p style=\"padding-left: 30px\">Archivado en: Ciudadan\u00eda, culturas y socializaci\u00f3n \/ Acci\u00f3n colectiva, movimientos sociales y participaci\u00f3n ciudadana<\/p>\n<p style=\"font-weight: 400\"><span style=\"font-weight: 400\">FERN\u00c1NDEZ-CARRO, C. (2016) <\/span><a href=\"https:\/\/doi.org\/10.1017\/S0144686X1400138X\"><span style=\"font-weight: 400\">Ageing at home, co-residence or institutionalisation? Preferred care and residential arrangements of older adults in Spain<\/span><\/a><span style=\"font-weight: 400\">. <\/span><i><span style=\"font-weight: 400\">Ageing and Society\u00a0<\/span><\/i><span style=\"font-weight: 400\">36 (3), pp. 586-612.\u00a0<\/span><\/p>\n<p style=\"font-weight: 400\"><span style=\"font-weight: 400\">FERN\u00c1NDEZ-CARRO, C., M\u00d3DENES, J. A., y SPIJKER, J. (2016) <\/span><a href=\"https:\/\/doi.org\/10.1007\/s10433-015-0338-z\"><span style=\"font-weight: 400\">Living conditions as predictor of elderly residential satisfaction. A cross European view by poverty status<\/span><\/a><span style=\"font-weight: 400\">.\u00a0<\/span><i><span style=\"font-weight: 400\">European Journal of Ageing<\/span><\/i><span style=\"font-weight: 400\">\u00a0vol. 12 (3) pp. 187-202.\u00a0<\/span><\/p>\n<p>Fern\u00e1ndez de Mosteyr\u00edn, L. 2016. On the transformative capacity of Events: legitimacy and political violence under the War on Terror, en\u00a0 M.J. Funes (Ed).\u00a0<em>Regarding Tilly: Conflict, Power and Collective Action<\/em>, New York: Rowman and Littlefield.<\/p>\n<p>Fern\u00e1ndez de Mosteyr\u00edn, L. Los debates sobre el terrorismo bajo el signo de la Guerra contra el Terror: aportaciones desde la Sociolog\u00eda Pol\u00edtica\u201d. <em>Revista de Relaciones Internacionales, <\/em>32.<\/p>\n<p>Funes MJ. (Ed.) (2016) <em>Regarding Tilly: Conflict, Power and collective action.<\/em>\u00a0 Maryland: University Press of America.<\/p>\n<p>Funes MJ. (2016) \u201cIntroducing Tilly: A view of his Work, an Approach to the Man\u201d en Funes, MJ. (Ed.) <em>Regarding Tilly: Conflict, Power and collective action, <\/em>p\u00e1gs.: 1-20<em>.<\/em> Maryland: University Press of America.<\/p>\n<p>Aguilar, S., Funes MJ. (2016) \u201cFrom Macro to Micro in Charles Tilly\u00b4s Relational Approach\u201d en Funes, MJ. (Ed.) <em>Regarding Tilly: Conflict, Power and collective action, <\/em>p\u00e1gs: 69-98<em>.<\/em> Maryland: University Press of America.<\/p>\n<p>Funes, MJ. Robles, JM. (2016) \u00abCivic Participation as Means of Empowerment: Preventing Social exclusion of Youth in Precarious Life Conditiosn in Spain\u201d en <em>Papers<\/em> Vol. 101\/3, p\u00e1gs: 315,337. 2016.<\/p>\n<p>Funes, MJ. (2016) \u00ab\u00bfFacilitan los procesos institucionales de participaci\u00f3n la capacitaci\u00f3n pol\u00edtica?\u00bb en <em>Pol\u00edtica y Sociedad<\/em>, Vol. 53, p\u00e1gs: 55-77.<\/p>\n<p>Gatti, G., &amp; Mart\u00ednez, M. (2016). Les victimes peuvent-elles parler et agir? Deux paradoxes \u00e0 l\u2019\u00e8re des citoyens-victimes. <em>Pens\u00e9e Plurielle<\/em>, 2016\/3(43), 155-167.<\/p>\n<p>Gil, J. (2016). \u201cProducci\u00f3n prosumidora, trabajo prosumidor e interfaces prosumidoras: formas 2.0 de valorizaci\u00f3n del capital\u201d, en: <em>Interface Politics<\/em>, GREDITS.<\/p>\n<p>Jes\u00fas de Andr\u00e9s y Rub\u00e9n Ruiz Ramas, \u201cCharles Tilly\u2019s concept of revolution and the \u201ccolor revolutions\u201d\u201d, en Funes (ed.), <em>Regarding Tilly: Conflict, power and Collective Action<\/em>. 2016, Rowman and Littlefield Publishing Group, 135-157.<\/p>\n<p>Lim\u00f3n, P. y Fern\u00e1ndez de Mosteyr\u00edn, L. 2016. De los valores civilizatorios a las fronteras del miedo: la conversi\u00f3n medi\u00e1tica de los refugiados en un &#8216;problema para la seguridad europea&#8217;. \u00a0<em>Documentaci\u00f3n Social.<\/em><em> 180, <\/em>Monogr\u00e1fico \u00abDe la crisis de los refugiados a la crisis de Europa\u00bb- pp. 111-126.<\/p>\n<p>Latorre Catal\u00e1n, M. y Romero Ramos, H. (2016). Revolution and Counter-revolution: The Vend\u00e9e and the Intellectual Foundations of Charles Tilly\u2019s Historical Sociology. En M. J. Funes (Ed.), <em>Regarding Charles Tilly. Conflict, Power and Collective Action<\/em>, (p\u00e1gs.117-134). Lanham, Maryland: University Press of America\/Rowman &amp; Littlefield.<\/p>\n<p>Lendo, T. y Resina, J. (2016). Parlamento Abierto: Un an\u00e1lisis comparado de los Congresos de Chile, Espa\u00f1a, Estados Unidos y M\u00e9xico. <em>Cuaderno de Investigaci\u00f3n Instituto Belisario Dom\u00ednguez, Senado de la Rep\u00fablica M\u00e9xico<\/em>, 27, 1-34.<\/p>\n<p>Martinez, M., &amp; Casado-Neira, D. (2016). Fragmented Victims: Women Victims of Gender-based Violence in the Face of Expert Discourses and Practices in Spain. <em>Women Studies International Forum<\/em>, 59, November-December, 39-47.<\/p>\n<p>Resina, J. y Lendo, T. (2016). Communicating public security crisis in Mexico: A comparison between Felipe Calder\u00f3n and Enrique Pe\u00f1a Nieto. \u00d3. Luengo (Ed.), Political Communication in Times of Crisis (pp. 269-284). Berl\u00edn: Logos Verlag.<\/p>\n<p>Resina, J. (2016). Tem algu\u00e9m a\u00ed? Entre o eco digital e um novo di\u00e1logo dos comuns: comunica\u00e7\u00e3o pol\u00edtica, internet e democracia, um estado de coisas. E. Bello (Coord.), Democracia nos meios de comunica\u00e7ao: pluralismo, liberdade de express\u00e3o e informa\u00e7\u00e3o (pp. 249-262). R\u00edo de Janeiro: Editorial Lumen Juris.<\/p>\n<p>Resina, J. y G\u00fcemes, C. (2016). Nadie es tan feo como en su DNI ni tan guapo como en su foto de perfil: El papel de las redes digitales en la construcci\u00f3n de la identidad social y pol\u00edtica. \u00c1. Rodr\u00edguez (Coord.), Sociolog\u00eda por todas partes. S\u00edmbolos y representaciones sociales de lo cotidiano (pp. 79-92). Madrid: Dykinson.<\/p>\n<p>Ruiz Ramas, Rub\u00e9n (editor), Ucrania: De la Revoluci\u00f3n del Maid\u00e1n a la Guerra del Donbass. 2016, <em>Comunicaci\u00f3n Social<\/em>, 408 p\u00e1ginas, ISBN: 978-84-15544-79-1.<\/p>\n<p>Rub\u00e9n Ruiz Ramas, \u201cParental Informal Payments and the Marketization of Education in Kyrgyzstan: Analyzing the Strongest and the Weakest Link\u201d, <em>The Journal of Eurasian Studies<\/em>, vol 7, N2. 2016, 205\u2013219. https:\/\/doi.org\/10.1016\/j.euras.2015.06.003<\/p>\n<p class=\"western\" align=\"justify\"><\/div><\/div>\n\n<div class=\"sc-toggle\"><div class=\"sc-toggle-title\"><a href=\"#\">2015<\/a><\/div><div class=\"sc-toggle-content\">\n<p>Benedicto, J. y Mor\u00e1n M.L. (2015). La construcci\u00f3n de los imaginarios colectivos sobre j\u00f3venes, participaci\u00f3n y pol\u00edtica en Espa\u00f1a. <em>Revista de Estudios de Juventud<\/em>, n\u00ba 110, 83-104<\/p>\n<p style=\"padding-left: 30px\">Archivado en: Ciudadan\u00eda, culturas y socializaci\u00f3n \/ Acci\u00f3n colectiva, movimientos sociales y participaci\u00f3n ciudadana<\/p>\n<p>Benedicto, J. y Mor\u00e1n, M.L: (2015). Culturas pol\u00edticas y ciudadan\u00eda en el marco de una crisis institucional. En C. Torres (editor)<em>, Espa\u00f1a 2015. Situaci\u00f3n social<\/em> (1115-1125). Madrid, Centro Investigaciones Sociol\u00f3gicas.<\/p>\n<p style=\"padding-left: 30px\">Archivado en: Ciudadan\u00eda, culturas y socializaci\u00f3n<\/p>\n<p>Alonso, L.E., Betancor, G. y Cilleros, R. (2015). Nuevos y nov\u00edsimos movimientos sociales: una aproximaci\u00f3n al activismo social en la Espa\u00f1a actual. En C. Torres (Ed.), Espa\u00f1a 2015. Situaci\u00f3n Social (1126-1137). Madrid: CIS.<\/p>\n<p>Cilleros, R. y Betancor, G. (2015). El movimiento estudiantil en la Espa\u00f1a del siglo XXI. En M.T. Bretones, C. A. Charry y J. Pastor, J. (Ed.), Anuari del Conflicte Social 2014 (146-172). Barcelona: UB.<\/p>\n<p>Betancor, G. y Guti\u00e9rrez, J. (2015). Las trayectorias de vida de los j\u00f3venes de Santa Cruz de Tenerife en tiempos de crisis: una aproximaci\u00f3n cualitativa. <em>Recerca. Revista de Pensament i An\u00e0lisi<\/em>, 16, 87-110.<\/p>\n<p>Abril, P., Amigot, P., Bot\u00eda, C., Dom\u00ednguez-Folgueras, M., Gonz\u00e1lez, M.J., Jurado-Guerrero, T., Lapuerta, I., Mart\u00edn-Garc\u00eda, T., Monferrer, J.M. y Seiz, M. (2015). Ideales igualitarios y planes tradicionales: an\u00e1lisis de parejas primerizas en Espa\u00f1a. <em>Revista Espa\u00f1ola de Investigaciones Sociol\u00f3gicas, 150<\/em>, 3-22.<\/p>\n<p>Gil, J. (2015).<em> Cuando el 15M envejeci\u00f3 a los medios de comunicaci\u00f3n: emergencia de prosumidores y desarrollo de nuevos modelos medi\u00e1ticos,<\/em> Aposta, 66.<\/p>\n<p>Gonz\u00e1lez, M.J, Jurado, T. (eds.), Abril, P., Bot\u00eda, C., Dom\u00ednguez, M., Lapuerta, I., Mart\u00edn, T., Monferrer, J.M. y Seiz, M. (2015). <em>Padres y Madres corresponsables<\/em>. Una utop\u00eda real. Madrid: Ed. La Catarata.<\/p>\n<p>Abril, P., Jurado, T. y Monferrer, J.M. (2015). Paternidades en construcci\u00f3n. En Gonz\u00e1lez, M.J. y Jurado, T. (eds.) et al. <em>Padres y madres corresponsables. Una utop\u00eda real<\/em> (cap. 3). Madrid: La Catarata.<\/p>\n<p>Resina, J. (2015). La transformaci\u00f3n del Estado y el rol del movimiento ind\u00edgena durante el Gobierno de Rafael Correa. Quito: Abya Yala.<\/p>\n<p>G\u00fcemes, C. y Resina, J. (2015). Hazme un retuit y te sigo. Una reflexi\u00f3n (ambivalente) sobre las redes digitales y sus efectos en la comunicaci\u00f3n y hacer pol\u00edtico. <em>Estudios\/Working Papers GIGAPP<\/em>, WP-2015-09, 1-18.<\/p>\n<p>Revilla, M. (2015). Las ONG en Espa\u00f1a. En: C. Torres (ed.). <em>Espa\u00f1a 2015. Situaci\u00f3n social <\/em>(p\u00e1ginas 1160-1173). Madrid: Centro de Investigaciones Sociol\u00f3gicas (CIS)<\/p>\n<p>Revilla, M. (2015). Elecci\u00f3n Presidencial en Chile 2013: cr\u00f3nica de una victoria anunciada. En: R. Conde e I. Wences (eds.). <em>Cambio pol\u00edtico, desafecci\u00f3n y elecciones en Am\u00e9rica Latina<\/em> (73-97). Madrid: Centro de Estudios Pol\u00edticos y Constitucionales.<\/p>\n<\/div><\/div>\n\n<div class=\"sc-toggle\"><div class=\"sc-toggle-title\"><a href=\"#\">2014<\/a><\/div><div class=\"sc-toggle-content\">\n<p>Benedicto, J. (2014). La integraci\u00f3n sociopol\u00edtica de los j\u00f3venes en tiempos inciertos. <em>SocietaMutamentoPolitica. Rivista Italiana de Sociologia,<\/em> vol. 5, n. 10, 55-74<\/p>\n<p style=\"padding-left: 30px\">Archivado en: Ciudadan\u00eda, culturas y socializaci\u00f3n<\/p>\n<p>Benedicto, J. et al. (2014) <em>Transitar a la intemperie: j\u00f3venes en busca de integraci\u00f3n.<\/em> Madrid, INJUVE (col. Estudios), <a href=\"http:\/\/www.injuve.es\/observatorio\/valores-\">[http:\/\/www.injuve.es\/observatorio\/valore<\/a>s<a href=\"http:\/\/www.injuve.es\/observatorio\/valores-\">&#8211;<\/a> actitudes-y-participacion].<\/p>\n<p style=\"padding-left: 30px\">Archivado en: Ciudadan\u00eda, culturas y socializaci\u00f3n<\/p>\n<p>Benedicto, J. y Mor\u00e1n, M.L. (2014). \u00bfOtra clase de politizaci\u00f3n? Representaciones de la vida colectiva y procesos de implicaci\u00f3n c\u00edvica de los j\u00f3venes en situaci\u00f3n de desventaja. <em>Revista Internacional de Sociolog\u00eda<\/em>, 72(2), 429-452.<\/p>\n<p style=\"padding-left: 30px\">Archivado en: Ciudadan\u00eda, culturas y socializaci\u00f3n \/ Acci\u00f3n colectiva, movimientos sociales y participaci\u00f3n ciudadana<\/p>\n<p>Betancor, G. y Cilleros, R. (2014). El 15M en retrospectiva. An\u00e1lisis de un estudio cualitativo de opini\u00f3n p\u00fablica y de los activistas. En L. Pastor y N. Rojas (Ed.), Anuari del Conflicte Social 2013 (248-271). Barcelona: UB.<\/p>\n<p>Fern\u00e1ndez de Mosteyr\u00edn, L., Mor\u00e1n, M.L 2014. Encontrar la cultura: estrategias de indagaci\u00f3n para el an\u00e1lisis sociopol\u00edtico. <em>Revista de Estudios Sociales,<\/em> 50, septiembre-diciembre, 2014, pp. 43-56.<\/p>\n<p>Mart\u00edn, p\u00e9rez, A.., Fern\u00e1ndez de Mosteyr\u00edn, L., Mart\u00edn Coppola, E. 2014.\u00a0 El impacto de la crisis socioecon\u00f3mica en las bases de legitimaci\u00f3n del Estado de bienestar: un programa de investigaci\u00f3n. En Elisabet Almeda Samaranch, Liliana Arroyo Moliner, Marc Pra del Miquel, Josep Maria Rotger Cerd\u00e0 (eds.) <em>\u00c0mbits de recerca i metodologies en sociologia.<\/em>pp.29-38. Ed. Universitat de Barcelona.<\/p>\n<p>Benedicto, J., Fern\u00e1ndez de Mosteyrt\u00edn, L., Gutierrez Sastre, M., Mart\u00edn P\u00e9rez, A., Mart\u00edn Copolla, E., Mor\u00e1n, M.L. 2014. Transitar a la intemperie: j\u00f3venes en busca de integraci\u00f3n, Informe de investigaci\u00f3n, Instituto de la Juventud Observatorio de la Juventud en Espa\u00f1a, Estudios INJUVE.<\/p>\n<p>Gil, J. (2014).<em> La emergencia de prosumidores y el desarrollo de nuevos modelos medi\u00e1ticos: el caso de Toma la Tele<\/em>. en R. Cotarelo y Jos\u00e9 Antonio Olmeda (Eds.): La Democracia del siglo XXI: Pol\u00edtica, medios de comunicaci\u00f3n, internet y redes sociales. Madrid: Centro de Estudios Pol\u00edticos y Constitucionales.<\/p>\n<p>Miguel A. Mart\u00ednez, Azozomox y Gil, J. (2014). <em>Unavoidable Dilemmas: Squatters dealing with the Law<\/em>, en: C. Cattaneo y M. Martinez (Eds.): <em>Squatting as an alternative to capitalism<\/em>, Pluto Press.<\/p>\n<p>P\u00e9rez, B. y Gil, J. (2014) <em>\u00bf<\/em><em>Mercantilizaci\u00f3n o Revoluci\u00f3n? Reflexiones en torno a la figura del streamer como nuevo sujeto prosumidor<\/em>, en: <em>15MP2P: Encuentro Transdisciplinar del 15M<\/em>, Internet Interdisciplinary Institute (IN3)\/ Universitat Oberta de Catalunya.<\/p>\n<p>Gil, J. (2014) <em>Las<\/em> <em>redes<\/em> <em>sociales<\/em> <em>como<\/em> <em>infraestructura<\/em> <em>de<\/em> <em>la<\/em> <em>acci\u00f3n<\/em> <em>colectiva y el surgimiento de cibercomunidades pol\u00edticas:<\/em> <em>an\u00e1lisis<\/em> <em>comparativo<\/em> <em>entre<\/em> <em>Facebook<\/em> <em>y<\/em> <em>N-1<\/em> <em>a<\/em> <em>trav\u00e9s<\/em> <em>del<\/em> <em>15M.<\/em> Internet Interdisciplinary Institute (IN3)\/ Universitat Oberta de Catalunya.<\/p>\n<p><strong>\u00a0<\/strong>Resina, J. (2014). Del poder encriptado a la indignaci\u00f3n en las calles. Un an\u00e1lisis de la crisis en Espa\u00f1a en relaci\u00f3n con el entramado de gobernanza europea y las l\u00f3gicas del capital internacional. <em>Jur\u00eddicas<\/em>, 11(1), 38-56.<\/p>\n<p>Resina, J. (2014). Do poder constituinte encriptado \u00e1 indigna\u00e7\u00e3o das ruas. Culturas Jur\u00eddicas, 1(2), 144-184.<\/p>\n<p>Resina, J.\u00a0 y Lim\u00f3n, P. (2014). Del consenso al tiki-taka: redefiniendo el nacionalismo espa\u00f1ol desde la prensa escrita a trav\u00e9s del f\u00fatbol. <em>Pol\u00edtica y Sociedad<\/em>, 51(2), 297-336.<\/p>\n<\/div><\/div>\n\n<div class=\"sc-toggle\"><div class=\"sc-toggle-title\"><a href=\"#\">2013<\/a><\/div><div class=\"sc-toggle-content\">\n<p>Benedicto, J. y Mor\u00e1n, M.L (2013). De la integraci\u00f3n adaptativa al bloqueo en tiempos de crisis. Preocupaciones y demandas de los j\u00f3venes. En M.L. Mor\u00e1n (coord.), <em>Actores y demandas en Espa\u00f1a. An\u00e1lisis de un inicio de siglo convulso <\/em>(56-80). Madrid: Libros La Catarata.<\/p>\n<p>Benedicto, J. (2013). The political cultures of young people: an uncertain and unstable combinatorial logic. <em>Journal of Youth Studies<\/em> ,16(6), 712-729 (DOI:10.1080\/13676261.2012.744812)<\/p>\n<p>C\u00e1mara, MJ (2013) \u201cLos mitos sobre la familia frente a la individualizaci\u00f3n y los modernos sistemas de mediaci\u00f3n\u201d En Madrid: Documentaci\u00f3n social N\u00ba 167 (Revista de Estudios sociales y de sociolog\u00eda aplicada), pp 173-192.<\/p>\n<p>Fern\u00e1ndez de Mosteyr\u00edn, L. 2013. Rodea el Congreso: un caso para explorar las bases del Estado Securitario. Anuari del Conflicte Social 2012. pp. 1129-1152 Observatori del Conflicte Social.<\/p>\n<p>Fern\u00e1ndez de Mosteyr\u00edn, L, 2013.\u00a0 Gehen oder Bleiben? die emigration w\u00e4hrend der krise, INDES, 2013- 1, S. pp. 73-81. ISSN 2191 995K<\/p>\n<p>Fern\u00e1ndez de Mosteyr\u00edn, L, 2013.\u00a0 Las demandas de seguridad y las pol\u00edticas antiterroristas tras el 11-S. En ML, Mor\u00e1n (coord.,) Actores y Demandas en Espa\u00f1a: an\u00e1lisis de un inicio de siglo convulso. Madrid. La Catarata.<\/p>\n<p>Funes, MJ, Talpin, J. (2013) \u201cThe cultural consequences of engagement in participatory processes\u201d, in Participatory mechanisms in Southern Europe: causes, mechanisms and consequences. En Joan Font, Donatella della Porta, Yves Sintomer (Eds.) Rowman and Littlefield International.<\/p>\n<p>Monferrer, J.M. y Garc\u00eda-Galera, M.C. (2013). Los j\u00f3venes y las redes sociales: percepciones y usos. En M. Solano y M. Vi\u00f1ar\u00e1s (coords.). <em>Las nuevas tecnolog\u00edas en la familia y la educaci\u00f3n: retos y riesgos de una realidad inevitable <\/em>(pp. 95-118). Madrid: CEU Ediciones.<\/p>\n<p>Castromil, A. y Resina, J. (2013). La prensa tradicional en la Espa\u00f1a del 15-M.\u00a0 M. L. Mor\u00e1n (ed.), Actores y demandas en Espa\u00f1a (pp. 107-129). Madrid: La Catarata.<\/p>\n<p>Resina, J. (2013). De la propuesta a la protesta. La conflictiva evolucio\u0301n en las relaciones poli\u0301ticas entre la CONAIE y el Gobierno de Correa. H. Cairo et al. (Eds.), Ame\u0301rica Latina: La autonomi\u0301a de una regio\u0301n (pp. 663-669). Madrid: Trama.<\/p>\n<p>Revilla, M. (2013). Desigualdades de g\u00e9nero. En: G. Fern\u00e1ndez y P. P\u00e9rez (coords.). <em>Am\u00e9rica Latina: sociedad, econom\u00eda y seguridad en un mundo globalizado<\/em> (157-171). Madrid: Editorial Marcial Pons\/CAF Banco de Desarrollo de Am\u00e9rica Latina\/Instituto de Estudios Latinoamericanos (Universidad de Alcal\u00e1)<\/p>\n<p>Rub\u00e9n Ruiz, \u201cThe Institutional Persistence of Patrimonialism in the Kyrgyz Republic: Testing a Path Dependency (1991-2010)\u201d, en Ahrens, Joachim and Hoen, Herman W.(eds), <em>Institutional Reform in Central Asia: Politico-Economic Challenges<\/em>. 2013, Routledge, 129-152.<\/p>\n<p class=\"western\" align=\"justify\"><\/div><\/div>\n\n<div class=\"sc-toggle\"><div class=\"sc-toggle-title\"><a href=\"#\">2012<\/a><\/div><div class=\"sc-toggle-content\">\n<p>Fern\u00e1ndez de Mosteyr\u00edn, L. 2012. <a href=\"https:\/\/www.google.es\/url?sa=t&amp;rct=j&amp;q=&amp;esrc=s&amp;source=web&amp;cd=1&amp;ved=0ahUKEwisxJ3W--3WAhVBWxoKHWbbCg4QFggmMAA&amp;url=http:\/\/eprints.ucm.es\/20050\/1\/T34319.pdf&amp;usg=AOvVaw2CBsPS-HklFbqf7IhbPAzX\"><em>La guerra contra el terror y la transformaci\u00f3n de umbrales de violencia tolerada: un estudio de la violencia en el Pa\u00eds Vasco 1998-2010. <\/em><\/a>\u00a0ISBN: 978-84-617-5203-4 <em>\u00a0<\/em>Memoria de Tesis. Repositorio institucional de la UCM.<\/p>\n<p>Monferrer, J.M. y Mosteyr\u00edn, L. (2012). Caracter\u00edsticas y experiencias de las mujeres pol\u00edticas en las Administraciones locales giennenses. En E. Monterroso y D.T. Kahale (dirs.). <em>La representaci\u00f3n femenina de las instituciones pol\u00edticas de Ja\u00e9n <\/em>(cap.5). Madrid: Fundaci\u00f3n Hergar.<\/p>\n<p>Abril, P., Amigot, P., Bot\u00eda, C., Dom\u00ednguez, M., Gonz\u00e1lez, M.J., Jurado, T., Lapuerta, I., Mart\u00edn, T., Monferrer, J.M. y Seiz, M. (2012). Decisiones de empleo y cuidado en parejas de dos ingresos en Espa\u00f1a. <em>DemoSoc Working Paper Paper Number 2012-49<\/em>, 2-31. Department of Political &amp; Social Sciences, Universitat Pompeu Fabra.<\/p>\n<p>Romero, S.J., Pamplona, S., Monferrer, J.M. y P\u00e9rez, M.J. (2012). Estudio estad\u00edstico de los efectos de la implantaci\u00f3n del iPad en la Universidad a Distancia de Madrid. En A. Landeta (coord.). <em>Global e-learning<\/em> (pp. 403-415). Madrid: CEF.<\/p>\n<p>Monferrer, J. M. (2012). Serrano Vic\u00e9ns, el Kinsey espa\u00f1ol. En R. Osborne (ed.), <em>Mujeres bajo sospecha. Memoria y sexualidad (1930-1980)<\/em> (pp. 217-232). Madrid: Fundamentos.<\/p>\n<p>Resina, J. (2012). La plurinacionalidad en disputa. El pulso entre Correa y la CONAIE. Quito: Abya Yala.<\/p>\n<p>Resina, J. (2012). Estado, plurinacionalidad y pueblos ind\u00edgenas en el Ecuador contempor\u00e1neo. <em>Pueblos y Fronteras<\/em>, 7(14), 238-268.<\/p>\n<p>Del Campo, E. y Resina, J. (2012). La autonom\u00eda ind\u00edgena en el contexto plurinacional: \u00bfun experimiento democr\u00e1tico o una forma m\u00e1s de descentralizaci\u00f3n? Los casos de Bolivia y Ecuador. E. del Campo (coord.), Democratizaci\u00f3n y descentralizaci\u00f3n en Bolivia (pp. 187-214). Madrid: La Catarata.<\/p>\n<p>Jerez, A., Resina, J. y Chico, R. (2012). Cobertura informativa y visibilidad medi\u00e1tica del Foro Social Mundial en una esfera p\u00fablica crecientemente transnacionalizada. <em>Zer Comunicaci\u00f3n<\/em>, 17(33), 167-189.<\/p>\n<p>Resina, J. (2012). El vuelo de una crisis. Genealog\u00eda del desmantelamiento del Estado de Bienestar en Espa\u00f1a. <em>Revista Argumentos<\/em>, 4(4).<\/p>\n<p>Resina, J. (2012). M\u00e1s all\u00e1 de la ciudadan\u00eda \u00e9tnica. La plurinacionalidad como propuesta de democratizaci\u00f3n de los pueblos ind\u00edgenas. <em>Revista Emancipa\u00e7ao<\/em>, 11(2), 237-251.<\/p>\n<p>Resina, J. (2012). Deliberando en la plaza: una reflexi\u00f3n sobre los l\u00edmites de la democracia a la luz del movimiento de los indignados en Espa\u00f1a. <em>Revista Comunicaci\u00f3n y Ciudadan\u00eda<\/em>, 5, 26-35.<\/p>\n<p><em>Revilla, M. (2012). Las organizaciones de la sociedad civil (OSC) y la agenda internacional del desarrollo: escenario latinoamericano. Escenarios 21, 14, 8-23<\/em><\/p>\n<\/div><\/div>\n\n","protected":false},"excerpt":{"rendered":"<p>En esta p\u00e1gina se incluir\u00e1 una selecci\u00f3n de las publicaciones m\u00e1s relevantes de los miembros del grupo de investigaci\u00f3n, ordenadas por a\u00f1o de publicaci\u00f3n y la l\u00ednea de investigaci\u00f3n en la que se engloban. &#8211; Vista alternativa: Publicaciones por l\u00ednea de investigaci\u00f3n\u00a0\u00bb<\/p>\n","protected":false},"author":29,"featured_media":0,"parent":0,"menu_order":0,"comment_status":"closed","ping_status":"closed","template":"","meta":{"footnotes":""},"class_list":["post-133","page","type-page","status-publish"],"yoast_head":"<!-- This site is optimized with the Yoast SEO plugin v27.2 - https:\/\/yoast.com\/product\/yoast-seo-wordpress\/ -->\n<title>Publicaciones - Grupo de Estudios sobre Sociedad y Pol\u00edtica<\/title>\n<meta name=\"robots\" content=\"index, follow, max-snippet:-1, max-image-preview:large, max-video-preview:-1\" \/>\n<link rel=\"canonical\" href=\"https:\/\/blogs.uned.es\/gesp\/publicaciones\/\" \/>\n<meta property=\"og:locale\" content=\"es_ES\" \/>\n<meta property=\"og:type\" content=\"article\" \/>\n<meta property=\"og:title\" content=\"Publicaciones - Grupo de Estudios sobre Sociedad y Pol\u00edtica\" \/>\n<meta property=\"og:description\" content=\"En esta p\u00e1gina se incluir\u00e1 una selecci\u00f3n de las publicaciones m\u00e1s relevantes de los miembros del grupo de investigaci\u00f3n, ordenadas por a\u00f1o de publicaci\u00f3n y la l\u00ednea de investigaci\u00f3n en la que se engloban. &#8211; Vista alternativa: Publicaciones por l\u00ednea de investigaci\u00f3n\u00a0\u00bb\" \/>\n<meta property=\"og:url\" content=\"https:\/\/blogs.uned.es\/gesp\/publicaciones\/\" \/>\n<meta property=\"og:site_name\" content=\"Grupo de Estudios sobre Sociedad y Pol\u00edtica\" \/>\n<meta property=\"article:modified_time\" content=\"2022-05-18T14:22:47+00:00\" \/>\n<meta name=\"twitter:card\" content=\"summary_large_image\" \/>\n<meta name=\"twitter:label1\" content=\"Tiempo de lectura\" \/>\n\t<meta name=\"twitter:data1\" content=\"39 minutos\" \/>\n<script type=\"application\/ld+json\" class=\"yoast-schema-graph\">{\"@context\":\"https:\/\/schema.org\",\"@graph\":[{\"@type\":\"WebPage\",\"@id\":\"https:\/\/blogs.uned.es\/gesp\/publicaciones\/\",\"url\":\"https:\/\/blogs.uned.es\/gesp\/publicaciones\/\",\"name\":\"Publicaciones - Grupo de Estudios sobre Sociedad y Pol\u00edtica\",\"isPartOf\":{\"@id\":\"https:\/\/blogs.uned.es\/gesp\/#website\"},\"datePublished\":\"2017-01-24T10:57:35+00:00\",\"dateModified\":\"2022-05-18T14:22:47+00:00\",\"breadcrumb\":{\"@id\":\"https:\/\/blogs.uned.es\/gesp\/publicaciones\/#breadcrumb\"},\"inLanguage\":\"es\",\"potentialAction\":[{\"@type\":\"ReadAction\",\"target\":[\"https:\/\/blogs.uned.es\/gesp\/publicaciones\/\"]}]},{\"@type\":\"BreadcrumbList\",\"@id\":\"https:\/\/blogs.uned.es\/gesp\/publicaciones\/#breadcrumb\",\"itemListElement\":[{\"@type\":\"ListItem\",\"position\":1,\"name\":\"Portada\",\"item\":\"https:\/\/blogs.uned.es\/gesp\/\"},{\"@type\":\"ListItem\",\"position\":2,\"name\":\"Publicaciones\"}]},{\"@type\":\"WebSite\",\"@id\":\"https:\/\/blogs.uned.es\/gesp\/#website\",\"url\":\"https:\/\/blogs.uned.es\/gesp\/\",\"name\":\"Grupo de Estudios sobre Sociedad y Pol\u00edtica\",\"description\":\"P\u00e1gina web del Grupo de Estudios sobre Sociedad y Pol\u00edtica (GESP)\",\"potentialAction\":[{\"@type\":\"SearchAction\",\"target\":{\"@type\":\"EntryPoint\",\"urlTemplate\":\"https:\/\/blogs.uned.es\/gesp\/?s={search_term_string}\"},\"query-input\":{\"@type\":\"PropertyValueSpecification\",\"valueRequired\":true,\"valueName\":\"search_term_string\"}}],\"inLanguage\":\"es\"}]}<\/script>\n<!-- \/ Yoast SEO plugin. -->","yoast_head_json":{"title":"Publicaciones - Grupo de Estudios sobre Sociedad y Pol\u00edtica","robots":{"index":"index","follow":"follow","max-snippet":"max-snippet:-1","max-image-preview":"max-image-preview:large","max-video-preview":"max-video-preview:-1"},"canonical":"https:\/\/blogs.uned.es\/gesp\/publicaciones\/","og_locale":"es_ES","og_type":"article","og_title":"Publicaciones - Grupo de Estudios sobre Sociedad y Pol\u00edtica","og_description":"En esta p\u00e1gina se incluir\u00e1 una selecci\u00f3n de las publicaciones m\u00e1s relevantes de los miembros del grupo de investigaci\u00f3n, ordenadas por a\u00f1o de publicaci\u00f3n y la l\u00ednea de investigaci\u00f3n en la que se engloban. &#8211; Vista alternativa: Publicaciones por l\u00ednea de investigaci\u00f3n\u00a0\u00bb","og_url":"https:\/\/blogs.uned.es\/gesp\/publicaciones\/","og_site_name":"Grupo de Estudios sobre Sociedad y Pol\u00edtica","article_modified_time":"2022-05-18T14:22:47+00:00","twitter_card":"summary_large_image","twitter_misc":{"Tiempo de lectura":"39 minutos"},"schema":{"@context":"https:\/\/schema.org","@graph":[{"@type":"WebPage","@id":"https:\/\/blogs.uned.es\/gesp\/publicaciones\/","url":"https:\/\/blogs.uned.es\/gesp\/publicaciones\/","name":"Publicaciones - Grupo de Estudios sobre Sociedad y Pol\u00edtica","isPartOf":{"@id":"https:\/\/blogs.uned.es\/gesp\/#website"},"datePublished":"2017-01-24T10:57:35+00:00","dateModified":"2022-05-18T14:22:47+00:00","breadcrumb":{"@id":"https:\/\/blogs.uned.es\/gesp\/publicaciones\/#breadcrumb"},"inLanguage":"es","potentialAction":[{"@type":"ReadAction","target":["https:\/\/blogs.uned.es\/gesp\/publicaciones\/"]}]},{"@type":"BreadcrumbList","@id":"https:\/\/blogs.uned.es\/gesp\/publicaciones\/#breadcrumb","itemListElement":[{"@type":"ListItem","position":1,"name":"Portada","item":"https:\/\/blogs.uned.es\/gesp\/"},{"@type":"ListItem","position":2,"name":"Publicaciones"}]},{"@type":"WebSite","@id":"https:\/\/blogs.uned.es\/gesp\/#website","url":"https:\/\/blogs.uned.es\/gesp\/","name":"Grupo de Estudios sobre Sociedad y Pol\u00edtica","description":"P\u00e1gina web del Grupo de Estudios sobre Sociedad y Pol\u00edtica (GESP)","potentialAction":[{"@type":"SearchAction","target":{"@type":"EntryPoint","urlTemplate":"https:\/\/blogs.uned.es\/gesp\/?s={search_term_string}"},"query-input":{"@type":"PropertyValueSpecification","valueRequired":true,"valueName":"search_term_string"}}],"inLanguage":"es"}]}},"_links":{"self":[{"href":"https:\/\/blogs.uned.es\/gesp\/wp-json\/wp\/v2\/pages\/133","targetHints":{"allow":["GET"]}}],"collection":[{"href":"https:\/\/blogs.uned.es\/gesp\/wp-json\/wp\/v2\/pages"}],"about":[{"href":"https:\/\/blogs.uned.es\/gesp\/wp-json\/wp\/v2\/types\/page"}],"author":[{"embeddable":true,"href":"https:\/\/blogs.uned.es\/gesp\/wp-json\/wp\/v2\/users\/29"}],"replies":[{"embeddable":true,"href":"https:\/\/blogs.uned.es\/gesp\/wp-json\/wp\/v2\/comments?post=133"}],"version-history":[{"count":68,"href":"https:\/\/blogs.uned.es\/gesp\/wp-json\/wp\/v2\/pages\/133\/revisions"}],"predecessor-version":[{"id":1999,"href":"https:\/\/blogs.uned.es\/gesp\/wp-json\/wp\/v2\/pages\/133\/revisions\/1999"}],"wp:attachment":[{"href":"https:\/\/blogs.uned.es\/gesp\/wp-json\/wp\/v2\/media?parent=133"}],"curies":[{"name":"wp","href":"https:\/\/api.w.org\/{rel}","templated":true}]}}