{"version":"1.0","provider_name":"Grupo de Estudios sobre Sociedad y Pol\u00edtica","provider_url":"https:\/\/blogs.uned.es\/gesp","author_name":"GESP","author_url":"https:\/\/blogs.uned.es\/gesp\/author\/jagil\/","title":"Preoc\u00fapate m\u00e1s por m\u00ed y menos por mi voto. Participaci\u00f3n ciudadana a trav\u00e9s de la plataforma \u201cDecide Madrid\u201d - Grupo de Estudios sobre Sociedad y Pol\u00edtica","type":"rich","width":600,"height":338,"html":"<blockquote class=\"wp-embedded-content\" data-secret=\"ZktnXYql94\"><a href=\"https:\/\/blogs.uned.es\/gesp\/participacion\/\">Preoc\u00fapate m\u00e1s por m\u00ed y menos por mi voto.  Participaci\u00f3n ciudadana a trav\u00e9s de la plataforma \u201cDecide Madrid\u201d<\/a><\/blockquote><iframe sandbox=\"allow-scripts\" security=\"restricted\" src=\"https:\/\/blogs.uned.es\/gesp\/participacion\/embed\/#?secret=ZktnXYql94\" width=\"600\" height=\"338\" title=\"\u00abPreoc\u00fapate m\u00e1s por m\u00ed y menos por mi voto.  Participaci\u00f3n ciudadana a trav\u00e9s de la plataforma \u201cDecide Madrid\u201d\u00bb \u2014 Grupo de Estudios sobre Sociedad y Pol\u00edtica\" data-secret=\"ZktnXYql94\" frameborder=\"0\" marginwidth=\"0\" marginheight=\"0\" scrolling=\"no\" class=\"wp-embedded-content\"><\/iframe><script type=\"text\/javascript\">\n\/* <![CDATA[ *\/\n\/*! This file is auto-generated *\/\n!function(d,l){\"use strict\";l.querySelector&&d.addEventListener&&\"undefined\"!=typeof URL&&(d.wp=d.wp||{},d.wp.receiveEmbedMessage||(d.wp.receiveEmbedMessage=function(e){var t=e.data;if((t||t.secret||t.message||t.value)&&!\/[^a-zA-Z0-9]\/.test(t.secret)){for(var s,r,n,a=l.querySelectorAll('iframe[data-secret=\"'+t.secret+'\"]'),o=l.querySelectorAll('blockquote[data-secret=\"'+t.secret+'\"]'),c=new RegExp(\"^https?:$\",\"i\"),i=0;i<o.length;i++)o[i].style.display=\"none\";for(i=0;i<a.length;i++)s=a[i],e.source===s.contentWindow&&(s.removeAttribute(\"style\"),\"height\"===t.message?(1e3<(r=parseInt(t.value,10))?r=1e3:~~r<200&&(r=200),s.height=r):\"link\"===t.message&&(r=new URL(s.getAttribute(\"src\")),n=new URL(t.value),c.test(n.protocol))&&n.host===r.host&&l.activeElement===s&&(d.top.location.href=t.value))}},d.addEventListener(\"message\",d.wp.receiveEmbedMessage,!1),l.addEventListener(\"DOMContentLoaded\",function(){for(var e,t,s=l.querySelectorAll(\"iframe.wp-embedded-content\"),r=0;r<s.length;r++)(t=(e=s[r]).getAttribute(\"data-secret\"))||(t=Math.random().toString(36).substring(2,12),e.src+=\"#?secret=\"+t,e.setAttribute(\"data-secret\",t)),e.contentWindow.postMessage({message:\"ready\",secret:t},\"*\")},!1)))}(window,document);\n\/\/# sourceURL=https:\/\/blogs.uned.es\/gesp\/wp-includes\/js\/wp-embed.min.js\n\/* ]]> *\/\n<\/script>\n","thumbnail_url":"https:\/\/blogs.uned.es\/gesp\/wp-content\/uploads\/sites\/21\/2019\/07\/the-crowd-3323563_1280.jpg","thumbnail_width":1280,"thumbnail_height":851,"description":"15\/07\/2019 &#8211; F\u00e1tima Anllo (Observatorio de Creaci\u00f3n y Cultura Independientes) Desde que en los a\u00f1os 60 se extendiera la idea de la necesidad de incorporar a la ciudadan\u00eda en el gobierno de los asuntos que le competen m\u00e1s all\u00e1 de la mera elecci\u00f3n de sus representantes, se han dise\u00f1ado numerosas experiencias para llevarla a laLeer M\u00e1s"}