{"id":25517,"date":"2025-07-18T11:50:43","date_gmt":"2025-07-18T11:50:43","guid":{"rendered":"https:\/\/blogs.uned.es\/fundacionuned\/?page_id=25517"},"modified":"2025-09-04T11:46:36","modified_gmt":"2025-09-04T11:46:36","slug":"faq","status":"publish","type":"page","link":"https:\/\/blogs.uned.es\/fundacionuned\/faq\/","title":{"rendered":"FAQ"},"content":{"rendered":"\t\t<div data-elementor-type=\"wp-page\" data-elementor-id=\"25517\" class=\"elementor elementor-25517\" data-elementor-post-type=\"page\">\n\t\t\t\t\t\t<section class=\"elementor-section elementor-top-section elementor-element elementor-element-91fc390 elementor-section-boxed elementor-section-height-default elementor-section-height-default\" data-id=\"91fc390\" data-element_type=\"section\" data-e-type=\"section\">\n\t\t\t\t\t\t<div class=\"elementor-container elementor-column-gap-default\">\n\t\t\t\t\t<div class=\"elementor-column elementor-col-100 elementor-top-column elementor-element elementor-element-b1020e4\" data-id=\"b1020e4\" data-element_type=\"column\" data-e-type=\"column\">\n\t\t\t<div class=\"elementor-widget-wrap elementor-element-populated\">\n\t\t\t\t\t\t<div class=\"elementor-element elementor-element-6e1e81d elementor-widget elementor-widget-text-editor\" data-id=\"6e1e81d\" data-element_type=\"widget\" data-e-type=\"widget\" data-widget_type=\"text-editor.default\">\n\t\t\t\t<div class=\"elementor-widget-container\">\n\t\t\t\t\t\t\t\t\t<p style=\"text-align: justify\"><span style=\"color: #000000\"><strong>Preguntas frecuentes FAQ del programa Reto Rural Digital<\/strong><strong>\u00a0<\/strong><\/span><\/p><ul style=\"text-align: justify\"><li><span style=\"color: #000000\"><strong>\u00bfQu\u00e9 es el programa Reto Rural Digital?<\/strong><\/span><\/li><\/ul><p style=\"padding-left: 40px;text-align: justify\"><span style=\"color: #000000\">Es una <strong>formaci\u00f3n totalmente gratuita<\/strong>, impartida por Fundaci\u00f3n\u202fUNED, dise\u00f1ada para dotar a personas de entornos rurales con herramientas digitales para innovar, participar y desarrollar su territorio<\/span><\/p><ul style=\"text-align: justify\"><li><span style=\"color: #000000\"><strong>\u00bfQui\u00e9n puede participar?<\/strong><\/span><\/li><\/ul><p style=\"padding-left: 40px;text-align: justify\"><span style=\"color: #000000\">Est\u00e1 dirigido a personas residentes en zonas rurales (menos de 5\u202f000 habitantes, pedan\u00edas o n\u00facleos dispersos), especialmente j\u00f3venes (&lt;\u202f25\u202fa\u00f1os), mujeres, mayores de 65 a\u00f1os y personas desempleadas<\/span><\/p><ul style=\"text-align: justify\"><li><span style=\"color: #000000\"><strong>\u00bfD\u00f3nde se desarrolla, online o presencial?<\/strong><\/span><\/li><\/ul><p style=\"padding-left: 40px;text-align: justify\"><span style=\"color: #000000\">El programa ofrece <strong>modalidad mixta<\/strong>: formaci\u00f3n presencial en determinados centros asociados (Valencia, Segovia, Cuenca) y online para toda Espa\u00f1a a trav\u00e9s de la plataforma virtual de la Fundaci\u00f3n UNED<\/span><\/p><ul style=\"text-align: justify\"><li><span style=\"color: #000000\"><strong>\u00bfEs realmente gratuita?<\/strong><\/span><\/li><\/ul><p style=\"padding-left: 40px;text-align: justify\"><span style=\"color: #000000\">S\u00ed. Financiada con fondos p\u00fablicos (UE), la formaci\u00f3n es <strong>100\u202f% gratuita<\/strong>, sin ning\u00fan coste de matr\u00edcula para los participantes que cumplan los requisitos establecidos<\/span><\/p><ul style=\"text-align: justify\"><li><span style=\"color: #000000\"><strong>\u00bfCu\u00e1l es el contenido del Proyecto?<\/strong><\/span><\/li><\/ul><p style=\"padding-left: 40px;text-align: justify\"><span style=\"color: #000000\">El Proyecto la inclusi\u00f3n digital rural: un avance social est\u00e1 constituido por seis acciones formativas:<\/span><\/p><ul style=\"text-align: justify\"><li style=\"list-style-type: none\"><ul><li><span style=\"color: #000000\">Tu guardi\u00e1n en l\u00ednea: fundamentos de ciberseguridad para la autodefensa digital<\/span><\/li><li><span style=\"color: #000000\">Gesti\u00f3n y an\u00e1lisis de datos con hoja de c\u00e1lculo<\/span><\/li><li><span style=\"color: #000000\">Habilidades digitales para la vida en el S. XXI<\/span><\/li><li><span style=\"color: #000000\">Introducci\u00f3n a la Inteligencia Artificial y sus aplicaciones<\/span><\/li><li><span style=\"color: #000000\">Retos de aprendizajes digitales en el entorno rural desfavorecido<\/span><\/li><li><span style=\"color: #000000\">Comunicaci\u00f3n digital y ciudadan\u00eda activa: estrategias para la era digital<\/span><\/li><\/ul><\/li><\/ul><ul style=\"text-align: justify\"><li><span style=\"color: #000000\"><strong>\u00bfQu\u00e9 metodolog\u00eda utilizan?<\/strong><\/span><\/li><\/ul><p style=\"padding-left: 40px;text-align: justify\"><span style=\"color: #000000\">Combinaci\u00f3n de clases online (v\u00eddeos, pdf, foros), sesiones presenciales en el caso de asistir a un Centro Asociado, ejercicios pr\u00e1cticos con evaluaci\u00f3n continua<\/span><\/p><ul style=\"text-align: justify\"><li><span style=\"color: #000000\"><strong>\u00bfQu\u00e9 duraci\u00f3n tiene la formaci\u00f3n?<\/strong><\/span><\/li><\/ul><p style=\"padding-left: 40px;text-align: justify\"><span style=\"color: #000000\">Cada acci\u00f3n formativa tiene una duraci\u00f3n de 30 horas, tiempo de dedicaci\u00f3n del participante donde se incluye las clases, acceso y seguimiento a v\u00eddeos y grabaciones, lecturas, tareas, repaso, evaluaciones, etc.<\/span><\/p><ul style=\"text-align: justify\"><li><span style=\"color: #000000\"><strong>\u00bfC\u00f3mo se eval\u00faa?<\/strong><\/span><\/li><\/ul><p style=\"padding-left: 40px;text-align: justify\"><span style=\"color: #000000\">Con un sistema <strong>Apto \/ No\u202fApto<\/strong>, requiriendo al menos un 50\u202f% (5\/10) en ejercicios y cuestionarios.<\/span><\/p><ul style=\"text-align: justify\"><li><span style=\"color: #000000\"><strong>\u00bfCu\u00e1les son las fechas y convocatorias previstas?<\/strong><\/span><\/li><\/ul><p style=\"padding-left: 40px;text-align: justify\"><span style=\"color: #000000\">Las pr\u00f3ximas convocatorias son:<\/span><\/p><ul style=\"text-align: justify\"><li style=\"list-style-type: none\"><ol><li><span style=\"color: #000000\">22 sept\u201310 oct 2025<\/span><\/li><li><span style=\"color: #000000\">20 oct\u20137 nov 2025<\/span><\/li><li><span style=\"color: #000000\">17 nov\u20135 dic 2025<\/span><\/li><li><span style=\"color: #000000\">12 ene\u201330 ene 2026<\/span><\/li><li><span style=\"color: #000000\">9 feb\u201327 feb 2026<\/span><\/li><li><span style=\"color: #000000\">9 mar\u201327 mar 2026<\/span><\/li><\/ol><\/li><\/ul><ul style=\"text-align: justify\"><li><span style=\"color: #000000\"><strong>\u00bfQu\u00e9 documentaci\u00f3n se necesita?<\/strong><\/span><\/li><\/ul><p style=\"padding-left: 40px;text-align: justify\"><span style=\"color: #000000\"><strong>Documentaci\u00f3n obligatoria que aportar:<\/strong><\/span><\/p><ul style=\"text-align: justify\"><li style=\"list-style-type: none\"><ul><li><span style=\"color: #000000\"><strong>Desempleados:\u00a0<\/strong>DNI, certificado de empadronamiento, vida laboral y DARDE (demanda de empleo).<\/span><\/li><li><span style=\"color: #000000\"><strong>Mayores de 65 a\u00f1os, menores de 25 a\u00f1os y mujeres:<\/strong> DNI, certificado de empadronamiento<\/span><\/li><\/ul><\/li><\/ul><ul style=\"text-align: justify\"><li><span style=\"color: #000000\"><strong>\u00bfC\u00f3mo inscribirse?<\/strong><\/span><\/li><\/ul><p style=\"padding-left: 40px;text-align: justify\"><span style=\"color: #000000\">Se hace a trav\u00e9s del la web de la Fundaci\u00f3n UNED <a style=\"color: #000000\" href=\"https:\/\/blogs.uned.es\/fundacionuned\/reto-rural\/\">https:\/\/blogs.uned.es\/fundacionuned\/reto-rural\/<\/a> entrando a la informaci\u00f3n espec\u00edfica del curso en el que se encuentran interesado.<\/span><\/p><ul style=\"text-align: justify\"><li><span style=\"color: #000000\"><strong>\u00bfSe expide alg\u00fan certificado?<\/strong><\/span><\/li><\/ul><p style=\"padding-left: 40px;text-align: justify\"><span style=\"color: #000000\">Una vez superada la formaci\u00f3n el\/la alumno\/a recibir\u00e1 un certificado expedido por la Fundaci\u00f3n UNED en el que figurar\u00e1 la calificaci\u00f3n de \u201cApto\u201d, documento que avalar\u00e1 la adquisici\u00f3n de las competencias digitales que la formaci\u00f3n ha desarrollado.<\/span><\/p><ul style=\"text-align: justify\"><li><span style=\"color: #000000\"><strong>\u00bfQu\u00e9 beneficios aporta?<\/strong><\/span><ul><li><span style=\"color: #000000\">Uso de tecnolog\u00edas con confianza<\/span><\/li><li><span style=\"color: #000000\">Mejora la seguridad y privacidad digital<\/span><\/li><li><span style=\"color: #000000\">Permite realizar tr\u00e1mites online (gestiones con administraciones p\u00fablicas, compras,\u2026)<\/span><\/li><li><span style=\"color: #000000\">Fomenta la cohesi\u00f3n y el desarrollo comunitario rural<\/span><\/li><li><span style=\"color: #000000\">Promueve la adquisici\u00f3n de habilidades b\u00e1sicas digitales<\/span><\/li><li><span style=\"color: #000000\">Permite el aprendizaje de t\u00e9cnicas de comunicaci\u00f3n y colaboraci\u00f3n en red<\/span><\/li><\/ul><\/li><\/ul><ul style=\"text-align: justify\"><li><span style=\"color: #000000\"><strong>\u00bfQui\u00e9nes imparten las formaciones?<\/strong><\/span><\/li><\/ul><p style=\"padding-left: 40px;text-align: justify\"><span style=\"color: #000000\">El equipo docente incluye profesionales de UNED y especialistas en competencias digitales.<\/span><\/p><ul style=\"text-align: justify\"><li><span style=\"color: #000000\"><strong>\u00bfExiste soporte t\u00e9cnico?<\/strong><\/span><\/li><\/ul><p style=\"padding-left: 40px;text-align: justify\"><span style=\"color: #000000\">El\/la participante cuenta con apoyo t\u00e9cnico durante el desarrollo de la formaci\u00f3n, a trav\u00e9s de los foros creados con ese objetivo en el curso virtual, como a trav\u00e9s del resto de medios de comunicaci\u00f3n posibles (correo electr\u00f3nico, tel\u00e9fono, \u2026)<\/span><\/p><ul style=\"text-align: justify\"><li><span style=\"color: #000000\"><strong>\u00bfSe pueden ver despu\u00e9s las clases?<\/strong><\/span><\/li><\/ul><p style=\"padding-left: 40px;text-align: justify\"><span style=\"color: #000000\">Todas las <strong>sesiones virtuales quedan grabadas<\/strong>, accesibles para revisi\u00f3n posterior.<\/span><\/p><ul style=\"text-align: justify\"><li><span style=\"color: #000000\"><strong>\u00bfQu\u00e9 perfil tienen los participantes?<\/strong><\/span><\/li><\/ul><p style=\"padding-left: 40px;text-align: justify\"><span style=\"color: #000000\">Personas interesadas en mejorar su inclusi\u00f3n digital en el entorno rural, con perfiles variados (<strong>edad, g\u00e9nero, situaci\u00f3n laboral establecidos en la convocatoria<\/strong>)<\/span><\/p><ul style=\"text-align: justify\"><li><span style=\"color: #000000\"><strong>\u00bfCu\u00e1l es la duraci\u00f3n de cada convocatoria?<\/strong><\/span><\/li><\/ul><p style=\"padding-left: 40px;text-align: justify\"><span style=\"color: #000000\">Las acciones formativas del proyecto se imparten en convocatorias de 3 semanas duraci\u00f3n.<\/span><\/p>\t\t\t\t\t\t\t\t<\/div>\n\t\t\t\t<\/div>\n\t\t\t\t\t<\/div>\n\t\t<\/div>\n\t\t\t\t\t<\/div>\n\t\t<\/section>\n\t\t\t\t<\/div>\n\t\t","protected":false},"excerpt":{"rendered":"<p>Preguntas frecuentes FAQ del programa Reto Rural Digital\u00a0 \u00bfQu\u00e9 es el programa Reto Rural Digital? Es una formaci\u00f3n totalmente gratuita, impartida por Fundaci\u00f3n\u202fUNED, dise\u00f1ada para dotar a personas de entornos rurales con herramientas digitales para innovar, participar y desarrollar su territorio \u00bfQui\u00e9n puede participar? Est\u00e1 dirigido a personas residentes en zonas rurales (menos de 5\u202f000 habitantes, pedan\u00edas o n\u00facleos dispersos), especialmente j\u00f3venes (&lt;\u202f25\u202fa\u00f1os), mujeres, mayores de 65 a\u00f1os y personas desempleadas \u00bfD\u00f3nde se desarrolla, online o presencial? El programa ofrece modalidad mixta: formaci\u00f3n presencial en determinados centros asociados (Valencia, Segovia, Cuenca) y online para toda Espa\u00f1a a trav\u00e9s de la plataforma virtual de la Fundaci\u00f3n UNED \u00bfEs realmente gratuita? S\u00ed. Financiada con fondos p\u00fablicos (UE), la formaci\u00f3n es 100\u202f% gratuita, sin ning\u00fan coste de matr\u00edcula para los participantes que cumplan los requisitos establecidos \u00bfCu\u00e1l es el contenido del Proyecto? El Proyecto la inclusi\u00f3n digital rural: un avance social est\u00e1 constituido&hellip;<\/p>\n<p> <a class=\"more-link\" href=\"https:\/\/blogs.uned.es\/fundacionuned\/faq\/\">Leer m\u00e1s<\/a><\/p>\n","protected":false},"author":7191,"featured_media":0,"parent":0,"menu_order":0,"comment_status":"closed","ping_status":"closed","template":"","meta":{"footnotes":""},"class_list":["post-25517","page","type-page","status-publish"],"yoast_head":"<!-- This site is optimized with the Yoast SEO plugin v27.2 - https:\/\/yoast.com\/product\/yoast-seo-wordpress\/ -->\n<title>FAQ - Fundaci\u00f3n UNED<\/title>\n<meta name=\"robots\" content=\"index, follow, max-snippet:-1, max-image-preview:large, max-video-preview:-1\" \/>\n<link rel=\"canonical\" href=\"https:\/\/blogs.uned.es\/fundacionuned\/faq\/\" \/>\n<meta property=\"og:locale\" content=\"es_ES\" \/>\n<meta property=\"og:type\" content=\"article\" \/>\n<meta property=\"og:title\" content=\"FAQ - Fundaci\u00f3n UNED\" \/>\n<meta property=\"og:description\" content=\"Preguntas frecuentes FAQ del programa Reto Rural Digital\u00a0 \u00bfQu\u00e9 es el programa Reto Rural Digital? Es una formaci\u00f3n totalmente gratuita, impartida por Fundaci\u00f3n\u202fUNED, dise\u00f1ada para dotar a personas de entornos rurales con herramientas digitales para innovar, participar y desarrollar su territorio \u00bfQui\u00e9n puede participar? Est\u00e1 dirigido a personas residentes en zonas rurales (menos de 5\u202f000 habitantes, pedan\u00edas o n\u00facleos dispersos), especialmente j\u00f3venes (&lt;\u202f25\u202fa\u00f1os), mujeres, mayores de 65 a\u00f1os y personas desempleadas \u00bfD\u00f3nde se desarrolla, online o presencial? El programa ofrece modalidad mixta: formaci\u00f3n presencial en determinados centros asociados (Valencia, Segovia, Cuenca) y online para toda Espa\u00f1a a trav\u00e9s de la plataforma virtual de la Fundaci\u00f3n UNED \u00bfEs realmente gratuita? S\u00ed. Financiada con fondos p\u00fablicos (UE), la formaci\u00f3n es 100\u202f% gratuita, sin ning\u00fan coste de matr\u00edcula para los participantes que cumplan los requisitos establecidos \u00bfCu\u00e1l es el contenido del Proyecto? El Proyecto la inclusi\u00f3n digital rural: un avance social est\u00e1 constituido&hellip;  Leer m\u00e1s\" \/>\n<meta property=\"og:url\" content=\"https:\/\/blogs.uned.es\/fundacionuned\/faq\/\" \/>\n<meta property=\"og:site_name\" content=\"Fundaci\u00f3n UNED\" \/>\n<meta property=\"article:modified_time\" content=\"2025-09-04T11:46:36+00:00\" \/>\n<meta name=\"twitter:card\" content=\"summary_large_image\" \/>\n<meta name=\"twitter:label1\" content=\"Tiempo de lectura\" \/>\n\t<meta name=\"twitter:data1\" content=\"3 minutos\" \/>\n<script type=\"application\/ld+json\" class=\"yoast-schema-graph\">{\"@context\":\"https:\/\/schema.org\",\"@graph\":[{\"@type\":\"WebPage\",\"@id\":\"https:\/\/blogs.uned.es\/fundacionuned\/faq\/\",\"url\":\"https:\/\/blogs.uned.es\/fundacionuned\/faq\/\",\"name\":\"FAQ - Fundaci\u00f3n UNED\",\"isPartOf\":{\"@id\":\"https:\/\/blogs.uned.es\/fundacionuned\/#website\"},\"datePublished\":\"2025-07-18T11:50:43+00:00\",\"dateModified\":\"2025-09-04T11:46:36+00:00\",\"breadcrumb\":{\"@id\":\"https:\/\/blogs.uned.es\/fundacionuned\/faq\/#breadcrumb\"},\"inLanguage\":\"es\",\"potentialAction\":[{\"@type\":\"ReadAction\",\"target\":[\"https:\/\/blogs.uned.es\/fundacionuned\/faq\/\"]}]},{\"@type\":\"BreadcrumbList\",\"@id\":\"https:\/\/blogs.uned.es\/fundacionuned\/faq\/#breadcrumb\",\"itemListElement\":[{\"@type\":\"ListItem\",\"position\":1,\"name\":\"Portada\",\"item\":\"https:\/\/blogs.uned.es\/fundacionuned\/\"},{\"@type\":\"ListItem\",\"position\":2,\"name\":\"FAQ\"}]},{\"@type\":\"WebSite\",\"@id\":\"https:\/\/blogs.uned.es\/fundacionuned\/#website\",\"url\":\"https:\/\/blogs.uned.es\/fundacionuned\/\",\"name\":\"Fundaci\u00f3n UNED\",\"description\":\"Fundaci\u00f3n UNED\",\"publisher\":{\"@id\":\"https:\/\/blogs.uned.es\/fundacionuned\/#organization\"},\"potentialAction\":[{\"@type\":\"SearchAction\",\"target\":{\"@type\":\"EntryPoint\",\"urlTemplate\":\"https:\/\/blogs.uned.es\/fundacionuned\/?s={search_term_string}\"},\"query-input\":{\"@type\":\"PropertyValueSpecification\",\"valueRequired\":true,\"valueName\":\"search_term_string\"}}],\"inLanguage\":\"es\"},{\"@type\":\"Organization\",\"@id\":\"https:\/\/blogs.uned.es\/fundacionuned\/#organization\",\"name\":\"Fundaci\u00f3n UNED\",\"url\":\"https:\/\/blogs.uned.es\/fundacionuned\/\",\"logo\":{\"@type\":\"ImageObject\",\"inLanguage\":\"es\",\"@id\":\"https:\/\/blogs.uned.es\/fundacionuned\/#\/schema\/logo\/image\/\",\"url\":\"https:\/\/blogs.uned.es\/fundacionuned\/wp-content\/uploads\/sites\/405\/2022\/12\/cropped-MicrosoftTeams-image.png\",\"contentUrl\":\"https:\/\/blogs.uned.es\/fundacionuned\/wp-content\/uploads\/sites\/405\/2022\/12\/cropped-MicrosoftTeams-image.png\",\"width\":671,\"height\":340,\"caption\":\"Fundaci\u00f3n UNED\"},\"image\":{\"@id\":\"https:\/\/blogs.uned.es\/fundacionuned\/#\/schema\/logo\/image\/\"}}]}<\/script>\n<!-- \/ Yoast SEO plugin. -->","yoast_head_json":{"title":"FAQ - Fundaci\u00f3n UNED","robots":{"index":"index","follow":"follow","max-snippet":"max-snippet:-1","max-image-preview":"max-image-preview:large","max-video-preview":"max-video-preview:-1"},"canonical":"https:\/\/blogs.uned.es\/fundacionuned\/faq\/","og_locale":"es_ES","og_type":"article","og_title":"FAQ - Fundaci\u00f3n UNED","og_description":"Preguntas frecuentes FAQ del programa Reto Rural Digital\u00a0 \u00bfQu\u00e9 es el programa Reto Rural Digital? Es una formaci\u00f3n totalmente gratuita, impartida por Fundaci\u00f3n\u202fUNED, dise\u00f1ada para dotar a personas de entornos rurales con herramientas digitales para innovar, participar y desarrollar su territorio \u00bfQui\u00e9n puede participar? Est\u00e1 dirigido a personas residentes en zonas rurales (menos de 5\u202f000 habitantes, pedan\u00edas o n\u00facleos dispersos), especialmente j\u00f3venes (&lt;\u202f25\u202fa\u00f1os), mujeres, mayores de 65 a\u00f1os y personas desempleadas \u00bfD\u00f3nde se desarrolla, online o presencial? El programa ofrece modalidad mixta: formaci\u00f3n presencial en determinados centros asociados (Valencia, Segovia, Cuenca) y online para toda Espa\u00f1a a trav\u00e9s de la plataforma virtual de la Fundaci\u00f3n UNED \u00bfEs realmente gratuita? S\u00ed. Financiada con fondos p\u00fablicos (UE), la formaci\u00f3n es 100\u202f% gratuita, sin ning\u00fan coste de matr\u00edcula para los participantes que cumplan los requisitos establecidos \u00bfCu\u00e1l es el contenido del Proyecto? El Proyecto la inclusi\u00f3n digital rural: un avance social est\u00e1 constituido&hellip;  Leer m\u00e1s","og_url":"https:\/\/blogs.uned.es\/fundacionuned\/faq\/","og_site_name":"Fundaci\u00f3n UNED","article_modified_time":"2025-09-04T11:46:36+00:00","twitter_card":"summary_large_image","twitter_misc":{"Tiempo de lectura":"3 minutos"},"schema":{"@context":"https:\/\/schema.org","@graph":[{"@type":"WebPage","@id":"https:\/\/blogs.uned.es\/fundacionuned\/faq\/","url":"https:\/\/blogs.uned.es\/fundacionuned\/faq\/","name":"FAQ - Fundaci\u00f3n UNED","isPartOf":{"@id":"https:\/\/blogs.uned.es\/fundacionuned\/#website"},"datePublished":"2025-07-18T11:50:43+00:00","dateModified":"2025-09-04T11:46:36+00:00","breadcrumb":{"@id":"https:\/\/blogs.uned.es\/fundacionuned\/faq\/#breadcrumb"},"inLanguage":"es","potentialAction":[{"@type":"ReadAction","target":["https:\/\/blogs.uned.es\/fundacionuned\/faq\/"]}]},{"@type":"BreadcrumbList","@id":"https:\/\/blogs.uned.es\/fundacionuned\/faq\/#breadcrumb","itemListElement":[{"@type":"ListItem","position":1,"name":"Portada","item":"https:\/\/blogs.uned.es\/fundacionuned\/"},{"@type":"ListItem","position":2,"name":"FAQ"}]},{"@type":"WebSite","@id":"https:\/\/blogs.uned.es\/fundacionuned\/#website","url":"https:\/\/blogs.uned.es\/fundacionuned\/","name":"Fundaci\u00f3n UNED","description":"Fundaci\u00f3n UNED","publisher":{"@id":"https:\/\/blogs.uned.es\/fundacionuned\/#organization"},"potentialAction":[{"@type":"SearchAction","target":{"@type":"EntryPoint","urlTemplate":"https:\/\/blogs.uned.es\/fundacionuned\/?s={search_term_string}"},"query-input":{"@type":"PropertyValueSpecification","valueRequired":true,"valueName":"search_term_string"}}],"inLanguage":"es"},{"@type":"Organization","@id":"https:\/\/blogs.uned.es\/fundacionuned\/#organization","name":"Fundaci\u00f3n UNED","url":"https:\/\/blogs.uned.es\/fundacionuned\/","logo":{"@type":"ImageObject","inLanguage":"es","@id":"https:\/\/blogs.uned.es\/fundacionuned\/#\/schema\/logo\/image\/","url":"https:\/\/blogs.uned.es\/fundacionuned\/wp-content\/uploads\/sites\/405\/2022\/12\/cropped-MicrosoftTeams-image.png","contentUrl":"https:\/\/blogs.uned.es\/fundacionuned\/wp-content\/uploads\/sites\/405\/2022\/12\/cropped-MicrosoftTeams-image.png","width":671,"height":340,"caption":"Fundaci\u00f3n UNED"},"image":{"@id":"https:\/\/blogs.uned.es\/fundacionuned\/#\/schema\/logo\/image\/"}}]}},"_links":{"self":[{"href":"https:\/\/blogs.uned.es\/fundacionuned\/wp-json\/wp\/v2\/pages\/25517","targetHints":{"allow":["GET"]}}],"collection":[{"href":"https:\/\/blogs.uned.es\/fundacionuned\/wp-json\/wp\/v2\/pages"}],"about":[{"href":"https:\/\/blogs.uned.es\/fundacionuned\/wp-json\/wp\/v2\/types\/page"}],"author":[{"embeddable":true,"href":"https:\/\/blogs.uned.es\/fundacionuned\/wp-json\/wp\/v2\/users\/7191"}],"replies":[{"embeddable":true,"href":"https:\/\/blogs.uned.es\/fundacionuned\/wp-json\/wp\/v2\/comments?post=25517"}],"version-history":[{"count":10,"href":"https:\/\/blogs.uned.es\/fundacionuned\/wp-json\/wp\/v2\/pages\/25517\/revisions"}],"predecessor-version":[{"id":25543,"href":"https:\/\/blogs.uned.es\/fundacionuned\/wp-json\/wp\/v2\/pages\/25517\/revisions\/25543"}],"wp:attachment":[{"href":"https:\/\/blogs.uned.es\/fundacionuned\/wp-json\/wp\/v2\/media?parent=25517"}],"curies":[{"name":"wp","href":"https:\/\/api.w.org\/{rel}","templated":true}]}}