{"id":16987,"date":"2024-03-11T09:02:10","date_gmt":"2024-03-11T09:02:10","guid":{"rendered":"https:\/\/blogs.uned.es\/fundacionuned\/?page_id=16987"},"modified":"2025-01-08T14:42:26","modified_gmt":"2025-01-08T14:42:26","slug":"material-rodante-ferroviario","status":"publish","type":"page","link":"https:\/\/blogs.uned.es\/fundacionuned\/material-rodante-ferroviario\/","title":{"rendered":"Material rodante ferroviario"},"content":{"rendered":"\t\t<div data-elementor-type=\"wp-page\" data-elementor-id=\"16987\" class=\"elementor elementor-16987\" data-elementor-post-type=\"page\">\n\t\t\t\t\t\t<section class=\"elementor-section elementor-top-section elementor-element elementor-element-4f618b0 elementor-section-boxed elementor-section-height-default elementor-section-height-default\" data-id=\"4f618b0\" data-element_type=\"section\" data-e-type=\"section\">\n\t\t\t\t\t\t<div class=\"elementor-container elementor-column-gap-default\">\n\t\t\t\t\t<div class=\"elementor-column elementor-col-33 elementor-top-column elementor-element elementor-element-5698410\" data-id=\"5698410\" data-element_type=\"column\" data-e-type=\"column\">\n\t\t\t<div class=\"elementor-widget-wrap elementor-element-populated\">\n\t\t\t\t\t\t<div class=\"elementor-element elementor-element-05a48e1 elementor-widget elementor-widget-image\" data-id=\"05a48e1\" data-element_type=\"widget\" data-e-type=\"widget\" data-widget_type=\"image.default\">\n\t\t\t\t<div class=\"elementor-widget-container\">\n\t\t\t\t\t\t\t\t\t\t\t\t\t\t\t<img fetchpriority=\"high\" decoding=\"async\" width=\"800\" height=\"272\" src=\"https:\/\/blogs.uned.es\/fundacionuned\/wp-content\/uploads\/sites\/405\/2024\/11\/adif1.jpg\" class=\"attachment-large size-large wp-image-20417\" alt=\"\" srcset=\"https:\/\/blogs.uned.es\/fundacionuned\/wp-content\/uploads\/sites\/405\/2024\/11\/adif1.jpg 883w, https:\/\/blogs.uned.es\/fundacionuned\/wp-content\/uploads\/sites\/405\/2024\/11\/adif1-300x102.jpg 300w, https:\/\/blogs.uned.es\/fundacionuned\/wp-content\/uploads\/sites\/405\/2024\/11\/adif1-768x261.jpg 768w\" sizes=\"(max-width: 800px) 100vw, 800px\" \/>\t\t\t\t\t\t\t\t\t\t\t\t\t\t\t<\/div>\n\t\t\t\t<\/div>\n\t\t\t\t\t<\/div>\n\t\t<\/div>\n\t\t\t\t<div class=\"elementor-column elementor-col-33 elementor-top-column elementor-element elementor-element-ef76d3e\" data-id=\"ef76d3e\" data-element_type=\"column\" data-e-type=\"column\">\n\t\t\t<div class=\"elementor-widget-wrap elementor-element-populated\">\n\t\t\t\t\t\t<div class=\"elementor-element elementor-element-17fe34e elementor-widget elementor-widget-image\" data-id=\"17fe34e\" data-element_type=\"widget\" data-e-type=\"widget\" data-widget_type=\"image.default\">\n\t\t\t\t<div class=\"elementor-widget-container\">\n\t\t\t\t\t\t\t\t\t\t\t\t\t\t\t<img decoding=\"async\" width=\"160\" height=\"89\" src=\"https:\/\/blogs.uned.es\/fundacionuned\/wp-content\/uploads\/sites\/405\/2022\/12\/logo-fund-1.png\" class=\"attachment-large size-large wp-image-11723\" alt=\"\" \/>\t\t\t\t\t\t\t\t\t\t\t\t\t\t\t<\/div>\n\t\t\t\t<\/div>\n\t\t\t\t\t<\/div>\n\t\t<\/div>\n\t\t\t\t<div class=\"elementor-column elementor-col-33 elementor-top-column elementor-element elementor-element-16975f5\" data-id=\"16975f5\" data-element_type=\"column\" data-e-type=\"column\">\n\t\t\t<div class=\"elementor-widget-wrap elementor-element-populated\">\n\t\t\t\t\t\t<div class=\"elementor-element elementor-element-3279d7e elementor-widget elementor-widget-image\" data-id=\"3279d7e\" data-element_type=\"widget\" data-e-type=\"widget\" data-widget_type=\"image.default\">\n\t\t\t\t<div class=\"elementor-widget-container\">\n\t\t\t\t\t\t\t\t\t\t\t\t\t\t\t<img decoding=\"async\" width=\"200\" height=\"65\" src=\"https:\/\/blogs.uned.es\/fundacionuned\/wp-content\/uploads\/sites\/405\/2024\/03\/Fund-ferrocarriles.png\" class=\"attachment-large size-large wp-image-17081\" alt=\"\" \/>\t\t\t\t\t\t\t\t\t\t\t\t\t\t\t<\/div>\n\t\t\t\t<\/div>\n\t\t\t\t\t<\/div>\n\t\t<\/div>\n\t\t\t\t\t<\/div>\n\t\t<\/section>\n\t\t\t\t<section class=\"elementor-section elementor-top-section elementor-element elementor-element-cf5e301 elementor-section-boxed elementor-section-height-default elementor-section-height-default\" data-id=\"cf5e301\" data-element_type=\"section\" data-e-type=\"section\">\n\t\t\t\t\t\t<div class=\"elementor-container elementor-column-gap-default\">\n\t\t\t\t\t<div class=\"elementor-column elementor-col-100 elementor-top-column elementor-element elementor-element-b631d03\" data-id=\"b631d03\" data-element_type=\"column\" data-e-type=\"column\">\n\t\t\t<div class=\"elementor-widget-wrap elementor-element-populated\">\n\t\t\t\t\t\t<div class=\"elementor-element elementor-element-cbb2ec3 elementor-widget elementor-widget-text-editor\" data-id=\"cbb2ec3\" data-element_type=\"widget\" data-e-type=\"widget\" data-widget_type=\"text-editor.default\">\n\t\t\t\t<div class=\"elementor-widget-container\">\n\t\t\t\t\t\t\t\t\t<p style=\"text-align: justify\"><span style=\"color: #000000\">La Fundaci\u00f3n UNED y la Fundaci\u00f3n de los Ferrocarriles Espa\u00f1oles (FFE) presentan el curso <strong>Material rodante ferroviario<\/strong>,\u00a0enmarcado dentro del proyecto formativo de cualificaci\u00f3n y recualificaci\u00f3n de la poblaci\u00f3n activa, vinculada prioritariamente a cualificaciones profesionales en sectores estrat\u00e9gicos y mejora de las capacidades para la transici\u00f3n ecol\u00f3gica, financiado con Fondos Europeos a trav\u00e9s del Ministerio de Educaci\u00f3n y Formaci\u00f3n Profesional.<\/span><\/p>\t\t\t\t\t\t\t\t<\/div>\n\t\t\t\t<\/div>\n\t\t\t\t\t<\/div>\n\t\t<\/div>\n\t\t\t\t\t<\/div>\n\t\t<\/section>\n\t\t\t\t<section class=\"elementor-section elementor-top-section elementor-element elementor-element-d173221 elementor-section-boxed elementor-section-height-default elementor-section-height-default\" data-id=\"d173221\" data-element_type=\"section\" data-e-type=\"section\">\n\t\t\t\t\t\t<div class=\"elementor-container elementor-column-gap-default\">\n\t\t\t\t\t<div class=\"elementor-column elementor-col-50 elementor-top-column elementor-element elementor-element-edbad2b\" data-id=\"edbad2b\" data-element_type=\"column\" data-e-type=\"column\">\n\t\t\t<div class=\"elementor-widget-wrap elementor-element-populated\">\n\t\t\t\t\t\t<div class=\"elementor-element elementor-element-a00a0f4 elementor-widget elementor-widget-text-editor\" data-id=\"a00a0f4\" data-element_type=\"widget\" data-e-type=\"widget\" data-widget_type=\"text-editor.default\">\n\t\t\t\t<div class=\"elementor-widget-container\">\n\t\t\t\t\t\t\t\t\t<h4><span style=\"color: #000000\"><strong>DIRIGIDO A:<\/strong><\/span><\/h4><div class=\"x_elementToProof\"><span style=\"color: #000000\"><strong>1.\u00a0Poblaci\u00f3n activa en b\u00fasqueda de empleo<\/strong><\/span><\/div><div>\u00a0<\/div><div class=\"x_elementToProof\"><span style=\"color: #000000\"><strong>2.\u00a0Colectivos prioritarios:<\/strong><\/span><\/div><ul><li style=\"list-style-type: none\"><ul><li><span style=\"color: #000000\">Personas trabajadoras menores de 25 a\u00f1os<\/span><\/li><li><span style=\"color: #000000\">Personas trabajadoras mayores de 50 a\u00f1os<\/span><\/li><li><span style=\"color: #000000\">Mujeres v\u00edctimas de violencia de g\u00e9nero<\/span><\/li><li><span style=\"color: #000000\">Personas trabajadoras sin estudios acreditados<\/span><\/li><li><span style=\"color: #000000\">Personas trabajadoras con baja o ninguna cualificaci\u00f3n profesional acreditada<\/span><\/li><li><span style=\"color: #000000\">Personas trabajadoras con discapacidad<\/span><\/li><li><span style=\"color: #000000\">Personas trabajadoras paradas de larga duraci\u00f3n<\/span><\/li><li><span style=\"color: #000000\">Personas trabajadoras en situaci\u00f3n de ERTE<\/span><\/li><li><span style=\"color: #000000\">Personas pertenecientes a hogares monoparentales<\/span><\/li><\/ul><\/li><\/ul>\t\t\t\t\t\t\t\t<\/div>\n\t\t\t\t<\/div>\n\t\t\t\t\t<\/div>\n\t\t<\/div>\n\t\t\t\t<div class=\"elementor-column elementor-col-50 elementor-top-column elementor-element elementor-element-49e5a12\" data-id=\"49e5a12\" data-element_type=\"column\" data-e-type=\"column\">\n\t\t\t<div class=\"elementor-widget-wrap elementor-element-populated\">\n\t\t\t\t\t\t<div class=\"elementor-element elementor-element-80a46c1 elementor-widget elementor-widget-text-editor\" data-id=\"80a46c1\" data-element_type=\"widget\" data-e-type=\"widget\" data-widget_type=\"text-editor.default\">\n\t\t\t\t<div class=\"elementor-widget-container\">\n\t\t\t\t\t\t\t\t\t<p><span style=\"color: #000000\">La\u00a0<b>inscripcripci\u00f3n<\/b>\u00a0es\u00a0<b>gratutita<\/b>. Una vez revisada la documentaci\u00f3n, recibir\u00e1 un correo de confirmaci\u00f3n y quedar\u00e1 matriculado en el curso<\/span><\/p><p><span style=\"color: #000000\">Cuando realice la Inscripci\u00f3n a trav\u00e9s de esta web, deber\u00e1 aportar la documentaci\u00f3n que acredite que pertenece a alguno de los colectivos reflejados en el apartado\u00a0<b>Dirigido a.<\/b><\/span><\/p><p><span style=\"color: #000000\"><b>Documentaci\u00f3n obligatoria a aportar (solo aportar documentaci\u00f3n del colectivo al que pertenece):<\/b><\/span><\/p><ul><li><span style=\"color: #000000\"><b>Poblaci\u00f3n activa en b\u00fasqueda de empleo:\u00a0<\/b>vida laboral y DARDE<\/span><\/li><li><span style=\"color: #000000\"><b>Personas trabajadoras menores de 25 a\u00f1os:\u00a0<\/b>vida laboral y fotocopia DNI<\/span><\/li><li><span style=\"color: #000000\"><b>Personas trabajadoras mayores de 50 a\u00f1os:<\/b>\u00a0vida laboral y fotocopia DNI<\/span><\/li><li><span style=\"color: #000000\"><b>Mujeres v\u00edctimas de violencia de g\u00e9nero<\/b>: documento acreditativo<\/span><\/li><li><span style=\"color: #000000\"><b>Personas trabajadoras sin estudios acreditados<\/b>: vida laboral y declaraci\u00f3n responsable<\/span><\/li><li><span style=\"color: #000000\"><b>Personas trabajadoras con baja o ninguna cualificaci\u00f3n profesional acreditada<\/b>: vida laboral y declaraci\u00f3n responsable<\/span><\/li><li><span style=\"color: #000000\"><b>Personas trabajadoras con discapacidad<\/b>: vida laboral y copia escaneada del certificado de discapacidad reconocida del 33% o superior<\/span><\/li><li><span style=\"color: #000000\"><b>Personas trabajadoras paradas de larga duraci\u00f3n<\/b>: vida laboral<\/span><\/li><li><span style=\"color: #000000\"><b>Personas trabajadoras en situaci\u00f3n de ERTE<\/b>: documento acreditativo<\/span><\/li><li><span style=\"color: #000000\"><b>Personas pertenecientes a hogares monoparentales<\/b>: certificado de empadronamiento y fotocopia del libro de familia<\/span><\/li><\/ul>\t\t\t\t\t\t\t\t<\/div>\n\t\t\t\t<\/div>\n\t\t\t\t\t<\/div>\n\t\t<\/div>\n\t\t\t\t\t<\/div>\n\t\t<\/section>\n\t\t\t\t<section class=\"elementor-section elementor-top-section elementor-element elementor-element-3b0e246 elementor-section-boxed elementor-section-height-default elementor-section-height-default\" data-id=\"3b0e246\" data-element_type=\"section\" data-e-type=\"section\">\n\t\t\t\t\t\t<div class=\"elementor-container elementor-column-gap-default\">\n\t\t\t\t\t<div class=\"elementor-column elementor-col-100 elementor-top-column elementor-element elementor-element-b44b401\" data-id=\"b44b401\" data-element_type=\"column\" data-e-type=\"column\">\n\t\t\t<div class=\"elementor-widget-wrap elementor-element-populated\">\n\t\t\t\t\t\t<div class=\"elementor-element elementor-element-4cdf458 elementor-tabs-view-horizontal elementor-widget elementor-widget-tabs\" data-id=\"4cdf458\" data-element_type=\"widget\" data-e-type=\"widget\" data-widget_type=\"tabs.default\">\n\t\t\t\t<div class=\"elementor-widget-container\">\n\t\t\t\t\t\t\t<div class=\"elementor-tabs\">\n\t\t\t<div class=\"elementor-tabs-wrapper\" role=\"tablist\" >\n\t\t\t\t\t\t\t\t\t<div id=\"elementor-tab-title-8061\" class=\"elementor-tab-title elementor-tab-desktop-title\" aria-selected=\"true\" data-tab=\"1\" role=\"tab\" tabindex=\"0\" aria-controls=\"elementor-tab-content-8061\" aria-expanded=\"false\">Fechas y horas<\/div>\n\t\t\t\t\t\t\t\t\t<div id=\"elementor-tab-title-8062\" class=\"elementor-tab-title elementor-tab-desktop-title\" aria-selected=\"false\" data-tab=\"2\" role=\"tab\" tabindex=\"-1\" aria-controls=\"elementor-tab-content-8062\" aria-expanded=\"false\">Programa<\/div>\n\t\t\t\t\t\t\t\t\t<div id=\"elementor-tab-title-8063\" class=\"elementor-tab-title elementor-tab-desktop-title\" aria-selected=\"false\" data-tab=\"3\" role=\"tab\" tabindex=\"-1\" aria-controls=\"elementor-tab-content-8063\" aria-expanded=\"false\">Equipo docente<\/div>\n\t\t\t\t\t\t\t\t\t<div id=\"elementor-tab-title-8064\" class=\"elementor-tab-title elementor-tab-desktop-title\" aria-selected=\"false\" data-tab=\"4\" role=\"tab\" tabindex=\"-1\" aria-controls=\"elementor-tab-content-8064\" aria-expanded=\"false\">Objetivos y metodolog\u00eda<\/div>\n\t\t\t\t\t\t\t\t\t<div id=\"elementor-tab-title-8065\" class=\"elementor-tab-title elementor-tab-desktop-title\" aria-selected=\"false\" data-tab=\"5\" role=\"tab\" tabindex=\"-1\" aria-controls=\"elementor-tab-content-8065\" aria-expanded=\"false\">Documentaci\u00f3n a aportar<\/div>\n\t\t\t\t\t\t\t\t\t<div id=\"elementor-tab-title-8066\" class=\"elementor-tab-title elementor-tab-desktop-title\" aria-selected=\"false\" data-tab=\"6\" role=\"tab\" tabindex=\"-1\" aria-controls=\"elementor-tab-content-8066\" aria-expanded=\"false\">M\u00e1s informaci\u00f3n<\/div>\n\t\t\t\t\t\t\t<\/div>\n\t\t\t<div class=\"elementor-tabs-content-wrapper\" role=\"tablist\" aria-orientation=\"vertical\">\n\t\t\t\t\t\t\t\t\t<div class=\"elementor-tab-title elementor-tab-mobile-title\" aria-selected=\"true\" data-tab=\"1\" role=\"tab\" tabindex=\"0\" aria-controls=\"elementor-tab-content-8061\" aria-expanded=\"false\">Fechas y horas<\/div>\n\t\t\t\t\t<div id=\"elementor-tab-content-8061\" class=\"elementor-tab-content elementor-clearfix\" data-tab=\"1\" role=\"tabpanel\" aria-labelledby=\"elementor-tab-title-8061\" tabindex=\"0\" hidden=\"false\"><p><span style=\"color: #000000\">Del 24 de febrero al 31 de marzo de 2025<\/span><\/p><p><span style=\"color: #000000\">Horas: 52<\/span><\/p><p><span style=\"color: #000000\">Modalidad: teleformaci\u00f3n<\/span><\/p><\/div>\n\t\t\t\t\t\t\t\t\t<div class=\"elementor-tab-title elementor-tab-mobile-title\" aria-selected=\"false\" data-tab=\"2\" role=\"tab\" tabindex=\"-1\" aria-controls=\"elementor-tab-content-8062\" aria-expanded=\"false\">Programa<\/div>\n\t\t\t\t\t<div id=\"elementor-tab-content-8062\" class=\"elementor-tab-content elementor-clearfix\" data-tab=\"2\" role=\"tabpanel\" aria-labelledby=\"elementor-tab-title-8062\" tabindex=\"0\" hidden=\"hidden\"><p><span style=\"color: #000000\"><b>1. Definici\u00f3n y clasificaci\u00f3n del material rodante.<\/b><\/span><br \/><span style=\"color: #000000\">1.1. Definici\u00f3n<\/span><br \/><span style=\"color: #000000\">1.2. Clasificaci\u00f3n unidades autopropulsadas<\/span><br \/><span style=\"color: #000000\">1.3. Clasificaci\u00f3n: vagones y material rodante auxiliar<\/span><br \/><span style=\"color: #000000\"><b>2. Sistemas de funcionamiento de material motor<\/b><\/span><br \/><span style=\"color: #000000\">2.1. Material motor di\u00e9sel<\/span><br \/><span style=\"color: #000000\">2.2. Material motor el\u00e9ctrico<\/span><br \/><span style=\"color: #000000\"><b>3. Caja de los veh\u00edculos<br \/>4. Sistemas de rodadura<br \/>5. Sistemas de aire comprimido<br \/>6. Equipos de seguridad y vigilancia<br \/>7. Sistemas y servicios del <\/b><strong>tren<\/strong><\/span><\/p><\/div>\n\t\t\t\t\t\t\t\t\t<div class=\"elementor-tab-title elementor-tab-mobile-title\" aria-selected=\"false\" data-tab=\"3\" role=\"tab\" tabindex=\"-1\" aria-controls=\"elementor-tab-content-8063\" aria-expanded=\"false\">Equipo docente<\/div>\n\t\t\t\t\t<div id=\"elementor-tab-content-8063\" class=\"elementor-tab-content elementor-clearfix\" data-tab=\"3\" role=\"tabpanel\" aria-labelledby=\"elementor-tab-title-8063\" tabindex=\"0\" hidden=\"hidden\"><h3><strong><span style=\"color: #000000\">Dirigido por<\/span><\/strong><\/h3><div><strong style=\"color: #000000\">Francisco Javier S\u00e1nchez Bolumar<\/strong><\/div><dl id=\"ponencias\"><dd><span style=\"color: #000000\">Licenciado en Inform\u00e1tica. DEA en Telecomunicaciones. Master en Proyecto, Construcci\u00f3n y Mantenimiento de Infraestructuras Ferroviarias. Experiencia de m\u00e1s de 20 a\u00f1os en Direcci\u00f3n acad\u00e9mica.<\/span><\/dd><\/dl><h3><strong><span style=\"color: #000000\">Coordinado por<\/span><\/strong><\/h3><div><strong style=\"color: #000000\">Rosa M. Egido Herrera<\/strong><\/div><dl id=\"ponencias\"><dd><span style=\"color: #000000\">Licenciada en Biolog\u00eda. Certificado de Aptitud Pedag\u00f3gica. Especializaci\u00f3n en Transportes Terrestres. Experiencia de 25 a\u00f1os en Coordinaci\u00f3n y Direcci\u00f3n Acad\u00e9mica. Programaci\u00f3n, gesti\u00f3n y organizaci\u00f3n de Acciones Formativas.<\/span><\/dd><\/dl><h3><strong><span style=\"color: #000000\">Docentes<\/span><\/strong><\/h3><div><strong style=\"color: #000000\">Olga Mar\u00eda Lagarto de La Serna<\/strong><\/div><dl><dd><span style=\"color: #000000\">Ingeniera de Caminos, Canales y Puertos. Experta en Material Rodante Ferroviario. Experiencia de m\u00e1s de 15 a\u00f1os en la materia completa objeto del curso. Tutorizar\u00e1 a un grupo de alumnos durante todo el curso.<\/span><\/dd><\/dl><div><strong style=\"color: #000000\">Eutiquio Quijada Migu\u00e9lez<\/strong><\/div><dl id=\"ponencias\"><dd><span style=\"color: #000000\">Cuadro T\u00e9cnico. Experto en Material Rodante Ferroviario (Mantenimiento). Experiencia de m\u00e1s de 30 a\u00f1os en la materia completa objeto del curso. Tutorizar\u00e1 a un grupo de alumnos durante todo el curso.<\/span><\/dd><\/dl><\/div>\n\t\t\t\t\t\t\t\t\t<div class=\"elementor-tab-title elementor-tab-mobile-title\" aria-selected=\"false\" data-tab=\"4\" role=\"tab\" tabindex=\"-1\" aria-controls=\"elementor-tab-content-8064\" aria-expanded=\"false\">Objetivos y metodolog\u00eda<\/div>\n\t\t\t\t\t<div id=\"elementor-tab-content-8064\" class=\"elementor-tab-content elementor-clearfix\" data-tab=\"4\" role=\"tabpanel\" aria-labelledby=\"elementor-tab-title-8064\" tabindex=\"0\" hidden=\"hidden\"><h3><span style=\"color: #000000\"><strong>Objetivos<\/strong><\/span><\/h3><p><span style=\"color: #000000\">Profundizar en el conocimiento de los diferentes tipos de material rodante ferroviario, material motor di\u00e9sel y el\u00e9ctrico y material remolcado, y de los componentes mec\u00e1nicos de los veh\u00edculos.<\/span><br \/><span style=\"color: #000000\">Conocer los diferentes tipos de material rodante ferroviario y las partes que lo componen.<\/span><\/p><h3><span style=\"color: #000000\"><strong>Metodolog\u00eda<\/strong><\/span><\/h3><p><span style=\"color: #000000\">52 horas (50 horas en plataforma de teleformaci\u00f3n y 2 horas telepresenciales TEAMS).<\/span><br \/><span style=\"color: #000000\">Material multimedia HTML5 en plataforma de teleformaci\u00f3n.<\/span><\/p><h3><span style=\"color: #000000\"><strong>Sistema de evaluaci\u00f3n<\/strong><\/span><\/h3><p><span style=\"color: #000000\">Autoevaluaciones en cada cap\u00edtulo y prueba de evaluaci\u00f3n final.<\/span><\/p><\/div>\n\t\t\t\t\t\t\t\t\t<div class=\"elementor-tab-title elementor-tab-mobile-title\" aria-selected=\"false\" data-tab=\"5\" role=\"tab\" tabindex=\"-1\" aria-controls=\"elementor-tab-content-8065\" aria-expanded=\"false\">Documentaci\u00f3n a aportar<\/div>\n\t\t\t\t\t<div id=\"elementor-tab-content-8065\" class=\"elementor-tab-content elementor-clearfix\" data-tab=\"5\" role=\"tabpanel\" aria-labelledby=\"elementor-tab-title-8065\" tabindex=\"0\" hidden=\"hidden\"><p><span style=\"color: #000000\">La\u00a0<b>inscripcripci\u00f3n<\/b>\u00a0es\u00a0<b>gratutita<\/b>. Una vez revisada la documentaci\u00f3n, recibir\u00e1 un correo de confirmaci\u00f3n y quedar\u00e1 matriculado en el curso<\/span><\/p><p><span style=\"color: #000000\">Cuando realice la Inscripci\u00f3n a trav\u00e9s de esta web, deber\u00e1 aportar la documentaci\u00f3n que acredite que pertenece a alguno de los colectivos reflejados en el apartado\u00a0<b>Dirigido a.<\/b><\/span><\/p><p><span style=\"color: #000000\"><b>Documentaci\u00f3n obligatoria a aportar (solo aportar documentaci\u00f3n del colectivo al que pertenece):<\/b><\/span><\/p><ul><li><span style=\"color: #000000\"><b>Poblaci\u00f3n activa en b\u00fasqueda de empleo:\u00a0<\/b>vida laboral y DARDE<\/span><\/li><li><span style=\"color: #000000\"><b>Personas trabajadoras menores de 25 a\u00f1os:\u00a0<\/b>vida laboral y fotocopia DNI<\/span><\/li><li><span style=\"color: #000000\"><b>Personas trabajadoras mayores de 50 a\u00f1os:<\/b>\u00a0vida laboral y fotocopia DNI<\/span><\/li><li><span style=\"color: #000000\"><b>Mujeres v\u00edctimas de violencia de g\u00e9nero<\/b>: documento acreditativo<\/span><\/li><li><span style=\"color: #000000\"><b>Personas trabajadoras sin estudios acreditados<\/b>: vida laboral y declaraci\u00f3n responsable<\/span><\/li><li><span style=\"color: #000000\"><b>Personas trabajadoras con baja o ninguna cualificaci\u00f3n profesional acreditada<\/b>: vida laboral y declaraci\u00f3n responsable<\/span><\/li><li><span style=\"color: #000000\"><b>Personas trabajadoras con discapacidad<\/b>: vida laboral y copia escaneada del certificado de discapacidad reconocida del 33% o superior<\/span><\/li><li><span style=\"color: #000000\"><b>Personas trabajadoras paradas de larga duraci\u00f3n<\/b>: vida laboral<\/span><\/li><li><span style=\"color: #000000\"><b>Personas trabajadoras en situaci\u00f3n de ERTE<\/b>: documento acreditativo<\/span><\/li><li><span style=\"color: #000000\"><b>Personas pertenecientes a hogares monoparentales<\/b>: certificado de empadronamiento y fotocopia del libro de familia<\/span><\/li><\/ul><\/div>\n\t\t\t\t\t\t\t\t\t<div class=\"elementor-tab-title elementor-tab-mobile-title\" aria-selected=\"false\" data-tab=\"6\" role=\"tab\" tabindex=\"-1\" aria-controls=\"elementor-tab-content-8066\" aria-expanded=\"false\">M\u00e1s informaci\u00f3n<\/div>\n\t\t\t\t\t<div id=\"elementor-tab-content-8066\" class=\"elementor-tab-content elementor-clearfix\" data-tab=\"6\" role=\"tabpanel\" aria-labelledby=\"elementor-tab-title-8066\" tabindex=\"0\" hidden=\"hidden\"><h3><strong><span style=\"color: #000000\">Fundaci\u00f3n UNED<\/span><\/strong><\/h3><p><span style=\"color: #000000\">Calle Guzm\u00e1n el Bueno, 133 &#8211; Edificio Germania, 1\u00aa planta<\/span><br \/><span style=\"color: #000000\">28003 Madrid Madrid<\/span><br \/><span style=\"color: #000000\">91 386 72 75 \/ erodriguez@fundacion.uned.es<\/span><\/p><\/div>\n\t\t\t\t\t\t\t<\/div>\n\t\t<\/div>\n\t\t\t\t\t\t<\/div>\n\t\t\t\t<\/div>\n\t\t\t\t\t<\/div>\n\t\t<\/div>\n\t\t\t\t\t<\/div>\n\t\t<\/section>\n\t\t\t\t<section class=\"elementor-section elementor-top-section elementor-element elementor-element-8187a10 elementor-section-boxed elementor-section-height-default elementor-section-height-default\" data-id=\"8187a10\" data-element_type=\"section\" data-e-type=\"section\">\n\t\t\t\t\t\t<div class=\"elementor-container elementor-column-gap-default\">\n\t\t\t\t\t<div class=\"elementor-column elementor-col-33 elementor-top-column elementor-element elementor-element-6377764\" data-id=\"6377764\" data-element_type=\"column\" data-e-type=\"column\">\n\t\t\t<div class=\"elementor-widget-wrap\">\n\t\t\t\t\t\t\t<\/div>\n\t\t<\/div>\n\t\t\t\t<div class=\"elementor-column elementor-col-33 elementor-top-column elementor-element elementor-element-0f7cb3d\" data-id=\"0f7cb3d\" data-element_type=\"column\" data-e-type=\"column\">\n\t\t\t<div class=\"elementor-widget-wrap elementor-element-populated\">\n\t\t\t\t\t\t<div class=\"elementor-element elementor-element-888fa7c elementor-widget elementor-widget-shortcode\" data-id=\"888fa7c\" data-element_type=\"widget\" data-e-type=\"widget\" data-widget_type=\"shortcode.default\">\n\t\t\t\t<div class=\"elementor-widget-container\">\n\t\t\t\t\t\t\t<div class=\"elementor-shortcode\"><div class='mailmunch-forms-widget-1155880'><\/div>\n<\/div>\n\t\t\t\t\t\t<\/div>\n\t\t\t\t<\/div>\n\t\t\t\t\t<\/div>\n\t\t<\/div>\n\t\t\t\t<div class=\"elementor-column elementor-col-33 elementor-top-column elementor-element elementor-element-fed390f\" data-id=\"fed390f\" data-element_type=\"column\" data-e-type=\"column\">\n\t\t\t<div class=\"elementor-widget-wrap\">\n\t\t\t\t\t\t\t<\/div>\n\t\t<\/div>\n\t\t\t\t\t<\/div>\n\t\t<\/section>\n\t\t\t\t<section class=\"elementor-section elementor-top-section elementor-element elementor-element-8568455 elementor-section-boxed elementor-section-height-default elementor-section-height-default\" data-id=\"8568455\" data-element_type=\"section\" data-e-type=\"section\">\n\t\t\t\t\t\t<div class=\"elementor-container elementor-column-gap-default\">\n\t\t\t\t\t<div class=\"elementor-column elementor-col-33 elementor-top-column elementor-element elementor-element-16ce055\" data-id=\"16ce055\" data-element_type=\"column\" data-e-type=\"column\">\n\t\t\t<div class=\"elementor-widget-wrap elementor-element-populated\">\n\t\t\t\t\t\t<div class=\"elementor-element elementor-element-d4cc80c elementor-widget elementor-widget-text-editor\" data-id=\"d4cc80c\" data-element_type=\"widget\" data-e-type=\"widget\" data-widget_type=\"text-editor.default\">\n\t\t\t\t<div class=\"elementor-widget-container\">\n\t\t\t\t\t\t\t\t\t<h3><strong>Financiado por :<\/strong><\/h3>\t\t\t\t\t\t\t\t<\/div>\n\t\t\t\t<\/div>\n\t\t\t\t\t<\/div>\n\t\t<\/div>\n\t\t\t\t<div class=\"elementor-column elementor-col-33 elementor-top-column elementor-element elementor-element-88ba803\" data-id=\"88ba803\" data-element_type=\"column\" data-e-type=\"column\">\n\t\t\t<div class=\"elementor-widget-wrap\">\n\t\t\t\t\t\t\t<\/div>\n\t\t<\/div>\n\t\t\t\t<div class=\"elementor-column elementor-col-33 elementor-top-column elementor-element elementor-element-0ea4e12\" data-id=\"0ea4e12\" data-element_type=\"column\" data-e-type=\"column\">\n\t\t\t<div class=\"elementor-widget-wrap\">\n\t\t\t\t\t\t\t<\/div>\n\t\t<\/div>\n\t\t\t\t\t<\/div>\n\t\t<\/section>\n\t\t\t\t<section class=\"elementor-section elementor-top-section elementor-element elementor-element-b0d5a93 elementor-section-boxed elementor-section-height-default elementor-section-height-default\" data-id=\"b0d5a93\" data-element_type=\"section\" data-e-type=\"section\">\n\t\t\t\t\t\t<div class=\"elementor-container elementor-column-gap-default\">\n\t\t\t\t\t<div class=\"elementor-column elementor-col-33 elementor-top-column elementor-element elementor-element-5ec7d33\" data-id=\"5ec7d33\" data-element_type=\"column\" data-e-type=\"column\">\n\t\t\t<div class=\"elementor-widget-wrap elementor-element-populated\">\n\t\t\t\t\t\t<div class=\"elementor-element elementor-element-88d9d8c elementor-widget elementor-widget-image\" data-id=\"88d9d8c\" data-element_type=\"widget\" data-e-type=\"widget\" data-widget_type=\"image.default\">\n\t\t\t\t<div class=\"elementor-widget-container\">\n\t\t\t\t\t\t\t\t\t\t\t\t\t\t\t<img loading=\"lazy\" decoding=\"async\" width=\"800\" height=\"213\" src=\"https:\/\/blogs.uned.es\/fundacionuned\/wp-content\/uploads\/sites\/405\/2024\/03\/Logo-Financiado-por-la-Union-Europea_PANTONE-1024x272.jpg\" class=\"attachment-large size-large wp-image-16653\" alt=\"\" srcset=\"https:\/\/blogs.uned.es\/fundacionuned\/wp-content\/uploads\/sites\/405\/2024\/03\/Logo-Financiado-por-la-Union-Europea_PANTONE-1024x272.jpg 1024w, https:\/\/blogs.uned.es\/fundacionuned\/wp-content\/uploads\/sites\/405\/2024\/03\/Logo-Financiado-por-la-Union-Europea_PANTONE-300x80.jpg 300w, https:\/\/blogs.uned.es\/fundacionuned\/wp-content\/uploads\/sites\/405\/2024\/03\/Logo-Financiado-por-la-Union-Europea_PANTONE-768x204.jpg 768w, https:\/\/blogs.uned.es\/fundacionuned\/wp-content\/uploads\/sites\/405\/2024\/03\/Logo-Financiado-por-la-Union-Europea_PANTONE-1536x407.jpg 1536w, https:\/\/blogs.uned.es\/fundacionuned\/wp-content\/uploads\/sites\/405\/2024\/03\/Logo-Financiado-por-la-Union-Europea_PANTONE-2048x543.jpg 2048w\" sizes=\"(max-width: 800px) 100vw, 800px\" \/>\t\t\t\t\t\t\t\t\t\t\t\t\t\t\t<\/div>\n\t\t\t\t<\/div>\n\t\t\t\t\t<\/div>\n\t\t<\/div>\n\t\t\t\t<div class=\"elementor-column elementor-col-33 elementor-top-column elementor-element elementor-element-2bf44df\" data-id=\"2bf44df\" data-element_type=\"column\" data-e-type=\"column\">\n\t\t\t<div class=\"elementor-widget-wrap elementor-element-populated\">\n\t\t\t\t\t\t<div class=\"elementor-element elementor-element-1b53df7 elementor-widget elementor-widget-image\" data-id=\"1b53df7\" data-element_type=\"widget\" data-e-type=\"widget\" data-widget_type=\"image.default\">\n\t\t\t\t<div class=\"elementor-widget-container\">\n\t\t\t\t\t\t\t\t\t\t\t\t\t\t\t<img loading=\"lazy\" decoding=\"async\" width=\"200\" height=\"113\" src=\"https:\/\/blogs.uned.es\/fundacionuned\/wp-content\/uploads\/sites\/405\/2024\/03\/Logo-PRTR-vertical_COLOR-e1732272348882.jpg\" class=\"attachment-medium size-medium wp-image-16649\" alt=\"\" \/>\t\t\t\t\t\t\t\t\t\t\t\t\t\t\t<\/div>\n\t\t\t\t<\/div>\n\t\t\t\t\t<\/div>\n\t\t<\/div>\n\t\t\t\t<div class=\"elementor-column elementor-col-33 elementor-top-column elementor-element elementor-element-1145b04\" data-id=\"1145b04\" data-element_type=\"column\" data-e-type=\"column\">\n\t\t\t<div class=\"elementor-widget-wrap elementor-element-populated\">\n\t\t\t\t\t\t<div class=\"elementor-element elementor-element-382cb26 elementor-widget elementor-widget-image\" data-id=\"382cb26\" data-element_type=\"widget\" data-e-type=\"widget\" data-widget_type=\"image.default\">\n\t\t\t\t<div class=\"elementor-widget-container\">\n\t\t\t\t\t\t\t\t\t\t\t\t\t\t\t<img loading=\"lazy\" decoding=\"async\" width=\"300\" height=\"62\" src=\"https:\/\/blogs.uned.es\/fundacionuned\/wp-content\/uploads\/sites\/405\/2024\/11\/Logotipo_del_Ministerio_de_Educacion_Formacion_Profesional_y_Deportes-300x62.png\" class=\"attachment-medium size-medium wp-image-21701\" alt=\"\" srcset=\"https:\/\/blogs.uned.es\/fundacionuned\/wp-content\/uploads\/sites\/405\/2024\/11\/Logotipo_del_Ministerio_de_Educacion_Formacion_Profesional_y_Deportes-300x62.png 300w, https:\/\/blogs.uned.es\/fundacionuned\/wp-content\/uploads\/sites\/405\/2024\/11\/Logotipo_del_Ministerio_de_Educacion_Formacion_Profesional_y_Deportes-768x159.png 768w, https:\/\/blogs.uned.es\/fundacionuned\/wp-content\/uploads\/sites\/405\/2024\/11\/Logotipo_del_Ministerio_de_Educacion_Formacion_Profesional_y_Deportes.png 800w\" sizes=\"(max-width: 300px) 100vw, 300px\" \/>\t\t\t\t\t\t\t\t\t\t\t\t\t\t\t<\/div>\n\t\t\t\t<\/div>\n\t\t\t\t\t<\/div>\n\t\t<\/div>\n\t\t\t\t\t<\/div>\n\t\t<\/section>\n\t\t\t\t<\/div>\n\t\t","protected":false},"excerpt":{"rendered":"<p>La Fundaci\u00f3n UNED y la Fundaci\u00f3n de los Ferrocarriles Espa\u00f1oles (FFE) presentan el curso Material rodante ferroviario,\u00a0enmarcado dentro del proyecto formativo de cualificaci\u00f3n y recualificaci\u00f3n de la poblaci\u00f3n activa, vinculada prioritariamente a cualificaciones profesionales en sectores estrat\u00e9gicos y mejora de las capacidades para la transici\u00f3n ecol\u00f3gica, financiado con Fondos Europeos a trav\u00e9s del Ministerio de Educaci\u00f3n y Formaci\u00f3n Profesional. DIRIGIDO A: 1.\u00a0Poblaci\u00f3n activa en b\u00fasqueda de empleo\u00a02.\u00a0Colectivos prioritarios: Personas trabajadoras menores de 25 a\u00f1os Personas trabajadoras mayores de 50 a\u00f1os Mujeres v\u00edctimas de violencia de g\u00e9nero Personas trabajadoras sin estudios acreditados Personas trabajadoras con baja o ninguna cualificaci\u00f3n profesional acreditada Personas trabajadoras con discapacidad Personas trabajadoras paradas de larga duraci\u00f3n Personas trabajadoras en situaci\u00f3n de ERTE Personas pertenecientes a hogares monoparentales La\u00a0inscripcripci\u00f3n\u00a0es\u00a0gratutita. Una vez revisada la documentaci\u00f3n, recibir\u00e1 un correo de confirmaci\u00f3n y quedar\u00e1 matriculado en el curso Cuando realice la Inscripci\u00f3n a trav\u00e9s de esta web, deber\u00e1 aportar la&hellip;<\/p>\n<p> <a class=\"more-link\" href=\"https:\/\/blogs.uned.es\/fundacionuned\/material-rodante-ferroviario\/\">Leer m\u00e1s<\/a><\/p>\n","protected":false},"author":7191,"featured_media":16989,"parent":0,"menu_order":0,"comment_status":"closed","ping_status":"closed","template":"","meta":{"footnotes":""},"class_list":["post-16987","page","type-page","status-publish","has-post-thumbnail"],"yoast_head":"<!-- This site is optimized with the Yoast SEO plugin v27.2 - https:\/\/yoast.com\/product\/yoast-seo-wordpress\/ -->\n<title>Material rodante ferroviario - Fundaci\u00f3n UNED<\/title>\n<meta name=\"robots\" content=\"index, follow, max-snippet:-1, max-image-preview:large, max-video-preview:-1\" \/>\n<link rel=\"canonical\" href=\"https:\/\/blogs.uned.es\/fundacionuned\/material-rodante-ferroviario\/\" \/>\n<meta property=\"og:locale\" content=\"es_ES\" \/>\n<meta property=\"og:type\" content=\"article\" \/>\n<meta property=\"og:title\" content=\"Material rodante ferroviario - Fundaci\u00f3n UNED\" \/>\n<meta property=\"og:description\" content=\"La Fundaci\u00f3n UNED y la Fundaci\u00f3n de los Ferrocarriles Espa\u00f1oles (FFE) presentan el curso Material rodante ferroviario,\u00a0enmarcado dentro del proyecto formativo de cualificaci\u00f3n y recualificaci\u00f3n de la poblaci\u00f3n activa, vinculada prioritariamente a cualificaciones profesionales en sectores estrat\u00e9gicos y mejora de las capacidades para la transici\u00f3n ecol\u00f3gica, financiado con Fondos Europeos a trav\u00e9s del Ministerio de Educaci\u00f3n y Formaci\u00f3n Profesional. DIRIGIDO A: 1.\u00a0Poblaci\u00f3n activa en b\u00fasqueda de empleo\u00a02.\u00a0Colectivos prioritarios: Personas trabajadoras menores de 25 a\u00f1os Personas trabajadoras mayores de 50 a\u00f1os Mujeres v\u00edctimas de violencia de g\u00e9nero Personas trabajadoras sin estudios acreditados Personas trabajadoras con baja o ninguna cualificaci\u00f3n profesional acreditada Personas trabajadoras con discapacidad Personas trabajadoras paradas de larga duraci\u00f3n Personas trabajadoras en situaci\u00f3n de ERTE Personas pertenecientes a hogares monoparentales La\u00a0inscripcripci\u00f3n\u00a0es\u00a0gratutita. Una vez revisada la documentaci\u00f3n, recibir\u00e1 un correo de confirmaci\u00f3n y quedar\u00e1 matriculado en el curso Cuando realice la Inscripci\u00f3n a trav\u00e9s de esta web, deber\u00e1 aportar la&hellip;  Leer m\u00e1s\" \/>\n<meta property=\"og:url\" content=\"https:\/\/blogs.uned.es\/fundacionuned\/material-rodante-ferroviario\/\" \/>\n<meta property=\"og:site_name\" content=\"Fundaci\u00f3n UNED\" \/>\n<meta property=\"article:modified_time\" content=\"2025-01-08T14:42:26+00:00\" \/>\n<meta property=\"og:image\" content=\"http:\/\/blogs.uned.es\/fundacionuned\/wp-content\/uploads\/sites\/405\/2024\/03\/Material-rodante_1.jpg\" \/>\n\t<meta property=\"og:image:width\" content=\"960\" \/>\n\t<meta property=\"og:image:height\" content=\"640\" \/>\n\t<meta property=\"og:image:type\" content=\"image\/jpeg\" \/>\n<meta name=\"twitter:card\" content=\"summary_large_image\" \/>\n<meta name=\"twitter:label1\" content=\"Tiempo de lectura\" \/>\n\t<meta name=\"twitter:data1\" content=\"6 minutos\" \/>\n<script type=\"application\/ld+json\" class=\"yoast-schema-graph\">{\"@context\":\"https:\/\/schema.org\",\"@graph\":[{\"@type\":\"WebPage\",\"@id\":\"https:\/\/blogs.uned.es\/fundacionuned\/material-rodante-ferroviario\/\",\"url\":\"https:\/\/blogs.uned.es\/fundacionuned\/material-rodante-ferroviario\/\",\"name\":\"Material rodante ferroviario - Fundaci\u00f3n UNED\",\"isPartOf\":{\"@id\":\"https:\/\/blogs.uned.es\/fundacionuned\/#website\"},\"primaryImageOfPage\":{\"@id\":\"https:\/\/blogs.uned.es\/fundacionuned\/material-rodante-ferroviario\/#primaryimage\"},\"image\":{\"@id\":\"https:\/\/blogs.uned.es\/fundacionuned\/material-rodante-ferroviario\/#primaryimage\"},\"thumbnailUrl\":\"https:\/\/blogs.uned.es\/fundacionuned\/wp-content\/uploads\/sites\/405\/2024\/03\/Material-rodante_1.jpg\",\"datePublished\":\"2024-03-11T09:02:10+00:00\",\"dateModified\":\"2025-01-08T14:42:26+00:00\",\"breadcrumb\":{\"@id\":\"https:\/\/blogs.uned.es\/fundacionuned\/material-rodante-ferroviario\/#breadcrumb\"},\"inLanguage\":\"es\",\"potentialAction\":[{\"@type\":\"ReadAction\",\"target\":[\"https:\/\/blogs.uned.es\/fundacionuned\/material-rodante-ferroviario\/\"]}]},{\"@type\":\"ImageObject\",\"inLanguage\":\"es\",\"@id\":\"https:\/\/blogs.uned.es\/fundacionuned\/material-rodante-ferroviario\/#primaryimage\",\"url\":\"https:\/\/blogs.uned.es\/fundacionuned\/wp-content\/uploads\/sites\/405\/2024\/03\/Material-rodante_1.jpg\",\"contentUrl\":\"https:\/\/blogs.uned.es\/fundacionuned\/wp-content\/uploads\/sites\/405\/2024\/03\/Material-rodante_1.jpg\",\"width\":960,\"height\":640},{\"@type\":\"BreadcrumbList\",\"@id\":\"https:\/\/blogs.uned.es\/fundacionuned\/material-rodante-ferroviario\/#breadcrumb\",\"itemListElement\":[{\"@type\":\"ListItem\",\"position\":1,\"name\":\"Portada\",\"item\":\"https:\/\/blogs.uned.es\/fundacionuned\/\"},{\"@type\":\"ListItem\",\"position\":2,\"name\":\"Material rodante ferroviario\"}]},{\"@type\":\"WebSite\",\"@id\":\"https:\/\/blogs.uned.es\/fundacionuned\/#website\",\"url\":\"https:\/\/blogs.uned.es\/fundacionuned\/\",\"name\":\"Fundaci\u00f3n UNED\",\"description\":\"Fundaci\u00f3n UNED\",\"publisher\":{\"@id\":\"https:\/\/blogs.uned.es\/fundacionuned\/#organization\"},\"potentialAction\":[{\"@type\":\"SearchAction\",\"target\":{\"@type\":\"EntryPoint\",\"urlTemplate\":\"https:\/\/blogs.uned.es\/fundacionuned\/?s={search_term_string}\"},\"query-input\":{\"@type\":\"PropertyValueSpecification\",\"valueRequired\":true,\"valueName\":\"search_term_string\"}}],\"inLanguage\":\"es\"},{\"@type\":\"Organization\",\"@id\":\"https:\/\/blogs.uned.es\/fundacionuned\/#organization\",\"name\":\"Fundaci\u00f3n UNED\",\"url\":\"https:\/\/blogs.uned.es\/fundacionuned\/\",\"logo\":{\"@type\":\"ImageObject\",\"inLanguage\":\"es\",\"@id\":\"https:\/\/blogs.uned.es\/fundacionuned\/#\/schema\/logo\/image\/\",\"url\":\"https:\/\/blogs.uned.es\/fundacionuned\/wp-content\/uploads\/sites\/405\/2022\/12\/cropped-MicrosoftTeams-image.png\",\"contentUrl\":\"https:\/\/blogs.uned.es\/fundacionuned\/wp-content\/uploads\/sites\/405\/2022\/12\/cropped-MicrosoftTeams-image.png\",\"width\":671,\"height\":340,\"caption\":\"Fundaci\u00f3n UNED\"},\"image\":{\"@id\":\"https:\/\/blogs.uned.es\/fundacionuned\/#\/schema\/logo\/image\/\"}}]}<\/script>\n<!-- \/ Yoast SEO plugin. -->","yoast_head_json":{"title":"Material rodante ferroviario - Fundaci\u00f3n UNED","robots":{"index":"index","follow":"follow","max-snippet":"max-snippet:-1","max-image-preview":"max-image-preview:large","max-video-preview":"max-video-preview:-1"},"canonical":"https:\/\/blogs.uned.es\/fundacionuned\/material-rodante-ferroviario\/","og_locale":"es_ES","og_type":"article","og_title":"Material rodante ferroviario - Fundaci\u00f3n UNED","og_description":"La Fundaci\u00f3n UNED y la Fundaci\u00f3n de los Ferrocarriles Espa\u00f1oles (FFE) presentan el curso Material rodante ferroviario,\u00a0enmarcado dentro del proyecto formativo de cualificaci\u00f3n y recualificaci\u00f3n de la poblaci\u00f3n activa, vinculada prioritariamente a cualificaciones profesionales en sectores estrat\u00e9gicos y mejora de las capacidades para la transici\u00f3n ecol\u00f3gica, financiado con Fondos Europeos a trav\u00e9s del Ministerio de Educaci\u00f3n y Formaci\u00f3n Profesional. DIRIGIDO A: 1.\u00a0Poblaci\u00f3n activa en b\u00fasqueda de empleo\u00a02.\u00a0Colectivos prioritarios: Personas trabajadoras menores de 25 a\u00f1os Personas trabajadoras mayores de 50 a\u00f1os Mujeres v\u00edctimas de violencia de g\u00e9nero Personas trabajadoras sin estudios acreditados Personas trabajadoras con baja o ninguna cualificaci\u00f3n profesional acreditada Personas trabajadoras con discapacidad Personas trabajadoras paradas de larga duraci\u00f3n Personas trabajadoras en situaci\u00f3n de ERTE Personas pertenecientes a hogares monoparentales La\u00a0inscripcripci\u00f3n\u00a0es\u00a0gratutita. Una vez revisada la documentaci\u00f3n, recibir\u00e1 un correo de confirmaci\u00f3n y quedar\u00e1 matriculado en el curso Cuando realice la Inscripci\u00f3n a trav\u00e9s de esta web, deber\u00e1 aportar la&hellip;  Leer m\u00e1s","og_url":"https:\/\/blogs.uned.es\/fundacionuned\/material-rodante-ferroviario\/","og_site_name":"Fundaci\u00f3n UNED","article_modified_time":"2025-01-08T14:42:26+00:00","og_image":[{"width":960,"height":640,"url":"http:\/\/blogs.uned.es\/fundacionuned\/wp-content\/uploads\/sites\/405\/2024\/03\/Material-rodante_1.jpg","type":"image\/jpeg"}],"twitter_card":"summary_large_image","twitter_misc":{"Tiempo de lectura":"6 minutos"},"schema":{"@context":"https:\/\/schema.org","@graph":[{"@type":"WebPage","@id":"https:\/\/blogs.uned.es\/fundacionuned\/material-rodante-ferroviario\/","url":"https:\/\/blogs.uned.es\/fundacionuned\/material-rodante-ferroviario\/","name":"Material rodante ferroviario - Fundaci\u00f3n UNED","isPartOf":{"@id":"https:\/\/blogs.uned.es\/fundacionuned\/#website"},"primaryImageOfPage":{"@id":"https:\/\/blogs.uned.es\/fundacionuned\/material-rodante-ferroviario\/#primaryimage"},"image":{"@id":"https:\/\/blogs.uned.es\/fundacionuned\/material-rodante-ferroviario\/#primaryimage"},"thumbnailUrl":"https:\/\/blogs.uned.es\/fundacionuned\/wp-content\/uploads\/sites\/405\/2024\/03\/Material-rodante_1.jpg","datePublished":"2024-03-11T09:02:10+00:00","dateModified":"2025-01-08T14:42:26+00:00","breadcrumb":{"@id":"https:\/\/blogs.uned.es\/fundacionuned\/material-rodante-ferroviario\/#breadcrumb"},"inLanguage":"es","potentialAction":[{"@type":"ReadAction","target":["https:\/\/blogs.uned.es\/fundacionuned\/material-rodante-ferroviario\/"]}]},{"@type":"ImageObject","inLanguage":"es","@id":"https:\/\/blogs.uned.es\/fundacionuned\/material-rodante-ferroviario\/#primaryimage","url":"https:\/\/blogs.uned.es\/fundacionuned\/wp-content\/uploads\/sites\/405\/2024\/03\/Material-rodante_1.jpg","contentUrl":"https:\/\/blogs.uned.es\/fundacionuned\/wp-content\/uploads\/sites\/405\/2024\/03\/Material-rodante_1.jpg","width":960,"height":640},{"@type":"BreadcrumbList","@id":"https:\/\/blogs.uned.es\/fundacionuned\/material-rodante-ferroviario\/#breadcrumb","itemListElement":[{"@type":"ListItem","position":1,"name":"Portada","item":"https:\/\/blogs.uned.es\/fundacionuned\/"},{"@type":"ListItem","position":2,"name":"Material rodante ferroviario"}]},{"@type":"WebSite","@id":"https:\/\/blogs.uned.es\/fundacionuned\/#website","url":"https:\/\/blogs.uned.es\/fundacionuned\/","name":"Fundaci\u00f3n UNED","description":"Fundaci\u00f3n UNED","publisher":{"@id":"https:\/\/blogs.uned.es\/fundacionuned\/#organization"},"potentialAction":[{"@type":"SearchAction","target":{"@type":"EntryPoint","urlTemplate":"https:\/\/blogs.uned.es\/fundacionuned\/?s={search_term_string}"},"query-input":{"@type":"PropertyValueSpecification","valueRequired":true,"valueName":"search_term_string"}}],"inLanguage":"es"},{"@type":"Organization","@id":"https:\/\/blogs.uned.es\/fundacionuned\/#organization","name":"Fundaci\u00f3n UNED","url":"https:\/\/blogs.uned.es\/fundacionuned\/","logo":{"@type":"ImageObject","inLanguage":"es","@id":"https:\/\/blogs.uned.es\/fundacionuned\/#\/schema\/logo\/image\/","url":"https:\/\/blogs.uned.es\/fundacionuned\/wp-content\/uploads\/sites\/405\/2022\/12\/cropped-MicrosoftTeams-image.png","contentUrl":"https:\/\/blogs.uned.es\/fundacionuned\/wp-content\/uploads\/sites\/405\/2022\/12\/cropped-MicrosoftTeams-image.png","width":671,"height":340,"caption":"Fundaci\u00f3n UNED"},"image":{"@id":"https:\/\/blogs.uned.es\/fundacionuned\/#\/schema\/logo\/image\/"}}]}},"_links":{"self":[{"href":"https:\/\/blogs.uned.es\/fundacionuned\/wp-json\/wp\/v2\/pages\/16987","targetHints":{"allow":["GET"]}}],"collection":[{"href":"https:\/\/blogs.uned.es\/fundacionuned\/wp-json\/wp\/v2\/pages"}],"about":[{"href":"https:\/\/blogs.uned.es\/fundacionuned\/wp-json\/wp\/v2\/types\/page"}],"author":[{"embeddable":true,"href":"https:\/\/blogs.uned.es\/fundacionuned\/wp-json\/wp\/v2\/users\/7191"}],"replies":[{"embeddable":true,"href":"https:\/\/blogs.uned.es\/fundacionuned\/wp-json\/wp\/v2\/comments?post=16987"}],"version-history":[{"count":78,"href":"https:\/\/blogs.uned.es\/fundacionuned\/wp-json\/wp\/v2\/pages\/16987\/revisions"}],"predecessor-version":[{"id":22603,"href":"https:\/\/blogs.uned.es\/fundacionuned\/wp-json\/wp\/v2\/pages\/16987\/revisions\/22603"}],"wp:featuredmedia":[{"embeddable":true,"href":"https:\/\/blogs.uned.es\/fundacionuned\/wp-json\/wp\/v2\/media\/16989"}],"wp:attachment":[{"href":"https:\/\/blogs.uned.es\/fundacionuned\/wp-json\/wp\/v2\/media?parent=16987"}],"curies":[{"name":"wp","href":"https:\/\/api.w.org\/{rel}","templated":true}]}}