{"id":16951,"date":"2024-03-11T08:49:58","date_gmt":"2024-03-11T08:49:58","guid":{"rendered":"https:\/\/blogs.uned.es\/fundacionuned\/?page_id=16951"},"modified":"2025-02-20T19:29:09","modified_gmt":"2025-02-20T19:29:09","slug":"instalaciones-de-seguridad-senalizacion-ferroviaria","status":"publish","type":"page","link":"https:\/\/blogs.uned.es\/fundacionuned\/instalaciones-de-seguridad-senalizacion-ferroviaria\/","title":{"rendered":"Instalaciones de seguridad (se\u00f1alizaci\u00f3n ferroviaria)"},"content":{"rendered":"\t\t<div data-elementor-type=\"wp-page\" data-elementor-id=\"16951\" class=\"elementor elementor-16951\" data-elementor-post-type=\"page\">\n\t\t\t\t\t\t<section class=\"elementor-section elementor-top-section elementor-element elementor-element-7749b98 elementor-section-boxed elementor-section-height-default elementor-section-height-default\" data-id=\"7749b98\" data-element_type=\"section\" data-e-type=\"section\">\n\t\t\t\t\t\t<div class=\"elementor-container elementor-column-gap-default\">\n\t\t\t\t\t<div class=\"elementor-column elementor-col-33 elementor-top-column elementor-element elementor-element-0138904\" data-id=\"0138904\" data-element_type=\"column\" data-e-type=\"column\">\n\t\t\t<div class=\"elementor-widget-wrap elementor-element-populated\">\n\t\t\t\t\t\t<div class=\"elementor-element elementor-element-8996f29 elementor-widget elementor-widget-image\" data-id=\"8996f29\" data-element_type=\"widget\" data-e-type=\"widget\" data-widget_type=\"image.default\">\n\t\t\t\t<div class=\"elementor-widget-container\">\n\t\t\t\t\t\t\t\t\t\t\t\t\t\t\t<img decoding=\"async\" width=\"300\" height=\"102\" src=\"https:\/\/blogs.uned.es\/fundacionuned\/wp-content\/uploads\/sites\/405\/2024\/11\/adif1-300x102.jpg\" class=\"attachment-medium size-medium wp-image-20417\" alt=\"\" srcset=\"https:\/\/blogs.uned.es\/fundacionuned\/wp-content\/uploads\/sites\/405\/2024\/11\/adif1-300x102.jpg 300w, https:\/\/blogs.uned.es\/fundacionuned\/wp-content\/uploads\/sites\/405\/2024\/11\/adif1-768x261.jpg 768w, https:\/\/blogs.uned.es\/fundacionuned\/wp-content\/uploads\/sites\/405\/2024\/11\/adif1.jpg 883w\" sizes=\"(max-width: 300px) 100vw, 300px\" \/>\t\t\t\t\t\t\t\t\t\t\t\t\t\t\t<\/div>\n\t\t\t\t<\/div>\n\t\t\t\t\t<\/div>\n\t\t<\/div>\n\t\t\t\t<div class=\"elementor-column elementor-col-33 elementor-top-column elementor-element elementor-element-22ed54a\" data-id=\"22ed54a\" data-element_type=\"column\" data-e-type=\"column\">\n\t\t\t<div class=\"elementor-widget-wrap elementor-element-populated\">\n\t\t\t\t\t\t<div class=\"elementor-element elementor-element-299bb44 elementor-widget elementor-widget-image\" data-id=\"299bb44\" data-element_type=\"widget\" data-e-type=\"widget\" data-widget_type=\"image.default\">\n\t\t\t\t<div class=\"elementor-widget-container\">\n\t\t\t\t\t\t\t\t\t\t\t\t\t\t\t<img decoding=\"async\" width=\"160\" height=\"89\" src=\"https:\/\/blogs.uned.es\/fundacionuned\/wp-content\/uploads\/sites\/405\/2022\/12\/logo-fund-1.png\" class=\"attachment-large size-large wp-image-11723\" alt=\"\" \/>\t\t\t\t\t\t\t\t\t\t\t\t\t\t\t<\/div>\n\t\t\t\t<\/div>\n\t\t\t\t\t<\/div>\n\t\t<\/div>\n\t\t\t\t<div class=\"elementor-column elementor-col-33 elementor-top-column elementor-element elementor-element-a076050\" data-id=\"a076050\" data-element_type=\"column\" data-e-type=\"column\">\n\t\t\t<div class=\"elementor-widget-wrap elementor-element-populated\">\n\t\t\t\t\t\t<div class=\"elementor-element elementor-element-3d42667 elementor-widget elementor-widget-image\" data-id=\"3d42667\" data-element_type=\"widget\" data-e-type=\"widget\" data-widget_type=\"image.default\">\n\t\t\t\t<div class=\"elementor-widget-container\">\n\t\t\t\t\t\t\t\t\t\t\t\t\t\t\t<img decoding=\"async\" width=\"200\" height=\"65\" src=\"https:\/\/blogs.uned.es\/fundacionuned\/wp-content\/uploads\/sites\/405\/2024\/03\/Fund-ferrocarriles.png\" class=\"attachment-large size-large wp-image-17081\" alt=\"\" \/>\t\t\t\t\t\t\t\t\t\t\t\t\t\t\t<\/div>\n\t\t\t\t<\/div>\n\t\t\t\t\t<\/div>\n\t\t<\/div>\n\t\t\t\t\t<\/div>\n\t\t<\/section>\n\t\t\t\t<section class=\"elementor-section elementor-top-section elementor-element elementor-element-1e45635 elementor-section-boxed elementor-section-height-default elementor-section-height-default\" data-id=\"1e45635\" data-element_type=\"section\" data-e-type=\"section\">\n\t\t\t\t\t\t<div class=\"elementor-container elementor-column-gap-default\">\n\t\t\t\t\t<div class=\"elementor-column elementor-col-100 elementor-top-column elementor-element elementor-element-891afdf\" data-id=\"891afdf\" data-element_type=\"column\" data-e-type=\"column\">\n\t\t\t<div class=\"elementor-widget-wrap elementor-element-populated\">\n\t\t\t\t\t\t<div class=\"elementor-element elementor-element-bb120eb elementor-widget elementor-widget-text-editor\" data-id=\"bb120eb\" data-element_type=\"widget\" data-e-type=\"widget\" data-widget_type=\"text-editor.default\">\n\t\t\t\t<div class=\"elementor-widget-container\">\n\t\t\t\t\t\t\t\t\t<p style=\"text-align: justify\"><span style=\"color: #000000\">La Fundaci\u00f3n UNED y la Fundaci\u00f3n de los Ferrocarriles Espa\u00f1oles (FFE) presentan el curso\u00a0<strong>Instalaciones de seguridad (se\u00f1alizaci\u00f3n ferroviaria)<\/strong>,\u00a0enmarcado dentro del proyecto formativo de cualificaci\u00f3n y recualificaci\u00f3n de la poblaci\u00f3n activa, vinculada prioritariamente a cualificaciones profesionales en sectores estrat\u00e9gicos y mejora de las capacidades para la transici\u00f3n ecol\u00f3gica, financiado con Fondos Europeos a trav\u00e9s del Ministerio de Educaci\u00f3n y Formaci\u00f3n Profesional.<\/span><\/p>\t\t\t\t\t\t\t\t<\/div>\n\t\t\t\t<\/div>\n\t\t\t\t\t<\/div>\n\t\t<\/div>\n\t\t\t\t\t<\/div>\n\t\t<\/section>\n\t\t\t\t<section class=\"elementor-section elementor-top-section elementor-element elementor-element-5f402f3 elementor-section-boxed elementor-section-height-default elementor-section-height-default\" data-id=\"5f402f3\" data-element_type=\"section\" data-e-type=\"section\">\n\t\t\t\t\t\t<div class=\"elementor-container elementor-column-gap-default\">\n\t\t\t\t\t<div class=\"elementor-column elementor-col-50 elementor-top-column elementor-element elementor-element-d867362\" data-id=\"d867362\" data-element_type=\"column\" data-e-type=\"column\">\n\t\t\t<div class=\"elementor-widget-wrap elementor-element-populated\">\n\t\t\t\t\t\t<div class=\"elementor-element elementor-element-e6748f3 elementor-widget elementor-widget-text-editor\" data-id=\"e6748f3\" data-element_type=\"widget\" data-e-type=\"widget\" data-widget_type=\"text-editor.default\">\n\t\t\t\t<div class=\"elementor-widget-container\">\n\t\t\t\t\t\t\t\t\t<h4><strong><span style=\"color: #000000\">DIRIGIDO A:<\/span><\/strong><\/h4>\n<div class=\"x_elementToProof\"><span style=\"color: #000000\"><strong>1.\u00a0Poblaci\u00f3n activa en b\u00fasqueda de empleo<\/strong><\/span><\/div>\n<div>\u00a0<\/div>\n<div class=\"x_elementToProof\"><span style=\"color: #000000\"><strong>2.\u00a0Colectivos prioritarios:<\/strong><\/span><\/div>\n<ul>\n<li style=\"list-style-type: none\">\n<ul>\n<li><span style=\"color: #000000\">Personas trabajadoras menores de 25 a\u00f1os<\/span><\/li>\n<li><span style=\"color: #000000\">Personas trabajadoras mayores de 50 a\u00f1os<\/span><\/li>\n<li><span style=\"color: #000000\">Mujeres v\u00edctimas de violencia de g\u00e9nero<\/span><\/li>\n<li><span style=\"color: #000000\">Personas trabajadoras sin estudios acreditados<\/span><\/li>\n<li><span style=\"color: #000000\">Personas trabajadoras con baja o ninguna cualificaci\u00f3n profesional acreditada<\/span><\/li>\n<li><span style=\"color: #000000\">Personas trabajadoras con discapacidad<\/span><\/li>\n<li><span style=\"color: #000000\">Personas trabajadoras paradas de larga duraci\u00f3n<\/span><\/li>\n<li><span style=\"color: #000000\">Personas trabajadoras en situaci\u00f3n de ERTE<\/span><\/li>\n<li><span style=\"color: #000000\">Personas pertenecientes a hogares monoparentales.<\/span><\/li>\n<\/ul>\n<\/li>\n<\/ul>\t\t\t\t\t\t\t\t<\/div>\n\t\t\t\t<\/div>\n\t\t\t\t\t<\/div>\n\t\t<\/div>\n\t\t\t\t<div class=\"elementor-column elementor-col-50 elementor-top-column elementor-element elementor-element-0244e30\" data-id=\"0244e30\" data-element_type=\"column\" data-e-type=\"column\">\n\t\t\t<div class=\"elementor-widget-wrap elementor-element-populated\">\n\t\t\t\t\t\t<div class=\"elementor-element elementor-element-adc087c elementor-widget elementor-widget-text-editor\" data-id=\"adc087c\" data-element_type=\"widget\" data-e-type=\"widget\" data-widget_type=\"text-editor.default\">\n\t\t\t\t<div class=\"elementor-widget-container\">\n\t\t\t\t\t\t\t\t\t<p><span style=\"color: #000000\">La\u00a0<b>inscripcripci\u00f3n<\/b>\u00a0es\u00a0<b>gratutita<\/b>. Una vez revisada la documentaci\u00f3n, recibir\u00e1 un correo de confirmaci\u00f3n y quedar\u00e1 matriculado en el curso<\/span><\/p>\n<p><span style=\"color: #000000\">Cuando realice la Inscripci\u00f3n a trav\u00e9s de esta web, deber\u00e1 aportar la documentaci\u00f3n que acredite que pertenece a alguno de los colectivos reflejados en el apartado\u00a0<b>Dirigido a.<\/b><\/span><\/p>\n<p><span style=\"color: #000000\"><b>Documentaci\u00f3n obligatoria a aportar (solo aportar documentaci\u00f3n del colectivo al que pertenece):<\/b><\/span><\/p>\n<ul>\n<li><span style=\"color: #000000\"><b>Poblaci\u00f3n activa en b\u00fasqueda de empleo:\u00a0<\/b>vida laboral y DARDE<\/span><\/li>\n<li><span style=\"color: #000000\"><b>Personas trabajadoras menores de 25 a\u00f1os:\u00a0<\/b>vida laboral y fotocopia DNI<\/span><\/li>\n<li><span style=\"color: #000000\"><b>Personas trabajadoras mayores de 50 a\u00f1os:<\/b>\u00a0vida laboral y fotocopia DNI<\/span><\/li>\n<li><span style=\"color: #000000\"><b>Mujeres v\u00edctimas de violencia de g\u00e9nero<\/b>: documento acreditativo<\/span><\/li>\n<li><span style=\"color: #000000\"><b>Personas trabajadoras sin estudios acreditados<\/b>: vida laboral y declaraci\u00f3n responsable<\/span><\/li>\n<li><span style=\"color: #000000\"><b>Personas trabajadoras con baja o ninguna cualificaci\u00f3n profesional acreditada<\/b>: vida laboral y declaraci\u00f3n responsable<\/span><\/li>\n<li><span style=\"color: #000000\"><b>Personas trabajadoras con discapacidad<\/b>: vida laboral y copia escaneada del certificado de discapacidad reconocida del 33% o superior<\/span><\/li>\n<li><span style=\"color: #000000\"><b>Personas trabajadoras paradas de larga duraci\u00f3n<\/b>: vida laboral<\/span><\/li>\n<li><span style=\"color: #000000\"><b>Personas trabajadoras en situaci\u00f3n de ERTE<\/b>: documento acreditativo<\/span><\/li>\n<li><span style=\"color: #000000\"><b>Personas pertenecientes a hogares monoparentales<\/b>: certificado de empadronamiento y fotocopia del libro de familia<\/span><\/li>\n<\/ul>\t\t\t\t\t\t\t\t<\/div>\n\t\t\t\t<\/div>\n\t\t\t\t\t<\/div>\n\t\t<\/div>\n\t\t\t\t\t<\/div>\n\t\t<\/section>\n\t\t\t\t<section class=\"elementor-section elementor-top-section elementor-element elementor-element-59404c5 elementor-section-boxed elementor-section-height-default elementor-section-height-default\" data-id=\"59404c5\" data-element_type=\"section\" data-e-type=\"section\">\n\t\t\t\t\t\t<div class=\"elementor-container elementor-column-gap-default\">\n\t\t\t\t\t<div class=\"elementor-column elementor-col-100 elementor-top-column elementor-element elementor-element-fe40690\" data-id=\"fe40690\" data-element_type=\"column\" data-e-type=\"column\">\n\t\t\t<div class=\"elementor-widget-wrap elementor-element-populated\">\n\t\t\t\t\t\t<div class=\"elementor-element elementor-element-867b381 elementor-tabs-view-horizontal elementor-widget elementor-widget-tabs\" data-id=\"867b381\" data-element_type=\"widget\" data-e-type=\"widget\" data-widget_type=\"tabs.default\">\n\t\t\t\t<div class=\"elementor-widget-container\">\n\t\t\t\t\t\t\t<div class=\"elementor-tabs\">\n\t\t\t<div class=\"elementor-tabs-wrapper\" role=\"tablist\" >\n\t\t\t\t\t\t\t\t\t<div id=\"elementor-tab-title-1411\" class=\"elementor-tab-title elementor-tab-desktop-title\" aria-selected=\"true\" data-tab=\"1\" role=\"tab\" tabindex=\"0\" aria-controls=\"elementor-tab-content-1411\" aria-expanded=\"false\">Fechas y horas<\/div>\n\t\t\t\t\t\t\t\t\t<div id=\"elementor-tab-title-1412\" class=\"elementor-tab-title elementor-tab-desktop-title\" aria-selected=\"false\" data-tab=\"2\" role=\"tab\" tabindex=\"-1\" aria-controls=\"elementor-tab-content-1412\" aria-expanded=\"false\">Programa<\/div>\n\t\t\t\t\t\t\t\t\t<div id=\"elementor-tab-title-1413\" class=\"elementor-tab-title elementor-tab-desktop-title\" aria-selected=\"false\" data-tab=\"3\" role=\"tab\" tabindex=\"-1\" aria-controls=\"elementor-tab-content-1413\" aria-expanded=\"false\">Equipo docente<\/div>\n\t\t\t\t\t\t\t\t\t<div id=\"elementor-tab-title-1414\" class=\"elementor-tab-title elementor-tab-desktop-title\" aria-selected=\"false\" data-tab=\"4\" role=\"tab\" tabindex=\"-1\" aria-controls=\"elementor-tab-content-1414\" aria-expanded=\"false\">Objetivos y metodolog\u00eda<\/div>\n\t\t\t\t\t\t\t\t\t<div id=\"elementor-tab-title-1415\" class=\"elementor-tab-title elementor-tab-desktop-title\" aria-selected=\"false\" data-tab=\"5\" role=\"tab\" tabindex=\"-1\" aria-controls=\"elementor-tab-content-1415\" aria-expanded=\"false\">Documentaci\u00f3n a aportar<\/div>\n\t\t\t\t\t\t\t\t\t<div id=\"elementor-tab-title-1416\" class=\"elementor-tab-title elementor-tab-desktop-title\" aria-selected=\"false\" data-tab=\"6\" role=\"tab\" tabindex=\"-1\" aria-controls=\"elementor-tab-content-1416\" aria-expanded=\"false\">M\u00e1s informaci\u00f3n<\/div>\n\t\t\t\t\t\t\t<\/div>\n\t\t\t<div class=\"elementor-tabs-content-wrapper\" role=\"tablist\" aria-orientation=\"vertical\">\n\t\t\t\t\t\t\t\t\t<div class=\"elementor-tab-title elementor-tab-mobile-title\" aria-selected=\"true\" data-tab=\"1\" role=\"tab\" tabindex=\"0\" aria-controls=\"elementor-tab-content-1411\" aria-expanded=\"false\">Fechas y horas<\/div>\n\t\t\t\t\t<div id=\"elementor-tab-content-1411\" class=\"elementor-tab-content elementor-clearfix\" data-tab=\"1\" role=\"tabpanel\" aria-labelledby=\"elementor-tab-title-1411\" tabindex=\"0\" hidden=\"false\"><p><span style=\"color: #000000\">Del 24 de febrero al 31 de marzo de 2025<\/span><\/p>\n<p><span style=\"color: #000000\">Horas: 52<\/span><\/p>\n<p><span style=\"color: #000000\">Modalidad: teleformaci\u00f3n<\/span><\/p><\/div>\n\t\t\t\t\t\t\t\t\t<div class=\"elementor-tab-title elementor-tab-mobile-title\" aria-selected=\"false\" data-tab=\"2\" role=\"tab\" tabindex=\"-1\" aria-controls=\"elementor-tab-content-1412\" aria-expanded=\"false\">Programa<\/div>\n\t\t\t\t\t<div id=\"elementor-tab-content-1412\" class=\"elementor-tab-content elementor-clearfix\" data-tab=\"2\" role=\"tabpanel\" aria-labelledby=\"elementor-tab-title-1412\" tabindex=\"0\" hidden=\"hidden\"><p><span style=\"color: #000000\"><b>1. Introducci\u00f3n a la se\u00f1alizaci\u00f3n ferroviaria<\/b><\/span><br \/><span style=\"color: #000000\"><b>2. Elementos b\u00e1sicos en Instalaciones de Seguridad<\/b><\/span><br \/><span style=\"color: #000000\">2.1. Circuitos de v\u00eda.<\/span><br \/><span style=\"color: #000000\">2.2. Se\u00f1ales, rel\u00e9s y accionamientos de aguja.<\/span><br \/><span style=\"color: #000000\">2.3. Suministros de energ\u00eda<\/span><br \/><span style=\"color: #000000\"><b>3. Tendido de cables<\/b><\/span><br \/><span style=\"color: #000000\">3.1. Norma NAS<\/span><br \/><span style=\"color: #000000\">3.2. Cables<\/span><br \/><span style=\"color: #000000\"><b>4. Canalizaci\u00f3n en estaciones<\/b><\/span><br \/><span style=\"color: #000000\">4.1. Galer\u00edas de servicio<\/span><br \/><span style=\"color: #000000\">4.2. Tajea<\/span><br \/><span style=\"color: #000000\">4.3. Canalizaciones<\/span><br \/><span style=\"color: #000000\"><b>5. Tendidos en trayectos<\/b><\/span><br \/><span style=\"color: #000000\">5.1. Zanjas<\/span><br \/><span style=\"color: #000000\">5.2. Canaletas pl\u00e1sticas<\/span><br \/><span style=\"color: #000000\">5.3. Soportes murales<\/span><br \/><span style=\"color: #000000\"><b>6. Registros<\/b><\/span><br \/><span style=\"color: #000000\">6.1. Arquetas<\/span><br \/><span style=\"color: #000000\">6.2. C\u00e1maras<\/span><br \/><span style=\"color: #000000\">6.3. C\u00e1maras especiales<\/span><br \/><span style=\"color: #000000\"><b>7. Pasos a nivel<\/b><\/span><br \/><span style=\"color: #000000\">7.1. Clasificaci\u00f3n de PN<\/span><br \/><span style=\"color: #000000\">7.2. Pasos a nivel<\/span><br \/><span style=\"color: #000000\"><b>8. Enclavamientos y sistemas de control y protecci\u00f3n<\/b><\/span><br \/><span style=\"color: #000000\">8.1. Enclavamientos y bloqueos<\/span><br \/><span style=\"color: #000000\">8.2. Control de tr\u00e1fico centralizado<\/span><br \/><span style=\"color: #000000\">8.3. ATP\/ATC<\/span><\/p><\/div>\n\t\t\t\t\t\t\t\t\t<div class=\"elementor-tab-title elementor-tab-mobile-title\" aria-selected=\"false\" data-tab=\"3\" role=\"tab\" tabindex=\"-1\" aria-controls=\"elementor-tab-content-1413\" aria-expanded=\"false\">Equipo docente<\/div>\n\t\t\t\t\t<div id=\"elementor-tab-content-1413\" class=\"elementor-tab-content elementor-clearfix\" data-tab=\"3\" role=\"tabpanel\" aria-labelledby=\"elementor-tab-title-1413\" tabindex=\"0\" hidden=\"hidden\"><h3><span style=\"color: #000000\"><strong>Dirigido por<\/strong><\/span><\/h3>\n<div><span style=\"color: #000000\"><strong>Francisco Javier S\u00e1nchez Bolumar<\/strong><\/span><\/div>\n<dl id=\"ponencias\">\n<dd><span style=\"color: #000000\">Licenciado en Inform\u00e1tica. DEA en Telecomunicaciones. Master en Proyecto, Construcci\u00f3n y Mantenimiento de Infraestructuras Ferroviarias. Experiencia de m\u00e1s de 20 a\u00f1os en Direcci\u00f3n acad\u00e9mica.<\/span><\/dd>\n<\/dl>\n<h3><span style=\"color: #000000\"><strong>Coordinado por<\/strong><\/span><\/h3>\n<div><span style=\"color: #000000\"><strong>Rosa M. Egido Herrera<\/strong><\/span><\/div>\n<dl id=\"ponencias\">\n<dd><span style=\"color: #000000\">Licenciada en Biolog\u00eda. Certificado de Aptitud Pedag\u00f3gica. Especializaci\u00f3n en Transportes Terrestres. Experiencia de 25 a\u00f1os en Coordinaci\u00f3n y Direcci\u00f3n Acad\u00e9mica. Programaci\u00f3n, gesti\u00f3n y organizaci\u00f3n de Acciones Formativas.<\/span><\/dd>\n<\/dl>\n<h3><span style=\"color: #000000\"><strong>Docentes<\/strong><\/span><\/h3>\n<div><span style=\"color: #000000\"><strong>Mar\u00eda Blanca P\u00e9rez Cruz<\/strong><\/span><\/div>\n<dl>\n<dd><span style=\"color: #000000\">Ingeniero T\u00e9cnico Industrial. Experta en Instalaciones de Seguridad y Sistemas de Se\u00f1alizaci\u00f3n Ferroviaria (Mantenimiento). Experiencia de m\u00e1s de 15 a\u00f1os en la materia completa objeto del curso. Tutorizar\u00e1 a un grupo de alumnos durante todo el curso.<\/span><\/dd>\n<\/dl>\n<div><span style=\"color: #000000\"><strong>Carlos Piera Beltr\u00e1n<\/strong><\/span><\/div>\n<dl id=\"ponencias\">\n<dd><span style=\"color: #000000\">Ingeniero T\u00e9cnico Industrial. Experto en Instalaciones de Seguridad y Sistemas de Se\u00f1alizaci\u00f3n Ferroviaria (Proyectos y Mantenimiento). Experiencia de m\u00e1s de 30 a\u00f1os en la materia completa objeto del curso. Tutorizar\u00e1 a un grupo de alumnos durante todo el curso.<\/span><\/dd>\n<\/dl><\/div>\n\t\t\t\t\t\t\t\t\t<div class=\"elementor-tab-title elementor-tab-mobile-title\" aria-selected=\"false\" data-tab=\"4\" role=\"tab\" tabindex=\"-1\" aria-controls=\"elementor-tab-content-1414\" aria-expanded=\"false\">Objetivos y metodolog\u00eda<\/div>\n\t\t\t\t\t<div id=\"elementor-tab-content-1414\" class=\"elementor-tab-content elementor-clearfix\" data-tab=\"4\" role=\"tabpanel\" aria-labelledby=\"elementor-tab-title-1414\" tabindex=\"0\" hidden=\"hidden\"><h3><span style=\"color: #000000\"><strong>Objetivos<\/strong><\/span><\/h3>\n<p><span style=\"color: #000000\">Aprender las t\u00e9cnicas fundamentales de se\u00f1alizaci\u00f3n ferroviaria, los diferentes sistemas de detecci\u00f3n y protecci\u00f3n de trenes, y los sistemas de establecimiento de ruta, enclavamientos y bloqueos.<\/span><br \/><span style=\"color: #000000\">Capacitar a los participantes en los conocimientos b\u00e1sicos de las instalaciones de seguridad y se\u00f1alizaci\u00f3n ferroviaria.<\/span><\/p>\n<h3><span style=\"color: #000000\"><strong>Metodolog\u00eda<\/strong><\/span><\/h3>\n<p><span style=\"color: #000000\">52 horas (50 horas en plataforma de teleformaci\u00f3n y 2 horas telepresenciales TEAMS)<\/span><br \/><span style=\"color: #000000\">Material multimedia HTML5 en plataforma de teleformaci\u00f3n<\/span><\/p>\n<h3><span style=\"color: #000000\"><strong>Sistema de evaluaci\u00f3n<\/strong><\/span><\/h3>\n<p><span style=\"color: #000000\">Autoevaluaciones en cada cap\u00edtulo y prueba de evaluaci\u00f3n final.<\/span><\/p><\/div>\n\t\t\t\t\t\t\t\t\t<div class=\"elementor-tab-title elementor-tab-mobile-title\" aria-selected=\"false\" data-tab=\"5\" role=\"tab\" tabindex=\"-1\" aria-controls=\"elementor-tab-content-1415\" aria-expanded=\"false\">Documentaci\u00f3n a aportar<\/div>\n\t\t\t\t\t<div id=\"elementor-tab-content-1415\" class=\"elementor-tab-content elementor-clearfix\" data-tab=\"5\" role=\"tabpanel\" aria-labelledby=\"elementor-tab-title-1415\" tabindex=\"0\" hidden=\"hidden\"><p><span style=\"color: #000000\">La\u00a0<b>inscripcripci\u00f3n<\/b>\u00a0es\u00a0<b>gratutita<\/b>. Una vez revisada la documentaci\u00f3n, recibir\u00e1 un correo de confirmaci\u00f3n y quedar\u00e1 matriculado en el curso<\/span><\/p>\n<p><span style=\"color: #000000\">Cuando realice la Inscripci\u00f3n a trav\u00e9s de esta web, deber\u00e1 aportar la documentaci\u00f3n que acredite que pertenece a alguno de los colectivos reflejados en el apartado\u00a0<b>Dirigido a.<\/b><\/span><\/p>\n<p><span style=\"color: #000000\"><b>Documentaci\u00f3n obligatoria a aportar (solo aportar documentaci\u00f3n del colectivo al que pertenece):<\/b><\/span><\/p>\n<ul>\n<li><span style=\"color: #000000\"><b>Poblaci\u00f3n activa en b\u00fasqueda de empleo:\u00a0<\/b>vida laboral y DARDE<\/span><\/li>\n<li><span style=\"color: #000000\"><b>Personas trabajadoras menores de 25 a\u00f1os:\u00a0<\/b>vida laboral y fotocopia DNI<\/span><\/li>\n<li><span style=\"color: #000000\"><b>Personas trabajadoras mayores de 50 a\u00f1os:<\/b>\u00a0vida laboral y fotocopia DNI<\/span><\/li>\n<li><span style=\"color: #000000\"><b>Mujeres v\u00edctimas de violencia de g\u00e9nero<\/b>: documento acreditativo<\/span><\/li>\n<li><span style=\"color: #000000\"><b>Personas trabajadoras sin estudios acreditados<\/b>: vida laboral y declaraci\u00f3n responsable<\/span><\/li>\n<li><span style=\"color: #000000\"><b>Personas trabajadoras con baja o ninguna cualificaci\u00f3n profesional acreditada<\/b>: vida laboral y declaraci\u00f3n responsable<\/span><\/li>\n<li><span style=\"color: #000000\"><b>Personas trabajadoras con discapacidad<\/b>: vida laboral y copia escaneada del certificado de discapacidad reconocida del 33% o superior<\/span><\/li>\n<li><span style=\"color: #000000\"><b>Personas trabajadoras paradas de larga duraci\u00f3n<\/b>: vida laboral<\/span><\/li>\n<li><span style=\"color: #000000\"><b>Personas trabajadoras en situaci\u00f3n de ERTE<\/b>: documento acreditativo<\/span><\/li>\n<li><span style=\"color: #000000\"><b>Personas pertenecientes a hogares monoparentales<\/b>: certificado de empadronamiento y fotocopia del libro de familia<\/span><\/li>\n<\/ul><\/div>\n\t\t\t\t\t\t\t\t\t<div class=\"elementor-tab-title elementor-tab-mobile-title\" aria-selected=\"false\" data-tab=\"6\" role=\"tab\" tabindex=\"-1\" aria-controls=\"elementor-tab-content-1416\" aria-expanded=\"false\">M\u00e1s informaci\u00f3n<\/div>\n\t\t\t\t\t<div id=\"elementor-tab-content-1416\" class=\"elementor-tab-content elementor-clearfix\" data-tab=\"6\" role=\"tabpanel\" aria-labelledby=\"elementor-tab-title-1416\" tabindex=\"0\" hidden=\"hidden\"><h3><strong><span style=\"color: #000000\">Fundaci\u00f3n UNED<\/span><\/strong><\/h3>\n<p><span style=\"color: #000000\">Calle Guzm\u00e1n el Bueno, 133 &#8211; Edificio Germania, 1\u00aa planta<\/span><br \/><span style=\"color: #000000\">28003 Madrid Madrid<\/span><br \/><span style=\"color: #000000\">91 386 72 75 \/ erodriguez@fundacion.uned.es<\/span><\/p><\/div>\n\t\t\t\t\t\t\t<\/div>\n\t\t<\/div>\n\t\t\t\t\t\t<\/div>\n\t\t\t\t<\/div>\n\t\t\t\t\t<\/div>\n\t\t<\/div>\n\t\t\t\t\t<\/div>\n\t\t<\/section>\n\t\t\t\t<section class=\"elementor-section elementor-top-section elementor-element elementor-element-3f90928 elementor-section-boxed elementor-section-height-default elementor-section-height-default\" data-id=\"3f90928\" data-element_type=\"section\" data-e-type=\"section\">\n\t\t\t\t\t\t<div class=\"elementor-container elementor-column-gap-default\">\n\t\t\t\t\t<div class=\"elementor-column elementor-col-50 elementor-top-column elementor-element elementor-element-7848ec2\" data-id=\"7848ec2\" data-element_type=\"column\" data-e-type=\"column\">\n\t\t\t<div class=\"elementor-widget-wrap elementor-element-populated\">\n\t\t\t\t\t\t<div class=\"elementor-element elementor-element-75526a7 elementor-widget elementor-widget-text-editor\" data-id=\"75526a7\" data-element_type=\"widget\" data-e-type=\"widget\" data-widget_type=\"text-editor.default\">\n\t\t\t\t<div class=\"elementor-widget-container\">\n\t\t\t\t\t\t\t\t\t<h3><strong>Financiado por:<\/strong><\/h3>\t\t\t\t\t\t\t\t<\/div>\n\t\t\t\t<\/div>\n\t\t\t\t\t<\/div>\n\t\t<\/div>\n\t\t\t\t<div class=\"elementor-column elementor-col-50 elementor-top-column elementor-element elementor-element-96ccbf1\" data-id=\"96ccbf1\" data-element_type=\"column\" data-e-type=\"column\">\n\t\t\t<div class=\"elementor-widget-wrap\">\n\t\t\t\t\t\t\t<\/div>\n\t\t<\/div>\n\t\t\t\t\t<\/div>\n\t\t<\/section>\n\t\t\t\t<section class=\"elementor-section elementor-top-section elementor-element elementor-element-4870211 elementor-section-boxed elementor-section-height-default elementor-section-height-default\" data-id=\"4870211\" data-element_type=\"section\" data-e-type=\"section\">\n\t\t\t\t\t\t<div class=\"elementor-container elementor-column-gap-default\">\n\t\t\t\t\t<div class=\"elementor-column elementor-col-33 elementor-top-column elementor-element elementor-element-20594c6\" data-id=\"20594c6\" data-element_type=\"column\" data-e-type=\"column\">\n\t\t\t<div class=\"elementor-widget-wrap elementor-element-populated\">\n\t\t\t\t\t\t<div class=\"elementor-element elementor-element-a41df59 elementor-widget elementor-widget-image\" data-id=\"a41df59\" data-element_type=\"widget\" data-e-type=\"widget\" data-widget_type=\"image.default\">\n\t\t\t\t<div class=\"elementor-widget-container\">\n\t\t\t\t\t\t\t\t\t\t\t\t\t\t\t<img loading=\"lazy\" decoding=\"async\" width=\"800\" height=\"213\" src=\"https:\/\/blogs.uned.es\/fundacionuned\/wp-content\/uploads\/sites\/405\/2024\/03\/Logo-Financiado-por-la-Union-Europea_PANTONE-1024x272.jpg\" class=\"attachment-large size-large wp-image-16653\" alt=\"\" srcset=\"https:\/\/blogs.uned.es\/fundacionuned\/wp-content\/uploads\/sites\/405\/2024\/03\/Logo-Financiado-por-la-Union-Europea_PANTONE-1024x272.jpg 1024w, https:\/\/blogs.uned.es\/fundacionuned\/wp-content\/uploads\/sites\/405\/2024\/03\/Logo-Financiado-por-la-Union-Europea_PANTONE-300x80.jpg 300w, https:\/\/blogs.uned.es\/fundacionuned\/wp-content\/uploads\/sites\/405\/2024\/03\/Logo-Financiado-por-la-Union-Europea_PANTONE-768x204.jpg 768w, https:\/\/blogs.uned.es\/fundacionuned\/wp-content\/uploads\/sites\/405\/2024\/03\/Logo-Financiado-por-la-Union-Europea_PANTONE-1536x407.jpg 1536w, https:\/\/blogs.uned.es\/fundacionuned\/wp-content\/uploads\/sites\/405\/2024\/03\/Logo-Financiado-por-la-Union-Europea_PANTONE-2048x543.jpg 2048w\" sizes=\"(max-width: 800px) 100vw, 800px\" \/>\t\t\t\t\t\t\t\t\t\t\t\t\t\t\t<\/div>\n\t\t\t\t<\/div>\n\t\t\t\t\t<\/div>\n\t\t<\/div>\n\t\t\t\t<div class=\"elementor-column elementor-col-33 elementor-top-column elementor-element elementor-element-acbb425\" data-id=\"acbb425\" data-element_type=\"column\" data-e-type=\"column\">\n\t\t\t<div class=\"elementor-widget-wrap elementor-element-populated\">\n\t\t\t\t\t\t<div class=\"elementor-element elementor-element-65f7e2d elementor-widget elementor-widget-image\" data-id=\"65f7e2d\" data-element_type=\"widget\" data-e-type=\"widget\" data-widget_type=\"image.default\">\n\t\t\t\t<div class=\"elementor-widget-container\">\n\t\t\t\t\t\t\t\t\t\t\t\t\t\t\t<img loading=\"lazy\" decoding=\"async\" width=\"200\" height=\"113\" src=\"https:\/\/blogs.uned.es\/fundacionuned\/wp-content\/uploads\/sites\/405\/2024\/03\/Logo-PRTR-vertical_COLOR-e1732272348882.jpg\" class=\"attachment-medium size-medium wp-image-16649\" alt=\"\" \/>\t\t\t\t\t\t\t\t\t\t\t\t\t\t\t<\/div>\n\t\t\t\t<\/div>\n\t\t\t\t\t<\/div>\n\t\t<\/div>\n\t\t\t\t<div class=\"elementor-column elementor-col-33 elementor-top-column elementor-element elementor-element-10b95db\" data-id=\"10b95db\" data-element_type=\"column\" data-e-type=\"column\">\n\t\t\t<div class=\"elementor-widget-wrap elementor-element-populated\">\n\t\t\t\t\t\t<div class=\"elementor-element elementor-element-79b3941 elementor-widget elementor-widget-image\" data-id=\"79b3941\" data-element_type=\"widget\" data-e-type=\"widget\" data-widget_type=\"image.default\">\n\t\t\t\t<div class=\"elementor-widget-container\">\n\t\t\t\t\t\t\t\t\t\t\t\t\t\t\t<img loading=\"lazy\" decoding=\"async\" width=\"300\" height=\"62\" src=\"https:\/\/blogs.uned.es\/fundacionuned\/wp-content\/uploads\/sites\/405\/2024\/11\/Logotipo_del_Ministerio_de_Educacion_Formacion_Profesional_y_Deportes-300x62.png\" class=\"attachment-medium size-medium wp-image-21701\" alt=\"\" srcset=\"https:\/\/blogs.uned.es\/fundacionuned\/wp-content\/uploads\/sites\/405\/2024\/11\/Logotipo_del_Ministerio_de_Educacion_Formacion_Profesional_y_Deportes-300x62.png 300w, https:\/\/blogs.uned.es\/fundacionuned\/wp-content\/uploads\/sites\/405\/2024\/11\/Logotipo_del_Ministerio_de_Educacion_Formacion_Profesional_y_Deportes-768x159.png 768w, https:\/\/blogs.uned.es\/fundacionuned\/wp-content\/uploads\/sites\/405\/2024\/11\/Logotipo_del_Ministerio_de_Educacion_Formacion_Profesional_y_Deportes.png 800w\" sizes=\"(max-width: 300px) 100vw, 300px\" \/>\t\t\t\t\t\t\t\t\t\t\t\t\t\t\t<\/div>\n\t\t\t\t<\/div>\n\t\t\t\t\t<\/div>\n\t\t<\/div>\n\t\t\t\t\t<\/div>\n\t\t<\/section>\n\t\t\t\t<\/div>\n\t\t","protected":false},"excerpt":{"rendered":"<p>La Fundaci\u00f3n UNED y la Fundaci\u00f3n de los Ferrocarriles Espa\u00f1oles (FFE) presentan el curso\u00a0Instalaciones de seguridad (se\u00f1alizaci\u00f3n ferroviaria),\u00a0enmarcado dentro del proyecto formativo de cualificaci\u00f3n y recualificaci\u00f3n de la poblaci\u00f3n activa, vinculada prioritariamente a cualificaciones profesionales en sectores estrat\u00e9gicos y mejora de las capacidades para la transici\u00f3n ecol\u00f3gica, financiado con Fondos Europeos a trav\u00e9s del Ministerio de Educaci\u00f3n y Formaci\u00f3n Profesional. DIRIGIDO A: 1.\u00a0Poblaci\u00f3n activa en b\u00fasqueda de empleo \u00a0 2.\u00a0Colectivos prioritarios: Personas trabajadoras menores de 25 a\u00f1os Personas trabajadoras mayores de 50 a\u00f1os Mujeres v\u00edctimas de violencia de g\u00e9nero Personas trabajadoras sin estudios acreditados Personas trabajadoras con baja o ninguna cualificaci\u00f3n profesional acreditada Personas trabajadoras con discapacidad Personas trabajadoras paradas de larga duraci\u00f3n Personas trabajadoras en situaci\u00f3n de ERTE Personas pertenecientes a hogares monoparentales. La\u00a0inscripcripci\u00f3n\u00a0es\u00a0gratutita. Una vez revisada la documentaci\u00f3n, recibir\u00e1 un correo de confirmaci\u00f3n y quedar\u00e1 matriculado en el curso Cuando realice la Inscripci\u00f3n a trav\u00e9s de esta web,&hellip;<\/p>\n<p> <a class=\"more-link\" href=\"https:\/\/blogs.uned.es\/fundacionuned\/instalaciones-de-seguridad-senalizacion-ferroviaria\/\">Leer m\u00e1s<\/a><\/p>\n","protected":false},"author":7191,"featured_media":16955,"parent":0,"menu_order":0,"comment_status":"closed","ping_status":"closed","template":"","meta":{"footnotes":""},"class_list":["post-16951","page","type-page","status-publish","has-post-thumbnail"],"yoast_head":"<!-- This site is optimized with the Yoast SEO plugin v27.2 - https:\/\/yoast.com\/product\/yoast-seo-wordpress\/ -->\n<title>Instalaciones de seguridad (se\u00f1alizaci\u00f3n ferroviaria) - Fundaci\u00f3n UNED<\/title>\n<meta name=\"robots\" content=\"index, follow, max-snippet:-1, max-image-preview:large, max-video-preview:-1\" \/>\n<link rel=\"canonical\" href=\"https:\/\/blogs.uned.es\/fundacionuned\/instalaciones-de-seguridad-senalizacion-ferroviaria\/\" \/>\n<meta property=\"og:locale\" content=\"es_ES\" \/>\n<meta property=\"og:type\" content=\"article\" \/>\n<meta property=\"og:title\" content=\"Instalaciones de seguridad (se\u00f1alizaci\u00f3n ferroviaria) - Fundaci\u00f3n UNED\" \/>\n<meta property=\"og:description\" content=\"La Fundaci\u00f3n UNED y la Fundaci\u00f3n de los Ferrocarriles Espa\u00f1oles (FFE) presentan el curso\u00a0Instalaciones de seguridad (se\u00f1alizaci\u00f3n ferroviaria),\u00a0enmarcado dentro del proyecto formativo de cualificaci\u00f3n y recualificaci\u00f3n de la poblaci\u00f3n activa, vinculada prioritariamente a cualificaciones profesionales en sectores estrat\u00e9gicos y mejora de las capacidades para la transici\u00f3n ecol\u00f3gica, financiado con Fondos Europeos a trav\u00e9s del Ministerio de Educaci\u00f3n y Formaci\u00f3n Profesional. DIRIGIDO A: 1.\u00a0Poblaci\u00f3n activa en b\u00fasqueda de empleo \u00a0 2.\u00a0Colectivos prioritarios: Personas trabajadoras menores de 25 a\u00f1os Personas trabajadoras mayores de 50 a\u00f1os Mujeres v\u00edctimas de violencia de g\u00e9nero Personas trabajadoras sin estudios acreditados Personas trabajadoras con baja o ninguna cualificaci\u00f3n profesional acreditada Personas trabajadoras con discapacidad Personas trabajadoras paradas de larga duraci\u00f3n Personas trabajadoras en situaci\u00f3n de ERTE Personas pertenecientes a hogares monoparentales. La\u00a0inscripcripci\u00f3n\u00a0es\u00a0gratutita. Una vez revisada la documentaci\u00f3n, recibir\u00e1 un correo de confirmaci\u00f3n y quedar\u00e1 matriculado en el curso Cuando realice la Inscripci\u00f3n a trav\u00e9s de esta web,&hellip;  Leer m\u00e1s\" \/>\n<meta property=\"og:url\" content=\"https:\/\/blogs.uned.es\/fundacionuned\/instalaciones-de-seguridad-senalizacion-ferroviaria\/\" \/>\n<meta property=\"og:site_name\" content=\"Fundaci\u00f3n UNED\" \/>\n<meta property=\"article:modified_time\" content=\"2025-02-20T19:29:09+00:00\" \/>\n<meta property=\"og:image\" content=\"http:\/\/blogs.uned.es\/fundacionuned\/wp-content\/uploads\/sites\/405\/2024\/03\/senalizacion-ferroviaria_1.jpg\" \/>\n\t<meta property=\"og:image:width\" content=\"960\" \/>\n\t<meta property=\"og:image:height\" content=\"640\" \/>\n\t<meta property=\"og:image:type\" content=\"image\/jpeg\" \/>\n<meta name=\"twitter:card\" content=\"summary_large_image\" \/>\n<meta name=\"twitter:label1\" content=\"Tiempo de lectura\" \/>\n\t<meta name=\"twitter:data1\" content=\"6 minutos\" \/>\n<script type=\"application\/ld+json\" class=\"yoast-schema-graph\">{\"@context\":\"https:\/\/schema.org\",\"@graph\":[{\"@type\":\"WebPage\",\"@id\":\"https:\/\/blogs.uned.es\/fundacionuned\/instalaciones-de-seguridad-senalizacion-ferroviaria\/\",\"url\":\"https:\/\/blogs.uned.es\/fundacionuned\/instalaciones-de-seguridad-senalizacion-ferroviaria\/\",\"name\":\"Instalaciones de seguridad (se\u00f1alizaci\u00f3n ferroviaria) - Fundaci\u00f3n UNED\",\"isPartOf\":{\"@id\":\"https:\/\/blogs.uned.es\/fundacionuned\/#website\"},\"primaryImageOfPage\":{\"@id\":\"https:\/\/blogs.uned.es\/fundacionuned\/instalaciones-de-seguridad-senalizacion-ferroviaria\/#primaryimage\"},\"image\":{\"@id\":\"https:\/\/blogs.uned.es\/fundacionuned\/instalaciones-de-seguridad-senalizacion-ferroviaria\/#primaryimage\"},\"thumbnailUrl\":\"https:\/\/blogs.uned.es\/fundacionuned\/wp-content\/uploads\/sites\/405\/2024\/03\/senalizacion-ferroviaria_1.jpg\",\"datePublished\":\"2024-03-11T08:49:58+00:00\",\"dateModified\":\"2025-02-20T19:29:09+00:00\",\"breadcrumb\":{\"@id\":\"https:\/\/blogs.uned.es\/fundacionuned\/instalaciones-de-seguridad-senalizacion-ferroviaria\/#breadcrumb\"},\"inLanguage\":\"es\",\"potentialAction\":[{\"@type\":\"ReadAction\",\"target\":[\"https:\/\/blogs.uned.es\/fundacionuned\/instalaciones-de-seguridad-senalizacion-ferroviaria\/\"]}]},{\"@type\":\"ImageObject\",\"inLanguage\":\"es\",\"@id\":\"https:\/\/blogs.uned.es\/fundacionuned\/instalaciones-de-seguridad-senalizacion-ferroviaria\/#primaryimage\",\"url\":\"https:\/\/blogs.uned.es\/fundacionuned\/wp-content\/uploads\/sites\/405\/2024\/03\/senalizacion-ferroviaria_1.jpg\",\"contentUrl\":\"https:\/\/blogs.uned.es\/fundacionuned\/wp-content\/uploads\/sites\/405\/2024\/03\/senalizacion-ferroviaria_1.jpg\",\"width\":960,\"height\":640},{\"@type\":\"BreadcrumbList\",\"@id\":\"https:\/\/blogs.uned.es\/fundacionuned\/instalaciones-de-seguridad-senalizacion-ferroviaria\/#breadcrumb\",\"itemListElement\":[{\"@type\":\"ListItem\",\"position\":1,\"name\":\"Portada\",\"item\":\"https:\/\/blogs.uned.es\/fundacionuned\/\"},{\"@type\":\"ListItem\",\"position\":2,\"name\":\"Instalaciones de seguridad (se\u00f1alizaci\u00f3n ferroviaria)\"}]},{\"@type\":\"WebSite\",\"@id\":\"https:\/\/blogs.uned.es\/fundacionuned\/#website\",\"url\":\"https:\/\/blogs.uned.es\/fundacionuned\/\",\"name\":\"Fundaci\u00f3n UNED\",\"description\":\"Fundaci\u00f3n UNED\",\"publisher\":{\"@id\":\"https:\/\/blogs.uned.es\/fundacionuned\/#organization\"},\"potentialAction\":[{\"@type\":\"SearchAction\",\"target\":{\"@type\":\"EntryPoint\",\"urlTemplate\":\"https:\/\/blogs.uned.es\/fundacionuned\/?s={search_term_string}\"},\"query-input\":{\"@type\":\"PropertyValueSpecification\",\"valueRequired\":true,\"valueName\":\"search_term_string\"}}],\"inLanguage\":\"es\"},{\"@type\":\"Organization\",\"@id\":\"https:\/\/blogs.uned.es\/fundacionuned\/#organization\",\"name\":\"Fundaci\u00f3n UNED\",\"url\":\"https:\/\/blogs.uned.es\/fundacionuned\/\",\"logo\":{\"@type\":\"ImageObject\",\"inLanguage\":\"es\",\"@id\":\"https:\/\/blogs.uned.es\/fundacionuned\/#\/schema\/logo\/image\/\",\"url\":\"https:\/\/blogs.uned.es\/fundacionuned\/wp-content\/uploads\/sites\/405\/2022\/12\/cropped-MicrosoftTeams-image.png\",\"contentUrl\":\"https:\/\/blogs.uned.es\/fundacionuned\/wp-content\/uploads\/sites\/405\/2022\/12\/cropped-MicrosoftTeams-image.png\",\"width\":671,\"height\":340,\"caption\":\"Fundaci\u00f3n UNED\"},\"image\":{\"@id\":\"https:\/\/blogs.uned.es\/fundacionuned\/#\/schema\/logo\/image\/\"}}]}<\/script>\n<!-- \/ Yoast SEO plugin. -->","yoast_head_json":{"title":"Instalaciones de seguridad (se\u00f1alizaci\u00f3n ferroviaria) - Fundaci\u00f3n UNED","robots":{"index":"index","follow":"follow","max-snippet":"max-snippet:-1","max-image-preview":"max-image-preview:large","max-video-preview":"max-video-preview:-1"},"canonical":"https:\/\/blogs.uned.es\/fundacionuned\/instalaciones-de-seguridad-senalizacion-ferroviaria\/","og_locale":"es_ES","og_type":"article","og_title":"Instalaciones de seguridad (se\u00f1alizaci\u00f3n ferroviaria) - Fundaci\u00f3n UNED","og_description":"La Fundaci\u00f3n UNED y la Fundaci\u00f3n de los Ferrocarriles Espa\u00f1oles (FFE) presentan el curso\u00a0Instalaciones de seguridad (se\u00f1alizaci\u00f3n ferroviaria),\u00a0enmarcado dentro del proyecto formativo de cualificaci\u00f3n y recualificaci\u00f3n de la poblaci\u00f3n activa, vinculada prioritariamente a cualificaciones profesionales en sectores estrat\u00e9gicos y mejora de las capacidades para la transici\u00f3n ecol\u00f3gica, financiado con Fondos Europeos a trav\u00e9s del Ministerio de Educaci\u00f3n y Formaci\u00f3n Profesional. DIRIGIDO A: 1.\u00a0Poblaci\u00f3n activa en b\u00fasqueda de empleo \u00a0 2.\u00a0Colectivos prioritarios: Personas trabajadoras menores de 25 a\u00f1os Personas trabajadoras mayores de 50 a\u00f1os Mujeres v\u00edctimas de violencia de g\u00e9nero Personas trabajadoras sin estudios acreditados Personas trabajadoras con baja o ninguna cualificaci\u00f3n profesional acreditada Personas trabajadoras con discapacidad Personas trabajadoras paradas de larga duraci\u00f3n Personas trabajadoras en situaci\u00f3n de ERTE Personas pertenecientes a hogares monoparentales. La\u00a0inscripcripci\u00f3n\u00a0es\u00a0gratutita. Una vez revisada la documentaci\u00f3n, recibir\u00e1 un correo de confirmaci\u00f3n y quedar\u00e1 matriculado en el curso Cuando realice la Inscripci\u00f3n a trav\u00e9s de esta web,&hellip;  Leer m\u00e1s","og_url":"https:\/\/blogs.uned.es\/fundacionuned\/instalaciones-de-seguridad-senalizacion-ferroviaria\/","og_site_name":"Fundaci\u00f3n UNED","article_modified_time":"2025-02-20T19:29:09+00:00","og_image":[{"width":960,"height":640,"url":"http:\/\/blogs.uned.es\/fundacionuned\/wp-content\/uploads\/sites\/405\/2024\/03\/senalizacion-ferroviaria_1.jpg","type":"image\/jpeg"}],"twitter_card":"summary_large_image","twitter_misc":{"Tiempo de lectura":"6 minutos"},"schema":{"@context":"https:\/\/schema.org","@graph":[{"@type":"WebPage","@id":"https:\/\/blogs.uned.es\/fundacionuned\/instalaciones-de-seguridad-senalizacion-ferroviaria\/","url":"https:\/\/blogs.uned.es\/fundacionuned\/instalaciones-de-seguridad-senalizacion-ferroviaria\/","name":"Instalaciones de seguridad (se\u00f1alizaci\u00f3n ferroviaria) - Fundaci\u00f3n UNED","isPartOf":{"@id":"https:\/\/blogs.uned.es\/fundacionuned\/#website"},"primaryImageOfPage":{"@id":"https:\/\/blogs.uned.es\/fundacionuned\/instalaciones-de-seguridad-senalizacion-ferroviaria\/#primaryimage"},"image":{"@id":"https:\/\/blogs.uned.es\/fundacionuned\/instalaciones-de-seguridad-senalizacion-ferroviaria\/#primaryimage"},"thumbnailUrl":"https:\/\/blogs.uned.es\/fundacionuned\/wp-content\/uploads\/sites\/405\/2024\/03\/senalizacion-ferroviaria_1.jpg","datePublished":"2024-03-11T08:49:58+00:00","dateModified":"2025-02-20T19:29:09+00:00","breadcrumb":{"@id":"https:\/\/blogs.uned.es\/fundacionuned\/instalaciones-de-seguridad-senalizacion-ferroviaria\/#breadcrumb"},"inLanguage":"es","potentialAction":[{"@type":"ReadAction","target":["https:\/\/blogs.uned.es\/fundacionuned\/instalaciones-de-seguridad-senalizacion-ferroviaria\/"]}]},{"@type":"ImageObject","inLanguage":"es","@id":"https:\/\/blogs.uned.es\/fundacionuned\/instalaciones-de-seguridad-senalizacion-ferroviaria\/#primaryimage","url":"https:\/\/blogs.uned.es\/fundacionuned\/wp-content\/uploads\/sites\/405\/2024\/03\/senalizacion-ferroviaria_1.jpg","contentUrl":"https:\/\/blogs.uned.es\/fundacionuned\/wp-content\/uploads\/sites\/405\/2024\/03\/senalizacion-ferroviaria_1.jpg","width":960,"height":640},{"@type":"BreadcrumbList","@id":"https:\/\/blogs.uned.es\/fundacionuned\/instalaciones-de-seguridad-senalizacion-ferroviaria\/#breadcrumb","itemListElement":[{"@type":"ListItem","position":1,"name":"Portada","item":"https:\/\/blogs.uned.es\/fundacionuned\/"},{"@type":"ListItem","position":2,"name":"Instalaciones de seguridad (se\u00f1alizaci\u00f3n ferroviaria)"}]},{"@type":"WebSite","@id":"https:\/\/blogs.uned.es\/fundacionuned\/#website","url":"https:\/\/blogs.uned.es\/fundacionuned\/","name":"Fundaci\u00f3n UNED","description":"Fundaci\u00f3n UNED","publisher":{"@id":"https:\/\/blogs.uned.es\/fundacionuned\/#organization"},"potentialAction":[{"@type":"SearchAction","target":{"@type":"EntryPoint","urlTemplate":"https:\/\/blogs.uned.es\/fundacionuned\/?s={search_term_string}"},"query-input":{"@type":"PropertyValueSpecification","valueRequired":true,"valueName":"search_term_string"}}],"inLanguage":"es"},{"@type":"Organization","@id":"https:\/\/blogs.uned.es\/fundacionuned\/#organization","name":"Fundaci\u00f3n UNED","url":"https:\/\/blogs.uned.es\/fundacionuned\/","logo":{"@type":"ImageObject","inLanguage":"es","@id":"https:\/\/blogs.uned.es\/fundacionuned\/#\/schema\/logo\/image\/","url":"https:\/\/blogs.uned.es\/fundacionuned\/wp-content\/uploads\/sites\/405\/2022\/12\/cropped-MicrosoftTeams-image.png","contentUrl":"https:\/\/blogs.uned.es\/fundacionuned\/wp-content\/uploads\/sites\/405\/2022\/12\/cropped-MicrosoftTeams-image.png","width":671,"height":340,"caption":"Fundaci\u00f3n UNED"},"image":{"@id":"https:\/\/blogs.uned.es\/fundacionuned\/#\/schema\/logo\/image\/"}}]}},"_links":{"self":[{"href":"https:\/\/blogs.uned.es\/fundacionuned\/wp-json\/wp\/v2\/pages\/16951","targetHints":{"allow":["GET"]}}],"collection":[{"href":"https:\/\/blogs.uned.es\/fundacionuned\/wp-json\/wp\/v2\/pages"}],"about":[{"href":"https:\/\/blogs.uned.es\/fundacionuned\/wp-json\/wp\/v2\/types\/page"}],"author":[{"embeddable":true,"href":"https:\/\/blogs.uned.es\/fundacionuned\/wp-json\/wp\/v2\/users\/7191"}],"replies":[{"embeddable":true,"href":"https:\/\/blogs.uned.es\/fundacionuned\/wp-json\/wp\/v2\/comments?post=16951"}],"version-history":[{"count":98,"href":"https:\/\/blogs.uned.es\/fundacionuned\/wp-json\/wp\/v2\/pages\/16951\/revisions"}],"predecessor-version":[{"id":23419,"href":"https:\/\/blogs.uned.es\/fundacionuned\/wp-json\/wp\/v2\/pages\/16951\/revisions\/23419"}],"wp:featuredmedia":[{"embeddable":true,"href":"https:\/\/blogs.uned.es\/fundacionuned\/wp-json\/wp\/v2\/media\/16955"}],"wp:attachment":[{"href":"https:\/\/blogs.uned.es\/fundacionuned\/wp-json\/wp\/v2\/media?parent=16951"}],"curies":[{"name":"wp","href":"https:\/\/api.w.org\/{rel}","templated":true}]}}