{"id":15923,"date":"2024-02-14T10:01:37","date_gmt":"2024-02-14T10:01:37","guid":{"rendered":"https:\/\/blogs.uned.es\/fundacionuned\/?page_id=15923"},"modified":"2025-01-09T07:19:22","modified_gmt":"2025-01-09T07:19:22","slug":"biuned-2024-english","status":"publish","type":"page","link":"https:\/\/blogs.uned.es\/fundacionuned\/biuned-2024-english\/","title":{"rendered":"BiUNED 2024 English"},"content":{"rendered":"\t\t<div data-elementor-type=\"wp-page\" data-elementor-id=\"15923\" class=\"elementor elementor-15923\" data-elementor-post-type=\"page\">\n\t\t\t\t\t\t<section class=\"elementor-section elementor-top-section elementor-element elementor-element-2b753af elementor-section-boxed elementor-section-height-default elementor-section-height-default\" data-id=\"2b753af\" data-element_type=\"section\" data-e-type=\"section\">\n\t\t\t\t\t\t<div class=\"elementor-container elementor-column-gap-default\">\n\t\t\t\t\t<div class=\"elementor-column elementor-col-100 elementor-top-column elementor-element elementor-element-3caf4b0\" data-id=\"3caf4b0\" data-element_type=\"column\" data-e-type=\"column\">\n\t\t\t<div class=\"elementor-widget-wrap elementor-element-populated\">\n\t\t\t\t\t\t<div class=\"elementor-element elementor-element-fc1e9ba elementor-align-right elementor-widget elementor-widget-button\" data-id=\"fc1e9ba\" data-element_type=\"widget\" data-e-type=\"widget\" data-widget_type=\"button.default\">\n\t\t\t\t<div class=\"elementor-widget-container\">\n\t\t\t\t\t\t\t\t\t<div class=\"elementor-button-wrapper\">\n\t\t\t\t\t<a class=\"elementor-button elementor-button-link elementor-size-sm\" href=\"https:\/\/blogs.uned.es\/fundacionuned\/biuned-2024\/\">\n\t\t\t\t\t\t<span class=\"elementor-button-content-wrapper\">\n\t\t\t\t\t\t\t\t\t<span class=\"elementor-button-text\">Espa\u00f1ol<\/span>\n\t\t\t\t\t<\/span>\n\t\t\t\t\t<\/a>\n\t\t\t\t<\/div>\n\t\t\t\t\t\t\t\t<\/div>\n\t\t\t\t<\/div>\n\t\t\t\t<div class=\"elementor-element elementor-element-0f66f02 elementor-widget elementor-widget-text-editor\" data-id=\"0f66f02\" data-element_type=\"widget\" data-e-type=\"widget\" data-widget_type=\"text-editor.default\">\n\t\t\t\t<div class=\"elementor-widget-container\">\n\t\t\t\t\t\t\t\t\t\n<h2 class=\"wp-block-heading has-text-align-center\">BILINGUALISM, BILINGUAL&nbsp;EDUCATION AND SOCIAL (SOCIOLINGUISTIC\/POLITICAL) CONFLICT<\/h2>\n\t\t\t\t\t\t\t\t<\/div>\n\t\t\t\t<\/div>\n\t\t\t\t\t<\/div>\n\t\t<\/div>\n\t\t\t\t\t<\/div>\n\t\t<\/section>\n\t\t\t\t<section class=\"elementor-section elementor-top-section elementor-element elementor-element-2a240e0 elementor-section-boxed elementor-section-height-default elementor-section-height-default\" data-id=\"2a240e0\" data-element_type=\"section\" data-e-type=\"section\">\n\t\t\t\t\t\t<div class=\"elementor-container elementor-column-gap-default\">\n\t\t\t\t\t<div class=\"elementor-column elementor-col-100 elementor-top-column elementor-element elementor-element-2b4a901\" data-id=\"2b4a901\" data-element_type=\"column\" data-e-type=\"column\">\n\t\t\t<div class=\"elementor-widget-wrap elementor-element-populated\">\n\t\t\t\t\t\t<div class=\"elementor-element elementor-element-fc2b04a elementor-tabs-view-horizontal elementor-widget elementor-widget-tabs\" data-id=\"fc2b04a\" data-element_type=\"widget\" data-e-type=\"widget\" data-widget_type=\"tabs.default\">\n\t\t\t\t<div class=\"elementor-widget-container\">\n\t\t\t\t\t\t\t<div class=\"elementor-tabs\">\n\t\t\t<div class=\"elementor-tabs-wrapper\" role=\"tablist\" >\n\t\t\t\t\t\t\t\t\t<div id=\"elementor-tab-title-2641\" class=\"elementor-tab-title elementor-tab-desktop-title\" aria-selected=\"true\" data-tab=\"1\" role=\"tab\" tabindex=\"0\" aria-controls=\"elementor-tab-content-2641\" aria-expanded=\"false\">Presentation<\/div>\n\t\t\t\t\t\t\t\t\t<div id=\"elementor-tab-title-2642\" class=\"elementor-tab-title elementor-tab-desktop-title\" aria-selected=\"false\" data-tab=\"2\" role=\"tab\" tabindex=\"-1\" aria-controls=\"elementor-tab-content-2642\" aria-expanded=\"false\">Organising committee<\/div>\n\t\t\t\t\t\t\t\t\t<div id=\"elementor-tab-title-2643\" class=\"elementor-tab-title elementor-tab-desktop-title\" aria-selected=\"false\" data-tab=\"3\" role=\"tab\" tabindex=\"-1\" aria-controls=\"elementor-tab-content-2643\" aria-expanded=\"false\">Scientific committee<\/div>\n\t\t\t\t\t\t\t\t\t<div id=\"elementor-tab-title-2644\" class=\"elementor-tab-title elementor-tab-desktop-title\" aria-selected=\"false\" data-tab=\"4\" role=\"tab\" tabindex=\"-1\" aria-controls=\"elementor-tab-content-2644\" aria-expanded=\"false\">Call for papers<\/div>\n\t\t\t\t\t\t\t\t\t<div id=\"elementor-tab-title-2645\" class=\"elementor-tab-title elementor-tab-desktop-title\" aria-selected=\"false\" data-tab=\"5\" role=\"tab\" tabindex=\"-1\" aria-controls=\"elementor-tab-content-2645\" aria-expanded=\"false\">Plenary speakers<\/div>\n\t\t\t\t\t\t\t\t\t<div id=\"elementor-tab-title-2646\" class=\"elementor-tab-title elementor-tab-desktop-title\" aria-selected=\"false\" data-tab=\"6\" role=\"tab\" tabindex=\"-1\" aria-controls=\"elementor-tab-content-2646\" aria-expanded=\"false\">Key dates<\/div>\n\t\t\t\t\t\t\t\t\t<div id=\"elementor-tab-title-2647\" class=\"elementor-tab-title elementor-tab-desktop-title\" aria-selected=\"false\" data-tab=\"7\" role=\"tab\" tabindex=\"-1\" aria-controls=\"elementor-tab-content-2647\" aria-expanded=\"false\">Registration<\/div>\n\t\t\t\t\t\t\t\t\t<div id=\"elementor-tab-title-2648\" class=\"elementor-tab-title elementor-tab-desktop-title\" aria-selected=\"false\" data-tab=\"8\" role=\"tab\" tabindex=\"-1\" aria-controls=\"elementor-tab-content-2648\" aria-expanded=\"false\">Programme<\/div>\n\t\t\t\t\t\t\t\t\t<div id=\"elementor-tab-title-2649\" class=\"elementor-tab-title elementor-tab-desktop-title\" aria-selected=\"false\" data-tab=\"9\" role=\"tab\" tabindex=\"-1\" aria-controls=\"elementor-tab-content-2649\" aria-expanded=\"false\">Past conferences<\/div>\n\t\t\t\t\t\t\t\t\t<div id=\"elementor-tab-title-26410\" class=\"elementor-tab-title elementor-tab-desktop-title\" aria-selected=\"false\" data-tab=\"10\" role=\"tab\" tabindex=\"-1\" aria-controls=\"elementor-tab-content-26410\" aria-expanded=\"false\">More<\/div>\n\t\t\t\t\t\t\t<\/div>\n\t\t\t<div class=\"elementor-tabs-content-wrapper\" role=\"tablist\" aria-orientation=\"vertical\">\n\t\t\t\t\t\t\t\t\t<div class=\"elementor-tab-title elementor-tab-mobile-title\" aria-selected=\"true\" data-tab=\"1\" role=\"tab\" tabindex=\"0\" aria-controls=\"elementor-tab-content-2641\" aria-expanded=\"false\">Presentation<\/div>\n\t\t\t\t\t<div id=\"elementor-tab-content-2641\" class=\"elementor-tab-content elementor-clearfix\" data-tab=\"1\" role=\"tabpanel\" aria-labelledby=\"elementor-tab-title-2641\" tabindex=\"0\" hidden=\"false\"><p><span style=\"color: #000000\"><strong>Presentation<\/strong><\/span><\/p>\n<p style=\"text-align: justify\"><span style=\"color: #000000\">Since 2018, UNED\u2019s Language and Society Research Group has hosted a series of biennial international conferences on bilingualism and bilingual education, thus giving researchers the opportunity to present ground-breaking research and eventually cause positive changes in academia and society at large.<\/span><\/p>\n<p style=\"text-align: justify\"><span style=\"color: #000000\">While past editions dealt respectively with the challenges, limits and solutions involved when dealing with bilingualism and interculturality (<strong><u><a style=\"color: #000000\" href=\"https:\/\/biuned.weebly.com\/\">2018<\/a><\/u><\/strong>), the relationship between bilingualism and migration (<strong><u><a style=\"color: #000000\" href=\"https:\/\/biuned2020.weebly.com\/\">2020<\/a><\/u><\/strong>), and the confluence of bilingualism and bilingual education with their immediate and extended social contexts (<strong><u><a style=\"color: #000000\" href=\"http:\/\/biuned2022.weebly.com\">2022<\/a><\/u><\/strong>), <strong>this edition will focus on bilingualism and bilingual education, and how both concepts interact or intertwine with (political) tension<\/strong>.<\/span><\/p>\n<p style=\"text-align: justify\"><span style=\"color: #000000\">Bilingualism and bilingual education have become characteristic features of the world today. Globalization, the internationalisation of employment, the increase in transnational mobility for educational, professional or recreational purposes, and technological development in one language or another are factors that might explain why proficiency in two or more languages is gaining ground. Bilingualism and multilingualism have now become the order of the day, even in traditionally monolingual societies. Nevertheless, in spite of its overall benefits, the spread of bilingual and multilingual proficiency might often pose some challenges and at times lead to tensions or conflicts which may be motivated by political ideologies.<\/span><\/p>\n<p style=\"text-align: justify\"><span style=\"color: #000000\">This international conference thus aims to provide a platform for researchers interested in discussing bilingualism and bilingual education in relation to language conflicts and tensions, no matter their shape and form. We welcome proposals (in English or Spanish) that deal with bilingualism and are related, but not exclusively, to the following topics:<\/span><\/p>\n<ul>\n<li><span style=\"color: #000000\">Language planning<\/span><\/li>\n<li><span style=\"color: #000000\">Language conflicts<\/span><\/li>\n<li><span style=\"color: #000000\">Language ideologies<\/span><\/li>\n<li><span style=\"color: #000000\">Linguistic rights<\/span><\/li>\n<li><span style=\"color: #000000\">Linguistic variation and language learning<\/span><\/li>\n<li><span style=\"color: #000000\">Bilingualism and demographics<\/span><\/li>\n<li><span style=\"color: #000000\">Bilingualism and bilingual education policies<\/span><\/li>\n<li><span style=\"color: #000000\">English as a lingua franca<\/span><\/li>\n<li><span style=\"color: #000000\">Interculturality<\/span><\/li>\n<li><span style=\"color: #000000\">Bilingualism and gender studies<\/span><\/li>\n<li><span style=\"color: #000000\">The sociolinguistics of foreign language learning<\/span><\/li>\n<li><span style=\"color: #000000\">The link between culture and language learning<\/span><\/li>\n<li><span style=\"color: #000000\">Attitudes towards bilingualism and foreign language learning<\/span><\/li>\n<li><span style=\"color: #000000\">Heritage languages<\/span><\/li>\n<li><span style=\"color: #000000\">Linguistic choices and migration<\/span><\/li>\n<li><span style=\"color: #000000\">Bilingual education in monolingual and bilingual contexts<\/span><\/li>\n<li><span style=\"color: #000000\">Family bilingualism<\/span><\/li>\n<li><span style=\"color: #000000\">Bilingualism in immigrant families<\/span><\/li>\n<li><span style=\"color: #000000\">The impact of new technologies on bilingualism and bilingual education<\/span><\/li>\n<\/ul>\n<p>\u00a0<\/p><\/div>\n\t\t\t\t\t\t\t\t\t<div class=\"elementor-tab-title elementor-tab-mobile-title\" aria-selected=\"false\" data-tab=\"2\" role=\"tab\" tabindex=\"-1\" aria-controls=\"elementor-tab-content-2642\" aria-expanded=\"false\">Organising committee<\/div>\n\t\t\t\t\t<div id=\"elementor-tab-content-2642\" class=\"elementor-tab-content elementor-clearfix\" data-tab=\"2\" role=\"tabpanel\" aria-labelledby=\"elementor-tab-title-2642\" tabindex=\"0\" hidden=\"hidden\"><h2><strong>Organising committee<\/strong><\/h2>\n<p><span style=\"text-decoration: underline\"><a href=\"https:\/\/www.uned.es\/universidad\/docentes\/filologia\/manuel-ruben-chacon-beltran.html\" target=\"_blank\" rel=\"noopener\"><span style=\"color: #000000;text-decoration: underline\"><span style=\"color: #000000;text-decoration: underline\">Rub\u00e9n Chac\u00f3n Beltr\u00e1n<\/span> (coordinador). (UNED)<\/span><\/a><\/span><\/p>\n<p><span style=\"text-decoration: underline\"><span style=\"color: #000000;text-decoration: underline\"><a style=\"color: #000000;text-decoration: underline\" href=\"https:\/\/www.uned.es\/universidad\/docentes\/filologia\/soraya-almansa-ibanez.html\">Soraya Almansa Ib\u00e1\u00f1ez (UNED)<\/a><\/span><\/span><\/p>\n<p><span style=\"text-decoration: underline\"><span style=\"color: #000000;text-decoration: underline\"><a style=\"color: #000000;text-decoration: underline\" href=\"https:\/\/www.uned.es\/universidad\/docentes\/educacion\/diego-ardura-martinez.html\">Diego\u00a0 Ardura (UNED)<\/a><\/span><\/span><\/p>\n<p><span style=\"text-decoration: underline\"><span style=\"color: #000000;text-decoration: underline\"><a style=\"color: #000000;text-decoration: underline\" href=\"https:\/\/www.uned.es\/universidad\/docentes\/filologia\/montserrat-bermudez-bausela.html\">Montserrat Berm\u00fadez Bausela (UNED)<\/a><\/span><\/span><\/p>\n<p><span style=\"text-decoration: underline\"><span style=\"color: #000000;text-decoration: underline\"><a style=\"color: #000000;text-decoration: underline\" href=\"https:\/\/www.uned.es\/universidad\/docentes\/filologia\/cecilia-criado-de-diego.html\">Cecilia Criado de Diego (UNED)<\/a><\/span><\/span><\/p>\n<p><span style=\"text-decoration: underline\"><span style=\"color: #000000;text-decoration: underline\"><a style=\"color: #000000;text-decoration: underline\" href=\"https:\/\/www.uned.es\/universidad\/docentes\/filologia\/jose-maria-diaz-lage.html\">Jos\u00e9 Mar\u00eda\u00a0 D\u00edaz Lage (UNED)<\/a><\/span><\/span><\/p>\n<p><span style=\"text-decoration: underline\"><span style=\"color: #000000;text-decoration: underline\"><span lang=\"EN-GB\"><a style=\"color: #000000;text-decoration: underline\" href=\"https:\/\/portalcientifico.uned.es\/investigadores\/822494\/detalle\">Irene\u00a0 Diego (UNED)<\/a><\/span><\/span><\/span><\/p>\n<p><span style=\"text-decoration: underline\"><span style=\"color: #000000;text-decoration: underline\"><span lang=\"EN-GB\"><a style=\"color: #000000;text-decoration: underline\" href=\"https:\/\/www.uliege.be\/cms\/c_9054334\/en\/directory?uid=u240391\">Raymond\u00a0 Echitchi (Liege\u00a0University)<\/a><\/span><\/span><\/span><\/p>\n<p><span style=\"text-decoration: underline\"><span style=\"color: #000000;text-decoration: underline\"><a style=\"color: #000000;text-decoration: underline\" href=\"https:\/\/www.nebrija.com\/medios\/actualidadnebrija\/2019\/09\/12\/alice-foucart-nueva-investigadora-principal-en-la-facultad-de-lenguas-y-educacion\/\">Alice Foucart (Universidad Nebrija)<\/a><\/span><\/span><\/p>\n<p><span style=\"text-decoration: underline\"><span style=\"color: #000000;text-decoration: underline\"><a style=\"color: #000000;text-decoration: underline\" href=\"https:\/\/www.uned.es\/universidad\/docentes\/filologia\/joseph-garcia-rodriguez.html\">Joseph Garc\u00eda Rodr\u00edguez (UNED)<\/a><\/span><\/span><\/p>\n<p><span style=\"text-decoration: underline\"><span style=\"color: #000000;text-decoration: underline\"><a style=\"color: #000000;text-decoration: underline\" href=\"https:\/\/www.uned.es\/universidad\/docentes\/filologia\/maria-angelica-giordano-paredes.html\">Angelica\u00a0 Giordano Paredes (UNED)<\/a><\/span><\/span><\/p>\n<p><span style=\"color: #000000\"><u><a id=\"OWA47e0076a-15e8-0539-c22f-9bcb88b33f69\" class=\"OWAAutoLink\" style=\"color: #000000\" href=\"https:\/\/portalcientifico.uned.es\/investigadores\/1164235\/detalle\" target=\"_blank\" rel=\"noopener\" data-auth=\"NotApplicable\">Carmen G\u00f3mez Galisteo (UNED)<\/a><\/u><\/span><\/p>\n<p><span style=\"text-decoration: underline\"><span style=\"color: #000000;text-decoration: underline\"><a style=\"color: #000000;text-decoration: underline\" href=\"https:\/\/www.alicialuque.com\/\">Alicia Luque (Universidad Nebrija)<\/a><\/span><\/span><\/p>\n<p><span style=\"text-decoration: underline\"><span style=\"color: #000000;text-decoration: underline\"><a style=\"color: #000000;text-decoration: underline\" href=\"https:\/\/www.uned.es\/universidad\/docentes\/filologia\/maria-beatriz-perez-cabello-de-alba.html\">Beatriz P\u00e9rez Cabello de Alba (UNED)<\/a><\/span><\/span><\/p>\n<p><span style=\"text-decoration: underline\"><a href=\"https:\/\/www.uned.es\/universidad\/docentes\/filologia\/alicia-san-mateo-valdehita.html\"><span style=\"color: #000000;text-decoration: underline\">Alicia San Mateo Valdeh\u00edta (UNED)<\/span><br \/><\/a><\/span><\/p><\/div>\n\t\t\t\t\t\t\t\t\t<div class=\"elementor-tab-title elementor-tab-mobile-title\" aria-selected=\"false\" data-tab=\"3\" role=\"tab\" tabindex=\"-1\" aria-controls=\"elementor-tab-content-2643\" aria-expanded=\"false\">Scientific committee<\/div>\n\t\t\t\t\t<div id=\"elementor-tab-content-2643\" class=\"elementor-tab-content elementor-clearfix\" data-tab=\"3\" role=\"tabpanel\" aria-labelledby=\"elementor-tab-title-2643\" tabindex=\"0\" hidden=\"hidden\"><h2><strong>Scientific committee<\/strong><\/h2>\n<p>\u00a0<\/p>\n<p><span style=\"text-decoration: underline\"><span style=\"color: #000000;text-decoration: underline\"><a style=\"color: #000000;text-decoration: underline\" href=\"https:\/\/www.us.es\/trabaja-en-la-us\/directorio\/reynaldo-christian-abello-contesse\" target=\"_blank\" rel=\"noopener\">Christi\u00e1n <\/a><a style=\"color: #000000;text-decoration: underline\" href=\"https:\/\/www.us.es\/trabaja-en-la-us\/directorio\/reynaldo-christian-abello-contesse\" target=\"_blank\" rel=\"noopener\">Abello Contesse (Universidad de Sevilla)<\/a><\/span><\/span><\/p>\n<p><span style=\"text-decoration: underline\"><span style=\"color: #000000;text-decoration: underline\"><a style=\"color: #000000;text-decoration: underline\" href=\"https:\/\/www.uni-erfurt.de\/philosophische-fakultaet\/seminare-professuren\/sprachwissenschaft\/personen\/prof-dr-annick-de-houwer\" target=\"_blank\" rel=\"noopener\">Annick\u00a0 De Houwer\u00a0(Habilnet)<\/a><\/span><\/span><\/p>\n<p><span style=\"text-decoration: underline\"><span style=\"color: #000000;text-decoration: underline\"><a style=\"color: #000000;text-decoration: underline\" href=\"https:\/\/www.ujaen.es\/departamentos\/filing\/contactos\/diez-bedmar-maria-belen\" target=\"_blank\" rel=\"noopener\">Mar\u00eda Bel\u00e9n D\u00edez Bedmar (Universidad de Ja\u00e9n)<\/a><\/span><\/span><\/p>\n<p><span style=\"text-decoration: underline\"><span style=\"color: #000000;text-decoration: underline\"><a style=\"color: #000000;text-decoration: underline\" href=\"https:\/\/www.ehu.eus\/es\/web\/master\/master-adquisicion-lenguas-contextos-multilingues\/profesorado-de-tfm?p_redirect=fichaPDI&amp;p_idp=5017\" target=\"_blank\" rel=\"noopener\">Mar\u00eda del Pilar Garc\u00eda Mayo (Universidad del Pa\u00eds Vasco)<\/a><\/span><\/span><\/p>\n<p><span style=\"text-decoration: underline\"><span style=\"color: #000000;text-decoration: underline\"><a style=\"color: #000000;text-decoration: underline\" href=\"https:\/\/jonandoni.com\/\" target=\"_blank\" rel=\"noopener\">Jon Andoni<\/a><a style=\"color: #000000;text-decoration: underline\" href=\"https:\/\/jonandoni.com\/\" target=\"_blank\" rel=\"noopener\"> Du\u00f1abeitia\u00a0 (Universidad Nebrija)<\/a><\/span><\/span><\/p>\n<p><span style=\"text-decoration: underline\"><a href=\"https:\/\/www.ebspain.es\/index.php\/63-expertos\/84-belen-embid-dieste-2\" target=\"_blank\" rel=\"noopener\"><span style=\"color: #000000;text-decoration: underline\">Xabier Gisbert Da Cruz (Asociaci\u00f3n Ense\u00f1anza Biling\u00fce)<\/span><\/a><\/span><\/p>\n<p><span style=\"text-decoration: underline\"><span style=\"color: #000000;text-decoration: underline\"><a style=\"color: #000000;text-decoration: underline\" href=\"https:\/\/www.uni-flensburg.de\/friesisch\/wer-wir-sind\/prof-dr-nils-langer\" target=\"_blank\" rel=\"noopener\">Nils Langer (Europa-Universit\u00e4t Flensburg)<\/a><\/span><\/span><\/p>\n<p><span style=\"text-decoration: underline\"><span style=\"color: #000000;text-decoration: underline\"><a style=\"color: #000000;text-decoration: underline\" href=\"https:\/\/warwick.ac.uk\/fac\/soc\/al\/people\/liddicoat\/\" target=\"_blank\" rel=\"noopener\">Tony Liddicoat (University of Warwick)<\/a><\/span><\/span><\/p>\n<p><span style=\"text-decoration: underline\"><span style=\"color: #000000;text-decoration: underline\"><a style=\"color: #000000;text-decoration: underline\" href=\"https:\/\/umexpert.um.edu.my\/ngleeluan\" target=\"_blank\" rel=\"noopener\">Luan Lee Ng (Universiti Malaya)<\/a><\/span><\/span><\/p>\n<p><span style=\"text-decoration: underline\"><span style=\"color: #000000;text-decoration: underline\"><a style=\"color: #000000;text-decoration: underline\" href=\"https:\/\/www.britishcouncil.es\/en\/about\/people\" target=\"_blank\" rel=\"noopener\">Mark <\/a><a style=\"color: #000000;text-decoration: underline\" href=\"https:\/\/www.britishcouncil.es\/en\/about\/people\" target=\"_blank\" rel=\"noopener\">Levy (British Council)<\/a><\/span><\/span><\/p>\n<p><span style=\"text-decoration: underline\"><a href=\"https:\/\/www.aesla.org.es\/es\/user\/mlb\" target=\"_blank\" rel=\"noopener\"><span style=\"color: #000000;text-decoration: underline\">Mario L\u00f3pez Barrios (Universidad Nacional de C\u00f3rdoba)<\/span><\/a><\/span><\/p>\n<p><span style=\"text-decoration: underline;color: #000000\"><a style=\"color: #000000\" href=\"https:\/\/wpd.ugr.es\/~cristoballozano\/\" target=\"_blank\" rel=\"noopener\">Crist\u00f3bal Lozano (Universidad de Granada)<\/a><\/span><\/p>\n<p><span style=\"text-decoration: underline\"><span style=\"color: #000000;text-decoration: underline\"><a style=\"color: #000000;text-decoration: underline\" href=\"https:\/\/www.hcias.uni-heidelberg.de\/en\/about-us\/people-a-z\/francisco-moreno-fernandez\" target=\"_blank\" rel=\"noopener\">Francisco <\/a><a style=\"color: #000000;text-decoration: underline\" href=\"https:\/\/www.hcias.uni-heidelberg.de\/en\/about-us\/people-a-z\/francisco-moreno-fernandez\" target=\"_blank\" rel=\"noopener\">Moreno Fern\u00e1ndez (Universit\u00e4t Heidelberg)<\/a><\/span><\/span><\/p>\n<p><span style=\"text-decoration: underline\"><span style=\"color: #000000;text-decoration: underline\"><a style=\"color: #000000;text-decoration: underline\" href=\"https:\/\/www.researchgate.net\/profile\/Padraig-Duibhir\" target=\"_blank\" rel=\"noopener\">P\u00e1draig \u00d3 Duibhir (Dublin City University)<\/a><\/span><\/span><\/p>\n<p><span style=\"text-decoration: underline\"><span style=\"color: #000000;text-decoration: underline\"><a style=\"color: #000000;text-decoration: underline\" href=\"https:\/\/www.usc.gal\/en\/department\/english-and-german-philology\/directory\/ignacio-miguel-palacios-martinez-2082\" target=\"_blank\" rel=\"noopener\">Ignacio Palacios Mart\u00ednez (Universidad de Santiago de Compostela)<\/a><\/span><\/span><\/p>\n<p><span style=\"text-decoration: underline\"><span style=\"color: #000000;text-decoration: underline\"><a style=\"color: #000000;text-decoration: underline\" href=\"https:\/\/www.upf.edu\/es\/web\/traduccio\/professorat\/-\/asset_publisher\/y9kVhOiNKXLd\/content\/p%C3%A9rez-vidal-carmen\/maximized\" target=\"_blank\" rel=\"noopener\">Carmen P\u00e9rez Vidal (Universidad Pompeu Fabra)<\/a><\/span><\/span><\/p>\n<p><span style=\"text-decoration: underline\"><span style=\"color: #000000;text-decoration: underline\"><a style=\"color: #000000;text-decoration: underline\" href=\"https:\/\/sigarra.up.pt\/flup\/pt\/func_geral.formview?p_codigo=231027\" target=\"_blank\" rel=\"noopener\">Rogelio Ponce de Le\u00f3n (Universidade do Porto)<\/a><\/span><\/span><\/p>\n<p><span style=\"text-decoration: underline\"><span style=\"color: #000000;text-decoration: underline\"><a style=\"color: #000000;text-decoration: underline\" href=\"https:\/\/hip.uic.edu\/profiles\/potowski-kim\/\" target=\"_blank\" rel=\"noopener\">Kim Potowski (University of Illinois, Chicago)<\/a><\/span><\/span><\/p>\n<p><span style=\"text-decoration: underline\"><span style=\"color: #000000;text-decoration: underline\"><a style=\"color: #000000;text-decoration: underline\" href=\"https:\/\/www.uned.es\/universidad\/docentes\/filologia\/inmaculada-senra-silva.html\" target=\"_blank\" rel=\"noopener\">Inmaculada\u00a0 Senra-Silva (UNED)<\/a><\/span><\/span><\/p>\n<p><span style=\"text-decoration: underline\"><span style=\"color: #000000;text-decoration: underline\"><a style=\"color: #000000;text-decoration: underline\" href=\"https:\/\/www.ed.ac.uk\/profile\/antonella-sorace\" target=\"_blank\" rel=\"noopener\">Antonella Sorace (University of Edinburgh)<\/a><\/span><\/span><\/p>\n<p><span style=\"text-decoration: underline\"><span style=\"color: #000000;text-decoration: underline\"><a style=\"color: #000000;text-decoration: underline\" href=\"https:\/\/www.ucm.es\/linguistica-cognitiva\/dra-paloma-tejada\" target=\"_blank\" rel=\"noopener\">Paloma Tejada (Universidad Complutense)<\/a><\/span><\/span><\/p>\n<p><span style=\"text-decoration: underline\"><span style=\"color: #000000;text-decoration: underline\"><a style=\"color: #000000;text-decoration: underline\" href=\"https:\/\/profiles.ucl.ac.uk\/11389-wei-li\" target=\"_blank\" rel=\"noopener\">Li\u00a0 Wei (University College London)<\/a><\/span><\/span><\/p><\/div>\n\t\t\t\t\t\t\t\t\t<div class=\"elementor-tab-title elementor-tab-mobile-title\" aria-selected=\"false\" data-tab=\"4\" role=\"tab\" tabindex=\"-1\" aria-controls=\"elementor-tab-content-2644\" aria-expanded=\"false\">Call for papers<\/div>\n\t\t\t\t\t<div id=\"elementor-tab-content-2644\" class=\"elementor-tab-content elementor-clearfix\" data-tab=\"4\" role=\"tabpanel\" aria-labelledby=\"elementor-tab-title-2644\" tabindex=\"0\" hidden=\"hidden\"><p style=\"text-align: center\"><a href=\"http:\/\/blogs.uned.es\/fundacionuned\/wp-content\/uploads\/sites\/405\/2024\/02\/CFP-BiUNED-2024-English.pdf\" target=\"_blank\" rel=\"noopener\"><img decoding=\"async\" class=\"aligncenter  wp-image-16041\" src=\"http:\/\/blogs.uned.es\/fundacionuned\/wp-content\/uploads\/sites\/405\/2024\/02\/PDF-imagen.jpg\" alt=\"\" width=\"31\" height=\"36\" \/><\/a><a href=\"http:\/\/blogs.uned.es\/fundacionuned\/wp-content\/uploads\/sites\/405\/2024\/03\/CFP-BiUNED-2024-English-2.pdf\" target=\"_blank\" rel=\"noopener\"><span style=\"text-decoration: underline\"><span style=\"color: #3366ff;text-decoration: underline\"><strong>C<\/strong><\/span><\/span><span style=\"text-decoration: underline\"><span style=\"color: #3366ff;text-decoration: underline\"><strong>ALL for PAPERS<\/strong><\/span><\/span><\/a><\/p>\n<p>\u00a0<\/p>\n<p style=\"text-align: justify\"><span style=\"color: #000000\"><strong>SUBMISSION OF PROPOSALS<\/strong><\/span><\/p>\n<p style=\"text-align: justify\"><span style=\"color: #000000\">It is worth noting that the conference will be <strong>held in person, in Madrid<\/strong>. Presentations will last 20 minutes, followed by 10 minutes for discussion.<\/span><\/p>\n<p style=\"text-align: justify\"><span style=\"color: #000000\">Participation is open to all researchers interested in the conference theme. Proposals for papers in <strong>English or Spanish<\/strong> are welcome.<\/span><\/p>\n<p style=\"text-align: justify\"><span style=\"color: #000000\">Your proposal should include:<\/span><\/p>\n<ul style=\"text-align: justify\">\n<li><span style=\"color: #000000\">A title (max. 15 words)<\/span><\/li>\n<li><span style=\"color: #000000\">Key words (max. 5 words)<\/span><\/li>\n<li><span style=\"color: #000000\">An abstract (300-400 words, not including references), followed by 5-10 references.<\/span><\/li>\n<li><span style=\"color: #000000\">A short biography (max. 200 words)<\/span><\/li>\n<\/ul>\n<p style=\"text-align: justify\"><span style=\"color: #000000\">All proposals must be submitted online via EasyChair. While abstracts can be inserted (typed\/pasted) directly into the relevant section on EasyChair, authors\u2019 biodata must be uploaded as PDF files. The procedure for creating an EasyChair account (if you don\u2019t have one) and submitting your proposal is as follows (skip steps 1-3 if you have an EasyChair account already)<\/span><\/p>\n<ol style=\"text-align: justify\">\n<li><span style=\"color: #000000\">Go to <a style=\"color: #000000\" href=\"https:\/\/easychair.org\/account\/signup\">https:\/\/easychair.org\/account\/signup<\/a><\/span><\/li>\n<li><span style=\"color: #000000\">Complete the CAPTCHA authentication procedure (if need be) and click on \u201cContinue\u201d<\/span><\/li>\n<li><span style=\"color: #000000\">After you\u2019ve filled in the form, EasyChair will send you an email with a link that you can use to confirm the creation of your account.<\/span><\/li>\n<li><span style=\"color: #000000\">Log into your Easychair account, click on the following link or copy and paste it intoyour browser\u2019s address bar:<\/span><\/li>\n<\/ol>\n<p style=\"text-align: justify\"><span style=\"color: #000000\"><a style=\"color: #000000\" href=\"https:\/\/easychair.org\/conferences\/?conf=biuned2024\">https:\/\/easychair.org\/conferences\/?conf=biuned2024<\/a><\/span><\/p>\n<ol style=\"text-align: justify\" start=\"5\">\n<li><span style=\"color: #000000\">Click on \u201cEnter as an Author\u201d<\/span><\/li>\n<li><span style=\"color: #000000\">Add your proposal and click on \u201cSubmit\u201d<\/span><\/li>\n<\/ol>\n<p style=\"text-align: justify\"><span style=\"color: #000000\">The deadline for the submission of proposals is <strong>15 June 2024<\/strong>.<\/span><\/p>\n<p style=\"text-align: justify\">\u00a0<\/p>\n<p style=\"text-align: justify\"><span style=\"color: #000000\"><strong>NOTIFICATION OF ACCEPTANCE<\/strong><\/span><\/p>\n<p style=\"text-align: justify\"><span style=\"color: #000000\">A written acceptance or refusal of proposals will be sent by e-mail no later than <strong>15 July 2024.<\/strong><\/span><\/p><\/div>\n\t\t\t\t\t\t\t\t\t<div class=\"elementor-tab-title elementor-tab-mobile-title\" aria-selected=\"false\" data-tab=\"5\" role=\"tab\" tabindex=\"-1\" aria-controls=\"elementor-tab-content-2645\" aria-expanded=\"false\">Plenary speakers<\/div>\n\t\t\t\t\t<div id=\"elementor-tab-content-2645\" class=\"elementor-tab-content elementor-clearfix\" data-tab=\"5\" role=\"tabpanel\" aria-labelledby=\"elementor-tab-title-2645\" tabindex=\"0\" hidden=\"hidden\"><h2 class=\"x_x_x_MsoListParagraph\"><strong><span lang=\"EN-US\" style=\"color: #000000\">Plenary Speakers<\/span><\/strong><\/h2>\n<table width=\"1020\">\n<tbody>\n<tr>\n<td width=\"340\">\n<h2><img decoding=\"async\" class=\"wp-image-16389 aligncenter\" src=\"http:\/\/blogs.uned.es\/fundacionuned\/wp-content\/uploads\/sites\/405\/2024\/03\/Helen-Kelly-Holmes-300x243.png\" alt=\"\" width=\"231\" height=\"187\" srcset=\"https:\/\/blogs.uned.es\/fundacionuned\/wp-content\/uploads\/sites\/405\/2024\/03\/Helen-Kelly-Holmes-300x243.png 300w, https:\/\/blogs.uned.es\/fundacionuned\/wp-content\/uploads\/sites\/405\/2024\/03\/Helen-Kelly-Holmes.png 338w\" sizes=\"(max-width: 231px) 100vw, 231px\" \/><\/h2>\n<p style=\"text-align: center\"><span style=\"text-decoration: underline\"><a href=\"https:\/\/www.ul.ie\/research\/prof-helen-kelly-holmes\" target=\"_blank\" rel=\"noopener\"><span lang=\"EN-US\" style=\"color: #000000;text-decoration: underline\">Prof. Helen Kelly Holmes (University of Limerick)<\/span><\/a><\/span>\u00a0<\/p>\n<\/td>\n<td width=\"680\">\n<p class=\"x_MsoNormal\"><span style=\"color: #000000\"><b><span lang=\"EN-US\">Plenary talk:\u00a0<\/span>Multilingualism as problem, right and resource: commercial language policies and social conflict<\/b><\/span><\/p>\n<p class=\"x_MsoNormal\" style=\"text-align: justify\"><span style=\"color: #000000\">While businesses generally attempt to remain or appear \u2018neutral\u2019 in relation to social conflicts and contentious political situations, many of their decisions, including their decision-making around language, can contribute to maintaining and even exacerbating conflict and division in society. In this paper, I examine different approaches to language policies in corporate contexts, which can be grouped broadly in terms of Ruiz\u2019s (1984) well known model of three orientations in language policy and planning, namely: language as problem, language as right and language as resource. While multilingual societies continue to be constructed as problematic in marketing and economic literature, multilingualism is at the same time used as a way to distinguish products and create niche markets. Likewise, corporations may also respond to language rights through multilingual provision, however, this has tended to be dependent on the economic attractiveness of the particular market associated with the language. Through all of this language policy work, a number of fundamental ideologies around language that are problematic in terms of managing multilingual societies are maintained and even enhanced. While the corporate world may seem far removed from the concern of educators, many of the policy-making logics, practices and effects are similar and the multilingualism that is encountered in corporate contexts is both impacted by and impacts on educational policies.<\/span><\/p>\n<\/td>\n<\/tr>\n<\/tbody>\n<\/table>\n<table width=\"1020\">\n<tbody>\n<tr>\n<td width=\"340\">\n<p>\u00a0 \u00a0 \u00a0 \u00a0 \u00a0<img decoding=\"async\" class=\"wp-image-16735 aligncenter\" src=\"http:\/\/blogs.uned.es\/fundacionuned\/wp-content\/uploads\/sites\/405\/2024\/03\/Peter-A.-Kraus-200x300.png\" alt=\"\" width=\"163\" height=\"244\" srcset=\"https:\/\/blogs.uned.es\/fundacionuned\/wp-content\/uploads\/sites\/405\/2024\/03\/Peter-A.-Kraus-200x300.png 200w, https:\/\/blogs.uned.es\/fundacionuned\/wp-content\/uploads\/sites\/405\/2024\/03\/Peter-A.-Kraus.png 408w\" sizes=\"(max-width: 163px) 100vw, 163px\" \/><\/p>\n<p style=\"text-align: center\"><span style=\"text-decoration: underline;color: #000000\"><a style=\"color: #000000;text-decoration: underline\" href=\"https:\/\/www.eucanet.org\/expert\/kraus-peter-a-kraus\/\" target=\"_blank\" rel=\"noopener\">Peter A. Kraus (University of Augsburg)<\/a><\/span><\/p>\n<\/td>\n<td width=\"680\">\n<p class=\"x_MsoNormal\"><span style=\"color: #000000\"><b><span lang=\"EN-US\">Plenary talk:\u00a0<\/span>Multilingual citizenship: sociological bases and normative implications<\/b><\/span><\/p>\n<p class=\"x_MsoNormal\" style=\"text-align: justify\"><span style=\"color: #000000\"><span lang=\"EN-US\">This talk will assess the potential of multilingual citizenship for overcoming the cultural hierarchies historically linked to the formation of nation-states.\u00a0<\/span>It will introduce the concept of complex linguistic diversity to substantiate the claim that the links between language(s) and citizenship must be properly appreciated to tackle the tension between language-as-an-option and language-as-a-ligature in politically productive ways. Institutional approaches adopted to confront this diversity should thereby follow strategies that generalize multilingual repertoires and set the foundations for a multilingual citizenship. This approach will be fleshed out empirically in the context of contemporary Catalonia and comparable European cases that offer laboratory-like environments for studying the challenges of complex diversity.<\/span><\/p>\n<\/td>\n<\/tr>\n<\/tbody>\n<\/table>\n<p>\u00a0<\/p>\n<h2 class=\"x_x_x_MsoListParagraph\"><strong><span style=\"color: #000000\">Guest speakers (Round tables)<\/span><\/strong><\/h2>\n<p class=\"x_MsoNormal\"><span style=\"color: #000000\"><b><span lang=\"EN-US\">Round table 1:\u00a0Multilingualism and minority languages in Europe: A story of language conflict?<\/span><\/b><\/span><\/p>\n<p class=\"x_MsoNormal\"><span lang=\"EN-US\" style=\"color: #000000\"><strong>Participants<\/strong>: <\/span><\/p>\n<p class=\"x_MsoNormal\"><span lang=\"EN-US\" style=\"color: #000000\">Ruth Kircher (European Centre for Minority Issues)<\/span><\/p>\n<p class=\"x_MsoNormal\"><span lang=\"EN-US\" style=\"color: #000000\">Paolo Roseano (UNED)<\/span><\/p>\n<p class=\"x_MsoNormal\"><span lang=\"EN-US\" style=\"color: #000000\">Haraldur Bernhar\u0111sson (University of Iceland).<\/span><\/p>\n<p class=\"x_MsoNormal\"><span style=\"color: #000000\"><strong>Moderator<\/strong>: Inmaculada Senra-Silva (UNED)<\/span><\/p>\n<table>\n<tbody>\n<tr>\n<td width=\"311\">\n<p><img loading=\"lazy\" decoding=\"async\" class=\" wp-image-16379 alignnone aligncenter\" src=\"http:\/\/blogs.uned.es\/fundacionuned\/wp-content\/uploads\/sites\/405\/2024\/03\/Ruth-Kircher-300x224.png\" alt=\"\" width=\"237\" height=\"177\" srcset=\"https:\/\/blogs.uned.es\/fundacionuned\/wp-content\/uploads\/sites\/405\/2024\/03\/Ruth-Kircher-300x224.png 300w, https:\/\/blogs.uned.es\/fundacionuned\/wp-content\/uploads\/sites\/405\/2024\/03\/Ruth-Kircher.png 485w\" sizes=\"(max-width: 237px) 100vw, 237px\" \/><\/p>\n<p style=\"text-align: center\"><span style=\"text-decoration: underline\"><a href=\"https:\/\/www.ecmi.de\/the-centre\/about-us\/people\/ruth-kircher\" target=\"_blank\" rel=\"noopener\"><span style=\"color: #000000;font-family: Arial, sans-serif;font-size: inherit;font-style: inherit;text-indent: 35.4pt;text-align: justify;text-decoration: underline\">Dr. Ruth Kircher (European Centre for Minority Issues)<\/span><\/a><\/span><\/p>\n<\/td>\n<td width=\"311\">\n<p><img loading=\"lazy\" decoding=\"async\" class=\" wp-image-16383 alignnone aligncenter\" src=\"http:\/\/blogs.uned.es\/fundacionuned\/wp-content\/uploads\/sites\/405\/2024\/03\/Paolo-Roseano-296x300.png\" alt=\"\" width=\"178\" height=\"181\" srcset=\"https:\/\/blogs.uned.es\/fundacionuned\/wp-content\/uploads\/sites\/405\/2024\/03\/Paolo-Roseano-296x300.png 296w, https:\/\/blogs.uned.es\/fundacionuned\/wp-content\/uploads\/sites\/405\/2024\/03\/Paolo-Roseano.png 397w\" sizes=\"(max-width: 178px) 100vw, 178px\" \/><\/p>\n<p style=\"text-align: center\"><span style=\"text-decoration: underline\"><a href=\"https:\/\/www.uned.es\/universidad\/docentes\/filologia\/paolo-roseano-..html\" target=\"_blank\" rel=\"noopener\"><span style=\"color: #000000;text-decoration: underline\">Dr. Paolo Roseano (UNED)<\/span><\/a><\/span><\/p>\n<\/td>\n<td width=\"311\">\n<p><img loading=\"lazy\" decoding=\"async\" class=\" wp-image-16377 alignnone aligncenter\" src=\"http:\/\/blogs.uned.es\/fundacionuned\/wp-content\/uploads\/sites\/405\/2024\/03\/Haraldur-Bernhardsson-300x243.png\" alt=\"\" width=\"209\" height=\"169\" srcset=\"https:\/\/blogs.uned.es\/fundacionuned\/wp-content\/uploads\/sites\/405\/2024\/03\/Haraldur-Bernhardsson-300x243.png 300w, https:\/\/blogs.uned.es\/fundacionuned\/wp-content\/uploads\/sites\/405\/2024\/03\/Haraldur-Bernhardsson.png 306w\" sizes=\"(max-width: 209px) 100vw, 209px\" \/><\/p>\n<p style=\"text-align: center\"><span style=\"text-decoration: underline\"><a href=\"https:\/\/english.hi.is\/staff\/haraldr\" target=\"_blank\" rel=\"noopener\"><span style=\"color: #000000;font-family: Arial, sans-serif;font-size: inherit;font-style: inherit;text-indent: 35.4pt;text-align: justify;text-decoration: underline\">Dr. Haraldur Bernhar\u00f0sson (University of Iceland)<\/span><\/a><\/span><\/p>\n<\/td>\n<\/tr>\n<\/tbody>\n<\/table>\n<p>\u00a0<\/p>\n<p class=\"x_MsoNormal\"><span style=\"color: #000000\"><b><span lang=\"EN-US\">Round table 2: <\/span>Conflictos socioling\u00fc\u00edsticos y sociopol\u00edticos en el contexto espa\u00f1ol: \u00bfhacia d\u00f3nde va nuestro modelo educativo?<\/b><\/span><\/p>\n<p class=\"x_MsoNormal\"><span style=\"color: #000000\"><strong>Participants<\/strong>: <\/span><\/p>\n<p class=\"x_MsoNormal\"><span style=\"color: #000000\">Fernando Ramallo (Universidad de Vigo)<\/span><\/p>\n<p class=\"x_MsoNormal\"><span style=\"color: #000000\">In\u00e9s Garc\u00eda Azkoaga (Universidad del Pa\u00eds Vasco)<\/span><\/p>\n<p class=\"x_MsoNormal\"><span style=\"color: #000000\">Merc\u00e8 Pujol Berch\u00e9 (Universit\u00e9 de Perpignan Via Domitia)<\/span><\/p>\n<p class=\"x_MsoNormal\"><span style=\"color: #000000\"><strong>Moderator<\/strong>: Rub\u00e9n Chac\u00f3n (UNED)<\/span><\/p>\n<table>\n<tbody>\n<tr>\n<td width=\"311\">\n<p><img loading=\"lazy\" decoding=\"async\" class=\" wp-image-16387 alignnone aligncenter\" src=\"http:\/\/blogs.uned.es\/fundacionuned\/wp-content\/uploads\/sites\/405\/2024\/03\/Fernando-Ramallo-300x188.png\" alt=\"\" width=\"230\" height=\"144\" srcset=\"https:\/\/blogs.uned.es\/fundacionuned\/wp-content\/uploads\/sites\/405\/2024\/03\/Fernando-Ramallo-300x188.png 300w, https:\/\/blogs.uned.es\/fundacionuned\/wp-content\/uploads\/sites\/405\/2024\/03\/Fernando-Ramallo.png 328w\" sizes=\"(max-width: 230px) 100vw, 230px\" \/><\/p>\n<p style=\"text-align: center\"><span style=\"text-decoration: underline\"><a href=\"https:\/\/fft.uvigo.es\/es\/docencia\/profesorado\/fernando-ramallo-fernandez\/\" target=\"_blank\" rel=\"noopener\"><span style=\"color: #000000;text-decoration: underline\">Dr. Fernando Ramallo\u00a0(Universidad de Vigo)<\/span><\/a><\/span><\/p>\n<\/td>\n<td width=\"311\">\n<p><img loading=\"lazy\" decoding=\"async\" class=\" wp-image-16385 alignnone aligncenter\" src=\"http:\/\/blogs.uned.es\/fundacionuned\/wp-content\/uploads\/sites\/405\/2024\/03\/Ines-Garcia-300x200.png\" alt=\"\" width=\"236\" height=\"157\" srcset=\"https:\/\/blogs.uned.es\/fundacionuned\/wp-content\/uploads\/sites\/405\/2024\/03\/Ines-Garcia-300x200.png 300w, https:\/\/blogs.uned.es\/fundacionuned\/wp-content\/uploads\/sites\/405\/2024\/03\/Ines-Garcia.png 480w\" sizes=\"(max-width: 236px) 100vw, 236px\" \/><\/p>\n<p style=\"text-align: center\"><span style=\"text-decoration: underline\"><a href=\"https:\/\/www.ehu.eus\/es\/web\/elebilab\/ines-garcia-azkoaga\" target=\"_blank\" rel=\"noopener\"><span style=\"color: #000000;text-decoration: underline\">Dr. In\u00e9s Garc\u00eda Azkoaga (Universidad del Pa\u00eds Vasco)<\/span><\/a><\/span><\/p>\n<\/td>\n<td width=\"311\">\n<p><img loading=\"lazy\" decoding=\"async\" class=\" wp-image-16381 alignnone aligncenter\" src=\"http:\/\/blogs.uned.es\/fundacionuned\/wp-content\/uploads\/sites\/405\/2024\/03\/Merce-Pujol-Berche.png\" alt=\"\" width=\"191\" height=\"188\" \/><\/p>\n<p style=\"text-align: center\"><span style=\"text-decoration: underline\"><a href=\"https:\/\/www.aesla.org.es\/es\/user\/mercepujolberchegmailcom\" target=\"_blank\" rel=\"noopener\"><span style=\"color: #000000;font-family: Arial, sans-serif;font-size: inherit;font-style: inherit;text-align: justify;text-decoration: underline\">Dr. Merc\u00e8 Pujol Berch\u00e9 (Universit\u00e9 de Perpignan Via Domitia)<\/span><\/a><\/span><\/p>\n<\/td>\n<\/tr>\n<\/tbody>\n<\/table>\n<p>\u00a0<\/p>\n<p class=\"x_MsoNormal\"><span style=\"color: #000000\"><b><span lang=\"EN-US\">Round table 3: Governing, marketing, and managing English medium higher education \u2013 a multi-level approach<\/span><\/b><\/span><\/p>\n<p class=\"x_MsoNormal\"><span lang=\"EN-US\" style=\"color: #000000\"><strong>Participants<\/strong>: <\/span><\/p>\n<p class=\"x_MsoNormal\"><span lang=\"EN-US\" style=\"color: #000000\">Emma Dafouz (Universidad Complutense)<\/span><\/p>\n<p class=\"x_MsoNormal\"><span lang=\"EN-US\" style=\"color: #000000\">Helen Kelly-Holmes (University of Limerick)<\/span><\/p>\n<p class=\"x_MsoNormal\"><span lang=\"EN-US\" style=\"color: #000000\">Kristina Hultgren (The Open University).<\/span><\/p>\n<p><span style=\"color: #000000\" data-olk-copy-source=\"MessageBody\"><strong>Moderator<\/strong>: Elena Orduna Nocito \u00a0(Universidad Complutense de Madrid)<\/span><\/p>\n<table>\n<tbody>\n<tr>\n<td width=\"311\">\n<p style=\"text-align: center\"><img loading=\"lazy\" decoding=\"async\" class=\"wp-image-17677 alignnone\" src=\"http:\/\/blogs.uned.es\/fundacionuned\/wp-content\/uploads\/sites\/405\/2024\/05\/Emma-Dafouz-300x204.png\" alt=\"\" width=\"231\" height=\"157\" srcset=\"https:\/\/blogs.uned.es\/fundacionuned\/wp-content\/uploads\/sites\/405\/2024\/05\/Emma-Dafouz-300x204.png 300w, https:\/\/blogs.uned.es\/fundacionuned\/wp-content\/uploads\/sites\/405\/2024\/05\/Emma-Dafouz.png 374w\" sizes=\"(max-width: 231px) 100vw, 231px\" \/><\/p>\n<p><span style=\"text-decoration: underline\"><a href=\"https:\/\/www.ucm.es\/departamento-estudios-ingleses-linguistica-y-literatura\/emma-dafouz-milne\" target=\"_blank\" rel=\"noopener\"><span lang=\"EN-US\" style=\"color: #000000;text-decoration: underline\">Emma Dafouz (Universidad Complutense)<\/span><\/a><\/span><\/p>\n<\/td>\n<td width=\"311\">\n<h2><img decoding=\"async\" class=\"wp-image-16389 aligncenter\" src=\"http:\/\/blogs.uned.es\/fundacionuned\/wp-content\/uploads\/sites\/405\/2024\/03\/Helen-Kelly-Holmes-300x243.png\" alt=\"\" width=\"231\" height=\"187\" srcset=\"https:\/\/blogs.uned.es\/fundacionuned\/wp-content\/uploads\/sites\/405\/2024\/03\/Helen-Kelly-Holmes-300x243.png 300w, https:\/\/blogs.uned.es\/fundacionuned\/wp-content\/uploads\/sites\/405\/2024\/03\/Helen-Kelly-Holmes.png 338w\" sizes=\"(max-width: 231px) 100vw, 231px\" \/><\/h2>\n<p style=\"text-align: center\"><span style=\"text-decoration: underline\"><a href=\"https:\/\/www.ul.ie\/research\/prof-helen-kelly-holmes\" target=\"_blank\" rel=\"noopener\"><span lang=\"EN-US\" style=\"color: #000000;text-decoration: underline\">Prof. Helen Kelly Holmes (University of Limerick)<\/span><\/a><\/span>\u00a0<\/p>\n<\/td>\n<td width=\"311\">\n<p><img loading=\"lazy\" decoding=\"async\" class=\"wp-image-17675 aligncenter\" src=\"http:\/\/blogs.uned.es\/fundacionuned\/wp-content\/uploads\/sites\/405\/2024\/05\/Kristina-Hultgren-300x300.png\" alt=\"\" width=\"161\" height=\"161\" srcset=\"https:\/\/blogs.uned.es\/fundacionuned\/wp-content\/uploads\/sites\/405\/2024\/05\/Kristina-Hultgren-300x300.png 300w, https:\/\/blogs.uned.es\/fundacionuned\/wp-content\/uploads\/sites\/405\/2024\/05\/Kristina-Hultgren-150x150.png 150w, https:\/\/blogs.uned.es\/fundacionuned\/wp-content\/uploads\/sites\/405\/2024\/05\/Kristina-Hultgren.png 360w\" sizes=\"(max-width: 161px) 100vw, 161px\" \/><\/p>\n<p style=\"text-align: center\"><span style=\"text-decoration: underline\"><a href=\"https:\/\/www.open.ac.uk\/people\/akh235\" target=\"_blank\" rel=\"noopener\"><span lang=\"EN-US\" style=\"color: #000000;text-decoration: underline\">Kristina Hultgren (The Open University)<\/span><\/a><\/span><\/p>\n<\/td>\n<\/tr>\n<\/tbody>\n<\/table>\n<p>\u00a0<\/p><\/div>\n\t\t\t\t\t\t\t\t\t<div class=\"elementor-tab-title elementor-tab-mobile-title\" aria-selected=\"false\" data-tab=\"6\" role=\"tab\" tabindex=\"-1\" aria-controls=\"elementor-tab-content-2646\" aria-expanded=\"false\">Key dates<\/div>\n\t\t\t\t\t<div id=\"elementor-tab-content-2646\" class=\"elementor-tab-content elementor-clearfix\" data-tab=\"6\" role=\"tabpanel\" aria-labelledby=\"elementor-tab-title-2646\" tabindex=\"0\" hidden=\"hidden\"><ul>\n<li>\n<p><span style=\"color: #000000\">Deadline for abstract submission: <strong>15 June 2024<\/strong><\/span><\/p>\n<\/li>\n<li>\n<p><span style=\"color: #000000\">Notification of abstract acceptance: <strong>15 July 2024<\/strong><\/span><\/p>\n<\/li>\n<li>\n<p><span style=\"color: #000000\">Early-bird regsitration and payment: until <strong>15 September 2024<\/strong><\/span><\/p>\n<\/li>\n<li>\n<p><span style=\"color: #000000\">Late registration and payment for speakers: from <strong>16 September to 1 November 2024<\/strong><\/span><\/p>\n<\/li>\n<li>\n<p><span style=\"color: #000000\">Conference dates: <strong>14 &#8211; 15 November 2024<\/strong><\/span><\/p>\n<\/li>\n<\/ul>\n<p class=\"x_MsoNormal\"><span lang=\"EN-US\" style=\"color: #000000\">(Attendee registration will be open until 11 November 2024)<\/span><\/p>\n<p style=\"margin: 0cm;font-size: 11pt;font-family: Aptos, sans-serif\">\u00a0<\/p><\/div>\n\t\t\t\t\t\t\t\t\t<div class=\"elementor-tab-title elementor-tab-mobile-title\" aria-selected=\"false\" data-tab=\"7\" role=\"tab\" tabindex=\"-1\" aria-controls=\"elementor-tab-content-2647\" aria-expanded=\"false\">Registration<\/div>\n\t\t\t\t\t<div id=\"elementor-tab-content-2647\" class=\"elementor-tab-content elementor-clearfix\" data-tab=\"7\" role=\"tabpanel\" aria-labelledby=\"elementor-tab-title-2647\" tabindex=\"0\" hidden=\"hidden\"><p><strong><span style=\"color: #000000\">Oral presenters:<\/span><\/strong><\/p>\n<p><span style=\"color: #000000\">Early-bird regstration and payment (until 15 September): \u20ac150<\/span><\/p>\n<p><span style=\"color: #000000\">Late registration and payment (from 16 September): \u20ac190<\/span><\/p>\n<p><strong><span style=\"color: #000000\">Attendees:<\/span><\/strong><\/p>\n<p><span style=\"color: #000000\">Early-bird regstration and payment (until 15 September): \u20ac50<\/span><\/p>\n<p><span style=\"color: #000000\">Late registration and payment (from 16 September): \u20ac80<\/span><\/p>\n<p>\u00a0<\/p>\n<h2 id=\"tw-target-text\" class=\"tw-data-text tw-text-large tw-ta\" dir=\"ltr\" data-placeholder=\"Traducci\u00f3n\" data-ved=\"2ahUKEwjavfnq-bmEAxWfVqQEHTmKB0QQ3ewLegQIBRAU\"><span class=\"Y2IQFc\" lang=\"en\">You can register at the following link:<\/span><\/h2>\n<h2 id=\"tw-target-text\" class=\"tw-data-text tw-text-large tw-ta\" dir=\"ltr\" data-placeholder=\"Traducci\u00f3n\" data-ved=\"2ahUKEwjavfnq-bmEAxWfVqQEHTmKB0QQ3ewLegQIBRAU\"><a href=\"https:\/\/www.fundacion.uned.es\/actividad\/idactividad\/35629&amp;idioma=en\" target=\"_blank\" rel=\"noopener\"><span style=\"color: #3366ff\"><u>Registration<\/u><\/span><\/a><\/h2>\n<p><span style=\"color: #000000\">All conference participants with a paper presentation, should fill in the Registration form and pay the Registration fee not later than 1 November.<\/span><\/p>\n<p><span style=\"color: #000000\">In case of co-authorship, any author who attends the conference and\/or requires a certificate has to pay the registration fee<\/span><\/p>\n<p><strong><span style=\"color: #000000\">Reduced fee:<\/span><\/strong><\/p>\n<p><span style=\"color: #000000\">Doctoral students and presenters based in developing countries (Africa, Asia and Latin America) may apply for a 50 percent free waiver.<\/span><\/p>\n<p><span style=\"color: #000000\">Certificates will be provided to enable oral presenters and attendees to evidence their participation in the conference.<\/span><\/p>\n<p><span style=\"color: #000000\">Registration fees include access to coffee breaks, lunch and wine reception.<\/span><\/p>\n<p><span style=\"color: #000000\">(In case of co-authorship, any author who attends the conference and\/or requires a certificate has to pay the registration fee).<\/span><\/p>\n<p>\u00a0<\/p><\/div>\n\t\t\t\t\t\t\t\t\t<div class=\"elementor-tab-title elementor-tab-mobile-title\" aria-selected=\"false\" data-tab=\"8\" role=\"tab\" tabindex=\"-1\" aria-controls=\"elementor-tab-content-2648\" aria-expanded=\"false\">Programme<\/div>\n\t\t\t\t\t<div id=\"elementor-tab-content-2648\" class=\"elementor-tab-content elementor-clearfix\" data-tab=\"8\" role=\"tabpanel\" aria-labelledby=\"elementor-tab-title-2648\" tabindex=\"0\" hidden=\"hidden\"><h1>\u00a0<\/h1>\n<h1 style=\"text-align: center\"><a href=\"http:\/\/blogs.uned.es\/fundacionuned\/wp-content\/uploads\/sites\/405\/2024\/11\/programa-BiUNED_2024-5_2.pdf\" target=\"_blank\" rel=\"noopener\"><span style=\"color: #0000ff\"><strong><span style=\"text-decoration: underline\">Programme BiUNED_2024<\/span> <\/strong><\/span><\/a><\/h1>\n<h1>\u00a0<\/h1>\n<h1 style=\"text-align: center\"><span style=\"text-decoration: underline\"><a href=\"https:\/\/blogs.uned.es\/fundacionuned\/wp-content\/uploads\/sites\/405\/2024\/11\/Libro-de-resu%CC%81menes_BiUNED_2024.pdf\" target=\"_blank\" rel=\"noopener\"><span style=\"color: #0000ff\"><strong>Book abstracts <\/strong><\/span><\/a><\/span><\/h1>\n<h1>\u00a0<\/h1>\n<h1 style=\"text-align: center\"><a href=\"http:\/\/blogs.uned.es\/fundacionuned\/wp-content\/uploads\/sites\/405\/2024\/11\/Planos-Fac-Educacio\u0301n-BiUNED.pdf\" target=\"_blank\" rel=\"noopener\"><span style=\"text-decoration: underline\"><span style=\"color: #0000ff\"><strong>Planos Fac Educaci\u00f3n &#8211; UNED<\/strong><\/span><\/span><\/a><\/h1>\n<p style=\"text-align: center\"><img loading=\"lazy\" decoding=\"async\" class=\"aligncenter  wp-image-20175\" src=\"http:\/\/blogs.uned.es\/fundacionuned\/wp-content\/uploads\/sites\/405\/2024\/11\/Planta-baja-300x194.jpg\" alt=\"\" width=\"906\" height=\"586\" srcset=\"https:\/\/blogs.uned.es\/fundacionuned\/wp-content\/uploads\/sites\/405\/2024\/11\/Planta-baja-300x194.jpg 300w, https:\/\/blogs.uned.es\/fundacionuned\/wp-content\/uploads\/sites\/405\/2024\/11\/Planta-baja-1024x662.jpg 1024w, https:\/\/blogs.uned.es\/fundacionuned\/wp-content\/uploads\/sites\/405\/2024\/11\/Planta-baja-768x497.jpg 768w, https:\/\/blogs.uned.es\/fundacionuned\/wp-content\/uploads\/sites\/405\/2024\/11\/Planta-baja.jpg 1455w\" sizes=\"(max-width: 906px) 100vw, 906px\" \/><\/p>\n<p><img loading=\"lazy\" decoding=\"async\" class=\"aligncenter  wp-image-20197\" src=\"http:\/\/blogs.uned.es\/fundacionuned\/wp-content\/uploads\/sites\/405\/2024\/11\/Primera-planta-300x200.jpg\" alt=\"\" width=\"823\" height=\"548\" \/><\/p>\n<p>\u00a0<\/p>\n<p>\u00a0<\/p>\n<p>\u00a0<\/p><\/div>\n\t\t\t\t\t\t\t\t\t<div class=\"elementor-tab-title elementor-tab-mobile-title\" aria-selected=\"false\" data-tab=\"9\" role=\"tab\" tabindex=\"-1\" aria-controls=\"elementor-tab-content-2649\" aria-expanded=\"false\">Past conferences<\/div>\n\t\t\t\t\t<div id=\"elementor-tab-content-2649\" class=\"elementor-tab-content elementor-clearfix\" data-tab=\"9\" role=\"tabpanel\" aria-labelledby=\"elementor-tab-title-2649\" tabindex=\"0\" hidden=\"hidden\"><h2><strong>Past Conferences<\/strong><\/h2>\n<h3>2018:\u00a0<span style=\"text-decoration: underline\"><a href=\"https:\/\/biuned.weebly.com\/\" target=\"_blank\" rel=\"noopener\">Bilingualism and interculturality: challenges, limits and solutions<\/a><\/span><\/h3>\n<h3>2020: <span style=\"text-decoration: underline\"><a href=\"https:\/\/biuned2020.weebly.com\/\" target=\"_blank\" rel=\"noopener\">Bilingualism and bilingual education: Sociolinguistic approaches<\/a><\/span><\/h3>\n<h3>2022:\u00a0<span style=\"text-decoration: underline\"><a href=\"https:\/\/biuned2022.weebly.com\/\">Bilingualism and Bilingual Education: Sociolinguistic Approaches<\/a><\/span><\/h3>\n<h3>\u00a0<\/h3><\/div>\n\t\t\t\t\t\t\t\t\t<div class=\"elementor-tab-title elementor-tab-mobile-title\" aria-selected=\"false\" data-tab=\"10\" role=\"tab\" tabindex=\"-1\" aria-controls=\"elementor-tab-content-26410\" aria-expanded=\"false\">More<\/div>\n\t\t\t\t\t<div id=\"elementor-tab-content-26410\" class=\"elementor-tab-content elementor-clearfix\" data-tab=\"10\" role=\"tabpanel\" aria-labelledby=\"elementor-tab-title-26410\" tabindex=\"0\" hidden=\"hidden\"><p><strong><span style=\"color: #000000\">Venue<\/span><\/strong><\/p>\n<p><span style=\"color: #000000\">Facultad de Educaci\u00f3n de la UNED\u00a0<\/span><br \/><span style=\"color: #000000\">Calle Juan del Rosal, 14<\/span><br \/><span style=\"color: #000000\">28040 Madrid<\/span><\/p>\n<h4><span style=\"text-decoration: underline;color: #3366ff\"><a style=\"color: #3366ff\" href=\"http:\/\/blogs.uned.es\/fundacionuned\/wp-content\/uploads\/sites\/405\/2024\/10\/Getting-to-the-venue-Facultad-de-Educacio%CC%81n_UNED.pdf\" target=\"_blank\" rel=\"noopener\"><strong>GETTING TO THE VENUE<\/strong><\/a><\/span><\/h4>\n<p><img loading=\"lazy\" decoding=\"async\" class=\"wp-image-19121 alignleft\" src=\"http:\/\/blogs.uned.es\/fundacionuned\/wp-content\/uploads\/sites\/405\/2024\/10\/Imagen-1-300x74.jpg\" alt=\"\" width=\"503\" height=\"124\" srcset=\"https:\/\/blogs.uned.es\/fundacionuned\/wp-content\/uploads\/sites\/405\/2024\/10\/Imagen-1-300x74.jpg 300w, https:\/\/blogs.uned.es\/fundacionuned\/wp-content\/uploads\/sites\/405\/2024\/10\/Imagen-1-1024x253.jpg 1024w, https:\/\/blogs.uned.es\/fundacionuned\/wp-content\/uploads\/sites\/405\/2024\/10\/Imagen-1-768x190.jpg 768w, https:\/\/blogs.uned.es\/fundacionuned\/wp-content\/uploads\/sites\/405\/2024\/10\/Imagen-1-1536x379.jpg 1536w, https:\/\/blogs.uned.es\/fundacionuned\/wp-content\/uploads\/sites\/405\/2024\/10\/Imagen-1-2048x506.jpg 2048w\" sizes=\"(max-width: 503px) 100vw, 503px\" \/><\/p>\n<p>\u00a0<\/p>\n<p>\u00a0<\/p>\n<p>\u00a0<\/p>\n<p>\u00a0<\/p>\n<p><strong>TRANSPORTATION TO CAMPUS<\/strong><\/p>\n<p><strong>METRO<\/strong>:<\/p>\n<p>The metro is one of the easiest ways to reach the campus. The closest stop is \u201cCiudad Universitaria\u201d, <a href=\"https:\/\/www.metromadrid.es\/es\/linea\/linea-6-circular#estacion-622\">line 6<\/a>.\u00a0 Then you should <a href=\"https:\/\/www.google.com\/maps\/dir\/Ciudad+Universitaria,+Madrid\/facultad+educaci%C3%B3n+uned\/@40.4479374,-3.7373989,16z\/data=!3m2!4b1!5s0xd42282cbc74532b:0x9a2edc8757e4ffc5!4m14!4m13!1m5!1m1!1s0xd4228376968b175:0xdd02b065f2a5648d!2m2!1d-3.7269115!2d40.4435573!1m5!1m1!1s0xd42282cbd9566d7:0xe4e435b317c2410c!2m2!1d-3.737739!2d40.4511721!3e2?entry=ttu&amp;g_ep=EgoyMDI0MTAwMS4wIKXMDSoASAFQAw%3D%3D\">walk around 20 minutes<\/a>.<\/p>\n<p><strong>BUS<\/strong>:<\/p>\n<p><a href=\"https:\/\/www.emtmadrid.es\/Bloques-EMT\/EMT-BUS\/Mi-linea-(1).aspx?linea=133&amp;lang=es-ES\">Line 133<\/a> is an easy way to reach the campus too. It leaves from the city center. The closest stop is \u201cVeterinaria\u201d, which is <a href=\"https:\/\/www.google.com\/maps\/dir\/Estaci%C3%B3n+de+Callao\/Facultad+de+Educaci%C3%B3n+UNED,+Calle+de+Juan+del+Rosal,+Madrid\/@40.4500751,-3.7371316,17.91z\/am=t\/data=!3m1!5s0xd42282cbc74532b:0x9a2edc8757e4ffc5!4m14!4m13!1m5!1m1!1s0xd42287c622dcf4d:0xfa4775c51e01e5a3!2m2!1d-3.707055!2d40.420245!1m5!1m1!1s0xd42282cbd9566d7:0xe4e435b317c2410c!2m2!1d-3.737739!2d40.4511721!3e3?entry=ttu&amp;g_ep=EgoyMDI0MTAwMS4wIKXMDSoASAFQAw%3D%3D\">a six-minute walk away<\/a>.<\/p>\n<p><a href=\"https:\/\/www.emtmadrid.es\/Bloques-EMT\/EMT-BUS\/Mi-linea-(1).aspx?linea=F&amp;lang=es-ES\">Line F<\/a>, from \u201cPlaza de Cuatro Caminos\u201d. The closest stop is \u201cParaninfo \u2013 Inform\u00e1tica\u201d, which is <a href=\"https:\/\/www.google.com\/maps\/dir\/Gta.+de+Cuatro+Caminos,+28020+Madrid\/Facultad+de+Educaci%C3%B3n+UNED,+Calle+de+Juan+del+Rosal,+Madrid\/@40.4371878,-3.7417041,14z\/am=t\/data=!3m2!4b1!5s0xd42282cbc74532b:0x9a2edc8757e4ffc5!4m14!4m13!1m5!1m1!1s0xd422856ca6e5bcb:0xd97f3dcc706a112b!2m2!1d-3.7041983!2d40.4470865!1m5!1m1!1s0xd42282cbd9566d7:0xe4e435b317c2410c!2m2!1d-3.737739!2d40.4511721!3e3?entry=ttu&amp;g_ep=EgoyMDI0MTAwMS4wIKXMDSoASAFQAw%3D%3D\">a nine-minute walk away<\/a>.<\/p>\n<p><strong>METRO + BUS <\/strong><\/p>\n<ul>\n<li>Line 6 to \u201cCiudad Universitaria\u201d + Bus \u201cU\u201d. This bus stops at \u201cParaninfo\u201d, which is a two-minute walk away.<\/li>\n<li>Lines 3 or 6 to \u201cMoncloa\u201d + Bus \u00ab83\u00bb, \u00ab133\u00bb or \u00ab162\u00bb. These buses stop at \u201cAvenida Puerta de Hierro\u201d, which is a five-minute walk away.<\/li>\n<li>Lines 3 or 6 to \u201cMoncloa\u201d + Bus \u201cG\u201d. This bus stops at \u201cParaninfo \u2013 Inform\u00e1tica\u201d, which is a nine-minute walk away.<\/li>\n<\/ul>\n<p><strong>INTERCITY BUS<\/strong><\/p>\n<p>From \u201cMoncloa\u201d bus station you can take the following intercity buses: 601, 621, 622, 623, 624, 625, 627, 628, 629, 651, 651A, 652, 653, 654 y 655. The closest stop is \u201cAvenida Puerta de Hierro N\u00ba 3\u201d next to the Faculty of Veterinary Medicine. You will find stairs that will directly take you to the conference venue. It is only <a href=\"https:\/\/www.google.com\/maps\/dir\/Avenida+de+la,+Av.+Puerta+de+Hierro,+3,+Moncloa+-+Aravaca,+28040+Madrid\/Facultad+de+Educaci%C3%B3n+UNED,+Calle+de+Juan+del+Rosal,+Madrid\/@40.4502939,-3.7404806,17z\/data=!3m2!4b1!5s0xd42282cbc74532b:0x9a2edc8757e4ffc5!4m14!4m13!1m5!1m1!1s0xd42282b7f7b167f:0x3b80667de28ff977!2m2!1d-3.738624!2d40.4499237!1m5!1m1!1s0xd42282cbd9566d7:0xe4e435b317c2410c!2m2!1d-3.737739!2d40.4511721!3e2?entry=ttu&amp;g_ep=EgoyMDI0MTAwMS4wIKXMDSoASAFQAw%3D%3D\">a ten- minute walk<\/a>.<\/p>\n<p><strong><span style=\"color: #000000\">Recommended accommodation<\/span><\/strong><\/p>\n<p><\/p>\n<h2 class=\"wp-block-heading has-text-align-center\"><span style=\"color: #000000\"><strong>HOTELS NEAR THE CONFERENCE VENUE<\/strong><\/span><\/h2>\n<p><span style=\"color: #000000\"><\/span><\/p>\n<p><span style=\"color: #000000\"><a style=\"color: #000000\" href=\"http:\/\/www.exehotels.com\/exe-moncloa.html?id_referer=ADWORDS&amp;gclid=CNHr-e7X68sCFVTnGwodjX8N5w\" target=\"_blank\" rel=\"noopener\">HOTEL EXE MONCLOA ****<\/a><\/span><\/p>\n<p><span style=\"color: #000000\"><\/span><\/p>\n<p><span style=\"color: #000000\"><em>Reservations: <\/em><a style=\"color: #000000\" href=\"mailto:reservas@hotelexemoncloa.com\">reservas@hotelexemoncloa.com<\/a><\/span><\/p>\n<p><span style=\"color: #000000\"><\/span><\/p>\n<p><span style=\"color: #000000\"><a style=\"color: #000000\" href=\"https:\/\/courtyard-by-marriott-madrid-princesa-hotel-28008.hotel-ds.com\/es\/\" target=\"_blank\" rel=\"noopener\">HOTEL PRINCESA PLAZA MADRID ****<\/a><\/span><\/p>\n<p><span style=\"color: #000000\"><\/span><\/p>\n<p><span style=\"color: #000000\"><em>Reservations: + 34 <\/em>687 034 193<\/span><\/p>\n<p><span style=\"color: #000000\"><\/span><\/p>\n<p><span style=\"color: #000000\"><a style=\"color: #000000\" href=\"https:\/\/www.melia.com\/es\/hoteles\/espana\/madrid\/melia-madrid-princesa\/index.htm?esl-k=sem-google%7Cng%7Cc297417770813%7Cme%7Ckhotel%20melia%20madrid%20princesa%7Cp%7Ct%7Cdc%7Ca56538513044%7Cg1380562474&amp;&amp;gclid=EAIaIQobChMI6rLS85Tn5QIVQ4fVCh39Iw-gEAAYASAAEgI2yPD_BwE&amp;gclsrc=aw.ds\" target=\"_blank\" rel=\"noopener\">HOTEL MELI\u00c1 MADRID PRINCESA *****<\/a><\/span><\/p>\n<p><span style=\"color: #000000\"><\/span><\/p>\n<p><span style=\"color: #000000\"><em>Reservations: <\/em><a style=\"color: #000000\" href=\"mailto:melia.madrid.princesa@melia.com\">melia.madrid.princesa@melia.com<\/a><\/span><\/p>\n<p><span style=\"color: #000000\"><\/span><\/p>\n<p><span style=\"color: #000000\"><a style=\"color: #000000\" href=\"http:\/\/leonardo-hotel-madrid-center.madrid-hoteles.net\/en\/\" target=\"_blank\" rel=\"noopener\">LEONARDO MADRID CENTRE (HOTEL NH ALBERTO AGUILERA) ****<\/a><\/span><\/p>\n<p><span style=\"color: #000000\"><\/span><\/p>\n<p><span style=\"color: #000000\"><em>Reservations: <\/em><a style=\"color: #000000\" href=\"mailto:info.madridcity@leonardo-hotels.com\">info.madridcity@leonardo-hotels.com<\/a><\/span><\/p>\n<p><span style=\"color: #000000\"><\/span><\/p>\n<p><span style=\"color: #000000\"><a style=\"color: #000000\" href=\"https:\/\/www.ihg.com\/hotelindigo\/hotels\/gb\/en\/madrid\/madpc\/hoteldetail\" target=\"_blank\" rel=\"noopener\">HOTEL INDIGO MADRID PRINCESA***<\/a><\/span><\/p>\n<p><span style=\"color: #000000\"><\/span><\/p>\n<p><span style=\"color: #000000\"><em>Reservations: <\/em><a style=\"color: #000000\" href=\"mailto:info@indigomadrid.com\">info@indigomadrid.com<\/a><\/span><\/p>\n<p><span style=\"color: #000000\"><\/span><\/p>\n<p><span style=\"color: #000000\"><a style=\"color: #000000\" href=\"https:\/\/www.hotelfloridanorte.com\/\" target=\"_blank\" rel=\"noopener\">HOTEL CITY HOUSE FLORIDA NORTE ****<\/a><\/span><\/p>\n<p><span style=\"color: #000000\"><\/span><\/p>\n<p><span style=\"color: #000000\"><em>Reservations: <\/em><a style=\"color: #000000\" href=\"mailto:reservas.floridanorte@farandahotels.com\">reservas.floridanorte@farandahotels.com<\/a><\/span><\/p>\n<p><span style=\"color: #000000\"><\/span><\/p>\n<p><span style=\"color: #000000\"><a style=\"color: #000000\" href=\"http:\/\/www.espanol.marriott.com\/hotels\/travel\/madva-ac-hotel-los-vascos\" target=\"_blank\" rel=\"noopener\">AC HOTEL LOS VASCOS****<\/a><\/span><\/p>\n<p><span style=\"color: #000000\"><\/span><\/p>\n<p><span style=\"color: #000000\"><em>Reservations: <\/em><a style=\"color: #000000\" href=\"mailto:aclosvascos@ac-hotels.com\">aclosvascos@ac-hotels.com<\/a><\/span><\/p>\n<p><span style=\"color: #000000\"><\/span><\/p>\n<p><span style=\"color: #000000\"><a style=\"color: #000000\" href=\"http:\/\/www.granhotelcondeduque.com\/?gclid=CLrst63Y68sCFRSNGwodwK0HSQ\" target=\"_blank\" rel=\"noopener\">SERCOTEL GRAN HOTEL CONDE DUQUE****<\/a><\/span><\/p>\n<p><span style=\"color: #000000\"><\/span><\/p>\n<p><span style=\"color: #000000\"><em>Reservations: <\/em><a style=\"color: #000000\" href=\"mailto:reservas@sercotel.com\">reservas@sercotel.com<\/a><\/span><\/p>\n<p><span style=\"color: #000000\"><\/span><\/p>\n<p><span style=\"color: #000000\"><a style=\"color: #000000\" href=\"https:\/\/www.melia.com\/es\/hoteles\/espana\/madrid\/hotel-madrid-gran-via-25-by-melia\/index.htm?esl-k=sem-google%7Cng%7Cc559309483184%7Cme%7Ckhotel%20tryp%20gran%20via%7Cp%7Ct%7Cdc%7Ca134023300972%7Cg14893933613&amp;gclsrc=aw.ds&amp;&amp;gclid=EAIaIQobChMIsN2S86XK9gIVi9_tCh3dvw1tEAAYASAAEgJzxfD_BwE\" target=\"_blank\" rel=\"noopener\">HOTEL MADRID GRAN VIA 25*** <\/a><\/span><\/p>\n<p><span style=\"color: #000000\"><em>Reservas: <\/em><a style=\"color: #000000\" href=\"mailto:hotelmadridgranvia@melia.com\">hotelmadridgranvia@melia.com<\/a><\/span><\/p>\n<p><span style=\"color: #000000\"><\/span><\/p>\n<p><span style=\"color: #000000\">SENIOR COLLEGES IN CIUDAD UNIVERSITARIA<\/span><\/p>\n<p><span style=\"color: #000000\"><\/span><\/p>\n<p><span style=\"color: #000000\"><a style=\"color: #000000\" href=\"http:\/\/www.cmanslujan.com\/\" target=\"_blank\" rel=\"noopener\">COLEGIO MAYOR ARGENTINO NUESTRA SE\u00d1ORA DE LUJ\u00c1N<\/a><\/span><\/p>\n<p><span style=\"color: #000000\"><\/span><\/p>\n<p><span style=\"color: #000000\"><em>Reservations: <\/em><a style=\"color: #000000\" href=\"mailto:administracion@cmanslujan.com\">administracion@cmanslujan.co<\/a><\/span><\/p>\n<p><\/p><\/div>\n\t\t\t\t\t\t\t<\/div>\n\t\t<\/div>\n\t\t\t\t\t\t<\/div>\n\t\t\t\t<\/div>\n\t\t\t\t\t<\/div>\n\t\t<\/div>\n\t\t\t\t\t<\/div>\n\t\t<\/section>\n\t\t\t\t<section class=\"elementor-section elementor-top-section elementor-element elementor-element-350b5c6 elementor-section-boxed elementor-section-height-default elementor-section-height-default\" data-id=\"350b5c6\" data-element_type=\"section\" data-e-type=\"section\">\n\t\t\t\t\t\t<div class=\"elementor-container elementor-column-gap-default\">\n\t\t\t\t\t<div class=\"elementor-column elementor-col-33 elementor-top-column elementor-element elementor-element-016a0eb\" data-id=\"016a0eb\" data-element_type=\"column\" data-e-type=\"column\">\n\t\t\t<div class=\"elementor-widget-wrap\">\n\t\t\t\t\t\t\t<\/div>\n\t\t<\/div>\n\t\t\t\t<div class=\"elementor-column elementor-col-33 elementor-top-column elementor-element elementor-element-b5a7bd0\" data-id=\"b5a7bd0\" data-element_type=\"column\" data-e-type=\"column\">\n\t\t\t<div class=\"elementor-widget-wrap elementor-element-populated\">\n\t\t\t\t\t\t<div class=\"elementor-element elementor-element-ce4c3ff elementor-widget elementor-widget-video\" data-id=\"ce4c3ff\" data-element_type=\"widget\" data-e-type=\"widget\" data-settings=\"{&quot;video_type&quot;:&quot;hosted&quot;,&quot;controls&quot;:&quot;yes&quot;}\" data-widget_type=\"video.default\">\n\t\t\t\t<div class=\"elementor-widget-container\">\n\t\t\t\t\t\t\t<div class=\"e-hosted-video elementor-wrapper elementor-open-inline\">\n\t\t\t\t\t<video class=\"elementor-video\" src=\"https:\/\/qinnova.uned.es\/archivos_publicos\/qweb_paginas\/1111136211\/66507376a35b62448f3bcfc5.mp4\" controls=\"\" preload=\"metadata\" controlsList=\"nodownload\"><\/video>\n\t\t\t\t<\/div>\n\t\t\t\t\t\t<\/div>\n\t\t\t\t<\/div>\n\t\t\t\t\t<\/div>\n\t\t<\/div>\n\t\t\t\t<div class=\"elementor-column elementor-col-33 elementor-top-column elementor-element elementor-element-21df3f2\" data-id=\"21df3f2\" data-element_type=\"column\" data-e-type=\"column\">\n\t\t\t<div class=\"elementor-widget-wrap\">\n\t\t\t\t\t\t\t<\/div>\n\t\t<\/div>\n\t\t\t\t\t<\/div>\n\t\t<\/section>\n\t\t\t\t<section class=\"elementor-section elementor-top-section elementor-element elementor-element-2b1e9c3 elementor-section-boxed elementor-section-height-default elementor-section-height-default\" data-id=\"2b1e9c3\" data-element_type=\"section\" data-e-type=\"section\">\n\t\t\t\t\t\t<div class=\"elementor-container elementor-column-gap-default\">\n\t\t\t\t\t<div class=\"elementor-column elementor-col-100 elementor-top-column elementor-element elementor-element-529ac92\" data-id=\"529ac92\" data-element_type=\"column\" data-e-type=\"column\">\n\t\t\t<div class=\"elementor-widget-wrap elementor-element-populated\">\n\t\t\t\t\t\t<div class=\"elementor-element elementor-element-b5dc0e5 elementor-widget elementor-widget-text-editor\" data-id=\"b5dc0e5\" data-element_type=\"widget\" data-e-type=\"widget\" data-widget_type=\"text-editor.default\">\n\t\t\t\t<div class=\"elementor-widget-container\">\n\t\t\t\t\t\t\t\t\t<h2 id=\"tw-target-text\" class=\"tw-data-text tw-text-large tw-ta\" dir=\"ltr\" data-placeholder=\"Traducci\u00f3n\" data-ved=\"2ahUKEwjLnu_W9LuEAxVi_rsIHUFQDqgQ3ewLegQIBRAU\"><strong><span class=\"Y2IQFc\" lang=\"en\">With collaboration of<\/span><\/strong><span style=\"color: #000000\">:<\/span><\/h2>\n<p class=\"x_MsoListParagraph\"><span style=\"color: #000000\">Dpto. Filolog\u00edas Extranjeras y sus Ling\u00fc\u00edsticas, UNED<\/span><\/p>\n<p class=\"x_MsoListParagraph\"><span style=\"color: #000000\">Dpto. Lengua Espa\u00f1ola y Ling\u00fc\u00edstica General, UNED<\/span><\/p>\t\t\t\t\t\t\t\t<\/div>\n\t\t\t\t<\/div>\n\t\t\t\t\t<\/div>\n\t\t<\/div>\n\t\t\t\t\t<\/div>\n\t\t<\/section>\n\t\t\t\t<section class=\"elementor-section elementor-top-section elementor-element elementor-element-2992d55 elementor-section-boxed elementor-section-height-default elementor-section-height-default\" data-id=\"2992d55\" data-element_type=\"section\" data-e-type=\"section\">\n\t\t\t\t\t\t<div class=\"elementor-container elementor-column-gap-default\">\n\t\t\t\t\t<div class=\"elementor-column elementor-col-33 elementor-top-column elementor-element elementor-element-c718bfc\" data-id=\"c718bfc\" data-element_type=\"column\" data-e-type=\"column\">\n\t\t\t<div class=\"elementor-widget-wrap elementor-element-populated\">\n\t\t\t\t\t\t<div class=\"elementor-element elementor-element-9e7ffa2 elementor-widget elementor-widget-image\" data-id=\"9e7ffa2\" data-element_type=\"widget\" data-e-type=\"widget\" data-widget_type=\"image.default\">\n\t\t\t\t<div class=\"elementor-widget-container\">\n\t\t\t\t\t\t\t\t\t\t\t\t\t\t\t<img loading=\"lazy\" decoding=\"async\" width=\"300\" height=\"143\" src=\"https:\/\/blogs.uned.es\/fundacionuned\/wp-content\/uploads\/sites\/405\/2024\/02\/Logo_uned-300x143.png\" class=\"attachment-medium size-medium wp-image-15897\" alt=\"\" srcset=\"https:\/\/blogs.uned.es\/fundacionuned\/wp-content\/uploads\/sites\/405\/2024\/02\/Logo_uned-300x143.png 300w, https:\/\/blogs.uned.es\/fundacionuned\/wp-content\/uploads\/sites\/405\/2024\/02\/Logo_uned.png 664w\" sizes=\"(max-width: 300px) 100vw, 300px\" \/>\t\t\t\t\t\t\t\t\t\t\t\t\t\t\t<\/div>\n\t\t\t\t<\/div>\n\t\t\t\t\t<\/div>\n\t\t<\/div>\n\t\t\t\t<div class=\"elementor-column elementor-col-33 elementor-top-column elementor-element elementor-element-ae39aa8\" data-id=\"ae39aa8\" data-element_type=\"column\" data-e-type=\"column\">\n\t\t\t<div class=\"elementor-widget-wrap elementor-element-populated\">\n\t\t\t\t\t\t<div class=\"elementor-element elementor-element-d88eeae elementor-widget elementor-widget-image\" data-id=\"d88eeae\" data-element_type=\"widget\" data-e-type=\"widget\" data-widget_type=\"image.default\">\n\t\t\t\t<div class=\"elementor-widget-container\">\n\t\t\t\t\t\t\t\t\t\t\t\t\t\t\t<img loading=\"lazy\" decoding=\"async\" width=\"300\" height=\"116\" src=\"https:\/\/blogs.uned.es\/fundacionuned\/wp-content\/uploads\/sites\/405\/2024\/02\/Hor2-azul_EB_150ppi_-300x116.png\" class=\"attachment-medium size-medium wp-image-15899\" alt=\"\" srcset=\"https:\/\/blogs.uned.es\/fundacionuned\/wp-content\/uploads\/sites\/405\/2024\/02\/Hor2-azul_EB_150ppi_-300x116.png 300w, https:\/\/blogs.uned.es\/fundacionuned\/wp-content\/uploads\/sites\/405\/2024\/02\/Hor2-azul_EB_150ppi_.png 555w\" sizes=\"(max-width: 300px) 100vw, 300px\" \/>\t\t\t\t\t\t\t\t\t\t\t\t\t\t\t<\/div>\n\t\t\t\t<\/div>\n\t\t\t\t\t<\/div>\n\t\t<\/div>\n\t\t\t\t<div class=\"elementor-column elementor-col-33 elementor-top-column elementor-element elementor-element-c89cfd4\" data-id=\"c89cfd4\" data-element_type=\"column\" data-e-type=\"column\">\n\t\t\t<div class=\"elementor-widget-wrap elementor-element-populated\">\n\t\t\t\t\t\t<div class=\"elementor-element elementor-element-9c9e7e0 elementor-widget elementor-widget-image\" data-id=\"9c9e7e0\" data-element_type=\"widget\" data-e-type=\"widget\" data-widget_type=\"image.default\">\n\t\t\t\t<div class=\"elementor-widget-container\">\n\t\t\t\t\t\t\t\t\t\t\t\t\t\t\t<img loading=\"lazy\" decoding=\"async\" width=\"150\" height=\"150\" src=\"https:\/\/blogs.uned.es\/fundacionuned\/wp-content\/uploads\/sites\/405\/2024\/02\/Madrid-BM_Logo-150x150.png\" class=\"attachment-thumbnail size-thumbnail wp-image-15901\" alt=\"\" \/>\t\t\t\t\t\t\t\t\t\t\t\t\t\t\t<\/div>\n\t\t\t\t<\/div>\n\t\t\t\t\t<\/div>\n\t\t<\/div>\n\t\t\t\t\t<\/div>\n\t\t<\/section>\n\t\t\t\t<section class=\"elementor-section elementor-top-section elementor-element elementor-element-09d9f0c elementor-section-boxed elementor-section-height-default elementor-section-height-default\" data-id=\"09d9f0c\" data-element_type=\"section\" data-e-type=\"section\">\n\t\t\t\t\t\t<div class=\"elementor-container elementor-column-gap-default\">\n\t\t\t\t\t<div class=\"elementor-column elementor-col-33 elementor-top-column elementor-element elementor-element-05000bb\" data-id=\"05000bb\" data-element_type=\"column\" data-e-type=\"column\">\n\t\t\t<div class=\"elementor-widget-wrap elementor-element-populated\">\n\t\t\t\t\t\t<div class=\"elementor-element elementor-element-7dbe419 elementor-widget elementor-widget-image\" data-id=\"7dbe419\" data-element_type=\"widget\" data-e-type=\"widget\" data-widget_type=\"image.default\">\n\t\t\t\t<div class=\"elementor-widget-container\">\n\t\t\t\t\t\t\t\t\t\t\t\t\t\t\t<img loading=\"lazy\" decoding=\"async\" width=\"160\" height=\"89\" src=\"https:\/\/blogs.uned.es\/fundacionuned\/wp-content\/uploads\/sites\/405\/2022\/12\/logo-fund-1.png\" class=\"attachment-large size-large wp-image-11723\" alt=\"\" \/>\t\t\t\t\t\t\t\t\t\t\t\t\t\t\t<\/div>\n\t\t\t\t<\/div>\n\t\t\t\t\t<\/div>\n\t\t<\/div>\n\t\t\t\t<div class=\"elementor-column elementor-col-33 elementor-top-column elementor-element elementor-element-e68735d\" data-id=\"e68735d\" data-element_type=\"column\" data-e-type=\"column\">\n\t\t\t<div class=\"elementor-widget-wrap elementor-element-populated\">\n\t\t\t\t\t\t<div class=\"elementor-element elementor-element-2d27750 elementor-widget elementor-widget-image\" data-id=\"2d27750\" data-element_type=\"widget\" data-e-type=\"widget\" data-widget_type=\"image.default\">\n\t\t\t\t<div class=\"elementor-widget-container\">\n\t\t\t\t\t\t\t\t\t\t\t\t\t\t\t<img loading=\"lazy\" decoding=\"async\" width=\"300\" height=\"143\" src=\"https:\/\/blogs.uned.es\/fundacionuned\/wp-content\/uploads\/sites\/405\/2024\/06\/logo_uned_eiduned-300x143.png\" class=\"attachment-medium size-medium wp-image-17925\" alt=\"\" srcset=\"https:\/\/blogs.uned.es\/fundacionuned\/wp-content\/uploads\/sites\/405\/2024\/06\/logo_uned_eiduned-300x143.png 300w, https:\/\/blogs.uned.es\/fundacionuned\/wp-content\/uploads\/sites\/405\/2024\/06\/logo_uned_eiduned.png 495w\" sizes=\"(max-width: 300px) 100vw, 300px\" \/>\t\t\t\t\t\t\t\t\t\t\t\t\t\t\t<\/div>\n\t\t\t\t<\/div>\n\t\t\t\t\t<\/div>\n\t\t<\/div>\n\t\t\t\t<div class=\"elementor-column elementor-col-33 elementor-top-column elementor-element elementor-element-858b84c\" data-id=\"858b84c\" data-element_type=\"column\" data-e-type=\"column\">\n\t\t\t<div class=\"elementor-widget-wrap elementor-element-populated\">\n\t\t\t\t\t\t<div class=\"elementor-element elementor-element-5bb5df8 elementor-widget elementor-widget-image\" data-id=\"5bb5df8\" data-element_type=\"widget\" data-e-type=\"widget\" data-widget_type=\"image.default\">\n\t\t\t\t<div class=\"elementor-widget-container\">\n\t\t\t\t\t\t\t\t\t\t\t\t\t\t\t<img loading=\"lazy\" decoding=\"async\" width=\"800\" height=\"230\" src=\"https:\/\/blogs.uned.es\/fundacionuned\/wp-content\/uploads\/sites\/405\/2024\/03\/BritishCouncil_Logo_Indigo_RGB.jpg\" class=\"attachment-large size-large wp-image-16715\" alt=\"\" srcset=\"https:\/\/blogs.uned.es\/fundacionuned\/wp-content\/uploads\/sites\/405\/2024\/03\/BritishCouncil_Logo_Indigo_RGB.jpg 894w, https:\/\/blogs.uned.es\/fundacionuned\/wp-content\/uploads\/sites\/405\/2024\/03\/BritishCouncil_Logo_Indigo_RGB-300x86.jpg 300w, https:\/\/blogs.uned.es\/fundacionuned\/wp-content\/uploads\/sites\/405\/2024\/03\/BritishCouncil_Logo_Indigo_RGB-768x221.jpg 768w\" sizes=\"(max-width: 800px) 100vw, 800px\" \/>\t\t\t\t\t\t\t\t\t\t\t\t\t\t\t<\/div>\n\t\t\t\t<\/div>\n\t\t\t\t\t<\/div>\n\t\t<\/div>\n\t\t\t\t\t<\/div>\n\t\t<\/section>\n\t\t\t\t<section class=\"elementor-section elementor-top-section elementor-element elementor-element-22d89a9 elementor-section-boxed elementor-section-height-default elementor-section-height-default\" data-id=\"22d89a9\" data-element_type=\"section\" data-e-type=\"section\">\n\t\t\t\t\t\t<div class=\"elementor-container elementor-column-gap-default\">\n\t\t\t\t\t<div class=\"elementor-column elementor-col-33 elementor-top-column elementor-element elementor-element-68c2a36\" data-id=\"68c2a36\" data-element_type=\"column\" data-e-type=\"column\">\n\t\t\t<div class=\"elementor-widget-wrap elementor-element-populated\">\n\t\t\t\t\t\t<div class=\"elementor-element elementor-element-3acc8b8 elementor-widget elementor-widget-image\" data-id=\"3acc8b8\" data-element_type=\"widget\" data-e-type=\"widget\" data-widget_type=\"image.default\">\n\t\t\t\t<div class=\"elementor-widget-container\">\n\t\t\t\t\t\t\t\t\t\t\t\t\t\t\t<img loading=\"lazy\" decoding=\"async\" width=\"200\" height=\"200\" src=\"https:\/\/blogs.uned.es\/fundacionuned\/wp-content\/uploads\/sites\/405\/2024\/09\/APP-circular_MM-Logo.png\" class=\"attachment-large size-large wp-image-18983\" alt=\"\" srcset=\"https:\/\/blogs.uned.es\/fundacionuned\/wp-content\/uploads\/sites\/405\/2024\/09\/APP-circular_MM-Logo.png 200w, https:\/\/blogs.uned.es\/fundacionuned\/wp-content\/uploads\/sites\/405\/2024\/09\/APP-circular_MM-Logo-150x150.png 150w\" sizes=\"(max-width: 200px) 100vw, 200px\" \/>\t\t\t\t\t\t\t\t\t\t\t\t\t\t\t<\/div>\n\t\t\t\t<\/div>\n\t\t\t\t\t<\/div>\n\t\t<\/div>\n\t\t\t\t<div class=\"elementor-column elementor-col-33 elementor-top-column elementor-element elementor-element-31d730f\" data-id=\"31d730f\" data-element_type=\"column\" data-e-type=\"column\">\n\t\t\t<div class=\"elementor-widget-wrap\">\n\t\t\t\t\t\t\t<\/div>\n\t\t<\/div>\n\t\t\t\t<div class=\"elementor-column elementor-col-33 elementor-top-column elementor-element elementor-element-8cb2dda\" data-id=\"8cb2dda\" data-element_type=\"column\" data-e-type=\"column\">\n\t\t\t<div class=\"elementor-widget-wrap\">\n\t\t\t\t\t\t\t<\/div>\n\t\t<\/div>\n\t\t\t\t\t<\/div>\n\t\t<\/section>\n\t\t\t\t<section class=\"elementor-section elementor-top-section elementor-element elementor-element-44b9596 elementor-section-boxed elementor-section-height-default elementor-section-height-default\" data-id=\"44b9596\" data-element_type=\"section\" data-e-type=\"section\">\n\t\t\t\t\t\t<div class=\"elementor-container elementor-column-gap-default\">\n\t\t\t\t\t<div class=\"elementor-column elementor-col-33 elementor-top-column elementor-element elementor-element-e9aaa76\" data-id=\"e9aaa76\" data-element_type=\"column\" data-e-type=\"column\">\n\t\t\t<div class=\"elementor-widget-wrap elementor-element-populated\">\n\t\t\t\t\t\t<div class=\"elementor-element elementor-element-079556e elementor-widget elementor-widget-image\" data-id=\"079556e\" data-element_type=\"widget\" data-e-type=\"widget\" data-widget_type=\"image.default\">\n\t\t\t\t<div class=\"elementor-widget-container\">\n\t\t\t\t\t\t\t\t\t\t\t\t\t\t\t<img loading=\"lazy\" decoding=\"async\" width=\"727\" height=\"1024\" src=\"https:\/\/blogs.uned.es\/fundacionuned\/wp-content\/uploads\/sites\/405\/2024\/10\/libros-727x1024.jpg\" class=\"attachment-large size-large wp-image-19173\" alt=\"\" srcset=\"https:\/\/blogs.uned.es\/fundacionuned\/wp-content\/uploads\/sites\/405\/2024\/10\/libros-727x1024.jpg 727w, https:\/\/blogs.uned.es\/fundacionuned\/wp-content\/uploads\/sites\/405\/2024\/10\/libros-213x300.jpg 213w, https:\/\/blogs.uned.es\/fundacionuned\/wp-content\/uploads\/sites\/405\/2024\/10\/libros-768x1081.jpg 768w, https:\/\/blogs.uned.es\/fundacionuned\/wp-content\/uploads\/sites\/405\/2024\/10\/libros.jpg 976w\" sizes=\"(max-width: 727px) 100vw, 727px\" \/>\t\t\t\t\t\t\t\t\t\t\t\t\t\t\t<\/div>\n\t\t\t\t<\/div>\n\t\t\t\t\t<\/div>\n\t\t<\/div>\n\t\t\t\t<div class=\"elementor-column elementor-col-33 elementor-top-column elementor-element elementor-element-465c11d\" data-id=\"465c11d\" data-element_type=\"column\" data-e-type=\"column\">\n\t\t\t<div class=\"elementor-widget-wrap\">\n\t\t\t\t\t\t\t<\/div>\n\t\t<\/div>\n\t\t\t\t<div class=\"elementor-column elementor-col-33 elementor-top-column elementor-element elementor-element-58d0e7e\" data-id=\"58d0e7e\" data-element_type=\"column\" data-e-type=\"column\">\n\t\t\t<div class=\"elementor-widget-wrap\">\n\t\t\t\t\t\t\t<\/div>\n\t\t<\/div>\n\t\t\t\t\t<\/div>\n\t\t<\/section>\n\t\t\t\t<\/div>\n\t\t","protected":false},"excerpt":{"rendered":"<p>Espa\u00f1ol BILINGUALISM, BILINGUAL&nbsp;EDUCATION AND SOCIAL (SOCIOLINGUISTIC\/POLITICAL) CONFLICT Presentation Organising committee Scientific committee Call for papers Plenary speakers Key dates Registration Programme Past conferences More Presentation Presentation Since 2018, UNED\u2019s Language and Society Research Group has hosted a series of biennial international conferences on bilingualism and bilingual education, thus giving researchers the opportunity to present ground-breaking research and eventually cause positive changes in academia and society at large. While past editions dealt respectively with the challenges, limits and solutions involved when dealing with bilingualism and interculturality (2018), the relationship between bilingualism and migration (2020), and the confluence of bilingualism and bilingual education with their immediate and extended social contexts (2022), this edition will focus on bilingualism and bilingual education, and how both concepts interact or intertwine with (political) tension. Bilingualism and bilingual education have become characteristic features of the world today. Globalization, the internationalisation of employment, the increase in transnational mobility&hellip;<\/p>\n<p> <a class=\"more-link\" href=\"https:\/\/blogs.uned.es\/fundacionuned\/biuned-2024-english\/\">Leer m\u00e1s<\/a><\/p>\n","protected":false},"author":7191,"featured_media":15401,"parent":0,"menu_order":0,"comment_status":"closed","ping_status":"closed","template":"","meta":{"footnotes":""},"class_list":["post-15923","page","type-page","status-publish","has-post-thumbnail"],"yoast_head":"<!-- This site is optimized with the Yoast SEO plugin v27.2 - https:\/\/yoast.com\/product\/yoast-seo-wordpress\/ -->\n<title>BiUNED 2024 English - Fundaci\u00f3n UNED<\/title>\n<meta name=\"robots\" content=\"index, follow, max-snippet:-1, max-image-preview:large, max-video-preview:-1\" \/>\n<link rel=\"canonical\" href=\"https:\/\/blogs.uned.es\/fundacionuned\/biuned-2024-english\/\" \/>\n<meta property=\"og:locale\" content=\"es_ES\" \/>\n<meta property=\"og:type\" content=\"article\" \/>\n<meta property=\"og:title\" content=\"BiUNED 2024 English - Fundaci\u00f3n UNED\" \/>\n<meta property=\"og:description\" content=\"Espa\u00f1ol BILINGUALISM, BILINGUAL&nbsp;EDUCATION AND SOCIAL (SOCIOLINGUISTIC\/POLITICAL) CONFLICT Presentation Organising committee Scientific committee Call for papers Plenary speakers Key dates Registration Programme Past conferences More Presentation Presentation Since 2018, UNED\u2019s Language and Society Research Group has hosted a series of biennial international conferences on bilingualism and bilingual education, thus giving researchers the opportunity to present ground-breaking research and eventually cause positive changes in academia and society at large. While past editions dealt respectively with the challenges, limits and solutions involved when dealing with bilingualism and interculturality (2018), the relationship between bilingualism and migration (2020), and the confluence of bilingualism and bilingual education with their immediate and extended social contexts (2022), this edition will focus on bilingualism and bilingual education, and how both concepts interact or intertwine with (political) tension. Bilingualism and bilingual education have become characteristic features of the world today. Globalization, the internationalisation of employment, the increase in transnational mobility&hellip;  Leer m\u00e1s\" \/>\n<meta property=\"og:url\" content=\"https:\/\/blogs.uned.es\/fundacionuned\/biuned-2024-english\/\" \/>\n<meta property=\"og:site_name\" content=\"Fundaci\u00f3n UNED\" \/>\n<meta property=\"article:modified_time\" content=\"2025-01-09T07:19:22+00:00\" \/>\n<meta property=\"og:image\" content=\"http:\/\/blogs.uned.es\/fundacionuned\/wp-content\/uploads\/sites\/405\/2024\/01\/banner_congreso_bilinguismo_24.jpg\" \/>\n\t<meta property=\"og:image:width\" content=\"2000\" \/>\n\t<meta property=\"og:image:height\" content=\"764\" \/>\n\t<meta property=\"og:image:type\" content=\"image\/jpeg\" \/>\n<meta name=\"twitter:card\" content=\"summary_large_image\" \/>\n<meta name=\"twitter:label1\" content=\"Tiempo de lectura\" \/>\n\t<meta name=\"twitter:data1\" content=\"14 minutos\" \/>\n<script type=\"application\/ld+json\" class=\"yoast-schema-graph\">{\"@context\":\"https:\/\/schema.org\",\"@graph\":[{\"@type\":\"WebPage\",\"@id\":\"https:\/\/blogs.uned.es\/fundacionuned\/biuned-2024-english\/\",\"url\":\"https:\/\/blogs.uned.es\/fundacionuned\/biuned-2024-english\/\",\"name\":\"BiUNED 2024 English - Fundaci\u00f3n UNED\",\"isPartOf\":{\"@id\":\"https:\/\/blogs.uned.es\/fundacionuned\/#website\"},\"primaryImageOfPage\":{\"@id\":\"https:\/\/blogs.uned.es\/fundacionuned\/biuned-2024-english\/#primaryimage\"},\"image\":{\"@id\":\"https:\/\/blogs.uned.es\/fundacionuned\/biuned-2024-english\/#primaryimage\"},\"thumbnailUrl\":\"https:\/\/blogs.uned.es\/fundacionuned\/wp-content\/uploads\/sites\/405\/2024\/01\/banner_congreso_bilinguismo_24.jpg\",\"datePublished\":\"2024-02-14T10:01:37+00:00\",\"dateModified\":\"2025-01-09T07:19:22+00:00\",\"breadcrumb\":{\"@id\":\"https:\/\/blogs.uned.es\/fundacionuned\/biuned-2024-english\/#breadcrumb\"},\"inLanguage\":\"es\",\"potentialAction\":[{\"@type\":\"ReadAction\",\"target\":[\"https:\/\/blogs.uned.es\/fundacionuned\/biuned-2024-english\/\"]}]},{\"@type\":\"ImageObject\",\"inLanguage\":\"es\",\"@id\":\"https:\/\/blogs.uned.es\/fundacionuned\/biuned-2024-english\/#primaryimage\",\"url\":\"https:\/\/blogs.uned.es\/fundacionuned\/wp-content\/uploads\/sites\/405\/2024\/01\/banner_congreso_bilinguismo_24.jpg\",\"contentUrl\":\"https:\/\/blogs.uned.es\/fundacionuned\/wp-content\/uploads\/sites\/405\/2024\/01\/banner_congreso_bilinguismo_24.jpg\",\"width\":2000,\"height\":764},{\"@type\":\"BreadcrumbList\",\"@id\":\"https:\/\/blogs.uned.es\/fundacionuned\/biuned-2024-english\/#breadcrumb\",\"itemListElement\":[{\"@type\":\"ListItem\",\"position\":1,\"name\":\"Portada\",\"item\":\"https:\/\/blogs.uned.es\/fundacionuned\/\"},{\"@type\":\"ListItem\",\"position\":2,\"name\":\"BiUNED 2024 English\"}]},{\"@type\":\"WebSite\",\"@id\":\"https:\/\/blogs.uned.es\/fundacionuned\/#website\",\"url\":\"https:\/\/blogs.uned.es\/fundacionuned\/\",\"name\":\"Fundaci\u00f3n UNED\",\"description\":\"Fundaci\u00f3n UNED\",\"publisher\":{\"@id\":\"https:\/\/blogs.uned.es\/fundacionuned\/#organization\"},\"potentialAction\":[{\"@type\":\"SearchAction\",\"target\":{\"@type\":\"EntryPoint\",\"urlTemplate\":\"https:\/\/blogs.uned.es\/fundacionuned\/?s={search_term_string}\"},\"query-input\":{\"@type\":\"PropertyValueSpecification\",\"valueRequired\":true,\"valueName\":\"search_term_string\"}}],\"inLanguage\":\"es\"},{\"@type\":\"Organization\",\"@id\":\"https:\/\/blogs.uned.es\/fundacionuned\/#organization\",\"name\":\"Fundaci\u00f3n UNED\",\"url\":\"https:\/\/blogs.uned.es\/fundacionuned\/\",\"logo\":{\"@type\":\"ImageObject\",\"inLanguage\":\"es\",\"@id\":\"https:\/\/blogs.uned.es\/fundacionuned\/#\/schema\/logo\/image\/\",\"url\":\"https:\/\/blogs.uned.es\/fundacionuned\/wp-content\/uploads\/sites\/405\/2022\/12\/cropped-MicrosoftTeams-image.png\",\"contentUrl\":\"https:\/\/blogs.uned.es\/fundacionuned\/wp-content\/uploads\/sites\/405\/2022\/12\/cropped-MicrosoftTeams-image.png\",\"width\":671,\"height\":340,\"caption\":\"Fundaci\u00f3n UNED\"},\"image\":{\"@id\":\"https:\/\/blogs.uned.es\/fundacionuned\/#\/schema\/logo\/image\/\"}}]}<\/script>\n<!-- \/ Yoast SEO plugin. -->","yoast_head_json":{"title":"BiUNED 2024 English - Fundaci\u00f3n UNED","robots":{"index":"index","follow":"follow","max-snippet":"max-snippet:-1","max-image-preview":"max-image-preview:large","max-video-preview":"max-video-preview:-1"},"canonical":"https:\/\/blogs.uned.es\/fundacionuned\/biuned-2024-english\/","og_locale":"es_ES","og_type":"article","og_title":"BiUNED 2024 English - Fundaci\u00f3n UNED","og_description":"Espa\u00f1ol BILINGUALISM, BILINGUAL&nbsp;EDUCATION AND SOCIAL (SOCIOLINGUISTIC\/POLITICAL) CONFLICT Presentation Organising committee Scientific committee Call for papers Plenary speakers Key dates Registration Programme Past conferences More Presentation Presentation Since 2018, UNED\u2019s Language and Society Research Group has hosted a series of biennial international conferences on bilingualism and bilingual education, thus giving researchers the opportunity to present ground-breaking research and eventually cause positive changes in academia and society at large. While past editions dealt respectively with the challenges, limits and solutions involved when dealing with bilingualism and interculturality (2018), the relationship between bilingualism and migration (2020), and the confluence of bilingualism and bilingual education with their immediate and extended social contexts (2022), this edition will focus on bilingualism and bilingual education, and how both concepts interact or intertwine with (political) tension. Bilingualism and bilingual education have become characteristic features of the world today. Globalization, the internationalisation of employment, the increase in transnational mobility&hellip;  Leer m\u00e1s","og_url":"https:\/\/blogs.uned.es\/fundacionuned\/biuned-2024-english\/","og_site_name":"Fundaci\u00f3n UNED","article_modified_time":"2025-01-09T07:19:22+00:00","og_image":[{"width":2000,"height":764,"url":"http:\/\/blogs.uned.es\/fundacionuned\/wp-content\/uploads\/sites\/405\/2024\/01\/banner_congreso_bilinguismo_24.jpg","type":"image\/jpeg"}],"twitter_card":"summary_large_image","twitter_misc":{"Tiempo de lectura":"14 minutos"},"schema":{"@context":"https:\/\/schema.org","@graph":[{"@type":"WebPage","@id":"https:\/\/blogs.uned.es\/fundacionuned\/biuned-2024-english\/","url":"https:\/\/blogs.uned.es\/fundacionuned\/biuned-2024-english\/","name":"BiUNED 2024 English - Fundaci\u00f3n UNED","isPartOf":{"@id":"https:\/\/blogs.uned.es\/fundacionuned\/#website"},"primaryImageOfPage":{"@id":"https:\/\/blogs.uned.es\/fundacionuned\/biuned-2024-english\/#primaryimage"},"image":{"@id":"https:\/\/blogs.uned.es\/fundacionuned\/biuned-2024-english\/#primaryimage"},"thumbnailUrl":"https:\/\/blogs.uned.es\/fundacionuned\/wp-content\/uploads\/sites\/405\/2024\/01\/banner_congreso_bilinguismo_24.jpg","datePublished":"2024-02-14T10:01:37+00:00","dateModified":"2025-01-09T07:19:22+00:00","breadcrumb":{"@id":"https:\/\/blogs.uned.es\/fundacionuned\/biuned-2024-english\/#breadcrumb"},"inLanguage":"es","potentialAction":[{"@type":"ReadAction","target":["https:\/\/blogs.uned.es\/fundacionuned\/biuned-2024-english\/"]}]},{"@type":"ImageObject","inLanguage":"es","@id":"https:\/\/blogs.uned.es\/fundacionuned\/biuned-2024-english\/#primaryimage","url":"https:\/\/blogs.uned.es\/fundacionuned\/wp-content\/uploads\/sites\/405\/2024\/01\/banner_congreso_bilinguismo_24.jpg","contentUrl":"https:\/\/blogs.uned.es\/fundacionuned\/wp-content\/uploads\/sites\/405\/2024\/01\/banner_congreso_bilinguismo_24.jpg","width":2000,"height":764},{"@type":"BreadcrumbList","@id":"https:\/\/blogs.uned.es\/fundacionuned\/biuned-2024-english\/#breadcrumb","itemListElement":[{"@type":"ListItem","position":1,"name":"Portada","item":"https:\/\/blogs.uned.es\/fundacionuned\/"},{"@type":"ListItem","position":2,"name":"BiUNED 2024 English"}]},{"@type":"WebSite","@id":"https:\/\/blogs.uned.es\/fundacionuned\/#website","url":"https:\/\/blogs.uned.es\/fundacionuned\/","name":"Fundaci\u00f3n UNED","description":"Fundaci\u00f3n UNED","publisher":{"@id":"https:\/\/blogs.uned.es\/fundacionuned\/#organization"},"potentialAction":[{"@type":"SearchAction","target":{"@type":"EntryPoint","urlTemplate":"https:\/\/blogs.uned.es\/fundacionuned\/?s={search_term_string}"},"query-input":{"@type":"PropertyValueSpecification","valueRequired":true,"valueName":"search_term_string"}}],"inLanguage":"es"},{"@type":"Organization","@id":"https:\/\/blogs.uned.es\/fundacionuned\/#organization","name":"Fundaci\u00f3n UNED","url":"https:\/\/blogs.uned.es\/fundacionuned\/","logo":{"@type":"ImageObject","inLanguage":"es","@id":"https:\/\/blogs.uned.es\/fundacionuned\/#\/schema\/logo\/image\/","url":"https:\/\/blogs.uned.es\/fundacionuned\/wp-content\/uploads\/sites\/405\/2022\/12\/cropped-MicrosoftTeams-image.png","contentUrl":"https:\/\/blogs.uned.es\/fundacionuned\/wp-content\/uploads\/sites\/405\/2022\/12\/cropped-MicrosoftTeams-image.png","width":671,"height":340,"caption":"Fundaci\u00f3n UNED"},"image":{"@id":"https:\/\/blogs.uned.es\/fundacionuned\/#\/schema\/logo\/image\/"}}]}},"_links":{"self":[{"href":"https:\/\/blogs.uned.es\/fundacionuned\/wp-json\/wp\/v2\/pages\/15923","targetHints":{"allow":["GET"]}}],"collection":[{"href":"https:\/\/blogs.uned.es\/fundacionuned\/wp-json\/wp\/v2\/pages"}],"about":[{"href":"https:\/\/blogs.uned.es\/fundacionuned\/wp-json\/wp\/v2\/types\/page"}],"author":[{"embeddable":true,"href":"https:\/\/blogs.uned.es\/fundacionuned\/wp-json\/wp\/v2\/users\/7191"}],"replies":[{"embeddable":true,"href":"https:\/\/blogs.uned.es\/fundacionuned\/wp-json\/wp\/v2\/comments?post=15923"}],"version-history":[{"count":260,"href":"https:\/\/blogs.uned.es\/fundacionuned\/wp-json\/wp\/v2\/pages\/15923\/revisions"}],"predecessor-version":[{"id":22605,"href":"https:\/\/blogs.uned.es\/fundacionuned\/wp-json\/wp\/v2\/pages\/15923\/revisions\/22605"}],"wp:featuredmedia":[{"embeddable":true,"href":"https:\/\/blogs.uned.es\/fundacionuned\/wp-json\/wp\/v2\/media\/15401"}],"wp:attachment":[{"href":"https:\/\/blogs.uned.es\/fundacionuned\/wp-json\/wp\/v2\/media?parent=15923"}],"curies":[{"name":"wp","href":"https:\/\/api.w.org\/{rel}","templated":true}]}}