{"id":14117,"date":"2023-06-08T10:01:59","date_gmt":"2023-06-08T10:01:59","guid":{"rendered":"https:\/\/blogs.uned.es\/fundacionuned\/?page_id=14117"},"modified":"2023-10-11T10:13:56","modified_gmt":"2023-10-11T10:13:56","slug":"sala-1-orientacion-ingreso","status":"publish","type":"page","link":"https:\/\/blogs.uned.es\/fundacionuned\/ciou2023\/programaciou2023\/sala-1-orientacion-ingreso\/","title":{"rendered":"Sala 1: orientaci\u00f3n ingreso"},"content":{"rendered":"\n<figure class=\"wp-block-image alignfull size-full\"><img fetchpriority=\"high\" decoding=\"async\" width=\"1024\" height=\"320\" src=\"http:\/\/blogs.uned.es\/fundacionuned\/wp-content\/uploads\/sites\/405\/2023\/07\/Fac-educacion.jpg\" alt=\"\" class=\"wp-image-14753\" srcset=\"https:\/\/blogs.uned.es\/fundacionuned\/wp-content\/uploads\/sites\/405\/2023\/07\/Fac-educacion.jpg 1024w, https:\/\/blogs.uned.es\/fundacionuned\/wp-content\/uploads\/sites\/405\/2023\/07\/Fac-educacion-300x94.jpg 300w, https:\/\/blogs.uned.es\/fundacionuned\/wp-content\/uploads\/sites\/405\/2023\/07\/Fac-educacion-768x240.jpg 768w\" sizes=\"(max-width: 1024px) 100vw, 1024px\" \/><\/figure>\n\n\n\n<h4 class=\"wp-block-heading alignwide has-text-align-center\"><strong>III Congreso Internacional de Orientaci\u00f3n Universitaria<\/strong><\/h4>\n\n\n\n<div class=\"wp-block-columns alignfull is-layout-flex wp-container-core-columns-is-layout-9d6595d7 wp-block-columns-is-layout-flex\">\n<div class=\"wp-block-column is-layout-flow wp-block-column-is-layout-flow\"><div class=\"wp-block-image\">\n<figure class=\"aligncenter size-full is-resized\"><img decoding=\"async\" src=\"http:\/\/blogs.uned.es\/fundacionuned\/wp-content\/uploads\/sites\/405\/2023\/02\/CIOU_UNED2023-PRUEBA-1.jpg\" alt=\"\" class=\"wp-image-13385\" width=\"210\" height=\"102\" \/><\/figure>\n<\/div><\/div>\n\n\n\n<div class=\"wp-block-column is-layout-flow wp-block-column-is-layout-flow\">\n<p><\/p>\n\n\n\n<h6 class=\"wp-block-heading has-text-align-center\"><kbd>\"<\/kbd><strong style=\"font-style: italic\">Calibrando br\u00fajulas ante la incertidumbre<\/strong><kbd>\"<\/kbd><\/h6>\n<\/div>\n\n\n\n<div class=\"wp-block-column is-layout-flow wp-block-column-is-layout-flow\">\n<p><\/p>\n\n\n\n<p class=\"has-medium-font-size\"><strong>Madrid 6, 7 y 8 de septiembre de 2023<\/strong><\/p>\n<\/div>\n<\/div>\n\n\n\n<div class=\"wp-block-buttons alignfull is-content-justification-center is-layout-flex wp-container-core-buttons-is-layout-e1485a7b wp-block-buttons-is-layout-flex\">\n<div class=\"wp-block-button\"><a class=\"wp-block-button__link wp-element-button\" href=\"https:\/\/blogs.uned.es\/fundacionuned\/comiteciou2023\/\">Comit\u00e9s <\/a><\/div>\n\n\n\n<div class=\"wp-block-button\"><a class=\"wp-block-button__link wp-element-button\" href=\"https:\/\/blogs.uned.es\/fundacionuned\/areas-tematicas\/\">\u00c1reas Tem\u00e1ticas<\/a><\/div>\n\n\n\n<div class=\"wp-block-button\"><a class=\"wp-block-button__link wp-element-button\" href=\"https:\/\/blogs.uned.es\/fundacionuned\/comunicacionesciou2023\/\">Participaci\u00f3n<\/a><\/div>\n\n\n\n<div class=\"wp-block-button\"><a class=\"wp-block-button__link wp-element-button\" href=\"https:\/\/blogs.uned.es\/fundacionuned\/entrega-de-trabajos\/\">Entrega de trabajos<\/a><\/div>\n\n\n\n<div class=\"wp-block-button\"><a class=\"wp-block-button__link wp-element-button\" href=\"https:\/\/blogs.uned.es\/fundacionuned\/programaciou2023\/\">Programa<\/a><\/div>\n\n\n\n<div class=\"wp-block-button is-style-fill\"><a class=\"wp-block-button__link wp-element-button\" href=\"https:\/\/blogs.uned.es\/fundacionuned\/inscripcionciou2023\/\">Inscripci\u00f3n<\/a><\/div>\n\n\n\n<div class=\"wp-block-button is-style-fill\"><a class=\"wp-block-button__link has-background-color has-primary-background-color has-text-color has-background wp-element-button\" href=\"https:\/\/blogs.uned.es\/fundacionuned\/contactociou2023\/\">Contacto<\/a><\/div>\n\n\n\n<div class=\"wp-block-button\"><a class=\"wp-block-button__link wp-element-button\" href=\"https:\/\/blogs.uned.es\/fundacionuned\/informacion-generalciou2023\/\">Informaci\u00f3n general<\/a><\/div>\n\n\n\n<div class=\"wp-block-button\"><a class=\"wp-block-button__link wp-element-button\" href=\"https:\/\/blogs.uned.es\/fundacionuned\/ciou-anteriores\/\">CIOU anteriores<\/a><\/div>\n<\/div>\n\n\n\n<h4 class=\"wp-block-heading has-text-align-center\"><strong>Sala 1: Orientaci\u00f3n para el ingreso en la universidad de j\u00f3venes y personas adultas<\/strong><\/h4>\n\n\n\n<ul class=\"wp-block-list\">\n<li>Modera: <strong>Carmen L\u00f3pez Escribano<\/strong><\/li>\n\n\n\n<li>Participan:\n<ul class=\"wp-block-list\">\n<li>\u00abLa orientaci\u00f3n acad\u00e9mico-profesional para la transici\u00f3n a la Universidad en los Centros de Educaci\u00f3n de Personas Adultas\u00bb \u2013 M\u00aa Eugenia L\u00f3pez Barranco (Directora de Centro de Educaci\u00f3n de Personas Adultas &#8211; Consejer\u00eda de Educaci\u00f3n, Madrid)<\/li>\n\n\n\n<li>\u00abAutorregulaci\u00f3n y aprendizaje en la transici\u00f3n a la universidad\u00bb &#8211; Daniel Garc\u00eda P\u00e9rez (Profesor Ayudante Doctor Departamento Investigaci\u00f3n y Psicolog\u00eda en Educaci\u00f3n UCM)<\/li>\n\n\n\n<li>\u00abNuevos retos de la orientaci\u00f3n acad\u00e9mico-profesional en Educaci\u00f3n Secundaria\u00bb \u2013 Elvira Congosto Luna (Directora ESO y Bachillerato de Mirabal International School)&nbsp;<\/li>\n<\/ul>\n<\/li>\n<\/ul>\n\n\n\n<figure class=\"wp-block-table alignwide is-style-stripes has-small-font-size\"><table class=\"has-fixed-layout\"><tbody><tr><td class=\"has-text-align-center\" data-align=\"center\"><strong>Carmen L\u00f3pez Escribano<\/strong><br>Profesora Titular de Universidad en el Departamento de Investigaci\u00f3n y Psicolog\u00eda en Educaci\u00f3n de la Universidad Complutense de Madrid (UCM)<br><img decoding=\"async\" width=\"649\" height=\"453\" class=\"wp-image-13477\" style=\"width: 150px\" src=\"http:\/\/blogs.uned.es\/fundacionuned\/wp-content\/uploads\/sites\/405\/2023\/02\/Carmen-Lopez-Escribano_UCM.jpg\" alt=\"\" srcset=\"https:\/\/blogs.uned.es\/fundacionuned\/wp-content\/uploads\/sites\/405\/2023\/02\/Carmen-Lopez-Escribano_UCM.jpg 649w, https:\/\/blogs.uned.es\/fundacionuned\/wp-content\/uploads\/sites\/405\/2023\/02\/Carmen-Lopez-Escribano_UCM-300x209.jpg 300w\" sizes=\"(max-width: 649px) 100vw, 649px\" \/><br><\/td><td>Actualmente Directora del citado Departamento, ha sido Delegada del Rector de la UCM y Vicedecana de Pr\u00e1cticum de la Facultad de Educaci\u00f3n (UCM).&nbsp; Patrona de Fundaci\u00f3n Aprender.&nbsp;Becaria Fulbright (1987-1989). Becaria Real Colegio Complutense (2003, 2005, 2006 y 2008).&nbsp;Becaria Gregorio del Amo (2014). Ha sido profesora visitante en Harvard University, California State University y Universidad de Guadalajara en M\u00e9xico. Ha impartido docencia en la Universidad de Sof\u00eda y Universidad de Tel Aviv.&nbsp;Ha dirigido y participado en proyectos de Cooperaci\u00f3n al Desarrollo en Am\u00e9rica Latina sobre alfabetizaci\u00f3n en contextos de riesgo. Ha participado tambi\u00e9n en numerosos proyectos competitivos de car\u00e1cter europeo y nacional. Su docencia y l\u00edneas de investigaci\u00f3n se centran en el diagn\u00f3stico y tratamiento de las dificultades de aprendizaje. En los dos \u00faltimos a\u00f1os ha realizado investigaci\u00f3n y publicaciones de car\u00e1cter internacional sobre orientaci\u00f3n familiar.<\/td><\/tr><tr><td class=\"has-text-align-center\" data-align=\"center\"><img loading=\"lazy\" decoding=\"async\" width=\"226\" height=\"302\" class=\"wp-image-14667\" style=\"width: 100px\" src=\"http:\/\/blogs.uned.es\/fundacionuned\/wp-content\/uploads\/sites\/405\/2023\/06\/Ma-Eugenia-Lo\u0301pez-Barranco.jpg\" alt=\"\" srcset=\"https:\/\/blogs.uned.es\/fundacionuned\/wp-content\/uploads\/sites\/405\/2023\/06\/Ma-Eugenia-Lo\u0301pez-Barranco.jpg 226w, https:\/\/blogs.uned.es\/fundacionuned\/wp-content\/uploads\/sites\/405\/2023\/06\/Ma-Eugenia-Lo\u0301pez-Barranco-225x300.jpg 225w\" sizes=\"(max-width: 226px) 100vw, 226px\" \/><br><strong>M\u00aa Eugenia L\u00f3pez Barranco <\/strong><br>Directora de Centro de Educaci\u00f3n de Personas Adultas &#8211; Consejer\u00eda de Educaci\u00f3n, Madrid<strong><br><\/strong><\/td><td>Profesora Asociada en el Departamento de Investigaci\u00f3n y Psicolog\u00eda en Educaci\u00f3n (Psicolog\u00eda Evolutiva y de la Educaci\u00f3n), Profesora de Educaci\u00f3n Secundaria (Orientaci\u00f3n Educativa), Directora de Centro de Educaci\u00f3n de Personas Adultas (Consejer\u00eda de Educaci\u00f3n, Madrid), Funcionaria de carrera desde 1982, Profesora invitada en el Curso de Experto Universitario Complutense de Salud Escolar, Curso de Enfermer\u00eda Escolar on line y Diploma en Enfermer\u00eda Escolar. Asesora de Formaci\u00f3n del Profesorado y ponente en cursos de formaci\u00f3n del profesorado.<br>Participaci\u00f3n en diversos proyectos de innovaci\u00f3n educativa en diversos niveles educativos. Miembro del Grupo de Investigaci\u00f3n Sociopsicobiolog\u00eda de la Agresi\u00f3n.<br>Formaci\u00f3n: Diploma de Estudios Avanzados (Facultad de Educaci\u00f3n, UCM), M\u00e1ster en Inform\u00e1tica Educativa (UNED), Especialista Universitario en Educaci\u00f3n de Personas Adultas (UNED), Licenciada en Psicopedagog\u00eda (UCM) y en Filolog\u00eda Inglesa (UCM), Diplomada en profesorado de EGB (UAM), 1.230 cr\u00e9ditos certificados por la Subdirecci\u00f3n General de Formaci\u00f3n del Profesorado.<\/td><\/tr><tr><td class=\"has-text-align-center\" data-align=\"center\"><img loading=\"lazy\" decoding=\"async\" width=\"850\" height=\"567\" class=\"wp-image-14669\" style=\"width: 150px\" src=\"http:\/\/blogs.uned.es\/fundacionuned\/wp-content\/uploads\/sites\/405\/2023\/06\/Daniel-Garci\u0301a-Pe\u0301rez.jpeg\" alt=\"\" srcset=\"https:\/\/blogs.uned.es\/fundacionuned\/wp-content\/uploads\/sites\/405\/2023\/06\/Daniel-Garci\u0301a-Pe\u0301rez.jpeg 850w, https:\/\/blogs.uned.es\/fundacionuned\/wp-content\/uploads\/sites\/405\/2023\/06\/Daniel-Garci\u0301a-Pe\u0301rez-300x200.jpeg 300w, https:\/\/blogs.uned.es\/fundacionuned\/wp-content\/uploads\/sites\/405\/2023\/06\/Daniel-Garci\u0301a-Pe\u0301rez-768x512.jpeg 768w\" sizes=\"(max-width: 850px) 100vw, 850px\" \/><br><strong>Daniel Garc\u00eda P\u00e9rez<\/strong><br>Profesor Ayudante Doctor Departamento Investigaci\u00f3n y Psicolog\u00eda en Educaci\u00f3n UCM<strong><br><\/strong><\/td><td>Licenciado en Psicolog\u00eda (UAM) y Humanidades (UC3M) y Doctor en desarrollo psicol\u00f3gico, aprendizaje y educaci\u00f3n por la Universidad Aut\u00f3noma de Madrid. Imparte asignaturas relacionadas con psicolog\u00eda del desarrollo y de la educaci\u00f3n y con metodolog\u00eda de investigaci\u00f3n. Su investigaci\u00f3n se centra en temas educativos, sobre los que ha publicado diversos cap\u00edtulos de libro y art\u00edculos cient\u00edficos de corte te\u00f3rico y emp\u00edrico usando distintas metodolog\u00edas (cualitativas, cuantitativas, mixtas).<\/td><\/tr><tr><td class=\"has-text-align-center\" data-align=\"center\"><img loading=\"lazy\" decoding=\"async\" width=\"512\" height=\"512\" class=\"wp-image-14673\" style=\"width: 150px\" src=\"http:\/\/blogs.uned.es\/fundacionuned\/wp-content\/uploads\/sites\/405\/2023\/06\/Elvira-Congosto-Luna.jpeg\" alt=\"\" srcset=\"https:\/\/blogs.uned.es\/fundacionuned\/wp-content\/uploads\/sites\/405\/2023\/06\/Elvira-Congosto-Luna.jpeg 512w, https:\/\/blogs.uned.es\/fundacionuned\/wp-content\/uploads\/sites\/405\/2023\/06\/Elvira-Congosto-Luna-300x300.jpeg 300w, https:\/\/blogs.uned.es\/fundacionuned\/wp-content\/uploads\/sites\/405\/2023\/06\/Elvira-Congosto-Luna-150x150.jpeg 150w\" sizes=\"(max-width: 512px) 100vw, 512px\" \/><br><strong>Elvira Congosto Luna<br><\/strong><\/td><td>Directora ESO y Bachillerato de Mirabal International School<\/td><\/tr><\/tbody><\/table><\/figure>\n","protected":false},"excerpt":{"rendered":"<p>III Congreso Internacional de Orientaci\u00f3n Universitaria \u00abCalibrando br\u00fajulas ante la incertidumbre\u00bb Madrid 6, 7 y 8 de septiembre de 2023 Sala 1: Orientaci\u00f3n para el ingreso en la universidad de j\u00f3venes y personas adultas Carmen L\u00f3pez EscribanoProfesora Titular de Universidad en el Departamento de Investigaci\u00f3n y Psicolog\u00eda en Educaci\u00f3n de la Universidad Complutense de Madrid (UCM) Actualmente Directora del citado Departamento, ha sido Delegada del Rector de la UCM y Vicedecana de Pr\u00e1cticum de la Facultad de Educaci\u00f3n (UCM).&nbsp; Patrona de Fundaci\u00f3n Aprender.&nbsp;Becaria Fulbright (1987-1989). Becaria Real Colegio Complutense (2003, 2005, 2006 y 2008).&nbsp;Becaria Gregorio del Amo (2014). Ha sido profesora visitante en Harvard University, California State University y Universidad de Guadalajara en M\u00e9xico. Ha impartido docencia en la Universidad de Sof\u00eda y Universidad de Tel Aviv.&nbsp;Ha dirigido y participado en proyectos de Cooperaci\u00f3n al Desarrollo en Am\u00e9rica Latina sobre alfabetizaci\u00f3n en contextos de riesgo. Ha participado tambi\u00e9n en numerosos&hellip;<\/p>\n<p> <a class=\"more-link\" href=\"https:\/\/blogs.uned.es\/fundacionuned\/ciou2023\/programaciou2023\/sala-1-orientacion-ingreso\/\">Leer m\u00e1s<\/a><\/p>\n","protected":false},"author":7191,"featured_media":0,"parent":11921,"menu_order":0,"comment_status":"closed","ping_status":"closed","template":"","meta":{"footnotes":""},"class_list":["post-14117","page","type-page","status-publish"],"yoast_head":"<!-- This site is optimized with the Yoast SEO plugin v27.2 - https:\/\/yoast.com\/product\/yoast-seo-wordpress\/ -->\n<title>Sala 1: orientaci\u00f3n ingreso - Fundaci\u00f3n UNED<\/title>\n<meta name=\"robots\" content=\"index, follow, max-snippet:-1, max-image-preview:large, max-video-preview:-1\" \/>\n<link rel=\"canonical\" href=\"https:\/\/blogs.uned.es\/fundacionuned\/ciou2023\/programaciou2023\/sala-1-orientacion-ingreso\/\" \/>\n<meta property=\"og:locale\" content=\"es_ES\" \/>\n<meta property=\"og:type\" content=\"article\" \/>\n<meta property=\"og:title\" content=\"Sala 1: orientaci\u00f3n ingreso - Fundaci\u00f3n UNED\" \/>\n<meta property=\"og:description\" content=\"III Congreso Internacional de Orientaci\u00f3n Universitaria &quot;Calibrando br\u00fajulas ante la incertidumbre&quot; Madrid 6, 7 y 8 de septiembre de 2023 Sala 1: Orientaci\u00f3n para el ingreso en la universidad de j\u00f3venes y personas adultas Carmen L\u00f3pez EscribanoProfesora Titular de Universidad en el Departamento de Investigaci\u00f3n y Psicolog\u00eda en Educaci\u00f3n de la Universidad Complutense de Madrid (UCM) Actualmente Directora del citado Departamento, ha sido Delegada del Rector de la UCM y Vicedecana de Pr\u00e1cticum de la Facultad de Educaci\u00f3n (UCM).&nbsp; Patrona de Fundaci\u00f3n Aprender.&nbsp;Becaria Fulbright (1987-1989). Becaria Real Colegio Complutense (2003, 2005, 2006 y 2008).&nbsp;Becaria Gregorio del Amo (2014). Ha sido profesora visitante en Harvard University, California State University y Universidad de Guadalajara en M\u00e9xico. Ha impartido docencia en la Universidad de Sof\u00eda y Universidad de Tel Aviv.&nbsp;Ha dirigido y participado en proyectos de Cooperaci\u00f3n al Desarrollo en Am\u00e9rica Latina sobre alfabetizaci\u00f3n en contextos de riesgo. Ha participado tambi\u00e9n en numerosos&hellip;  Leer m\u00e1s\" \/>\n<meta property=\"og:url\" content=\"https:\/\/blogs.uned.es\/fundacionuned\/ciou2023\/programaciou2023\/sala-1-orientacion-ingreso\/\" \/>\n<meta property=\"og:site_name\" content=\"Fundaci\u00f3n UNED\" \/>\n<meta property=\"article:modified_time\" content=\"2023-10-11T10:13:56+00:00\" \/>\n<meta property=\"og:image\" content=\"http:\/\/blogs.uned.es\/fundacionuned\/wp-content\/uploads\/sites\/405\/2023\/07\/Fac-educacion.jpg\" \/>\n<meta name=\"twitter:card\" content=\"summary_large_image\" \/>\n<meta name=\"twitter:label1\" content=\"Tiempo de lectura\" \/>\n\t<meta name=\"twitter:data1\" content=\"4 minutos\" \/>\n<script type=\"application\/ld+json\" class=\"yoast-schema-graph\">{\"@context\":\"https:\/\/schema.org\",\"@graph\":[{\"@type\":\"WebPage\",\"@id\":\"https:\/\/blogs.uned.es\/fundacionuned\/ciou2023\/programaciou2023\/sala-1-orientacion-ingreso\/\",\"url\":\"https:\/\/blogs.uned.es\/fundacionuned\/ciou2023\/programaciou2023\/sala-1-orientacion-ingreso\/\",\"name\":\"Sala 1: orientaci\u00f3n ingreso - Fundaci\u00f3n UNED\",\"isPartOf\":{\"@id\":\"https:\/\/blogs.uned.es\/fundacionuned\/#website\"},\"primaryImageOfPage\":{\"@id\":\"https:\/\/blogs.uned.es\/fundacionuned\/ciou2023\/programaciou2023\/sala-1-orientacion-ingreso\/#primaryimage\"},\"image\":{\"@id\":\"https:\/\/blogs.uned.es\/fundacionuned\/ciou2023\/programaciou2023\/sala-1-orientacion-ingreso\/#primaryimage\"},\"thumbnailUrl\":\"http:\/\/blogs.uned.es\/fundacionuned\/wp-content\/uploads\/sites\/405\/2023\/07\/Fac-educacion.jpg\",\"datePublished\":\"2023-06-08T10:01:59+00:00\",\"dateModified\":\"2023-10-11T10:13:56+00:00\",\"breadcrumb\":{\"@id\":\"https:\/\/blogs.uned.es\/fundacionuned\/ciou2023\/programaciou2023\/sala-1-orientacion-ingreso\/#breadcrumb\"},\"inLanguage\":\"es\",\"potentialAction\":[{\"@type\":\"ReadAction\",\"target\":[\"https:\/\/blogs.uned.es\/fundacionuned\/ciou2023\/programaciou2023\/sala-1-orientacion-ingreso\/\"]}]},{\"@type\":\"ImageObject\",\"inLanguage\":\"es\",\"@id\":\"https:\/\/blogs.uned.es\/fundacionuned\/ciou2023\/programaciou2023\/sala-1-orientacion-ingreso\/#primaryimage\",\"url\":\"http:\/\/blogs.uned.es\/fundacionuned\/wp-content\/uploads\/sites\/405\/2023\/07\/Fac-educacion.jpg\",\"contentUrl\":\"http:\/\/blogs.uned.es\/fundacionuned\/wp-content\/uploads\/sites\/405\/2023\/07\/Fac-educacion.jpg\"},{\"@type\":\"BreadcrumbList\",\"@id\":\"https:\/\/blogs.uned.es\/fundacionuned\/ciou2023\/programaciou2023\/sala-1-orientacion-ingreso\/#breadcrumb\",\"itemListElement\":[{\"@type\":\"ListItem\",\"position\":1,\"name\":\"Portada\",\"item\":\"https:\/\/blogs.uned.es\/fundacionuned\/\"},{\"@type\":\"ListItem\",\"position\":2,\"name\":\"Entradas\",\"item\":\"https:\/\/blogs.uned.es\/fundacionuned\/ciou2023\/\"},{\"@type\":\"ListItem\",\"position\":3,\"name\":\"Programa\",\"item\":\"https:\/\/blogs.uned.es\/fundacionuned\/ciou2023\/programaciou2023\/\"},{\"@type\":\"ListItem\",\"position\":4,\"name\":\"Sala 1: orientaci\u00f3n ingreso\"}]},{\"@type\":\"WebSite\",\"@id\":\"https:\/\/blogs.uned.es\/fundacionuned\/#website\",\"url\":\"https:\/\/blogs.uned.es\/fundacionuned\/\",\"name\":\"Fundaci\u00f3n UNED\",\"description\":\"Fundaci\u00f3n UNED\",\"publisher\":{\"@id\":\"https:\/\/blogs.uned.es\/fundacionuned\/#organization\"},\"potentialAction\":[{\"@type\":\"SearchAction\",\"target\":{\"@type\":\"EntryPoint\",\"urlTemplate\":\"https:\/\/blogs.uned.es\/fundacionuned\/?s={search_term_string}\"},\"query-input\":{\"@type\":\"PropertyValueSpecification\",\"valueRequired\":true,\"valueName\":\"search_term_string\"}}],\"inLanguage\":\"es\"},{\"@type\":\"Organization\",\"@id\":\"https:\/\/blogs.uned.es\/fundacionuned\/#organization\",\"name\":\"Fundaci\u00f3n UNED\",\"url\":\"https:\/\/blogs.uned.es\/fundacionuned\/\",\"logo\":{\"@type\":\"ImageObject\",\"inLanguage\":\"es\",\"@id\":\"https:\/\/blogs.uned.es\/fundacionuned\/#\/schema\/logo\/image\/\",\"url\":\"https:\/\/blogs.uned.es\/fundacionuned\/wp-content\/uploads\/sites\/405\/2022\/12\/cropped-MicrosoftTeams-image.png\",\"contentUrl\":\"https:\/\/blogs.uned.es\/fundacionuned\/wp-content\/uploads\/sites\/405\/2022\/12\/cropped-MicrosoftTeams-image.png\",\"width\":671,\"height\":340,\"caption\":\"Fundaci\u00f3n UNED\"},\"image\":{\"@id\":\"https:\/\/blogs.uned.es\/fundacionuned\/#\/schema\/logo\/image\/\"}}]}<\/script>\n<!-- \/ Yoast SEO plugin. -->","yoast_head_json":{"title":"Sala 1: orientaci\u00f3n ingreso - Fundaci\u00f3n UNED","robots":{"index":"index","follow":"follow","max-snippet":"max-snippet:-1","max-image-preview":"max-image-preview:large","max-video-preview":"max-video-preview:-1"},"canonical":"https:\/\/blogs.uned.es\/fundacionuned\/ciou2023\/programaciou2023\/sala-1-orientacion-ingreso\/","og_locale":"es_ES","og_type":"article","og_title":"Sala 1: orientaci\u00f3n ingreso - Fundaci\u00f3n UNED","og_description":"III Congreso Internacional de Orientaci\u00f3n Universitaria \"Calibrando br\u00fajulas ante la incertidumbre\" Madrid 6, 7 y 8 de septiembre de 2023 Sala 1: Orientaci\u00f3n para el ingreso en la universidad de j\u00f3venes y personas adultas Carmen L\u00f3pez EscribanoProfesora Titular de Universidad en el Departamento de Investigaci\u00f3n y Psicolog\u00eda en Educaci\u00f3n de la Universidad Complutense de Madrid (UCM) Actualmente Directora del citado Departamento, ha sido Delegada del Rector de la UCM y Vicedecana de Pr\u00e1cticum de la Facultad de Educaci\u00f3n (UCM).&nbsp; Patrona de Fundaci\u00f3n Aprender.&nbsp;Becaria Fulbright (1987-1989). Becaria Real Colegio Complutense (2003, 2005, 2006 y 2008).&nbsp;Becaria Gregorio del Amo (2014). Ha sido profesora visitante en Harvard University, California State University y Universidad de Guadalajara en M\u00e9xico. Ha impartido docencia en la Universidad de Sof\u00eda y Universidad de Tel Aviv.&nbsp;Ha dirigido y participado en proyectos de Cooperaci\u00f3n al Desarrollo en Am\u00e9rica Latina sobre alfabetizaci\u00f3n en contextos de riesgo. Ha participado tambi\u00e9n en numerosos&hellip;  Leer m\u00e1s","og_url":"https:\/\/blogs.uned.es\/fundacionuned\/ciou2023\/programaciou2023\/sala-1-orientacion-ingreso\/","og_site_name":"Fundaci\u00f3n UNED","article_modified_time":"2023-10-11T10:13:56+00:00","og_image":[{"url":"http:\/\/blogs.uned.es\/fundacionuned\/wp-content\/uploads\/sites\/405\/2023\/07\/Fac-educacion.jpg","type":"","width":"","height":""}],"twitter_card":"summary_large_image","twitter_misc":{"Tiempo de lectura":"4 minutos"},"schema":{"@context":"https:\/\/schema.org","@graph":[{"@type":"WebPage","@id":"https:\/\/blogs.uned.es\/fundacionuned\/ciou2023\/programaciou2023\/sala-1-orientacion-ingreso\/","url":"https:\/\/blogs.uned.es\/fundacionuned\/ciou2023\/programaciou2023\/sala-1-orientacion-ingreso\/","name":"Sala 1: orientaci\u00f3n ingreso - Fundaci\u00f3n UNED","isPartOf":{"@id":"https:\/\/blogs.uned.es\/fundacionuned\/#website"},"primaryImageOfPage":{"@id":"https:\/\/blogs.uned.es\/fundacionuned\/ciou2023\/programaciou2023\/sala-1-orientacion-ingreso\/#primaryimage"},"image":{"@id":"https:\/\/blogs.uned.es\/fundacionuned\/ciou2023\/programaciou2023\/sala-1-orientacion-ingreso\/#primaryimage"},"thumbnailUrl":"http:\/\/blogs.uned.es\/fundacionuned\/wp-content\/uploads\/sites\/405\/2023\/07\/Fac-educacion.jpg","datePublished":"2023-06-08T10:01:59+00:00","dateModified":"2023-10-11T10:13:56+00:00","breadcrumb":{"@id":"https:\/\/blogs.uned.es\/fundacionuned\/ciou2023\/programaciou2023\/sala-1-orientacion-ingreso\/#breadcrumb"},"inLanguage":"es","potentialAction":[{"@type":"ReadAction","target":["https:\/\/blogs.uned.es\/fundacionuned\/ciou2023\/programaciou2023\/sala-1-orientacion-ingreso\/"]}]},{"@type":"ImageObject","inLanguage":"es","@id":"https:\/\/blogs.uned.es\/fundacionuned\/ciou2023\/programaciou2023\/sala-1-orientacion-ingreso\/#primaryimage","url":"http:\/\/blogs.uned.es\/fundacionuned\/wp-content\/uploads\/sites\/405\/2023\/07\/Fac-educacion.jpg","contentUrl":"http:\/\/blogs.uned.es\/fundacionuned\/wp-content\/uploads\/sites\/405\/2023\/07\/Fac-educacion.jpg"},{"@type":"BreadcrumbList","@id":"https:\/\/blogs.uned.es\/fundacionuned\/ciou2023\/programaciou2023\/sala-1-orientacion-ingreso\/#breadcrumb","itemListElement":[{"@type":"ListItem","position":1,"name":"Portada","item":"https:\/\/blogs.uned.es\/fundacionuned\/"},{"@type":"ListItem","position":2,"name":"Entradas","item":"https:\/\/blogs.uned.es\/fundacionuned\/ciou2023\/"},{"@type":"ListItem","position":3,"name":"Programa","item":"https:\/\/blogs.uned.es\/fundacionuned\/ciou2023\/programaciou2023\/"},{"@type":"ListItem","position":4,"name":"Sala 1: orientaci\u00f3n ingreso"}]},{"@type":"WebSite","@id":"https:\/\/blogs.uned.es\/fundacionuned\/#website","url":"https:\/\/blogs.uned.es\/fundacionuned\/","name":"Fundaci\u00f3n UNED","description":"Fundaci\u00f3n UNED","publisher":{"@id":"https:\/\/blogs.uned.es\/fundacionuned\/#organization"},"potentialAction":[{"@type":"SearchAction","target":{"@type":"EntryPoint","urlTemplate":"https:\/\/blogs.uned.es\/fundacionuned\/?s={search_term_string}"},"query-input":{"@type":"PropertyValueSpecification","valueRequired":true,"valueName":"search_term_string"}}],"inLanguage":"es"},{"@type":"Organization","@id":"https:\/\/blogs.uned.es\/fundacionuned\/#organization","name":"Fundaci\u00f3n UNED","url":"https:\/\/blogs.uned.es\/fundacionuned\/","logo":{"@type":"ImageObject","inLanguage":"es","@id":"https:\/\/blogs.uned.es\/fundacionuned\/#\/schema\/logo\/image\/","url":"https:\/\/blogs.uned.es\/fundacionuned\/wp-content\/uploads\/sites\/405\/2022\/12\/cropped-MicrosoftTeams-image.png","contentUrl":"https:\/\/blogs.uned.es\/fundacionuned\/wp-content\/uploads\/sites\/405\/2022\/12\/cropped-MicrosoftTeams-image.png","width":671,"height":340,"caption":"Fundaci\u00f3n UNED"},"image":{"@id":"https:\/\/blogs.uned.es\/fundacionuned\/#\/schema\/logo\/image\/"}}]}},"_links":{"self":[{"href":"https:\/\/blogs.uned.es\/fundacionuned\/wp-json\/wp\/v2\/pages\/14117","targetHints":{"allow":["GET"]}}],"collection":[{"href":"https:\/\/blogs.uned.es\/fundacionuned\/wp-json\/wp\/v2\/pages"}],"about":[{"href":"https:\/\/blogs.uned.es\/fundacionuned\/wp-json\/wp\/v2\/types\/page"}],"author":[{"embeddable":true,"href":"https:\/\/blogs.uned.es\/fundacionuned\/wp-json\/wp\/v2\/users\/7191"}],"replies":[{"embeddable":true,"href":"https:\/\/blogs.uned.es\/fundacionuned\/wp-json\/wp\/v2\/comments?post=14117"}],"version-history":[{"count":12,"href":"https:\/\/blogs.uned.es\/fundacionuned\/wp-json\/wp\/v2\/pages\/14117\/revisions"}],"predecessor-version":[{"id":14807,"href":"https:\/\/blogs.uned.es\/fundacionuned\/wp-json\/wp\/v2\/pages\/14117\/revisions\/14807"}],"up":[{"embeddable":true,"href":"https:\/\/blogs.uned.es\/fundacionuned\/wp-json\/wp\/v2\/pages\/11921"}],"wp:attachment":[{"href":"https:\/\/blogs.uned.es\/fundacionuned\/wp-json\/wp\/v2\/media?parent=14117"}],"curies":[{"name":"wp","href":"https:\/\/api.w.org\/{rel}","templated":true}]}}