{"id":11921,"date":"2022-12-18T10:19:10","date_gmt":"2022-12-18T10:19:10","guid":{"rendered":"https:\/\/blogs.uned.es\/fundacionuned\/?page_id=11921"},"modified":"2023-10-11T10:12:58","modified_gmt":"2023-10-11T10:12:58","slug":"programaciou2023","status":"publish","type":"page","link":"https:\/\/blogs.uned.es\/fundacionuned\/ciou2023\/programaciou2023\/","title":{"rendered":"Programa"},"content":{"rendered":"\n<figure class=\"wp-block-image alignfull size-full\"><img fetchpriority=\"high\" decoding=\"async\" width=\"1024\" height=\"320\" src=\"http:\/\/blogs.uned.es\/fundacionuned\/wp-content\/uploads\/sites\/405\/2023\/07\/Fac-educacion.jpg\" alt=\"\" class=\"wp-image-14753\" srcset=\"https:\/\/blogs.uned.es\/fundacionuned\/wp-content\/uploads\/sites\/405\/2023\/07\/Fac-educacion.jpg 1024w, https:\/\/blogs.uned.es\/fundacionuned\/wp-content\/uploads\/sites\/405\/2023\/07\/Fac-educacion-300x94.jpg 300w, https:\/\/blogs.uned.es\/fundacionuned\/wp-content\/uploads\/sites\/405\/2023\/07\/Fac-educacion-768x240.jpg 768w\" sizes=\"(max-width: 1024px) 100vw, 1024px\" \/><\/figure>\n\n\n\n<h4 class=\"wp-block-heading alignwide has-text-align-center\"><strong>III Congreso Internacional de Orientaci\u00f3n Universitaria<\/strong><\/h4>\n\n\n\n<div class=\"wp-block-columns alignfull is-layout-flex wp-container-core-columns-is-layout-9d6595d7 wp-block-columns-is-layout-flex\">\n<div class=\"wp-block-column is-layout-flow wp-block-column-is-layout-flow\"><div class=\"wp-block-image\">\n<figure class=\"aligncenter size-full is-resized\"><img decoding=\"async\" src=\"http:\/\/blogs.uned.es\/fundacionuned\/wp-content\/uploads\/sites\/405\/2023\/02\/CIOU_UNED2023-PRUEBA-1.jpg\" alt=\"\" class=\"wp-image-13385\" style=\"width:220px;height:107px\" width=\"220\" height=\"107\" \/><\/figure>\n<\/div><\/div>\n\n\n\n<div class=\"wp-block-column is-layout-flow wp-block-column-is-layout-flow\">\n<p><\/p>\n\n\n\n<h6 class=\"wp-block-heading has-text-align-center\"><kbd>\"<\/kbd><strong style=\"font-style: italic\">Calibrando br\u00fajulas ante la incertidumbre<\/strong><kbd>\"<\/kbd><\/h6>\n<\/div>\n\n\n\n<div class=\"wp-block-column is-layout-flow wp-block-column-is-layout-flow\">\n<p><\/p>\n\n\n\n<p class=\"has-medium-font-size\"><strong>Madrid 6, 7 y 8 de septiembre de 2023<\/strong><\/p>\n<\/div>\n<\/div>\n\n\n\n<div class=\"wp-block-buttons alignfull is-content-justification-center is-layout-flex wp-container-core-buttons-is-layout-e1485a7b wp-block-buttons-is-layout-flex\">\n<div class=\"wp-block-button\"><a class=\"wp-block-button__link wp-element-button\" href=\"https:\/\/blogs.uned.es\/fundacionuned\/comiteciou2023\/\">Comit\u00e9s <\/a><\/div>\n\n\n\n<div class=\"wp-block-button\"><a class=\"wp-block-button__link wp-element-button\" href=\"https:\/\/blogs.uned.es\/fundacionuned\/areas-tematicas\/\">\u00c1reas Tem\u00e1ticas<\/a><\/div>\n\n\n\n<div class=\"wp-block-button\"><a class=\"wp-block-button__link wp-element-button\" href=\"https:\/\/blogs.uned.es\/fundacionuned\/comunicacionesciou2023\/\">Participaci\u00f3n<\/a><\/div>\n\n\n\n<div class=\"wp-block-button\"><a class=\"wp-block-button__link wp-element-button\" href=\"https:\/\/blogs.uned.es\/fundacionuned\/entrega-de-trabajos\/\">Entrega de trabajos<\/a><\/div>\n\n\n\n<div class=\"wp-block-button\"><a class=\"wp-block-button__link wp-element-button\" href=\"https:\/\/blogs.uned.es\/fundacionuned\/programaciou2023\/\">Programa<\/a><\/div>\n\n\n\n<div class=\"wp-block-button is-style-fill\"><a class=\"wp-block-button__link wp-element-button\" href=\"https:\/\/blogs.uned.es\/fundacionuned\/inscripcionciou2023\/\">Inscripci\u00f3n<\/a><\/div>\n\n\n\n<div class=\"wp-block-button is-style-fill\"><a class=\"wp-block-button__link has-background-color has-primary-background-color has-text-color has-background wp-element-button\" href=\"https:\/\/blogs.uned.es\/fundacionuned\/contactociou2023\/\">Contacto<\/a><\/div>\n\n\n\n<div class=\"wp-block-button\"><a class=\"wp-block-button__link wp-element-button\" href=\"https:\/\/blogs.uned.es\/fundacionuned\/informacion-generalciou2023\/\">Informaci\u00f3n general<\/a><\/div>\n\n\n\n<div class=\"wp-block-button\"><a class=\"wp-block-button__link wp-element-button\" href=\"https:\/\/blogs.uned.es\/fundacionuned\/ciou-anteriores\/\">CIOU anteriores<\/a><\/div>\n<\/div>\n\n\n\n<h2 class=\"wp-block-heading has-text-align-center\"><strong><a href=\"http:\/\/blogs.uned.es\/fundacionuned\/wp-content\/uploads\/sites\/405\/2023\/09\/Programa-CIOU-Actualizado-5-9-2023.pdf\">Programa<\/a><\/strong><\/h2>\n\n\n\n<p class=\"has-text-align-center\"><strong><a href=\"http:\/\/blogs.uned.es\/fundacionuned\/wp-content\/uploads\/sites\/405\/2023\/09\/Programa-CIOU-Actualizado-5-9-2023.pdf\">Programa completo en PDF<\/a><\/strong><\/p>\n\n\n\n<p class=\"has-text-align-center\"><strong><a href=\"http:\/\/blogs.uned.es\/fundacionuned\/wp-content\/uploads\/sites\/405\/2023\/09\/Presentacio\u0301n-de-po\u0301steres-CIOU23-1-9-23.pdf\">Cronograma de Presentaci\u00f3n de poster<\/a><\/strong><\/p>\n\n\n\n<h5 class=\"wp-block-heading has-vivid-cyan-blue-color has-text-color\"><strong>MI\u00c9RCOLES 6 DE SEPTIEMBRE<\/strong><\/h5>\n\n\n\n<ul class=\"wp-block-list\">\n<li><strong>10:00 a 11:00<\/strong>:&nbsp;Entrega de documentaci\u00f3n y bienvenida<\/li>\n\n\n\n<li><strong>11:00 a 11:30<\/strong>: Presentaci\u00f3n del Informe de la Fundaci\u00f3n&nbsp;Bertelsmann <strong><mark style=\"background-color:#ffffff;color:#0693e3\" class=\"has-inline-color\">(Sal\u00f3n de actos)<\/mark><\/strong><\/li>\n<\/ul>\n\n\n\n<div class=\"wp-block-group\"><div class=\"wp-block-group__inner-container is-layout-constrained wp-block-group-is-layout-constrained\">\n<div class=\"wp-block-group\"><div class=\"wp-block-group__inner-container is-layout-constrained wp-block-group-is-layout-constrained\">\n<div class=\"wp-block-group has-small-font-size is-vertical is-content-justification-right is-layout-flex wp-container-core-group-is-layout-7aa43c89 wp-block-group-is-layout-flex\" style=\"padding-top:0;padding-right:0;padding-bottom:0;padding-left:0\">\n<div class=\"wp-block-group is-vertical is-layout-flex wp-container-core-group-is-layout-68afab4e wp-block-group-is-layout-flex\">\n<div class=\"wp-block-group has-small-font-size\" style=\"border-style:none;border-width:0px;border-radius:0px;padding-top:0;padding-right:0;padding-bottom:0;padding-left:0\"><div class=\"wp-block-group__inner-container is-layout-constrained wp-container-core-group-is-layout-78e725e8 wp-block-group-is-layout-constrained\">\n<p class=\"has-small-font-size\"><strong>El estado de la orientaci\u00f3n acad\u00e9mico-profesional en Espa\u00f1a seg\u00fan el modelo Xcelence<\/strong> <\/p>\n\n\n\n<p><strong>Juan Jos\u00e9 Ju\u00e1rez<br><\/strong><em>Senior Project Manager<\/em><\/p>\n<\/div><\/div>\n<\/div>\n<\/div>\n<\/div><\/div>\n<\/div><\/div>\n\n\n\n<ul class=\"wp-block-list\">\n<li><strong>12:00 a 12:30<\/strong>:&nbsp;Inauguraci\u00f3n e interpretaci\u00f3n musical<\/li>\n\n\n\n<li><strong>12:30 a 13:30: <\/strong>Conferencia inaugural <strong><mark style=\"background-color:#ffffff;color:#0693e3\" class=\"has-inline-color\">(Sal\u00f3n de actos)<\/mark><\/strong><\/li>\n<\/ul>\n\n\n\n<p class=\"has-small-font-size\"><strong>Desaf\u00edos de la orientaci\u00f3n y tutor\u00eda universitaria ante las expectativas del alumnado y el problema del abandono acad\u00e9mico<\/strong> <strong><mark style=\"background-color:#ffffff;color:#0693e3\" class=\"has-inline-color\">(Traducci\u00f3n simult\u00e1nea al ingl\u00e9s)<\/mark><\/strong><\/p>\n\n\n\n<figure class=\"wp-block-table has-small-font-size\"><table style=\"border-style:none;border-width:0px\"><tbody><tr><td><img decoding=\"async\" style=\"width: 100px\" src=\"http:\/\/blogs.uned.es\/fundacionuned\/wp-content\/uploads\/sites\/405\/2023\/04\/Pedro-alvarez.png\" alt=\"\"><\/td><td><strong>Pedro Ricardo \u00c1lvarez-P\u00e9rez<\/strong><br>Profesor Titular de Orientaci\u00f3n Profesional en la Universidad de La Laguna (Espa\u00f1a)<\/td><\/tr><\/tbody><\/table><\/figure>\n\n\n\n<ul class=\"wp-block-list\">\n<li><strong>13:45 a 15:30: <\/strong>Comida<\/li>\n\n\n\n<li><strong>15:45 a 17:15:<\/strong> Paneles de expertos<\/li>\n<\/ul>\n\n\n\n<div class=\"wp-block-group is-vertical is-content-justification-left is-layout-flex wp-container-core-group-is-layout-c0ca7d81 wp-block-group-is-layout-flex\">\n<div class=\"wp-block-group is-horizontal is-layout-flex wp-block-group-is-layout-flex\">\n<div class=\"wp-block-group has-small-font-size\"><div class=\"wp-block-group__inner-container is-layout-constrained wp-block-group-is-layout-constrained\">\n<div class=\"wp-block-group\"><div class=\"wp-block-group__inner-container is-layout-constrained wp-block-group-is-layout-constrained\">\n<div class=\"wp-block-group\"><div class=\"wp-block-group__inner-container is-layout-constrained wp-block-group-is-layout-constrained\">\n<p class=\"has-small-font-size\"><strong><mark style=\"background-color:#ffffff;color:#0693e3\" class=\"has-inline-color\">Sala 1<\/mark><\/strong> <strong><mark style=\"background-color:#ffffff;color:#0693e3\" class=\"has-inline-color\">(Sal\u00f3n de actos)<\/mark><\/strong>: <strong><a href=\"https:\/\/blogs.uned.es\/fundacionuned\/sala-1-que-retos-asumimos\/\" target=\"_blank\" rel=\"noreferrer noopener\">\u00bfQu\u00e9 retos asumimos en la Orientaci\u00f3n universitaria ante la Ley Org\u00e1nica 2\/2023, de 22 de marzo, del Sistema Universitario?<\/a><\/strong><br>&#8211; Modera: <strong>\u00c1ngela Alcal\u00e1 Arellano<\/strong>, Universidad de Zaragoza<\/p>\n\n\n\n<p><strong><mark style=\"background-color:#ffffff;color:#0693e3\" class=\"has-inline-color\">Sala 2<\/mark><\/strong> <strong><mark style=\"background-color:#ffffff;color:#0693e3\" class=\"has-inline-color\">(Sala de grados)<\/mark><\/strong>: <a href=\"https:\/\/blogs.uned.es\/fundacionuned\/sala-3-aprendizaje-servicio\/\" target=\"_blank\" rel=\"noreferrer noopener\"><strong>Aprendizaje-Servicio universitario y desarrollo de competencias profesionales<\/strong><\/a><br>&#8211; Modera: <strong>Marta Ruiz Corbella<\/strong>, UNED<\/p>\n<\/div><\/div>\n<\/div><\/div>\n<\/div><\/div>\n\n\n\n<p><\/p>\n<\/div>\n<\/div>\n\n\n\n<ul class=\"wp-block-list\">\n<li><strong>17:30 a 19:00:<\/strong> <strong><a href=\"http:\/\/blogs.uned.es\/fundacionuned\/wp-content\/uploads\/sites\/405\/2023\/09\/CIUO23-PROGRAMA-SESIONES-PARALELAS-05.09.23.pdf\">Comunicaciones \/ Simposio<\/a><\/strong><\/li>\n\n\n\n<li><strong>19:00 a 20:00<\/strong>: C\u00f3ctel de bienvenida<\/li>\n<\/ul>\n\n\n\n<h5 class=\"wp-block-heading has-vivid-cyan-blue-color has-text-color\"><strong>JUEVES 7 DE SEPTIEMBRE<\/strong><\/h5>\n\n\n\n<ul class=\"wp-block-list\">\n<li><strong>9:30 a 10:30<\/strong>: Conferencia <strong><mark style=\"background-color:#ffffff;color:#0693e3\" class=\"has-inline-color\">(Sal\u00f3n de actos)<\/mark><\/strong><\/li>\n<\/ul>\n\n\n\n<p><strong>La Orientaci\u00f3n en el tr\u00e1nsito del Bachillerato (BAC) a la Universidad<\/strong> <strong><mark style=\"background-color:#ffffff;color:#0693e3\" class=\"has-inline-color\">(Traducci\u00f3n simult\u00e1nea al ingl\u00e9s)<\/mark><\/strong><\/p>\n\n\n\n<figure class=\"wp-block-table has-small-font-size\"><table style=\"border-style:none;border-width:0px\"><tbody><tr><td><img decoding=\"async\" width=\"1119\" height=\"1662\" class=\"wp-image-13717\" style=\"width: 500px\" src=\"http:\/\/blogs.uned.es\/fundacionuned\/wp-content\/uploads\/sites\/405\/2023\/04\/Suzanne-Bultheel.jpg\" alt=\"\" srcset=\"https:\/\/blogs.uned.es\/fundacionuned\/wp-content\/uploads\/sites\/405\/2023\/04\/Suzanne-Bultheel.jpg 1119w, https:\/\/blogs.uned.es\/fundacionuned\/wp-content\/uploads\/sites\/405\/2023\/04\/Suzanne-Bultheel-202x300.jpg 202w, https:\/\/blogs.uned.es\/fundacionuned\/wp-content\/uploads\/sites\/405\/2023\/04\/Suzanne-Bultheel-689x1024.jpg 689w, https:\/\/blogs.uned.es\/fundacionuned\/wp-content\/uploads\/sites\/405\/2023\/04\/Suzanne-Bultheel-768x1141.jpg 768w, https:\/\/blogs.uned.es\/fundacionuned\/wp-content\/uploads\/sites\/405\/2023\/04\/Suzanne-Bultheel-1034x1536.jpg 1034w\" sizes=\"(max-width: 1119px) 100vw, 1119px\" \/><\/td><td><strong>Suzanne Bultheel<\/strong><br>Inspectora de la Educaci\u00f3n Nacional a cargo de la informaci\u00f3n y de la orientaci\u00f3n en el \u00ab&nbsp;Rectorat de l\u2019Acad\u00e9mie de Montpellier&nbsp;\u00bb, \u00ab&nbsp;Rectorat de la r\u00e9gion acad\u00e9mique Occitanie&nbsp;\u00bb, Francia. Presidenta honoraria de la AIOEP, &nbsp;la Asociaci\u00f3n Internacional para la Orientaci\u00f3n Escolar y Profesional&nbsp;<\/td><\/tr><\/tbody><\/table><\/figure>\n\n\n\n<ul class=\"wp-block-list\">\n<li><strong>10:30 a 11.45<\/strong>: Paneles de expertos <\/li>\n<\/ul>\n\n\n\n<div class=\"wp-block-group\"><div class=\"wp-block-group__inner-container is-layout-constrained wp-block-group-is-layout-constrained\">\n<p class=\"has-small-font-size\"><strong><mark style=\"background-color:#ffffff;color:#0693e3\" class=\"has-inline-color\">Sala 1<\/mark><\/strong> <strong><mark style=\"background-color:#ffffff;color:#0693e3\" class=\"has-inline-color\">(Sal\u00f3n de actos)<\/mark><\/strong>: <a href=\"https:\/\/blogs.uned.es\/fundacionuned\/sala-1-que-retos-asumimos\/\" target=\"_blank\" rel=\"noreferrer noopener\"><\/a><a href=\"https:\/\/blogs.uned.es\/fundacionuned\/sala-1-orientacion-ingreso\/\" target=\"_blank\" rel=\"noreferrer noopener\"><strong>Orientaci\u00f3n para el ingreso en la universidad de j\u00f3venes y personas adultas<\/strong><\/a><br>&#8211; Modera: <strong><strong>Carmen L\u00f3pez Escribano<\/strong><\/strong>, UCM<br><strong><mark style=\"background-color:#ffffff;color:#0693e3\" class=\"has-inline-color\">Sala 2<\/mark><\/strong> <strong><mark style=\"background-color:#ffffff;color:#0693e3\" class=\"has-inline-color\">(Sala de grados)<\/mark><\/strong>: <strong><a href=\"https:\/\/blogs.uned.es\/fundacionuned\/sala-2-orientacion-y-atencion-a-la-diversidad\/\" target=\"_blank\" rel=\"noreferrer noopener\">Orientaci\u00f3n y Atenci\u00f3n a la diversidad<\/a><\/strong><\/p>\n\n\n\n<p class=\"has-small-font-size\">&#8211; Modera: <strong>Pilar Gomiz Pascual<\/strong>, UNED<br><strong><mark style=\"background-color:#ffffff;color:#0693e3\" class=\"has-inline-color\">Sala 3<\/mark><\/strong> <strong><mark style=\"background-color:#ffffff;color:#0693e3\" class=\"has-inline-color\">(Sala Florentino Sanz)<\/mark><\/strong>: <strong><strong><a href=\"https:\/\/blogs.uned.es\/fundacionuned\/sala-3-el-desarrollo-de-las-competencias-profesionales\/\" target=\"_blank\" rel=\"noreferrer noopener\">El desarrollo de las competencias profesionales a partir de proyectos de innovaci\u00f3n docente en la universidad<\/a><\/strong><\/strong><br>&#8211; Modera: <strong><strong>Eva M\u00aa P\u00e9rez Garc\u00eda<\/strong><\/strong>, UCM<\/p>\n<\/div><\/div>\n\n\n\n<div class=\"wp-block-group\"><div class=\"wp-block-group__inner-container is-layout-constrained wp-block-group-is-layout-constrained\">\n<ul class=\"wp-block-list\">\n<li><strong>11:45 a 12:15<\/strong>: Caf\u00e9<\/li>\n\n\n\n<li><strong>12:15 a 13:45: <a href=\"http:\/\/blogs.uned.es\/fundacionuned\/wp-content\/uploads\/sites\/405\/2023\/09\/CIUO23-PROGRAMA-SESIONES-PARALELAS-05.09.23.pdf\">Comunicaciones \/ Simposio<\/a><\/strong><\/li>\n\n\n\n<li><strong>13:45 a 15:30: <\/strong>Comida<\/li>\n\n\n\n<li><strong>15:45 a 17:15<\/strong>: Panel de expertos <\/li>\n<\/ul>\n<\/div><\/div>\n\n\n\n<div class=\"wp-block-group\"><div class=\"wp-block-group__inner-container is-layout-constrained wp-block-group-is-layout-constrained\">\n<p class=\"has-small-font-size\"><strong><mark style=\"background-color:#ffffff;color:#0693e3\" class=\"has-inline-color\">Sala 1<\/mark><\/strong> <strong><mark style=\"background-color:#ffffff;color:#0693e3\" class=\"has-inline-color\">(Sal\u00f3n de actos)<\/mark><\/strong>: <strong><strong><a href=\"https:\/\/blogs.uned.es\/fundacionuned\/diversidad-de-miradas-y-contraste-de-experiencias-en-las-practicas-externas-reto-para-la-orientacion-universitaria\/\" target=\"_blank\" rel=\"noreferrer noopener\">Diversidad de miradas y contraste de experiencias en las pr\u00e1cticas externas. Reto para la orientaci\u00f3n universitaria<\/a><\/strong><\/strong><\/p>\n\n\n\n<p class=\"has-small-font-size\">&#8211; Modera: <strong><strong>Ana Mart\u00edn Cuadrado<\/strong><\/strong>. UNED<\/p>\n\n\n\n<p class=\"has-small-font-size\"><strong><mark style=\"background-color:#ffffff;color:#0693e3\" class=\"has-inline-color\">Sala 2<\/mark><\/strong> <strong><mark style=\"background-color:#ffffff;color:#0693e3\" class=\"has-inline-color\">(Sal\u00f3n de grados)<\/mark><\/strong>: <a href=\"https:\/\/blogs.uned.es\/fundacionuned\/sala-1-mesa-de-coie\/\" target=\"_blank\" rel=\"noreferrer noopener\"><strong><strong>Buenas pr\u00e1cticas en la orientaci\u00f3n acad\u00e9mica y profesional a los estudiantes universitarios<\/strong><\/strong><\/a><\/p>\n\n\n\n<p class=\"has-small-font-size\">&#8211; Modera: <strong>Miguel Bernab\u00e9<\/strong> <strong>Casta\u00f1o<\/strong>, UNED<\/p>\n<\/div><\/div>\n\n\n\n<div class=\"wp-block-group\"><div class=\"wp-block-group__inner-container is-layout-constrained wp-block-group-is-layout-constrained\">\n<ul class=\"wp-block-list\">\n<li><strong>17:15 a 17:30<\/strong>: Caf\u00e9<\/li>\n\n\n\n<li><strong>17:30 a 18:30<\/strong>: Conferencia <strong><mark style=\"background-color:#ffffff;color:#0693e3\" class=\"has-inline-color\">(Sal\u00f3n de actos)<\/mark><\/strong><\/li>\n<\/ul>\n<\/div><\/div>\n\n\n\n<p class=\"has-small-font-size\"><strong>Preparing University Graduates and Workers for a Rapidly Changing World of Work<\/strong> <strong><mark style=\"background-color:#ffffff;color:#0693e3\" class=\"has-inline-color\">(Traducci\u00f3n simult\u00e1nea al castellano)<\/mark><\/strong><\/p>\n\n\n\n<figure class=\"wp-block-table has-small-font-size\"><table style=\"border-style:none;border-width:0px\"><tbody><tr><td><img loading=\"lazy\" decoding=\"async\" width=\"179\" height=\"178\" class=\"wp-image-14497\" style=\"width: 250px\" src=\"http:\/\/blogs.uned.es\/fundacionuned\/wp-content\/uploads\/sites\/405\/2023\/06\/Robert-l.png\" alt=\"\" srcset=\"https:\/\/blogs.uned.es\/fundacionuned\/wp-content\/uploads\/sites\/405\/2023\/06\/Robert-l.png 179w, https:\/\/blogs.uned.es\/fundacionuned\/wp-content\/uploads\/sites\/405\/2023\/06\/Robert-l-150x150.png 150w\" sizes=\"(max-width: 179px) 100vw, 179px\" \/><\/td><td><strong>Robert W. Lent<\/strong><br>UMD College of Education. University of Maryland. Departament of counseling, Higher Education and Special Education<\/td><\/tr><\/tbody><\/table><\/figure>\n\n\n\n<div class=\"wp-block-group\"><div class=\"wp-block-group__inner-container is-layout-constrained wp-block-group-is-layout-constrained\">\n<ul class=\"wp-block-list\">\n<li class=\"has-medium-font-size\"><strong>21:00 a 23:00: Cena de gala<\/strong>. Restaurante La Pecera del C\u00edrculo de Bellas Artes. C. de Alcal\u00e1, 42, 28028 Madrid<\/li>\n<\/ul>\n<\/div><\/div>\n\n\n\n<h5 class=\"wp-block-heading has-vivid-cyan-blue-color has-text-color\"><strong>VIERNES 8 DE SEPTIEMBRE<\/strong><\/h5>\n\n\n\n<ul class=\"wp-block-list\">\n<li><strong>9:30 a 11:00<\/strong>: Paneles de expertos<\/li>\n<\/ul>\n\n\n\n<div class=\"wp-block-group\"><div class=\"wp-block-group__inner-container is-layout-constrained wp-block-group-is-layout-constrained\">\n<p class=\"has-small-font-size\"><strong><mark style=\"background-color:#ffffff;color:#0693e3\" class=\"has-inline-color\">Sala 1(Sal\u00f3n de actos)<\/mark><\/strong>: <strong><strong><strong><a href=\"https:\/\/blogs.uned.es\/fundacionuned\/sala-1-arrancando-la-carrera\/\" target=\"_blank\" rel=\"noreferrer noopener\">Arrancando la carrera orientados: Despertando conciencias<\/a><\/strong><\/strong><\/strong><br>&#8211; Modera: <strong>Iciar de Pablo Lerchundi<\/strong>, UPM<\/p>\n\n\n\n<p class=\"has-small-font-size\"><strong><mark style=\"background-color:#ffffff;color:#0693e3\" class=\"has-inline-color\">Sala 2<\/mark><\/strong> <strong><mark style=\"background-color:#ffffff;color:#0693e3\" class=\"has-inline-color\">(Sala de grados)<\/mark><\/strong>: <strong><a href=\"https:\/\/blogs.uned.es\/fundacionuned\/sala-3-orientacion-y-empleo\/\" target=\"_blank\" rel=\"noreferrer noopener\">Orientaci\u00f3n profesional para el empleo<\/a><\/strong><br>&#8211; Modera: <strong><strong>M\u00aa Nieves Garc\u00eda Casarejos<\/strong><\/strong>, Universidad de Zaragoza<\/p>\n<\/div><\/div>\n\n\n\n<ul class=\"wp-block-list\">\n<li><strong>11:00 a 12:00: <a href=\"http:\/\/blogs.uned.es\/fundacionuned\/wp-content\/uploads\/sites\/405\/2023\/09\/CIUO23-PROGRAMA-SESIONES-PARALELAS-05.09.23.pdf\">Comunicaciones \/ simposios<\/a><\/strong><\/li>\n\n\n\n<li><strong>12:00a 12:30<\/strong>: Pausa\/Brunch de despedida<\/li>\n\n\n\n<li><strong>12:30 a 14:00<\/strong>: <a href=\"https:\/\/blogs.uned.es\/fundacionuned\/vision-internacional-de-la-orientacion\/\" target=\"_blank\" rel=\"noreferrer noopener\"><strong>Mesa: Visi\u00f3n internacional de la Orientaci\u00f3n<\/strong><\/a> <strong><mark style=\"background-color:#ffffff;color:#0693e3\" class=\"has-inline-color\">(Sal\u00f3n de actos)<\/mark><\/strong> <strong><mark style=\"background-color:#ffffff;color:#0693e3\" class=\"has-inline-color\">(Traducci\u00f3n simult\u00e1nea al ingl\u00e9s y castellano)<\/mark><\/strong>\n<ul class=\"wp-block-list\">\n<li>Gabriela Cabrera (M\u00e9xico)<\/li>\n\n\n\n<li>Mary McMahon (Australia)<\/li>\n\n\n\n<li>Sachin Kumar (India)<\/li>\n\n\n\n<li>Tine Andersen (Dinamarca)<\/li>\n\n\n\n<li>Yuko Ryan (Jap\u00f3n)<\/li>\n\n\n\n<li>Raza Abbas (Pakist\u00e1n)&nbsp;&nbsp;<\/li>\n\n\n\n<li><strong>Modera<\/strong>: <strong>Luis Carro Sancrist\u00f3bal<\/strong> (Espa\u00f1a)&nbsp;<\/li>\n<\/ul>\n<\/li>\n\n\n\n<li><strong>14:00 a 14:30<\/strong>: Clausura<\/li>\n<\/ul>\n\n\n\n<p><\/p>\n","protected":false},"excerpt":{"rendered":"<p>III Congreso Internacional de Orientaci\u00f3n Universitaria \u00abCalibrando br\u00fajulas ante la incertidumbre\u00bb Madrid 6, 7 y 8 de septiembre de 2023 Programa Programa completo en PDF Cronograma de Presentaci\u00f3n de poster MI\u00c9RCOLES 6 DE SEPTIEMBRE El estado de la orientaci\u00f3n acad\u00e9mico-profesional en Espa\u00f1a seg\u00fan el modelo Xcelence Juan Jos\u00e9 Ju\u00e1rezSenior Project Manager Desaf\u00edos de la orientaci\u00f3n y tutor\u00eda universitaria ante las expectativas del alumnado y el problema del abandono acad\u00e9mico (Traducci\u00f3n simult\u00e1nea al ingl\u00e9s) Pedro Ricardo \u00c1lvarez-P\u00e9rezProfesor Titular de Orientaci\u00f3n Profesional en la Universidad de La Laguna (Espa\u00f1a) Sala 1 (Sal\u00f3n de actos): \u00bfQu\u00e9 retos asumimos en la Orientaci\u00f3n universitaria ante la Ley Org\u00e1nica 2\/2023, de 22 de marzo, del Sistema Universitario?&#8211; Modera: \u00c1ngela Alcal\u00e1 Arellano, Universidad de Zaragoza Sala 2 (Sala de grados): Aprendizaje-Servicio universitario y desarrollo de competencias profesionales&#8211; Modera: Marta Ruiz Corbella, UNED JUEVES 7 DE SEPTIEMBRE La Orientaci\u00f3n en el tr\u00e1nsito del Bachillerato (BAC) a la Universidad&hellip;<\/p>\n<p> <a class=\"more-link\" href=\"https:\/\/blogs.uned.es\/fundacionuned\/ciou2023\/programaciou2023\/\">Leer m\u00e1s<\/a><\/p>\n","protected":false},"author":7191,"featured_media":0,"parent":11841,"menu_order":5,"comment_status":"closed","ping_status":"closed","template":"elementor_theme","meta":{"footnotes":""},"class_list":["post-11921","page","type-page","status-publish"],"yoast_head":"<!-- This site is optimized with the Yoast SEO plugin v27.2 - https:\/\/yoast.com\/product\/yoast-seo-wordpress\/ -->\n<title>Programa - Fundaci\u00f3n UNED<\/title>\n<meta name=\"robots\" content=\"index, follow, max-snippet:-1, max-image-preview:large, max-video-preview:-1\" \/>\n<link rel=\"canonical\" href=\"https:\/\/blogs.uned.es\/fundacionuned\/ciou2023\/programaciou2023\/\" \/>\n<meta property=\"og:locale\" content=\"es_ES\" \/>\n<meta property=\"og:type\" content=\"article\" \/>\n<meta property=\"og:title\" content=\"Programa - Fundaci\u00f3n UNED\" \/>\n<meta property=\"og:description\" content=\"III Congreso Internacional de Orientaci\u00f3n Universitaria &quot;Calibrando br\u00fajulas ante la incertidumbre&quot; Madrid 6, 7 y 8 de septiembre de 2023 Programa Programa completo en PDF Cronograma de Presentaci\u00f3n de poster MI\u00c9RCOLES 6 DE SEPTIEMBRE El estado de la orientaci\u00f3n acad\u00e9mico-profesional en Espa\u00f1a seg\u00fan el modelo Xcelence Juan Jos\u00e9 Ju\u00e1rezSenior Project Manager Desaf\u00edos de la orientaci\u00f3n y tutor\u00eda universitaria ante las expectativas del alumnado y el problema del abandono acad\u00e9mico (Traducci\u00f3n simult\u00e1nea al ingl\u00e9s) Pedro Ricardo \u00c1lvarez-P\u00e9rezProfesor Titular de Orientaci\u00f3n Profesional en la Universidad de La Laguna (Espa\u00f1a) Sala 1 (Sal\u00f3n de actos): \u00bfQu\u00e9 retos asumimos en la Orientaci\u00f3n universitaria ante la Ley Org\u00e1nica 2\/2023, de 22 de marzo, del Sistema Universitario?&#8211; Modera: \u00c1ngela Alcal\u00e1 Arellano, Universidad de Zaragoza Sala 2 (Sala de grados): Aprendizaje-Servicio universitario y desarrollo de competencias profesionales&#8211; Modera: Marta Ruiz Corbella, UNED JUEVES 7 DE SEPTIEMBRE La Orientaci\u00f3n en el tr\u00e1nsito del Bachillerato (BAC) a la Universidad&hellip;  Leer m\u00e1s\" \/>\n<meta property=\"og:url\" content=\"https:\/\/blogs.uned.es\/fundacionuned\/ciou2023\/programaciou2023\/\" \/>\n<meta property=\"og:site_name\" content=\"Fundaci\u00f3n UNED\" \/>\n<meta property=\"article:modified_time\" content=\"2023-10-11T10:12:58+00:00\" \/>\n<meta property=\"og:image\" content=\"http:\/\/blogs.uned.es\/fundacionuned\/wp-content\/uploads\/sites\/405\/2023\/07\/Fac-educacion.jpg\" \/>\n<meta name=\"twitter:card\" content=\"summary_large_image\" \/>\n<meta name=\"twitter:label1\" content=\"Tiempo de lectura\" \/>\n\t<meta name=\"twitter:data1\" content=\"4 minutos\" \/>\n<script type=\"application\/ld+json\" class=\"yoast-schema-graph\">{\"@context\":\"https:\/\/schema.org\",\"@graph\":[{\"@type\":\"WebPage\",\"@id\":\"https:\/\/blogs.uned.es\/fundacionuned\/ciou2023\/programaciou2023\/\",\"url\":\"https:\/\/blogs.uned.es\/fundacionuned\/ciou2023\/programaciou2023\/\",\"name\":\"Programa - Fundaci\u00f3n UNED\",\"isPartOf\":{\"@id\":\"https:\/\/blogs.uned.es\/fundacionuned\/#website\"},\"primaryImageOfPage\":{\"@id\":\"https:\/\/blogs.uned.es\/fundacionuned\/ciou2023\/programaciou2023\/#primaryimage\"},\"image\":{\"@id\":\"https:\/\/blogs.uned.es\/fundacionuned\/ciou2023\/programaciou2023\/#primaryimage\"},\"thumbnailUrl\":\"http:\/\/blogs.uned.es\/fundacionuned\/wp-content\/uploads\/sites\/405\/2023\/07\/Fac-educacion.jpg\",\"datePublished\":\"2022-12-18T10:19:10+00:00\",\"dateModified\":\"2023-10-11T10:12:58+00:00\",\"breadcrumb\":{\"@id\":\"https:\/\/blogs.uned.es\/fundacionuned\/ciou2023\/programaciou2023\/#breadcrumb\"},\"inLanguage\":\"es\",\"potentialAction\":[{\"@type\":\"ReadAction\",\"target\":[\"https:\/\/blogs.uned.es\/fundacionuned\/ciou2023\/programaciou2023\/\"]}]},{\"@type\":\"ImageObject\",\"inLanguage\":\"es\",\"@id\":\"https:\/\/blogs.uned.es\/fundacionuned\/ciou2023\/programaciou2023\/#primaryimage\",\"url\":\"http:\/\/blogs.uned.es\/fundacionuned\/wp-content\/uploads\/sites\/405\/2023\/07\/Fac-educacion.jpg\",\"contentUrl\":\"http:\/\/blogs.uned.es\/fundacionuned\/wp-content\/uploads\/sites\/405\/2023\/07\/Fac-educacion.jpg\"},{\"@type\":\"BreadcrumbList\",\"@id\":\"https:\/\/blogs.uned.es\/fundacionuned\/ciou2023\/programaciou2023\/#breadcrumb\",\"itemListElement\":[{\"@type\":\"ListItem\",\"position\":1,\"name\":\"Portada\",\"item\":\"https:\/\/blogs.uned.es\/fundacionuned\/\"},{\"@type\":\"ListItem\",\"position\":2,\"name\":\"Entradas\",\"item\":\"https:\/\/blogs.uned.es\/fundacionuned\/ciou2023\/\"},{\"@type\":\"ListItem\",\"position\":3,\"name\":\"Programa\"}]},{\"@type\":\"WebSite\",\"@id\":\"https:\/\/blogs.uned.es\/fundacionuned\/#website\",\"url\":\"https:\/\/blogs.uned.es\/fundacionuned\/\",\"name\":\"Fundaci\u00f3n UNED\",\"description\":\"Fundaci\u00f3n UNED\",\"publisher\":{\"@id\":\"https:\/\/blogs.uned.es\/fundacionuned\/#organization\"},\"potentialAction\":[{\"@type\":\"SearchAction\",\"target\":{\"@type\":\"EntryPoint\",\"urlTemplate\":\"https:\/\/blogs.uned.es\/fundacionuned\/?s={search_term_string}\"},\"query-input\":{\"@type\":\"PropertyValueSpecification\",\"valueRequired\":true,\"valueName\":\"search_term_string\"}}],\"inLanguage\":\"es\"},{\"@type\":\"Organization\",\"@id\":\"https:\/\/blogs.uned.es\/fundacionuned\/#organization\",\"name\":\"Fundaci\u00f3n UNED\",\"url\":\"https:\/\/blogs.uned.es\/fundacionuned\/\",\"logo\":{\"@type\":\"ImageObject\",\"inLanguage\":\"es\",\"@id\":\"https:\/\/blogs.uned.es\/fundacionuned\/#\/schema\/logo\/image\/\",\"url\":\"https:\/\/blogs.uned.es\/fundacionuned\/wp-content\/uploads\/sites\/405\/2022\/12\/cropped-MicrosoftTeams-image.png\",\"contentUrl\":\"https:\/\/blogs.uned.es\/fundacionuned\/wp-content\/uploads\/sites\/405\/2022\/12\/cropped-MicrosoftTeams-image.png\",\"width\":671,\"height\":340,\"caption\":\"Fundaci\u00f3n UNED\"},\"image\":{\"@id\":\"https:\/\/blogs.uned.es\/fundacionuned\/#\/schema\/logo\/image\/\"}}]}<\/script>\n<!-- \/ Yoast SEO plugin. -->","yoast_head_json":{"title":"Programa - Fundaci\u00f3n UNED","robots":{"index":"index","follow":"follow","max-snippet":"max-snippet:-1","max-image-preview":"max-image-preview:large","max-video-preview":"max-video-preview:-1"},"canonical":"https:\/\/blogs.uned.es\/fundacionuned\/ciou2023\/programaciou2023\/","og_locale":"es_ES","og_type":"article","og_title":"Programa - Fundaci\u00f3n UNED","og_description":"III Congreso Internacional de Orientaci\u00f3n Universitaria \"Calibrando br\u00fajulas ante la incertidumbre\" Madrid 6, 7 y 8 de septiembre de 2023 Programa Programa completo en PDF Cronograma de Presentaci\u00f3n de poster MI\u00c9RCOLES 6 DE SEPTIEMBRE El estado de la orientaci\u00f3n acad\u00e9mico-profesional en Espa\u00f1a seg\u00fan el modelo Xcelence Juan Jos\u00e9 Ju\u00e1rezSenior Project Manager Desaf\u00edos de la orientaci\u00f3n y tutor\u00eda universitaria ante las expectativas del alumnado y el problema del abandono acad\u00e9mico (Traducci\u00f3n simult\u00e1nea al ingl\u00e9s) Pedro Ricardo \u00c1lvarez-P\u00e9rezProfesor Titular de Orientaci\u00f3n Profesional en la Universidad de La Laguna (Espa\u00f1a) Sala 1 (Sal\u00f3n de actos): \u00bfQu\u00e9 retos asumimos en la Orientaci\u00f3n universitaria ante la Ley Org\u00e1nica 2\/2023, de 22 de marzo, del Sistema Universitario?&#8211; Modera: \u00c1ngela Alcal\u00e1 Arellano, Universidad de Zaragoza Sala 2 (Sala de grados): Aprendizaje-Servicio universitario y desarrollo de competencias profesionales&#8211; Modera: Marta Ruiz Corbella, UNED JUEVES 7 DE SEPTIEMBRE La Orientaci\u00f3n en el tr\u00e1nsito del Bachillerato (BAC) a la Universidad&hellip;  Leer m\u00e1s","og_url":"https:\/\/blogs.uned.es\/fundacionuned\/ciou2023\/programaciou2023\/","og_site_name":"Fundaci\u00f3n UNED","article_modified_time":"2023-10-11T10:12:58+00:00","og_image":[{"url":"http:\/\/blogs.uned.es\/fundacionuned\/wp-content\/uploads\/sites\/405\/2023\/07\/Fac-educacion.jpg","type":"","width":"","height":""}],"twitter_card":"summary_large_image","twitter_misc":{"Tiempo de lectura":"4 minutos"},"schema":{"@context":"https:\/\/schema.org","@graph":[{"@type":"WebPage","@id":"https:\/\/blogs.uned.es\/fundacionuned\/ciou2023\/programaciou2023\/","url":"https:\/\/blogs.uned.es\/fundacionuned\/ciou2023\/programaciou2023\/","name":"Programa - Fundaci\u00f3n UNED","isPartOf":{"@id":"https:\/\/blogs.uned.es\/fundacionuned\/#website"},"primaryImageOfPage":{"@id":"https:\/\/blogs.uned.es\/fundacionuned\/ciou2023\/programaciou2023\/#primaryimage"},"image":{"@id":"https:\/\/blogs.uned.es\/fundacionuned\/ciou2023\/programaciou2023\/#primaryimage"},"thumbnailUrl":"http:\/\/blogs.uned.es\/fundacionuned\/wp-content\/uploads\/sites\/405\/2023\/07\/Fac-educacion.jpg","datePublished":"2022-12-18T10:19:10+00:00","dateModified":"2023-10-11T10:12:58+00:00","breadcrumb":{"@id":"https:\/\/blogs.uned.es\/fundacionuned\/ciou2023\/programaciou2023\/#breadcrumb"},"inLanguage":"es","potentialAction":[{"@type":"ReadAction","target":["https:\/\/blogs.uned.es\/fundacionuned\/ciou2023\/programaciou2023\/"]}]},{"@type":"ImageObject","inLanguage":"es","@id":"https:\/\/blogs.uned.es\/fundacionuned\/ciou2023\/programaciou2023\/#primaryimage","url":"http:\/\/blogs.uned.es\/fundacionuned\/wp-content\/uploads\/sites\/405\/2023\/07\/Fac-educacion.jpg","contentUrl":"http:\/\/blogs.uned.es\/fundacionuned\/wp-content\/uploads\/sites\/405\/2023\/07\/Fac-educacion.jpg"},{"@type":"BreadcrumbList","@id":"https:\/\/blogs.uned.es\/fundacionuned\/ciou2023\/programaciou2023\/#breadcrumb","itemListElement":[{"@type":"ListItem","position":1,"name":"Portada","item":"https:\/\/blogs.uned.es\/fundacionuned\/"},{"@type":"ListItem","position":2,"name":"Entradas","item":"https:\/\/blogs.uned.es\/fundacionuned\/ciou2023\/"},{"@type":"ListItem","position":3,"name":"Programa"}]},{"@type":"WebSite","@id":"https:\/\/blogs.uned.es\/fundacionuned\/#website","url":"https:\/\/blogs.uned.es\/fundacionuned\/","name":"Fundaci\u00f3n UNED","description":"Fundaci\u00f3n UNED","publisher":{"@id":"https:\/\/blogs.uned.es\/fundacionuned\/#organization"},"potentialAction":[{"@type":"SearchAction","target":{"@type":"EntryPoint","urlTemplate":"https:\/\/blogs.uned.es\/fundacionuned\/?s={search_term_string}"},"query-input":{"@type":"PropertyValueSpecification","valueRequired":true,"valueName":"search_term_string"}}],"inLanguage":"es"},{"@type":"Organization","@id":"https:\/\/blogs.uned.es\/fundacionuned\/#organization","name":"Fundaci\u00f3n UNED","url":"https:\/\/blogs.uned.es\/fundacionuned\/","logo":{"@type":"ImageObject","inLanguage":"es","@id":"https:\/\/blogs.uned.es\/fundacionuned\/#\/schema\/logo\/image\/","url":"https:\/\/blogs.uned.es\/fundacionuned\/wp-content\/uploads\/sites\/405\/2022\/12\/cropped-MicrosoftTeams-image.png","contentUrl":"https:\/\/blogs.uned.es\/fundacionuned\/wp-content\/uploads\/sites\/405\/2022\/12\/cropped-MicrosoftTeams-image.png","width":671,"height":340,"caption":"Fundaci\u00f3n UNED"},"image":{"@id":"https:\/\/blogs.uned.es\/fundacionuned\/#\/schema\/logo\/image\/"}}]}},"_links":{"self":[{"href":"https:\/\/blogs.uned.es\/fundacionuned\/wp-json\/wp\/v2\/pages\/11921","targetHints":{"allow":["GET"]}}],"collection":[{"href":"https:\/\/blogs.uned.es\/fundacionuned\/wp-json\/wp\/v2\/pages"}],"about":[{"href":"https:\/\/blogs.uned.es\/fundacionuned\/wp-json\/wp\/v2\/types\/page"}],"author":[{"embeddable":true,"href":"https:\/\/blogs.uned.es\/fundacionuned\/wp-json\/wp\/v2\/users\/7191"}],"replies":[{"embeddable":true,"href":"https:\/\/blogs.uned.es\/fundacionuned\/wp-json\/wp\/v2\/comments?post=11921"}],"version-history":[{"count":156,"href":"https:\/\/blogs.uned.es\/fundacionuned\/wp-json\/wp\/v2\/pages\/11921\/revisions"}],"predecessor-version":[{"id":15241,"href":"https:\/\/blogs.uned.es\/fundacionuned\/wp-json\/wp\/v2\/pages\/11921\/revisions\/15241"}],"up":[{"embeddable":true,"href":"https:\/\/blogs.uned.es\/fundacionuned\/wp-json\/wp\/v2\/pages\/11841"}],"wp:attachment":[{"href":"https:\/\/blogs.uned.es\/fundacionuned\/wp-json\/wp\/v2\/media?parent=11921"}],"curies":[{"name":"wp","href":"https:\/\/api.w.org\/{rel}","templated":true}]}}