{"version":"1.0","provider_name":"Fundaci\u00f3n UNED","provider_url":"https:\/\/blogs.uned.es\/fundacionuned","author_name":"Rafael P\u00e9rez Herrera","author_url":"https:\/\/blogs.uned.es\/fundacionuned\/author\/rperezh\/","title":"Informaci\u00f3n general - Fundaci\u00f3n UNED","type":"rich","width":600,"height":338,"html":"<blockquote class=\"wp-embedded-content\" data-secret=\"ZdM1uYaKD8\"><a href=\"https:\/\/blogs.uned.es\/fundacionuned\/informacion-general\/\">Informaci\u00f3n general<\/a><\/blockquote><iframe sandbox=\"allow-scripts\" security=\"restricted\" src=\"https:\/\/blogs.uned.es\/fundacionuned\/informacion-general\/embed\/#?secret=ZdM1uYaKD8\" width=\"600\" height=\"338\" title=\"\u00abInformaci\u00f3n general\u00bb \u2014 Fundaci\u00f3n UNED\" data-secret=\"ZdM1uYaKD8\" frameborder=\"0\" marginwidth=\"0\" marginheight=\"0\" scrolling=\"no\" class=\"wp-embedded-content\"><\/iframe><script type=\"text\/javascript\">\n\/* <![CDATA[ *\/\n\/*! This file is auto-generated *\/\n!function(d,l){\"use strict\";l.querySelector&&d.addEventListener&&\"undefined\"!=typeof URL&&(d.wp=d.wp||{},d.wp.receiveEmbedMessage||(d.wp.receiveEmbedMessage=function(e){var t=e.data;if((t||t.secret||t.message||t.value)&&!\/[^a-zA-Z0-9]\/.test(t.secret)){for(var s,r,n,a=l.querySelectorAll('iframe[data-secret=\"'+t.secret+'\"]'),o=l.querySelectorAll('blockquote[data-secret=\"'+t.secret+'\"]'),c=new RegExp(\"^https?:$\",\"i\"),i=0;i<o.length;i++)o[i].style.display=\"none\";for(i=0;i<a.length;i++)s=a[i],e.source===s.contentWindow&&(s.removeAttribute(\"style\"),\"height\"===t.message?(1e3<(r=parseInt(t.value,10))?r=1e3:~~r<200&&(r=200),s.height=r):\"link\"===t.message&&(r=new URL(s.getAttribute(\"src\")),n=new URL(t.value),c.test(n.protocol))&&n.host===r.host&&l.activeElement===s&&(d.top.location.href=t.value))}},d.addEventListener(\"message\",d.wp.receiveEmbedMessage,!1),l.addEventListener(\"DOMContentLoaded\",function(){for(var e,t,s=l.querySelectorAll(\"iframe.wp-embedded-content\"),r=0;r<s.length;r++)(t=(e=s[r]).getAttribute(\"data-secret\"))||(t=Math.random().toString(36).substring(2,12),e.src+=\"#?secret=\"+t,e.setAttribute(\"data-secret\",t)),e.contentWindow.postMessage({message:\"ready\",secret:t},\"*\")},!1)))}(window,document);\n\/\/# sourceURL=https:\/\/blogs.uned.es\/fundacionuned\/wp-includes\/js\/wp-embed.min.js\n\/* ]]> *\/\n<\/script>\n","description":"RETO RURAL DIGITAL LA INCLUSI\u00d3N DIGITAL RURAL: UN AVANCE SOCIAL El objetivo de este proyecto es aportar y apoyar el impulso a la reducci\u00f3n o incluso desaparici\u00f3n de esta desigualdad territorial, y de este modo alcanzar un equilibrio real, y fomentar la creaci\u00f3n de empleo y desarrollo en las \u00e1reas rurales del pa\u00eds, as\u00ed como fomentar el uso de las tecnolog\u00edas de la informaci\u00f3n y comunicaci\u00f3n entre el ciudadano y la Administraci\u00f3n, otros organismos y entidades o personas, facilitando as\u00ed determinadas gestiones cotidianas que facilitan el d\u00eda a d\u00eda de las personas. Este proyecto est\u00e1 dirigido a toda la poblaci\u00f3n localizada en municipios con menos de 5.000 habitantes, municipios con m\u00e1s de 5.000 habitantes que posean singularidad como pueden ser pedan\u00edas, aldeas, caser\u00edos parroquias, barrios rurales, consejos\u2026) y municipios con m\u00e1s de 20.000 habitantes que posean n\u00facleos dispersos (las l\u00edneas de actuaci\u00f3n ir\u00e1n dirigidas a estos n\u00facleos en concreto). El [&hellip;]","thumbnail_url":"http:\/\/blogs.uned.es\/fundacionuned\/wp-content\/uploads\/sites\/405\/2024\/03\/Logo-Financiado-por-la-Union-Europea_PANTONE-1024x272.jpg"}