{"id":1061,"date":"2021-03-11T09:54:57","date_gmt":"2021-03-11T08:54:57","guid":{"rendered":"http:\/\/blogs.uned.es\/fabricacionaditiva-additivemanufacturing\/?page_id=1061"},"modified":"2022-07-22T11:02:57","modified_gmt":"2022-07-22T09:02:57","slug":"oferta-academica","status":"publish","type":"page","link":"https:\/\/blogs.uned.es\/fabricacionaditiva-additivemanufacturing\/oferta-academica\/","title":{"rendered":"Oferta acad\u00e9mica"},"content":{"rendered":"<h1>OFERTA ACAD\u00c9MICA<\/h1>\n<h2 style=\"text-align: center\">Programa Modular y M\u00e1ster en Fabricaci\u00f3n Aditiva<\/h2>\n<p><a href=\"https:\/\/formacionpermanente.uned.es\/tp_actividad\/actividad\/fabricacion-aditiva\"><br \/>\n<img fetchpriority=\"high\" decoding=\"async\" src=\"https:\/\/blogs.uned.es\/fabricacionaditiva-additivemanufacturing\/wp-content\/uploads\/sites\/245\/2022\/07\/fabricacion_aditiva_22_2500x800px-1024x328.jpg\" alt=\"\" width=\"800\" height=\"256\" \/> <\/a><br \/>\n<a style=\"background-color: #ffffff;color: #565656\" href=\"https:\/\/canal.uned.es\/video\/magic\/6q6w0kmaapcsks8so4k8skwc0088osk\" target=\"_blank\" rel=\"noopener\"><img decoding=\"async\" src=\"https:\/\/blogs.uned.es\/fabricacionaditiva-additivemanufacturing\/wp-content\/uploads\/sites\/245\/2021\/03\/PRESENTACION-MASTER.jpg\" alt=\"\" width=\"800\" height=\"434\" \/><\/a><br \/>\n<img decoding=\"async\" class=\"alignleft\" src=\"https:\/\/blogs.uned.es\/fabricacionaditiva-additivemanufacturing\/wp-content\/uploads\/sites\/245\/2021\/07\/ICONO-UNED.jpg\" alt=\"\" width=\"100\" height=\"98\" \/><img loading=\"lazy\" decoding=\"async\" class=\"alignleft\" src=\"https:\/\/blogs.uned.es\/fabricacionaditiva-additivemanufacturing\/wp-content\/uploads\/sites\/245\/2020\/11\/Logo-AM-Research-Team.jpg\" alt=\"\" width=\"111\" height=\"96\" \/><img loading=\"lazy\" decoding=\"async\" class=\"alignleft\" src=\"https:\/\/blogs.uned.es\/fabricacionaditiva-additivemanufacturing\/wp-content\/uploads\/sites\/245\/2021\/03\/logo-master-CSIC.png\" alt=\"\" width=\"101\" height=\"102\" \/><img loading=\"lazy\" decoding=\"async\" class=\"alignleft\" src=\"https:\/\/blogs.uned.es\/fabricacionaditiva-additivemanufacturing\/wp-content\/uploads\/sites\/245\/2021\/03\/logo-master-FAB\u00b7D.png\" alt=\"\" width=\"107\" height=\"107\" \/><\/p>\n<h1 style=\"text-align: center\"><\/h1>\n<h2><\/h2>\n<h2 style=\"text-align: center\">Fabricaci\u00f3n Aditiva y Fablab para Ense\u00f1anza Secundaria Obligatoria, Bachillerato y Formaci\u00f3n Profesional<\/h2>\n<h2 style=\"text-align: center\"><a href=\"https:\/\/formacionpermanente.uned.es\/tp_actividad\/idactividad\/12392\" target=\"_blank\" rel=\"noopener\"><br \/>\n<\/a><a href=\"https:\/\/formacionpermanente.uned.es\/tp_actividad\/actividad\/fabricacion-aditiva-y-fablab-para-ensenanza-secundaria-obligatoria-bachillerato-y-formacion-profesio\" target=\"_blank\" rel=\"noopener\"><img loading=\"lazy\" decoding=\"async\" src=\"https:\/\/blogs.uned.es\/fabricacionaditiva-additivemanufacturing\/wp-content\/uploads\/sites\/245\/2022\/07\/aditiva-profesorado.jpg\" alt=\"\" width=\"696\" height=\"194\" \/><\/a><br \/>\n<a role=\"button\" href=\"http:\/\/blogs.uned.es\/fabricacionaditiva-additivemanufacturing\/\"><br \/>\nVolver al inicio<br \/>\n<\/a><\/h2>\n","protected":false},"excerpt":{"rendered":"<p>OFERTA ACAD\u00c9MICA Programa Modular y M\u00e1ster en Fabricaci\u00f3n Aditiva Fabricaci\u00f3n Aditiva y Fablab para Ense\u00f1anza Secundaria Obligatoria, Bachillerato y Formaci\u00f3n Profesional Volver al inicio<\/p>\n","protected":false},"author":7337,"featured_media":0,"parent":0,"menu_order":0,"comment_status":"closed","ping_status":"closed","template":"","meta":{"footnotes":""},"class_list":["post-1061","page","type-page","status-publish"],"_links":{"self":[{"href":"https:\/\/blogs.uned.es\/fabricacionaditiva-additivemanufacturing\/wp-json\/wp\/v2\/pages\/1061","targetHints":{"allow":["GET"]}}],"collection":[{"href":"https:\/\/blogs.uned.es\/fabricacionaditiva-additivemanufacturing\/wp-json\/wp\/v2\/pages"}],"about":[{"href":"https:\/\/blogs.uned.es\/fabricacionaditiva-additivemanufacturing\/wp-json\/wp\/v2\/types\/page"}],"author":[{"embeddable":true,"href":"https:\/\/blogs.uned.es\/fabricacionaditiva-additivemanufacturing\/wp-json\/wp\/v2\/users\/7337"}],"replies":[{"embeddable":true,"href":"https:\/\/blogs.uned.es\/fabricacionaditiva-additivemanufacturing\/wp-json\/wp\/v2\/comments?post=1061"}],"version-history":[{"count":71,"href":"https:\/\/blogs.uned.es\/fabricacionaditiva-additivemanufacturing\/wp-json\/wp\/v2\/pages\/1061\/revisions"}],"predecessor-version":[{"id":2513,"href":"https:\/\/blogs.uned.es\/fabricacionaditiva-additivemanufacturing\/wp-json\/wp\/v2\/pages\/1061\/revisions\/2513"}],"wp:attachment":[{"href":"https:\/\/blogs.uned.es\/fabricacionaditiva-additivemanufacturing\/wp-json\/wp\/v2\/media?parent=1061"}],"curies":[{"name":"wp","href":"https:\/\/api.w.org\/{rel}","templated":true}]}}