{"id":11781,"date":"2022-12-21T12:54:32","date_gmt":"2022-12-21T12:54:32","guid":{"rendered":"https:\/\/blogs.uned.es\/estudios-oficiales-polisoci\/?page_id=11781"},"modified":"2023-09-08T12:10:48","modified_gmt":"2023-09-08T12:10:48","slug":"problemas-sociales","status":"publish","type":"page","link":"https:\/\/blogs.uned.es\/estudios-oficiales-polisoci\/masteres\/problemas-sociales\/","title":{"rendered":"Problemas Sociales"},"content":{"rendered":"\n<div class=\"wp-block-cover alignfull\" style=\"min-height:319px;aspect-ratio:unset;\"><span aria-hidden=\"true\" class=\"wp-block-cover__background has-background-dim-40 has-background-dim\" style=\"background-color:#000000\"><\/span><img loading=\"lazy\" decoding=\"async\" width=\"2200\" height=\"477\" class=\"wp-block-cover__image-background wp-image-437\" alt=\"\" src=\"http:\/\/blogs.uned.es\/estudios-oficiales-polisoci\/wp-content\/uploads\/sites\/399\/2019\/10\/participa.jpg\" data-object-fit=\"cover\" srcset=\"https:\/\/blogs.uned.es\/estudios-oficiales-polisoci\/wp-content\/uploads\/sites\/399\/2019\/10\/participa.jpg 2200w, https:\/\/blogs.uned.es\/estudios-oficiales-polisoci\/wp-content\/uploads\/sites\/399\/2019\/10\/participa-300x65.jpg 300w, https:\/\/blogs.uned.es\/estudios-oficiales-polisoci\/wp-content\/uploads\/sites\/399\/2019\/10\/participa-1024x222.jpg 1024w, https:\/\/blogs.uned.es\/estudios-oficiales-polisoci\/wp-content\/uploads\/sites\/399\/2019\/10\/participa-768x167.jpg 768w, https:\/\/blogs.uned.es\/estudios-oficiales-polisoci\/wp-content\/uploads\/sites\/399\/2019\/10\/participa-1536x333.jpg 1536w, https:\/\/blogs.uned.es\/estudios-oficiales-polisoci\/wp-content\/uploads\/sites\/399\/2019\/10\/participa-2048x444.jpg 2048w\" sizes=\"auto, (max-width: 2200px) 100vw, 2200px\" \/><div class=\"wp-block-cover__inner-container is-layout-flow wp-block-cover-is-layout-flow\">\n<div class=\"wp-block-columns alignwide is-layout-flex wp-container-core-columns-is-layout-28f84493 wp-block-columns-is-layout-flex\">\n<div class=\"wp-block-column is-layout-flow wp-block-column-is-layout-flow\">\n<p class=\"has-text-align-center has-large-font-size\">\u00bfQuieres estudiar un master donde se abordan los<\/p>\n\n\n\n<p class=\"has-text-align-center has-luminous-vivid-orange-background-color has-background has-x-large-font-size\">Problemas Sociales?<\/p>\n\n\n\n<p class=\"has-text-align-center has-large-font-size\">Puedes hacerlo con nosotros, en la UNED.<\/p>\n<\/div>\n<\/div>\n<\/div><\/div>\n\n\n\n<p class=\"has-cyan-bluish-gray-color has-text-color has-large-font-size\">Ver\u00f3nica D\u00edaz, Coordinadora del Master lo explica mejor&#8230;<\/p>\n\n\n\n<figure class=\"wp-block-image size-full\"><a href=\"https:\/\/canal.uned.es\/video\/62fcbf176f3c0039ef416986\" target=\"_blank\" rel=\"noreferrer noopener\"><img loading=\"lazy\" decoding=\"async\" width=\"766\" height=\"377\" src=\"https:\/\/blogs.uned.es\/estudios-oficiales-polisoci\/wp-content\/uploads\/sites\/399\/2023\/09\/veronica.png\" alt=\"\" class=\"wp-image-12205\" srcset=\"https:\/\/blogs.uned.es\/estudios-oficiales-polisoci\/wp-content\/uploads\/sites\/399\/2023\/09\/veronica.png 766w, https:\/\/blogs.uned.es\/estudios-oficiales-polisoci\/wp-content\/uploads\/sites\/399\/2023\/09\/veronica-300x148.png 300w\" sizes=\"auto, (max-width: 766px) 100vw, 766px\" \/><\/a><\/figure>\n\n\n\n<div class=\"wp-block-group is-layout-constrained wp-block-group-is-layout-constrained\">\n<div class=\"wp-block-columns is-layout-flex wp-container-core-columns-is-layout-28f84493 wp-block-columns-is-layout-flex\">\n<div class=\"wp-block-column is-layout-flow wp-block-column-is-layout-flow\" style=\"flex-basis:100%\">\n<div class=\"wp-block-group ticss-ac3908c4 has-large-font-size is-layout-flow wp-block-group-is-layout-flow\">\n<div class=\"wp-block-columns ticss-c4a27a80 is-layout-flex wp-container-core-columns-is-layout-28f84493 wp-block-columns-is-layout-flex\" style=\"border-style:none;border-width:0px;border-radius:0px\">\n<div class=\"wp-block-column is-layout-constrained wp-container-core-column-is-layout-b5bd41bb wp-block-column-is-layout-constrained\" style=\"padding-top:0px;padding-right:0px;padding-bottom:0px;padding-left:0px\">\n<figure class=\"wp-block-gallery has-nested-images columns-default is-cropped wp-block-gallery-1 is-layout-flex wp-block-gallery-is-layout-flex\">\n<figure class=\"wp-block-image size-large\"><img loading=\"lazy\" decoding=\"async\" width=\"1024\" height=\"222\" data-id=\"381\" src=\"https:\/\/blogs.uned.es\/estudios-oficiales-polisoci\/wp-content\/uploads\/sites\/399\/2019\/10\/portadapublicaciones-1024x222.jpg\" alt=\"\" class=\"wp-image-381\" srcset=\"https:\/\/blogs.uned.es\/estudios-oficiales-polisoci\/wp-content\/uploads\/sites\/399\/2019\/10\/portadapublicaciones-1024x222.jpg 1024w, https:\/\/blogs.uned.es\/estudios-oficiales-polisoci\/wp-content\/uploads\/sites\/399\/2019\/10\/portadapublicaciones-300x65.jpg 300w, https:\/\/blogs.uned.es\/estudios-oficiales-polisoci\/wp-content\/uploads\/sites\/399\/2019\/10\/portadapublicaciones-768x166.jpg 768w, https:\/\/blogs.uned.es\/estudios-oficiales-polisoci\/wp-content\/uploads\/sites\/399\/2019\/10\/portadapublicaciones-1536x333.jpg 1536w, https:\/\/blogs.uned.es\/estudios-oficiales-polisoci\/wp-content\/uploads\/sites\/399\/2019\/10\/portadapublicaciones-2048x443.jpg 2048w\" sizes=\"auto, (max-width: 1024px) 100vw, 1024px\" \/><figcaption class=\"wp-element-caption\"><strong>Objetivo del M\u00e1ster<\/strong><\/figcaption><\/figure>\n<\/figure>\n<\/div>\n<\/div>\n<\/div>\n<\/div>\n<\/div>\n<\/div>\n\n\n\n<blockquote class=\"wp-block-quote is-layout-flow wp-block-quote-is-layout-flow\">\n<p class=\"has-text-align-left has-medium-font-size\">Ofrecer a los alumnos instrumentos para analizar y comprender los problemas sociales de nuestros d\u00edas, para conocer la pluralidad de sujetos y agentes receptores y transformadores.<\/p>\n<\/blockquote>\n\n\n\n<div class=\"wp-block-column is-layout-flow wp-block-column-is-layout-flow\">\n<figure class=\"wp-block-image aligncenter size-full is-resized\"><a href=\"http:\/\/portal.uned.es\/portal\/page?_pageid=93,71749821&amp;_dad=portal&amp;_schema=PORTAL&amp;idTitulacion=290201\" target=\"_blank\" rel=\"noreferrer noopener\"><img loading=\"lazy\" decoding=\"async\" src=\"http:\/\/blogs.uned.es\/estudios-oficiales-polisoci\/wp-content\/uploads\/sites\/399\/2022\/10\/icono2.png\" alt=\"\" class=\"wp-image-11669\" style=\"width:162px;height:124px\" width=\"162\" height=\"124\" \/><\/a><figcaption class=\"wp-element-caption\">Gu\u00eda del m\u00e1ster<\/figcaption><\/figure>\n<\/div>\n\n\n\n<h2 class=\"wp-block-heading has-text-align-left has-large-font-size\" style=\"text-transform:none\">\u00bfHas visto que podr\u00e1s especializarte en:<\/h2>\n\n\n\n<div class=\"wp-block-columns is-layout-flex wp-container-core-columns-is-layout-28f84493 wp-block-columns-is-layout-flex\">\n<div class=\"wp-block-column has-small-font-size is-layout-flow wp-block-column-is-layout-flow\" style=\"border-width:1px\">\n<p class=\"has-text-align-center has-medium-font-size\"> Teor\u00edas y m\u00e9todos aplicados a los problemas sociales<\/p>\n<\/div>\n\n\n\n<div class=\"wp-block-column has-small-font-size is-layout-flow wp-block-column-is-layout-flow\" style=\"border-width:1px;padding-top:0;padding-right:0;padding-bottom:0;padding-left:0\">\n<p class=\"has-text-align-center has-medium-font-size\">An\u00e1lisis de los sujetos con problemas sociales y de los agentes del bienestar<\/p>\n<\/div>\n<\/div>\n\n\n\n<div class=\"wp-block-columns is-layout-flex wp-container-core-columns-is-layout-28f84493 wp-block-columns-is-layout-flex\">\n<div class=\"wp-block-column has-small-font-size is-layout-flow wp-block-column-is-layout-flow\" style=\"border-width:1px\">\n<p class=\"has-text-align-center has-medium-font-size\"> Nuevos Retos para la Administraci\u00f3n P\u00fablica y la Sociedad Civil<\/p>\n<\/div>\n\n\n\n<div class=\"wp-block-column has-small-font-size is-layout-flow wp-block-column-is-layout-flow\" style=\"border-width:1px\">\n<p class=\"has-text-align-center has-medium-font-size\">Demandas y necesidades de la ciudadan\u00eda<\/p>\n<\/div>\n<\/div>\n\n\n\n<h2 class=\"wp-block-heading has-text-align-left has-large-font-size\" style=\"text-transform:none\">Aprender\u00e1s como<\/h2>\n\n\n\n<div class=\"wp-block-columns is-layout-flex wp-container-core-columns-is-layout-28f84493 wp-block-columns-is-layout-flex\">\n<div class=\"wp-block-column is-layout-flow wp-block-column-is-layout-flow\" style=\"border-width:1px\">\n<div class=\"wp-block-cover is-light\"><span aria-hidden=\"true\" class=\"wp-block-cover__background has-background-dim\"><\/span><img loading=\"lazy\" decoding=\"async\" width=\"2300\" height=\"702\" class=\"wp-block-cover__image-background wp-image-215\" alt=\"\" src=\"http:\/\/blogs.uned.es\/estudios-oficiales-polisoci\/wp-content\/uploads\/sites\/399\/2019\/10\/profesora.jpg\" style=\"object-position:28% 50%\" data-object-fit=\"cover\" data-object-position=\"28% 50%\" srcset=\"https:\/\/blogs.uned.es\/estudios-oficiales-polisoci\/wp-content\/uploads\/sites\/399\/2019\/10\/profesora.jpg 2300w, https:\/\/blogs.uned.es\/estudios-oficiales-polisoci\/wp-content\/uploads\/sites\/399\/2019\/10\/profesora-300x92.jpg 300w, https:\/\/blogs.uned.es\/estudios-oficiales-polisoci\/wp-content\/uploads\/sites\/399\/2019\/10\/profesora-1024x313.jpg 1024w, https:\/\/blogs.uned.es\/estudios-oficiales-polisoci\/wp-content\/uploads\/sites\/399\/2019\/10\/profesora-768x234.jpg 768w, https:\/\/blogs.uned.es\/estudios-oficiales-polisoci\/wp-content\/uploads\/sites\/399\/2019\/10\/profesora-1536x469.jpg 1536w, https:\/\/blogs.uned.es\/estudios-oficiales-polisoci\/wp-content\/uploads\/sites\/399\/2019\/10\/profesora-2048x625.jpg 2048w\" sizes=\"auto, (max-width: 2300px) 100vw, 2300px\" \/><div class=\"wp-block-cover__inner-container is-layout-flow wp-block-cover-is-layout-flow\">\n<p class=\"has-text-align-center has-background-color has-text-color has-large-font-size\">PONER EN MARCHA<\/p>\n<\/div><\/div>\n<\/div>\n\n\n\n<div class=\"wp-block-column has-small-font-size is-layout-flow wp-block-column-is-layout-flow\" style=\"border-style:none;border-width:0px\">\n<p><\/p>\n\n\n\n<p class=\"has-text-align-left has-large-font-size\">Soluciones a los nuevos retos de las sociedades avanzadas de nuestro tiempo.<\/p>\n\n\n\n<p class=\"has-text-align-right has-large-font-size\">Para mejorar la vida de las personas<\/p>\n<\/div>\n<\/div>\n\n\n\n<div class=\"wp-block-group is-layout-constrained wp-block-group-is-layout-constrained\">\n<div class=\"wp-block-columns is-layout-flex wp-container-core-columns-is-layout-28f84493 wp-block-columns-is-layout-flex\">\n<div class=\"wp-block-column is-layout-flow wp-block-column-is-layout-flow\" style=\"flex-basis:100%\">\n<p class=\"has-background-color has-luminous-vivid-orange-background-color has-text-color has-background\">Si est\u00e1s interesado&#8230; <a href=\"mailto:polisoci.posgradosoficiales@adm.uned.es\">CONTACTA CON NOSTROS<\/a>.<\/p>\n<\/div>\n<\/div>\n<\/div>\n\n\n\n<p class=\"has-text-align-center has-cyan-bluish-gray-color has-text-color has-large-font-size\">\u00bfPor qu\u00e9 hacer un Master en Problemas Sociales? <\/p>\n\n\n\n<p class=\"has-cyan-bluish-gray-color has-text-color\">Mediante la especializaci\u00f3n en diferentes campos de trabajo, los alumnos que superen el Master podr\u00e1n alcanzar un <strong><mark class=\"has-inline-color has-foreground-color\">desarrollo profesional<\/mark><\/strong> m\u00e1s consistente y tener mayores posibilidades de<mark class=\"has-inline-color has-foreground-color\"> empleabilidad<\/mark> de cara a su inserci\u00f3n en el mercado de trabajo en \u00e1reas como:<mark class=\"has-inline-color has-tertiary-color\"> <\/mark><mark class=\"has-inline-color has-foreground-color\">vejez, <\/mark>servicios sociales, drogodependencias, terrorismo internacional, <mark class=\"has-inline-color has-foreground-color\">violencia de genero,<\/mark> igualdad de oportunidades, inmigraci\u00f3n, <mark class=\"has-inline-color has-foreground-color\">familia y bienestar social<\/mark>,violencia juvenil, <mark class=\"has-inline-color has-foreground-color\">tercer sector<\/mark>, infancia, desarrollo organizacional y de los recursos humanos, condiciones sociolaborales y mercado de trabajo, <mark class=\"has-inline-color has-foreground-color\">politicas educativas<\/mark> y de intervenci\u00f3n social, etc.<\/p>\n\n\n\n<p class=\"has-text-align-center has-x-large-font-size\">\u00bfPor qu\u00e9 elegir la UNED?<\/p>\n\n\n\n<div class=\"wp-block-group is-layout-flow wp-block-group-is-layout-flow\" style=\"padding-right:0px\">\n<p class=\"has-text-align-center ticss-18756234 has-large-font-size\">Por nuestra metodolog\u00eda adaptada a tus necesidades.  Avalada por la ANECA. <\/p>\n\n\n\n<p class=\"ticss-18756234 has-vivid-cyan-blue-background-color has-background has-medium-font-size\">\u00a1Nuestro M\u00e1ster Universitario en Problemas sociales tiene el t\u00edtulo concedido de Sello en Ense\u00f1anzas No Presenciales e H\u00edbridas (ENPHI), concedido por la Agencia Nacional de Evaluaci\u00f3n de la Calidad y Acreditaci\u00f3n (ANECA)!<\/p>\n\n\n\n<figure class=\"wp-block-image aligncenter size-full\"><img loading=\"lazy\" decoding=\"async\" width=\"469\" height=\"107\" src=\"https:\/\/blogs.uned.es\/estudios-oficiales-polisoci\/wp-content\/uploads\/sites\/399\/2023\/01\/Sello-internacional-calidad-aneca.png\" alt=\"\" class=\"wp-image-12025\" srcset=\"https:\/\/blogs.uned.es\/estudios-oficiales-polisoci\/wp-content\/uploads\/sites\/399\/2023\/01\/Sello-internacional-calidad-aneca.png 469w, https:\/\/blogs.uned.es\/estudios-oficiales-polisoci\/wp-content\/uploads\/sites\/399\/2023\/01\/Sello-internacional-calidad-aneca-300x68.png 300w\" sizes=\"auto, (max-width: 469px) 100vw, 469px\" \/><\/figure>\n\n\n\n<p class=\"has-large-font-size\">Y tienes la posibilidad de hacer \u00a1Pr\u00e1cticas en cientos de entidades!<\/p>\n\n\n\n<p class=\"has-small-font-size\">Si no has trabajado en este \u00e1mbito antes de contactar con nosotros, \u00a1puedes realizar <mark style=\"background-color:#ffe2c7\" class=\"has-inline-color\">pr\u00e1cticas curriculares<\/mark> en alguna de los cientos de empresas, organizaciones no gubernamentales, fundaciones e instituciones p\u00fablicas comprometidas con nosotros\/as en todo el territorio espa\u00f1ol y m\u00e1s all\u00e1!<\/p>\n\n\n\n<h2 class=\"wp-block-heading has-text-align-left has-medium-font-size\" style=\"text-transform:none\">Cuando termines&#8230;<\/h2>\n<\/div>\n\n\n\n<h2 class=\"wp-block-heading has-text-align-left has-large-font-size\" style=\"text-transform:none\">Tendr\u00e1s a tu alcance las siguientes salidas profesionales<\/h2>\n\n\n\n<div class=\"wp-block-columns is-layout-flex wp-container-core-columns-is-layout-28f84493 wp-block-columns-is-layout-flex\">\n<div class=\"wp-block-column is-layout-flow wp-block-column-is-layout-flow\">\n<ul class=\"wp-block-list\">\n<li>Asesor\u00eda y Consultor\u00eda en Servicios Sociales<\/li>\n\n\n\n<li>T\u00e9cnico en Investigaci\u00f3n e Intervenci\u00f3n Social<\/li>\n\n\n\n<li>Analista de problemas sociales como: <mark class=\"has-inline-color has-foreground-color\">envejecimiento, drogodependencias, terrorismo internacional, violencia de genero, desigualdad de oportunidades, inmigraci\u00f3n, violencia juvenil, <\/mark>etc.<\/li>\n\n\n\n<li>Gestor de recursos p\u00fabicos para el <mark class=\"has-inline-color has-foreground-color\"><mark class=\"has-inline-color has-foreground-color\">bienestar social de las familias<\/mark> y la infancia, el desarrollo organizacional y de los recursos humanos, la mejora de las condiciones sociolaborales y mercado de trabajo. <\/mark><\/li>\n\n\n\n<li>Planificador de <mark class=\"has-inline-color has-foreground-color\">pol\u00edticas educativas y de intervenci\u00f3n social.<\/mark><\/li>\n<\/ul>\n<\/div>\n<\/div>\n\n\n\n<p class=\"has-text-align-center has-background-color has-luminous-vivid-orange-background-color has-text-color has-background\">Si est\u00e1s decidida\/o&#8230; planif\u00edcate para el curso pr\u00f3ximo e inscr\u00edbete en la UNED<\/p>\n\n\n\n<p class=\"has-text-align-right has-x-large-font-size\">TE ESPERAMOS<\/p>\n\n\n\n<p class=\"has-text-align-center has-small-font-size\">(abierto el plazo de preinscripci\u00f3n a partir de junio de 2024)<\/p>\n\n\n\n<div style=\"height:89px\" aria-hidden=\"true\" class=\"wp-block-spacer\"><\/div>\n\n\n<ul class=\"wp-block-latest-posts__list has-dates wp-block-latest-posts\"><li><div class=\"wp-block-latest-posts__featured-image\"><img loading=\"lazy\" decoding=\"async\" width=\"150\" height=\"150\" src=\"https:\/\/blogs.uned.es\/estudios-oficiales-polisoci\/wp-content\/uploads\/sites\/399\/2025\/10\/20251018_121033-150x150.jpg\" class=\"attachment-thumbnail size-thumbnail wp-post-image\" alt=\"\" style=\"\" \/><\/div><a class=\"wp-block-latest-posts__post-title\" href=\"https:\/\/blogs.uned.es\/estudios-oficiales-polisoci\/2025\/10\/23\/ods-y-agenda-2030-mesa-redonda-el-estado-de-guerra-del-mediterraneo-28-de-noviembre\/\">ODS y Agenda 2030. Mesa redonda: El Estado de guerra de la Uni\u00f3n Europea en el Mediterr\u00e1neo 28 de Noviembre 1995-2025.<\/a><time datetime=\"2025-10-23T12:26:04+00:00\" class=\"wp-block-latest-posts__post-date\">23 de octubre de 2025<\/time><div class=\"wp-block-latest-posts__post-excerpt\">ODS y Agenda 2030. Mesa redonda: El Estado de guerra de la Uni\u00f3n Europea en el Mediterr\u00e1neo 1995-2025. Fecha: 28 de Noviembre, a las 12:30h &#8211; 14:30h PARA INSCRIPCI\u00d3N PINCHE AQU\u00cd Acceso P\u00fablico mediante Canal UNED: https:\/\/canal.uned.es\/live\/event\/68f8bbf8ba04bf569d062976 La mesa redonda: \u00abEl Estado de guerra de la Uni\u00f3n Europea en el Mediterr\u00e1neo 1995-2025\u00bb es un acto&#8230; <a class=\"wp-block-latest-posts__read-more\" href=\"https:\/\/blogs.uned.es\/estudios-oficiales-polisoci\/2025\/10\/23\/ods-y-agenda-2030-mesa-redonda-el-estado-de-guerra-del-mediterraneo-28-de-noviembre\/\" rel=\"noopener noreferrer\">Lee m\u00e1s<span class=\"screen-reader-text\">: ODS y Agenda 2030. Mesa redonda: El Estado de guerra de la Uni\u00f3n Europea en el Mediterr\u00e1neo 28 de Noviembre 1995-2025.<\/span><\/a><\/div><\/li>\n<li><a class=\"wp-block-latest-posts__post-title\" href=\"https:\/\/blogs.uned.es\/estudios-oficiales-polisoci\/2025\/10\/14\/memoria-academica-de-la-facultad-de-ciencias-politicas-y-sociologia-uned-2025\/\">Memoria Acad\u00e9mica de la Facultad de Ciencias Pol\u00edticas y Sociologia UNED 2025<\/a><time datetime=\"2025-10-14T08:14:47+00:00\" class=\"wp-block-latest-posts__post-date\">14 de octubre de 2025<\/time><div class=\"wp-block-latest-posts__post-excerpt\">Memoria Acad\u00e9mica de la Facultad de Ciencias Pol\u00edticas y Sociolog\u00eda de la UNED 2024\/25 www.uned.es Actividad docente Docencia en Grados y microgrados en el curso 2024\/25 En el curso 2024\/25, la Facultad de Ciencias Pol\u00edticas y Sociolog\u00eda tuvo matriculados a 3.219 personas en los estudios de Grado, Master y Microt\u00edtulos. Su distribuci\u00f3n se refleja en&#8230; <a class=\"wp-block-latest-posts__read-more\" href=\"https:\/\/blogs.uned.es\/estudios-oficiales-polisoci\/2025\/10\/14\/memoria-academica-de-la-facultad-de-ciencias-politicas-y-sociologia-uned-2025\/\" rel=\"noopener noreferrer\">Lee m\u00e1s<span class=\"screen-reader-text\">: Memoria Acad\u00e9mica de la Facultad de Ciencias Pol\u00edticas y Sociologia UNED 2025<\/span><\/a><\/div><\/li>\n<li><a class=\"wp-block-latest-posts__post-title\" href=\"https:\/\/blogs.uned.es\/estudios-oficiales-polisoci\/2025\/09\/29\/calendario-curso-2025-26\/\">Calendario curso 2025\/26<\/a><time datetime=\"2025-09-29T18:32:58+00:00\" class=\"wp-block-latest-posts__post-date\">29 de septiembre de 2025<\/time><div class=\"wp-block-latest-posts__post-excerpt\">CALENDARIO ACAD\u00c9MICO Curso 2025\/2026 * De forma general, los plazos de aplicaciones inform\u00e1ticas de la UNED, relacionados con las actividades especificadas en este calendario, comienzan a las 9:00 de la ma\u00f1ana y terminan a las 00:00 (franja horaria peninsular espa\u00f1ola). Este documento se basa en el Calendario Acad\u00e9mico-Administrativo aprobado por&nbsp; Consejo de Gobierno para el&#8230; <a class=\"wp-block-latest-posts__read-more\" href=\"https:\/\/blogs.uned.es\/estudios-oficiales-polisoci\/2025\/09\/29\/calendario-curso-2025-26\/\" rel=\"noopener noreferrer\">Lee m\u00e1s<span class=\"screen-reader-text\">: Calendario curso 2025\/26<\/span><\/a><\/div><\/li>\n<li><div class=\"wp-block-latest-posts__featured-image\"><img loading=\"lazy\" decoding=\"async\" width=\"150\" height=\"150\" src=\"https:\/\/blogs.uned.es\/estudios-oficiales-polisoci\/wp-content\/uploads\/sites\/399\/2025\/02\/Cartel_Mujer_Gitana-150x150.jpg\" class=\"attachment-thumbnail size-thumbnail wp-post-image\" alt=\"\" style=\"\" \/><\/div><a class=\"wp-block-latest-posts__post-title\" href=\"https:\/\/blogs.uned.es\/estudios-oficiales-polisoci\/2025\/02\/19\/dia-de-la-mujer-gitana-celebrando-el-8-de-marzo-de-2025-en-la-uned\/\">D\u00eda de la Mujer (Gitana).<\/a><time datetime=\"2025-02-19T13:30:48+00:00\" class=\"wp-block-latest-posts__post-date\">19 de febrero de 2025<\/time><div class=\"wp-block-latest-posts__post-excerpt\">Puedes ver la mesa redonda en diferido en Canal UNED Celebrando el 8 de marzo de 2025 en la UNED, el 5 de marzo Mesa redonda y Exposici\u00f3n de Pintura en torno a los retos de la Mujer Gitana La UNED junto a Secretariado Gitano y con el apoyo del Ministerio de Cultura, han organizado&#8230; <a class=\"wp-block-latest-posts__read-more\" href=\"https:\/\/blogs.uned.es\/estudios-oficiales-polisoci\/2025\/02\/19\/dia-de-la-mujer-gitana-celebrando-el-8-de-marzo-de-2025-en-la-uned\/\" rel=\"noopener noreferrer\">Lee m\u00e1s<span class=\"screen-reader-text\">: D\u00eda de la Mujer (Gitana).<\/span><\/a><\/div><\/li>\n<li><a class=\"wp-block-latest-posts__post-title\" href=\"https:\/\/blogs.uned.es\/estudios-oficiales-polisoci\/2024\/12\/02\/party-system-closure-party-alliances-government-alternatives-and-democracy-in-europe-oxford-academic\/\">Party System Closure: Party Alliances, Government Alternatives, and Democracy in Europe | Oxford Academic<\/a><time datetime=\"2024-12-02T13:41:38+00:00\" class=\"wp-block-latest-posts__post-date\">2 de diciembre de 2024<\/time><div class=\"wp-block-latest-posts__post-excerpt\">09\/12\/2024 Os invitamos a participar en la pr\u00f3xima conferencia online del M\u00e1ster en Ciencia Pol\u00edtica la cual correr\u00e1 a cargo del profesor en Pol\u00edtica Comparada Fernando Casal Bertoa (University of Nottingham).&nbsp;&nbsp;La sesi\u00f3n ser\u00e1 el d\u00eda 9 de diciembre a las 17h. Fernando Casal Bertoa es experto en Pol\u00edtica Comparada, centrando su investigaci\u00f3n en el desarrollo,&#8230; <a class=\"wp-block-latest-posts__read-more\" href=\"https:\/\/blogs.uned.es\/estudios-oficiales-polisoci\/2024\/12\/02\/party-system-closure-party-alliances-government-alternatives-and-democracy-in-europe-oxford-academic\/\" rel=\"noopener noreferrer\">Lee m\u00e1s<span class=\"screen-reader-text\">: Party System Closure: Party Alliances, Government Alternatives, and Democracy in Europe | Oxford Academic<\/span><\/a><\/div><\/li>\n<\/ul>\n\n","protected":false},"excerpt":{"rendered":"<p>Ver\u00f3nica D\u00edaz, Coordinadora del Master lo explica mejor&#8230; Ofrecer a los alumnos instrumentos para analizar y comprender los problemas sociales de nuestros d\u00edas, para conocer la pluralidad de sujetos y agentes receptores y transformadores. \u00bfHas visto que podr\u00e1s especializarte en: Teor\u00edas y m\u00e9todos aplicados a los problemas sociales An\u00e1lisis de los sujetos con problemas sociales [&hellip;]<\/p>\n","protected":false},"author":7647,"featured_media":0,"parent":11773,"menu_order":0,"comment_status":"closed","ping_status":"closed","template":"","meta":{"footnotes":""},"class_list":["post-11781","page","type-page","status-publish","hentry"],"_links":{"self":[{"href":"https:\/\/blogs.uned.es\/estudios-oficiales-polisoci\/wp-json\/wp\/v2\/pages\/11781","targetHints":{"allow":["GET"]}}],"collection":[{"href":"https:\/\/blogs.uned.es\/estudios-oficiales-polisoci\/wp-json\/wp\/v2\/pages"}],"about":[{"href":"https:\/\/blogs.uned.es\/estudios-oficiales-polisoci\/wp-json\/wp\/v2\/types\/page"}],"author":[{"embeddable":true,"href":"https:\/\/blogs.uned.es\/estudios-oficiales-polisoci\/wp-json\/wp\/v2\/users\/7647"}],"replies":[{"embeddable":true,"href":"https:\/\/blogs.uned.es\/estudios-oficiales-polisoci\/wp-json\/wp\/v2\/comments?post=11781"}],"version-history":[{"count":14,"href":"https:\/\/blogs.uned.es\/estudios-oficiales-polisoci\/wp-json\/wp\/v2\/pages\/11781\/revisions"}],"predecessor-version":[{"id":12243,"href":"https:\/\/blogs.uned.es\/estudios-oficiales-polisoci\/wp-json\/wp\/v2\/pages\/11781\/revisions\/12243"}],"up":[{"embeddable":true,"href":"https:\/\/blogs.uned.es\/estudios-oficiales-polisoci\/wp-json\/wp\/v2\/pages\/11773"}],"wp:attachment":[{"href":"https:\/\/blogs.uned.es\/estudios-oficiales-polisoci\/wp-json\/wp\/v2\/media?parent=11781"}],"curies":[{"name":"wp","href":"https:\/\/api.w.org\/{rel}","templated":true}]}}