{"id":11777,"date":"2022-12-21T12:54:11","date_gmt":"2022-12-21T12:54:11","guid":{"rendered":"https:\/\/blogs.uned.es\/estudios-oficiales-polisoci\/?page_id=11777"},"modified":"2023-09-07T10:14:44","modified_gmt":"2023-09-07T10:14:44","slug":"comunicacion-cultura-sociedad-y-politica","status":"publish","type":"page","link":"https:\/\/blogs.uned.es\/estudios-oficiales-polisoci\/masteres\/comunicacion-cultura-sociedad-y-politica\/","title":{"rendered":"Comunicaci\u00f3n, Cultura, Sociedad y Pol\u00edtica"},"content":{"rendered":"\n<div class=\"wp-block-cover alignfull\" style=\"min-height:319px;aspect-ratio:unset;\"><span aria-hidden=\"true\" class=\"wp-block-cover__background has-background-dim-40 has-background-dim\" style=\"background-color:#000000\"><\/span><img loading=\"lazy\" decoding=\"async\" width=\"2200\" height=\"477\" class=\"wp-block-cover__image-background wp-image-437\" alt=\"\" src=\"http:\/\/blogs.uned.es\/estudios-oficiales-polisoci\/wp-content\/uploads\/sites\/399\/2019\/10\/participa.jpg\" data-object-fit=\"cover\" srcset=\"https:\/\/blogs.uned.es\/estudios-oficiales-polisoci\/wp-content\/uploads\/sites\/399\/2019\/10\/participa.jpg 2200w, https:\/\/blogs.uned.es\/estudios-oficiales-polisoci\/wp-content\/uploads\/sites\/399\/2019\/10\/participa-300x65.jpg 300w, https:\/\/blogs.uned.es\/estudios-oficiales-polisoci\/wp-content\/uploads\/sites\/399\/2019\/10\/participa-1024x222.jpg 1024w, https:\/\/blogs.uned.es\/estudios-oficiales-polisoci\/wp-content\/uploads\/sites\/399\/2019\/10\/participa-768x167.jpg 768w, https:\/\/blogs.uned.es\/estudios-oficiales-polisoci\/wp-content\/uploads\/sites\/399\/2019\/10\/participa-1536x333.jpg 1536w, https:\/\/blogs.uned.es\/estudios-oficiales-polisoci\/wp-content\/uploads\/sites\/399\/2019\/10\/participa-2048x444.jpg 2048w\" sizes=\"auto, (max-width: 2200px) 100vw, 2200px\" \/><div class=\"wp-block-cover__inner-container is-layout-flow wp-block-cover-is-layout-flow\">\n<div class=\"wp-block-columns alignwide is-layout-flex wp-container-core-columns-is-layout-28f84493 wp-block-columns-is-layout-flex\">\n<div class=\"wp-block-column is-layout-flow wp-block-column-is-layout-flow\">\n<p class=\"has-text-align-center has-x-large-font-size\">Comunicaci\u00f3n, Cultura, Sociedad y Pol\u00edtica<\/p>\n<\/div>\n<\/div>\n<\/div><\/div>\n\n\n\n<h2 class=\"wp-block-heading has-text-align-left has-large-font-size\" style=\"text-transform:none\">Pilar Gomiz, secretaria acad\u00e9mica del m\u00e1ster lo explica mejor&#8230;<\/h2>\n\n\n<p><a href=\"https:\/\/canal.uned.es\/video\/62fcbf166f3c0039ef416972\"><video id=\"playerContainer_videoContainer_master\" preload=\"metadata\" playsinline=\"\" style=\"width: 100%;height: 100%\" poster=\"https:\/\/canal.uned.es\/uploads\/pic\/series\/5a6f6fb1b1111f7f608b4569\/video\/62fcbf166f3c0039ef416972\/630ddec96f3c0056b7780166.jpeg\"><\/video><\/a><\/p>\n\n\n<div class=\"wp-block-group is-layout-constrained wp-block-group-is-layout-constrained\">\n<div class=\"wp-block-columns is-layout-flex wp-container-core-columns-is-layout-28f84493 wp-block-columns-is-layout-flex\">\n<div class=\"wp-block-column is-layout-flow wp-block-column-is-layout-flow\" style=\"flex-basis:100%\">\n<div class=\"wp-block-group ticss-ac3908c4 has-large-font-size is-layout-flow wp-block-group-is-layout-flow\">\n<div class=\"wp-block-columns ticss-c4a27a80 is-layout-flex wp-container-core-columns-is-layout-28f84493 wp-block-columns-is-layout-flex\" style=\"border-style:none;border-width:0px;border-radius:0px\">\n<div class=\"wp-block-column is-layout-constrained wp-container-core-column-is-layout-b5bd41bb wp-block-column-is-layout-constrained\" style=\"padding-top:0px;padding-right:0px;padding-bottom:0px;padding-left:0px\">\n<figure class=\"wp-block-gallery has-nested-images columns-default is-cropped wp-block-gallery-1 is-layout-flex wp-block-gallery-is-layout-flex\">\n<figure class=\"wp-block-image size-large\"><img loading=\"lazy\" decoding=\"async\" width=\"1024\" height=\"222\" data-id=\"381\" src=\"https:\/\/blogs.uned.es\/estudios-oficiales-polisoci\/wp-content\/uploads\/sites\/399\/2019\/10\/portadapublicaciones-1024x222.jpg\" alt=\"\" class=\"wp-image-381\" srcset=\"https:\/\/blogs.uned.es\/estudios-oficiales-polisoci\/wp-content\/uploads\/sites\/399\/2019\/10\/portadapublicaciones-1024x222.jpg 1024w, https:\/\/blogs.uned.es\/estudios-oficiales-polisoci\/wp-content\/uploads\/sites\/399\/2019\/10\/portadapublicaciones-300x65.jpg 300w, https:\/\/blogs.uned.es\/estudios-oficiales-polisoci\/wp-content\/uploads\/sites\/399\/2019\/10\/portadapublicaciones-768x166.jpg 768w, https:\/\/blogs.uned.es\/estudios-oficiales-polisoci\/wp-content\/uploads\/sites\/399\/2019\/10\/portadapublicaciones-1536x333.jpg 1536w, https:\/\/blogs.uned.es\/estudios-oficiales-polisoci\/wp-content\/uploads\/sites\/399\/2019\/10\/portadapublicaciones-2048x443.jpg 2048w\" sizes=\"auto, (max-width: 1024px) 100vw, 1024px\" \/><figcaption class=\"wp-element-caption\"><strong>Objetivo del M\u00e1ster<\/strong><\/figcaption><\/figure>\n<\/figure>\n<\/div>\n<\/div>\n<\/div>\n<\/div>\n<\/div>\n<\/div>\n\n\n\n<blockquote class=\"wp-block-quote is-layout-flow wp-block-quote-is-layout-flow\">\n<p class=\"has-text-align-left has-large-font-size\">Formaci\u00f3n en la observaci\u00f3n met\u00f3dica y an\u00e1lisis de los procesos de comunicaci\u00f3n<\/p>\n<\/blockquote>\n\n\n\n<div class=\"wp-block-column is-layout-flow wp-block-column-is-layout-flow\">\n<figure class=\"wp-block-image aligncenter size-full is-resized\"><a href=\"http:\/\/portal.uned.es\/GestionGuiasTitulacionesPosgrado\/GenerarPDFGuia?c=2019&amp;idT=290301\" target=\"_blank\" rel=\"noreferrer noopener\"><img loading=\"lazy\" decoding=\"async\" src=\"http:\/\/blogs.uned.es\/estudios-oficiales-polisoci\/wp-content\/uploads\/sites\/399\/2022\/10\/icono2.png\" alt=\"\" class=\"wp-image-11669\" style=\"width:162px;height:124px\" width=\"162\" height=\"124\" \/><\/a><figcaption class=\"wp-element-caption\">Gu\u00eda del m\u00e1ster<\/figcaption><\/figure>\n<\/div>\n\n\n\n<h2 class=\"wp-block-heading has-text-align-left has-large-font-size\" style=\"text-transform:none\">Para incidir en<\/h2>\n\n\n\n<div class=\"wp-block-group is-layout-constrained wp-container-core-group-is-layout-254f1302 wp-block-group-is-layout-constrained\" style=\"border-width:1px;border-radius:0px;padding-top:0;padding-right:0;padding-bottom:0;padding-left:0\">\n<div class=\"wp-block-columns is-layout-flex wp-container-core-columns-is-layout-28f84493 wp-block-columns-is-layout-flex\">\n<div class=\"wp-block-column is-layout-flow wp-container-core-column-is-layout-8a368f38 wp-block-column-is-layout-flow\" style=\"border-style:none;border-width:0px\">\n<p class=\"has-text-align-center has-text-color\" style=\"color:#507fa8\">Procesos sociales<\/p>\n<\/div>\n\n\n\n<div class=\"wp-block-column is-layout-flow wp-container-core-column-is-layout-8a368f38 wp-block-column-is-layout-flow\" style=\"border-style:none;border-width:0px\">\n<p class=\"has-text-align-center has-text-color\" style=\"color:#507fa8\">Procesos pol\u00edticos<\/p>\n<\/div>\n\n\n\n<div class=\"wp-block-column is-vertically-aligned-center is-layout-flow wp-container-core-column-is-layout-8a368f38 wp-block-column-is-layout-flow\" style=\"border-style:none;border-width:0px\">\n<p class=\"has-text-align-center has-text-color\" style=\"color:#507fa8\">Procesos econ\u00f3micos<\/p>\n<\/div>\n<\/div>\n<\/div>\n\n\n\n<div class=\"wp-block-columns is-layout-flex wp-container-core-columns-is-layout-28f84493 wp-block-columns-is-layout-flex\">\n<div class=\"wp-block-column has-small-font-size is-layout-flow wp-block-column-is-layout-flow\" style=\"border-width:1px\">\n<p class=\"has-text-align-center has-small-font-size\">Instituciones, Administraciones, ONG&#8217;s, Movimientos Sociales y Partidos Pol\u00edticos<\/p>\n<\/div>\n\n\n\n<div class=\"wp-block-column has-small-font-size is-layout-flow wp-block-column-is-layout-flow\" style=\"border-width:1px\">\n<p class=\"has-text-align-center has-small-font-size\">Campa\u00f1as electorales<\/p>\n<\/div>\n\n\n\n<div class=\"wp-block-column is-layout-flow wp-block-column-is-layout-flow\" style=\"border-width:1px\">\n<p class=\"has-text-align-center has-small-font-size\">Empresas<\/p>\n<\/div>\n<\/div>\n\n\n\n<h2 class=\"wp-block-heading has-text-align-left has-large-font-size\" style=\"text-transform:none\">Donde puedes analizar como<\/h2>\n\n\n\n<div class=\"wp-block-columns is-layout-flex wp-container-core-columns-is-layout-28f84493 wp-block-columns-is-layout-flex\">\n<div class=\"wp-block-column is-layout-flow wp-block-column-is-layout-flow\" style=\"border-width:1px\">\n<div class=\"wp-block-cover\"><span aria-hidden=\"true\" class=\"wp-block-cover__background has-background-dim\"><\/span><img loading=\"lazy\" decoding=\"async\" width=\"400\" height=\"600\" class=\"wp-block-cover__image-background wp-image-11519\" alt=\"\" src=\"http:\/\/blogs.uned.es\/estudios-oficiales-polisoci\/wp-content\/uploads\/sites\/399\/2016\/04\/rife-free-p3.jpg\" data-object-fit=\"cover\" srcset=\"https:\/\/blogs.uned.es\/estudios-oficiales-polisoci\/wp-content\/uploads\/sites\/399\/2016\/04\/rife-free-p3.jpg 400w, https:\/\/blogs.uned.es\/estudios-oficiales-polisoci\/wp-content\/uploads\/sites\/399\/2016\/04\/rife-free-p3-200x300.jpg 200w\" sizes=\"auto, (max-width: 400px) 100vw, 400px\" \/><div class=\"wp-block-cover__inner-container is-layout-flow wp-block-cover-is-layout-flow\">\n<p><\/p>\n\n\n\n<p><\/p>\n\n\n\n<p class=\"has-text-align-center has-large-font-size\">LAS NUEVAS TECNOLOG\u00cdAS<\/p>\n<\/div><\/div>\n<\/div>\n\n\n\n<div class=\"wp-block-column has-small-font-size is-layout-flow wp-block-column-is-layout-flow\" style=\"border-style:none;border-width:0px\">\n<p class=\"has-text-align-center\"><\/p>\n\n\n\n<p><\/p>\n\n\n\n<p class=\"has-text-align-center has-large-font-size\">Pueden convertirte en el emisor sin necesidad del filtro de los medios de comunicaci\u00f3n tradicionales e institucionalizados<\/p>\n<\/div>\n<\/div>\n\n\n\n<div class=\"wp-block-group is-layout-constrained wp-block-group-is-layout-constrained\">\n<div class=\"wp-block-columns is-layout-flex wp-container-core-columns-is-layout-28f84493 wp-block-columns-is-layout-flex\">\n<div class=\"wp-block-column is-layout-flow wp-block-column-is-layout-flow\" style=\"flex-basis:100%\"><\/div>\n<\/div>\n<\/div>\n\n\n\n<p class=\"has-text-align-center has-x-large-font-size\">\u00bfPor qu\u00e9 comunicaci\u00f3n, sociedad, cultura y pol\u00edtica? <\/p>\n\n\n\n<div class=\"wp-block-group is-layout-flow wp-block-group-is-layout-flow\" style=\"padding-right:0px\">\n<p class=\"ticss-18756234 has-medium-font-size\">Este M\u00e1ster Universitario es un foro de reflexi\u00f3n cr\u00edtica e investigaci\u00f3n en torno a procesos socio-comunicativos concretos, especialmente vinculados a la actualidad social y pol\u00edtica del entorno cultural cercano (pa\u00edses desarrollados).<\/p>\n<\/div>\n\n\n\n<h2 class=\"wp-block-heading has-text-align-left has-large-font-size\" style=\"text-transform:none\">Donde tratar\u00e1s<\/h2>\n\n\n\n<div class=\"wp-block-columns alignwide is-layout-flex wp-container-core-columns-is-layout-28f84493 wp-block-columns-is-layout-flex\">\n<div class=\"wp-block-column is-layout-flow wp-block-column-is-layout-flow\">\n<hr class=\"wp-block-separator has-css-opacity is-style-wide\" \/>\n\n\n\n<p>1<\/p>\n\n\n\n<p>La relaci\u00f3n entre modelo del sistema pol\u00edtico y modelo del sistema de comunicaci\u00f3n mediada.<\/p>\n\n\n\n<div class=\"wp-block-buttons is-layout-flex wp-block-buttons-is-layout-flex\"><\/div>\n\n\n\n<div style=\"height:16px\" aria-hidden=\"true\" class=\"wp-block-spacer\"><\/div>\n<\/div>\n\n\n\n<div class=\"wp-block-column is-layout-flow wp-block-column-is-layout-flow\">\n<hr class=\"wp-block-separator has-css-opacity is-style-wide\" \/>\n\n\n\n<p>2<\/p>\n\n\n\n<p>El papel de los medios (tradicionales y nuevos) en la conformaci\u00f3n del voto electoral.<\/p>\n\n\n\n<div class=\"wp-block-buttons is-layout-flex wp-block-buttons-is-layout-flex\"><\/div>\n\n\n\n<div style=\"height:16px\" aria-hidden=\"true\" class=\"wp-block-spacer\"><\/div>\n<\/div>\n\n\n\n<div class=\"wp-block-column is-layout-flow wp-block-column-is-layout-flow\">\n<hr class=\"wp-block-separator has-css-opacity is-style-wide\" \/>\n\n\n\n<p>3<\/p>\n\n\n\n<p>El lugar de las nuevas tecnolog\u00edas en el surgimiento y organizaci\u00f3n de los actuales movimientos sociales.<\/p>\n\n\n\n<div class=\"wp-block-buttons is-layout-flex wp-block-buttons-is-layout-flex\"><\/div>\n\n\n\n<div style=\"height:16px\" aria-hidden=\"true\" class=\"wp-block-spacer\"><\/div>\n<\/div>\n<\/div>\n\n\n\n<div class=\"wp-block-columns alignwide is-layout-flex wp-container-core-columns-is-layout-28f84493 wp-block-columns-is-layout-flex\">\n<div class=\"wp-block-column is-layout-flow wp-block-column-is-layout-flow\">\n<hr class=\"wp-block-separator has-css-opacity is-style-wide\" \/>\n\n\n\n<p>4<\/p>\n\n\n\n<p>El significado de los procesos de recepci\u00f3n cuando los receptores pueden convertirse f\u00e1cilmente en emisores.<\/p>\n\n\n\n<div class=\"wp-block-buttons is-layout-flex wp-block-buttons-is-layout-flex\"><\/div>\n\n\n\n<div style=\"height:16px\" aria-hidden=\"true\" class=\"wp-block-spacer\"><\/div>\n<\/div>\n\n\n\n<div class=\"wp-block-column is-layout-flow wp-block-column-is-layout-flow\">\n<hr class=\"wp-block-separator has-css-opacity is-style-wide\" \/>\n\n\n\n<p>5<\/p>\n\n\n\n<p>El significado del concepto audiencia y las posibilidades de registrarla.<\/p>\n\n\n\n<div class=\"wp-block-buttons is-layout-flex wp-block-buttons-is-layout-flex\"><\/div>\n\n\n\n<div style=\"height:16px\" aria-hidden=\"true\" class=\"wp-block-spacer\"><\/div>\n<\/div>\n\n\n\n<div class=\"wp-block-column is-layout-flow wp-block-column-is-layout-flow\">\n<hr class=\"wp-block-separator has-css-opacity is-style-wide\" \/>\n\n\n\n<p>6<\/p>\n\n\n\n<p>La mediaci\u00f3n de los mensajes producidos por los medios de comunicaci\u00f3n institucionales y no institucionales.<\/p>\n\n\n\n<div class=\"wp-block-buttons is-layout-flex wp-block-buttons-is-layout-flex\"><\/div>\n\n\n\n<div style=\"height:16px\" aria-hidden=\"true\" class=\"wp-block-spacer\"><\/div>\n<\/div>\n<\/div>\n\n\n\n<h2 class=\"wp-block-heading has-text-align-left has-large-font-size\" style=\"text-transform:none\">Y donde tendr\u00e1s las siguientes salidas profesionales<\/h2>\n\n\n\n<div class=\"wp-block-columns is-layout-flex wp-container-core-columns-is-layout-28f84493 wp-block-columns-is-layout-flex\">\n<div class=\"wp-block-column is-layout-flow wp-block-column-is-layout-flow\">\n<ul class=\"wp-block-list\">\n<li>Asesor\u00eda en Comunicaci\u00f3n Pol\u00edtica<\/li>\n\n\n\n<li>Investigaci\u00f3n de Audiencias<\/li>\n\n\n\n<li>Investigaci\u00f3n de la Opini\u00f3n P\u00fablica<\/li>\n\n\n\n<li>Direcci\u00f3n de Departamento de Comunicaci\u00f3n<\/li>\n\n\n\n<li>Direcci\u00f3n de Comunicaci\u00f3n Interna<\/li>\n\n\n\n<li>Dise\u00f1o de Estrategias Comunicativas<\/li>\n\n\n\n<li>Asesor de Campa\u00f1as Comerciales o Pol\u00edticas<\/li>\n\n\n\n<li>&#8230;<\/li>\n<\/ul>\n<\/div>\n<\/div>\n\n\n\n<h2 class=\"wp-block-heading has-text-align-left has-large-font-size\" style=\"text-transform:none\">Pero, \u00bfqu\u00e9 dicen los estudiantes?<\/h2>\n\n\n<ol class=\"has-avatars has-dates has-excerpts wp-block-latest-comments\"><li class=\"wp-block-latest-comments__comment\"><img alt='' src='https:\/\/secure.gravatar.com\/avatar\/3ab79cbde7be2fa9f1e71cd6d900c39d9ab940ccc5418c80a49ee4e787410cc9?s=48&#038;d=mm&#038;r=g' srcset='https:\/\/secure.gravatar.com\/avatar\/3ab79cbde7be2fa9f1e71cd6d900c39d9ab940ccc5418c80a49ee4e787410cc9?s=96&#038;d=mm&#038;r=g 2x' class='avatar avatar-48 photo wp-block-latest-comments__comment-avatar' height='48' width='48' \/><article><footer class=\"wp-block-latest-comments__comment-meta\"><a class=\"wp-block-latest-comments__comment-author\" href=\"https:\/\/blogs.uned.es\/estudios-oficiales-polisoci\/author\/jvillalon\/\">jvillalon<\/a> en <a class=\"wp-block-latest-comments__comment-link\" href=\"https:\/\/blogs.uned.es\/estudios-oficiales-polisoci\/2024\/07\/11\/aviso-a-los-estudiantes-del-plan-2009-de-sociologia-y-del-plan-2019-de-ciencia-politica-y-de-la-administracion\/#comment-27\">Aviso a los estudiantes del plan 2009 de Sociolog\u00eda y del plan 2019 de Ciencia Pol\u00edtica y de la Administraci\u00f3n en la UNED<\/a><time datetime=\"2024-10-18T08:59:34+00:00\" class=\"wp-block-latest-comments__comment-date\">18 de octubre de 2024<\/time><\/footer><div class=\"wp-block-latest-comments__comment-excerpt\"><p>Pregunta en el negociado de estudiantes: estudiantes.polisoci@adm.uned.es Ellas te ayudar\u00e1n.<\/p>\n<\/div><\/article><\/li><li class=\"wp-block-latest-comments__comment\"><img alt='' src='https:\/\/secure.gravatar.com\/avatar\/3ab79cbde7be2fa9f1e71cd6d900c39d9ab940ccc5418c80a49ee4e787410cc9?s=48&#038;d=mm&#038;r=g' srcset='https:\/\/secure.gravatar.com\/avatar\/3ab79cbde7be2fa9f1e71cd6d900c39d9ab940ccc5418c80a49ee4e787410cc9?s=96&#038;d=mm&#038;r=g 2x' class='avatar avatar-48 photo wp-block-latest-comments__comment-avatar' height='48' width='48' \/><article><footer class=\"wp-block-latest-comments__comment-meta\"><a class=\"wp-block-latest-comments__comment-author\" href=\"https:\/\/blogs.uned.es\/estudios-oficiales-polisoci\/author\/jvillalon\/\">jvillalon<\/a> en <a class=\"wp-block-latest-comments__comment-link\" href=\"https:\/\/blogs.uned.es\/estudios-oficiales-polisoci\/2024\/07\/11\/aviso-a-los-estudiantes-del-plan-2009-de-sociologia-y-del-plan-2019-de-ciencia-politica-y-de-la-administracion\/#comment-25\">Aviso a los estudiantes del plan 2009 de Sociolog\u00eda y del plan 2019 de Ciencia Pol\u00edtica y de la Administraci\u00f3n en la UNED<\/a><time datetime=\"2024-10-18T08:57:35+00:00\" class=\"wp-block-latest-comments__comment-date\">18 de octubre de 2024<\/time><\/footer><div class=\"wp-block-latest-comments__comment-excerpt\"><p>Para hacer los cuestionarios, ve al campus de la UNED, https:\/\/sso.uned.es\/sso\/index.aspx?URL=http:\/\/www.uned.es\/universidad\/campus\/ Y, dentro tienes el acceso a los cuestionarios. Pero,&hellip;<\/p>\n<\/div><\/article><\/li><li class=\"wp-block-latest-comments__comment\"><img alt='' src='https:\/\/secure.gravatar.com\/avatar\/3ab79cbde7be2fa9f1e71cd6d900c39d9ab940ccc5418c80a49ee4e787410cc9?s=48&#038;d=mm&#038;r=g' srcset='https:\/\/secure.gravatar.com\/avatar\/3ab79cbde7be2fa9f1e71cd6d900c39d9ab940ccc5418c80a49ee4e787410cc9?s=96&#038;d=mm&#038;r=g 2x' class='avatar avatar-48 photo wp-block-latest-comments__comment-avatar' height='48' width='48' \/><article><footer class=\"wp-block-latest-comments__comment-meta\"><a class=\"wp-block-latest-comments__comment-author\" href=\"https:\/\/blogs.uned.es\/estudios-oficiales-polisoci\/author\/jvillalon\/\">jvillalon<\/a> en <a class=\"wp-block-latest-comments__comment-link\" href=\"https:\/\/blogs.uned.es\/estudios-oficiales-polisoci\/2024\/07\/11\/aviso-a-los-estudiantes-del-plan-2009-de-sociologia-y-del-plan-2019-de-ciencia-politica-y-de-la-administracion\/#comment-23\">Aviso a los estudiantes del plan 2009 de Sociolog\u00eda y del plan 2019 de Ciencia Pol\u00edtica y de la Administraci\u00f3n en la UNED<\/a><time datetime=\"2024-10-18T08:54:54+00:00\" class=\"wp-block-latest-comments__comment-date\">18 de octubre de 2024<\/time><\/footer><div class=\"wp-block-latest-comments__comment-excerpt\"><p>Entra en ciberuned: https:\/\/sso.uned.es\/sso\/index.aspx?URL=http:\/\/www.uned.es\/universidad\/campus\/ Ah\u00ed encontrar\u00e1s tu informaci\u00f3n completa y el acceso a tu expediente. Si tienes dudas, una vez&hellip;<\/p>\n<\/div><\/article><\/li><li class=\"wp-block-latest-comments__comment\"><img alt='' src='https:\/\/secure.gravatar.com\/avatar\/3ab79cbde7be2fa9f1e71cd6d900c39d9ab940ccc5418c80a49ee4e787410cc9?s=48&#038;d=mm&#038;r=g' srcset='https:\/\/secure.gravatar.com\/avatar\/3ab79cbde7be2fa9f1e71cd6d900c39d9ab940ccc5418c80a49ee4e787410cc9?s=96&#038;d=mm&#038;r=g 2x' class='avatar avatar-48 photo wp-block-latest-comments__comment-avatar' height='48' width='48' \/><article><footer class=\"wp-block-latest-comments__comment-meta\"><a class=\"wp-block-latest-comments__comment-author\" href=\"https:\/\/blogs.uned.es\/estudios-oficiales-polisoci\/author\/jvillalon\/\">jvillalon<\/a> en <a class=\"wp-block-latest-comments__comment-link\" href=\"https:\/\/blogs.uned.es\/estudios-oficiales-polisoci\/2024\/07\/11\/aviso-a-los-estudiantes-del-plan-2009-de-sociologia-y-del-plan-2019-de-ciencia-politica-y-de-la-administracion\/#comment-21\">Aviso a los estudiantes del plan 2009 de Sociolog\u00eda y del plan 2019 de Ciencia Pol\u00edtica y de la Administraci\u00f3n en la UNED<\/a><time datetime=\"2024-10-18T08:51:41+00:00\" class=\"wp-block-latest-comments__comment-date\">18 de octubre de 2024<\/time><\/footer><div class=\"wp-block-latest-comments__comment-excerpt\"><p>Escribe al negociado de estudiantes estudiantes.polisoci@adm.uned.es Ellas resolver\u00e1n tus dudas.<\/p>\n<\/div><\/article><\/li><li class=\"wp-block-latest-comments__comment\"><img alt='' src='https:\/\/secure.gravatar.com\/avatar\/035df7dfae04d18af7cfa8073453a3d6391cf9bdef521d9f557726e9f9959290?s=48&#038;d=mm&#038;r=g' srcset='https:\/\/secure.gravatar.com\/avatar\/035df7dfae04d18af7cfa8073453a3d6391cf9bdef521d9f557726e9f9959290?s=96&#038;d=mm&#038;r=g 2x' class='avatar avatar-48 photo wp-block-latest-comments__comment-avatar' height='48' width='48' \/><article><footer class=\"wp-block-latest-comments__comment-meta\"><span class=\"wp-block-latest-comments__comment-author\">Aingeru Etxeberria<\/span> en <a class=\"wp-block-latest-comments__comment-link\" href=\"https:\/\/blogs.uned.es\/estudios-oficiales-polisoci\/2024\/07\/11\/aviso-a-los-estudiantes-del-plan-2009-de-sociologia-y-del-plan-2019-de-ciencia-politica-y-de-la-administracion\/#comment-17\">Aviso a los estudiantes del plan 2009 de Sociolog\u00eda y del plan 2019 de Ciencia Pol\u00edtica y de la Administraci\u00f3n en la UNED<\/a><time datetime=\"2024-10-03T15:23:56+00:00\" class=\"wp-block-latest-comments__comment-date\">3 de octubre de 2024<\/time><\/footer><div class=\"wp-block-latest-comments__comment-excerpt\"><p>Buenas tardes, intento matricularme e CCPP del plan 2019 y no me deja. Me quedan 30 cr\u00e9ditos e iba a&hellip;<\/p>\n<\/div><\/article><\/li><\/ol>\n\n\n<div style=\"height:89px\" aria-hidden=\"true\" class=\"wp-block-spacer\"><\/div>\n\n\n<ul class=\"wp-block-latest-posts__list has-dates wp-block-latest-posts\"><li><div class=\"wp-block-latest-posts__featured-image\"><img loading=\"lazy\" decoding=\"async\" width=\"150\" height=\"150\" src=\"https:\/\/blogs.uned.es\/estudios-oficiales-polisoci\/wp-content\/uploads\/sites\/399\/2025\/10\/20251018_121033-150x150.jpg\" class=\"attachment-thumbnail size-thumbnail wp-post-image\" alt=\"\" style=\"\" \/><\/div><a class=\"wp-block-latest-posts__post-title\" href=\"https:\/\/blogs.uned.es\/estudios-oficiales-polisoci\/2025\/10\/23\/ods-y-agenda-2030-mesa-redonda-el-estado-de-guerra-del-mediterraneo-28-de-noviembre\/\">ODS y Agenda 2030. Mesa redonda: El Estado de guerra de la Uni\u00f3n Europea en el Mediterr\u00e1neo 28 de Noviembre 1995-2025.<\/a><time datetime=\"2025-10-23T12:26:04+00:00\" class=\"wp-block-latest-posts__post-date\">23 de octubre de 2025<\/time><div class=\"wp-block-latest-posts__post-excerpt\">ODS y Agenda 2030. Mesa redonda: El Estado de guerra de la Uni\u00f3n Europea en el Mediterr\u00e1neo 1995-2025. Fecha: 28 de Noviembre, a las 12:30h &#8211; 14:30h PARA INSCRIPCI\u00d3N PINCHE AQU\u00cd Acceso P\u00fablico mediante Canal UNED: https:\/\/canal.uned.es\/live\/event\/68f8bbf8ba04bf569d062976 La mesa redonda: \u00abEl Estado de guerra de la Uni\u00f3n Europea en el Mediterr\u00e1neo 1995-2025\u00bb es un acto&#8230; <a class=\"wp-block-latest-posts__read-more\" href=\"https:\/\/blogs.uned.es\/estudios-oficiales-polisoci\/2025\/10\/23\/ods-y-agenda-2030-mesa-redonda-el-estado-de-guerra-del-mediterraneo-28-de-noviembre\/\" rel=\"noopener noreferrer\">Lee m\u00e1s<span class=\"screen-reader-text\">: ODS y Agenda 2030. Mesa redonda: El Estado de guerra de la Uni\u00f3n Europea en el Mediterr\u00e1neo 28 de Noviembre 1995-2025.<\/span><\/a><\/div><\/li>\n<li><a class=\"wp-block-latest-posts__post-title\" href=\"https:\/\/blogs.uned.es\/estudios-oficiales-polisoci\/2025\/10\/14\/memoria-academica-de-la-facultad-de-ciencias-politicas-y-sociologia-uned-2025\/\">Memoria Acad\u00e9mica de la Facultad de Ciencias Pol\u00edticas y Sociologia UNED 2025<\/a><time datetime=\"2025-10-14T08:14:47+00:00\" class=\"wp-block-latest-posts__post-date\">14 de octubre de 2025<\/time><div class=\"wp-block-latest-posts__post-excerpt\">Memoria Acad\u00e9mica de la Facultad de Ciencias Pol\u00edticas y Sociolog\u00eda de la UNED 2024\/25 www.uned.es Actividad docente Docencia en Grados y microgrados en el curso 2024\/25 En el curso 2024\/25, la Facultad de Ciencias Pol\u00edticas y Sociolog\u00eda tuvo matriculados a 3.219 personas en los estudios de Grado, Master y Microt\u00edtulos. Su distribuci\u00f3n se refleja en&#8230; <a class=\"wp-block-latest-posts__read-more\" href=\"https:\/\/blogs.uned.es\/estudios-oficiales-polisoci\/2025\/10\/14\/memoria-academica-de-la-facultad-de-ciencias-politicas-y-sociologia-uned-2025\/\" rel=\"noopener noreferrer\">Lee m\u00e1s<span class=\"screen-reader-text\">: Memoria Acad\u00e9mica de la Facultad de Ciencias Pol\u00edticas y Sociologia UNED 2025<\/span><\/a><\/div><\/li>\n<li><a class=\"wp-block-latest-posts__post-title\" href=\"https:\/\/blogs.uned.es\/estudios-oficiales-polisoci\/2025\/09\/29\/calendario-curso-2025-26\/\">Calendario curso 2025\/26<\/a><time datetime=\"2025-09-29T18:32:58+00:00\" class=\"wp-block-latest-posts__post-date\">29 de septiembre de 2025<\/time><div class=\"wp-block-latest-posts__post-excerpt\">CALENDARIO ACAD\u00c9MICO Curso 2025\/2026 * De forma general, los plazos de aplicaciones inform\u00e1ticas de la UNED, relacionados con las actividades especificadas en este calendario, comienzan a las 9:00 de la ma\u00f1ana y terminan a las 00:00 (franja horaria peninsular espa\u00f1ola). Este documento se basa en el Calendario Acad\u00e9mico-Administrativo aprobado por&nbsp; Consejo de Gobierno para el&#8230; <a class=\"wp-block-latest-posts__read-more\" href=\"https:\/\/blogs.uned.es\/estudios-oficiales-polisoci\/2025\/09\/29\/calendario-curso-2025-26\/\" rel=\"noopener noreferrer\">Lee m\u00e1s<span class=\"screen-reader-text\">: Calendario curso 2025\/26<\/span><\/a><\/div><\/li>\n<li><div class=\"wp-block-latest-posts__featured-image\"><img loading=\"lazy\" decoding=\"async\" width=\"150\" height=\"150\" src=\"https:\/\/blogs.uned.es\/estudios-oficiales-polisoci\/wp-content\/uploads\/sites\/399\/2025\/02\/Cartel_Mujer_Gitana-150x150.jpg\" class=\"attachment-thumbnail size-thumbnail wp-post-image\" alt=\"\" style=\"\" \/><\/div><a class=\"wp-block-latest-posts__post-title\" href=\"https:\/\/blogs.uned.es\/estudios-oficiales-polisoci\/2025\/02\/19\/dia-de-la-mujer-gitana-celebrando-el-8-de-marzo-de-2025-en-la-uned\/\">D\u00eda de la Mujer (Gitana).<\/a><time datetime=\"2025-02-19T13:30:48+00:00\" class=\"wp-block-latest-posts__post-date\">19 de febrero de 2025<\/time><div class=\"wp-block-latest-posts__post-excerpt\">Puedes ver la mesa redonda en diferido en Canal UNED Celebrando el 8 de marzo de 2025 en la UNED, el 5 de marzo Mesa redonda y Exposici\u00f3n de Pintura en torno a los retos de la Mujer Gitana La UNED junto a Secretariado Gitano y con el apoyo del Ministerio de Cultura, han organizado&#8230; <a class=\"wp-block-latest-posts__read-more\" href=\"https:\/\/blogs.uned.es\/estudios-oficiales-polisoci\/2025\/02\/19\/dia-de-la-mujer-gitana-celebrando-el-8-de-marzo-de-2025-en-la-uned\/\" rel=\"noopener noreferrer\">Lee m\u00e1s<span class=\"screen-reader-text\">: D\u00eda de la Mujer (Gitana).<\/span><\/a><\/div><\/li>\n<li><a class=\"wp-block-latest-posts__post-title\" href=\"https:\/\/blogs.uned.es\/estudios-oficiales-polisoci\/2024\/12\/02\/party-system-closure-party-alliances-government-alternatives-and-democracy-in-europe-oxford-academic\/\">Party System Closure: Party Alliances, Government Alternatives, and Democracy in Europe | Oxford Academic<\/a><time datetime=\"2024-12-02T13:41:38+00:00\" class=\"wp-block-latest-posts__post-date\">2 de diciembre de 2024<\/time><div class=\"wp-block-latest-posts__post-excerpt\">09\/12\/2024 Os invitamos a participar en la pr\u00f3xima conferencia online del M\u00e1ster en Ciencia Pol\u00edtica la cual correr\u00e1 a cargo del profesor en Pol\u00edtica Comparada Fernando Casal Bertoa (University of Nottingham).&nbsp;&nbsp;La sesi\u00f3n ser\u00e1 el d\u00eda 9 de diciembre a las 17h. Fernando Casal Bertoa es experto en Pol\u00edtica Comparada, centrando su investigaci\u00f3n en el desarrollo,&#8230; <a class=\"wp-block-latest-posts__read-more\" href=\"https:\/\/blogs.uned.es\/estudios-oficiales-polisoci\/2024\/12\/02\/party-system-closure-party-alliances-government-alternatives-and-democracy-in-europe-oxford-academic\/\" rel=\"noopener noreferrer\">Lee m\u00e1s<span class=\"screen-reader-text\">: Party System Closure: Party Alliances, Government Alternatives, and Democracy in Europe | Oxford Academic<\/span><\/a><\/div><\/li>\n<\/ul>\n\n","protected":false},"excerpt":{"rendered":"<p>Pilar Gomiz, secretaria acad\u00e9mica del m\u00e1ster lo explica mejor&#8230; Formaci\u00f3n en la observaci\u00f3n met\u00f3dica y an\u00e1lisis de los procesos de comunicaci\u00f3n Para incidir en Procesos sociales Procesos pol\u00edticos Procesos econ\u00f3micos Instituciones, Administraciones, ONG&#8217;s, Movimientos Sociales y Partidos Pol\u00edticos Campa\u00f1as electorales Empresas Donde puedes analizar como Pueden convertirte en el emisor sin necesidad del filtro de [&hellip;]<\/p>\n","protected":false},"author":7647,"featured_media":0,"parent":11773,"menu_order":0,"comment_status":"closed","ping_status":"closed","template":"","meta":{"footnotes":""},"class_list":["post-11777","page","type-page","status-publish","hentry"],"_links":{"self":[{"href":"https:\/\/blogs.uned.es\/estudios-oficiales-polisoci\/wp-json\/wp\/v2\/pages\/11777","targetHints":{"allow":["GET"]}}],"collection":[{"href":"https:\/\/blogs.uned.es\/estudios-oficiales-polisoci\/wp-json\/wp\/v2\/pages"}],"about":[{"href":"https:\/\/blogs.uned.es\/estudios-oficiales-polisoci\/wp-json\/wp\/v2\/types\/page"}],"author":[{"embeddable":true,"href":"https:\/\/blogs.uned.es\/estudios-oficiales-polisoci\/wp-json\/wp\/v2\/users\/7647"}],"replies":[{"embeddable":true,"href":"https:\/\/blogs.uned.es\/estudios-oficiales-polisoci\/wp-json\/wp\/v2\/comments?post=11777"}],"version-history":[{"count":18,"href":"https:\/\/blogs.uned.es\/estudios-oficiales-polisoci\/wp-json\/wp\/v2\/pages\/11777\/revisions"}],"predecessor-version":[{"id":12119,"href":"https:\/\/blogs.uned.es\/estudios-oficiales-polisoci\/wp-json\/wp\/v2\/pages\/11777\/revisions\/12119"}],"up":[{"embeddable":true,"href":"https:\/\/blogs.uned.es\/estudios-oficiales-polisoci\/wp-json\/wp\/v2\/pages\/11773"}],"wp:attachment":[{"href":"https:\/\/blogs.uned.es\/estudios-oficiales-polisoci\/wp-json\/wp\/v2\/media?parent=11777"}],"curies":[{"name":"wp","href":"https:\/\/api.w.org\/{rel}","templated":true}]}}