{"id":4559,"date":"2018-11-26T13:29:31","date_gmt":"2018-11-26T12:29:31","guid":{"rendered":"http:\/\/blogs.uned.es\/emprende\/?page_id=4559"},"modified":"2023-12-05T11:06:51","modified_gmt":"2023-12-05T10:06:51","slug":"nuestros-mentores","status":"publish","type":"page","link":"https:\/\/blogs.uned.es\/emprende\/nuestros-mentores\/","title":{"rendered":"NUESTROS MENTORES"},"content":{"rendered":"\t\t<div data-elementor-type=\"wp-page\" data-elementor-id=\"4559\" class=\"elementor elementor-4559\">\n\t\t\t\t\t\t<section class=\"elementor-section elementor-top-section elementor-element elementor-element-7bbeb74f elementor-section-boxed elementor-section-height-default elementor-section-height-default\" data-id=\"7bbeb74f\" data-element_type=\"section\" data-e-type=\"section\">\n\t\t\t\t\t\t<div class=\"elementor-container elementor-column-gap-default\">\n\t\t\t\t\t<div class=\"elementor-column elementor-col-100 elementor-top-column elementor-element elementor-element-7f3ce144\" data-id=\"7f3ce144\" data-element_type=\"column\" data-e-type=\"column\">\n\t\t\t<div class=\"elementor-widget-wrap elementor-element-populated\">\n\t\t\t\t\t\t<div class=\"elementor-element elementor-element-23d5572a elementor-widget elementor-widget-text-editor\" data-id=\"23d5572a\" data-element_type=\"widget\" data-e-type=\"widget\" data-widget_type=\"text-editor.default\">\n\t\t\t\t<div class=\"elementor-widget-container\">\n\t\t\t\t\t\t\t\t\t<p><strong><img decoding=\"async\" class=\" wp-image-5201 alignleft\" src=\"http:\/\/blogs.uned.es\/emprende\/wp-content\/uploads\/sites\/103\/2019\/02\/Jos\u00e9-Luis-Barroso-300x200.jpg\" alt=\"\" width=\"239\" height=\"159\" srcset=\"https:\/\/blogs.uned.es\/emprende\/wp-content\/uploads\/sites\/103\/2019\/02\/Jos\u00e9-Luis-Barroso-300x200.jpg 300w, https:\/\/blogs.uned.es\/emprende\/wp-content\/uploads\/sites\/103\/2019\/02\/Jos\u00e9-Luis-Barroso-768x512.jpg 768w, https:\/\/blogs.uned.es\/emprende\/wp-content\/uploads\/sites\/103\/2019\/02\/Jos\u00e9-Luis-Barroso-1024x682.jpg 1024w, https:\/\/blogs.uned.es\/emprende\/wp-content\/uploads\/sites\/103\/2019\/02\/Jos\u00e9-Luis-Barroso-624x416.jpg 624w, https:\/\/blogs.uned.es\/emprende\/wp-content\/uploads\/sites\/103\/2019\/02\/Jos\u00e9-Luis-Barroso-272x182.jpg 272w, https:\/\/blogs.uned.es\/emprende\/wp-content\/uploads\/sites\/103\/2019\/02\/Jos\u00e9-Luis-Barroso.jpg 2000w\" sizes=\"(max-width: 239px) 100vw, 239px\" \/>Jos\u00e9 Luis Barroso Ortega<\/strong> &#8211; Tiene estudios de Ciencias Econ\u00f3micas en la UAM, Master en IESE. La mayor parte de su vida laborar -30 a\u00f1os- se desarroll\u00f3 en BBVA donde desempe\u00f1\u00f3 diversos puestos, todos ellos de responsabilidad; los m\u00e1s significativos: Auditor<br \/>interno, responsable de riesgos, director de \u00e1reas de negocio&#8230; Desde 2001, ha trabajado en dos empresas privadas ocupando los puestos de gerente y director financiero. Miembro de SECOT desde 2001 donde es tutor de planes de negocio y profesor de la asignatura de Inversi\u00f3n y Financiaci\u00f3n en eSemp. Colaborador de la E.O.I. para impartir Planes de Negocio&#8230;<\/p><p><img decoding=\"async\" class=\"alignnone wp-image-4581\" src=\"http:\/\/blogs.uned.es\/emprende\/wp-content\/uploads\/sites\/103\/2018\/11\/\u00edndice-1.png\" alt=\"\" width=\"63\" height=\"63\" srcset=\"https:\/\/blogs.uned.es\/emprende\/wp-content\/uploads\/sites\/103\/2018\/11\/\u00edndice-1.png 225w, https:\/\/blogs.uned.es\/emprende\/wp-content\/uploads\/sites\/103\/2018\/11\/\u00edndice-1-150x150.png 150w\" sizes=\"(max-width: 63px) 100vw, 63px\" \/>\u00a0\u00a0\u00a0 <img decoding=\"async\" class=\"alignnone wp-image-4583\" src=\"http:\/\/blogs.uned.es\/emprende\/wp-content\/uploads\/sites\/103\/2018\/11\/\u00edndice-2.png\" alt=\"\" width=\"63\" height=\"63\" srcset=\"https:\/\/blogs.uned.es\/emprende\/wp-content\/uploads\/sites\/103\/2018\/11\/\u00edndice-2.png 225w, https:\/\/blogs.uned.es\/emprende\/wp-content\/uploads\/sites\/103\/2018\/11\/\u00edndice-2-150x150.png 150w\" sizes=\"(max-width: 63px) 100vw, 63px\" \/> \u00a0\u00a0 <img loading=\"lazy\" decoding=\"async\" class=\"alignnone wp-image-4579\" src=\"http:\/\/blogs.uned.es\/emprende\/wp-content\/uploads\/sites\/103\/2018\/11\/apps.50484.9007199266244427.4d45042b-d7a5-4a83-be66-97779553b24d.2c71c1ea-c28f-4dd1-b72d-c43cdd3476f4-200x300.png\" alt=\"\" width=\"40\" height=\"60\" \/> \u00a0\u00a0 <img loading=\"lazy\" decoding=\"async\" class=\"alignnone wp-image-4577\" src=\"http:\/\/blogs.uned.es\/emprende\/wp-content\/uploads\/sites\/103\/2018\/11\/\u00edndice.png\" alt=\"\" width=\"63\" height=\"63\" srcset=\"https:\/\/blogs.uned.es\/emprende\/wp-content\/uploads\/sites\/103\/2018\/11\/\u00edndice.png 225w, https:\/\/blogs.uned.es\/emprende\/wp-content\/uploads\/sites\/103\/2018\/11\/\u00edndice-150x150.png 150w\" sizes=\"(max-width: 63px) 100vw, 63px\" \/><\/p><p><strong><img loading=\"lazy\" decoding=\"async\" class=\"alignleft wp-image-9399 size-thumbnail\" src=\"https:\/\/blogs.uned.es\/emprende\/wp-content\/uploads\/sites\/103\/2023\/12\/LUCAS-150x150.png\" alt=\"\" width=\"150\" height=\"150\" srcset=\"https:\/\/blogs.uned.es\/emprende\/wp-content\/uploads\/sites\/103\/2023\/12\/LUCAS-150x150.png 150w, https:\/\/blogs.uned.es\/emprende\/wp-content\/uploads\/sites\/103\/2023\/12\/LUCAS-298x300.png 298w, https:\/\/blogs.uned.es\/emprende\/wp-content\/uploads\/sites\/103\/2023\/12\/LUCAS.png 498w\" sizes=\"(max-width: 150px) 100vw, 150px\" \/><\/strong><b>Lucas Cervera<\/b>&#8211; Licenciado en CC. Econ\u00f3micas y Empresariales por la UCM y M\u00e1ster en e-Business. En los \u00faltimos a\u00f1os ha desarrollado tambi\u00e9n su actividad profesional en el campo de la docencia y asesor\u00eda relacionada con el emprendimiento y la innovaci\u00f3n, especializ\u00e1ndose en dise\u00f1o y validaci\u00f3n de modelos de negocio. Ha impartido conferencias y clases en diversas escuelas de negocio y universidades por toda Espa\u00f1a. Cofundador de 3 startups y una fundaci\u00f3n en el campo de internet, software y emprendimiento. Ahora enfocado en innovaci\u00f3n y en la aplicaci\u00f3n de la inteligencia artificia a los negocios. Profesor\u00a0 en Innovaci\u00f3n, Startups, Emprendimiento, IA generativa). Asesor de startups (Modelo de negocio, Dise\u00f1o y Validaci\u00f3n de negocio)<\/p><p style=\"text-align: left\"><a href=\"http:\/\/www.lucascervera.com\"><img decoding=\"async\" class=\"alignnone wp-image-4581\" src=\"http:\/\/blogs.uned.es\/emprende\/wp-content\/uploads\/sites\/103\/2018\/11\/\u00edndice-1.png\" alt=\"\" width=\"63\" height=\"63\" srcset=\"https:\/\/blogs.uned.es\/emprende\/wp-content\/uploads\/sites\/103\/2018\/11\/\u00edndice-1.png 225w, https:\/\/blogs.uned.es\/emprende\/wp-content\/uploads\/sites\/103\/2018\/11\/\u00edndice-1-150x150.png 150w\" sizes=\"(max-width: 63px) 100vw, 63px\" \/><\/a>\u00a0\u00a0\u00a0 \u00a0\u00a0 \u00a0\u00a0 <a href=\"https:\/\/www.linkedin.com\/in\/lucascervera\/\"><img loading=\"lazy\" decoding=\"async\" class=\"alignnone wp-image-4577\" src=\"http:\/\/blogs.uned.es\/emprende\/wp-content\/uploads\/sites\/103\/2018\/11\/\u00edndice.png\" alt=\"\" width=\"63\" height=\"63\" srcset=\"https:\/\/blogs.uned.es\/emprende\/wp-content\/uploads\/sites\/103\/2018\/11\/\u00edndice.png 225w, https:\/\/blogs.uned.es\/emprende\/wp-content\/uploads\/sites\/103\/2018\/11\/\u00edndice-150x150.png 150w\" sizes=\"(max-width: 63px) 100vw, 63px\" \/><\/a><\/p><hr \/><p><strong><img loading=\"lazy\" decoding=\"async\" class=\" wp-image-5199 alignleft\" src=\"http:\/\/blogs.uned.es\/emprende\/wp-content\/uploads\/sites\/103\/2019\/02\/BARTO-244x300.png\" alt=\"\" width=\"155\" height=\"190\" srcset=\"https:\/\/blogs.uned.es\/emprende\/wp-content\/uploads\/sites\/103\/2019\/02\/BARTO-244x300.png 244w, https:\/\/blogs.uned.es\/emprende\/wp-content\/uploads\/sites\/103\/2019\/02\/BARTO.png 361w\" sizes=\"(max-width: 155px) 100vw, 155px\" \/>Juli\u00e1n M. Bartolom\u00e9 del \u00c1lamo<\/strong> &#8211; Es Ingeniero T\u00e9cnico Aeron\u00e1utico, por la Universidad Polit\u00e9cnica de Madrid y curs\u00f3 varios cursos de formaci\u00f3n empresarial y marketing por la UNED y empresas de formaci\u00f3n privadas. Tiene una experiencia laboral de m\u00e1s de 30 a\u00f1os en el \u00e1mbito de la Planificaci\u00f3n y Organizaci\u00f3n de los servicios de handling aeropuertario y la Ingenier\u00eda de Mantenimiento de la compa\u00f1\u00eda Iberia. Ha colaborado como Monitor de cursos de formaci\u00f3n de T\u00e9cnicos de Mantenimiento Aeron\u00e1utico y como Asesor en materia fiscal y econ\u00f3mica financiera de una sociedad mercantil durante 2 a\u00f1os. Es miembro de SECOT desde 2015.<\/p><p><img decoding=\"async\" class=\"alignnone wp-image-4581\" src=\"http:\/\/blogs.uned.es\/emprende\/wp-content\/uploads\/sites\/103\/2018\/11\/\u00edndice-1.png\" alt=\"\" width=\"63\" height=\"63\" srcset=\"https:\/\/blogs.uned.es\/emprende\/wp-content\/uploads\/sites\/103\/2018\/11\/\u00edndice-1.png 225w, https:\/\/blogs.uned.es\/emprende\/wp-content\/uploads\/sites\/103\/2018\/11\/\u00edndice-1-150x150.png 150w\" sizes=\"(max-width: 63px) 100vw, 63px\" \/>\u00a0\u00a0\u00a0 <img decoding=\"async\" class=\"alignnone wp-image-4583\" src=\"http:\/\/blogs.uned.es\/emprende\/wp-content\/uploads\/sites\/103\/2018\/11\/\u00edndice-2.png\" alt=\"\" width=\"63\" height=\"63\" srcset=\"https:\/\/blogs.uned.es\/emprende\/wp-content\/uploads\/sites\/103\/2018\/11\/\u00edndice-2.png 225w, https:\/\/blogs.uned.es\/emprende\/wp-content\/uploads\/sites\/103\/2018\/11\/\u00edndice-2-150x150.png 150w\" sizes=\"(max-width: 63px) 100vw, 63px\" \/> \u00a0\u00a0 <img loading=\"lazy\" decoding=\"async\" class=\"alignnone wp-image-4579\" src=\"http:\/\/blogs.uned.es\/emprende\/wp-content\/uploads\/sites\/103\/2018\/11\/apps.50484.9007199266244427.4d45042b-d7a5-4a83-be66-97779553b24d.2c71c1ea-c28f-4dd1-b72d-c43cdd3476f4-200x300.png\" alt=\"\" width=\"40\" height=\"60\" \/> \u00a0\u00a0 <img loading=\"lazy\" decoding=\"async\" class=\"alignnone wp-image-4577\" src=\"http:\/\/blogs.uned.es\/emprende\/wp-content\/uploads\/sites\/103\/2018\/11\/\u00edndice.png\" alt=\"\" width=\"63\" height=\"63\" srcset=\"https:\/\/blogs.uned.es\/emprende\/wp-content\/uploads\/sites\/103\/2018\/11\/\u00edndice.png 225w, https:\/\/blogs.uned.es\/emprende\/wp-content\/uploads\/sites\/103\/2018\/11\/\u00edndice-150x150.png 150w\" sizes=\"(max-width: 63px) 100vw, 63px\" \/><\/p><hr \/><p><strong><img loading=\"lazy\" decoding=\"async\" class=\" wp-image-5197 alignleft\" src=\"http:\/\/blogs.uned.es\/emprende\/wp-content\/uploads\/sites\/103\/2019\/02\/casiano.png\" alt=\"\" width=\"160\" height=\"200\" \/><\/strong><\/p><p><strong>Casiano G\u00f3mez<\/strong> &#8211; Es Licenciado en Ciencias Econ\u00f3micas y Empresariales por la Universidad Aut\u00f3noma\u00a0de Madrid. Gran parte de su vida profesional ha trabajado en Telef\u00f3nica de Espa\u00f1a, donde ha sido responsable de las \u00e1reas de Contabilidad Financiera y Anal\u00edtica, Control Interno e Impuestos entre otros. Es miembro de SECOT desde 2014.<\/p><p><img decoding=\"async\" class=\"alignnone wp-image-4581\" src=\"http:\/\/blogs.uned.es\/emprende\/wp-content\/uploads\/sites\/103\/2018\/11\/\u00edndice-1.png\" alt=\"\" width=\"63\" height=\"63\" srcset=\"https:\/\/blogs.uned.es\/emprende\/wp-content\/uploads\/sites\/103\/2018\/11\/\u00edndice-1.png 225w, https:\/\/blogs.uned.es\/emprende\/wp-content\/uploads\/sites\/103\/2018\/11\/\u00edndice-1-150x150.png 150w\" sizes=\"(max-width: 63px) 100vw, 63px\" \/>\u00a0\u00a0\u00a0 <img decoding=\"async\" class=\"alignnone wp-image-4583\" src=\"http:\/\/blogs.uned.es\/emprende\/wp-content\/uploads\/sites\/103\/2018\/11\/\u00edndice-2.png\" alt=\"\" width=\"63\" height=\"63\" srcset=\"https:\/\/blogs.uned.es\/emprende\/wp-content\/uploads\/sites\/103\/2018\/11\/\u00edndice-2.png 225w, https:\/\/blogs.uned.es\/emprende\/wp-content\/uploads\/sites\/103\/2018\/11\/\u00edndice-2-150x150.png 150w\" sizes=\"(max-width: 63px) 100vw, 63px\" \/> \u00a0\u00a0 <img loading=\"lazy\" decoding=\"async\" class=\"alignnone wp-image-4579\" src=\"http:\/\/blogs.uned.es\/emprende\/wp-content\/uploads\/sites\/103\/2018\/11\/apps.50484.9007199266244427.4d45042b-d7a5-4a83-be66-97779553b24d.2c71c1ea-c28f-4dd1-b72d-c43cdd3476f4-200x300.png\" alt=\"\" width=\"40\" height=\"60\" \/> \u00a0\u00a0 <img loading=\"lazy\" decoding=\"async\" class=\"alignnone wp-image-4577\" src=\"http:\/\/blogs.uned.es\/emprende\/wp-content\/uploads\/sites\/103\/2018\/11\/\u00edndice.png\" alt=\"\" width=\"63\" height=\"63\" srcset=\"https:\/\/blogs.uned.es\/emprende\/wp-content\/uploads\/sites\/103\/2018\/11\/\u00edndice.png 225w, https:\/\/blogs.uned.es\/emprende\/wp-content\/uploads\/sites\/103\/2018\/11\/\u00edndice-150x150.png 150w\" sizes=\"(max-width: 63px) 100vw, 63px\" \/><\/p><hr \/><p><strong><img loading=\"lazy\" decoding=\"async\" class=\" wp-image-5225 alignleft\" src=\"http:\/\/blogs.uned.es\/emprende\/wp-content\/uploads\/sites\/103\/2019\/02\/acevedo.png\" alt=\"\" width=\"278\" height=\"206\" \/><\/strong><\/p><p><strong>Jos\u00e9 Ant\u00f3n L\u00f3pez-Acevedo<\/strong><\/p><p>Psic\u00f3logo Organizacional y de la Salud colegiado, Licenciado en Ciencias F\u00edsicas e Ingeniero de Telecomunicaciones,\u00a0 con M\u00e1ster en Psicolog\u00eda del Coaching por la UNED certificado por la Asociaci\u00f3n Internacional de Titulados y Profesores Universitarios de Coaching desde 2013 y Mentor de programas en el Colegio Oficial de la Psicolog\u00eda de Madrid.<\/p><p>Orientado al cambio personal y empresarial, desarrolla programas de Mentoring y Coaching para la mejora de rendimiento de ejecutivos, equipos, emprendedores e intraemprendedores en general, con experiencia en el sector de las TIC tras treinta a\u00f1os de experiencia en distintas posiciones de responsabilidad en Telef\u00f3nica de Espa\u00f1a y Telef\u00f3nica Internacional, en Brasil e Italia, con proyectos estrat\u00e9gicos de desarrollo tecnol\u00f3gico e innovaci\u00f3n y tambi\u00e9n de formaci\u00f3n a directivos.<\/p><p>Vicepresidente del Instituto Europeo de Innovaci\u00f3n en Inteligencia Emocional, colabora en el Grupo de Trabajo de Inteligencia Emocional del Colegio de Psic\u00f3logos de Madrid, donde impulsa una l\u00ednea de trabajo sobre Inteligencia Artificial e Inteligencia Emocional, y participa como F\u00edsico de Excelencia al Colegio Oficial de F\u00edsicos, en la promoci\u00f3n y desarrollo del F\u00edsico en la Sociedad as\u00ed como en la plataforma de servicios de Psicolog\u00eda y Coaching a distancia CVPSI.<\/p><p><a href=\"https:\/\/www.internacionalcoach.org\/\"><img decoding=\"async\" class=\"alignnone wp-image-4581\" src=\"http:\/\/blogs.uned.es\/emprende\/wp-content\/uploads\/sites\/103\/2018\/11\/\u00edndice-1.png\" alt=\"\" width=\"63\" height=\"63\" srcset=\"https:\/\/blogs.uned.es\/emprende\/wp-content\/uploads\/sites\/103\/2018\/11\/\u00edndice-1.png 225w, https:\/\/blogs.uned.es\/emprende\/wp-content\/uploads\/sites\/103\/2018\/11\/\u00edndice-1-150x150.png 150w\" sizes=\"(max-width: 63px) 100vw, 63px\" \/><\/a>\u00a0\u00a0\u00a0<a href=\"https:\/\/cvpsi.com\/equipo\/\"><img decoding=\"async\" class=\"alignnone wp-image-4581\" src=\"http:\/\/blogs.uned.es\/emprende\/wp-content\/uploads\/sites\/103\/2018\/11\/\u00edndice-1.png\" alt=\"\" width=\"63\" height=\"63\" srcset=\"https:\/\/blogs.uned.es\/emprende\/wp-content\/uploads\/sites\/103\/2018\/11\/\u00edndice-1.png 225w, https:\/\/blogs.uned.es\/emprende\/wp-content\/uploads\/sites\/103\/2018\/11\/\u00edndice-1-150x150.png 150w\" sizes=\"(max-width: 63px) 100vw, 63px\" \/><\/a> \u00a0 <a href=\"https:\/\/sway.office.com\/4QJdSaZiS6jUhjFj?ref=Link\"><img decoding=\"async\" class=\"alignnone wp-image-4581\" src=\"http:\/\/blogs.uned.es\/emprende\/wp-content\/uploads\/sites\/103\/2018\/11\/\u00edndice-1.png\" alt=\"\" width=\"63\" height=\"63\" srcset=\"https:\/\/blogs.uned.es\/emprende\/wp-content\/uploads\/sites\/103\/2018\/11\/\u00edndice-1.png 225w, https:\/\/blogs.uned.es\/emprende\/wp-content\/uploads\/sites\/103\/2018\/11\/\u00edndice-1-150x150.png 150w\" sizes=\"(max-width: 63px) 100vw, 63px\" \/><\/a> <a href=\"https:\/\/www.facebook.com\/groups\/2131859630476376\/?ref=group_browse_new\"><img decoding=\"async\" class=\"alignnone wp-image-4583\" src=\"http:\/\/blogs.uned.es\/emprende\/wp-content\/uploads\/sites\/103\/2018\/11\/\u00edndice-2.png\" alt=\"\" width=\"63\" height=\"63\" srcset=\"https:\/\/blogs.uned.es\/emprende\/wp-content\/uploads\/sites\/103\/2018\/11\/\u00edndice-2.png 225w, https:\/\/blogs.uned.es\/emprende\/wp-content\/uploads\/sites\/103\/2018\/11\/\u00edndice-2-150x150.png 150w\" sizes=\"(max-width: 63px) 100vw, 63px\" \/><\/a> \u00a0\u00a0 <a href=\"https:\/\/twitter.com\/j0seanton\"><img loading=\"lazy\" decoding=\"async\" class=\"alignnone wp-image-4579\" src=\"http:\/\/blogs.uned.es\/emprende\/wp-content\/uploads\/sites\/103\/2018\/11\/apps.50484.9007199266244427.4d45042b-d7a5-4a83-be66-97779553b24d.2c71c1ea-c28f-4dd1-b72d-c43cdd3476f4-200x300.png\" alt=\"\" width=\"40\" height=\"60\" \/><\/a> \u00a0\u00a0 <a href=\"http:\/\/linkedin.com\/in\/jose-ant\u00f3n-l\u00f3pez-acevedo-716738a\"><img loading=\"lazy\" decoding=\"async\" class=\"alignnone wp-image-4577\" src=\"http:\/\/blogs.uned.es\/emprende\/wp-content\/uploads\/sites\/103\/2018\/11\/\u00edndice.png\" alt=\"\" width=\"63\" height=\"63\" srcset=\"https:\/\/blogs.uned.es\/emprende\/wp-content\/uploads\/sites\/103\/2018\/11\/\u00edndice.png 225w, https:\/\/blogs.uned.es\/emprende\/wp-content\/uploads\/sites\/103\/2018\/11\/\u00edndice-150x150.png 150w\" sizes=\"(max-width: 63px) 100vw, 63px\" \/><\/a><\/p><hr \/><p><img loading=\"lazy\" decoding=\"async\" class=\" wp-image-4637 alignleft\" src=\"http:\/\/blogs.uned.es\/emprende\/wp-content\/uploads\/sites\/103\/2018\/11\/Ma-200x300.jpg\" alt=\"\" width=\"183\" height=\"275\" srcset=\"https:\/\/blogs.uned.es\/emprende\/wp-content\/uploads\/sites\/103\/2018\/11\/Ma-200x300.jpg 200w, https:\/\/blogs.uned.es\/emprende\/wp-content\/uploads\/sites\/103\/2018\/11\/Ma-768x1152.jpg 768w, https:\/\/blogs.uned.es\/emprende\/wp-content\/uploads\/sites\/103\/2018\/11\/Ma-683x1024.jpg 683w, https:\/\/blogs.uned.es\/emprende\/wp-content\/uploads\/sites\/103\/2018\/11\/Ma-624x936.jpg 624w\" sizes=\"(max-width: 183px) 100vw, 183px\" \/><\/p><p><strong>Miguel \u00c1ngel Mart\u00ednez Bernal &#8211;<br \/><\/strong><\/p><p>Miguel \u00c1ngel cuenta con una amplia trayectoria profesional en Auditoria y Contabilidad, siendo miembro del Instituto de Censores Jurados de Cuenta y auditor con Registro Oficial de Auditores de Cuentas n\u00famero 23692. En la actualidad, es socio de la firma ECIJA y responsable del \u00e1rea de \u201cAccounting Compliance &amp; Reporting\u201d. Adicionalmente, en los \u00faltimos a\u00f1os ha estado involucrado activamente como advisor, business angel y external CFO en diferentes compa\u00f1\u00edas, al tiempo que ha impartido cursos de Contabilidad Financiera en la Universidad Complutense de Madrid y de Auditor\u00eda Financiera en la Universidad Pontificia Comillas (ICADE).<br \/>Antes de su incorporaci\u00f3n a ECIJA, Miguel \u00c1ngel lanz\u00f3 su propia firma de asesoramiento financiero, fiscal y legal, Advisory &amp; Law, S.L., junto con dos socios y compa\u00f1eros de universidad. Durante 10 a\u00f1os Miguel \u00c1ngel contribuy\u00f3 decisivamente a la expansi\u00f3n de la firma hasta finalmente su integraci\u00f3n en la firma ECIJA, que se encuentra entre las 5 mejores firmas de abogados independientes del mercado espa\u00f1ol, seg\u00fan la clasificaci\u00f3n de las mejores firmas de abogados de Espa\u00f1a en el ranking de referencia del mercado Chambers &amp; Partners, y con presencia en Espa\u00f1a, Portugal, EE.UU., Centro y Latinoam\u00e9rica.<\/p><p>Licenciado en Administraci\u00f3n y Direcci\u00f3n de Empresas por CUNEF. M\u00e1ster de especialista en Auditor\u00eda y Contabilidad por la Universidad Alcal\u00e1 de Henares. Cursos especiales de fiscalidad sobre los principales impuestos estatales y auton\u00f3micos por el CEF.<\/p><p><img decoding=\"async\" class=\"alignnone wp-image-4581\" src=\"http:\/\/blogs.uned.es\/emprende\/wp-content\/uploads\/sites\/103\/2018\/11\/\u00edndice-1.png\" alt=\"\" width=\"63\" height=\"63\" srcset=\"https:\/\/blogs.uned.es\/emprende\/wp-content\/uploads\/sites\/103\/2018\/11\/\u00edndice-1.png 225w, https:\/\/blogs.uned.es\/emprende\/wp-content\/uploads\/sites\/103\/2018\/11\/\u00edndice-1-150x150.png 150w\" sizes=\"(max-width: 63px) 100vw, 63px\" \/>\u00a0\u00a0\u00a0 <img decoding=\"async\" class=\"alignnone wp-image-4583\" src=\"http:\/\/blogs.uned.es\/emprende\/wp-content\/uploads\/sites\/103\/2018\/11\/\u00edndice-2.png\" alt=\"\" width=\"63\" height=\"63\" srcset=\"https:\/\/blogs.uned.es\/emprende\/wp-content\/uploads\/sites\/103\/2018\/11\/\u00edndice-2.png 225w, https:\/\/blogs.uned.es\/emprende\/wp-content\/uploads\/sites\/103\/2018\/11\/\u00edndice-2-150x150.png 150w\" sizes=\"(max-width: 63px) 100vw, 63px\" \/> \u00a0\u00a0 <img loading=\"lazy\" decoding=\"async\" class=\"alignnone wp-image-4579\" src=\"http:\/\/blogs.uned.es\/emprende\/wp-content\/uploads\/sites\/103\/2018\/11\/apps.50484.9007199266244427.4d45042b-d7a5-4a83-be66-97779553b24d.2c71c1ea-c28f-4dd1-b72d-c43cdd3476f4-200x300.png\" alt=\"\" width=\"40\" height=\"60\" \/> \u00a0\u00a0 <img loading=\"lazy\" decoding=\"async\" class=\"alignnone wp-image-4577\" src=\"http:\/\/blogs.uned.es\/emprende\/wp-content\/uploads\/sites\/103\/2018\/11\/\u00edndice.png\" alt=\"\" width=\"63\" height=\"63\" srcset=\"https:\/\/blogs.uned.es\/emprende\/wp-content\/uploads\/sites\/103\/2018\/11\/\u00edndice.png 225w, https:\/\/blogs.uned.es\/emprende\/wp-content\/uploads\/sites\/103\/2018\/11\/\u00edndice-150x150.png 150w\" sizes=\"(max-width: 63px) 100vw, 63px\" \/><\/p><hr \/><p><strong>Francisco Javier Mir\u00f3<\/strong><\/p><p><img decoding=\"async\" class=\"alignnone wp-image-4581\" src=\"http:\/\/blogs.uned.es\/emprende\/wp-content\/uploads\/sites\/103\/2018\/11\/\u00edndice-1.png\" alt=\"\" width=\"63\" height=\"63\" srcset=\"https:\/\/blogs.uned.es\/emprende\/wp-content\/uploads\/sites\/103\/2018\/11\/\u00edndice-1.png 225w, https:\/\/blogs.uned.es\/emprende\/wp-content\/uploads\/sites\/103\/2018\/11\/\u00edndice-1-150x150.png 150w\" sizes=\"(max-width: 63px) 100vw, 63px\" \/>\u00a0\u00a0\u00a0 <img decoding=\"async\" class=\"alignnone wp-image-4583\" src=\"http:\/\/blogs.uned.es\/emprende\/wp-content\/uploads\/sites\/103\/2018\/11\/\u00edndice-2.png\" alt=\"\" width=\"63\" height=\"63\" srcset=\"https:\/\/blogs.uned.es\/emprende\/wp-content\/uploads\/sites\/103\/2018\/11\/\u00edndice-2.png 225w, https:\/\/blogs.uned.es\/emprende\/wp-content\/uploads\/sites\/103\/2018\/11\/\u00edndice-2-150x150.png 150w\" sizes=\"(max-width: 63px) 100vw, 63px\" \/> \u00a0\u00a0 <img loading=\"lazy\" decoding=\"async\" class=\"alignnone wp-image-4579\" src=\"http:\/\/blogs.uned.es\/emprende\/wp-content\/uploads\/sites\/103\/2018\/11\/apps.50484.9007199266244427.4d45042b-d7a5-4a83-be66-97779553b24d.2c71c1ea-c28f-4dd1-b72d-c43cdd3476f4-200x300.png\" alt=\"\" width=\"40\" height=\"60\" \/> \u00a0\u00a0 <img loading=\"lazy\" decoding=\"async\" class=\"alignnone wp-image-4577\" src=\"http:\/\/blogs.uned.es\/emprende\/wp-content\/uploads\/sites\/103\/2018\/11\/\u00edndice.png\" alt=\"\" width=\"63\" height=\"63\" srcset=\"https:\/\/blogs.uned.es\/emprende\/wp-content\/uploads\/sites\/103\/2018\/11\/\u00edndice.png 225w, https:\/\/blogs.uned.es\/emprende\/wp-content\/uploads\/sites\/103\/2018\/11\/\u00edndice-150x150.png 150w\" sizes=\"(max-width: 63px) 100vw, 63px\" \/><\/p><hr \/><p><strong><img loading=\"lazy\" decoding=\"async\" class=\" wp-image-5207 alignleft\" src=\"http:\/\/blogs.uned.es\/emprende\/wp-content\/uploads\/sites\/103\/2019\/02\/italo-259x300.png\" alt=\"\" width=\"170\" height=\"197\" srcset=\"https:\/\/blogs.uned.es\/emprende\/wp-content\/uploads\/sites\/103\/2019\/02\/italo-259x300.png 259w, https:\/\/blogs.uned.es\/emprende\/wp-content\/uploads\/sites\/103\/2019\/02\/italo.png 294w\" sizes=\"(max-width: 170px) 100vw, 170px\" \/><\/strong><\/p><p><strong>Italo Molinari<\/strong> &#8211; Ing. Civil , ha desarrollado toda su actividad profesional en la divisi\u00f3n de Ingenier\u00eda de la multinacional Petrolera Italiana ENI en Espa\u00f1a, Latinoam\u00e9rica y Oriente Medio. Desde 2001 es socio de SECOT y trabaja en asesoramiento empresarial.<\/p><p><img decoding=\"async\" class=\"alignnone wp-image-4581\" src=\"http:\/\/blogs.uned.es\/emprende\/wp-content\/uploads\/sites\/103\/2018\/11\/\u00edndice-1.png\" alt=\"\" width=\"63\" height=\"63\" srcset=\"https:\/\/blogs.uned.es\/emprende\/wp-content\/uploads\/sites\/103\/2018\/11\/\u00edndice-1.png 225w, https:\/\/blogs.uned.es\/emprende\/wp-content\/uploads\/sites\/103\/2018\/11\/\u00edndice-1-150x150.png 150w\" sizes=\"(max-width: 63px) 100vw, 63px\" \/>\u00a0\u00a0\u00a0 <img decoding=\"async\" class=\"alignnone wp-image-4583\" src=\"http:\/\/blogs.uned.es\/emprende\/wp-content\/uploads\/sites\/103\/2018\/11\/\u00edndice-2.png\" alt=\"\" width=\"63\" height=\"63\" srcset=\"https:\/\/blogs.uned.es\/emprende\/wp-content\/uploads\/sites\/103\/2018\/11\/\u00edndice-2.png 225w, https:\/\/blogs.uned.es\/emprende\/wp-content\/uploads\/sites\/103\/2018\/11\/\u00edndice-2-150x150.png 150w\" sizes=\"(max-width: 63px) 100vw, 63px\" \/> \u00a0\u00a0 <img loading=\"lazy\" decoding=\"async\" class=\"alignnone wp-image-4579\" src=\"http:\/\/blogs.uned.es\/emprende\/wp-content\/uploads\/sites\/103\/2018\/11\/apps.50484.9007199266244427.4d45042b-d7a5-4a83-be66-97779553b24d.2c71c1ea-c28f-4dd1-b72d-c43cdd3476f4-200x300.png\" alt=\"\" width=\"40\" height=\"60\" \/> \u00a0\u00a0 <a href=\"https:\/\/www.linkedin.com\/in\/italo-molinari-7947931a\/?trk=public-profile-join-page\"><img loading=\"lazy\" decoding=\"async\" class=\"alignnone wp-image-4577\" src=\"http:\/\/blogs.uned.es\/emprende\/wp-content\/uploads\/sites\/103\/2018\/11\/\u00edndice.png\" alt=\"\" width=\"63\" height=\"63\" srcset=\"https:\/\/blogs.uned.es\/emprende\/wp-content\/uploads\/sites\/103\/2018\/11\/\u00edndice.png 225w, https:\/\/blogs.uned.es\/emprende\/wp-content\/uploads\/sites\/103\/2018\/11\/\u00edndice-150x150.png 150w\" sizes=\"(max-width: 63px) 100vw, 63px\" \/><\/a><\/p><hr \/><p><strong><img loading=\"lazy\" decoding=\"async\" class=\" wp-image-5203 alignleft\" src=\"http:\/\/blogs.uned.es\/emprende\/wp-content\/uploads\/sites\/103\/2019\/02\/jesus-300x288.jpg\" alt=\"\" width=\"227\" height=\"218\" srcset=\"https:\/\/blogs.uned.es\/emprende\/wp-content\/uploads\/sites\/103\/2019\/02\/jesus-300x288.jpg 300w, https:\/\/blogs.uned.es\/emprende\/wp-content\/uploads\/sites\/103\/2019\/02\/jesus-768x737.jpg 768w, https:\/\/blogs.uned.es\/emprende\/wp-content\/uploads\/sites\/103\/2019\/02\/jesus-1024x983.jpg 1024w, https:\/\/blogs.uned.es\/emprende\/wp-content\/uploads\/sites\/103\/2019\/02\/jesus-624x599.jpg 624w, https:\/\/blogs.uned.es\/emprende\/wp-content\/uploads\/sites\/103\/2019\/02\/jesus.jpg 1241w\" sizes=\"(max-width: 227px) 100vw, 227px\" \/>Jes\u00fas Rojo Palacios<\/strong> &#8211; Es licenciado en Ciencias Econ\u00f3micas y Empresariales, Auditor por el ROA,<br \/>Master MBA (IESE). Ha desarrollado toda su carrera profesional en el Grupo<br \/>BASF en Espa\u00f1a como responsable de Finanzas, Seguros, Impuestos, Control<br \/>Interno, Reporting y Planificaci\u00f3n. Estuvo 2 a\u00f1os en la central del grupo en<br \/>Alemania. Se prejubil\u00f3 en 2009. En SECOT desde ese mismo a\u00f1o como Senior.<\/p><p><img decoding=\"async\" class=\"alignnone wp-image-4581\" src=\"http:\/\/blogs.uned.es\/emprende\/wp-content\/uploads\/sites\/103\/2018\/11\/\u00edndice-1.png\" alt=\"\" width=\"63\" height=\"63\" srcset=\"https:\/\/blogs.uned.es\/emprende\/wp-content\/uploads\/sites\/103\/2018\/11\/\u00edndice-1.png 225w, https:\/\/blogs.uned.es\/emprende\/wp-content\/uploads\/sites\/103\/2018\/11\/\u00edndice-1-150x150.png 150w\" sizes=\"(max-width: 63px) 100vw, 63px\" \/>\u00a0\u00a0\u00a0 <img decoding=\"async\" class=\"alignnone wp-image-4583\" src=\"http:\/\/blogs.uned.es\/emprende\/wp-content\/uploads\/sites\/103\/2018\/11\/\u00edndice-2.png\" alt=\"\" width=\"63\" height=\"63\" srcset=\"https:\/\/blogs.uned.es\/emprende\/wp-content\/uploads\/sites\/103\/2018\/11\/\u00edndice-2.png 225w, https:\/\/blogs.uned.es\/emprende\/wp-content\/uploads\/sites\/103\/2018\/11\/\u00edndice-2-150x150.png 150w\" sizes=\"(max-width: 63px) 100vw, 63px\" \/> \u00a0\u00a0 <img loading=\"lazy\" decoding=\"async\" class=\"alignnone wp-image-4579\" src=\"http:\/\/blogs.uned.es\/emprende\/wp-content\/uploads\/sites\/103\/2018\/11\/apps.50484.9007199266244427.4d45042b-d7a5-4a83-be66-97779553b24d.2c71c1ea-c28f-4dd1-b72d-c43cdd3476f4-200x300.png\" alt=\"\" width=\"40\" height=\"60\" \/> \u00a0\u00a0 <img loading=\"lazy\" decoding=\"async\" class=\"alignnone wp-image-4577\" src=\"http:\/\/blogs.uned.es\/emprende\/wp-content\/uploads\/sites\/103\/2018\/11\/\u00edndice.png\" alt=\"\" width=\"63\" height=\"63\" srcset=\"https:\/\/blogs.uned.es\/emprende\/wp-content\/uploads\/sites\/103\/2018\/11\/\u00edndice.png 225w, https:\/\/blogs.uned.es\/emprende\/wp-content\/uploads\/sites\/103\/2018\/11\/\u00edndice-150x150.png 150w\" sizes=\"(max-width: 63px) 100vw, 63px\" \/><\/p><hr \/><p><strong><img loading=\"lazy\" decoding=\"async\" class=\"size-full wp-image-5205 alignleft\" src=\"http:\/\/blogs.uned.es\/emprende\/wp-content\/uploads\/sites\/103\/2019\/02\/0.jpg\" alt=\"\" width=\"200\" height=\"200\" srcset=\"https:\/\/blogs.uned.es\/emprende\/wp-content\/uploads\/sites\/103\/2019\/02\/0.jpg 200w, https:\/\/blogs.uned.es\/emprende\/wp-content\/uploads\/sites\/103\/2019\/02\/0-150x150.jpg 150w\" sizes=\"(max-width: 200px) 100vw, 200px\" \/><\/strong><\/p><p><strong>Enrique S\u00e1nchez Chinch\u00f3n<\/strong> &#8211; LICENCIADO en Ciencias Econ\u00f3mica por la Universidad Complutense.\u00a0 <span class=\"lt-line-clamp__line lt-line-clamp__line--last\">Experiencia profesional en el campo de las pymes dentro de las areas econ\u00f3mica, financiera y fiscal. <\/span>Socio de SECOT desde Febrero de 2009 actuando como: asesor\u00a0 financiero a emprendedores para montar su negocio, mentor en\u00a0 programas de emprendimiento. Miembro del equipo de valoraci\u00f3n de empresas en el programa de Relevo Empresarial de la C\u00e1mara de Comercio de Madrid. En Banca de 1980 a 2007 en BBVA, Argentaria, Exterior y Banco de Cr\u00e9dito Industrial con responsabilidad en las \u00e1reas de Banca Comercial, Empresas-Pymes, Riesgos, Recuperaciones y Asesor\u00eda Jur\u00eddica.<\/p><p><img decoding=\"async\" class=\"alignnone wp-image-4581\" src=\"http:\/\/blogs.uned.es\/emprende\/wp-content\/uploads\/sites\/103\/2018\/11\/\u00edndice-1.png\" alt=\"\" width=\"63\" height=\"63\" srcset=\"https:\/\/blogs.uned.es\/emprende\/wp-content\/uploads\/sites\/103\/2018\/11\/\u00edndice-1.png 225w, https:\/\/blogs.uned.es\/emprende\/wp-content\/uploads\/sites\/103\/2018\/11\/\u00edndice-1-150x150.png 150w\" sizes=\"(max-width: 63px) 100vw, 63px\" \/>\u00a0\u00a0\u00a0 <img decoding=\"async\" class=\"alignnone wp-image-4583\" src=\"http:\/\/blogs.uned.es\/emprende\/wp-content\/uploads\/sites\/103\/2018\/11\/\u00edndice-2.png\" alt=\"\" width=\"63\" height=\"63\" srcset=\"https:\/\/blogs.uned.es\/emprende\/wp-content\/uploads\/sites\/103\/2018\/11\/\u00edndice-2.png 225w, https:\/\/blogs.uned.es\/emprende\/wp-content\/uploads\/sites\/103\/2018\/11\/\u00edndice-2-150x150.png 150w\" sizes=\"(max-width: 63px) 100vw, 63px\" \/> \u00a0\u00a0 <img loading=\"lazy\" decoding=\"async\" class=\"alignnone wp-image-4579\" src=\"http:\/\/blogs.uned.es\/emprende\/wp-content\/uploads\/sites\/103\/2018\/11\/apps.50484.9007199266244427.4d45042b-d7a5-4a83-be66-97779553b24d.2c71c1ea-c28f-4dd1-b72d-c43cdd3476f4-200x300.png\" alt=\"\" width=\"40\" height=\"60\" \/> \u00a0\u00a0 <img loading=\"lazy\" decoding=\"async\" class=\"alignnone wp-image-4577\" src=\"http:\/\/blogs.uned.es\/emprende\/wp-content\/uploads\/sites\/103\/2018\/11\/\u00edndice.png\" alt=\"\" width=\"63\" height=\"63\" srcset=\"https:\/\/blogs.uned.es\/emprende\/wp-content\/uploads\/sites\/103\/2018\/11\/\u00edndice.png 225w, https:\/\/blogs.uned.es\/emprende\/wp-content\/uploads\/sites\/103\/2018\/11\/\u00edndice-150x150.png 150w\" sizes=\"(max-width: 63px) 100vw, 63px\" \/><\/p><hr \/><p><img loading=\"lazy\" decoding=\"async\" class=\"wp-image-7941 alignleft\" src=\"http:\/\/blogs.uned.es\/emprende\/wp-content\/uploads\/sites\/103\/2020\/03\/Foto-Sixto-Jansa-150x150.jpg\" alt=\"\" width=\"185\" height=\"184\" \/><\/p><p><strong>Sixto Jansa Anad\u00f3n<\/strong><\/p><p>Dirige la Oficina de Transferencia de Tecnolog\u00eda de la UNED (OTRI) donde coordina proyectos de innovaci\u00f3n entre cient\u00edficos y empresas y apoya la creaci\u00f3n de Spin-Off. Es miembro del Consejo Cient\u00edfico Asesor de la Fundaci\u00f3n Gadea Ciencia. Diplomado en Direcci\u00f3n de Empresas por ESADE, Licenciado en Sociolog\u00eda por la Universidad Complutense y Diplomado en Estudios Avanzados por la UNED. Ha trabajado como consultor en los sectores industrial, financiero y de servicios, tanto en Espa\u00f1a como en Iberoam\u00e9rica.<\/p><p><a href=\"https:\/\/es.linkedin.com\/in\/sixto-jansa-anad%C3%B3n-91197743\"><img loading=\"lazy\" decoding=\"async\" class=\"alignnone wp-image-4577\" src=\"http:\/\/blogs.uned.es\/emprende\/wp-content\/uploads\/sites\/103\/2018\/11\/\u00edndice.png\" alt=\"\" width=\"63\" height=\"63\" srcset=\"https:\/\/blogs.uned.es\/emprende\/wp-content\/uploads\/sites\/103\/2018\/11\/\u00edndice.png 225w, https:\/\/blogs.uned.es\/emprende\/wp-content\/uploads\/sites\/103\/2018\/11\/\u00edndice-150x150.png 150w\" sizes=\"(max-width: 63px) 100vw, 63px\" \/><\/a><\/p><hr \/><p><strong><img loading=\"lazy\" decoding=\"async\" class=\"alignleft wp-image-5441\" src=\"http:\/\/blogs.uned.es\/emprende\/wp-content\/uploads\/sites\/103\/2019\/03\/Oliver-S.jpg\" alt=\"\" width=\"165\" height=\"186\" \/>Oliver von Schiller<\/strong><\/p><p>Actualmente es Socio Advisory de ECIJA y anteriormente Socio Director de la firma AD&amp;LAW, de la que fue, adem\u00e1s, fundador.<\/p><p>Experto evaluador de proyectos para la Comisi\u00f3n Europea tanto en el S\u00e9ptimo Programa Marco como en Horizonte 2020.<\/p><p>Anteriormente ejerci\u00f3 de director de desarrollo de negocio de una empresa biotecnol\u00f3gica y de director general de una empresa de nanotecnolog\u00eda, liderando todo el proceso de expansi\u00f3n del negocio a nivel internacional y de colaboraci\u00f3n con otras empresas e instituciones tanto europeas como americanas y asi\u00e1ticas. Inici\u00f3 su carrera profesional en instituciones p\u00fablicas como el ICEX y el Banco de Espa\u00f1a.<\/p><p>Adem\u00e1s de su licenciatura en CUNEF y la University of Wisconsin, es M\u00e1ster en Mercados Financieros Internacionales por la UNED, y ha cursado diversos programas para directivos como Startup Lawyers en IE, Gesti\u00f3n de Proyectos en IESE, Gesti\u00f3n de Empresas Biotecnol\u00f3gicas en Genoma Espa\u00f1a o Auditor\u00eda Laboral en el CEF.<\/p><p>Ha llevado a cabo sesiones de formaci\u00f3n y divulgativas para emprendedores y empresas en escuelas de negocio como EOI, UNED, CUNEF, URJC, The Valley, ALITER,&#8230;, aparte de en otro tipo de instituciones como EXPLORER, DEMIUM STARTUPS, CDTI, INFO,\u2026<\/p><p><a href=\"https:\/\/www.linkedin.com\/in\/oliverschiller\/\"><img loading=\"lazy\" decoding=\"async\" class=\"alignnone wp-image-4577\" src=\"http:\/\/blogs.uned.es\/emprende\/wp-content\/uploads\/sites\/103\/2018\/11\/\u00edndice.png\" alt=\"\" width=\"43\" height=\"43\" srcset=\"https:\/\/blogs.uned.es\/emprende\/wp-content\/uploads\/sites\/103\/2018\/11\/\u00edndice.png 225w, https:\/\/blogs.uned.es\/emprende\/wp-content\/uploads\/sites\/103\/2018\/11\/\u00edndice-150x150.png 150w\" sizes=\"(max-width: 43px) 100vw, 43px\" \/><\/a>\u00a0\u00a0\u00a0\u00a0\u00a0<a href=\"https:\/\/www.facebook.com\/AdAndLaw\/\"><img loading=\"lazy\" decoding=\"async\" class=\"alignnone wp-image-4583\" src=\"http:\/\/blogs.uned.es\/emprende\/wp-content\/uploads\/sites\/103\/2018\/11\/\u00edndice-2.png\" alt=\"\" width=\"41\" height=\"41\" srcset=\"https:\/\/blogs.uned.es\/emprende\/wp-content\/uploads\/sites\/103\/2018\/11\/\u00edndice-2.png 225w, https:\/\/blogs.uned.es\/emprende\/wp-content\/uploads\/sites\/103\/2018\/11\/\u00edndice-2-150x150.png 150w\" sizes=\"(max-width: 41px) 100vw, 41px\" \/><\/a>\u00a0 \u00a0 \u00a0<a href=\"http:\/\/www.adandlaw.com\/\"><img loading=\"lazy\" decoding=\"async\" class=\"alignnone wp-image-4581\" src=\"http:\/\/blogs.uned.es\/emprende\/wp-content\/uploads\/sites\/103\/2018\/11\/\u00edndice-1.png\" alt=\"\" width=\"40\" height=\"40\" srcset=\"https:\/\/blogs.uned.es\/emprende\/wp-content\/uploads\/sites\/103\/2018\/11\/\u00edndice-1.png 225w, https:\/\/blogs.uned.es\/emprende\/wp-content\/uploads\/sites\/103\/2018\/11\/\u00edndice-1-150x150.png 150w\" sizes=\"(max-width: 40px) 100vw, 40px\" \/><\/a><\/p><hr \/><p><strong><img loading=\"lazy\" decoding=\"async\" class=\"alignleft wp-image-7957\" src=\"http:\/\/blogs.uned.es\/emprende\/wp-content\/uploads\/sites\/103\/2020\/03\/Patricia-Casado-Foto.jpg\" alt=\"\" width=\"159\" height=\"239\" srcset=\"https:\/\/blogs.uned.es\/emprende\/wp-content\/uploads\/sites\/103\/2020\/03\/Patricia-Casado-Foto.jpg 1890w, https:\/\/blogs.uned.es\/emprende\/wp-content\/uploads\/sites\/103\/2020\/03\/Patricia-Casado-Foto-200x300.jpg 200w, https:\/\/blogs.uned.es\/emprende\/wp-content\/uploads\/sites\/103\/2020\/03\/Patricia-Casado-Foto-768x1152.jpg 768w, https:\/\/blogs.uned.es\/emprende\/wp-content\/uploads\/sites\/103\/2020\/03\/Patricia-Casado-Foto-683x1024.jpg 683w, https:\/\/blogs.uned.es\/emprende\/wp-content\/uploads\/sites\/103\/2020\/03\/Patricia-Casado-Foto-624x936.jpg 624w\" sizes=\"(max-width: 159px) 100vw, 159px\" \/> <img loading=\"lazy\" decoding=\"async\" class=\"alignleft wp-image-7959\" src=\"http:\/\/blogs.uned.es\/emprende\/wp-content\/uploads\/sites\/103\/2020\/03\/BerriUp-250-x-124.png\" alt=\"\" width=\"123\" height=\"61\" \/>Patricia Casado<\/strong><\/p><p>Patricia Casado dirige BerriUp, la primera aceleradora privada creada en 2015 en el Pa\u00eds Vasco, a\u00a0la que se incorpor\u00f3 como miembro de la red de mentores en 2018 y como directora en Septiembre de\u00a02019. Cuenta con m\u00e1s de 20 a\u00f1os de experiencia en desarrollo de negocio, y en emprendimiento\u00a0corporativo y transformaci\u00f3n digital. Pertenece a la Junta Directiva de Ejecon (Asociaci\u00f3n de Ejecutivas y Consejeras). Fue seleccionada en 2017 para el Programa Ejecutivo Promociona del Ministerio de Igualdad para Mujeres en Alta Direcci\u00f3n que imparte ESADE.<br \/>En su trayectoria, ha codise\u00f1ado y liderado numerosos programas y acciones de emprendimiento\u00a0corporativo y de innovaci\u00f3n abierta; por ejemplo, ha codise\u00f1ado y puesto en marcha, liderando un equipo del cliente (Calidad Pascual), los Premios Pascual Startup en sus tres primeras ediciones.<br \/>Junto a ENAG\u00c1S, ha desarrollado la primera ronda de crowdfunding corporativo. En<br \/>intraemprendimiento, tambi\u00e9n ha trabajado junto a Indra, Leg\u00e1litas, Repsol, entre otras. Est\u00e1 muy comprometida con la formaci\u00f3n y profesionalizaci\u00f3n del inversor privado, lanz\u00f3 junto a Deusto Business School la Escuela de Business Angels.<br \/>Anteriormente, lider\u00f3 un equipo de cuentas institucionales en Telef\u00f3nica durante cuatro a\u00f1os y<br \/>llev\u00f3 \u00e1reas de negocio digital en Telef\u00f3nica, Vocento, o Bodaclick, entre otros. Nacida en San<br \/>Sebasti\u00e1n, residi\u00f3 20 a\u00f1os en Madrid.<br \/><a href=\"https:\/\/www.linkedin.com\/in\/patriciacasadofdezdecarranza\/\"><img loading=\"lazy\" decoding=\"async\" class=\"alignnone wp-image-4577\" src=\"http:\/\/blogs.uned.es\/emprende\/wp-content\/uploads\/sites\/103\/2018\/11\/\u00edndice.png\" alt=\"\" width=\"43\" height=\"43\" srcset=\"https:\/\/blogs.uned.es\/emprende\/wp-content\/uploads\/sites\/103\/2018\/11\/\u00edndice.png 225w, https:\/\/blogs.uned.es\/emprende\/wp-content\/uploads\/sites\/103\/2018\/11\/\u00edndice-150x150.png 150w\" sizes=\"(max-width: 43px) 100vw, 43px\" \/><\/a><\/p><hr \/><p><strong><img loading=\"lazy\" decoding=\"async\" class=\"alignleft wp-image-7965\" src=\"http:\/\/blogs.uned.es\/emprende\/wp-content\/uploads\/sites\/103\/2020\/03\/foto-V\u00edctor-mediocuerpo.jpg\" alt=\"\" width=\"201\" height=\"201\" srcset=\"https:\/\/blogs.uned.es\/emprende\/wp-content\/uploads\/sites\/103\/2020\/03\/foto-V\u00edctor-mediocuerpo.jpg 200w, https:\/\/blogs.uned.es\/emprende\/wp-content\/uploads\/sites\/103\/2020\/03\/foto-V\u00edctor-mediocuerpo-150x150.jpg 150w\" sizes=\"(max-width: 201px) 100vw, 201px\" \/>V\u00edctor D\u00edez<\/strong><\/p><p>Profesional del Empleo y el emprendimiento en el sector de ONGS y empresas. Facilitador de tejido social y de creaci\u00f3n de iniciativas y espacios de coworking<\/p><p>Desde joven ha participado en el movimiento asociativo y\u00a0en proyectos de impacto social. Formado como Diplomado en relaciones Laborales y Licenciado en Ciencias del Trabajo, se especializ\u00f3\u00a0en 2003 como T\u00e9cnico\u00a0de Empleo, desarrollando su trayectoria en la Orientaci\u00f3n Sociolaboral\u00a0en el \u00e1mbito asociativo con diferentes colectivos y en paralelo como formador de m\u00faltiples tem\u00e1ticas. En contacto con el mundo Universitario a trav\u00e9s de la UNED con el Programa de Emprendimiento y Creaci\u00f3n de empresas, y colaboraciones con profesores de la Universidad Carlos III y Complutemnse\u00a0de Madrid en las tem\u00e1ticas de empleo, inserci\u00f3n Sociolaboral\u00a0y emprendimiento, materia en la que se especializa en 2015 con el\u00a0Programa Ejecutivo de Dir. Aceleradoras, Incubadoras y Centros de Desarrollo Emprendedor e Innovaci\u00f3n.<\/p><p>En la actualidad, miembro\u00a0de la Junta Directiva de Asociaci\u00f3n Eslab\u00f3n desde 2010 y responsable\u00a0del espacio EslabON\u00a0Coworking\u00a0desde 2016.<\/p><p><a href=\"https:\/\/es.linkedin.com\/in\/victordiezgarcia\"><img loading=\"lazy\" decoding=\"async\" class=\"alignnone wp-image-4577\" src=\"http:\/\/blogs.uned.es\/emprende\/wp-content\/uploads\/sites\/103\/2018\/11\/\u00edndice.png\" alt=\"\" width=\"43\" height=\"43\" srcset=\"https:\/\/blogs.uned.es\/emprende\/wp-content\/uploads\/sites\/103\/2018\/11\/\u00edndice.png 225w, https:\/\/blogs.uned.es\/emprende\/wp-content\/uploads\/sites\/103\/2018\/11\/\u00edndice-150x150.png 150w\" sizes=\"(max-width: 43px) 100vw, 43px\" \/><\/a><\/p><hr \/><p><img loading=\"lazy\" decoding=\"async\" class=\"alignleft wp-image-8233\" src=\"http:\/\/blogs.uned.es\/emprende\/wp-content\/uploads\/sites\/103\/2020\/06\/Sara-Martos.jpg\" alt=\"\" width=\"201\" height=\"201\" srcset=\"https:\/\/blogs.uned.es\/emprende\/wp-content\/uploads\/sites\/103\/2020\/06\/Sara-Martos.jpg 651w, https:\/\/blogs.uned.es\/emprende\/wp-content\/uploads\/sites\/103\/2020\/06\/Sara-Martos-150x150.jpg 150w, https:\/\/blogs.uned.es\/emprende\/wp-content\/uploads\/sites\/103\/2020\/06\/Sara-Martos-300x300.jpg 300w, https:\/\/blogs.uned.es\/emprende\/wp-content\/uploads\/sites\/103\/2020\/06\/Sara-Martos-624x624.jpg 624w\" sizes=\"(max-width: 201px) 100vw, 201px\" \/><strong>Sara Martos<\/strong><\/p><p>Emprendedora, Consultora de RRHH, y Coach Profesional (ICE Coaching).<\/p><p>Con estudios de Relaciones laborales y M\u00e1ster de especializaci\u00f3n y Gesti\u00f3n de RRHH.<\/p><p>Facilitadora de metodolog\u00edas de gamificaci\u00f3n como LEGO\u00ae SERIOUS PLAY \u00ae Method y Points of you. Formadora en desarrollo de competencias y estrategias de gesti\u00f3n del talento. Especialista en gesti\u00f3n del cambio y consultora de Comportamiento Humano (Metodolog\u00eda DISC).<\/p><p><a href=\"https:\/\/www.linkedin.com\/in\/saramartos72\/\"><img loading=\"lazy\" decoding=\"async\" class=\"alignnone wp-image-4577\" src=\"http:\/\/blogs.uned.es\/emprende\/wp-content\/uploads\/sites\/103\/2018\/11\/\u00edndice.png\" alt=\"\" width=\"43\" height=\"43\" srcset=\"https:\/\/blogs.uned.es\/emprende\/wp-content\/uploads\/sites\/103\/2018\/11\/\u00edndice.png 225w, https:\/\/blogs.uned.es\/emprende\/wp-content\/uploads\/sites\/103\/2018\/11\/\u00edndice-150x150.png 150w\" sizes=\"(max-width: 43px) 100vw, 43px\" \/><\/a><\/p><hr \/>\t\t\t\t\t\t\t\t<\/div>\n\t\t\t\t<\/div>\n\t\t\t\t\t<\/div>\n\t\t<\/div>\n\t\t\t\t\t<\/div>\n\t\t<\/section>\n\t\t\t\t<\/div>\n\t\t","protected":false},"excerpt":{"rendered":"<p>Jos\u00e9 Luis Barroso Ortega &#8211; Tiene estudios de Ciencias Econ\u00f3micas en la UAM, Master en IESE. La mayor parte de su vida laborar -30 a\u00f1os- se desarroll\u00f3 en BBVA donde <a class=\"more-link\" href=\"https:\/\/blogs.uned.es\/emprende\/nuestros-mentores\/\">Seguir leyendo &rarr;<\/a><\/p>\n","protected":false},"author":255,"featured_media":0,"parent":0,"menu_order":0,"comment_status":"closed","ping_status":"closed","template":"","meta":{"_bbp_topic_count":0,"_bbp_reply_count":0,"_bbp_total_topic_count":0,"_bbp_total_reply_count":0,"_bbp_voice_count":0,"_bbp_anonymous_reply_count":0,"_bbp_topic_count_hidden":0,"_bbp_reply_count_hidden":0,"_bbp_forum_subforum_count":0,"footnotes":""},"class_list":["post-4559","page","type-page","status-publish","hentry"],"post_mailing_queue_ids":[],"_links":{"self":[{"href":"https:\/\/blogs.uned.es\/emprende\/wp-json\/wp\/v2\/pages\/4559","targetHints":{"allow":["GET"]}}],"collection":[{"href":"https:\/\/blogs.uned.es\/emprende\/wp-json\/wp\/v2\/pages"}],"about":[{"href":"https:\/\/blogs.uned.es\/emprende\/wp-json\/wp\/v2\/types\/page"}],"author":[{"embeddable":true,"href":"https:\/\/blogs.uned.es\/emprende\/wp-json\/wp\/v2\/users\/255"}],"replies":[{"embeddable":true,"href":"https:\/\/blogs.uned.es\/emprende\/wp-json\/wp\/v2\/comments?post=4559"}],"version-history":[{"count":29,"href":"https:\/\/blogs.uned.es\/emprende\/wp-json\/wp\/v2\/pages\/4559\/revisions"}],"predecessor-version":[{"id":9417,"href":"https:\/\/blogs.uned.es\/emprende\/wp-json\/wp\/v2\/pages\/4559\/revisions\/9417"}],"wp:attachment":[{"href":"https:\/\/blogs.uned.es\/emprende\/wp-json\/wp\/v2\/media?parent=4559"}],"curies":[{"name":"wp","href":"https:\/\/api.w.org\/{rel}","templated":true}]}}