{"id":875,"date":"2022-10-14T22:23:07","date_gmt":"2022-10-14T20:23:07","guid":{"rendered":"https:\/\/blogs.uned.es\/derechoyconstitucion\/?page_id=875"},"modified":"2026-04-22T08:38:27","modified_gmt":"2026-04-22T06:38:27","slug":"recursos-audiovisuales","status":"publish","type":"page","link":"https:\/\/blogs.uned.es\/derechoyconstitucion\/recursos-audiovisuales\/","title":{"rendered":"Recursos audiovisuales"},"content":{"rendered":"\t\t<div data-elementor-type=\"wp-page\" data-elementor-id=\"875\" class=\"elementor elementor-875\">\n\t\t\t\t\t\t<section class=\"elementor-section elementor-top-section elementor-element elementor-element-c12c85c elementor-section-boxed elementor-section-height-default elementor-section-height-default\" data-id=\"c12c85c\" data-element_type=\"section\" data-e-type=\"section\">\n\t\t\t\t\t\t<div class=\"elementor-container elementor-column-gap-default\">\n\t\t\t\t\t<div class=\"elementor-column elementor-col-100 elementor-top-column elementor-element elementor-element-0548b1a\" data-id=\"0548b1a\" data-element_type=\"column\" data-e-type=\"column\">\n\t\t\t<div class=\"elementor-widget-wrap elementor-element-populated\">\n\t\t\t\t\t\t<div class=\"elementor-element elementor-element-0bc06c7 elementor-widget elementor-widget-text-editor\" data-id=\"0bc06c7\" data-element_type=\"widget\" data-e-type=\"widget\" data-widget_type=\"text-editor.default\">\n\t\t\t\t<div class=\"elementor-widget-container\">\n\t\t\t\t\t\t\t\t\t<h1 style=\"text-align: center\">Recursos audiovisuales<\/h1>\t\t\t\t\t\t\t\t<\/div>\n\t\t\t\t<\/div>\n\t\t\t\t\t<\/div>\n\t\t<\/div>\n\t\t\t\t\t<\/div>\n\t\t<\/section>\n\t\t\t\t<section class=\"elementor-section elementor-top-section elementor-element elementor-element-95e2dcd elementor-section-boxed elementor-section-height-default elementor-section-height-default\" data-id=\"95e2dcd\" data-element_type=\"section\" data-e-type=\"section\">\n\t\t\t\t\t\t<div class=\"elementor-container elementor-column-gap-default\">\n\t\t\t\t\t<div class=\"elementor-column elementor-col-33 elementor-top-column elementor-element elementor-element-4336817\" data-id=\"4336817\" data-element_type=\"column\" data-e-type=\"column\">\n\t\t\t<div class=\"elementor-widget-wrap elementor-element-populated\">\n\t\t\t\t\t\t<div class=\"elementor-element elementor-element-ea13227 elementor-view-default elementor-position-block-start elementor-mobile-position-block-start elementor-widget elementor-widget-icon-box\" data-id=\"ea13227\" data-element_type=\"widget\" data-e-type=\"widget\" data-widget_type=\"icon-box.default\">\n\t\t\t\t<div class=\"elementor-widget-container\">\n\t\t\t\t\t\t\t<div class=\"elementor-icon-box-wrapper\">\n\n\t\t\t\t\t\t<div class=\"elementor-icon-box-icon\">\n\t\t\t\t<span  class=\"elementor-icon\">\n\t\t\t\t<i aria-hidden=\"true\" class=\"fas fa-video\"><\/i>\t\t\t\t<\/span>\n\t\t\t<\/div>\n\t\t\t\n\t\t\t\t\t\t<div class=\"elementor-icon-box-content\">\n\n\t\t\t\t\t\t\t\t\t<h1 class=\"elementor-icon-box-title\">\n\t\t\t\t\t\t<span  >\n\t\t\t\t\t\t\tV\u00eddeos\t\t\t\t\t\t<\/span>\n\t\t\t\t\t<\/h1>\n\t\t\t\t\n\t\t\t\t\n\t\t\t<\/div>\n\t\t\t\n\t\t<\/div>\n\t\t\t\t\t\t<\/div>\n\t\t\t\t<\/div>\n\t\t\t\t\t<\/div>\n\t\t<\/div>\n\t\t\t\t<div class=\"elementor-column elementor-col-33 elementor-top-column elementor-element elementor-element-7ed629a\" data-id=\"7ed629a\" data-element_type=\"column\" data-e-type=\"column\">\n\t\t\t<div class=\"elementor-widget-wrap elementor-element-populated\">\n\t\t\t\t\t\t<div class=\"elementor-element elementor-element-e486a4e elementor-view-default elementor-position-block-start elementor-mobile-position-block-start elementor-widget elementor-widget-icon-box\" data-id=\"e486a4e\" data-element_type=\"widget\" data-e-type=\"widget\" data-widget_type=\"icon-box.default\">\n\t\t\t\t<div class=\"elementor-widget-container\">\n\t\t\t\t\t\t\t<div class=\"elementor-icon-box-wrapper\">\n\n\t\t\t\t\t\t<div class=\"elementor-icon-box-icon\">\n\t\t\t\t<span  class=\"elementor-icon\">\n\t\t\t\t<i aria-hidden=\"true\" class=\"fas fa-paint-brush\"><\/i>\t\t\t\t<\/span>\n\t\t\t<\/div>\n\t\t\t\n\t\t\t\t\t\t<div class=\"elementor-icon-box-content\">\n\n\t\t\t\t\t\t\t\t\t<h1 class=\"elementor-icon-box-title\">\n\t\t\t\t\t\t<span  >\n\t\t\t\t\t\t\tInfograf\u00edas\t\t\t\t\t\t<\/span>\n\t\t\t\t\t<\/h1>\n\t\t\t\t\n\t\t\t\t\n\t\t\t<\/div>\n\t\t\t\n\t\t<\/div>\n\t\t\t\t\t\t<\/div>\n\t\t\t\t<\/div>\n\t\t\t\t\t<\/div>\n\t\t<\/div>\n\t\t\t\t<div class=\"elementor-column elementor-col-33 elementor-top-column elementor-element elementor-element-9a3d780\" data-id=\"9a3d780\" data-element_type=\"column\" data-e-type=\"column\">\n\t\t\t<div class=\"elementor-widget-wrap elementor-element-populated\">\n\t\t\t\t\t\t<div class=\"elementor-element elementor-element-dde2b74 elementor-view-default elementor-position-block-start elementor-mobile-position-block-start elementor-widget elementor-widget-icon-box\" data-id=\"dde2b74\" data-element_type=\"widget\" data-e-type=\"widget\" data-widget_type=\"icon-box.default\">\n\t\t\t\t<div class=\"elementor-widget-container\">\n\t\t\t\t\t\t\t<div class=\"elementor-icon-box-wrapper\">\n\n\t\t\t\t\t\t<div class=\"elementor-icon-box-icon\">\n\t\t\t\t<span  class=\"elementor-icon\">\n\t\t\t\t<i aria-hidden=\"true\" class=\"far fa-newspaper\"><\/i>\t\t\t\t<\/span>\n\t\t\t<\/div>\n\t\t\t\n\t\t\t\t\t\t<div class=\"elementor-icon-box-content\">\n\n\t\t\t\t\t\t\t\t\t<h1 class=\"elementor-icon-box-title\">\n\t\t\t\t\t\t<span  >\n\t\t\t\t\t\t\tTest y textos\t\t\t\t\t\t<\/span>\n\t\t\t\t\t<\/h1>\n\t\t\t\t\n\t\t\t\t\n\t\t\t<\/div>\n\t\t\t\n\t\t<\/div>\n\t\t\t\t\t\t<\/div>\n\t\t\t\t<\/div>\n\t\t\t\t\t<\/div>\n\t\t<\/div>\n\t\t\t\t\t<\/div>\n\t\t<\/section>\n\t\t\t\t<section class=\"elementor-section elementor-top-section elementor-element elementor-element-caaf95e elementor-section-boxed elementor-section-height-default elementor-section-height-default\" data-id=\"caaf95e\" data-element_type=\"section\" data-e-type=\"section\">\n\t\t\t\t\t\t<div class=\"elementor-container elementor-column-gap-default\">\n\t\t\t\t\t<div class=\"elementor-column elementor-col-100 elementor-top-column elementor-element elementor-element-11325cc\" data-id=\"11325cc\" data-element_type=\"column\" data-e-type=\"column\">\n\t\t\t<div class=\"elementor-widget-wrap elementor-element-populated\">\n\t\t\t\t\t\t<div class=\"elementor-element elementor-element-5e9424f elementor-widget elementor-widget-text-editor\" data-id=\"5e9424f\" data-element_type=\"widget\" data-e-type=\"widget\" data-widget_type=\"text-editor.default\">\n\t\t\t\t<div class=\"elementor-widget-container\">\n\t\t\t\t\t\t\t\t\t<h3 style=\"text-align: center\"><strong><span style=\"color: #000000\">ORDENACI\u00d3N TEM\u00c1TICA<\/span><\/strong><\/h3><p><span style=\"color: #ff0000\"><strong>HISTORIA CONSTITUCIONAL<\/strong><\/span><\/p><ul><li><span style=\"color: #000000\"><a href=\"https:\/\/blogs.uned.es\/derechoyconstitucion\/revoluciones-inglesa-americana-y-francesa\/\"><strong>Las revoluciones inglesa, americana y francesa<\/strong><\/a>, <em>por Ana Caparr\u00f3s Gadea.<\/em><\/span><\/li><li><span style=\"color: #000000\"><strong><a href=\"https:\/\/blogs.uned.es\/derechoyconstitucion\/origenes-del-constitucionalismo-y-periodo-isabelino\/\">Los or\u00edgenes del constitucionalismo espa\u00f1ol y el periodo isabelino<\/a><\/strong> <em>por Carlos Vidal Prado<\/em><\/span><\/li><li><span style=\"color: #000000\"><strong><a href=\"https:\/\/blogs.uned.es\/derechoyconstitucion\/sexenio-revolucionario-y-restauracion\/\">El sexenio revolucionario y la restauraci\u00f3n<\/a><\/strong> <em>por Carlos Vidal Prado<\/em><\/span><\/li><li><span style=\"color: #000000\"><strong><a href=\"https:\/\/blogs.uned.es\/derechoyconstitucion\/la-ii-republica-espanola\/\">La II Rep\u00fablica<\/a><\/strong> <em>por Carlos Vidal Prado\u00a0<\/em><\/span><\/li><li><span style=\"color: #000000\"><strong><a href=\"https:\/\/blogs.uned.es\/derechoyconstitucion\/el-inicio-del-proceso-de-transicion\/\">Los inicios de la transici\u00f3n espa\u00f1ola<\/a><\/strong> <em>por Carlos Vidal Prado<\/em><\/span><\/li><li><span style=\"color: #000000\"><a href=\"https:\/\/blogs.uned.es\/derechoyconstitucion\/el-texto-constitucional-en-el-proceso-constituyente-de-la-transicion-espanola\/\"><strong>El texto constitucional en el proceso constituyente<\/strong> de la transici\u00f3n espa\u00f1ola<\/a> <em>por Carlos Vidal Prado.<\/em><\/span><\/li><\/ul><p><span style=\"color: #ff0000\"><b>AUTORES Y CL\u00c1SICOS<\/b><\/span><\/p><ul><li><span style=\"color: #000000\"><strong><a href=\"https:\/\/blogs.uned.es\/derechoyconstitucion\/hermann-heller\/\">Hermann Heller y la cl\u00e1usula del Estado social de Derecho: democracia, derecho y justicia social<\/a> <\/strong><em>por Jorge Alexander Portocarrero Quispe<\/em><\/span><\/li><li><span style=\"color: #000000\"><strong><a href=\"https:\/\/blogs.uned.es\/derechoyconstitucion\/robert-alexy\/\">El constitucionalismo discursivo de Robert Alexy: racionalidad, derechos fundamentales y moral en el Estado constitucional<\/a> <\/strong><em>por Jorge Alexander Portocarrero Quispe<\/em><\/span><\/li><\/ul><p><span style=\"color: #ff0000\"><b>ESTADO, CONSTITUCI\u00d3N Y REFORMA DE LA CONSTITUCI\u00d3N<\/b><\/span><\/p><ul><li><a href=\"https:\/\/blogs.uned.es\/derechoyconstitucion\/poder-constituyente\/\"><strong><span style=\"color: #000000\">Poder constituyente <\/span><\/strong><\/a><em><span style=\"color: #000000\">por Ricardo Esteban Bouzas.<\/span><\/em><\/li><li><strong><span style=\"color: #000000\">La<\/span> <a href=\"https:\/\/blogs.uned.es\/derechoyconstitucion\/reforma-constitucional\/\">reforma constitucional<\/a><\/strong> <em><span style=\"color: #000000\">por Antonia Navas Castillo.<\/span><\/em><\/li><li><b><a href=\"https:\/\/blogs.uned.es\/derechoyconstitucion\/rasgos-del-regimen-constitucional-espanol-el-articulo-1-ce\/\">Rasgos definitorios del r\u00e9gimen constitucional espa\u00f1ol<\/a><\/b><span style=\"color: #000000\"><em> (art. 1 CE) por Carlos Vidal Prado y Javier Sierra Rodr\u00edguez.<\/em><\/span><\/li><\/ul><p><span style=\"color: #ff0000\"><b>ESTADO DE DERECHO, FORMA DE GOBIERNO Y JEFATURA DEL ESTADO<\/b><\/span><\/p><p>Formas de Gobierno y Estado de Derecho<\/p><ul><li><span style=\"color: #000000\"><a href=\"https:\/\/blogs.uned.es\/derechoyconstitucion\/separacion-de-poderes\/\"><strong>Separaci\u00f3n de poderes<\/strong><\/a> <em>por Javier Sierra Rodr\u00edguez.<\/em><\/span><\/li><li><span style=\"color: #000000\"><a style=\"color: #000000\" href=\"https:\/\/blogs.uned.es\/derechoyconstitucion\/sistema-parlamentario\/\"><strong>Forma parlamentaria<\/strong> de gobierno<\/a> <em>por Pedro Tenorio.<\/em><\/span><\/li><li><span style=\"color: #000000\"><a style=\"color: #000000\" href=\"https:\/\/blogs.uned.es\/derechoyconstitucion\/sistema-presidencialista\/\"><strong>Forma presidencialista<\/strong> de gobierno<\/a> <em>por Pedro Tenorio y Javier Sierra-Rodr\u00edguez\u00a0<\/em><\/span><\/li><li><span style=\"color: #000000\"><a href=\"https:\/\/blogs.uned.es\/derechoyconstitucion\/el-termino-de-comparacion-tertium-comparationis\/\"><strong>Tertium comparationis en derecho constitucional comparado<\/strong><\/a>, <em>por Jorge Portocarrero Quispe.<\/em><\/span><\/li><\/ul><p>Jefatura del Estado.<\/p><ul><li><span style=\"color: #000000\"><strong><a style=\"color: #000000\" href=\"https:\/\/blogs.uned.es\/derechoyconstitucion\/formas-de-la-jefatura-del-estado\/\">Formas de la Jefatura del Estado<\/a><\/strong> <em>por Daniel Capodiferro Cubero<\/em><em>\u00a0<\/em><\/span><\/li><li><span style=\"color: #000000\"><strong><a style=\"color: #000000\" href=\"https:\/\/blogs.uned.es\/derechoyconstitucion\/reglas-de-sucesion-de-la-corona\/\">Reglas de sucesi\u00f3n a la Corona espa\u00f1ola <\/a><\/strong><em>por Javier\u00a0<\/em><em>Sierra-Rodr\u00edguez<\/em><\/span><\/li><li><span style=\"color: #000000\"><a style=\"color: #000000\" href=\"https:\/\/blogs.uned.es\/derechoyconstitucion\/actos-debidos-del-rey\/\"><strong>Actos debidos del Rey<\/strong><\/a> <em>por Javier Sierra-Rodr\u00edguez<\/em><\/span><\/li><li><span style=\"color: #000000\"><a style=\"color: #000000\" href=\"https:\/\/blogs.uned.es\/derechoyconstitucion\/inviolabilidad-del-rey\/\"><strong>Inviolabilidad del Rey<\/strong><\/a> <em>por Javier Sierra-Rodr\u00edguez<\/em><\/span><\/li><\/ul><p><span style=\"color: #ff0000\"><b style=\"font-family: var( --e-global-typography-text-font-family ), Sans-serif\">GOBIERNO Y ADMINISTRACI\u00d3N<\/b><\/span><\/p><ul><li><span style=\"color: #000000\"><strong><a style=\"color: #000000\" href=\"https:\/\/blogs.uned.es\/derechoyconstitucion\/composicion-del-gobierno\/\">Composici\u00f3n del Gobierno <\/a><\/strong><em>por Mar\u00eda Salvador.<\/em><\/span><\/li><li><span style=\"color: #000000\"><span style=\"font-weight: bold\"><a style=\"color: #000000\" href=\"https:\/\/blogs.uned.es\/derechoyconstitucion\/el-articulo-101-ce-el-gobierno-en-funciones\/\">El Gobierno en funciones (art. 101 CE)<\/a><\/span>,\u00a0<i>por Fernando Reviriego Pic\u00f3n<\/i><\/span><\/li><li><a style=\"font-family: var( --e-global-typography-text-font-family ), Sans-serif;font-weight: var( --e-global-typography-text-font-weight )\" href=\"https:\/\/blogs.uned.es\/derechoyconstitucion\/decreto-ley-y-decreto-legislativo\/\"><strong>Decreto Ley y Decreto Legislativo<\/strong><\/a> <em style=\"font-family: var( --e-global-typography-text-font-family ), Sans-serif;font-weight: var( --e-global-typography-text-font-weight )\">por Pen\u00e9lope Oliva Boza<\/em><\/li><li><em style=\"font-family: var( --e-global-typography-text-font-family ), Sans-serif;font-weight: var( --e-global-typography-text-font-weight )\">V\u00e9ase tambi\u00e9n el apartado \u00abrelaciones gobierno-parlamento\u00bb.<\/em><\/li><\/ul><p><span style=\"color: #ff0000\"><b style=\"font-family: var( --e-global-typography-text-font-family ), Sans-serif\">PARLAMENTO Y PROCEDIMIENTO LEGISLATIVO<\/b><\/span><\/p><ul><li><span style=\"color: #000000\"><a style=\"color: #000000\" href=\"https:\/\/blogs.uned.es\/derechoyconstitucion\/composicion-del-congreso-de-los-diputados\/\"><strong>Composici\u00f3n del Congreso de los Diputados<\/strong> <\/a><em>por Fernando Reviriego Pic\u00f3n.<\/em><\/span><\/li><li><span style=\"color: #000000\"><a style=\"color: #000000\" href=\"https:\/\/blogs.uned.es\/derechoyconstitucion\/composicion-del-senado\/\"><strong>Composici\u00f3n del Senado espa\u00f1ol<\/strong> <\/a><em>por Fernando Reviriego Pic\u00f3n.<\/em><\/span><\/li><li><span style=\"color: #000000\"><strong><a style=\"color: #000000\" href=\"https:\/\/blogs.uned.es\/derechoyconstitucion\/organos-del-parlamento\/\">\u00d3rganos de las C\u00e1maras<\/a> <\/strong><em>por Antonia Navas Castillo.<\/em><\/span><\/li><li><span style=\"color: #000000\"><b><a href=\"https:\/\/blogs.uned.es\/derechoyconstitucion\/leyes-organicas\/\">Leyes org\u00e1nicas<\/a><\/b><em> por Daniel Capodiferro Cubero<\/em><\/span><\/li><li><span style=\"color: #000000\"><strong><a style=\"color: #000000\" href=\"https:\/\/blogs.uned.es\/derechoyconstitucion\/procedimiento-legislativo-1-2\/\">Procedimiento legislativo (1 de 2)<\/a> <\/strong><em>por Mar\u00eda Salvador Mart\u00ednez.<\/em><\/span><\/li><li><span style=\"color: #000000\"><strong><a style=\"color: #000000\" href=\"https:\/\/blogs.uned.es\/derechoyconstitucion\/procedimiento-legislativo-2-2\/\">Procedimiento legislativo (2 de 2)<\/a> <\/strong><em>por Mar\u00eda Salvador Mart\u00ednez.<\/em><\/span><\/li><li><span style=\"color: #000000\"><a href=\"https:\/\/blogs.uned.es\/derechoyconstitucion\/inmunidad-e-inviolabilidad\/\"><strong>Inmunidad e inviolabilidad parlamentaria<\/strong><\/a> <em>por Mar\u00eda Salvador Mart\u00ednez<\/em><\/span><\/li><\/ul><p><span style=\"color: #ff0000\"><b>RELACIONES GOBIERNO-PARLAMENTO<\/b><\/span><\/p><ul><li><strong><a href=\"https:\/\/blogs.uned.es\/derechoyconstitucion\/investidura-del-presidente\/\">Investidura del Presidente<\/a><\/strong> <span style=\"color: #000000\"><em>por Carlos Fern\u00e1ndez Esquer.<\/em><\/span><\/li><li><a href=\"https:\/\/blogs.uned.es\/derechoyconstitucion\/mocion-de-censura\/\"><strong>Moci\u00f3n de censura<\/strong><\/a> <span style=\"color: #000000\"><em>por Mar\u00eda Salvador Mart\u00ednez.<\/em><\/span><\/li><li><a href=\"https:\/\/blogs.uned.es\/derechoyconstitucion\/cuestion-de-confianza\/\"><strong>Cuesti\u00f3n de confianza<\/strong><\/a> <span style=\"color: #000000\"><em>por Mar\u00eda Salvador Mart\u00ednez.<\/em><\/span><\/li><li><a href=\"https:\/\/blogs.uned.es\/derechoyconstitucion\/control-parlamentario-del-gobierno-y-exigencia-de-responsabilidad-politica\/\"><strong>Control parlamentario y exigencia de responsabilidad pol\u00edtica<\/strong><\/a> <span style=\"color: #000000\"><em>por Mar\u00eda Salvador Mart\u00ednez.<\/em><\/span><\/li><li><a href=\"https:\/\/blogs.uned.es\/derechoyconstitucion\/control-parlamentario-clasificacion-de-instrumentos\/\"><span style=\"font-weight: bold\">Control al Gobierno: Instrumentos de control de la acci\u00f3n pol\u00edtica del Gobiernos<\/span><\/a><em>\u00a0<span style=\"color: #000000\">por Blanca Cid Villagrasa.<\/span><\/em><\/li><li><a href=\"https:\/\/blogs.uned.es\/derechoyconstitucion\/control-parlamentario-las-preguntas\/\"><strong>Control al Gobierno: Las preguntas<\/strong><\/a><span style=\"color: #000000\"><em> por Blanca Cid Villagrasa.<\/em><\/span><\/li><li><a href=\"https:\/\/blogs.uned.es\/derechoyconstitucion\/control-parlamentario-las-solicitudes-de-informacion\/\"><span style=\"font-weight: bold\">Control al Gobierno: Las solicitudes de informaci\u00f3n<\/span><\/a><em>\u00a0<span style=\"color: #000000\">por Blanca Cid Villagrasa.<\/span><\/em><\/li><li><a href=\"https:\/\/blogs.uned.es\/derechoyconstitucion\/control-parlamentario-las-comparecencias\/\"><span style=\"font-weight: bold\">Control al Gobierno: Las comparecencias<\/span><\/a><em>\u00a0<span style=\"color: #000000\">por Blanca Cid Villagrasa.<\/span><\/em><\/li><li><span style=\"font-family: var( --e-global-typography-text-font-family ), Sans-serif\"><a href=\"https:\/\/blogs.uned.es\/derechoyconstitucion\/control-gobierno-funciones\/\"><span style=\"font-weight: bold\">Control del Gobierno \u00aben funciones\u00bb<\/span>\u00a0<\/a><em>por Fernando Reviriego Pic\u00f3n<\/em>.<\/span><\/li><\/ul><p><span style=\"color: #ff0000\"><b>ELECCIONES Y PARTICIPACI\u00d3N<\/b><\/span><\/p><p>Derechos de participaci\u00f3n y partidos pol\u00edticos<\/p><ul><li><span style=\"color: #000000\"><a href=\"https:\/\/blogs.uned.es\/derechoyconstitucion\/partidos-politicos\/\"><strong>Partidos pol\u00edticos<\/strong><\/a>, <em>por Llu\u00eds Subiela Escat<\/em><\/span><\/li><li><span style=\"color: #000000\">Sobre los derechos de participaci\u00f3n v\u00e9ase el ep\u00edgrafe sobre derechos fundamentales del art\u00edculo 23 CE<\/span><\/li><\/ul><p>Sistemas electorales y r\u00e9gimen electoral<\/p><ul><li><span style=\"color: #000000\"><a style=\"color: #000000\" href=\"https:\/\/blogs.uned.es\/derechoyconstitucion\/sistemas-electorales\/\"><b>Sistemas electorales (concepto, elementos y tipos)<\/b><\/a>\u00a0<em>por Carlos Fern\u00e1ndez Esquer<\/em>\u00a0<\/span><\/li><li><span style=\"color: #000000\"><a href=\"https:\/\/blogs.uned.es\/derechoyconstitucion\/procedimiento-electoral\/\"><strong>Procedimiento electoral<\/strong><\/a>, <em>por Leyre Burguera Ameave<\/em><\/span><\/li><li><span style=\"color: #000000\"><a style=\"color: #000000\" href=\"https:\/\/blogs.uned.es\/derechoyconstitucion\/formula-dhondt\/\"><strong>F\u00f3rmula D\u00b4Hondt<\/strong><\/a> <em>por Carlos Fern\u00e1ndez Esquer.<\/em><\/span><\/li><li><span style=\"color: #000000\"><a href=\"https:\/\/blogs.uned.es\/derechoyconstitucion\/l-o-de-representacion-paritaria-y-presencia-equilibrada-de-mujeres-y-hombres\/\"><strong>Ley Org\u00e1nica de Paridad<\/strong><\/a> <em>por Carlos Fern\u00e1ndez Esquer<\/em><\/span><\/li><li><span style=\"color: #000000\"><a style=\"color: #000000\" href=\"https:\/\/blogs.uned.es\/derechoyconstitucion\/sobre-la-propaganda-de-los-partidos\/\"><strong>Propaganda de los partidos<\/strong><\/a> (comentario de sentencia) <em>por Leyre Burguera Ameave.<\/em><\/span><\/li><\/ul><ul><li><span style=\"color: #000000\"><span style=\"font-weight: bold\"><a style=\"color: #000000\" href=\"https:\/\/blogs.uned.es\/derechoyconstitucion\/encuestas-electorales\/\">Regulaci\u00f3n de encuestas electorales\u00a0<\/a><\/span><em>por Javier Sierra-Rodr\u00edguez.<\/em><br \/><\/span><\/li><li><span style=\"color: #000000\"><b><a style=\"color: #000000\" href=\"https:\/\/blogs.uned.es\/derechoyconstitucion\/elecciones-europeas\/\">Elecciones europeas<\/a><\/b><i> por Leyre Burguera Ameave.<\/i><\/span><\/li><\/ul><p>Democracia directa<\/p><ul><li><span style=\"color: #000000\"><strong><a style=\"color: #000000\" href=\"https:\/\/blogs.uned.es\/derechoyconstitucion\/referendum-consultivo\/\">Refer\u00e9ndum consultivo<\/a><\/strong> <em>por Salvador Rodr\u00edguez Artacho.<\/em><\/span><\/li><\/ul><p><span style=\"color: #ff0000\"><b>PODER JUDICIAL Y JUSTICIA CONSTITUCIONAL<\/b><\/span><\/p><p>Justicia constitucional<\/p><ul><li><span style=\"color: #000000\"><a href=\"https:\/\/blogs.uned.es\/derechoyconstitucion\/el-tribunal-constitucional-y-sus-antecedentes-historicos\/\"><strong>El Tribunal Constitucional y sus antecedentes hist\u00f3ricos<\/strong><\/a> <em>por Llu\u00eds Subiela Escat<\/em><\/span><\/li><li><span style=\"color: #000000\"><a href=\"https:\/\/blogs.uned.es\/derechoyconstitucion\/modelos-de-control-de-constitucionalidad\/\"><strong>Modelos de control de constitucionalidad<\/strong><\/a> <em>por Jorge Portocarrero Quispe y Antonia Navas Castillo<\/em>.<\/span><\/li><li><span style=\"color: #000000\"><a href=\"https:\/\/blogs.uned.es\/derechoyconstitucion\/tipos-de-control-de-constitucionalidad\/\"><strong>Tipos de control de constitucionalidad<\/strong><\/a>, <em>por Antonia Navas Castillo.<\/em><\/span><\/li><li><span style=\"color: #000000\"><strong><a style=\"color: #000000\" href=\"https:\/\/blogs.uned.es\/derechoyconstitucion\/composicion-del-tribunal-constitucional\/\">Composici\u00f3n del TC<\/a> <\/strong><em>por Carlos Fern\u00e1ndez Esquer.<\/em><\/span><\/li><li><span style=\"color: #000000\"><strong><a href=\"https:\/\/blogs.uned.es\/derechoyconstitucion\/recurso-de-amparo\/\">Recurso de amparo<\/a><\/strong>, <em>por Pedro Tenorio.<\/em><\/span><\/li><\/ul><p>Poder judicial<\/p><ul><li><span style=\"color: #000000\"><strong><a style=\"color: #000000\" href=\"https:\/\/blogs.uned.es\/derechoyconstitucion\/composicion-del-cgpj\/\">Composici\u00f3n del CGPJ <\/a><\/strong><em>por Mar\u00eda Salvador Mart\u00ednez.<\/em><\/span><\/li><li><span style=\"color: #000000\"><b><a href=\"https:\/\/blogs.uned.es\/derechoyconstitucion\/ley-organica-3-2024-de-reforma-de-la-ley-organica-del-poder-judicial-y-del-estatuto-organico-del-ministerio-fiscal\/\">Reforma L.O. 3\/2024<\/a><\/b><em> por Carlos Fern\u00e1ndez Esquer<\/em><\/span><\/li><li><a href=\"https:\/\/blogs.uned.es\/derechoyconstitucion\/tribunal-supremo\/\"><strong>Tribunal Supremo<\/strong><\/a>, <em>por Pedro Julio Tenorio S\u00e1nchez<\/em>.<\/li><\/ul><p><span style=\"color: #ff0000\"><b>ORGANIZACI\u00d3N TERRITORIAL DEL ESTADO<\/b><\/span><\/p><ul><li><strong><a href=\"https:\/\/blogs.uned.es\/derechoyconstitucion\/el-estado-autonomico\/\">El Estado Auton\u00f3mico <\/a><\/strong><span style=\"color: #000000\"><em>por Mar\u00eda Salvador Mart\u00ednez.<\/em><\/span><\/li><li><strong><a href=\"https:\/\/blogs.uned.es\/derechoyconstitucion\/principios-del-estado-autonomico\/\">Principios del Estado Auton\u00f3mico<\/a> <\/strong><em><span style=\"color: #000000\">por Salvador Rodr\u00edguez Artacho.<\/span><\/em><\/li><li><span style=\"color: #000000\"><b><a href=\"https:\/\/blogs.uned.es\/derechoyconstitucion\/el-derecho-de-las-comunidades-autonomas\/\">El derecho de las Comunidades Aut\u00f3nomas<\/a><\/b><i>, por Llu\u00eds Subiela Escat<\/i><\/span><\/li><li><a href=\"https:\/\/blogs.uned.es\/derechoyconstitucion\/las-comunidades-autonomas\/\"><strong>Las Comunidades Aut\u00f3nomas<\/strong> <\/a><span style=\"color: #000000\"><em>por Mar\u00eda Salvador Mart\u00ednez.<\/em><\/span><\/li><li><span style=\"color: #000000\"><strong><a href=\"https:\/\/blogs.uned.es\/derechoyconstitucion\/los-estatutos-de-autonomia\/\">Los Estatutos de Autonom\u00eda<\/a><\/strong> <em>por Llu\u00eds Subiela Escat<\/em><\/span><\/li><li><a href=\"https:\/\/blogs.uned.es\/derechoyconstitucion\/las-relaciones-en-el-estado-autonomico\/\"><strong>Las relaciones en el Estado Auton\u00f3mico<\/strong> <\/a><span style=\"color: #000000\"><em>por Mar\u00eda Salvador Mart\u00ednez.<\/em><\/span><\/li><li><a href=\"https:\/\/blogs.uned.es\/derechoyconstitucion\/financiacion-de-las-comunidades-autonomas\/\"><strong>Financiaci\u00f3n de las Comunidades Aut\u00f3nomas<\/strong><\/a> <span style=\"color: #000000\"><em>por Llu\u00eds Subiela Escat.<\/em><\/span><\/li><li><strong><a href=\"https:\/\/blogs.uned.es\/derechoyconstitucion\/soberania-y-autonomia-en-el-estado-federal\/\">Soberan\u00eda y autonom\u00eda en el Estado Federal<\/a><\/strong><span style=\"color: #000000\"><em> por Javier Sierra Rodr\u00edguez.<\/em><\/span><\/li><li><strong><a href=\"https:\/\/blogs.uned.es\/derechoyconstitucion\/la-conferencia-de-presidentes-el-globo-que-otra-vez-se-desinfla-2\/\">La Conferencia de Presidentes <\/a><\/strong><span style=\"color: #000000\"><em>por Fernando Reviriego Pic\u00f3n.<\/em><\/span><\/li><\/ul><p><span style=\"color: #ff0000\"><strong>DERECHOS FUNDAMENTALES: PANORAMA GENERAL, TEOR\u00cdA, GARANT\u00cdAS, SUSPENSI\u00d3N, ETC.<\/strong><\/span><\/p><ul><li><span style=\"color: #000000\"><a href=\"https:\/\/blogs.uned.es\/derechoyconstitucion\/naturaleza-y-funcion-de-los-derechos-en-la-constitucion-espanola\/\"><strong>Naturaleza y funci\u00f3n de los derechos en la Constituci\u00f3n Espa\u00f1ola<\/strong><\/a> <em>por Jorge Portocarrero Quispe<\/em><\/span><\/li><li><span style=\"color: #000000\"><a href=\"https:\/\/blogs.uned.es\/derechoyconstitucion\/derechos-subjetivos-en-la-constitucion-concepto-y-estructura\/\"><strong>Derechos subjetivos: concepto y estructura<\/strong><\/a>, <em>por Jorge Portocarrero Quispe<\/em><\/span><\/li><li><span style=\"color: #000000\"><a href=\"https:\/\/blogs.uned.es\/derechoyconstitucion\/el-principio-de-proporcionalidad-limite-a-las-limitaciones-de-derechos\/\"><strong>Principio de proporcionalidad<\/strong><\/a>, <em>por Jorge Portocarrero Quispe<\/em><\/span><\/li><li><span style=\"color: #000000\"><a href=\"https:\/\/blogs.uned.es\/derechoyconstitucion\/eficacia-de-los-derechos-fundamentales-entre-particulares\/\"><strong>Eficacia de los derechos fundamentales entre particulares<\/strong><\/a> <em>por Javier Sierra Rodr\u00edguez<\/em>.<\/span><\/li><li><span style=\"color: #000000\"><b><a href=\"https:\/\/blogs.uned.es\/derechoyconstitucion\/estructura-del-titulo-i-ce\/\">Estructura del T\u00edtulo I de la CE<\/a><\/b>, <i>por Ana Gald\u00e1mez Morales<\/i><\/span><\/li><li><span style=\"color: #000000\"><a href=\"https:\/\/blogs.uned.es\/derechoyconstitucion\/articulo-10-2-ce\/\"><strong>El art\u00edculo 10.2 CE y la interpretaci\u00f3n de los derechos fundamentales<\/strong><\/a>, <em>por Pen\u00e9lope Oliva Boza<\/em><\/span><\/li><li><span style=\"font-weight: bold\"><a href=\"https:\/\/blogs.uned.es\/derechoyconstitucion\/los-derechos-estatutarios\/\">Derechos Estatutarios<\/a><a href=\"https:\/\/blogs.uned.es\/derechoyconstitucion\/la-conferencia-de-presidentes-el-globo-que-otra-vez-se-desinfla-2\/\">\u00a0<\/a><\/span><span style=\"color: #000000\"><em>por Javier Sierra Rodr\u00edguez.<\/em><\/span><\/li><\/ul><p><span style=\"color: #ff0000\"><strong>DERECHOS FUNDAMENTALES: AN\u00c1LISIS INDIVIDUAL DE DERECHOS Y LIBERTADES<\/strong><\/span><\/p><p><span style=\"color: #000000\">Art. 14.<\/span><\/p><ul><li><span style=\"color: #000000\"><a href=\"https:\/\/blogs.uned.es\/derechoyconstitucion\/principio-de-igualdad-y-prohibicion-de-la-discriminacion\/\"><strong>Principio de igualdad y prohibici\u00f3n de discriminaci\u00f3n<\/strong><\/a>, <em>por Laura Hern\u00e1ndez Llinas.<\/em><\/span><\/li><li>V\u00e9ase tambi\u00e9n: Ley Org\u00e1nica de Paridad (en elecciones y participaci\u00f3n).<\/li><\/ul><p><span style=\"color: #000000\">Art. 15.<\/span>\u00a0<span style=\"color: #000000\">\u00a0<\/span><\/p><ul><li><span style=\"color: #000000\"><a style=\"color: #000000\" href=\"https:\/\/blogs.uned.es\/derechoyconstitucion\/stc-44-2023-y-la-injustificable-demora-del-tc\/\"><span style=\"font-weight: bold\">Derecho a la vida. La STC 44\/2023<\/span><\/a>,\u00a0<i>por Fernando Reviriego Pic\u00f3n<\/i><\/span><\/li><li><span style=\"color: #000000\"><strong><a style=\"color: #000000\" href=\"https:\/\/blogs.uned.es\/derechoyconstitucion\/pena-de-muerte-art-15-ce\/\">Pena de muerte<\/a><\/strong>\u00a0<em>por Javier Sierra Rodr\u00edguez.<\/em>\u00a0<\/span><\/li><\/ul><p><span style=\"color: #000000\">Art\u00edculo 17.<\/span><\/p><ul><li><span style=\"color: #000000\"><strong><a href=\"https:\/\/blogs.uned.es\/derechoyconstitucion\/habeas-corpus\/\">Habeas Corpus<\/a><\/strong> <em>por Fernando Reviriego Pic\u00f3n<\/em><\/span><\/li><\/ul><p><span style=\"color: #000000\">Art\u00edculo 18.<\/span><\/p><ul><li><span style=\"color: #000000\"><a href=\"https:\/\/blogs.uned.es\/derechoyconstitucion\/articulo-18-ce-derecho-al-honor-intimidad-personal-y-familiar-y-propia-imagen\/\"><strong>Panorama general del art\u00edculo 18 CE<\/strong><\/a>. Especial referencia al Derecho al honor, intimidad personal y familiar y propia imagen, <em>por Ana Caparr\u00f3s Gadea y Jorge Portocarrero Quispe<\/em><\/span><\/li><li><a href=\"https:\/\/blogs.uned.es\/derechoyconstitucion\/derecho-a-la-propia-imagen\/\"><strong>Derecho a la propia imagen<\/strong><\/a>, <span style=\"color: #000000\"><em>por Ana Gald\u00e1mez Morales.<\/em><\/span><\/li><li><a href=\"https:\/\/blogs.uned.es\/derechoyconstitucion\/proteccion-de-datos\/\"><strong>Protecci\u00f3n de datos<\/strong><\/a><span style=\"color: #000000\">, <em>por Susana Duro Carri\u00f3n.<\/em><\/span><\/li><\/ul><p><span style=\"color: #000000\">Art\u00edculo 20<\/span><\/p><ul><li><span style=\"color: #000000\"><a style=\"color: #000000\" href=\"https:\/\/blogs.uned.es\/derechoyconstitucion\/libertad-de-expresion\/\"><b>Libertad de expresi\u00f3n<\/b><\/a>, por <i>Pen\u00e9lope Oliva Boza<\/i><\/span><\/li><\/ul><p><span style=\"color: #000000\">Art\u00edculo 21<\/span><\/p><ul><li><span style=\"color: #000000\"><a style=\"color: #000000\" href=\"https:\/\/blogs.uned.es\/derechoyconstitucion\/derecho-de-reunion-y-manifestacion\/\"><strong>Derecho de reuni\u00f3n y manifestaci\u00f3n<\/strong><\/a>, por Laura Hern\u00e1ndez Llinas.<\/span><\/li><\/ul><p><span style=\"color: #000000\">Art\u00edculo 23.<\/span><\/p><ul><li><span style=\"color: #000000\"><strong><a style=\"color: #000000\" href=\"https:\/\/blogs.uned.es\/derechoyconstitucion\/derecho-de-participacion-politica\/\">Derecho de participaci\u00f3n pol\u00edtica<\/a><\/strong>, <em>por Ana Caparr\u00f3s Gadea.<\/em><\/span><\/li><li><span style=\"color: #000000\"><a href=\"https:\/\/blogs.uned.es\/derechoyconstitucion\/articulo-23-2-ce\/\"><strong>Art\u00edculo 23.2 Derecho de acceso a las funciones y cargos representativos<\/strong><\/a>,<em> por Jorge Rafael Alguacil Gonz\u00e1lez-Aurioles<\/em>.<\/span><\/li><li>Sobre los derechos de participaci\u00f3n v\u00e9ase el apartado relativo a \u00abelecciones y participaci\u00f3n\u00bb.<\/li><\/ul><p><span style=\"color: #000000\">Art\u00edculo 24.<\/span><\/p><ul><li><span style=\"color: #000000\"><a href=\"https:\/\/blogs.uned.es\/derechoyconstitucion\/derecho-a-la-tutela-judicial-efectiva\/\"><strong>Derecho a la tutela judicial efectiva<\/strong><\/a>, <em>por Ana Caparr\u00f3s Gadea.<\/em><\/span><\/li><\/ul><p><span style=\"color: #000000\">Art\u00edculo 28.2 <\/span><\/p><ul><li><span style=\"color: #000000\"><a href=\"https:\/\/blogs.uned.es\/derechoyconstitucion\/derecho-a-huelga-art-28-2-ce\/\"><strong>Derecho de huelga<\/strong><\/a>, <em>por Javier Sierra Rodr\u00edguez<\/em><\/span><\/li><\/ul><p><span style=\"color: #000000\">Art\u00edculo 27.<\/span><\/p><ul><li><span style=\"color: #000000\"><strong><a href=\"https:\/\/blogs.uned.es\/derechoyconstitucion\/derecho-a-la-educacion\/\">Derecho a la educaci\u00f3n<\/a><\/strong>, <em>por Ana Caparr\u00f3s Gadea.<\/em><\/span><\/li><\/ul><p><span style=\"color: #000000\">Art. 30.2<\/span><\/p><ul><li><strong style=\"color: #000000\"><a href=\"https:\/\/blogs.uned.es\/derechoyconstitucion\/objecion-de-conciencia-art-30-2-ce\/\">La objeci\u00f3n de conciencia al servicio militar <\/a><\/strong><em style=\"color: #000000\">por Javier Sierra Rodr\u00edguez<\/em><span style=\"color: #000000\">.<\/span><\/li><li><a href=\"https:\/\/blogs.uned.es\/derechoyconstitucion\/servicio-militar-art-30-2-ce\/\"><strong>Servicio militar obligatorio<\/strong><\/a> <span style=\"color: #000000\"><em>por Javier Sierra Rodr\u00edguez.<\/em>\u00a0<\/span><\/li><\/ul><p><span style=\"color: #000000\">Art. 45<\/span><\/p><ul><li><span style=\"color: #000000\"><a href=\"https:\/\/blogs.uned.es\/derechoyconstitucion\/derecho-a-un-medioambiente-adecuado\/\"><strong>Derecho a un medioambiente adecuado<\/strong><\/a>,<em> por Ana Caparr\u00f3s Gadea.<\/em><\/span><\/li><\/ul><p><span style=\"color: #000000\">Art. 49<\/span><\/p><ul><li><span style=\"color: #000000\"><a style=\"background-color: #ffffff;color: #000000\" href=\"https:\/\/blogs.uned.es\/derechoyconstitucion\/la-reforma-del-articulo-49-ce\/\"><span style=\"font-weight: bold\">La reforma del art\u00edculo 49 CE (discapacidad)<\/span><\/a>\u00a0<em><span style=\"color: #000000\">por Carlos Fern\u00e1ndez Esquer<\/span>.<\/em><\/span><span style=\"color: #000000\"><br \/><\/span><\/li><\/ul><p><span style=\"color: #ff0000\"><strong>UNI\u00d3N EUROPEA Y DERECHO COMUNITARIO<\/strong><\/span><\/p><ul><li><span style=\"color: #000000\"><span style=\"font-weight: bold\"><a href=\"https:\/\/blogs.uned.es\/derechoyconstitucion\/derecho-de-la-ue\/\">Derecho de la UE<\/a><\/span>\u00a0<i>por Jorge Rafael Alguacil Gonz\u00e1lez-Aurioles<\/i><\/span><\/li><li><span style=\"color: #000000\"><a href=\"https:\/\/blogs.uned.es\/derechoyconstitucion\/sistema-de-fuentes-en-la-ue\/\"><strong>Sistema de Fuentes en la UE<\/strong><\/a>, <em>por Llu\u00eds Subiela Escat y Ricardo Esteban Bouzas Mendes<\/em><\/span><\/li><li><span style=\"color: #000000\"><a href=\"https:\/\/blogs.uned.es\/derechoyconstitucion\/principio-subsidiariedad\/\"><strong>Principio de subsidiariedad<\/strong><\/a>, <em>por Hugo Neves P\u00e9rez<\/em><\/span><\/li><li><span style=\"color: #000000\"><a href=\"https:\/\/blogs.uned.es\/derechoyconstitucion\/la-doctrina-del-mejor-estandar\/\"><strong>Doctrina del mejor est\u00e1ndar<\/strong><\/a>, <em>por Hugo Neves P\u00e9rez<\/em><\/span><\/li><li><strong><a href=\"https:\/\/blogs.uned.es\/derechoyconstitucion\/instituciones-de-la-ue\/\">Instituciones de la Uni\u00f3n Europea<\/a><\/strong> <span style=\"color: #000000\"><em>por Jorge Rafael Alguacil.<\/em><\/span><\/li><li><span style=\"color: #000000\"><strong><a href=\"https:\/\/blogs.uned.es\/derechoyconstitucion\/iniciativa-ciudadana-europea\/\">Iniciativa Ciudadana Europea<\/a> <\/strong><em>por Leyre Burguera Ameave<\/em>.<\/span><\/li><li><span style=\"color: #000000\"><a href=\"https:\/\/blogs.uned.es\/derechoyconstitucion\/la-investidura-de-la-comision-europea\/\"><strong>Comisi\u00f3n Europea: investidura<\/strong><\/a> <em>por Daniel Capodiferro Cubero.<\/em><\/span><\/li><li><span style=\"color: #000000\"><a href=\"https:\/\/blogs.uned.es\/derechoyconstitucion\/tjue-estructura\/\"><strong>TJUE: estructura<\/strong><\/a> <em>por Susana Duro Carri\u00f3n.<\/em><\/span><\/li><li><span style=\"color: #000000\"><a href=\"https:\/\/blogs.uned.es\/derechoyconstitucion\/tjue-cuestion-prejudicial\/\"><strong>TJUE: cuesti\u00f3n prejudicial<\/strong><\/a> <em>por Susana Duro Carri\u00f3n.<\/em><\/span><\/li><\/ul><p><span style=\"color: #ff0000\"><strong>DECLARACIONES, ORGANISMOS Y TRIBUNALES INTERNACIONALES<\/strong><\/span><\/p><p>Declaraciones de derechos<\/p><ul><li><strong><a href=\"https:\/\/blogs.uned.es\/derechoyconstitucion\/articulo-la-carta-europea-de-derechos-fundamentales-de-la-union-europea\/\">La Carta de Derechos Fundamentales de la Uni\u00f3n Europea<\/a> <\/strong><em>por Javier Sierra Rodr\u00edguez.<\/em><\/li><li><a href=\"https:\/\/blogs.uned.es\/derechoyconstitucion\/declaracion-universal-de-derechos-humanos\/\"><strong>Declaraci\u00f3n Universal de Derechos Humanos (DUDH)<\/strong><\/a>\u00a0<em>por Fernando Reviriego Pic\u00f3n.<\/em><\/li><\/ul><p>Sistemas de protecci\u00f3n y organismos<\/p><ul><li><strong><a href=\"https:\/\/blogs.uned.es\/derechoyconstitucion\/proteccion-europea-de-derechos-diferencias-entre-la-ue-y-el-consejo-de-europa\/\">Protecci\u00f3n Europea de Derechos Fundamentales: Diferencias entre el Consejo de Europa y la Uni\u00f3n Europea<\/a> <\/strong><span style=\"color: #000000\"><em>por Javier Sierra Rodr\u00edguez.<\/em><\/span><\/li><li><strong><a href=\"https:\/\/blogs.uned.es\/derechoyconstitucion\/la-demanda-ante-el-tedh\/\">Demanda ante el Tribunal Europeo de Derechos Humanos<\/a>\u00a0<\/strong><span style=\"color: #000000\"><em>por Salvador Rodr\u00edguez Artacho.<\/em><\/span><\/li><li><a href=\"https:\/\/blogs.uned.es\/derechoyconstitucion\/corte-penal-internacional\/\"><strong>Corte Penal Internacional<\/strong><\/a><span style=\"color: #000000\">, <em>por Susana Duro Carri\u00f3n.<\/em><\/span><\/li><li><strong><a href=\"https:\/\/blogs.uned.es\/derechoyconstitucion\/organizacion-de-estados-americanos\/\">Organizaci\u00f3n de Estados Americanos<\/a><\/strong>, <span style=\"color: #000000\"><em>por Susana Duro Carri\u00f3n.<\/em><\/span><\/li><li><strong><a href=\"https:\/\/blogs.uned.es\/derechoyconstitucion\/la-comision-interamericana-de-derechos-humanos-cidh\/\">Comisi\u00f3n Interamericana de Derechos Humanos<\/a><\/strong>,\u00a0<span style=\"color: #000000\"><em>por Susana Duro Carri\u00f3n.<\/em><\/span><\/li><\/ul><div><span style=\"color: #000000\"><i>\u00a0<\/i><\/span><\/div><div><h3 style=\"text-align: center\">\u00a0<\/h3><\/div>\t\t\t\t\t\t\t\t<\/div>\n\t\t\t\t<\/div>\n\t\t\t\t<div class=\"elementor-element elementor-element-5503a16 elementor-widget elementor-widget-text-editor\" data-id=\"5503a16\" data-element_type=\"widget\" data-e-type=\"widget\" data-widget_type=\"text-editor.default\">\n\t\t\t\t<div class=\"elementor-widget-container\">\n\t\t\t\t\t\t\t\t\t<p>V\u00cdDEOS DE JORNADAS Y ACTIVIDADES CELEBRADAS: <a href=\"https:\/\/blogs.uned.es\/derechoyconstitucion\/agenda-completa-proximos-eventos\/\">PINCHA AQU\u00cd<\/a><\/p>\t\t\t\t\t\t\t\t<\/div>\n\t\t\t\t<\/div>\n\t\t\t\t\t<\/div>\n\t\t<\/div>\n\t\t\t\t\t<\/div>\n\t\t<\/section>\n\t\t\t\t<section class=\"elementor-section elementor-top-section elementor-element elementor-element-a04a025 elementor-section-stretched elementor-section-boxed elementor-section-height-default elementor-section-height-default\" data-id=\"a04a025\" data-element_type=\"section\" data-e-type=\"section\" data-settings=\"{&quot;stretch_section&quot;:&quot;section-stretched&quot;,&quot;background_background&quot;:&quot;classic&quot;}\">\n\t\t\t\t\t\t<div class=\"elementor-container elementor-column-gap-default\">\n\t\t\t\t\t<div class=\"elementor-column elementor-col-100 elementor-top-column elementor-element elementor-element-dd5780f\" data-id=\"dd5780f\" data-element_type=\"column\" data-e-type=\"column\">\n\t\t\t<div class=\"elementor-widget-wrap elementor-element-populated\">\n\t\t\t\t\t\t<div class=\"elementor-element elementor-element-7649e41 elementor-widget elementor-widget-heading\" data-id=\"7649e41\" data-element_type=\"widget\" data-e-type=\"widget\" data-widget_type=\"heading.default\">\n\t\t\t\t<div class=\"elementor-widget-container\">\n\t\t\t\t\t<h1 class=\"elementor-heading-title elementor-size-default\">Proyectos anteriores<\/h1>\t\t\t\t<\/div>\n\t\t\t\t<\/div>\n\t\t\t\t<div class=\"elementor-element elementor-element-b963562 elementor-widget elementor-widget-text-editor\" data-id=\"b963562\" data-element_type=\"widget\" data-e-type=\"widget\" data-widget_type=\"text-editor.default\">\n\t\t\t\t<div class=\"elementor-widget-container\">\n\t\t\t\t\t\t\t\t\t<p>A lo largo de los \u00faltimos a\u00f1os el profesorado que integra este proyecto ha dado vida a otras iniciativas de innovaci\u00f3n docente de las que han resultado multitud de recursos audiovisuales. A continuaci\u00f3n enumeramos algunos de ellos e incluimos los accesos a materiales audiovisuales de especial inter\u00e9s.<\/p>\n<ul>\n<li><a href=\"http:\/\/portal.uned.es\/portal\/page?_pageid=93,36804482&amp;_dad=portal&amp;_schema=PORTAL\">Glosario y semblanzas de Derecho Constitucional<\/a><\/li>\n<li><a href=\"https:\/\/canal.uned.es\/series\/5a6f792fb1111f0b128b4569\">Ense\u00f1ar Derecho Constitucional<\/a><\/li>\n<li><a href=\"https:\/\/canal.uned.es\/series\/5e55454d5578f2180715ab23\">Arte y Cultura por los derechos humanos<\/a><\/li>\n<li><a href=\"https:\/\/canal.uned.es\/series\/5ff6db22b60923532a1eb933\">Viajes extraordinarios. Literatura en\/clave de derechos<\/a><\/li>\n<li><a href=\"https:\/\/canal.uned.es\/series\/617650b0b6092333e40ac225\">El derecho constitucional a trav\u00e9s de la jurisprudencia<\/a><\/li>\n<\/ul>\n<p><\/p>\n<p><\/p>\n<p><\/p>\n<p><\/p>\n<p><\/p>\n<p><\/p>\n<p><\/p>\n<p><\/p>\n<p><\/p>\n<p><br><\/p>\t\t\t\t\t\t\t\t<\/div>\n\t\t\t\t<\/div>\n\t\t\t\t<div class=\"elementor-element elementor-element-46e27ae elementor-align-center elementor-widget elementor-widget-button\" data-id=\"46e27ae\" data-element_type=\"widget\" data-e-type=\"widget\" data-widget_type=\"button.default\">\n\t\t\t\t<div class=\"elementor-widget-container\">\n\t\t\t\t\t\t\t\t\t<div class=\"elementor-button-wrapper\">\n\t\t\t\t\t<a class=\"elementor-button elementor-button-link elementor-size-md\" href=\"https:\/\/www.uned.es\/universidad\/inicio\/en\/institucional\/IUED\/innovacion-docente\/grupos-innovacion\/grupo-3.html\">\n\t\t\t\t\t\t<span class=\"elementor-button-content-wrapper\">\n\t\t\t\t\t\t\t\t\t<span class=\"elementor-button-text\">Grupo de Innovaci\u00f3n Docente \"Ense\u00f1ar Derecho Constitucional\"<\/span>\n\t\t\t\t\t<\/span>\n\t\t\t\t\t<\/a>\n\t\t\t\t<\/div>\n\t\t\t\t\t\t\t\t<\/div>\n\t\t\t\t<\/div>\n\t\t\t\t\t<\/div>\n\t\t<\/div>\n\t\t\t\t\t<\/div>\n\t\t<\/section>\n\t\t\t\t<\/div>\n\t\t","protected":false},"excerpt":{"rendered":"<p>Recursos audiovisuales V\u00eddeos Infograf\u00edas Test y textos ORDENACI\u00d3N TEM\u00c1TICA HISTORIA CONSTITUCIONAL Las revoluciones inglesa, americana y francesa, por Ana Caparr\u00f3s Gadea. Los or\u00edgenes del constitucionalismo espa\u00f1ol y el periodo isabelino por Carlos Vidal Prado El sexenio revolucionario y la restauraci\u00f3n por Carlos Vidal Prado La II Rep\u00fablica por Carlos Vidal Prado\u00a0 Los inicios de la transici\u00f3n espa\u00f1ola por Carlos Vidal Prado El texto constitucional en el proceso constituyente de la transici\u00f3n espa\u00f1ola por Carlos Vidal Prado. AUTORES Y CL\u00c1SICOS Hermann Heller y la cl\u00e1usula del Estado social de Derecho: democracia, derecho y justicia social por Jorge Alexander Portocarrero Quispe El constitucionalismo discursivo de Robert Alexy: racionalidad, derechos fundamentales y moral en el Estado constitucional por Jorge Alexander Portocarrero Quispe ESTADO, CONSTITUCI\u00d3N Y REFORMA DE LA CONSTITUCI\u00d3N Poder constituyente por Ricardo Esteban Bouzas. La reforma constitucional por Antonia Navas Castillo. Rasgos definitorios del r\u00e9gimen constitucional espa\u00f1ol (art. 1 CE) por Carlos&hellip;<\/p>\n<p> <a class=\"more-link\" href=\"https:\/\/blogs.uned.es\/derechoyconstitucion\/recursos-audiovisuales\/\">Leer m\u00e1s<\/a><\/p>\n","protected":false},"author":7621,"featured_media":0,"parent":0,"menu_order":0,"comment_status":"closed","ping_status":"closed","template":"","meta":{"footnotes":""},"class_list":["post-875","page","type-page","status-publish"],"_links":{"self":[{"href":"https:\/\/blogs.uned.es\/derechoyconstitucion\/wp-json\/wp\/v2\/pages\/875","targetHints":{"allow":["GET"]}}],"collection":[{"href":"https:\/\/blogs.uned.es\/derechoyconstitucion\/wp-json\/wp\/v2\/pages"}],"about":[{"href":"https:\/\/blogs.uned.es\/derechoyconstitucion\/wp-json\/wp\/v2\/types\/page"}],"author":[{"embeddable":true,"href":"https:\/\/blogs.uned.es\/derechoyconstitucion\/wp-json\/wp\/v2\/users\/7621"}],"replies":[{"embeddable":true,"href":"https:\/\/blogs.uned.es\/derechoyconstitucion\/wp-json\/wp\/v2\/comments?post=875"}],"version-history":[{"count":500,"href":"https:\/\/blogs.uned.es\/derechoyconstitucion\/wp-json\/wp\/v2\/pages\/875\/revisions"}],"predecessor-version":[{"id":11579,"href":"https:\/\/blogs.uned.es\/derechoyconstitucion\/wp-json\/wp\/v2\/pages\/875\/revisions\/11579"}],"wp:attachment":[{"href":"https:\/\/blogs.uned.es\/derechoyconstitucion\/wp-json\/wp\/v2\/media?parent=875"}],"curies":[{"name":"wp","href":"https:\/\/api.w.org\/{rel}","templated":true}]}}