{"id":589,"date":"2021-02-15T13:22:01","date_gmt":"2021-02-15T12:22:01","guid":{"rendered":"http:\/\/blogs.uned.es\/derechoclimatico\/?page_id=589"},"modified":"2023-05-04T22:10:20","modified_gmt":"2023-05-04T20:10:20","slug":"podcasts-programas-de-radio","status":"publish","type":"page","link":"https:\/\/blogs.uned.es\/derechoclimatico\/?page_id=589","title":{"rendered":"Entrevistas a los protagonistas (RNE)"},"content":{"rendered":"\t\t<div data-elementor-type=\"wp-page\" data-elementor-id=\"589\" class=\"elementor elementor-589\" data-elementor-post-type=\"page\">\n\t\t\t\t\t\t<section class=\"elementor-section elementor-top-section elementor-element elementor-element-3979b48 elementor-section-boxed elementor-section-height-default elementor-section-height-default\" data-id=\"3979b48\" data-element_type=\"section\" data-e-type=\"section\">\n\t\t\t\t\t\t<div class=\"elementor-container elementor-column-gap-extended\">\n\t\t\t\t\t<div class=\"elementor-column elementor-col-100 elementor-top-column elementor-element elementor-element-2d8cd3c\" data-id=\"2d8cd3c\" data-element_type=\"column\" data-e-type=\"column\">\n\t\t\t<div class=\"elementor-widget-wrap elementor-element-populated\">\n\t\t\t\t\t\t<div class=\"elementor-element elementor-element-ecd9288 elementor-grid-eael-col-3 elementor-grid-tablet-eael-col-2 elementor-grid-mobile-eael-col-1 elementor-widget elementor-widget-eael-post-grid\" data-id=\"ecd9288\" data-element_type=\"widget\" data-e-type=\"widget\" data-settings=\"{&quot;eael_post_grid_columns&quot;:&quot;eael-col-3&quot;,&quot;eael_post_grid_columns_tablet&quot;:&quot;eael-col-2&quot;,&quot;eael_post_grid_columns_mobile&quot;:&quot;eael-col-1&quot;}\" data-widget_type=\"eael-post-grid.default\">\n\t\t\t\t<div class=\"elementor-widget-container\">\n\t\t\t\t\t<div id=\"eael-post-grid-ecd9288\" class=\"eael-post-grid-container\">\n            <div class=\"eael-post-grid eael-post-appender eael-post-appender-ecd9288 eael-post-grid-style-one\" data-layout-mode=\"grid\"><article class=\"eael-grid-post  eael-post-grid-column eael-pg-post-9571 category-entrevistas\" data-id=\"9571\">\n        <div class=\"eael-grid-post-holder\">\n            <div class=\"eael-grid-post-holder-inner\"><div class=\"eael-entry-wrapper\"><header class=\"eael-entry-header\"><h2 class=\"eael-entry-title\"><a class=\"eael-grid-post-link\" href=\"https:\/\/blogs.uned.es\/derechoclimatico\/?p=9571\" title=\"Entrevista a Ver\u00f3nica Laorden, Responsable Estatal del Servicio de Investigaci\u00f3n y Estudios de CEAR\">Entrevista a Ver\u00f3nica Laorden, Responsable Estatal del Servicio de Investigaci\u00f3n y Estudios de CEAR<\/a><\/h2><\/header><div class=\"eael-entry-content\">\n                        <div class=\"eael-grid-post-excerpt\"><p>Desplazados Clim\u00e1ticos: Una realidad Cada vez con m\u00e1s frecuencia e intensidad el cambio clim\u00e1tico y la degradaci\u00f3n medioambiental obliga a las personas a abandonar sus hogares en busca de entornos...<\/p><a href=\"https:\/\/blogs.uned.es\/derechoclimatico\/?p=9571\" class=\"eael-post-elements-readmore-btn\">Leer m\u00e1s<\/a><\/div>\n                    <\/div><\/div><\/div>\n        <\/div>\n    <\/article><article class=\"eael-grid-post  eael-post-grid-column eael-pg-post-7493 category-entrevistas\" data-id=\"7493\">\n        <div class=\"eael-grid-post-holder\">\n            <div class=\"eael-grid-post-holder-inner\"><div class=\"eael-entry-wrapper\"><header class=\"eael-entry-header\"><h2 class=\"eael-entry-title\"><a class=\"eael-grid-post-link\" href=\"https:\/\/blogs.uned.es\/derechoclimatico\/?p=7493\" title=\"Entrevista a Isabell B\u00fcschel, de la Federaci\u00f3n Europea de Transporte y Medio Ambiente\">Entrevista a Isabell B\u00fcschel, de la Federaci\u00f3n Europea de Transporte y Medio Ambiente<\/a><\/h2><\/header><div class=\"eael-entry-content\">\n                        <div class=\"eael-grid-post-excerpt\"><p>La transici\u00f3n hacia un transporte europeo descarbonizado: qu\u00e9 opina el tercer sector. El sector de los transportes es el responsable del 27% de las emisiones de gases de efecto invernadero....<\/p><a href=\"https:\/\/blogs.uned.es\/derechoclimatico\/?p=7493\" class=\"eael-post-elements-readmore-btn\">Leer m\u00e1s<\/a><\/div>\n                    <\/div><\/div><\/div>\n        <\/div>\n    <\/article><article class=\"eael-grid-post  eael-post-grid-column eael-pg-post-1129 category-entrevistas\" data-id=\"1129\">\n        <div class=\"eael-grid-post-holder\">\n            <div class=\"eael-grid-post-holder-inner\"><div class=\"eael-entry-wrapper\"><header class=\"eael-entry-header\"><h2 class=\"eael-entry-title\"><a class=\"eael-grid-post-link\" href=\"https:\/\/blogs.uned.es\/derechoclimatico\/?p=1129\" title=\"Entrevista a Valvanera Mar\u00eda Ulargui Aparicio\">Entrevista a Valvanera Mar\u00eda Ulargui Aparicio<\/a><\/h2><\/header><div class=\"eael-entry-content\">\n                        <div class=\"eael-grid-post-excerpt\"><p>Entrevista a Valvanera Mar\u00eda Ulargui Aparicio, Directora General de la Oficina Espa\u00f1ola de Cambio Clim\u00e1tico (Ministerio para la Transici\u00f3n Ecol\u00f3gica y el Reto Demogr\u00e1fico), por Justo Corti Varela. La Convenci\u00f3n...<\/p><a href=\"https:\/\/blogs.uned.es\/derechoclimatico\/?p=1129\" class=\"eael-post-elements-readmore-btn\">Leer m\u00e1s<\/a><\/div>\n                    <\/div><\/div><\/div>\n        <\/div>\n    <\/article><article class=\"eael-grid-post  eael-post-grid-column eael-pg-post-7855 category-entrevistas\" data-id=\"7855\">\n        <div class=\"eael-grid-post-holder\">\n            <div class=\"eael-grid-post-holder-inner\"><div class=\"eael-entry-wrapper\"><header class=\"eael-entry-header\"><h2 class=\"eael-entry-title\"><a class=\"eael-grid-post-link\" href=\"https:\/\/blogs.uned.es\/derechoclimatico\/?p=7855\" title=\"Entrevista a Cristina Garc\u00eda D\u00edaz (Subdirecci\u00f3n General de Mercados de Carbono &#8211; Ministerio Transici\u00f3n Ecol\u00f3gica y Reto Demogr\u00e1fico)\">Entrevista a Cristina Garc\u00eda D\u00edaz (Subdirecci\u00f3n General de Mercados de Carbono &#8211; Ministerio Transici\u00f3n Ecol\u00f3gica y Reto Demogr\u00e1fico)<\/a><\/h2><\/header><div class=\"eael-entry-content\">\n                        <div class=\"eael-grid-post-excerpt\"><p>La lucha contra el cambio clim\u00e1tico exige un cambio de nuestro modo de vida y, particularmente, de nuestro modelo de producci\u00f3n y de consumo. Nuestra econom\u00eda de mercado necesita que...<\/p><a href=\"https:\/\/blogs.uned.es\/derechoclimatico\/?p=7855\" class=\"eael-post-elements-readmore-btn\">Leer m\u00e1s<\/a><\/div>\n                    <\/div><\/div><\/div>\n        <\/div>\n    <\/article><article class=\"eael-grid-post  eael-post-grid-column eael-pg-post-2825 category-entrevistas\" data-id=\"2825\">\n        <div class=\"eael-grid-post-holder\">\n            <div class=\"eael-grid-post-holder-inner\"><div class=\"eael-entry-wrapper\"><header class=\"eael-entry-header\"><h2 class=\"eael-entry-title\"><a class=\"eael-grid-post-link\" href=\"https:\/\/blogs.uned.es\/derechoclimatico\/?p=2825\" title=\"Entrevista a Mariano Bacigalupo Sagesse\">Entrevista a Mariano Bacigalupo Sagesse<\/a><\/h2><\/header><div class=\"eael-entry-content\">\n                        <div class=\"eael-grid-post-excerpt\"><p>Entrevista a Mariano Bacigalupo Sagesse profesor de Derecho Administrativo (UNED), consejero de la Comisi\u00f3n Nacional de los Mercados y la Competencia (CNMC), miembro de la Sala de Recurso de la...<\/p><a href=\"https:\/\/blogs.uned.es\/derechoclimatico\/?p=2825\" class=\"eael-post-elements-readmore-btn\">Leer m\u00e1s<\/a><\/div>\n                    <\/div><\/div><\/div>\n        <\/div>\n    <\/article><article class=\"eael-grid-post  eael-post-grid-column eael-pg-post-4887 category-entrevistas\" data-id=\"4887\">\n        <div class=\"eael-grid-post-holder\">\n            <div class=\"eael-grid-post-holder-inner\"><div class=\"eael-entry-wrapper\"><header class=\"eael-entry-header\"><h2 class=\"eael-entry-title\"><a class=\"eael-grid-post-link\" href=\"https:\/\/blogs.uned.es\/derechoclimatico\/?p=4887\" title=\"Entrevista a Ana Dig\u00f3n y Fco Javier Garc\u00eda, de Agricultura Regenerativa Ib\u00e9rica\">Entrevista a Ana Dig\u00f3n y Fco Javier Garc\u00eda, de Agricultura Regenerativa Ib\u00e9rica<\/a><\/h2><\/header><div class=\"eael-entry-content\">\n                        <div class=\"eael-grid-post-excerpt\"><p>La agricultura es responsable del 10% de las emisiones de gases de efecto invernadero en la Uni\u00f3n Europea y el 70% corresponden a la ganader\u00eda. A diferencia de otros sectores...<\/p><a href=\"https:\/\/blogs.uned.es\/derechoclimatico\/?p=4887\" class=\"eael-post-elements-readmore-btn\">Leer m\u00e1s<\/a><\/div>\n                    <\/div><\/div><\/div>\n        <\/div>\n    <\/article><article class=\"eael-grid-post  eael-post-grid-column eael-pg-post-1137 category-entrevistas\" data-id=\"1137\">\n        <div class=\"eael-grid-post-holder\">\n            <div class=\"eael-grid-post-holder-inner\"><div class=\"eael-entry-wrapper\"><header class=\"eael-entry-header\"><h2 class=\"eael-entry-title\"><a class=\"eael-grid-post-link\" href=\"https:\/\/blogs.uned.es\/derechoclimatico\/?p=1137\" title=\"Entrevista a Manuel Kindel\u00e1n Bara\u00f1ano\">Entrevista a Manuel Kindel\u00e1n Bara\u00f1ano<\/a><\/h2><\/header><div class=\"eael-entry-content\">\n                        <div class=\"eael-grid-post-excerpt\"><p>Entrevista a Manuel Kindel\u00e1n Bara\u00f1ano, Director General de SIGRAUTO (Asociaci\u00f3n Espa\u00f1ola para el tratamiento medioambiental de los veh\u00edculos fuera de uso), por Alvaro Jarillo Aldeanueva. Un aspecto fundamental del Pacto...<\/p><a href=\"https:\/\/blogs.uned.es\/derechoclimatico\/?p=1137\" class=\"eael-post-elements-readmore-btn\">Leer m\u00e1s<\/a><\/div>\n                    <\/div><\/div><\/div>\n        <\/div>\n    <\/article><article class=\"eael-grid-post  eael-post-grid-column eael-pg-post-1635 category-entrevistas\" data-id=\"1635\">\n        <div class=\"eael-grid-post-holder\">\n            <div class=\"eael-grid-post-holder-inner\"><div class=\"eael-entry-wrapper\"><header class=\"eael-entry-header\"><h2 class=\"eael-entry-title\"><a class=\"eael-grid-post-link\" href=\"https:\/\/blogs.uned.es\/derechoclimatico\/?p=1635\" title=\"Presentaci\u00f3n: \u00abM\u00f3dulo Jean Monnet sobre Derecho Clim\u00e1tico Europeo, UNED\u00bb\">Presentaci\u00f3n: \u00abM\u00f3dulo Jean Monnet sobre Derecho Clim\u00e1tico Europeo, UNED\u00bb<\/a><\/h2><\/header><div class=\"eael-entry-content\">\n                        <div class=\"eael-grid-post-excerpt\"><p>Los M\u00f3dulos y C\u00e1tedras Jean Monnet forman parte del Programa Europeo Erasmus+. Engloban acciones cuyo objetivo es promover la excelencia docente e investigadora en el \u00e1mbito de los estudios sobre...<\/p><a href=\"https:\/\/blogs.uned.es\/derechoclimatico\/?p=1635\" class=\"eael-post-elements-readmore-btn\">Leer m\u00e1s<\/a><\/div>\n                    <\/div><\/div><\/div>\n        <\/div>\n    <\/article><\/div>\n            <div class=\"clearfix\"><\/div>\n        <\/div>\t\t\t\t<\/div>\n\t\t\t\t<\/div>\n\t\t\t\t\t<\/div>\n\t\t<\/div>\n\t\t\t\t\t<\/div>\n\t\t<\/section>\n\t\t\t\t<\/div>\n\t\t","protected":false},"excerpt":{"rendered":"<p>Entrevista a Mariano Bacigalupo Sagesse Entrevista a Mariano Bacigalupo Sagesse profesor de Derecho Administrativo (UNED), consejero de la Comisi\u00f3n Nacional de los Mercados y la Competencia (CNMC), miembro de la [&hellip;]<\/p>\n","protected":false},"author":7401,"featured_media":0,"parent":0,"menu_order":0,"comment_status":"closed","ping_status":"closed","template":"","meta":{"footnotes":""},"class_list":["post-589","page","type-page","status-publish","hentry","post"],"_links":{"self":[{"href":"https:\/\/blogs.uned.es\/derechoclimatico\/index.php?rest_route=\/wp\/v2\/pages\/589","targetHints":{"allow":["GET"]}}],"collection":[{"href":"https:\/\/blogs.uned.es\/derechoclimatico\/index.php?rest_route=\/wp\/v2\/pages"}],"about":[{"href":"https:\/\/blogs.uned.es\/derechoclimatico\/index.php?rest_route=\/wp\/v2\/types\/page"}],"author":[{"embeddable":true,"href":"https:\/\/blogs.uned.es\/derechoclimatico\/index.php?rest_route=\/wp\/v2\/users\/7401"}],"replies":[{"embeddable":true,"href":"https:\/\/blogs.uned.es\/derechoclimatico\/index.php?rest_route=%2Fwp%2Fv2%2Fcomments&post=589"}],"version-history":[{"count":34,"href":"https:\/\/blogs.uned.es\/derechoclimatico\/index.php?rest_route=\/wp\/v2\/pages\/589\/revisions"}],"predecessor-version":[{"id":7579,"href":"https:\/\/blogs.uned.es\/derechoclimatico\/index.php?rest_route=\/wp\/v2\/pages\/589\/revisions\/7579"}],"wp:attachment":[{"href":"https:\/\/blogs.uned.es\/derechoclimatico\/index.php?rest_route=%2Fwp%2Fv2%2Fmedia&parent=589"}],"curies":[{"name":"wp","href":"https:\/\/api.w.org\/{rel}","templated":true}]}}