{"id":1443,"date":"2023-09-27T17:44:54","date_gmt":"2023-09-27T15:44:54","guid":{"rendered":"https:\/\/blogs.uned.es\/congresobruselasmasterue\/?page_id=1443"},"modified":"2024-10-05T09:39:13","modified_gmt":"2024-10-05T07:39:13","slug":"programa-congreso-2023","status":"publish","type":"page","link":"https:\/\/blogs.uned.es\/congresobruselasmasterue\/programa-congreso-2023\/","title":{"rendered":"Programa Congreso 2023"},"content":{"rendered":"\t\t<div data-elementor-type=\"wp-page\" data-elementor-id=\"1443\" class=\"elementor elementor-1443\">\n\t\t\t\t\t\t<section class=\"elementor-section elementor-top-section elementor-element elementor-element-7d66024 elementor-section-boxed elementor-section-height-default elementor-section-height-default\" data-id=\"7d66024\" data-element_type=\"section\" data-e-type=\"section\">\n\t\t\t\t\t\t<div class=\"elementor-container elementor-column-gap-default\">\n\t\t\t\t\t<div class=\"elementor-column elementor-col-100 elementor-top-column elementor-element elementor-element-95eeaed\" data-id=\"95eeaed\" data-element_type=\"column\" data-e-type=\"column\">\n\t\t\t<div class=\"elementor-widget-wrap elementor-element-populated\">\n\t\t\t\t\t\t<div class=\"elementor-element elementor-element-c561b35 elementor-widget elementor-widget-text-editor\" data-id=\"c561b35\" data-element_type=\"widget\" data-e-type=\"widget\" data-widget_type=\"text-editor.default\">\n\t\t\t\t<div class=\"elementor-widget-container\">\n\t\t\t\t\t\t\t\t\t<p><span style=\"font-weight: bold;color: #000000\">IX Congreso Internacional sobre la Uni\u00f3n Europea<\/span><span style=\"color: #000000\">\u00a0\u00abElecciones 2024. Los retos de la Uni\u00f3n Europea\u00bb<\/span><\/p>\t\t\t\t\t\t\t\t<\/div>\n\t\t\t\t<\/div>\n\t\t\t\t\t<\/div>\n\t\t<\/div>\n\t\t\t\t\t<\/div>\n\t\t<\/section>\n\t\t\t\t<section class=\"elementor-section elementor-top-section elementor-element elementor-element-8204f50 elementor-section-boxed elementor-section-height-default elementor-section-height-default\" data-id=\"8204f50\" data-element_type=\"section\" data-e-type=\"section\">\n\t\t\t\t\t\t<div class=\"elementor-container elementor-column-gap-default\">\n\t\t\t\t\t<div class=\"elementor-column elementor-col-33 elementor-top-column elementor-element elementor-element-c973349\" data-id=\"c973349\" data-element_type=\"column\" data-e-type=\"column\">\n\t\t\t<div class=\"elementor-widget-wrap elementor-element-populated\">\n\t\t\t\t\t\t<div class=\"elementor-element elementor-element-d344244 elementor-widget elementor-widget-text-editor\" data-id=\"d344244\" data-element_type=\"widget\" data-e-type=\"widget\" data-widget_type=\"text-editor.default\">\n\t\t\t\t<div class=\"elementor-widget-container\">\n\t\t\t\t\t\t\t\t\t<p style=\"text-align: center\"><strong>MODALIDAD PRESENCIAL<\/strong><br \/><strong>(<span style=\"color: #ff0000\">no hay modalidad online<\/span>)<\/strong><\/p>\t\t\t\t\t\t\t\t<\/div>\n\t\t\t\t<\/div>\n\t\t\t\t\t<\/div>\n\t\t<\/div>\n\t\t\t\t<div class=\"elementor-column elementor-col-33 elementor-top-column elementor-element elementor-element-8e9f5f7\" data-id=\"8e9f5f7\" data-element_type=\"column\" data-e-type=\"column\">\n\t\t\t<div class=\"elementor-widget-wrap\">\n\t\t\t\t\t\t\t<\/div>\n\t\t<\/div>\n\t\t\t\t<div class=\"elementor-column elementor-col-33 elementor-top-column elementor-element elementor-element-212ad6d\" data-id=\"212ad6d\" data-element_type=\"column\" data-e-type=\"column\">\n\t\t\t<div class=\"elementor-widget-wrap elementor-element-populated\">\n\t\t\t\t\t\t<div class=\"elementor-element elementor-element-ded8f23 elementor-align-center elementor-widget elementor-widget-button\" data-id=\"ded8f23\" data-element_type=\"widget\" data-e-type=\"widget\" data-widget_type=\"button.default\">\n\t\t\t\t<div class=\"elementor-widget-container\">\n\t\t\t\t\t\t\t\t\t<div class=\"elementor-button-wrapper\">\n\t\t\t\t\t<a class=\"elementor-button elementor-button-link elementor-size-sm\" href=\"https:\/\/drive.google.com\/file\/d\/1XXpu9P8Z9Nfn4gG3h3BbodqxbI8BYD-Z\/view?usp=sharing\">\n\t\t\t\t\t\t<span class=\"elementor-button-content-wrapper\">\n\t\t\t\t\t\t\t\t\t<span class=\"elementor-button-text\">Programa en PDF<\/span>\n\t\t\t\t\t<\/span>\n\t\t\t\t\t<\/a>\n\t\t\t\t<\/div>\n\t\t\t\t\t\t\t\t<\/div>\n\t\t\t\t<\/div>\n\t\t\t\t\t<\/div>\n\t\t<\/div>\n\t\t\t\t\t<\/div>\n\t\t<\/section>\n\t\t\t\t<section class=\"elementor-section elementor-top-section elementor-element elementor-element-dbf2b11 elementor-section-boxed elementor-section-height-default elementor-section-height-default\" data-id=\"dbf2b11\" data-element_type=\"section\" data-e-type=\"section\">\n\t\t\t\t\t\t<div class=\"elementor-container elementor-column-gap-default\">\n\t\t\t\t\t<div class=\"elementor-column elementor-col-50 elementor-top-column elementor-element elementor-element-8ff23a9\" data-id=\"8ff23a9\" data-element_type=\"column\" data-e-type=\"column\">\n\t\t\t<div class=\"elementor-widget-wrap elementor-element-populated\">\n\t\t\t\t\t\t<div class=\"elementor-element elementor-element-9d51c57 elementor-widget elementor-widget-text-editor\" data-id=\"9d51c57\" data-element_type=\"widget\" data-e-type=\"widget\" data-widget_type=\"text-editor.default\">\n\t\t\t\t<div class=\"elementor-widget-container\">\n\t\t\t\t\t\t\t\t\t<h2><span style=\"color: #008080\">Lunes 27 de noviembre<\/span><\/h2><h4><b style=\"font-size: 1.2em\">SESI\u00d3N DE TARDE\u00a0<\/b><\/h4><p><span style=\"color: #000000\"><b>LUGAR: PARLAMENTO EUROPEO<\/b><\/span><\/p><ul><li><span style=\"font-size: 12pt;font-family: Arial, sans-serif;color: #000000\"><b>15:30<\/b> Llegada e ingreso al Parlamento Europeo. Acreditaciones<\/span><\/li><li><span style=\"color: #000000\"><span style=\"font-weight: bold\">16:00<\/span>\u00a0Encuentro con\u00a0<span style=\"font-weight: bold;font-family: Arial, sans-serif;font-size: 12pt\">Adri\u00e1n V\u00e1zquez<\/span><span style=\"font-family: Arial, sans-serif;font-size: 12pt;font-weight: var( --e-global-typography-text-font-weight )\">\u00a0y\u00a0<\/span><span style=\"font-weight: bold;font-family: Arial, sans-serif;font-size: 12pt\">Eva Poptcheva<\/span><span style=\"font-family: Arial, sans-serif;font-size: 12pt;font-weight: var( --e-global-typography-text-font-weight )\">, diputados en el Parlamento Europeo.<\/span><\/span><\/li><li><strong style=\"color: #000000;font-family: var( --e-global-typography-text-font-family ), Sans-serif\">17:00<\/strong><span style=\"color: #000000;font-family: var( --e-global-typography-text-font-family ), Sans-serif;font-weight: var( --e-global-typography-text-font-weight )\"> Bienvenida a cargo de <\/span><b style=\"color: #000000;font-family: Arial, sans-serif;font-size: 12pt\">Javier Zarzalejos<\/b><span style=\"color: #000000;font-weight: var( --e-global-typography-text-font-weight );font-family: Arial, sans-serif;font-size: 12pt\">, diputado en el Parlamento Europeo<\/span><\/li><li><span style=\"color: #000000\"><strong>17:10<\/strong> <b style=\"font-family: Arial, sans-serif;font-size: 12pt\">Daniel Calleja<\/b><span style=\"font-family: Arial, sans-serif;font-size: 12pt;font-weight: var( --e-global-typography-text-font-weight )\">, Director General del Servicio Jur\u00eddico de la Comisi\u00f3n Europea<\/span><\/span><\/li><li><span style=\"color: #000000\"><strong>17:50<\/strong> Pausa caf\u00e9<\/span><\/li><li><p><span style=\"color: #000000\"><strong>18:10<\/strong> <b>Camilo Villarino<\/b>, Jefe de Gabinete del Alto representante de la Uni\u00f3n para Asuntos Exteriores y Pol\u00edtica de Seguridad<span style=\"font-weight: var( --e-global-typography-text-font-weight );background-image: initial;background-position: initial;background-size: initial;background-attachment: initial;font-size: 10.5pt;font-family: 'Calibri Light', sans-serif\"> y<\/span><span style=\"font-family: Arial, sans-serif;font-size: 12pt;font-weight: var( --e-global-typography-text-font-weight )\"> vicepresidente de la Comisi\u00f3n Europea, Josep Borrell.<\/span><\/span><\/p><\/li><li><p><span style=\"color: #000000;font-family: var( --e-global-typography-text-font-family ), Sans-serif;font-weight: bold\">19:00<\/span><span style=\"color: #000000;font-family: var( --e-global-typography-text-font-family ), Sans-serif;font-weight: var( --e-global-typography-text-font-weight )\">\u00a0 Visita hemiciclo.<\/span><\/p><\/li><\/ul><div><h2><span style=\"color: #008080\">Martes 28 de noviembre<\/span><\/h2><h4>SESI\u00d3N DE MA\u00d1ANA<\/h4><p><span style=\"font-weight: bold;color: #000000\">LUGAR: CENTRO UNED BRUSELAS<\/span><\/p><p><span style=\"font-weight: bold;color: #000000\">9.00. Inauguraci\u00f3n curso acad\u00e9mico 2023\/24 en el Centro de la UNED de Bruselas<\/span><\/p><p><span style=\"color: #000000\">Intervienen:<\/span><\/p><ul><li><span style=\"color: #000000\"><b>Mar\u00eda Casado Garc\u00eda-Hirschfeld.<\/b>\u00a0<br \/><i>Directora UNED Bruselas.<\/i><\/span><\/li><li><span style=\"color: #000000\"><b>Fernando Val Garijo.<\/b>\u00a0<i>Vicerrector Adjunto de Proyectos y Relaciones Internacionales. UNED.<\/i><\/span><\/li><\/ul><p><span style=\"font-weight: bold;color: #000000\">9.30 Inauguraci\u00f3n del Congreso.<\/span><\/p><p><span style=\"color: #000000\">Intervienen:\u00a0<\/span><\/p><ul><li><span style=\"color: #000000\"><span style=\"font-weight: bold\">Mar\u00eda Casado Garc\u00eda-Hirschfeld.<\/span>\u00a0<br \/><i>Directora UNED Bruselas.<\/i><\/span><\/li><li><span style=\"color: #000000\"><span style=\"font-weight: bold\">Carlos Vidal Prado.<\/span>\u00a0<br \/><i>Catedr\u00e1tico de Derecho Constitucional UNED.<\/i><\/span><\/li><\/ul><p><span style=\"font-weight: bold;color: #000000\">9.45. <span style=\"color: #003300\">MESA 1. PERSPECTIVAS ACTUALES DEL PARLAMENTO EUROPEO COMO \u00d3RGANO REPRESENTATIVO<\/span><\/span><\/p><p><span style=\"color: #000000\">Modera:\u00a0<span style=\"font-weight: bold;font-family: Arial, sans-serif;font-size: 16px\">Mar\u00eda Mart\u00edn S\u00e1nchez<\/span><span style=\"font-weight: var( --e-global-typography-text-font-weight );font-family: Arial, sans-serif;font-size: 16px\">.\u00a0<\/span><i style=\"font-weight: var( --e-global-typography-text-font-weight );font-family: Arial, sans-serif;font-size: 16px\">Profesora Titular de Derecho Constitucional. Universidad de Castilla-La Mancha.<\/i><\/span><\/p><p><span style=\"font-weight: bold;color: #000000\">Ponentes\u00a0\u00a0\u00a0\u00a0<\/span><\/p><ul><li><span style=\"color: #000000\"><b>Ana Isabel Costa Martins<br \/><\/b><em>Adviser. Directorate-General for Communication. European Parliament.<\/em><\/span><\/li><li><span style=\"color: #000000\"><b>Daniel Capodiferro Cubero.<\/b> <br \/><i>Profesor de Derecho Constitucional. UNED.<\/i><\/span><\/li><li><span style=\"color: #000000\"><b>Javier Sierra-Rodr\u00edguez.<\/b> <br \/><i>Profesor de Derecho Constitucional de la UNED<\/i>.<\/span><\/li><\/ul><p><span style=\"font-weight: bold;color: #000000\">Comunicaciones:<\/span><\/p><ul><li><p><span style=\"color: #000000\">\u00abLa importancia de la neutralidad de Austria\u00bb<br \/><b>Christian Blanco Fern\u00e1ndez<\/b>. <em>M\u00e1ster UE<\/em>.\u00a0<\/span><\/p><\/li><li><span style=\"font-size: 12pt;font-family: Arial, sans-serif;color: #000000\">\u00abLa autonom\u00eda de los Estados miembros para regular la adquisici\u00f3n de la condici\u00f3n plena de Eurodiputado\u00bb.<br \/><b>Mar\u00eda Barril Rodr\u00edguez Arana<\/b>. <em>Investigadora Predoctoral en la Universidad Complutense de Madrid<\/em>.<br \/><\/span><\/li><\/ul><p><span style=\"font-weight: bold;color: #000000\">11.00 Pausa caf\u00e9<\/span><\/p><p><span style=\"font-weight: bold;color: #000000\">11.30 <span style=\"color: #008000\">MESA 2. LOS DESAF\u00cdOS DE LA INTELIGENCIA ARTIFICIAL PARA LA JUSTICIA, LA GOBERNANZA Y EL ESTADO DE DERECHO<\/span>\u00a0 \u00a0 \u00a0 \u00a0 \u00a0 \u00a0\u00a0<\/span><\/p><p><span style=\"font-weight: bold;color: #000000\">Ponencias:<\/span><\/p><ul><li><span style=\"color: #000000\"><b>Joaqu\u00edn Sarri\u00f3n Esteve.\u00a0<\/b><i>Profesor de Derecho Constitucional de la UNED.<\/i><\/span><\/li><li><span style=\"color: #000000\"><strong>Ana Collado Jim\u00e9nez<\/strong>. <em>Diputada en el Parlamento Europeo. Doctora en Sociedad de la Informaci\u00f3n por la UCM.<\/em><\/span><\/li><\/ul><p><span style=\"font-weight: bold;color: #000000\">Comunicaciones:<\/span><\/p><p><span style=\"color: #000000\">Modera: <b>Amalia Balaguer<\/b>. <em>Profesora de Derecho Constitucional de la UNED.<\/em><\/span><\/p><p><span style=\"color: #000000\">Intervienen:<\/span><\/p><ul><li><span style=\"color: #000000\"><b>Pablo Alonso Rodr\u00edguez\u00a0<\/b>(Doctorado UE). La necesidad de consensuar los usos y l\u00edmites de la inteligencia artificial.<\/span><\/li><li><span style=\"color: #000000\"><b>Ian D\u00e1vila\u00a0<\/b>(Doctorado UE. Investigador predoctoral en la Universidad de Campania Luigi Vantitelli. N\u00e1poles). Inteligencia artificial y derechos pol\u00edticos: las medidas de protecci\u00f3n de la democracia por parte de las instituciones europeas.<\/span><\/li><li><span style=\"color: #000000\"><b>Rosa Mar\u00eda Hern\u00e1ndez Egea<\/b>\u00a0(UMU). Los desafi\u0301os de la Inteligencia Artificial en la Agenda Digital de la Unio\u0301n Europea. Un marco de gobernanza.<\/span><\/li><li><span style=\"color: #000000\"><b>Sonia Mar\u00eda Fern\u00e1ndez L\u00f3pez<\/b>\u00a0(Doctorado UE). Perspectivas de futuro en la justicia y el Estado de Derecho con la evoluci\u00f3n de la IA y la rob\u00f3tica.<\/span><\/li><li><span style=\"color: #000000\"><b>Marta Tudanca Mart\u00ednez<\/b>\u00a0 (M\u00e1ster UE). Inteligencia artificial y justicia.<\/span><\/li><li><span style=\"color: #000000\"><strong>David Tejer\u00eda Cubillos<\/strong> (Doctorado UE) \u201cAn\u00e1lisis del Estatuto de la Agencia Espa\u00f1ola de Supervisi\u00f3n de la Inteligencia Artificial (AESIA) a la luz de la propuesta de Reglamento por el que se establecen normas armonizadas en materia de Inteligencia Artificial\u201d.<\/span><\/li><\/ul><p><span style=\"font-weight: bold;color: #000000\">13.30. Almuerzo<\/span><\/p><\/div>\t\t\t\t\t\t\t\t<\/div>\n\t\t\t\t<\/div>\n\t\t\t\t\t<\/div>\n\t\t<\/div>\n\t\t\t\t<div class=\"elementor-column elementor-col-50 elementor-top-column elementor-element elementor-element-3e00c6d\" data-id=\"3e00c6d\" data-element_type=\"column\" data-e-type=\"column\">\n\t\t\t<div class=\"elementor-widget-wrap elementor-element-populated\">\n\t\t\t\t\t\t<div class=\"elementor-element elementor-element-6a28d07 elementor-widget elementor-widget-text-editor\" data-id=\"6a28d07\" data-element_type=\"widget\" data-e-type=\"widget\" data-widget_type=\"text-editor.default\">\n\t\t\t\t<div class=\"elementor-widget-container\">\n\t\t\t\t\t\t\t\t\t<h2><span style=\"color: #008080\">Martes 28 de noviembre<\/span><\/h2><h4><span style=\"font-size: 1.2em\">SESI\u00d3N DE TARDE<\/span><\/h4><p><span style=\"color: #000000;font-weight: bold\">LUGAR: CENTRO UNED BRUSELAS<\/span><\/p><p><span style=\"color: #000000\"><b><span style=\"font-size: 12pt;font-family: Arial, sans-serif\">15.30 horas.<\/span><\/b><span style=\"font-size: 12pt;font-family: Arial, sans-serif;color: #008000\"> <b><span style=\"color: #003300\">MESA 3. IDENTIDAD EUROPEA E IDENTIDAD NACIONAL: EL RIESGO DE LOS POPULISMOS\u00a0 <\/span>\u00a0 \u00a0 \u00a0 \u00a0 \u00a0<\/b><\/span><\/span><\/p><p><span style=\"font-size: 12pt;font-family: Arial, sans-serif;color: #000000\"><b>Modera:\u00a0<\/b><\/span><\/p><ul><li><span style=\"font-size: 12pt;font-family: Arial, sans-serif;color: #000000\"><span style=\"font-weight: bold\">Carlos Vidal Prado.\u00a0<br \/><\/span><i>Catedr\u00e1tico de Derecho Constitucional. UNED.<\/i><\/span><\/li><\/ul><p><span style=\"font-size: 12pt;font-family: Arial, sans-serif;color: #000000\"><b>Ponencias:<\/b><\/span><\/p><ul><li><span style=\"font-size: 12pt;font-family: Arial, sans-serif;color: #000000\"><strong>Mar\u00eda Jos\u00e9 Majano Ca\u00f1o.\u00a0<\/strong><i>Profesora de Derecho Constitucional. Universidad de Castilla-La Mancha.<\/i><\/span><\/li><li><span style=\"font-size: 12pt;font-family: Arial, sans-serif;color: #000000\"><i><span style=\"font-weight: bold;font-style: normal\">Leyre Burguera Ameave.<\/span><span style=\"font-style: normal\">\u00a0<em>Profesora de Derecho Constitucional. UNED.<\/em><\/span><br \/><\/i><\/span><\/li><li><span style=\"font-size: 12pt;font-family: Arial, sans-serif;color: #000000\"><i><span style=\"font-weight: bold;font-style: normal\">Pablo Cruz Mantilla de los R\u00edos.<\/span> Profesor de Derecho Constitucional. Universidad Pompeu Fabra de Barcelona.<\/i><\/span><\/li><\/ul><p><span style=\"color: #000000\"><b><span style=\"font-size: 12pt;font-family: Arial, sans-serif\">PONENCIAS Y COMUNICACIONES:<\/span><\/b><\/span><\/p><p><span style=\"font-size: 12pt;font-family: Arial, sans-serif;color: #000000\">Modera: <b>Fco. Javier D\u00edaz Revorio<\/b>. <br \/><i>Catedr\u00e1tico de Derecho Constitucional. UCLM.<\/i><\/span><\/p><p><i>INTERVIENEN<\/i>:<\/p><ul><li><span style=\"font-size: 12pt;font-family: Arial, sans-serif;color: #000000\">\u201cLa debilitada educaci\u00f3n en ciudadan\u00eda democr\u00e1tica y el auge de los populismos: del escepticismo a la bipolarizaci\u00f3n de los j\u00f3venes en Espa\u00f1a\u201d <br \/><b>Mar\u00eda Mart\u00edn S\u00e1nchez<\/b>. <i>Profesora Titular de Derecho Constitucional. Universidad de Castilla-La Mancha.<\/i><\/span><\/li><li><span style=\"font-size: 12pt;font-family: Arial, sans-serif;color: #000000\">\u00abLos s\u00edmbolos del Estado desde la perspectiva populista\u00bb<br \/><b>Mar\u00eda del Pilar Molero Mart\u00edn Salas<\/b>. <i>Profesora de Derecho Constitucional, Universidad de Castilla-La Mancha.<\/i><\/span><\/li><\/ul><div><span style=\"color: #000000;font-family: Arial, sans-serif\"><span style=\"font-size: 16px\"><i>COMUNICACIONES<\/i><\/span><\/span><\/div><ul><li><span style=\"color: #000000;font-family: Arial, sans-serif;font-size: 12pt;font-weight: var( --e-global-typography-text-font-weight )\">\u201cEl potencial de las elecciones europeas como instrumento de construcci\u00f3n de la identidad com\u00fan\u201d.\u00a0<\/span><span style=\"color: #000000;font-family: Arial, sans-serif;font-size: 12pt;font-weight: bold\">Ana Caparr\u00f3s Gadea<\/span><span style=\"color: #000000;font-family: Arial, sans-serif;font-size: 12pt;font-weight: var( --e-global-typography-text-font-weight )\">.\u00a0<em>Doctorado UE, investigadora Predoctoral UNED<\/em>.<\/span><\/li><li><span style=\"font-size: 12pt;font-family: Arial, sans-serif;color: #000000\">\u00abEl deber del TJUE de respetar la identidad nacional de los Estados miembros y la aplicaci\u00f3n extensiva del Derecho de la Uni\u00f3n\u00bb.\u00a0<\/span><span style=\"font-weight: bold;color: #000000;font-family: Arial, sans-serif;font-size: 16px\">Mar\u00eda Barril Rodr\u00edguez Arana<\/span><span style=\"color: #000000;font-family: Arial, sans-serif;font-size: 16px\">.\u00a0<\/span><em style=\"color: #000000;font-family: Arial, sans-serif;font-size: 16px\">Investigadora Predoctoral en la Universidad Complutense de Madrid<\/em><span style=\"color: #000000;font-family: Arial, sans-serif;font-size: 16px\">.<\/span><\/li><li><span style=\"font-size: 12pt;font-family: Arial, sans-serif;color: #000000\">\u201cConstrucci\u00f3n de la identidad europea: un desaf\u00edo ineludible\u201d. <strong>Antonio Carrasco Valladolid<\/strong>\u00a0(M\u00e1ster UE) <\/span><\/li><li><span style=\"font-size: 12pt;font-family: Arial, sans-serif;color: #000000\">\u00abLa contribuci\u00f3n de las competiciones deportivas continentales a la creaci\u00f3n de la identidad europea\u00bb. <strong>Jaime Andreu Romero<\/strong>\u00a0(Doctorado UE) <\/span><\/li><li><span style=\"font-size: 12pt;font-family: Arial, sans-serif;color: #000000\">\u201cM\u00e1s periodismo frente al desaf\u00edo populista en Europa\u201d. <strong>J. \u00c1ngel P\u00e9rez A\u00f1\u00f3n<\/strong>\u00a0(Doctorado UE) <\/span><\/li><\/ul><div><h2><span style=\"color: #008080\">Mi\u00e9rcoles 29 de noviembre<\/span><\/h2><h4><span style=\"font-size: 1.2em\">SESI\u00d3N DE MA\u00d1ANA<\/span><\/h4><p><span style=\"color: #000000;font-weight: bold\">LUGAR: CENTRO UNED BRUSELAS<\/span><\/p><\/div><div><span style=\"color: #000000\">\u00a0<b style=\"font-family: var( --e-global-typography-text-font-family ), Sans-serif\"><span style=\"font-size: 12pt;font-family: Arial, sans-serif\">9.00\u00a0<span style=\"color: #003300\">Conferencia:\u00a0<\/span><\/span><\/b><\/span><span style=\"color: #003300\"><strong><span style=\"font-size: 12pt;font-family: Arial, sans-serif\">El Nuevo Pacto de Migraci\u00f3n y Asilo.<\/span><\/strong><\/span><\/div><ul><li><span style=\"font-size: 12pt;font-family: Arial, sans-serif;color: #000000\"><strong>Juan Fernando L\u00f3pez Aguilar<br \/><\/strong><\/span><em><span style=\"font-size: 12pt;font-family: Arial, sans-serif;color: #000000\">Diputado en el Parlamento Europeo. Catedr\u00e1tico de Derecho Constitucional.<\/span><\/em><\/li><\/ul><p><span style=\"color: #000000\"><b><span style=\"font-size: 12pt;font-family: Arial, sans-serif\">10.00 <span style=\"color: #003300\">MESA 4. SEGURIDAD Y DEFENSA EUROPEAS ANTE LA GUERRA DE UCRANIA\u00a0 \u00a0<\/span><\/span><\/b><\/span><\/p><p><span style=\"color: #000000\"><b><span style=\"font-size: 12pt;font-family: Arial, sans-serif\">Modera:\u00a0<\/span><\/b><\/span><\/p><ul><li><span style=\"color: #000000\"><span style=\"font-weight: bold\">Fernando Val Garijo.<\/span>\u00a0<i>Vicerrector Adjunto de Proyectos y Relaciones Internacionales. UNED.<\/i><\/span><\/li><\/ul><p><span lang=\"EN-GB\" style=\"font-size: 12pt;font-family: Arial, sans-serif;color: #000000\"><b>Ponentes:\u00a0<\/b><\/span><\/p><ul><li><span lang=\"EN-GB\" style=\"font-size: 12pt;font-family: Arial, sans-serif;color: #000000\"><strong>Salvador Llopis.<\/strong>\u00a0<i>Project Officer Communications and information Systems, Agencia Europea de Defensa.<\/i><\/span><\/li><li><span lang=\"EN-GB\" style=\"font-size: 12pt;font-family: Arial, sans-serif;color: #000000\"><strong>Paula Redondo.<\/strong>\u00a0<i>Coordinadora de programas en la Oficina de Diplomacia P\u00fablica de la OTAN.<\/i><\/span><\/li><li><span lang=\"EN-GB\" style=\"font-size: 12pt;font-family: Arial, sans-serif;color: #000000\"><strong>Fernando Val Garijo.<\/strong>\u00a0<i>Profesor de Derecho Internacional P\u00fablico de la UNED.<\/i><\/span><\/li><\/ul><p><span style=\"color: #000000\"><b><span style=\"font-size: 12pt;font-family: Arial, sans-serif\">Comunicaciones:<\/span><\/b><\/span><\/p><p><span style=\"font-size: 12pt;font-family: Arial, sans-serif;color: #000000\"><strong>Sara Yildiz Bravo<\/strong>\u00a0(Doctorado UE) La Invasi\u00f3n de Ucrania: \u00bfUn catalizador para la Integraci\u00f3n en la Seguridad y Defensa Europeas?<\/span><\/p><p><span style=\"font-size: 12pt;font-family: Arial, sans-serif;color: #000000\">Finalizaci\u00f3n del Congreso previstas sobre las 12 h<\/span><\/p>\t\t\t\t\t\t\t\t<\/div>\n\t\t\t\t<\/div>\n\t\t\t\t\t<\/div>\n\t\t<\/div>\n\t\t\t\t\t<\/div>\n\t\t<\/section>\n\t\t\t\t<section class=\"elementor-section elementor-top-section elementor-element elementor-element-d513f9e elementor-section-boxed elementor-section-height-default elementor-section-height-default\" data-id=\"d513f9e\" data-element_type=\"section\" data-e-type=\"section\">\n\t\t\t\t\t\t<div class=\"elementor-container elementor-column-gap-default\">\n\t\t\t\t\t<div class=\"elementor-column elementor-col-100 elementor-top-column elementor-element elementor-element-37ce0ef\" data-id=\"37ce0ef\" data-element_type=\"column\" data-e-type=\"column\">\n\t\t\t<div class=\"elementor-widget-wrap elementor-element-populated\">\n\t\t\t\t\t\t<div class=\"elementor-element elementor-element-1eb4854 elementor-widget elementor-widget-text-editor\" data-id=\"1eb4854\" data-element_type=\"widget\" data-e-type=\"widget\" data-widget_type=\"text-editor.default\">\n\t\t\t\t<div class=\"elementor-widget-container\">\n\t\t\t\t\t\t\t\t\t<p><span style=\"color: #000000\"><strong>COMIT\u00c9S 2023<\/strong><\/span><\/p>\t\t\t\t\t\t\t\t<\/div>\n\t\t\t\t<\/div>\n\t\t\t\t\t<\/div>\n\t\t<\/div>\n\t\t\t\t\t<\/div>\n\t\t<\/section>\n\t\t\t\t<section class=\"elementor-section elementor-top-section elementor-element elementor-element-c833f29 elementor-section-boxed elementor-section-height-default elementor-section-height-default\" data-id=\"c833f29\" data-element_type=\"section\" data-e-type=\"section\">\n\t\t\t\t\t\t<div class=\"elementor-container elementor-column-gap-default\">\n\t\t\t\t\t<div class=\"elementor-column elementor-col-50 elementor-top-column elementor-element elementor-element-3cff792\" data-id=\"3cff792\" data-element_type=\"column\" data-e-type=\"column\">\n\t\t\t<div class=\"elementor-widget-wrap elementor-element-populated\">\n\t\t\t\t\t\t<div class=\"elementor-element elementor-element-58817f4 elementor-widget elementor-widget-text-editor\" data-id=\"58817f4\" data-element_type=\"widget\" data-e-type=\"widget\" data-widget_type=\"text-editor.default\">\n\t\t\t\t<div class=\"elementor-widget-container\">\n\t\t\t\t\t\t\t\t\t<p><span style=\"color: #000000\"><em>DIRECCI\u00d3N:<br \/><\/em><br \/>Carlos Vidal Prado<br \/><em>Catedr\u00e1tico de Derecho Constitucional de la UNED<\/em><\/span><\/p><p><span style=\"color: #000000\"><em>COMIT\u00c9 ORGANIZADOR:<\/em><\/span><\/p><ul><li><span style=\"color: #000000\">Mar\u00eda Casado Garc\u00eda-Hirschfeld<\/span><\/li><li><span style=\"color: #000000\">Fernando Val Garijo<\/span><\/li><li><span style=\"color: #000000\">Leyre Burguera Ameave<\/span><\/li><li><span style=\"color: #000000\">Joaqu\u00edn Sarri\u00f3n<\/span><\/li><li><span style=\"color: #000000\">Daniel Capodiferro Cubero<\/span><\/li><li><span style=\"color: #000000\">Amalia Balaguer<\/span><\/li><li><span style=\"color: #000000\">Javier Sierra-Rodr\u00edguez<\/span><\/li><\/ul>\t\t\t\t\t\t\t\t<\/div>\n\t\t\t\t<\/div>\n\t\t\t\t\t<\/div>\n\t\t<\/div>\n\t\t\t\t<div class=\"elementor-column elementor-col-50 elementor-top-column elementor-element elementor-element-c11c486\" data-id=\"c11c486\" data-element_type=\"column\" data-e-type=\"column\">\n\t\t\t<div class=\"elementor-widget-wrap elementor-element-populated\">\n\t\t\t\t\t\t\t<\/div>\n\t\t<\/div>\n\t\t\t\t\t<\/div>\n\t\t<\/section>\n\t\t\t\t<section class=\"elementor-section elementor-top-section elementor-element elementor-element-4bb4621 elementor-section-boxed elementor-section-height-default elementor-section-height-default\" data-id=\"4bb4621\" data-element_type=\"section\" data-e-type=\"section\">\n\t\t\t\t\t\t<div class=\"elementor-container elementor-column-gap-default\">\n\t\t\t\t\t<div class=\"elementor-column elementor-col-33 elementor-top-column elementor-element elementor-element-0ce4b4e\" data-id=\"0ce4b4e\" data-element_type=\"column\" data-e-type=\"column\">\n\t\t\t<div class=\"elementor-widget-wrap elementor-element-populated\">\n\t\t\t\t\t\t<div class=\"elementor-element elementor-element-defacab elementor-widget elementor-widget-text-editor\" data-id=\"defacab\" data-element_type=\"widget\" data-e-type=\"widget\" data-widget_type=\"text-editor.default\">\n\t\t\t\t<div class=\"elementor-widget-container\">\n\t\t\t\t\t\t\t\t\t<p style=\"text-align: center\">Acceso al <a href=\"https:\/\/drive.google.com\/file\/d\/1XXpu9P8Z9Nfn4gG3h3BbodqxbI8BYD-Z\/view?usp=sharing\"><strong>PROGRAMA EN PDF<\/strong>\u00a0<\/a><\/p>\t\t\t\t\t\t\t\t<\/div>\n\t\t\t\t<\/div>\n\t\t\t\t\t<\/div>\n\t\t<\/div>\n\t\t\t\t<div class=\"elementor-column elementor-col-33 elementor-top-column elementor-element elementor-element-340a0af\" data-id=\"340a0af\" data-element_type=\"column\" data-e-type=\"column\">\n\t\t\t<div class=\"elementor-widget-wrap\">\n\t\t\t\t\t\t\t<\/div>\n\t\t<\/div>\n\t\t\t\t<div class=\"elementor-column elementor-col-33 elementor-top-column elementor-element elementor-element-ea5001a\" data-id=\"ea5001a\" data-element_type=\"column\" data-e-type=\"column\">\n\t\t\t<div class=\"elementor-widget-wrap\">\n\t\t\t\t\t\t\t<\/div>\n\t\t<\/div>\n\t\t\t\t\t<\/div>\n\t\t<\/section>\n\t\t\t\t<section class=\"elementor-section elementor-top-section elementor-element elementor-element-4862992 elementor-section-boxed elementor-section-height-default elementor-section-height-default\" data-id=\"4862992\" data-element_type=\"section\" data-e-type=\"section\">\n\t\t\t\t\t\t<div class=\"elementor-container elementor-column-gap-default\">\n\t\t\t\t\t<div class=\"elementor-column elementor-col-50 elementor-top-column elementor-element elementor-element-675b0ef\" data-id=\"675b0ef\" data-element_type=\"column\" data-e-type=\"column\">\n\t\t\t<div class=\"elementor-widget-wrap elementor-element-populated\">\n\t\t\t\t\t\t<div class=\"elementor-element elementor-element-09987db elementor-widget elementor-widget-text-editor\" data-id=\"09987db\" data-element_type=\"widget\" data-e-type=\"widget\" data-widget_type=\"text-editor.default\">\n\t\t\t\t<div class=\"elementor-widget-container\">\n\t\t\t\t\t\t\t\t\t<p><img decoding=\"async\" class=\"alignnone size-medium wp-image-2121 aligncenter\" src=\"https:\/\/blogs.uned.es\/congresobruselasmasterue\/wp-content\/uploads\/sites\/369\/2023\/11\/logo-micin-300x58.jpg\" alt=\"\" width=\"300\" height=\"58\" srcset=\"https:\/\/blogs.uned.es\/congresobruselasmasterue\/wp-content\/uploads\/sites\/369\/2023\/11\/logo-micin-300x58.jpg 300w, https:\/\/blogs.uned.es\/congresobruselasmasterue\/wp-content\/uploads\/sites\/369\/2023\/11\/logo-micin.jpg 512w\" sizes=\"(max-width: 300px) 100vw, 300px\" \/><\/p><p style=\"text-align: center\">Proyecto de investigaci\u00f3n EDUCAVAL (PID2021-127680OB-I00)<br \/><span style=\"color: var( --e-global-color-text );font-family: var( --e-global-typography-text-font-family ), Sans-serif;font-weight: var( --e-global-typography-text-font-weight )\">(Investigadores principales: F. Javier D\u00edaz Revorio y Carlos Vidal Prado)<\/span><\/p><p style=\"text-align: center\">Financiado por: FEDER\/Ministerio de Ciencia e Innovaci\u00f3n \u2013 Agencia Estatal de Investigaci\u00f3n<\/p>\t\t\t\t\t\t\t\t<\/div>\n\t\t\t\t<\/div>\n\t\t\t\t\t<\/div>\n\t\t<\/div>\n\t\t\t\t<div class=\"elementor-column elementor-col-50 elementor-top-column elementor-element elementor-element-04224e5\" data-id=\"04224e5\" data-element_type=\"column\" data-e-type=\"column\">\n\t\t\t<div class=\"elementor-widget-wrap elementor-element-populated\">\n\t\t\t\t\t\t<div class=\"elementor-element elementor-element-e2c5f57 elementor-widget elementor-widget-text-editor\" data-id=\"e2c5f57\" data-element_type=\"widget\" data-e-type=\"widget\" data-widget_type=\"text-editor.default\">\n\t\t\t\t<div class=\"elementor-widget-container\">\n\t\t\t\t\t\t\t\t\t<p style=\"text-align: center\"><span style=\"color: var( --e-global-color-text );font-family: var( --e-global-typography-text-font-family ), Sans-serif;font-weight: var( --e-global-typography-text-font-weight )\"><img decoding=\"async\" class=\"alignnone wp-image-63 aligncenter\" src=\"https:\/\/blogs.uned.es\/congresobruselasmasterue\/wp-content\/uploads\/sites\/369\/2019\/10\/logo_uned_solo_transparente-300x300.png\" alt=\"\" width=\"57\" height=\"57\" srcset=\"https:\/\/blogs.uned.es\/congresobruselasmasterue\/wp-content\/uploads\/sites\/369\/2019\/10\/logo_uned_solo_transparente-300x300.png 300w, https:\/\/blogs.uned.es\/congresobruselasmasterue\/wp-content\/uploads\/sites\/369\/2019\/10\/logo_uned_solo_transparente-150x150.png 150w, https:\/\/blogs.uned.es\/congresobruselasmasterue\/wp-content\/uploads\/sites\/369\/2019\/10\/logo_uned_solo_transparente.png 500w\" sizes=\"(max-width: 57px) 100vw, 57px\" \/>Proyecto de investigaci\u00f3n EUPARLAW (2021V\/-TAJOV\/002)<br \/><\/span><span style=\"color: var( --e-global-color-text );font-family: var( --e-global-typography-text-font-family ), Sans-serif;font-weight: var( --e-global-typography-text-font-weight )\">(Investigador principal: Daniel Capodiferro Cubero)<\/span><\/p><p style=\"text-align: center\">Financiado por: UNED-Plan de Promoci\u00f3n de la Investigaci\u00f3n &#8211; Talento Joven 2021<\/p>\t\t\t\t\t\t\t\t<\/div>\n\t\t\t\t<\/div>\n\t\t\t\t\t<\/div>\n\t\t<\/div>\n\t\t\t\t\t<\/div>\n\t\t<\/section>\n\t\t\t\t<section class=\"elementor-section elementor-top-section elementor-element elementor-element-98b363c elementor-section-boxed elementor-section-height-default elementor-section-height-default\" data-id=\"98b363c\" data-element_type=\"section\" data-e-type=\"section\">\n\t\t\t\t\t\t<div class=\"elementor-container elementor-column-gap-default\">\n\t\t\t\t\t<div class=\"elementor-column elementor-col-50 elementor-top-column elementor-element elementor-element-1e2fc61\" data-id=\"1e2fc61\" data-element_type=\"column\" data-e-type=\"column\">\n\t\t\t<div class=\"elementor-widget-wrap elementor-element-populated\">\n\t\t\t\t\t\t<div class=\"elementor-element elementor-element-e6b9b2c elementor-widget elementor-widget-text-editor\" data-id=\"e6b9b2c\" data-element_type=\"widget\" data-e-type=\"widget\" data-widget_type=\"text-editor.default\">\n\t\t\t\t<div class=\"elementor-widget-container\">\n\t\t\t\t\t\t\t\t\t<p><img decoding=\"async\" class=\"alignnone size-medium wp-image-2197 aligncenter\" src=\"https:\/\/blogs.uned.es\/congresobruselasmasterue\/wp-content\/uploads\/sites\/369\/2023\/11\/ue-300x63.jpg\" alt=\"\" width=\"300\" height=\"63\" srcset=\"https:\/\/blogs.uned.es\/congresobruselasmasterue\/wp-content\/uploads\/sites\/369\/2023\/11\/ue-300x63.jpg 300w, https:\/\/blogs.uned.es\/congresobruselasmasterue\/wp-content\/uploads\/sites\/369\/2023\/11\/ue-768x162.jpg 768w, https:\/\/blogs.uned.es\/congresobruselasmasterue\/wp-content\/uploads\/sites\/369\/2023\/11\/ue.jpg 889w\" sizes=\"(max-width: 300px) 100vw, 300px\" \/><\/p><p style=\"text-align: center\">C\u00e1tedra Jean Monnet Gobernanza y Regulaci\u00f3n en la era Digital <br \/>Proyecto 101127331 <em>GovReDig<\/em><em>. <\/em><\/p><p style=\"text-align: center\">M\u00f3dulo Jean Monnet Jurisdicci\u00f3n y Procedimientos en la Uni\u00f3n Europea<br \/>621025-EPP-1-2020-1-ES-EPPJMO-MODULE- <em>EUJuris<\/em><\/p>\t\t\t\t\t\t\t\t<\/div>\n\t\t\t\t<\/div>\n\t\t\t\t\t<\/div>\n\t\t<\/div>\n\t\t\t\t<div class=\"elementor-column elementor-col-50 elementor-top-column elementor-element elementor-element-bb6b468\" data-id=\"bb6b468\" data-element_type=\"column\" data-e-type=\"column\">\n\t\t\t<div class=\"elementor-widget-wrap elementor-element-populated\">\n\t\t\t\t\t\t<div class=\"elementor-element elementor-element-4d24c82 elementor-widget elementor-widget-text-editor\" data-id=\"4d24c82\" data-element_type=\"widget\" data-e-type=\"widget\" data-widget_type=\"text-editor.default\">\n\t\t\t\t<div class=\"elementor-widget-container\">\n\t\t\t\t\t\t\t\t\t<p style=\"text-align: center\"><span style=\"color: var( --e-global-color-text );font-family: var( --e-global-typography-text-font-family ), Sans-serif;font-weight: var( --e-global-typography-text-font-weight )\"><img loading=\"lazy\" decoding=\"async\" class=\"alignnone  wp-image-2189\" src=\"https:\/\/blogs.uned.es\/congresobruselasmasterue\/wp-content\/uploads\/sites\/369\/2023\/11\/descarga-300x124.jpg\" alt=\"\" width=\"198\" height=\"82\" srcset=\"https:\/\/blogs.uned.es\/congresobruselasmasterue\/wp-content\/uploads\/sites\/369\/2023\/11\/descarga-300x124.jpg 300w, https:\/\/blogs.uned.es\/congresobruselasmasterue\/wp-content\/uploads\/sites\/369\/2023\/11\/descarga-245x100.jpg 245w, https:\/\/blogs.uned.es\/congresobruselasmasterue\/wp-content\/uploads\/sites\/369\/2023\/11\/descarga.jpg 349w\" sizes=\"(max-width: 198px) 100vw, 198px\" \/><br \/>Vicerrectorado de Investigaci\u00f3n, Transferencia del Conocimiento y Divulgaci\u00f3n Cient\u00edfica<\/span><\/p><p style=\"text-align: center\">Universidad Nacional de Educaci\u00f3n a Distancia. UNED<\/p>\t\t\t\t\t\t\t\t<\/div>\n\t\t\t\t<\/div>\n\t\t\t\t\t<\/div>\n\t\t<\/div>\n\t\t\t\t\t<\/div>\n\t\t<\/section>\n\t\t\t\t<\/div>\n\t\t","protected":false},"excerpt":{"rendered":"<p>IX Congreso Internacional sobre la Uni\u00f3n Europea\u00a0\u00abElecciones 2024. Los retos de la Uni\u00f3n Europea\u00bb MODALIDAD PRESENCIAL(no hay modalidad online) Programa en PDF Lunes 27 de noviembre SESI\u00d3N DE TARDE\u00a0 LUGAR: PARLAMENTO EUROPEO 15:30 Llegada e ingreso al Parlamento Europeo. Acreditaciones 16:00\u00a0Encuentro con\u00a0Adri\u00e1n V\u00e1zquez\u00a0y\u00a0Eva Poptcheva, diputados en el Parlamento Europeo. 17:00 Bienvenida a cargo de Javier Zarzalejos, diputado en el Parlamento Europeo 17:10 Daniel Calleja, Director General del Servicio Jur\u00eddico de la Comisi\u00f3n Europea 17:50 Pausa caf\u00e9 18:10 Camilo Villarino, Jefe de Gabinete del Alto representante de la Uni\u00f3n para Asuntos Exteriores y Pol\u00edtica de Seguridad y vicepresidente de la Comisi\u00f3n Europea, Josep Borrell. 19:00\u00a0 Visita hemiciclo. Martes 28 de noviembre SESI\u00d3N DE MA\u00d1ANA LUGAR: CENTRO UNED BRUSELAS 9.00. Inauguraci\u00f3n curso acad\u00e9mico 2023\/24 en el Centro de la UNED de Bruselas Intervienen: Mar\u00eda Casado Garc\u00eda-Hirschfeld.\u00a0Directora UNED Bruselas. Fernando Val Garijo.\u00a0Vicerrector Adjunto de Proyectos y Relaciones Internacionales. UNED. 9.30 Inauguraci\u00f3n del Congreso.&hellip;<\/p>\n<p> <a class=\"more-link\" href=\"https:\/\/blogs.uned.es\/congresobruselasmasterue\/programa-congreso-2023\/\">Leer m\u00e1s<\/a><\/p>\n","protected":false},"author":7617,"featured_media":0,"parent":0,"menu_order":0,"comment_status":"closed","ping_status":"closed","template":"","meta":{"footnotes":""},"class_list":["post-1443","page","type-page","status-publish"],"_links":{"self":[{"href":"https:\/\/blogs.uned.es\/congresobruselasmasterue\/wp-json\/wp\/v2\/pages\/1443","targetHints":{"allow":["GET"]}}],"collection":[{"href":"https:\/\/blogs.uned.es\/congresobruselasmasterue\/wp-json\/wp\/v2\/pages"}],"about":[{"href":"https:\/\/blogs.uned.es\/congresobruselasmasterue\/wp-json\/wp\/v2\/types\/page"}],"author":[{"embeddable":true,"href":"https:\/\/blogs.uned.es\/congresobruselasmasterue\/wp-json\/wp\/v2\/users\/7617"}],"replies":[{"embeddable":true,"href":"https:\/\/blogs.uned.es\/congresobruselasmasterue\/wp-json\/wp\/v2\/comments?post=1443"}],"version-history":[{"count":169,"href":"https:\/\/blogs.uned.es\/congresobruselasmasterue\/wp-json\/wp\/v2\/pages\/1443\/revisions"}],"predecessor-version":[{"id":2453,"href":"https:\/\/blogs.uned.es\/congresobruselasmasterue\/wp-json\/wp\/v2\/pages\/1443\/revisions\/2453"}],"wp:attachment":[{"href":"https:\/\/blogs.uned.es\/congresobruselasmasterue\/wp-json\/wp\/v2\/media?parent=1443"}],"curies":[{"name":"wp","href":"https:\/\/api.w.org\/{rel}","templated":true}]}}