{"id":801,"date":"2021-01-21T16:49:59","date_gmt":"2021-01-21T15:49:59","guid":{"rendered":"http:\/\/blogs.uned.es\/compedigi\/?page_id=801"},"modified":"2021-01-22T10:58:30","modified_gmt":"2021-01-22T09:58:30","slug":"noticias","status":"publish","type":"page","link":"https:\/\/blogs.uned.es\/compedigi\/noticias\/","title":{"rendered":"Noticias"},"content":{"rendered":"\t\t<div data-elementor-type=\"wp-page\" data-elementor-id=\"801\" class=\"elementor elementor-801\">\n\t\t\t\t\t\t<section class=\"elementor-section elementor-top-section elementor-element elementor-element-36cf8e4 elementor-section-boxed elementor-section-height-default elementor-section-height-default\" data-id=\"36cf8e4\" data-element_type=\"section\" data-e-type=\"section\">\n\t\t\t\t\t\t<div class=\"elementor-container elementor-column-gap-default\">\n\t\t\t\t\t<div class=\"elementor-column elementor-col-100 elementor-top-column elementor-element elementor-element-a904989\" data-id=\"a904989\" data-element_type=\"column\" data-e-type=\"column\">\n\t\t\t<div class=\"elementor-widget-wrap elementor-element-populated\">\n\t\t\t\t\t\t<div class=\"elementor-element elementor-element-adbb666 elementor-widget elementor-widget-eael-content-ticker\" data-id=\"adbb666\" data-element_type=\"widget\" data-e-type=\"widget\" data-widget_type=\"eael-content-ticker.default\">\n\t\t\t\t<div class=\"elementor-widget-container\">\n\t\t\t\t\t<div class=\"eael-ticker-wrap\" id=\"eael-ticker-wrap-adbb666\"><div class=\"ticker-badge\">\n                    <span>Tendencias hoy<\/span>\n                <\/div><div class=\"eael-ticker\">\n                <div class=\"swiper swiper-8 eael-content-ticker swiper-container-adbb666\" data-pagination=\".swiper-pagination-adbb666\" data-arrow-next=\".swiper-button-next-adbb666\" data-arrow-prev=\".swiper-button-prev-adbb666\" data-effect=\"slide\" data-speed=\"400\" data-autoplay=\"2000\" data-loop=\"1\" data-arrows=\"1\">\n                    <div class=\"swiper-wrapper\"><div class=\"swiper-slide\">\n        <div class=\"ticker-content\">\n            <a href=\"https:\/\/blogs.uned.es\/compedigi\/2022\/12\/02\/capacitacion-de-formadores-en-la-competencia-digital-de-informacion-y-alfabetizacion-informacional-2da-edicion\/\" class=\"ticker-content-link\">Capacitaci\u00f3n de Formadores en la Competencia Digital de Informaci\u00f3n y Alfabetizaci\u00f3n Informacional (2da. Edici\u00f3n)<\/a>\n        <\/div>\n    <\/div><div class=\"swiper-slide\">\n        <div class=\"ticker-content\">\n            <a href=\"https:\/\/blogs.uned.es\/compedigi\/2022\/10\/07\/la-aecid-y-la-uned-organizan-el-primer-congreso-de-formadores-de-formadores-en-competencias-digitales-en-paises-de-alc\/\" class=\"ticker-content-link\">La AECID y la UNED organizan el primer Congreso de Formadores de Formadores en Competencias Digitales en pa\u00edses de ALC<\/a>\n        <\/div>\n    <\/div><div class=\"swiper-slide\">\n        <div class=\"ticker-content\">\n            <a href=\"https:\/\/blogs.uned.es\/compedigi\/2022\/07\/21\/congreso-de-formadoresde-formadores-en-competenciasdigitales-en-paises-de-america-latina-y-el-caribe\/\" class=\"ticker-content-link\">CONGRESO DE FORMADORESDE FORMADORES EN COMPETENCIAS DIGITALES EN PA\u00cdSES DE AM\u00c9RICA LATINA Y EL CARIBE<\/a>\n        <\/div>\n    <\/div><div class=\"swiper-slide\">\n        <div class=\"ticker-content\">\n            <a href=\"https:\/\/blogs.uned.es\/compedigi\/2022\/06\/29\/i-congreso-de-formadores-de-formadores-en-competencias-digitales-en-paises-de-latinoamerica-y-el-caribe\/\" class=\"ticker-content-link\">I Congreso de Formadores de Formadores en Competencias Digitales en Pa\u00edses de Latinoam\u00e9rica y el Caribe<\/a>\n        <\/div>\n    <\/div><\/div>\n\t\t\t\t<\/div> <div class=\"content-ticker-pagination\"><div class=\"swiper-button-next swiper-button-next-adbb666\"><i class=\"fas fa-angle-right\"><\/i><\/div><div class=\"swiper-button-prev swiper-button-prev-adbb666\"><i class=\"fas fa-angle-left\"><\/i><\/div><\/div><\/div>\n\t\t<\/div>\t\t\t\t<\/div>\n\t\t\t\t<\/div>\n\t\t\t\t\t<\/div>\n\t\t<\/div>\n\t\t\t\t\t<\/div>\n\t\t<\/section>\n\t\t\t\t<section class=\"elementor-section elementor-top-section elementor-element elementor-element-48d2f6a elementor-section-boxed elementor-section-height-default elementor-section-height-default\" data-id=\"48d2f6a\" data-element_type=\"section\" data-e-type=\"section\">\n\t\t\t\t\t\t<div class=\"elementor-container elementor-column-gap-default\">\n\t\t\t\t\t<div class=\"elementor-column elementor-col-100 elementor-top-column elementor-element elementor-element-da21084\" data-id=\"da21084\" data-element_type=\"column\" data-e-type=\"column\">\n\t\t\t<div class=\"elementor-widget-wrap elementor-element-populated\">\n\t\t\t\t\t\t<div class=\"elementor-element elementor-element-9bc7621 elementor-grid-eael-col-4 elementor-grid-tablet-eael-col-2 elementor-grid-mobile-eael-col-1 elementor-widget elementor-widget-eael-post-grid\" data-id=\"9bc7621\" data-element_type=\"widget\" data-e-type=\"widget\" data-settings=\"{&quot;eael_post_grid_columns&quot;:&quot;eael-col-4&quot;,&quot;eael_post_grid_columns_tablet&quot;:&quot;eael-col-2&quot;,&quot;eael_post_grid_columns_mobile&quot;:&quot;eael-col-1&quot;}\" data-widget_type=\"eael-post-grid.default\">\n\t\t\t\t<div class=\"elementor-widget-container\">\n\t\t\t\t\t<div id=\"eael-post-grid-9bc7621\" class=\"eael-post-grid-container\">\n            <div class=\"eael-post-grid eael-post-appender eael-post-appender-9bc7621 eael-post-grid-style-one\" data-layout-mode=\"grid\"><article class=\"eael-grid-post  eael-post-grid-column eael-pg-post-1645 category-competencias-digitales-formacion-noticias\" data-id=\"1645\">\n        <div class=\"eael-grid-post-holder\">\n            <div class=\"eael-grid-post-holder-inner\"><div class=\"eael-entry-media\"><div class=\"eael-entry-overlay fade-in\"><i class=\"fas fa-long-arrow-alt-right\" aria-hidden=\"true\"><\/i><a href=\"https:\/\/blogs.uned.es\/compedigi\/2022\/12\/02\/capacitacion-de-formadores-en-la-competencia-digital-de-informacion-y-alfabetizacion-informacional-2da-edicion\/\"><\/a><\/div><div class=\"eael-entry-thumbnail \">\n                <img fetchpriority=\"high\" decoding=\"async\" width=\"300\" height=\"213\" src=\"https:\/\/blogs.uned.es\/compedigi\/wp-content\/uploads\/sites\/267\/2022\/12\/Competencias-Digitales-Basicas2-300x213.jpg\" class=\"attachment-medium size-medium wp-image-1647\" alt=\"\" srcset=\"https:\/\/blogs.uned.es\/compedigi\/wp-content\/uploads\/sites\/267\/2022\/12\/Competencias-Digitales-Basicas2-300x213.jpg 300w, https:\/\/blogs.uned.es\/compedigi\/wp-content\/uploads\/sites\/267\/2022\/12\/Competencias-Digitales-Basicas2-1024x726.jpg 1024w, https:\/\/blogs.uned.es\/compedigi\/wp-content\/uploads\/sites\/267\/2022\/12\/Competencias-Digitales-Basicas2-768x544.jpg 768w, https:\/\/blogs.uned.es\/compedigi\/wp-content\/uploads\/sites\/267\/2022\/12\/Competencias-Digitales-Basicas2-1536x1089.jpg 1536w, https:\/\/blogs.uned.es\/compedigi\/wp-content\/uploads\/sites\/267\/2022\/12\/Competencias-Digitales-Basicas2.jpg 1806w\" sizes=\"(max-width: 300px) 100vw, 300px\" \/>\n            <\/div>\n        <\/div><div class=\"eael-entry-wrapper\"><header class=\"eael-entry-header\"><h2 class=\"eael-entry-title\"><a class=\"eael-grid-post-link\" href=\"https:\/\/blogs.uned.es\/compedigi\/2022\/12\/02\/capacitacion-de-formadores-en-la-competencia-digital-de-informacion-y-alfabetizacion-informacional-2da-edicion\/\" title=\"Capacitaci\u00f3n de Formadores en la Competencia Digital de Informaci\u00f3n y Alfabetizaci\u00f3n Informacional (2da. Edici\u00f3n)\">Capacitaci\u00f3n de Formadores en la Competencia Digital de Informaci\u00f3n y Alfabetizaci\u00f3n Informacional (2da. Edici\u00f3n)<\/a><\/h2><\/header><div class=\"eael-entry-content\">\n                        <div class=\"eael-grid-post-excerpt\"><p>Curso virtual de Informaci\u00f3n y Alfabetizaci\u00f3n Informacional que inicia el...<\/p><a href=\"https:\/\/blogs.uned.es\/compedigi\/2022\/12\/02\/capacitacion-de-formadores-en-la-competencia-digital-de-informacion-y-alfabetizacion-informacional-2da-edicion\/\" class=\"eael-post-elements-readmore-btn\">Leer m\u00e1s<\/a><\/div>\n                    <\/div><div class=\"eael-entry-footer\"><div class=\"eael-author-avatar\"><a href=\"https:\/\/blogs.uned.es\/compedigi\/author\/rsebastia\/\"><img alt='rsebastia' src='https:\/\/secure.gravatar.com\/avatar\/ef02da22e9692bf681e45ba1e52f14a1329d9418f29f8378b120789fbe74cd5c?s=96&#038;d=mm&#038;r=g' srcset='https:\/\/secure.gravatar.com\/avatar\/ef02da22e9692bf681e45ba1e52f14a1329d9418f29f8378b120789fbe74cd5c?s=192&#038;d=mm&#038;r=g 2x' class='img-responsive rounded-circle avatar-96 photo' height='96' width='96' \/><\/a><\/div><div class=\"eael-entry-meta\"><span class=\"eael-posted-by\"><a href=\"https:\/\/blogs.uned.es\/compedigi\/author\/rsebastia\/\" title=\"Entradas de rsebastia\" rel=\"author\">rsebastia<\/a><\/span><span class=\"eael-posted-on\"><time datetime=\"2 diciembre, 2022\">2 diciembre, 2022<\/time><\/span><\/div><\/div><\/div><\/div>\n        <\/div>\n    <\/article><article class=\"eael-grid-post  eael-post-grid-column eael-pg-post-1621 category-competencias-digitales-congresos-formacion-noticias tags-competencias-digitales-formacion-formadorescompetenciasdigitales-intercoonecta-innovacion-investigacion\" data-id=\"1621\">\n        <div class=\"eael-grid-post-holder\">\n            <div class=\"eael-grid-post-holder-inner\"><div class=\"eael-entry-wrapper\"><header class=\"eael-entry-header\"><h2 class=\"eael-entry-title\"><a class=\"eael-grid-post-link\" href=\"https:\/\/blogs.uned.es\/compedigi\/2022\/10\/07\/la-aecid-y-la-uned-organizan-el-primer-congreso-de-formadores-de-formadores-en-competencias-digitales-en-paises-de-alc\/\" title=\"La AECID y la UNED organizan el primer Congreso de Formadores de Formadores en Competencias Digitales en pa\u00edses de ALC\">La AECID y la UNED organizan el primer Congreso de Formadores de Formadores en Competencias Digitales en pa\u00edses de ALC<\/a><\/h2><\/header><div class=\"eael-entry-content\">\n                        <div class=\"eael-grid-post-excerpt\"><p>l Congreso de&nbsp;\u00abForrmadores de Formadores en Competencias Digitales en pa\u00edses...<\/p><a href=\"https:\/\/blogs.uned.es\/compedigi\/2022\/10\/07\/la-aecid-y-la-uned-organizan-el-primer-congreso-de-formadores-de-formadores-en-competencias-digitales-en-paises-de-alc\/\" class=\"eael-post-elements-readmore-btn\">Leer m\u00e1s<\/a><\/div>\n                    <\/div><div class=\"eael-entry-footer\"><div class=\"eael-author-avatar\"><a href=\"https:\/\/blogs.uned.es\/compedigi\/author\/rsebastia\/\"><img alt='rsebastia' src='https:\/\/secure.gravatar.com\/avatar\/ef02da22e9692bf681e45ba1e52f14a1329d9418f29f8378b120789fbe74cd5c?s=96&#038;d=mm&#038;r=g' srcset='https:\/\/secure.gravatar.com\/avatar\/ef02da22e9692bf681e45ba1e52f14a1329d9418f29f8378b120789fbe74cd5c?s=192&#038;d=mm&#038;r=g 2x' class='img-responsive rounded-circle avatar-96 photo' height='96' width='96' \/><\/a><\/div><div class=\"eael-entry-meta\"><span class=\"eael-posted-by\"><a href=\"https:\/\/blogs.uned.es\/compedigi\/author\/rsebastia\/\" title=\"Entradas de rsebastia\" rel=\"author\">rsebastia<\/a><\/span><span class=\"eael-posted-on\"><time datetime=\"7 octubre, 2022\">7 octubre, 2022<\/time><\/span><\/div><\/div><\/div><\/div>\n        <\/div>\n    <\/article><article class=\"eael-grid-post  eael-post-grid-column eael-pg-post-1401 category-competencias-digitales-congresos-formacion-noticias tags-competencias-digitales-cursos-formacion-innovacion-investigacion\" data-id=\"1401\">\n        <div class=\"eael-grid-post-holder\">\n            <div class=\"eael-grid-post-holder-inner\"><div class=\"eael-entry-media\"><div class=\"eael-entry-overlay fade-in\"><i class=\"fas fa-long-arrow-alt-right\" aria-hidden=\"true\"><\/i><a href=\"https:\/\/blogs.uned.es\/compedigi\/2022\/07\/21\/congreso-de-formadoresde-formadores-en-competenciasdigitales-en-paises-de-america-latina-y-el-caribe\/\"><\/a><\/div><div class=\"eael-entry-thumbnail \">\n                <img decoding=\"async\" width=\"300\" height=\"169\" src=\"https:\/\/blogs.uned.es\/compedigi\/wp-content\/uploads\/sites\/267\/2022\/07\/Congreso-de-formadores-300x169.jpg\" class=\"attachment-medium size-medium wp-image-1539\" alt=\"\" srcset=\"https:\/\/blogs.uned.es\/compedigi\/wp-content\/uploads\/sites\/267\/2022\/07\/Congreso-de-formadores-300x169.jpg 300w, https:\/\/blogs.uned.es\/compedigi\/wp-content\/uploads\/sites\/267\/2022\/07\/Congreso-de-formadores-1024x576.jpg 1024w, https:\/\/blogs.uned.es\/compedigi\/wp-content\/uploads\/sites\/267\/2022\/07\/Congreso-de-formadores-768x432.jpg 768w, https:\/\/blogs.uned.es\/compedigi\/wp-content\/uploads\/sites\/267\/2022\/07\/Congreso-de-formadores.jpg 1152w\" sizes=\"(max-width: 300px) 100vw, 300px\" \/>\n            <\/div>\n        <\/div><div class=\"eael-entry-wrapper\"><header class=\"eael-entry-header\"><h2 class=\"eael-entry-title\"><a class=\"eael-grid-post-link\" href=\"https:\/\/blogs.uned.es\/compedigi\/2022\/07\/21\/congreso-de-formadoresde-formadores-en-competenciasdigitales-en-paises-de-america-latina-y-el-caribe\/\" title=\"CONGRESO DE FORMADORESDE FORMADORES EN COMPETENCIAS DIGITALES EN PA\u00cdSES DE AM\u00c9RICA LATINA Y EL CARIBE\">CONGRESO DE FORMADORESDE FORMADORES EN COMPETENCIAS DIGITALES EN PA\u00cdSES DE AM\u00c9RICA LATINA Y EL CARIBE<\/a><\/h2><\/header><div class=\"eael-entry-content\">\n                        <div class=\"eael-grid-post-excerpt\"><p>El nuevo Plan de Transferencia, Intercambio y Gesti\u00f3n de Conocimiento...<\/p><a href=\"https:\/\/blogs.uned.es\/compedigi\/2022\/07\/21\/congreso-de-formadoresde-formadores-en-competenciasdigitales-en-paises-de-america-latina-y-el-caribe\/\" class=\"eael-post-elements-readmore-btn\">Leer m\u00e1s<\/a><\/div>\n                    <\/div><div class=\"eael-entry-footer\"><div class=\"eael-author-avatar\"><a href=\"https:\/\/blogs.uned.es\/compedigi\/author\/rsebastia\/\"><img alt='rsebastia' src='https:\/\/secure.gravatar.com\/avatar\/ef02da22e9692bf681e45ba1e52f14a1329d9418f29f8378b120789fbe74cd5c?s=96&#038;d=mm&#038;r=g' srcset='https:\/\/secure.gravatar.com\/avatar\/ef02da22e9692bf681e45ba1e52f14a1329d9418f29f8378b120789fbe74cd5c?s=192&#038;d=mm&#038;r=g 2x' class='img-responsive rounded-circle avatar-96 photo' height='96' width='96' \/><\/a><\/div><div class=\"eael-entry-meta\"><span class=\"eael-posted-by\"><a href=\"https:\/\/blogs.uned.es\/compedigi\/author\/rsebastia\/\" title=\"Entradas de rsebastia\" rel=\"author\">rsebastia<\/a><\/span><span class=\"eael-posted-on\"><time datetime=\"21 julio, 2022\">21 julio, 2022<\/time><\/span><\/div><\/div><\/div><\/div>\n        <\/div>\n    <\/article><article class=\"eael-grid-post  eael-post-grid-column eael-pg-post-1365 category-competencias-digitales-formacion-noticias tags-competencias-digitales-2-congreso-educacion-formacion-2-innovacion-investigacion\" data-id=\"1365\">\n        <div class=\"eael-grid-post-holder\">\n            <div class=\"eael-grid-post-holder-inner\"><div class=\"eael-entry-media\"><div class=\"eael-entry-overlay fade-in\"><i class=\"fas fa-long-arrow-alt-right\" aria-hidden=\"true\"><\/i><a href=\"https:\/\/blogs.uned.es\/compedigi\/2022\/06\/29\/i-congreso-de-formadores-de-formadores-en-competencias-digitales-en-paises-de-latinoamerica-y-el-caribe\/\"><\/a><\/div><div class=\"eael-entry-thumbnail \">\n                <img decoding=\"async\" width=\"300\" height=\"169\" src=\"https:\/\/blogs.uned.es\/compedigi\/wp-content\/uploads\/sites\/267\/2022\/06\/clases-on-line-300x169.jpeg\" class=\"attachment-medium size-medium wp-image-1385\" alt=\"\" srcset=\"https:\/\/blogs.uned.es\/compedigi\/wp-content\/uploads\/sites\/267\/2022\/06\/clases-on-line-300x169.jpeg 300w, https:\/\/blogs.uned.es\/compedigi\/wp-content\/uploads\/sites\/267\/2022\/06\/clases-on-line.jpeg 660w\" sizes=\"(max-width: 300px) 100vw, 300px\" \/>\n            <\/div>\n        <\/div><div class=\"eael-entry-wrapper\"><header class=\"eael-entry-header\"><h2 class=\"eael-entry-title\"><a class=\"eael-grid-post-link\" href=\"https:\/\/blogs.uned.es\/compedigi\/2022\/06\/29\/i-congreso-de-formadores-de-formadores-en-competencias-digitales-en-paises-de-latinoamerica-y-el-caribe\/\" title=\"I Congreso de Formadores de Formadores en Competencias Digitales en Pa\u00edses de Latinoam\u00e9rica y el Caribe\">I Congreso de Formadores de Formadores en Competencias Digitales en Pa\u00edses de Latinoam\u00e9rica y el Caribe<\/a><\/h2><\/header><div class=\"eael-entry-content\">\n                        <div class=\"eael-grid-post-excerpt\"><p>I Congreso de Formadores de Formadores en Competencias Digitales en...<\/p><a href=\"https:\/\/blogs.uned.es\/compedigi\/2022\/06\/29\/i-congreso-de-formadores-de-formadores-en-competencias-digitales-en-paises-de-latinoamerica-y-el-caribe\/\" class=\"eael-post-elements-readmore-btn\">Leer m\u00e1s<\/a><\/div>\n                    <\/div><div class=\"eael-entry-footer\"><div class=\"eael-author-avatar\"><a href=\"https:\/\/blogs.uned.es\/compedigi\/author\/rsebastia\/\"><img alt='rsebastia' src='https:\/\/secure.gravatar.com\/avatar\/ef02da22e9692bf681e45ba1e52f14a1329d9418f29f8378b120789fbe74cd5c?s=96&#038;d=mm&#038;r=g' srcset='https:\/\/secure.gravatar.com\/avatar\/ef02da22e9692bf681e45ba1e52f14a1329d9418f29f8378b120789fbe74cd5c?s=192&#038;d=mm&#038;r=g 2x' class='img-responsive rounded-circle avatar-96 photo' height='96' width='96' \/><\/a><\/div><div class=\"eael-entry-meta\"><span class=\"eael-posted-by\"><a href=\"https:\/\/blogs.uned.es\/compedigi\/author\/rsebastia\/\" title=\"Entradas de rsebastia\" rel=\"author\">rsebastia<\/a><\/span><span class=\"eael-posted-on\"><time datetime=\"29 junio, 2022\">29 junio, 2022<\/time><\/span><\/div><\/div><\/div><\/div>\n        <\/div>\n    <\/article><article class=\"eael-grid-post  eael-post-grid-column eael-pg-post-1357 category-noticias tags-competencias-digitales-formacion\" data-id=\"1357\">\n        <div class=\"eael-grid-post-holder\">\n            <div class=\"eael-grid-post-holder-inner\"><div class=\"eael-entry-media\"><div class=\"eael-entry-overlay fade-in\"><i class=\"fas fa-long-arrow-alt-right\" aria-hidden=\"true\"><\/i><a href=\"https:\/\/blogs.uned.es\/compedigi\/2022\/05\/17\/acuerdo-de-la-conferencia-sectorial-de-educacion-sobre-actualizacion-del-marco-de-referencia-de-la-competencia-digital-docente\/\"><\/a><\/div><div class=\"eael-entry-thumbnail \">\n                <img loading=\"lazy\" decoding=\"async\" width=\"300\" height=\"169\" src=\"https:\/\/blogs.uned.es\/compedigi\/wp-content\/uploads\/sites\/267\/2022\/05\/competencias-digitales-libro-ametic_hi-300x169.jpg\" class=\"attachment-medium size-medium wp-image-1359\" alt=\"\" srcset=\"https:\/\/blogs.uned.es\/compedigi\/wp-content\/uploads\/sites\/267\/2022\/05\/competencias-digitales-libro-ametic_hi-300x169.jpg 300w, https:\/\/blogs.uned.es\/compedigi\/wp-content\/uploads\/sites\/267\/2022\/05\/competencias-digitales-libro-ametic_hi-768x432.jpg 768w, https:\/\/blogs.uned.es\/compedigi\/wp-content\/uploads\/sites\/267\/2022\/05\/competencias-digitales-libro-ametic_hi.jpg 864w\" sizes=\"(max-width: 300px) 100vw, 300px\" \/>\n            <\/div>\n        <\/div><div class=\"eael-entry-wrapper\"><header class=\"eael-entry-header\"><h2 class=\"eael-entry-title\"><a class=\"eael-grid-post-link\" href=\"https:\/\/blogs.uned.es\/compedigi\/2022\/05\/17\/acuerdo-de-la-conferencia-sectorial-de-educacion-sobre-actualizacion-del-marco-de-referencia-de-la-competencia-digital-docente\/\" title=\"Acuerdo de la Conferencia Sectorial de Educaci\u00f3n sobre actualizaci\u00f3n del marco de referencia de la competencia digital docente\">Acuerdo de la Conferencia Sectorial de Educaci\u00f3n sobre actualizaci\u00f3n del marco de referencia de la competencia digital docente<\/a><\/h2><\/header><div class=\"eael-entry-content\">\n                        <div class=\"eael-grid-post-excerpt\"><p>Resoluci\u00f3n de 4 de mayo de 2022, de la Direcci\u00f3n...<\/p><a href=\"https:\/\/blogs.uned.es\/compedigi\/2022\/05\/17\/acuerdo-de-la-conferencia-sectorial-de-educacion-sobre-actualizacion-del-marco-de-referencia-de-la-competencia-digital-docente\/\" class=\"eael-post-elements-readmore-btn\">Leer m\u00e1s<\/a><\/div>\n                    <\/div><div class=\"eael-entry-footer\"><div class=\"eael-author-avatar\"><a href=\"https:\/\/blogs.uned.es\/compedigi\/author\/rsebastia\/\"><img alt='rsebastia' src='https:\/\/secure.gravatar.com\/avatar\/ef02da22e9692bf681e45ba1e52f14a1329d9418f29f8378b120789fbe74cd5c?s=96&#038;d=mm&#038;r=g' srcset='https:\/\/secure.gravatar.com\/avatar\/ef02da22e9692bf681e45ba1e52f14a1329d9418f29f8378b120789fbe74cd5c?s=192&#038;d=mm&#038;r=g 2x' class='img-responsive rounded-circle avatar-96 photo' height='96' width='96' \/><\/a><\/div><div class=\"eael-entry-meta\"><span class=\"eael-posted-by\"><a href=\"https:\/\/blogs.uned.es\/compedigi\/author\/rsebastia\/\" title=\"Entradas de rsebastia\" rel=\"author\">rsebastia<\/a><\/span><span class=\"eael-posted-on\"><time datetime=\"17 mayo, 2022\">17 mayo, 2022<\/time><\/span><\/div><\/div><\/div><\/div>\n        <\/div>\n    <\/article><article class=\"eael-grid-post  eael-post-grid-column eael-pg-post-1337 category-noticias-sin-categoria tags-competencias-digitales-formacion-webinar\" data-id=\"1337\">\n        <div class=\"eael-grid-post-holder\">\n            <div class=\"eael-grid-post-holder-inner\"><div class=\"eael-entry-media\"><div class=\"eael-entry-overlay fade-in\"><i class=\"fas fa-long-arrow-alt-right\" aria-hidden=\"true\"><\/i><a href=\"https:\/\/blogs.uned.es\/compedigi\/2022\/04\/09\/webinar-la-seguridad-en-la-red-competencia-digital-ciudadana\/\"><\/a><\/div><div class=\"eael-entry-thumbnail \">\n                <img loading=\"lazy\" decoding=\"async\" width=\"300\" height=\"200\" src=\"https:\/\/blogs.uned.es\/compedigi\/wp-content\/uploads\/sites\/267\/2019\/10\/contentos-300x200.jpg\" class=\"attachment-medium size-medium wp-image-57\" alt=\"\" srcset=\"https:\/\/blogs.uned.es\/compedigi\/wp-content\/uploads\/sites\/267\/2019\/10\/contentos-300x200.jpg 300w, https:\/\/blogs.uned.es\/compedigi\/wp-content\/uploads\/sites\/267\/2019\/10\/contentos-768x512.jpg 768w, https:\/\/blogs.uned.es\/compedigi\/wp-content\/uploads\/sites\/267\/2019\/10\/contentos-1024x683.jpg 1024w, https:\/\/blogs.uned.es\/compedigi\/wp-content\/uploads\/sites\/267\/2019\/10\/contentos.jpg 1200w\" sizes=\"(max-width: 300px) 100vw, 300px\" \/>\n            <\/div>\n        <\/div><div class=\"eael-entry-wrapper\"><header class=\"eael-entry-header\"><h2 class=\"eael-entry-title\"><a class=\"eael-grid-post-link\" href=\"https:\/\/blogs.uned.es\/compedigi\/2022\/04\/09\/webinar-la-seguridad-en-la-red-competencia-digital-ciudadana\/\" title=\"WEBINAR: La seguridad en la red. Competencia digital ciudadana\">WEBINAR: La seguridad en la red. Competencia digital ciudadana<\/a><\/h2><\/header><div class=\"eael-entry-content\">\n                        <div class=\"eael-grid-post-excerpt\"><p>Del 20-04-2022 (17.00-20:00 hora Espa\u00f1a) ZOOM: https:\/\/uned-es.zoom.us\/j\/94740941381?pwd=d0RBTElRMWdiZW1FTGV3SDVVNDA2UT09 STREAMING, CANALUNED: https:\/\/canal.uned.es\/live\/event\/624bf392b6092358727a4002...<\/p><a href=\"https:\/\/blogs.uned.es\/compedigi\/2022\/04\/09\/webinar-la-seguridad-en-la-red-competencia-digital-ciudadana\/\" class=\"eael-post-elements-readmore-btn\">Leer m\u00e1s<\/a><\/div>\n                    <\/div><div class=\"eael-entry-footer\"><div class=\"eael-author-avatar\"><a href=\"https:\/\/blogs.uned.es\/compedigi\/author\/rsebastia\/\"><img alt='rsebastia' src='https:\/\/secure.gravatar.com\/avatar\/ef02da22e9692bf681e45ba1e52f14a1329d9418f29f8378b120789fbe74cd5c?s=96&#038;d=mm&#038;r=g' srcset='https:\/\/secure.gravatar.com\/avatar\/ef02da22e9692bf681e45ba1e52f14a1329d9418f29f8378b120789fbe74cd5c?s=192&#038;d=mm&#038;r=g 2x' class='img-responsive rounded-circle avatar-96 photo' height='96' width='96' \/><\/a><\/div><div class=\"eael-entry-meta\"><span class=\"eael-posted-by\"><a href=\"https:\/\/blogs.uned.es\/compedigi\/author\/rsebastia\/\" title=\"Entradas de rsebastia\" rel=\"author\">rsebastia<\/a><\/span><span class=\"eael-posted-on\"><time datetime=\"9 abril, 2022\">9 abril, 2022<\/time><\/span><\/div><\/div><\/div><\/div>\n        <\/div>\n    <\/article><article class=\"eael-grid-post  eael-post-grid-column eael-pg-post-1317 category-cursos-noticias tags-competencia-digital-formacion-2-investigacion\" data-id=\"1317\">\n        <div class=\"eael-grid-post-holder\">\n            <div class=\"eael-grid-post-holder-inner\"><div class=\"eael-entry-media\"><div class=\"eael-entry-overlay fade-in\"><i class=\"fas fa-long-arrow-alt-right\" aria-hidden=\"true\"><\/i><a href=\"https:\/\/blogs.uned.es\/compedigi\/2021\/12\/21\/nuevo-curso-capacitacion-de-formadores-en-la-competencia-digital-en-seguridad-en-la-red\/\"><\/a><\/div><div class=\"eael-entry-thumbnail \">\n                <img loading=\"lazy\" decoding=\"async\" width=\"300\" height=\"169\" src=\"https:\/\/blogs.uned.es\/compedigi\/wp-content\/uploads\/sites\/267\/2021\/12\/plataformas-digitales-300x169.jpg\" class=\"attachment-medium size-medium wp-image-1323\" alt=\"\" srcset=\"https:\/\/blogs.uned.es\/compedigi\/wp-content\/uploads\/sites\/267\/2021\/12\/plataformas-digitales-300x169.jpg 300w, https:\/\/blogs.uned.es\/compedigi\/wp-content\/uploads\/sites\/267\/2021\/12\/plataformas-digitales-1024x576.jpg 1024w, https:\/\/blogs.uned.es\/compedigi\/wp-content\/uploads\/sites\/267\/2021\/12\/plataformas-digitales-768x432.jpg 768w, https:\/\/blogs.uned.es\/compedigi\/wp-content\/uploads\/sites\/267\/2021\/12\/plataformas-digitales.jpg 1200w\" sizes=\"(max-width: 300px) 100vw, 300px\" \/>\n            <\/div>\n        <\/div><div class=\"eael-entry-wrapper\"><header class=\"eael-entry-header\"><h2 class=\"eael-entry-title\"><a class=\"eael-grid-post-link\" href=\"https:\/\/blogs.uned.es\/compedigi\/2021\/12\/21\/nuevo-curso-capacitacion-de-formadores-en-la-competencia-digital-en-seguridad-en-la-red\/\" title=\"Nuevo curso: Capacitaci\u00f3n de formadores en la Competencia Digital en Seguridad en la Red\">Nuevo curso: Capacitaci\u00f3n de formadores en la Competencia Digital en Seguridad en la Red<\/a><\/h2><\/header><div class=\"eael-entry-content\">\n                        <div class=\"eael-grid-post-excerpt\"><p>El curso tiene como finalidad el fortalecimiento y la movilizaci\u00f3n...<\/p><a href=\"https:\/\/blogs.uned.es\/compedigi\/2021\/12\/21\/nuevo-curso-capacitacion-de-formadores-en-la-competencia-digital-en-seguridad-en-la-red\/\" class=\"eael-post-elements-readmore-btn\">Leer m\u00e1s<\/a><\/div>\n                    <\/div><div class=\"eael-entry-footer\"><div class=\"eael-author-avatar\"><a href=\"https:\/\/blogs.uned.es\/compedigi\/author\/rsebastia\/\"><img alt='rsebastia' src='https:\/\/secure.gravatar.com\/avatar\/ef02da22e9692bf681e45ba1e52f14a1329d9418f29f8378b120789fbe74cd5c?s=96&#038;d=mm&#038;r=g' srcset='https:\/\/secure.gravatar.com\/avatar\/ef02da22e9692bf681e45ba1e52f14a1329d9418f29f8378b120789fbe74cd5c?s=192&#038;d=mm&#038;r=g 2x' class='img-responsive rounded-circle avatar-96 photo' height='96' width='96' \/><\/a><\/div><div class=\"eael-entry-meta\"><span class=\"eael-posted-by\"><a href=\"https:\/\/blogs.uned.es\/compedigi\/author\/rsebastia\/\" title=\"Entradas de rsebastia\" rel=\"author\">rsebastia<\/a><\/span><span class=\"eael-posted-on\"><time datetime=\"21 diciembre, 2021\">21 diciembre, 2021<\/time><\/span><\/div><\/div><\/div><\/div>\n        <\/div>\n    <\/article><article class=\"eael-grid-post  eael-post-grid-column eael-pg-post-1275 category-cursos-noticias tags-competencias-digitales-2\" data-id=\"1275\">\n        <div class=\"eael-grid-post-holder\">\n            <div class=\"eael-grid-post-holder-inner\"><div class=\"eael-entry-media\"><div class=\"eael-entry-overlay fade-in\"><i class=\"fas fa-long-arrow-alt-right\" aria-hidden=\"true\"><\/i><a href=\"https:\/\/blogs.uned.es\/compedigi\/2021\/12\/13\/la-competencia-digital-ciudadana-experiencias-desde-las-regiones-de-latinoamerica-y-el-caribe\/\"><\/a><\/div><div class=\"eael-entry-thumbnail \">\n                <img loading=\"lazy\" decoding=\"async\" width=\"300\" height=\"200\" src=\"https:\/\/blogs.uned.es\/compedigi\/wp-content\/uploads\/sites\/267\/2021\/10\/Premio-OEI-300x200.jpeg\" class=\"attachment-medium size-medium wp-image-1185\" alt=\"\" srcset=\"https:\/\/blogs.uned.es\/compedigi\/wp-content\/uploads\/sites\/267\/2021\/10\/Premio-OEI-300x200.jpeg 300w, https:\/\/blogs.uned.es\/compedigi\/wp-content\/uploads\/sites\/267\/2021\/10\/Premio-OEI-1024x682.jpeg 1024w, https:\/\/blogs.uned.es\/compedigi\/wp-content\/uploads\/sites\/267\/2021\/10\/Premio-OEI-768x512.jpeg 768w, https:\/\/blogs.uned.es\/compedigi\/wp-content\/uploads\/sites\/267\/2021\/10\/Premio-OEI-1536x1023.jpeg 1536w, https:\/\/blogs.uned.es\/compedigi\/wp-content\/uploads\/sites\/267\/2021\/10\/Premio-OEI.jpeg 1600w\" sizes=\"(max-width: 300px) 100vw, 300px\" \/>\n            <\/div>\n        <\/div><div class=\"eael-entry-wrapper\"><header class=\"eael-entry-header\"><h2 class=\"eael-entry-title\"><a class=\"eael-grid-post-link\" href=\"https:\/\/blogs.uned.es\/compedigi\/2021\/12\/13\/la-competencia-digital-ciudadana-experiencias-desde-las-regiones-de-latinoamerica-y-el-caribe\/\" title=\"LA COMPETENCIA DIGITAL CIUDADANA. EXPERIENCIAS DESDE LAS REGIONES DE LATINOAM\u00c9RICA Y EL CARIBE\">LA COMPETENCIA DIGITAL CIUDADANA. EXPERIENCIAS DESDE LAS REGIONES DE LATINOAM\u00c9RICA Y EL CARIBE<\/a><\/h2><\/header><div class=\"eael-entry-content\">\n                        <div class=\"eael-grid-post-excerpt\"><p>Ya puedes ver el Seminario virtual de Competencia Digital Ciudadana,...<\/p><a href=\"https:\/\/blogs.uned.es\/compedigi\/2021\/12\/13\/la-competencia-digital-ciudadana-experiencias-desde-las-regiones-de-latinoamerica-y-el-caribe\/\" class=\"eael-post-elements-readmore-btn\">Leer m\u00e1s<\/a><\/div>\n                    <\/div><div class=\"eael-entry-footer\"><div class=\"eael-author-avatar\"><a href=\"https:\/\/blogs.uned.es\/compedigi\/author\/rsebastia\/\"><img alt='rsebastia' src='https:\/\/secure.gravatar.com\/avatar\/ef02da22e9692bf681e45ba1e52f14a1329d9418f29f8378b120789fbe74cd5c?s=96&#038;d=mm&#038;r=g' srcset='https:\/\/secure.gravatar.com\/avatar\/ef02da22e9692bf681e45ba1e52f14a1329d9418f29f8378b120789fbe74cd5c?s=192&#038;d=mm&#038;r=g 2x' class='img-responsive rounded-circle avatar-96 photo' height='96' width='96' \/><\/a><\/div><div class=\"eael-entry-meta\"><span class=\"eael-posted-by\"><a href=\"https:\/\/blogs.uned.es\/compedigi\/author\/rsebastia\/\" title=\"Entradas de rsebastia\" rel=\"author\">rsebastia<\/a><\/span><span class=\"eael-posted-on\"><time datetime=\"13 diciembre, 2021\">13 diciembre, 2021<\/time><\/span><\/div><\/div><\/div><\/div>\n        <\/div>\n    <\/article><\/div>\n            <div class=\"clearfix\"><\/div>\n        <\/div>            <div class=\"eael-load-more-button-wrap eael-force-hide\">\n                <button class=\"eael-load-more-button\" id=\"eael-load-more-btn-9bc7621\" data-widget-id=\"9bc7621\" data-widget=\"9bc7621\" data-page-id=\"801\" data-template=\"{&quot;dir&quot;:&quot;lite&quot;,&quot;file_name&quot;:&quot;one.php&quot;,&quot;name&quot;:&quot;Post-Grid&quot;}\" data-class=\"Essential_Addons_Elementor\\Elements\\Post_Grid\" data-layout=\"grid\" data-page=\"1\" data-args=\"orderby=date&amp;order=desc&amp;ignore_sticky_posts=1&amp;post_status=publish&amp;posts_per_page=8&amp;offset=0&amp;post_type=post\" data-max-page=\"4\">\n                    <span class=\"eael-btn-loader button__loader\"><\/span>\n                    <span class=\"eael_load_more_text\">Cargar m\u00e1s<\/span>\n                <\/button>\n            <\/div>\n            \t\t\t\t<\/div>\n\t\t\t\t<\/div>\n\t\t\t\t\t<\/div>\n\t\t<\/div>\n\t\t\t\t\t<\/div>\n\t\t<\/section>\n\t\t\t\t<\/div>\n\t\t","protected":false},"excerpt":{"rendered":"<p>Tendencias hoy WEBINAR: Capacitaci\u00f3n de formadores en la Competencia Digital de Informaci\u00f3n y Alfabetizaci\u00f3n Informacional WEBINAR: Administraci\u00f3n p\u00fablica y las competencias digitales: servicio a la ciudadan\u00eda Capacitaci\u00f3n de formadores en la Competencia Digital de Informaci\u00f3n y Alfabetizaci\u00f3n Informacional. Inicio del a\u00f1o lectivo WEBINAR: Capacitaci\u00f3n de formadores en la Competencia Digital de Informaci\u00f3n y Alfabetizaci\u00f3n Informacional<\/p><\/div>\n<div class=\"blog-btn\"><a href=\"https:\/\/blogs.uned.es\/compedigi\/2021\/12\/13\/la-competencia-digital-ciudadana-experiencias-desde-las-regiones-de-latinoamerica-y-el-caribe\/\" class=\"home-blog-btn\">Leer m\u00e1s<\/a><\/p>\n","protected":false},"author":7393,"featured_media":0,"parent":0,"menu_order":0,"comment_status":"closed","ping_status":"closed","template":"","meta":{"footnotes":""},"class_list":["post-801","page","type-page","status-publish","hentry"],"_links":{"self":[{"href":"https:\/\/blogs.uned.es\/compedigi\/wp-json\/wp\/v2\/pages\/801","targetHints":{"allow":["GET"]}}],"collection":[{"href":"https:\/\/blogs.uned.es\/compedigi\/wp-json\/wp\/v2\/pages"}],"about":[{"href":"https:\/\/blogs.uned.es\/compedigi\/wp-json\/wp\/v2\/types\/page"}],"author":[{"embeddable":true,"href":"https:\/\/blogs.uned.es\/compedigi\/wp-json\/wp\/v2\/users\/7393"}],"replies":[{"embeddable":true,"href":"https:\/\/blogs.uned.es\/compedigi\/wp-json\/wp\/v2\/comments?post=801"}],"version-history":[{"count":3,"href":"https:\/\/blogs.uned.es\/compedigi\/wp-json\/wp\/v2\/pages\/801\/revisions"}],"predecessor-version":[{"id":851,"href":"https:\/\/blogs.uned.es\/compedigi\/wp-json\/wp\/v2\/pages\/801\/revisions\/851"}],"wp:attachment":[{"href":"https:\/\/blogs.uned.es\/compedigi\/wp-json\/wp\/v2\/media?parent=801"}],"curies":[{"name":"wp","href":"https:\/\/api.w.org\/{rel}","templated":true}]}}