{"id":987,"date":"2022-02-15T13:03:37","date_gmt":"2022-02-15T12:03:37","guid":{"rendered":"https:\/\/blogs.uned.es\/catedraunedtomelloso\/?page_id=987"},"modified":"2022-02-16T12:50:03","modified_gmt":"2022-02-16T11:50:03","slug":"formacion","status":"publish","type":"page","link":"https:\/\/blogs.uned.es\/catedraunedtomelloso\/formacion\/","title":{"rendered":"Formaci\u00f3n"},"content":{"rendered":"\t\t<div data-elementor-type=\"wp-page\" data-elementor-id=\"987\" class=\"elementor elementor-987\">\n\t\t\t\t\t\t<section class=\"elementor-section elementor-top-section elementor-element elementor-element-323f72d elementor-section-stretched elementor-section-height-min-height elementor-section-content-middle elementor-section-boxed elementor-section-height-default elementor-section-items-middle\" data-id=\"323f72d\" data-element_type=\"section\" data-e-type=\"section\" data-settings=\"{&quot;stretch_section&quot;:&quot;section-stretched&quot;,&quot;background_background&quot;:&quot;classic&quot;}\">\n\t\t\t\t\t\t<div class=\"elementor-container elementor-column-gap-default\">\n\t\t\t\t\t<div class=\"elementor-column elementor-col-100 elementor-top-column elementor-element elementor-element-8292dc7\" data-id=\"8292dc7\" data-element_type=\"column\" data-e-type=\"column\">\n\t\t\t<div class=\"elementor-widget-wrap elementor-element-populated\">\n\t\t\t\t\t\t<section class=\"elementor-section elementor-inner-section elementor-element elementor-element-1bdd6da elementor-section-boxed elementor-section-height-default elementor-section-height-default\" data-id=\"1bdd6da\" data-element_type=\"section\" data-e-type=\"section\">\n\t\t\t\t\t\t<div class=\"elementor-container elementor-column-gap-default\">\n\t\t\t\t\t<div class=\"elementor-column elementor-col-100 elementor-inner-column elementor-element elementor-element-a8ac438\" data-id=\"a8ac438\" data-element_type=\"column\" data-e-type=\"column\">\n\t\t\t<div class=\"elementor-widget-wrap elementor-element-populated\">\n\t\t\t\t\t\t<div class=\"elementor-element elementor-element-e41b967 elementor-widget elementor-widget-heading\" data-id=\"e41b967\" data-element_type=\"widget\" data-e-type=\"widget\" data-widget_type=\"heading.default\">\n\t\t\t\t<div class=\"elementor-widget-container\">\n\t\t\t\t\t<h2 class=\"elementor-heading-title elementor-size-xxl\">Formaci\u00f3n<\/h2>\t\t\t\t<\/div>\n\t\t\t\t<\/div>\n\t\t\t\t\t<\/div>\n\t\t<\/div>\n\t\t\t\t\t<\/div>\n\t\t<\/section>\n\t\t\t\t\t<\/div>\n\t\t<\/div>\n\t\t\t\t\t<\/div>\n\t\t<\/section>\n\t\t\t\t<section class=\"elementor-section elementor-top-section elementor-element elementor-element-4e0af0c elementor-section-boxed elementor-section-height-default elementor-section-height-default\" data-id=\"4e0af0c\" data-element_type=\"section\" data-e-type=\"section\">\n\t\t\t\t\t\t<div class=\"elementor-container elementor-column-gap-default\">\n\t\t\t\t\t<div class=\"elementor-column elementor-col-100 elementor-top-column elementor-element elementor-element-ac50ec7\" data-id=\"ac50ec7\" data-element_type=\"column\" data-e-type=\"column\">\n\t\t\t<div class=\"elementor-widget-wrap elementor-element-populated\">\n\t\t\t\t\t\t<div class=\"elementor-element elementor-element-7ddcba5 elementor-widget elementor-widget-text-editor\" data-id=\"7ddcba5\" data-element_type=\"widget\" data-e-type=\"widget\" data-widget_type=\"text-editor.default\">\n\t\t\t\t<div class=\"elementor-widget-container\">\n\t\t\t\t\t\t\t\t\t<p>La formaci\u00f3n es un aspecto fundamental en el convenio. La C\u00e1tedra de Inclusi\u00f3n Social del Tomelloso realizar\u00e1 anualmente un plan de formaci\u00f3n, financiado por su presupuesto, dirigido a los profesionales de los Servicios Sociales del Ayuntamiento a fin de promover la formaci\u00f3n continua de las y los trabajadores. Un plan que incluir\u00e1 dos seminarios anuales para los profesionales locales; curos espec\u00edficos seg\u00fan las necesidades detectadas por la Concejal\u00eda de Servicios Sociales de Tomelloso. Y como complemento, cuando los suscriptores lo consideren oportuno, se habilitar\u00e1n actividades de formaci\u00f3n dirigidas a profesionales externos al Ayuntamiento.<\/p>\t\t\t\t\t\t\t\t<\/div>\n\t\t\t\t<\/div>\n\t\t\t\t\t<\/div>\n\t\t<\/div>\n\t\t\t\t\t<\/div>\n\t\t<\/section>\n\t\t\t\t<section class=\"elementor-section elementor-top-section elementor-element elementor-element-7dba139 elementor-section-boxed elementor-section-height-default elementor-section-height-default\" data-id=\"7dba139\" data-element_type=\"section\" data-e-type=\"section\">\n\t\t\t\t\t\t<div class=\"elementor-container elementor-column-gap-default\">\n\t\t\t\t\t<div class=\"elementor-column elementor-col-100 elementor-top-column elementor-element elementor-element-c671015\" data-id=\"c671015\" data-element_type=\"column\" data-e-type=\"column\">\n\t\t\t<div class=\"elementor-widget-wrap elementor-element-populated\">\n\t\t\t\t\t\t<div class=\"elementor-element elementor-element-a0034ee elementor-widget elementor-widget-image\" data-id=\"a0034ee\" data-element_type=\"widget\" data-e-type=\"widget\" data-widget_type=\"image.default\">\n\t\t\t\t<div class=\"elementor-widget-container\">\n\t\t\t\t\t\t\t\t\t\t\t\t\t\t\t<img fetchpriority=\"high\" decoding=\"async\" width=\"1535\" height=\"1024\" src=\"https:\/\/blogs.uned.es\/catedraunedtomelloso\/wp-content\/uploads\/sites\/329\/2022\/02\/AYT_1027_edited.jpg\" class=\"attachment-full size-full wp-image-1743\" alt=\"\" srcset=\"https:\/\/blogs.uned.es\/catedraunedtomelloso\/wp-content\/uploads\/sites\/329\/2022\/02\/AYT_1027_edited.jpg 1535w, https:\/\/blogs.uned.es\/catedraunedtomelloso\/wp-content\/uploads\/sites\/329\/2022\/02\/AYT_1027_edited-300x200.jpg 300w, https:\/\/blogs.uned.es\/catedraunedtomelloso\/wp-content\/uploads\/sites\/329\/2022\/02\/AYT_1027_edited-1024x683.jpg 1024w, https:\/\/blogs.uned.es\/catedraunedtomelloso\/wp-content\/uploads\/sites\/329\/2022\/02\/AYT_1027_edited-768x512.jpg 768w\" sizes=\"(max-width: 1535px) 100vw, 1535px\" \/>\t\t\t\t\t\t\t\t\t\t\t\t\t\t\t<\/div>\n\t\t\t\t<\/div>\n\t\t\t\t<div class=\"elementor-element elementor-element-e636225 elementor-widget-divider--view-line elementor-widget elementor-widget-divider\" data-id=\"e636225\" data-element_type=\"widget\" data-e-type=\"widget\" data-widget_type=\"divider.default\">\n\t\t\t\t<div class=\"elementor-widget-container\">\n\t\t\t\t\t\t\t<div class=\"elementor-divider\">\n\t\t\t<span class=\"elementor-divider-separator\">\n\t\t\t\t\t\t<\/span>\n\t\t<\/div>\n\t\t\t\t\t\t<\/div>\n\t\t\t\t<\/div>\n\t\t\t\t\t<\/div>\n\t\t<\/div>\n\t\t\t\t\t<\/div>\n\t\t<\/section>\n\t\t\t\t<section class=\"elementor-section elementor-top-section elementor-element elementor-element-a04a025 elementor-section-stretched elementor-section-boxed elementor-section-height-default elementor-section-height-default\" data-id=\"a04a025\" data-element_type=\"section\" data-e-type=\"section\" data-settings=\"{&quot;stretch_section&quot;:&quot;section-stretched&quot;,&quot;background_background&quot;:&quot;classic&quot;}\">\n\t\t\t\t\t\t<div class=\"elementor-container elementor-column-gap-default\">\n\t\t\t\t\t<div class=\"elementor-column elementor-col-100 elementor-top-column elementor-element elementor-element-dd5780f\" data-id=\"dd5780f\" data-element_type=\"column\" data-e-type=\"column\">\n\t\t\t<div class=\"elementor-widget-wrap elementor-element-populated\">\n\t\t\t\t\t\t<div class=\"elementor-element elementor-element-41ea7b4 elementor-widget elementor-widget-heading\" data-id=\"41ea7b4\" data-element_type=\"widget\" data-e-type=\"widget\" data-widget_type=\"heading.default\">\n\t\t\t\t<div class=\"elementor-widget-container\">\n\t\t\t\t\t<h2 class=\"elementor-heading-title elementor-size-default\">Actividades de Formaci\u00f3n<\/h2>\t\t\t\t<\/div>\n\t\t\t\t<\/div>\n\t\t\t\t<div class=\"elementor-element elementor-element-b963562 elementor-widget elementor-widget-text-editor\" data-id=\"b963562\" data-element_type=\"widget\" data-e-type=\"widget\" data-widget_type=\"text-editor.default\">\n\t\t\t\t<div class=\"elementor-widget-container\">\n\t\t\t\t\t\t\t\t\t<p>En el campo de la formaci\u00f3n, se incluir\u00e1 anualmente un plan de formaci\u00f3n con seminarios anuales dirigidos a los profesionales de los servicios sociales y el dise\u00f1o de cursos de formaci\u00f3n espec\u00edficos para los mismos.<\/p>\t\t\t\t\t\t\t\t<\/div>\n\t\t\t\t<\/div>\n\t\t\t\t<div class=\"elementor-element elementor-element-46e27ae elementor-align-center elementor-widget elementor-widget-button\" data-id=\"46e27ae\" data-element_type=\"widget\" data-e-type=\"widget\" data-widget_type=\"button.default\">\n\t\t\t\t<div class=\"elementor-widget-container\">\n\t\t\t\t\t\t\t\t\t<div class=\"elementor-button-wrapper\">\n\t\t\t\t\t<a class=\"elementor-button elementor-button-link elementor-size-md\" href=\"https:\/\/blogs.uned.es\/catedraunedtomelloso\/actividades\/\">\n\t\t\t\t\t\t<span class=\"elementor-button-content-wrapper\">\n\t\t\t\t\t\t\t\t\t<span class=\"elementor-button-text\">M\u00e1s actividades<\/span>\n\t\t\t\t\t<\/span>\n\t\t\t\t\t<\/a>\n\t\t\t\t<\/div>\n\t\t\t\t\t\t\t\t<\/div>\n\t\t\t\t<\/div>\n\t\t\t\t\t<\/div>\n\t\t<\/div>\n\t\t\t\t\t<\/div>\n\t\t<\/section>\n\t\t\t\t<\/div>\n\t\t","protected":false},"excerpt":{"rendered":"<p>Formaci\u00f3n La formaci\u00f3n es un aspecto fundamental en el convenio. La C\u00e1tedra de Inclusi\u00f3n Social del Tomelloso realizar\u00e1 anualmente un plan de formaci\u00f3n, financiado por su presupuesto, dirigido a los profesionales de los Servicios Sociales del Ayuntamiento a fin de promover la formaci\u00f3n continua de las y los trabajadores. Un plan que incluir\u00e1 dos seminarios anuales para los profesionales locales; curos espec\u00edficos seg\u00fan las necesidades detectadas por la Concejal\u00eda de Servicios Sociales de Tomelloso. Y como complemento, cuando los suscriptores lo consideren oportuno, se habilitar\u00e1n actividades de formaci\u00f3n dirigidas a profesionales externos al Ayuntamiento. Actividades de Formaci\u00f3n En el campo&hellip;<\/p>\n<p> <a class=\"more-link\" href=\"https:\/\/blogs.uned.es\/catedraunedtomelloso\/formacion\/\">Leer m\u00e1s<\/a><\/p>\n","protected":false},"author":7523,"featured_media":0,"parent":0,"menu_order":0,"comment_status":"closed","ping_status":"closed","template":"","meta":{"footnotes":""},"class_list":["post-987","page","type-page","status-publish"],"_links":{"self":[{"href":"https:\/\/blogs.uned.es\/catedraunedtomelloso\/wp-json\/wp\/v2\/pages\/987","targetHints":{"allow":["GET"]}}],"collection":[{"href":"https:\/\/blogs.uned.es\/catedraunedtomelloso\/wp-json\/wp\/v2\/pages"}],"about":[{"href":"https:\/\/blogs.uned.es\/catedraunedtomelloso\/wp-json\/wp\/v2\/types\/page"}],"author":[{"embeddable":true,"href":"https:\/\/blogs.uned.es\/catedraunedtomelloso\/wp-json\/wp\/v2\/users\/7523"}],"replies":[{"embeddable":true,"href":"https:\/\/blogs.uned.es\/catedraunedtomelloso\/wp-json\/wp\/v2\/comments?post=987"}],"version-history":[{"count":22,"href":"https:\/\/blogs.uned.es\/catedraunedtomelloso\/wp-json\/wp\/v2\/pages\/987\/revisions"}],"predecessor-version":[{"id":1749,"href":"https:\/\/blogs.uned.es\/catedraunedtomelloso\/wp-json\/wp\/v2\/pages\/987\/revisions\/1749"}],"wp:attachment":[{"href":"https:\/\/blogs.uned.es\/catedraunedtomelloso\/wp-json\/wp\/v2\/media?parent=987"}],"curies":[{"name":"wp","href":"https:\/\/api.w.org\/{rel}","templated":true}]}}