{"id":2593,"date":"2022-02-10T15:01:05","date_gmt":"2022-02-10T14:01:05","guid":{"rendered":"https:\/\/blogs.uned.es\/catedraunedfuenlabrada\/?page_id=2593"},"modified":"2024-11-06T10:29:26","modified_gmt":"2024-11-06T09:29:26","slug":"formacion","status":"publish","type":"page","link":"https:\/\/blogs.uned.es\/catedraunedfuenlabrada\/formacion\/","title":{"rendered":"Formaci\u00f3n"},"content":{"rendered":"\n<h1 class=\"wp-block-heading\">Seminario Permanente de Innovaci\u00f3n sobre Servicios Sociales y Dependencia<\/h1>\n\n\n\n<figure class=\"wp-block-table is-style-stripes\"><table><tbody><tr><td><strong>T\u00edtulo del Seminario<\/strong><\/td><td class=\"has-text-align-left\" data-align=\"left\"><strong>Lugar y fecha<\/strong><\/td><td class=\"has-text-align-left\" data-align=\"left\"><strong>Ponente<\/strong><\/td><td><strong>Documentaci\u00f3n<\/strong><\/td><\/tr><tr><td>\u201cIntroducci\u00f3n al Modelo Intervenci\u00f3n Familiar Sist\u00e9mico en Servicios Sociales.\u201d<\/td><td class=\"has-text-align-left\" data-align=\"left\">12 de abril de 2024. Centro de Servicios Sociales. Calle M\u00f3stoles 68, Fuenlabrada.<\/td><td class=\"has-text-align-left\" data-align=\"left\">Docente: Valent\u00edn L\u00f3pez Gal\u00e1n<br \/>&nbsp;<br \/>Coordina: Gonzalo Cavero Cano.<br \/><br \/>Participan: Personal de la Concejal\u00eda de Bienestar Social y de la Concejal\u00eda de Feminismo y Diversidad del Ayuntamiento de Fuenlabrada.<\/td><td><\/td><\/tr><tr><td>\u201cConocer el ciclo vital familiar y las funciones de la familia\u201d.<\/td><td class=\"has-text-align-left\" data-align=\"left\">10 de mayo de 2024. Centro de Servicios Sociales. Calle M\u00f3stoles 68, Fuenlabrada.<\/td><td class=\"has-text-align-left\" data-align=\"left\">Docente: Valent\u00edn L\u00f3pez Gal\u00e1n.<br \/>&nbsp;<br \/>Coordina: Gonzalo Cavero Cano.<br \/><br \/>Participan: Personal de la Concejal\u00eda de Bienestar Social y de la Concejal\u00eda de Feminismo y Diversidad del Ayuntamiento de Fuenlabrada.<\/td><td><\/td><\/tr><tr><td>\u201cLa primera entrevista y las siguientes\u201d<\/td><td class=\"has-text-align-left\" data-align=\"left\">7 de junio de 2024. Centro de Servicios Sociales. Calle M\u00f3stoles 68, Fuenlabrada.<\/td><td class=\"has-text-align-left\" data-align=\"left\">Docente: Valent\u00edn L\u00f3pez Gal\u00e1n.<br \/>&nbsp;<br \/>Coordina: Gonzalo Cavero Cano.<br \/><br \/>Participan: Personal de la Concejal\u00eda de Bienestar Social y de la Concejal\u00eda de Feminismo y Diversidad del Ayuntamiento de Fuenlabrada.<\/td><td><\/td><\/tr><tr><td>\u201cEvaluaci\u00f3n familiar y diagn\u00f3stico relacional\u201d.<\/td><td class=\"has-text-align-left\" data-align=\"left\">4 de octubre de 2024. Centro de Servicios Sociales. Calle M\u00f3stoles 68, Fuenlabrada.<\/td><td class=\"has-text-align-left\" data-align=\"left\">Docente: Valent\u00edn L\u00f3pez Gal\u00e1n.<br \/>&nbsp;<br \/>Coordina: Roc\u00edo Fern\u00e1ndez Ordo\u00f1o.<br \/><br \/>Participan: Personal de la Concejal\u00eda de Bienestar Social y de la Concejal\u00eda de Feminismo y Diversidad del Ayuntamiento de Fuenlabrada.<\/td><td><\/td><\/tr><tr><td>\u201cC\u00f3mo gestar la alianza terap\u00e9utica\u201d.<\/td><td class=\"has-text-align-left\" data-align=\"left\">8 de noviembre de 2024. Centro de Servicios Sociales. Calle M\u00f3stoles 68, Fuenlabrada.<\/td><td class=\"has-text-align-left\" data-align=\"left\">Docente: Valent\u00edn L\u00f3pez Gal\u00e1n.<br \/>&nbsp;<br \/>Coordina: Roc\u00edo Fern\u00e1ndez Ordo\u00f1o.<br \/><br \/>Participan: Personal de la Concejal\u00eda de Bienestar Social y de la Concejal\u00eda de Feminismo y Diversidad del Ayuntamiento de Fuenlabrada.<\/td><td><\/td><\/tr><tr><td>\u201cT\u00e9cnicas de intervenci\u00f3n sist\u00e9mica\u201d.<\/td><td class=\"has-text-align-left\" data-align=\"left\">13 de diciembre de 2024. Centro de Servicios Sociales. Calle M\u00f3stoles 68, Fuenlabrada.<\/td><td class=\"has-text-align-left\" data-align=\"left\">Presenta: Valent\u00edn L\u00f3pez Gal\u00e1n.<br \/>&nbsp;<br \/>Coordina: Roc\u00edo Fern\u00e1ndez Ordo\u00f1o.<br \/><br \/>Participan: Personal de la Concejal\u00eda de Bienestar Social y de la Concejal\u00eda de Feminismo y Diversidad del Ayuntamiento de Fuenlabrada.<\/td><td><\/td><\/tr><\/tbody><\/table><\/figure>\n\n\n\n<figure class=\"wp-block-table is-style-stripes\"><table><tbody><tr><td>T\u00edtulo del Seminario<\/td><td>Lugar y fecha<\/td><td>Ponente<\/td><td>Documentaci\u00f3n<\/td><\/tr><tr><td>\u00bfQu\u00e9 quiere decir que la persona es el centro del sistema de servicios sociales?<\/td><td>24 de junio de 2022,<br data-rich-text-line-break=\"true\" \/>Junta Municipal de Distrito Vivero Hospital Universidad.<\/td><td>Presenta: Joaqu\u00edn Santos Mart\u00ed<br \/>&nbsp;<br \/>Coordina: Gonzalo Cavero Cano.<br \/><br \/>Participan: Las trabajadoras del \u00c1rea de Bienestar Social del Ayuntamiento de Fuenlabrada.<\/td><td><a style=\"color: #2271b1\" href=\"https:\/\/blogs.uned.es\/catedraunedfuenlabrada\/wp-content\/uploads\/sites\/313\/2023\/01\/Joaquin-Santos-Ca%CC%81tedra-Servicios-Sociales-Uned-Fuenlabrada.pdf\" target=\"_blank\" rel=\"noreferrer noopener\" data-type=\"URL\" data-id=\"https:\/\/blogs.uned.es\/catedraunedfuenlabrada\/wp-content\/uploads\/sites\/313\/2023\/01\/Joaquin-Santos-Ca\u0301tedra-Servicios-Sociales-Uned-Fuenlabrada.pdf\"><img decoding=\"async\" style=\"width: 150px\" src=\"https:\/\/blogs.uned.es\/catedraunedfuenlabrada\/wp-content\/uploads\/sites\/313\/2023\/01\/Portada-Joaquin.png\" alt=\"\" \/><\/a><\/td><\/tr><tr><td>La Humanizaci\u00f3n de los Servicios Sociales<\/td><td>23 de septiembre de 2022, Centro de Servicios Sociales, Calle M\u00f3stoles 68, Fuenlabrada.<\/td><td>Presenta: Jos\u00e9 Carlos Bermejo<br \/>&nbsp;<br \/>Coordina: Gonzalo Cavero Cano.<br \/><br \/>Participan: Las trabajadoras del \u00c1rea de Bienestar Social del Ayuntamiento de Fuenlabrada.<\/td><td><a style=\"color: #2271b1\" href=\"https:\/\/blogs.uned.es\/catedraunedfuenlabrada\/wp-content\/uploads\/sites\/313\/2023\/01\/Jose-Carlos-Bermejo-2022-Fuenlabrada-HumanizarServiciosSociales-23sept-1.pdf\" target=\"_blank\" rel=\"noreferrer noopener\" data-type=\"URL\" data-id=\"https:\/\/blogs.uned.es\/catedraunedfuenlabrada\/wp-content\/uploads\/sites\/313\/2023\/01\/Jose-Carlos-Bermejo-2022-Fuenlabrada-HumanizarServiciosSociales-23sept-1.pdf\"><img decoding=\"async\" style=\"width: 150px\" src=\"https:\/\/blogs.uned.es\/catedraunedfuenlabrada\/wp-content\/uploads\/sites\/313\/2023\/01\/Portada-Bermejo.png\" alt=\"\" \/><\/a><\/td><\/tr><tr><td>La atenci\u00f3n centrada en las relaciones comunitarias<\/td><td>14 de octubre de 2022,<br \/>Centro de Servicios Sociales, Calle M\u00f3stoles 68, Fuenlabrada.<\/td><td>Presenta: I\u00f1aki Artaza Artabe<br \/>&nbsp;<br \/>Coordina: Gonzalo Cavero Cano.<br \/><br \/>Participan: Las trabajadoras del \u00c1rea de Bienestar Social del Ayuntamiento de Fuenlabrada.<\/td><td><a style=\"color: #2271b1\" href=\"https:\/\/blogs.uned.es\/catedraunedfuenlabrada\/wp-content\/uploads\/sites\/313\/2023\/01\/Inaki-Artaza-ACR-FUENLABRADA-1.pdf\" target=\"_blank\" rel=\"noreferrer noopener\" data-type=\"URL\" data-id=\"https:\/\/blogs.uned.es\/catedraunedfuenlabrada\/wp-content\/uploads\/sites\/313\/2023\/01\/Inaki-Artaza-ACR-FUENLABRADA-1.pdf\"><img decoding=\"async\" style=\"width: 150px\" src=\"https:\/\/blogs.uned.es\/catedraunedfuenlabrada\/wp-content\/uploads\/sites\/313\/2023\/01\/Portada-Artaza.png\" alt=\"\" \/><\/a><\/td><\/tr><tr><td>Indicadores de riesgo y herramientas de intervenci\u00f3n en la infancia<\/td><td>2 de diciembre de 2022,<br \/>Centro de Servicios Sociales, Calle M\u00f3stoles 68, Fuenlabrada.<\/td><td>Presenta: Marta Polo<br \/>&nbsp;<br \/>Coordina: Gonzalo Cavero Cano.<br \/><br \/>Participan: Las trabajadoras del \u00c1rea de Bienestar Social del Ayuntamiento de Fuenlabrada.<\/td><td><a style=\"color: #2271b1\" href=\"https:\/\/blogs.uned.es\/catedraunedfuenlabrada\/wp-content\/uploads\/sites\/313\/2023\/01\/FORMACION-INDICADORES-RIESGOESTRATEGIAS-CRIANZA-Servicios-sociales-1-1.pdf\" target=\"_blank\" rel=\"noreferrer noopener\" data-type=\"URL\" data-id=\"https:\/\/blogs.uned.es\/catedraunedfuenlabrada\/wp-content\/uploads\/sites\/313\/2023\/01\/FORMACION-INDICADORES-RIESGOESTRATEGIAS-CRIANZA-Servicios-sociales-1-1.pdf\"><img decoding=\"async\" style=\"width: 150px\" src=\"https:\/\/blogs.uned.es\/catedraunedfuenlabrada\/wp-content\/uploads\/sites\/313\/2023\/01\/Portada-Polo.png\" alt=\"\" \/><\/a><\/td><\/tr><tr><td>El fortalecimiento de los v\u00ednculos tempranos<\/td><td>13 de enero de 2023,<br \/>Centro de Servicios Sociales, Calle M\u00f3stoles 68, Fuenlabrada.<\/td><td>Presenta: Amaia Halty Barrutieta<br \/>&nbsp;<br \/>Coordina: Gonzalo Cavero Cano.<br \/><br \/>Participan: Las trabajadoras del \u00c1rea de Bienestar Social del Ayuntamiento de Fuenlabrada.<\/td><td><a style=\"color: #2271b1\" href=\"https:\/\/blogs.uned.es\/catedraunedfuenlabrada\/wp-content\/uploads\/sites\/313\/2023\/01\/Amaia-Halty-Primera-Alianza-1.pdf\" target=\"_blank\" rel=\"noreferrer noopener\" data-type=\"URL\" data-id=\"https:\/\/blogs.uned.es\/catedraunedfuenlabrada\/wp-content\/uploads\/sites\/313\/2023\/01\/Amaia-Halty-Primera-Alianza-1.pdf\"><img decoding=\"async\" style=\"width: 150px\" src=\"https:\/\/blogs.uned.es\/catedraunedfuenlabrada\/wp-content\/uploads\/sites\/313\/2023\/01\/Portada-Halty.png\" alt=\"\" \/><\/a><\/td><\/tr><tr><td>Transmisi\u00f3n intergeneracional del trauma<\/td><td>3 de febrero de 2023,<br \/>Centro de Servicios Sociales, Calle M\u00f3stoles 68, Fuenlabrada.<\/td><td>Presenta: Carlos Pitillas Salv\u00e1<br \/>&nbsp;<br \/>Coordina: Gonzalo Cavero Cano.<br \/><br \/>Participan: Las trabajadoras del \u00c1rea de Bienestar Social del Ayuntamiento de Fuenlabrada.<\/td><td>&nbsp;<a href=\"https:\/\/blogs.uned.es\/catedraunedfuenlabrada\/wp-content\/uploads\/sites\/313\/2023\/03\/Pitillas-Trauma.pdf\" data-type=\"URL\" data-id=\"https:\/\/blogs.uned.es\/catedraunedfuenlabrada\/wp-content\/uploads\/sites\/313\/2023\/03\/Pitillas-Trauma.pdf\"><img fetchpriority=\"high\" decoding=\"async\" width=\"803\" height=\"570\" class=\"wp-image-3795\" style=\"width: 150px\" src=\"https:\/\/blogs.uned.es\/catedraunedfuenlabrada\/wp-content\/uploads\/sites\/313\/2023\/03\/portada-pitillas.png\" alt=\"\" srcset=\"https:\/\/blogs.uned.es\/catedraunedfuenlabrada\/wp-content\/uploads\/sites\/313\/2023\/03\/portada-pitillas.png 803w, https:\/\/blogs.uned.es\/catedraunedfuenlabrada\/wp-content\/uploads\/sites\/313\/2023\/03\/portada-pitillas-300x213.png 300w, https:\/\/blogs.uned.es\/catedraunedfuenlabrada\/wp-content\/uploads\/sites\/313\/2023\/03\/portada-pitillas-768x545.png 768w\" sizes=\"(max-width: 803px) 100vw, 803px\" \/><\/a><\/td><\/tr><tr><td>Trauma, autolesi\u00f3n y apego<\/td><td>14 de abril de 2023,<br \/>Centro de Servicios Sociales, Calle M\u00f3stoles 68, Fuenlabrada.<\/td><td>Presenta: Gonzalo Gim\u00e9nez Cabr\u00e9<br \/>&nbsp;<br \/>Coordina: Gonzalo Cavero Cano.<br \/><br \/>Participan: Las trabajadoras del \u00c1rea de Bienestar Social del Ayuntamiento de Fuenlabrada.<\/td><td><a href=\"https:\/\/blogs.uned.es\/catedraunedfuenlabrada\/wp-content\/uploads\/sites\/313\/2023\/04\/Apego-trauma-y-autolesiones-1.pdf\" data-type=\"URL\" data-id=\"https:\/\/blogs.uned.es\/catedraunedfuenlabrada\/wp-content\/uploads\/sites\/313\/2023\/04\/Apego-trauma-y-autolesiones-1.pdf\" target=\"_blank\" rel=\"noreferrer noopener\"><img decoding=\"async\" width=\"1436\" height=\"807\" class=\"wp-image-4129\" style=\"width: 150px\" src=\"https:\/\/blogs.uned.es\/catedraunedfuenlabrada\/wp-content\/uploads\/sites\/313\/2023\/04\/Gimenez-Cabre.png\" alt=\"\" srcset=\"https:\/\/blogs.uned.es\/catedraunedfuenlabrada\/wp-content\/uploads\/sites\/313\/2023\/04\/Gimenez-Cabre.png 1436w, https:\/\/blogs.uned.es\/catedraunedfuenlabrada\/wp-content\/uploads\/sites\/313\/2023\/04\/Gimenez-Cabre-300x169.png 300w, https:\/\/blogs.uned.es\/catedraunedfuenlabrada\/wp-content\/uploads\/sites\/313\/2023\/04\/Gimenez-Cabre-1024x575.png 1024w, https:\/\/blogs.uned.es\/catedraunedfuenlabrada\/wp-content\/uploads\/sites\/313\/2023\/04\/Gimenez-Cabre-768x432.png 768w\" sizes=\"(max-width: 1436px) 100vw, 1436px\" \/><\/a><\/td><\/tr><\/tbody><\/table><\/figure>\n\n\n\n<figure class=\"wp-block-image\"><a href=\"https:\/\/blogs.uned.es\/catedraunedfuenlabrada\/?page_id=1979\" target=\"_blank\" rel=\"noopener\"><img decoding=\"async\" src=\"https:\/\/blogs.uned.es\/catedraunedfuenlabrada\/wp-content\/uploads\/sites\/313\/2021\/09\/seminario_trabajo_social-scaled.jpg\" alt=\"\" \/><\/a><\/figure>\n\n\n\n<h3 class=\"wp-block-heading\"><a href=\"https:\/\/blogs.uned.es\/catedraunedfuenlabrada\/?page_id=1979\" target=\"_blank\" rel=\"noopener\">Seminario- Programa<\/a><\/h3>\n\n\n\n<figure class=\"wp-block-image\"><a href=\"https:\/\/www.fundacion.uned.es\/actividad\/idactividad\/25052\" target=\"_blank\" rel=\"noopener\"><img decoding=\"async\" src=\"https:\/\/blogs.uned.es\/catedraunedfuenlabrada\/wp-content\/uploads\/sites\/313\/2021\/08\/9septiembre.jpg\" alt=\"\" \/><\/a><\/figure>\n\n\n\n<h3 class=\"wp-block-heading\"><a href=\"https:\/\/www.fundacion.uned.es\/actividad\/idactividad\/25052\" target=\"_blank\" rel=\"noopener\">Seminario<\/a><\/h3>\n\n\n\n<figure id=\"LPContainer649592\" class=\"wp-block-table\"><table><tbody><tr><td>Online conference:&nbsp;\u201c<strong>Addressing food insecurity in Africa: strategies for ensuring child-sensitive social protection<\/strong>\u201d \u00ab<em><strong><a href=\"http:\/\/blogs.uned.es\/catedraunedfuenlabrada\/wp-content\/uploads\/sites\/313\/2021\/08\/Onlineconference_Africa.pdf\">Programa<\/a><\/strong><\/em>\u00bb\n<p>&nbsp;<\/p>\n<p>Date 9 September, 8 am -11.30 am, EST (NY time)<\/p>\n<p>Organizers: <strong>ICSW<\/strong> in cooperation with FAO, ILO, UNICEF, IASSW, UNED, KNCSW and African Platform for&nbsp;social protection<\/p>\n<\/td><\/tr><\/tbody><\/table><\/figure>\n\n\n\n<figure class=\"wp-block-image\"><a href=\"https:\/\/extension.uned.es\/actividad\/idactividad\/24409\"><img decoding=\"async\" src=\"https:\/\/blogs.uned.es\/catedraunedfuenlabrada\/wp-content\/uploads\/sites\/313\/2021\/07\/uned_logo.png\" alt=\"\" \/><\/a><\/figure>\n\n\n\n<h3 class=\"wp-block-heading\"><a href=\"https:\/\/extension.uned.es\/actividad\/idactividad\/24409\">Curso de verano<\/a><\/h3>\n\n\n\n<figure id=\"LPContainer649592\" class=\"wp-block-table\"><table><tbody><tr><td><a href=\"https:\/\/extension.uned.es\/actividad\/idactividad\/24409\">\u00bfPuedo decir lo que me d\u00e9 la gana? \/ La libertad de expresi\u00f3n y sus l\u00edmites<\/a><br \/>El debate sobre la libertad de expresi\u00f3n y sus l\u00edmites ha estado siempre presente en las sociedades democr\u00e1ticas. En nuestro contexto actual, caracterizado por los procesos de desinformaci\u00f3n, la polarizaci\u00f3n social y pol\u00edtica, y las redes sociales digitales, se reformula el debate sobre la libertad de expresi\u00f3n.<\/td><\/tr><\/tbody><\/table><\/figure>\n\n\n\n<figure class=\"wp-block-image\"><a href=\"https:\/\/www.fundacion.uned.es\/actividad\/idactividad\/24645\"><img decoding=\"async\" src=\"https:\/\/blogs.uned.es\/catedraunedfuenlabrada\/wp-content\/uploads\/sites\/313\/2021\/07\/logo-vector-fundacion-uned.jpg\" alt=\"\" \/><\/a><\/figure>\n\n\n\n<h3 class=\"wp-block-heading\"><a href=\"https:\/\/www.fundacion.uned.es\/actividad\/idactividad\/24645\">Seminario<\/a><\/h3>\n\n\n\n<figure id=\"LPContainer649592\" class=\"wp-block-table\"><table><tbody><tr><td><a href=\"https:\/\/www.fundacion.uned.es\/actividad\/idactividad\/24645\">ICSW International Seminar: The role of ICTs for social inclusion and social welfare.<\/a><br \/>May 2021, 12 and 19. The purpose of the international seminar \u201cThe rol of ICTs for social inclusion and social welfare\u201d is to explore a key phenomenon that has been accelerated by the COVID-19 crisis: the digitalization of our societies.And also one of its effects: the need to design inclusive social policies in a digital environment.<\/td><\/tr><\/tbody><\/table><\/figure>\n\n\n\n<figure class=\"wp-block-image\"><a href=\"https:\/\/www.fundacion.uned.es\/actividad\/idactividad\/23963\" target=\"_blank\" rel=\"noopener\"><img decoding=\"async\" src=\"https:\/\/blogs.uned.es\/catedraunedfuenlabrada\/wp-content\/uploads\/sites\/313\/2021\/07\/logo-vector-fundacion-uned.jpg\" alt=\"\" \/><\/a><\/figure>\n\n\n\n<h3 class=\"wp-block-heading\"><a href=\"https:\/\/www.fundacion.uned.es\/actividad\/idactividad\/23963\" target=\"_blank\" rel=\"noopener\">Seminario<\/a><\/h3>\n\n\n\n<figure class=\"wp-block-image\"><a href=\"https:\/\/www.uma.es\/fest\/noticias\/vi-seminario-internacional-de-politicas-sociales-issp-2020\/\" target=\"_blank\" rel=\"noopener\"><img decoding=\"async\" src=\"https:\/\/blogs.uned.es\/catedraunedfuenlabrada\/wp-content\/uploads\/sites\/313\/2021\/07\/VISeminario_2020.jpg\" alt=\"\" \/><\/a><\/figure>\n\n\n\n<h3 class=\"wp-block-heading\"><a href=\"https:\/\/www.uma.es\/fest\/noticias\/vi-seminario-internacional-de-politicas-sociales-issp-2020\/\" target=\"_blank\" rel=\"noopener\">Seminario<\/a><\/h3>\n\n\n\n<figure id=\"LPContainer649592\" class=\"wp-block-table\"><table><tbody><tr><td><a href=\"https:\/\/www.fundacion.uned.es\/actividad\/idactividad\/23963\">Social inclusion through digital inclusion in the context of sustainable development: trends and challenges.<\/a><br \/>Aimed at promoting the social, economic and political inclusion of all members of society, the 2030 Agenda (target 10.2) emphasized the importance of social inclusion \u201dirrespective of age, sex, disability, race, ethnicity, origin, religion or economic or other status\u201d.<\/td><\/tr><\/tbody><\/table><\/figure>\n\n\n\n<figure id=\"LPContainer649592\" class=\"wp-block-table\"><table><tbody><tr><td><strong>VI Seminario Internacional de Pol\u00edticas Sociales (ISSP 2020)<\/strong>\n<p>&nbsp;<\/p>\n<p>Desde el &nbsp;9 de marzo al 25 de noviembre de 2020, la Universidad de Ma\u0301laga, situada en el sur de Espan\u0303a, acogera\u0301 el VI Seminario Internacional sobre Poli\u0301ticas Sociales y Estado de Bienestar, el cual pretende llegar a ser una de las citas ma\u0301s importantes para investigadores, disen\u0303adores y desarrolladores de poli\u0301ticas sociales<\/p>\n<\/td><\/tr><\/tbody><\/table><\/figure>\n\n\n\n<figure class=\"wp-block-image\"><a href=\"http:\/\/www.trabajosocial.unam.mx\/amiets\/doc\/congreso_AMIETS_cartel_programa_1dic_ok1.pdf\" target=\"_blank\" rel=\"noopener\"><img decoding=\"async\" src=\"https:\/\/blogs.uned.es\/catedraunedfuenlabrada\/wp-content\/uploads\/sites\/313\/2021\/07\/trabajo_social_unam.jpg\" alt=\"\" \/><\/a><\/figure>\n\n\n\n<h3 class=\"wp-block-heading\"><a href=\"http:\/\/www.trabajosocial.unam.mx\/amiets\/doc\/congreso_AMIETS_cartel_programa_1dic_ok1.pdf\" target=\"_blank\" rel=\"noopener\">Congreso<\/a><\/h3>\n\n\n\n<figure id=\"LPContainer649592\" class=\"wp-block-table\"><table><tbody><tr><td><strong>Nuevos paradigmas y desaf\u00edos de Trabajo Social ante realidades complejas. Investigaci\u00f3n y modelos de intervenci\u00f3n social<\/strong>\n<p>&nbsp;<\/p>\n<p>Promover un espacio de encuentro y reflexi\u00f3n sobre los nuevos paradigmas y desaf\u00edos de Trabajo Social ante realidades nacionales e internacionales comple- jas, de investigaci\u00f3n y modelos de intervenci\u00f3n social.<\/p>\n<\/td><\/tr><\/tbody><\/table><\/figure>\n\n\n\n<figure class=\"wp-block-image\"><a href=\"https:\/\/www.comecso.com\/wp-content\/uploads\/2020\/09\/seminario_COVID-19_transformacion_comunidades_siglo_XXI_.pdf\" target=\"_blank\" rel=\"noopener\"><img decoding=\"async\" src=\"https:\/\/blogs.uned.es\/catedraunedfuenlabrada\/wp-content\/uploads\/sites\/313\/2021\/07\/unam_covid19.jpg\" alt=\"\" \/><\/a><\/figure>\n\n\n\n<h3 class=\"wp-block-heading\"><a href=\"https:\/\/www.comecso.com\/wp-content\/uploads\/2020\/09\/seminario_COVID-19_transformacion_comunidades_siglo_XXI_.pdf\" target=\"_blank\" rel=\"noopener\">Seminario<\/a><\/h3>\n\n\n\n<figure id=\"LPContainer649592\" class=\"wp-block-table\"><table><tbody><tr><td><strong>El Covid-19 y la transformaci\u00f3n de las comunidades en el siglo XXI<\/strong>\n<p>&nbsp;<\/p>\n<p>Reflexionar desde las disciplinas cient\u00edfico sociales y human\u00edsticas, diagn\u00f3sticos emp\u00edricos y prospectivas de profesionales de la investigaci\u00f3n interdisciplinar y el dise\u00f1o de proyectos sociales, sobre el estado actual y futuro de las pol\u00edticas p\u00fablicas y sociales as\u00ed como de las intervenciones sociales, orientados a procesos de desarrollo social, pacificaci\u00f3n social y comunitario as\u00ed como a valorar metodo- log\u00edas innovadoras para enfrentar las diversas consecuencias de la emergencia pand\u00e9mica a escala mundial y en M\u00e9xico.<\/p>\n<\/td><\/tr><\/tbody><\/table><\/figure>\n\n\n\n<figure class=\"wp-block-image\"><a href=\"https:\/\/fguma.es\/curso-verano\/servicios-sociales-crisis-social\/\" target=\"_blank\" rel=\"noopener\"><img decoding=\"async\" src=\"https:\/\/blogs.uned.es\/catedraunedfuenlabrada\/wp-content\/uploads\/sites\/313\/2021\/07\/cabeceraCV21-velez-servicios-sociales.png\" alt=\"\" \/><\/a><\/figure>\n\n\n\n<h3 class=\"wp-block-heading\"><a href=\"https:\/\/fguma.es\/curso-verano\/servicios-sociales-crisis-social\/\" target=\"_blank\" rel=\"noopener\">Seminario<\/a><\/h3>\n\n\n\n<figure id=\"LPContainer649592\" class=\"wp-block-table\"><table><tbody><tr><td><strong><a id=\"LPUrlAnchor649592\" href=\"https:\/\/fguma.es\/curso-verano\/servicios-sociales-crisis-social\/\" target=\"_blank\" rel=\"noopener\">Los servicios sociales ante la crisis social (CURSOS VERANO 2021) \u2013 FGUMA<\/a><\/strong>&nbsp;V\u00c9LEZ-M\u00c1LAGA, 8 Y 9 DE JULIO DE 2021 Los servicios sociales ante la crisis social. Duraci\u00f3n: 10 horas Sede: Palacio Marqu\u00e9s de Beniel. Plaza Palacio, 1, CP 29700. V\u00e9lez-M\u00e1laga.<\/td><\/tr><\/tbody><\/table><\/figure>\n\n\n\n<figure class=\"wp-block-image\"><a href=\"https:\/\/extension.uned.es\/actividad\/idactividad\/20441&amp;idioma=es\" target=\"_blank\" rel=\"noopener\"><img decoding=\"async\" src=\"https:\/\/blogs.uned.es\/catedraunedfuenlabrada\/wp-content\/uploads\/sites\/313\/2021\/07\/isocial_uned.jpg\" alt=\"\" \/><\/a><\/figure>\n\n\n\n<h3 class=\"wp-block-heading\"><a href=\"https:\/\/extension.uned.es\/actividad\/idactividad\/20441&amp;idioma=es\" target=\"_blank\" rel=\"noopener\">Curso<\/a><\/h3>\n\n\n\n<figure id=\"LPContainer649592\" class=\"wp-block-table\"><table><tbody><tr><td><strong>Intervenci\u00f3n social, nuevas tecnolog\u00edas y comunicaci\u00f3n. Centro Uned Illes Balears<\/strong>&nbsp;Las nuevas tecnolog\u00edas est\u00e1n cambiando nuestra forma de relacionarnos. Afrontamos nuevos retos, derivadosde la confidencialidad y los derechos digitales de las personas, a la vez que las administraciones, asociacionese incluso las relaciones se digitalizan aceleradamente.<\/td><\/tr><\/tbody><\/table><\/figure>\n\n\n\n<figure id=\"eael-data-table-a99018f\" class=\"wp-block-table\"><table><thead><tr><th>Cabecera de la tabla<\/th><th>Cabecera de la tabla<\/th><th>Cabecera de la tabla<\/th><th>Cabecera de la tabla<\/th><\/tr><\/thead><tbody><tr><td>Contenido<\/td><td>Contenido<\/td><td>Contenido<\/td><td>Contenido<\/td><\/tr><\/tbody><\/table><\/figure>\n","protected":false},"excerpt":{"rendered":"<p>Seminario Permanente de Innovaci\u00f3n sobre Servicios Sociales y Dependencia T\u00edtulo del Seminario Lugar y fecha Ponente Documentaci\u00f3n \u201cIntroducci\u00f3n al Modelo Intervenci\u00f3n Familiar Sist\u00e9mico en Servicios Sociales.\u201d 12 de abril de 2024. Centro de Servicios Sociales. Calle M\u00f3stoles 68, Fuenlabrada. Docente: Valent\u00edn L\u00f3pez Gal\u00e1n&nbsp;Coordina: Gonzalo Cavero Cano. Participan: Personal de la Concejal\u00eda de Bienestar Social y de la Concejal\u00eda de Feminismo y Diversidad del Ayuntamiento de Fuenlabrada. \u201cConocer el ciclo vital familiar y las funciones de la familia\u201d. 10 de mayo de 2024. Centro de Servicios Sociales. Calle M\u00f3stoles 68, Fuenlabrada. Docente: Valent\u00edn L\u00f3pez Gal\u00e1n.&nbsp;Coordina: Gonzalo Cavero Cano. Participan: Personal de&hellip;<\/p>\n<p> <a class=\"more-link\" href=\"https:\/\/blogs.uned.es\/catedraunedfuenlabrada\/formacion\/\">Leer m\u00e1s<\/a><\/p>\n","protected":false},"author":7523,"featured_media":95,"parent":0,"menu_order":0,"comment_status":"closed","ping_status":"closed","template":"elementor_header_footer","meta":{"footnotes":""},"class_list":["post-2593","page","type-page","status-publish","has-post-thumbnail"],"_links":{"self":[{"href":"https:\/\/blogs.uned.es\/catedraunedfuenlabrada\/wp-json\/wp\/v2\/pages\/2593","targetHints":{"allow":["GET"]}}],"collection":[{"href":"https:\/\/blogs.uned.es\/catedraunedfuenlabrada\/wp-json\/wp\/v2\/pages"}],"about":[{"href":"https:\/\/blogs.uned.es\/catedraunedfuenlabrada\/wp-json\/wp\/v2\/types\/page"}],"author":[{"embeddable":true,"href":"https:\/\/blogs.uned.es\/catedraunedfuenlabrada\/wp-json\/wp\/v2\/users\/7523"}],"replies":[{"embeddable":true,"href":"https:\/\/blogs.uned.es\/catedraunedfuenlabrada\/wp-json\/wp\/v2\/comments?post=2593"}],"version-history":[{"count":66,"href":"https:\/\/blogs.uned.es\/catedraunedfuenlabrada\/wp-json\/wp\/v2\/pages\/2593\/revisions"}],"predecessor-version":[{"id":4489,"href":"https:\/\/blogs.uned.es\/catedraunedfuenlabrada\/wp-json\/wp\/v2\/pages\/2593\/revisions\/4489"}],"wp:featuredmedia":[{"embeddable":true,"href":"https:\/\/blogs.uned.es\/catedraunedfuenlabrada\/wp-json\/wp\/v2\/media\/95"}],"wp:attachment":[{"href":"https:\/\/blogs.uned.es\/catedraunedfuenlabrada\/wp-json\/wp\/v2\/media?parent=2593"}],"curies":[{"name":"wp","href":"https:\/\/api.w.org\/{rel}","templated":true}]}}