{"id":62791,"date":"2021-11-17T11:51:08","date_gmt":"2021-11-17T11:51:08","guid":{"rendered":"https:\/\/blogs.uned.es\/catedra-aquae\/?page_id=62791"},"modified":"2021-11-17T11:53:15","modified_gmt":"2021-11-17T11:53:15","slug":"medios","status":"publish","type":"page","link":"https:\/\/blogs.uned.es\/catedra-aquae\/medios\/","title":{"rendered":"Medios"},"content":{"rendered":"<div id=\"pl-62791\"  class=\"panel-layout\" ><div id=\"pg-62791-0\"  class=\"panel-grid panel-no-style\" ><div id=\"pgc-62791-0-0\"  class=\"panel-grid-cell\" ><div id=\"panel-62791-0-0-0\" class=\"so-panel widget widget_sow-post-carousel panel-first-child panel-last-child\" data-index=\"0\" ><div\n\t\t\t\n\t\t\tclass=\"so-widget-sow-post-carousel so-widget-sow-post-carousel-base-4b6b1e8c40bc-62791\"\n\t\t\t\n\t\t>\t<div\n\t\tclass=\"sow-post-carousel-wrapper sow-post-carousel-theme-base\"\n\t\tstyle=\"overflow: hidden; max-width: 100%; min-height: 182px\"\n\t>\n\t\t<div class=\"sow-carousel-title\">\n\t\t\t<div class=\"sow-carousel-navigation \">\n\t\t\t\t\t\t<a href=\"#\" class=\"sow-carousel-next\" title=\"Siguiente\" aria-label=\"Entradas siguientes\" role=\"button\"><\/a>\n\t\t\t\t\t\t<a href=\"#\" class=\"sow-carousel-previous\" title=\"Anterior\" aria-label=\"Entradas anteriores\" role=\"button\"><\/a>\n\t\t\t\t\t<\/div>\n\t<\/div>\n\n<div class=\"sow-carousel-container \">\n\t\t<div class=\"sow-carousel-wrapper\"\n\t\tdata-dir=\"ltr\"\n\t\tstyle=\"opacity: 0;\"\n\t\tdata-widget=\"post\" data-fetching=\"false\" data-page=\"1\" data-ajax-url=\"https:\/\/blogs.uned.es\/catedra-aquae\/wp-admin\/admin-ajax.php?_widgets_nonce=43fac7fe2b\" data-item_count=\"21\" data-carousel_settings=\"{&quot;loop&quot;:true,&quot;animation&quot;:&quot;Ease&quot;,&quot;animation_speed&quot;:400,&quot;autoplay&quot;:&quot;&quot;,&quot;pauseOnHover&quot;:&quot;&quot;,&quot;autoplaySpeed&quot;:8000,&quot;item_overflow&quot;:true,&quot;autoplay_continuous_scroll&quot;:false}\" data-responsive=\"{&quot;desktop_slides_to_scroll&quot;:1,&quot;tablet_landscape_breakpoint&quot;:1366,&quot;tablet_landscape_slides_to_scroll&quot;:2,&quot;tablet_portrait_breakpoint&quot;:1025,&quot;tablet_portrait_slides_to_scroll&quot;:2,&quot;mobile_breakpoint&quot;:480,&quot;mobile_slides_to_scroll&quot;:1}\" data-variable_width=\"true\" \t>\n\t\t<div\n\t\t\tclass=\"sow-carousel-items\"\n\t\t\t\t\t>\n\t\t\t\t<div class=\"sow-carousel-item\" tabindex=\"-1\" style=\"float: left;\">\n\t\t<div class=\"sow-carousel-thumbnail\">\n\t\t\t\t\t\t\t<a\n\t\t\t\t\thref=\"https:\/\/blogs.uned.es\/catedra-aquae\/noticias\/amelia-perez-zabaleta-analiza-el-deficit-de-inversion-en-agua-en-iagua-magazine\/\"\n\t\t\t\t\t\t\t\t\t\tstyle=\"background-image: url( https:\/\/blogs.uned.es\/catedra-aquae\/wp-content\/uploads\/sites\/111\/2026\/04\/Captura-de-pantalla-2026-04-17-a-las-13.56.14-272x182.png )\"\n\t\t\t\t\taria-labelledby=\"sow-carousel-id-125417\"\n\t\t\t\t\ttabindex=\"-1\"\n\t\t\t\t>\n\t\t\t\t\t<span class=\"overlay\"><\/span>\n\t\t\t\t<\/a>\n\t\t\t\t\t<\/div>\n\t\t<h3 class=\"sow-carousel-item-title\">\n\t\t\t<a\n\t\t\t\thref=\"https:\/\/blogs.uned.es\/catedra-aquae\/noticias\/amelia-perez-zabaleta-analiza-el-deficit-de-inversion-en-agua-en-iagua-magazine\/\"\n\t\t\t\tid=\"sow-carousel-id-125417\"\n\t\t\t\t\t\t\t\ttabindex=\"-1\"\n\t\t\t>\n\n\t\t\t\tAmelia P\u00e9rez Zabaleta analiza el d\u00e9ficit de inversi\u00f3n en agua en iAgua Magazine\t\t\t<\/a>\n\t\t<\/h3>\n\t<\/div>\n\t\t<div class=\"sow-carousel-item\" tabindex=\"-1\" style=\"float: left;\">\n\t\t<div class=\"sow-carousel-thumbnail\">\n\t\t\t\t\t\t\t<a\n\t\t\t\t\thref=\"https:\/\/blogs.uned.es\/catedra-aquae\/noticias\/22-de-marzo-2024-dia-mundial-del-agua-agua-para-la-paz-el-pacto-nacional-del-agua-no-puede-esperar\/\"\n\t\t\t\t\t\t\t\t\t\tstyle=\"background-image: url( https:\/\/blogs.uned.es\/catedra-aquae\/wp-content\/uploads\/sites\/111\/2024\/03\/wwd2023-272x182.png )\"\n\t\t\t\t\taria-labelledby=\"sow-carousel-id-124727\"\n\t\t\t\t\ttabindex=\"-1\"\n\t\t\t\t>\n\t\t\t\t\t<span class=\"overlay\"><\/span>\n\t\t\t\t<\/a>\n\t\t\t\t\t<\/div>\n\t\t<h3 class=\"sow-carousel-item-title\">\n\t\t\t<a\n\t\t\t\thref=\"https:\/\/blogs.uned.es\/catedra-aquae\/noticias\/22-de-marzo-2024-dia-mundial-del-agua-agua-para-la-paz-el-pacto-nacional-del-agua-no-puede-esperar\/\"\n\t\t\t\tid=\"sow-carousel-id-124727\"\n\t\t\t\t\t\t\t\ttabindex=\"-1\"\n\t\t\t>\n\n\t\t\t\t22 de marzo 2024-D\u00eda Mundial del agua: \u00abAgua para la Paz\u00bb. El pacto nacional del agua no puede esperar en Espa\u00f1a\t\t\t<\/a>\n\t\t<\/h3>\n\t<\/div>\n\t\t<div class=\"sow-carousel-item\" tabindex=\"-1\" style=\"float: left;\">\n\t\t<div class=\"sow-carousel-thumbnail\">\n\t\t\t\t\t\t\t<a\n\t\t\t\t\thref=\"https:\/\/blogs.uned.es\/catedra-aquae\/noticias\/tu-opinion-es-importante-barometroconama-participa-propon-preocupaciones-sobre-medio-ambiente-y-sostenibilidad-a-analizar-en-2024\/\"\n\t\t\t\t\t\t\t\t\t\tstyle=\"background-image: url( https:\/\/blogs.uned.es\/catedra-aquae\/wp-content\/uploads\/sites\/111\/2023\/12\/2023-12-05-11_10_33-Suma-tu-opinion-al-BarometroConama_-participa-del-sondeo-y-propon-temas-para-nu-272x182.png )\"\n\t\t\t\t\taria-labelledby=\"sow-carousel-id-124579\"\n\t\t\t\t\ttabindex=\"-1\"\n\t\t\t\t>\n\t\t\t\t\t<span class=\"overlay\"><\/span>\n\t\t\t\t<\/a>\n\t\t\t\t\t<\/div>\n\t\t<h3 class=\"sow-carousel-item-title\">\n\t\t\t<a\n\t\t\t\thref=\"https:\/\/blogs.uned.es\/catedra-aquae\/noticias\/tu-opinion-es-importante-barometroconama-participa-propon-preocupaciones-sobre-medio-ambiente-y-sostenibilidad-a-analizar-en-2024\/\"\n\t\t\t\tid=\"sow-carousel-id-124579\"\n\t\t\t\t\t\t\t\ttabindex=\"-1\"\n\t\t\t>\n\n\t\t\t\tTU OPINI\u00d3N ES IMPORTANTE: #BAR\u00d3METROCONAMA PARTICIPA, PROP\u00d3N PREOCUPACIONES SOBRE MEDIO AMBIENTE Y SOSTENIBILIDAD A ANALIZAR EN 2024\t\t\t<\/a>\n\t\t<\/h3>\n\t<\/div>\n\t\t<div class=\"sow-carousel-item\" tabindex=\"-1\" style=\"float: left;\">\n\t\t<div class=\"sow-carousel-thumbnail\">\n\t\t\t\t\t\t\t<a\n\t\t\t\t\thref=\"https:\/\/blogs.uned.es\/catedra-aquae\/noticias\/la-catedra-aquae-rtve2030-ods-6-agua\/\"\n\t\t\t\t\t\t\t\t\t\tstyle=\"background-image: url( https:\/\/blogs.uned.es\/catedra-aquae\/wp-content\/uploads\/sites\/111\/2023\/09\/CATEDRA-AQUAE-PROGRAMAS-RTVE2030-1-272x182.png )\"\n\t\t\t\t\taria-labelledby=\"sow-carousel-id-124275\"\n\t\t\t\t\ttabindex=\"-1\"\n\t\t\t\t>\n\t\t\t\t\t<span class=\"overlay\"><\/span>\n\t\t\t\t<\/a>\n\t\t\t\t\t<\/div>\n\t\t<h3 class=\"sow-carousel-item-title\">\n\t\t\t<a\n\t\t\t\thref=\"https:\/\/blogs.uned.es\/catedra-aquae\/noticias\/la-catedra-aquae-rtve2030-ods-6-agua\/\"\n\t\t\t\tid=\"sow-carousel-id-124275\"\n\t\t\t\t\t\t\t\ttabindex=\"-1\"\n\t\t\t>\n\n\t\t\t\tLa C\u00e1tedra Aquae colabora con el nacimiento de RTVE2030 en el ODS 6. AGUA\t\t\t<\/a>\n\t\t<\/h3>\n\t<\/div>\n\t\t<div class=\"sow-carousel-item\" tabindex=\"-1\" style=\"float: left;\">\n\t\t<div class=\"sow-carousel-thumbnail\">\n\t\t\t\t\t\t\t<a\n\t\t\t\t\thref=\"https:\/\/blogs.uned.es\/catedra-aquae\/noticias\/amelia-perez-zabaleta-directora-de-la-catedra-aquae-en-24h-de-rtve\/\"\n\t\t\t\t\t\t\t\t\t\tstyle=\"background-image: url( https:\/\/blogs.uned.es\/catedra-aquae\/wp-content\/uploads\/sites\/111\/2022\/11\/sshot-1-272x182.png )\"\n\t\t\t\t\taria-labelledby=\"sow-carousel-id-123975\"\n\t\t\t\t\ttabindex=\"-1\"\n\t\t\t\t>\n\t\t\t\t\t<span class=\"overlay\"><\/span>\n\t\t\t\t<\/a>\n\t\t\t\t\t<\/div>\n\t\t<h3 class=\"sow-carousel-item-title\">\n\t\t\t<a\n\t\t\t\thref=\"https:\/\/blogs.uned.es\/catedra-aquae\/noticias\/amelia-perez-zabaleta-directora-de-la-catedra-aquae-en-24h-de-rtve\/\"\n\t\t\t\tid=\"sow-carousel-id-123975\"\n\t\t\t\t\t\t\t\ttabindex=\"-1\"\n\t\t\t>\n\n\t\t\t\tAmelia P\u00e9rez Zabaleta, directora de la C\u00e1tedra Aquae, en 24h de RTVE\t\t\t<\/a>\n\t\t<\/h3>\n\t<\/div>\n\t\t<div class=\"sow-carousel-item\" tabindex=\"-1\" style=\"float: left;\">\n\t\t<div class=\"sow-carousel-thumbnail\">\n\t\t\t\t\t\t\t<a\n\t\t\t\t\thref=\"https:\/\/blogs.uned.es\/catedra-aquae\/noticias\/la-red-de-catedras-del-agua-identificara-nuevos-indicadores-para-medir-la-sostenibilidad-del-sector\/\"\n\t\t\t\t\t\t\t\t\t\tstyle=\"background-image: url( https:\/\/blogs.uned.es\/catedra-aquae\/wp-content\/uploads\/sites\/111\/2022\/11\/circularidad-economia-circular-1140x600-1-272x182.jpg )\"\n\t\t\t\t\taria-labelledby=\"sow-carousel-id-123983\"\n\t\t\t\t\ttabindex=\"-1\"\n\t\t\t\t>\n\t\t\t\t\t<span class=\"overlay\"><\/span>\n\t\t\t\t<\/a>\n\t\t\t\t\t<\/div>\n\t\t<h3 class=\"sow-carousel-item-title\">\n\t\t\t<a\n\t\t\t\thref=\"https:\/\/blogs.uned.es\/catedra-aquae\/noticias\/la-red-de-catedras-del-agua-identificara-nuevos-indicadores-para-medir-la-sostenibilidad-del-sector\/\"\n\t\t\t\tid=\"sow-carousel-id-123983\"\n\t\t\t\t\t\t\t\ttabindex=\"-1\"\n\t\t\t>\n\n\t\t\t\tLa Red de C\u00e1tedras del Agua identificar\u00e1 nuevos indicadores para medir la sostenibilidad del sector\t\t\t<\/a>\n\t\t<\/h3>\n\t<\/div>\n\t\t<div class=\"sow-carousel-item\" tabindex=\"-1\" style=\"float: left;\">\n\t\t<div class=\"sow-carousel-thumbnail\">\n\t\t\t\t\t\t\t<a\n\t\t\t\t\thref=\"https:\/\/blogs.uned.es\/catedra-aquae\/noticias\/la-sequia-ensena-que-necesitamos-informacion-formacion-y-acciones\/\"\n\t\t\t\t\t\t\t\t\t\tstyle=\"background-image: url( https:\/\/blogs.uned.es\/catedra-aquae\/wp-content\/uploads\/sites\/111\/2022\/10\/sequia-en-el-pantano-de-entrepenas-guadalajara.-quintanilla_0-272x182.jpg )\"\n\t\t\t\t\taria-labelledby=\"sow-carousel-id-123947\"\n\t\t\t\t\ttabindex=\"-1\"\n\t\t\t\t>\n\t\t\t\t\t<span class=\"overlay\"><\/span>\n\t\t\t\t<\/a>\n\t\t\t\t\t<\/div>\n\t\t<h3 class=\"sow-carousel-item-title\">\n\t\t\t<a\n\t\t\t\thref=\"https:\/\/blogs.uned.es\/catedra-aquae\/noticias\/la-sequia-ensena-que-necesitamos-informacion-formacion-y-acciones\/\"\n\t\t\t\tid=\"sow-carousel-id-123947\"\n\t\t\t\t\t\t\t\ttabindex=\"-1\"\n\t\t\t>\n\n\t\t\t\tLa sequ\u00eda ense\u00f1a que necesitamos informaci\u00f3n, formaci\u00f3n y acciones\t\t\t<\/a>\n\t\t<\/h3>\n\t<\/div>\n\t\t<div class=\"sow-carousel-item\" tabindex=\"-1\" style=\"float: left;\">\n\t\t<div class=\"sow-carousel-thumbnail\">\n\t\t\t\t\t\t\t<a\n\t\t\t\t\thref=\"https:\/\/blogs.uned.es\/catedra-aquae\/noticias\/objetivos-y-metas-agua-y-deporte-articulo-de-la-directora-de-la-catedra-en-su-seccion-agua2030el-agora\/\"\n\t\t\t\t\t\t\t\t\t\tstyle=\"background-image: url( https:\/\/blogs.uned.es\/catedra-aquae\/wp-content\/uploads\/sites\/111\/2022\/05\/remo-piragua-canoa-agua-Dudarev-Mikhail-768x389-1-272x182.jpg )\"\n\t\t\t\t\taria-labelledby=\"sow-carousel-id-123777\"\n\t\t\t\t\ttabindex=\"-1\"\n\t\t\t\t>\n\t\t\t\t\t<span class=\"overlay\"><\/span>\n\t\t\t\t<\/a>\n\t\t\t\t\t<\/div>\n\t\t<h3 class=\"sow-carousel-item-title\">\n\t\t\t<a\n\t\t\t\thref=\"https:\/\/blogs.uned.es\/catedra-aquae\/noticias\/objetivos-y-metas-agua-y-deporte-articulo-de-la-directora-de-la-catedra-en-su-seccion-agua2030el-agora\/\"\n\t\t\t\tid=\"sow-carousel-id-123777\"\n\t\t\t\t\t\t\t\ttabindex=\"-1\"\n\t\t\t>\n\n\t\t\t\tAmelia P\u00e9rez, directora de la C\u00e1tedra, nos habla del binomio Agua y Deporte en su tribuna Agua 2030\t\t\t<\/a>\n\t\t<\/h3>\n\t<\/div>\n\t\t<div class=\"sow-carousel-item\" tabindex=\"-1\" style=\"float: left;\">\n\t\t<div class=\"sow-carousel-thumbnail\">\n\t\t\t\t\t\t\t<a\n\t\t\t\t\thref=\"https:\/\/blogs.uned.es\/catedra-aquae\/noticias\/la-oportunidad-de-las-aguas-residuales-se-escapa-por-el-desague\/\"\n\t\t\t\t\t\t\t\t\t\tstyle=\"background-image: url( https:\/\/blogs.uned.es\/catedra-aquae\/wp-content\/uploads\/sites\/111\/2022\/05\/aguas-residuales-kKKB-620x349@abc-272x182.jpg )\"\n\t\t\t\t\taria-labelledby=\"sow-carousel-id-123727\"\n\t\t\t\t\ttabindex=\"-1\"\n\t\t\t\t>\n\t\t\t\t\t<span class=\"overlay\"><\/span>\n\t\t\t\t<\/a>\n\t\t\t\t\t<\/div>\n\t\t<h3 class=\"sow-carousel-item-title\">\n\t\t\t<a\n\t\t\t\thref=\"https:\/\/blogs.uned.es\/catedra-aquae\/noticias\/la-oportunidad-de-las-aguas-residuales-se-escapa-por-el-desague\/\"\n\t\t\t\tid=\"sow-carousel-id-123727\"\n\t\t\t\t\t\t\t\ttabindex=\"-1\"\n\t\t\t>\n\n\t\t\t\t\u00abLa oportunidad de las aguas residuales se escapa por el desag\u00fce\u00bb\t\t\t<\/a>\n\t\t<\/h3>\n\t<\/div>\n\t\t<div class=\"sow-carousel-item\" tabindex=\"-1\" style=\"float: left;\">\n\t\t<div class=\"sow-carousel-thumbnail\">\n\t\t\t\t\t\t\t<a\n\t\t\t\t\thref=\"https:\/\/blogs.uned.es\/catedra-aquae\/noticias\/amelia-perez-zabaleta-estrena-seccion-en-el-diario-el-agora-agua-2030\/\"\n\t\t\t\t\t\t\t\t\t\tstyle=\"background-image: url( https:\/\/blogs.uned.es\/catedra-aquae\/wp-content\/uploads\/sites\/111\/2022\/04\/Imagen1-272x182.jpg )\"\n\t\t\t\t\taria-labelledby=\"sow-carousel-id-123649\"\n\t\t\t\t\ttabindex=\"-1\"\n\t\t\t\t>\n\t\t\t\t\t<span class=\"overlay\"><\/span>\n\t\t\t\t<\/a>\n\t\t\t\t\t<\/div>\n\t\t<h3 class=\"sow-carousel-item-title\">\n\t\t\t<a\n\t\t\t\thref=\"https:\/\/blogs.uned.es\/catedra-aquae\/noticias\/amelia-perez-zabaleta-estrena-seccion-en-el-diario-el-agora-agua-2030\/\"\n\t\t\t\tid=\"sow-carousel-id-123649\"\n\t\t\t\t\t\t\t\ttabindex=\"-1\"\n\t\t\t>\n\n\t\t\t\tAmelia P\u00e9rez Zabaleta estrena secci\u00f3n en el diario El \u00e1gora: \u00abAgua 2030\u00bb\t\t\t<\/a>\n\t\t<\/h3>\n\t<\/div>\n\t\t\t<\/div>\n\t\t\t<\/div>\n\n\t<\/div>\n\t\t<input type=\"hidden\" name=\"instance_hash\" value=\"dab2a07d\"\/>\n\t<\/div>\n<\/div><\/div><\/div><\/div><\/div>","protected":false},"excerpt":{"rendered":"<p>Amelia P\u00e9rez Zabaleta analiza el d\u00e9ficit de inversi\u00f3n en agua en iAgua Magazine 22 de marzo 2024-D\u00eda Mundial del agua: \u00abAgua para la Paz\u00bb. El pacto nacional del agua no puede esperar en Espa\u00f1a TU OPINI\u00d3N ES IMPORTANTE: #BAR\u00d3METROCONAMA PARTICIPA, PROP\u00d3N PREOCUPACIONES SOBRE MEDIO AMBIENTE Y SOSTENIBILIDAD A ANALIZAR EN 2024 La C\u00e1tedra Aquae colabora [&hellip;]<\/p>\n","protected":false},"author":81,"featured_media":0,"parent":0,"menu_order":0,"comment_status":"closed","ping_status":"closed","template":"","meta":{"_acf_changed":false,"footnotes":""},"class_list":["post-62791","page","type-page","status-publish","hentry"],"acf":[],"_links":{"self":[{"href":"https:\/\/blogs.uned.es\/catedra-aquae\/wp-json\/wp\/v2\/pages\/62791","targetHints":{"allow":["GET"]}}],"collection":[{"href":"https:\/\/blogs.uned.es\/catedra-aquae\/wp-json\/wp\/v2\/pages"}],"about":[{"href":"https:\/\/blogs.uned.es\/catedra-aquae\/wp-json\/wp\/v2\/types\/page"}],"author":[{"embeddable":true,"href":"https:\/\/blogs.uned.es\/catedra-aquae\/wp-json\/wp\/v2\/users\/81"}],"replies":[{"embeddable":true,"href":"https:\/\/blogs.uned.es\/catedra-aquae\/wp-json\/wp\/v2\/comments?post=62791"}],"version-history":[{"count":1,"href":"https:\/\/blogs.uned.es\/catedra-aquae\/wp-json\/wp\/v2\/pages\/62791\/revisions"}],"predecessor-version":[{"id":62793,"href":"https:\/\/blogs.uned.es\/catedra-aquae\/wp-json\/wp\/v2\/pages\/62791\/revisions\/62793"}],"wp:attachment":[{"href":"https:\/\/blogs.uned.es\/catedra-aquae\/wp-json\/wp\/v2\/media?parent=62791"}],"curies":[{"name":"wp","href":"https:\/\/api.w.org\/{rel}","templated":true}]}}