{"id":1155,"date":"2019-12-16T15:12:01","date_gmt":"2019-12-16T14:12:01","guid":{"rendered":"http:\/\/blogs.uned.es\/alumni\/?page_id=1155"},"modified":"2024-05-20T15:15:12","modified_gmt":"2024-05-20T13:15:12","slug":"noticias","status":"publish","type":"page","link":"https:\/\/blogs.uned.es\/alumni\/noticias\/","title":{"rendered":"Noticias y Publicaciones"},"content":{"rendered":"<div id=\"pl-1155\"  class=\"panel-layout\" ><div id=\"pg-1155-0\"  class=\"panel-grid panel-has-style\" ><div class=\"siteorigin-panels-stretch panel-row-style panel-row-style-for-1155-0\" style=\"padding-top: 30px; padding-bottom: 40px; \" data-stretch-type=\"full\" ><div id=\"pgc-1155-0-0\"  class=\"panel-grid-cell panel-grid-cell-empty\" ><div class=\"entradasPortada panel-cell-style panel-cell-style-for-1155-0-0\" ><\/div><\/div><\/div><\/div><div id=\"pg-1155-1\"  class=\"panel-grid panel-no-style\" ><div id=\"pgc-1155-1-0\"  class=\"panel-grid-cell\" ><div id=\"panel-1155-1-0-0\" class=\"so-panel widget widget_sow-button panel-first-child panel-last-child\" data-index=\"0\" ><div\n\t\t\t\n\t\t\tclass=\"so-widget-sow-button so-widget-sow-button-flat-3b4f3896f44b-1155\"\n\t\t\t\n\t\t><div class=\"ow-button-base ow-button-align-center\"\n>\n\t\t\t<a\n\t\t\t\t\thref=\"https:\/\/blogs.uned.es\/alumni\/charlando-con\/\"\n\t\t\t\t\tclass=\"sowb-button ow-icon-placement-left\" \t>\n\t\t<span>\n\t\t\t<span class=\"sow-icon-fontawesome sow-fas\" data-sow-icon=\"&#xe591;\"\n\t\tstyle=\"color: #ffffff\" \n\t\taria-hidden=\"true\"><\/span>\n\t\t\tCharlando con....\t\t<\/span>\n\t\t\t<\/a>\n\t<\/div>\n<\/div><\/div><\/div><div id=\"pgc-1155-1-1\"  class=\"panel-grid-cell\" ><div id=\"panel-1155-1-1-0\" class=\"so-panel widget widget_sow-button panel-first-child panel-last-child\" data-index=\"1\" ><div\n\t\t\t\n\t\t\tclass=\"so-widget-sow-button so-widget-sow-button-flat-79cb1f9f4fa3-1155\"\n\t\t\t\n\t\t><div class=\"ow-button-base ow-button-align-center\"\n>\n\t\t\t<a\n\t\t\t\t\thref=\"https:\/\/blogs.uned.es\/alumni\/graduaciones\/\"\n\t\t\t\t\tclass=\"sowb-button ow-icon-placement-left\" \t>\n\t\t<span>\n\t\t\t<span class=\"sow-icon-fontawesome sow-fas\" data-sow-icon=\"&#xf501;\"\n\t\tstyle=\"color: #ffffff\" \n\t\taria-hidden=\"true\"><\/span>\n\t\t\tActos de grado\t\t<\/span>\n\t\t\t<\/a>\n\t<\/div>\n<\/div><\/div><\/div><div id=\"pgc-1155-1-2\"  class=\"panel-grid-cell\" ><div id=\"panel-1155-1-2-0\" class=\"so-panel widget widget_sow-button panel-first-child panel-last-child\" data-index=\"2\" ><div\n\t\t\t\n\t\t\tclass=\"so-widget-sow-button so-widget-sow-button-flat-79cb1f9f4fa3-1155\"\n\t\t\t\n\t\t><div class=\"ow-button-base ow-button-align-center\"\n>\n\t\t\t<a\n\t\t\t\t\thref=\"https:\/\/blogs.uned.es\/alumni\/nuestros-alumni\/\"\n\t\t\t\t\tclass=\"sowb-button ow-icon-placement-left\" \t>\n\t\t<span>\n\t\t\t<span class=\"sow-icon-fontawesome sow-fas\" data-sow-icon=\"&#xf500;\"\n\t\tstyle=\"color: #ffffff\" \n\t\taria-hidden=\"true\"><\/span>\n\t\t\tNuestros alumni\t\t<\/span>\n\t\t\t<\/a>\n\t<\/div>\n<\/div><\/div><\/div><\/div><div id=\"pg-1155-2\"  class=\"panel-grid panel-has-style\" ><div class=\"siteorigin-panels-stretch panel-row-style panel-row-style-for-1155-2\" style=\"padding-top: 30px; padding-bottom: 40px; \" data-stretch-type=\"full\" ><div id=\"pgc-1155-2-0\"  class=\"panel-grid-cell\" ><div class=\"entradasPortada panel-cell-style panel-cell-style-for-1155-2-0\" ><div id=\"panel-1155-2-0-0\" class=\"so-panel widget widget_siteorigin-panels-postloop panel-first-child panel-last-child\" data-index=\"3\" ><div class=\"widgetEntradasPortada panel-widget-style panel-widget-style-for-1155-2-0-0\" ><h3 class=\"widget-title\">Noticias y publicaciones<\/h3>\n<article id=\"post-6263\" class=\"post-6263 post type-post status-publish format-standard has-post-thumbnail hentry category-sin-categoria\">\n\n\t<header class=\"entry-header\">\n\t\t<h2 class=\"entry-title\"><a href=\"https:\/\/blogs.uned.es\/alumni\/2024\/05\/20\/lorenzo-silva-padrino-de-lujo-en-la-graduacion-de-la-facultad-de-filologia\/\" rel=\"bookmark\">Lorenzo Silva, padrino de lujo en la graduaci\u00f3n de la facultad de Filolog\u00eda<\/a><\/h2>\t\t\t\t\t<span class=\"meta \">\n\t\t\t\t<span>20 mayo, 2024<\/span><span>By <a href=\"https:\/\/blogs.uned.es\/alumni\/author\/rperezh\/\">Rafael P\u00e9rez Herrera<\/a><\/span><span><a href=\"https:\/\/blogs.uned.es\/alumni\/category\/sin-categoria\/\" title=\"View all posts in Sin categor\u00eda\">Sin categor\u00eda<\/a><\/span>\t\t\t\t\t\t\t\t\t\t\t\t\t\t\t\t\t\t\t\t<\/span><!-- .entry-meta -->\n\t\t\n\t\t\t\t\t<div class=\"featured-image\">\n\t\t\t\t<a href=\"https:\/\/blogs.uned.es\/alumni\/2024\/05\/20\/lorenzo-silva-padrino-de-lujo-en-la-graduacion-de-la-facultad-de-filologia\/\" rel=\"bookmark\" ><img loading=\"lazy\" decoding=\"async\" width=\"656\" height=\"372\" src=\"https:\/\/blogs.uned.es\/alumni\/wp-content\/uploads\/sites\/179\/2024\/05\/Captura.jpg\" class=\"post-thumb wp-post-image\" alt=\"Lorenzo Silva, padrino de lujo en la graduaci\u00f3n de la facultad de Filolog\u00eda\" title=\"Lorenzo Silva, padrino de lujo en la graduaci\u00f3n de la facultad de Filolog\u00eda\" srcset=\"https:\/\/blogs.uned.es\/alumni\/wp-content\/uploads\/sites\/179\/2024\/05\/Captura.jpg 656w, https:\/\/blogs.uned.es\/alumni\/wp-content\/uploads\/sites\/179\/2024\/05\/Captura-300x170.jpg 300w\" sizes=\"auto, (max-width: 656px) 100vw, 656px\" \/><\/a>\n\t\t\t<\/div>\n\t\t\n\t<\/header><!-- .entry-header -->\n\n\t\t<div class=\"entry-content\">\n\t\t\t\t<p>La Facultad de Filolog\u00eda ha celebrado hoy la ceremonia de graduaci\u00f3n de la promoci\u00f3n 2022-23 con un invitado de lujo, el aclamado escritor Lorenzo Silva ha sido el padrino del &hellip; <a href=\"https:\/\/blogs.uned.es\/alumni\/2024\/05\/20\/lorenzo-silva-padrino-de-lujo-en-la-graduacion-de-la-facultad-de-filologia\/\" title=\"Lorenzo Silva, padrino de lujo en la graduaci\u00f3n de la facultad de Filolog\u00eda\" class=\"read-more\">Read More<\/a><\/p>\n\t<\/div><!-- .entry-content -->\n\t\t\n<\/article><!-- #post-6263 -->\n\n<article id=\"post-6257\" class=\"post-6257 post type-post status-publish format-standard has-post-thumbnail hentry category-sin-categoria\">\n\n\t<header class=\"entry-header\">\n\t\t<h2 class=\"entry-title\"><a href=\"https:\/\/blogs.uned.es\/alumni\/2024\/05\/20\/la-experiencia-cuenta-encuentro-con-estudiantes-senior-de-berna\/\" rel=\"bookmark\">La experiencia cuenta: encuentro con estudiantes senior de Berna<\/a><\/h2>\t\t\t\t\t<span class=\"meta \">\n\t\t\t\t<span>20 mayo, 2024<\/span><span>By <a href=\"https:\/\/blogs.uned.es\/alumni\/author\/rperezh\/\">Rafael P\u00e9rez Herrera<\/a><\/span><span><a href=\"https:\/\/blogs.uned.es\/alumni\/category\/sin-categoria\/\" title=\"View all posts in Sin categor\u00eda\">Sin categor\u00eda<\/a><\/span>\t\t\t\t\t\t\t\t\t\t\t\t\t\t\t\t\t\t\t\t<\/span><!-- .entry-meta -->\n\t\t\n\t\t\t\t\t<div class=\"featured-image\">\n\t\t\t\t<a href=\"https:\/\/blogs.uned.es\/alumni\/2024\/05\/20\/la-experiencia-cuenta-encuentro-con-estudiantes-senior-de-berna\/\" rel=\"bookmark\" ><img loading=\"lazy\" decoding=\"async\" width=\"799\" height=\"533\" src=\"https:\/\/blogs.uned.es\/alumni\/wp-content\/uploads\/sites\/179\/2024\/05\/53708386347_95dbd5af84_c.jpg\" class=\"post-thumb wp-post-image\" alt=\"La experiencia cuenta: encuentro con estudiantes senior de Berna\" title=\"La experiencia cuenta: encuentro con estudiantes senior de Berna\" srcset=\"https:\/\/blogs.uned.es\/alumni\/wp-content\/uploads\/sites\/179\/2024\/05\/53708386347_95dbd5af84_c.jpg 799w, https:\/\/blogs.uned.es\/alumni\/wp-content\/uploads\/sites\/179\/2024\/05\/53708386347_95dbd5af84_c-300x200.jpg 300w, https:\/\/blogs.uned.es\/alumni\/wp-content\/uploads\/sites\/179\/2024\/05\/53708386347_95dbd5af84_c-768x512.jpg 768w, https:\/\/blogs.uned.es\/alumni\/wp-content\/uploads\/sites\/179\/2024\/05\/53708386347_95dbd5af84_c-272x182.jpg 272w\" sizes=\"auto, (max-width: 799px) 100vw, 799px\" \/><\/a>\n\t\t\t<\/div>\n\t\t\n\t<\/header><!-- .entry-header -->\n\n\t\t<div class=\"entry-content\">\n\t\t\t\t<p>Las estudiantes del programa Senior de la UNED en Berna, que actualmente disfrutan de un viaje cultural en Madrid, han mantenido hoy un encuentro con varias responsables de la UNED.\u00a0El &hellip; <a href=\"https:\/\/blogs.uned.es\/alumni\/2024\/05\/20\/la-experiencia-cuenta-encuentro-con-estudiantes-senior-de-berna\/\" title=\"La experiencia cuenta: encuentro con estudiantes senior de Berna\" class=\"read-more\">Read More<\/a><\/p>\n\t<\/div><!-- .entry-content -->\n\t\t\n<\/article><!-- #post-6257 -->\n\n<article id=\"post-6033\" class=\"post-6033 post type-post status-publish format-standard has-post-thumbnail hentry category-sin-categoria\">\n\n\t<header class=\"entry-header\">\n\t\t<h2 class=\"entry-title\"><a href=\"https:\/\/blogs.uned.es\/alumni\/2024\/03\/04\/el-coie-de-la-uned-entrega-sus-premios-de-emprendimiento-y-companero-mentor\/\" rel=\"bookmark\">El COIE de la UNED entrega sus Premios de Emprendimiento y Compa\u00f1ero mentor<\/a><\/h2>\t\t\t\t\t<span class=\"meta \">\n\t\t\t\t<span>4 marzo, 2024<\/span><span>By <a href=\"https:\/\/blogs.uned.es\/alumni\/author\/rperezh\/\">Rafael P\u00e9rez Herrera<\/a><\/span><span><a href=\"https:\/\/blogs.uned.es\/alumni\/category\/sin-categoria\/\" title=\"View all posts in Sin categor\u00eda\">Sin categor\u00eda<\/a><\/span>\t\t\t\t\t\t\t\t\t\t\t\t\t\t\t\t\t\t\t\t<\/span><!-- .entry-meta -->\n\t\t\n\t\t\t\t\t<div class=\"featured-image\">\n\t\t\t\t<a href=\"https:\/\/blogs.uned.es\/alumni\/2024\/03\/04\/el-coie-de-la-uned-entrega-sus-premios-de-emprendimiento-y-companero-mentor\/\" rel=\"bookmark\" ><img loading=\"lazy\" decoding=\"async\" width=\"920\" height=\"517\" src=\"https:\/\/blogs.uned.es\/alumni\/wp-content\/uploads\/sites\/179\/2024\/03\/APPCRUE_COIE.jpe\" class=\"post-thumb wp-post-image\" alt=\"El COIE de la UNED entrega sus Premios de Emprendimiento y Compa\u00f1ero mentor\" title=\"El COIE de la UNED entrega sus Premios de Emprendimiento y Compa\u00f1ero mentor\" srcset=\"https:\/\/blogs.uned.es\/alumni\/wp-content\/uploads\/sites\/179\/2024\/03\/APPCRUE_COIE.jpe 920w, https:\/\/blogs.uned.es\/alumni\/wp-content\/uploads\/sites\/179\/2024\/03\/APPCRUE_COIE-300x169.jpe 300w, https:\/\/blogs.uned.es\/alumni\/wp-content\/uploads\/sites\/179\/2024\/03\/APPCRUE_COIE-768x432.jpe 768w\" sizes=\"auto, (max-width: 920px) 100vw, 920px\" \/><\/a>\n\t\t\t<\/div>\n\t\t\n\t<\/header><!-- .entry-header -->\n\n\t\t<div class=\"entry-content\">\n\t\t\t\t<p>El Centro de Orientaci\u00f3n, Informaci\u00f3n y Empleo (COIE) de la Universidad Nacional de Educaci\u00f3n a Distancia (UNED) celebr\u00f3 la entrega de los premios anuales de emprendimiento y compa\u00f1ero mentor en &hellip; <a href=\"https:\/\/blogs.uned.es\/alumni\/2024\/03\/04\/el-coie-de-la-uned-entrega-sus-premios-de-emprendimiento-y-companero-mentor\/\" title=\"El COIE de la UNED entrega sus Premios de Emprendimiento y Compa\u00f1ero mentor\" class=\"read-more\">Read More<\/a><\/p>\n\t<\/div><!-- .entry-content -->\n\t\t\n<\/article><!-- #post-6033 -->\n\n<article id=\"post-4957\" class=\"post-4957 post type-post status-publish format-standard has-post-thumbnail hentry category-sin-categoria\">\n\n\t<header class=\"entry-header\">\n\t\t<h2 class=\"entry-title\"><a href=\"https:\/\/blogs.uned.es\/alumni\/2022\/06\/08\/alumniuned-en-guinea-creciendo\/\" rel=\"bookmark\">AlumniUNED en Guinea. \u00a1\u00a1Creciendo!!<\/a><\/h2>\t\t\t\t\t<span class=\"meta \">\n\t\t\t\t<span>8 junio, 2022<\/span><span>By <a href=\"https:\/\/blogs.uned.es\/alumni\/author\/rperezh\/\">Rafael P\u00e9rez Herrera<\/a><\/span><span><a href=\"https:\/\/blogs.uned.es\/alumni\/category\/sin-categoria\/\" title=\"View all posts in Sin categor\u00eda\">Sin categor\u00eda<\/a><\/span>\t\t\t\t\t\t\t\t\t\t\t\t\t\t\t\t\t\t\t\t<\/span><!-- .entry-meta -->\n\t\t\n\t\t\t\t\t<div class=\"featured-image\">\n\t\t\t\t<a href=\"https:\/\/blogs.uned.es\/alumni\/2022\/06\/08\/alumniuned-en-guinea-creciendo\/\" rel=\"bookmark\" ><img loading=\"lazy\" decoding=\"async\" width=\"1280\" height=\"960\" src=\"https:\/\/blogs.uned.es\/alumni\/wp-content\/uploads\/sites\/179\/2022\/06\/alumni-en-guinea.png\" class=\"post-thumb wp-post-image\" alt=\"AlumniUNED en Guinea. \u00a1\u00a1Creciendo!!\" title=\"AlumniUNED en Guinea. \u00a1\u00a1Creciendo!!\" srcset=\"https:\/\/blogs.uned.es\/alumni\/wp-content\/uploads\/sites\/179\/2022\/06\/alumni-en-guinea.png 1280w, https:\/\/blogs.uned.es\/alumni\/wp-content\/uploads\/sites\/179\/2022\/06\/alumni-en-guinea-300x225.png 300w, https:\/\/blogs.uned.es\/alumni\/wp-content\/uploads\/sites\/179\/2022\/06\/alumni-en-guinea-1024x768.png 1024w, https:\/\/blogs.uned.es\/alumni\/wp-content\/uploads\/sites\/179\/2022\/06\/alumni-en-guinea-768x576.png 768w, https:\/\/blogs.uned.es\/alumni\/wp-content\/uploads\/sites\/179\/2022\/06\/alumni-en-guinea-800x600.png 800w\" sizes=\"auto, (max-width: 1280px) 100vw, 1280px\" \/><\/a>\n\t\t\t<\/div>\n\t\t\n\t<\/header><!-- .entry-header -->\n\n\t\t<div class=\"entry-content\">\n\t\t\t\t<p>&nbsp; Presentaci\u00f3n de AlumniUNED en las instalaciones del Centro Cultural Espa\u00f1ol. El sentimiento de pertenencia a la Uned, el respeto y el deseo de seguir vinculados y creciendo de nuestros &hellip; <a href=\"https:\/\/blogs.uned.es\/alumni\/2022\/06\/08\/alumniuned-en-guinea-creciendo\/\" title=\"AlumniUNED en Guinea. \u00a1\u00a1Creciendo!!\" class=\"read-more\">Read More<\/a><\/p>\n\t<\/div><!-- .entry-content -->\n\t\t\n<\/article><!-- #post-4957 -->\n\n<article id=\"post-4723\" class=\"post-4723 post type-post status-publish format-standard has-post-thumbnail hentry category-sin-categoria\">\n\n\t<header class=\"entry-header\">\n\t\t<h2 class=\"entry-title\"><a href=\"https:\/\/blogs.uned.es\/alumni\/2022\/03\/15\/alumni-uned-en-primera-linea-del-conflicto-en-ucrania-rostilav-filippenko-sigue-impartiendo-clases-de-matematicas-y-ayudando-a-los-hospitales-mas-afectados-por-la-guerra\/\" rel=\"bookmark\">alumni UNED en primera l\u00ednea del conflicto en Ucrania. Rostilav Filippenko sigue impartiendo clases de matem\u00e1ticas y ayudando a los hospitales m\u00e1s afectados por la guerra<\/a><\/h2>\t\t\t\t\t<span class=\"meta \">\n\t\t\t\t<span>15 marzo, 2022<\/span><span>By <a href=\"https:\/\/blogs.uned.es\/alumni\/author\/rperezh\/\">Rafael P\u00e9rez Herrera<\/a><\/span><span><a href=\"https:\/\/blogs.uned.es\/alumni\/category\/sin-categoria\/\" title=\"View all posts in Sin categor\u00eda\">Sin categor\u00eda<\/a><\/span>\t\t\t\t\t\t\t\t\t\t\t\t\t\t\t\t\t\t\t\t<\/span><!-- .entry-meta -->\n\t\t\n\t\t\t\t\t<div class=\"featured-image\">\n\t\t\t\t<a href=\"https:\/\/blogs.uned.es\/alumni\/2022\/03\/15\/alumni-uned-en-primera-linea-del-conflicto-en-ucrania-rostilav-filippenko-sigue-impartiendo-clases-de-matematicas-y-ayudando-a-los-hospitales-mas-afectados-por-la-guerra\/\" rel=\"bookmark\" ><img loading=\"lazy\" decoding=\"async\" width=\"746\" height=\"498\" src=\"https:\/\/blogs.uned.es\/alumni\/wp-content\/uploads\/sites\/179\/2022\/03\/Rostislav-copia.jpg\" class=\"post-thumb wp-post-image\" alt=\"alumni UNED en primera l\u00ednea del conflicto en Ucrania. Rostilav Filippenko sigue impartiendo clases de matem\u00e1ticas y ayudando a los hospitales m\u00e1s afectados por la guerra\" title=\"alumni UNED en primera l\u00ednea del conflicto en Ucrania. Rostilav Filippenko sigue impartiendo clases de matem\u00e1ticas y ayudando a los hospitales m\u00e1s afectados por la guerra\" srcset=\"https:\/\/blogs.uned.es\/alumni\/wp-content\/uploads\/sites\/179\/2022\/03\/Rostislav-copia.jpg 746w, https:\/\/blogs.uned.es\/alumni\/wp-content\/uploads\/sites\/179\/2022\/03\/Rostislav-copia-300x200.jpg 300w, https:\/\/blogs.uned.es\/alumni\/wp-content\/uploads\/sites\/179\/2022\/03\/Rostislav-copia-272x182.jpg 272w\" sizes=\"auto, (max-width: 746px) 100vw, 746px\" \/><\/a>\n\t\t\t<\/div>\n\t\t\n\t<\/header><!-- .entry-header -->\n\n\t\t<div class=\"entry-content\">\n\t\t\t\t<p>&nbsp; &nbsp; Rostislav, bajo el bombardeo de Jarkov: \u00abLos rusos se est\u00e1n ensa\u00f1ando, hay muertos y heridos. Necesitamos material m\u00e9dico ya\u00bb Un matem\u00e1tico ucraniano con residencia en Madrid recorre tres &hellip; <a href=\"https:\/\/blogs.uned.es\/alumni\/2022\/03\/15\/alumni-uned-en-primera-linea-del-conflicto-en-ucrania-rostilav-filippenko-sigue-impartiendo-clases-de-matematicas-y-ayudando-a-los-hospitales-mas-afectados-por-la-guerra\/\" title=\"alumni UNED en primera l\u00ednea del conflicto en Ucrania. Rostilav Filippenko sigue impartiendo clases de matem\u00e1ticas y ayudando a los hospitales m\u00e1s afectados por la guerra\" class=\"read-more\">Read More<\/a><\/p>\n\t<\/div><!-- .entry-content -->\n\t\t\n<\/article><!-- #post-4723 -->\n<\/div><\/div><\/div><\/div><\/div><\/div><\/div>","protected":false},"excerpt":{"rendered":"<p>Charlando con&#8230;. Actos de grado Nuestros alumni Noticias y publicaciones Lorenzo Silva, padrino de lujo en la graduaci\u00f3n de la facultad de Filolog\u00eda 20 mayo, 2024By Rafael P\u00e9rez HerreraSin categor\u00eda &hellip; <a href=\"https:\/\/blogs.uned.es\/alumni\/noticias\/\" title=\"Noticias y Publicaciones\" class=\"read-more\">Read More<\/a><\/p>\n","protected":false},"author":7097,"featured_media":341,"parent":0,"menu_order":0,"comment_status":"closed","ping_status":"closed","template":"","meta":{"footnotes":""},"class_list":["post-1155","page","type-page","status-publish","has-post-thumbnail","hentry"],"_links":{"self":[{"href":"https:\/\/blogs.uned.es\/alumni\/wp-json\/wp\/v2\/pages\/1155","targetHints":{"allow":["GET"]}}],"collection":[{"href":"https:\/\/blogs.uned.es\/alumni\/wp-json\/wp\/v2\/pages"}],"about":[{"href":"https:\/\/blogs.uned.es\/alumni\/wp-json\/wp\/v2\/types\/page"}],"author":[{"embeddable":true,"href":"https:\/\/blogs.uned.es\/alumni\/wp-json\/wp\/v2\/users\/7097"}],"replies":[{"embeddable":true,"href":"https:\/\/blogs.uned.es\/alumni\/wp-json\/wp\/v2\/comments?post=1155"}],"version-history":[{"count":8,"href":"https:\/\/blogs.uned.es\/alumni\/wp-json\/wp\/v2\/pages\/1155\/revisions"}],"predecessor-version":[{"id":6273,"href":"https:\/\/blogs.uned.es\/alumni\/wp-json\/wp\/v2\/pages\/1155\/revisions\/6273"}],"wp:featuredmedia":[{"embeddable":true,"href":"https:\/\/blogs.uned.es\/alumni\/wp-json\/wp\/v2\/media\/341"}],"wp:attachment":[{"href":"https:\/\/blogs.uned.es\/alumni\/wp-json\/wp\/v2\/media?parent=1155"}],"curies":[{"name":"wp","href":"https:\/\/api.w.org\/{rel}","templated":true}]}}